{"id":938,"date":"2017-03-09T16:52:00","date_gmt":"2017-03-09T15:52:00","guid":{"rendered":"http:\/\/agora.xtec.cat\/ceip-taquigraf-garriga\/?page_id=938"},"modified":"2026-04-29T16:11:33","modified_gmt":"2026-04-29T14:11:33","slug":"informacio-sobre-la-preinscripcio-2017-2018","status":"publish","type":"page","link":"https:\/\/agora.xtec.cat\/ceip-taquigraf-garriga\/lescola\/secretaria\/informacio-sobre-la-preinscripcio-2017-2018\/","title":{"rendered":"Preinscripci\u00f3 2026-27"},"content":{"rendered":"\n<div class=\"wp-block-getwid-advanced-heading\"><span class=\"wp-block-getwid-advanced-heading__content\" style=\"text-align:center\"><strong>Presentaci\u00f3 de sol\u00b7licituds fins al 18 de mar\u00e7<\/strong><\/span><\/div>\n\n\n\n<p class=\"has-medium-font-size\"><\/p>\n\n\n\n<div class=\"wp-block-buttons is-content-justification-center is-layout-flex wp-container-core-buttons-is-layout-1 wp-block-buttons-is-layout-flex\">\n<div class=\"wp-block-button\"><a class=\"wp-block-button__link has-black-color has-vivid-green-cyan-background-color has-text-color has-background has-link-color wp-element-button\" href=\"https:\/\/preinscripcio.gencat.cat\/ca\/inici\"><strong>Presentar sol\u00b7licitud<\/strong><\/a><\/div>\n<\/div>\n\n\n\n<p class=\"has-medium-font-size\"><\/p>\n\n\n\n<div class=\"wp-block-buttons has-custom-font-size is-horizontal is-content-justification-center is-layout-flex wp-container-core-buttons-is-layout-2 wp-block-buttons-is-layout-flex\" style=\"font-size:18px\">\n<div class=\"wp-block-button is-style-outline is-style-outline--1\" id=\"https:\/\/agora.xtec.cat\/ceip-taquigraf-garriga\/wp-content\/uploads\/usu853\/2025\/03\/OFERTA_INICIAL.pdf\"><a class=\"wp-block-button__link has-luminous-vivid-amber-background-color has-background wp-element-button\" href=\"https:\/\/agora.xtec.cat\/ceip-taquigraf-garriga\/lescola\/secretaria\/informacio-sobre-la-preinscripcio-2017-2018\/oferta-preinscripcio-2020-2021\/\" style=\"border-radius:100px\"><strong>Oferta provisional de places<\/strong><\/a><\/div>\n\n\n\n<div class=\"wp-block-button is-style-outline is-style-outline--2\" id=\"https:\/\/drive.google.com\/file\/d\/1F2UKSeICTkHXMaQ59rX9saRffGi4G102\/view\"><a class=\"wp-block-button__link has-vivid-cyan-blue-color has-luminous-vivid-amber-background-color has-text-color has-background has-link-color wp-element-button\" href=\"https:\/\/drive.google.com\/file\/d\/1xGUroKOAIR_JsZTSaRfduQMw_AtfO-ys\/view?usp=sharing\"><strong>Llistat amb el barem provisional<\/strong><\/a><\/div>\n\n\n\n<div class=\"wp-block-button is-style-outline is-style-outline--3\"><a class=\"wp-block-button__link has-vivid-cyan-blue-color has-luminous-vivid-amber-background-color has-text-color has-background has-link-color wp-element-button\" href=\"https:\/\/drive.google.com\/file\/d\/14eYhORO_hN0CgJgT6GseBMU1iR-k-rzh\/view?usp=sharing\"><strong>Llistat amb barem definitiu<\/strong><\/a><\/div>\n\n\n\n<div class=\"wp-block-button is-style-outline is-style-outline--4\" id=\"https:\/\/preinscripcio.gencat.cat\/ca\/detalls\/noticia\/20250508-sorteig-desempat-obligatoris\"><a class=\"wp-block-button__link has-vivid-cyan-blue-color has-luminous-vivid-amber-background-color has-text-color has-background has-link-color wp-element-button\"><strong>N\u00famero de desempat:<\/strong> <strong>42129<\/strong><\/a><\/div>\n\n\n\n<div class=\"wp-block-button is-style-outline is-style-outline--5\"><a class=\"wp-block-button__link has-vivid-cyan-blue-color has-luminous-vivid-amber-background-color has-text-color has-background has-link-color wp-element-button\" href=\"https:\/\/drive.google.com\/file\/d\/1SVcIi-gdBq5KOn7TPa7yLPEOHOrlvh79\/view?usp=drive_link\"><strong>Llistes ordenades definitives<\/strong><\/a><\/div>\n\n\n\n<div class=\"wp-block-button is-style-outline is-style-outline--6\"><a class=\"wp-block-button__link has-black-color has-cyan-bluish-gray-background-color has-text-color has-background has-link-color wp-element-button\"><strong>Oferta de places definitiva<\/strong><\/a><\/div>\n\n\n\n<div class=\"wp-block-button is-style-outline is-style-outline--7\"><a class=\"wp-block-button__link has-black-color has-cyan-bluish-gray-background-color has-text-color has-background has-link-color wp-element-button\"><strong>Llistat d&#8217;admesos i llista d&#8217;espera<\/strong><\/a><\/div>\n\n\n\n<div class=\"wp-block-button is-style-outline is-style-outline--8\"><a class=\"wp-block-button__link has-black-color has-cyan-bluish-gray-background-color has-text-color has-background has-link-color wp-element-button\"><strong>Llistat d&#8217;alumnat preinscrit<\/strong><\/a><\/div>\n<\/div>\n\n\n\n<p class=\"has-medium-font-size\"><\/p>\n\n\n\n<h3 class=\"wp-block-heading\"><strong>Qu\u00e8 em cal per omplir la sol\u00b7licitud?<\/strong><\/h3>\n\n\n\n<p>Totes les sol\u00b7licituds s\u00f3n en format telem\u00e0tic, no hi ha la possibilitat de full de preinscripci\u00f3 en paper.<br>No cal lliurar cap documentaci\u00f3 presencialment al centre educatiu que indiqueu en primera opci\u00f3.<br>Hi ha dos tipus de sol\u00b7licitud:<br><\/p>\n\n\n\n<ul class=\"wp-block-list\">\n<li>Sol\u00b7licitud amb certificat digital<\/li>\n\n\n\n<li>Sol\u00b7licitud sense certificat digital<\/li>\n<\/ul>\n\n\n\n<p class=\"has-cyan-bluish-gray-background-color has-background\"><strong>Qu\u00e8 em cal per omplir la sol\u00b7licitud?<\/strong><\/p>\n\n\n\n<p class=\"has-cyan-bluish-gray-background-color has-background\"><strong>Ordinador, tauleta o tel\u00e8fon m\u00f2bil amb connexi\u00f3 a Internet<\/strong>: Et caldr\u00e0 un dispositiu electr\u00f2nic amb connexi\u00f3 a Internet perqu\u00e8 la preinscripci\u00f3 es fa del tot en l\u00ednia.<br><strong>Eina d&#8217;identificaci\u00f3 digital<\/strong>: \u00c9s m\u00e9s segur que quan facis el tr\u00e0mit (el pare, la mare o el tutor o tutora que faci el tr\u00e0mit) tinguis una eina d&#8217;identificaci\u00f3 digital. Et recomanem l&#8217;idCAT M\u00f2bil per la seva facilitat d&#8217;obtenci\u00f3 i d&#8217;\u00fas. Pots utilitzar tamb\u00e9 qualsevol certificat digital i Cl@ve.<br><strong>Codi identificador del Registre d&#8217;alumnes de Catalunya (RALC) de l&#8217;alumne o alumna:<\/strong> A l&#8217;hora de fer la sol\u00b7licitud de preinscripci\u00f3 has de tenir preparat el codi identificador de l&#8217;alumne o l&#8217;alumna. Aquest n\u00famero s&#8217;assigna de manera autom\u00e0tica a l&#8217;alumnat matriculat a Catalunya a partir del curs 2015-2016; i a partir del curs 2021-2022 tamb\u00e9 s&#8217;ha atorgat als alumnes matriculats en una llar d&#8217;infants o una escola bressol. El codi, el pots consultar amb identificaci\u00f3 electr\u00f2nica en aquest mateix web, a l&#8217;apartat Consulta de l&#8217;identificador de l&#8217;alumne. \u00c9s molt important verificar tamb\u00e9 que tota la informaci\u00f3 que hi apareix \u00e9s correcta. En cas contrari, has de sol\u00b7licitar una rectificaci\u00f3 de les dades, adjuntant la documentaci\u00f3 que correspongui.<br><strong>Documentaci\u00f3 digitalitzada:<\/strong> Hi ha documentaci\u00f3 que no cal que presentis, perqu\u00e8 es fan consultes interadministratives. Per\u00f2 si n&#8217;has de presentar, l&#8217;has d&#8217;adjuntar a la sol\u00b7licitud digitalitzada (mitjan\u00e7ant un esc\u00e0ner o una fotografia).<\/p>\n\n\n\n<p class=\"has-white-background-color has-background\"><strong>Com s\u2019omple i s\u2019entrega la sol\u00b7licitud?<\/strong><\/p>\n\n\n\n<ol class=\"wp-block-list\">\n<li>Ves al formulari de preinscripci\u00f3 electr\u00f2nic amb certificat digital o sense certificat digital.<\/li>\n\n\n\n<li>Obre el formulari de preinscripci\u00f3: En la primera pantalla hi ha la informaci\u00f3 sobre la protecci\u00f3 de dades, necess\u00e0ria per gestionar la sol\u00b7licitud. <strong>\u00c9s important que la llegeixis b\u00e9 abans de marcar-hi qualsevol opci\u00f3<\/strong>: \n<ul class=\"wp-block-list\">\n<li><strong><u>Oposici\u00f3 a la consulta de dades<\/u><\/strong>: Deixa en blanc aquesta casella perqu\u00e8 l&#8217;Administraci\u00f3 consulti internament les dades. Si la marques, haur\u00e0s d&#8217;adjuntar, en l&#8217;apartat Documents i confirmaci\u00f3 de la sol\u00b7licitud, tota la documentaci\u00f3 identificativa o de criteris de puntuaci\u00f3 (per exemple, si vols obtenir punts pel domicili de resid\u00e8ncia, haur\u00e0s de presentar el certificat o volant de conviv\u00e8ncia del teu ajuntament).<\/li>\n\n\n\n<li><strong><u>Targeta individual sanit\u00e0ria (TIS), declaraci\u00f3 de padr\u00f3 i, si escau, de discapacitat<\/u><\/strong>: Assenyala aquestes caselles per permetre al Departament consultar les dades de la targeta sanit\u00e0ria individual, resid\u00e8ncia o, si escau, el grau de discapacitat.<\/li>\n\n\n\n<li><strong><u>Declaraci\u00f3 de dades certes i de responsabilitat<\/u><\/strong>: Aquesta casella cal marcar-la per comen\u00e7ar a emplenar el formulari.<\/li>\n<\/ul>\n<\/li>\n\n\n\n<li><strong>Si t&#8217;has identificat digitalment<\/strong> i el teu fill o filla t\u00e9 codi d&#8217;identificador del Registre d&#8217;alumnes de Catalunya (RALC), especifica&#8217;l en la casella corresponent (o si no el saps, cerca&#8217;l). Aix\u00ed es recuperaran totes les dades personals i nom\u00e9s caldr\u00e0 que hi afegeixis l&#8217;adre\u00e7a electr\u00f2nica i el tel\u00e8fon de contacte.<\/li>\n\n\n\n<li><strong>Si no t&#8217;has identificat digitalment o b\u00e9 si t&#8217;has identificat digitalment, per\u00f2 el teu fill o filla no t\u00e9 codi d&#8217;identificador del Registre d&#8217;alumnes de Catalunya (RALC)<\/strong>, omple totes les dades personals que se&#8217;t demanin, tamb\u00e9 l&#8217;adre\u00e7a electr\u00f2nica i el tel\u00e8fon de contacte.<\/li>\n\n\n\n<li>Especifica els centres on t&#8217;agradaria obtenir pla\u00e7a (fins a 10).<\/li>\n\n\n\n<li>Indica si vols una pla\u00e7a d&#8217;ofici, que \u00e9s la que t&#8217;adjudicaria l&#8217;Administraci\u00f3 en cas que no se t&#8217;assignin cap dels centres demanats, i les circumst\u00e0ncies particulars del teu fill o filla (per exemple, si t\u00e9 alguna necessitat educativa espec\u00edfica o si t\u00e9 un germ\u00e0 o germana que demana pla\u00e7a per al mateix centre educatiu, ensenyament i curs). En les sol\u00b7licituds del primer curs d&#8217;educaci\u00f3 infantil de segon cicle (I3), la casella per sol\u00b7licitar pla\u00e7a d&#8217;ofici es marca autom\u00e0ticament.<\/li>\n\n\n\n<li>Marca els criteris prioritaris i complementaris que vulguis al\u00b7legar.<\/li>\n\n\n\n<li>Adjunta tota la documentaci\u00f3 escanejada o fotografiada que es requereixi.<\/li>\n\n\n\n<li><strong>Envia<\/strong> la sol\u00b7licitud de preinscripci\u00f3. <strong>Si la sol\u00b7licitud s&#8217;ha enviat correctament, rebr\u00e0s un resguard<\/strong> <strong>a l&#8217;adre\u00e7a electr\u00f2nica indicada a la sol\u00b7licitud, on consten la data i n\u00famero del registre d&#8217;entrada<\/strong>. Amb aquest resguard pots acreditar que has presentat la sol\u00b7licitud.<\/li>\n<\/ol>\n\n\n\n<p>Recorda que pots accedir al resguard rebut per correu electr\u00f2nic per consultar si has d&#8217;ajuntar, a la sol\u00b7licitud, documentaci\u00f3 addicional: el termini per presentar documents finalitza el 19 de mar\u00e7 de 2026.<\/p>\n\n\n\n<p class=\"has-cyan-bluish-gray-background-color has-background\"><strong>Puc presentar dues sol\u00b7licituds a dos centres diferents per uns mateixos estudis?<\/strong><\/p>\n\n\n\n<p class=\"has-cyan-bluish-gray-background-color has-background\">No, en cap cas. S\u2019ha de presentar una sola sol\u00b7licitud i indicar-hi per ordre de prefer\u00e8ncia els diferents centres als quals us interessa inscriure la vostra filla o fill.<\/p>\n\n\n\n<p class=\"has-cyan-bluish-gray-background-color has-background\"><em><strong>La presentaci\u00f3 de m\u00e9s d\u2019una sol\u00b7licitud comporta la invalidaci\u00f3 dels drets de prioritat que puguin correspondre.&nbsp;<\/strong><\/em><\/p>\n\n\n\n<p><strong style=\"font-family: inherit; font-size: 1em;\">Com puc saber els criteris pels barems i la seva puntuaci\u00f3?<\/strong><\/p>\n\n\n\n<p>Trobareu tota la informaci\u00f3 sobre criteris, calendari i la resta d\u2019informaci\u00f3 respecte al proc\u00e9s de preinscripci\u00f3 a la p\u00e0gina web:<\/p>\n\n\n\n<p class=\"has-text-align-center\"><a href=\"https:\/\/preinscripcio.gencat.cat\/ca\/inici\" target=\"_blank\" rel=\"noopener noreferrer\"><strong>preinscripcio.gencat.cat<\/strong><\/a><\/p>\n\n\n\n<p>En cas de dificultats per presentar la sol\u00b7licitud de forma telem\u00e0tica contacteu amb l&#8217;escola a trav\u00e9s del correu electr\u00f2nic (a8016938@xtec.cat) o telef\u00f2nicament&nbsp; <strong>a partir del 4 de mar\u00e7 <\/strong>de 9:00 a 13 h i de 15:00 a 16:30 h al <strong>93 770 85 67<\/strong>.<\/p>\n\n\n\n<h3 class=\"wp-block-heading\"><strong>INFORMACIONS I RECOMANACIONS:<\/strong><\/h3>\n\n\n\n<p><span style=\"font-family: inherit; font-size: 1em;\">Tenir fotografiada o escanejada la documentaci\u00f3 en el mateix dispositiu des d\u2019on es fa la sol\u00b7licitud.<\/span><\/p>\n\n\n\n<ul class=\"wp-block-list\">\n<li>El codi de centre de la nostra escola \u00e9s 08016938, el necessitareu per indicar on voleu preinscriure-us.<\/li>\n\n\n\n<li>Demaneu al vostre centre actual el N\u00fam. d\u2019Identificaci\u00f3 de l\u2019alumne a RALC per poder lligar la sol\u00b7licitud al seu expedient acad\u00e8mic i personal.<\/li>\n\n\n\n<li>Cenyiu-vos al calendari establert, lliurar la sol\u00b7licitud o la documentaci\u00f3 fora de termini us fa perdre tots els drets d\u2019adscripci\u00f3 amb el risc que aix\u00f2 comporta de quedar-se sense pla\u00e7a al centre.<\/li>\n<\/ul>\n\n\n\n<h4 class=\"wp-block-heading\"><strong><u>Documentaci\u00f3 que cal presentar:<\/u><\/strong><\/h4>\n\n\n\n<p>Tots els tr\u00e0mits es fan de manera telem\u00e0tica, la documentaci\u00f3 que calgui presentar s\u2019ha d\u2019adjuntar (escanejada o fotografiada) a la sol\u00b7licitud de preinscripci\u00f3, fins la data m\u00e0xima de presentaci\u00f3 de la documentaci\u00f3.<\/p>\n\n\n\n<p>Si s\u2019ha presentat sol\u00b7licitud mitjan\u00e7ant el formulari electr\u00f2nic i s\u2019ha indicat el n\u00famero identificador de l\u2019alumne (IDALU), no cal adjuntar cap documentaci\u00f3 identificativa.<\/p>\n\n\n\n<p>Si l\u2019alumne\/a no ha estat escolaritzat a Catalunya, els documents necessaris per acreditar la identitat de les fam\u00edlies en la sol\u00b7licitud de preinscripci\u00f3 s\u00f3n:<\/p>\n\n\n\n<ul class=\"wp-block-list\">\n<li>Certificat electr\u00f2nic de la inscripci\u00f3 del naixement o el llibre de fam\u00edlia o altres documents relatius a la filiaci\u00f3.<\/li>\n\n\n\n<li>Quan l&#8217;alumne estigui en situaci\u00f3 d&#8217;acolliment, el document que cal aportar \u00e9s la resoluci\u00f3 d&#8217;acolliment del Departament de Drets Socials i Inclusi\u00f3.<\/li>\n\n\n\n<li>Els DNI o NIE del pare, la mare o el tutor o la tutora &nbsp;i de l&#8217;alumne\/a si s&#8217;utilitza la sol\u00b7licitud en suport inform\u00e0tic. Si \u00e9s estranger s&#8217;haur\u00e0 d&#8217;adjuntar el passaport o, si \u00e9s estranger d&#8217;un pa\u00eds membre de la Uni\u00f3 Europea, el document d&#8217;identitat del pa\u00eds d&#8217;origen.<\/li>\n<\/ul>\n\n\n\n<h4 class=\"wp-block-heading\"><strong><u>Criteris prioritaris<\/u><\/strong><u>.<\/u><\/h4>\n\n\n\n<ul class=\"wp-block-list\">\n<li>Si en el moment en qu\u00e8 es presenta la&nbsp;sol\u00b7licitud de&nbsp;preinscripci\u00f3, l&#8217;alumne o l&#8217;alumna t\u00e9 germans <strong>escolaritzats al centre<\/strong>: <strong>50&nbsp;punts<\/strong>.\n<ul class=\"wp-block-list\">\n<li>Aquest criteri \u00e9s aplicable a infants i joves en situaci\u00f3 d\u2019acolliment familiar.<\/li>\n<\/ul>\n<\/li>\n\n\n\n<li>Proximitat del <strong>domicili<\/strong> habitual de l&#8217;alumne o alumna al centre o, si escau, la proximitat del <strong>lloc de treball<\/strong> del pare, la mare, el tutor o la tutora, el guardador o la guardadora de fet (en el sentit de gu\u00e0rdia legal previst al dret civil catal\u00e0 o de resoluci\u00f3 d\u2019acolliment del Departament de Benestar Social&nbsp;i Fam\u00edlia).\n<ul class=\"wp-block-list\">\n<li>Quan el domicili habitual estigui a l\u2019\u00e0rea d\u2019influ\u00e8ncia del centre: <strong>30 punts<\/strong>.<\/li>\n\n\n\n<li>Quan a inst\u00e0ncia de la persona sol\u00b7licitant es prengui en consideraci\u00f3, en comptes del domicili habitual, l\u2019adre\u00e7a del lloc de treball, i aquest \u00e9s dins l&#8217;\u00e0rea d&#8217;influ\u00e8ncia del centre: <strong>20 punts<\/strong>.<\/li>\n<\/ul>\n<\/li>\n\n\n\n<li><span class=\"S1PPyQ\">Si el pare o la mare percep l&#8217;ajut de la renda garantida de ciutadania: <strong>15&nbsp;punts.<\/strong><\/span><\/li>\n<\/ul>\n\n\n\n<p>Els documents necessaris per acreditar els <strong><u>criteris prioritaris<\/u><\/strong> s\u00f3n:<\/p>\n\n\n\n<ul class=\"wp-block-list\">\n<li><strong>Per justificar la proximitat del domicili habitual a l&#8217;escola.&nbsp;<\/strong>En enviar la sol\u00b7licitud es programa la consulta automatitzada del padr\u00f3. Aquesta consulta serveixper confirmar l&#8217;adre\u00e7a del domicili familiar. Si no es poden obtenir les dades del padr\u00f3 cal acreditar la resid\u00e8ncia adjuntant&nbsp;<strong>un certificat o volant de conviv\u00e8ncia de l&#8217;alumne<\/strong>, on ha de constar l&#8217;adre\u00e7a del domicili i acreditar que l&#8217;alumne viu com a m\u00ednim amb el pare o la mare que presenta la sol\u00b7licitud.<\/li>\n\n\n\n<li><strong>Per acreditar la proximitat del lloc de treball del pare, la mare o el tutor legal a l&#8217;escola.<\/strong>&nbsp;En el cas de les persones assalariades, \u00e9s suficient si s&#8217;aporta el&nbsp;<strong>contracte laboral o un certificat em\u00e8s per l&#8217;empresa<\/strong>. En el cas de ser treballadora o treballador aut\u00f2nom, s&#8217;haur\u00e0 de presentar&nbsp;<strong>el model de l&#8217;Ag\u00e8ncia tribut\u00e0ria 036 o 037<\/strong>, on es deixa const\u00e0ncia del domicili en qu\u00e8 es porta a terme l&#8217;activitat.<\/li>\n\n\n\n<li><strong>Per justificar la renda garantida de ciutadania.<\/strong>&nbsp;Es consulten electr\u00f2nicament les dades del Departament de Drets Socials i Inclusi\u00f3. En el resguard de la sol\u00b7licitud s\u2019informa si no s\u2019han pogut obtenir. En aquest cas cal adjuntar la documentaci\u00f3 acreditativa de ser beneficiari de la prestaci\u00f3.<\/li>\n<\/ul>\n\n\n\n<h4 class=\"wp-block-heading\"><strong><u>Criteris complementaris<\/u><\/strong><\/h4>\n\n\n\n<ul class=\"wp-block-list\">\n<li>Quan el pare o la mare, el tutor o la tutora siguin beneficiaris de l\u2019ajut de la renda m\u00ednima d\u2019inserci\u00f3 o de l\u2019equivalent, la renda garantida de ciutadania, calculat en funci\u00f3 dels fills a c\u00e0rrec de la persona perceptora: <strong>10 punts<\/strong>.<\/li>\n\n\n\n<li>Quan l&#8217;alumne\/a, pare o mare, tutor\/a, germ\u00e0\/na acrediti una discapacitat de grau igual o superior al 33%: <strong>15 punts<\/strong>.<\/li>\n\n\n\n<li>Si l\u2019alumne o l\u2019alumna forma part d\u2019una fam\u00edlia <strong>nombrosa o monoparental<\/strong>: <strong>10 punts<\/strong>.<\/li>\n\n\n\n<li><span class=\"S1PPyQ\">Si l&#8217;alumne o alumna que es preinscriu t\u00e9 germans bessons, <\/span><span class=\"S1PPyQ\"><strong>10 punts<\/strong>.<\/span><\/li>\n\n\n\n<li><span class=\"S1PPyQ\">Si l&#8217;alumne o alumna que es preinscriu es troba en situaci\u00f3 d&#8217;acolliment familiar, <\/span><span class=\"S1PPyQ\"><strong>10 punts<\/strong>.<\/span><\/li>\n\n\n\n<li><span class=\"S1PPyQ\">Si es t\u00e9 la condici\u00f3 de v\u00edctima de viol\u00e8ncia de g\u00e8nere o terrorisme, <\/span><span class=\"S1PPyQ\"><strong>10 punts<\/strong>.<\/span><\/li>\n<\/ul>\n\n\n\n<p>Per acreditar els <strong><u>criteris complementaris<\/u><\/strong> s&#8217;ha de tenir en compte el seg\u00fcent:<\/p>\n\n\n\n<ul class=\"wp-block-list\">\n<li><strong>Per acreditar que l&#8217;alumne forma part d&#8217;una fam\u00edlia nombrosa<\/strong>, aquesta informaci\u00f3 es validar\u00e0 mitjan\u00e7ant consultes interadministratives quan es faci la sol\u00b7licitud de preinscripci\u00f3. Nom\u00e9s quan no sigui possible validar-ho o es tracti de t\u00edtols emesos per altres comunitats aut\u00f2nomes, caldr\u00e0 presentar el t\u00edtol de fam\u00edlia nombrosa.<\/li>\n\n\n\n<li><strong>Per acreditar que l&#8217;alumne forma part d&#8217;una fam\u00edlia monoparental<\/strong>, aquesta informaci\u00f3 es validar\u00e0 mitjan\u00e7ant consultes interadministratives quan es faci la sol\u00b7licitud de preinscripci\u00f3. Nom\u00e9s quan no sigui possible validar-ho o quan es tracti de t\u00edtols emesos per altres comunitats aut\u00f2nomes, caldr\u00e0 adjuntar el t\u00edtol de fam\u00edlia monoparental.<\/li>\n\n\n\n<li><strong>El fet d&#8217;haver nascut en un part m\u00faltiple<\/strong>&nbsp;s&#8217;acredita amb el certificat electr\u00f2nic de la inscripci\u00f3 de naixement o llibre de fam\u00edlia.<\/li>\n\n\n\n<li><strong>La situaci\u00f3 d&#8217;acolliment familiar<\/strong>&nbsp;s&#8217;acredita amb la\u202fresoluci\u00f3 d&#8217;acolliment del Departament de Drets Socials i Inclusi\u00f3.<\/li>\n\n\n\n<li><strong>Per acreditar que un membre de la unitat familiar t\u00e9 una discapacitat<\/strong>.\u202fAquest sup\u00f2sit inclou la discapacitat igual o superior al 33 % de l&#8217;alumne, del pare o la mare o d&#8217;algun germ\u00e0 o germana, i es valida mitjan\u00e7ant consultes interadministratives. Si no es pot validar o si es tracta d&#8217;una discapacitat reconeguda per altres comunitats aut\u00f2nomes, cal presentar el certificat o la targeta acreditativa de discapacitat que emet el Departament de Drets Socials i Inclusi\u00f3 o els organismes competents en altres comunitats aut\u00f2nomes. Tamb\u00e9 es pot adjuntar el document que acrediti ser beneficiari o benefici\u00e0ria d&#8217;una pensi\u00f3 d&#8217;incapacitat permanent de grau total o de gran invalidesa, o b\u00e9, quan sigui oport\u00fa, el corresponent certificat de les classes passives que tenen reconeguda una pensi\u00f3 de jubilaci\u00f3 o retir per incapacitat permanent per al servei o inutilitat.<\/li>\n\n\n\n<li>La condici\u00f3 de&nbsp;<strong>v\u00edctima de viol\u00e8ncia de g\u00e8nere o de terrorisme<\/strong>&nbsp;s&#8217;acredita amb la sent\u00e8ncia judicial de qualsevol ordre jurisdiccional, l&#8217;ordre de protecci\u00f3 vigent, o l&#8217;informe dels serveis socials o el certificat que acredita la condici\u00f3 de v\u00edctima de terrorisme que emet la Subdirecci\u00f3n General de Apoyo a V\u00edctimas del Terrorismo del Ministeri de l&#8217;Interior.<\/li>\n<\/ul>\n\n\n\n<p class=\"has-text-align-center has-cyan-bluish-gray-background-color has-background\"><strong>MOLT IMPORTANT! NO S&#8217;ACCEPTAR\u00c0 DOCUMENTACI\u00d3 PER ACREDITAR ELS CRITERIS QUE NO COINCIDEIXI AMB LA QUE ES SOL\u00b7LICITA OFICIALMENT.<\/strong><\/p>\n\n\n\n<h3 class=\"wp-block-heading\"><strong><u>Dates del proc\u00e9s de preinscripci\u00f3:<\/u><\/strong><\/h3>\n\n\n\n<ul class=\"wp-block-list\">\n<li><strong>Oferta de places provisional: <\/strong>3 de mar\u00e7.<\/li>\n\n\n\n<li><strong>Presentaci\u00f3 de sol\u00b7licituds: <\/strong>del 4 al 18 de mar\u00e7 de forma telem\u00e0tica.<\/li>\n\n\n\n<li><strong>Presentaci\u00f3 de documentaci\u00f3: <\/strong>fins al 19 de mar\u00e7.<\/li>\n\n\n\n<li><strong>Llista de sol\u00b7licituds amb el barem provisional: <\/strong>15 d&#8217;abril.<\/li>\n\n\n\n<li><strong>Reclamacions: <\/strong>del 15 al 20 d&#8217;abril.<\/li>\n\n\n\n<li><strong>Llistes barem amb reclamacions resoltes: <\/strong>23 d&#8217;abril.<\/li>\n\n\n\n<li><strong>Sorteig del n\u00famero de desempat: <\/strong>28 de maig<strong>.<\/strong><\/li>\n\n\n\n<li><strong>Llistes ordenades definitives: <\/strong>29 de maig.<\/li>\n\n\n\n<li><strong>Ampliaci\u00f3 de petici\u00f3 de centres per a les sol\u00b7licituds que no han obtingut cap assignaci\u00f3 (assignaci\u00f3 d&#8217;ofici): <\/strong>de l&#8217;1 al 3 de juny.<\/li>\n\n\n\n<li><strong>Oferta de places definitiva: <\/strong>10 de juny.<\/li>\n\n\n\n<li><strong>Publicaci\u00f3 llistes d\u2019admesos i llista d&#8217;espera: <\/strong>10 de juny.<\/li>\n\n\n\n<li><strong>Matr\u00edcula: <\/strong>del 22 al 30 de juny.<\/li>\n<\/ul>\n\n\n\n<h4 class=\"wp-block-heading\"><strong>&nbsp;<\/strong><u>Documentaci\u00f3 que cal presentar per a la matr\u00edcula:<\/u><\/h4>\n\n\n\n<ul class=\"wp-block-list\">\n<li>Cartilla de vacunacions.<\/li>\n\n\n\n<li>Targeta sanit\u00e0ria (metge).<\/li>\n\n\n\n<li>Fotografia mida de carnet.<\/li>\n<\/ul>\n","protected":false},"excerpt":{"rendered":"<p>Qu\u00e8 em cal per omplir la sol\u00b7licitud? Totes les sol\u00b7licituds s\u00f3n en format telem\u00e0tic, no hi ha la possibilitat de full de preinscripci\u00f3 en paper.No cal lliurar cap documentaci\u00f3 presencialment al centre educatiu que indiqueu en primera opci\u00f3.Hi ha dos tipus de sol\u00b7licitud: Qu\u00e8 em cal per omplir la sol\u00b7licitud? Ordinador, tauleta o tel\u00e8fon m\u00f2bil [&hellip;]<\/p>\n","protected":false},"author":4,"featured_media":0,"parent":16115,"menu_order":10,"comment_status":"closed","ping_status":"closed","template":"","meta":{"_bbp_topic_count":0,"_bbp_reply_count":0,"_bbp_total_topic_count":0,"_bbp_total_reply_count":0,"_bbp_voice_count":0,"_bbp_anonymous_reply_count":0,"_bbp_topic_count_hidden":0,"_bbp_reply_count_hidden":0,"_bbp_forum_subforum_count":0,"site-sidebar-layout":"default","site-content-layout":"","ast-site-content-layout":"default","site-content-style":"default","site-sidebar-style":"default","ast-global-header-display":"","ast-banner-title-visibility":"","ast-main-header-display":"","ast-hfb-above-header-display":"","ast-hfb-below-header-display":"","ast-hfb-mobile-header-display":"","site-post-title":"","ast-breadcrumbs-content":"","ast-featured-img":"","footer-sml-layout":"","theme-transparent-header-meta":"","adv-header-id-meta":"","stick-header-meta":"","header-above-stick-meta":"","header-main-stick-meta":"","header-below-stick-meta":"","astra-migrate-meta-layouts":"set","ast-page-background-enabled":"default","ast-page-background-meta":{"desktop":{"background-color":"var(--ast-global-color-4)","background-image":"","background-repeat":"repeat","background-position":"center center","background-size":"auto","background-attachment":"scroll","background-type":"","background-media":"","overlay-type":"","overlay-color":"","overlay-opacity":"","overlay-gradient":""},"tablet":{"background-color":"","background-image":"","background-repeat":"repeat","background-position":"center center","background-size":"auto","background-attachment":"scroll","background-type":"","background-media":"","overlay-type":"","overlay-color":"","overlay-opacity":"","overlay-gradient":""},"mobile":{"background-color":"","background-image":"","background-repeat":"repeat","background-position":"center center","background-size":"auto","background-attachment":"scroll","background-type":"","background-media":"","overlay-type":"","overlay-color":"","overlay-opacity":"","overlay-gradient":""}},"ast-content-background-meta":{"desktop":{"background-color":"var(--ast-global-color-5)","background-image":"","background-repeat":"repeat","background-position":"center center","background-size":"auto","background-attachment":"scroll","background-type":"","background-media":"","overlay-type":"","overlay-color":"","overlay-opacity":"","overlay-gradient":""},"tablet":{"background-color":"var(--ast-global-color-5)","background-image":"","background-repeat":"repeat","background-position":"center center","background-size":"auto","background-attachment":"scroll","background-type":"","background-media":"","overlay-type":"","overlay-color":"","overlay-opacity":"","overlay-gradient":""},"mobile":{"background-color":"var(--ast-global-color-5)","background-image":"","background-repeat":"repeat","background-position":"center center","background-size":"auto","background-attachment":"scroll","background-type":"","background-media":"","overlay-type":"","overlay-color":"","overlay-opacity":"","overlay-gradient":""}},"footnotes":""},"class_list":["post-938","page","type-page","status-publish","hentry"],"post_mailing_queue_ids":[],"_links":{"self":[{"href":"https:\/\/agora.xtec.cat\/ceip-taquigraf-garriga\/wp-json\/wp\/v2\/pages\/938","targetHints":{"allow":["GET"]}}],"collection":[{"href":"https:\/\/agora.xtec.cat\/ceip-taquigraf-garriga\/wp-json\/wp\/v2\/pages"}],"about":[{"href":"https:\/\/agora.xtec.cat\/ceip-taquigraf-garriga\/wp-json\/wp\/v2\/types\/page"}],"author":[{"embeddable":true,"href":"https:\/\/agora.xtec.cat\/ceip-taquigraf-garriga\/wp-json\/wp\/v2\/users\/4"}],"replies":[{"embeddable":true,"href":"https:\/\/agora.xtec.cat\/ceip-taquigraf-garriga\/wp-json\/wp\/v2\/comments?post=938"}],"version-history":[{"count":5,"href":"https:\/\/agora.xtec.cat\/ceip-taquigraf-garriga\/wp-json\/wp\/v2\/pages\/938\/revisions"}],"predecessor-version":[{"id":16694,"href":"https:\/\/agora.xtec.cat\/ceip-taquigraf-garriga\/wp-json\/wp\/v2\/pages\/938\/revisions\/16694"}],"up":[{"embeddable":true,"href":"https:\/\/agora.xtec.cat\/ceip-taquigraf-garriga\/wp-json\/wp\/v2\/pages\/16115"}],"wp:attachment":[{"href":"https:\/\/agora.xtec.cat\/ceip-taquigraf-garriga\/wp-json\/wp\/v2\/media?parent=938"}],"curies":[{"name":"wp","href":"https:\/\/api.w.org\/{rel}","templated":true}]}}