{"id":16218,"date":"2025-07-31T10:38:08","date_gmt":"2025-07-31T08:38:08","guid":{"rendered":"https:\/\/agora.xtec.cat\/ceip-taquigraf-garriga\/?page_id=16218"},"modified":"2025-08-01T11:49:14","modified_gmt":"2025-08-01T09:49:14","slug":"impuls-a-la-lectura","status":"publish","type":"page","link":"https:\/\/agora.xtec.cat\/ceip-taquigraf-garriga\/projecte-educatiu\/impuls-a-la-lectura\/","title":{"rendered":"El gust per la lectura"},"content":{"rendered":"\n<div class=\"wp-block-getwid-tabs\" data-active-tab=\"0\"><ul class=\"wp-block-getwid-tabs__nav-links\"><\/ul>\n<div class=\"wp-block-getwid-tabs__nav-link\"><span class=\"wp-block-getwid-tabs__title-wrapper\"><a href=\"#\"><span class=\"wp-block-getwid-tabs__title\">Impuls a la lectura<\/span><\/a><\/span><\/div><div class=\"wp-block-getwid-tabs__tab-content-wrapper\"><div class=\"wp-block-getwid-tabs__tab-content\">\n<p>Per aconseguir que l&#8217;alumnat s\u2019impliquin en la lectura i llegeixi de manera cr\u00edtica i responsable, es necessiten espais que promoguin aquestes actituds. La biblioteca de l&#8217;escola i la biblioteca d&#8217;Esparreguera, les lectures guiades, la construcci\u00f3 d\u2019un itinerari lector personal i compartit, la implicaci\u00f3 de les fam\u00edlies i, en definitiva, la construcci\u00f3 de comunitats lectores s\u00f3n elements que tenim molt presents a l\u2019hora de fer propostes que impulsin el plaer per la lectura del nostre alumnat.<\/p>\n\n\n\n<p>Les biblioteques d&#8217;aula es nodreixen dels llibres de la biblioteca de l&#8217;escola i peri\u00f2dicament es van renovant a la recerca de noves propostes de lectura.<\/p>\n<\/div><\/div>\n\n\n\n<div class=\"wp-block-getwid-tabs__nav-link\"><span class=\"wp-block-getwid-tabs__title-wrapper\"><a href=\"#\"><span class=\"wp-block-getwid-tabs__title\">Bibliopati<\/span><\/a><\/span><\/div><div class=\"wp-block-getwid-tabs__tab-content-wrapper\"><div class=\"wp-block-getwid-tabs__tab-content\">\n<figure class=\"wp-block-image aligncenter size-full\" id=\"https:\/\/aplicacions.gestioeducativa.gencat.cat\/epergam\/web\/biblioteca.jsp\"><a href=\"https:\/\/aplicacions.gestioeducativa.gencat.cat\/epergam\/web\/biblioteca.jsp\" target=\"_blank\" rel=\" noreferrer noopener\"><img loading=\"lazy\" decoding=\"async\" width=\"160\" height=\"50\" src=\"https:\/\/agora.xtec.cat\/ceip-taquigraf-garriga\/wp-content\/uploads\/usu853\/2025\/08\/epergam.gif\" alt=\"Epergam consulta el cat\u00e0leg de la biblioteca de l'escola.\" class=\"wp-image-16234\"\/><\/a><\/figure>\n\n\n\n<p>A l&#8217;estona del pati s&#8217;ofereix la possibilitat, a aquell alumnat que ho desitgi, de venir a la biblioteca per llegir, compartir lectures, fer consultes o pr\u00e9stecs de llibres.<\/p>\n\n\n\n<p>El Bibliopati pret\u00e9n ser un espai de calma i confian\u00e7a on de manera rotativa tot l&#8217;alumnat de prim\u00e0ria t\u00e9 l&#8217;opci\u00f3 de trobar lectures que l&#8217;acompanyin a casa o a la classe. <\/p>\n\n\n\n<p>Si voleu fer consulta sobre els llibres dels quals disposa la biblioteca de l&#8217;escola podeu fer-ho a trav\u00e9s de l&#8217;<a href=\"https:\/\/aplicacions.gestioeducativa.gencat.cat\/epergam\/web\/biblioteca.jsp\" target=\"_blank\" rel=\"noreferrer noopener\">EPergam<\/a>, l\u2019aplicaci\u00f3 de gesti\u00f3 de les biblioteques escolars que ofereix el Departament d&#8217;Educaci\u00f3.<\/p>\n<\/div><\/div>\n\n\n\n<div class=\"wp-block-getwid-tabs__nav-link\"><span class=\"wp-block-getwid-tabs__title-wrapper\"><a href=\"#\"><span class=\"wp-block-getwid-tabs__title\">Legiland<\/span><\/a><\/span><\/div><div class=\"wp-block-getwid-tabs__tab-content-wrapper\"><div class=\"wp-block-getwid-tabs__tab-content\">\n<figure class=\"wp-block-image aligncenter size-full\" id=\"https:\/\/accounts.google.com\/v3\/signin\/identifier?response_type=code&amp;access_type=offline&amp;client_id=1060090088901-fd4cebtai3l2j22dmoii3g9jnh6tr333.apps.googleusercontent.com&amp;redirect_uri=https%3A%2F%2Fauth.legiland.club%2Fcallback%2Fgoogle&amp;state&amp;scope=email%20profile%20openid%20https%3A%2F%2Fwww.googleapis.com%2Fauth%2Fuserinfo.email%20https%3A%2F%2Fwww.googleapis.com%2Fauth%2Fuserinfo.profile&amp;prompt=select_account%20consent&amp;service=lso&amp;o2v=2&amp;ddm=1&amp;flowName=GeneralOAuthFlow&amp;continue=https%3A%2F%2Faccounts.google.com%2Fsignin%2Foauth%2Fconsent%3Fauthuser%3Dunknown%26part%3DAJi8hAN7hKiMrHT_lJVe_rfbdvRSoJx5jxiw_LobK1-bZFZv8akgsHMhnYXkkiiRxPLFUvJ3wBEy3dMTZWaEFpcDv34D6fAVtX1E4EhNZ3B9Dj-3wyJXvzBESbIlacEXK_cpykcyDbA5zZEHugyNJwcA_HXKho4v1nD93djwFXSJ_TwSlwvNJ894usne0Wjrg1w8BUHf31IT13a9HRelrtkvQNg5PwsMDmxVXm0HgMU4HaDdFvCWX9WyWuDfSSsSIy9M0Rs6Wvn7ihfts2M2R9o-RxMR7bGQ8fd4Wos5sMy15KJGdQZgwdMpUs8qHBVws6eFcY13_5bJeg7NcvDYXDMzc8CWYlcOhgRNXqJQTj6PITnfd_Ec-ontsQb3UORETZ8tCCxkWZYOK8yvPQi-sTMLFh6z3PP-BSTd0joORZktxri0ZQve4itIeQ0PyVZal16WZLSY3Hjf4cwRWmpKUCrmWMkZByr4ug%26flowName%3DGeneralOAuthFlow%26as%3DS471422773%253A1732011746093073%26client_id%3D1060090088901-fd4cebtai3l2j22dmoii3g9jnh6tr333.apps.googleusercontent.com%23\"><a href=\"https:\/\/accounts.google.com\/v3\/signin\/identifier?response_type=code&amp;access_type=offline&amp;client_id=1060090088901-fd4cebtai3l2j22dmoii3g9jnh6tr333.apps.googleusercontent.com&amp;redirect_uri=https%3A%2F%2Fauth.legiland.club%2Fcallback%2Fgoogle&amp;state&amp;scope=email%20profile%20openid%20https%3A%2F%2Fwww.googleapis.com%2Fauth%2Fuserinfo.email%20https%3A%2F%2Fwww.googleapis.com%2Fauth%2Fuserinfo.profile&amp;prompt=select_account%20consent&amp;service=lso&amp;o2v=2&amp;ddm=1&amp;flowName=GeneralOAuthFlow&amp;continue=https%3A%2F%2Faccounts.google.com%2Fsignin%2Foauth%2Fconsent%3Fauthuser%3Dunknown%26part%3DAJi8hAN7hKiMrHT_lJVe_rfbdvRSoJx5jxiw_LobK1-bZFZv8akgsHMhnYXkkiiRxPLFUvJ3wBEy3dMTZWaEFpcDv34D6fAVtX1E4EhNZ3B9Dj-3wyJXvzBESbIlacEXK_cpykcyDbA5zZEHugyNJwcA_HXKho4v1nD93djwFXSJ_TwSlwvNJ894usne0Wjrg1w8BUHf31IT13a9HRelrtkvQNg5PwsMDmxVXm0HgMU4HaDdFvCWX9WyWuDfSSsSIy9M0Rs6Wvn7ihfts2M2R9o-RxMR7bGQ8fd4Wos5sMy15KJGdQZgwdMpUs8qHBVws6eFcY13_5bJeg7NcvDYXDMzc8CWYlcOhgRNXqJQTj6PITnfd_Ec-ontsQb3UORETZ8tCCxkWZYOK8yvPQi-sTMLFh6z3PP-BSTd0joORZktxri0ZQve4itIeQ0PyVZal16WZLSY3Hjf4cwRWmpKUCrmWMkZByr4ug%26flowName%3DGeneralOAuthFlow%26as%3DS471422773%253A1732011746093073%26client_id%3D1060090088901-fd4cebtai3l2j22dmoii3g9jnh6tr333.apps.googleusercontent.com%23\" target=\"_blank\" rel=\" noreferrer noopener\"><img loading=\"lazy\" decoding=\"async\" width=\"234\" height=\"92\" src=\"https:\/\/agora.xtec.cat\/ceip-taquigraf-garriga\/wp-content\/uploads\/usu853\/2025\/08\/logo_legiland_234_92px.webp\" alt=\"Legiland\" class=\"wp-image-16230\"\/><\/a><\/figure>\n\n\n\n<p>A l&#8217;escola oferim la plataforma Legiland a l&#8217;alumnat de 3r a 6\u00e8. Dins d&#8217;aquesta plataforma les mestres proposen lectures acompanyades i guiades a la classe, per\u00f2 cada alumne pot afegir totes aquelles lectures que vulgui dins del seu itinerari lector.<\/p>\n\n\n\n<p>Legiland neix amb els objectius de:<\/p>\n\n\n\n<ul class=\"wp-block-list\">\n<li><strong>Fomentar l&#8217;amor i el gust per la lectura<\/strong>: Inspirar un inter\u00e8s durador i un gaudi genu\u00ed per la lectura entre els estudiants, i promoure una connexi\u00f3 emocional i personal amb els llibres.<\/li>\n<\/ul>\n\n\n\n<ul class=\"wp-block-list\">\n<li><strong>Millorar la comprensi\u00f3 lectora i els h\u00e0bits de lectura:<\/strong>&nbsp;Utilitzar estrat\u00e8gies innovadores i continguts atractius per millorar la comprensi\u00f3 lectora i establir h\u00e0bits de lectura s\u00f2lids i consistents des de la inf\u00e0ncia.<\/li>\n<\/ul>\n\n\n\n<ul class=\"wp-block-list\">\n<li><strong>Atendre la diversitat de perfils lectors:<\/strong>&nbsp;Oferir una varietat de materials i eines per abordar les necessitats d\u2019un ampli espectre d\u2019estudiants, per tal que es reconeguin i valorin les seves difer\u00e8ncies individuals.<\/li>\n<\/ul>\n\n\n\n<ul class=\"wp-block-list\">\n<li><strong>Garantir el dret a una lectura rica i de qualitat:<\/strong>Proporcionar acc\u00e9s a llibres i textos enriquidors, accessibles i diversos, de manera que tots els estudiants tinguin l\u2019oportunitat de viure una lectura significativa.<\/li>\n<\/ul>\n\n\n\n<ul class=\"wp-block-list\">\n<li><strong>Promoure la inclusi\u00f3 i l\u2019accessibilitat educativa<\/strong>: Facilitar un entorn d\u2019aprenentatge inclusiu mitjan\u00e7ant l\u2019\u00fas de tecnologia i materials adaptats a diferents estils i nivells de lectura.<\/li>\n<\/ul>\n\n\n\n<ul class=\"wp-block-list\">\n<li><strong>Innovar en la pedagogia de la lectura<\/strong>: Integrar tecnologia i metodologies fonamentades en l\u2019evid\u00e8ncia cient\u00edfica per oferir experi\u00e8ncies de lectura atractives, efectives i adaptades als joves lectors.<\/li>\n<\/ul>\n<\/div><\/div>\n\n\n\n<div class=\"wp-block-getwid-tabs__nav-link\"><span class=\"wp-block-getwid-tabs__title-wrapper\"><a href=\"#\"><span class=\"wp-block-getwid-tabs__title\">Laboratoris de lectura<\/span><\/a><\/span><\/div><div class=\"wp-block-getwid-tabs__tab-content-wrapper\"><div class=\"wp-block-getwid-tabs__tab-content\">\n<p>Un cop al curs, normalment coincidint amb la setmana de Sant Jordi, l&#8217;escola ofereix els <strong>Laboratoris de lectura<\/strong>. S\u00f3n un tipus d\u2019activitat que convida a experimentar al voltant de la lectura. Convidem els nens i nenes a apropar-se i gaudir dels llibres per a infants. <\/p>\n\n\n\n<p><strong>Com?<\/strong> Donant a con\u00e8ixer llibres singulars al voltant d&#8217;un eix tem\u00e0tic, deixant estones de lectures compartides entre infants, realitzant tallers de manualitats relacionats amb el tema central del Laboratori.<\/p>\n\n\n\n<figure class=\"wp-block-gallery has-nested-images columns-default is-cropped wp-block-gallery-1 is-layout-flex wp-block-gallery-is-layout-flex\">\n<figure class=\"wp-block-image size-large has-custom-border is-style-default\"><a href=\"https:\/\/agora.xtec.cat\/ceip-taquigraf-garriga\/wp-content\/uploads\/usu853\/2025\/08\/IMG_7471-scaled.jpg\"><img loading=\"lazy\" decoding=\"async\" width=\"1024\" height=\"768\" src=\"https:\/\/agora.xtec.cat\/ceip-taquigraf-garriga\/wp-content\/uploads\/usu853\/2025\/08\/IMG_7471-1024x768.jpg\" alt=\"\" class=\"wp-image-16226\" style=\"border-style:none;border-width:0px;border-radius:18px\" srcset=\"https:\/\/agora.xtec.cat\/ceip-taquigraf-garriga\/wp-content\/uploads\/usu853\/2025\/08\/IMG_7471-1024x768.jpg 1024w, https:\/\/agora.xtec.cat\/ceip-taquigraf-garriga\/wp-content\/uploads\/usu853\/2025\/08\/IMG_7471-300x225.jpg 300w, https:\/\/agora.xtec.cat\/ceip-taquigraf-garriga\/wp-content\/uploads\/usu853\/2025\/08\/IMG_7471-768x576.jpg 768w, https:\/\/agora.xtec.cat\/ceip-taquigraf-garriga\/wp-content\/uploads\/usu853\/2025\/08\/IMG_7471-1536x1152.jpg 1536w, https:\/\/agora.xtec.cat\/ceip-taquigraf-garriga\/wp-content\/uploads\/usu853\/2025\/08\/IMG_7471-2048x1536.jpg 2048w\" sizes=\"auto, (max-width: 1024px) 100vw, 1024px\" \/><\/a><\/figure>\n\n\n\n<figure class=\"wp-block-image size-large has-custom-border\"><a href=\"https:\/\/agora.xtec.cat\/ceip-taquigraf-garriga\/wp-content\/uploads\/usu853\/2025\/08\/ombres-2.png\"><img loading=\"lazy\" decoding=\"async\" width=\"1024\" height=\"577\" src=\"https:\/\/agora.xtec.cat\/ceip-taquigraf-garriga\/wp-content\/uploads\/usu853\/2025\/08\/ombres-2-1024x577.png\" alt=\"\" class=\"wp-image-16227\" style=\"border-radius:18px\" srcset=\"https:\/\/agora.xtec.cat\/ceip-taquigraf-garriga\/wp-content\/uploads\/usu853\/2025\/08\/ombres-2-1024x577.png 1024w, https:\/\/agora.xtec.cat\/ceip-taquigraf-garriga\/wp-content\/uploads\/usu853\/2025\/08\/ombres-2-300x169.png 300w, https:\/\/agora.xtec.cat\/ceip-taquigraf-garriga\/wp-content\/uploads\/usu853\/2025\/08\/ombres-2-768x433.png 768w, https:\/\/agora.xtec.cat\/ceip-taquigraf-garriga\/wp-content\/uploads\/usu853\/2025\/08\/ombres-2.png 1366w\" sizes=\"auto, (max-width: 1024px) 100vw, 1024px\" \/><\/a><\/figure>\n\n\n\n<figure class=\"wp-block-image size-large has-custom-border\"><a href=\"https:\/\/agora.xtec.cat\/ceip-taquigraf-garriga\/wp-content\/uploads\/usu853\/2025\/08\/ombres.jpg\"><img loading=\"lazy\" decoding=\"async\" width=\"485\" height=\"520\" src=\"https:\/\/agora.xtec.cat\/ceip-taquigraf-garriga\/wp-content\/uploads\/usu853\/2025\/08\/ombres.jpg\" alt=\"\" class=\"wp-image-16225\" style=\"border-radius:18px\" srcset=\"https:\/\/agora.xtec.cat\/ceip-taquigraf-garriga\/wp-content\/uploads\/usu853\/2025\/08\/ombres.jpg 485w, https:\/\/agora.xtec.cat\/ceip-taquigraf-garriga\/wp-content\/uploads\/usu853\/2025\/08\/ombres-280x300.jpg 280w\" sizes=\"auto, (max-width: 485px) 100vw, 485px\" \/><\/a><\/figure>\n<\/figure>\n<\/div><\/div>\n<\/div>\n\n\n\n<div style=\"margin-top:var(--wp--preset--spacing--20);margin-bottom:var(--wp--preset--spacing--20);height:var(--wp--preset--spacing--40)\" aria-hidden=\"true\" class=\"wp-block-spacer\"><\/div>\n\n\n\n        <div class=\"wp-block-getwid-post-slider custom-post-type-post has-arrows-inside has-dots-inside\">\n            <div data-slider-option=\"{&quot;getwid_fade_effect&quot;:&quot;slide&quot;,&quot;getwid_autoplay&quot;:false,&quot;getwid_pause_on_hover&quot;:false,&quot;getwid_autoplay_speed&quot;:6000,&quot;getwid_infinite&quot;:true,&quot;getwid_animation_speed&quot;:800,&quot;getwid_arrows&quot;:&quot;inside&quot;,&quot;getwid_dots&quot;:&quot;inside&quot;}\" class=\"wp-block-getwid-post-slider__content\">\n                \t\t\t\t\t\t\t<div class=\"wp-block-getwid-post-slider__slide\" style=\"\">\n\t\t\t\t\t\t\t\t\n<div class=\"wp-block-getwid-post-slider__post \">\n            <div class=\"wp-block-getwid-post-slider__post-thumbnail\">\n            <img loading=\"lazy\" decoding=\"async\" width=\"2048\" height=\"1536\" src=\"https:\/\/agora.xtec.cat\/ceip-taquigraf-garriga\/wp-content\/uploads\/usu853\/2026\/04\/WhatsApp-Image-2026-04-21-at-11.57.04-1.jpeg\" class=\"attachment-post-thumbnail size-post-thumbnail wp-post-image\" alt=\"\" srcset=\"https:\/\/agora.xtec.cat\/ceip-taquigraf-garriga\/wp-content\/uploads\/usu853\/2026\/04\/WhatsApp-Image-2026-04-21-at-11.57.04-1.jpeg 2048w, https:\/\/agora.xtec.cat\/ceip-taquigraf-garriga\/wp-content\/uploads\/usu853\/2026\/04\/WhatsApp-Image-2026-04-21-at-11.57.04-1-300x225.jpeg 300w, https:\/\/agora.xtec.cat\/ceip-taquigraf-garriga\/wp-content\/uploads\/usu853\/2026\/04\/WhatsApp-Image-2026-04-21-at-11.57.04-1-1024x768.jpeg 1024w, https:\/\/agora.xtec.cat\/ceip-taquigraf-garriga\/wp-content\/uploads\/usu853\/2026\/04\/WhatsApp-Image-2026-04-21-at-11.57.04-1-768x576.jpeg 768w, https:\/\/agora.xtec.cat\/ceip-taquigraf-garriga\/wp-content\/uploads\/usu853\/2026\/04\/WhatsApp-Image-2026-04-21-at-11.57.04-1-1536x1152.jpeg 1536w\" sizes=\"auto, (max-width: 2048px) 100vw, 2048px\" \/>        <\/div>\n        <div class=\"wp-block-getwid-post-slider__post-overlay \"><\/div>\n    <div class=\"wp-block-getwid-post-slider__post-content-wrapper\">\n        <h3 class=\"wp-block-getwid-post-slider__post-title\"><a href=\"https:\/\/agora.xtec.cat\/ceip-taquigraf-garriga\/general\/amors-colors\/\">Amors, colors<\/a><\/h3>        <div class=\"wp-block-getwid-post-slider__post-excerpt\"><p>Coincidint amb la setmana de Sant Jordi els nois i noies de 3r, 4t, 5\u00e8 i 6\u00e8 visitaran a la Biblioteca de l&#8217;escola el Laboratori de Llibres anomenat: Amors, colors. Convertits en cient\u00edfics faran un recorregut pels diferents moments d&#8217;una investigaci\u00f3: Si voleu llegir els seus missatges, acosteu-vos al vest\u00edbul de la biblioteca i podreu [&hellip;]<\/p>\n<\/div>\n    <\/div>\n<\/div>\n\t\t\t\t\t\t\t<\/div>\n\t\t\t\t\t\t\t\t\t\t\t\t\t<div class=\"wp-block-getwid-post-slider__slide\" style=\"\">\n\t\t\t\t\t\t\t\t\n<div class=\"wp-block-getwid-post-slider__post \">\n            <div class=\"wp-block-getwid-post-slider__post-thumbnail\">\n            <img loading=\"lazy\" decoding=\"async\" width=\"2048\" height=\"1536\" src=\"https:\/\/agora.xtec.cat\/ceip-taquigraf-garriga\/wp-content\/uploads\/usu853\/2026\/02\/WhatsApp-Image-2026-02-13-at-13.10.28-2.jpeg\" class=\"attachment-post-thumbnail size-post-thumbnail wp-post-image\" alt=\"\" srcset=\"https:\/\/agora.xtec.cat\/ceip-taquigraf-garriga\/wp-content\/uploads\/usu853\/2026\/02\/WhatsApp-Image-2026-02-13-at-13.10.28-2.jpeg 2048w, https:\/\/agora.xtec.cat\/ceip-taquigraf-garriga\/wp-content\/uploads\/usu853\/2026\/02\/WhatsApp-Image-2026-02-13-at-13.10.28-2-300x225.jpeg 300w, https:\/\/agora.xtec.cat\/ceip-taquigraf-garriga\/wp-content\/uploads\/usu853\/2026\/02\/WhatsApp-Image-2026-02-13-at-13.10.28-2-1024x768.jpeg 1024w, https:\/\/agora.xtec.cat\/ceip-taquigraf-garriga\/wp-content\/uploads\/usu853\/2026\/02\/WhatsApp-Image-2026-02-13-at-13.10.28-2-768x576.jpeg 768w, https:\/\/agora.xtec.cat\/ceip-taquigraf-garriga\/wp-content\/uploads\/usu853\/2026\/02\/WhatsApp-Image-2026-02-13-at-13.10.28-2-1536x1152.jpeg 1536w\" sizes=\"auto, (max-width: 2048px) 100vw, 2048px\" \/>        <\/div>\n        <div class=\"wp-block-getwid-post-slider__post-overlay \"><\/div>\n    <div class=\"wp-block-getwid-post-slider__post-content-wrapper\">\n        <h3 class=\"wp-block-getwid-post-slider__post-title\"><a href=\"https:\/\/agora.xtec.cat\/ceip-taquigraf-garriga\/general\/quan-els-llibres-ens-fan-volar\/\">-Quan els LLIBRES ens fan volar-<\/a><\/h3>        <div class=\"wp-block-getwid-post-slider__post-excerpt\"><p>Aquesta setmana hem visitat la Biblioteca Municipal L&#8217;Ateneu d&#8217;Esparreguera. All\u00e0 hem fet un viatge molt especial per diferents ciutats europees a trav\u00e9s de llibres, guies i mapes. Hem descobert monuments, cultures i curiositats de diversos pa\u00efsos, i hem ent\u00e8s que llegir tamb\u00e9 \u00e9s una manera de viatjar. Sense moure\u2019ns de la biblioteca, ens hem embarcat [&hellip;]<\/p>\n<\/div>\n    <\/div>\n<\/div>\n\t\t\t\t\t\t\t<\/div>\n\t\t\t\t\t\t\t\t\t\t\t\t\t<div class=\"wp-block-getwid-post-slider__slide\" style=\"\">\n\t\t\t\t\t\t\t\t\n<div class=\"wp-block-getwid-post-slider__post \">\n            <div class=\"wp-block-getwid-post-slider__post-thumbnail\">\n            <img loading=\"lazy\" decoding=\"async\" width=\"1366\" height=\"770\" src=\"https:\/\/agora.xtec.cat\/ceip-taquigraf-garriga\/wp-content\/uploads\/usu853\/2025\/05\/ombres-2.png\" class=\"attachment-post-thumbnail size-post-thumbnail wp-post-image\" alt=\"\" srcset=\"https:\/\/agora.xtec.cat\/ceip-taquigraf-garriga\/wp-content\/uploads\/usu853\/2025\/05\/ombres-2.png 1366w, https:\/\/agora.xtec.cat\/ceip-taquigraf-garriga\/wp-content\/uploads\/usu853\/2025\/05\/ombres-2-300x169.png 300w, https:\/\/agora.xtec.cat\/ceip-taquigraf-garriga\/wp-content\/uploads\/usu853\/2025\/05\/ombres-2-1024x577.png 1024w, https:\/\/agora.xtec.cat\/ceip-taquigraf-garriga\/wp-content\/uploads\/usu853\/2025\/05\/ombres-2-768x433.png 768w\" sizes=\"auto, (max-width: 1366px) 100vw, 1366px\" \/>        <\/div>\n        <div class=\"wp-block-getwid-post-slider__post-overlay \"><\/div>\n    <div class=\"wp-block-getwid-post-slider__post-content-wrapper\">\n        <h3 class=\"wp-block-getwid-post-slider__post-title\"><a href=\"https:\/\/agora.xtec.cat\/ceip-taquigraf-garriga\/general\/la-magia-de-la-foscor\/\">La M\u00c0GIA de la FOSCOR<\/a><\/h3>        <div class=\"wp-block-getwid-post-slider__post-excerpt\"><p>Durant uns dies, el LABORATORI de CI\u00c8NCIES s\u2019ha convertit en un espai m\u00e0gic i misteri\u00f3s\u2026 A les fosques, nom\u00e9s amb la llum dels nostres lots, hem seguit les ombres dels contes per descobrir hist\u00f2ries amagades i deixar volar la nostra imaginaci\u00f3. Amb el laboratori de lectura OMBRES, els m\u00e9s petits han viscut una experi\u00e8ncia plena [&hellip;]<\/p>\n<\/div>\n    <\/div>\n<\/div>\n\t\t\t\t\t\t\t<\/div>\n\t\t\t\t\t\t\t\t\t\t\t\t\t<div class=\"wp-block-getwid-post-slider__slide\" style=\"\">\n\t\t\t\t\t\t\t\t\n<div class=\"wp-block-getwid-post-slider__post \">\n            <div class=\"wp-block-getwid-post-slider__post-thumbnail\">\n            <img loading=\"lazy\" decoding=\"async\" width=\"2560\" height=\"1920\" src=\"https:\/\/agora.xtec.cat\/ceip-taquigraf-garriga\/wp-content\/uploads\/usu853\/2025\/07\/IMG_7471-scaled.jpg\" class=\"attachment-post-thumbnail size-post-thumbnail wp-post-image\" alt=\"\" srcset=\"https:\/\/agora.xtec.cat\/ceip-taquigraf-garriga\/wp-content\/uploads\/usu853\/2025\/07\/IMG_7471-scaled.jpg 2560w, https:\/\/agora.xtec.cat\/ceip-taquigraf-garriga\/wp-content\/uploads\/usu853\/2025\/07\/IMG_7471-300x225.jpg 300w, https:\/\/agora.xtec.cat\/ceip-taquigraf-garriga\/wp-content\/uploads\/usu853\/2025\/07\/IMG_7471-1024x768.jpg 1024w, https:\/\/agora.xtec.cat\/ceip-taquigraf-garriga\/wp-content\/uploads\/usu853\/2025\/07\/IMG_7471-768x576.jpg 768w, https:\/\/agora.xtec.cat\/ceip-taquigraf-garriga\/wp-content\/uploads\/usu853\/2025\/07\/IMG_7471-1536x1152.jpg 1536w, https:\/\/agora.xtec.cat\/ceip-taquigraf-garriga\/wp-content\/uploads\/usu853\/2025\/07\/IMG_7471-2048x1536.jpg 2048w\" sizes=\"auto, (max-width: 2560px) 100vw, 2560px\" \/>        <\/div>\n        <div class=\"wp-block-getwid-post-slider__post-overlay \"><\/div>\n    <div class=\"wp-block-getwid-post-slider__post-content-wrapper\">\n        <h3 class=\"wp-block-getwid-post-slider__post-title\"><a href=\"https:\/\/agora.xtec.cat\/ceip-taquigraf-garriga\/general\/els-tresors-den-francesco\/\">Els tresors d\u2019en Francesco<\/a><\/h3>        <div class=\"wp-block-getwid-post-slider__post-excerpt\"><p>Durant unes setmanes, la nostra Biblioteca s\u2019ha omplert de records, emocions i hist\u00f2ries que hi viuen dins d\u2019unes capses molt especials.Amb el laboratori de lectura ENCAIXEM RECORDS, inspirat en El diari de les capses de llumins de Paul Fleischman, hem viatjat a la inf\u00e0ncia de Francesco a trav\u00e9s dels seus records. Gr\u00e0cies, Francesco, per compartir [&hellip;]<\/p>\n<\/div>\n    <\/div>\n<\/div>\n\t\t\t\t\t\t\t<\/div>\n\t\t\t\t\t\t\t\t\t\t\t\t\t<div class=\"wp-block-getwid-post-slider__slide\" style=\"\">\n\t\t\t\t\t\t\t\t\n<div class=\"wp-block-getwid-post-slider__post \">\n            <div class=\"wp-block-getwid-post-slider__post-thumbnail\">\n            <img loading=\"lazy\" decoding=\"async\" width=\"485\" height=\"520\" src=\"https:\/\/agora.xtec.cat\/ceip-taquigraf-garriga\/wp-content\/uploads\/usu853\/2025\/05\/ombres.jpg\" class=\"attachment-post-thumbnail size-post-thumbnail wp-post-image\" alt=\"\" srcset=\"https:\/\/agora.xtec.cat\/ceip-taquigraf-garriga\/wp-content\/uploads\/usu853\/2025\/05\/ombres.jpg 485w, https:\/\/agora.xtec.cat\/ceip-taquigraf-garriga\/wp-content\/uploads\/usu853\/2025\/05\/ombres-280x300.jpg 280w\" sizes=\"auto, (max-width: 485px) 100vw, 485px\" \/>        <\/div>\n        <div class=\"wp-block-getwid-post-slider__post-overlay \"><\/div>\n    <div class=\"wp-block-getwid-post-slider__post-content-wrapper\">\n        <h3 class=\"wp-block-getwid-post-slider__post-title\"><a href=\"https:\/\/agora.xtec.cat\/ceip-taquigraf-garriga\/general\/ombres\/\">Ombres<\/a><\/h3>        <div class=\"wp-block-getwid-post-slider__post-excerpt\"><p>A l&#8217;aula de ci\u00e8ncies s\u2019han apagat els llums i s\u2019ha enc\u00e8s la IMAGINACI\u00d3.Les OmbreS es mouen i juguen amb els personatges dels contes i ens expliquen unes hist\u00f2ries fascinants que nom\u00e9s es veuen amb els ulls ben oberts . . . i una mica de llum. #LaboratorideLectura #BibliotecaETG #Ombres #ContesAmbLlum #EscolaP\u00fablica #EscolaTaqu\u00edgrafGarriga #Llegirensfalliures #BibliotecaEscolar<\/p>\n<\/div>\n    <\/div>\n<\/div>\n\t\t\t\t\t\t\t<\/div>\n\t\t\t\t\t\t\t\t\t\t\t\t\t<div class=\"wp-block-getwid-post-slider__slide\" style=\"\">\n\t\t\t\t\t\t\t\t\n<div class=\"wp-block-getwid-post-slider__post \">\n            <div class=\"wp-block-getwid-post-slider__post-thumbnail\">\n            <img loading=\"lazy\" decoding=\"async\" width=\"2560\" height=\"910\" src=\"https:\/\/agora.xtec.cat\/ceip-taquigraf-garriga\/wp-content\/uploads\/usu853\/2025\/05\/laboratori-de-lectura-scaled.jpg\" class=\"attachment-post-thumbnail size-post-thumbnail wp-post-image\" alt=\"\" srcset=\"https:\/\/agora.xtec.cat\/ceip-taquigraf-garriga\/wp-content\/uploads\/usu853\/2025\/05\/laboratori-de-lectura-scaled.jpg 2560w, https:\/\/agora.xtec.cat\/ceip-taquigraf-garriga\/wp-content\/uploads\/usu853\/2025\/05\/laboratori-de-lectura-300x107.jpg 300w, https:\/\/agora.xtec.cat\/ceip-taquigraf-garriga\/wp-content\/uploads\/usu853\/2025\/05\/laboratori-de-lectura-1024x364.jpg 1024w, https:\/\/agora.xtec.cat\/ceip-taquigraf-garriga\/wp-content\/uploads\/usu853\/2025\/05\/laboratori-de-lectura-768x273.jpg 768w, https:\/\/agora.xtec.cat\/ceip-taquigraf-garriga\/wp-content\/uploads\/usu853\/2025\/05\/laboratori-de-lectura-1536x546.jpg 1536w, https:\/\/agora.xtec.cat\/ceip-taquigraf-garriga\/wp-content\/uploads\/usu853\/2025\/05\/laboratori-de-lectura-2048x728.jpg 2048w\" sizes=\"auto, (max-width: 2560px) 100vw, 2560px\" \/>        <\/div>\n        <div class=\"wp-block-getwid-post-slider__post-overlay \"><\/div>\n    <div class=\"wp-block-getwid-post-slider__post-content-wrapper\">\n        <h3 class=\"wp-block-getwid-post-slider__post-title\"><a href=\"https:\/\/agora.xtec.cat\/ceip-taquigraf-garriga\/general\/encaixem-records\/\">ENCAIXEM RECORDS<\/a><\/h3>        <div class=\"wp-block-getwid-post-slider__post-excerpt\"><p>Francesco ha visitat la nostra Biblioteca i l\u2019ha convertit en un espai ple d\u2019emocions, mem\u00f2ria i hist\u00f2ries amagades dins d\u2019unes capses molt especials\u2026 Seguim ENCAIXANT RECORDS en aquest laboratori tan especial. LaboratorideLectura #BibliotecaETG #Francesco #EncaixemRecords #EscolaP\u00fablica #EscolaTaqu\u00edgrafGarriga #Llegirensfalliures #BibliotecaEscolar #8M #DiaDeLaDona #EnsVolemLliures #Igualtat #EduquemEnValors #etg #escolataquigrafgarriga #educacio #escolapublica #eduquemperlaigualtat #totselsdieses8demar\u00e7 #comunitateducativa<\/p>\n<\/div>\n    <\/div>\n<\/div>\n\t\t\t\t\t\t\t<\/div>\n\t\t\t\t\t\t\t\t\t\t\t\t\t<div class=\"wp-block-getwid-post-slider__slide\" style=\"\">\n\t\t\t\t\t\t\t\t\n<div class=\"wp-block-getwid-post-slider__post \">\n        <div class=\"wp-block-getwid-post-slider__post-overlay \"><\/div>\n    <div class=\"wp-block-getwid-post-slider__post-content-wrapper\">\n        <h3 class=\"wp-block-getwid-post-slider__post-title\"><a href=\"https:\/\/agora.xtec.cat\/ceip-taquigraf-garriga\/general\/dona-veus-que-inspiren\/\">&#8220;DONA: VEUS QUE INSPIREN&#8221;<\/a><\/h3>        <div class=\"wp-block-getwid-post-slider__post-excerpt\"><p>A la biblioteca de l\u2019escola, hem creat un espai especial per retre homenatge a totes les dones que, amb la seva for\u00e7a, valentia i talent, han deixat empremta al m\u00f3n. Mares, \u00e0vies, esportistes, escriptores, nenes, cient\u00edfiques\u2026 Cada una d\u2019elles t\u00e9 una hist\u00f2ria per explicar i un llegat per compartir!Veniu a descobrir l\u2019exposici\u00f3 &#8220;DONA&#8221;, un recorregut [&hellip;]<\/p>\n<\/div>\n    <\/div>\n<\/div>\n\t\t\t\t\t\t\t<\/div>\n\t\t\t\t\t\t\t\t\t\t\t\t\t<div class=\"wp-block-getwid-post-slider__slide\" style=\"\">\n\t\t\t\t\t\t\t\t\n<div class=\"wp-block-getwid-post-slider__post \">\n            <div class=\"wp-block-getwid-post-slider__post-thumbnail\">\n            <img loading=\"lazy\" decoding=\"async\" width=\"490\" height=\"689\" src=\"https:\/\/agora.xtec.cat\/ceip-taquigraf-garriga\/wp-content\/uploads\/usu853\/2024\/04\/mini_relatos.jpg\" class=\"attachment-post-thumbnail size-post-thumbnail wp-post-image\" alt=\"\" srcset=\"https:\/\/agora.xtec.cat\/ceip-taquigraf-garriga\/wp-content\/uploads\/usu853\/2024\/04\/mini_relatos.jpg 490w, https:\/\/agora.xtec.cat\/ceip-taquigraf-garriga\/wp-content\/uploads\/usu853\/2024\/04\/mini_relatos-213x300.jpg 213w\" sizes=\"auto, (max-width: 490px) 100vw, 490px\" \/>        <\/div>\n        <div class=\"wp-block-getwid-post-slider__post-overlay \"><\/div>\n    <div class=\"wp-block-getwid-post-slider__post-content-wrapper\">\n        <h3 class=\"wp-block-getwid-post-slider__post-title\"><a href=\"https:\/\/agora.xtec.cat\/ceip-taquigraf-garriga\/portada\/un-regal-molt-especial\/\">UN REGAL MOLT ESPECIAL<\/a><\/h3>        <div class=\"wp-block-getwid-post-slider__post-excerpt\"><p>&#8220;Mini relatos de 1 minuto.&#8221; \u00e9s un petit llibre de relats molt breus elaborat pels nens i nenes de 2n, amb l&#8217;objectiu de regalar-lo als seus companys i companyes de 1r i ajudar-los, d&#8217;aquesta manera, en el seu proc\u00e9s d&#8217;adquisici\u00f3 de la lecto-escriptura. I quin millor dia per a fer aquest preci\u00f3s regal que el [&hellip;]<\/p>\n<\/div>\n    <\/div>\n<\/div>\n\t\t\t\t\t\t\t<\/div>\n\t\t\t\t\t\t\t\t\t\t\t\t\t<div class=\"wp-block-getwid-post-slider__slide\" style=\"\">\n\t\t\t\t\t\t\t\t\n<div class=\"wp-block-getwid-post-slider__post \">\n            <div class=\"wp-block-getwid-post-slider__post-thumbnail\">\n            <img loading=\"lazy\" decoding=\"async\" width=\"652\" height=\"488\" src=\"https:\/\/agora.xtec.cat\/ceip-taquigraf-garriga\/wp-content\/uploads\/usu853\/2023\/11\/Comfunciona-epergam.jpg\" class=\"attachment-post-thumbnail size-post-thumbnail wp-post-image\" alt=\"\" srcset=\"https:\/\/agora.xtec.cat\/ceip-taquigraf-garriga\/wp-content\/uploads\/usu853\/2023\/11\/Comfunciona-epergam.jpg 652w, https:\/\/agora.xtec.cat\/ceip-taquigraf-garriga\/wp-content\/uploads\/usu853\/2023\/11\/Comfunciona-epergam-300x225.jpg 300w, https:\/\/agora.xtec.cat\/ceip-taquigraf-garriga\/wp-content\/uploads\/usu853\/2023\/11\/Comfunciona-epergam-200x150.jpg 200w\" sizes=\"auto, (max-width: 652px) 100vw, 652px\" \/>        <\/div>\n        <div class=\"wp-block-getwid-post-slider__post-overlay \"><\/div>\n    <div class=\"wp-block-getwid-post-slider__post-content-wrapper\">\n        <h3 class=\"wp-block-getwid-post-slider__post-title\"><a href=\"https:\/\/agora.xtec.cat\/ceip-taquigraf-garriga\/lectura\/com-consultar-el-cataleg-de-lescola\/\">Com consultar el cat\u00e0leg de l&#8217;escola<\/a><\/h3>        <div class=\"wp-block-getwid-post-slider__post-excerpt\"><p>Mireu aquesta presentaci\u00f3 si voleu saber com fer una consulta dels llibres que tenim al cat\u00e0leg de l&#8217;escola Consulteu el cat\u00e0leg de l&#8217;escola. https:\/\/aplicacions.gestioeducativa.gencat.cat\/epergam\/web\/biblioteca.jsp?codi=08016938<\/p>\n<\/div>\n    <\/div>\n<\/div>\n\t\t\t\t\t\t\t<\/div>\n\t\t\t\t\t\t\t\t\t\t\t\t\t<div class=\"wp-block-getwid-post-slider__slide\" style=\"\">\n\t\t\t\t\t\t\t\t\n<div class=\"wp-block-getwid-post-slider__post \">\n            <div class=\"wp-block-getwid-post-slider__post-thumbnail\">\n            <img loading=\"lazy\" decoding=\"async\" width=\"480\" height=\"360\" src=\"https:\/\/agora.xtec.cat\/ceip-taquigraf-garriga\/wp-content\/uploads\/usu853\/2023\/05\/0.jpg\" class=\"attachment-post-thumbnail size-post-thumbnail wp-post-image\" alt=\"\" srcset=\"https:\/\/agora.xtec.cat\/ceip-taquigraf-garriga\/wp-content\/uploads\/usu853\/2023\/05\/0.jpg 480w, https:\/\/agora.xtec.cat\/ceip-taquigraf-garriga\/wp-content\/uploads\/usu853\/2023\/05\/0-300x225.jpg 300w, https:\/\/agora.xtec.cat\/ceip-taquigraf-garriga\/wp-content\/uploads\/usu853\/2023\/05\/0-200x150.jpg 200w\" sizes=\"auto, (max-width: 480px) 100vw, 480px\" \/>        <\/div>\n        <div class=\"wp-block-getwid-post-slider__post-overlay \"><\/div>\n    <div class=\"wp-block-getwid-post-slider__post-content-wrapper\">\n        <h3 class=\"wp-block-getwid-post-slider__post-title\"><a href=\"https:\/\/agora.xtec.cat\/ceip-taquigraf-garriga\/general\/wangari-i-els-arbres-de-la-pau\/\">&#8211; WANGARI i els arbres de la PAU &#8211;<\/a><\/h3>        <div class=\"wp-block-getwid-post-slider__post-excerpt\"><p>La nostra BIBLIOTECA s&#8217;ha convertit en un petit poblat de Kenya on hem gaudit d&#8217;un LABORATORI de LECTURA molt bonic: &#8220;WANGARI i els arbres de la PAU&#8221; Hem conegut a la Wangari i la hist\u00f2ria de la seva vida. La Wangari era una persona que estimava molt la seva terra i va contribuir en la [&hellip;]<\/p>\n<\/div>\n    <\/div>\n<\/div>\n\t\t\t\t\t\t\t<\/div>\n\t\t\t\t\t\t            <\/div>\n        <\/div>\n        ","protected":false},"excerpt":{"rendered":"","protected":false},"author":3,"featured_media":0,"parent":64,"menu_order":10,"comment_status":"closed","ping_status":"closed","template":"","meta":{"_bbp_topic_count":0,"_bbp_reply_count":0,"_bbp_total_topic_count":0,"_bbp_total_reply_count":0,"_bbp_voice_count":0,"_bbp_anonymous_reply_count":0,"_bbp_topic_count_hidden":0,"_bbp_reply_count_hidden":0,"_bbp_forum_subforum_count":0,"site-sidebar-layout":"left-sidebar","site-content-layout":"","ast-site-content-layout":"default","site-content-style":"default","site-sidebar-style":"default","ast-global-header-display":"","ast-banner-title-visibility":"","ast-main-header-display":"","ast-hfb-above-header-display":"","ast-hfb-below-header-display":"","ast-hfb-mobile-header-display":"","site-post-title":"","ast-breadcrumbs-content":"","ast-featured-img":"","footer-sml-layout":"","theme-transparent-header-meta":"","adv-header-id-meta":"","stick-header-meta":"","header-above-stick-meta":"","header-main-stick-meta":"","header-below-stick-meta":"","astra-migrate-meta-layouts":"set","ast-page-background-enabled":"default","ast-page-background-meta":{"desktop":{"background-color":"var(--ast-global-color-4)","background-image":"","background-repeat":"repeat","background-position":"center center","background-size":"auto","background-attachment":"scroll","background-type":"","background-media":"","overlay-type":"","overlay-color":"","overlay-opacity":"","overlay-gradient":""},"tablet":{"background-color":"","background-image":"","background-repeat":"repeat","background-position":"center center","background-size":"auto","background-attachment":"scroll","background-type":"","background-media":"","overlay-type":"","overlay-color":"","overlay-opacity":"","overlay-gradient":""},"mobile":{"background-color":"","background-image":"","background-repeat":"repeat","background-position":"center center","background-size":"auto","background-attachment":"scroll","background-type":"","background-media":"","overlay-type":"","overlay-color":"","overlay-opacity":"","overlay-gradient":""}},"ast-content-background-meta":{"desktop":{"background-color":"var(--ast-global-color-5)","background-image":"","background-repeat":"repeat","background-position":"center center","background-size":"auto","background-attachment":"scroll","background-type":"","background-media":"","overlay-type":"","overlay-color":"","overlay-opacity":"","overlay-gradient":""},"tablet":{"background-color":"var(--ast-global-color-5)","background-image":"","background-repeat":"repeat","background-position":"center center","background-size":"auto","background-attachment":"scroll","background-type":"","background-media":"","overlay-type":"","overlay-color":"","overlay-opacity":"","overlay-gradient":""},"mobile":{"background-color":"var(--ast-global-color-5)","background-image":"","background-repeat":"repeat","background-position":"center center","background-size":"auto","background-attachment":"scroll","background-type":"","background-media":"","overlay-type":"","overlay-color":"","overlay-opacity":"","overlay-gradient":""}},"footnotes":""},"class_list":["post-16218","page","type-page","status-publish","hentry"],"post_mailing_queue_ids":[],"_links":{"self":[{"href":"https:\/\/agora.xtec.cat\/ceip-taquigraf-garriga\/wp-json\/wp\/v2\/pages\/16218","targetHints":{"allow":["GET"]}}],"collection":[{"href":"https:\/\/agora.xtec.cat\/ceip-taquigraf-garriga\/wp-json\/wp\/v2\/pages"}],"about":[{"href":"https:\/\/agora.xtec.cat\/ceip-taquigraf-garriga\/wp-json\/wp\/v2\/types\/page"}],"author":[{"embeddable":true,"href":"https:\/\/agora.xtec.cat\/ceip-taquigraf-garriga\/wp-json\/wp\/v2\/users\/3"}],"replies":[{"embeddable":true,"href":"https:\/\/agora.xtec.cat\/ceip-taquigraf-garriga\/wp-json\/wp\/v2\/comments?post=16218"}],"version-history":[{"count":6,"href":"https:\/\/agora.xtec.cat\/ceip-taquigraf-garriga\/wp-json\/wp\/v2\/pages\/16218\/revisions"}],"predecessor-version":[{"id":16243,"href":"https:\/\/agora.xtec.cat\/ceip-taquigraf-garriga\/wp-json\/wp\/v2\/pages\/16218\/revisions\/16243"}],"up":[{"embeddable":true,"href":"https:\/\/agora.xtec.cat\/ceip-taquigraf-garriga\/wp-json\/wp\/v2\/pages\/64"}],"wp:attachment":[{"href":"https:\/\/agora.xtec.cat\/ceip-taquigraf-garriga\/wp-json\/wp\/v2\/media?parent=16218"}],"curies":[{"name":"wp","href":"https:\/\/api.w.org\/{rel}","templated":true}]}}