{"id":1623,"date":"2023-04-11T13:10:18","date_gmt":"2023-04-11T11:10:18","guid":{"rendered":"https:\/\/agora.xtec.cat\/ceip-santsalvador\/?page_id=1623"},"modified":"2025-10-14T18:16:58","modified_gmt":"2025-10-14T16:16:58","slug":"objectius","status":"publish","type":"page","link":"https:\/\/agora.xtec.cat\/ceip-santsalvador\/estrategia-digital\/part-estrategica\/objectius\/","title":{"rendered":"Objectius"},"content":{"rendered":"<p>A <span style=\"color: #808000;\"><strong>partir dels objectius del PEC<\/strong><\/span> i de l&#8217;avaluaci\u00f3 de l&#8217;<span style=\"color: #808000;\"><strong>EDC 22-25<\/strong><\/span>, s\u2019han establert els nous objectius per l&#8217;<span style=\"color: #808000;\"><strong>EDC 25-28:<\/strong><\/span><\/p>\n<table style=\"border-collapse: collapse; width: 100%;\">\n<tbody>\n<tr>\n<td style=\"width: 11.1896%;\">\n<h5><span style=\"color: #808000;\"><strong>Objectiu 1.<\/strong><\/span><\/h5>\n<\/td>\n<td style=\"width: 88.8104%;\">\n<h5><span style=\"color: #808000;\"><strong>\u00a0Millorar la compet\u00e8ncia digital docent fomentant l&#8217;intercanvi d&#8217;experi\u00e8ncies<\/strong><\/span><\/h5>\n<\/td>\n<\/tr>\n<tr>\n<td style=\"width: 11.1896%;\">\n<h5><span style=\"color: #808000;\"><strong>Objectiu 2.<\/strong><\/span><\/h5>\n<\/td>\n<td style=\"width: 88.8104%;\">\n<h5><span style=\"color: #808000;\"><strong>\u00a0Utilitzar les eines digitals d&#8217;avaluaci\u00f3 per avaluar les compet\u00e8ncies de l&#8217;alumnat<\/strong><\/span><\/h5>\n<\/td>\n<\/tr>\n<tr>\n<td style=\"width: 11.1896%;\">\n<h5><span style=\"color: #808000;\"><strong>Objectiu 3.<\/strong><\/span><\/h5>\n<\/td>\n<td style=\"width: 88.8104%;\">\n<h5><span style=\"color: #808000;\"><strong>Fomentar la conscienciaci\u00f3 i l&#8217;\u00fas responsable dels dispositius digitals entre l&#8217;alumnat, les fam\u00edlies i el professorat per promoure h\u00e0bits saludables, segurs i \u00e8tics.<\/strong><\/span><\/h5>\n<\/td>\n<\/tr>\n<tr>\n<td style=\"width: 11.1896%;\">\n<h5><span style=\"color: #808000;\"><strong>Objectiu 4.<\/strong><\/span><\/h5>\n<\/td>\n<td style=\"width: 88.8104%;\">\n<h5><span style=\"color: #808000;\"><strong>Definir el desplegament curricular per millorar la compet\u00e8ncia digital de l&#8217;alumnat i garantir l&#8217;adquisici\u00f3 d&#8217;habilitats tecnol\u00f2giques.<\/strong><\/span><\/h5>\n<\/td>\n<\/tr>\n<tr>\n<td style=\"width: 11.1896%;\">\n<h5><span style=\"color: #808000;\"><strong>Objectiu 5.<\/strong><\/span><\/h5>\n<\/td>\n<td style=\"width: 88.8104%;\">\n<h5><span style=\"color: #808000;\"><strong>\u00a0Pal\u00b7liar els efectes de la bretxa digital de l&#8217;alumnat.<\/strong><\/span><\/h5>\n<\/td>\n<\/tr>\n<tr>\n<td style=\"width: 11.1896%;\">\n<h5><span style=\"color: #808000;\"><strong>Objectiu 6.<\/strong><\/span><\/h5>\n<\/td>\n<td style=\"width: 88.8104%;\">\n<h5><span style=\"color: #808000;\"><strong>\u00a0Incorporar la rob\u00f2tica i el pensament computacional a la programaci\u00f3 d&#8217;aula.<\/strong><\/span><\/h5>\n<\/td>\n<\/tr>\n<\/tbody>\n<\/table>\n<h5 style=\"text-align: justify;\"><\/h5>\n<h5 style=\"text-align: justify;\"><span style=\"color: #808000;\"><img loading=\"lazy\" decoding=\"async\" class=\"size-full wp-image-1694 alignright\" src=\"https:\/\/agora.xtec.cat\/ceip-santsalvador\/wp-content\/uploads\/usu1396\/2023\/05\/objectius_digitals.png\" alt=\"\" width=\"300\" height=\"262\" \/><\/span><\/h5>\n<h5 style=\"text-align: justify;\"><\/h5>\n<h5 style=\"text-align: justify;\"><span style=\"color: #808000;\"><strong>\u00a0<\/strong><\/span><\/h5>\n<h5 style=\"text-align: justify;\"><\/h5>\n<h5 style=\"text-align: justify;\"><\/h5>\n<h5><\/h5>\n","protected":false},"excerpt":{"rendered":"<p>A partir dels objectius del PEC i de l&#8217;avaluaci\u00f3 de l&#8217;EDC 22-25, s\u2019han establert els nous objectius per l&#8217;EDC 25-28:<\/p>\n<p>Objectiu 1.<\/p>\n<p>\u00a0Millorar la compet\u00e8ncia digital docent fomentant l&#8217;intercanvi d&#8217;experi\u00e8ncies<\/p>\n<p>Objectiu 2.<\/p>\n<p>\u00a0Utilitzar les eines digitals d&#8217;avaluaci\u00f3 per avaluar les compet\u00e8ncies de l&#8217;alumnat<\/p>\n<p>Objectiu 3.<\/p>\n<p>Fomentar la conscienciaci\u00f3 i l&#8217;\u00fas responsable&hellip;  <a href=\"https:\/\/agora.xtec.cat\/ceip-santsalvador\/estrategia-digital\/part-estrategica\/objectius\/\" title=\"Read Objectius\">Llegeix m\u00e9s\u00bb<\/a><\/p>\n","protected":false},"author":4,"featured_media":0,"parent":1619,"menu_order":0,"comment_status":"closed","ping_status":"closed","template":"page-templates\/side-menu.php","meta":{"footnotes":""},"class_list":["post-1623","page","type-page","status-publish","hentry"],"post_mailing_queue_ids":[],"_links":{"self":[{"href":"https:\/\/agora.xtec.cat\/ceip-santsalvador\/wp-json\/wp\/v2\/pages\/1623","targetHints":{"allow":["GET"]}}],"collection":[{"href":"https:\/\/agora.xtec.cat\/ceip-santsalvador\/wp-json\/wp\/v2\/pages"}],"about":[{"href":"https:\/\/agora.xtec.cat\/ceip-santsalvador\/wp-json\/wp\/v2\/types\/page"}],"author":[{"embeddable":true,"href":"https:\/\/agora.xtec.cat\/ceip-santsalvador\/wp-json\/wp\/v2\/users\/4"}],"replies":[{"embeddable":true,"href":"https:\/\/agora.xtec.cat\/ceip-santsalvador\/wp-json\/wp\/v2\/comments?post=1623"}],"version-history":[{"count":6,"href":"https:\/\/agora.xtec.cat\/ceip-santsalvador\/wp-json\/wp\/v2\/pages\/1623\/revisions"}],"predecessor-version":[{"id":3432,"href":"https:\/\/agora.xtec.cat\/ceip-santsalvador\/wp-json\/wp\/v2\/pages\/1623\/revisions\/3432"}],"up":[{"embeddable":true,"href":"https:\/\/agora.xtec.cat\/ceip-santsalvador\/wp-json\/wp\/v2\/pages\/1619"}],"wp:attachment":[{"href":"https:\/\/agora.xtec.cat\/ceip-santsalvador\/wp-json\/wp\/v2\/media?parent=1623"}],"curies":[{"name":"wp","href":"https:\/\/api.w.org\/{rel}","templated":true}]}}