{"id":8056,"date":"2022-04-05T15:34:14","date_gmt":"2022-04-05T13:34:14","guid":{"rendered":"https:\/\/agora.xtec.cat\/ceip-santperesantpau\/?page_id=8056"},"modified":"2022-05-24T22:02:33","modified_gmt":"2022-05-24T20:02:33","slug":"cultura-digiital","status":"publish","type":"page","link":"https:\/\/agora.xtec.cat\/ceip-santperesantpau\/cultura-digiital\/","title":{"rendered":"Cultura Digital"},"content":{"rendered":"<p>&nbsp;<\/p>\n<p><a href=\"https:\/\/agora.xtec.cat\/ceip-santperesantpau\/wp-content\/uploads\/usu188\/2022\/05\/digital-2.jpg\"><img loading=\"lazy\" decoding=\"async\" class=\"size-full wp-image-8412 aligncenter\" src=\"https:\/\/agora.xtec.cat\/ceip-santperesantpau\/wp-content\/uploads\/usu188\/2022\/05\/digital-2.jpg\" alt=\"\" width=\"474\" height=\"225\" srcset=\"https:\/\/agora.xtec.cat\/ceip-santperesantpau\/wp-content\/uploads\/usu188\/2022\/05\/digital-2.jpg 474w, https:\/\/agora.xtec.cat\/ceip-santperesantpau\/wp-content\/uploads\/usu188\/2022\/05\/digital-2-300x142.jpg 300w\" sizes=\"auto, (max-width: 474px) 100vw, 474px\" \/><\/a><\/p>\n<p>El document de Cultura Digital fa refer\u00e8ncia al tracte que li dona el centre a l&#8217;\u00e0mbit de les tecnologies digitals. En aquest document es parlar\u00e0 de:<\/p>\n<ul>\n<li><strong>Desplegament curricular de la compet\u00e8ncia digital de l\u2019alumnat: <\/strong>L\u2019assoliment de la compet\u00e8ncia digital de l\u2019alumnat \u00e9s un dels objectius principals de l\u2019Estrat\u00e8gia Digital de Centre. Aquest assoliment s\u2019ha d\u2019aconseguir de forma transversal amb la implicaci\u00f3 de totes les mat\u00e8ries o \u00e0mbits. Per aquesta ra\u00f3, cal que el centre planifiqui el seu desplegament i la seva avaluaci\u00f3 en els diferents nivells i cursos.<\/li>\n<li><strong>Descripci\u00f3 dels serveis digitals que s\u2019ofereixen a alumnes, professorat i fam\u00edlies, i procediments de gesti\u00f3:<\/strong> Serveis digitals propis del centre \/ Serveis digitals externs al centre \/ Procediment d\u2019alta d\u2019usuaris (alumnat, professorat i fam\u00edlia) \/ Acords d\u2019\u00fas de la plataforma EVA \/ Organitzaci\u00f3 de la documentaci\u00f3 digital del centre \/ Gesti\u00f3 de les aules inform\u00e0tiques, dels carros d\u2019ordinadors, etc.<\/li>\n<li><strong>Acolliment digital dels alumnes, docents i fam\u00edlies de nova incorporaci\u00f3:<\/strong> Planificaci\u00f3 de la incorporaci\u00f3 de nou alumnat al centre en temes digitals: usuaris, serveis que poden utilitzar, formaci\u00f3 inicial, normativa d\u2019\u00fas, etc. \/ Planificaci\u00f3 de la incorporaci\u00f3 de nous docents en temes digitals: usuaris, serveis que pot utilitzar, disponibilitat d\u2019ordinadors, formaci\u00f3 metodol\u00f2gica, etc. \/ Planificaci\u00f3 de la incorporaci\u00f3 de les fam\u00edlies en q\u00fcestions digitals: usuaris, serveis que es pot fer servir, formaci\u00f3 inicial, etc.<\/li>\n<li><strong>Comunicacions amb la comunitat educativa:<\/strong>\u00a0Disseny de la comunicaci\u00f3 digital fam\u00edlies-centre (tutors, professorat, direcci\u00f3\u2026),\u00a0 alumnat-professorat i entre el mateix professorat.<\/li>\n<li><strong>Portals web i xarxes socials:<\/strong>\u00a0Organitzaci\u00f3 del manteniment de la informaci\u00f3 dels portals i de les xarxes socials del centre.<\/li>\n<li><strong>Acords o protocols de centre referents a l\u2019Estrat\u00e8gia Digital de Centre:<\/strong> Altres procediments o acords que el centre hagi definit respecte a l\u2019Estrat\u00e8gia Digital: \u00fas de m\u00f2bils al centre, \u00fas de l\u2019EVA, revisi\u00f3 i utilitzaci\u00f3 d\u2019aplicacions al n\u00favol, etc.<\/li>\n<\/ul>\n","protected":false},"excerpt":{"rendered":"<p>&nbsp; El document de Cultura Digital fa refer\u00e8ncia al tracte que li dona el centre a l&#8217;\u00e0mbit de les tecnologies digitals. En aquest document es parlar\u00e0 de: Desplegament curricular de la compet\u00e8ncia digital de l\u2019alumnat: L\u2019assoliment de la compet\u00e8ncia digital de l\u2019alumnat \u00e9s un dels objectius principals de l\u2019Estrat\u00e8gia Digital de Centre. Aquest assoliment s\u2019ha [&hellip;]<\/p>\n","protected":false},"author":1,"featured_media":0,"parent":0,"menu_order":0,"comment_status":"closed","ping_status":"closed","template":"","meta":{"_bbp_topic_count":0,"_bbp_reply_count":0,"_bbp_total_topic_count":0,"_bbp_total_reply_count":0,"_bbp_voice_count":0,"_bbp_anonymous_reply_count":0,"_bbp_topic_count_hidden":0,"_bbp_reply_count_hidden":0,"_bbp_forum_subforum_count":0,"site-sidebar-layout":"default","site-content-layout":"","ast-site-content-layout":"","site-content-style":"default","site-sidebar-style":"default","ast-global-header-display":"","ast-banner-title-visibility":"","ast-main-header-display":"","ast-hfb-above-header-display":"","ast-hfb-below-header-display":"","ast-hfb-mobile-header-display":"","site-post-title":"","ast-breadcrumbs-content":"","ast-featured-img":"","footer-sml-layout":"","theme-transparent-header-meta":"","adv-header-id-meta":"","stick-header-meta":"","header-above-stick-meta":"","header-main-stick-meta":"","header-below-stick-meta":"","astra-migrate-meta-layouts":"default","ast-page-background-enabled":"default","ast-page-background-meta":{"desktop":{"background-color":"var(--ast-global-color-4)","background-image":"","background-repeat":"repeat","background-position":"center center","background-size":"auto","background-attachment":"scroll","background-type":"","background-media":"","overlay-type":"","overlay-color":"","overlay-opacity":"","overlay-gradient":""},"tablet":{"background-color":"","background-image":"","background-repeat":"repeat","background-position":"center center","background-size":"auto","background-attachment":"scroll","background-type":"","background-media":"","overlay-type":"","overlay-color":"","overlay-opacity":"","overlay-gradient":""},"mobile":{"background-color":"","background-image":"","background-repeat":"repeat","background-position":"center center","background-size":"auto","background-attachment":"scroll","background-type":"","background-media":"","overlay-type":"","overlay-color":"","overlay-opacity":"","overlay-gradient":""}},"ast-content-background-meta":{"desktop":{"background-color":"var(--ast-global-color-5)","background-image":"","background-repeat":"repeat","background-position":"center center","background-size":"auto","background-attachment":"scroll","background-type":"","background-media":"","overlay-type":"","overlay-color":"","overlay-opacity":"","overlay-gradient":""},"tablet":{"background-color":"var(--ast-global-color-5)","background-image":"","background-repeat":"repeat","background-position":"center center","background-size":"auto","background-attachment":"scroll","background-type":"","background-media":"","overlay-type":"","overlay-color":"","overlay-opacity":"","overlay-gradient":""},"mobile":{"background-color":"var(--ast-global-color-5)","background-image":"","background-repeat":"repeat","background-position":"center center","background-size":"auto","background-attachment":"scroll","background-type":"","background-media":"","overlay-type":"","overlay-color":"","overlay-opacity":"","overlay-gradient":""}},"footnotes":""},"class_list":["post-8056","page","type-page","status-publish","hentry"],"post_mailing_queue_ids":[],"_links":{"self":[{"href":"https:\/\/agora.xtec.cat\/ceip-santperesantpau\/wp-json\/wp\/v2\/pages\/8056","targetHints":{"allow":["GET"]}}],"collection":[{"href":"https:\/\/agora.xtec.cat\/ceip-santperesantpau\/wp-json\/wp\/v2\/pages"}],"about":[{"href":"https:\/\/agora.xtec.cat\/ceip-santperesantpau\/wp-json\/wp\/v2\/types\/page"}],"author":[{"embeddable":true,"href":"https:\/\/agora.xtec.cat\/ceip-santperesantpau\/wp-json\/wp\/v2\/users\/1"}],"replies":[{"embeddable":true,"href":"https:\/\/agora.xtec.cat\/ceip-santperesantpau\/wp-json\/wp\/v2\/comments?post=8056"}],"version-history":[{"count":4,"href":"https:\/\/agora.xtec.cat\/ceip-santperesantpau\/wp-json\/wp\/v2\/pages\/8056\/revisions"}],"predecessor-version":[{"id":8440,"href":"https:\/\/agora.xtec.cat\/ceip-santperesantpau\/wp-json\/wp\/v2\/pages\/8056\/revisions\/8440"}],"wp:attachment":[{"href":"https:\/\/agora.xtec.cat\/ceip-santperesantpau\/wp-json\/wp\/v2\/media?parent=8056"}],"curies":[{"name":"wp","href":"https:\/\/api.w.org\/{rel}","templated":true}]}}