{"id":30464,"date":"2022-05-12T14:06:17","date_gmt":"2022-05-12T12:06:17","guid":{"rendered":"https:\/\/agora.xtec.cat\/ceip-santjordi-lleida\/?page_id=30464"},"modified":"2022-06-23T09:30:36","modified_gmt":"2022-06-23T07:30:36","slug":"comunicacio","status":"publish","type":"page","link":"https:\/\/agora.xtec.cat\/ceip-santjordi-lleida\/estrategia-digital-de-centre\/cultura-digital\/comunicacio\/","title":{"rendered":"Comunicaci\u00f3"},"content":{"rendered":"<p>Les eines digitals de comunicaci\u00f3 que emprem a l&#8217;escola s\u00f3n:<\/p>\n<table style=\"border-collapse: collapse; width: 100%;\">\n<tbody>\n<tr>\n<td style=\"width: 50%;\"><a href=\"https:\/\/agora.xtec.cat\/ceip-santjordi-lleida\/\"><strong>El nostre nodes<\/strong><\/a><\/p>\n<p>\u00c9s la nostra finestra, a trav\u00e9s de la qual mostrem tota la informaci\u00f3 de l&#8217;escola a la comunitat educativa. Al nodes trobareu tota la informaci\u00f3 administrativa (per\u00edodes de preinscripci\u00f3 i matriculaci\u00f3, documents de centre&#8230;), de funcionament (dades de contacte, serveis&#8230;)\u00a0 i acad\u00e8mica de la nostra escola (criteris d&#8217;avaluaci\u00f3, projectes que desenvolupa l&#8217;escola, activitats educatives, sortides extraescolars&#8230;)<\/td>\n<td style=\"width: 50%;\"><a href=\"https:\/\/agora.xtec.cat\/ceip-santjordi-lleida\/wp-content\/uploads\/usu1393\/2022\/06\/nodes-Sant-Jordi.png\" target=\"_blank\" rel=\"noopener\"><img loading=\"lazy\" decoding=\"async\" class=\"aligncenter wp-image-30580 size-large\" src=\"https:\/\/agora.xtec.cat\/ceip-santjordi-lleida\/wp-content\/uploads\/usu1393\/2022\/06\/nodes-Sant-Jordi-1024x426.png\" alt=\"\" width=\"1024\" height=\"426\" srcset=\"https:\/\/agora.xtec.cat\/ceip-santjordi-lleida\/wp-content\/uploads\/usu1393\/2022\/06\/nodes-Sant-Jordi-1024x426.png 1024w, https:\/\/agora.xtec.cat\/ceip-santjordi-lleida\/wp-content\/uploads\/usu1393\/2022\/06\/nodes-Sant-Jordi-300x125.png 300w, https:\/\/agora.xtec.cat\/ceip-santjordi-lleida\/wp-content\/uploads\/usu1393\/2022\/06\/nodes-Sant-Jordi-768x319.png 768w, https:\/\/agora.xtec.cat\/ceip-santjordi-lleida\/wp-content\/uploads\/usu1393\/2022\/06\/nodes-Sant-Jordi.png 1323w\" sizes=\"auto, (max-width: 1024px) 100vw, 1024px\" \/><\/a><\/td>\n<\/tr>\n<tr>\n<td style=\"width: 50%;\"><a href=\"c5006276@xtec.cat\">El correu electr\u00f2nic<\/a><\/p>\n<p>\u00c9s l&#8217;eina b\u00e0sica de comunicaci\u00f3 entre l&#8217;escola i les fam\u00edlies.<\/td>\n<td style=\"width: 50%;\"><a href=\"c5006276@xtec.cat\" target=\"_blank\" rel=\"noopener\"><img loading=\"lazy\" decoding=\"async\" class=\"aligncenter wp-image-30566 size-medium\" src=\"https:\/\/agora.xtec.cat\/ceip-santjordi-lleida\/wp-content\/uploads\/usu1393\/2022\/06\/Gmail2020.logo_-300x81.png\" alt=\"\" width=\"300\" height=\"81\" srcset=\"https:\/\/agora.xtec.cat\/ceip-santjordi-lleida\/wp-content\/uploads\/usu1393\/2022\/06\/Gmail2020.logo_-300x81.png 300w, https:\/\/agora.xtec.cat\/ceip-santjordi-lleida\/wp-content\/uploads\/usu1393\/2022\/06\/Gmail2020.logo_-768x209.png 768w, https:\/\/agora.xtec.cat\/ceip-santjordi-lleida\/wp-content\/uploads\/usu1393\/2022\/06\/Gmail2020.logo_.png 880w\" sizes=\"auto, (max-width: 300px) 100vw, 300px\" \/><\/a><\/td>\n<\/tr>\n<\/tbody>\n<\/table>\n","protected":false},"excerpt":{"rendered":"<p>Les eines digitals de comunicaci\u00f3 que emprem a l&#8217;escola s\u00f3n:<\/p>\n<p><a href=\"https:\/\/agora.xtec.cat\/ceip-santjordi-lleida\/\">El nostre nodes<\/a><br \/>\n\u00c9s la nostra finestra, a trav\u00e9s de la qual mostrem tota la informaci\u00f3 de l&#8217;escola a la comunitat educativa. Al nodes trobareu tota la informaci\u00f3 administrativa (per\u00edodes de preinscripci\u00f3 i matriculaci\u00f3, documents de&hellip;  <a href=\"https:\/\/agora.xtec.cat\/ceip-santjordi-lleida\/estrategia-digital-de-centre\/cultura-digital\/comunicacio\/\" title=\"Read Comunicaci\u00f3\">Llegeix m\u00e9s\u00bb<\/a><\/p>\n","protected":false},"author":5,"featured_media":0,"parent":30443,"menu_order":0,"comment_status":"closed","ping_status":"closed","template":"","meta":{"_bbp_topic_count":0,"_bbp_reply_count":0,"_bbp_total_topic_count":0,"_bbp_total_reply_count":0,"_bbp_voice_count":0,"_bbp_anonymous_reply_count":0,"_bbp_topic_count_hidden":0,"_bbp_reply_count_hidden":0,"_bbp_forum_subforum_count":0,"footnotes":""},"class_list":["post-30464","page","type-page","status-publish","hentry"],"post_mailing_queue_ids":[],"_links":{"self":[{"href":"https:\/\/agora.xtec.cat\/ceip-santjordi-lleida\/wp-json\/wp\/v2\/pages\/30464","targetHints":{"allow":["GET"]}}],"collection":[{"href":"https:\/\/agora.xtec.cat\/ceip-santjordi-lleida\/wp-json\/wp\/v2\/pages"}],"about":[{"href":"https:\/\/agora.xtec.cat\/ceip-santjordi-lleida\/wp-json\/wp\/v2\/types\/page"}],"author":[{"embeddable":true,"href":"https:\/\/agora.xtec.cat\/ceip-santjordi-lleida\/wp-json\/wp\/v2\/users\/5"}],"replies":[{"embeddable":true,"href":"https:\/\/agora.xtec.cat\/ceip-santjordi-lleida\/wp-json\/wp\/v2\/comments?post=30464"}],"version-history":[{"count":3,"href":"https:\/\/agora.xtec.cat\/ceip-santjordi-lleida\/wp-json\/wp\/v2\/pages\/30464\/revisions"}],"predecessor-version":[{"id":30615,"href":"https:\/\/agora.xtec.cat\/ceip-santjordi-lleida\/wp-json\/wp\/v2\/pages\/30464\/revisions\/30615"}],"up":[{"embeddable":true,"href":"https:\/\/agora.xtec.cat\/ceip-santjordi-lleida\/wp-json\/wp\/v2\/pages\/30443"}],"wp:attachment":[{"href":"https:\/\/agora.xtec.cat\/ceip-santjordi-lleida\/wp-json\/wp\/v2\/media?parent=30464"}],"curies":[{"name":"wp","href":"https:\/\/api.w.org\/{rel}","templated":true}]}}