{"id":711,"date":"2020-03-12T10:43:48","date_gmt":"2020-03-12T09:43:48","guid":{"rendered":"http:\/\/agora.xtec.cat\/ceip-santacreu-anglesola\/?page_id=711"},"modified":"2023-11-29T13:55:30","modified_gmt":"2023-11-29T12:55:30","slug":"1r","status":"publish","type":"page","link":"https:\/\/agora.xtec.cat\/ceip-santacreu-anglesola\/1r\/","title":{"rendered":"1r"},"content":{"rendered":"<h1>1R TRIMESTRE<\/h1>\n<p>MEDI &#8220;EL COS HUM\u00c0&#8221;:<\/p>\n<p><iframe loading=\"lazy\" title=\"Els ossos per a nens | El sistema ossi | El cos hum\u00e0 per a nens en catal\u00e0\" width=\"500\" height=\"281\" src=\"https:\/\/www.youtube.com\/embed\/HOaR4wuTE6c?feature=oembed\" frameborder=\"0\" allow=\"accelerometer; autoplay; clipboard-write; encrypted-media; gyroscope; picture-in-picture; web-share\" referrerpolicy=\"strict-origin-when-cross-origin\" allowfullscreen><\/iframe><\/p>\n<p><iframe loading=\"lazy\" title=\"CAN\u00c7\u00d3 DE L&#039;ESQUELET\" width=\"500\" height=\"281\" src=\"https:\/\/www.youtube.com\/embed\/aMutRoqhJk0?feature=oembed\" frameborder=\"0\" allow=\"accelerometer; autoplay; clipboard-write; encrypted-media; gyroscope; picture-in-picture; web-share\" referrerpolicy=\"strict-origin-when-cross-origin\" allowfullscreen><\/iframe><\/p>\n<p><iframe loading=\"lazy\" title=\"Els M\u00daSCULS per a nens | El sistema muscular | El cos hum\u00e0 per a nens en catal\u00e0\" width=\"500\" height=\"281\" src=\"https:\/\/www.youtube.com\/embed\/ahMguDbCtAQ?feature=oembed\" frameborder=\"0\" allow=\"accelerometer; autoplay; clipboard-write; encrypted-media; gyroscope; picture-in-picture; web-share\" referrerpolicy=\"strict-origin-when-cross-origin\" allowfullscreen><\/iframe><\/p>\n<p><iframe loading=\"lazy\" title=\"El sistema locomotor | El cuerpo humano para ni\u00f1os | El sistema \u00f3seo y muscular\" width=\"500\" height=\"281\" src=\"https:\/\/www.youtube.com\/embed\/zBj34cis3SU?feature=oembed\" frameborder=\"0\" allow=\"accelerometer; autoplay; clipboard-write; encrypted-media; gyroscope; picture-in-picture; web-share\" referrerpolicy=\"strict-origin-when-cross-origin\" allowfullscreen><\/iframe><\/p>\n<p><iframe loading=\"lazy\" title=\"Els cinc sentits per a nens en catal\u00e0 - Educaci\u00f3 infantil\" width=\"500\" height=\"281\" src=\"https:\/\/www.youtube.com\/embed\/BYHGuVGqAIk?feature=oembed\" frameborder=\"0\" allow=\"accelerometer; autoplay; clipboard-write; encrypted-media; gyroscope; picture-in-picture; web-share\" referrerpolicy=\"strict-origin-when-cross-origin\" allowfullscreen><\/iframe><\/p>\n<p><iframe loading=\"lazy\" title=\"Els 5 sentits.\" width=\"500\" height=\"375\" src=\"https:\/\/www.youtube.com\/embed\/zCrKTEukeRc?feature=oembed\" frameborder=\"0\" allow=\"accelerometer; autoplay; clipboard-write; encrypted-media; gyroscope; picture-in-picture; web-share\" referrerpolicy=\"strict-origin-when-cross-origin\" allowfullscreen><\/iframe><\/p>\n<p><iframe loading=\"lazy\" title=\"L&#039;o\u00efda i les seves parts per a nens en catal\u00e0 - Els \u00f2rgans dels sentits\" width=\"500\" height=\"281\" src=\"https:\/\/www.youtube.com\/embed\/ZMLO16eRjFE?feature=oembed\" frameborder=\"0\" allow=\"accelerometer; autoplay; clipboard-write; encrypted-media; gyroscope; picture-in-picture; web-share\" referrerpolicy=\"strict-origin-when-cross-origin\" allowfullscreen><\/iframe><\/p>\n<p><iframe loading=\"lazy\" title=\"L&#039;ull i les seves parts - La vista - Els sentits per a nens en catal\u00e0\" width=\"500\" height=\"281\" src=\"https:\/\/www.youtube.com\/embed\/Snn1p9iZJRE?feature=oembed\" frameborder=\"0\" allow=\"accelerometer; autoplay; clipboard-write; encrypted-media; gyroscope; picture-in-picture; web-share\" referrerpolicy=\"strict-origin-when-cross-origin\" allowfullscreen><\/iframe><\/p>\n<p><iframe loading=\"lazy\" title=\"Com funciona el sentit de l&#039;olfacte? - Els sentits per a nens en catal\u00e0\" width=\"500\" height=\"281\" src=\"https:\/\/www.youtube.com\/embed\/L4cRNodD170?feature=oembed\" frameborder=\"0\" allow=\"accelerometer; autoplay; clipboard-write; encrypted-media; gyroscope; picture-in-picture; web-share\" referrerpolicy=\"strict-origin-when-cross-origin\" allowfullscreen><\/iframe><\/p>\n<p><iframe loading=\"lazy\" title=\"El sentit del gust - Com funciona? - Els sentits per a nens en catal\u00e0\" width=\"500\" height=\"281\" src=\"https:\/\/www.youtube.com\/embed\/cVLSGazsbDM?feature=oembed\" frameborder=\"0\" allow=\"accelerometer; autoplay; clipboard-write; encrypted-media; gyroscope; picture-in-picture; web-share\" referrerpolicy=\"strict-origin-when-cross-origin\" allowfullscreen><\/iframe><\/p>\n<p><iframe loading=\"lazy\" title=\"El sentido del tacto - Los sentidos para ni\u00f1os\" width=\"500\" height=\"281\" src=\"https:\/\/www.youtube.com\/embed\/Hl3r0LG2t3c?feature=oembed\" frameborder=\"0\" allow=\"accelerometer; autoplay; clipboard-write; encrypted-media; gyroscope; picture-in-picture; web-share\" referrerpolicy=\"strict-origin-when-cross-origin\" allowfullscreen><\/iframe><\/p>\n<p>RUTINES EN CATAL\u00c0:<\/p>\n<p><iframe loading=\"lazy\" title=\"Hola Hola Com est\u00e0s? BON DIA!  (VideoClip Oficial) Can\u00e7\u00f3 infantil (Versi\u00f3 llarga)\" width=\"500\" height=\"281\" src=\"https:\/\/www.youtube.com\/embed\/Eb4_MmcEues?feature=oembed\" frameborder=\"0\" allow=\"accelerometer; autoplay; clipboard-write; encrypted-media; gyroscope; picture-in-picture; web-share\" referrerpolicy=\"strict-origin-when-cross-origin\" allowfullscreen><\/iframe><\/p>\n<p><iframe loading=\"lazy\" title=\"\ud83c\udf19Els Atrapasomnis - \ud83c\udf1eBON DIA!!! (Videoclip oficial)\" width=\"500\" height=\"281\" src=\"https:\/\/www.youtube.com\/embed\/L6b7COYuVEU?feature=oembed\" frameborder=\"0\" allow=\"accelerometer; autoplay; clipboard-write; encrypted-media; gyroscope; picture-in-picture; web-share\" referrerpolicy=\"strict-origin-when-cross-origin\" allowfullscreen><\/iframe><\/p>\n<p><iframe loading=\"lazy\" title=\"Els Atrapasomnis - ELS DIES DE LA SETMANA (videoclip oficial)\" width=\"500\" height=\"281\" src=\"https:\/\/www.youtube.com\/embed\/zfJQBDGV-SM?feature=oembed\" frameborder=\"0\" allow=\"accelerometer; autoplay; clipboard-write; encrypted-media; gyroscope; picture-in-picture; web-share\" referrerpolicy=\"strict-origin-when-cross-origin\" allowfullscreen><\/iframe><\/p>\n<p><iframe loading=\"lazy\" title=\"PELINA- Els dies de la setmana (can\u00e7\u00f3 infantil )\" width=\"500\" height=\"281\" src=\"https:\/\/www.youtube.com\/embed\/Zg2dVR3-d0w?feature=oembed\" frameborder=\"0\" allow=\"accelerometer; autoplay; clipboard-write; encrypted-media; gyroscope; picture-in-picture; web-share\" referrerpolicy=\"strict-origin-when-cross-origin\" allowfullscreen><\/iframe><\/p>\n<p><iframe loading=\"lazy\" title=\"Pelina \ud83c\udfa4 Els mesos de l&#039;any - Can\u00e7\u00f3 infantil per a aprendre els mesos\" width=\"500\" height=\"281\" src=\"https:\/\/www.youtube.com\/embed\/SqZebpzJDKE?feature=oembed\" frameborder=\"0\" allow=\"accelerometer; autoplay; clipboard-write; encrypted-media; gyroscope; picture-in-picture; web-share\" referrerpolicy=\"strict-origin-when-cross-origin\" allowfullscreen><\/iframe><\/p>\n<p><iframe loading=\"lazy\" title=\"Els mesos de l&#039;any | Els Melicot\u00f3\" width=\"500\" height=\"281\" src=\"https:\/\/www.youtube.com\/embed\/gglETdwHdkw?feature=oembed\" frameborder=\"0\" allow=\"accelerometer; autoplay; clipboard-write; encrypted-media; gyroscope; picture-in-picture; web-share\" referrerpolicy=\"strict-origin-when-cross-origin\" allowfullscreen><\/iframe><\/p>\n<p>RUTINAS EN CASTELLANO:<\/p>\n<p><iframe loading=\"lazy\" title=\"Cancion de buenos dias\" width=\"500\" height=\"375\" src=\"https:\/\/www.youtube.com\/embed\/xkSob4DrQm0?feature=oembed\" frameborder=\"0\" allow=\"accelerometer; autoplay; clipboard-write; encrypted-media; gyroscope; picture-in-picture; web-share\" referrerpolicy=\"strict-origin-when-cross-origin\" allowfullscreen><\/iframe><\/p>\n<p><iframe loading=\"lazy\" title=\"Canci\u00f3n los dias de la semana\" width=\"500\" height=\"375\" src=\"https:\/\/www.youtube.com\/embed\/v7mm8MC1MgY?feature=oembed\" frameborder=\"0\" allow=\"accelerometer; autoplay; clipboard-write; encrypted-media; gyroscope; picture-in-picture; web-share\" referrerpolicy=\"strict-origin-when-cross-origin\" allowfullscreen><\/iframe><\/p>\n<p><iframe loading=\"lazy\" title=\"Siete D\u00edas | Los d\u00edas de la Semana | Aprender Palabras | Pinkfong Canciones Infantiles\" width=\"500\" height=\"281\" src=\"https:\/\/www.youtube.com\/embed\/NOf6i8LBFDk?feature=oembed\" frameborder=\"0\" allow=\"accelerometer; autoplay; clipboard-write; encrypted-media; gyroscope; picture-in-picture; web-share\" referrerpolicy=\"strict-origin-when-cross-origin\" allowfullscreen><\/iframe><\/p>\n<p><iframe loading=\"lazy\" title=\"CANCI\u00d3N LOS MESES DEL A\u00d1O. CON PICTOGRAMAS\" width=\"500\" height=\"281\" src=\"https:\/\/www.youtube.com\/embed\/S2gJndFQJ-c?feature=oembed\" frameborder=\"0\" allow=\"accelerometer; autoplay; clipboard-write; encrypted-media; gyroscope; picture-in-picture; web-share\" referrerpolicy=\"strict-origin-when-cross-origin\" allowfullscreen><\/iframe><\/p>\n<p><span style=\"color: #0000ff;\">TASCA\u00a0\u00a0\u00a0 21- 4 &#8211; 2021<\/span><\/p>\n<h3>Ves a l\u2019enlla\u00e7 i practica la can\u00e7\u00f3 de Sant Jordi pel divendres.<\/h3>\n<h3><a href=\"https:\/\/www.youtube.com\/watch?v=wbmyo_faQvc\" target=\"_blank\" rel=\"noopener noreferrer\">https:\/\/www.youtube.com\/watch?v=wbmyo_faQvc<\/a><\/h3>\n<h3>La lletra de la can\u00e7\u00f3 la tens a la carpeta.<\/h3>\n<h2>_________________________________<\/h2>\n<h2><span style=\"color: #00ff00;\">Tasca\u00a0 3 \u2013 3 \u2013 2021<\/span><\/h2>\n<h2>Mira aquest conte i \u00a0escriu les respostes al\u00a0 correu de la tutora.<\/h2>\n<ul>\n<li>\n<h2>Quin problema hi havia en el planeta del gos lila?<\/h2>\n<\/li>\n<li>\n<h2>Qu\u00e8 li encantaria fer a la dona bonica despr\u00e9s de \u00a0resoldre el problema?<\/h2>\n<\/li>\n<\/ul>\n<p><a href=\"https:\/\/www.ccma.cat\/tv3\/super3\/una-ma-de-contes\/la-dona-bonica-i-el-gos-lila\/video\/5481755\/\" target=\"_blank\" rel=\"noopener noreferrer\">https:\/\/www.ccma.cat\/tv3\/super3\/una-ma-de-contes\/la-dona-bonica-i-el-gos-lila\/video\/5481755\/<\/a><\/p>\n<h2>_________________________________<\/h2>\n<h2><span style=\"color: #800080;\">TASCA\u00a0 24- 2- 2021<\/span><\/h2>\n<h2>Llegeix i contesta les preguntes de la fitxa.<\/h2>\n<h2>Si no pots imprimir la fitxa, contesta les preguntes en un full a part.<\/h2>\n<p><a href=\"https:\/\/agora.xtec.cat\/ceip-santacreu-anglesola\/wp-content\/uploads\/usu483\/2021\/02\/Ficha-comprensi\u00f3n-2.pdf\" target=\"_blank\" rel=\"noopener noreferrer\">Ficha comprensi\u00f3n 2<\/a><\/p>\n<hr \/>\n<h2><span style=\"color: #0000ff;\">TASCA\u00a0 27- 1- 2021<\/span><\/h2>\n<h2>Mira aquest v\u00eddeo que explica els nombres parells i els nombres senars.<\/h2>\n<p><a href=\"https:\/\/www.youtube.com\/watch?v=usRElFkZQr8&amp;feature=youtu.be\" target=\"_blank\" rel=\"noopener noreferrer\">https:\/\/www.youtube.com\/watch?v=usRElFkZQr8&amp;feature=youtu.be<\/a><\/p>\n<p>&nbsp;<\/p>\n<h2>\u00a0Compta de 2 en 2 en aquesta activitat.<\/h2>\n<p><a href=\"https:\/\/es.ixl.com\/math\/1-primaria\/contar-de-dos-en-dos\" target=\"_blank\" rel=\"noopener noreferrer\">https:\/\/es.ixl.com\/math\/1-primaria\/contar-de-dos-en-dos<\/a><\/p>\n<p>&nbsp;<\/p>\n<h2>________________________________________________<\/h2>\n<h2><strong><span style=\"color: #ff0000;\">TASQUES DE LES VACANCES DE NADAL<\/span> <\/strong><\/h2>\n<h3>JUGAR MOLT\u00a0 I\u00a0 DISFRUTAR DE LA FAM\u00cdLIA.<\/h3>\n<h3>LLEGIR I DIR MOLTES PARAULES DOLCES.<\/h3>\n<h3>ANAR A L\u2019APLICACI\u00d3 PLAY STORE DEL M\u00d2BIL O LA TABLET I ESCRIURE:<\/h3>\n<p>JOCS DE LECTURA <a href=\"https:\/\/agora.xtec.cat\/ceip-santacreu-anglesola\/wp-content\/uploads\/usu483\/2020\/12\/unnamed.png\"><img loading=\"lazy\" decoding=\"async\" class=\"alignnone wp-image-3526\" src=\"https:\/\/agora.xtec.cat\/ceip-santacreu-anglesola\/wp-content\/uploads\/usu483\/2020\/12\/unnamed.png\" alt=\"\" width=\"77\" height=\"77\" srcset=\"https:\/\/agora.xtec.cat\/ceip-santacreu-anglesola\/wp-content\/uploads\/usu483\/2020\/12\/unnamed.png 512w, https:\/\/agora.xtec.cat\/ceip-santacreu-anglesola\/wp-content\/uploads\/usu483\/2020\/12\/unnamed-150x150.png 150w, https:\/\/agora.xtec.cat\/ceip-santacreu-anglesola\/wp-content\/uploads\/usu483\/2020\/12\/unnamed-300x300.png 300w\" sizes=\"auto, (max-width: 77px) 100vw, 77px\" \/><\/a><\/p>\n<p>GAMEKIDS5 \u00a0\u00a0 <a href=\"https:\/\/agora.xtec.cat\/ceip-santacreu-anglesola\/wp-content\/uploads\/usu483\/2020\/12\/unnamed2.png\"><img loading=\"lazy\" decoding=\"async\" class=\"alignnone wp-image-3527\" src=\"https:\/\/agora.xtec.cat\/ceip-santacreu-anglesola\/wp-content\/uploads\/usu483\/2020\/12\/unnamed2.png\" alt=\"\" width=\"64\" height=\"64\" srcset=\"https:\/\/agora.xtec.cat\/ceip-santacreu-anglesola\/wp-content\/uploads\/usu483\/2020\/12\/unnamed2.png 512w, https:\/\/agora.xtec.cat\/ceip-santacreu-anglesola\/wp-content\/uploads\/usu483\/2020\/12\/unnamed2-150x150.png 150w, https:\/\/agora.xtec.cat\/ceip-santacreu-anglesola\/wp-content\/uploads\/usu483\/2020\/12\/unnamed2-300x300.png 300w\" sizes=\"auto, (max-width: 64px) 100vw, 64px\" \/><\/a><\/p>\n<h3>DESCARREGAR ELS JOCS DID\u00c0CTICS I JUGAR-HI.<\/h3>\n<h3><\/h3>\n<h3><span style=\"color: #800080;\">BONES VACANCES!!!!!!!<\/span><\/h3>\n<p>&nbsp;<\/p>\n<h1>__________________<\/h1>\n<h1><span style=\"color: #00ff00;\">TASCA\u00a0 16-12-2020<\/span><\/h1>\n<h2><\/h2>\n<h2><span style=\"color: #800080;\">SIMETRIES<\/span><\/h2>\n<h3><\/h3>\n<h3>CLIQUEU ALS ENLLA\u00c7OS I PODREU FER \u00a0MOLTES SIMETRIES.<\/h3>\n<p>&nbsp;<\/p>\n<p><a href=\"https:\/\/clic.xtec.cat\/projects\/simetria\/jclic.js\/index.html\">https:\/\/clic.xtec.cat\/projects\/simetria\/jclic.js\/index.html<\/a><\/p>\n<p>&nbsp;<\/p>\n<p><a href=\"https:\/\/www.topmarks.co.uk\/symmetry\/symmetry-matching\">https:\/\/www.topmarks.co.uk\/symmetry\/symmetry-matching<\/a><\/p>\n<p>&nbsp;<\/p>\n<p><a href=\"https:\/\/clic.xtec.cat\/projects\/tangram\/jclic.js\/index.html\">https:\/\/clic.xtec.cat\/projects\/tangram\/jclic.js\/index.html<\/a><\/p>\n<p>&nbsp;<\/p>\n<h1>_______________________________________<\/h1>\n<h1><span style=\"color: #ff0000;\">TASCA 14 \u2013 12 \u2013 2020<\/span><\/h1>\n<h2><\/h2>\n<h1><span style=\"color: #0000ff;\">DITA DEL MES DE DESEMBRE<\/span><\/h1>\n<p>&nbsp;<\/p>\n<h3>BUSCA A GOOGLE:\u00a0 &#8220;RODOLINS DE DESEMBRE&#8221; I CLICA A IMATGES.<\/h3>\n<h3>TRIA UN RODOL\u00cd DEL MES DE DESEMBRE I COPIA&#8217;L A LA FITXA QUE TENS A LA CARPETA.<\/h3>\n<h3>DESPR\u00c9S FES UN DIBUIX RELACIONAT AMB LA DITA I PINTA&#8217;L.<\/h3>\n<h1>_______________________________________<\/h1>\n<h1><span style=\"color: #800080;\">TASCA\u00a0 \u00a04 \u2013 12 \u2013 2020<\/span><\/h1>\n<p>&nbsp;<\/p>\n<h2><span style=\"color: #008000;\"><strong style=\"font-size: 2.3125em;\">\ud83e\udd14 <\/strong><strong>PEUS I PAMS\u00a0 \u00a0 \u00a0 \u00a0 <\/strong><\/span><\/h2>\n<p>&nbsp;<\/p>\n<h3>RESSEGUIU EL CONTORN DEL VOSTRE PEU I DE LA VOSTRA MA, BEN OBERTA, EN LES CARTOLINES QUE TENIU A LA CARPETA.<\/h3>\n<h3>RETALLEU LES SILUETES I SOBREPOSEU-LES PER COMPARAR-LES.<\/h3>\n<h3>QU\u00c8 \u00c9S M\u00c9S LLARG UN PEU O UN PAM?<\/h3>\n<h3><\/h3>\n<h3>Envieu la resposta al correu de la tutora i porteu les siluetes retallades a l\u2019escola el dia 9 de Desembre.<\/h3>\n<p>&nbsp;<\/p>\n<h4><span style=\"color: #0000ff;\">BON CAP DE SETMANA<\/span><\/h4>\n<p>&nbsp;<\/p>\n<h1>_______________________________________<\/h1>\n<h1><span style=\"color: #ff6600;\">TASCA\u00a0 \u00a025 \u2013 11 \u2013 2020<\/span><\/h1>\n<p>&nbsp;<\/p>\n<h4>MIREU AQUEST V\u00cdDEO I CONTESTEU UNA PREGUNTA.<\/h4>\n<h4><\/h4>\n<h4>EN QU\u00c8 ES VAN CONVERTIR EL N\u00daMERO 1 I EL N\u00daMERO 0 QUAN ES VAN CASAR?<\/h4>\n<h4><\/h4>\n<h4>DESPR\u00c9S ENVIEU LA RESPOSTA AL CORREU DE LA TUTORA.<\/h4>\n<p>&nbsp;<\/p>\n<p><iframe loading=\"lazy\" title=\"Conte matem\u00e0tic. L&#039;U que volia ser un DOS\" width=\"500\" height=\"281\" src=\"https:\/\/www.youtube.com\/embed\/ayHOb3dYyEg?feature=oembed\" frameborder=\"0\" allow=\"accelerometer; autoplay; clipboard-write; encrypted-media; gyroscope; picture-in-picture; web-share\" referrerpolicy=\"strict-origin-when-cross-origin\" allowfullscreen><\/iframe><\/p>\n<p>&nbsp;<\/p>\n<h1><span style=\"color: #0000ff;\">TASCA\u00a0 \u00a018 &#8211; 11 &#8211; 2020<\/span><\/h1>\n<p>&nbsp;<\/p>\n<h4>HOLA NENS I NENES DE PRIMER.<\/h4>\n<h4>LLEGIU\u00a0 L\u2019ENDEVINALLA I ENVIEU LA\u00a0 RESPOSTA AL CORREU ELECTR\u00d2NIC DE PRIMER.<\/h4>\n<p>&nbsp;<\/p>\n<h3><span style=\"color: #ff0000;\"><u>ENDEVINALLA<\/u><\/span><\/h3>\n<p>&nbsp;<\/p>\n<h4>FAIG KI-KI-RI-KI<\/h4>\n<h4>PORTO BARRETINA<\/h4>\n<h4>I CANTO CARA AL VENT<\/h4>\n<h4>PER DESPERTAR EL DIA<\/h4>\n<p>&nbsp;<\/p>\n<h1>QUI SOC?\u00a0 \ud83d\ude44<\/h1>\n<h1>________________________________________<\/h1>\n<h1><\/h1>\n<h1><span style=\"color: #3366ff;\">LA CASTANYADA<\/span><\/h1>\n<p><span style=\"color: #993366;\"><a style=\"color: #993366;\" href=\"https:\/\/youtu.be\/2cEQwfWi_R4\">LA CASTANYERA<\/a><\/span><\/p>\n<p><span style=\"color: #000000;\">L<a style=\"color: #000000;\" href=\"https:\/\/www.youtube.com\/watch?v=-pgXeCFH6Rw\">A RUMBA DE LES CASTANYES<\/a><\/span><\/p>\n<p><span style=\"color: #339966;\"><a style=\"color: #339966;\" href=\"https:\/\/www.youtube.com\/watch?v=eUPJj1MWNf4\">LA CASTANYERA ROQUERA<\/a><\/span><\/p>\n<p><span style=\"color: #ff9900;\"><a style=\"color: #ff9900;\" href=\"https:\/\/youtu.be\/uhz6jP_lPyw\">MARRAMEU<\/a><\/span><\/p>\n<p>&nbsp;<\/p>\n<h5><\/h5>\n<p>&nbsp;<\/p>\n<p>&nbsp;<\/p>\n","protected":false},"excerpt":{"rendered":"<p>1R TRIMESTRE<br \/>\nMEDI &#8220;EL COS HUM\u00c0&#8221;:<\/p>\n<p>RUTINES EN CATAL\u00c0:<\/p>\n<p>RUTINAS EN CASTELLANO:<\/p>\n<p>TASCA\u00a0\u00a0\u00a0 21- 4 &#8211; 2021<br \/>\nVes a l\u2019enlla\u00e7 i practica la can\u00e7\u00f3 de Sant Jordi pel divendres.<br \/>\n<a href=\"https:\/\/www.youtube.com\/watch?v=wbmyo_faQvc\" target=\"_blank\" rel=\"noopener noreferrer\">https:\/\/www.youtube.com\/watch?v=wbmyo_faQvc<\/a><br \/>\nLa lletra de la can\u00e7\u00f3 la tens a la carpeta.<br \/>\n_________________________________<br \/>\nTasca\u00a0 3 \u2013 3 \u2013 2021<br \/>\nMira aquest conte i&hellip;  <a href=\"https:\/\/agora.xtec.cat\/ceip-santacreu-anglesola\/1r\/\" title=\"Read 1r\">Llegeix m\u00e9s\u00bb<\/a><\/p>\n","protected":false},"author":1,"featured_media":0,"parent":0,"menu_order":0,"comment_status":"closed","ping_status":"closed","template":"","meta":{"_bbp_topic_count":0,"_bbp_reply_count":0,"_bbp_total_topic_count":0,"_bbp_total_reply_count":0,"_bbp_voice_count":0,"_bbp_anonymous_reply_count":0,"_bbp_topic_count_hidden":0,"_bbp_reply_count_hidden":0,"_bbp_forum_subforum_count":0,"footnotes":""},"class_list":["post-711","page","type-page","status-publish","hentry"],"post_mailing_queue_ids":[],"_links":{"self":[{"href":"https:\/\/agora.xtec.cat\/ceip-santacreu-anglesola\/wp-json\/wp\/v2\/pages\/711","targetHints":{"allow":["GET"]}}],"collection":[{"href":"https:\/\/agora.xtec.cat\/ceip-santacreu-anglesola\/wp-json\/wp\/v2\/pages"}],"about":[{"href":"https:\/\/agora.xtec.cat\/ceip-santacreu-anglesola\/wp-json\/wp\/v2\/types\/page"}],"author":[{"embeddable":true,"href":"https:\/\/agora.xtec.cat\/ceip-santacreu-anglesola\/wp-json\/wp\/v2\/users\/1"}],"replies":[{"embeddable":true,"href":"https:\/\/agora.xtec.cat\/ceip-santacreu-anglesola\/wp-json\/wp\/v2\/comments?post=711"}],"version-history":[{"count":11,"href":"https:\/\/agora.xtec.cat\/ceip-santacreu-anglesola\/wp-json\/wp\/v2\/pages\/711\/revisions"}],"predecessor-version":[{"id":6459,"href":"https:\/\/agora.xtec.cat\/ceip-santacreu-anglesola\/wp-json\/wp\/v2\/pages\/711\/revisions\/6459"}],"wp:attachment":[{"href":"https:\/\/agora.xtec.cat\/ceip-santacreu-anglesola\/wp-json\/wp\/v2\/media?parent=711"}],"curies":[{"name":"wp","href":"https:\/\/api.w.org\/{rel}","templated":true}]}}