{"id":483,"date":"2020-01-11T23:08:04","date_gmt":"2020-01-11T22:08:04","guid":{"rendered":"http:\/\/agora.xtec.cat\/ceip-sant-domenec-la-rapita\/?page_id=483"},"modified":"2025-09-10T11:39:32","modified_gmt":"2025-09-10T09:39:32","slug":"equip-docent","status":"publish","type":"page","link":"https:\/\/agora.xtec.cat\/ceip-sant-domenec-la-rapita\/informacions\/equip-docent\/","title":{"rendered":"EQUIP DOCENT, PERSONAL D&#8217;ADMINISTRACI\u00d3 I SERVEIS"},"content":{"rendered":"\n<p><b>EQUIP DIRECTIU<br><\/b><b>Directora&nbsp;<\/b> Gemma Mata<br><b>Cap d&#8217;Estudis<\/b>&nbsp; Irena Coral<br><b>Secret\u00e0ria<\/b> Mireia Espasa<\/p>\n\n\n\n<hr class=\"wp-block-separator has-alpha-channel-opacity\"\/>\n\n\n\n<p>TUTORIES:<\/p>\n\n\n\n<div class=\"wp-block-columns is-layout-flex wp-container-core-columns-is-layout-1 wp-block-columns-is-layout-flex\">\n<div class=\"wp-block-column is-layout-flow wp-block-column-is-layout-flow\">\n<figure class=\"wp-block-image size-full\"><a href=\"https:\/\/agora.xtec.cat\/ceip-sant-domenec-la-rapita\/wp-content\/uploads\/usu686\/2025\/09\/IMG_5792-2.jpg\"><img loading=\"lazy\" decoding=\"async\" width=\"480\" height=\"640\" src=\"https:\/\/agora.xtec.cat\/ceip-sant-domenec-la-rapita\/wp-content\/uploads\/usu686\/2025\/09\/IMG_5792-2.jpg\" alt=\"\" class=\"wp-image-5029\" srcset=\"https:\/\/agora.xtec.cat\/ceip-sant-domenec-la-rapita\/wp-content\/uploads\/usu686\/2025\/09\/IMG_5792-2.jpg 480w, https:\/\/agora.xtec.cat\/ceip-sant-domenec-la-rapita\/wp-content\/uploads\/usu686\/2025\/09\/IMG_5792-2-225x300.jpg 225w\" sizes=\"auto, (max-width: 480px) 100vw, 480px\" \/><\/a><\/figure>\n\n\n\n<p class=\"has-text-align-center\"><strong>I3<\/strong>: IRENE GARCIA<\/p>\n\n\n\n<p><sub>irenegarcia@escolasantdomenec.cat<\/sub><\/p>\n<\/div>\n\n\n\n<div class=\"wp-block-column is-layout-flow wp-block-column-is-layout-flow\">\n<figure class=\"wp-block-image size-full\"><a href=\"https:\/\/agora.xtec.cat\/ceip-sant-domenec-la-rapita\/wp-content\/uploads\/usu686\/2025\/09\/IMG_5789-1.jpg\"><img loading=\"lazy\" decoding=\"async\" width=\"480\" height=\"640\" src=\"https:\/\/agora.xtec.cat\/ceip-sant-domenec-la-rapita\/wp-content\/uploads\/usu686\/2025\/09\/IMG_5789-1.jpg\" alt=\"\" class=\"wp-image-5027\" srcset=\"https:\/\/agora.xtec.cat\/ceip-sant-domenec-la-rapita\/wp-content\/uploads\/usu686\/2025\/09\/IMG_5789-1.jpg 480w, https:\/\/agora.xtec.cat\/ceip-sant-domenec-la-rapita\/wp-content\/uploads\/usu686\/2025\/09\/IMG_5789-1-225x300.jpg 225w\" sizes=\"auto, (max-width: 480px) 100vw, 480px\" \/><\/a><\/figure>\n\n\n\n<p class=\"has-text-align-center\"><strong>I4<\/strong>: SUSANA DEL VALLE<\/p>\n\n\n\n<p class=\"has-text-align-center\"><sup>susanadelvalle@escolasantdomenec.cat<\/sup><\/p>\n<\/div>\n\n\n\n<div class=\"wp-block-column is-layout-flow wp-block-column-is-layout-flow\">\n<figure class=\"wp-block-image size-full\"><a href=\"https:\/\/agora.xtec.cat\/ceip-sant-domenec-la-rapita\/wp-content\/uploads\/usu686\/2025\/09\/IMG_5803-1.jpg\"><img loading=\"lazy\" decoding=\"async\" width=\"480\" height=\"640\" src=\"https:\/\/agora.xtec.cat\/ceip-sant-domenec-la-rapita\/wp-content\/uploads\/usu686\/2025\/09\/IMG_5803-1.jpg\" alt=\"\" class=\"wp-image-5028\" srcset=\"https:\/\/agora.xtec.cat\/ceip-sant-domenec-la-rapita\/wp-content\/uploads\/usu686\/2025\/09\/IMG_5803-1.jpg 480w, https:\/\/agora.xtec.cat\/ceip-sant-domenec-la-rapita\/wp-content\/uploads\/usu686\/2025\/09\/IMG_5803-1-225x300.jpg 225w\" sizes=\"auto, (max-width: 480px) 100vw, 480px\" \/><\/a><\/figure>\n\n\n\n<p><strong>I5<\/strong>: ESTEFANIA MONTILLA<\/p>\n\n\n\n<p><sup>estefania@escolasantdomenec.cat<\/sup><\/p>\n<\/div>\n<\/div>\n\n\n\n<div class=\"wp-block-columns is-layout-flex wp-container-core-columns-is-layout-2 wp-block-columns-is-layout-flex\">\n<div class=\"wp-block-column is-layout-flow wp-block-column-is-layout-flow\">\n<figure class=\"wp-block-image size-full\"><a href=\"https:\/\/agora.xtec.cat\/ceip-sant-domenec-la-rapita\/wp-content\/uploads\/usu686\/2025\/09\/IMG_5794-1.jpg\"><img loading=\"lazy\" decoding=\"async\" width=\"480\" height=\"640\" src=\"https:\/\/agora.xtec.cat\/ceip-sant-domenec-la-rapita\/wp-content\/uploads\/usu686\/2025\/09\/IMG_5794-1.jpg\" alt=\"\" class=\"wp-image-5030\" srcset=\"https:\/\/agora.xtec.cat\/ceip-sant-domenec-la-rapita\/wp-content\/uploads\/usu686\/2025\/09\/IMG_5794-1.jpg 480w, https:\/\/agora.xtec.cat\/ceip-sant-domenec-la-rapita\/wp-content\/uploads\/usu686\/2025\/09\/IMG_5794-1-225x300.jpg 225w\" sizes=\"auto, (max-width: 480px) 100vw, 480px\" \/><\/a><\/figure>\n\n\n\n<p class=\"has-text-align-center\"><strong>1r:<\/strong> IRENA CORAL<\/p>\n\n\n\n<p class=\"has-text-align-center\"><sub>irena@escolasantdomenec.cat<\/sub><\/p>\n<\/div>\n\n\n\n<div class=\"wp-block-column is-layout-flow wp-block-column-is-layout-flow\">\n<figure class=\"wp-block-image size-full\"><a href=\"https:\/\/agora.xtec.cat\/ceip-sant-domenec-la-rapita\/wp-content\/uploads\/usu686\/2025\/09\/IMG_5785-1.jpg\"><img loading=\"lazy\" decoding=\"async\" width=\"480\" height=\"640\" src=\"https:\/\/agora.xtec.cat\/ceip-sant-domenec-la-rapita\/wp-content\/uploads\/usu686\/2025\/09\/IMG_5785-1.jpg\" alt=\"\" class=\"wp-image-5031\" srcset=\"https:\/\/agora.xtec.cat\/ceip-sant-domenec-la-rapita\/wp-content\/uploads\/usu686\/2025\/09\/IMG_5785-1.jpg 480w, https:\/\/agora.xtec.cat\/ceip-sant-domenec-la-rapita\/wp-content\/uploads\/usu686\/2025\/09\/IMG_5785-1-225x300.jpg 225w\" sizes=\"auto, (max-width: 480px) 100vw, 480px\" \/><\/a><\/figure>\n\n\n\n<p class=\"has-text-align-center\"><strong>2n:<\/strong> MARIA DOLOREA<\/p>\n\n\n\n<p class=\"has-text-align-center\"><sup>maria@escolasantdomenec.cat<\/sup><\/p>\n<\/div>\n\n\n\n<div class=\"wp-block-column is-layout-flow wp-block-column-is-layout-flow\">\n<figure class=\"wp-block-image size-full\"><a href=\"https:\/\/agora.xtec.cat\/ceip-sant-domenec-la-rapita\/wp-content\/uploads\/usu686\/2025\/09\/IMG_5791-1.jpg\"><img loading=\"lazy\" decoding=\"async\" width=\"480\" height=\"640\" src=\"https:\/\/agora.xtec.cat\/ceip-sant-domenec-la-rapita\/wp-content\/uploads\/usu686\/2025\/09\/IMG_5791-1.jpg\" alt=\"\" class=\"wp-image-5032\" srcset=\"https:\/\/agora.xtec.cat\/ceip-sant-domenec-la-rapita\/wp-content\/uploads\/usu686\/2025\/09\/IMG_5791-1.jpg 480w, https:\/\/agora.xtec.cat\/ceip-sant-domenec-la-rapita\/wp-content\/uploads\/usu686\/2025\/09\/IMG_5791-1-225x300.jpg 225w\" sizes=\"auto, (max-width: 480px) 100vw, 480px\" \/><\/a><\/figure>\n\n\n\n<p class=\"has-text-align-center\"><strong>3r:<\/strong> ANNA AUQU\u00c9<\/p>\n\n\n\n<p class=\"has-text-align-center\"><sup>anna@escolasantdomenec.cat<\/sup><\/p>\n<\/div>\n<\/div>\n\n\n\n<div class=\"wp-block-columns is-layout-flex wp-container-core-columns-is-layout-3 wp-block-columns-is-layout-flex\">\n<div class=\"wp-block-column is-layout-flow wp-block-column-is-layout-flow\">\n<figure class=\"wp-block-image size-full\"><a href=\"https:\/\/agora.xtec.cat\/ceip-sant-domenec-la-rapita\/wp-content\/uploads\/usu686\/2025\/09\/IMG_5790-1.jpg\"><img loading=\"lazy\" decoding=\"async\" width=\"480\" height=\"640\" src=\"https:\/\/agora.xtec.cat\/ceip-sant-domenec-la-rapita\/wp-content\/uploads\/usu686\/2025\/09\/IMG_5790-1.jpg\" alt=\"\" class=\"wp-image-5033\" srcset=\"https:\/\/agora.xtec.cat\/ceip-sant-domenec-la-rapita\/wp-content\/uploads\/usu686\/2025\/09\/IMG_5790-1.jpg 480w, https:\/\/agora.xtec.cat\/ceip-sant-domenec-la-rapita\/wp-content\/uploads\/usu686\/2025\/09\/IMG_5790-1-225x300.jpg 225w\" sizes=\"auto, (max-width: 480px) 100vw, 480px\" \/><\/a><\/figure>\n\n\n\n<p class=\"has-text-align-center\"><strong>4t<\/strong>: NEUS GORINA<\/p>\n\n\n\n<p class=\"has-text-align-center\"><sup>neus@escolasantdomenec.cat<\/sup><\/p>\n<\/div>\n\n\n\n<div class=\"wp-block-column is-layout-flow wp-block-column-is-layout-flow\">\n<figure class=\"wp-block-image size-full\"><a href=\"https:\/\/agora.xtec.cat\/ceip-sant-domenec-la-rapita\/wp-content\/uploads\/usu686\/2025\/09\/IMG_5802-1.jpg\"><img loading=\"lazy\" decoding=\"async\" width=\"480\" height=\"640\" src=\"https:\/\/agora.xtec.cat\/ceip-sant-domenec-la-rapita\/wp-content\/uploads\/usu686\/2025\/09\/IMG_5802-1.jpg\" alt=\"\" class=\"wp-image-5034\" srcset=\"https:\/\/agora.xtec.cat\/ceip-sant-domenec-la-rapita\/wp-content\/uploads\/usu686\/2025\/09\/IMG_5802-1.jpg 480w, https:\/\/agora.xtec.cat\/ceip-sant-domenec-la-rapita\/wp-content\/uploads\/usu686\/2025\/09\/IMG_5802-1-225x300.jpg 225w\" sizes=\"auto, (max-width: 480px) 100vw, 480px\" \/><\/a><\/figure>\n\n\n\n<p class=\"has-text-align-center\"><strong>5\u00e8<\/strong>: POL TOR<\/p>\n\n\n\n<p class=\"has-text-align-center\"><sup>pol@escolasantdomenec.cat<\/sup><\/p>\n<\/div>\n\n\n\n<div class=\"wp-block-column is-layout-flow wp-block-column-is-layout-flow\">\n<figure class=\"wp-block-image size-full\"><a href=\"https:\/\/agora.xtec.cat\/ceip-sant-domenec-la-rapita\/wp-content\/uploads\/usu686\/2025\/09\/IMG_5804-1.jpg\"><img loading=\"lazy\" decoding=\"async\" width=\"480\" height=\"640\" src=\"https:\/\/agora.xtec.cat\/ceip-sant-domenec-la-rapita\/wp-content\/uploads\/usu686\/2025\/09\/IMG_5804-1.jpg\" alt=\"\" class=\"wp-image-5035\" srcset=\"https:\/\/agora.xtec.cat\/ceip-sant-domenec-la-rapita\/wp-content\/uploads\/usu686\/2025\/09\/IMG_5804-1.jpg 480w, https:\/\/agora.xtec.cat\/ceip-sant-domenec-la-rapita\/wp-content\/uploads\/usu686\/2025\/09\/IMG_5804-1-225x300.jpg 225w\" sizes=\"auto, (max-width: 480px) 100vw, 480px\" \/><\/a><\/figure>\n\n\n\n<p class=\"has-text-align-center\"><strong>6\u00e8<\/strong>: MIREIA ESPASA<\/p>\n\n\n\n<p class=\"has-text-align-center\"><sup>mireia@escolasantdomenec.cat<\/sup><\/p>\n<\/div>\n<\/div>\n\n\n\n<p>ESPECIALISTES I SUPORTS:<\/p>\n\n\n\n<div class=\"wp-block-columns is-layout-flex wp-container-core-columns-is-layout-4 wp-block-columns-is-layout-flex\">\n<div class=\"wp-block-column is-layout-flow wp-block-column-is-layout-flow\">\n<figure class=\"wp-block-image size-full\"><a href=\"https:\/\/agora.xtec.cat\/ceip-sant-domenec-la-rapita\/wp-content\/uploads\/usu686\/2025\/09\/IMG_5800-1.jpg\"><img loading=\"lazy\" decoding=\"async\" width=\"480\" height=\"640\" src=\"https:\/\/agora.xtec.cat\/ceip-sant-domenec-la-rapita\/wp-content\/uploads\/usu686\/2025\/09\/IMG_5800-1.jpg\" alt=\"\" class=\"wp-image-5036\" srcset=\"https:\/\/agora.xtec.cat\/ceip-sant-domenec-la-rapita\/wp-content\/uploads\/usu686\/2025\/09\/IMG_5800-1.jpg 480w, https:\/\/agora.xtec.cat\/ceip-sant-domenec-la-rapita\/wp-content\/uploads\/usu686\/2025\/09\/IMG_5800-1-225x300.jpg 225w\" sizes=\"auto, (max-width: 480px) 100vw, 480px\" \/><\/a><\/figure>\n\n\n\n<p class=\"has-text-align-center\"><strong>M\u00daSICA<\/strong>: ISAAC FELIU<\/p>\n\n\n\n<p class=\"has-text-align-center\"><sup>isaac@escolasantdomenec.cat<\/sup><\/p>\n<\/div>\n\n\n\n<div class=\"wp-block-column is-layout-flow wp-block-column-is-layout-flow\">\n<figure class=\"wp-block-image size-full\"><a href=\"https:\/\/agora.xtec.cat\/ceip-sant-domenec-la-rapita\/wp-content\/uploads\/usu686\/2025\/09\/IMG_5793-1.jpg\"><img loading=\"lazy\" decoding=\"async\" width=\"480\" height=\"640\" src=\"https:\/\/agora.xtec.cat\/ceip-sant-domenec-la-rapita\/wp-content\/uploads\/usu686\/2025\/09\/IMG_5793-1.jpg\" alt=\"\" class=\"wp-image-5037\" srcset=\"https:\/\/agora.xtec.cat\/ceip-sant-domenec-la-rapita\/wp-content\/uploads\/usu686\/2025\/09\/IMG_5793-1.jpg 480w, https:\/\/agora.xtec.cat\/ceip-sant-domenec-la-rapita\/wp-content\/uploads\/usu686\/2025\/09\/IMG_5793-1-225x300.jpg 225w\" sizes=\"auto, (max-width: 480px) 100vw, 480px\" \/><\/a><\/figure>\n\n\n\n<p class=\"has-text-align-center\"><strong>ANGL\u00c8S<\/strong>: ANA DE LAMO<\/p>\n\n\n\n<p class=\"has-text-align-center\"><sup>annadelamo@escolasantdomenec.cat<\/sup><\/p>\n<\/div>\n\n\n\n<div class=\"wp-block-column is-layout-flow wp-block-column-is-layout-flow\">\n<figure class=\"wp-block-image size-full\"><a href=\"https:\/\/agora.xtec.cat\/ceip-sant-domenec-la-rapita\/wp-content\/uploads\/usu686\/2025\/09\/IMG_5796-1.jpg\"><img loading=\"lazy\" decoding=\"async\" width=\"480\" height=\"640\" src=\"https:\/\/agora.xtec.cat\/ceip-sant-domenec-la-rapita\/wp-content\/uploads\/usu686\/2025\/09\/IMG_5796-1.jpg\" alt=\"\" class=\"wp-image-5038\" srcset=\"https:\/\/agora.xtec.cat\/ceip-sant-domenec-la-rapita\/wp-content\/uploads\/usu686\/2025\/09\/IMG_5796-1.jpg 480w, https:\/\/agora.xtec.cat\/ceip-sant-domenec-la-rapita\/wp-content\/uploads\/usu686\/2025\/09\/IMG_5796-1-225x300.jpg 225w\" sizes=\"auto, (max-width: 480px) 100vw, 480px\" \/><\/a><\/figure>\n\n\n\n<p class=\"has-text-align-center\"><strong>EF<\/strong> <strong>I TIC<\/strong>: S\u00cdLVIA NOHALES<\/p>\n\n\n\n<p class=\"has-text-align-center\"><sup>silvia@escolasantdomenec.cat<\/sup><\/p>\n<\/div>\n<\/div>\n\n\n\n<div class=\"wp-block-columns is-layout-flex wp-container-core-columns-is-layout-5 wp-block-columns-is-layout-flex\">\n<div class=\"wp-block-column is-layout-flow wp-block-column-is-layout-flow\">\n<figure class=\"wp-block-image size-full\"><a href=\"https:\/\/agora.xtec.cat\/ceip-sant-domenec-la-rapita\/wp-content\/uploads\/usu686\/2025\/09\/IMG_5786-1.jpg\"><img loading=\"lazy\" decoding=\"async\" width=\"480\" height=\"640\" src=\"https:\/\/agora.xtec.cat\/ceip-sant-domenec-la-rapita\/wp-content\/uploads\/usu686\/2025\/09\/IMG_5786-1.jpg\" alt=\"\" class=\"wp-image-5039\" srcset=\"https:\/\/agora.xtec.cat\/ceip-sant-domenec-la-rapita\/wp-content\/uploads\/usu686\/2025\/09\/IMG_5786-1.jpg 480w, https:\/\/agora.xtec.cat\/ceip-sant-domenec-la-rapita\/wp-content\/uploads\/usu686\/2025\/09\/IMG_5786-1-225x300.jpg 225w\" sizes=\"auto, (max-width: 480px) 100vw, 480px\" \/><\/a><\/figure>\n\n\n\n<p class=\"has-text-align-center\"><strong>PEDAGOGIA TERAP\u00c8UTICA:<\/strong><\/p>\n\n\n\n<p class=\"has-text-align-center\">MONTSE RODRIGUEZ<\/p>\n\n\n\n<p class=\"has-text-align-center\"><sup>montse@escolasantdomenec.cat<\/sup><\/p>\n<\/div>\n\n\n\n<div class=\"wp-block-column is-layout-flow wp-block-column-is-layout-flow\">\n<figure class=\"wp-block-image aligncenter size-full\"><a href=\"https:\/\/agora.xtec.cat\/ceip-sant-domenec-la-rapita\/wp-content\/uploads\/usu686\/2025\/09\/IMG_5799-1.jpg\"><img loading=\"lazy\" decoding=\"async\" width=\"480\" height=\"640\" src=\"https:\/\/agora.xtec.cat\/ceip-sant-domenec-la-rapita\/wp-content\/uploads\/usu686\/2025\/09\/IMG_5799-1.jpg\" alt=\"\" class=\"wp-image-5040\" srcset=\"https:\/\/agora.xtec.cat\/ceip-sant-domenec-la-rapita\/wp-content\/uploads\/usu686\/2025\/09\/IMG_5799-1.jpg 480w, https:\/\/agora.xtec.cat\/ceip-sant-domenec-la-rapita\/wp-content\/uploads\/usu686\/2025\/09\/IMG_5799-1-225x300.jpg 225w\" sizes=\"auto, (max-width: 480px) 100vw, 480px\" \/><\/a><\/figure>\n\n\n\n<p class=\"has-text-align-center\"><strong>SUPORT PRIM\u00c0RIA:<\/strong><\/p>\n\n\n\n<p class=\"has-text-align-center\">SARA LLUCH<\/p>\n\n\n\n<p class=\"has-text-align-center\"><sup>sara@escolasantdomenec.cat<\/sup><\/p>\n<\/div>\n\n\n\n<div class=\"wp-block-column is-layout-flow wp-block-column-is-layout-flow\">\n<figure class=\"wp-block-image size-full\"><a href=\"https:\/\/agora.xtec.cat\/ceip-sant-domenec-la-rapita\/wp-content\/uploads\/usu686\/2025\/09\/IMG_5798-3.jpg\"><img loading=\"lazy\" decoding=\"async\" width=\"480\" height=\"640\" src=\"https:\/\/agora.xtec.cat\/ceip-sant-domenec-la-rapita\/wp-content\/uploads\/usu686\/2025\/09\/IMG_5798-3.jpg\" alt=\"\" class=\"wp-image-5050\" srcset=\"https:\/\/agora.xtec.cat\/ceip-sant-domenec-la-rapita\/wp-content\/uploads\/usu686\/2025\/09\/IMG_5798-3.jpg 480w, https:\/\/agora.xtec.cat\/ceip-sant-domenec-la-rapita\/wp-content\/uploads\/usu686\/2025\/09\/IMG_5798-3-225x300.jpg 225w\" sizes=\"auto, (max-width: 480px) 100vw, 480px\" \/><\/a><\/figure>\n\n\n\n<p class=\"has-text-align-center\"><strong>SUPORT INFANTIL<\/strong><\/p>\n\n\n\n<p class=\"has-text-align-center\">GEMMA MATA<\/p>\n\n\n\n<p class=\"has-text-align-center\"><sup>gemma@escolasantdomenec.cat<\/sup><\/p>\n<\/div>\n<\/div>\n\n\n\n<p>ADMINISTRACI\u00d3 I SERVEIS<\/p>\n\n\n\n<div class=\"wp-block-columns is-layout-flex wp-container-core-columns-is-layout-6 wp-block-columns-is-layout-flex\">\n<div class=\"wp-block-column is-layout-flow wp-block-column-is-layout-flow\">\n<figure class=\"wp-block-image size-full\"><a href=\"https:\/\/agora.xtec.cat\/ceip-sant-domenec-la-rapita\/wp-content\/uploads\/usu686\/2025\/09\/IMG_5797-1.jpg\"><img loading=\"lazy\" decoding=\"async\" width=\"480\" height=\"640\" src=\"https:\/\/agora.xtec.cat\/ceip-sant-domenec-la-rapita\/wp-content\/uploads\/usu686\/2025\/09\/IMG_5797-1.jpg\" alt=\"\" class=\"wp-image-5041\" srcset=\"https:\/\/agora.xtec.cat\/ceip-sant-domenec-la-rapita\/wp-content\/uploads\/usu686\/2025\/09\/IMG_5797-1.jpg 480w, https:\/\/agora.xtec.cat\/ceip-sant-domenec-la-rapita\/wp-content\/uploads\/usu686\/2025\/09\/IMG_5797-1-225x300.jpg 225w\" sizes=\"auto, (max-width: 480px) 100vw, 480px\" \/><\/a><\/figure>\n\n\n\n<p class=\"has-text-align-center\"><strong>CONSERGERIA<\/strong><\/p>\n\n\n\n<p class=\"has-text-align-center\"><sup>ANNA G\u00d3MEZ<\/sup><\/p>\n<\/div>\n\n\n\n<div class=\"wp-block-column is-layout-flow wp-block-column-is-layout-flow\">\n<figure class=\"wp-block-image size-full\"><a href=\"https:\/\/agora.xtec.cat\/ceip-sant-domenec-la-rapita\/wp-content\/uploads\/usu686\/2025\/09\/IMG_5782-1-rotated.jpg\"><img loading=\"lazy\" decoding=\"async\" width=\"480\" height=\"640\" src=\"https:\/\/agora.xtec.cat\/ceip-sant-domenec-la-rapita\/wp-content\/uploads\/usu686\/2025\/09\/IMG_5782-1-rotated.jpg\" alt=\"\" class=\"wp-image-5042\" srcset=\"https:\/\/agora.xtec.cat\/ceip-sant-domenec-la-rapita\/wp-content\/uploads\/usu686\/2025\/09\/IMG_5782-1-rotated.jpg 480w, https:\/\/agora.xtec.cat\/ceip-sant-domenec-la-rapita\/wp-content\/uploads\/usu686\/2025\/09\/IMG_5782-1-225x300.jpg 225w\" sizes=\"auto, (max-width: 480px) 100vw, 480px\" \/><\/a><\/figure>\n\n\n\n<p class=\"has-text-align-center\"><strong><sub>ADMINISTRACI\u00d3<\/sub><\/strong><\/p>\n\n\n\n<p class=\"has-text-align-center\"><sup>NATALIA MART\u00cdN<\/sup><\/p>\n<\/div>\n\n\n\n<div class=\"wp-block-column is-layout-flow wp-block-column-is-layout-flow\">\n<figure class=\"wp-block-image size-large\"><a href=\"https:\/\/agora.xtec.cat\/ceip-sant-domenec-la-rapita\/wp-content\/uploads\/usu686\/2025\/09\/karima.jpg\"><img loading=\"lazy\" decoding=\"async\" width=\"768\" height=\"1024\" src=\"https:\/\/agora.xtec.cat\/ceip-sant-domenec-la-rapita\/wp-content\/uploads\/usu686\/2025\/09\/karima-768x1024.jpg\" alt=\"\" class=\"wp-image-5060\" srcset=\"https:\/\/agora.xtec.cat\/ceip-sant-domenec-la-rapita\/wp-content\/uploads\/usu686\/2025\/09\/karima-768x1024.jpg 768w, https:\/\/agora.xtec.cat\/ceip-sant-domenec-la-rapita\/wp-content\/uploads\/usu686\/2025\/09\/karima-225x300.jpg 225w, https:\/\/agora.xtec.cat\/ceip-sant-domenec-la-rapita\/wp-content\/uploads\/usu686\/2025\/09\/karima-1152x1536.jpg 1152w, https:\/\/agora.xtec.cat\/ceip-sant-domenec-la-rapita\/wp-content\/uploads\/usu686\/2025\/09\/karima.jpg 1200w\" sizes=\"auto, (max-width: 768px) 100vw, 768px\" \/><\/a><\/figure>\n\n\n\n<p class=\"has-text-align-center\">ACOLLIDA<\/p>\n\n\n\n<p class=\"has-text-align-center\"><sup>KARIMA YAHYA<\/sup><\/p>\n<\/div>\n<\/div>\n\n\n\n<p>EQUIP DIRECTIU<\/p>\n\n\n\n<div class=\"wp-block-columns is-layout-flex wp-container-core-columns-is-layout-7 wp-block-columns-is-layout-flex\">\n<div class=\"wp-block-column is-layout-flow wp-block-column-is-layout-flow\">\n<figure class=\"wp-block-image size-full\"><a href=\"https:\/\/agora.xtec.cat\/ceip-sant-domenec-la-rapita\/wp-content\/uploads\/usu686\/2025\/09\/IMG_5798-2.jpg\"><img loading=\"lazy\" decoding=\"async\" width=\"480\" height=\"640\" src=\"https:\/\/agora.xtec.cat\/ceip-sant-domenec-la-rapita\/wp-content\/uploads\/usu686\/2025\/09\/IMG_5798-2.jpg\" alt=\"\" class=\"wp-image-5046\" srcset=\"https:\/\/agora.xtec.cat\/ceip-sant-domenec-la-rapita\/wp-content\/uploads\/usu686\/2025\/09\/IMG_5798-2.jpg 480w, https:\/\/agora.xtec.cat\/ceip-sant-domenec-la-rapita\/wp-content\/uploads\/usu686\/2025\/09\/IMG_5798-2-225x300.jpg 225w\" sizes=\"auto, (max-width: 480px) 100vw, 480px\" \/><\/a><\/figure>\n\n\n\n<p class=\"has-text-align-center\"><strong>DIRECCI\u00d3<\/strong><\/p>\n\n\n\n<p class=\"has-text-align-center\">GEMMA MATA<\/p>\n<\/div>\n\n\n\n<div class=\"wp-block-column is-layout-flow wp-block-column-is-layout-flow\">\n<figure class=\"wp-block-image size-full\"><a href=\"https:\/\/agora.xtec.cat\/ceip-sant-domenec-la-rapita\/wp-content\/uploads\/usu686\/2025\/09\/IMG_5794-2.jpg\"><img loading=\"lazy\" decoding=\"async\" width=\"480\" height=\"640\" src=\"https:\/\/agora.xtec.cat\/ceip-sant-domenec-la-rapita\/wp-content\/uploads\/usu686\/2025\/09\/IMG_5794-2.jpg\" alt=\"\" class=\"wp-image-5047\" srcset=\"https:\/\/agora.xtec.cat\/ceip-sant-domenec-la-rapita\/wp-content\/uploads\/usu686\/2025\/09\/IMG_5794-2.jpg 480w, https:\/\/agora.xtec.cat\/ceip-sant-domenec-la-rapita\/wp-content\/uploads\/usu686\/2025\/09\/IMG_5794-2-225x300.jpg 225w\" sizes=\"auto, (max-width: 480px) 100vw, 480px\" \/><\/a><\/figure>\n\n\n\n<p class=\"has-text-align-center\"><strong>CAP D\u00b4ESTUDIS<\/strong><\/p>\n\n\n\n<p class=\"has-text-align-center\">IRENA CORAL<\/p>\n<\/div>\n\n\n\n<div class=\"wp-block-column is-layout-flow wp-block-column-is-layout-flow\">\n<figure class=\"wp-block-image size-full\"><a href=\"https:\/\/agora.xtec.cat\/ceip-sant-domenec-la-rapita\/wp-content\/uploads\/usu686\/2025\/09\/IMG_5804-2.jpg\"><img loading=\"lazy\" decoding=\"async\" width=\"480\" height=\"640\" src=\"https:\/\/agora.xtec.cat\/ceip-sant-domenec-la-rapita\/wp-content\/uploads\/usu686\/2025\/09\/IMG_5804-2.jpg\" alt=\"\" class=\"wp-image-5048\" srcset=\"https:\/\/agora.xtec.cat\/ceip-sant-domenec-la-rapita\/wp-content\/uploads\/usu686\/2025\/09\/IMG_5804-2.jpg 480w, https:\/\/agora.xtec.cat\/ceip-sant-domenec-la-rapita\/wp-content\/uploads\/usu686\/2025\/09\/IMG_5804-2-225x300.jpg 225w\" sizes=\"auto, (max-width: 480px) 100vw, 480px\" \/><\/a><\/figure>\n\n\n\n<p class=\"has-text-align-center\"><strong>SECRET\u00c0RIA<\/strong><\/p>\n\n\n\n<p class=\"has-text-align-center\">MIREIA ESPASA<\/p>\n<\/div>\n<\/div>\n\n\n\n<p><b style=\"font-family: inherit; font-size: 1em;\">CLAUSTRE<\/b><\/p>\n\n\n\n<div>\n<div>\n<p>Anna Auqu\u00e9, Irena Coral, Susana del Valle, Issac Feliu, Neus Gorina, Anna de Lamo, Maria Dolorea, Mireia Espasa, Irene Garcia, Sara Lluch,<span style=\"color: #000000;\">\u00a0Alicia martinez, , <\/span>Gemma Mata, Estefania Montilla, S\u00edlvia Nohales, Montse Rodr\u00edguez, Pol Tor.<\/p>\n<\/div>\n<div><hr size=\"2\" width=\"100%\" \/>\n<p><b>CONSELL ESCOLAR \u00a0<\/b><br \/><b>Equip Directiu<\/b> Irena Coral,\u00a0 Mireia Espasa i Gemma Mata<br \/><b>Representants Mestres<\/b> Magda Bernat, Irena Coral,\u00a0 Marta Masdeu, Susana del Valle<br \/><b>Representants Pares i Mares: <\/b>Jordina Camps, Antoni Obrad\u00f3,\u00a0 Mireia\u00a0 Mars\u00f3, Olga Ravent\u00f3s<\/p>\n<p><b>Representant de l&#8217;AMPA<\/b> Tonyi Ojeda<br \/><b>Representant de l&#8217;Ajuntament<\/b> Maite L\u00f3pez<br \/><b>Personal d&#8217;Administraci\u00f3 i Serveis<\/b> Anna G\u00f3mez<\/p>\n<\/div>\n<div><hr size=\"2\" width=\"100%\" \/>\n<p><b>SERVEIS<\/b><\/p>\n<\/div>\n<div>\n<div><span style=\"color: #000000;\"><b>Auxiliar d&#8217;Aula: <\/b>Al\u00edcia Mata<\/span><\/div>\n<div><span style=\"color: #000000;\"><b>Conserge: <\/b>Anna G\u00f3mez<\/span><\/div>\n<div><span style=\"color: #000000;\"><b>Administrativa: <\/b>Nat\u00e0lia Mart\u00edn<\/span><\/div>\n<div><span style=\"color: #000000;\"><b>Monitores del Menjador: <\/b>M\u00aa del Mar Miquel (coordinadora), L\u00eddia Guti\u00e9rrez, Al\u00edcia Mata, M\u00aa Carmen Bertran, M\u00aa Carmen Salesa, S\u00f2nia Huertas.<\/span><\/div>\n<div><span style=\"color: #000000;\"><b>Cuinera: <\/b>Beatriz Fern\u00e1ndez\u00a0<\/span><\/div>\n<div><span style=\"color: #000000;\"><b>Acollida: <\/b>Karima Yahya\u00a0<\/span><\/div>\n<\/div>\n<\/div>\n","protected":false},"excerpt":{"rendered":"<p>EQUIP DIRECTIUDirectora&nbsp; Gemma MataCap d&#8217;Estudis&nbsp; Irena CoralSecret\u00e0ria Mireia Espasa TUTORIES: I3: IRENE GARCIA irenegarcia@escolasantdomenec.cat I4: SUSANA DEL VALLE susanadelvalle@escolasantdomenec.cat I5: [&hellip;]<\/p>\n","protected":false},"author":1,"featured_media":0,"parent":466,"menu_order":0,"comment_status":"closed","ping_status":"closed","template":"","meta":{"_bbp_topic_count":0,"_bbp_reply_count":0,"_bbp_total_topic_count":0,"_bbp_total_reply_count":0,"_bbp_voice_count":0,"_bbp_anonymous_reply_count":0,"_bbp_topic_count_hidden":0,"_bbp_reply_count_hidden":0,"_bbp_forum_subforum_count":0,"site-sidebar-layout":"default","site-content-layout":"","ast-site-content-layout":"default","site-content-style":"default","site-sidebar-style":"default","ast-global-header-display":"","ast-banner-title-visibility":"","ast-main-header-display":"","ast-hfb-above-header-display":"","ast-hfb-below-header-display":"","ast-hfb-mobile-header-display":"","site-post-title":"","ast-breadcrumbs-content":"","ast-featured-img":"","footer-sml-layout":"","theme-transparent-header-meta":"","adv-header-id-meta":"","stick-header-meta":"","header-above-stick-meta":"","header-main-stick-meta":"","header-below-stick-meta":"","astra-migrate-meta-layouts":"set","ast-page-background-enabled":"default","ast-page-background-meta":{"desktop":{"background-color":"var(--ast-global-color-4)","background-image":"","background-repeat":"repeat","background-position":"center center","background-size":"auto","background-attachment":"scroll","background-type":"","background-media":"","overlay-type":"","overlay-color":"","overlay-opacity":"","overlay-gradient":""},"tablet":{"background-color":"","background-image":"","background-repeat":"repeat","background-position":"center center","background-size":"auto","background-attachment":"scroll","background-type":"","background-media":"","overlay-type":"","overlay-color":"","overlay-opacity":"","overlay-gradient":""},"mobile":{"background-color":"","background-image":"","background-repeat":"repeat","background-position":"center center","background-size":"auto","background-attachment":"scroll","background-type":"","background-media":"","overlay-type":"","overlay-color":"","overlay-opacity":"","overlay-gradient":""}},"ast-content-background-meta":{"desktop":{"background-color":"var(--ast-global-color-5)","background-image":"","background-repeat":"repeat","background-position":"center center","background-size":"auto","background-attachment":"scroll","background-type":"","background-media":"","overlay-type":"","overlay-color":"","overlay-opacity":"","overlay-gradient":""},"tablet":{"background-color":"var(--ast-global-color-5)","background-image":"","background-repeat":"repeat","background-position":"center center","background-size":"auto","background-attachment":"scroll","background-type":"","background-media":"","overlay-type":"","overlay-color":"","overlay-opacity":"","overlay-gradient":""},"mobile":{"background-color":"var(--ast-global-color-5)","background-image":"","background-repeat":"repeat","background-position":"center center","background-size":"auto","background-attachment":"scroll","background-type":"","background-media":"","overlay-type":"","overlay-color":"","overlay-opacity":"","overlay-gradient":""}},"footnotes":""},"class_list":["post-483","page","type-page","status-publish","hentry"],"post_mailing_queue_ids":[],"_links":{"self":[{"href":"https:\/\/agora.xtec.cat\/ceip-sant-domenec-la-rapita\/wp-json\/wp\/v2\/pages\/483","targetHints":{"allow":["GET"]}}],"collection":[{"href":"https:\/\/agora.xtec.cat\/ceip-sant-domenec-la-rapita\/wp-json\/wp\/v2\/pages"}],"about":[{"href":"https:\/\/agora.xtec.cat\/ceip-sant-domenec-la-rapita\/wp-json\/wp\/v2\/types\/page"}],"author":[{"embeddable":true,"href":"https:\/\/agora.xtec.cat\/ceip-sant-domenec-la-rapita\/wp-json\/wp\/v2\/users\/1"}],"replies":[{"embeddable":true,"href":"https:\/\/agora.xtec.cat\/ceip-sant-domenec-la-rapita\/wp-json\/wp\/v2\/comments?post=483"}],"version-history":[{"count":6,"href":"https:\/\/agora.xtec.cat\/ceip-sant-domenec-la-rapita\/wp-json\/wp\/v2\/pages\/483\/revisions"}],"predecessor-version":[{"id":5061,"href":"https:\/\/agora.xtec.cat\/ceip-sant-domenec-la-rapita\/wp-json\/wp\/v2\/pages\/483\/revisions\/5061"}],"up":[{"embeddable":true,"href":"https:\/\/agora.xtec.cat\/ceip-sant-domenec-la-rapita\/wp-json\/wp\/v2\/pages\/466"}],"wp:attachment":[{"href":"https:\/\/agora.xtec.cat\/ceip-sant-domenec-la-rapita\/wp-json\/wp\/v2\/media?parent=483"}],"curies":[{"name":"wp","href":"https:\/\/api.w.org\/{rel}","templated":true}]}}