{"id":7616,"date":"2020-08-03T10:23:00","date_gmt":"2020-08-03T08:23:00","guid":{"rendered":"http:\/\/agora.xtec.cat\/ceip-rllullrubi\/?page_id=7616"},"modified":"2026-07-24T20:10:27","modified_gmt":"2026-07-24T18:10:27","slug":"calendari-escolar","status":"publish","type":"page","link":"https:\/\/agora.xtec.cat\/ceip-rllullrubi\/directori-de-documents\/calendari-escolar\/","title":{"rendered":"Calendari escolar 26-27"},"content":{"rendered":"<p><strong><u>HORARIS<\/u><\/strong><\/p>\n<p><span style=\"text-decoration: underline;\">Horari marc:<\/span><\/p>\n<p>Mat\u00ed de 9:00h a 12:30h i tarda de 15:00h a 16:30h<\/p>\n<p><span style=\"text-decoration: underline;\">Horari <strong>adaptaci\u00f3 alumnat d&#8217; I3<\/strong>:<\/span><\/p>\n<p><span style=\"font-weight: 400;\">8 de setembre: I3 en dos subgrups al mat\u00ed i dos torns: 1r torn de 9h a 10:30h i 2n torn de 11h a 12:30h<\/span><\/p>\n<p><span style=\"font-weight: 400;\">9 de<\/span><span style=\"font-weight: 400;\"> setembre: I3 en dos subgrups al mat\u00ed i dos torns: 1r torn de 9h a 10:30h i 2n torn de 11h a 12:30h<\/span><\/p>\n<p><span style=\"font-weight: 400;\">10 de setembre: I3 en dos subgrups al mat\u00ed i dos torns: 1r torn de 9h a 10:30h i 2n torn de 11h a 12:30h<\/span><\/p>\n<p><span style=\"font-weight: 400;\">14 de setembre: I3 tot el grup de 9h a 12.30h (sense servei de menjador, servei de bon dia i activitats extraescolars)<\/span><\/p>\n<p>15 de setembre: I3 tot el grup horari complert mat\u00ed i tarda amb servei de menjador (si s&#8217;escau)<\/p>\n<p><span style=\"text-decoration: underline;\"><strong>Horari intensiu<\/strong> de 9:00h a 13:00h:<\/span><\/p>\n<ul>\n<li>del 7 al 21 de juny de 2027<\/li>\n<\/ul>\n<p><strong style=\"font-family: inherit; font-size: 1em;\"><u>CALENDARI i festius<\/u><\/strong><\/p>\n<p>8 de setembre de 2026: inici de les classes<\/p>\n<p>11 de setembre de 2026: festiu (Diada nacional de Catalunya)<\/p>\n<p>9 d&#8217;octubre de 2026: festiu de lliure disposici\u00f3<\/p>\n<p>12 octubre de 2026: festiu (Festa nacional d&#8217;Espanya)<\/p>\n<p>2 de novembre de 2026: festiu de lliure disposici\u00f3<\/p>\n<p>7 de desembre de 2026: festiu de lliure disposici\u00f3<\/p>\n<p>8 de desembre de 2026: festiu (Festa de la Pur\u00edssima)<\/p>\n<p>Del 22 de desembre de 2026 al 7 de gener de 2027 (inclosos): vacances escolars de Nadal<\/p>\n<p>8 de febrer de 2027: festiu de lliure disposici\u00f3<\/p>\n<p>Del 20 de mar\u00e7 al 29 de mar\u00e7 de 2027 (ambd\u00f3s inclosos): vacances escolars de Setmana Santa<\/p>\n<p>30 d&#8217;abril de 2027: festiu de lliure disposici\u00f3<\/p>\n<p>17 de maig de 2027: festiu de lliure disposici\u00f3<\/p>\n<p>21 de juny de 2027: acaben les classes.<\/p>\n<p>*Els dies festius de lliure disposici\u00f3 s\u00f3n comuns a la majoria de les escoles i dels instituts de Rub\u00ed.<\/p>\n<p>28 de juny de 2027: festa local<\/p>\n<p>29 de juny de 2027: festa local<\/p>\n","protected":false},"excerpt":{"rendered":"<p>HORARIS<br \/>\nHorari marc:<br \/>\nMat\u00ed de 9:00h a 12:30h i tarda de 15:00h a 16:30h<br \/>\nHorari adaptaci\u00f3 alumnat d&#8217; I3:<br \/>\n8 de setembre: I3 en dos subgrups al mat\u00ed i dos torns: 1r torn de 9h a 10:30h i 2n torn de 11h a 12:30h<br \/>\n9 de setembre: I3 en dos&hellip;  <a href=\"https:\/\/agora.xtec.cat\/ceip-rllullrubi\/directori-de-documents\/calendari-escolar\/\" title=\"Read Calendari escolar 26-27\">Llegeix m\u00e9s\u00bb<\/a><\/p>\n","protected":false},"author":1,"featured_media":0,"parent":10825,"menu_order":700,"comment_status":"closed","ping_status":"closed","template":"page-templates\/side-menu.php","meta":{"_bbp_topic_count":0,"_bbp_reply_count":0,"_bbp_total_topic_count":0,"_bbp_total_reply_count":0,"_bbp_voice_count":0,"_bbp_anonymous_reply_count":0,"_bbp_topic_count_hidden":0,"_bbp_reply_count_hidden":0,"_bbp_forum_subforum_count":0,"footnotes":""},"class_list":["post-7616","page","type-page","status-publish","hentry"],"post_mailing_queue_ids":[],"_links":{"self":[{"href":"https:\/\/agora.xtec.cat\/ceip-rllullrubi\/wp-json\/wp\/v2\/pages\/7616","targetHints":{"allow":["GET"]}}],"collection":[{"href":"https:\/\/agora.xtec.cat\/ceip-rllullrubi\/wp-json\/wp\/v2\/pages"}],"about":[{"href":"https:\/\/agora.xtec.cat\/ceip-rllullrubi\/wp-json\/wp\/v2\/types\/page"}],"author":[{"embeddable":true,"href":"https:\/\/agora.xtec.cat\/ceip-rllullrubi\/wp-json\/wp\/v2\/users\/1"}],"replies":[{"embeddable":true,"href":"https:\/\/agora.xtec.cat\/ceip-rllullrubi\/wp-json\/wp\/v2\/comments?post=7616"}],"version-history":[{"count":7,"href":"https:\/\/agora.xtec.cat\/ceip-rllullrubi\/wp-json\/wp\/v2\/pages\/7616\/revisions"}],"predecessor-version":[{"id":17191,"href":"https:\/\/agora.xtec.cat\/ceip-rllullrubi\/wp-json\/wp\/v2\/pages\/7616\/revisions\/17191"}],"up":[{"embeddable":true,"href":"https:\/\/agora.xtec.cat\/ceip-rllullrubi\/wp-json\/wp\/v2\/pages\/10825"}],"wp:attachment":[{"href":"https:\/\/agora.xtec.cat\/ceip-rllullrubi\/wp-json\/wp\/v2\/media?parent=7616"}],"curies":[{"name":"wp","href":"https:\/\/api.w.org\/{rel}","templated":true}]}}