{"id":7592,"date":"2024-10-22T13:55:13","date_gmt":"2024-10-22T11:55:13","guid":{"rendered":"https:\/\/agora.xtec.cat\/ceip-rafaelcasanova\/?page_id=7592"},"modified":"2025-12-09T15:33:33","modified_gmt":"2025-12-09T14:33:33","slug":"tauler-danuncis","status":"publish","type":"page","link":"https:\/\/agora.xtec.cat\/ceip-rafaelcasanova\/lescola\/informacions\/tauler-danuncis\/","title":{"rendered":"Tauler d&#8217;anuncis"},"content":{"rendered":"<table style=\"border-collapse: collapse; width: 100%;\">\n<tbody>\n<tr>\n<td style=\"width: 40%;\">\n<h6><strong>27\/11\/2025 &#8211; <span style=\"text-decoration: underline;\">RESOLUCI\u00d3 1E2025 de concessi\u00f3 i de denegaci\u00f3 de les beques d\u2019educaci\u00f3 especial<\/span><\/strong><\/h6>\n<p>En relaci\u00f3 amb la convocat\u00f2ria de <strong>beques per a alumnat amb necessitats educatives espec\u00edfiques per al curs 2025\/2026<\/strong>, de la Secretaria d\u2019Estat d\u2019Educaci\u00f3, Formaci\u00f3 Professional i Universitats, us informem que s\u2019ha em\u00e8s Resoluci\u00f3 definitiva del manament 1E2025 del que adjuntem:<\/p>\n<ul style=\"list-style-type: circle;\">\n<li>Llistat d\u2019alumnes amb resoluci\u00f3 de concessi\u00f3. Els imports d\u2019aquests ajuts s\u2019estan ingressant als comptes bancaris dels sol\u00b7licitants.<\/li>\n<li>Llistat d\u2019alumnes amb resoluci\u00f3 de denegaci\u00f3.<\/li>\n<\/ul>\n<p>No obstant, hi ha alumnes que no surten en aquests llistats, donat que encara queden expedients per resoldre.<\/p>\n<p>Contra aquesta resoluci\u00f3, els interessats poden interposar recurs de reposici\u00f3 davant d\u2019aquests Serveis Territorials del Departament d\u2019Educaci\u00f3 i Formaci\u00f3 Professional, a partir de l\u2019endem\u00e0 de la recepci\u00f3 de la notificaci\u00f3, mitjan\u00e7ant el model que us adjuntem; o b\u00e9, descarregant-lo des del web del Departament d\u2019Educaci\u00f3 i Formaci\u00f3 Professional; o tamb\u00e9, li poden facilitar presencialment en els Serveis Territorials del Baix Llobregat.<\/p>\n<p><a href=\"https:\/\/agora.xtec.cat\/ceip-rafaelcasanova\/wp-content\/uploads\/usu715\/2025\/11\/251127_Recurs-de-reposicio.pdf\" target=\"_blank\" rel=\"noopener\">model recurs<\/a><\/td>\n<td style=\"width: 60%;\"><iframe style=\"width: 800px; height: 500px;\" src=\"https:\/\/agora.xtec.cat\/ceip-rafaelcasanova\/wp-content\/uploads\/usu715\/2025\/11\/08039379_2025_Resolucio1_AP_Tauler.pdf\" frameborder=\"0\"><span data-mce-type=\"bookmark\" style=\"display: inline-block; width: 0px; overflow: hidden; line-height: 0;\" class=\"mce_SELRES_start\">\ufeff<\/span><span data-mce-type=\"bookmark\" style=\"display: inline-block; width: 0px; overflow: hidden; line-height: 0;\" class=\"mce_SELRES_start\">\ufeff<\/span><\/iframe><\/td>\n<\/tr>\n<\/tbody>\n<\/table>\n<p>&nbsp;<\/p>\n<table style=\"border-collapse: collapse; width: 100%;\">\n<tbody>\n<tr>\n<td style=\"width: 40%;\">\n<h6><strong>28\/10\/2025 &#8211; <span style=\"text-decoration: underline;\">Proposta 1E2025 de concessi\u00f3 i de denegaci\u00f3 de les beques d\u2019educaci\u00f3 especial<\/span><\/strong><\/h6>\n<p>En relaci\u00f3 amb la convocat\u00f2ria de <strong>beques per a alumnat amb necessitats educatives espec\u00edfiques per al curs 2025\/2026<\/strong>, convocats per Resoluci\u00f3 de la Secretaria d\u2019Estat d\u2019Educaci\u00f3, us informem que una part dels alumnes que varen acollir-se a aquesta convocat\u00f2ria han rebut un correu electr\u00f2nic en el qual se\u2019ls informa de la situaci\u00f3 del seu expedient.<\/p>\n<p>No obstant, hi ha alumnes que no surten en aquests llistats, donat que encara queden expedients per resoldre.<\/p>\n<p>Per tal que els alumnes tinguin altres vies per con\u00e8ixer l\u2019estat de la seva sol\u00b7licitud, publiquem la Proposta de beques proposades per concedir i denegar l&#8217;ajut.<\/p>\n<p><strong>INFORMACI\u00d3 IMPORTANT:<\/strong><br \/>\nRecordeu que els sol\u00b7licitants tenen <strong>fins al dia 5 de novembre de 2025 per fer al\u00b7legacions.<\/strong><\/p>\n<p><a href=\"https:\/\/agora.xtec.cat\/ceip-rafaelcasanova\/wp-content\/uploads\/usu715\/2025\/10\/AL\u00b7LEGACIO.pdf\" target=\"_blank\" rel=\"noopener\">model recurs<\/a><\/td>\n<td style=\"width: 60%;\"><iframe style=\"width: 800px; height: 500px;\" src=\"https:\/\/agora.xtec.cat\/ceip-rafaelcasanova\/wp-content\/uploads\/usu715\/2025\/10\/08039379_2025_Proposta1_AP_Tauler.pdf\" frameborder=\"0\"><span data-mce-type=\"bookmark\" style=\"display: inline-block; width: 0px; overflow: hidden; line-height: 0;\" class=\"mce_SELRES_start\">\ufeff<\/span><\/iframe><\/td>\n<\/tr>\n<\/tbody>\n<\/table>\n<p>https:\/\/agora.xtec.cat\/ceip-rafaelcasanova\/wp-content\/uploads\/usu715\/2025\/10\/08039379_2025_Proposta1_AP_Tauler.pdf<\/p>\n","protected":false},"excerpt":{"rendered":"<p>27\/11\/2025 &#8211; RESOLUCI\u00d3 1E2025 de concessi\u00f3 i de denegaci\u00f3 de les beques d\u2019educaci\u00f3 especial En relaci\u00f3 amb la convocat\u00f2ria de beques per a alumnat amb necessitats educatives espec\u00edfiques per al curs 2025\/2026, de la Secretaria d\u2019Estat d\u2019Educaci\u00f3, Formaci\u00f3 Professional i Universitats, us informem que s\u2019ha em\u00e8s Resoluci\u00f3 definitiva del manament 1E2025 del que adjuntem: Llistat [&hellip;]<\/p>\n","protected":false},"author":1,"featured_media":0,"parent":6518,"menu_order":0,"comment_status":"closed","ping_status":"closed","template":"","meta":{"_bbp_topic_count":0,"_bbp_reply_count":0,"_bbp_total_topic_count":0,"_bbp_total_reply_count":0,"_bbp_voice_count":0,"_bbp_anonymous_reply_count":0,"_bbp_topic_count_hidden":0,"_bbp_reply_count_hidden":0,"_bbp_forum_subforum_count":0,"site-sidebar-layout":"default","site-content-layout":"","ast-site-content-layout":"","site-content-style":"default","site-sidebar-style":"default","ast-global-header-display":"","ast-banner-title-visibility":"","ast-main-header-display":"","ast-hfb-above-header-display":"","ast-hfb-below-header-display":"","ast-hfb-mobile-header-display":"","site-post-title":"","ast-breadcrumbs-content":"","ast-featured-img":"","footer-sml-layout":"","theme-transparent-header-meta":"","adv-header-id-meta":"","stick-header-meta":"","header-above-stick-meta":"","header-main-stick-meta":"","header-below-stick-meta":"","astra-migrate-meta-layouts":"default","ast-page-background-enabled":"default","ast-page-background-meta":{"desktop":{"background-color":"var(--ast-global-color-4)","background-image":"","background-repeat":"repeat","background-position":"center center","background-size":"auto","background-attachment":"scroll","background-type":"","background-media":"","overlay-type":"","overlay-color":"","overlay-opacity":"","overlay-gradient":""},"tablet":{"background-color":"","background-image":"","background-repeat":"repeat","background-position":"center center","background-size":"auto","background-attachment":"scroll","background-type":"","background-media":"","overlay-type":"","overlay-color":"","overlay-opacity":"","overlay-gradient":""},"mobile":{"background-color":"","background-image":"","background-repeat":"repeat","background-position":"center center","background-size":"auto","background-attachment":"scroll","background-type":"","background-media":"","overlay-type":"","overlay-color":"","overlay-opacity":"","overlay-gradient":""}},"ast-content-background-meta":{"desktop":{"background-color":"var(--ast-global-color-5)","background-image":"","background-repeat":"repeat","background-position":"center center","background-size":"auto","background-attachment":"scroll","background-type":"","background-media":"","overlay-type":"","overlay-color":"","overlay-opacity":"","overlay-gradient":""},"tablet":{"background-color":"var(--ast-global-color-5)","background-image":"","background-repeat":"repeat","background-position":"center center","background-size":"auto","background-attachment":"scroll","background-type":"","background-media":"","overlay-type":"","overlay-color":"","overlay-opacity":"","overlay-gradient":""},"mobile":{"background-color":"var(--ast-global-color-5)","background-image":"","background-repeat":"repeat","background-position":"center center","background-size":"auto","background-attachment":"scroll","background-type":"","background-media":"","overlay-type":"","overlay-color":"","overlay-opacity":"","overlay-gradient":""}},"footnotes":""},"class_list":["post-7592","page","type-page","status-publish","hentry"],"post_mailing_queue_ids":[],"_links":{"self":[{"href":"https:\/\/agora.xtec.cat\/ceip-rafaelcasanova\/wp-json\/wp\/v2\/pages\/7592","targetHints":{"allow":["GET"]}}],"collection":[{"href":"https:\/\/agora.xtec.cat\/ceip-rafaelcasanova\/wp-json\/wp\/v2\/pages"}],"about":[{"href":"https:\/\/agora.xtec.cat\/ceip-rafaelcasanova\/wp-json\/wp\/v2\/types\/page"}],"author":[{"embeddable":true,"href":"https:\/\/agora.xtec.cat\/ceip-rafaelcasanova\/wp-json\/wp\/v2\/users\/1"}],"replies":[{"embeddable":true,"href":"https:\/\/agora.xtec.cat\/ceip-rafaelcasanova\/wp-json\/wp\/v2\/comments?post=7592"}],"version-history":[{"count":6,"href":"https:\/\/agora.xtec.cat\/ceip-rafaelcasanova\/wp-json\/wp\/v2\/pages\/7592\/revisions"}],"predecessor-version":[{"id":7613,"href":"https:\/\/agora.xtec.cat\/ceip-rafaelcasanova\/wp-json\/wp\/v2\/pages\/7592\/revisions\/7613"}],"up":[{"embeddable":true,"href":"https:\/\/agora.xtec.cat\/ceip-rafaelcasanova\/wp-json\/wp\/v2\/pages\/6518"}],"wp:attachment":[{"href":"https:\/\/agora.xtec.cat\/ceip-rafaelcasanova\/wp-json\/wp\/v2\/media?parent=7592"}],"curies":[{"name":"wp","href":"https:\/\/api.w.org\/{rel}","templated":true}]}}