{"id":1608,"date":"2015-01-25T20:43:09","date_gmt":"2015-01-25T19:43:09","guid":{"rendered":"http:\/\/agora.xtec.cat\/ceip-puigberenguer\/?page_id=1608"},"modified":"2025-08-14T07:42:41","modified_gmt":"2025-08-14T05:42:41","slug":"comissio-de-servei-despertador-i-casals","status":"publish","type":"page","link":"https:\/\/agora.xtec.cat\/ceip-puigberenguer\/afa\/serveis\/comissio-de-servei-despertador-i-casals\/","title":{"rendered":"Comissi\u00f3 de Servei Despertador i Casals"},"content":{"rendered":"<h2>Servei Despertador<\/h2>\n<p>El\u00a0<strong>servei despertador<\/strong>\u00a0o\u00a0<strong>servei d\u2019acollida matinal<\/strong>, permet a les fam\u00edlies que necessitin deixar els seus fills a l\u2019escola abans de les 9h del mat\u00ed. El servei est\u00e0 gestionat per la\u00a0comissi\u00f3 de servei despertador i casals\u00a0de l\u2019AFA de l\u2019escola i compta amb un equip de monitors i monitores professionals que tenen cura dels nens i nenes, mentre fan jocs i activitats diverses.<\/p>\n<p><strong>Horari:<\/strong><\/p>\n<ul>\n<li>L\u2019<strong>horari<\/strong>\u00a0del servei despertador \u00e9s de<strong>\u00a08h a 9h<\/strong>\u00a0del mat\u00ed.<\/li>\n<li>Els infants poden arribar a l\u2019escola entre les\u00a0<strong>7:45h i les 8:45h\u00a0<\/strong>del mat\u00ed.<\/li>\n<li>A partir d\u2019aquesta hora l\u2019acc\u00e9s a l\u2019escola es tancar\u00e0 fins l\u2019horari habitual d\u2019entrada (8.50h).<\/li>\n<li>A les 9h les monitores acompanyaran els xics a les aules d\u2019Educaci\u00f3 Infantil, i a les files respectives la resta d\u2019alumnes.<\/li>\n<\/ul>\n<p><strong>Lloc:<\/strong><\/p>\n<ul>\n<li>L\u2019espai destinat a aquest servei \u00e9s el\u00a0<strong>menjador dels petits<\/strong>.<\/li>\n<li>L\u2019acc\u00e9s es fa exclusivament pel Carrer N\u00faria i caldr\u00e0 acompanyar als nens\/es fins al menjador.<\/li>\n<\/ul>\n<p><strong>Preus curs 2025\/2026:<\/strong><\/p>\n<ul>\n<li>En cas d\u2019<strong>\u00fas espor\u00e0dic<\/strong> del servei, el cost \u00e9s de <strong>5 \u20ac\/dia.<\/strong><\/li>\n<li>El preu\u00a0<strong>m\u00e0xim mensual<\/strong> a pagar \u00e9s de <strong>30\u00a0euros\/mes.<\/strong><\/li>\n<li>Preu per alumne\/a per mes natural:\n<ul>\n<li>Servei despertador 1 dia: 5 \u20ac<\/li>\n<li>Servei despertador 2 dies: 10 \u20ac<\/li>\n<li>Servei despertador 3 dies: 15 \u20ac<\/li>\n<li>Servei despertador 4 dies: 20 \u20ac<\/li>\n<li>Servei despertador 5 dies: 25 \u20ac<\/li>\n<li>Servei despertador 6 o m\u00e9s dies: 30 \u20ac<\/li>\n<\/ul>\n<\/li>\n<li>Al finalitzar cada mes, les fam\u00edlies trobaran l\u2019import que han de pagar a l\u2019app\u00a0<strong>TPVEscola<\/strong>, i tindran fins el dia 15 del m\u00e9s seg\u00fcent per a realitzar el pagament.<\/li>\n<li>Per a poder utilitzar el servei despertador, cal haver abonat la quota de l\u2019AFA.<\/li>\n<\/ul>\n<p><strong>Activitats:<\/strong><\/p>\n<ul>\n<li>Durant l\u2019hora despertador, els nens i nenes fan activitats i jocs variats, en companyia dels seus amics.<\/li>\n<li>Les fam\u00edlies tamb\u00e9 podeu portar algun conte o joguina per poder compartir en aquesta estona.<\/li>\n<\/ul>\n<figure class=\"figure wp-caption aligncenter\"><a href=\"http:\/\/agora.xtec.cat\/ceip-puigberenguer\/wp-content\/uploads\/usu1000\/2014\/09\/Despertador10.jpg\"><img loading=\"lazy\" decoding=\"async\" class=\"wp-image-4947 size-medium\" src=\"http:\/\/agora.xtec.cat\/ceip-puigberenguer\/wp-content\/uploads\/usu1000\/2014\/09\/Despertador10-300x224.jpg\" sizes=\"auto, (max-width: 300px) 100vw, 300px\" srcset=\"https:\/\/agora.xtec.cat\/ceip-puigberenguer\/wp-content\/uploads\/usu1000\/2014\/09\/Despertador10-300x224.jpg 300w, https:\/\/agora.xtec.cat\/ceip-puigberenguer\/wp-content\/uploads\/usu1000\/2014\/09\/Despertador10-200x150.jpg 200w, https:\/\/agora.xtec.cat\/ceip-puigberenguer\/wp-content\/uploads\/usu1000\/2014\/09\/Despertador10.jpg 640w\" alt=\"\" width=\"300\" height=\"224\" \/> \u00a0 \u00a0 \u00a0 \u00a0 \u00a0 \u00a0<\/a><a href=\"http:\/\/agora.xtec.cat\/ceip-puigberenguer\/wp-content\/uploads\/usu1000\/2014\/09\/Despertador7.png\"><img loading=\"lazy\" decoding=\"async\" class=\"wp-image-4946 size-medium\" src=\"http:\/\/agora.xtec.cat\/ceip-puigberenguer\/wp-content\/uploads\/usu1000\/2014\/09\/Despertador7-300x200.png\" sizes=\"auto, (max-width: 300px) 100vw, 300px\" srcset=\"https:\/\/agora.xtec.cat\/ceip-puigberenguer\/wp-content\/uploads\/usu1000\/2014\/09\/Despertador7-300x200.png 300w, https:\/\/agora.xtec.cat\/ceip-puigberenguer\/wp-content\/uploads\/usu1000\/2014\/09\/Despertador7.png 640w\" alt=\"\" width=\"300\" height=\"200\" \/><\/a><figcaption class=\"wp-caption-text\">\u00a0 \u00a0 \u00a0 \u00a0 \u00a0 \u00a0 \u00a0 \u00a0 \u00a0 \u00a0 \u00a0 \u00a0 \u00a0 \u00a0 \u00a0 \u00a0 \u00a0 \u00a0 \u00a0 \u00a0 \u00a0 \u00a0 \u00a0 \u00a0 Activitats de l\u2019hora despertador<\/figcaption><\/figure>\n<figure class=\"figure wp-caption aligncenter\"><figcaption class=\"wp-caption-text\"><\/figcaption><\/figure>\n<h2>Casals d\u2019estiu<\/h2>\n<p><a href=\"https:\/\/agora.xtec.cat\/ceip-puigberenguer\/wp-content\/uploads\/usu1000\/2022\/05\/CasalEstiu.jpg\"><img loading=\"lazy\" decoding=\"async\" class=\"wp-image-8888 alignright\" src=\"https:\/\/agora.xtec.cat\/ceip-puigberenguer\/wp-content\/uploads\/usu1000\/2022\/05\/CasalEstiu.jpg\" alt=\"\" width=\"260\" height=\"367\" srcset=\"https:\/\/agora.xtec.cat\/ceip-puigberenguer\/wp-content\/uploads\/usu1000\/2022\/05\/CasalEstiu.jpg 512w, https:\/\/agora.xtec.cat\/ceip-puigberenguer\/wp-content\/uploads\/usu1000\/2022\/05\/CasalEstiu-212x300.jpg 212w\" sizes=\"auto, (max-width: 260px) 100vw, 260px\" \/><\/a>Cada any la\u00a0<a href=\"http:\/\/agora.xtec.cat\/ceip-puigberenguer\/ampa\/comissions\/comissio-de-servei-despertador-i-casals\/\">comissi\u00f3 de casals i servei despertador<\/a>\u00a0de l\u2019AFA, prepara casals d\u2019estiu per als nens i nenes interessats. Amb monitors i monitores que els preparen divertides activitats i tallers, excursions i activitats d\u2019aigua per no passar tanta calor.<\/p>\n<ul>\n<li>Dates\n<ul>\n<li>\u00daltima setmana de juny<\/li>\n<li>Tot el mes de juliol<\/li>\n<\/ul>\n<\/li>\n<li>Horari\n<ul>\n<li>Opci\u00f3 mat\u00ed: De 9:00 a 13:00<\/li>\n<li>Opci\u00f3 mat\u00ed i dinar: De 9:00 a 15:00<\/li>\n<\/ul>\n<\/li>\n<li>Extres\n<ul>\n<li>Acollida mat\u00ed: De 8:00 a 9:00 (si hi han apuntats suficients nens)<\/li>\n<\/ul>\n<\/li>\n<\/ul>\n<h2>Jornada intensiva<\/h2>\n<p><a href=\"https:\/\/agora.xtec.cat\/ceip-puigberenguer\/wp-content\/uploads\/usu1000\/2022\/05\/Intensiva.jpg\"><img loading=\"lazy\" decoding=\"async\" class=\" wp-image-8889 alignright\" src=\"https:\/\/agora.xtec.cat\/ceip-puigberenguer\/wp-content\/uploads\/usu1000\/2022\/05\/Intensiva.jpg\" alt=\"\" width=\"259\" height=\"368\" srcset=\"https:\/\/agora.xtec.cat\/ceip-puigberenguer\/wp-content\/uploads\/usu1000\/2022\/05\/Intensiva.jpg 511w, https:\/\/agora.xtec.cat\/ceip-puigberenguer\/wp-content\/uploads\/usu1000\/2022\/05\/Intensiva-211x300.jpg 211w\" sizes=\"auto, (max-width: 259px) 100vw, 259px\" \/><\/a>Durant els \u00faltims dies de juny, a l\u2019escola es fa jornada intensiva, i els nens i nenes pleguen a les 13:00h o a les 15:00h si es queden a dinar.<\/p>\n<p>Per a ajudar a les fam\u00edlies que ho desitgin, des de l\u2019AFA es preparen activitats des de les 15:00h fins a les 16:30h.<\/p>\n","protected":false},"excerpt":{"rendered":"<p>Servei Despertador<br \/>\nEl\u00a0servei despertador\u00a0o\u00a0servei d\u2019acollida matinal, permet a les fam\u00edlies que necessitin deixar els seus fills a l\u2019escola abans de les 9h del mat\u00ed. El servei est\u00e0 gestionat per la\u00a0comissi\u00f3 de servei despertador i casals\u00a0de l\u2019AFA de l\u2019escola i compta amb un equip de monitors i&hellip;  <a href=\"https:\/\/agora.xtec.cat\/ceip-puigberenguer\/afa\/serveis\/comissio-de-servei-despertador-i-casals\/\" title=\"Read Comissi\u00f3 de Servei Despertador i Casals\">Llegeix m\u00e9s\u00bb<\/a><\/p>\n","protected":false},"author":3,"featured_media":0,"parent":7834,"menu_order":3,"comment_status":"closed","ping_status":"closed","template":"page-templates\/side-menu.php","meta":{"_bbp_topic_count":0,"_bbp_reply_count":0,"_bbp_total_topic_count":0,"_bbp_total_reply_count":0,"_bbp_voice_count":0,"_bbp_anonymous_reply_count":0,"_bbp_topic_count_hidden":0,"_bbp_reply_count_hidden":0,"_bbp_forum_subforum_count":0,"footnotes":""},"class_list":["post-1608","page","type-page","status-publish","hentry"],"post_mailing_queue_ids":[],"_links":{"self":[{"href":"https:\/\/agora.xtec.cat\/ceip-puigberenguer\/wp-json\/wp\/v2\/pages\/1608","targetHints":{"allow":["GET"]}}],"collection":[{"href":"https:\/\/agora.xtec.cat\/ceip-puigberenguer\/wp-json\/wp\/v2\/pages"}],"about":[{"href":"https:\/\/agora.xtec.cat\/ceip-puigberenguer\/wp-json\/wp\/v2\/types\/page"}],"author":[{"embeddable":true,"href":"https:\/\/agora.xtec.cat\/ceip-puigberenguer\/wp-json\/wp\/v2\/users\/3"}],"replies":[{"embeddable":true,"href":"https:\/\/agora.xtec.cat\/ceip-puigberenguer\/wp-json\/wp\/v2\/comments?post=1608"}],"version-history":[{"count":5,"href":"https:\/\/agora.xtec.cat\/ceip-puigberenguer\/wp-json\/wp\/v2\/pages\/1608\/revisions"}],"predecessor-version":[{"id":10527,"href":"https:\/\/agora.xtec.cat\/ceip-puigberenguer\/wp-json\/wp\/v2\/pages\/1608\/revisions\/10527"}],"up":[{"embeddable":true,"href":"https:\/\/agora.xtec.cat\/ceip-puigberenguer\/wp-json\/wp\/v2\/pages\/7834"}],"wp:attachment":[{"href":"https:\/\/agora.xtec.cat\/ceip-puigberenguer\/wp-json\/wp\/v2\/media?parent=1608"}],"curies":[{"name":"wp","href":"https:\/\/api.w.org\/{rel}","templated":true}]}}