{"id":1071,"date":"2017-11-30T16:49:32","date_gmt":"2017-11-30T15:49:32","guid":{"rendered":"http:\/\/agora.xtec.cat\/ceip-pins\/?page_id=1071"},"modified":"2022-10-05T22:02:37","modified_gmt":"2022-10-05T20:02:37","slug":"gt_menjador_i_temps_de_lleure","status":"publish","type":"page","link":"https:\/\/agora.xtec.cat\/ceip-pins\/afa\/gt_menjador_i_temps_de_lleure\/","title":{"rendered":"GT Menjador i Temps de lleure"},"content":{"rendered":"<p><a href=\"https:\/\/agora.xtec.cat\/ceip-pins\/afa\/gt_menjador_i_temps_de_lleure\/menjador\/\">&gt; Organitzaci\u00f3 del menjador<\/a><\/p>\n<p><b><span lang=\"CA\">L\u2019AFA gestiona el temps\u00a0de migdia\u00a0de l\u2019escola Pins del Vall\u00e8s. L\u2019horari del temps de migdia \u00e9s de les 12.30\u00a0a les 15.00 hores de tots els dies lectius.<\/span><\/b><span lang=\"CA\">\u00a0Aquest per\u00edode \u00e9s un ter\u00e7 del temps que els infants s\u00f3n a l\u2019escola i \u00e9s una gran oportunitat per gaudir del temps de lleure a l\u2019entorn natural de la nostra escola.<\/span><\/p>\n<p><span lang=\"CA\">Durant el temps de migdia, \u00a0nenes i nens gaudeixen d\u2019activitats dirigides (escoles esportives o cant coral), activitats guiades (rac\u00f3 de la creativitat o discoteca) o poden treballar amb material de lliure acc\u00e9s (galledes i pales, cordes per saltar, contes, pilotes de b\u00e0squet, futbol, pitxi, raquetes de tenis taula o\u00a0patinets). L\u2019alumnat tamb\u00e9 pot gaudir de l&#8217;espai i el temps lliurement.<u><\/u><\/span><\/p>\n<p><b><span lang=\"CA\">En l\u2019organitzaci\u00f3 del <a href=\"https:\/\/agora.xtec.cat\/ceip-pins\/afa\/gt_menjador_i_temps_de_lleure\/lleure-educatiu\/\">temps de migdia,<\/a> l\u2019AFA treballa conjuntament i constantment amb la direcci\u00f3 de l\u2019escola.<\/span><\/b><span lang=\"CA\"> L\u2019objectiu d&#8217;aquesta col\u00b7laboraci\u00f3 \u00e9s mantenir una continu\u00eftat del Projecte Educatiu de Centre i compartir els principis de conviv\u00e8ncia<\/span><span lang=\"CA\">: respecte, cooperaci\u00f3, coeducaci\u00f3, servei o educaci\u00f3 en valors. D&#8217;aquesta manera, es pret\u00e9n treballar i conviure amb aquests valors com a refer\u00e8ncia quotidiana dels infants a la nostra escola.<\/span><\/p>\n<p><b><span lang=\"CA\">L\u2019AFA tamb\u00e9 gestiona el <a href=\"https:\/\/agora.xtec.cat\/ceip-pins\/afa\/gt_menjador_i_temps_de_lleure\/menjador\/\">servei de menjador<\/a><\/span><\/b><span lang=\"CA\">.\u00a0La direcci\u00f3 i la coordinaci\u00f3 directa del menjador garanteix una alimentaci\u00f3 saludable i de qualitat, oferint el m\u00e0xim d\u2019aliments frescos i de proximitat.<\/span><\/p>\n<p><span lang=\"CA\">D&#8217;altra banda, es treballen h\u00e0bits alimentaris estimulant l\u2019autonomia de la canalla i treballant l\u2019inter\u00e8s per una alimentaci\u00f3 saludable. Al mateix temps, es promou gaudir de l\u2019acte social que suposa el fet de dinar i de compartir l&#8217;\u00e0pat amb els companys i companyes.<\/span><\/p>\n<p><span lang=\"CA\">Finalment,\u00a0<b>l\u2019AFA gestiona els dies de <a href=\"https:\/\/agora.xtec.cat\/ceip-pins\/afa\/gt_menjador_i_temps_de_lleure\/jornada-intensiva\/\">jornada intensiva<\/a> a l\u2019escola<\/b>\u00a0(\u00faltim dia de Nadal i\u00a0tot el\u00a0mes de juny i setembre).\u00a0<\/span><span lang=\"CA\">Aix\u00f2 implica la gesti\u00f3 del temps de nens i nenes des de les 13.00 a les 16.30 hores &#8211; organitzant activitats adequades al clima i l\u2019edat- per tal de facilitar la\u00a0conciliaci\u00f3\u00a0de la vida familiar i laboral.\u00a0<\/span><\/p>\n<p><span lang=\"CA\">Totes les activitats dins aquests horaris s\u00f3n possibles gr\u00e0cies a monitores i monitors o, en el cas de les activitats dirigides, a personal especialitzat.<\/span><\/p>\n","protected":false},"excerpt":{"rendered":"<p><a href=\"https:\/\/agora.xtec.cat\/ceip-pins\/afa\/gt_menjador_i_temps_de_lleure\/menjador\/\">&gt; Organitzaci\u00f3 del menjador<\/a><br \/>\nL\u2019AFA gestiona el temps\u00a0de migdia\u00a0de l\u2019escola Pins del Vall\u00e8s. L\u2019horari del temps de migdia \u00e9s de les 12.30\u00a0a les 15.00 hores de tots els dies lectius.\u00a0Aquest per\u00edode \u00e9s un ter\u00e7 del temps que els infants s\u00f3n a l\u2019escola i \u00e9s una&hellip;  <a href=\"https:\/\/agora.xtec.cat\/ceip-pins\/afa\/gt_menjador_i_temps_de_lleure\/\" title=\"Read GT Menjador i Temps de lleure\">Llegeix m\u00e9s\u00bb<\/a><\/p>\n","protected":false},"author":3,"featured_media":0,"parent":1069,"menu_order":1,"comment_status":"closed","ping_status":"closed","template":"page-templates\/side-menu.php","meta":{"_bbp_topic_count":0,"_bbp_reply_count":0,"_bbp_total_topic_count":0,"_bbp_total_reply_count":0,"_bbp_voice_count":0,"_bbp_anonymous_reply_count":0,"_bbp_topic_count_hidden":0,"_bbp_reply_count_hidden":0,"_bbp_forum_subforum_count":0,"footnotes":""},"class_list":["post-1071","page","type-page","status-publish","hentry"],"post_mailing_queue_ids":[],"_links":{"self":[{"href":"https:\/\/agora.xtec.cat\/ceip-pins\/wp-json\/wp\/v2\/pages\/1071","targetHints":{"allow":["GET"]}}],"collection":[{"href":"https:\/\/agora.xtec.cat\/ceip-pins\/wp-json\/wp\/v2\/pages"}],"about":[{"href":"https:\/\/agora.xtec.cat\/ceip-pins\/wp-json\/wp\/v2\/types\/page"}],"author":[{"embeddable":true,"href":"https:\/\/agora.xtec.cat\/ceip-pins\/wp-json\/wp\/v2\/users\/3"}],"replies":[{"embeddable":true,"href":"https:\/\/agora.xtec.cat\/ceip-pins\/wp-json\/wp\/v2\/comments?post=1071"}],"version-history":[{"count":4,"href":"https:\/\/agora.xtec.cat\/ceip-pins\/wp-json\/wp\/v2\/pages\/1071\/revisions"}],"predecessor-version":[{"id":9055,"href":"https:\/\/agora.xtec.cat\/ceip-pins\/wp-json\/wp\/v2\/pages\/1071\/revisions\/9055"}],"up":[{"embeddable":true,"href":"https:\/\/agora.xtec.cat\/ceip-pins\/wp-json\/wp\/v2\/pages\/1069"}],"wp:attachment":[{"href":"https:\/\/agora.xtec.cat\/ceip-pins\/wp-json\/wp\/v2\/media?parent=1071"}],"curies":[{"name":"wp","href":"https:\/\/api.w.org\/{rel}","templated":true}]}}