{"id":30,"date":"2022-09-01T00:00:23","date_gmt":"2022-08-31T22:00:23","guid":{"rendered":"http:\/\/agora.xtec.cat\/ceip-peredetera\/?page_id=30"},"modified":"2025-01-17T16:51:17","modified_gmt":"2025-01-17T15:51:17","slug":"instal%c2%b7lacions","status":"publish","type":"page","link":"https:\/\/agora.xtec.cat\/ceip-peredetera\/lescola\/instal%c2%b7lacions\/","title":{"rendered":"Instal\u00b7lacions"},"content":{"rendered":"<p><span style=\"color: #000000;\">La nostra escola est\u00e0 distribuida en dos edificis:<\/span><\/p>\n<ul style=\"list-style-type: square;\">\n<li><span style=\"color: #000000;\">Un edifici d&#8217;Educaci\u00f3 Prim\u00e0ria.<\/span><\/li>\n<li><span style=\"color: #000000;\">Un edifici d&#8217;Educaci\u00f3 Infantil.<\/span><\/li>\n<\/ul>\n<div>\n<p><span style=\"color: #000000;\">Les instal\u00b7lacions que disposen els nostres alumnes s\u00f3n:<\/span><\/p>\n<table class=\" aligncenter\" style=\"height: 931px; width: 99.2732%; border-collapse: collapse; border-style: hidden;\">\n<tbody>\n<tr style=\"height: 48px;\">\n<td style=\"width: 37.4345%; height: 42px; background-color: #ffffff; border-style: hidden;\"><span style=\"color: #000000;\">\u00b7 Menjador amb cuina pr\u00f2pia<\/span><\/td>\n<td style=\"width: 40.5637%; height: 42px; border-style: hidden;\"><span style=\"color: #000000;\">\u00b7 Diversos patis (pati d&#8217;Educaci\u00f3 Infantil i pati d&#8217;Educaci\u00f3 Prim\u00e0ria)<\/span><\/td>\n<\/tr>\n<tr style=\"height: 302px;\">\n<td style=\"width: 37.4345%; height: 285px; background-color: #ffffff; border-style: hidden;\"><a href=\"http:\/\/agora.xtec.cat\/ceip-peredetera\/wp-content\/uploads\/usu1268\/2014\/09\/Cuina.jpg\"><span style=\"color: #000000;\"><img loading=\"lazy\" decoding=\"async\" class=\"wp-image-1011 alignnone\" src=\"http:\/\/agora.xtec.cat\/ceip-peredetera\/wp-content\/uploads\/usu1268\/2014\/09\/Cuina.jpg\" alt=\"\" width=\"409\" height=\"307\" srcset=\"https:\/\/agora.xtec.cat\/ceip-peredetera\/wp-content\/uploads\/usu1268\/2014\/09\/Cuina.jpg 448w, https:\/\/agora.xtec.cat\/ceip-peredetera\/wp-content\/uploads\/usu1268\/2014\/09\/Cuina-300x225.jpg 300w, https:\/\/agora.xtec.cat\/ceip-peredetera\/wp-content\/uploads\/usu1268\/2014\/09\/Cuina-200x150.jpg 200w\" sizes=\"auto, (max-width: 409px) 100vw, 409px\" \/><\/span><\/a><\/td>\n<td style=\"width: 40.5637%; height: 285px; background-color: #ffffff; border-style: hidden;\"><img loading=\"lazy\" decoding=\"async\" class=\"wp-image-6682 alignnone\" src=\"https:\/\/agora.xtec.cat\/ceip-peredetera\/wp-content\/uploads\/usu1268\/2022\/11\/IMG_3217-225x300.jpg\" alt=\"\" width=\"241\" height=\"321\" srcset=\"https:\/\/agora.xtec.cat\/ceip-peredetera\/wp-content\/uploads\/usu1268\/2022\/11\/IMG_3217-225x300.jpg 225w, https:\/\/agora.xtec.cat\/ceip-peredetera\/wp-content\/uploads\/usu1268\/2022\/11\/IMG_3217-rotated.jpg 480w\" sizes=\"auto, (max-width: 241px) 100vw, 241px\" \/><\/td>\n<\/tr>\n<tr style=\"height: 32px;\">\n<td style=\"width: 37.4345%; background-color: #ffffff; height: 32px; border-style: hidden;\"><span style=\"color: #000000;\">\u00b7 Vestuaris<\/span><\/td>\n<td style=\"width: 40.5637%; background-color: #ffffff; height: 32px; border-style: hidden;\"><span style=\"color: #000000;\">\u00b7\u00a0 Gimn\u00e0s<\/span><\/td>\n<\/tr>\n<tr style=\"height: 32px;\">\n<td style=\"width: 37.4345%; background-color: #ffffff; height: 52px; border-style: hidden;\"><span style=\"color: #000000;\"><a href=\"https:\/\/agora.xtec.cat\/ceip-peredetera\/wp-content\/uploads\/usu1268\/2022\/11\/IMG_3216-rotated.jpg\"><img loading=\"lazy\" decoding=\"async\" class=\"wp-image-6681 alignnone\" src=\"https:\/\/agora.xtec.cat\/ceip-peredetera\/wp-content\/uploads\/usu1268\/2022\/11\/IMG_3216-225x300.jpg\" alt=\"\" width=\"334\" height=\"445\" srcset=\"https:\/\/agora.xtec.cat\/ceip-peredetera\/wp-content\/uploads\/usu1268\/2022\/11\/IMG_3216-225x300.jpg 225w, https:\/\/agora.xtec.cat\/ceip-peredetera\/wp-content\/uploads\/usu1268\/2022\/11\/IMG_3216-rotated.jpg 480w\" sizes=\"auto, (max-width: 334px) 100vw, 334px\" \/><\/a><\/span><\/td>\n<td style=\"width: 40.5637%; background-color: #ffffff; height: 52px; border-style: hidden;\"><a href=\"https:\/\/agora.xtec.cat\/ceip-peredetera\/wp-content\/uploads\/usu1268\/2022\/11\/IMG_3218-rotated.jpg\"><img loading=\"lazy\" decoding=\"async\" class=\"alignnone wp-image-6683\" src=\"https:\/\/agora.xtec.cat\/ceip-peredetera\/wp-content\/uploads\/usu1268\/2022\/11\/IMG_3218-225x300.jpg\" alt=\"\" width=\"338\" height=\"450\" srcset=\"https:\/\/agora.xtec.cat\/ceip-peredetera\/wp-content\/uploads\/usu1268\/2022\/11\/IMG_3218-225x300.jpg 225w, https:\/\/agora.xtec.cat\/ceip-peredetera\/wp-content\/uploads\/usu1268\/2022\/11\/IMG_3218-rotated.jpg 480w\" sizes=\"auto, (max-width: 338px) 100vw, 338px\" \/><\/a><\/td>\n<\/tr>\n<tr style=\"height: 32px;\">\n<td style=\"width: 37.4345%; background-color: #ffffff; height: 10px; border-style: hidden;\"><span style=\"color: #000000;\">\u00b7\u00a0 Aula d&#8217;inform\u00e0tica<\/span><\/td>\n<td style=\"width: 40.5637%; background-color: #ffffff; height: 10px; border-style: hidden;\"><span style=\"color: #000000;\">\u00b7 Aula de m\u00fasica<\/span><\/td>\n<\/tr>\n<tr style=\"height: 340px;\">\n<td style=\"width: 37.4345%; background-color: #ffffff; height: 340px; border-style: hidden;\"><span style=\"color: #000000;\"><a href=\"https:\/\/agora.xtec.cat\/ceip-peredetera\/wp-content\/uploads\/usu1268\/2022\/11\/IMG_3239-rotated.jpg\"><img loading=\"lazy\" decoding=\"async\" class=\"alignnone wp-image-6690\" src=\"https:\/\/agora.xtec.cat\/ceip-peredetera\/wp-content\/uploads\/usu1268\/2022\/11\/IMG_3239-225x300.jpg\" alt=\"\" width=\"304\" height=\"405\" srcset=\"https:\/\/agora.xtec.cat\/ceip-peredetera\/wp-content\/uploads\/usu1268\/2022\/11\/IMG_3239-225x300.jpg 225w, https:\/\/agora.xtec.cat\/ceip-peredetera\/wp-content\/uploads\/usu1268\/2022\/11\/IMG_3239-rotated.jpg 480w\" sizes=\"auto, (max-width: 304px) 100vw, 304px\" \/><\/a><\/span><\/td>\n<td style=\"width: 40.5637%; background-color: #ffffff; height: 340px; border-style: hidden;\"><span style=\"color: #000000;\"><a href=\"http:\/\/agora.xtec.cat\/ceip-peredetera\/wp-content\/uploads\/usu1268\/2014\/09\/M\u00fasica.jpg\"><img loading=\"lazy\" decoding=\"async\" class=\"wp-image-1017 alignnone\" src=\"http:\/\/agora.xtec.cat\/ceip-peredetera\/wp-content\/uploads\/usu1268\/2014\/09\/M\u00fasica.jpg\" alt=\"\" width=\"416\" height=\"312\" srcset=\"https:\/\/agora.xtec.cat\/ceip-peredetera\/wp-content\/uploads\/usu1268\/2014\/09\/M\u00fasica.jpg 448w, https:\/\/agora.xtec.cat\/ceip-peredetera\/wp-content\/uploads\/usu1268\/2014\/09\/M\u00fasica-300x225.jpg 300w, https:\/\/agora.xtec.cat\/ceip-peredetera\/wp-content\/uploads\/usu1268\/2014\/09\/M\u00fasica-200x150.jpg 200w\" sizes=\"auto, (max-width: 416px) 100vw, 416px\" \/><\/a><\/span><\/td>\n<\/tr>\n<tr style=\"height: 10px;\">\n<td style=\"width: 37.4345%; background-color: #ffffff; height: 10px; border-style: hidden;\"><span style=\"color: #000000;\">\u00b7 Dues aules d&#8217;educaci\u00f3 especial<\/span><\/td>\n<td style=\"width: 40.5637%; background-color: #ffffff; height: 10px; border-style: hidden;\"><span style=\"color: #000000;\">\u00b7 Aula de religi\u00f3<\/span><\/td>\n<\/tr>\n<tr style=\"height: 32px;\">\n<td style=\"width: 37.4345%; background-color: #ffffff; height: 32px; border-style: hidden;\"><a href=\"http:\/\/agora.xtec.cat\/ceip-peredetera\/wp-content\/uploads\/usu1268\/2014\/09\/EE.jpg\"><img loading=\"lazy\" decoding=\"async\" class=\"wp-image-1012 alignnone\" src=\"http:\/\/agora.xtec.cat\/ceip-peredetera\/wp-content\/uploads\/usu1268\/2014\/09\/EE.jpg\" alt=\"\" width=\"416\" height=\"312\" srcset=\"https:\/\/agora.xtec.cat\/ceip-peredetera\/wp-content\/uploads\/usu1268\/2014\/09\/EE.jpg 448w, https:\/\/agora.xtec.cat\/ceip-peredetera\/wp-content\/uploads\/usu1268\/2014\/09\/EE-300x225.jpg 300w, https:\/\/agora.xtec.cat\/ceip-peredetera\/wp-content\/uploads\/usu1268\/2014\/09\/EE-200x150.jpg 200w\" sizes=\"auto, (max-width: 416px) 100vw, 416px\" \/><\/a><\/td>\n<td style=\"width: 40.5637%; background-color: #ffffff; height: 32px; border-style: hidden;\"><a href=\"https:\/\/agora.xtec.cat\/ceip-peredetera\/wp-content\/uploads\/usu1268\/2022\/12\/IMG_3282-rotated.jpg\"><img loading=\"lazy\" decoding=\"async\" class=\"alignnone size-medium wp-image-6702\" src=\"https:\/\/agora.xtec.cat\/ceip-peredetera\/wp-content\/uploads\/usu1268\/2022\/12\/IMG_3282-225x300.jpg\" alt=\"\" width=\"225\" height=\"300\" srcset=\"https:\/\/agora.xtec.cat\/ceip-peredetera\/wp-content\/uploads\/usu1268\/2022\/12\/IMG_3282-225x300.jpg 225w, https:\/\/agora.xtec.cat\/ceip-peredetera\/wp-content\/uploads\/usu1268\/2022\/12\/IMG_3282-rotated.jpg 480w\" sizes=\"auto, (max-width: 225px) 100vw, 225px\" \/><\/a><\/td>\n<\/tr>\n<tr style=\"height: 32px;\">\n<td style=\"width: 37.4345%; background-color: #ffffff; height: 32px; border-style: hidden;\"><span style=\"color: #000000;\">\u00b7 Biblioteca<\/span><\/td>\n<td style=\"width: 40.5637%; background-color: #ffffff; height: 32px; border-style: hidden;\"><span style=\"color: #000000;\">\u00b7 Aula d&#8217;acollida<\/span><\/td>\n<\/tr>\n<tr style=\"height: 32px;\">\n<td style=\"width: 37.4345%; background-color: #ffffff; height: 32px; border-style: hidden;\"><span style=\"color: #000000;\"><a href=\"http:\/\/agora.xtec.cat\/ceip-peredetera\/wp-content\/uploads\/usu1268\/2014\/09\/Biblioteca.jpg\"><img loading=\"lazy\" decoding=\"async\" class=\"wp-image-1010 alignnone\" src=\"http:\/\/agora.xtec.cat\/ceip-peredetera\/wp-content\/uploads\/usu1268\/2014\/09\/Biblioteca.jpg\" alt=\"\" width=\"424\" height=\"318\" srcset=\"https:\/\/agora.xtec.cat\/ceip-peredetera\/wp-content\/uploads\/usu1268\/2014\/09\/Biblioteca.jpg 448w, https:\/\/agora.xtec.cat\/ceip-peredetera\/wp-content\/uploads\/usu1268\/2014\/09\/Biblioteca-300x225.jpg 300w, https:\/\/agora.xtec.cat\/ceip-peredetera\/wp-content\/uploads\/usu1268\/2014\/09\/Biblioteca-200x150.jpg 200w\" sizes=\"auto, (max-width: 424px) 100vw, 424px\" \/><\/a><\/span><\/td>\n<td style=\"width: 40.5637%; background-color: #ffffff; height: 32px; border-style: hidden;\"><a href=\"https:\/\/agora.xtec.cat\/ceip-peredetera\/wp-content\/uploads\/usu1268\/2022\/12\/IMG_3283-rotated.jpg\"><img loading=\"lazy\" decoding=\"async\" class=\"alignnone size-medium wp-image-6705\" src=\"https:\/\/agora.xtec.cat\/ceip-peredetera\/wp-content\/uploads\/usu1268\/2022\/12\/IMG_3283-225x300.jpg\" alt=\"\" width=\"225\" height=\"300\" srcset=\"https:\/\/agora.xtec.cat\/ceip-peredetera\/wp-content\/uploads\/usu1268\/2022\/12\/IMG_3283-225x300.jpg 225w, https:\/\/agora.xtec.cat\/ceip-peredetera\/wp-content\/uploads\/usu1268\/2022\/12\/IMG_3283-rotated.jpg 480w\" sizes=\"auto, (max-width: 225px) 100vw, 225px\" \/><\/a><\/td>\n<\/tr>\n<tr style=\"height: 32px;\">\n<td style=\"width: 37.4345%; background-color: #ffffff; height: 32px; border-style: hidden;\"><\/td>\n<td style=\"width: 40.5637%; background-color: #ffffff; height: 32px; border-style: hidden;\"><\/td>\n<\/tr>\n<tr style=\"height: 32px;\">\n<td style=\"width: 37.4345%; background-color: #ffffff; height: 32px; border-style: hidden;\"><span style=\"color: #000000;\">\u00a0<\/span><\/td>\n<td style=\"width: 40.5637%; background-color: #ffffff; height: 32px; border-style: hidden;\"><\/td>\n<\/tr>\n<\/tbody>\n<\/table>\n<\/div>\n<p>&nbsp;<\/p>\n<p>&nbsp;<\/p>\n<p>&nbsp;<\/p>\n<p>&nbsp;<\/p>\n<p>&nbsp;<\/p>\n<p>&nbsp;<\/p>\n<p>&nbsp;<\/p>\n<p>&nbsp;<\/p>\n<p>&nbsp;<\/p>\n<p>&nbsp;<\/p>\n<p><span style=\"color: #000000;\">\u00a0<\/span><\/p>\n<p>&nbsp;<\/p>\n<p>&nbsp;<\/p>\n<p>&nbsp;<\/p>\n<p>&nbsp;<\/p>\n<p>&nbsp;<\/p>\n<p>&nbsp;<\/p>\n<p>&nbsp;<\/p>\n<p>&nbsp;<\/p>\n<p>&nbsp;<\/p>\n<p>&nbsp;<\/p>\n<p>&nbsp;<\/p>\n<p>&nbsp;<\/p>\n<p>&nbsp;<\/p>\n<p>&nbsp;<\/p>\n<p>&nbsp;<\/p>\n<p>&nbsp;<\/p>\n<p>&nbsp;<\/p>\n<p>&nbsp;<\/p>\n<p>&nbsp;<\/p>\n<p>&nbsp;<\/p>\n<p>Si voleu veure m\u00e9s coses, cliqueu en aquest <a href=\"https:\/\/photos.app.goo.gl\/3ZuB8c5f4VnaJ89i2\">enlla\u00e7<\/a>.<\/p>\n<div class=\"gtranslate_wrapper\"><\/div>\n<p><script>window.gtranslateSettings = {\"default_language\":\"ca\",\"native_language_names\":true,\"languages\":[\"ca\",\"ar\",\"hy\",\"be\",\"zh-CN\",\"zh-TW\",\"en\",\"fr\",\"ka\",\"nl\",\"ur\",\"it\",\"pl\",\"pt\",\"pa\",\"ro\",\"ru\",\"es\",\"uk\",\"yi\",\"hi\"],\"wrapper_selector\":\".gtranslate_wrapper\"}<\/script><br \/>\n<script src=\"https:\/\/cdn.gtranslate.net\/widgets\/latest\/float.js\" defer><\/script><\/p>\n","protected":false},"excerpt":{"rendered":"<p>La nostra escola est\u00e0 distribuida en dos edificis: Un edifici d&#8217;Educaci\u00f3 Prim\u00e0ria. Un edifici d&#8217;Educaci\u00f3 Infantil. Les instal\u00b7lacions que disposen els nostres alumnes s\u00f3n: \u00b7 Menjador amb cuina pr\u00f2pia \u00b7 Diversos patis (pati d&#8217;Educaci\u00f3 Infantil i pati d&#8217;Educaci\u00f3 Prim\u00e0ria) \u00b7 Vestuaris \u00b7\u00a0 Gimn\u00e0s \u00b7\u00a0 Aula d&#8217;inform\u00e0tica \u00b7 Aula de m\u00fasica \u00b7 Dues aules d&#8217;educaci\u00f3 especial [&hellip;]<\/p>\n","protected":false},"author":1,"featured_media":0,"parent":22,"menu_order":40,"comment_status":"closed","ping_status":"closed","template":"page-templates\/side-menu.php","meta":{"_bbp_topic_count":0,"_bbp_reply_count":0,"_bbp_total_topic_count":0,"_bbp_total_reply_count":0,"_bbp_voice_count":0,"_bbp_anonymous_reply_count":0,"_bbp_topic_count_hidden":0,"_bbp_reply_count_hidden":0,"_bbp_forum_subforum_count":0,"site-sidebar-layout":"default","site-content-layout":"","ast-site-content-layout":"","site-content-style":"default","site-sidebar-style":"default","ast-global-header-display":"","ast-banner-title-visibility":"","ast-main-header-display":"","ast-hfb-above-header-display":"","ast-hfb-below-header-display":"","ast-hfb-mobile-header-display":"","site-post-title":"","ast-breadcrumbs-content":"","ast-featured-img":"","footer-sml-layout":"","theme-transparent-header-meta":"","adv-header-id-meta":"","stick-header-meta":"","header-above-stick-meta":"","header-main-stick-meta":"","header-below-stick-meta":"","astra-migrate-meta-layouts":"default","ast-page-background-enabled":"default","ast-page-background-meta":{"desktop":{"background-color":"var(--ast-global-color-4)","background-image":"","background-repeat":"repeat","background-position":"center center","background-size":"auto","background-attachment":"scroll","background-type":"","background-media":"","overlay-type":"","overlay-color":"","overlay-opacity":"","overlay-gradient":""},"tablet":{"background-color":"","background-image":"","background-repeat":"repeat","background-position":"center center","background-size":"auto","background-attachment":"scroll","background-type":"","background-media":"","overlay-type":"","overlay-color":"","overlay-opacity":"","overlay-gradient":""},"mobile":{"background-color":"","background-image":"","background-repeat":"repeat","background-position":"center center","background-size":"auto","background-attachment":"scroll","background-type":"","background-media":"","overlay-type":"","overlay-color":"","overlay-opacity":"","overlay-gradient":""}},"ast-content-background-meta":{"desktop":{"background-color":"var(--ast-global-color-5)","background-image":"","background-repeat":"repeat","background-position":"center center","background-size":"auto","background-attachment":"scroll","background-type":"","background-media":"","overlay-type":"","overlay-color":"","overlay-opacity":"","overlay-gradient":""},"tablet":{"background-color":"var(--ast-global-color-5)","background-image":"","background-repeat":"repeat","background-position":"center center","background-size":"auto","background-attachment":"scroll","background-type":"","background-media":"","overlay-type":"","overlay-color":"","overlay-opacity":"","overlay-gradient":""},"mobile":{"background-color":"var(--ast-global-color-5)","background-image":"","background-repeat":"repeat","background-position":"center center","background-size":"auto","background-attachment":"scroll","background-type":"","background-media":"","overlay-type":"","overlay-color":"","overlay-opacity":"","overlay-gradient":""}},"footnotes":""},"class_list":["post-30","page","type-page","status-publish","hentry"],"post_mailing_queue_ids":[],"_links":{"self":[{"href":"https:\/\/agora.xtec.cat\/ceip-peredetera\/wp-json\/wp\/v2\/pages\/30","targetHints":{"allow":["GET"]}}],"collection":[{"href":"https:\/\/agora.xtec.cat\/ceip-peredetera\/wp-json\/wp\/v2\/pages"}],"about":[{"href":"https:\/\/agora.xtec.cat\/ceip-peredetera\/wp-json\/wp\/v2\/types\/page"}],"author":[{"embeddable":true,"href":"https:\/\/agora.xtec.cat\/ceip-peredetera\/wp-json\/wp\/v2\/users\/1"}],"replies":[{"embeddable":true,"href":"https:\/\/agora.xtec.cat\/ceip-peredetera\/wp-json\/wp\/v2\/comments?post=30"}],"version-history":[{"count":6,"href":"https:\/\/agora.xtec.cat\/ceip-peredetera\/wp-json\/wp\/v2\/pages\/30\/revisions"}],"predecessor-version":[{"id":7469,"href":"https:\/\/agora.xtec.cat\/ceip-peredetera\/wp-json\/wp\/v2\/pages\/30\/revisions\/7469"}],"up":[{"embeddable":true,"href":"https:\/\/agora.xtec.cat\/ceip-peredetera\/wp-json\/wp\/v2\/pages\/22"}],"wp:attachment":[{"href":"https:\/\/agora.xtec.cat\/ceip-peredetera\/wp-json\/wp\/v2\/media?parent=30"}],"curies":[{"name":"wp","href":"https:\/\/api.w.org\/{rel}","templated":true}]}}