{"id":71,"date":"2014-09-18T12:44:56","date_gmt":"2014-09-18T11:44:56","guid":{"rendered":"http:\/\/agora.xtec.cat\/ceip-onzedesetembre\/?page_id=71"},"modified":"2025-09-03T14:50:44","modified_gmt":"2025-09-03T12:50:44","slug":"serveis-digitals","status":"publish","type":"page","link":"https:\/\/agora.xtec.cat\/ceip-onzedesetembre\/lescola\/serveis-digitals\/","title":{"rendered":"Qui som"},"content":{"rendered":"<p><strong><span style=\"text-decoration: underline;\">EQUIP DIRECTIU<\/span>:<\/strong><\/p>\n<pre>Directora: Puri Cabello\r\n\r\nCap d'estudis de Prim\u00e0ria: Mila Quintana\r\n\r\nSecretari: Roger Barnusell\r\n\r\nCoordinador pedag\u00f2gic: Jose Esparza<\/pre>\n<p>&nbsp;<\/p>\n<p><strong><span style=\"text-decoration: underline;\">CLAUSTRE DE PROFESSORS<\/span>:<\/strong><\/p>\n<pre>EI-3: Meme Santa - Marina Carrillo (TEI)\r\n\r\nEI-4: Mireia Sampietro\r\n\r\nEI-5: Montse Rodrigo\r\n\r\n1r-A: Marta Rusi\u00f1ol\r\n\r\n2n-A: Mati Jim\u00e9nez\r\n\r\n3r-A: Marta Marcet\r\n\r\n4t-A: Jacqueline Prieto\r\n\r\n4t-B: Judith Gargallo\r\n\r\n5\u00e8 A: Miguel \u00c1ngel Gallego\r\n6\u00e8 A: Eva Buxadera\r\n\r\n1r A ESO: Neus Sastre\r\n\r\n1r B ESO: Marc Toril\r\n\r\n2n A ESO: Andrea Pereira\r\n\r\n<\/pre>\n<pre>3r A ESO: Oscar Salvador\r\n\r\n3r B ESO: Mateu Ferran\r\n\r\n4t ESO-A: Claudia \u00c1lvarez\r\n\r\n\r\n<\/pre>\n<p><span style=\"text-decoration: underline;\"><strong>Especialistes de prim\u00e0ria i\/o infantil<\/strong><\/span><\/p>\n<pre>Infantil: Lidia Amate\r\n\r\nInfantil: Irene Trapero\r\n\r\nEducaci\u00f3 F\u00edsica: Manolo Cordero \r\n\r\nM\u00fasica: Anna Garces\r\n\r\nAngl\u00e8s: S\u00edlvia Castell\u00f3\r\n\r\nMESI: Olga Vila\r\n\r\n<\/pre>\n<pre>ALL: Marta Brugat i Elisabet Paez\r\n\r\n<\/pre>\n<pre>Religi\u00f3: Eva Carreres\r\n\r\nCap de Departament d'Educaci\u00f3 F\u00edsica: Manolo Cordero\r\n\r\nCoordinadora d'Infantil: Montse Rodrigo\r\n\r\nCoordinadores de Prim\u00e0ria: S\u00edlvia Castell\u00f3\r\n\r\nCoordinador digital: Miguel \u00c1ngel Gallego\r\n\r\nCoordinadora web: Mati Jim\u00e9nez\r\n\r\nCoordinadora d'espais: Mireia Sampietro\r\n\r\nCoordinadora de Biblioteca: Lidia Amate<\/pre>\n<p>&nbsp;<\/p>\n<p><span style=\"text-decoration: underline;\"><strong>Especialistes d&#8217;ESO<\/strong><\/span>:<\/p>\n<pre>M\u00fasica: Neus Sastre\r\n\r\nMatem\u00e0tiques: Mariona Par\u00e9s\r\n\r\nEconomia i matem\u00e0tiques: Cl\u00e0udia \u00c1lvarez\r\n\r\n<\/pre>\n<pre>Tecnologia: Puri Cabello i Mireia Jov\u00e9\r\n\r\n<\/pre>\n<pre>F\u00edsica i Qu\u00edmica: Montse Dominguez\r\n\r\nAngl\u00e8s: Albert Ca\u00f1adas\r\n\r\nLlengua catalana i Filosofia: Mateu Ferran\r\n\r\n<\/pre>\n<pre>Llengua castellana: Francisco Jos\u00e9 Moreno\r\n\r\n<\/pre>\n<pre>Geografia i Hist\u00f2ria: Ivonne Castro\r\n\r\nBiologia i Geologia: Oscar Salvador\r\n\r\n<\/pre>\n<pre>Visual i pl\u00e0stica, dibuix: Maria Chillida\r\n\r\nRefor\u00e7 de lleng\u00fces: Neus Galiana\r\n\r\n<\/pre>\n<pre>Orientaci\u00f3 educativa: Cristina Vall-Llosera i Francisco Jos\u00e9 Gonz\u00e1lez\r\n\r\n<\/pre>\n<pre>Coordinador LIC: Mateu Ferran\r\n\r\nCoordinadora  d'atenci\u00f3 a la diversitat: Cristina Vall-Llosera\r\n\r\n<\/pre>\n<pre>Coordinadora de projectes d'intercanvi de lleng\u00fces estrangeres: Laura Cantero\r\n\r\n<\/pre>\n<pre>Coordinadora Clickedu: Mariona Par\u00e9s\r\n\r\nCap de Departament de m\u00fasica: Neus Sastre\r\n\r\nCOCOBE: Neus Sastre\r\n\r\n\r\n<strong>EAP: <\/strong>Cristina Faura<\/pre>\n<p>&nbsp;<\/p>\n<p><strong><span style=\"text-decoration: underline;\">PERSONAL NO DOCENT<\/span>:<\/strong><\/p>\n<pre>Conserge: Marisa Lorente i N\u00faria S\u00e1nchez.\r\n\r\nAdministraci\u00f3: Laura Ruiz\r\n\r\nCoordinador de Menjador: Noelia Almiron\r\n\r\nCoordinador d'Extraescolars: Albert Tarr\u00e9s\r\n\r\n<\/pre>\n","protected":false},"excerpt":{"rendered":"<p>EQUIP DIRECTIU:<br \/>\nDirectora: Puri Cabello<\/p>\n<p>Cap d&#8217;estudis de Prim\u00e0ria: Mila Quintana<\/p>\n<p>Secretari: Roger Barnusell<\/p>\n<p>Coordinador pedag\u00f2gic: Jose Esparza<br \/>\n&nbsp;<br \/>\nCLAUSTRE DE PROFESSORS:<br \/>\nEI-3: Meme Santa &#8211; Marina Carrillo (TEI)<\/p>\n<p>EI-4: Mireia Sampietro<\/p>\n<p>EI-5: Montse Rodrigo<\/p>\n<p>1r-A: Marta Rusi\u00f1ol<\/p>\n<p>2n-A: Mati Jim\u00e9nez<\/p>\n<p>3r-A: Marta Marcet<\/p>\n<p>4t-A: Jacqueline Prieto<\/p>\n<p>4t-B: Judith Gargallo<\/p>\n<p>5\u00e8 A: Miguel \u00c1ngel Gallego<br \/>\n6\u00e8 A: Eva Buxadera<\/p>\n<p>1r A ESO:&hellip;  <a href=\"https:\/\/agora.xtec.cat\/ceip-onzedesetembre\/lescola\/serveis-digitals\/\" title=\"Read Qui som\">Llegeix m\u00e9s\u00bb<\/a><\/p>\n","protected":false},"author":1,"featured_media":0,"parent":22,"menu_order":10,"comment_status":"closed","ping_status":"closed","template":"page-templates\/side-menu.php","meta":{"_bbp_topic_count":0,"_bbp_reply_count":0,"_bbp_total_topic_count":0,"_bbp_total_reply_count":0,"_bbp_voice_count":0,"_bbp_anonymous_reply_count":0,"_bbp_topic_count_hidden":0,"_bbp_reply_count_hidden":0,"_bbp_forum_subforum_count":0,"footnotes":""},"class_list":["post-71","page","type-page","status-publish","hentry"],"post_mailing_queue_ids":[],"_links":{"self":[{"href":"https:\/\/agora.xtec.cat\/ceip-onzedesetembre\/wp-json\/wp\/v2\/pages\/71","targetHints":{"allow":["GET"]}}],"collection":[{"href":"https:\/\/agora.xtec.cat\/ceip-onzedesetembre\/wp-json\/wp\/v2\/pages"}],"about":[{"href":"https:\/\/agora.xtec.cat\/ceip-onzedesetembre\/wp-json\/wp\/v2\/types\/page"}],"author":[{"embeddable":true,"href":"https:\/\/agora.xtec.cat\/ceip-onzedesetembre\/wp-json\/wp\/v2\/users\/1"}],"replies":[{"embeddable":true,"href":"https:\/\/agora.xtec.cat\/ceip-onzedesetembre\/wp-json\/wp\/v2\/comments?post=71"}],"version-history":[{"count":7,"href":"https:\/\/agora.xtec.cat\/ceip-onzedesetembre\/wp-json\/wp\/v2\/pages\/71\/revisions"}],"predecessor-version":[{"id":3391,"href":"https:\/\/agora.xtec.cat\/ceip-onzedesetembre\/wp-json\/wp\/v2\/pages\/71\/revisions\/3391"}],"up":[{"embeddable":true,"href":"https:\/\/agora.xtec.cat\/ceip-onzedesetembre\/wp-json\/wp\/v2\/pages\/22"}],"wp:attachment":[{"href":"https:\/\/agora.xtec.cat\/ceip-onzedesetembre\/wp-json\/wp\/v2\/media?parent=71"}],"curies":[{"name":"wp","href":"https:\/\/api.w.org\/{rel}","templated":true}]}}