{"id":258,"date":"2016-03-26T01:14:54","date_gmt":"2016-03-26T00:14:54","guid":{"rendered":"http:\/\/agora.xtec.cat\/ceip-onzedesetembre\/?page_id=258"},"modified":"2024-05-13T16:16:02","modified_gmt":"2024-05-13T14:16:02","slug":"normes-deducacio-primaria","status":"publish","type":"page","link":"https:\/\/agora.xtec.cat\/ceip-onzedesetembre\/normes-deducacio-primaria\/","title":{"rendered":"Normes d&#8217;Educaci\u00f3 Prim\u00e0ria"},"content":{"rendered":"<h4>Us fem arribar aquest recull de normes i h\u00e0bits per tal d\u2019aconseguir una bona coordinaci\u00f3 entre la fam\u00edlia i l\u2019escola amb l\u2019objectiu com\u00fa d\u2019una educaci\u00f3 integral dels vostres fills i filles.<\/h4>\n<p>&nbsp;<\/p>\n<p><strong><span style=\"text-decoration: underline;\">ENTRADES I SORTIDES<\/span><\/strong><br \/>\nL\u2019entrada \u00e9s a les 9h del mat\u00ed i a les 15h de la tarda. La sortida \u00e9s a les 12:30h i a les 16:30h.<br \/>\n\u00c9s obligatori justificar les abs\u00e8ncies i retards. Ho podeu fer mitjan\u00e7ant l\u2019agenda o notificaci\u00f3 escrita.<br \/>\nEs prega puntualitat a l&#8217;hora d&#8217;entrar<br \/>\nLes entrades i les sortides es faran per dues portes:<br \/>\nLa porta d\u2019 Educaci\u00f3 Infantil: s\u2019utilitzar\u00e0 a les hores d\u2019entrada i sortida d\u2019aquests alumnes i fora d\u2019aquest horari com a porta d\u2019\u00fas habitual per la resta.<br \/>\nLa porta d&#8217; Educaci\u00f3 Prim\u00e0ria s\u2019obrir\u00e0 a les 9h i a les sortides. Les entrades es faran pel passad\u00eds interior i les sortides depenen de la ubicaci\u00f3 de les aules.<br \/>\nLes fam\u00edlies han de venir a buscar els nens\/es puntualment. Si es produeix un retard fora dels marges raonables en la recollida de l\u2019alumnat s\u2019intentar\u00e0 contactar amb la fam\u00edlia. Si no \u00e9s possible l\u2019alumne es portar\u00e0 a l\u2019activitat \u201cTastaolletes\u201d gestionada per l\u2019AMPA. Esgotat el temps extraescolar es comunicar\u00e0 telef\u00f2nicament la situaci\u00f3 a la policia local que realitzar\u00e0 les actuacions pertinents.<\/p>\n<p>&nbsp;<\/p>\n<p><span style=\"text-decoration: underline;\"><strong>COMUNICACI\u00d3 AMB LA FAM\u00cdLIA<\/strong><\/span><br \/>\nLes informacions generals d\u2019escola s\u2019envien via correu electr\u00f2nic o, puntualment, per escrit a trav\u00e9s dels alumnes.<br \/>\nPel que fa a Cicle Inicial s\u2019informa per escrit.<br \/>\nA partir de Tercer de Prim\u00e0ria les notificacions es realitzen mitjan\u00e7ant l\u2019 agenda de cada nen.<br \/>\n\u00c9s recomanable mirar di\u00e0riament l\u2019agenda per tal d\u2019ajudar l\u2019alumne en l\u2019organitzaci\u00f3 de la tasca escolar.<\/p>\n<p>&nbsp;<\/p>\n<p><span style=\"text-decoration: underline;\"><strong>REUNIONS, INFORMES I ENTREVISTES<\/strong> <\/span><br \/>\nLa comunicaci\u00f3 amb les fam\u00edlies es far\u00e0 mitjan\u00e7ant diferents canals:<br \/>\n-Una reuni\u00f3 al comen\u00e7ament del curs, per a informar dels aspectes m\u00e9s importants que es desenvoluparan al llarg del curs.<br \/>\n-Una entrevista personal a l\u2019any, i si s\u2019escau, les necess\u00e0ries, demanades pels mestres o pares, per a fer un seguiment del nen\/a. Aquestes entrevistes es faran els dimecres de 12:30h a 13:45h.<br \/>\n-Tres informes que avaluen l\u2019evoluci\u00f3 dels alumnes lliurats al final de cada trimestre.<br \/>\n-L\u2019escola enviar\u00e0 informacions per mitj\u00e0 del correu electr\u00f2nic.<br \/>\n-Comunicacions puntuals del mestre, demanant col\u2022laboraci\u00f3 a casa sobre temes que s\u2019estan treballant a classe<\/p>\n<p>&nbsp;<\/p>\n<p><strong><span style=\"text-decoration: underline;\">MEDICAMENTS<\/span><\/strong><br \/>\nQuan el nen o nena ha de seguir una medicaci\u00f3, la fam\u00edlia ha d\u2019intentar quadrar l\u2019horari de les dosis per a qu\u00e8 no coincideixi amb les hores de classe. Nom\u00e9s en cas que sigui imprescindible cal que porteu la recepta indicant a la capsa el nom del nen\/a i la pauta d\u2019administraci\u00f3.<br \/>\nTamb\u00e9 ens cal l\u2019autoritzaci\u00f3 signada per la fam\u00edlia per a poder donar-lo.En el cas de patir una malaltia contagiosa (conjuntivitis, varicel\u2022la,&#8230;) l\u2019alumne\/a ha de romandre a casa fins que el metge ho consideri adequat.<\/p>\n<p><em>En cas de polls, l\u2019alumne\/a infectat\/da s\u2019ha de quedar a casa fins que la situaci\u00f3 estigui normalitzada.<\/em><\/p>\n<p>Si l\u2019alumne\/a es fa mal en horari escolar i requereix \u00e9sser at\u00e8s d\u2019urg\u00e8ncia per un metge, s\u2019avisar\u00e0 a la fam\u00edlia per a que l\u2019acompanyi. Si no \u00e9s possible des de l\u2019escola es faran les actuacions oportunes.<\/p>\n<p>&nbsp;<\/p>\n<p><span style=\"text-decoration: underline;\"><strong>SORTIDES<\/strong><\/span><br \/>\nS\u00f3n importants perqu\u00e8 complementen els objectius curriculars de les diferents \u00e0rees. Per tant, l\u2019assist\u00e8ncia l\u2019hem de considerar com a obligat\u00f2ria.<br \/>\nA les reunions d\u2019inici de curs s\u2019informa de les sortides que es faran al llarg del curs i les fam\u00edlies signaran una \u00fanica autoritzaci\u00f3.<\/p>\n<p>&nbsp;<\/p>\n<p><span style=\"text-decoration: underline;\"><strong>MATERIAL NECESSARI<\/strong><\/span><br \/>\nNom\u00e9s es necessita una bata per pl\u00e0stica.<br \/>\nLes motxilles han de ser prou grans com perqu\u00e8 els hi c\u00e0piga una carpeta de mida escolar (m\u00e9s gran que un foli); recomanem que no tinguin rodes i que l\u2019alumne porti nom\u00e9s el material necessari.<br \/>\nEls dies que tinguin Educaci\u00f3 F\u00edsica, han de venir amb roba i sabates d\u2019esport. A m\u00e9s, necessitaran unes sabatilles de gimn\u00e0stica (no de dansa) per un bon manteniment del terra del gimn\u00e0s. Tamb\u00e9 \u00e9s convenient que portin un necesser que contingui una pinta i una tovallola petita per tal de treballar h\u00e0bits d\u2019higiene. Aquest material restar\u00e0 als penjadors de les aules i peri\u00f2dicament es dur\u00e0 a casa per rentar-lo.<\/p>\n<p>El material que el\/la nen\/a necessitar\u00e0 al llarg del curs es compra amb la quota de material i no han de dur res m\u00e9s de casa.<br \/>\nAquest material nom\u00e9s es reposar\u00e0 quan es gasti o es faci malb\u00e9 per\u00f2 no quan se\u2019n faci un mal \u00fas o es perdi per deixadesa.<br \/>\nA final de curs es comunica la llista de llibres que el\/la nen\/a necessitar\u00e0 el curs seg\u00fcent.<br \/>\nMolt important: cal posar el nom a tot per evitar p\u00e8rdues.<\/p>\n<p>&nbsp;<\/p>\n<p><strong><span style=\"text-decoration: underline;\">NORMES DE CLASSE<\/span><\/strong><br \/>\n\u2022 Els\/les alumnes han de portar el material necessari, els exercicis realitzats i ben presentats i el tema estudiat o repassat.<br \/>\n\u2022 Tot l\u2019alumnat est\u00e0 obligat a presentar puntualment els treballs que se li encomanin.<br \/>\n\u2022 Cap alumne\/a no podr\u00e0 destorbar la deguda atenci\u00f3 o el treball dels seus companys durant les hores de classe.<br \/>\n\u2022 Els\/les alumnes han de fer un \u00fas adequat de tot el material propi i ali\u00e8 que tinguin a la seva disposici\u00f3 i el tractaran correctament.<br \/>\n\u2022 L\u2019escola no es fa responsable de les pertinences que no siguin pr\u00f2pies de l\u2019\u00e0mbit escolar (joguines, cromos, m\u00f2bils, c\u00e0mera de fotos&#8230;)<br \/>\n\u2022 No s\u2019han de portar llaminadures ni es repartiran invitacions dins el recinte escolar.<\/p>\n<p>&nbsp;<\/p>\n<p><span style=\"text-decoration: underline;\"><strong>NORMES DE PATI<\/strong><\/span><\/p>\n<p>\u2022 No es permet portar pilotes de cuir, de pl\u00e0stic dur o de b\u00e0squet, aix\u00ed com tampoc patins o monopatins.<br \/>\n\u2022 L\u2019alumnat ha de vetllar i no fer mal \u00fas de les instal\u2022lacions de joc. \u00c9s convenient que se segueixin aquestes mateixes normes, tant si estan amb el professorat com si van acompanyats de llurs fam\u00edlies.<br \/>\n\u2022 L\u2019estona del pati \u00e9s el moment oport\u00fa per a que l\u2019alumnat pugui esmorzar. Es recomana que portin aliments saludables. No est\u00e0 perm\u00e8s portar begudes en llauna o vidre.<\/p>\n<p>&nbsp;<\/p>\n<p><span style=\"text-decoration: underline;\"><strong>MENJADOR I ACTIVITATS EXTRAESCOLARS<\/strong><\/span><br \/>\nEn el cas que un nen\/a no s\u2019hagi de quedar a menjador o extraescolars, cal avisar a la coordinadora de serveis telef\u00f2nicament abans de les 10h i a la tutora per escrit.<br \/>\nTamb\u00e9 s&#8217; haur\u00e0 de fer de la mateixa manera si el nen o la nena es queda un dia espor\u00e0dicament al menjador.<br \/>\nSempre que hi hagi alguna alta o baixa del menjador i\/o extraescolars s&#8217;ha de notificar per escrit a la coordinadora de Serveis.<\/p>\n<p>&nbsp;<\/p>\n<p><span style=\"text-decoration: underline;\"><strong>HORARI D\u2019ATENCI\u00d3 A LES FAM\u00cdLIES<\/strong><\/span><\/p>\n<p>\u00b7<span style=\"text-decoration: underline;\"> Secretaria :<\/span><br \/>\nDe dilluns a divendres de 9h a 9:30h<br \/>\nDimarts i dijous de 9h a 13:30h i de 15h a 16:30h<\/p>\n<p>\u00b7<span style=\"text-decoration: underline;\"> Direcci\u00f3:<\/span><br \/>\nVisites concertades<\/p>\n<p>\u00b7<span style=\"text-decoration: underline;\"> Cap d\u2019Estudis:<\/span><br \/>\nVisites concertades<\/p>\n<p>\u00b7<span style=\"text-decoration: underline;\"> Tutors:<\/span><br \/>\nDimecres de 12:30h a 13:45h<\/p>\n<p>\u00b7<span style=\"text-decoration: underline;\"> Psic\u00f2leg EAP:<\/span><br \/>\nHores concertades<\/p>\n<p>\u00b7<span style=\"text-decoration: underline;\"> Consergeria:<\/span><br \/>\n8:30h a 13:30h<br \/>\n15h a 17:17h<\/p>\n<p>\u00b7<span style=\"text-decoration: underline;\"> Coordinadora de serveis (menjador i extraescolars):<\/span><br \/>\nDe dilluns a divendres de 9 a 10:00h<br \/>\nDimarts i dijous de 16:45h a 18h<\/p>\n<h1>\u00a0<strong>\u00a0<\/strong><\/h1>\n<p>&nbsp;<\/p>\n<p>Carrer Castanyers, s\/n<\/p>\n<p>08192\u00a0\u00a0 Sant Quirze del Vall\u00e8s<\/p>\n<p>Tel. 93 721 6602<\/p>\n<p>a8077061@xtec.cat<\/p>\n<p>www.xtec.cat\/centres\/a8054836<\/p>\n<h1><\/h1>\n","protected":false},"excerpt":{"rendered":"<p>Us fem arribar aquest recull de normes i h\u00e0bits per tal d\u2019aconseguir una bona coordinaci\u00f3 entre la fam\u00edlia i l\u2019escola amb l\u2019objectiu com\u00fa d\u2019una educaci\u00f3 integral dels vostres fills i filles.<br \/>\n&nbsp;<br \/>\nENTRADES I SORTIDES<br \/>\nL\u2019entrada \u00e9s a les 9h del mat\u00ed i a les 15h de la&hellip;  <a href=\"https:\/\/agora.xtec.cat\/ceip-onzedesetembre\/normes-deducacio-primaria\/\" title=\"Read Normes d&#8217;Educaci\u00f3 Prim\u00e0ria\">Llegeix m\u00e9s\u00bb<\/a><\/p>\n","protected":false},"author":3,"featured_media":0,"parent":0,"menu_order":0,"comment_status":"closed","ping_status":"closed","template":"","meta":{"_bbp_topic_count":0,"_bbp_reply_count":0,"_bbp_total_topic_count":0,"_bbp_total_reply_count":0,"_bbp_voice_count":0,"_bbp_anonymous_reply_count":0,"_bbp_topic_count_hidden":0,"_bbp_reply_count_hidden":0,"_bbp_forum_subforum_count":0,"footnotes":""},"class_list":["post-258","page","type-page","status-publish","hentry"],"post_mailing_queue_ids":[],"_links":{"self":[{"href":"https:\/\/agora.xtec.cat\/ceip-onzedesetembre\/wp-json\/wp\/v2\/pages\/258","targetHints":{"allow":["GET"]}}],"collection":[{"href":"https:\/\/agora.xtec.cat\/ceip-onzedesetembre\/wp-json\/wp\/v2\/pages"}],"about":[{"href":"https:\/\/agora.xtec.cat\/ceip-onzedesetembre\/wp-json\/wp\/v2\/types\/page"}],"author":[{"embeddable":true,"href":"https:\/\/agora.xtec.cat\/ceip-onzedesetembre\/wp-json\/wp\/v2\/users\/3"}],"replies":[{"embeddable":true,"href":"https:\/\/agora.xtec.cat\/ceip-onzedesetembre\/wp-json\/wp\/v2\/comments?post=258"}],"version-history":[{"count":6,"href":"https:\/\/agora.xtec.cat\/ceip-onzedesetembre\/wp-json\/wp\/v2\/pages\/258\/revisions"}],"predecessor-version":[{"id":2944,"href":"https:\/\/agora.xtec.cat\/ceip-onzedesetembre\/wp-json\/wp\/v2\/pages\/258\/revisions\/2944"}],"wp:attachment":[{"href":"https:\/\/agora.xtec.cat\/ceip-onzedesetembre\/wp-json\/wp\/v2\/media?parent=258"}],"curies":[{"name":"wp","href":"https:\/\/api.w.org\/{rel}","templated":true}]}}