{"id":2401,"date":"2022-05-20T00:30:25","date_gmt":"2022-05-19T22:30:25","guid":{"rendered":"https:\/\/agora.xtec.cat\/ceip-onzedesetembre\/?page_id=2401"},"modified":"2025-09-01T16:01:06","modified_gmt":"2025-09-01T14:01:06","slug":"cultura-digital","status":"publish","type":"page","link":"https:\/\/agora.xtec.cat\/ceip-onzedesetembre\/lescola\/estrategia-digital-de-centre\/cultura-digital\/","title":{"rendered":"Cultura digital"},"content":{"rendered":"<div class=\"row\" style=\"margin-bottom: 1em !important;\">\n<div class=\"small-12 large-4 text-center columns\">\n<p><img loading=\"lazy\" decoding=\"async\" class=\"\" src=\"https:\/\/agora.xtec.cat\/ceip-onzedesetembre\/wp-content\/uploads\/usu702\/2022\/05\/alumnes4.jpeg\" width=\"308\" height=\"260\" \/><\/p>\n<h3>ALUMNAT<\/h3>\n<p style=\"margin-bottom: 0.2em;\">En aquest apartat podr\u00e0s trobar tota la informaci\u00f3 que, en mat\u00e8ria de cultura digital, es refereix a l&#8217;alumnat: correus corporatius, entorns virtuals d&#8217;aprenentatge, chromebooks&#8230;<\/p>\n<p><a href=\"https:\/\/agora.xtec.cat\/ceip-onzedesetembre\/wp-content\/uploads\/usu702\/2023\/05\/Pla-de-comunicacio-alumnes.pdf\"><span style=\"color: #003366;\"><b>Pla de comunicaci\u00f3<\/b><\/span><\/a><\/p>\n<p><a href=\"https:\/\/agora.xtec.cat\/ceip-onzedesetembre\/wp-content\/uploads\/usu702\/2023\/05\/Pla-d_acollida-alumnat-22-23.pdf\"><span style=\"color: #003366;\"><b>Pla d&#8217;acollida<\/b><\/span><\/a><\/p>\n<\/div>\n<div class=\"small-12 large-4 text-center columns\">\n<p><img loading=\"lazy\" decoding=\"async\" class=\"\" src=\"https:\/\/agora.xtec.cat\/ceip-onzedesetembre\/wp-content\/uploads\/usu702\/2022\/05\/profes2.jpeg\" width=\"298\" height=\"305\" \/><\/p>\n<h3>PROFESSORAT<\/h3>\n<p style=\"margin-bottom: 0.2em;\">En aquest apartat podr\u00e0s trobar tota la informaci\u00f3 que, en mat\u00e8ria de cultura digital, es refereix al professorat: correus corporatius, entorns virtuals d&#8217;aprenentatge, dispositius del departament&#8230;<\/p>\n<p><a href=\"https:\/\/agora.xtec.cat\/ceip-onzedesetembre\/wp-content\/uploads\/usu702\/2023\/05\/Pla-de-comunicacio-claustre.pdf\"><span style=\"color: #003366;\"><b>Pla de comunicaci\u00f3<\/b><\/span><\/a><\/p>\n<p><a href=\"https:\/\/agora.xtec.cat\/ceip-onzedesetembre\/wp-content\/uploads\/usu702\/2025\/09\/Pla-docent-25-26-IE-Onze-de-Setembre.pdf\"><span style=\"color: #003366;\"><b>Pla d&#8217;acollida<\/b><\/span><\/a><\/p>\n<\/div>\n<div class=\"small-12 large-4 text-center columns\">\n<p><img loading=\"lazy\" decoding=\"async\" class=\"\" src=\"https:\/\/agora.xtec.cat\/ceip-onzedesetembre\/wp-content\/uploads\/usu702\/2022\/05\/families3.png\" width=\"278\" height=\"278\" \/><\/p>\n<h3>FAM\u00cdLIES<\/h3>\n<p style=\"margin-bottom: 0.2em;\">En aquest apartat podr\u00e0s trobar tota la informaci\u00f3 que, en mat\u00e8ria de cultura digital, es refereix a les fam\u00edlies: protocols de comunicaci\u00f3, plataformes virtuals, drets d&#8217;imatge&#8230;<\/p>\n<p><a href=\"https:\/\/agora.xtec.cat\/ceip-onzedesetembre\/wp-content\/uploads\/usu702\/2023\/05\/Pla-de-comunicacio-families.pdf\"><span style=\"color: #000080;\"><b>Pla de comunicaci\u00f3<\/b><\/span><\/a><\/p>\n<p><a href=\"https:\/\/agora.xtec.cat\/ceip-onzedesetembre\/wp-content\/uploads\/usu702\/2025\/09\/Pla-dacollida-de-families-curs-25_26.pdf\"><span style=\"color: #003366;\"><b>Pla d&#8217;acollida<\/b><\/span><\/a><\/p>\n<\/div>\n<\/div>\n","protected":false},"excerpt":{"rendered":"<p>ALUMNAT<br \/>\nEn aquest apartat podr\u00e0s trobar tota la informaci\u00f3 que, en mat\u00e8ria de cultura digital, es refereix a l&#8217;alumnat: correus corporatius, entorns virtuals d&#8217;aprenentatge, chromebooks&#8230;<br \/>\n<a href=\"https:\/\/agora.xtec.cat\/ceip-onzedesetembre\/wp-content\/uploads\/usu702\/2023\/05\/Pla-de-comunicacio-alumnes.pdf\">Pla de comunicaci\u00f3<\/a><br \/>\n<a href=\"https:\/\/agora.xtec.cat\/ceip-onzedesetembre\/wp-content\/uploads\/usu702\/2023\/05\/Pla-d_acollida-alumnat-22-23.pdf\">Pla d&#8217;acollida<\/a><\/p>\n<p>PROFESSORAT<br \/>\nEn aquest apartat podr\u00e0s trobar tota la informaci\u00f3 que, en mat\u00e8ria de cultura digital, es refereix al&hellip;  <a href=\"https:\/\/agora.xtec.cat\/ceip-onzedesetembre\/lescola\/estrategia-digital-de-centre\/cultura-digital\/\" title=\"Read Cultura digital\">Llegeix m\u00e9s\u00bb<\/a><\/p>\n","protected":false},"author":3,"featured_media":0,"parent":2372,"menu_order":0,"comment_status":"closed","ping_status":"closed","template":"","meta":{"_bbp_topic_count":0,"_bbp_reply_count":0,"_bbp_total_topic_count":0,"_bbp_total_reply_count":0,"_bbp_voice_count":0,"_bbp_anonymous_reply_count":0,"_bbp_topic_count_hidden":0,"_bbp_reply_count_hidden":0,"_bbp_forum_subforum_count":0,"footnotes":""},"class_list":["post-2401","page","type-page","status-publish","hentry"],"post_mailing_queue_ids":[],"_links":{"self":[{"href":"https:\/\/agora.xtec.cat\/ceip-onzedesetembre\/wp-json\/wp\/v2\/pages\/2401","targetHints":{"allow":["GET"]}}],"collection":[{"href":"https:\/\/agora.xtec.cat\/ceip-onzedesetembre\/wp-json\/wp\/v2\/pages"}],"about":[{"href":"https:\/\/agora.xtec.cat\/ceip-onzedesetembre\/wp-json\/wp\/v2\/types\/page"}],"author":[{"embeddable":true,"href":"https:\/\/agora.xtec.cat\/ceip-onzedesetembre\/wp-json\/wp\/v2\/users\/3"}],"replies":[{"embeddable":true,"href":"https:\/\/agora.xtec.cat\/ceip-onzedesetembre\/wp-json\/wp\/v2\/comments?post=2401"}],"version-history":[{"count":7,"href":"https:\/\/agora.xtec.cat\/ceip-onzedesetembre\/wp-json\/wp\/v2\/pages\/2401\/revisions"}],"predecessor-version":[{"id":3390,"href":"https:\/\/agora.xtec.cat\/ceip-onzedesetembre\/wp-json\/wp\/v2\/pages\/2401\/revisions\/3390"}],"up":[{"embeddable":true,"href":"https:\/\/agora.xtec.cat\/ceip-onzedesetembre\/wp-json\/wp\/v2\/pages\/2372"}],"wp:attachment":[{"href":"https:\/\/agora.xtec.cat\/ceip-onzedesetembre\/wp-json\/wp\/v2\/media?parent=2401"}],"curies":[{"name":"wp","href":"https:\/\/api.w.org\/{rel}","templated":true}]}}