{"id":3769,"date":"2026-09-05T15:34:46","date_gmt":"2026-09-05T13:34:46","guid":{"rendered":"https:\/\/agora.xtec.cat\/ceip-montmany\/?page_id=3769"},"modified":"2026-09-05T15:35:24","modified_gmt":"2026-09-05T13:35:24","slug":"comunitats","status":"publish","type":"page","link":"https:\/\/agora.xtec.cat\/ceip-montmany\/comunitats\/","title":{"rendered":"Comunitats"},"content":{"rendered":"\n\n\n<h1 class=\"PDq2pG_selectionAnchorContainer\" data-section-id=\"jfkf18\" data-start=\"4973\" data-end=\"4998\">\ud83e\udd1d Aprenem en comunitat<\/h1>\n<h2 data-section-id=\"o4sy0l\" data-start=\"5000\" data-end=\"5051\">Diferents edats, noves oportunitats per aprendre<\/h2>\n<p data-start=\"5053\" data-end=\"5197\">A l\u2019Escola Montmany hi ha moments en qu\u00e8 <strong data-start=\"5094\" data-end=\"5131\">obrim els agrupaments dels cicles<\/strong> i creem comunitats formades per infants de tres cursos diferents.<\/p>\n<p data-start=\"5199\" data-end=\"5228\">A Prim\u00e0ria ens organitzem en:<\/p>\n<h3 data-section-id=\"1of2obx\" data-start=\"5230\" data-end=\"5254\">\ud83c\udf31 Comunitat Mitjana<\/h3>\n<p data-start=\"5255\" data-end=\"5271\"><strong data-start=\"5255\" data-end=\"5271\">1r \u00b7 2n \u00b7 3r<\/strong><\/p>\n<h3 data-section-id=\"1d9hm9t\" data-start=\"5273\" data-end=\"5294\">\ud83c\udf33 Comunitat Gran<\/h3>\n<p data-start=\"5295\" data-end=\"5311\"><strong data-start=\"5295\" data-end=\"5311\">4t \u00b7 5\u00e8 \u00b7 6\u00e8<\/strong><\/p>\n<p data-start=\"5313\" data-end=\"5543\">Aquesta organitzaci\u00f3 forma part de la nostra manera d\u2019entendre l\u2019escola. Compartir propostes amb infants d\u2019altres edats genera <strong data-start=\"5440\" data-end=\"5542\">noves relacions, diferents maneres de participar i moltes oportunitats d\u2019aprenentatge entre iguals<\/strong>.<\/p>\n<p data-start=\"5545\" data-end=\"5796\">Els infants m\u00e9s grans poden esdevenir referents i oferir ajuda; els m\u00e9s petits aporten altres mirades i maneres de resoldre les situacions. Els rols, per\u00f2, no s\u00f3n fixos: <strong data-start=\"5715\" data-end=\"5796\">tothom pot ensenyar, tothom pot aprendre i tothom t\u00e9 alguna cosa per aportar.<\/strong><\/p>\n<h2 data-section-id=\"1kgm8hy\" data-start=\"6125\" data-end=\"6152\">\ud83d\udce6 Caixes d\u2019Aprenentatge<\/h2>\n<p data-start=\"6154\" data-end=\"6226\">Les <strong data-start=\"6158\" data-end=\"6183\">Caixes d\u2019Aprenentatge<\/strong> s\u00f3n un dels pilars pedag\u00f2gics de l\u2019escola.<\/p>\n<p data-start=\"6228\" data-end=\"6366\">A trav\u00e9s de diferents propostes i reptes, els infants poden <strong data-start=\"6288\" data-end=\"6365\">explorar, investigar, prendre decisions, cooperar i avan\u00e7ar amb autonomia<\/strong>.<\/p>\n<p data-start=\"6368\" data-end=\"6540\">El treball en comunitat enriqueix especialment aquestes propostes, ja que permet compartir estrat\u00e8gies, coneixements i maneres diferents d\u2019arribar a una mateixa descoberta.<\/p>\n<h2 data-section-id=\"18vax7p\" data-start=\"5798\" data-end=\"5808\">\ud83c\udfa8 Arts<\/h2>\n<p data-start=\"5810\" data-end=\"5966\">Les propostes d\u2019<strong data-start=\"5826\" data-end=\"5834\">Arts<\/strong> es desenvolupen en comunitat i ens ofereixen un espai per explorar diferents llenguatges art\u00edstics, experimentar, imaginar i crear.<\/p>\n<p data-start=\"5968\" data-end=\"6123\">Valorem especialment <strong data-start=\"5989\" data-end=\"6010\">el proc\u00e9s creatiu<\/strong>, l\u2019expressi\u00f3 personal i la possibilitat de descobrir diferents maneres de comunicar idees, viv\u00e8ncies i emocions.<\/p>\n<h2 class=\"PDq2pG_selectionAnchorContainer\" data-section-id=\"1pr7nhi\" data-start=\"0\" data-end=\"21\">\ud83c\udfc3 Educaci\u00f3 F\u00edsica<\/h2>\n<p data-start=\"23\" data-end=\"173\">L\u2019<strong data-start=\"25\" data-end=\"44\">Educaci\u00f3 F\u00edsica<\/strong> \u00e9s un espai per descobrir les possibilitats del propi cos, gaudir del moviment i aprendre a trav\u00e9s del joc i l\u2019activitat f\u00edsica.<\/p>\n<p data-start=\"175\" data-end=\"366\">Les propostes afavoreixen el desenvolupament de les <strong data-start=\"227\" data-end=\"307\">habilitats motrius, l\u2019autonomia, la cooperaci\u00f3, el respecte i la conviv\u00e8ncia<\/strong>, compartint experi\u00e8ncies entre infants de diferents edats.<\/p>\n<p data-start=\"368\" data-end=\"759\" data-is-last-node=\"\" data-is-only-node=\"\">Durant el <strong data-start=\"378\" data-end=\"469\">segon i tercer trimestre, tot l\u2019alumnat de l\u2019escola participa en l\u2019activitat de piscina<\/strong>, incorporant el medi aqu\u00e0tic com un nou espai d\u2019aprenentatge. Aquesta experi\u00e8ncia permet treballar l\u2019adaptaci\u00f3 i la seguretat en el medi aqu\u00e0tic, les habilitats motrius i l\u2019autonomia, alhora que fomenta el <strong data-start=\"676\" data-end=\"758\">gaudi de l\u2019activitat f\u00edsica i l\u2019adquisici\u00f3 d\u2019h\u00e0bits de vida activa i saludable<\/strong>.<\/p>\n<h2 data-section-id=\"1gokcuh\" data-start=\"6839\" data-end=\"6870\">\ud83d\udd0e Situacions d\u2019Aprenentatge<\/h2>\n<p data-start=\"6872\" data-end=\"6945\">Algunes <strong data-start=\"6880\" data-end=\"6909\">Situacions d\u2019Aprenentatge<\/strong> tamb\u00e9 es desenvolupen en comunitat.<\/p>\n<p data-start=\"6947\" data-end=\"7111\">Partim de preguntes, reptes o contextos significatius que permeten connectar diferents aprenentatges i posar en joc coneixements, habilitats i estrat\u00e8gies diverses.<\/p>\n<p data-start=\"7113\" data-end=\"7272\">Treballar-les amb infants de diferents edats amplia les mirades i ens permet <strong data-start=\"7190\" data-end=\"7271\">investigar, conversar, prendre decisions i construir coneixement conjuntament<\/strong>.<\/p>\n<h2 data-section-id=\"1nx27sy\" data-start=\"7279\" data-end=\"7316\">\ud83c\udf31 Comunitat Mitjana \u00b7 1r, 2n i 3r<\/h2>\n<p data-start=\"7318\" data-end=\"7484\">A la Comunitat Mitjana compartim propostes que permeten als infants <strong data-start=\"7386\" data-end=\"7483\">descobrir, experimentar i comen\u00e7ar a prendre decisions amb una autonomia cada vegada m\u00e9s gran<\/strong>.<\/p>\n<p data-start=\"7486\" data-end=\"7649\">La conviv\u00e8ncia entre 1r, 2n i 3r facilita que apareguin de manera natural l\u2019ajuda, la imitaci\u00f3, l\u2019explicaci\u00f3 entre iguals i la descoberta de diferents estrat\u00e8gies.<\/p>\n<p data-start=\"7651\" data-end=\"7831\">A trav\u00e9s d\u2019Arts, Educaci\u00f3 F\u00edsica, les Caixes d\u2019Aprenentatge i algunes Situacions d\u2019Aprenentatge, creem contextos en qu\u00e8 <strong data-start=\"7771\" data-end=\"7830\">aprendre i relacionar-se formen part d\u2019un mateix proc\u00e9s<\/strong>.<\/p>\n<h2 data-section-id=\"1ugz4mr\" data-start=\"7838\" data-end=\"7872\">\ud83c\udf33 Comunitat Gran \u00b7 4t, 5\u00e8 i 6\u00e8<\/h2>\n<p data-start=\"7874\" data-end=\"8051\">A la Comunitat Gran els infants de 4t, 5\u00e8 i 6\u00e8 comparteixen propostes que requereixen progressivament <strong data-start=\"7976\" data-end=\"8050\">m\u00e9s autonomia, organitzaci\u00f3, responsabilitat i capacitat de cooperaci\u00f3<\/strong>.<\/p>\n<p data-start=\"8053\" data-end=\"8183\">La diversitat d\u2019edats, experi\u00e8ncies i coneixements enriqueix els grups i permet afrontar els reptes des de perspectives diferents.<\/p>\n<p data-start=\"8185\" data-end=\"8415\">Arts, Educaci\u00f3 F\u00edsica, les Caixes d\u2019Aprenentatge i algunes Situacions d\u2019Aprenentatge es converteixen aix\u00ed en espais per <strong data-start=\"8305\" data-end=\"8414\">investigar, crear, prendre decisions, compartir coneixement i aprendre a treballar amb persones diferents<\/strong>.<\/p>\n<h3 data-section-id=\"1pric4o\" data-start=\"8417\" data-end=\"8470\"><span role=\"text\"><strong data-start=\"8421\" data-end=\"8470\">Aprendre amb els altres tamb\u00e9 ens fa cr\u00e9ixer.<\/strong><\/span><\/h3>\n","protected":false},"excerpt":{"rendered":"<p>\ud83e\udd1d Aprenem en comunitat Diferents edats, noves oportunitats per aprendre A l\u2019Escola Montmany hi ha moments en qu\u00e8 obrim els agrupaments dels cicles i creem comunitats formades per infants de tres cursos diferents. A Prim\u00e0ria ens organitzem en: \ud83c\udf31 Comunitat Mitjana 1r \u00b7 2n \u00b7 3r \ud83c\udf33 Comunitat Gran 4t \u00b7 5\u00e8 \u00b7 6\u00e8 Aquesta [&hellip;]<\/p>\n","protected":false},"author":1,"featured_media":0,"parent":0,"menu_order":4,"comment_status":"closed","ping_status":"closed","template":"","meta":{"_bbp_topic_count":0,"_bbp_reply_count":0,"_bbp_total_topic_count":0,"_bbp_total_reply_count":0,"_bbp_voice_count":0,"_bbp_anonymous_reply_count":0,"_bbp_topic_count_hidden":0,"_bbp_reply_count_hidden":0,"_bbp_forum_subforum_count":0,"site-sidebar-layout":"default","site-content-layout":"","ast-site-content-layout":"default","site-content-style":"default","site-sidebar-style":"default","ast-global-header-display":"","ast-banner-title-visibility":"","ast-main-header-display":"","ast-hfb-above-header-display":"","ast-hfb-below-header-display":"","ast-hfb-mobile-header-display":"","site-post-title":"","ast-breadcrumbs-content":"","ast-featured-img":"","footer-sml-layout":"","theme-transparent-header-meta":"","adv-header-id-meta":"","stick-header-meta":"","header-above-stick-meta":"","header-main-stick-meta":"","header-below-stick-meta":"","astra-migrate-meta-layouts":"set","ast-page-background-enabled":"default","ast-page-background-meta":{"desktop":{"background-color":"var(--ast-global-color-4)","background-image":"","background-repeat":"repeat","background-position":"center center","background-size":"auto","background-attachment":"scroll","background-type":"","background-media":"","overlay-type":"","overlay-color":"","overlay-opacity":"","overlay-gradient":""},"tablet":{"background-color":"","background-image":"","background-repeat":"repeat","background-position":"center center","background-size":"auto","background-attachment":"scroll","background-type":"","background-media":"","overlay-type":"","overlay-color":"","overlay-opacity":"","overlay-gradient":""},"mobile":{"background-color":"","background-image":"","background-repeat":"repeat","background-position":"center center","background-size":"auto","background-attachment":"scroll","background-type":"","background-media":"","overlay-type":"","overlay-color":"","overlay-opacity":"","overlay-gradient":""}},"ast-content-background-meta":{"desktop":{"background-color":"var(--ast-global-color-5)","background-image":"","background-repeat":"repeat","background-position":"center center","background-size":"auto","background-attachment":"scroll","background-type":"","background-media":"","overlay-type":"","overlay-color":"","overlay-opacity":"","overlay-gradient":""},"tablet":{"background-color":"var(--ast-global-color-5)","background-image":"","background-repeat":"repeat","background-position":"center center","background-size":"auto","background-attachment":"scroll","background-type":"","background-media":"","overlay-type":"","overlay-color":"","overlay-opacity":"","overlay-gradient":""},"mobile":{"background-color":"var(--ast-global-color-5)","background-image":"","background-repeat":"repeat","background-position":"center center","background-size":"auto","background-attachment":"scroll","background-type":"","background-media":"","overlay-type":"","overlay-color":"","overlay-opacity":"","overlay-gradient":""}},"footnotes":""},"class_list":["post-3769","page","type-page","status-publish","hentry"],"post_mailing_queue_ids":[],"_links":{"self":[{"href":"https:\/\/agora.xtec.cat\/ceip-montmany\/wp-json\/wp\/v2\/pages\/3769","targetHints":{"allow":["GET"]}}],"collection":[{"href":"https:\/\/agora.xtec.cat\/ceip-montmany\/wp-json\/wp\/v2\/pages"}],"about":[{"href":"https:\/\/agora.xtec.cat\/ceip-montmany\/wp-json\/wp\/v2\/types\/page"}],"author":[{"embeddable":true,"href":"https:\/\/agora.xtec.cat\/ceip-montmany\/wp-json\/wp\/v2\/users\/1"}],"replies":[{"embeddable":true,"href":"https:\/\/agora.xtec.cat\/ceip-montmany\/wp-json\/wp\/v2\/comments?post=3769"}],"version-history":[{"count":2,"href":"https:\/\/agora.xtec.cat\/ceip-montmany\/wp-json\/wp\/v2\/pages\/3769\/revisions"}],"predecessor-version":[{"id":3772,"href":"https:\/\/agora.xtec.cat\/ceip-montmany\/wp-json\/wp\/v2\/pages\/3769\/revisions\/3772"}],"wp:attachment":[{"href":"https:\/\/agora.xtec.cat\/ceip-montmany\/wp-json\/wp\/v2\/media?parent=3769"}],"curies":[{"name":"wp","href":"https:\/\/api.w.org\/{rel}","templated":true}]}}