{"id":917,"date":"2015-11-05T15:44:36","date_gmt":"2015-11-05T14:44:36","guid":{"rendered":"http:\/\/agora.xtec.cat\/ceip-molidevent\/?page_id=917"},"modified":"2025-09-30T16:07:39","modified_gmt":"2025-09-30T14:07:39","slug":"sortides-i-colonies","status":"publish","type":"page","link":"https:\/\/agora.xtec.cat\/ceip-molidevent\/familia\/sortides-i-colonies\/","title":{"rendered":"Sortides i col\u00f2nies 2025-26"},"content":{"rendered":"<table style=\"height: 818px; width: 56.4229%;\" width=\"640\">\n<tbody>\n<tr style=\"height: 37px;\">\n<td style=\"border-color: #000000; width: 120.351%; background-color: #f2d530; height: 37px;\" colspan=\"3\"><strong>EDUCACI\u00d3 INFANTIL<\/strong><strong><span style=\"color: #000080;\"><br \/>\n<\/span><\/strong><\/td>\n<\/tr>\n<tr style=\"height: 47px;\">\n<td style=\"border-color: #000000; width: 9.85692%; height: 47px; background-color: #f7f2c3;\"><strong>I3<\/strong><\/td>\n<td style=\"border-color: #000000; text-align: center; width: 34.9762%; height: 47px; background-color: #f7f2c3;\"><strong>17 de mar\u00e7 2026<\/strong><\/td>\n<td style=\"border-color: #000000; width: 75.518%; height: 47px; background-color: #f7f2c3;\"><span style=\"color: #000000;\"><strong>Granja Neri (El Catllar)<\/strong><\/span><\/td>\n<\/tr>\n<tr style=\"height: 35px;\">\n<td style=\"border-color: #000000; width: 9.85692%; height: 35px; background-color: #f7f2c3;\"><strong>I4<\/strong><\/td>\n<td style=\"border-color: #000000; text-align: center; width: 34.9762%; height: 35px; background-color: #f7f2c3;\"><strong>12 de novembre 2025<\/strong><\/td>\n<td style=\"border-color: #000000; width: 75.518%; height: 35px; background-color: #f7f2c3;\"><span style=\"color: #000000;\"><strong>Zoo de Barcelona<\/strong><\/span><\/td>\n<\/tr>\n<tr style=\"height: 32px;\">\n<td style=\"border-color: #000000; width: 9.85692%; background-color: #f7f2c3; height: 32px;\"><strong>I4<\/strong><\/td>\n<td style=\"border-color: #000000; text-align: center; width: 34.9762%; background-color: #f7f2c3; height: 32px;\"><\/td>\n<td style=\"border-color: #000000; width: 75.518%; background-color: #f7f2c3; height: 32px;\"><span style=\"color: #000000;\"><strong>Caixa F\u00f3rum (Tarragona)<\/strong><\/span><\/td>\n<\/tr>\n<tr style=\"height: 32px;\">\n<td style=\"border-color: #000000; width: 9.85692%; background-color: #f7f2c3; height: 32px;\"><strong>I5<\/strong><\/td>\n<td style=\"border-color: #000000; text-align: center; width: 34.9762%; background-color: #f7f2c3; height: 32px;\"><strong>24 d&#8217;octubre 2025<\/strong><\/td>\n<td style=\"border-color: #000000; width: 75.518%; background-color: #f7f2c3; height: 32px;\"><span style=\"color: #000000;\"><strong>Aquarium de Barcelona<\/strong><\/span><\/td>\n<\/tr>\n<tr style=\"height: 31px;\">\n<td style=\"border-color: #000000; height: 31px; width: 9.85692%; background-color: #f7f2c3;\"><strong>I5<\/strong><\/td>\n<td style=\"border-color: #000000; text-align: center; height: 31px; width: 34.9762%; background-color: #f7f2c3;\"><strong>13 i 14 d&#8217;abril 2026<\/strong><\/td>\n<td style=\"border-color: #000000; height: 31px; width: 75.518%; background-color: #f7f2c3;\"><strong><span style=\"color: #333333;\">Col\u00f2nies<\/span><span style=\"color: #000080;\"><a style=\"color: #000080;\" href=\"https:\/\/canribascasadecolonies.cat\/\" target=\"_blank\" rel=\"noopener\">\u00a0&#8220;Can Ribas&#8221; <\/a><\/span>(Bigues i Riells-Barcelona)<\/strong><\/td>\n<\/tr>\n<tr style=\"height: 10px;\">\n<td style=\"border-color: #000000; width: 120.351%; background-color: #2fceeb; height: 10px;\" colspan=\"3\"><strong>PRIMER CICLE<\/strong><strong><span style=\"color: #000080;\"><br \/>\n<\/span><\/strong><\/td>\n<\/tr>\n<tr style=\"height: 33px;\">\n<td style=\"border-color: #000000; width: 9.85692%; height: 33px; background-color: #b4ecf0;\"><strong>1r<\/strong><\/td>\n<td style=\"border-color: #000000; text-align: center; width: 34.9762%; height: 33px; background-color: #b4ecf0;\"><strong>28 de novembre 2025<\/strong><\/td>\n<td style=\"border-color: #000000; width: 75.518%; height: 33px; background-color: #b4ecf0;\"><span style=\"color: #000000;\"><strong>Cosmocaixa (Barcelona<\/strong><strong style=\"font-family: inherit; font-size: 0.875em;\">)<\/strong><strong><br \/>\n<\/strong><\/span><\/td>\n<\/tr>\n<tr style=\"height: 33px;\">\n<td style=\"border-color: #000000; width: 9.85692%; height: 33px; background-color: #b4ecf0;\"><strong>1r<\/strong><\/td>\n<td style=\"border-color: #000000; text-align: center; width: 34.9762%; height: 33px; background-color: #b4ecf0;\"><strong>5 de febrer 2026<\/strong><\/td>\n<td style=\"border-color: #000000; width: 75.518%; height: 33px; background-color: #b4ecf0;\"><strong style=\"color: #000000;\">Reserva Natural Sebes (Flix)<\/strong><\/td>\n<\/tr>\n<tr style=\"height: 32px;\">\n<td style=\"border-color: #000000; width: 9.85692%; background-color: #b4ecf0; height: 32px;\"><strong>1r<\/strong><\/td>\n<td style=\"border-color: #000000; text-align: center; width: 34.9762%; background-color: #b4ecf0; height: 32px;\"><strong>8 d&#8217;abril 2026<\/strong><\/td>\n<td style=\"border-color: #000000; width: 75.518%; background-color: #b4ecf0; height: 32px;\"><span style=\"color: #000000;\"><strong>Palau de la M\u00fasica (Barcelona)<\/strong><\/span><\/td>\n<\/tr>\n<tr style=\"height: 32px;\">\n<td style=\"border-color: #000000; width: 9.85692%; background-color: #b4ecf0; height: 32px;\"><strong>2n<\/strong><\/td>\n<td style=\"border-color: #000000; text-align: center; width: 34.9762%; background-color: #b4ecf0; height: 32px;\"><strong>6 de novembre 2025<\/strong><\/td>\n<td style=\"border-color: #000000; width: 75.518%; background-color: #b4ecf0; height: 32px;\"><strong>L&#8217;oli i l&#8217;olivera (Picamoixons)<\/strong><\/td>\n<\/tr>\n<tr style=\"height: 33px;\">\n<td style=\"border-color: #000000; width: 9.85692%; height: 33px; background-color: #b4ecf0;\"><strong>2n<\/strong><\/td>\n<td style=\"border-color: #000000; text-align: center; width: 34.9762%; height: 33px; background-color: #b4ecf0;\"><strong>11 i 12 de mar\u00e7 2026<\/strong><\/td>\n<td style=\"border-color: #000000; width: 75.518%; height: 33px; background-color: #b4ecf0;\"><strong><span style=\"color: #000080;\"><span style=\"color: #333333;\">Col\u00f2nies<\/span>\u00a0<a href=\"https:\/\/www.camanxol.com\/casa-de-colonies\/\">&#8220;Cal Manxol&#8221;\u00a0<\/a><\/span>(Rasquera)<\/strong><\/td>\n<\/tr>\n<tr style=\"height: 31px;\">\n<td style=\"border-color: #000000; height: 31px; width: 9.85692%; background-color: #b4ecf0;\"><strong>2n<\/strong><\/td>\n<td style=\"border-color: #000000; text-align: center; height: 31px; width: 34.9762%; background-color: #b4ecf0;\"><strong>8 d&#8217;abril 2026<\/strong><\/td>\n<td style=\"border-color: #000000; height: 31px; width: 75.518%; background-color: #b4ecf0;\"><span style=\"color: #000000;\"><strong>Palau de la M\u00fasica (Barcelona)<\/strong><\/span><\/td>\n<\/tr>\n<tr style=\"height: 32px;\">\n<td style=\"border-color: #000000; width: 120.351%; background-color: #69bf69; height: 32px;\" colspan=\"3\"><strong>SEGON CICLE<\/strong><strong><span style=\"color: #000080;\"><br \/>\n<\/span><\/strong><\/td>\n<\/tr>\n<tr style=\"height: 32px;\">\n<td style=\"border-color: #000000; width: 9.85692%; background-color: #c3f0c0; height: 32px;\"><strong>3r<\/strong><\/td>\n<td style=\"border-color: #000000; text-align: center; width: 34.9762%; background-color: #c3f0c0; height: 32px;\"><strong>5 de novembre 2025<\/strong><\/td>\n<td style=\"border-color: #000000; width: 75.518%; background-color: #c3f0c0; height: 32px;\"><span style=\"color: #000000;\"><strong>La Roca Foradada (Prades)<\/strong><\/span><\/td>\n<\/tr>\n<tr style=\"height: 32px;\">\n<td style=\"border-color: #000000; width: 9.85692%; background-color: #c3f0c0; height: 32px;\"><strong>3r\u00a0<\/strong><\/td>\n<td style=\"border-color: #000000; text-align: center; width: 34.9762%; background-color: #c3f0c0; height: 32px;\"><strong>18 de mar\u00e7 2026<\/strong><\/td>\n<td style=\"border-color: #000000; width: 75.518%; background-color: #c3f0c0; height: 32px;\"><span style=\"color: #000000;\"><strong>Consorci de l&#8217;Aigua (L&#8217;Ampolla)<\/strong><\/span><\/td>\n<\/tr>\n<tr style=\"height: 48px;\">\n<td style=\"border-color: #000000; width: 9.85692%; background-color: #c3f0c0; height: 48px;\"><strong>4t\u00a0<\/strong><\/td>\n<td style=\"border-color: #000000; text-align: center; width: 34.9762%; background-color: #c3f0c0; height: 48px;\"><strong>29 d&#8217;octubre 2025<\/strong><\/td>\n<td style=\"border-color: #000000; width: 75.518%; background-color: #c3f0c0; height: 48px;\"><span style=\"color: #000000;\"><strong>Cova de la Font Major (L&#8217;Espluga)<\/strong><\/span><\/td>\n<\/tr>\n<tr style=\"height: 32px;\">\n<td style=\"border-color: #000000; width: 9.85692%; background-color: #c3f0c0; height: 32px;\"><strong>4t<\/strong><\/td>\n<td style=\"border-color: #000000; text-align: center; width: 34.9762%; background-color: #c3f0c0; height: 32px;\"><strong>27 de mar\u00e7 2026<\/strong><\/td>\n<td style=\"border-color: #000000; width: 75.518%; background-color: #c3f0c0; height: 32px;\"><span style=\"color: #000000;\"><strong>Cosmocaixa (Barcelona)\u00a0<\/strong><\/span><\/td>\n<\/tr>\n<tr style=\"height: 33px;\">\n<td style=\"border-color: #000000; width: 9.85692%; height: 33px; background-color: #c3f0c0;\"><strong>4t<\/strong><\/td>\n<td style=\"border-color: #000000; text-align: center; width: 34.9762%; height: 33px; background-color: #c3f0c0;\"><strong>12 i 13 de maig 2026<\/strong><\/td>\n<td style=\"border-color: #000000; width: 75.518%; height: 33px; background-color: #c3f0c0;\"><strong><span style=\"color: #000080;\">\u00a0 <a style=\"color: #000080;\" href=\"https:\/\/caldiable.cat\/\" target=\"_blank\" rel=\"noopener noreferrer\">&#8220;Cal Diable&#8221; <\/a><\/span>(Pontons)<\/strong><\/td>\n<\/tr>\n<tr style=\"height: 32px;\">\n<td style=\"border-color: #000000; width: 120.351%; background-color: #f24edc; height: 32px;\" colspan=\"3\"><strong>TERCER CICLE<\/strong><strong><span style=\"color: #000080;\"><br \/>\n<\/span><\/strong><\/td>\n<\/tr>\n<tr style=\"height: 48px;\">\n<td style=\"border-color: #000000; width: 9.85692%; background-color: #f0c5ee; height: 48px;\"><strong>5\u00e8<\/strong><\/td>\n<td style=\"border-color: #000000; text-align: center; width: 34.9762%; background-color: #f0c5ee; height: 48px;\"><strong>13 d&#8217;octubre 2025<\/strong><\/td>\n<td style=\"border-color: #000000; width: 75.518%; background-color: #f0c5ee; height: 48px;\"><span style=\"color: #000000;\"><strong>Cal Foix (Cubelles)<\/strong><\/span><\/td>\n<\/tr>\n<tr style=\"height: 32px;\">\n<td style=\"border-color: #000000; width: 9.85692%; background-color: #f0c5ee; height: 32px;\"><strong>5\u00e8<\/strong><\/td>\n<td style=\"border-color: #000000; text-align: center; width: 34.9762%; background-color: #f0c5ee; height: 32px;\"><strong>10 de desembre 2025<\/strong><\/td>\n<td style=\"border-color: #000000; width: 75.518%; background-color: #f0c5ee; height: 32px;\"><span style=\"color: #000000;\"><strong>Col\u00f2nia G\u00fcell (Santa Coloma de Cervell\u00f3)<\/strong><\/span><\/td>\n<\/tr>\n<tr>\n<td style=\"border-color: #000000; width: 9.85692%; background-color: #f0c5ee;\"><strong>5\u00e8<\/strong><\/td>\n<td style=\"border-color: #000000; text-align: center; width: 34.9762%; background-color: #f0c5ee;\"><strong>14 de maig de 2026<\/strong><\/td>\n<td style=\"border-color: #000000; width: 75.518%; background-color: #f0c5ee;\"><span style=\"color: #000000;\"><strong>T\u00e0rraco Romana (Tarragona)<\/strong><\/span><\/td>\n<\/tr>\n<tr style=\"height: 48px;\">\n<td style=\"border-color: #000000; width: 9.85692%; background-color: #f0c5ee; height: 48px;\"><strong>6\u00e8<\/strong><\/td>\n<td style=\"border-color: #000000; text-align: center; width: 34.9762%; background-color: #f0c5ee; height: 48px;\"><strong>10 de desembre 2025<\/strong><\/td>\n<td style=\"border-color: #000000; width: 75.518%; background-color: #f0c5ee; height: 48px;\"><span style=\"color: #000000;\"><strong>Col\u00f2nia G\u00fcell (Santa Coloma de Cervell\u00f3)<\/strong><\/span><\/td>\n<\/tr>\n<tr style=\"height: 31px;\">\n<td style=\"border-color: #000000; height: 31px; width: 9.85692%; background-color: #f0c5ee;\"><strong>6\u00e8<\/strong><\/td>\n<td style=\"border-color: #000000; text-align: center; height: 31px; width: 34.9762%; background-color: #f0c5ee;\"><strong>25, 26 i 27 de maig 2026<\/strong><\/td>\n<td style=\"border-color: #000000; height: 31px; width: 75.518%; background-color: #f0c5ee;\"><strong><span style=\"color: #000080;\">\u00a0 <a style=\"color: #000080;\" href=\"https:\/\/www.eixestels.com\/ca\/mas-banyeres\/cases-de-colonies\/2\" target=\"_blank\" rel=\"noopener noreferrer\">&#8220;Mas Banyeres&#8221;<\/a> <\/span>(El Montseny)<\/strong><\/td>\n<\/tr>\n<\/tbody>\n<\/table>\n<p>&nbsp;<\/p>\n","protected":false},"excerpt":{"rendered":"<p>EDUCACI\u00d3 INFANTIL<\/p>\n<p>I3<br \/>\n17 de mar\u00e7 2026<br \/>\nGranja Neri (El Catllar)<\/p>\n<p>I4<br \/>\n12 de novembre 2025<br \/>\nZoo de Barcelona<\/p>\n<p>I4<\/p>\n<p>Caixa F\u00f3rum (Tarragona)<\/p>\n<p>I5<br \/>\n24 d&#8217;octubre 2025<br \/>\nAquarium de Barcelona<\/p>\n<p>I5<br \/>\n13 i 14 d&#8217;abril 2026<br \/>\nCol\u00f2nies<a style=\"color: #000080;\" href=\"https:\/\/canribascasadecolonies.cat\/\" target=\"_blank\" rel=\"noopener\">\u00a0&#8220;Can Ribas&#8221; <\/a>(Bigues i Riells-Barcelona)<\/p>\n<p>PRIMER CICLE<\/p>\n<p>1r<br \/>\n28 de novembre 2025<br \/>\nCosmocaixa (Barcelona)<\/p>\n<p>1r<br \/>\n5 de febrer 2026<br \/>\nReserva Natural Sebes (Flix)<\/p>\n<p>1r<br \/>\n8 d&#8217;abril 2026<br \/>\nPalau&hellip;  <a href=\"https:\/\/agora.xtec.cat\/ceip-molidevent\/familia\/sortides-i-colonies\/\" title=\"Read Sortides i col\u00f2nies 2025-26\">Llegeix m\u00e9s\u00bb<\/a><\/p>\n","protected":false},"author":1,"featured_media":0,"parent":1099,"menu_order":0,"comment_status":"closed","ping_status":"closed","template":"","meta":{"_bbp_topic_count":0,"_bbp_reply_count":0,"_bbp_total_topic_count":0,"_bbp_total_reply_count":0,"_bbp_voice_count":0,"_bbp_anonymous_reply_count":0,"_bbp_topic_count_hidden":0,"_bbp_reply_count_hidden":0,"_bbp_forum_subforum_count":0,"footnotes":""},"class_list":["post-917","page","type-page","status-publish","hentry"],"post_mailing_queue_ids":[],"_links":{"self":[{"href":"https:\/\/agora.xtec.cat\/ceip-molidevent\/wp-json\/wp\/v2\/pages\/917","targetHints":{"allow":["GET"]}}],"collection":[{"href":"https:\/\/agora.xtec.cat\/ceip-molidevent\/wp-json\/wp\/v2\/pages"}],"about":[{"href":"https:\/\/agora.xtec.cat\/ceip-molidevent\/wp-json\/wp\/v2\/types\/page"}],"author":[{"embeddable":true,"href":"https:\/\/agora.xtec.cat\/ceip-molidevent\/wp-json\/wp\/v2\/users\/1"}],"replies":[{"embeddable":true,"href":"https:\/\/agora.xtec.cat\/ceip-molidevent\/wp-json\/wp\/v2\/comments?post=917"}],"version-history":[{"count":6,"href":"https:\/\/agora.xtec.cat\/ceip-molidevent\/wp-json\/wp\/v2\/pages\/917\/revisions"}],"predecessor-version":[{"id":6147,"href":"https:\/\/agora.xtec.cat\/ceip-molidevent\/wp-json\/wp\/v2\/pages\/917\/revisions\/6147"}],"up":[{"embeddable":true,"href":"https:\/\/agora.xtec.cat\/ceip-molidevent\/wp-json\/wp\/v2\/pages\/1099"}],"wp:attachment":[{"href":"https:\/\/agora.xtec.cat\/ceip-molidevent\/wp-json\/wp\/v2\/media?parent=917"}],"curies":[{"name":"wp","href":"https:\/\/api.w.org\/{rel}","templated":true}]}}