{"id":26,"date":"2014-09-18T12:24:32","date_gmt":"2014-09-18T12:24:32","guid":{"rendered":"http:\/\/agora.xtec.cat\/ceip-molidevent\/\/?page_id=26"},"modified":"2015-03-04T19:39:54","modified_gmt":"2015-03-04T18:39:54","slug":"historia","status":"publish","type":"page","link":"https:\/\/agora.xtec.cat\/ceip-molidevent\/lescola\/historia\/","title":{"rendered":"Hist\u00f2ria"},"content":{"rendered":"<p><a href=\"http:\/\/agora.xtec.cat\/ceip-molidevent\/wp-content\/uploads\/usu1187\/2014\/09\/file.jpg\"><img loading=\"lazy\" decoding=\"async\" class=\"alignnone  wp-image-205\" src=\"http:\/\/agora.xtec.cat\/ceip-molidevent\/wp-content\/uploads\/usu1187\/2014\/09\/file-300x212.jpg\" alt=\"file\" width=\"436\" height=\"308\" srcset=\"https:\/\/agora.xtec.cat\/ceip-molidevent\/wp-content\/uploads\/usu1187\/2014\/09\/file-300x212.jpg 300w, https:\/\/agora.xtec.cat\/ceip-molidevent\/wp-content\/uploads\/usu1187\/2014\/09\/file.jpg 500w\" sizes=\"auto, (max-width: 436px) 100vw, 436px\" \/><\/a><\/p>\n<p>\u25aa Qui som?<\/p>\n<p><span style=\"font-size: large;\">Som una escola de titularitat p\u00fablica i depenent del Departament d&#8217;Ensenyament de la Generalitat de Catalunya. Ens considerem una escola catalana, aconfessional, pluralista i democr\u00e0tica.<\/span><\/p>\n<p><span style=\"font-size: large;\">\u25aa El nostre objectiu<\/span><\/p>\n<p><span style=\"font-size: large;\">El nostre objectiu principal \u00e9s aconseguir que els alumnes desenvolupin totes les seves capacitats personals, socials i intel\u00b7lectuals; fomentant l&#8217;autoestima personal i l&#8217;esperit cr\u00edtic, la solidaritat i la cooperaci\u00f3, conjuntament en l&#8217;adquisici\u00f3 d&#8217;h\u00e0bits de treball, perqu\u00e8 es puguin desenvolupar en la societat actual.<\/span><\/p>\n<p><span style=\"font-size: large;\">Per aconseguir aix\u00f2 pensem que la cooperaci\u00f3 entre pares i escola \u00e9s fonamental per la plena educaci\u00f3 dels vostres fills.\u00a0<\/span><\/p>\n<p><span style=\"font-size: large;\">\u25aa La nostra hist\u00f2ria<\/span><\/p>\n<p><span style=\"font-size: large;\">Primerament a Torredembarra nom\u00e9s hi havia el col\u00b7legi Antoni Roig que era un edifici d&#8217;espl\u00e8ndida arquitectura situat al centre de la localitat. Degut a l&#8217;augment de poblaci\u00f3, aquest col\u00b7legi qued\u00e0 petit i es constru\u00ed un altre edifici a les afores del poble l&#8217;any 1979. Aquest edifici entr\u00e0 en funcionament el primer trimestre del curs 1979-80 i continu\u00e0 formant part del col\u00b7legi Antoni Roig que estava distribu\u00eft en varis edificis.<\/span><\/p>\n<p><span style=\"font-size: large;\">En comen\u00e7ar el curs 1987-88, concretament l&#8217;1 de setembre de 1987, aquest edifici passa a ser totalment independent de l&#8217;Antoni Roig i es crea el nou col\u00b7legi Mol\u00ed de Vent que funciona fins l&#8217;actualitat.<\/span><\/p>\n<p><span style=\"font-size: large;\">L&#8217;escola Mol\u00ed de Vent est\u00e0 ubicada al mig de la urbanitzaci\u00f3 Mol\u00ed de Vent, nom donat degut a que en aquest lloc hi funcion\u00e0 antigament un mol\u00ed de vent. Situat al nord de la poblaci\u00f3 de Torredembarra, a la comarca del Tarragon\u00e8s.\u00a0<\/span><\/p>\n<p><a href=\"http:\/\/agora.xtec.cat\/ceip-molidevent\/wp-content\/uploads\/usu1187\/2014\/09\/file2.gif\"><img loading=\"lazy\" decoding=\"async\" class=\"alignnone  wp-image-206\" src=\"http:\/\/agora.xtec.cat\/ceip-molidevent\/wp-content\/uploads\/usu1187\/2014\/09\/file2-300x119.gif\" alt=\"file2\" width=\"408\" height=\"162\" \/><\/a><\/p>\n","protected":false},"excerpt":{"rendered":"<p><a href=\"http:\/\/agora.xtec.cat\/ceip-molidevent\/wp-content\/uploads\/usu1187\/2014\/09\/file.jpg\"><\/a><br \/>\n\u25aa Qui som?<br \/>\nSom una escola de titularitat p\u00fablica i depenent del Departament d&#8217;Ensenyament de la Generalitat de Catalunya. Ens considerem una escola catalana, aconfessional, pluralista i democr\u00e0tica.<br \/>\n\u25aa El nostre objectiu<br \/>\nEl nostre objectiu principal \u00e9s aconseguir que els alumnes desenvolupin totes les seves capacitats personals,&hellip;  <a href=\"https:\/\/agora.xtec.cat\/ceip-molidevent\/lescola\/historia\/\" title=\"Read Hist\u00f2ria\">Llegeix m\u00e9s\u00bb<\/a><\/p>\n","protected":false},"author":2,"featured_media":0,"parent":22,"menu_order":20,"comment_status":"closed","ping_status":"closed","template":"page-templates\/side-menu.php","meta":{"_bbp_topic_count":0,"_bbp_reply_count":0,"_bbp_total_topic_count":0,"_bbp_total_reply_count":0,"_bbp_voice_count":0,"_bbp_anonymous_reply_count":0,"_bbp_topic_count_hidden":0,"_bbp_reply_count_hidden":0,"_bbp_forum_subforum_count":0,"footnotes":""},"class_list":["post-26","page","type-page","status-publish","hentry"],"post_mailing_queue_ids":[],"_links":{"self":[{"href":"https:\/\/agora.xtec.cat\/ceip-molidevent\/wp-json\/wp\/v2\/pages\/26","targetHints":{"allow":["GET"]}}],"collection":[{"href":"https:\/\/agora.xtec.cat\/ceip-molidevent\/wp-json\/wp\/v2\/pages"}],"about":[{"href":"https:\/\/agora.xtec.cat\/ceip-molidevent\/wp-json\/wp\/v2\/types\/page"}],"author":[{"embeddable":true,"href":"https:\/\/agora.xtec.cat\/ceip-molidevent\/wp-json\/wp\/v2\/users\/2"}],"replies":[{"embeddable":true,"href":"https:\/\/agora.xtec.cat\/ceip-molidevent\/wp-json\/wp\/v2\/comments?post=26"}],"version-history":[{"count":2,"href":"https:\/\/agora.xtec.cat\/ceip-molidevent\/wp-json\/wp\/v2\/pages\/26\/revisions"}],"predecessor-version":[{"id":207,"href":"https:\/\/agora.xtec.cat\/ceip-molidevent\/wp-json\/wp\/v2\/pages\/26\/revisions\/207"}],"up":[{"embeddable":true,"href":"https:\/\/agora.xtec.cat\/ceip-molidevent\/wp-json\/wp\/v2\/pages\/22"}],"wp:attachment":[{"href":"https:\/\/agora.xtec.cat\/ceip-molidevent\/wp-json\/wp\/v2\/media?parent=26"}],"curies":[{"name":"wp","href":"https:\/\/api.w.org\/{rel}","templated":true}]}}