{"id":26,"date":"2014-09-18T12:24:32","date_gmt":"2014-09-18T11:24:32","guid":{"rendered":"http:\/\/agora.xtec.cat\/ceip-masmaso-salt\/?page_id=26"},"modified":"2021-04-11T17:24:03","modified_gmt":"2021-04-11T15:24:03","slug":"historia","status":"publish","type":"page","link":"https:\/\/agora.xtec.cat\/ceip-masmaso-salt\/lescola\/historia\/","title":{"rendered":"Hist\u00f2ria"},"content":{"rendered":"<p style=\"text-align: justify;\">L\u2019Escola Mas Mas\u00f3 fou inaugurada l\u2019any\u00a0\u00a02002\u00a0\u00a0i \u00e9s un centre de dues l\u00ednies. En total\u00a0\u00a0hi ha uns\u00a0\u00a0450 alumnes distribu\u00efts en\u00a0\u00a0unitats des de P3 fins a 6\u00e8, la r\u00e0tio dels quals est\u00e0 al voltant de 25 alumnes per aula. El centre educatiu est\u00e0 dotat d\u2019unes magn\u00edfiques instal\u00b7lacions, inaugurades pel govern catal\u00e0 l\u2019any 2007, i de diferents projectes de centre que signifiquen la vocaci\u00f3 de comprom\u00eds, excel\u00b7l\u00e8ncia i equitat educativa que l\u2019escola desenvolupa i vol continuar desenvolupant. La majoria dels alumnes han realitzat la major part de la seva escolaritzaci\u00f3 en el propi centre, independentment de la proced\u00e8ncia de les seves fam\u00edlies. Des de la Direcci\u00f3 i des de l\u2019AMPA de l\u2019escola s\u2019hi est\u00e0 fent una important feina, compromesa i coordinada,\u00a0\u00a0per tal d\u2019assegurar\u00a0\u00a0la qualitat educativa del nostre centre i incloure les fam\u00edlies en els objectius de l\u2019organitzaci\u00f3.<\/p>\n<p><strong>Salt, entorn de l&#8217;escola.<a href=\"https:\/\/agora.xtec.cat\/ceip-masmaso-salt\/wp-content\/uploads\/usu2012\/2019\/07\/escut.jpg\"><img loading=\"lazy\" decoding=\"async\" class=\" wp-image-496\" src=\"https:\/\/agora.xtec.cat\/ceip-masmaso-salt\/wp-content\/uploads\/usu2012\/2019\/07\/escut.jpg\" alt=\"\" width=\"86\" height=\"109\" \/><\/a><\/strong><\/p>\n<p style=\"text-align: justify;\">El creixement urban\u00edstic i urb\u00e0 de Salt <span lang=\"CA\">t\u00e9 punts en com\u00fa amb d\u2019altres viles i ciutats catalanes que han viscut, al llarg de la major part del segle XX i XXI,\u00a0\u00a0els\u00a0efectes socials\u00a0de les diferents\u00a0activitats econ\u00f2miques\u00a0que s\u2019han dut a terme,\u00a0\u00a0del\u00a0creixement\u00a0\u00a0demogr\u00e0fic\u00a0accelerat\u00a0\u00a0i de la instal\u00b7laci\u00f3 de grans grups de poblaci\u00f3 amb fortes\u00a0inquietuds de millora i desenvolupament socioec\u00f2nomic:\u00a0\u00a0des dels treballadors de les f\u00e0briques de teixits hereves de la Revoluci\u00f3 Industrial (a finals del segle XIX), fins als actuals grups de poblaci\u00f3 : vilatans, treballadors i treballadores de diferents or\u00edgens, nacionals i estrangers, ocupats en\u00a0\u00a0diferents sectors econ\u00f2mics, dintre i fora de la poblaci\u00f3.\u00a0\u00a0\u00a0\u00a0\u00a0\u00a0<\/span><\/p>\n<p style=\"text-align: justify;\"><span lang=\"CA\">Salt ha estat tradicionalment receptor de diferents onades migrat\u00f2ries: internes o del propi pa\u00eds (en els anys 60 o 70) i de poblaci\u00f3 extracomunit\u00e0ria\u00a0\u00a0\u00a0\u00a0\u00a0(a partir dels anys 80 i 90).\u00a0\u00a0\u00a0Front a la hist\u00f2rica recepci\u00f3 de noves poblacions, la ciutat de Salt sempre ha conservat un\u00a0nucli urb\u00e0 de car\u00e0cter eminentment rural i tradicionalvinculat a les activitats m\u00e9s tradicionals de qualsevol ciutat o poble de Catalunya.<\/span><\/p>\n<p style=\"text-align: justify;\"><span lang=\"CA\">\u00a0<\/span><span lang=\"CA\">Al costat del\u00a0perfil majorit\u00e0riament \u201csocial i de classe treballadora\u201d\u00a0que ha tingut la ciutat, cal destacar les enormes contribucions que la diversitat cultural i els ajuntaments democr\u00e0tics han aportat en clau de desenvolupament socioecon\u00f2mic a la ciutat.\u00a0\u00a0No es pot ni s\u2019ha d\u2019entendre Salt sense\u00a0l\u2019aportaci\u00f3 hist\u00f2rica,\u00a0\u00a0individual i col\u00b7lectiva, de totes les persones que resideixen \u2013 sigui quina sigui la seva comunitat d\u2019origen o proced\u00e8ncia &#8211; .<\/span><\/p>\n<p style=\"text-align: justify;\"><span style=\"font-size: medium;\"><span lang=\"CA\">En termes quantitatius esmentarem que segons les dades del Padr\u00f3 Municipal de 2013, dels 30.101 habitants empadronats a Salt, 12.373 s\u00f3n persones de m\u00e9s de 80 nacionalitats diferents (\u00e9s a dir, el 41,10% de la poblaci\u00f3). Aquestes dades confirmen a la ciutat de Salt com una de les m\u00e9s diverses i plurals de Catalunya, constituint-se en un exemple del repte que suposa\u00a0\u00a0imbricar el creixement econ\u00f2mic i la just\u00edcia i la cohesi\u00f3 socials, i de dur a terme experi\u00e8ncies positives d\u2019interculturalitat.<\/span><\/span><\/p>\n<p style=\"text-align: justify;\"><span lang=\"CA\">Entre les nacionalitats d\u2019origen presents al municipi destaquen, en termes quantitatius, la poblaci\u00f3 d\u2019origen pr\u00f2piament catal\u00e0 o provinents d\u2019altres indrets de l\u2019Estat Espanyol, aix\u00ed com del\u00a0\u00a0Marroc, G\u00e0mbia, Hondures, Mal\u00ed i Senegal\u00a0\u00a0(fins a completar les 80 nacionalitats diferents).<\/span><\/p>\n<p><a href=\"https:\/\/agora.xtec.cat\/ceip-masmaso-salt\/wp-content\/uploads\/usu2012\/2019\/07\/Coma-Cros.jpeg\"><img loading=\"lazy\" decoding=\"async\" class=\"wp-image-498  aligncenter\" src=\"https:\/\/agora.xtec.cat\/ceip-masmaso-salt\/wp-content\/uploads\/usu2012\/2019\/07\/Coma-Cros-150x150.jpeg\" alt=\"\" width=\"230\" height=\"230\" \/><\/a><img loading=\"lazy\" decoding=\"async\" class=\"wp-image-497  aligncenter\" src=\"https:\/\/agora.xtec.cat\/ceip-masmaso-salt\/wp-content\/uploads\/usu2012\/2019\/07\/Barri-Vell-150x150.jpeg\" alt=\"\" width=\"233\" height=\"233\" \/><\/p>\n","protected":false},"excerpt":{"rendered":"<p>L\u2019Escola Mas Mas\u00f3 fou inaugurada l\u2019any\u00a0\u00a02002\u00a0\u00a0i \u00e9s un centre de dues l\u00ednies. En total\u00a0\u00a0hi ha uns\u00a0\u00a0450 alumnes distribu\u00efts en\u00a0\u00a0unitats des de P3 fins a 6\u00e8, la r\u00e0tio dels quals est\u00e0 al voltant de 25 alumnes per aula. El centre educatiu est\u00e0 dotat d\u2019unes magn\u00edfiques instal\u00b7lacions, inaugurades pel govern catal\u00e0 l\u2019any 2007, i de diferents projectes [&hellip;]<\/p>\n","protected":false},"author":1,"featured_media":0,"parent":22,"menu_order":20,"comment_status":"closed","ping_status":"closed","template":"page-templates\/side-menu.php","meta":{"_bbp_topic_count":0,"_bbp_reply_count":0,"_bbp_total_topic_count":0,"_bbp_total_reply_count":0,"_bbp_voice_count":0,"_bbp_anonymous_reply_count":0,"_bbp_topic_count_hidden":0,"_bbp_reply_count_hidden":0,"_bbp_forum_subforum_count":0,"site-sidebar-layout":"default","site-content-layout":"","ast-site-content-layout":"","site-content-style":"default","site-sidebar-style":"default","ast-global-header-display":"","ast-banner-title-visibility":"","ast-main-header-display":"","ast-hfb-above-header-display":"","ast-hfb-below-header-display":"","ast-hfb-mobile-header-display":"","site-post-title":"","ast-breadcrumbs-content":"","ast-featured-img":"","footer-sml-layout":"","theme-transparent-header-meta":"","adv-header-id-meta":"","stick-header-meta":"","header-above-stick-meta":"","header-main-stick-meta":"","header-below-stick-meta":"","astra-migrate-meta-layouts":"default","ast-page-background-enabled":"default","ast-page-background-meta":{"desktop":{"background-color":"var(--ast-global-color-4)","background-image":"","background-repeat":"repeat","background-position":"center center","background-size":"auto","background-attachment":"scroll","background-type":"","background-media":"","overlay-type":"","overlay-color":"","overlay-opacity":"","overlay-gradient":""},"tablet":{"background-color":"","background-image":"","background-repeat":"repeat","background-position":"center center","background-size":"auto","background-attachment":"scroll","background-type":"","background-media":"","overlay-type":"","overlay-color":"","overlay-opacity":"","overlay-gradient":""},"mobile":{"background-color":"","background-image":"","background-repeat":"repeat","background-position":"center center","background-size":"auto","background-attachment":"scroll","background-type":"","background-media":"","overlay-type":"","overlay-color":"","overlay-opacity":"","overlay-gradient":""}},"ast-content-background-meta":{"desktop":{"background-color":"var(--ast-global-color-5)","background-image":"","background-repeat":"repeat","background-position":"center center","background-size":"auto","background-attachment":"scroll","background-type":"","background-media":"","overlay-type":"","overlay-color":"","overlay-opacity":"","overlay-gradient":""},"tablet":{"background-color":"var(--ast-global-color-5)","background-image":"","background-repeat":"repeat","background-position":"center center","background-size":"auto","background-attachment":"scroll","background-type":"","background-media":"","overlay-type":"","overlay-color":"","overlay-opacity":"","overlay-gradient":""},"mobile":{"background-color":"var(--ast-global-color-5)","background-image":"","background-repeat":"repeat","background-position":"center center","background-size":"auto","background-attachment":"scroll","background-type":"","background-media":"","overlay-type":"","overlay-color":"","overlay-opacity":"","overlay-gradient":""}},"footnotes":""},"class_list":["post-26","page","type-page","status-publish","hentry"],"post_mailing_queue_ids":[],"_links":{"self":[{"href":"https:\/\/agora.xtec.cat\/ceip-masmaso-salt\/wp-json\/wp\/v2\/pages\/26","targetHints":{"allow":["GET"]}}],"collection":[{"href":"https:\/\/agora.xtec.cat\/ceip-masmaso-salt\/wp-json\/wp\/v2\/pages"}],"about":[{"href":"https:\/\/agora.xtec.cat\/ceip-masmaso-salt\/wp-json\/wp\/v2\/types\/page"}],"author":[{"embeddable":true,"href":"https:\/\/agora.xtec.cat\/ceip-masmaso-salt\/wp-json\/wp\/v2\/users\/1"}],"replies":[{"embeddable":true,"href":"https:\/\/agora.xtec.cat\/ceip-masmaso-salt\/wp-json\/wp\/v2\/comments?post=26"}],"version-history":[{"count":4,"href":"https:\/\/agora.xtec.cat\/ceip-masmaso-salt\/wp-json\/wp\/v2\/pages\/26\/revisions"}],"predecessor-version":[{"id":1095,"href":"https:\/\/agora.xtec.cat\/ceip-masmaso-salt\/wp-json\/wp\/v2\/pages\/26\/revisions\/1095"}],"up":[{"embeddable":true,"href":"https:\/\/agora.xtec.cat\/ceip-masmaso-salt\/wp-json\/wp\/v2\/pages\/22"}],"wp:attachment":[{"href":"https:\/\/agora.xtec.cat\/ceip-masmaso-salt\/wp-json\/wp\/v2\/media?parent=26"}],"curies":[{"name":"wp","href":"https:\/\/api.w.org\/{rel}","templated":true}]}}