{"id":1181,"date":"2021-08-23T12:45:53","date_gmt":"2021-08-23T10:45:53","guid":{"rendered":"https:\/\/agora.xtec.cat\/ceip-masmaso-salt\/?page_id=1181"},"modified":"2025-09-03T13:47:05","modified_gmt":"2025-09-03T11:47:05","slug":"claustre","status":"publish","type":"page","link":"https:\/\/agora.xtec.cat\/ceip-masmaso-salt\/lescola\/claustre\/","title":{"rendered":"Claustre"},"content":{"rendered":"<table style=\"border-collapse: collapse; width: 42.3492%; height: 279px;\">\n<tbody>\n<tr style=\"height: 32px;\">\n<td style=\"width: 11.2399%; height: 279px; text-align: center; vertical-align: middle;\" rowspan=\"10\"><strong>CICLE D&#8217;EDUCACI\u00d3 INFANTIL<\/strong><\/td>\n<td style=\"width: 6.84392%; height: 32px; text-align: center;\">I3 A<\/td>\n<td style=\"width: 12.5321%; height: 32px;\">Irene Mas\u00f3<\/td>\n<\/tr>\n<tr style=\"height: 32px;\">\n<td style=\"width: 6.84392%; height: 32px; text-align: center;\">I3 B<\/td>\n<td style=\"width: 12.5321%; height: 32px;\">Montse Dalmau<\/td>\n<\/tr>\n<tr style=\"height: 32px;\">\n<td style=\"width: 6.84392%; height: 32px; text-align: center;\">CODOCENT I3<\/td>\n<td style=\"width: 12.5321%; height: 32px; text-align: center;\">&#8211;<\/td>\n<\/tr>\n<tr style=\"height: 32px;\">\n<td style=\"width: 6.84392%; height: 32px; text-align: center;\">I4 A<\/td>\n<td style=\"width: 12.5321%; height: 32px;\">Margarida Moncanut<\/td>\n<\/tr>\n<tr style=\"height: 32px;\">\n<td style=\"width: 6.84392%; height: 32px; text-align: center;\">I4 B<\/td>\n<td style=\"width: 12.5321%; height: 32px;\">Merc\u00e8 Ortega<\/td>\n<\/tr>\n<tr style=\"height: 32px;\">\n<td style=\"width: 6.84392%; height: 13px; text-align: center;\">CODOCENT I4<\/td>\n<td style=\"width: 12.5321%; height: 13px;\">Laura Alcolea i Marta Reig<\/td>\n<\/tr>\n<tr style=\"height: 32px;\">\n<td style=\"width: 6.84392%; height: 32px; text-align: center;\">I5 A<\/td>\n<td style=\"width: 12.5321%; height: 32px;\">Aida Mar\u00e9s<\/td>\n<\/tr>\n<tr style=\"height: 32px;\">\n<td style=\"width: 6.84392%; height: 32px; text-align: center;\">I5 B<\/td>\n<td style=\"width: 12.5321%; height: 32px;\">Ana M\u00e9ler<\/td>\n<\/tr>\n<tr style=\"height: 32px;\">\n<td style=\"width: 6.84392%; height: 10px; text-align: center;\">CODOCENT I5<\/td>\n<td style=\"width: 12.5321%; height: 10px;\">Laia Oriola i Josefa Castell\u00e0<\/td>\n<\/tr>\n<tr style=\"height: 32px;\">\n<td style=\"width: 6.84392%; height: 32px; text-align: center;\">TEI<\/td>\n<td style=\"width: 12.5321%; height: 32px;\">Montserrat F\u00e0bregas<\/td>\n<\/tr>\n<\/tbody>\n<\/table>\n<table class=\" alignright\" style=\"height: 322px; width: 42.7978%; border-collapse: collapse;\">\n<tbody>\n<tr style=\"height: 32px;\">\n<td style=\"width: 7.20197%; height: 322px; vertical-align: middle; text-align: center;\" rowspan=\"8\"><strong>COORDINACI\u00d3<\/strong><br \/>\n<strong><br \/>\n<\/strong><strong><br \/>\n<\/strong><strong><br \/>\n<\/strong><strong><br \/>\n<\/strong><strong><br \/>\n<\/strong><\/td>\n<td style=\"width: 5.96408%; height: 32px; text-align: center;\">Coordinadora<\/p>\n<p>Educaci\u00f3 Infantil<\/td>\n<td style=\"width: 10.7529%; height: 32px;\">Laia Oriola<\/td>\n<\/tr>\n<tr style=\"height: 32px;\">\n<td style=\"width: 5.96408%; height: 32px; text-align: center;\">Coordinadora<\/p>\n<p>Cicle Inicial<\/td>\n<td style=\"width: 10.7529%; height: 32px;\">Marta Llorens<\/td>\n<\/tr>\n<tr style=\"height: 32px;\">\n<td style=\"width: 5.96408%; height: 34px; text-align: center;\">Coordinadora<\/p>\n<p>Cicle Mitj\u00e0<\/td>\n<td style=\"width: 10.7529%; height: 34px;\">\u00c8lida Matamala<\/td>\n<\/tr>\n<tr style=\"height: 32px;\">\n<td style=\"width: 5.96408%; height: 32px; text-align: center;\">Coordinadora<\/p>\n<p>Cicle Superior<\/td>\n<td style=\"width: 10.7529%; height: 32px;\">Maria Figueras<\/td>\n<\/tr>\n<tr style=\"height: 32px;\">\n<td style=\"width: 5.96408%; height: 32px; text-align: center;\">Coordinadora Inform\u00e0tica<\/td>\n<td style=\"width: 10.7529%; height: 32px;\">Sandra Montalban<\/td>\n<\/tr>\n<tr style=\"height: 32px;\">\n<td style=\"width: 5.96408%; height: 32px; text-align: center;\">Coordinadora de Llengua i Cohesi\u00f3<\/td>\n<td style=\"width: 10.7529%; height: 32px;\">Laura Jornet<\/td>\n<\/tr>\n<tr style=\"height: 96px;\">\n<td style=\"width: 5.96408%; height: 96px; text-align: center;\">Coordinadora COCOBE<\/td>\n<td style=\"width: 10.7529%; height: 96px;\">Naoual El Jaarani<\/td>\n<\/tr>\n<tr style=\"height: 32px;\">\n<td style=\"width: 5.96408%; height: 32px; text-align: center;\">Coordinador de<\/p>\n<p>Riscos Laborals<\/td>\n<td style=\"width: 10.7529%; height: 32px;\">Jordi Caparr\u00f3s<\/td>\n<\/tr>\n<\/tbody>\n<\/table>\n<table style=\"border-collapse: collapse; width: 42.4217%; height: 193px;\">\n<tbody>\n<tr style=\"height: 32px;\">\n<td style=\"width: 13.29%; height: 193px; text-align: center;\" rowspan=\"6\"><strong>CICLE INICIAL<\/strong><\/td>\n<td style=\"width: 6.83762%; height: 32px; text-align: center;\">1r A<\/td>\n<td style=\"width: 12.0195%; height: 32px;\">Sandra Constans\u00f3<\/td>\n<\/tr>\n<tr style=\"height: 32px;\">\n<td style=\"width: 6.83762%; height: 32px; text-align: center;\">1r B<\/td>\n<td style=\"width: 12.0195%; height: 32px;\">Laura Mauri<\/td>\n<\/tr>\n<tr style=\"height: 32px;\">\n<td style=\"width: 6.83762%; height: 33px; text-align: center;\">CODOCENT 1r<\/td>\n<td style=\"width: 12.0195%; height: 33px;\">S\u00f2nia Sabater<\/td>\n<\/tr>\n<tr style=\"height: 32px;\">\n<td style=\"width: 6.83762%; height: 32px; text-align: center;\">2n A<\/td>\n<td style=\"width: 12.0195%; height: 32px;\">Idoia Pla<\/td>\n<\/tr>\n<tr style=\"height: 32px;\">\n<td style=\"width: 6.83762%; height: 32px; text-align: center;\">2n B<\/td>\n<td style=\"width: 12.0195%; height: 32px;\">Montse Albareda<\/td>\n<\/tr>\n<tr style=\"height: 32px;\">\n<td style=\"width: 6.83762%; height: 32px; text-align: center;\">CODOCENT 2n<\/td>\n<td style=\"width: 12.0195%; height: 32px;\">Anna Romero<\/td>\n<\/tr>\n<\/tbody>\n<\/table>\n<table style=\"border-collapse: collapse; width: 42.6323%; height: 194px;\">\n<tbody>\n<tr style=\"height: 32px;\">\n<td style=\"height: 194px; text-align: center; width: 31.8027%;\" rowspan=\"6\"><strong>CICLE MITJ\u00c0<\/strong><\/td>\n<td style=\"width: 25.2147%; height: 32px; text-align: center;\">3r A<\/td>\n<td style=\"width: 31.921%; height: 32px;\">\u00c8lida Matamala<\/td>\n<\/tr>\n<tr style=\"height: 32px;\">\n<td style=\"width: 25.2147%; height: 32px; text-align: center;\">3r B<\/td>\n<td style=\"width: 31.921%; height: 32px;\">Helena Bosch<\/td>\n<\/tr>\n<tr style=\"height: 32px;\">\n<td style=\"width: 25.2147%; height: 34px; text-align: center;\">CODOCENT 3r<\/td>\n<td style=\"width: 31.921%; height: 34px;\">Alba Culubret<\/td>\n<\/tr>\n<tr style=\"height: 32px;\">\n<td style=\"width: 25.2147%; height: 32px; text-align: center;\">4t A<\/td>\n<td style=\"width: 31.921%; height: 32px;\">Judit Soler<\/td>\n<\/tr>\n<tr style=\"height: 32px;\">\n<td style=\"width: 25.2147%; height: 32px; text-align: center;\">4t B<\/td>\n<td style=\"width: 31.921%; height: 32px;\">S\u00f2nia Cabrillana<\/td>\n<\/tr>\n<tr style=\"height: 32px;\">\n<td style=\"width: 25.2147%; height: 32px; text-align: center;\">CODOCENT 4t<\/td>\n<td style=\"width: 31.921%; height: 32px;\">J\u00falia Mas\u00f3<\/td>\n<\/tr>\n<\/tbody>\n<\/table>\n<table style=\"border-collapse: collapse; width: 42.9224%; height: 194px;\">\n<tbody>\n<tr style=\"height: 32px;\">\n<td style=\"width: 11.3996%; height: 194px; text-align: center;\" rowspan=\"6\"><strong>CICLE SUPERIOR<\/strong><\/td>\n<td style=\"width: 5.83731%; height: 32px; text-align: center;\">5\u00e8 A<\/td>\n<td style=\"width: 13.379%; height: 32px;\">Pau Vicen\u00e7<\/td>\n<\/tr>\n<tr style=\"height: 32px;\">\n<td style=\"width: 5.83731%; height: 32px; text-align: center;\">5\u00e8 B<\/td>\n<td style=\"width: 13.379%; height: 32px;\">Judit Juanola<\/td>\n<\/tr>\n<tr style=\"height: 32px;\">\n<td style=\"width: 5.83731%; height: 34px; text-align: center;\">CODOCENT 5\u00e8<\/td>\n<td style=\"width: 13.379%; height: 34px;\">Jordi Horta<\/td>\n<\/tr>\n<tr style=\"height: 32px;\">\n<td style=\"width: 5.83731%; height: 32px; text-align: center;\">6\u00e8 A<\/td>\n<td style=\"width: 13.379%; height: 32px;\">Nat\u00e0lia Rodr\u00edguez<\/td>\n<\/tr>\n<tr style=\"height: 32px;\">\n<td style=\"width: 5.83731%; height: 32px; text-align: center;\">6\u00e8 B<\/td>\n<td style=\"width: 13.379%; height: 32px;\">Josep M\u00aa Bosch<\/td>\n<\/tr>\n<tr style=\"height: 32px;\">\n<td style=\"width: 5.83731%; height: 32px; text-align: center;\">CODOCENT 6\u00e8<\/td>\n<td style=\"width: 13.379%; height: 32px;\">Vanesa Moreno<\/td>\n<\/tr>\n<\/tbody>\n<\/table>\n<table class=\" alignleft\" style=\"width: 44.1086%; border-collapse: collapse; height: 978px;\">\n<tbody>\n<tr style=\"height: 32px;\">\n<td style=\"width: 14.89%; height: 387px; text-align: center;\" rowspan=\"9\"><strong>ESPECIALISTES<\/strong><\/td>\n<td style=\"width: 12.8595%; height: 32px; text-align: center;\">Educaci\u00f3 F\u00edsica<\/td>\n<td style=\"width: 19.2285%; height: 32px;\">Jordi Caparr\u00f3s i Marta Llorens<\/td>\n<\/tr>\n<tr style=\"height: 32px;\">\n<td style=\"width: 12.8595%; height: 21px; text-align: center;\">Especialista d&#8217;angl\u00e8s<\/td>\n<td style=\"width: 19.2285%; height: 21px;\">Laura Jornet i Olga Ortiz<\/td>\n<\/tr>\n<tr style=\"height: 32px;\">\n<td style=\"width: 12.8595%; height: 34px; text-align: center;\">Especialista de m\u00fasica<\/td>\n<td style=\"width: 19.2285%; height: 34px;\">Miranda Fonfria i S\u00f2nia Carrera<\/td>\n<\/tr>\n<tr style=\"height: 32px;\">\n<td style=\"width: 12.8595%; height: 12px; text-align: center;\">Especialistes<\/p>\n<p>d&#8217;Educaci\u00f3 Especial<\/td>\n<td style=\"width: 19.2285%; height: 12px;\">Naoual El Jaarani, Marga Parramon i Maria Figueras<\/td>\n<\/tr>\n<tr style=\"height: 32px;\">\n<td style=\"width: 12.8595%; height: 32px; text-align: center;\">Especialista de Religi\u00f3<\/td>\n<td style=\"width: 19.2285%; height: 32px;\">Cristina G\u00e1zquez<\/td>\n<\/tr>\n<tr style=\"height: 32px;\">\n<td style=\"width: 12.8595%; height: 32px; text-align: center;\">Especialista Aula d&#8217;Acollida<\/td>\n<td style=\"width: 19.2285%; height: 32px;\">Meritxell Dalmau<\/td>\n<\/tr>\n<tr style=\"height: 32px;\">\n<td style=\"width: 12.8595%; height: 32px; text-align: center;\">TIS<\/td>\n<td style=\"width: 19.2285%; height: 32px;\">M\u00f2nica Salichs<\/td>\n<\/tr>\n<tr style=\"height: 32px;\">\n<td style=\"width: 12.8595%; height: 32px; text-align: center;\">Vetlladora<\/td>\n<td style=\"width: 19.2285%; height: 32px;\">Thais Soler<\/td>\n<\/tr>\n<tr style=\"height: 32px;\">\n<td style=\"width: 12.8595%; height: 32px; text-align: center;\">Educadora Educaci\u00f3 Especial<\/td>\n<td style=\"width: 19.2285%; height: 32px;\">Olga Planas<\/td>\n<\/tr>\n<\/tbody>\n<\/table>\n<p>&nbsp;<\/p>\n<table class=\" alignright\" style=\"height: 74px; width: 42.9224%; border-collapse: collapse;\">\n<tbody>\n<tr style=\"height: 32px;\">\n<td style=\"width: 10.2171%; height: 74px; text-align: center;\" rowspan=\"3\"><strong>EQUIP DIRECTIU<\/strong><\/td>\n<td style=\"width: 8.87786%; height: 32px; text-align: center;\">Directora<\/td>\n<td style=\"width: 11.5209%; height: 32px;\"><a href=\"https:\/\/drive.google.com\/file\/d\/1OoV6G0eq1oudK38B1HxxLtbHmYZPSkIo\/view?usp=drive_link\">Esther Company<\/a><\/td>\n<\/tr>\n<tr style=\"height: 32px;\">\n<td style=\"width: 8.87786%; height: 32px; text-align: center;\">Cap d&#8217;Estudis<\/td>\n<td style=\"width: 11.5209%; height: 32px;\"><a href=\"https:\/\/drive.google.com\/file\/d\/1HnJhV3xpcSnFLF_9Y2hyoxwMCuqP6gTy\/view?usp=drive_link\">N\u00faria Canals<\/a><\/td>\n<\/tr>\n<tr style=\"height: 32px;\">\n<td style=\"width: 8.87786%; height: 10px; text-align: center;\">Secretari<\/td>\n<td style=\"width: 11.5209%; height: 10px;\"><a href=\"https:\/\/drive.google.com\/file\/d\/1YEEp8xV9AB3CiLV680OcEwVM57L0fp6Z\/view?usp=drive_link\">Albert Arderiu<\/a><\/td>\n<\/tr>\n<\/tbody>\n<\/table>\n","protected":false},"excerpt":{"rendered":"<p>CICLE D&#8217;EDUCACI\u00d3 INFANTIL I3 A Irene Mas\u00f3 I3 B Montse Dalmau CODOCENT I3 &#8211; I4 A Margarida Moncanut I4 B Merc\u00e8 Ortega CODOCENT I4 Laura Alcolea i Marta Reig I5 A Aida Mar\u00e9s I5 B Ana M\u00e9ler CODOCENT I5 Laia Oriola i Josefa Castell\u00e0 TEI Montserrat F\u00e0bregas COORDINACI\u00d3 Coordinadora Educaci\u00f3 Infantil Laia Oriola Coordinadora Cicle [&hellip;]<\/p>\n","protected":false},"author":1,"featured_media":0,"parent":22,"menu_order":85,"comment_status":"closed","ping_status":"closed","template":"","meta":{"_bbp_topic_count":0,"_bbp_reply_count":0,"_bbp_total_topic_count":0,"_bbp_total_reply_count":0,"_bbp_voice_count":0,"_bbp_anonymous_reply_count":0,"_bbp_topic_count_hidden":0,"_bbp_reply_count_hidden":0,"_bbp_forum_subforum_count":0,"site-sidebar-layout":"default","site-content-layout":"","ast-site-content-layout":"default","site-content-style":"default","site-sidebar-style":"default","ast-global-header-display":"","ast-banner-title-visibility":"","ast-main-header-display":"","ast-hfb-above-header-display":"","ast-hfb-below-header-display":"","ast-hfb-mobile-header-display":"","site-post-title":"","ast-breadcrumbs-content":"","ast-featured-img":"","footer-sml-layout":"","theme-transparent-header-meta":"default","adv-header-id-meta":"","stick-header-meta":"","header-above-stick-meta":"","header-main-stick-meta":"","header-below-stick-meta":"","astra-migrate-meta-layouts":"set","ast-page-background-enabled":"default","ast-page-background-meta":{"desktop":{"background-color":"var(--ast-global-color-4)","background-image":"","background-repeat":"repeat","background-position":"center center","background-size":"auto","background-attachment":"scroll","background-type":"","background-media":"","overlay-type":"","overlay-color":"","overlay-opacity":"","overlay-gradient":""},"tablet":{"background-color":"","background-image":"","background-repeat":"repeat","background-position":"center center","background-size":"auto","background-attachment":"scroll","background-type":"","background-media":"","overlay-type":"","overlay-color":"","overlay-opacity":"","overlay-gradient":""},"mobile":{"background-color":"","background-image":"","background-repeat":"repeat","background-position":"center center","background-size":"auto","background-attachment":"scroll","background-type":"","background-media":"","overlay-type":"","overlay-color":"","overlay-opacity":"","overlay-gradient":""}},"ast-content-background-meta":{"desktop":{"background-color":"var(--ast-global-color-5)","background-image":"","background-repeat":"repeat","background-position":"center center","background-size":"auto","background-attachment":"scroll","background-type":"","background-media":"","overlay-type":"","overlay-color":"","overlay-opacity":"","overlay-gradient":""},"tablet":{"background-color":"var(--ast-global-color-5)","background-image":"","background-repeat":"repeat","background-position":"center center","background-size":"auto","background-attachment":"scroll","background-type":"","background-media":"","overlay-type":"","overlay-color":"","overlay-opacity":"","overlay-gradient":""},"mobile":{"background-color":"var(--ast-global-color-5)","background-image":"","background-repeat":"repeat","background-position":"center center","background-size":"auto","background-attachment":"scroll","background-type":"","background-media":"","overlay-type":"","overlay-color":"","overlay-opacity":"","overlay-gradient":""}},"footnotes":""},"class_list":["post-1181","page","type-page","status-publish","hentry"],"post_mailing_queue_ids":[],"_links":{"self":[{"href":"https:\/\/agora.xtec.cat\/ceip-masmaso-salt\/wp-json\/wp\/v2\/pages\/1181","targetHints":{"allow":["GET"]}}],"collection":[{"href":"https:\/\/agora.xtec.cat\/ceip-masmaso-salt\/wp-json\/wp\/v2\/pages"}],"about":[{"href":"https:\/\/agora.xtec.cat\/ceip-masmaso-salt\/wp-json\/wp\/v2\/types\/page"}],"author":[{"embeddable":true,"href":"https:\/\/agora.xtec.cat\/ceip-masmaso-salt\/wp-json\/wp\/v2\/users\/1"}],"replies":[{"embeddable":true,"href":"https:\/\/agora.xtec.cat\/ceip-masmaso-salt\/wp-json\/wp\/v2\/comments?post=1181"}],"version-history":[{"count":6,"href":"https:\/\/agora.xtec.cat\/ceip-masmaso-salt\/wp-json\/wp\/v2\/pages\/1181\/revisions"}],"predecessor-version":[{"id":2221,"href":"https:\/\/agora.xtec.cat\/ceip-masmaso-salt\/wp-json\/wp\/v2\/pages\/1181\/revisions\/2221"}],"up":[{"embeddable":true,"href":"https:\/\/agora.xtec.cat\/ceip-masmaso-salt\/wp-json\/wp\/v2\/pages\/22"}],"wp:attachment":[{"href":"https:\/\/agora.xtec.cat\/ceip-masmaso-salt\/wp-json\/wp\/v2\/media?parent=1181"}],"curies":[{"name":"wp","href":"https:\/\/api.w.org\/{rel}","templated":true}]}}