{"id":903,"date":"2018-03-12T09:02:35","date_gmt":"2018-03-12T08:02:35","guid":{"rendered":"http:\/\/agora.xtec.cat\/ceip-marti-poch\/?page_id=903"},"modified":"2026-08-24T17:35:49","modified_gmt":"2026-08-24T15:35:49","slug":"afa","status":"publish","type":"page","link":"https:\/\/agora.xtec.cat\/ceip-marti-poch\/families\/afa\/","title":{"rendered":"AFA"},"content":{"rendered":"<h2 class=\"PDq2pG_selectionAnchorContainer\" data-section-id=\"1365z0l\" data-start=\"0\" data-end=\"41\">Associaci\u00f3 de Fam\u00edlies d&#8217;Alumnes (AFA)<\/h2>\n<p data-start=\"43\" data-end=\"327\"><img loading=\"lazy\" decoding=\"async\" class=\"wp-image-8745 alignleft\" src=\"https:\/\/agora.xtec.cat\/ceip-marti-poch\/wp-content\/uploads\/usu1040\/2024\/09\/WhatsApp-Image-2024-09-02-at-09.24.07-1024x305.jpeg\" alt=\"\" width=\"296\" height=\"88\" srcset=\"https:\/\/agora.xtec.cat\/ceip-marti-poch\/wp-content\/uploads\/usu1040\/2024\/09\/WhatsApp-Image-2024-09-02-at-09.24.07-1024x305.jpeg 1024w, https:\/\/agora.xtec.cat\/ceip-marti-poch\/wp-content\/uploads\/usu1040\/2024\/09\/WhatsApp-Image-2024-09-02-at-09.24.07-300x89.jpeg 300w, https:\/\/agora.xtec.cat\/ceip-marti-poch\/wp-content\/uploads\/usu1040\/2024\/09\/WhatsApp-Image-2024-09-02-at-09.24.07-768x229.jpeg 768w, https:\/\/agora.xtec.cat\/ceip-marti-poch\/wp-content\/uploads\/usu1040\/2024\/09\/WhatsApp-Image-2024-09-02-at-09.24.07.jpeg 1257w\" sizes=\"auto, (max-width: 296px) 100vw, 296px\" \/><\/p>\n<p data-start=\"43\" data-end=\"327\">\u00a0<\/p>\n<p data-start=\"43\" data-end=\"327\">\u00a0<\/p>\n<p data-start=\"43\" data-end=\"327\">L&#8217;Associaci\u00f3 de Fam\u00edlies d&#8217;Alumnes (AFA) de l&#8217;Escola Mart\u00ed Poch \u00e9s una entitat formada per mares, pares i tutors\/es de l&#8217;escola que col\u00b7labora activament amb el centre per contribuir a la millora de la vida escolar i afavorir la participaci\u00f3 de les fam\u00edlies en la comunitat educativa.<\/p>\n<p data-start=\"329\" data-end=\"566\">L&#8217;AFA impulsa serveis, activitats i projectes que complementen la tasca educativa de l&#8217;escola i donen resposta a les necessitats de les fam\u00edlies, sempre amb l&#8217;objectiu de fer cr\u00e9ixer una escola m\u00e9s participativa, acollidora i compromesa.<\/p>\n<h2 data-section-id=\"qluz93\" data-start=\"568\" data-end=\"590\">Qu\u00e8 gestiona l&#8217;AFA?<\/h2>\n<p data-start=\"592\" data-end=\"699\">L&#8217;AFA \u00e9s l&#8217;encarregada de gestionar i coordinar diferents serveis i iniciatives, entre les quals destaquen:<\/p>\n<ul data-start=\"701\" data-end=\"1352\">\n<li data-section-id=\"1yb52et\" data-start=\"701\" data-end=\"842\">\ud83d\udcda <strong data-start=\"706\" data-end=\"746\">Projecte de reutilitzaci\u00f3 de llibres<\/strong>, que fomenta un \u00fas responsable dels recursos i contribueix a reduir la despesa de les fam\u00edlies.<\/li>\n<li data-section-id=\"1vidsyl\" data-start=\"843\" data-end=\"956\">\ud83c\udf05 <strong data-start=\"848\" data-end=\"877\">Servei d&#8217;acollida matinal<\/strong>, per facilitar la conciliaci\u00f3 familiar abans de l&#8217;inici de la jornada escolar.<\/li>\n<li data-section-id=\"1b7djew\" data-start=\"957\" data-end=\"1063\">\ud83c\udfa8 <strong data-start=\"962\" data-end=\"990\">Activitats extraescolars<\/strong>, amb una oferta variada d&#8217;activitats educatives, esportives i de lleure.<\/li>\n<li data-section-id=\"fpyw4a\" data-start=\"1064\" data-end=\"1198\">\ud83d\udc55 <strong data-start=\"1069\" data-end=\"1118\">Projecte de reutilitzaci\u00f3 del xandall escolar<\/strong>, promovent la sostenibilitat i l&#8217;aprofitament dels recursos entre les fam\u00edlies.<\/li>\n<li data-section-id=\"1b9212z\" data-start=\"1199\" data-end=\"1352\">\ud83c\udf89 <strong data-start=\"1204\" data-end=\"1274\">Organitzaci\u00f3 i col\u00b7laboraci\u00f3 en festes, activitats i esdeveniments<\/strong> que reforcen la conviv\u00e8ncia i la participaci\u00f3 de tota la comunitat educativa.<\/li>\n<li data-section-id=\"1b9212z\" data-start=\"1199\" data-end=\"1352\">\ud83d\udcda <strong>Distribuici\u00f3 de l&#8217;agenda anual del centre<\/strong>, facilitant a cada alumne l&#8217;agenda escolar a l&#8217;inici de curs.<\/li>\n<li data-section-id=\"1b9212z\" data-start=\"1199\" data-end=\"1352\">\ud83c\udf89 <strong>Organitzaci\u00f3 d\u2019activitats i festes<\/strong>, promovent espais de conviv\u00e8ncia i participaci\u00f3 per a tota la comunitat educativa.<\/li>\n<li data-section-id=\"1b9212z\" data-start=\"1199\" data-end=\"1352\">\ud83c\udfa8 <strong>Activitats matinals els dies de lliure disposici\u00f3<\/strong>, oferint propostes educatives i de lleure per afavorir la conciliaci\u00f3 familiar.<\/li>\n<li data-section-id=\"1b9212z\" data-start=\"1199\" data-end=\"1352\">\u00a0<strong>M\u00e9s informaci\u00f3<\/strong>. <a href=\"https:\/\/drive.google.com\/file\/d\/1nwxLCG_-57m9MTKPPnpppnQtpdxPIolX\/view?usp=sharing\">Enlla\u00e7 al document<\/a><\/li>\n<\/ul>\n<h2 class=\"PDq2pG_selectionAnchorContainer\" data-section-id=\"1c6s7kp\" data-start=\"1721\" data-end=\"1753\">Una AFA oberta a les fam\u00edlies<\/h2>\n<p data-start=\"1755\" data-end=\"2022\">La participaci\u00f3 de les fam\u00edlies \u00e9s essencial per mantenir una <strong data-start=\"1817\" data-end=\"1854\">AFA viva, diversa i participativa<\/strong>. Les fam\u00edlies poden implicar-s\u2019hi de diferents maneres, formant part de la junta, participant en les comissions o col\u00b7laborant puntualment en activitats i iniciatives.<\/p>\n<p data-start=\"2024\" data-end=\"2153\">Cada aportaci\u00f3 contribueix a <strong data-start=\"2053\" data-end=\"2152\">enriquir la vida de l\u2019escola i refor\u00e7ar els vincles entre les fam\u00edlies i la comunitat educativa<\/strong>.<\/p>\n<hr data-start=\"597\" data-end=\"600\" \/>\n<h2 class=\"PDq2pG_selectionAnchorContainer\" data-section-id=\"12zfdx3\" data-start=\"2155\" data-end=\"2179\">Comissions de treball<\/h2>\n<p data-start=\"2181\" data-end=\"2275\">L\u2019AFA s\u2019organitza a trav\u00e9s de diferents comissions, obertes a la participaci\u00f3 de les fam\u00edlies:<\/p>\n<ul data-start=\"2277\" data-end=\"2430\">\n<li data-section-id=\"4k6z9p\" data-start=\"2277\" data-end=\"2310\">\ud83d\udcda <strong data-start=\"2282\" data-end=\"2310\">Reutilitzaci\u00f3 de llibres<\/strong><\/li>\n<li data-section-id=\"1f3s56b\" data-start=\"2311\" data-end=\"2345\">\ud83d\udc55 <strong data-start=\"2316\" data-end=\"2345\">Reutilitzaci\u00f3 del xandall<\/strong><\/li>\n<li data-section-id=\"13wtugo\" data-start=\"2346\" data-end=\"2398\">\ud83c\udfa8 <strong data-start=\"2351\" data-end=\"2398\">Activitats extraescolars i acollida matinal<\/strong><\/li>\n<li data-section-id=\"1tah5ac\" data-start=\"2399\" data-end=\"2430\">\ud83c\udf89 <strong data-start=\"2404\" data-end=\"2430\">Festes i esdeveniments<\/strong><\/li>\n<\/ul>\n<p style=\"text-align: justify;\">\u00a0<\/p>\n\n\n<p><\/p>\n\n\n\n<h2 class=\"wp-block-heading\">Afiliaci\u00f3 a l\u2019AFA<\/h2>\n\n\n\n<p>Fer-se soci o s\u00f2cia de l\u2019AFA \u00e9s una manera de <strong>donar suport a les iniciatives de l\u2019associaci\u00f3 i contribuir a la vida de l\u2019escola<\/strong>.<\/p>\n\n\n\n<p>Indicacions per a fer el pagament de la&nbsp;<strong>quota d&#8217;afiliaci\u00f3<\/strong>. <a href=\"https:\/\/drive.google.com\/file\/d\/15PR49nbpweZQ1N0dfT3BhU8UScMr_AZ3\/view?usp=sharing\">Enlla\u00e7 al document<\/a><\/p>\n\n\n\n<h2 class=\"wp-block-heading\">Contacte<\/h2>\n\n\n\n<p>Per a qualsevol consulta, per participar en alguna comissi\u00f3 o per formar part de l\u2019AFA, podeu contactar-hi a trav\u00e9s de:<\/p>\n\n\n\n<p>\ud83d\udce7 <strong>Correu electr\u00f2nic:<\/strong> <a href=\"mailto:afa@escolamartipoch.cat\">afa@escolamartipoch.cat<\/a><br>\ud83d\udcf1 <strong>Instagram:<\/strong> @afa.escolamartipoch<\/p>\n\n\n\n<p><\/p>\n","protected":false},"excerpt":{"rendered":"<p>Associaci\u00f3 de Fam\u00edlies d&#8217;Alumnes (AFA) \u00a0 \u00a0 L&#8217;Associaci\u00f3 de Fam\u00edlies d&#8217;Alumnes (AFA) de l&#8217;Escola Mart\u00ed Poch \u00e9s una entitat formada per mares, pares i tutors\/es de l&#8217;escola que col\u00b7labora activament amb el centre per contribuir a la millora de la vida escolar i afavorir la participaci\u00f3 de les fam\u00edlies en la comunitat educativa. L&#8217;AFA impulsa [&hellip;]<\/p>\n","protected":false},"author":1,"featured_media":0,"parent":9180,"menu_order":0,"comment_status":"closed","ping_status":"closed","template":"","meta":{"_bbp_topic_count":0,"_bbp_reply_count":0,"_bbp_total_topic_count":0,"_bbp_total_reply_count":0,"_bbp_voice_count":0,"_bbp_anonymous_reply_count":0,"_bbp_topic_count_hidden":0,"_bbp_reply_count_hidden":0,"_bbp_forum_subforum_count":0,"site-sidebar-layout":"default","site-content-layout":"","ast-site-content-layout":"default","site-content-style":"default","site-sidebar-style":"default","ast-global-header-display":"","ast-banner-title-visibility":"","ast-main-header-display":"","ast-hfb-above-header-display":"","ast-hfb-below-header-display":"","ast-hfb-mobile-header-display":"","site-post-title":"","ast-breadcrumbs-content":"","ast-featured-img":"","footer-sml-layout":"","theme-transparent-header-meta":"","adv-header-id-meta":"","stick-header-meta":"","header-above-stick-meta":"","header-main-stick-meta":"","header-below-stick-meta":"","astra-migrate-meta-layouts":"set","ast-page-background-enabled":"default","ast-page-background-meta":{"desktop":{"background-color":"var(--ast-global-color-4)","background-image":"","background-repeat":"repeat","background-position":"center center","background-size":"auto","background-attachment":"scroll","background-type":"","background-media":"","overlay-type":"","overlay-color":"","overlay-opacity":"","overlay-gradient":""},"tablet":{"background-color":"","background-image":"","background-repeat":"repeat","background-position":"center center","background-size":"auto","background-attachment":"scroll","background-type":"","background-media":"","overlay-type":"","overlay-color":"","overlay-opacity":"","overlay-gradient":""},"mobile":{"background-color":"","background-image":"","background-repeat":"repeat","background-position":"center center","background-size":"auto","background-attachment":"scroll","background-type":"","background-media":"","overlay-type":"","overlay-color":"","overlay-opacity":"","overlay-gradient":""}},"ast-content-background-meta":{"desktop":{"background-color":"var(--ast-global-color-5)","background-image":"","background-repeat":"repeat","background-position":"center center","background-size":"auto","background-attachment":"scroll","background-type":"","background-media":"","overlay-type":"","overlay-color":"","overlay-opacity":"","overlay-gradient":""},"tablet":{"background-color":"var(--ast-global-color-5)","background-image":"","background-repeat":"repeat","background-position":"center center","background-size":"auto","background-attachment":"scroll","background-type":"","background-media":"","overlay-type":"","overlay-color":"","overlay-opacity":"","overlay-gradient":""},"mobile":{"background-color":"var(--ast-global-color-5)","background-image":"","background-repeat":"repeat","background-position":"center center","background-size":"auto","background-attachment":"scroll","background-type":"","background-media":"","overlay-type":"","overlay-color":"","overlay-opacity":"","overlay-gradient":""}},"footnotes":""},"class_list":["post-903","page","type-page","status-publish","hentry"],"post_mailing_queue_ids":[],"_links":{"self":[{"href":"https:\/\/agora.xtec.cat\/ceip-marti-poch\/wp-json\/wp\/v2\/pages\/903","targetHints":{"allow":["GET"]}}],"collection":[{"href":"https:\/\/agora.xtec.cat\/ceip-marti-poch\/wp-json\/wp\/v2\/pages"}],"about":[{"href":"https:\/\/agora.xtec.cat\/ceip-marti-poch\/wp-json\/wp\/v2\/types\/page"}],"author":[{"embeddable":true,"href":"https:\/\/agora.xtec.cat\/ceip-marti-poch\/wp-json\/wp\/v2\/users\/1"}],"replies":[{"embeddable":true,"href":"https:\/\/agora.xtec.cat\/ceip-marti-poch\/wp-json\/wp\/v2\/comments?post=903"}],"version-history":[{"count":6,"href":"https:\/\/agora.xtec.cat\/ceip-marti-poch\/wp-json\/wp\/v2\/pages\/903\/revisions"}],"predecessor-version":[{"id":10030,"href":"https:\/\/agora.xtec.cat\/ceip-marti-poch\/wp-json\/wp\/v2\/pages\/903\/revisions\/10030"}],"up":[{"embeddable":true,"href":"https:\/\/agora.xtec.cat\/ceip-marti-poch\/wp-json\/wp\/v2\/pages\/9180"}],"wp:attachment":[{"href":"https:\/\/agora.xtec.cat\/ceip-marti-poch\/wp-json\/wp\/v2\/media?parent=903"}],"curies":[{"name":"wp","href":"https:\/\/api.w.org\/{rel}","templated":true}]}}