{"id":823,"date":"2020-10-30T13:39:52","date_gmt":"2020-10-30T12:39:52","guid":{"rendered":"https:\/\/agora.xtec.cat\/ceip-marenostrum-barcelona\/?page_id=823"},"modified":"2021-11-18T16:28:51","modified_gmt":"2021-11-18T15:28:51","slug":"escola-sostenible-2","status":"publish","type":"page","link":"https:\/\/agora.xtec.cat\/ceip-marenostrum-barcelona\/escola-sostenible-2\/","title":{"rendered":"Escola sostenible"},"content":{"rendered":"<h3><span style=\"color: #008000;\">Redu\u00efm, reutilitzem i reciclem.<\/span><\/h3>\n<h3><span style=\"color: #008000;\">Esmorzars m\u00e9s saludables, amb embolcalls m\u00e9s sostenibles!<\/span><\/h3>\n<h3><span style=\"color: #008000;\">Vetllem per un ambient ac\u00fastic m\u00e9s saludable.<\/span><\/h3>\n<p><b>UNA MICA D\u2019HIST\u00d2RIA<\/b><\/p>\n<p><span style=\"font-weight: 400;\">L\u2019escola forma part del programa Agenda 21 des de fa 17 anys.<\/span><\/p>\n<h2><a href=\"https:\/\/agora.xtec.cat\/ceip-marenostrum-barcelona\/wp-content\/uploads\/usu2239\/2021\/11\/Captura.jpg\"><img loading=\"lazy\" decoding=\"async\" class=\"alignnone size-full wp-image-1068\" src=\"https:\/\/agora.xtec.cat\/ceip-marenostrum-barcelona\/wp-content\/uploads\/usu2239\/2021\/11\/Captura.jpg\" alt=\"\" width=\"350\" height=\"346\" srcset=\"https:\/\/agora.xtec.cat\/ceip-marenostrum-barcelona\/wp-content\/uploads\/usu2239\/2021\/11\/Captura.jpg 350w, https:\/\/agora.xtec.cat\/ceip-marenostrum-barcelona\/wp-content\/uploads\/usu2239\/2021\/11\/Captura-300x297.jpg 300w\" sizes=\"auto, (max-width: 350px) 100vw, 350px\" \/><\/a><\/h2>\n<h2><span style=\"color: #008000;\">Activitats a la nostra escola:<\/span><\/h2>\n<p><strong>ESPAIS EXTERIORS:<\/strong><\/p>\n<p>Els nostres patis han estat creats seguint un model sostenible amb materials naturals, aquests espais cal conservar-los i per aix\u00f2 fem un seguit d&#8217;actuacions de manteniment. Tamb\u00e9 estem treballant per crear m\u00e9s espais verds, especialment als patis d\u2019Infantil.<\/p>\n<p><a href=\"https:\/\/agora.xtec.cat\/ceip-marenostrum-barcelona\/wp-content\/uploads\/usu2239\/2021\/11\/pati.jpg\"><img loading=\"lazy\" decoding=\"async\" class=\"alignnone size-full wp-image-1073\" src=\"https:\/\/agora.xtec.cat\/ceip-marenostrum-barcelona\/wp-content\/uploads\/usu2239\/2021\/11\/pati.jpg\" alt=\"\" width=\"262\" height=\"197\" srcset=\"https:\/\/agora.xtec.cat\/ceip-marenostrum-barcelona\/wp-content\/uploads\/usu2239\/2021\/11\/pati.jpg 262w, https:\/\/agora.xtec.cat\/ceip-marenostrum-barcelona\/wp-content\/uploads\/usu2239\/2021\/11\/pati-200x150.jpg 200w\" sizes=\"auto, (max-width: 262px) 100vw, 262px\" \/><\/a> <a href=\"https:\/\/agora.xtec.cat\/ceip-marenostrum-barcelona\/wp-content\/uploads\/usu2239\/2021\/11\/pati2.jpg\"><img loading=\"lazy\" decoding=\"async\" class=\"alignnone size-full wp-image-1072\" src=\"https:\/\/agora.xtec.cat\/ceip-marenostrum-barcelona\/wp-content\/uploads\/usu2239\/2021\/11\/pati2.jpg\" alt=\"\" width=\"254\" height=\"191\" srcset=\"https:\/\/agora.xtec.cat\/ceip-marenostrum-barcelona\/wp-content\/uploads\/usu2239\/2021\/11\/pati2.jpg 254w, https:\/\/agora.xtec.cat\/ceip-marenostrum-barcelona\/wp-content\/uploads\/usu2239\/2021\/11\/pati2-200x150.jpg 200w\" sizes=\"auto, (max-width: 254px) 100vw, 254px\" \/><\/a> <a href=\"https:\/\/agora.xtec.cat\/ceip-marenostrum-barcelona\/wp-content\/uploads\/usu2239\/2021\/11\/pati3.jpg\"><img loading=\"lazy\" decoding=\"async\" class=\"alignnone size-full wp-image-1071\" src=\"https:\/\/agora.xtec.cat\/ceip-marenostrum-barcelona\/wp-content\/uploads\/usu2239\/2021\/11\/pati3.jpg\" alt=\"\" width=\"203\" height=\"285\" \/><\/a> <a href=\"https:\/\/agora.xtec.cat\/ceip-marenostrum-barcelona\/wp-content\/uploads\/usu2239\/2021\/11\/pati4.jpg\"><img loading=\"lazy\" decoding=\"async\" class=\"alignnone size-full wp-image-1070\" src=\"https:\/\/agora.xtec.cat\/ceip-marenostrum-barcelona\/wp-content\/uploads\/usu2239\/2021\/11\/pati4.jpg\" alt=\"\" width=\"302\" height=\"228\" srcset=\"https:\/\/agora.xtec.cat\/ceip-marenostrum-barcelona\/wp-content\/uploads\/usu2239\/2021\/11\/pati4.jpg 302w, https:\/\/agora.xtec.cat\/ceip-marenostrum-barcelona\/wp-content\/uploads\/usu2239\/2021\/11\/pati4-300x226.jpg 300w, https:\/\/agora.xtec.cat\/ceip-marenostrum-barcelona\/wp-content\/uploads\/usu2239\/2021\/11\/pati4-200x150.jpg 200w\" sizes=\"auto, (max-width: 302px) 100vw, 302px\" \/><\/a><\/p>\n<p><strong>DIA DE LA FRUITA:<\/strong><\/p>\n<p>\u2013\u00a0 Tots els divendres esmorzem fruita. Gr\u00e0cies a la col\u00b7laboraci\u00f3 de les fam\u00edlies d\u2019Infantil els nens i nenes de P-3, P-4 i P-5 reben a la classe la fruita pelada i tallada.<\/p>\n<p>\u2013\u00a0 Prim\u00e0ria participa en el programa \u201cLa fruita a l\u2019escola\u201d de la Generalitat, que durant una setmana al trimestre, tots els dies, portaran fruita a l\u2019escola per a esmorzar els alumnes.<\/p>\n<p><a href=\"https:\/\/agora.xtec.cat\/ceip-marenostrum-barcelona\/wp-content\/uploads\/usu2239\/2021\/11\/platan.jpg\"><img loading=\"lazy\" decoding=\"async\" class=\"alignnone size-full wp-image-1074\" src=\"https:\/\/agora.xtec.cat\/ceip-marenostrum-barcelona\/wp-content\/uploads\/usu2239\/2021\/11\/platan.jpg\" alt=\"\" width=\"391\" height=\"231\" srcset=\"https:\/\/agora.xtec.cat\/ceip-marenostrum-barcelona\/wp-content\/uploads\/usu2239\/2021\/11\/platan.jpg 391w, https:\/\/agora.xtec.cat\/ceip-marenostrum-barcelona\/wp-content\/uploads\/usu2239\/2021\/11\/platan-300x177.jpg 300w\" sizes=\"auto, (max-width: 391px) 100vw, 391px\" \/><\/a><\/p>\n<p><strong>CONTROL DELS ESMORZARS:<\/strong><\/p>\n<p>&#8211; Vetllar per\u00a0 assolir uns h\u00e0bits d\u2019alimentaci\u00f3 saludable reduint el consum d\u2019aliments processats.<\/p>\n<p>&#8211; Continuem amb LES CAIXES per a CARMANYOLES de cada classe per quan els alumnes van al pati.<\/p>\n<p><a href=\"https:\/\/agora.xtec.cat\/ceip-marenostrum-barcelona\/wp-content\/uploads\/usu2239\/2021\/11\/esmorzar.jpg\"><img loading=\"lazy\" decoding=\"async\" class=\"alignnone size-full wp-image-1075\" src=\"https:\/\/agora.xtec.cat\/ceip-marenostrum-barcelona\/wp-content\/uploads\/usu2239\/2021\/11\/esmorzar.jpg\" alt=\"\" width=\"397\" height=\"190\" srcset=\"https:\/\/agora.xtec.cat\/ceip-marenostrum-barcelona\/wp-content\/uploads\/usu2239\/2021\/11\/esmorzar.jpg 397w, https:\/\/agora.xtec.cat\/ceip-marenostrum-barcelona\/wp-content\/uploads\/usu2239\/2021\/11\/esmorzar-300x144.jpg 300w\" sizes=\"auto, (max-width: 397px) 100vw, 397px\" \/><\/a><\/p>\n<p><strong>EL PUNT VERD M\u00d2BIL<\/strong><\/p>\n<p>Aquest any tamb\u00e9 ens visitar\u00e0 el Cami\u00f3 del Punt Verd M\u00f2bil Escolar al pati de P5<br \/>\ni rebr\u00e0 la visita de totes les classes de l\u2019escola i de moltes fam\u00edlies.<br \/>\nEns visita cada any!! <strong>Aquest curs ens visitar\u00e0 el 16\/02\/2022<\/strong><\/p>\n<p><a href=\"https:\/\/agora.xtec.cat\/ceip-marenostrum-barcelona\/wp-content\/uploads\/usu2239\/2021\/11\/punt-verd2.jpg\"><img loading=\"lazy\" decoding=\"async\" class=\"alignnone size-full wp-image-1076\" src=\"https:\/\/agora.xtec.cat\/ceip-marenostrum-barcelona\/wp-content\/uploads\/usu2239\/2021\/11\/punt-verd2.jpg\" alt=\"\" width=\"214\" height=\"162\" srcset=\"https:\/\/agora.xtec.cat\/ceip-marenostrum-barcelona\/wp-content\/uploads\/usu2239\/2021\/11\/punt-verd2.jpg 214w, https:\/\/agora.xtec.cat\/ceip-marenostrum-barcelona\/wp-content\/uploads\/usu2239\/2021\/11\/punt-verd2-200x150.jpg 200w\" sizes=\"auto, (max-width: 214px) 100vw, 214px\" \/><\/a> <a href=\"https:\/\/agora.xtec.cat\/ceip-marenostrum-barcelona\/wp-content\/uploads\/usu2239\/2021\/11\/punt-verd.jpg\"><img loading=\"lazy\" decoding=\"async\" class=\"alignnone size-large wp-image-1077\" src=\"https:\/\/agora.xtec.cat\/ceip-marenostrum-barcelona\/wp-content\/uploads\/usu2239\/2021\/11\/punt-verd.jpg\" alt=\"\" width=\"299\" height=\"210\" \/><\/a><\/p>\n<p><strong>SSPLAU<\/strong><\/p>\n<p>A l\u2019escola comptem amb dos dispositius que mesuren el soroll ambiental.<\/p>\n<p>Treballem per un espai m\u00e9s sostenible per reduir el nivell de contaminaci\u00f3 ac\u00fastica.<\/p>\n<p>El cicle dels grans fa un espai de conscienciaci\u00f3 sobre la import\u00e0ncia de mantenir un ambient lliure de soroll.<\/p>\n<p><a href=\"https:\/\/agora.xtec.cat\/ceip-marenostrum-barcelona\/wp-content\/uploads\/usu2239\/2021\/11\/splau.jpg\"><img loading=\"lazy\" decoding=\"async\" class=\"alignnone size-full wp-image-1079\" src=\"https:\/\/agora.xtec.cat\/ceip-marenostrum-barcelona\/wp-content\/uploads\/usu2239\/2021\/11\/splau.jpg\" alt=\"\" width=\"361\" height=\"235\" srcset=\"https:\/\/agora.xtec.cat\/ceip-marenostrum-barcelona\/wp-content\/uploads\/usu2239\/2021\/11\/splau.jpg 361w, https:\/\/agora.xtec.cat\/ceip-marenostrum-barcelona\/wp-content\/uploads\/usu2239\/2021\/11\/splau-300x195.jpg 300w\" sizes=\"auto, (max-width: 361px) 100vw, 361px\" \/><\/a><\/p>\n<p><strong>HORT ESCOLAR<\/strong><\/p>\n<p>L\u2019hort de l\u2019escola funciona amb l\u2019ajut d\u2019unes fam\u00edlies que ens preparen la terra dels calaixos.<br \/>\nEls alumnes de P3 participen en el taller de jardineria i hort al seu pati.<\/p>\n<p>Els alumnes des de P4 fins a 3r fan tamb\u00e9 les corresponents plantacions.<br \/>\nEls alumnes del cicle de mitjans es cuiden de portar els residus org\u00e0nics al compostador<\/p>\n<p><a href=\"https:\/\/agora.xtec.cat\/ceip-marenostrum-barcelona\/wp-content\/uploads\/usu2239\/2021\/11\/hort.jpg\"><img loading=\"lazy\" decoding=\"async\" class=\"alignnone size-full wp-image-1078\" src=\"https:\/\/agora.xtec.cat\/ceip-marenostrum-barcelona\/wp-content\/uploads\/usu2239\/2021\/11\/hort.jpg\" alt=\"\" width=\"558\" height=\"293\" srcset=\"https:\/\/agora.xtec.cat\/ceip-marenostrum-barcelona\/wp-content\/uploads\/usu2239\/2021\/11\/hort.jpg 558w, https:\/\/agora.xtec.cat\/ceip-marenostrum-barcelona\/wp-content\/uploads\/usu2239\/2021\/11\/hort-300x158.jpg 300w\" sizes=\"auto, (max-width: 558px) 100vw, 558px\" \/><\/a><\/p>\n<p><strong>Objectius<\/strong><br \/>\n\u2022 Aconseguir que l\u2019hort sigui un espai d\u2019aprenentatge, treball, oci i conscienciaci\u00f3.<br \/>\n\u2022 Aprendre quin \u00e9s el cicle vital de les plantes i arbres m\u00e9s comuns.<br \/>\n\u2022 Saber veure que hi ha una interrelaci\u00f3 entre tots els \u00e9ssers vius (bestioles i plantes).<\/p>\n<p><strong><em>Recordeu que anireu tenint tota la informaci\u00f3 als blocs de cada nivell !!!<\/em><\/strong><\/p>\n<p><em><strong>Us demanem la vostra col\u00b7laboraci\u00f3 amb tots aquests temes (hort, els embolcalls&#8230;) !!!<\/strong><\/em><\/p>\n<p>&nbsp;<\/p>\n<p>&nbsp;<\/p>\n","protected":false},"excerpt":{"rendered":"<p>Redu\u00efm, reutilitzem i reciclem.<br \/>\nEsmorzars m\u00e9s saludables, amb embolcalls m\u00e9s sostenibles!<br \/>\nVetllem per un ambient ac\u00fastic m\u00e9s saludable.<br \/>\nUNA MICA D\u2019HIST\u00d2RIA<br \/>\nL\u2019escola forma part del programa Agenda 21 des de fa 17 anys.<br \/>\n<a href=\"https:\/\/agora.xtec.cat\/ceip-marenostrum-barcelona\/wp-content\/uploads\/usu2239\/2021\/11\/Captura.jpg\"><\/a><br \/>\nActivitats a la nostra escola:<br \/>\nESPAIS EXTERIORS:<br \/>\nEls nostres patis han estat creats seguint un model sostenible amb&hellip;  <a href=\"https:\/\/agora.xtec.cat\/ceip-marenostrum-barcelona\/escola-sostenible-2\/\" title=\"Read Escola sostenible\">Llegeix m\u00e9s\u00bb<\/a><\/p>\n","protected":false},"author":1,"featured_media":0,"parent":0,"menu_order":0,"comment_status":"closed","ping_status":"closed","template":"","meta":{"_bbp_topic_count":0,"_bbp_reply_count":0,"_bbp_total_topic_count":0,"_bbp_total_reply_count":0,"_bbp_voice_count":0,"_bbp_anonymous_reply_count":0,"_bbp_topic_count_hidden":0,"_bbp_reply_count_hidden":0,"_bbp_forum_subforum_count":0,"footnotes":""},"class_list":["post-823","page","type-page","status-publish","hentry"],"post_mailing_queue_ids":[],"_links":{"self":[{"href":"https:\/\/agora.xtec.cat\/ceip-marenostrum-barcelona\/wp-json\/wp\/v2\/pages\/823","targetHints":{"allow":["GET"]}}],"collection":[{"href":"https:\/\/agora.xtec.cat\/ceip-marenostrum-barcelona\/wp-json\/wp\/v2\/pages"}],"about":[{"href":"https:\/\/agora.xtec.cat\/ceip-marenostrum-barcelona\/wp-json\/wp\/v2\/types\/page"}],"author":[{"embeddable":true,"href":"https:\/\/agora.xtec.cat\/ceip-marenostrum-barcelona\/wp-json\/wp\/v2\/users\/1"}],"replies":[{"embeddable":true,"href":"https:\/\/agora.xtec.cat\/ceip-marenostrum-barcelona\/wp-json\/wp\/v2\/comments?post=823"}],"version-history":[{"count":3,"href":"https:\/\/agora.xtec.cat\/ceip-marenostrum-barcelona\/wp-json\/wp\/v2\/pages\/823\/revisions"}],"predecessor-version":[{"id":1081,"href":"https:\/\/agora.xtec.cat\/ceip-marenostrum-barcelona\/wp-json\/wp\/v2\/pages\/823\/revisions\/1081"}],"wp:attachment":[{"href":"https:\/\/agora.xtec.cat\/ceip-marenostrum-barcelona\/wp-json\/wp\/v2\/media?parent=823"}],"curies":[{"name":"wp","href":"https:\/\/api.w.org\/{rel}","templated":true}]}}