{"id":529,"date":"2020-09-17T22:30:54","date_gmt":"2020-09-17T20:30:54","guid":{"rendered":"https:\/\/agora.xtec.cat\/ceip-marenostrum-barcelona\/?page_id=529"},"modified":"2023-09-12T12:19:28","modified_gmt":"2023-09-12T10:19:28","slug":"equip-docent","status":"publish","type":"page","link":"https:\/\/agora.xtec.cat\/ceip-marenostrum-barcelona\/equip-docent\/","title":{"rendered":"Equip Docent"},"content":{"rendered":"<table>\n<tbody>\n<tr>\n<td rowspan=\"3\">\n<h5><b>Equip directiu<\/b><\/h5>\n<\/td>\n<td>\n<h5><b>Directora<\/b><\/h5>\n<\/td>\n<td><span style=\"font-weight: 400;\">Esther San Martino Pomes<\/span><\/td>\n<\/tr>\n<tr>\n<td>\n<h5><b>Cap d&#8217;estudis<\/b><\/h5>\n<\/td>\n<td><span style=\"font-weight: 400;\">Natalia Martinez Martin<\/span><\/td>\n<\/tr>\n<tr>\n<td>\n<h5><b>Secretaria<\/b><\/h5>\n<\/td>\n<td><span style=\"font-weight: 400;\">Gemma Pinto Costa<\/span><\/td>\n<\/tr>\n<tr>\n<td rowspan=\"3\">\n<h5><b>Infantil<\/b><\/h5>\n<\/td>\n<td>\n<h5><b>I3<\/b><\/h5>\n<\/td>\n<td>Maria Paris Semper<\/p>\n<p><span style=\"font-weight: 400;\">Mari Bautista Erustes<\/span><\/p>\n<p>Sandra Benito Benito<\/td>\n<\/tr>\n<tr>\n<td>\n<h5><b>I4<\/b><\/h5>\n<\/td>\n<td>Mar Bretones P\u00e9rez<\/p>\n<p>N\u00faria Gonzalez Garcia<\/td>\n<\/tr>\n<tr>\n<td>\n<h5><b>I5<\/b><\/h5>\n<\/td>\n<td><span style=\"font-weight: 400;\">Xose Martin Sero<\/span><\/p>\n<p><span style=\"font-weight: 400;\">Maria Immaculada Gonzalez Garcia<\/span><\/p>\n<p>Cristina Sim\u00f3n Rubio<\/td>\n<\/tr>\n<tr>\n<td colspan=\"2\">\n<h5><b>Suports a EI<\/b><\/h5>\n<\/td>\n<td><span style=\"font-weight: 400;\">Esther San Martino Pomes<\/span><\/p>\n<p><span style=\"font-weight: 400;\">Gemma Pinto Costa<\/span><\/p>\n<p>T\u00e0nit Silvestre Gili<\/p>\n<p>Ingrid Hornos Jimenez<\/p>\n<p>V\u00edctor Gracia Herrero<\/td>\n<\/tr>\n<tr>\n<td rowspan=\"6\">\n<h5><b>Prim\u00e0ria<\/b><\/h5>\n<\/td>\n<td>\n<h5><b>1r<\/b><\/h5>\n<\/td>\n<td><span style=\"font-weight: 400;\">Iris Nielles Briongos<\/span><\/p>\n<p><span style=\"font-weight: 400;\">Bego\u00f1a Millan Pascual<\/span><\/td>\n<\/tr>\n<tr>\n<td>\n<h5><b>2n<\/b><\/h5>\n<\/td>\n<td><span style=\"font-weight: 400;\">Cristina Peret Cau <\/span><\/p>\n<p><span style=\"font-weight: 400;\">Javi Carmona Morales<\/span><\/td>\n<\/tr>\n<tr>\n<td>\n<h5><b>3r<\/b><\/h5>\n<\/td>\n<td><span style=\"font-weight: 400;\">Marc Oliva Mart\u00ednez<\/span><\/p>\n<p><span style=\"font-weight: 400;\">Sonia Cidoncha Cabrera<\/span><\/td>\n<\/tr>\n<tr>\n<td>\n<h5><b>4t<\/b><\/h5>\n<\/td>\n<td><span style=\"font-weight: 400;\">Maria Arranz Horno\u00a0<\/span><\/p>\n<p>Laura Fern\u00e1ndez Miras<\/p>\n<p>Ir Mora Soler<\/td>\n<\/tr>\n<tr>\n<td>\n<h5><b>5\u00e8<\/b><\/h5>\n<\/td>\n<td><span style=\"font-weight: 400;\">Carme Mu\u00f1oz Jimenez<\/span><\/p>\n<p><span style=\"font-weight: 400;\">Helena Soriano Pons<\/span><\/td>\n<\/tr>\n<tr>\n<td>\n<h5><b>6\u00e8<\/b><\/h5>\n<\/td>\n<td><span style=\"font-weight: 400;\">M\u00aa Jes\u00fas Vela Ledesma<\/span><\/p>\n<p><span style=\"font-weight: 400;\">Ingrid Saurenhaus M\u00e1rquez<\/span><\/p>\n<p>Sonia Doctor Gonz\u00e1lez<\/td>\n<\/tr>\n<tr>\n<td colspan=\"2\"><b>Suports a EP<\/b><\/td>\n<td><span style=\"font-weight: 400;\">Natalia Martinez Martin<\/span><\/p>\n<p><span style=\"font-weight: 400;\">Esther San Martino Pomes<\/span><\/p>\n<p><span style=\"font-weight: 400;\">Merc\u00e8 Rodr\u00edguez Llorente\u00a0<\/span><\/p>\n<p>Ivet Sabater Pou<\/p>\n<p><span style=\"font-weight: 400;\">Blanca Garcia Grabulos\u00a0<\/span><\/p>\n<p><span style=\"font-weight: 400;\">Sonso Pieras Martin<\/span><\/p>\n<p><span style=\"font-weight: 400;\">Arantxa Diaz Rodriguez<\/span><\/td>\n<\/tr>\n<tr>\n<td colspan=\"2\"><b>Especialistes<\/b><\/td>\n<td><span style=\"font-weight: 400;\">Est\u00edbaliz Jim\u00e9nez Santa Cecilia (angl\u00e8s)<\/span><\/p>\n<p><span style=\"font-weight: 400;\">Merc\u00e8 Rodr\u00edguez Llorente (angl\u00e8s)<\/span><\/p>\n<p>Ivet Sabater Pou (angl\u00e8s)<\/p>\n<p><span style=\"font-weight: 400;\">T\u00e0nit Silvestre Gili (angl\u00e8s a P5)<\/span><\/p>\n<p><span style=\"font-weight: 400;\">Sonso Pieras Martin (m\u00fasica EP)<\/span><\/p>\n<p><span style=\"font-weight: 400;\">V\u00edctor Gracia Herrero (m\u00fasica EI)<\/span><\/p>\n<p><span style=\"font-weight: 400;\">Blanca Garcia Grabulos (Educaci\u00f3 f\u00edsica EP)<\/span><\/p>\n<p>Gemma Pinto Costa (Psicomotricitat)<\/td>\n<\/tr>\n<tr>\n<td colspan=\"2\">\n<h5><b>Coordinadora cicle petits<\/b><\/h5>\n<\/td>\n<td><span style=\"font-weight: 400;\">Mar Bretones P\u00e9rez<\/span><\/td>\n<\/tr>\n<tr>\n<td colspan=\"2\">\n<h5><b>Coordinadora cicle mitjans<\/b><\/h5>\n<\/td>\n<td><span style=\"font-weight: 400;\">Sonia Cidoncha Cabrera<\/span><\/td>\n<\/tr>\n<tr>\n<td colspan=\"2\">\n<h5><b>Coordinadora cicle grans<\/b><\/h5>\n<\/td>\n<td><span style=\"font-weight: 400;\">Blanca Garcia Grabulos<\/span><\/td>\n<\/tr>\n<tr>\n<td colspan=\"2\">\n<h5><b>EE<\/b><\/h5>\n<\/td>\n<td><span style=\"font-weight: 400;\">Arantxa Diaz Rodriguez<\/span><\/p>\n<p><span style=\"font-weight: 400;\">Ingrid Hornos Jim\u00e9nez<\/span><\/td>\n<\/tr>\n<tr>\n<td colspan=\"2\">\n<h5><b>SIEI<\/b><\/h5>\n<\/td>\n<td>Miriam D\u00edaz Meg\u00edas<\/p>\n<p>Cristina Garcia Baeza<\/td>\n<\/tr>\n<tr>\n<td colspan=\"2\">\n<h5><b>TEI<\/b><\/h5>\n<\/td>\n<td><span style=\"font-weight: 400;\">Montse Selva Mateu<\/span><\/td>\n<\/tr>\n<tr>\n<td colspan=\"2\">\n<h5><b>Auxiliars E.E<\/b><\/h5>\n<\/td>\n<td>Anna Parrila Ruiz<\/p>\n<p><span style=\"font-weight: 400;\">Bea Bua Ramos<\/span><\/p>\n<p><span style=\"font-weight: 400;\">Saray Lozano Fuentes<\/span><\/td>\n<\/tr>\n<tr>\n<td colspan=\"2\">\n<h5><b>EAP<\/b><\/h5>\n<\/td>\n<td><span style=\"font-weight: 400;\">Judit Joan Burrull<\/span><\/td>\n<\/tr>\n<tr>\n<td colspan=\"2\">\n<h5><b>MALL<\/b><\/h5>\n<\/td>\n<td><span style=\"font-weight: 400;\">\u00a0Guillermo Asencio Montiel<\/span><\/td>\n<\/tr>\n<tr>\n<td colspan=\"2\">\n<h5><b>CREDA<\/b><\/h5>\n<\/td>\n<td><span style=\"font-weight: 400;\">Carme Casas Batlle<\/span><\/td>\n<\/tr>\n<tr>\n<td colspan=\"2\">\n<h5><b>Administratiu<\/b><\/h5>\n<\/td>\n<td><span style=\"font-weight: 400;\">Valdric Sotillos Margall<\/span><\/td>\n<\/tr>\n<tr>\n<td colspan=\"2\">\n<h5><b>Consergeria:<\/b><\/h5>\n<\/td>\n<td><span style=\"font-weight: 400;\">Merc\u00e8 Cunill Gim\u00e9nez<\/span><\/td>\n<\/tr>\n<tr>\n<td colspan=\"2\">\n<h5><b>Col\u00b7laboraci\u00f3 a l&#8217;escola i a la <\/b><\/h5>\n<h5><b>biblioteca<\/b><\/h5>\n<\/td>\n<td><span style=\"font-weight: 400;\">Merc\u00e8 Creuheras Margenat<\/span><\/p>\n<p>Pia Guindulain Rif\u00e0<\/td>\n<\/tr>\n<\/tbody>\n<\/table>\n<p>&nbsp;<\/p>\n","protected":false},"excerpt":{"rendered":"<p>Equip directiu<\/p>\n<p>Directora<\/p>\n<p>Esther San Martino Pomes<\/p>\n<p>Cap d&#8217;estudis<\/p>\n<p>Natalia Martinez Martin<\/p>\n<p>Secretaria<\/p>\n<p>Gemma Pinto Costa<\/p>\n<p>Infantil<\/p>\n<p>I3<\/p>\n<p>Maria Paris Semper<br \/>\nMari Bautista Erustes<br \/>\nSandra Benito Benito<\/p>\n<p>I4<\/p>\n<p>Mar Bretones P\u00e9rez<br \/>\nN\u00faria Gonzalez Garcia<\/p>\n<p>I5<\/p>\n<p>Xose Martin Sero<br \/>\nMaria Immaculada Gonzalez Garcia<br \/>\nCristina Sim\u00f3n Rubio<\/p>\n<p>Suports a EI<\/p>\n<p>Esther San Martino Pomes<br \/>\nGemma Pinto Costa<br \/>\nT\u00e0nit Silvestre Gili<br \/>\nIngrid Hornos Jimenez<br \/>\nV\u00edctor Gracia Herrero<\/p>\n<p>Prim\u00e0ria<\/p>\n<p>1r<\/p>\n<p>Iris Nielles Briongos<br \/>\nBego\u00f1a Millan Pascual<\/p>\n<p>2n<\/p>\n<p>Cristina Peret&hellip;  <a href=\"https:\/\/agora.xtec.cat\/ceip-marenostrum-barcelona\/equip-docent\/\" title=\"Read Equip Docent\">Llegeix m\u00e9s\u00bb<\/a><\/p>\n","protected":false},"author":1,"featured_media":0,"parent":0,"menu_order":0,"comment_status":"closed","ping_status":"closed","template":"","meta":{"_bbp_topic_count":0,"_bbp_reply_count":0,"_bbp_total_topic_count":0,"_bbp_total_reply_count":0,"_bbp_voice_count":0,"_bbp_anonymous_reply_count":0,"_bbp_topic_count_hidden":0,"_bbp_reply_count_hidden":0,"_bbp_forum_subforum_count":0,"footnotes":""},"class_list":["post-529","page","type-page","status-publish","hentry"],"post_mailing_queue_ids":[],"_links":{"self":[{"href":"https:\/\/agora.xtec.cat\/ceip-marenostrum-barcelona\/wp-json\/wp\/v2\/pages\/529","targetHints":{"allow":["GET"]}}],"collection":[{"href":"https:\/\/agora.xtec.cat\/ceip-marenostrum-barcelona\/wp-json\/wp\/v2\/pages"}],"about":[{"href":"https:\/\/agora.xtec.cat\/ceip-marenostrum-barcelona\/wp-json\/wp\/v2\/types\/page"}],"author":[{"embeddable":true,"href":"https:\/\/agora.xtec.cat\/ceip-marenostrum-barcelona\/wp-json\/wp\/v2\/users\/1"}],"replies":[{"embeddable":true,"href":"https:\/\/agora.xtec.cat\/ceip-marenostrum-barcelona\/wp-json\/wp\/v2\/comments?post=529"}],"version-history":[{"count":3,"href":"https:\/\/agora.xtec.cat\/ceip-marenostrum-barcelona\/wp-json\/wp\/v2\/pages\/529\/revisions"}],"predecessor-version":[{"id":1287,"href":"https:\/\/agora.xtec.cat\/ceip-marenostrum-barcelona\/wp-json\/wp\/v2\/pages\/529\/revisions\/1287"}],"wp:attachment":[{"href":"https:\/\/agora.xtec.cat\/ceip-marenostrum-barcelona\/wp-json\/wp\/v2\/media?parent=529"}],"curies":[{"name":"wp","href":"https:\/\/api.w.org\/{rel}","templated":true}]}}