{"id":2331,"date":"2021-09-28T12:04:41","date_gmt":"2021-09-28T10:04:41","guid":{"rendered":"https:\/\/agora.xtec.cat\/ceip-mare-deu-horta-ivars\/?page_id=2331"},"modified":"2026-02-27T13:17:31","modified_gmt":"2026-02-27T12:17:31","slug":"dictapp","status":"publish","type":"page","link":"https:\/\/agora.xtec.cat\/ceip-mare-deu-horta-ivars\/dictapp\/","title":{"rendered":"DICTAPP"},"content":{"rendered":"<p>&nbsp;<\/p>\n<p><strong><img loading=\"lazy\" decoding=\"async\" class=\"aligncenter size-full wp-image-2326\" src=\"https:\/\/agora.xtec.cat\/ceip-mare-deu-horta-ivars\/wp-content\/uploads\/usu201\/2021\/09\/logo-dictapp-color.png\" alt=\"\" width=\"439\" height=\"152\" srcset=\"https:\/\/agora.xtec.cat\/ceip-mare-deu-horta-ivars\/wp-content\/uploads\/usu201\/2021\/09\/logo-dictapp-color.png 439w, https:\/\/agora.xtec.cat\/ceip-mare-deu-horta-ivars\/wp-content\/uploads\/usu201\/2021\/09\/logo-dictapp-color-300x104.png 300w\" sizes=\"auto, (max-width: 439px) 100vw, 439px\" \/><\/strong><\/p>\n<p><strong>\u00a0<\/strong><\/p>\n<p><span style=\"text-decoration: underline;\"><strong>DictApp<\/strong><\/span> \u00e9s una aplicaci\u00f3 web per treballar l&#8217;<strong>ORTOGRAFIA, <\/strong>ajuda a treballar aquesta part de la llengua d&#8217;una manera m\u00e9s motivadora pels alumnes de 5\u00e8 i 6\u00e8. Aquesta app presenta un munt d&#8217;avantatges que podeu con\u00e8ixer clicant <a href=\"https:\/\/dictapp.cat\/\">aqu\u00ed!<\/a><\/p>\n<p>\u00c9s una aposta que fem a l&#8217;escola per millorar l&#8217;ortografia entre els nostres alumnes i a fer-ho d&#8217;una manera m\u00e9s divertida.<\/p>\n","protected":false},"excerpt":{"rendered":"<p>&nbsp; \u00a0 DictApp \u00e9s una aplicaci\u00f3 web per treballar l&#8217;ORTOGRAFIA, ajuda a treballar aquesta part de la llengua d&#8217;una manera m\u00e9s motivadora pels alumnes de 5\u00e8 i 6\u00e8. Aquesta app presenta un munt d&#8217;avantatges que podeu con\u00e8ixer clicant aqu\u00ed! \u00c9s una aposta que fem a l&#8217;escola per millorar l&#8217;ortografia entre els nostres alumnes i a [&hellip;]<\/p>\n","protected":false},"author":1,"featured_media":0,"parent":0,"menu_order":0,"comment_status":"closed","ping_status":"closed","template":"","meta":{"_bbp_topic_count":0,"_bbp_reply_count":0,"_bbp_total_topic_count":0,"_bbp_total_reply_count":0,"_bbp_voice_count":0,"_bbp_anonymous_reply_count":0,"_bbp_topic_count_hidden":0,"_bbp_reply_count_hidden":0,"_bbp_forum_subforum_count":0,"site-sidebar-layout":"default","site-content-layout":"","ast-site-content-layout":"","site-content-style":"default","site-sidebar-style":"default","ast-global-header-display":"","ast-banner-title-visibility":"","ast-main-header-display":"","ast-hfb-above-header-display":"","ast-hfb-below-header-display":"","ast-hfb-mobile-header-display":"","site-post-title":"","ast-breadcrumbs-content":"","ast-featured-img":"","footer-sml-layout":"","theme-transparent-header-meta":"","adv-header-id-meta":"","stick-header-meta":"","header-above-stick-meta":"","header-main-stick-meta":"","header-below-stick-meta":"","astra-migrate-meta-layouts":"default","ast-page-background-enabled":"default","ast-page-background-meta":{"desktop":{"background-color":"var(--ast-global-color-4)","background-image":"","background-repeat":"repeat","background-position":"center center","background-size":"auto","background-attachment":"scroll","background-type":"","background-media":"","overlay-type":"","overlay-color":"","overlay-opacity":"","overlay-gradient":""},"tablet":{"background-color":"","background-image":"","background-repeat":"repeat","background-position":"center center","background-size":"auto","background-attachment":"scroll","background-type":"","background-media":"","overlay-type":"","overlay-color":"","overlay-opacity":"","overlay-gradient":""},"mobile":{"background-color":"","background-image":"","background-repeat":"repeat","background-position":"center center","background-size":"auto","background-attachment":"scroll","background-type":"","background-media":"","overlay-type":"","overlay-color":"","overlay-opacity":"","overlay-gradient":""}},"ast-content-background-meta":{"desktop":{"background-color":"var(--ast-global-color-5)","background-image":"","background-repeat":"repeat","background-position":"center center","background-size":"auto","background-attachment":"scroll","background-type":"","background-media":"","overlay-type":"","overlay-color":"","overlay-opacity":"","overlay-gradient":""},"tablet":{"background-color":"var(--ast-global-color-5)","background-image":"","background-repeat":"repeat","background-position":"center center","background-size":"auto","background-attachment":"scroll","background-type":"","background-media":"","overlay-type":"","overlay-color":"","overlay-opacity":"","overlay-gradient":""},"mobile":{"background-color":"var(--ast-global-color-5)","background-image":"","background-repeat":"repeat","background-position":"center center","background-size":"auto","background-attachment":"scroll","background-type":"","background-media":"","overlay-type":"","overlay-color":"","overlay-opacity":"","overlay-gradient":""}},"footnotes":""},"class_list":["post-2331","page","type-page","status-publish","hentry"],"post_mailing_queue_ids":[],"_links":{"self":[{"href":"https:\/\/agora.xtec.cat\/ceip-mare-deu-horta-ivars\/wp-json\/wp\/v2\/pages\/2331","targetHints":{"allow":["GET"]}}],"collection":[{"href":"https:\/\/agora.xtec.cat\/ceip-mare-deu-horta-ivars\/wp-json\/wp\/v2\/pages"}],"about":[{"href":"https:\/\/agora.xtec.cat\/ceip-mare-deu-horta-ivars\/wp-json\/wp\/v2\/types\/page"}],"author":[{"embeddable":true,"href":"https:\/\/agora.xtec.cat\/ceip-mare-deu-horta-ivars\/wp-json\/wp\/v2\/users\/1"}],"replies":[{"embeddable":true,"href":"https:\/\/agora.xtec.cat\/ceip-mare-deu-horta-ivars\/wp-json\/wp\/v2\/comments?post=2331"}],"version-history":[{"count":3,"href":"https:\/\/agora.xtec.cat\/ceip-mare-deu-horta-ivars\/wp-json\/wp\/v2\/pages\/2331\/revisions"}],"predecessor-version":[{"id":2336,"href":"https:\/\/agora.xtec.cat\/ceip-mare-deu-horta-ivars\/wp-json\/wp\/v2\/pages\/2331\/revisions\/2336"}],"wp:attachment":[{"href":"https:\/\/agora.xtec.cat\/ceip-mare-deu-horta-ivars\/wp-json\/wp\/v2\/media?parent=2331"}],"curies":[{"name":"wp","href":"https:\/\/api.w.org\/{rel}","templated":true}]}}