{"id":1483,"date":"2017-10-20T14:14:46","date_gmt":"2017-10-20T12:14:46","guid":{"rendered":"http:\/\/agora.xtec.cat\/ceip-lola-anglada-esplugues\/?page_id=1483"},"modified":"2026-04-20T22:12:26","modified_gmt":"2026-04-20T20:12:26","slug":"joc-de-locell-amagat","status":"publish","type":"page","link":"https:\/\/agora.xtec.cat\/ceip-lola-anglada-esplugues\/els-nostres-grans-projectes\/projecte-ocells\/joc-de-locell-amagat\/","title":{"rendered":"JOC DE L&#8217;OCELL AMAGAT"},"content":{"rendered":"<p style=\"text-align: center;\"><a href=\"http:\/\/agora.xtec.cat\/ceip-lola-anglada-esplugues\/wp-content\/uploads\/usu1507\/2017\/10\/DARWIN.jpg\"><img loading=\"lazy\" decoding=\"async\" class=\"aligncenter wp-image-1490\" src=\"http:\/\/agora.xtec.cat\/ceip-lola-anglada-esplugues\/wp-content\/uploads\/usu1507\/2017\/10\/DARWIN.jpg\" alt=\"\" width=\"622\" height=\"243\" srcset=\"https:\/\/agora.xtec.cat\/ceip-lola-anglada-esplugues\/wp-content\/uploads\/usu1507\/2017\/10\/DARWIN.jpg 622w, https:\/\/agora.xtec.cat\/ceip-lola-anglada-esplugues\/wp-content\/uploads\/usu1507\/2017\/10\/DARWIN-300x117.jpg 300w\" sizes=\"auto, (max-width: 622px) 100vw, 622px\" \/><\/a><\/p>\n<p style=\"text-align: center;\"><span style=\"font-size: 14pt; color: #800000;\"><strong>JA DE NEN GAUDIA OBSERVANT ELS COSTUMS DELS OCELLS&#8230;<\/strong><\/span><br \/>\n<span style=\"font-size: 14pt; color: #800000;\"><strong>EN LA MEVA INGENU\u00cfTAT EM SORPRENIA QUE NO TOTHOM FOS ORNIT\u00d2LEG<\/strong><\/span><br \/>\n<span style=\"color: #993300;\">Charles Darwin<\/span><\/p>\n<p><span style=\"font-weight: 400;\">L\u2019objectiu del joc de l\u2019ocell amagat \u00e9s trobar el nom de l\u2019ocell que apareix a la fotografia.<\/span><\/p>\n<p><span style=\"font-weight: 400;\">\u00c9s una activitat que forma part del Projecte Ocells que duen a terme l&#8217;alumnat del cicle superior de l\u2019escola Lola Anglada\u00a0 d\u2019Esplugues de Llobregat.<\/span><\/p>\n<p><span style=\"font-weight: 400;\">La identificaci\u00f3 dels trets diagn\u00f2stics de l\u2019ocell de la fotografia, ha d\u2019anar acompanyat de la cerca de l\u2019ocell a la guia de camp. \u00c9s imprescindible adquirir l\u2019h\u00e0bit de cercar l\u2019ocell a les guies que hi ha a la biblioteca de l&#8217;escola <\/span><i><span style=\"font-weight: 400;\">(Ocells de Catalunya, Pa\u00eds Valenci\u00e0 i Balears. Ed. Lynx).<\/span><\/i><span style=\"font-weight: 400;\">\u00a0 La identificaci\u00f3 dels ocells es fa b\u00e0sicament per mem\u00f2ria visual, i per tant la cerca a la guia refor\u00e7a aquesta habilitat. L\u2019entrenament visual, tant pel que fa a la identificaci\u00f3 dels trets diagn\u00f2stics com la seva posterior cerca en els dibuixos de la guia de camp (mem\u00f2ria visual) ens ha de permetre poder identificar els ocells quan estiguem fent observacions de camp.<\/span><\/p>\n<p><span style=\"font-weight: 400;\">Les fotografies seleccionades, majorit\u00e0riament, faran refer\u00e8ncia a ocells que podem trobar al pati de l\u2019escola i parc de la Fontsanta, aix\u00ed com a la sortida al Delta del Llobregat i col\u00f2nies.<\/span><\/p>\n<p><span style=\"font-weight: 400;\">Aquest joc est\u00e0 pensat per a l\u2019alumnat del cicle superior de l\u2019escola Lola Anglada, per\u00f2 est\u00e0 obert a totes les persones que ho desitgin i tinguin ganes d\u2019aprendre a identificar ocells, tot jugant. Hi poden participar alumnes d\u2019altres cursos, familiars, amics, antic alumnat i fam\u00edlies de l\u2019escola, fins i tot altres escoles que en el seu curr\u00edculum treballin els ocells o els interessi el m\u00f3n de l\u2019ornitologia\u2026. (En el cas que sigui una escola, la participaci\u00f3 seria per escola o nivell: Ex: Escola XXXXX (municipi), o Classe de 5\u00e8 de l&#8217;escola XXXX (municipi)).<\/span><\/p>\n<p><span style=\"font-weight: 400;\">Cada setmana es publicar\u00e0 al lloc web de l\u2019escola, apartat <\/span><a href=\"https:\/\/agora.xtec.cat\/ceip-lola-anglada-esplugues\/els-nostres-grans-projectes\/projecte-ocells\/\"><span style=\"font-weight: 400;\">\u201dEls nostres grans projectes\u201d<\/span><\/a><span style=\"font-weight: 400;\">, <\/span><a href=\"https:\/\/agora.xtec.cat\/ceip-lola-anglada-esplugues\/els-nostres-grans-projectes\/projecte-ocells\/\"><span style=\"font-weight: 400;\">\u201cProjecte ocells\u201d<\/span><\/a><span style=\"font-weight: 400;\">, dues fotografies noves i es donar\u00e0 la soluci\u00f3 dels noms dels dos ocells de la setmana anterior. Es complementar\u00e0 amb informaci\u00f3 general de l\u2019esp\u00e8cie i\/o curiositats referides a cadascun dels \u201cocells amagats\u201d. Per participar nom\u00e9s heu d\u2019enviar un correu electr\u00f2nic a aquesta adre\u00e7a de correu: <\/span><span style=\"color: #993300;\"><strong>ocell.amagat@escolalolaanglada.cat<\/strong><\/span><span style=\"font-weight: 400;\"> on hi hagi escrit clarament el vostre nom, el n\u00ba de l\u2019ocell amagat i el seu nom escrit correctament. \u00c9s molt important que els cerqueu a la guia d\u2019identificaci\u00f3 i que us fixeu b\u00e9 a l\u2019hora d\u2019escriure el nom correcte. Tamb\u00e9 caldr\u00e0 que a l\u2019apartat \u201cassumpte\u201d del correu, poseu \u201cOCELL AMAGAT\u201d i el n\u00famero d\u2019ordre dels ocells.<\/span><\/p>\n<p><span style=\"font-weight: 400;\">El correu ha de tenir: <strong>salutaci\u00f3<\/strong>, <strong>cos del missatge<\/strong> (on hi constar\u00e0 una breu explicaci\u00f3, el n\u00ba d&#8217;ordre i el nom dels ocells amagats), <strong>acomiadament<\/strong> i <strong>signatura<\/strong>. En cas de no ser alumnat de cicle superior de l&#8217;escola Lola Anglada, caldr\u00e0 escriure una breu identificaci\u00f3.<\/span><\/p>\n<p><span style=\"font-weight: 400;\">Nom\u00e9s es donaran com a v\u00e0lides les respostes on el <\/span><span style=\"font-weight: 400;\">nom de l\u2019ocell<\/span><span style=\"font-weight: 400;\"> sigui <\/span><span style=\"font-weight: 400;\">complet i<\/span><span style=\"font-weight: 400;\"> estigui <\/span><span style=\"font-weight: 400;\">correctament escrit<\/span><span style=\"font-weight: 400;\">.<\/span><\/p>\n<p><span style=\"font-weight: 400;\">EXEMPLE DE CORREU:<br \/>\n<a href=\"https:\/\/agora.xtec.cat\/ceip-lola-anglada-esplugues\/wp-content\/uploads\/usu1507\/2020\/10\/Exemple-de-correu.jpg\"><img loading=\"lazy\" decoding=\"async\" class=\"aligncenter size-full wp-image-4530\" src=\"https:\/\/agora.xtec.cat\/ceip-lola-anglada-esplugues\/wp-content\/uploads\/usu1507\/2020\/10\/Exemple-de-correu.jpg\" alt=\"\" width=\"630\" height=\"408\" srcset=\"https:\/\/agora.xtec.cat\/ceip-lola-anglada-esplugues\/wp-content\/uploads\/usu1507\/2020\/10\/Exemple-de-correu.jpg 630w, https:\/\/agora.xtec.cat\/ceip-lola-anglada-esplugues\/wp-content\/uploads\/usu1507\/2020\/10\/Exemple-de-correu-300x194.jpg 300w\" sizes=\"auto, (max-width: 630px) 100vw, 630px\" \/><\/a><br \/>\n<\/span><\/p>\n<p><span style=\"font-weight: 400;\">Cada encert atorga un punt. Al costat dels punts hi haur\u00e0 un n\u00famero entre par\u00e8ntesi que indicar\u00e0 les setmanes de participaci\u00f3. Hi haur\u00e0 una classificaci\u00f3 per l\u2019alumnat de cada classe de cicle superior de l\u2019escola i una altra per a la resta de participants. Els participants d\u2019aquest joc poden i han de col\u00b7laborar entre ells, perqu\u00e8 l\u2019objectiu final del joc \u00e9s la identificaci\u00f3 dels trets diagn\u00f2stics i la seva cerca a la guia de camp.<\/span><\/p>\n<p><span style=\"font-weight: 400;\">Bon joc i bona cerca \u201cd\u2019ocells amagats\u201d!<\/span><\/p>\n<p><b>Equip de mestres del Cicle Superior (Escola P\u00fablica Lola Anglada)<\/b><\/p>\n<p style=\"text-align: justify;\">Nota 1: <i><span style=\"font-weight: 400;\">Totes les fotografies d\u2019ocells amagats han estat fetes per en Dom\u00e8nec Anguera Vidal (ex-mestre de l\u2019escola Lola Anglada i dinamitzador del projecte)<\/span><\/i><br \/>\nNota 2: <i><span style=\"font-weight: 400;\">A totes les informacions que trobareu a sota de les fotografies s\u2019indicar\u00e0 clarament d\u2019on s\u2019han extret.<\/span><\/i><\/p>\n<h6 style=\"text-align: center;\"><span style=\"font-size: 18pt; color: #008000;\"><span style=\"font-size: 24pt;\"><strong>OCELL AMAGAT 2025-2026<span style=\"font-size: 8pt;\">.<\/span><\/strong><\/span><\/span><\/h6>\n<h6 style=\"text-align: center;\"><span style=\"font-size: 18pt; color: #339966;\"><span style=\"font-size: 24pt;\"><strong><span style=\"font-size: 8pt;\"><span style=\"font-size: 18pt;\">INICI DEL JOC\u00a0 (21 d&#8217;octubre de 2025)<br \/>\nFINAL DEL JOC\u00a0 (juny 2025)<\/span><\/span><\/strong><\/span><\/span><\/h6>\n<h6 style=\"text-align: center;\"><span style=\"font-size: 18pt; color: #808000;\"><span style=\"font-size: 24pt;\"><strong><span style=\"font-size: 8pt;\"><span style=\"font-size: 18pt;\"><span style=\"font-size: 12pt;\"><span style=\"font-size: 14pt;\"><a href=\"https:\/\/agora.xtec.cat\/ceip-lola-anglada-esplugues\/wp-content\/uploads\/usu1507\/2026\/04\/OA-38-2526.jpg\"><img loading=\"lazy\" decoding=\"async\" class=\"aligncenter size-full wp-image-9077\" src=\"https:\/\/agora.xtec.cat\/ceip-lola-anglada-esplugues\/wp-content\/uploads\/usu1507\/2026\/04\/OA-38-2526.jpg\" alt=\"\" width=\"882\" height=\"564\" srcset=\"https:\/\/agora.xtec.cat\/ceip-lola-anglada-esplugues\/wp-content\/uploads\/usu1507\/2026\/04\/OA-38-2526.jpg 882w, https:\/\/agora.xtec.cat\/ceip-lola-anglada-esplugues\/wp-content\/uploads\/usu1507\/2026\/04\/OA-38-2526-300x192.jpg 300w, https:\/\/agora.xtec.cat\/ceip-lola-anglada-esplugues\/wp-content\/uploads\/usu1507\/2026\/04\/OA-38-2526-768x491.jpg 768w\" sizes=\"auto, (max-width: 882px) 100vw, 882px\" \/><\/a>19\u00aa Entrega\u00a0 \u00a0 \u00a0OCELL AMAGAT n\u00ba 38:\u00a0\u00a0<\/span><\/span><\/span><\/span><\/strong><\/span><\/span><\/h6>\n<h6 style=\"text-align: center;\"><span style=\"color: #808000;\"><span style=\"font-size: 14pt;\"><span style=\"font-size: 12pt;\"><strong>Per\u00edode per respondre: de dimarts 21 d&#8217;abril\u00a0 a dilluns 11 de maig <\/strong><\/span><\/span><span style=\"font-size: 12pt;\"><strong>(fins 22 hores)<br \/>\n<\/strong><\/span><\/span><\/h6>\n<h6 style=\"text-align: center;\"><span style=\"color: #808000;\"><span style=\"font-size: 12pt;\"><strong><span style=\"color: #ff0000;\">Atenci\u00f3 !\u00a0 \u00a0Entrega de tres setmanes<\/span><\/strong><\/span><\/span><\/h6>\n<p>&nbsp;<\/p>\n<h6 style=\"text-align: center;\"><span style=\"font-size: 18pt; color: #808000;\"><span style=\"font-size: 24pt;\"><strong><span style=\"font-size: 8pt;\"><span style=\"font-size: 18pt;\"><span style=\"font-size: 12pt;\"><span style=\"font-size: 14pt;\"><a href=\"https:\/\/agora.xtec.cat\/ceip-lola-anglada-esplugues\/wp-content\/uploads\/usu1507\/2026\/04\/OA-37-2526.jpg\"><img loading=\"lazy\" decoding=\"async\" class=\"aligncenter size-full wp-image-9076\" src=\"https:\/\/agora.xtec.cat\/ceip-lola-anglada-esplugues\/wp-content\/uploads\/usu1507\/2026\/04\/OA-37-2526.jpg\" alt=\"\" width=\"882\" height=\"641\" srcset=\"https:\/\/agora.xtec.cat\/ceip-lola-anglada-esplugues\/wp-content\/uploads\/usu1507\/2026\/04\/OA-37-2526.jpg 882w, https:\/\/agora.xtec.cat\/ceip-lola-anglada-esplugues\/wp-content\/uploads\/usu1507\/2026\/04\/OA-37-2526-300x218.jpg 300w, https:\/\/agora.xtec.cat\/ceip-lola-anglada-esplugues\/wp-content\/uploads\/usu1507\/2026\/04\/OA-37-2526-768x558.jpg 768w\" sizes=\"auto, (max-width: 882px) 100vw, 882px\" \/><\/a>19\u00aa Entrega\u00a0 \u00a0 \u00a0OCELL AMAGAT n\u00ba 37:\u00a0\u00a0<\/span><\/span><\/span><\/span><\/strong><\/span><\/span><\/h6>\n<h6 style=\"text-align: center;\"><span style=\"color: #808000;\"><span style=\"font-size: 14pt;\"><span style=\"font-size: 12pt;\"><strong>Per\u00edode per respondre: de dimarts 21 d&#8217;abril\u00a0 a dilluns 11 de maig <\/strong><\/span><\/span><span style=\"font-size: 12pt;\"><strong>(fins 22 hores)<br \/>\n<\/strong><\/span><\/span><\/h6>\n<h6 style=\"text-align: center;\"><span style=\"color: #808000;\"><span style=\"font-size: 12pt;\"><strong><span style=\"color: #ff0000;\">Atenci\u00f3 !\u00a0 \u00a0Entrega de tres setmanes<\/span><\/strong><\/span><\/span><\/h6>\n<p>&nbsp;<\/p>\n<h6 style=\"text-align: center;\"><span style=\"color: #808000;\"><span style=\"font-size: 12pt;\"><strong>\u00a0<\/strong><\/span><\/span><\/h6>\n<h6 style=\"text-align: center;\"><span style=\"font-size: 18pt; color: #808000;\"><span style=\"font-size: 24pt;\"><strong><span style=\"font-size: 8pt;\"><span style=\"font-size: 18pt;\"><span style=\"font-size: 12pt;\"><span style=\"font-size: 14pt;\"><a href=\"https:\/\/agora.xtec.cat\/ceip-lola-anglada-esplugues\/wp-content\/uploads\/usu1507\/2026\/04\/OA-36-2526.jpg\"><img loading=\"lazy\" decoding=\"async\" class=\"aligncenter size-full wp-image-9059\" src=\"https:\/\/agora.xtec.cat\/ceip-lola-anglada-esplugues\/wp-content\/uploads\/usu1507\/2026\/04\/OA-36-2526.jpg\" alt=\"\" width=\"848\" height=\"565\" srcset=\"https:\/\/agora.xtec.cat\/ceip-lola-anglada-esplugues\/wp-content\/uploads\/usu1507\/2026\/04\/OA-36-2526.jpg 848w, https:\/\/agora.xtec.cat\/ceip-lola-anglada-esplugues\/wp-content\/uploads\/usu1507\/2026\/04\/OA-36-2526-300x200.jpg 300w, https:\/\/agora.xtec.cat\/ceip-lola-anglada-esplugues\/wp-content\/uploads\/usu1507\/2026\/04\/OA-36-2526-768x512.jpg 768w\" sizes=\"auto, (max-width: 848px) 100vw, 848px\" \/><\/a>18\u00aa Entrega\u00a0 \u00a0 \u00a0OCELL AMAGAT n\u00ba 36:\u00a0 AGR\u00d3 BLANC<\/span><\/span><\/span><\/span><\/strong><\/span><\/span><\/h6>\n<h6 style=\"text-align: center;\"><span style=\"color: #808000;\"><span style=\"font-size: 14pt;\"><span style=\"font-size: 12pt;\"><strong>Per\u00edode per respondre: de dimarts 14\u00a0 a dilluns 20 d&#8217;abril <\/strong><\/span><\/span><span style=\"font-size: 12pt;\"><strong>(fins 22 hores)<\/strong><\/span><\/span><\/h6>\n<p><span style=\"font-weight: 400;\">L\u2019agr\u00f3 blanc \u00e9s un ocell gran i elegant, tot blanc, amb potes llargues i un coll molt llarg que doblega en forma de \u201cS\u201d. Viu prop de l\u2019aigua, com llacs, rius o aiguamolls. \u00c9s de la mateixa fam\u00edlia que el bernat pescaire, l\u2019agr\u00f3 roig, els martinet blanc, entre d\u2019altres. En \u00e8poca nupcial, els adults tenen el bec de color negre. Els juvenils i adults fora de l\u2019\u00e8poca de reproducci\u00f3, tenen el bec de color groc.<\/span><\/p>\n<p><span style=\"font-weight: 400;\">\u00c9s un gran pescador: es queda molt quiet i, quan veu un peix, l\u2019atrapa r\u00e0pidament amb el seu bec llarg i punxegut. Quan vola, sembla molt tranquil i majestu\u00f3s.<\/span><\/p>\n<ul>\n<li style=\"font-weight: 400;\" aria-level=\"1\"><span style=\"font-weight: 400;\">Mida: 85\u2013100 cm<\/span><\/li>\n<li style=\"font-weight: 400;\" aria-level=\"1\"><span style=\"font-weight: 400;\">Pes: 700\u20131500 g<\/span><\/li>\n<li style=\"font-weight: 400;\" aria-level=\"1\"><span style=\"font-weight: 400;\">Envergadura: 140\u2013170 cm<\/span><\/li>\n<li style=\"font-weight: 400;\" aria-level=\"1\"><span style=\"font-weight: 400;\">Longevitat: fins a 15\u201320 anys (aprox.)<\/span><\/li>\n<li style=\"font-weight: 400;\" aria-level=\"1\"><span style=\"font-weight: 400;\">Alimentaci\u00f3: peixos, granotes, insectes aqu\u00e0tics<\/span><\/li>\n<li style=\"font-weight: 400;\" aria-level=\"1\"><span style=\"font-weight: 400;\">H\u00e0bitat: zones humides (rius, llacs, aiguamolls)<\/span><\/li>\n<li style=\"font-weight: 400;\" aria-level=\"1\"><span style=\"font-weight: 400;\">Curiositat: ca\u00e7a estant molt quiet, com una est\u00e0tua<\/span><\/li>\n<\/ul>\n<p>&nbsp;<\/p>\n<h6 style=\"text-align: center;\"><span style=\"font-size: 18pt; color: #808000;\"><span style=\"font-size: 24pt;\"><strong><span style=\"font-size: 8pt;\"><span style=\"font-size: 18pt;\"><span style=\"font-size: 12pt;\"><span style=\"font-size: 14pt;\"><a href=\"https:\/\/agora.xtec.cat\/ceip-lola-anglada-esplugues\/wp-content\/uploads\/usu1507\/2026\/04\/OA-35-2526.jpg\"><img loading=\"lazy\" decoding=\"async\" class=\"aligncenter size-full wp-image-9058\" src=\"https:\/\/agora.xtec.cat\/ceip-lola-anglada-esplugues\/wp-content\/uploads\/usu1507\/2026\/04\/OA-35-2526.jpg\" alt=\"\" width=\"874\" height=\"557\" srcset=\"https:\/\/agora.xtec.cat\/ceip-lola-anglada-esplugues\/wp-content\/uploads\/usu1507\/2026\/04\/OA-35-2526.jpg 874w, https:\/\/agora.xtec.cat\/ceip-lola-anglada-esplugues\/wp-content\/uploads\/usu1507\/2026\/04\/OA-35-2526-300x191.jpg 300w, https:\/\/agora.xtec.cat\/ceip-lola-anglada-esplugues\/wp-content\/uploads\/usu1507\/2026\/04\/OA-35-2526-768x489.jpg 768w\" sizes=\"auto, (max-width: 874px) 100vw, 874px\" \/><\/a>18\u00aa Entrega\u00a0 \u00a0 \u00a0OCELL AMAGAT n\u00ba 35:\u00a0 CAPSIGRANY COM\u00da<\/span><\/span><\/span><\/span><\/strong><\/span><\/span><\/h6>\n<h6 style=\"text-align: center;\"><span style=\"color: #808000;\"><span style=\"font-size: 14pt;\"><span style=\"font-size: 12pt;\"><strong>Per\u00edode per respondre: de dimarts 14\u00a0 a dilluns 20 d&#8217;abril <\/strong><\/span><\/span><span style=\"font-size: 12pt;\"><strong>(fins 22 hores)<\/strong><\/span><\/span><\/h6>\n<p><span style=\"font-weight: 400;\">El capsigrany com\u00fa \u00e9s un ocell petit per\u00f2 molt especial. Tot i que sembla inofensiu, \u00e9s un gran ca\u00e7ador! Menja insectes grans, petits r\u00e8ptils i fins i tot altres ocells. T\u00e9 el costum curi\u00f3s d\u2019enganxar les seves preses a punxes o espines, com si fos un \u201crebost\u201d. El seu nom cient\u00edfic \u00e9s Lanius senator\u2026 i com a curiositat us explico, vosaltres que heu anat de col\u00f2nies a Tarraco a estudiar els romans, que el nom de \u201csenator\u201d \u00e9s perqu\u00e8 t\u00e9 el cap del color porpra com les ratlles de les t\u00faniques que portaven els senadors romans.<\/span><\/p>\n<p><span style=\"font-weight: 400;\">\u00c9s f\u00e0cil de recon\u00e8ixer pel seu cap de color rogenc, el cos blanc i negre, i una mena de m\u00e0scara negra als ulls. A l\u2019estiu el podem trobar a zones obertes amb arbres, com camps o deveses.<\/span><\/p>\n<ul>\n<li style=\"font-weight: 400;\" aria-level=\"1\"><span style=\"font-weight: 400;\">Mida: 17\u201319 cm<\/span><\/li>\n<li style=\"font-weight: 400;\" aria-level=\"1\"><span style=\"font-weight: 400;\">Pes: 25\u201335 g<\/span><\/li>\n<li style=\"font-weight: 400;\" aria-level=\"1\"><span style=\"font-weight: 400;\">Envergadura: 24\u201327 cm<\/span><\/li>\n<li style=\"font-weight: 400;\" aria-level=\"1\"><span style=\"font-weight: 400;\">Longevitat: fins a 5\u20136 anys (aprox.)<\/span><\/li>\n<li style=\"font-weight: 400;\" aria-level=\"1\"><span style=\"font-weight: 400;\">Alimentaci\u00f3: insectes, sargantanes, petits ocells<\/span><\/li>\n<li style=\"font-weight: 400;\" aria-level=\"1\"><span style=\"font-weight: 400;\">H\u00e0bitat: zones obertes amb arbres dispersos<\/span><\/li>\n<li style=\"font-weight: 400;\" aria-level=\"1\"><span style=\"font-weight: 400;\">Curiositat: clava les preses a espines per guardar-les<\/span><\/li>\n<\/ul>\n<p>&nbsp;<\/p>\n<h6 style=\"text-align: center;\"><span style=\"font-size: 18pt; color: #808000;\"><span style=\"font-size: 24pt;\"><strong><span style=\"font-size: 8pt;\"><span style=\"font-size: 18pt;\"><span style=\"font-size: 12pt;\"><span style=\"font-size: 14pt;\"><a href=\"https:\/\/agora.xtec.cat\/ceip-lola-anglada-esplugues\/wp-content\/uploads\/usu1507\/2026\/03\/Punts-bonificacio-Pasqua-2526_02.jpg\"><img loading=\"lazy\" decoding=\"async\" class=\"aligncenter wp-image-9026\" src=\"https:\/\/agora.xtec.cat\/ceip-lola-anglada-esplugues\/wp-content\/uploads\/usu1507\/2026\/03\/Punts-bonificacio-Pasqua-2526_02.jpg\" alt=\"\" width=\"443\" height=\"706\" srcset=\"https:\/\/agora.xtec.cat\/ceip-lola-anglada-esplugues\/wp-content\/uploads\/usu1507\/2026\/03\/Punts-bonificacio-Pasqua-2526_02.jpg 536w, https:\/\/agora.xtec.cat\/ceip-lola-anglada-esplugues\/wp-content\/uploads\/usu1507\/2026\/03\/Punts-bonificacio-Pasqua-2526_02-188x300.jpg 188w\" sizes=\"auto, (max-width: 443px) 100vw, 443px\" \/><\/a>PUNTS DE BONIFICACI\u00d3: ORENETES I FALCIOTS\u00a0\u00a0<\/span><\/span><\/span><\/span><\/strong><\/span><\/span><\/h6>\n<h6 style=\"text-align: center;\"><span style=\"color: #808000;\"><span style=\"font-size: 14pt;\"><strong>\u00a0<\/strong><span style=\"font-size: 12pt;\"><strong>Per\u00edode per respondre: de dimarts 24 de mar\u00e7 a dilluns 13 d&#8217;abril <\/strong><\/span><\/span><span style=\"font-size: 12pt;\"><strong>(fins 22 hores)<br \/>\n<span style=\"font-weight: 400;\">oreneta cuablanca, oreneta comuna, oreneta cua-rogenca, oreneta de ribera, roquerol, ballester, falciot p\u00e0l\u00b7lid i falciot negre (d&#8217;esquerra a dreta i de dalt a baix)<\/span><br \/>\n<\/strong><\/span><\/span><\/h6>\n<p>&nbsp;<\/p>\n<h6 style=\"text-align: center;\"><span style=\"font-size: 18pt; color: #808000;\"><span style=\"font-size: 24pt;\"><strong><span style=\"font-size: 8pt;\"><span style=\"font-size: 18pt;\"><span style=\"font-size: 12pt;\"><span style=\"font-size: 14pt;\"><a href=\"https:\/\/agora.xtec.cat\/ceip-lola-anglada-esplugues\/wp-content\/uploads\/usu1507\/2026\/03\/Punts-bonificacio-Pasqua-2526_03.jpg\"><img loading=\"lazy\" decoding=\"async\" class=\"aligncenter size-full wp-image-9027\" src=\"https:\/\/agora.xtec.cat\/ceip-lola-anglada-esplugues\/wp-content\/uploads\/usu1507\/2026\/03\/Punts-bonificacio-Pasqua-2526_03.jpg\" alt=\"\" width=\"1110\" height=\"838\" srcset=\"https:\/\/agora.xtec.cat\/ceip-lola-anglada-esplugues\/wp-content\/uploads\/usu1507\/2026\/03\/Punts-bonificacio-Pasqua-2526_03.jpg 1110w, https:\/\/agora.xtec.cat\/ceip-lola-anglada-esplugues\/wp-content\/uploads\/usu1507\/2026\/03\/Punts-bonificacio-Pasqua-2526_03-300x226.jpg 300w, https:\/\/agora.xtec.cat\/ceip-lola-anglada-esplugues\/wp-content\/uploads\/usu1507\/2026\/03\/Punts-bonificacio-Pasqua-2526_03-1024x773.jpg 1024w, https:\/\/agora.xtec.cat\/ceip-lola-anglada-esplugues\/wp-content\/uploads\/usu1507\/2026\/03\/Punts-bonificacio-Pasqua-2526_03-768x580.jpg 768w\" sizes=\"auto, (max-width: 1110px) 100vw, 1110px\" \/><\/a>PUNTS DE BONIFICACI\u00d3: OCELLS DEL PAISATGE\u00a0\u00a0<\/span><\/span><\/span><\/span><\/strong><\/span><\/span><\/h6>\n<h6 style=\"text-align: center;\"><span style=\"color: #808000;\"><span style=\"font-size: 14pt;\"><strong>\u00a0<\/strong><span style=\"font-size: 12pt;\"><strong>Per\u00edode per respondre: de dimarts 24 de mar\u00e7 a dilluns 13 d&#8217;abril <\/strong><\/span><\/span><span style=\"font-size: 12pt;\"><strong>(fins 22 hores)<a href=\"https:\/\/agora.xtec.cat\/ceip-lola-anglada-esplugues\/wp-content\/uploads\/usu1507\/2026\/04\/Punts-bonificacio-Pasqua-2526_04.jpg\"><img loading=\"lazy\" decoding=\"async\" class=\"aligncenter size-full wp-image-9057\" src=\"https:\/\/agora.xtec.cat\/ceip-lola-anglada-esplugues\/wp-content\/uploads\/usu1507\/2026\/04\/Punts-bonificacio-Pasqua-2526_04.jpg\" alt=\"\" width=\"940\" height=\"486\" srcset=\"https:\/\/agora.xtec.cat\/ceip-lola-anglada-esplugues\/wp-content\/uploads\/usu1507\/2026\/04\/Punts-bonificacio-Pasqua-2526_04.jpg 940w, https:\/\/agora.xtec.cat\/ceip-lola-anglada-esplugues\/wp-content\/uploads\/usu1507\/2026\/04\/Punts-bonificacio-Pasqua-2526_04-300x155.jpg 300w, https:\/\/agora.xtec.cat\/ceip-lola-anglada-esplugues\/wp-content\/uploads\/usu1507\/2026\/04\/Punts-bonificacio-Pasqua-2526_04-768x397.jpg 768w\" sizes=\"auto, (max-width: 940px) 100vw, 940px\" \/><\/a><\/strong><\/span><\/span><\/h6>\n<p>&nbsp;<\/p>\n<h6 style=\"text-align: center;\"><span style=\"font-size: 18pt; color: #808000;\"><span style=\"font-size: 24pt;\"><strong><span style=\"font-size: 8pt;\"><span style=\"font-size: 18pt;\"><span style=\"font-size: 12pt;\"><span style=\"font-size: 14pt;\"><a href=\"https:\/\/agora.xtec.cat\/ceip-lola-anglada-esplugues\/wp-content\/uploads\/usu1507\/2026\/03\/OA-34-2526.jpg\"><img loading=\"lazy\" decoding=\"async\" class=\"aligncenter size-full wp-image-9025\" src=\"https:\/\/agora.xtec.cat\/ceip-lola-anglada-esplugues\/wp-content\/uploads\/usu1507\/2026\/03\/OA-34-2526.jpg\" alt=\"\" width=\"890\" height=\"548\" srcset=\"https:\/\/agora.xtec.cat\/ceip-lola-anglada-esplugues\/wp-content\/uploads\/usu1507\/2026\/03\/OA-34-2526.jpg 890w, https:\/\/agora.xtec.cat\/ceip-lola-anglada-esplugues\/wp-content\/uploads\/usu1507\/2026\/03\/OA-34-2526-300x185.jpg 300w, https:\/\/agora.xtec.cat\/ceip-lola-anglada-esplugues\/wp-content\/uploads\/usu1507\/2026\/03\/OA-34-2526-768x473.jpg 768w\" sizes=\"auto, (max-width: 890px) 100vw, 890px\" \/><\/a>17\u00aa Entrega\u00a0 \u00a0 \u00a0OCELL AMAGAT n\u00ba 34:\u00a0 BITXAC ROGENC<\/span><\/span><\/span><\/span><\/strong><\/span><\/span><\/h6>\n<h6 style=\"text-align: center;\"><span style=\"color: #808000;\"><span style=\"font-size: 14pt;\"><span style=\"font-size: 12pt;\"><strong>Per\u00edode per respondre: de dimarts 24 de mar\u00e7 a dilluns 13 d&#8217;abril <\/strong><\/span><\/span><span style=\"font-size: 12pt;\"><strong>(fins 22 hores)<\/strong><\/span><\/span><\/h6>\n<p><span style=\"font-weight: 400;\">El bitxac rogenc \u00e9s un ocell petit que viu en camps oberts i prats. Sovint es posa dalt d\u2019un arbust o d\u2019un pal per vigilar, i quan veu un insecte\u2026 s\u2019hi llan\u00e7a r\u00e0pidament per ca\u00e7ar-lo.<\/span><\/p>\n<p><span style=\"font-weight: 400;\">El mascle t\u00e9 el pit de color taronja-rogenc i una ratlla blanca sobre els ulls, mentre que la femella \u00e9s m\u00e9s discreta.<\/span><\/p>\n<p><span style=\"font-weight: 400;\">\u00c9s un ocell migrador: passa l\u2019estiu a Europa i a l\u2019hivern viatja cap a l\u2019\u00c0frica.<\/span><\/p>\n<ul>\n<li style=\"font-weight: 400;\" aria-level=\"1\"><span style=\"font-weight: 400;\">Nom cient\u00edfic: <\/span><i><span style=\"font-weight: 400;\">Saxicola rubetra<\/span><\/i><\/li>\n<li style=\"font-weight: 400;\" aria-level=\"1\"><span style=\"font-weight: 400;\">Mida: 12\u201314 cm<\/span><\/li>\n<li style=\"font-weight: 400;\" aria-level=\"1\"><span style=\"font-weight: 400;\">Pes: 15 \u2013 23 g<\/span><\/li>\n<li style=\"font-weight: 400;\" aria-level=\"1\"><span style=\"font-weight: 400;\">Envergadura: 21\u201324 cm<\/span><\/li>\n<li style=\"font-weight: 400;\" aria-level=\"1\"><span style=\"font-weight: 400;\">Longevitat: fins a uns 5 anys<\/span><\/li>\n<li style=\"font-weight: 400;\" aria-level=\"1\"><span style=\"font-weight: 400;\">Alimentaci\u00f3: insectes, aranyes i petits invertebrats<\/span><\/li>\n<li style=\"font-weight: 400;\" aria-level=\"1\"><span style=\"font-weight: 400;\">H\u00e0bitat: prats, camps oberts i zones de muntanya<\/span><\/li>\n<\/ul>\n<p>&nbsp;<\/p>\n<h6 style=\"text-align: center;\"><span style=\"font-size: 18pt; color: #808000;\"><span style=\"font-size: 24pt;\"><strong><span style=\"font-size: 8pt;\"><span style=\"font-size: 18pt;\"><span style=\"font-size: 12pt;\"><span style=\"font-size: 14pt;\"><a href=\"https:\/\/agora.xtec.cat\/ceip-lola-anglada-esplugues\/wp-content\/uploads\/usu1507\/2026\/03\/OA-33-2526.jpg\"><img loading=\"lazy\" decoding=\"async\" class=\"aligncenter size-full wp-image-9024\" src=\"https:\/\/agora.xtec.cat\/ceip-lola-anglada-esplugues\/wp-content\/uploads\/usu1507\/2026\/03\/OA-33-2526.jpg\" alt=\"\" width=\"879\" height=\"626\" srcset=\"https:\/\/agora.xtec.cat\/ceip-lola-anglada-esplugues\/wp-content\/uploads\/usu1507\/2026\/03\/OA-33-2526.jpg 879w, https:\/\/agora.xtec.cat\/ceip-lola-anglada-esplugues\/wp-content\/uploads\/usu1507\/2026\/03\/OA-33-2526-300x214.jpg 300w, https:\/\/agora.xtec.cat\/ceip-lola-anglada-esplugues\/wp-content\/uploads\/usu1507\/2026\/03\/OA-33-2526-768x547.jpg 768w\" sizes=\"auto, (max-width: 879px) 100vw, 879px\" \/><\/a>17\u00aa Entrega\u00a0 \u00a0 \u00a0OCELL AMAGAT n\u00ba 33:\u00a0 \u00c0NEC\u00a0 CULLEROT<\/span><\/span><\/span><\/span><\/strong><\/span><\/span><\/h6>\n<h6 style=\"text-align: center;\"><span style=\"color: #808000;\"><span style=\"font-size: 14pt;\"><span style=\"font-size: 12pt;\"><strong>Per\u00edode per respondre: de dimarts 24 de mar\u00e7 a dilluns 13 d&#8217;abril <\/strong><\/span><\/span><span style=\"font-size: 12pt;\"><strong>(fins 22 hores)<\/strong><\/span><\/span><\/h6>\n<p><span style=\"font-weight: 400;\">L\u2019\u00e0nec cullerot \u00e9s un \u00e0nec molt f\u00e0cil de recon\u00e8ixer perqu\u00e8 t\u00e9 un bec molt ample i pla, com una cullera. Aquest bec li serveix per filtrar l\u2019aigua i quedar-se amb el menjar, com plantes petites o animalets aqu\u00e0tics.<\/span><\/p>\n<p><span style=\"font-weight: 400;\">Viu en llocs amb aigua com llacs, rius o aiguamolls. Sovint el veur\u00e0s nedant amb el cap dins l\u2019aigua mentre busca menjar.<\/span><\/p>\n<p><span style=\"font-weight: 400;\">El mascle \u00e9s m\u00e9s vist\u00f3s (amb colors com verd i blanc), mentre que la femella \u00e9s m\u00e9s marronosa per camuflar-se millor.<\/span><\/p>\n<ul>\n<li style=\"font-weight: 400;\" aria-level=\"1\"><span style=\"font-weight: 400;\">Nom cient\u00edfic: <\/span><i><span style=\"font-weight: 400;\">Spatula clypeata<\/span><\/i><\/li>\n<li style=\"font-weight: 400;\" aria-level=\"1\"><span style=\"font-weight: 400;\">Mida: uns 50\u201351 cm<\/span><\/li>\n<li style=\"font-weight: 400;\" aria-level=\"1\"><span style=\"font-weight: 400;\">Pes: 400 \u2013 1100 g<\/span><\/li>\n<li style=\"font-weight: 400;\" aria-level=\"1\"><span style=\"font-weight: 400;\">Envergadura (ales): fins a uns 80 cm<\/span><\/li>\n<li style=\"font-weight: 400;\" aria-level=\"1\"><span style=\"font-weight: 400;\">Longevitat: fins a 20\u201321 anys<\/span><\/li>\n<li style=\"font-weight: 400;\" aria-level=\"1\"><span style=\"font-weight: 400;\">Alimentaci\u00f3: plantes aqu\u00e0tiques, insectes, mol\u00b7luscs<\/span><\/li>\n<li style=\"font-weight: 400;\" aria-level=\"1\"><span style=\"font-weight: 400;\">H\u00e0bitat: aiguamolls, estanys i rius<\/span><\/li>\n<\/ul>\n<p>&nbsp;<\/p>\n<h6 style=\"text-align: center;\"><span style=\"font-size: 18pt; color: #808000;\"><span style=\"font-size: 24pt;\"><strong><span style=\"font-size: 8pt;\"><span style=\"font-size: 18pt;\"><span style=\"font-size: 12pt;\"><span style=\"font-size: 14pt;\"><a href=\"https:\/\/agora.xtec.cat\/ceip-lola-anglada-esplugues\/wp-content\/uploads\/usu1507\/2026\/03\/OA-32-2526.jpg\"><img loading=\"lazy\" decoding=\"async\" class=\"aligncenter size-full wp-image-9009\" src=\"https:\/\/agora.xtec.cat\/ceip-lola-anglada-esplugues\/wp-content\/uploads\/usu1507\/2026\/03\/OA-32-2526.jpg\" alt=\"\" width=\"855\" height=\"557\" srcset=\"https:\/\/agora.xtec.cat\/ceip-lola-anglada-esplugues\/wp-content\/uploads\/usu1507\/2026\/03\/OA-32-2526.jpg 855w, https:\/\/agora.xtec.cat\/ceip-lola-anglada-esplugues\/wp-content\/uploads\/usu1507\/2026\/03\/OA-32-2526-300x195.jpg 300w, https:\/\/agora.xtec.cat\/ceip-lola-anglada-esplugues\/wp-content\/uploads\/usu1507\/2026\/03\/OA-32-2526-768x500.jpg 768w\" sizes=\"auto, (max-width: 855px) 100vw, 855px\" \/><\/a>16\u00aa Entrega\u00a0 \u00a0 \u00a0OCELL AMAGAT n\u00ba 32:\u00a0 CABUSSET COM\u00da<\/span><\/span><\/span><\/span><\/strong><\/span><\/span><\/h6>\n<h6 style=\"text-align: center;\"><span style=\"color: #808000;\"><span style=\"font-size: 14pt;\"><strong>\u00a0<\/strong><span style=\"font-size: 12pt;\"><strong>Per\u00edode per respondre: de dimarts 17\u00a0 a dilluns 23 de mar\u00e7 <\/strong><\/span><\/span><span style=\"font-size: 12pt;\"><strong>(fins 22 hores)<\/strong><\/span><\/span><\/h6>\n<p><span style=\"font-weight: 400;\">El cabusset com\u00fa \u00e9s un ocell aqu\u00e0tic molt petit i simp\u00e0tic que viu en llacs, rius i aiguamolls. \u00c9s f\u00e0cil de recon\u00e8ixer perqu\u00e8 sovint es capbussa sota l\u2019aigua per escapar o buscar menjar, i pot desapar\u00e8ixer de cop!<\/span><\/p>\n<p><span style=\"font-weight: 400;\">Amb plomatge nupcial t\u00e9 el coll marr\u00f3-vermell\u00f3s i el cos fosc (com l\u2019exemplar de la fotografia). \u00c9s molt bon nedador i fa nius flotants amagats entre les plantes aqu\u00e0tiques.<\/span><\/p>\n<ul>\n<li style=\"font-weight: 400;\" aria-level=\"1\"><span style=\"font-weight: 400;\">Nom cient\u00edfic: Tachybaptus ruficollis<\/span><\/li>\n<li style=\"font-weight: 400;\" aria-level=\"1\"><span style=\"font-weight: 400;\">Mida: 23\u201329 cm<\/span><\/li>\n<li style=\"font-weight: 400;\" aria-level=\"1\"><span style=\"font-weight: 400;\">Envergadura: 40\u201345 cm<\/span><\/li>\n<li style=\"font-weight: 400;\" aria-level=\"1\"><span style=\"font-weight: 400;\">Pes: 130\u2013250 g<\/span><\/li>\n<li style=\"font-weight: 400;\" aria-level=\"1\"><span style=\"font-weight: 400;\">Longevitat: fins a 10\u201315 anys<\/span><\/li>\n<li style=\"font-weight: 400;\" aria-level=\"1\"><span style=\"font-weight: 400;\">Alimentaci\u00f3: insectes aqu\u00e0tics, petits peixos<\/span><\/li>\n<li style=\"font-weight: 400;\" aria-level=\"1\"><span style=\"font-weight: 400;\">H\u00e0bitat: rius, llacs i aiguamolls<\/span><\/li>\n<\/ul>\n<p>&nbsp;<\/p>\n<h6 style=\"text-align: center;\"><span style=\"font-size: 18pt; color: #808000;\"><span style=\"font-size: 24pt;\"><strong><span style=\"font-size: 8pt;\"><span style=\"font-size: 18pt;\"><span style=\"font-size: 12pt;\"><span style=\"font-size: 14pt;\"><a href=\"https:\/\/agora.xtec.cat\/ceip-lola-anglada-esplugues\/wp-content\/uploads\/usu1507\/2026\/03\/OA-31-2526.jpg\"><img loading=\"lazy\" decoding=\"async\" class=\"aligncenter size-full wp-image-9008\" src=\"https:\/\/agora.xtec.cat\/ceip-lola-anglada-esplugues\/wp-content\/uploads\/usu1507\/2026\/03\/OA-31-2526.jpg\" alt=\"\" width=\"871\" height=\"621\" srcset=\"https:\/\/agora.xtec.cat\/ceip-lola-anglada-esplugues\/wp-content\/uploads\/usu1507\/2026\/03\/OA-31-2526.jpg 871w, https:\/\/agora.xtec.cat\/ceip-lola-anglada-esplugues\/wp-content\/uploads\/usu1507\/2026\/03\/OA-31-2526-300x214.jpg 300w, https:\/\/agora.xtec.cat\/ceip-lola-anglada-esplugues\/wp-content\/uploads\/usu1507\/2026\/03\/OA-31-2526-768x548.jpg 768w\" sizes=\"auto, (max-width: 871px) 100vw, 871px\" \/><\/a>16\u00aa Entrega\u00a0 \u00a0 \u00a0OCELL AMAGAT n\u00ba 31:\u00a0 GAVINA CORSA<\/span><\/span><\/span><\/span><\/strong><\/span><\/span><\/h6>\n<h6 style=\"text-align: center;\"><span style=\"color: #808000;\"><span style=\"font-size: 14pt;\"><strong>\u00a0<\/strong><span style=\"font-size: 12pt;\"><strong>Per\u00edode per respondre: de dimarts 17\u00a0 a dilluns 23 de mar\u00e7 <\/strong><\/span><\/span><span style=\"font-size: 12pt;\"><strong>(fins 22 hores)<\/strong><\/span><\/span><\/h6>\n<p><span style=\"font-weight: 400;\">La gavina corsa \u00e9s una gavina especial que viu sobretot a la Mediterr\u00e0nia. \u00c9s menys comuna que altres gavines i, per aix\u00f2, \u00e9s una esp\u00e8cie protegida. T\u00e9 un aspecte elegant: el cos \u00e9s blanc, les ales s\u00f3n grises i el bec \u00e9s vermell amb una punta negra.<\/span><\/p>\n<p><span style=\"font-weight: 400;\">A difer\u00e8ncia d\u2019altres gavines, no li agrada tant menjar deixalles. Prefereix pescar peixos al mar, sobretot de nit o a primera hora del mat\u00ed. \u00c9s bastant tranquil\u00b7la i viu en col\u00f2nies a illes o zones costaneres poc habitades. La principal col\u00f2nia nidificant mundial \u00e9s al Delta de l\u2019Ebre.<\/span><\/p>\n<ul>\n<li style=\"font-weight: 400;\" aria-level=\"1\"><span style=\"font-weight: 400;\">Nom cient\u00edfic: Ichthyaetus audouinii<\/span><\/li>\n<li style=\"font-weight: 400;\" aria-level=\"1\"><span style=\"font-weight: 400;\">Mida: 40\u201345 cm<\/span><\/li>\n<li style=\"font-weight: 400;\" aria-level=\"1\"><span style=\"font-weight: 400;\">Envergadura (ales obertes): 115\u2013135 cm<\/span><\/li>\n<li style=\"font-weight: 400;\" aria-level=\"1\"><span style=\"font-weight: 400;\">Pes: 500\u2013700 g<\/span><\/li>\n<li style=\"font-weight: 400;\" aria-level=\"1\"><span style=\"font-weight: 400;\">Longevitat: fins a 20 anys<\/span><\/li>\n<li style=\"font-weight: 400;\" aria-level=\"1\"><span style=\"font-weight: 400;\">Alimentaci\u00f3: peixos petits<\/span><\/li>\n<li style=\"font-weight: 400;\" aria-level=\"1\"><span style=\"font-weight: 400;\">H\u00e0bitat: costes i illes del Mediterrani<\/span><\/li>\n<\/ul>\n<p>&nbsp;<\/p>\n<h6 style=\"text-align: center;\"><span style=\"font-size: 18pt; color: #808000;\"><span style=\"font-size: 24pt;\"><strong><span style=\"font-size: 8pt;\"><span style=\"font-size: 18pt;\"><span style=\"font-size: 12pt;\"><span style=\"font-size: 14pt;\"><a href=\"https:\/\/agora.xtec.cat\/ceip-lola-anglada-esplugues\/wp-content\/uploads\/usu1507\/2026\/03\/OA-30-2526.jpg\"><img loading=\"lazy\" decoding=\"async\" class=\"aligncenter size-full wp-image-8997\" src=\"https:\/\/agora.xtec.cat\/ceip-lola-anglada-esplugues\/wp-content\/uploads\/usu1507\/2026\/03\/OA-30-2526.jpg\" alt=\"\" width=\"884\" height=\"562\" srcset=\"https:\/\/agora.xtec.cat\/ceip-lola-anglada-esplugues\/wp-content\/uploads\/usu1507\/2026\/03\/OA-30-2526.jpg 884w, https:\/\/agora.xtec.cat\/ceip-lola-anglada-esplugues\/wp-content\/uploads\/usu1507\/2026\/03\/OA-30-2526-300x191.jpg 300w, https:\/\/agora.xtec.cat\/ceip-lola-anglada-esplugues\/wp-content\/uploads\/usu1507\/2026\/03\/OA-30-2526-768x488.jpg 768w\" sizes=\"auto, (max-width: 884px) 100vw, 884px\" \/><\/a>15\u00aa Entrega\u00a0 \u00a0 \u00a0OCELL AMAGAT n\u00ba 30:\u00a0 BEC D&#8217;ALENA COM\u00da<\/span><\/span><\/span><\/span><\/strong><\/span><\/span><\/h6>\n<h6 style=\"text-align: center;\"><span style=\"color: #808000;\"><span style=\"font-size: 14pt;\"><strong>\u00a0<\/strong><span style=\"font-size: 12pt;\"><strong>Per\u00edode per respondre: de dimarts 10\u00a0 a dilluns 16 de mar\u00e7 <\/strong><\/span><\/span><span style=\"font-size: 12pt;\"><strong>(fins 22 hores)<\/strong><\/span><\/span><\/h6>\n<p><span style=\"font-weight: 400;\">El bec d\u2019alena \u00e9s un ocell d\u2019aiguamolls molt elegant. T\u00e9 el cos blanc amb franges negres a les ales i a l\u2019esquena. El que m\u00e9s crida l\u2019atenci\u00f3 \u00e9s el seu bec llarg i corbat cap amunt.<\/span><\/p>\n<p><span style=\"font-weight: 400;\">Els sabater, per cosir les sabates fan servir una agulla corbada com el bec d\u2019aquest ocell, i aquesta eina es diu \u201calena\u201d. El Diccionari <\/span><span style=\"font-weight: 400;\">de la llengua catalana de l\u2019Institut d\u2019Estudis Catalans defineix <\/span><b>alena <\/b><b>com: <\/b><span style=\"font-weight: 400;\">\u201cEina de sabater, composta d&#8217;un ferro amb una punxa molt fina i d&#8217;un m\u00e0nec de fusta, que serveix per a foradar, cosir i repuntar.\u201d<\/span><\/p>\n<p><span style=\"font-weight: 400;\">Al Delta de l\u2019Ebre per cosir els sacs d\u2019arr\u00f2s tamb\u00e9 fan servir una agulla corbada i \u00e9s per aix\u00f2 que al Delta de l\u2019Ebre a aquest ocell l\u2019anomenen \u201ccusi-sacs\u201d.<\/span><\/p>\n<p><span style=\"font-weight: 400;\">Viu en llacunes, salines i zones d\u2019aigua poc profunda. Fa servir el seu bec especial per buscar menjar a l\u2019aigua: el mou d\u2019un costat a l\u2019altre per capturar petits animals com insectes aqu\u00e0tics o crustacis. Sovint es pot veure caminant per l\u2019aigua amb les seves potes llargues i primes.<\/span><\/p>\n<ul>\n<li style=\"font-weight: 400;\" aria-level=\"1\"><span style=\"font-weight: 400;\">Longitud: 42\u201346 cm<\/span><span style=\"font-weight: 400;\"><br \/>\n<\/span><\/li>\n<li style=\"font-weight: 400;\" aria-level=\"1\"><span style=\"font-weight: 400;\">Pes: 250\u2013400 g<\/span><span style=\"font-weight: 400;\"><br \/>\n<\/span><\/li>\n<li style=\"font-weight: 400;\" aria-level=\"1\"><span style=\"font-weight: 400;\">Envergadura d\u2019ales: 67\u201377 cm<\/span><span style=\"font-weight: 400;\"><br \/>\n<\/span><\/li>\n<li style=\"font-weight: 400;\" aria-level=\"1\"><span style=\"font-weight: 400;\">\u00a0Longevitat: fins a uns 15\u201320 anys<\/span><span style=\"font-weight: 400;\"><br \/>\n<\/span><\/li>\n<li style=\"font-weight: 400;\" aria-level=\"1\"><span style=\"font-weight: 400;\">On viu: aiguamolls, salines i llacunes d\u2019Europa, \u00c0sia i \u00c0frica<\/span><span style=\"font-weight: 400;\"><br \/>\n<\/span><\/li>\n<li style=\"font-weight: 400;\" aria-level=\"1\"><span style=\"font-weight: 400;\">Alimentaci\u00f3: petits crustacis, insectes i cucs aqu\u00e0tics<\/span><span style=\"font-weight: 400;\"><br \/>\n<\/span><\/li>\n<li style=\"font-weight: 400;\" aria-level=\"1\"><span style=\"font-weight: 400;\">Niu: al terra, en illots o zones fangoses prop de l\u2019aigua<\/span><\/li>\n<\/ul>\n<h6 style=\"text-align: center;\"><span style=\"font-size: 18pt; color: #808000;\"><span style=\"font-size: 24pt;\"><strong><span style=\"font-size: 8pt;\"><span style=\"font-size: 18pt;\"><span style=\"font-size: 12pt;\"><span style=\"font-size: 14pt;\"><a href=\"https:\/\/agora.xtec.cat\/ceip-lola-anglada-esplugues\/wp-content\/uploads\/usu1507\/2026\/03\/OA-29-2526.jpg\"><img loading=\"lazy\" decoding=\"async\" class=\"aligncenter size-full wp-image-8996\" src=\"https:\/\/agora.xtec.cat\/ceip-lola-anglada-esplugues\/wp-content\/uploads\/usu1507\/2026\/03\/OA-29-2526.jpg\" alt=\"\" width=\"827\" height=\"571\" srcset=\"https:\/\/agora.xtec.cat\/ceip-lola-anglada-esplugues\/wp-content\/uploads\/usu1507\/2026\/03\/OA-29-2526.jpg 827w, https:\/\/agora.xtec.cat\/ceip-lola-anglada-esplugues\/wp-content\/uploads\/usu1507\/2026\/03\/OA-29-2526-300x207.jpg 300w, https:\/\/agora.xtec.cat\/ceip-lola-anglada-esplugues\/wp-content\/uploads\/usu1507\/2026\/03\/OA-29-2526-768x530.jpg 768w\" sizes=\"auto, (max-width: 827px) 100vw, 827px\" \/><\/a>15\u00aa Entrega\u00a0 \u00a0 \u00a0OCELL AMAGAT n\u00ba 29:\u00a0 ORENETA CUABLANCA COMUNA<\/span><\/span><\/span><\/span><\/strong><\/span><\/span><\/h6>\n<h6 style=\"text-align: center;\"><span style=\"color: #808000;\"><span style=\"font-size: 14pt;\"><strong>\u00a0<\/strong><span style=\"font-size: 12pt;\"><strong>Per\u00edode per respondre: de dimarts 10\u00a0 a dilluns 16 de mar\u00e7 <\/strong><\/span><\/span><span style=\"font-size: 12pt;\"><strong>(fins 22 hores)<\/strong><\/span><\/span><\/h6>\n<p><span style=\"font-weight: 400;\">L\u2019oreneta cuablanca \u00e9s un ocell petit que sovint veiem volant r\u00e0pidament pels pobles i les ciutats. T\u00e9 l\u2019esquena negra blavosa, la panxa blanca i una taca blanca molt visible a la part de sobre de la cua \u2026 per\u00f2 no pas a la cua, encara que aquesta taca blanca al carp\u00f3 li doni el nom de \u201ccuablanca\u201d).<\/span><\/p>\n<p><span style=\"font-weight: 400;\">\u00c9s una gran voladora: passa moltes hores a l\u2019aire ca\u00e7ant insectes. Construeix el seu niu amb fang enganxat a les parets o sota les teulades de les cases. A la primavera arriba des d\u2019\u00c0frica, on ha passat l\u2019hivern, i a la tardor torna a marxar. Per aix\u00f2 diem que \u00e9s un ocell migrador.<\/span><\/p>\n<ul>\n<li style=\"font-weight: 400;\" aria-level=\"1\"><span style=\"font-weight: 400;\">\u00a0Longitud: 12\u201313 cm<\/span><span style=\"font-weight: 400;\"><br \/>\n<\/span><\/li>\n<li style=\"font-weight: 400;\" aria-level=\"1\"><span style=\"font-weight: 400;\">Pes: 16\u201325 g<\/span><span style=\"font-weight: 400;\"><br \/>\n<\/span><\/li>\n<li style=\"font-weight: 400;\" aria-level=\"1\"><span style=\"font-weight: 400;\">Envergadura d\u2019ales: 26\u201329 cm<\/span><span style=\"font-weight: 400;\"><br \/>\n<\/span><\/li>\n<li style=\"font-weight: 400;\" aria-level=\"1\"><span style=\"font-weight: 400;\">Longevitat: fins a uns 10\u201314 anys<\/span><span style=\"font-weight: 400;\"><br \/>\n<\/span><\/li>\n<li style=\"font-weight: 400;\" aria-level=\"1\"><span style=\"font-weight: 400;\">On viu: Europa, \u00c0sia i nord d\u2019\u00c0frica (a l\u2019estiu); passa l\u2019hivern a l\u2019\u00c0frica<\/span><span style=\"font-weight: 400;\"><br \/>\n<\/span><\/li>\n<li style=\"font-weight: 400;\" aria-level=\"1\"><span style=\"font-weight: 400;\">Alimentaci\u00f3: insectes que ca\u00e7a mentre vola<\/span><span style=\"font-weight: 400;\"><br \/>\n<\/span><\/li>\n<li style=\"font-weight: 400;\" aria-level=\"1\"><span style=\"font-weight: 400;\">\u00a0Niu: de fang, enganxat a edificis o roques deixant un petit forat per on entra i surt.<\/span><\/li>\n<\/ul>\n<h6 style=\"text-align: center;\"><span style=\"font-size: 18pt; color: #808000;\"><span style=\"font-size: 24pt;\"><strong><span style=\"font-size: 8pt;\"><span style=\"font-size: 18pt;\"><span style=\"font-size: 12pt;\"><span style=\"font-size: 14pt;\"><a href=\"https:\/\/agora.xtec.cat\/ceip-lola-anglada-esplugues\/wp-content\/uploads\/usu1507\/2026\/03\/OA-28-2526.jpg\"><img loading=\"lazy\" decoding=\"async\" class=\"aligncenter size-full wp-image-8958\" src=\"https:\/\/agora.xtec.cat\/ceip-lola-anglada-esplugues\/wp-content\/uploads\/usu1507\/2026\/03\/OA-28-2526.jpg\" alt=\"\" width=\"884\" height=\"649\" srcset=\"https:\/\/agora.xtec.cat\/ceip-lola-anglada-esplugues\/wp-content\/uploads\/usu1507\/2026\/03\/OA-28-2526.jpg 884w, https:\/\/agora.xtec.cat\/ceip-lola-anglada-esplugues\/wp-content\/uploads\/usu1507\/2026\/03\/OA-28-2526-300x220.jpg 300w, https:\/\/agora.xtec.cat\/ceip-lola-anglada-esplugues\/wp-content\/uploads\/usu1507\/2026\/03\/OA-28-2526-768x564.jpg 768w\" sizes=\"auto, (max-width: 884px) 100vw, 884px\" \/><\/a>14\u00aa Entrega\u00a0 \u00a0 \u00a0OCELL AMAGAT n\u00ba 28:\u00a0 \u00c0GUILA PESCADORA<\/span><\/span><\/span><\/span><\/strong><\/span><\/span><\/h6>\n<h6 style=\"text-align: center;\"><span style=\"color: #808000;\"><span style=\"font-size: 14pt;\"><strong>\u00a0<\/strong><span style=\"font-size: 12pt;\"><strong>Per\u00edode per respondre: de dimarts 3\u00a0 a dilluns 9 de mar\u00e7 <\/strong><\/span><\/span><span style=\"font-size: 12pt;\"><strong>(fins 22 hores)<\/strong><\/span><\/span><\/h6>\n<p><span style=\"font-weight: 400;\">L\u2019\u00e0guila pescadora \u00e9s un gran ocell rapinyaire especialitzat a pescar. T\u00e9 el cos marr\u00f3 per sobre i blanc per sota, amb una franja fosca que li travessa l\u2019ull, com si port\u00e9s una m\u00e0scara.<\/span><\/p>\n<p><span style=\"font-weight: 400;\">Vola damunt de rius, llacs o el mar buscant peixos. Quan en veu un, es queda quieta a l\u2019aire movent molt r\u00e0pid les ales i, de cop, es llen\u00e7a en picat a l\u2019aigua per agafar-lo amb les urpes. T\u00e9 unes potes molt fortes i unes urpes especials que l\u2019ajuden a subjectar els peixos relliscosos.<\/span><\/p>\n<p><span style=\"font-weight: 400;\">\u00c9s un ocell migrador: moltes \u00e0guiles pescadores passen l\u2019hivern a l\u2019\u00c0frica i tornen a Europa a la primavera per criar.<\/span><\/p>\n<ul>\n<li style=\"font-weight: 400;\" aria-level=\"1\"><span style=\"font-weight: 400;\">Nom cient\u00edfic: \u00a0 \u00a0 \u00a0 \u00a0 <\/span><i><span style=\"font-weight: 400;\">Pandion haliaetus<\/span><\/i><\/li>\n<li style=\"font-weight: 400;\" aria-level=\"1\"><span style=\"font-weight: 400;\">Mida: \u00a0 \u00a0 \u00a0 \u00a0 \u00a0 \u00a0 \u00a0 \u00a0 \u00a0 \u00a0 55\u201360 cm<\/span><\/li>\n<li style=\"font-weight: 400;\" aria-level=\"1\"><span style=\"font-weight: 400;\">Envergadura:\u00a0 \u00a0 \u00a0 \u00a0 145\u2013170 cm<\/span><\/li>\n<li style=\"font-weight: 400;\" aria-level=\"1\"><span style=\"font-weight: 400;\">\u00a0Pes:\u00a0 \u00a0 \u00a0 \u00a0 \u00a0 \u00a0 \u00a0 \u00a0 \u00a0 \u00a0 1,2\u20132 kg<\/span><\/li>\n<li style=\"font-weight: 400;\" aria-level=\"1\"><span style=\"font-weight: 400;\">Alimentaci\u00f3:\u00a0 \u00a0 \u00a0 \u00a0 principalment peixos<\/span><\/li>\n<li style=\"font-weight: 400;\" aria-level=\"1\"><span style=\"font-weight: 400;\">H\u00e0bitat: \u00a0 \u00a0 \u00a0 \u00a0 \u00a0 \u00a0 \u00a0 zones amb aigua (rius, llacs, costes)<\/span><\/li>\n<li style=\"font-weight: 400;\" aria-level=\"1\"><span style=\"font-weight: 400;\">Longevitat:\u00a0 \u00a0 \u00a0 \u00a0 \u00a0 pot viure 20\u201325 anys<\/span><\/li>\n<\/ul>\n<p>&nbsp;<\/p>\n<h6 style=\"text-align: center;\"><span style=\"font-size: 18pt; color: #808000;\"><span style=\"font-size: 24pt;\"><strong><span style=\"font-size: 8pt;\"><span style=\"font-size: 18pt;\"><span style=\"font-size: 12pt;\"><span style=\"font-size: 14pt;\"><a href=\"https:\/\/agora.xtec.cat\/ceip-lola-anglada-esplugues\/wp-content\/uploads\/usu1507\/2026\/03\/OA-27-2526.jpg\"><img loading=\"lazy\" decoding=\"async\" class=\"aligncenter size-full wp-image-8957\" src=\"https:\/\/agora.xtec.cat\/ceip-lola-anglada-esplugues\/wp-content\/uploads\/usu1507\/2026\/03\/OA-27-2526.jpg\" alt=\"\" width=\"867\" height=\"641\" srcset=\"https:\/\/agora.xtec.cat\/ceip-lola-anglada-esplugues\/wp-content\/uploads\/usu1507\/2026\/03\/OA-27-2526.jpg 867w, https:\/\/agora.xtec.cat\/ceip-lola-anglada-esplugues\/wp-content\/uploads\/usu1507\/2026\/03\/OA-27-2526-300x222.jpg 300w, https:\/\/agora.xtec.cat\/ceip-lola-anglada-esplugues\/wp-content\/uploads\/usu1507\/2026\/03\/OA-27-2526-768x568.jpg 768w\" sizes=\"auto, (max-width: 867px) 100vw, 867px\" \/><\/a>14\u00aa Entrega\u00a0 \u00a0 \u00a0OCELL AMAGAT n\u00ba 27:\u00a0 C\u00d2LIT NEGRE<\/span><\/span><\/span><\/span><\/strong><\/span><\/span><\/h6>\n<h6 style=\"text-align: center;\"><span style=\"color: #808000;\"><span style=\"font-size: 14pt;\"><strong>\u00a0<\/strong><span style=\"font-size: 12pt;\"><strong>Per\u00edode per respondre: de dimarts 3\u00a0 a dilluns 9 de mar\u00e7 <\/strong><\/span><\/span><span style=\"font-size: 12pt;\"><strong>(fins 22 hores)<\/strong><\/span><\/span><\/h6>\n<p><span style=\"font-weight: 400;\">El c\u00f2lit negre \u00e9s un ocell de mida mitjana que viu sobretot en zones rocoses i seques, com penya-segats, muntanyes i llocs amb moltes pedres. A primera vista sembla gaireb\u00e9 tot negre, per\u00f2 si t\u2019hi fixes b\u00e9 veur\u00e0s que t\u00e9 la cua blanca amb una franja negra al final, cosa que el fa molt f\u00e0cil d\u2019identificar quan vola.<\/span><\/p>\n<p><span style=\"font-weight: 400;\">\u00c9s un ocell molt actiu i valent. Sovint el pots veure damunt d\u2019una roca vigilant el seu territori. S\u2019alimenta principalment d\u2019insectes, aranyes i altres petits animals que troba a terra. A casa nostra \u00e9s bastant com\u00fa en zones mediterr\u00e0nies rocoses.<br \/>\n<\/span><span style=\"color: #000000;\"><span style=\"font-size: 12pt;\"><strong><span style=\"font-weight: 400;\">Nom cient\u00edfic:\u00a0 \u00a0 \u00a0 \u00a0 \u00a0 \u00a0 \u00a0 \u00a0 \u00a0 \u00a0 \u00a0 \u00a0 \u00a0 \u00a0 \u00a0 <\/span><i><span style=\"font-weight: 400;\">Oenanthe leucura<\/span><\/i><i><span style=\"font-weight: 400;\"><br \/>\n<\/span><\/i><span style=\"font-weight: 400;\">Mida:\u00a0 \u00a0 \u00a0 \u00a0 \u00a0 \u00a0 \u00a0 \u00a0 \u00a0 \u00a0 \u00a0 \u00a0 \u00a0 \u00a0 \u00a0 \u00a0 \u00a0 \u00a0 \u00a0 \u00a0 \u00a0 \u00a0 \u00a0 16\u201318 cm<\/span><span style=\"font-weight: 400;\"><br \/>\n<\/span><span style=\"font-weight: 400;\">Envergadura (ales obertes):\u00a0 \u00a0 \u00a0 26\u201332 cm<\/span><span style=\"font-weight: 400;\"><br \/>\n<\/span><span style=\"font-weight: 400;\">Pes:\u00a0 \u00a0 \u00a0 \u00a0 \u00a0 \u00a0 \u00a0 \u00a0 \u00a0 \u00a0 \u00a0 \u00a0 \u00a0 \u00a0 \u00a0 \u00a0 \u00a0 \u00a0 \u00a0 \u00a0 \u00a0 \u00a0 \u00a0 \u00a0 \u00a035\u201355 g<\/span><span style=\"font-weight: 400;\"><br \/>\n<\/span><span style=\"font-weight: 400;\">Alimentaci\u00f3:\u00a0 \u00a0 \u00a0 \u00a0 \u00a0 \u00a0 \u00a0 \u00a0 \u00a0 \u00a0 \u00a0 \u00a0 \u00a0 \u00a0 \u00a0 \u00a0 \u00a0 insectes i petits invertebrats<\/span><span style=\"font-weight: 400;\"><br \/>\n<\/span><span style=\"font-weight: 400;\">H\u00e0bitat:\u00a0 \u00a0 \u00a0 \u00a0 \u00a0 \u00a0 \u00a0 \u00a0 \u00a0 \u00a0 \u00a0 \u00a0 \u00a0 \u00a0 \u00a0 \u00a0 \u00a0 \u00a0 \u00a0 \u00a0 \u00a0 \u00a0zones rocoses, penya-segats, ru\u00efnes<\/span><\/strong><\/span><\/span><\/p>\n<p>&nbsp;<\/p>\n<h6 style=\"text-align: center;\"><span style=\"font-size: 18pt; color: #808000;\"><span style=\"font-size: 24pt;\"><strong><span style=\"font-size: 8pt;\"><span style=\"font-size: 18pt;\"><span style=\"font-size: 12pt;\"><span style=\"font-size: 14pt;\"><a href=\"https:\/\/agora.xtec.cat\/ceip-lola-anglada-esplugues\/wp-content\/uploads\/usu1507\/2026\/02\/OA-26-2526.jpg\"><img loading=\"lazy\" decoding=\"async\" class=\"aligncenter size-full wp-image-8928\" src=\"https:\/\/agora.xtec.cat\/ceip-lola-anglada-esplugues\/wp-content\/uploads\/usu1507\/2026\/02\/OA-26-2526.jpg\" alt=\"\" width=\"887\" height=\"563\" srcset=\"https:\/\/agora.xtec.cat\/ceip-lola-anglada-esplugues\/wp-content\/uploads\/usu1507\/2026\/02\/OA-26-2526.jpg 887w, https:\/\/agora.xtec.cat\/ceip-lola-anglada-esplugues\/wp-content\/uploads\/usu1507\/2026\/02\/OA-26-2526-300x190.jpg 300w, https:\/\/agora.xtec.cat\/ceip-lola-anglada-esplugues\/wp-content\/uploads\/usu1507\/2026\/02\/OA-26-2526-768x487.jpg 768w\" sizes=\"auto, (max-width: 887px) 100vw, 887px\" \/><\/a>13\u00aa Entrega\u00a0 \u00a0 \u00a0OCELL AMAGAT n\u00ba 26:\u00a0 \u00c0NEC CUALLARG<\/span><\/span><\/span><\/span><\/strong><\/span><\/span><\/h6>\n<h6 style=\"text-align: center;\"><span style=\"color: #808000;\"><span style=\"font-size: 14pt;\"><strong>\u00a0<\/strong><span style=\"font-size: 12pt;\"><strong>Per\u00edode per respondre: de dimarts 24 de febrer\u00a0 a dilluns 2 de mar\u00e7 <\/strong><\/span><\/span><span style=\"font-size: 12pt;\"><strong>(fins 22 hores)<\/strong><\/span><\/span><\/h6>\n<p><span style=\"font-weight: 400;\">L\u2019\u00e0nec cuallarg \u00e9s un \u00e0nec elegant i f\u00e0cil de recon\u00e8ixer, sobretot el mascle. T\u00e9 el coll llarg i una cua molt punxeguda (d\u2019aqu\u00ed ve el nom \u201ccuallarg\u201d). El mascle \u00e9s marr\u00f3 amb el pit blanc i una franja blanca que li puja pel coll; la femella \u00e9s m\u00e9s discreta, de tons marronosos, cosa que l\u2019ajuda a camuflar-se quan fa el niu.<\/span><\/p>\n<p><span style=\"font-weight: 400;\">Viu en aiguamolls, llacunes i arrossars. S\u2019alimenta de plantes aqu\u00e0tiques, llavors i tamb\u00e9 petits animals. \u00c9s un ocell migrador: molts cuallargs venen a passar l\u2019hivern a la pen\u00ednsula Ib\u00e8rica.<\/span><\/p>\n<p><span style=\"font-weight: 400;\">\u00c9s bon nedador i tamb\u00e9 molt bon volador, amb un vol r\u00e0pid i directe.<\/span><\/p>\n<p><span style=\"font-weight: 400;\">Nom cient\u00edfic:\u00a0 \u00a0 \u00a0 \u00a0 \u00a0 \u00a0 \u00a0 \u00a0 \u00a0 <\/span><i><span style=\"font-weight: 400;\">Anas acuta<\/span><\/i><i><span style=\"font-weight: 400;\"><br \/>\n<\/span><\/i><span style=\"font-weight: 400;\">Mida: \u00a0 \u00a0 \u00a0 \u00a0 \u00a0 \u00a0 \u00a0 \u00a0 \u00a0 \u00a0 \u00a0 \u00a0 \u00a0 \u00a0 \u00a0 50\u201365 cm<\/span><span style=\"font-weight: 400;\"><br \/>\n<\/span><span style=\"font-weight: 400;\">Envergadura:\u00a0 \u00a0 \u00a0 \u00a0 \u00a0 \u00a0 \u00a0 \u00a0 \u00a0 80\u201395 cm<\/span><span style=\"font-weight: 400;\"><br \/>\n<\/span><span style=\"font-weight: 400;\">Pes:\u00a0 \u00a0 \u00a0 \u00a0 \u00a0 \u00a0 \u00a0 \u00a0 \u00a0 \u00a0 \u00a0 \u00a0 \u00a0 \u00a0 \u00a0 \u00a0 600 g \u2013 1,2 kg<\/span><span style=\"font-weight: 400;\"><br \/>\n<\/span><span style=\"font-weight: 400;\">Alimentaci\u00f3: \u00a0 \u00a0 \u00a0 \u00a0 \u00a0 \u00a0 \u00a0 \u00a0 \u00a0 plantes aqu\u00e0tiques, llavors i petits animals<\/span><span style=\"font-weight: 400;\"><br \/>\n<\/span><span style=\"font-weight: 400;\">H\u00e0bitat:\u00a0 \u00a0 \u00a0 \u00a0 \u00a0 \u00a0 \u00a0 \u00a0 \u00a0 \u00a0 \u00a0 \u00a0 \u00a0 aiguamolls, llacunes, deltes<\/span><span style=\"font-weight: 400;\"><br \/>\n<\/span><span style=\"font-weight: 400;\">Longevitat: \u00a0 \u00a0 \u00a0 \u00a0 \u00a0 \u00a0 \u00a0 \u00a0 \u00a0 \u00a0 pot viure 15\u201320 anys<\/span><\/p>\n<p>&nbsp;<\/p>\n<h6 style=\"text-align: center;\"><span style=\"font-size: 18pt; color: #808000;\"><span style=\"font-size: 24pt;\"><strong><span style=\"font-size: 8pt;\"><span style=\"font-size: 18pt;\"><span style=\"font-size: 12pt;\"><span style=\"font-size: 14pt;\"><a href=\"https:\/\/agora.xtec.cat\/ceip-lola-anglada-esplugues\/wp-content\/uploads\/usu1507\/2026\/02\/OA-25-2526.jpg\"><img loading=\"lazy\" decoding=\"async\" class=\"aligncenter size-full wp-image-8927\" src=\"https:\/\/agora.xtec.cat\/ceip-lola-anglada-esplugues\/wp-content\/uploads\/usu1507\/2026\/02\/OA-25-2526.jpg\" alt=\"\" width=\"879\" height=\"636\" srcset=\"https:\/\/agora.xtec.cat\/ceip-lola-anglada-esplugues\/wp-content\/uploads\/usu1507\/2026\/02\/OA-25-2526.jpg 879w, https:\/\/agora.xtec.cat\/ceip-lola-anglada-esplugues\/wp-content\/uploads\/usu1507\/2026\/02\/OA-25-2526-300x217.jpg 300w, https:\/\/agora.xtec.cat\/ceip-lola-anglada-esplugues\/wp-content\/uploads\/usu1507\/2026\/02\/OA-25-2526-768x556.jpg 768w\" sizes=\"auto, (max-width: 879px) 100vw, 879px\" \/><\/a>13\u00aa Entrega\u00a0 \u00a0 \u00a0OCELL AMAGAT n\u00ba 25:\u00a0 BOSCARLA DE CANYAR<\/span><\/span><\/span><\/span><\/strong><\/span><\/span><\/h6>\n<h6 style=\"text-align: center;\"><span style=\"color: #808000;\"><span style=\"font-size: 14pt;\"><strong>\u00a0<\/strong><span style=\"font-size: 12pt;\"><strong>Per\u00edode per respondre: de dimarts 24 de febrer\u00a0 a dilluns 2 de mar\u00e7 <\/strong><\/span><\/span><span style=\"font-size: 12pt;\"><strong>(fins 22 hores)<\/strong><\/span><\/span><\/h6>\n<p><span style=\"font-weight: 400;\">La boscarla de canyar \u00e9s un ocell petit i discret, de color marr\u00f3, que viu amagada entre els canyissars i vegetaci\u00f3 a prop de rius, estanys i aiguamolls. No \u00e9s gaire vistosa, per\u00f2 \u00e9s molt bona cantadora! El seu cant \u00e9s r\u00e0pid i continu, i sovint el fa des de dins del canyar, on costa molt de veure-la.<\/span><\/p>\n<p><span style=\"font-weight: 400;\">\u00c9s una gran viatgera: passa la primavera i l\u2019estiu a Europa per criar, per\u00f2 quan arriba la tardor migra cap a l\u2019\u00c0frica, on passa l\u2019hivern.<\/span><\/p>\n<p><span style=\"font-weight: 400;\">S\u2019alimenta sobretot d\u2019insectes i aranyes que troba entre les plantes.<\/span><\/p>\n<p><span style=\"font-weight: 400;\">Nom cient\u00edfic:\u00a0 \u00a0 \u00a0 \u00a0 \u00a0<\/span><i><span style=\"font-weight: 400;\">Acrocephalus scirpaceus<\/span><\/i><i><span style=\"font-weight: 400;\"><br \/>\n<\/span><\/i><span style=\"font-weight: 400;\">Mida:\u00a0 \u00a0 \u00a0 \u00a0 \u00a0 \u00a0 \u00a0 \u00a0 \u00a0 \u00a0 \u00a0 \u00a0 12\u201313 cm<\/span><span style=\"font-weight: 400;\"><br \/>\n<\/span><span style=\"font-weight: 400;\">Envergadura:\u00a0 \u00a0 \u00a0 \u00a0 \u00a0 17\u201321 cm<\/span><span style=\"font-weight: 400;\"><br \/>\n<\/span><span style=\"font-weight: 400;\">Pes:\u00a0 \u00a0 \u00a0 \u00a0 \u00a0 \u00a0 \u00a0 \u00a0 \u00a0 \u00a0 \u00a0 \u00a0 \u00a0 \u00a010\u201315 g<\/span><span style=\"font-weight: 400;\"><br \/>\n<\/span><span style=\"font-weight: 400;\">Alimentaci\u00f3:\u00a0 \u00a0 \u00a0 \u00a0 \u00a0 \u00a0 insectes i petits invertebrats<\/span><span style=\"font-weight: 400;\"><br \/>\n<\/span><span style=\"font-weight: 400;\">H\u00e0bitat:\u00a0 \u00a0 \u00a0 \u00a0 \u00a0 \u00a0 \u00a0 \u00a0 \u00a0 \u00a0 canyissars i zones humides<\/span><span style=\"font-weight: 400;\"><br \/>\n<\/span><span style=\"font-weight: 400;\">Longevitat:\u00a0 \u00a0 \u00a0 \u00a0 \u00a0 \u00a0 \u00a0 \u00a0fins a 8\u20139 anys aproximadament<\/span><\/p>\n<p>&nbsp;<\/p>\n<h6 style=\"text-align: center;\"><span style=\"font-size: 18pt; color: #808000;\"><span style=\"font-size: 24pt;\"><strong><span style=\"font-size: 8pt;\"><span style=\"font-size: 18pt;\"><span style=\"font-size: 12pt;\"><span style=\"font-size: 14pt;\"><a href=\"https:\/\/agora.xtec.cat\/ceip-lola-anglada-esplugues\/wp-content\/uploads\/usu1507\/2026\/02\/OA-24-2526.jpg\"><img loading=\"lazy\" decoding=\"async\" class=\"aligncenter size-full wp-image-8905\" src=\"https:\/\/agora.xtec.cat\/ceip-lola-anglada-esplugues\/wp-content\/uploads\/usu1507\/2026\/02\/OA-24-2526.jpg\" alt=\"\" width=\"872\" height=\"641\" srcset=\"https:\/\/agora.xtec.cat\/ceip-lola-anglada-esplugues\/wp-content\/uploads\/usu1507\/2026\/02\/OA-24-2526.jpg 872w, https:\/\/agora.xtec.cat\/ceip-lola-anglada-esplugues\/wp-content\/uploads\/usu1507\/2026\/02\/OA-24-2526-300x221.jpg 300w, https:\/\/agora.xtec.cat\/ceip-lola-anglada-esplugues\/wp-content\/uploads\/usu1507\/2026\/02\/OA-24-2526-768x565.jpg 768w\" sizes=\"auto, (max-width: 872px) 100vw, 872px\" \/><\/a>12\u00aa Entrega\u00a0 \u00a0 \u00a0OCELL AMAGAT n\u00ba 24:\u00a0 GAVINA RIALLERA<\/span><\/span><\/span><\/span><\/strong><\/span><\/span><\/h6>\n<h6 style=\"text-align: center;\"><span style=\"color: #808000;\"><span style=\"font-size: 14pt;\"><strong>\u00a0<\/strong><span style=\"font-size: 12pt;\"><strong>Per\u00edode per respondre: de dimarts 3\u00a0 a dilluns 9 de febrer <\/strong><\/span><\/span><span style=\"font-size: 12pt;\"><strong>(fins 22 hores)<br \/>\n<span style=\"color: #ff0000;\">Atenci\u00f3 !\u00a0 \u00a0Entrega de dues setmanes<\/span><\/strong><\/span><\/span><\/h6>\n<p>&nbsp;<\/p>\n<p><span style=\"font-weight: 400;\">La gavina riallera \u00e9s una gavina de mida mitjana molt comuna a Europa. El seu nom ve del so que fa, que recorda una rialla una mica sorollosa.<\/span><\/p>\n<p><span style=\"font-weight: 400;\">A l\u2019estiu \u00e9s f\u00e0cil de recon\u00e8ixer perqu\u00e8 t\u00e9 el cap de color marr\u00f3 fosc (com si port\u00e9s una caputxa). A l\u2019hivern, en canvi, el cap es torna blanc amb nom\u00e9s una taca fosca darrere l\u2019ull.<\/span><\/p>\n<p><span style=\"font-weight: 400;\">Viu a prop de llacs, rius, aiguamolls i tamb\u00e9 a la costa, per\u00f2 cada vegada \u00e9s m\u00e9s habitual veure-la a ciutats, parcs o camps de conreu. \u00c9s una au molt adaptable i menja gaireb\u00e9 de tot: insectes, cucs, peixos petits i fins i tot restes de menjar.<\/span><\/p>\n<p><span style=\"font-weight: 400;\">Quan vola, les seves ales s\u00f3n clares amb les puntes una mica m\u00e9s fosques, i \u00e9s for\u00e7a \u00e0gil a l\u2019aire.<\/span><\/p>\n<p><span style=\"font-weight: 400;\">Nom cient\u00edfic: \u00a0 \u00a0 \u00a0 \u00a0 \u00a0 \u00a0 \u00a0 \u00a0 \u00a0 \u00a0 \u00a0 \u00a0 \u00a0 \u00a0 \u00a0 \u00a0 Larus ridibundus<\/span><span style=\"font-weight: 400;\"><br \/>\n<\/span><span style=\"font-weight: 400;\">Mida (longitud:\u00a0 \u00a0 \u00a0 \u00a0 \u00a0 \u00a0 \u00a0 \u00a0 \u00a0 \u00a0 \u00a0 \u00a0 \u00a0 \u00a0 \u00a0 35 &#8211; 39 cm (des del bec fins a la cua)<\/span><span style=\"font-weight: 400;\"><br \/>\n<\/span><span style=\"font-weight: 400;\">Envergadura (ales obertes):\u00a0 \u00a0 \u00a0 \u00a0 86 &#8211; 99 cm<\/span><span style=\"font-weight: 400;\"><br \/>\n<\/span><span style=\"font-weight: 400;\">Pes:\u00a0 \u00a0 \u00a0 \u00a0 \u00a0 \u00a0 \u00a0 \u00a0 \u00a0 \u00a0 \u00a0 \u00a0 \u00a0 \u00a0 \u00a0 \u00a0 \u00a0 \u00a0 \u00a0 \u00a0 \u00a0 \u00a0 \u00a0 \u00a0 \u00a0 \u00a0200 &#8211; 400 grams<\/span><span style=\"font-weight: 400;\"><br \/>\n<\/span><span style=\"font-weight: 400;\">Esperan\u00e7a de vida:\u00a0 \u00a0 \u00a0 \u00a0 \u00a0 \u00a0 \u00a0 \u00a0 \u00a0 \u00a0 \u00a0 \u00a0 De 10 a 15 anys <\/span><span style=\"font-weight: 400;\"><br \/>\n<\/span><span style=\"font-weight: 400;\">On viu:\u00a0 \u00a0 \u00a0 \u00a0 \u00a0 \u00a0 \u00a0 \u00a0 \u00a0 \u00a0 \u00a0 \u00a0 \u00a0 \u00a0 \u00a0 \u00a0 \u00a0 \u00a0 \u00a0 \u00a0 \u00a0 \u00a0 \u00a0Rius, llacs, estanys, aiguamolls, costa i tamb\u00e9 zones urbanes.<\/span><span style=\"font-weight: 400;\"><br \/>\n<\/span><span style=\"font-weight: 400;\">Alimentaci\u00f3: \u00a0 \u00a0 \u00a0 \u00a0 \u00a0 \u00a0 \u00a0 \u00a0 \u00a0 \u00a0 \u00a0 \u00a0 \u00a0 \u00a0 \u00a0 \u00a0 \u00a0 Insectes, cucs, peixos petits, crustacis i restes de menjar. (A l\u2019hivern la podem veure al pati de l\u2019escola just quan acabeu l\u2019estona del pati, perqu\u00e8 venen a buscar alguna resta del vostre esmorzar que us ha caigut mentre jug\u00e0veu)<\/span><\/p>\n<h6 style=\"text-align: center;\"><span style=\"color: #808000;\"><span style=\"font-size: 12pt;\"><strong>\u00a0<\/strong><\/span><\/span><\/h6>\n<p>&nbsp;<\/p>\n<h6 style=\"text-align: center;\"><span style=\"font-size: 18pt; color: #808000;\"><span style=\"font-size: 24pt;\"><strong><span style=\"font-size: 8pt;\"><span style=\"font-size: 18pt;\"><span style=\"font-size: 12pt;\"><span style=\"font-size: 14pt;\"><a href=\"https:\/\/agora.xtec.cat\/ceip-lola-anglada-esplugues\/wp-content\/uploads\/usu1507\/2026\/02\/OA-23-2526.jpg\"><img loading=\"lazy\" decoding=\"async\" class=\"aligncenter size-full wp-image-8904\" src=\"https:\/\/agora.xtec.cat\/ceip-lola-anglada-esplugues\/wp-content\/uploads\/usu1507\/2026\/02\/OA-23-2526.jpg\" alt=\"\" width=\"887\" height=\"565\" srcset=\"https:\/\/agora.xtec.cat\/ceip-lola-anglada-esplugues\/wp-content\/uploads\/usu1507\/2026\/02\/OA-23-2526.jpg 887w, https:\/\/agora.xtec.cat\/ceip-lola-anglada-esplugues\/wp-content\/uploads\/usu1507\/2026\/02\/OA-23-2526-300x191.jpg 300w, https:\/\/agora.xtec.cat\/ceip-lola-anglada-esplugues\/wp-content\/uploads\/usu1507\/2026\/02\/OA-23-2526-768x489.jpg 768w\" sizes=\"auto, (max-width: 887px) 100vw, 887px\" \/><\/a>12\u00aa Entrega\u00a0 \u00a0 \u00a0OCELL AMAGAT n\u00ba 23:\u00a0 BERNAT PESCAIRE<\/span><\/span><\/span><\/span><\/strong><\/span><\/span><\/h6>\n<h6 style=\"text-align: center;\"><span style=\"color: #808000;\"><span style=\"font-size: 14pt;\"><strong>\u00a0<\/strong><span style=\"font-size: 12pt;\"><strong>Per\u00edode per respondre: de dimarts 3\u00a0 a dilluns 9 de febrer <\/strong><\/span><\/span><span style=\"font-size: 12pt;\"><strong>(fins 22 hores)<br \/>\n<span style=\"color: #ff0000;\">Atenci\u00f3 !\u00a0 \u00a0Entrega de dues setmanes<\/span><\/strong><\/span><\/span><\/h6>\n<p>&nbsp;<\/p>\n<p><span style=\"font-weight: 400;\">El bernat pescaire \u00e9s un ocell gran i elegant que viu sobretot al costat de l\u2019aigua: rius, estanys, aiguamolls i zones humides. T\u00e9 potes llargues, coll llarg que el plega mentre vola i un bec punxegut, ideals per pescar peixos, que \u00e9s el seu aliment favorit. Quan est\u00e0 ca\u00e7ant, sovint es queda quiet com una est\u00e0tua durant minuts, i despr\u00e9s llan\u00e7a el coll amb molta rapidesa per atrapar el peix amb el bec. Tamb\u00e9 pot menjar granotes, crancs i altres animals petits.<\/span><\/p>\n<p><span style=\"font-weight: 400;\">Els podem veure volant per sobre del pati amb les ales arquejades, les potes estirades cap enrere i el coll replegat entre les espatlles. Quan cria, fan nius grans en arbres alts a prop de l\u2019aigua i acostumen a pondre 3\u20135 ous.<\/span><\/p>\n<h6 style=\"text-align: left;\"><span style=\"color: #808000;\"><span style=\"font-size: 12pt;\"><strong><span style=\"color: #000000;\"><span style=\"font-weight: 400;\">Nom cient\u00edfic: \u00a0 \u00a0 \u00a0 \u00a0 \u00a0 \u00a0 \u00a0 \u00a0 \u00a0 \u00a0 \u00a0 \u00a0 \u00a0 \u00a0 \u00a0 \u00a0 Ardea cinerea<\/span><span style=\"font-weight: 400;\"><br \/>\n<\/span><span style=\"font-weight: 400;\">Mida (longitud:\u00a0 \u00a0 \u00a0 \u00a0 \u00a0 \u00a0 \u00a0 \u00a0 \u00a0 \u00a0 \u00a0 \u00a0 \u00a0 \u00a0 \u00a0 84 &#8211; 102 cm (des del bec fins a la cua)<\/span><span style=\"font-weight: 400;\"><br \/>\n<\/span><span style=\"font-weight: 400;\">Envergadura (ales obertes):\u00a0 \u00a0 \u00a0 \u00a0 155 &#8211; 195 cm<\/span><span style=\"font-weight: 400;\"><br \/>\n<\/span><span style=\"font-weight: 400;\">Pes:\u00a0 \u00a0 \u00a0 \u00a0 \u00a0 \u00a0 \u00a0 \u00a0 \u00a0 \u00a0 \u00a0 \u00a0 \u00a0 \u00a0 \u00a0 \u00a0 \u00a0 \u00a0 \u00a0 \u00a0 \u00a0 \u00a0 \u00a0 \u00a0 \u00a0 \u00a01 &#8211; 2 kg<\/span><span style=\"font-weight: 400;\"><br \/>\n<\/span><span style=\"font-weight: 400;\">Esperan\u00e7a de vida:\u00a0 \u00a0 \u00a0 \u00a0 \u00a0 \u00a0 \u00a0 \u00a0 \u00a0 \u00a0 \u00a0 \u00a0 De 5 a 10 anys (m\u00e9s en captivitat o si sobreviu a juvenil)<\/span><span style=\"font-weight: 400;\"><br \/>\n<\/span><span style=\"font-weight: 400;\">On viu:\u00a0 \u00a0 \u00a0 \u00a0 \u00a0 \u00a0 \u00a0 \u00a0 \u00a0 \u00a0 \u00a0 \u00a0 \u00a0 \u00a0 \u00a0 \u00a0 \u00a0 \u00a0 \u00a0 \u00a0 \u00a0 \u00a0 \u00a0Rius, llacs, estanys, aiguamolls i zones costaneres.<\/span><span style=\"font-weight: 400;\"><br \/>\n<\/span><span style=\"font-weight: 400;\">Alimentaci\u00f3: \u00a0 \u00a0 \u00a0 \u00a0 \u00a0 \u00a0 \u00a0 \u00a0 \u00a0 \u00a0 \u00a0 \u00a0 \u00a0 \u00a0 \u00a0 \u00a0 \u00a0 Peixos, r\u00e8ptils, amfibis, insectes i petits mam\u00edfers.<\/span><\/span><br \/>\n<\/strong><\/span><\/span><\/h6>\n<p>&nbsp;<\/p>\n<h6 style=\"text-align: center;\"><span style=\"font-size: 18pt; color: #808000;\"><span style=\"font-size: 24pt;\"><strong><span style=\"font-size: 8pt;\"><span style=\"font-size: 18pt;\"><span style=\"font-size: 12pt;\"><span style=\"font-size: 14pt;\"><a href=\"https:\/\/agora.xtec.cat\/ceip-lola-anglada-esplugues\/wp-content\/uploads\/usu1507\/2026\/02\/OA-22-2526.jpg\"><img loading=\"lazy\" decoding=\"async\" class=\"aligncenter size-full wp-image-8889\" src=\"https:\/\/agora.xtec.cat\/ceip-lola-anglada-esplugues\/wp-content\/uploads\/usu1507\/2026\/02\/OA-22-2526.jpg\" alt=\"\" width=\"883\" height=\"642\" srcset=\"https:\/\/agora.xtec.cat\/ceip-lola-anglada-esplugues\/wp-content\/uploads\/usu1507\/2026\/02\/OA-22-2526.jpg 883w, https:\/\/agora.xtec.cat\/ceip-lola-anglada-esplugues\/wp-content\/uploads\/usu1507\/2026\/02\/OA-22-2526-300x218.jpg 300w, https:\/\/agora.xtec.cat\/ceip-lola-anglada-esplugues\/wp-content\/uploads\/usu1507\/2026\/02\/OA-22-2526-768x558.jpg 768w\" sizes=\"auto, (max-width: 883px) 100vw, 883px\" \/><\/a>11\u00aa Entrega\u00a0 \u00a0 \u00a0OCELL AMAGAT n\u00ba 22:\u00a0 MARTINET BLANC COM\u00da<\/span><\/span><\/span><\/span><\/strong><\/span><\/span><\/h6>\n<h6 style=\"text-align: center;\"><span style=\"color: #808000;\"><span style=\"font-size: 14pt;\"><strong>\u00a0<\/strong><span style=\"font-size: 12pt;\"><strong>Per\u00edode per respondre: de dimarts 3\u00a0 a dilluns 9 de febrer <\/strong><\/span><\/span><span style=\"font-size: 12pt;\"><strong>(fins 22 hores)<\/strong><\/span><\/span><\/h6>\n<p><span style=\"font-weight: 400;\">El martinet blanc com\u00fa \u00e9s un ocell aqu\u00e0tic molt elegant i f\u00e0cil de recon\u00e8ixer pel seu plomatge completament blanc i les seves potes llargues i negres, amb els peus grocs. Sol viure a prop de l\u2019aigua i se\u2019l pot veure caminant lentament mentre busca menjar.<\/span><\/p>\n<p><span style=\"font-weight: 400;\">\u00c9s un ocell molt pacient: es queda quiet durant estona i, de cop, atrapa peixos petits, granotes o insectes amb el seu bec llarg i punxegut. Tamb\u00e9 pot moure els peus dins l\u2019aigua per espantar les preses.<\/span><\/p>\n<h6 style=\"text-align: left;\"><span style=\"color: #000000;\"><span style=\"font-size: 12pt;\"><strong><span style=\"font-weight: 400;\">Nom cient\u00edfic:\u00a0 Egretta garzetta<\/span><span style=\"font-weight: 400;\"><br \/>\n<\/span><span style=\"font-weight: 400;\">Longitud (del cap a la cua):\u00a0 de 55 a 65 cm<\/span><span style=\"font-weight: 400;\"><br \/>\n<\/span><span style=\"font-weight: 400;\">Envergadura d\u2019ales:\u00a0 \u00a0de 88 a 106 cm (amb les ales obertes)<\/span><span style=\"font-weight: 400;\"><br \/>\n<\/span><span style=\"font-weight: 400;\">Pes:\u00a0 \u00a0entre 350 g i 500 g<\/span><span style=\"font-weight: 400;\"><br \/>\n<\/span><span style=\"font-weight: 400;\">Esperan\u00e7a de vida:\u00a0 entre 10 i 15 anys.<\/span><span style=\"font-weight: 400;\"><br \/>\n<\/span><span style=\"font-weight: 400;\">On viu:\u00a0 \u00a0aiguamolls, rius, arrossars, costes i estuaris<\/span><span style=\"font-weight: 400;\"><br \/>\n<\/span><span style=\"font-weight: 400;\">Qu\u00e8 menja:\u00a0 petits peixos, insectes, crustacis, amfibis\u2026<\/span><\/strong><\/span><\/span><\/h6>\n<p>&nbsp;<\/p>\n<h6 style=\"text-align: center;\"><span style=\"font-size: 18pt; color: #808000;\"><span style=\"font-size: 24pt;\"><strong><span style=\"font-size: 8pt;\"><span style=\"font-size: 18pt;\"><span style=\"font-size: 12pt;\"><span style=\"font-size: 14pt;\"><a href=\"https:\/\/agora.xtec.cat\/ceip-lola-anglada-esplugues\/wp-content\/uploads\/usu1507\/2026\/02\/OA-21-2526.jpg\"><img loading=\"lazy\" decoding=\"async\" class=\"aligncenter size-full wp-image-8890\" src=\"https:\/\/agora.xtec.cat\/ceip-lola-anglada-esplugues\/wp-content\/uploads\/usu1507\/2026\/02\/OA-21-2526.jpg\" alt=\"\" width=\"878\" height=\"570\" srcset=\"https:\/\/agora.xtec.cat\/ceip-lola-anglada-esplugues\/wp-content\/uploads\/usu1507\/2026\/02\/OA-21-2526.jpg 878w, https:\/\/agora.xtec.cat\/ceip-lola-anglada-esplugues\/wp-content\/uploads\/usu1507\/2026\/02\/OA-21-2526-300x195.jpg 300w, https:\/\/agora.xtec.cat\/ceip-lola-anglada-esplugues\/wp-content\/uploads\/usu1507\/2026\/02\/OA-21-2526-768x499.jpg 768w\" sizes=\"auto, (max-width: 878px) 100vw, 878px\" \/><\/a>11\u00aa Entrega\u00a0 \u00a0 \u00a0OCELL AMAGAT n\u00ba 21:\u00a0 BECADELL COM\u00da<\/span><\/span><\/span><\/span><\/strong><\/span><\/span><\/h6>\n<h6 style=\"text-align: center;\"><span style=\"color: #808000;\"><span style=\"font-size: 14pt;\"><strong>\u00a0<\/strong><span style=\"font-size: 12pt;\"><strong>Per\u00edode per respondre: de dimarts 3\u00a0 a dilluns 9 de febrer <\/strong><\/span><\/span><span style=\"font-size: 12pt;\"><strong>(fins 22 hores)<\/strong><\/span><\/span><\/h6>\n<p><span style=\"font-weight: 400;\">El becadell com\u00fa \u00e9s un ocell de mida mitjana que viu sobretot en zones humides, com aiguamolls, prats inundats i vores de rius. T\u00e9 un bec llarg i prim, que li serveix per buscar cucs i petits insectes dins del fang.<\/span><\/p>\n<p><span style=\"font-weight: 400;\">El seu plomatge marr\u00f3 amb ratlles li permet camuflar-se molt b\u00e9 entre l\u2019herba i el s\u00f2l humit, aix\u00ed que sovint \u00e9s dif\u00edcil de veure. Normalment s\u2019aixeca volant de cop quan alg\u00fa s\u2019hi acosta, fent un vol r\u00e0pid i en ziga-zaga.<\/span><\/p>\n<p><span style=\"font-weight: 400;\">Durant l\u2019\u00e8poca de reproducci\u00f3, el mascle fa un so molt especial mentre vola, que recorda un brunzit, i que serveix per atraure la femella. A l\u2019hivern, molts becadells que viuen al nord d\u2019Europa migren cap a zones m\u00e9s c\u00e0lides.<\/span><\/p>\n<h6 style=\"text-align: left;\"><span style=\"font-size: 12pt; color: #000000;\"><strong><span style=\"font-weight: 400;\">Nom cient\u00edfic: <\/span><i><span style=\"font-weight: 400;\">Gallinago gallinago<\/span><\/i><i><span style=\"font-weight: 400;\"><br \/>\n<\/span><\/i><span style=\"font-weight: 400;\">Mida: 25\u201327 cm de llarg<\/span><span style=\"font-weight: 400;\"><br \/>\n<\/span><span style=\"font-weight: 400;\">Envergadura (ales obertes): 44\u201347 cm<\/span><span style=\"font-weight: 400;\"><br \/>\n<\/span><span style=\"font-weight: 400;\">Pes: 80\u2013140 g<\/span><span style=\"font-weight: 400;\"><br \/>\n<\/span><span style=\"font-weight: 400;\">Longevitat: fins a uns 10 anys (en llibertat)<\/span><span style=\"font-weight: 400;\"><br \/>\n<\/span><span style=\"font-weight: 400;\">Alimentaci\u00f3: cucs, insectes, larves i petits invertebrats<\/span><span style=\"font-weight: 400;\"><br \/>\n<\/span><span style=\"font-weight: 400;\">H\u00e0bitat: aiguamolls, prats humits i zones pantanoses<\/span><span style=\"font-weight: 400;\"><br \/>\n<\/span><span style=\"font-weight: 400;\">Comportament: discret i molt bon volador<\/span><span style=\"font-weight: 400;\"><br \/>\n<\/span><span style=\"font-weight: 400;\">Migraci\u00f3: parcialment migrador<\/span><\/strong><\/span><\/h6>\n<p>&nbsp;<\/p>\n<h6 style=\"text-align: center;\"><span style=\"font-size: 18pt; color: #808000;\"><span style=\"font-size: 24pt;\"><strong><span style=\"font-size: 8pt;\"><span style=\"font-size: 18pt;\"><span style=\"font-size: 12pt;\"><span style=\"font-size: 14pt;\"><a href=\"https:\/\/agora.xtec.cat\/ceip-lola-anglada-esplugues\/wp-content\/uploads\/usu1507\/2026\/01\/OA-20-2526.jpg\"><img loading=\"lazy\" decoding=\"async\" class=\"aligncenter size-full wp-image-8877\" src=\"https:\/\/agora.xtec.cat\/ceip-lola-anglada-esplugues\/wp-content\/uploads\/usu1507\/2026\/01\/OA-20-2526.jpg\" alt=\"\" width=\"884\" height=\"571\" srcset=\"https:\/\/agora.xtec.cat\/ceip-lola-anglada-esplugues\/wp-content\/uploads\/usu1507\/2026\/01\/OA-20-2526.jpg 884w, https:\/\/agora.xtec.cat\/ceip-lola-anglada-esplugues\/wp-content\/uploads\/usu1507\/2026\/01\/OA-20-2526-300x194.jpg 300w, https:\/\/agora.xtec.cat\/ceip-lola-anglada-esplugues\/wp-content\/uploads\/usu1507\/2026\/01\/OA-20-2526-768x496.jpg 768w\" sizes=\"auto, (max-width: 884px) 100vw, 884px\" \/><\/a>10\u00aa Entrega\u00a0 \u00a0 \u00a0OCELL AMAGAT n\u00ba 20:\u00a0 ESPLUGABOUS<\/span><\/span><\/span><\/span><\/strong><\/span><\/span><\/h6>\n<h6 style=\"text-align: center;\"><span style=\"color: #808000;\"><span style=\"font-size: 14pt;\"><strong>\u00a0<\/strong><span style=\"font-size: 12pt;\"><strong>Per\u00edode per respondre: de dimarts 27 de gener\u00a0 a dilluns 2 de febrer <\/strong><\/span><\/span><span style=\"font-size: 12pt;\"><strong>(fins 22 hores)<\/strong><\/span><\/span><\/h6>\n<p><span style=\"font-weight: 400;\">L\u2019esplugabous \u00e9s un ocell blanc, elegant i f\u00e0cil de recon\u00e8ixer que sovint es veu als camps, prats i zones agr\u00edcoles. Li agrada molt estar a prop de vaques, cavalls o tractors, perqu\u00e8 quan aquests es mouen fan sortir insectes del terra\u2026 i ell aprofita per menjar-se\u2019ls!<\/span><\/p>\n<p><span style=\"font-weight: 400;\">Tot i que s\u2019assembla un martinet blanc, l\u2019esplugabous \u00e9s m\u00e9s petit. Durant l\u2019\u00e8poca de cria, alguns exemplars tenen plomes de color ataronjat al cap, al pit i a l\u2019esquena. \u00c9s un ocell tranquil, per\u00f2 molt espavilat, i viu en grups, sobretot quan descansa o fa el niu.<\/span><\/p>\n<p><span style=\"font-weight: 400;\">Nom cient\u00edfic: \u00a0 \u00a0 \u00a0 \u00a0 \u00a0 \u00a0 \u00a0 \u00a0 \u00a0 \u00a0 \u00a0 \u00a0 \u00a0 \u00a0 \u00a0 \u00a0 \u00a0 \u00a0 <\/span><i><span style=\"font-weight: 400;\">Bubulcus ibis<\/span><\/i><i><span style=\"font-weight: 400;\"><br \/>\n<\/span><\/i><span style=\"font-weight: 400;\">Mida:\u00a0 \u00a0 \u00a0 \u00a0 \u00a0 \u00a0 \u00a0 \u00a0 \u00a0 \u00a0 \u00a0 \u00a0 \u00a0 \u00a0 \u00a0 \u00a0 \u00a0 \u00a0 \u00a0 \u00a0 \u00a0 \u00a0 \u00a0 \u00a0 \u00a0 uns 45\u201350 cm de llarg<\/span><span style=\"font-weight: 400;\"><br \/>\n<\/span><span style=\"font-weight: 400;\">Envergadura (ales obertes):\u00a0 \u00a0 \u00a0 \u00a0 \u00a0 \u00a0 \u00a0 82\u201396 cm<\/span><span style=\"font-weight: 400;\"><br \/>\n<\/span><span style=\"font-weight: 400;\">Pes: \u00a0 \u00a0 \u00a0 \u00a0 \u00a0 \u00a0 \u00a0 \u00a0 \u00a0 \u00a0 \u00a0 \u00a0 \u00a0 \u00a0 \u00a0 \u00a0 \u00a0 \u00a0 \u00a0 \u00a0 \u00a0 \u00a0 \u00a0 \u00a0 \u00a0 entre 270 i 500 g<\/span><span style=\"font-weight: 400;\"><br \/>\n<\/span><span style=\"font-weight: 400;\">Color: \u00a0 \u00a0 \u00a0 \u00a0 \u00a0 \u00a0 \u00a0 \u00a0 \u00a0 \u00a0 \u00a0 \u00a0 \u00a0 \u00a0 \u00a0 \u00a0 \u00a0 \u00a0 \u00a0 \u00a0 \u00a0 \u00a0 \u00a0 \u00a0 blanc (amb tons ataronjats en \u00e8poca de cria)<\/span><span style=\"font-weight: 400;\"><br \/>\n<\/span><span style=\"font-weight: 400;\">Alimentaci\u00f3: \u00a0 \u00a0 \u00a0 \u00a0 \u00a0 \u00a0 \u00a0 \u00a0 \u00a0 \u00a0 \u00a0 \u00a0 \u00a0 \u00a0 \u00a0 \u00a0 \u00a0 \u00a0 \u00a0 insectes, llagostes, escarabats, granotes petites<\/span><span style=\"font-weight: 400;\"><br \/>\n<\/span><span style=\"font-weight: 400;\">H\u00e0bitat:\u00a0 \u00a0 \u00a0 \u00a0 \u00a0 \u00a0 \u00a0 \u00a0 \u00a0 \u00a0 \u00a0 \u00a0 \u00a0 \u00a0 \u00a0 \u00a0 \u00a0 \u00a0 \u00a0 \u00a0 \u00a0 \u00a0 \u00a0 camps, prats, arrossars, zones agr\u00edcoles<\/span><span style=\"font-weight: 400;\"><br \/>\n<\/span><span style=\"font-weight: 400;\">Longevitat: \u00a0 \u00a0 \u00a0 \u00a0 \u00a0 \u00a0 \u00a0 \u00a0 \u00a0 \u00a0 \u00a0 \u00a0 \u00a0 \u00a0 \u00a0 \u00a0 \u00a0 \u00a0 \u00a0 \u00a0 fins a uns 10\u201315 anys en llibertat<\/span><span style=\"font-weight: 400;\"><br \/>\n<\/span><span style=\"font-weight: 400;\">Comportament:\u00a0 \u00a0 \u00a0 \u00a0 \u00a0 \u00a0 \u00a0 \u00a0 \u00a0 \u00a0 \u00a0 \u00a0 \u00a0 \u00a0 \u00a0 \u00a0 \u00a0 sociable i sovint en grup<\/span><\/p>\n<p>&nbsp;<\/p>\n<h6 style=\"text-align: center;\"><span style=\"font-size: 18pt; color: #808000;\"><span style=\"font-size: 24pt;\"><strong><span style=\"font-size: 8pt;\"><span style=\"font-size: 18pt;\"><span style=\"font-size: 12pt;\"><span style=\"font-size: 14pt;\"><a href=\"https:\/\/agora.xtec.cat\/ceip-lola-anglada-esplugues\/wp-content\/uploads\/usu1507\/2026\/01\/OA-19-2526.jpg\"><img loading=\"lazy\" decoding=\"async\" class=\"aligncenter size-full wp-image-8876\" src=\"https:\/\/agora.xtec.cat\/ceip-lola-anglada-esplugues\/wp-content\/uploads\/usu1507\/2026\/01\/OA-19-2526.jpg\" alt=\"\" width=\"876\" height=\"553\" srcset=\"https:\/\/agora.xtec.cat\/ceip-lola-anglada-esplugues\/wp-content\/uploads\/usu1507\/2026\/01\/OA-19-2526.jpg 876w, https:\/\/agora.xtec.cat\/ceip-lola-anglada-esplugues\/wp-content\/uploads\/usu1507\/2026\/01\/OA-19-2526-300x189.jpg 300w, https:\/\/agora.xtec.cat\/ceip-lola-anglada-esplugues\/wp-content\/uploads\/usu1507\/2026\/01\/OA-19-2526-768x485.jpg 768w\" sizes=\"auto, (max-width: 876px) 100vw, 876px\" \/><\/a>10\u00aa Entrega\u00a0 \u00a0 \u00a0OCELL AMAGAT n\u00ba 19:\u00a0 CABUSS\u00d3 EMPLOMALLAT<\/span><\/span><\/span><\/span><\/strong><\/span><\/span><\/h6>\n<h6 style=\"text-align: center;\"><span style=\"color: #808000;\"><span style=\"font-size: 14pt;\"><strong>\u00a0<\/strong><span style=\"font-size: 12pt;\"><strong>Per\u00edode per respondre: de dimarts 27 de gener\u00a0 a dilluns 2 de febrer <\/strong><\/span><\/span><span style=\"font-size: 12pt;\"><strong>(fins 22 hores)<\/strong><\/span><\/span><\/h6>\n<p><span style=\"font-weight: 400;\">El cabuss\u00f3 emplomallat \u00e9s un ocell aqu\u00e0tic elegant que viu a llacs, embassaments i estanys. \u00c9s un gran nedador i capbussador: quan veu peixos o animals petits dins l\u2019aigua, es capbussa i els ca\u00e7a amb facilitat.<\/span><\/p>\n<p><span style=\"font-weight: 400;\">A l\u2019\u00e8poca de cria (primavera i estiu) els adults tenen un plomall doble de plomes al cap, com si fossin \u201corelletes\u201d, i els costats del cap tenen colors castanys i negres que els fan molt vistosos. Fora de la temporada de cria, el seu color \u00e9s menys cridaner.<\/span><\/p>\n<p><span style=\"font-weight: 400;\">Els joves no tenen plomall i tenen cap ratllat de blanc i negre, que els ajuda a camuflar-se.<\/span><\/p>\n<p><span style=\"font-weight: 400;\">Tamb\u00e9 \u00e9s fam\u00f3s pel seu ball nupcial: quan una parella es vol aparellar, fan una mena de \u201cdansa a l\u2019aigua\u201d amb moviments sincronitzats molt especials.\u00a0<\/span><\/p>\n<p><span style=\"font-weight: 400;\">Nom cient\u00edfic:\u00a0 \u00a0 \u00a0 \u00a0 \u00a0 \u00a0 \u00a0 \u00a0 \u00a0 \u00a0 \u00a0 \u00a0 \u00a0 \u00a0 Podiceps cristatus<\/span><span style=\"font-weight: 400;\"><br \/>\n<\/span><span style=\"font-weight: 400;\">Longitud (del cap a la cua):\u00a0 \u00a0 \u00a0 de 46 a 51 cm<\/span><span style=\"font-weight: 400;\"><br \/>\n<\/span><span style=\"font-weight: 400;\">Envergadura d\u2019ales: \u00a0 \u00a0 \u00a0 \u00a0 \u00a0 \u00a0 \u00a0 \u00a0 de 59 a 73 cm (amb les ales obertes)<\/span><span style=\"font-weight: 400;\"><br \/>\n<\/span><span style=\"font-weight: 400;\">Pes:\u00a0 \u00a0 \u00a0 \u00a0 \u00a0 \u00a0 \u00a0 \u00a0 \u00a0 \u00a0 \u00a0 \u00a0 \u00a0 \u00a0 \u00a0 \u00a0 \u00a0 \u00a0 \u00a0 \u00a0 \u00a0 entre 1 kg i 1,5 kg<\/span><span style=\"font-weight: 400;\"><br \/>\n<\/span><span style=\"font-weight: 400;\">Esperan\u00e7a de vida: \u00a0 \u00a0 \u00a0 \u00a0 \u00a0 \u00a0 \u00a0 \u00a0 \u00a0 entre 10 i 15 anys.<\/span><span style=\"font-weight: 400;\"><br \/>\n<\/span><span style=\"font-weight: 400;\">On viu:\u00a0 \u00a0 \u00a0 \u00a0 \u00a0 \u00a0 \u00a0 \u00a0 \u00a0 \u00a0 \u00a0 \u00a0 \u00a0 \u00a0 \u00a0 \u00a0 \u00a0 \u00a0 \u00a0 llacs, rius tranquils, estanys amb vegetaci\u00f3<\/span><span style=\"font-weight: 400;\"><br \/>\n<\/span><span style=\"font-weight: 400;\">Qu\u00e8 menja: \u00a0 \u00a0 \u00a0 \u00a0 \u00a0 \u00a0 \u00a0 \u00a0 \u00a0 \u00a0 \u00a0 \u00a0 \u00a0 \u00a0 \u00a0 petits peixos i altres animals aqu\u00e0tics<\/span><\/p>\n<h6 style=\"text-align: left;\"><span style=\"color: #000000;\"><span style=\"font-size: 12pt;\"><strong><span style=\"font-weight: 400;\">Els cabussons poden nedar molt r\u00e0pid i es submergeixen molta estona per buscar menjar.<\/span><span style=\"font-weight: 400;\"><br \/>\n<\/span><span style=\"font-weight: 400;\">Els pollets s\u00f3n portats a l\u2019esquena dels pares quan s\u00f3n molt joves: aix\u00f2 els protegeix i els mant\u00e9 calents!<\/span><span style=\"font-weight: 400;\"><br \/>\n<\/span><span style=\"font-weight: 400;\">Construeix el niu a sobre de l\u2019aigua, amb canyes i plantes aqu\u00e0tiques, flota i queda amagat entre la vegetaci\u00f3. La femella pon normalment 3 o 4 ous.<\/span><span style=\"font-weight: 400;\"><br \/>\n<\/span><span style=\"font-weight: 400;\">T\u00e9 les potes molt endarrerides, ideals per nedar, per\u00f2 per aquest motiu camina de forma maldestre fora de l\u2019aigua.<\/span><\/strong><\/span><\/span><\/h6>\n<p>&nbsp;<\/p>\n<h6 style=\"text-align: center;\"><span style=\"font-size: 18pt; color: #808000;\"><span style=\"font-size: 24pt;\"><strong><span style=\"font-size: 8pt;\"><span style=\"font-size: 18pt;\"><span style=\"font-size: 12pt;\"><span style=\"font-size: 14pt;\"><a href=\"https:\/\/agora.xtec.cat\/ceip-lola-anglada-esplugues\/wp-content\/uploads\/usu1507\/2026\/01\/OA-18-2526.jpg\"><img loading=\"lazy\" decoding=\"async\" class=\"aligncenter size-full wp-image-8861\" src=\"https:\/\/agora.xtec.cat\/ceip-lola-anglada-esplugues\/wp-content\/uploads\/usu1507\/2026\/01\/OA-18-2526.jpg\" alt=\"\" width=\"882\" height=\"578\" srcset=\"https:\/\/agora.xtec.cat\/ceip-lola-anglada-esplugues\/wp-content\/uploads\/usu1507\/2026\/01\/OA-18-2526.jpg 882w, https:\/\/agora.xtec.cat\/ceip-lola-anglada-esplugues\/wp-content\/uploads\/usu1507\/2026\/01\/OA-18-2526-300x197.jpg 300w, https:\/\/agora.xtec.cat\/ceip-lola-anglada-esplugues\/wp-content\/uploads\/usu1507\/2026\/01\/OA-18-2526-768x503.jpg 768w\" sizes=\"auto, (max-width: 882px) 100vw, 882px\" \/><\/a>9\u00aa Entrega\u00a0 \u00a0 \u00a0OCELL AMAGAT n\u00ba 18:\u00a0 \u00c0NEC BLANC<\/span><\/span><\/span><\/span><\/strong><\/span><\/span><\/h6>\n<h6 style=\"text-align: center;\"><span style=\"color: #808000;\"><span style=\"font-size: 14pt;\"><strong>\u00a0<\/strong><span style=\"font-size: 12pt;\"><strong>Per\u00edode per respondre: de dimarts 20\u00a0 a dilluns 26 de gener <\/strong><\/span><\/span><span style=\"font-size: 12pt;\"><strong>(fins 22 hores)<\/strong><\/span><\/span><\/h6>\n<p><span style=\"font-weight: 400;\">L\u2019\u00e0nec blanc \u00e9s un ocell aqu\u00e0tic for\u00e7a gran i molt f\u00e0cil de recon\u00e8ixer pel seu plomatge blanc, amb parts negres i marronoses al cap, al coll i a les ales. T\u00e9 un bec vermell brillant, que destaca molt, sobretot en els adults. Els mascles tenen una protuber\u00e0ncia for\u00e7a grossa a la base del bec.<\/span><\/p>\n<p><span style=\"font-weight: 400;\">Viu principalment a zones humides, com llacunes, estanys, salines i costes marines. \u00c9s un bon nedador, per\u00f2 tamb\u00e9 passa for\u00e7a temps caminant per la riba buscant menjar.<\/span><\/p>\n<p><span style=\"font-weight: 400;\">S\u2019alimenta de petits animals aqu\u00e0tics, com crustacis, mol\u00b7luscs i insectes, i tamb\u00e9 de plantes. Durant l\u2019\u00e8poca de cria, sol fer el niu en forats al terra o en antics caus de conills. \u00c9s un ocell for\u00e7a territorial i defensa el seu espai amb energia.<\/span><\/p>\n<ul>\n<li style=\"font-weight: 400;\" aria-level=\"1\"><span style=\"font-weight: 400;\">Nom cient\u00edfic: <\/span><i><span style=\"font-weight: 400;\">Tadorna tadorna<\/span><\/i><i><span style=\"font-weight: 400;\"><br \/>\n<\/span><\/i><span style=\"font-weight: 400;\">Mida: 58\u201367 cm de llarg<\/span><span style=\"font-weight: 400;\"><br \/>\n<\/span><span style=\"font-weight: 400;\">Pes: 1.000\u20131.600 g (1\u20131,6 kg)<\/span><span style=\"font-weight: 400;\"><br \/>\n<\/span><span style=\"font-weight: 400;\">Envergadura (ales obertes): 110\u2013133 cm<\/span><span style=\"font-weight: 400;\"><br \/>\n<\/span><span style=\"font-weight: 400;\">Longevitat: fins a 20\u201325 anys<\/span><span style=\"font-weight: 400;\"><br \/>\n<\/span><span style=\"font-weight: 400;\">Alimentaci\u00f3: petits invertebrats aqu\u00e0tics i plantes<\/span><span style=\"font-weight: 400;\"><br \/>\n<\/span><span style=\"font-weight: 400;\">H\u00e0bitat: llacunes, aiguamolls, salines i zones costaneres<\/span><span style=\"font-weight: 400;\"><br \/>\n<\/span><span style=\"font-weight: 400;\">Comportament: territorial, sovint en parelles<\/span><span style=\"font-weight: 400;\"><br \/>\n<\/span><span style=\"font-weight: 400;\">Migraci\u00f3: parcial (alguns es queden tot l\u2019any)<\/span><\/li>\n<\/ul>\n<p>&nbsp;<\/p>\n<h6 style=\"text-align: center;\"><span style=\"font-size: 18pt; color: #808000;\"><span style=\"font-size: 24pt;\"><strong><span style=\"font-size: 8pt;\"><span style=\"font-size: 18pt;\"><span style=\"font-size: 12pt;\"><span style=\"font-size: 14pt;\"><a href=\"https:\/\/agora.xtec.cat\/ceip-lola-anglada-esplugues\/wp-content\/uploads\/usu1507\/2026\/01\/OA-17-2526.jpg\"><img loading=\"lazy\" decoding=\"async\" class=\"aligncenter size-full wp-image-8860\" src=\"https:\/\/agora.xtec.cat\/ceip-lola-anglada-esplugues\/wp-content\/uploads\/usu1507\/2026\/01\/OA-17-2526.jpg\" alt=\"\" width=\"828\" height=\"563\" srcset=\"https:\/\/agora.xtec.cat\/ceip-lola-anglada-esplugues\/wp-content\/uploads\/usu1507\/2026\/01\/OA-17-2526.jpg 828w, https:\/\/agora.xtec.cat\/ceip-lola-anglada-esplugues\/wp-content\/uploads\/usu1507\/2026\/01\/OA-17-2526-300x204.jpg 300w, https:\/\/agora.xtec.cat\/ceip-lola-anglada-esplugues\/wp-content\/uploads\/usu1507\/2026\/01\/OA-17-2526-768x522.jpg 768w\" sizes=\"auto, (max-width: 828px) 100vw, 828px\" \/><\/a>9\u00aa Entrega\u00a0 \u00a0 \u00a0OCELL AMAGAT n\u00ba 17:\u00a0 CUERETA GROGA<\/span><\/span><\/span><\/span><\/strong><\/span><\/span><\/h6>\n<h6 style=\"text-align: center;\"><span style=\"color: #808000;\"><span style=\"font-size: 14pt;\"><strong>\u00a0<\/strong><span style=\"font-size: 12pt;\"><strong>Per\u00edode per respondre: de dimarts 20\u00a0 a dilluns 26 de gener <\/strong><\/span><\/span><span style=\"font-size: 12pt;\"><strong>(fins 22 hores)<\/strong><\/span><\/span><\/h6>\n<p><span style=\"font-weight: 400;\">La cuereta groga \u00e9s un ocell petit i molt actiu que es reconeix f\u00e0cilment pel seu color groc brillant al pit i al ventre. T\u00e9 l\u2019esquena verdosa o marronosa i una cua llarga i fina que mou constantment amunt i avall, com si estigu\u00e9s fent rever\u00e8ncies.<\/span><\/p>\n<p><span style=\"font-weight: 400;\">Viu sobretot en prats, camps de conreu, zones humides i prop de rius. Sovint la podem veure caminant r\u00e0pidament pel terra mentre busca menjar. S\u2019alimenta principalment d\u2019insectes, com mosques, formigues i petits escarabats.<\/span><\/p>\n<p><span style=\"font-weight: 400;\">\u00c9s un ocell migrador: a la primavera arriba a casa nostra per criar, i quan arriba el fred marxa cap a l\u2019\u00c0frica per passar l\u2019hivern.<\/span><\/p>\n<ul>\n<li style=\"font-weight: 400;\" aria-level=\"1\"><span style=\"font-weight: 400;\">Nom cient\u00edfic: <\/span><i><span style=\"font-weight: 400;\">Motacilla flava<\/span><\/i><i><span style=\"font-weight: 400;\"><br \/>\n<\/span><\/i><span style=\"font-weight: 400;\">Mida: 15\u201316 cm de llarg<\/span><span style=\"font-weight: 400;\"><br \/>\n<\/span><span style=\"font-weight: 400;\">Pes: uns 15\u201320 grams<\/span><span style=\"font-weight: 400;\"><br \/>\n<\/span><span style=\"font-weight: 400;\">Envergadura (ales obertes): 23\u201327 cm<\/span><span style=\"font-weight: 400;\"><br \/>\n<\/span><span style=\"font-weight: 400;\">Longevitat: fins a 8\u201310 anys (normalment menys en llibertat)<\/span><span style=\"font-weight: 400;\"><br \/>\n<\/span><span style=\"font-weight: 400;\">Alimentaci\u00f3: insectes i petits invertebrats<\/span><span style=\"font-weight: 400;\"><br \/>\n<\/span><span style=\"font-weight: 400;\">H\u00e0bitat: prats, camps, aiguamolls i zones obertes<\/span><span style=\"font-weight: 400;\"><br \/>\n<\/span><span style=\"font-weight: 400;\">Comportament: molt activa, mou la cua constantment<\/span><span style=\"font-weight: 400;\"><br \/>\n<\/span><span style=\"font-weight: 400;\">Migraci\u00f3: s\u00ed, passa l\u2019hivern a l\u2019\u00c0frica<\/span><\/li>\n<\/ul>\n<p>&nbsp;<\/p>\n<h6 style=\"text-align: center;\"><span style=\"font-size: 18pt; color: #808000;\"><span style=\"font-size: 24pt;\"><strong><span style=\"font-size: 8pt;\"><span style=\"font-size: 18pt;\"><span style=\"font-size: 12pt;\"><span style=\"font-size: 14pt;\"><a href=\"https:\/\/agora.xtec.cat\/ceip-lola-anglada-esplugues\/wp-content\/uploads\/usu1507\/2026\/01\/OA-16-2526.jpg\"><img loading=\"lazy\" decoding=\"async\" class=\"aligncenter size-full wp-image-8824\" src=\"https:\/\/agora.xtec.cat\/ceip-lola-anglada-esplugues\/wp-content\/uploads\/usu1507\/2026\/01\/OA-16-2526.jpg\" alt=\"\" width=\"880\" height=\"605\" srcset=\"https:\/\/agora.xtec.cat\/ceip-lola-anglada-esplugues\/wp-content\/uploads\/usu1507\/2026\/01\/OA-16-2526.jpg 880w, https:\/\/agora.xtec.cat\/ceip-lola-anglada-esplugues\/wp-content\/uploads\/usu1507\/2026\/01\/OA-16-2526-300x206.jpg 300w, https:\/\/agora.xtec.cat\/ceip-lola-anglada-esplugues\/wp-content\/uploads\/usu1507\/2026\/01\/OA-16-2526-768x528.jpg 768w\" sizes=\"auto, (max-width: 880px) 100vw, 880px\" \/><\/a>8\u00aa Entrega\u00a0 \u00a0 \u00a0OCELL AMAGAT n\u00ba 16:\u00a0 CAP\u00d3 REIAL<\/span><\/span><\/span><\/span><\/strong><\/span><\/span><\/h6>\n<h6 style=\"text-align: center;\"><span style=\"color: #808000;\"><span style=\"font-size: 14pt;\"><strong>\u00a0<\/strong><span style=\"font-size: 12pt;\"><strong>Per\u00edode per respondre: de dimarts 13\u00a0 a dilluns 19 de gener <\/strong><\/span><\/span><span style=\"font-size: 12pt;\"><strong>(fins 22 hores)<\/strong><\/span><\/span><\/h6>\n<p><span style=\"font-weight: 400;\">El cap\u00f3 reial \u00e9s un ocell d\u2019aiguamoll amb un aspecte molt elegant. T\u00e9 el cos fosc, de colors marr\u00f3 i verd brillant, i un bec llarg i corbat cap avall, ideal per buscar menjar dins l\u2019aigua i el fang.<\/span><\/p>\n<p><span style=\"font-weight: 400;\">Viu en llacunes, aiguamolls i arrossars, on camina lentament mentre busca insectes, cucs, petits crustacis i amfibis. Sovint es pot veure en grans grups, sobretot quan van a joca al capvespre.<\/span><\/p>\n<p><span style=\"font-weight: 400;\">A la primavera, quan cria, el seu plomatge es torna m\u00e9s brillant i lluent. Fa els nius en col\u00f2nies, entre canyissars o arbres a prop de l\u2019aigua.<\/span><\/p>\n<p><span style=\"font-weight: 400;\">\u00c9s una esp\u00e8cie migradora que recorre llargues dist\u00e0ncies i \u00e9s un bon indicador de la bona salut dels aiguamolls.<\/span><\/p>\n<p><b>Nom cient\u00edfic:<\/b> <i><span style=\"font-weight: 400;\">Plegadis falcinellus<\/span><\/i><i><span style=\"font-weight: 400;\"><br \/>\n<\/span><\/i><b>Mida:<\/b><span style=\"font-weight: 400;\"> 55\u201365 cm de llarg<\/span><span style=\"font-weight: 400;\"><br \/>\n<\/span><b>Envergadura (ales obertes):<\/b><span style=\"font-weight: 400;\"> 90\u2013105 cm<\/span><span style=\"font-weight: 400;\"><br \/>\n<\/span><b>Pes:<\/b><span style=\"font-weight: 400;\"> 500\u2013800 g<\/span><span style=\"font-weight: 400;\"><br \/>\n<\/span><b>Longevitat:<\/b><span style=\"font-weight: 400;\"> fins a 15\u201320 anys<\/span><span style=\"font-weight: 400;\"><br \/>\n<\/span><b>Alimentaci\u00f3:<\/b><span style=\"font-weight: 400;\"> insectes, cucs, crustacis i petits amfibis<\/span><span style=\"font-weight: 400;\"><br \/>\n<\/span><b>H\u00e0bitat:<\/b><span style=\"font-weight: 400;\"> aiguamolls, llacunes, arrossars i zones inundades<\/span><span style=\"font-weight: 400;\"><br \/>\n<\/span><b>Comportament:<\/b><span style=\"font-weight: 400;\"> gregari (viu en grups)<\/span><\/p>\n<p>&nbsp;<\/p>\n<h6 style=\"text-align: center;\"><span style=\"font-size: 18pt; color: #808000;\"><span style=\"font-size: 24pt;\"><strong><span style=\"font-size: 8pt;\"><span style=\"font-size: 18pt;\"><span style=\"font-size: 12pt;\"><span style=\"font-size: 14pt;\"><a href=\"https:\/\/agora.xtec.cat\/ceip-lola-anglada-esplugues\/wp-content\/uploads\/usu1507\/2026\/01\/OA-15-2526.jpg\"><img loading=\"lazy\" decoding=\"async\" class=\"aligncenter size-full wp-image-8823\" src=\"https:\/\/agora.xtec.cat\/ceip-lola-anglada-esplugues\/wp-content\/uploads\/usu1507\/2026\/01\/OA-15-2526.jpg\" alt=\"\" width=\"895\" height=\"576\" srcset=\"https:\/\/agora.xtec.cat\/ceip-lola-anglada-esplugues\/wp-content\/uploads\/usu1507\/2026\/01\/OA-15-2526.jpg 895w, https:\/\/agora.xtec.cat\/ceip-lola-anglada-esplugues\/wp-content\/uploads\/usu1507\/2026\/01\/OA-15-2526-300x193.jpg 300w, https:\/\/agora.xtec.cat\/ceip-lola-anglada-esplugues\/wp-content\/uploads\/usu1507\/2026\/01\/OA-15-2526-768x494.jpg 768w\" sizes=\"auto, (max-width: 895px) 100vw, 895px\" \/><\/a>8\u00aa Entrega\u00a0 \u00a0 \u00a0OCELL AMAGAT n\u00ba 15:\u00a0 ARPELLA COMUNA<\/span><\/span><\/span><\/span><\/strong><\/span><\/span><\/h6>\n<h6 style=\"text-align: center;\"><span style=\"color: #808000;\"><span style=\"font-size: 14pt;\"><strong>\u00a0<\/strong><span style=\"font-size: 12pt;\"><strong>Per\u00edode per respondre: de dimarts 13\u00a0 a dilluns 19 de gener <\/strong><\/span><\/span><span style=\"font-size: 12pt;\"><strong>(fins 22 hores)<\/strong><\/span><\/span><\/h6>\n<p><span style=\"font-weight: 400;\">L\u2019arpella comuna \u00e9s un ocell rapinyaire que viu sobretot a zones humides, com ara aiguamolls, llacunes i camps de canyissar. Vola molt a poc a poc i a poca al\u00e7ada del terra, amb les ales en forma de V, mentre busca menjar.<\/span><\/p>\n<p><span style=\"font-weight: 400;\">S\u2019alimenta principalment de petits mam\u00edfers, ocells, amfibis i r\u00e8ptils. Fa el niu a terra, ben amagat entre la vegetaci\u00f3, cosa que el protegeix dels depredadors.<\/span><\/p>\n<ul>\n<li style=\"font-weight: 400;\" aria-level=\"1\"><span style=\"font-weight: 400;\">Els mascles i les femelles tenen colors diferents:<\/span><span style=\"font-weight: 400;\"><br \/>\n<\/span><span style=\"font-weight: 400;\">El mascle \u00e9s m\u00e9s clar, amb ales grisenques.<\/span><span style=\"font-weight: 400;\"><br \/>\n<\/span><span style=\"font-weight: 400;\">La femella \u00e9s m\u00e9s gran i de color marr\u00f3 fosc, amb el cap m\u00e9s clar.<\/span><\/li>\n<li style=\"font-weight: 400;\" aria-level=\"1\"><span style=\"font-weight: 400;\">\u00c9s un ocell molt important perqu\u00e8 ajuda a mantenir l\u2019equilibri de la natura controlant altres poblacions d\u2019animals.<\/span><\/li>\n<\/ul>\n<p><b>Nom cient\u00edfic:<\/b> <i><span style=\"font-weight: 400;\">Circus aeruginosus<\/span><\/i><i><span style=\"font-weight: 400;\"><br \/>\n<\/span><\/i><b>Mida:<\/b><span style=\"font-weight: 400;\"> 48\u201356 cm de llarg<\/span><span style=\"font-weight: 400;\"><br \/>\n<\/span><b>Envergadura (ales obertes):<\/b><span style=\"font-weight: 400;\"> 115\u2013130 cm<\/span><span style=\"font-weight: 400;\"><br \/>\n<\/span><b>Pes:<\/b><b><br \/>\n<\/b><span style=\"font-weight: 400;\">Mascle: 400\u2013550 g<\/span><span style=\"font-weight: 400;\"><br \/>\n<\/span><span style=\"font-weight: 400;\">Femella: 500\u2013800 g<\/span><span style=\"font-weight: 400;\"><br \/>\n<\/span><b>Longevitat:<\/b><span style=\"font-weight: 400;\"> fins a 15\u201320 anys en llibertat<\/span><span style=\"font-weight: 400;\"><br \/>\n<\/span><b>Alimentaci\u00f3:<\/b><span style=\"font-weight: 400;\"> petits mam\u00edfers, ocells, amfibis i r\u00e8ptils<\/span><span style=\"font-weight: 400;\"><br \/>\n<\/span><b>H\u00e0bitat:<\/b><span style=\"font-weight: 400;\"> aiguamolls, maresmes, llacs i camps humits<\/span><span style=\"font-weight: 400;\"><br \/>\n<\/span><b>Comportament:<\/b><span style=\"font-weight: 400;\"> di\u00fcrn (actiu durant el dia)<\/span><\/p>\n<p>&nbsp;<\/p>\n<h6 style=\"text-align: center;\"><span style=\"font-size: 18pt; color: #808000;\"><span style=\"font-size: 24pt;\"><strong><span style=\"font-size: 8pt;\"><span style=\"font-size: 18pt;\"><span style=\"font-size: 12pt;\"><span style=\"font-size: 14pt;\"><a href=\"https:\/\/agora.xtec.cat\/ceip-lola-anglada-esplugues\/wp-content\/uploads\/usu1507\/2025\/12\/Punts-bonificacio-Nadal-2526_03.jpg\"><img loading=\"lazy\" decoding=\"async\" class=\"aligncenter size-full wp-image-8750\" src=\"https:\/\/agora.xtec.cat\/ceip-lola-anglada-esplugues\/wp-content\/uploads\/usu1507\/2025\/12\/Punts-bonificacio-Nadal-2526_03.jpg\" alt=\"\" width=\"1197\" height=\"478\" srcset=\"https:\/\/agora.xtec.cat\/ceip-lola-anglada-esplugues\/wp-content\/uploads\/usu1507\/2025\/12\/Punts-bonificacio-Nadal-2526_03.jpg 1197w, https:\/\/agora.xtec.cat\/ceip-lola-anglada-esplugues\/wp-content\/uploads\/usu1507\/2025\/12\/Punts-bonificacio-Nadal-2526_03-300x120.jpg 300w, https:\/\/agora.xtec.cat\/ceip-lola-anglada-esplugues\/wp-content\/uploads\/usu1507\/2025\/12\/Punts-bonificacio-Nadal-2526_03-1024x409.jpg 1024w, https:\/\/agora.xtec.cat\/ceip-lola-anglada-esplugues\/wp-content\/uploads\/usu1507\/2025\/12\/Punts-bonificacio-Nadal-2526_03-768x307.jpg 768w\" sizes=\"auto, (max-width: 1197px) 100vw, 1197px\" \/><\/a>PUNTS DE BONIFICACI\u00d3: OCELLS D&#8217;AIGUAMOLL\u00a0\u00a0<\/span><\/span><\/span><\/span><\/strong><\/span><\/span><\/h6>\n<h6 style=\"text-align: center;\"><span style=\"color: #808000;\"><span style=\"font-size: 14pt;\"><strong>\u00a0<\/strong><span style=\"font-size: 12pt;\"><strong>Per\u00edode per respondre: de dimarts 16 de desembre a dilluns 12 de gener <\/strong><\/span><\/span><span style=\"font-size: 12pt;\"><strong>(fins 22 hores)<br \/>\n<span style=\"color: #ff0000;\">BERNAT PESCAIRE &#8211; MARTINET DE NIT COM\u00da<br \/>\nESPLUGABOUS &#8211; MARTINET BLANC COM\u00da<\/span><br \/>\n<\/strong><\/span><\/span><\/h6>\n<p>&nbsp;<\/p>\n<h6 style=\"text-align: center;\"><span style=\"font-size: 18pt; color: #808000;\"><span style=\"font-size: 24pt;\"><strong><span style=\"font-size: 8pt;\"><span style=\"font-size: 18pt;\"><span style=\"font-size: 12pt;\"><span style=\"font-size: 14pt;\"><a href=\"https:\/\/agora.xtec.cat\/ceip-lola-anglada-esplugues\/wp-content\/uploads\/usu1507\/2025\/12\/Punts-bonificacio-Nadal-2526_02.jpg\"><img loading=\"lazy\" decoding=\"async\" class=\"aligncenter size-full wp-image-8749\" src=\"https:\/\/agora.xtec.cat\/ceip-lola-anglada-esplugues\/wp-content\/uploads\/usu1507\/2025\/12\/Punts-bonificacio-Nadal-2526_02.jpg\" alt=\"\" width=\"1268\" height=\"706\" srcset=\"https:\/\/agora.xtec.cat\/ceip-lola-anglada-esplugues\/wp-content\/uploads\/usu1507\/2025\/12\/Punts-bonificacio-Nadal-2526_02.jpg 1268w, https:\/\/agora.xtec.cat\/ceip-lola-anglada-esplugues\/wp-content\/uploads\/usu1507\/2025\/12\/Punts-bonificacio-Nadal-2526_02-300x167.jpg 300w, https:\/\/agora.xtec.cat\/ceip-lola-anglada-esplugues\/wp-content\/uploads\/usu1507\/2025\/12\/Punts-bonificacio-Nadal-2526_02-1024x570.jpg 1024w, https:\/\/agora.xtec.cat\/ceip-lola-anglada-esplugues\/wp-content\/uploads\/usu1507\/2025\/12\/Punts-bonificacio-Nadal-2526_02-768x428.jpg 768w\" sizes=\"auto, (max-width: 1268px) 100vw, 1268px\" \/><\/a>PUNTS DE BONIFICACI\u00d3: REP\u00c0S DELS OCELLS DEL PATI\u00a0\u00a0<\/span><\/span><\/span><\/span><\/strong><\/span><\/span><\/h6>\n<h6 style=\"text-align: center;\"><span style=\"color: #808000;\"><span style=\"font-size: 14pt;\"><strong>\u00a0<\/strong><span style=\"font-size: 12pt;\"><strong>Per\u00edode per respondre: de dimarts 16 de desembre a dilluns 12 de gener <\/strong><\/span><\/span><span style=\"font-size: 12pt;\"><strong>(fins 22 hores)<\/strong><\/span><\/span><\/h6>\n<p><span style=\"color: #ff0000;\">1.- COTXA FUMADA\u00a0 \u00a0 \u00a02.- ORENETA COMUNA\u00a0 \u00a0 \u00a03.- PUPUT COMUNA\u00a0 \u00a0 \u00a04.- RASPINELL COM\u00da<br \/>\n5.- ORENETA CUABLANCA\u00a0 \u00a0 \u00a06.- MALLERENGA BLAVA\u00a0 \u00a0 \u00a07.- MALLERENGA EMPLOMALLADA<br \/>\n8.- MERLA COMUNA\u00a0 \u00a0 \u00a0 \u00a0 \u00a0 \u00a0 \u00a0 \u00a0 \u00a0 \u00a09.- GAFARR\u00d3 EUROPEU\u00a0 \u00a0 \u00a0 \u00a0 \u00a0 \u00a0 \u00a0 \u00a0 \u00a0 \u00a010.- PARDAL COM\u00da\u00a0 \u00a0 \u00a0 \u00a0 \u00a0 \u00a0 \u00a0 \u00a0 \u00a0 11.- MALLERENGA CARBONERA\u00a0 \u00a0 \u00a0 \u00a0 \u00a0 \u00a0 \u00a0 \u00a012.- CUERETA BLANCA\u00a0 \u00a0 \u00a0 \u00a0 \u00a0 \u00a0 \u00a0 \u00a013.- PINS\u00c0 COM\u00da<br \/>\n14.- TALLAROL DE CASQUET\u00a0 \u00a0 \u00a0 \u00a0 \u00a0 \u00a0 \u00a0 \u00a0 \u00a0 15.- PIT-ROIG\u00a0 \u00a0 \u00a0 \u00a0 \u00a0 \u00a0 \u00a0 \u00a0 \u00a016.- CADERNERA EUROPEA\u00a0 \u00a0 \u00a0 \u00a0 \u00a0 17: ESTORNELL COM\u00da\u00a0 \u00a0 \u00a018.- XORIGUER COM\u00da<\/span><\/p>\n<p>&nbsp;<\/p>\n<h6 style=\"text-align: center;\"><span style=\"font-size: 18pt; color: #808000;\"><span style=\"font-size: 24pt;\"><strong><span style=\"font-size: 8pt;\"><span style=\"font-size: 18pt;\"><span style=\"font-size: 12pt;\"><span style=\"font-size: 14pt;\"><a href=\"https:\/\/agora.xtec.cat\/ceip-lola-anglada-esplugues\/wp-content\/uploads\/usu1507\/2025\/12\/OA-14-2526.jpg\"><img loading=\"lazy\" decoding=\"async\" class=\"aligncenter size-full wp-image-8748\" src=\"https:\/\/agora.xtec.cat\/ceip-lola-anglada-esplugues\/wp-content\/uploads\/usu1507\/2025\/12\/OA-14-2526.jpg\" alt=\"\" width=\"882\" height=\"629\" srcset=\"https:\/\/agora.xtec.cat\/ceip-lola-anglada-esplugues\/wp-content\/uploads\/usu1507\/2025\/12\/OA-14-2526.jpg 882w, https:\/\/agora.xtec.cat\/ceip-lola-anglada-esplugues\/wp-content\/uploads\/usu1507\/2025\/12\/OA-14-2526-300x214.jpg 300w, https:\/\/agora.xtec.cat\/ceip-lola-anglada-esplugues\/wp-content\/uploads\/usu1507\/2025\/12\/OA-14-2526-768x548.jpg 768w\" sizes=\"auto, (max-width: 882px) 100vw, 882px\" \/><\/a>7\u00aa Entrega\u00a0 \u00a0 \u00a0OCELL AMAGAT n\u00ba 14:\u00a0 BOTX\u00cd IB\u00c8RIC<\/span><\/span><\/span><\/span><\/strong><\/span><\/span><\/h6>\n<h6 style=\"text-align: center;\"><span style=\"color: #808000;\"><span style=\"font-size: 14pt;\"><strong>\u00a0<\/strong><span style=\"font-size: 12pt;\"><strong>Per\u00edode per respondre: de dimarts 16 de desembre a dilluns 12 de gener <\/strong><\/span><\/span><span style=\"font-size: 12pt;\"><strong>(fins 22 hores)<\/strong><\/span><\/span><\/h6>\n<p>&nbsp;<\/p>\n<p><span style=\"font-weight: 400;\">El <\/span><i><span style=\"font-weight: 400;\">botx\u00ed ib\u00e8ric<\/span><\/i><span style=\"font-weight: 400;\"> \u00e9s un ocell de mida mitjana, f\u00e0cil de recon\u00e8ixer pel seu aspecte elegant i una mica misteri\u00f3s. T\u00e9 el cap i l\u2019esquena de color gris, el ventre clar (rosat-gris) i una franja negra que li creua els ulls, com si port\u00e9s una m\u00e0scara d\u2019antifa\u00e7. Mostra una cella blanca que arriba a la base del bec. El bec \u00e9s fort i lleugerament corbat, ideal per ca\u00e7ar.<\/span><\/p>\n<p><span style=\"font-weight: 400;\">Viu en zones obertes com camps, matollars i terres agr\u00edcoles amb arbustos o arbres baixos. Sovint se\u2019l veu quiet dalt d\u2019un fil, una branca o un pal, vigilant atentament el territori. Quan detecta una presa, baixa r\u00e0pidament per atrapar-la.<\/span><\/p>\n<p><span style=\"font-weight: 400;\">\u00c9s conegut pel seu comportament curi\u00f3s: de vegades clava les seves preses (com insectes grans o petits vertebrats) en punxes o branques d\u2019arbusts. Ho fa per guardar menjar o per menjar-se\u2019l amb m\u00e9s facilitat. Tot i aix\u00f2, no \u00e9s un ocell perill\u00f3s per a les persones.<\/span><\/p>\n<p><span style=\"font-weight: 400;\">Nom cient\u00edfic: <\/span><i><span style=\"font-weight: 400;\">Lanius meridionalis<\/span><\/i><i><span style=\"font-weight: 400;\"><br \/>\n<\/span><\/i><span style=\"font-weight: 400;\">Mida: Uns 23\u201325 cm de llargada<\/span><span style=\"font-weight: 400;\"><br \/>\n<\/span><span style=\"font-weight: 400;\">Envergadura d\u2019ales: Aproximadament 30\u201335 cm<\/span><span style=\"font-weight: 400;\"><br \/>\n<\/span><span style=\"font-weight: 400;\">Pes: Entre 50 i 70 grams<\/span><span style=\"font-weight: 400;\"><br \/>\n<\/span><span style=\"font-weight: 400;\">Longevitat: Pot viure fins a 7\u201310 anys en llibertat<\/span><span style=\"font-weight: 400;\"><br \/>\n<\/span><span style=\"font-weight: 400;\">H\u00e0bitat: Zones obertes amb matolls, camps de conreu i paisatges mediterranis<\/span><span style=\"font-weight: 400;\"><br \/>\n<\/span><span style=\"font-weight: 400;\">Dieta: Insectes grans, sargantanes, petits ocells i rosegadors<\/span><span style=\"font-weight: 400;\"><br \/>\n<\/span><span style=\"font-weight: 400;\">Reproducci\u00f3: Fa el niu en arbustos o arbres baixos. Normalment pon entre 4 i 6 ous.<\/span><\/p>\n<p>&nbsp;<\/p>\n<h6 style=\"text-align: center;\"><span style=\"font-size: 18pt; color: #808000;\"><span style=\"font-size: 24pt;\"><strong><span style=\"font-size: 8pt;\"><span style=\"font-size: 18pt;\"><span style=\"font-size: 12pt;\"><span style=\"font-size: 14pt;\"><a href=\"https:\/\/agora.xtec.cat\/ceip-lola-anglada-esplugues\/wp-content\/uploads\/usu1507\/2025\/12\/OA-13-2526.jpg\"><img loading=\"lazy\" decoding=\"async\" class=\"aligncenter size-full wp-image-8747\" src=\"https:\/\/agora.xtec.cat\/ceip-lola-anglada-esplugues\/wp-content\/uploads\/usu1507\/2025\/12\/OA-13-2526.jpg\" alt=\"\" width=\"866\" height=\"629\" srcset=\"https:\/\/agora.xtec.cat\/ceip-lola-anglada-esplugues\/wp-content\/uploads\/usu1507\/2025\/12\/OA-13-2526.jpg 866w, https:\/\/agora.xtec.cat\/ceip-lola-anglada-esplugues\/wp-content\/uploads\/usu1507\/2025\/12\/OA-13-2526-300x218.jpg 300w, https:\/\/agora.xtec.cat\/ceip-lola-anglada-esplugues\/wp-content\/uploads\/usu1507\/2025\/12\/OA-13-2526-768x558.jpg 768w\" sizes=\"auto, (max-width: 866px) 100vw, 866px\" \/><\/a>7\u00aa Entrega\u00a0 \u00a0 \u00a0OCELL AMAGAT n\u00ba 13:\u00a0 CORRIOL PETIT<\/span><\/span><\/span><\/span><\/strong><\/span><\/span><\/h6>\n<h6 style=\"text-align: center;\"><span style=\"color: #808000;\"><span style=\"font-size: 14pt;\"><strong>\u00a0<\/strong><span style=\"font-size: 12pt;\"><strong>Per\u00edode per respondre: de dimarts 16 de desembre a dilluns 12 de gener <\/strong><\/span><\/span><span style=\"font-size: 12pt;\"><strong>(fins 22 hores)<\/strong><\/span><\/span><\/h6>\n<p>&nbsp;<\/p>\n<p><span style=\"font-weight: 400;\">El <\/span><i><span style=\"font-weight: 400;\">corriol petit<\/span><\/i><span style=\"font-weight: 400;\"> \u00e9s un ocell petit i molt actiu que es troba en \u00e0rees properes a rius, llacs i altres zones humides. T\u00e9 una mida petita, amb un bec curt i fort que li permet agafar insectes i altres petits animals de les zones on viu. El seu plomatge \u00e9s de color marr\u00f3 fosc a la part superior i blanc a la part inferior, amb una ratlla negra caracter\u00edstica al voltant del coll i una altra al cap . Els seus ulls s\u00f3n grans i brillants amb un anell groc al voltant de l\u2019ull, el que li dona una mirada alerta. Quan es sent amena\u00e7at, aquest ocell corre r\u00e0pidament a la recerca de refugi, per\u00f2 tamb\u00e9 pot curtes volades per distreure els possibles atacants.<\/span><\/p>\n<p><span style=\"font-weight: 400;\">\u00c9s un ocell molt actiu i social i sovint es veu en grups petits. Els seus h\u00e0bitats preferits s\u00f3n les platges de rius i llacs, on pot buscar menjar com insectes, cucs i petits crustacis. Tot i la seva mida petita, el corriol petit t\u00e9 un gran sentit de la defensa del seu territori i pot ser for\u00e7a agressiu amb altres ocells.<\/span><\/p>\n<h6 style=\"text-align: left;\"><span style=\"color: #000000;\"><span style=\"font-size: 12pt;\"><strong><span style=\"font-weight: 400;\">Nom cient\u00edfic: <\/span><i><span style=\"font-weight: 400;\">Charadrius dubius<\/span><\/i><i><span style=\"font-weight: 400;\"><br \/>\n<\/span><\/i><span style=\"font-weight: 400;\">Mida: Entre 17 i 19 cm de llargada (aproximadament la mida d&#8217;un ping\u00fc\u00ed petit)<\/span><span style=\"font-weight: 400;\"><br \/>\n<\/span><span style=\"font-weight: 400;\">Envergadura d&#8217;ales: Aproximadament 40 cm<\/span><span style=\"font-weight: 400;\"><br \/>\n<\/span><span style=\"font-weight: 400;\">Pes: Entre 30 i 50 grams<\/span><span style=\"font-weight: 400;\"><br \/>\n<\/span><span style=\"font-weight: 400;\">Longevitat: Pot viure fins a 5-6 anys, tot i que la mitjana de vida \u00e9s m\u00e9s curta a causa de perills naturals com predadors o condicions ambientals adverses.<\/span><span style=\"font-weight: 400;\"><br \/>\n<\/span><span style=\"font-weight: 400;\">H\u00e0bitat: Zones humides, riberes de rius, platges, estuaris i llacs.<\/span><span style=\"font-weight: 400;\"><br \/>\n<\/span><span style=\"font-weight: 400;\">Dieta: Insectes, petits crustacis, cucs i altres petits animals que troba a la vora de l&#8217;aigua.<\/span><span style=\"font-weight: 400;\"><br \/>\n<\/span><span style=\"font-weight: 400;\">Reproducci\u00f3: El corriol petit fa el niu en una petita excavaci\u00f3 al terra, generalment ben amagada entre pedres o vegetaci\u00f3 baixa. Sol pondre 2-3 ous de color marr\u00f3 clar, amb taques negres.<\/span><\/strong><\/span><\/span><\/h6>\n<p>&nbsp;<\/p>\n<h6 style=\"text-align: center;\"><span style=\"font-size: 18pt; color: #808000;\"><span style=\"font-size: 24pt;\"><strong><span style=\"font-size: 8pt;\"><span style=\"font-size: 18pt;\"><span style=\"font-size: 12pt;\"><span style=\"font-size: 14pt;\"><a href=\"https:\/\/agora.xtec.cat\/ceip-lola-anglada-esplugues\/wp-content\/uploads\/usu1507\/2025\/12\/OA-12-2526.jpg\"><img loading=\"lazy\" decoding=\"async\" class=\"aligncenter size-full wp-image-8739\" src=\"https:\/\/agora.xtec.cat\/ceip-lola-anglada-esplugues\/wp-content\/uploads\/usu1507\/2025\/12\/OA-12-2526.jpg\" alt=\"\" width=\"881\" height=\"553\" srcset=\"https:\/\/agora.xtec.cat\/ceip-lola-anglada-esplugues\/wp-content\/uploads\/usu1507\/2025\/12\/OA-12-2526.jpg 881w, https:\/\/agora.xtec.cat\/ceip-lola-anglada-esplugues\/wp-content\/uploads\/usu1507\/2025\/12\/OA-12-2526-300x188.jpg 300w, https:\/\/agora.xtec.cat\/ceip-lola-anglada-esplugues\/wp-content\/uploads\/usu1507\/2025\/12\/OA-12-2526-768x482.jpg 768w\" sizes=\"auto, (max-width: 881px) 100vw, 881px\" \/><\/a>6\u00aa Entrega\u00a0 \u00a0 \u00a0OCELL AMAGAT n\u00ba 12:\u00a0 \u00c0NEC GRISET<\/span><\/span><\/span><\/span><\/strong><\/span><\/span><\/h6>\n<h6 style=\"text-align: center;\"><span style=\"color: #808000;\"><span style=\"font-size: 14pt;\"><strong>\u00a0<\/strong><span style=\"font-size: 12pt;\"><strong>Per\u00edode per respondre: de dimarts 2 a dilluns 15 de desembre <\/strong><\/span><\/span><span style=\"font-size: 12pt;\"><strong>(fins 22 hores)<\/strong><\/span><\/span><\/h6>\n<p style=\"text-align: center;\"><strong><span style=\"color: #ff0000;\">Atenci\u00f3 !\u00a0 \u00a0Entrega de dues setmanes<\/span><\/strong><\/p>\n<p><span style=\"font-weight: 400;\">L\u2019\u00e0nec griset \u00e9s un ocell aqu\u00e0tic que viu en llacs, estanys i zones humides. T\u00e9 un aspecte elegant per\u00f2 discret: els mascles s\u00f3n de color gris amb el pit barrat negre, mentre que les femelles s\u2019assemblen molt a les d\u2019altres \u00e0necs i tenen un plomatge marron\u00f3s amb taques fosques.<\/span><\/p>\n<p><span style=\"font-weight: 400;\">\u00c9s un \u00e0nec tranquil, que sol nedar prop de la vora buscant plantes aqu\u00e0tiques per menjar. T\u00e9 un mirallet blanc (el <\/span><b>mirallet<\/b><span style=\"font-weight: 400;\"> d\u2019un \u00e0nec \u00e9s una <\/span><b>petita zona de plomes de colors vius<\/b><span style=\"font-weight: 400;\"> que tenen a les ales, normalment visibles quan l\u2019ocell vola o quan obre una mica l\u2019ala) que es fa m\u00e9s evident quan vola, i aix\u00f2 facilita la seva identificaci\u00f3 en vol. Quan est\u00e0 nedant es distingeix molt b\u00e9 la popa negra. A la fotografia, el mirallet es veu molt poquet just a sobre de la popa negra.<\/span><\/p>\n<p><span style=\"font-weight: 400;\">Nom cient\u00edfic: <\/span><i><span style=\"font-weight: 400;\">Mareca strepera<br \/>\n<\/span><\/i><span style=\"font-weight: 400;\">Mida: entre 46 i 56 cm de llarg<br \/>\n<\/span><span style=\"font-weight: 400;\">Envergadura (d\u2019ala a ala): 78\u201390 cm<br \/>\n<\/span><span style=\"font-weight: 400;\">Pes: 450\u20131.000 g (aprox.)<br \/>\n<\/span><span style=\"font-weight: 400;\">Longevitat: fins a uns 10\u201312 anys en llibertat<br \/>\n<\/span><span style=\"font-weight: 400;\">H\u00e0bitat: llacs, aiguamolls, maresmes i estanys<br \/>\n<\/span><span style=\"font-weight: 400;\">Alimentaci\u00f3: principalment plantes aqu\u00e0tiques, per\u00f2 tamb\u00e9 llavors i petits invertebrats<br \/>\n<\/span><span style=\"font-weight: 400;\">Distribuci\u00f3: a Europa, \u00c0sia i Am\u00e8rica del Nord; a Catalunya \u00e9s m\u00e9s com\u00fa a l\u2019hivern<\/span><\/p>\n<p>&nbsp;<\/p>\n<h6 style=\"text-align: center;\"><span style=\"font-size: 18pt; color: #808000;\"><span style=\"font-size: 24pt;\"><strong><span style=\"font-size: 8pt;\"><span style=\"font-size: 18pt;\"><span style=\"font-size: 12pt;\"><span style=\"font-size: 14pt;\"><a href=\"https:\/\/agora.xtec.cat\/ceip-lola-anglada-esplugues\/wp-content\/uploads\/usu1507\/2025\/12\/OA-11-2526.jpg\"><img loading=\"lazy\" decoding=\"async\" class=\"aligncenter size-full wp-image-8738\" src=\"https:\/\/agora.xtec.cat\/ceip-lola-anglada-esplugues\/wp-content\/uploads\/usu1507\/2025\/12\/OA-11-2526.jpg\" alt=\"\" width=\"885\" height=\"641\" srcset=\"https:\/\/agora.xtec.cat\/ceip-lola-anglada-esplugues\/wp-content\/uploads\/usu1507\/2025\/12\/OA-11-2526.jpg 885w, https:\/\/agora.xtec.cat\/ceip-lola-anglada-esplugues\/wp-content\/uploads\/usu1507\/2025\/12\/OA-11-2526-300x217.jpg 300w, https:\/\/agora.xtec.cat\/ceip-lola-anglada-esplugues\/wp-content\/uploads\/usu1507\/2025\/12\/OA-11-2526-768x556.jpg 768w\" sizes=\"auto, (max-width: 885px) 100vw, 885px\" \/><\/a>6\u00aa Entrega\u00a0 \u00a0 \u00a0OCELL AMAGAT n\u00ba 11:\u00a0 COTXA FUMADA (plomatge de femella)<\/span><\/span><\/span><\/span><\/strong><\/span><\/span><\/h6>\n<h6 style=\"text-align: center;\"><span style=\"color: #808000;\"><span style=\"font-size: 14pt;\"><strong>\u00a0<\/strong><span style=\"font-size: 12pt;\"><strong>Per\u00edode per respondre: de dimarts 2 a dilluns 15 de desembre <\/strong><\/span><\/span><span style=\"font-size: 12pt;\"><strong>(fins 22 hores)<\/strong><\/span><\/span><\/h6>\n<p style=\"text-align: center;\"><strong><span style=\"color: #ff0000;\">Atenci\u00f3 !\u00a0 \u00a0Entrega de dues setmanes<\/span><\/strong><\/p>\n<p><span style=\"font-weight: 400;\">Repetim ocell amagat, per\u00f2 en aquest cas \u00e9s una femella!<\/span><\/p>\n<p><span style=\"font-weight: 400;\">La cotxa fumada \u00e9s un petit ocell molt actiu i curi\u00f3s que sovint podem veure als pobles i ciutats, saltant per teulades, parets o roques. T\u00e9 un plomatge fosc com si hagu\u00e9s passat per dins una xemeneia i hauria quedat tacada del sutge que fa el fum de la xemeneia, amb la cua de color taronja intens. Quan es posa a terra fa unes petites flexions amb les potes, acotxant-se, i d\u2019aqu\u00ed li ve el nom de \u201ccotxa\u201d. El mascle \u00e9s m\u00e9s negre i brillant, mentre que la femella o els juvenils s\u00f3n d\u2019un gris fumat m\u00e9s suau.<\/span><\/p>\n<p><span style=\"font-weight: 400;\">S\u2019alimenta sobretot d\u2019insectes, i \u00e9s molt \u00e0gil volant per atrapar-los al vol. Al nostre pati la veiem sobretot als mesos que fa m\u00e9s fred i podriem dir que malgrat ser un ocell sedentari Catalunya, al pati la veiem sobretot hivernant. A la primavera i estiu fa despla\u00e7aments altitudinals i s\u2019enfila cap a cotes m\u00e9s altes.<\/span><\/p>\n<p><span style=\"font-weight: 400;\">La fotografia \u00e9s una cotxa fumada amb plomatge de femella..<br \/>\n<\/span><span style=\"color: #000000;\"><strong><span style=\"font-weight: 400;\">Mida: uns 14\u201315 cm<\/span><span style=\"font-weight: 400;\"><br \/>\n<\/span><span style=\"font-weight: 400;\">Pes: entre 12 i 20 g<\/span><span style=\"font-weight: 400;\"><br \/>\n<\/span><span style=\"font-weight: 400;\">Longevitat: fins a 7\u20138 anys<\/span><\/strong><\/span><\/p>\n<p>&nbsp;<\/p>\n<h6 style=\"text-align: center;\"><span style=\"font-size: 18pt; color: #808000;\"><span style=\"font-size: 24pt;\"><strong><span style=\"font-size: 8pt;\"><span style=\"font-size: 18pt;\"><span style=\"font-size: 12pt;\"><span style=\"font-size: 14pt;\"><a href=\"https:\/\/agora.xtec.cat\/ceip-lola-anglada-esplugues\/wp-content\/uploads\/usu1507\/2025\/11\/OA-10-2526.jpg\"><img loading=\"lazy\" decoding=\"async\" class=\"aligncenter size-full wp-image-8721\" src=\"https:\/\/agora.xtec.cat\/ceip-lola-anglada-esplugues\/wp-content\/uploads\/usu1507\/2025\/11\/OA-10-2526.jpg\" alt=\"\" width=\"865\" height=\"558\" srcset=\"https:\/\/agora.xtec.cat\/ceip-lola-anglada-esplugues\/wp-content\/uploads\/usu1507\/2025\/11\/OA-10-2526.jpg 865w, https:\/\/agora.xtec.cat\/ceip-lola-anglada-esplugues\/wp-content\/uploads\/usu1507\/2025\/11\/OA-10-2526-300x194.jpg 300w, https:\/\/agora.xtec.cat\/ceip-lola-anglada-esplugues\/wp-content\/uploads\/usu1507\/2025\/11\/OA-10-2526-768x495.jpg 768w\" sizes=\"auto, (max-width: 865px) 100vw, 865px\" \/><\/a>5\u00aa Entrega\u00a0 \u00a0 \u00a0OCELL AMAGAT n\u00ba 10:\u00a0 BLAUET COM\u00da<\/span><\/span><\/span><\/span><\/strong><\/span><\/span><\/h6>\n<h6 style=\"text-align: center;\"><span style=\"color: #808000;\"><span style=\"font-size: 14pt;\"><strong>\u00a0<\/strong><span style=\"font-size: 12pt;\"><strong>Per\u00edode per respondre: de dimarts 25 de novembre a dilluns 1 de desembre <\/strong><\/span><\/span><span style=\"font-size: 12pt;\"><strong>(fins 22 hores)<\/strong><\/span><\/span><\/h6>\n<p><span style=\"font-weight: 400;\">El blauet com\u00fa \u00e9s un dels ocells m\u00e9s vistosos dels rius i rieres. T\u00e9 un plomatge de colors molt brillants: el cap i l\u2019esquena d\u2019un blau met\u00e0l\u00b7lic intens i el pit i la panxa de color taronja. La gola \u00e9s blanca, aix\u00ed com una taqueta al lateral del coll. Sovint \u00e9s dif\u00edcil de veure perqu\u00e8 \u00e9s molt r\u00e0pid i petit, per\u00f2 quan passa volant sembla una \u201cfletxa blava\u201d. El mascle i la femella s\u00f3n gaireb\u00e9 id\u00e8ntics i nom\u00e9s es poden distingir pel color de la mand\u00edbula inferior del bec: el mascle la t\u00e9 de color negre i la femella de color rogenc ataronjat.<\/span><\/p>\n<p><span style=\"font-weight: 400;\">Viu a prop de l\u2019aigua dol\u00e7a perqu\u00e8 \u00e9s all\u00e0 on troba el seu menjar preferit: els peixos petits. T\u00e9 un bec llarg i punxegut que li serveix per llen\u00e7ar-se com un dard a l\u2019aigua i capturar les seves preses. Quan pesca, es queda quiet damunt d\u2019una branca o una pedra, observant atentament, i en el moment just es llan\u00e7a en picat cap a l\u2019aigua.<\/span><\/p>\n<p><span style=\"font-weight: 400;\">Mida: Uns 16\u201318 cm (una mica m\u00e9s gran que un pardal).<\/span><span style=\"font-weight: 400;\"><br \/>\n<\/span><span style=\"font-weight: 400;\">Pes: Entre 30 i 45 grams (molt lleuger!).<\/span><span style=\"font-weight: 400;\"><br \/>\n<\/span><span style=\"font-weight: 400;\">Longevitat: Normalment entre 2 i 4 anys a la natura, tot i que alguns poden arribar als 6\u20137 anys.<\/span><span style=\"font-weight: 400;\"><br \/>\n<\/span><span style=\"font-weight: 400;\"><br \/>\n<\/span><span style=\"font-weight: 400;\">\u00c9s un expert pescador: El blauet pot calcular amb precisi\u00f3 la dist\u00e0ncia d\u2019ell al peix encara que l\u2019aigua el deformi. \u00c9s com un petit matem\u00e0tic del riu!<\/span><span style=\"font-weight: 400;\"><br \/>\n<\/span><span style=\"font-weight: 400;\">Fa el niu dins un t\u00fanel: Fa el niu dins d\u2019un forat excavat a un tal\u00fas de terra, fent un t\u00fanel que pot arribar a fer fins a 1 metre de llarg.<\/span><span style=\"font-weight: 400;\"><br \/>\n<\/span><span style=\"font-weight: 400;\">El seu blau brillant no prov\u00e9 de pigments, sin\u00f3 de la manera com la llum es reflecteix a les seves plomes. Si la llum canvia, tamb\u00e9 ho fa el to del blau.<\/span><span style=\"font-weight: 400;\"><br \/>\n<\/span><span style=\"font-weight: 400;\">Vola rapid\u00edssim. Tot i ser petit, pot volar a m\u00e9s de 40 km\/h i sovint passa tan r\u00e0pid que nom\u00e9s veus una boleta blava.<\/span><\/p>\n<p>&nbsp;<\/p>\n<h6 style=\"text-align: center;\"><span style=\"font-size: 18pt; color: #808000;\"><span style=\"font-size: 24pt;\"><strong><span style=\"font-size: 8pt;\"><span style=\"font-size: 18pt;\"><span style=\"font-size: 12pt;\"><span style=\"font-size: 14pt;\"><a href=\"https:\/\/agora.xtec.cat\/ceip-lola-anglada-esplugues\/wp-content\/uploads\/usu1507\/2025\/11\/OA-09-2526.jpg\"><img loading=\"lazy\" decoding=\"async\" class=\"aligncenter size-full wp-image-8720\" src=\"https:\/\/agora.xtec.cat\/ceip-lola-anglada-esplugues\/wp-content\/uploads\/usu1507\/2025\/11\/OA-09-2526.jpg\" alt=\"\" width=\"889\" height=\"636\" srcset=\"https:\/\/agora.xtec.cat\/ceip-lola-anglada-esplugues\/wp-content\/uploads\/usu1507\/2025\/11\/OA-09-2526.jpg 889w, https:\/\/agora.xtec.cat\/ceip-lola-anglada-esplugues\/wp-content\/uploads\/usu1507\/2025\/11\/OA-09-2526-300x215.jpg 300w, https:\/\/agora.xtec.cat\/ceip-lola-anglada-esplugues\/wp-content\/uploads\/usu1507\/2025\/11\/OA-09-2526-768x549.jpg 768w\" sizes=\"auto, (max-width: 889px) 100vw, 889px\" \/><\/a>5\u00aa Entrega\u00a0 \u00a0 \u00a0OCELL AMAGAT n\u00ba 09:\u00a0 FOTJA COMUNA<\/span><\/span><\/span><\/span><\/strong><\/span><\/span><\/h6>\n<h6 style=\"text-align: center;\"><span style=\"color: #808000;\"><span style=\"font-size: 14pt;\"><strong>\u00a0<\/strong><span style=\"font-size: 12pt;\"><strong>Per\u00edode per respondre: de dimarts 25 de novembre a dilluns 1 de desembre <\/strong><\/span><\/span><span style=\"font-size: 12pt;\"><strong>(fins 22 hores)<\/strong><\/span><\/span><\/h6>\n<h6 style=\"text-align: left;\"><span style=\"color: #000000;\"><span style=\"font-size: 12pt;\"><strong><span style=\"font-weight: 400;\">La fotja comuna \u00e9s un ocell aqu\u00e0tic que es troba sovint en estanys, rius i llacs. T\u00e9 un cos de mida mitjana, amb un plomatge negre, ull vermell i un bec i un escut frontal de color blanc blanc. \u00c9s un ocell que es mou molt b\u00e9 en l&#8217;aigua gr\u00e0cies als seus dits lobulats. Per alimentar-se de petites plantes aqu\u00e0tiques es pot submergir del tot perdent-lo de vista i apareixent uns metres m\u00e9s enll\u00e0 d\u2019on s\u2019ha submergit. A l\u2019hivern es concentra en estol de molts centenars d&#8217;individus.<\/span><span style=\"font-weight: 400;\"><br \/>\n<\/span><i><span style=\"font-weight: 400;\"><br \/>\n<\/span><\/i><span style=\"font-weight: 400;\">Mida: Al voltant de 35-40 cm de llargada (una mica m\u00e9s gran que un colom).<\/span><span style=\"font-weight: 400;\"><br \/>\n<\/span><span style=\"font-weight: 400;\">Pes: Entre 400 i 800 grams (els mascles solen ser m\u00e9s pesants que les femelles).<\/span><span style=\"font-weight: 400;\"><br \/>\n<\/span><span style=\"font-weight: 400;\">Longevitat: Pot viure entre 5 i 10 anys a la natura, tot i que molts no arriben a viure tant per l\u2019amena\u00e7a de depredadors o accidents.<\/span><\/strong><\/span><\/span><\/h6>\n<p>&nbsp;<\/p>\n<h6 style=\"text-align: center;\"><span style=\"font-size: 18pt; color: #808000;\"><span style=\"font-size: 24pt;\"><strong><span style=\"font-size: 8pt;\"><span style=\"font-size: 18pt;\"><span style=\"font-size: 12pt;\"><span style=\"font-size: 14pt;\"><a href=\"https:\/\/agora.xtec.cat\/ceip-lola-anglada-esplugues\/wp-content\/uploads\/usu1507\/2025\/11\/OA-08-2526.jpg\"><img loading=\"lazy\" decoding=\"async\" class=\"aligncenter size-full wp-image-8707\" src=\"https:\/\/agora.xtec.cat\/ceip-lola-anglada-esplugues\/wp-content\/uploads\/usu1507\/2025\/11\/OA-08-2526.jpg\" alt=\"\" width=\"892\" height=\"573\" srcset=\"https:\/\/agora.xtec.cat\/ceip-lola-anglada-esplugues\/wp-content\/uploads\/usu1507\/2025\/11\/OA-08-2526.jpg 892w, https:\/\/agora.xtec.cat\/ceip-lola-anglada-esplugues\/wp-content\/uploads\/usu1507\/2025\/11\/OA-08-2526-300x193.jpg 300w, https:\/\/agora.xtec.cat\/ceip-lola-anglada-esplugues\/wp-content\/uploads\/usu1507\/2025\/11\/OA-08-2526-768x493.jpg 768w\" sizes=\"auto, (max-width: 892px) 100vw, 892px\" \/><\/a>4\u00aa Entrega\u00a0 \u00a0 \u00a0OCELL AMAGAT n\u00ba 08:\u00a0 ARATINGA MITRADA<\/span><\/span><\/span><\/span><\/strong><\/span><\/span><\/h6>\n<h6 style=\"text-align: center;\"><span style=\"color: #808000;\"><span style=\"font-size: 14pt;\"><strong>\u00a0<\/strong><span style=\"font-size: 12pt;\"><strong>Per\u00edode per respondre: de dimarts 18 a dilluns 24 de novembre <\/strong><\/span><\/span><span style=\"font-size: 12pt;\"><strong>(fins 22 hores)<\/strong><\/span><\/span><\/h6>\n<p><span style=\"font-weight: 400;\">L\u2019aratinga mitrada \u00e9s un lloro de mida mitjana originari de les muntanyes dels Andes, a Sud-am\u00e8rica. T\u00e9 el cos verd brillant i el cap amb taques vermelles, com si port\u00e9s una petita mitra (una mena de gorra de bisbe), d\u2019aqu\u00ed li ve el nom. <\/span><span style=\"font-weight: 400;\"><br \/>\n<\/span><span style=\"font-weight: 400;\">\u00c9s un ocell molt soroll\u00f3s, actiu i sociable: li agrada viure en grup i comunicar-se amb forts crits. Menja sobretot fruites, llavors i flors. A algunes ciutats, com Barcelona o Val\u00e8ncia, ja s\u2019han format col\u00f2nies lliures d\u2019aquests lloros, provinents d\u2019ocells que abans vivien en captivitat. <\/span><span style=\"font-weight: 400;\"><br \/>\n<\/span><span style=\"font-weight: 400;\">Sempre que l\u2019hem vist al pati ha estat en grans grups sobrevolant l\u2019escola i en sentit cap al Parc Agrari del Llobregat a on van a alimentar-se.\u00a0<\/span><\/p>\n<p><span style=\"font-weight: 400;\">Mida: 33\u201338 cm (amb la cua llarga inclosa)<\/span><span style=\"font-weight: 400;\"><br \/>\n<\/span><span style=\"font-weight: 400;\">Pes: 200\u2013250 g<\/span><span style=\"font-weight: 400;\"><br \/>\n<\/span><span style=\"font-weight: 400;\">Longevitat: pot viure entre 20 i 30 anys<\/span><span style=\"font-weight: 400;\"><br \/>\n<\/span><span style=\"font-weight: 400;\">Curiositat: \u00e9s un lloro sud-americ\u00e0 molt soroll\u00f3s i sociable, amb el cap vermell i el cos verd. A algunes ciutats de Catalunya ja se\u2019n poden veure grups que s\u2019han adaptat a viure lliures!<\/span><\/p>\n<p>&nbsp;<\/p>\n<h6 style=\"text-align: center;\"><span style=\"font-size: 18pt; color: #808000;\"><span style=\"font-size: 24pt;\"><strong><span style=\"font-size: 8pt;\"><span style=\"font-size: 18pt;\"><span style=\"font-size: 12pt;\"><span style=\"font-size: 14pt;\"><a href=\"https:\/\/agora.xtec.cat\/ceip-lola-anglada-esplugues\/wp-content\/uploads\/usu1507\/2025\/11\/OA-07-2526.jpg\"><img loading=\"lazy\" decoding=\"async\" class=\"aligncenter size-full wp-image-8706\" src=\"https:\/\/agora.xtec.cat\/ceip-lola-anglada-esplugues\/wp-content\/uploads\/usu1507\/2025\/11\/OA-07-2526.jpg\" alt=\"\" width=\"842\" height=\"559\" srcset=\"https:\/\/agora.xtec.cat\/ceip-lola-anglada-esplugues\/wp-content\/uploads\/usu1507\/2025\/11\/OA-07-2526.jpg 842w, https:\/\/agora.xtec.cat\/ceip-lola-anglada-esplugues\/wp-content\/uploads\/usu1507\/2025\/11\/OA-07-2526-300x199.jpg 300w, https:\/\/agora.xtec.cat\/ceip-lola-anglada-esplugues\/wp-content\/uploads\/usu1507\/2025\/11\/OA-07-2526-768x510.jpg 768w\" sizes=\"auto, (max-width: 842px) 100vw, 842px\" \/><\/a>4\u00aa Entrega\u00a0 \u00a0 \u00a0OCELL AMAGAT n\u00ba 07:\u00a0 COTXA FUMADA (mascle)<\/span><\/span><\/span><\/span><\/strong><\/span><\/span><\/h6>\n<h6 style=\"text-align: center;\"><span style=\"color: #808000;\"><span style=\"font-size: 14pt;\"><strong>\u00a0<\/strong><span style=\"font-size: 12pt;\"><strong>Per\u00edode per respondre: de dimarts 18 a dilluns 24 de novembre <\/strong><\/span><\/span><span style=\"font-size: 12pt;\"><strong>(fins 22 hores)<\/strong><\/span><\/span><\/h6>\n<p><span style=\"font-weight: 400;\">La cotxa fumada \u00e9s un petit ocell molt actiu i curi\u00f3s que sovint podem veure als pobles i ciutats, saltant per teulades, parets o roques. T\u00e9 un plomatge fosc com si hagu\u00e9s passat per dins una xemeneia i hauria quedat tacada del sutge que fa el fum de la xemeneia, amb la cua de color taronja intens. Quan es posa a terra fa unes petites flexions amb les potes, acotxant-se, i d\u2019aqu\u00ed li ve el nom de \u201ccotxa\u201d. El mascle \u00e9s m\u00e9s negre i brillant, mentre que la femella \u00e9s d\u2019un gris fumat m\u00e9s suau.<\/span><\/p>\n<p><span style=\"font-weight: 400;\">S\u2019alimenta sobretot d\u2019insectes, i \u00e9s molt \u00e0gil volant per atrapar-los al vol. Al nostre pati la veiem sobretot als mesos que fa m\u00e9s fred i podriem dir que malgrat ser un ocell sedentari Catalunya, al pati la veiem sobretot hivernant. A la primavera i estiu fa despla\u00e7aments altitudinals i s\u2019enfila cap a cotes m\u00e9s altes.<\/span><\/p>\n<p><span style=\"color: #000000;\"><span style=\"font-size: 12pt;\"><strong><span style=\"font-weight: 400;\">Mida: uns 14\u201315 cm<\/span><\/strong><\/span><span style=\"font-size: 12pt;\"><strong><span style=\"font-weight: 400;\"><br \/>\n<\/span><span style=\"font-weight: 400;\">Pes: entre 12 i 20 g<\/span><span style=\"font-weight: 400;\"><br \/>\n<\/span><span style=\"font-weight: 400;\">Longevitat: fins a 7\u20138 anys<\/span><\/strong><\/span><\/span><\/p>\n<p>&nbsp;<\/p>\n<h6 style=\"text-align: center;\"><span style=\"font-size: 18pt; color: #808000;\"><span style=\"font-size: 24pt;\"><strong><span style=\"font-size: 8pt;\"><span style=\"font-size: 18pt;\"><span style=\"font-size: 12pt;\"><span style=\"font-size: 14pt;\"><a href=\"https:\/\/agora.xtec.cat\/ceip-lola-anglada-esplugues\/wp-content\/uploads\/usu1507\/2025\/11\/OA-06-2526.jpg\"><img loading=\"lazy\" decoding=\"async\" class=\"aligncenter size-full wp-image-8669\" src=\"https:\/\/agora.xtec.cat\/ceip-lola-anglada-esplugues\/wp-content\/uploads\/usu1507\/2025\/11\/OA-06-2526.jpg\" alt=\"\" width=\"892\" height=\"629\" srcset=\"https:\/\/agora.xtec.cat\/ceip-lola-anglada-esplugues\/wp-content\/uploads\/usu1507\/2025\/11\/OA-06-2526.jpg 892w, https:\/\/agora.xtec.cat\/ceip-lola-anglada-esplugues\/wp-content\/uploads\/usu1507\/2025\/11\/OA-06-2526-300x212.jpg 300w, https:\/\/agora.xtec.cat\/ceip-lola-anglada-esplugues\/wp-content\/uploads\/usu1507\/2025\/11\/OA-06-2526-768x542.jpg 768w\" sizes=\"auto, (max-width: 892px) 100vw, 892px\" \/><\/a>3\u00aa Entrega\u00a0 \u00a0 \u00a0OCELL AMAGAT n\u00ba 06:\u00a0 CADERNERA EUROPEA<\/span><\/span><\/span><\/span><\/strong><\/span><\/span><\/h6>\n<h6 style=\"text-align: center;\"><span style=\"color: #808000;\"><span style=\"font-size: 14pt;\"><strong>\u00a0<\/strong><span style=\"font-size: 12pt;\"><strong>Per\u00edode per respondre: de dimarts 4 a dilluns 17 de novembre <\/strong><\/span><\/span><span style=\"font-size: 12pt;\"><strong>(fins 22 hores)<\/strong><\/span><\/span><\/h6>\n<p style=\"text-align: center;\"><strong><span style=\"color: #ff0000;\">Atenci\u00f3 !\u00a0 \u00a0Entrega de dues setmanes per col\u00f2nies.<\/span><\/strong><\/p>\n<p><span style=\"font-weight: 400;\">La cadernera europea (Carduelis carduelis) \u00e9s un dels ocells m\u00e9s bonics i alegres que podem veure als nostres camps i jardins. T\u00e9 un plomatge molt acolorit: la cara vermella viva, blanc i negre al cap i unes ales negres amb una franja groga brillant que destaca molt quan vola.<\/span><\/p>\n<p><span style=\"font-weight: 400;\">\u00c9s un ocell petit i molt actiu, que sol moure\u2019s en grup i cantar amb una veu melodiosa i alegre. El seu cant \u00e9s tan bonic que durant segles ha estat molt apreciat per la gent.<\/span><\/p>\n<p><span style=\"font-weight: 400;\">La cadernera s\u2019alimenta sobretot de llavors \u2014li encanten les de cards i altres plantes silvestres\u2014, per\u00f2 tamb\u00e9 menja petits insectes a l\u2019estiu. Tant li agraden les llavors dels cards que el seu nom cient\u00edfic \u00e9s Carduelis carduelis.<\/span><\/p>\n<p><span style=\"font-weight: 400;\">Mida: uns 12\u201313,5 cm de llargada<\/span><span style=\"font-weight: 400;\"><br \/>\n<\/span><span style=\"font-weight: 400;\">Pes: entre 14 i 19 grams<\/span><span style=\"font-weight: 400;\"><br \/>\n<\/span><span style=\"font-weight: 400;\">Envergadura: aproximadament 21\u201325 cm<\/span><span style=\"font-weight: 400;\"><br \/>\n<\/span><span style=\"font-weight: 400;\">Longevitat: generalment 5 a 8 anys, per\u00f2 pot arribar fins als 10 anys en llibertat<\/span><span style=\"font-weight: 400;\"><br \/>\n<\/span><span style=\"font-weight: 400;\">H\u00e0bitat: zones obertes amb arbres o arbustos, jardins i camps de conreu<\/span><span style=\"font-weight: 400;\"><br \/>\n<\/span><span style=\"font-weight: 400;\">Alimentaci\u00f3: llavors (sobretot de cards), i petits insectes a l\u2019estiu<\/span><\/p>\n<p style=\"text-align: center;\"><strong><span style=\"color: #ff0000;\">\u00a0<\/span><\/strong><\/p>\n<p>&nbsp;<\/p>\n<h6 style=\"text-align: center;\"><span style=\"font-size: 18pt; color: #808000;\"><span style=\"font-size: 24pt;\"><strong><span style=\"font-size: 8pt;\"><span style=\"font-size: 18pt;\"><span style=\"font-size: 12pt;\"><span style=\"font-size: 14pt;\"><a href=\"https:\/\/agora.xtec.cat\/ceip-lola-anglada-esplugues\/wp-content\/uploads\/usu1507\/2025\/11\/OA-05-2526.jpg\"><img loading=\"lazy\" decoding=\"async\" class=\"aligncenter size-full wp-image-8668\" src=\"https:\/\/agora.xtec.cat\/ceip-lola-anglada-esplugues\/wp-content\/uploads\/usu1507\/2025\/11\/OA-05-2526.jpg\" alt=\"\" width=\"885\" height=\"570\" srcset=\"https:\/\/agora.xtec.cat\/ceip-lola-anglada-esplugues\/wp-content\/uploads\/usu1507\/2025\/11\/OA-05-2526.jpg 885w, https:\/\/agora.xtec.cat\/ceip-lola-anglada-esplugues\/wp-content\/uploads\/usu1507\/2025\/11\/OA-05-2526-300x193.jpg 300w, https:\/\/agora.xtec.cat\/ceip-lola-anglada-esplugues\/wp-content\/uploads\/usu1507\/2025\/11\/OA-05-2526-768x495.jpg 768w\" sizes=\"auto, (max-width: 885px) 100vw, 885px\" \/><\/a>3\u00aa Entrega\u00a0 \u00a0 \u00a0OCELL AMAGAT n\u00ba 05:\u00a0 BITXAC COM\u00da<\/span><\/span><\/span><\/span><\/strong><\/span><\/span><\/h6>\n<h6 style=\"text-align: center;\"><span style=\"color: #808000;\"><span style=\"font-size: 14pt;\"><strong>\u00a0<\/strong><span style=\"font-size: 12pt;\"><strong>Per\u00edode per respondre: de dimarts 4 a dilluns 17 de novembre <\/strong><\/span><\/span><span style=\"font-size: 12pt;\"><strong>(fins 22 hores)<\/strong><\/span><\/span><\/h6>\n<p style=\"text-align: center;\"><strong><span style=\"color: #ff0000;\">Atenci\u00f3 !\u00a0 \u00a0Entrega de dues setmanes per col\u00f2nies.<\/span><\/strong><\/p>\n<p><span style=\"font-weight: 400;\">El bitxac com\u00fa \u00e9s un petit ocell molt viu i curi\u00f3s que viu als camps oberts, prats i matolls. \u00c9s f\u00e0cil de recon\u00e8ixer pel seu h\u00e0bit d\u2019enfilar-se a dalt d\u2019una tija o una branca per vigilar el seu territori.<\/span><\/p>\n<p><span style=\"font-weight: 400;\">El mascle \u00e9s molt vist\u00f3s: t\u00e9 el pit taronja intens, el cap negre i una petita taqueta blanca al coll. La femella, en canvi, \u00e9s m\u00e9s discreta, amb tons marrons i ataronjats suaus, perfectes per camuflar-se entre les herbes.<\/span><\/p>\n<p><span style=\"font-weight: 400;\">Aquests ocells s\u2019alimenten sobretot d\u2019insectes, que cacen fent petits vols r\u00e0pids. El seu cant \u00e9s alegre i sovint se\u2019l pot sentir a l\u2019alba o al capvespre.<\/span><\/p>\n<p><span style=\"font-weight: 400;\">El bitxac com\u00fa \u00e9s un dels ocells m\u00e9s simp\u00e0tics del camp i els pagesos l\u2019anomenen caga-m\u00e0necs perqu\u00e8 mentre el pag\u00e8s remena la terra i deixa l\u2019aixada, c\u00e0vec, rasclet\u2026 plantat, el bitxac t\u00e9 tend\u00e8ncia a enfilar-s\u2019hi i de tant en tant deixa anar una deposici\u00f3 que embruta els m\u00e0necs.<\/span><\/p>\n<p><span style=\"font-weight: 400;\">Mida: uns 12\u201313 cm de llargada<\/span><span style=\"font-weight: 400;\"><br \/>\n<\/span><span style=\"font-weight: 400;\">Pes: entre 13 i 17 grams<\/span><span style=\"font-weight: 400;\"><br \/>\n<\/span><span style=\"font-weight: 400;\">Envergadura (d\u2019una punta d\u2019ala a l\u2019altra): uns 18\u201321 cm<\/span><span style=\"font-weight: 400;\"><br \/>\n<\/span><span style=\"font-weight: 400;\">Longevitat: normalment 2 a 5 anys, tot i que alguns poden viure fins a 8 anys<\/span><span style=\"font-weight: 400;\"><br \/>\n<\/span><span style=\"font-weight: 400;\">H\u00e0bitat: camps oberts, prats i matollars<\/span><span style=\"font-weight: 400;\"><br \/>\n<\/span><span style=\"font-weight: 400;\">Alimentaci\u00f3: insectes i altres petits invertebrats<\/span><\/p>\n<p>&nbsp;<\/p>\n<h6 style=\"text-align: center;\"><span style=\"font-size: 18pt; color: #808000;\"><span style=\"font-size: 24pt;\"><strong><span style=\"font-size: 8pt;\"><span style=\"font-size: 18pt;\"><span style=\"font-size: 12pt;\"><span style=\"font-size: 14pt;\"><a href=\"https:\/\/agora.xtec.cat\/ceip-lola-anglada-esplugues\/wp-content\/uploads\/usu1507\/2025\/10\/OA-04-2526.jpg\"><img loading=\"lazy\" decoding=\"async\" class=\"aligncenter size-full wp-image-8643\" src=\"https:\/\/agora.xtec.cat\/ceip-lola-anglada-esplugues\/wp-content\/uploads\/usu1507\/2025\/10\/OA-04-2526.jpg\" alt=\"\" width=\"881\" height=\"574\" srcset=\"https:\/\/agora.xtec.cat\/ceip-lola-anglada-esplugues\/wp-content\/uploads\/usu1507\/2025\/10\/OA-04-2526.jpg 881w, https:\/\/agora.xtec.cat\/ceip-lola-anglada-esplugues\/wp-content\/uploads\/usu1507\/2025\/10\/OA-04-2526-300x195.jpg 300w, https:\/\/agora.xtec.cat\/ceip-lola-anglada-esplugues\/wp-content\/uploads\/usu1507\/2025\/10\/OA-04-2526-768x500.jpg 768w\" sizes=\"auto, (max-width: 881px) 100vw, 881px\" \/><\/a>2\u00aa Entrega\u00a0 \u00a0 \u00a0OCELL AMAGAT n\u00ba 04:\u00a0 PINS\u00c0 COM\u00da<\/span><\/span><\/span><\/span><\/strong><\/span><\/span><\/h6>\n<h6 style=\"text-align: center;\"><span style=\"color: #808000;\"><span style=\"font-size: 14pt;\"><strong>\u00a0<\/strong><span style=\"font-size: 12pt;\"><strong>Per\u00edode per respondre: de dimarts 28 d&#8217;octubre a dilluns 3 de novembre <\/strong><\/span><\/span><span style=\"font-size: 12pt;\"><strong>(fins 22 hores)<\/strong><\/span><\/span><\/h6>\n<p><span style=\"font-weight: 400;\">El pins\u00e0 com\u00fa (Fringilla coelebs) \u00e9s un ocell petit i molt habitual als boscos, parcs i jardins de Catalunya. \u00c9s f\u00e0cil de veure i recon\u00e8ixer, sobretot pel seu cant bonic i repetitiu. El mascle (el mascle \u00e9s el &#8220;noi&#8221;) t\u00e9 uns colors molt vistosos: la cara i el pit rosats, el cap blau-gris i les ales amb franges blanques. La femella (la &#8220;noia&#8221;) \u00e9s de colors m\u00e9s discrets, marronosos i verdosos, per camuflar-se millor.<\/span><\/p>\n<p><span style=\"font-weight: 400;\">El pins\u00e0 menja sobretot llavors, fruits petits i tamb\u00e9 insectes, especialment a la primavera. A l\u2019hivern, sovint es reuneix en grups amb altres ocells per buscar menjar.<\/span><\/p>\n<h6 style=\"text-align: left;\"><span style=\"color: #000000;\"><span style=\"font-size: 12pt;\"><strong><span style=\"font-weight: 400;\">El seu nom cient\u00edfic, <\/span><i><span style=\"font-weight: 400;\">Fringilla coelebs<\/span><\/i><span style=\"font-weight: 400;\">, vol dir \u201cpins\u00e0 solter\u201d, perqu\u00e8 a l\u2019hivern molts mascles es queden sols mentre les femelles migren cap al sud o fan despla\u00e7aments altitudinals.<\/span><\/strong><\/span><\/span><\/h6>\n<p>&nbsp;<\/p>\n<h6 style=\"text-align: center;\"><span style=\"font-size: 18pt; color: #808000;\"><span style=\"font-size: 24pt;\"><strong><span style=\"font-size: 8pt;\"><span style=\"font-size: 18pt;\"><span style=\"font-size: 12pt;\"><span style=\"font-size: 14pt;\"><a href=\"https:\/\/agora.xtec.cat\/ceip-lola-anglada-esplugues\/wp-content\/uploads\/usu1507\/2025\/10\/OA-03-2526.jpg\"><img loading=\"lazy\" decoding=\"async\" class=\"aligncenter size-full wp-image-8642\" src=\"https:\/\/agora.xtec.cat\/ceip-lola-anglada-esplugues\/wp-content\/uploads\/usu1507\/2025\/10\/OA-03-2526.jpg\" alt=\"\" width=\"867\" height=\"559\" srcset=\"https:\/\/agora.xtec.cat\/ceip-lola-anglada-esplugues\/wp-content\/uploads\/usu1507\/2025\/10\/OA-03-2526.jpg 867w, https:\/\/agora.xtec.cat\/ceip-lola-anglada-esplugues\/wp-content\/uploads\/usu1507\/2025\/10\/OA-03-2526-300x193.jpg 300w, https:\/\/agora.xtec.cat\/ceip-lola-anglada-esplugues\/wp-content\/uploads\/usu1507\/2025\/10\/OA-03-2526-768x495.jpg 768w\" sizes=\"auto, (max-width: 867px) 100vw, 867px\" \/><\/a>2\u00aa Entrega\u00a0 \u00a0 \u00a0OCELL AMAGAT n\u00ba 03:\u00a0 COTORRETA PITGRISA<\/span><\/span><\/span><\/span><\/strong><\/span><\/span><\/h6>\n<h6 style=\"text-align: center;\"><span style=\"color: #808000;\"><span style=\"font-size: 14pt;\"><strong>\u00a0<\/strong><span style=\"font-size: 12pt;\"><strong>Per\u00edode per respondre: de dimarts 28 d&#8217;octubre a dilluns 3 de novembre <\/strong><\/span><\/span><span style=\"font-size: 12pt;\"><strong>(fins 22 hores)<\/strong><\/span><\/span><\/h6>\n<p><span style=\"font-weight: 400;\">La cotorreta pitgrisa (Myiopsitta monachus) \u00e9s un ocell de la mida d\u2019un colom i molt soroll\u00f3s que forma part de la fam\u00edlia dels lloros. T\u00e9 el plomatge verd brillant, per\u00f2 el pit i la cara s\u00f3n grisos, per aix\u00f2 se\u2019n diu &#8220;pitgrisa&#8221;. Viu de manera natural a Sud-am\u00e8rica, per\u00f2 fa anys que se n\u2019han escapat algunes d\u2019animals de companyia i ara tamb\u00e9 es poden veure volant lliures per ciutats com Esplugues de Llobregat.<\/span><\/p>\n<p><span style=\"font-weight: 400;\">Aquestes cotorretes s\u00f3n molt espavilades i viuen en grups grans. S\u00f3n famoses perqu\u00e8 construeixen nius gegants amb branques als arbres o fins i tot a les torres el\u00e8ctriques! A difer\u00e8ncia d\u2019altres lloros, no fan nius dins de forats, sin\u00f3 que fabriquen aut\u00e8ntiques &#8220;cases compartides&#8221; on poden viure moltes fam\u00edlies juntes.<\/span><\/p>\n<p><span style=\"font-weight: 400;\">Tot i que poden ser simp\u00e0tiques, en alguns llocs es consideren una esp\u00e8cie invasora perqu\u00e8 poden fer mal als cultius o espantar altres ocells.<\/span><\/p>\n<p>&nbsp;<\/p>\n<h6 style=\"text-align: center;\"><span style=\"font-size: 18pt; color: #808000;\"><span style=\"font-size: 24pt;\"><strong><span style=\"font-size: 8pt;\"><span style=\"font-size: 18pt;\"><span style=\"font-size: 12pt;\"><span style=\"font-size: 14pt;\"><a href=\"https:\/\/agora.xtec.cat\/ceip-lola-anglada-esplugues\/wp-content\/uploads\/usu1507\/2025\/10\/OA-02-2526.jpg\"><img loading=\"lazy\" decoding=\"async\" class=\"aligncenter size-full wp-image-8606\" src=\"https:\/\/agora.xtec.cat\/ceip-lola-anglada-esplugues\/wp-content\/uploads\/usu1507\/2025\/10\/OA-02-2526.jpg\" alt=\"\" width=\"878\" height=\"630\" srcset=\"https:\/\/agora.xtec.cat\/ceip-lola-anglada-esplugues\/wp-content\/uploads\/usu1507\/2025\/10\/OA-02-2526.jpg 878w, https:\/\/agora.xtec.cat\/ceip-lola-anglada-esplugues\/wp-content\/uploads\/usu1507\/2025\/10\/OA-02-2526-300x215.jpg 300w, https:\/\/agora.xtec.cat\/ceip-lola-anglada-esplugues\/wp-content\/uploads\/usu1507\/2025\/10\/OA-02-2526-768x551.jpg 768w\" sizes=\"auto, (max-width: 878px) 100vw, 878px\" \/><\/a>1\u00aa Entrega\u00a0 \u00a0 \u00a0OCELL AMAGAT n\u00ba 02:\u00a0 PARDAL COM\u00da<\/span><\/span><\/span><\/span><\/strong><\/span><\/span><\/h6>\n<h6 style=\"text-align: center;\"><span style=\"color: #808000;\"><span style=\"font-size: 14pt;\"><strong>\u00a0<\/strong><span style=\"font-size: 12pt;\"><strong>Per\u00edode per respondre: de dimarts 21 a dilluns 27 d&#8217;octubre <\/strong><\/span><\/span><span style=\"font-size: 12pt;\"><strong>(fins 22 hores)<\/strong><\/span><\/span><\/h6>\n<p><span style=\"font-weight: 400;\">El pardal com\u00fa (Passer domesticus) \u00e9s un ocell petit, molt conegut i f\u00e0cil de veure a les ciutats, pobles i camps d&#8217;arreu del m\u00f3n. T\u00e9 el cos compacte, amb un plomatge que pot variar una mica depenent del sexe i l&#8217;edat. El mascle adult t\u00e9 el cap i el pit de color marr\u00f3 fosc, amb una taca blanca a les galtes i una petita taca negra al coll per sota del bec. La seva panxa \u00e9s clara, gaireb\u00e9 blanca, i t\u00e9 unes ales curtes i rodones. Les femelles, en canvi, s\u00f3n m\u00e9s discretes en colors, amb tons marrons i grisos que les ajuden a camuflar-se millor.<\/span><\/p>\n<p><span style=\"font-weight: 400;\">Els pardals comuns s\u00f3n molt sociables i els pots veure en grups buscant menjar a terra o en les branques dels arbres. S\u00f3n uns grans menjadors i s\u2019alimenten de llavors, insectes petits, i fins i tot menjar que deixen les persones. Malgrat la seva mida petita, els pardals tenen un cant agut i repetitiu que fan servir per comunicar-se entre ells.<\/span><\/p>\n<p><span style=\"font-weight: 400;\">Aquests ocells estan acostumats a viure a prop dels humans i es poden trobar a qualsevol lloc: a les places, als parcs, als jardins, i fins i tot als sostres de les cases. S\u00f3n molt actius i sempre estan saltant, picotejant i fent soroll. El pardal com\u00fa \u00e9s un s\u00edmbol de la vida urbana i una mostra de com els animals s\u2019han adaptat a la conviv\u00e8ncia amb les persones.<\/span><\/p>\n<p>&nbsp;<\/p>\n<h6 style=\"text-align: center;\"><span style=\"font-size: 18pt; color: #808000;\"><span style=\"font-size: 24pt;\"><strong><span style=\"font-size: 8pt;\"><span style=\"font-size: 18pt;\"><span style=\"font-size: 12pt;\"><span style=\"font-size: 14pt;\"><a href=\"https:\/\/agora.xtec.cat\/ceip-lola-anglada-esplugues\/wp-content\/uploads\/usu1507\/2025\/10\/OA-01-2526.jpg\"><img loading=\"lazy\" decoding=\"async\" class=\"aligncenter size-full wp-image-8605\" src=\"https:\/\/agora.xtec.cat\/ceip-lola-anglada-esplugues\/wp-content\/uploads\/usu1507\/2025\/10\/OA-01-2526.jpg\" alt=\"\" width=\"884\" height=\"616\" srcset=\"https:\/\/agora.xtec.cat\/ceip-lola-anglada-esplugues\/wp-content\/uploads\/usu1507\/2025\/10\/OA-01-2526.jpg 884w, https:\/\/agora.xtec.cat\/ceip-lola-anglada-esplugues\/wp-content\/uploads\/usu1507\/2025\/10\/OA-01-2526-300x209.jpg 300w, https:\/\/agora.xtec.cat\/ceip-lola-anglada-esplugues\/wp-content\/uploads\/usu1507\/2025\/10\/OA-01-2526-768x535.jpg 768w\" sizes=\"auto, (max-width: 884px) 100vw, 884px\" \/><\/a>1\u00aa Entrega\u00a0 \u00a0 \u00a0OCELL AMAGAT n\u00ba 01:\u00a0 CUERETA BLANCA<\/span><\/span><\/span><\/span><\/strong><\/span><\/span><\/h6>\n<h6 style=\"text-align: center;\"><span style=\"color: #808000;\"><span style=\"font-size: 14pt;\"><strong>\u00a0<\/strong><span style=\"font-size: 12pt;\"><strong>Per\u00edode per respondre: de dimarts 21 a dilluns 27 d&#8217;octubre <\/strong><\/span><\/span><span style=\"font-size: 12pt;\"><strong>(fins 22 hores)<\/strong><\/span><\/span><\/h6>\n<p><span style=\"font-weight: 400;\">La cuereta blanca (Motacilla alba) \u00e9s un ocell petit i actiu que es pot veure a moltes parts d&#8217;Europa, \u00c0sia i el nord d&#8217;\u00c0frica. T\u00e9 un cos esvelt, amb el plomatge blanc a la panxa i el pit, i un dors de color gris clar. El m\u00e9s caracter\u00edstic d\u2019aquest ocell \u00e9s la seva llarga cua, que mou constantment amunt i avall, com si estigu\u00e9s fent una mena de ball. Els seus ulls s\u00f3n negres i t\u00e9 unes ales relativament petites, que l\u2019ajuden a volar r\u00e0pidament.<\/span><\/p>\n<p><span style=\"font-weight: 400;\">S\u00f3n ocells molt sociables i sovint els podem veure a les voreres, camps, jardins o llocs on hi ha molta activitat humana. Els agrada buscar menjar com insectes, cucs i petites aranyes, que capten amb gran agilitat. Tot i que \u00e9s molt present, el so de la cuereta blanca \u00e9s discret i semblant a un xiulet suau.<\/span><\/p>\n<p><span style=\"font-weight: 400;\">\u00c9s un ocell que mai no para quiet, i si el veus movent-se a gran velocitat, segurament \u00e9s perqu\u00e8 est\u00e0 buscant alguna cosa per menjar o explorant el seu territori. Amb la seva cueta que sempre est\u00e0 movent-se, \u00e9s f\u00e0cil de recon\u00e8ixer!<\/span><\/p>\n<p>&nbsp;<\/p>\n<h6 style=\"text-align: center;\"><span style=\"font-size: 18pt; color: #993300;\"><span style=\"font-size: 24pt;\"><strong>OCELL AMAGAT 2024-2025<span style=\"font-size: 8pt;\">.<\/span><\/strong><\/span><\/span><\/h6>\n<h6 style=\"text-align: center;\"><span style=\"font-size: 18pt; color: #c75e2a;\"><span style=\"font-size: 24pt;\"><strong><span style=\"font-size: 8pt;\"><span style=\"font-size: 18pt;\">INICI DEL JOC\u00a0 (14 d&#8217;octubre de 2024)<br \/>\nFINAL DEL JOC\u00a0 (11 de juny 2025)<\/span><\/span><\/strong><\/span><\/span><\/h6>\n<h6 style=\"text-align: center;\"><span style=\"font-size: 18pt; color: #993300;\"><span style=\"font-size: 24pt;\"><strong><span style=\"font-size: 8pt;\"><span style=\"font-size: 18pt;\"><span style=\"font-size: 12pt;\"><span style=\"font-size: 14pt;\"><a href=\"https:\/\/agora.xtec.cat\/ceip-lola-anglada-esplugues\/wp-content\/uploads\/usu1507\/2025\/06\/OA-42-2425.jpg\"><img loading=\"lazy\" decoding=\"async\" class=\"aligncenter size-full wp-image-8454\" src=\"https:\/\/agora.xtec.cat\/ceip-lola-anglada-esplugues\/wp-content\/uploads\/usu1507\/2025\/06\/OA-42-2425.jpg\" alt=\"\" width=\"894\" height=\"581\" srcset=\"https:\/\/agora.xtec.cat\/ceip-lola-anglada-esplugues\/wp-content\/uploads\/usu1507\/2025\/06\/OA-42-2425.jpg 894w, https:\/\/agora.xtec.cat\/ceip-lola-anglada-esplugues\/wp-content\/uploads\/usu1507\/2025\/06\/OA-42-2425-300x195.jpg 300w, https:\/\/agora.xtec.cat\/ceip-lola-anglada-esplugues\/wp-content\/uploads\/usu1507\/2025\/06\/OA-42-2425-768x499.jpg 768w\" sizes=\"auto, (max-width: 894px) 100vw, 894px\" \/><\/a>21\u00aa Entrega i darrera\u00a0 \u00a0 \u00a0OCELL AMAGAT n\u00ba 42:\u00a0 XORIGUER PETIT<\/span><\/span><\/span><\/span><\/strong><\/span><\/span><\/h6>\n<h6 style=\"text-align: center;\"><span style=\"font-size: 14pt; color: #993300;\"><strong>\u00a0<\/strong><span style=\"font-size: 12pt;\"><strong>Per\u00edode per respondre: de dijous 5 a dimecres 11 de juny <\/strong><\/span><\/span><span style=\"font-size: 12pt; color: #993300;\"><strong>(fins 22 hores)<\/strong><\/span><\/h6>\n<p><span style=\"font-weight: 400;\">El <\/span><b>xoriguer petit<\/b><span style=\"font-weight: 400;\"> (<\/span><i><span style=\"font-weight: 400;\">Falcons naumannis<\/span><\/i><span style=\"font-weight: 400;\">) es un ocell rapinyaire que pertany al g\u00e8nere dels falcons. S&#8217;alimenta principalment d&#8217;insectes i sovint cria en col\u00f2nies. Es troba al sud d&#8217;Europa, Orient Mitj\u00e0, \u00c0sia central i \u00c0frica. El seu estat de conservaci\u00f3 es considera de risc m\u00ednim.<\/span><span style=\"font-weight: 400;\"><br \/>\n<\/span><span style=\"font-weight: 400;\">\u00c9s un migr<\/span><span style=\"font-weight: 400;\">ador<\/span><span style=\"font-weight: 400;\"> transahari\u00e0 for\u00e7a esc\u00e0s i es troba en regressi\u00f3, per culpa de la reducci\u00f3 del seu h\u00e0bitat, ja que \u00e9s un ocell estepari que sol viure als camps de sec\u00e0 conreats extensivament, i aquests formen un ambient que va desapareixent substitu\u00eft pel bosc quan els camps s&#8217;abandonen i pels regadius.A Catalunya va desapar\u00e8ixer com a reproductor a mitjans dels 80 i s&#8217;ha estat reintroduint des de principis dels 90 a la zona dels secans de Lleida.<\/span><\/p>\n<p style=\"text-align: right;\"><span style=\"font-weight: 400; font-size: 10pt;\">Viquip\u00e8dia. L\u2019enciclop\u00e8dia lliure<\/span><\/p>\n<p>&nbsp;<\/p>\n<h6 style=\"text-align: center;\"><span style=\"font-size: 18pt; color: #993300;\"><span style=\"font-size: 24pt;\"><strong><span style=\"font-size: 8pt;\"><span style=\"font-size: 18pt;\"><span style=\"font-size: 12pt;\"><span style=\"font-size: 14pt;\"><a href=\"https:\/\/agora.xtec.cat\/ceip-lola-anglada-esplugues\/wp-content\/uploads\/usu1507\/2025\/06\/OA-41-2425.jpg\"><img loading=\"lazy\" decoding=\"async\" class=\"aligncenter size-full wp-image-8453\" src=\"https:\/\/agora.xtec.cat\/ceip-lola-anglada-esplugues\/wp-content\/uploads\/usu1507\/2025\/06\/OA-41-2425.jpg\" alt=\"\" width=\"892\" height=\"580\" srcset=\"https:\/\/agora.xtec.cat\/ceip-lola-anglada-esplugues\/wp-content\/uploads\/usu1507\/2025\/06\/OA-41-2425.jpg 892w, https:\/\/agora.xtec.cat\/ceip-lola-anglada-esplugues\/wp-content\/uploads\/usu1507\/2025\/06\/OA-41-2425-300x195.jpg 300w, https:\/\/agora.xtec.cat\/ceip-lola-anglada-esplugues\/wp-content\/uploads\/usu1507\/2025\/06\/OA-41-2425-768x499.jpg 768w\" sizes=\"auto, (max-width: 892px) 100vw, 892px\" \/><\/a>21\u00aa Entrega i darrera\u00a0 \u00a0 \u00a0OCELL AMAGAT n\u00ba 41:\u00a0 PASSERELL EURASI\u00c0TIC<\/span><\/span><\/span><\/span><\/strong><\/span><\/span><\/h6>\n<h6 style=\"text-align: center;\"><span style=\"font-size: 14pt; color: #993300;\"><strong>\u00a0<\/strong><span style=\"font-size: 12pt;\"><strong>Per\u00edode per respondre: de dijous 5 a dimecres 11 de juny <\/strong><\/span><\/span><span style=\"font-size: 12pt; color: #993300;\"><strong>(fins 22 hores)<\/strong><\/span><\/h6>\n<p><b>Passerell <\/b><span style=\"font-weight: 400;\">(13,5 cm). A Catalunya, hi \u00e9s durant tot l\u2019any, per\u00f2 hi \u00e9s m\u00e9s com\u00fa entre octubre i mar\u00e7, quan n\u2019arriben per passar l\u2019hivern, grans quantitats procedents del centre i nord d\u2019Europa.<\/span><\/p>\n<p><span style=\"font-weight: 400;\">Es troba est\u00e8s, m\u00e9s o menys, pertot arreu, per\u00f2 la seva distribuci\u00f3 \u00e9s una mica irregular. Escasseja en moltes comarques del litoral. Viu en xones amb arbustos, i evita les \u00e0rees forestals denses. Es troba des de les brolles mediterr\u00e0nies fins a les landes i els matollars de l\u2019alta muntanya. Durant la tardor i l\u2019hivern se\u2019l veu principalment als cultius, sobretot als guarets, i a les estepes, on s\u2019alimenta formant grans estols.<\/span><\/p>\n<p><span style=\"font-weight: 400;\">T\u00e9 una dieta gran\u00edvora; menja petites llavors de plantes herb\u00e0cies silvestres i li agraden especialment les plantes ruderals dels marges de conreus i males herbes.<\/span><\/p>\n<p><span style=\"font-weight: 400;\">Fa el niu als arbustos, generalment a poca al\u00e7ada. Sovint crien diverses parelles a prop les unes de les altres, formant petites col\u00f2nies. La posta \u00e9s de 4 o 5 ous.<\/span><\/p>\n<p style=\"text-align: center;\"><span style=\"font-weight: 400;\">CULTURA POPULAR I LITERATURA<br \/>\n<\/span><i><span style=\"font-weight: 400;\">\u00c9sser un passerell<\/span><\/i><span style=\"font-weight: 400;\">: \u00e9sser un aprenent, un inexpert.<br \/>\n<\/span><i style=\"font-family: inherit; font-size: 1em;\">Haver-hi passerells<\/i><span style=\"font-weight: 400;\">: haver-hi lladres.<br \/>\n<\/span><i><span style=\"font-weight: 400;\">Cantar com un passerell<\/span><\/i><span style=\"font-weight: 400;\">: cantar molt.<br \/>\n<\/span><i><span style=\"font-weight: 400;\">Estar alegre com un passerell<\/span><\/i><span style=\"font-weight: 400;\">: estar molt alegre.<br \/>\n<\/span><span style=\"font-weight: 400;\">Tenir passerells al cap: il\u00b7lusionar-se f\u00e0cilment, no tocar de peus a terra, somiar despert.<br \/>\n<\/span><i><span style=\"font-weight: 400;\">Omplir<\/span><\/i><span style=\"font-weight: 400;\"> (a alg\u00fa) <\/span><i><span style=\"font-weight: 400;\">el cap de passerells<\/span><\/i><span style=\"font-weight: 400;\">: fer-li tenir moltes il\u00b7lusions, atabalar-lo.<\/span><\/p>\n<p style=\"text-align: center;\"><span style=\"font-weight: 400;\">POESIA<br \/>\n<\/span><span style=\"font-weight: 400;\">\u201cTxo-txo-txoc\u201d, el passerell<br \/>\n<\/span><span style=\"font-weight: 400;\">-si \u00e9s marcenc t\u00e9 el pit vermell-<br \/>\n<\/span><span style=\"font-weight: 400;\">volant de pla o de gairell<br \/>\n<\/span><span style=\"font-weight: 400;\">llen\u00e7a al cel un cant molt bell.<br \/>\n<\/span><span style=\"font-weight: 400;\">I, tot i ser passerell,<br \/>\n<\/span><span style=\"font-weight: 400;\">mai no ha estat un passerell.<\/span><\/p>\n<p style=\"text-align: right;\"><span style=\"font-weight: 400;\"><br \/>\n<\/span><span style=\"font-weight: 400; font-size: 10pt;\">Celdoni Fonoll.\u00a0 \u201cVeus d\u2019ocells\u201d.\u00a0 Lynx Edicions<\/span><\/p>\n<p>&nbsp;<\/p>\n<h6 style=\"text-align: center;\"><span style=\"font-size: 18pt; color: #993300;\"><span style=\"font-size: 24pt;\"><strong><span style=\"font-size: 8pt;\"><span style=\"font-size: 18pt;\"><span style=\"font-size: 12pt;\"><span style=\"font-size: 14pt;\"><a href=\"https:\/\/agora.xtec.cat\/ceip-lola-anglada-esplugues\/wp-content\/uploads\/usu1507\/2025\/05\/OA-40-2425.jpg\"><img loading=\"lazy\" decoding=\"async\" class=\"aligncenter size-full wp-image-8436\" src=\"https:\/\/agora.xtec.cat\/ceip-lola-anglada-esplugues\/wp-content\/uploads\/usu1507\/2025\/05\/OA-40-2425.jpg\" alt=\"\" width=\"897\" height=\"580\" srcset=\"https:\/\/agora.xtec.cat\/ceip-lola-anglada-esplugues\/wp-content\/uploads\/usu1507\/2025\/05\/OA-40-2425.jpg 897w, https:\/\/agora.xtec.cat\/ceip-lola-anglada-esplugues\/wp-content\/uploads\/usu1507\/2025\/05\/OA-40-2425-300x194.jpg 300w, https:\/\/agora.xtec.cat\/ceip-lola-anglada-esplugues\/wp-content\/uploads\/usu1507\/2025\/05\/OA-40-2425-768x497.jpg 768w\" sizes=\"auto, (max-width: 897px) 100vw, 897px\" \/><\/a>20\u00aa Entrega\u00a0 \u00a0 \u00a0OCELL AMAGAT n\u00ba 40:\u00a0 MASTEGATATXES o PAPAMOSQUES EURASI\u00c0TIC<\/span><\/span><\/span><\/span><\/strong><\/span><\/span><\/h6>\n<h6 style=\"text-align: center;\"><span style=\"font-size: 14pt; color: #993300;\"><strong>\u00a0<\/strong><span style=\"font-size: 12pt;\"><strong>Per\u00edode per respondre: de dijous 29 de maig a dimecres 4 de juny <\/strong><\/span><\/span><span style=\"font-size: 12pt; color: #993300;\"><strong>(fins 22 hores)<\/strong><\/span><\/h6>\n<p><span style=\"font-weight: 400;\">El <\/span><b>mastegatatxes <\/b><span style=\"font-weight: 400;\">(13 cm) \u00e9s un ocell com\u00fa durant els passos migratoris de primavera i de tardor, quan va al centre i nord d\u2019Europa provinent de les \u00e0rees d\u2019hivernada del golf de Guinea o a l\u2019inrev\u00e9s.<\/span><\/p>\n<p><span style=\"font-weight: 400;\">Ocasionalment, s\u2019ha comprovat la seva reproducci\u00f3 en alguns indrets dels boscos pirinencs i de muntanya mitjana. T\u00e9 especial prefer\u00e8ncia pels boscos caducifolis amb arbres vells plens de forats per fer-hi el niu. En \u00e8poca de migraci\u00f3 es troba molt m\u00e9s repartit en tot tipus d\u2019ambients arbrats, com boscos mediterranis, de ribera, \u00e0rees agr\u00edcoles o, fins i tot, jardins.<\/span><\/p>\n<p><span style=\"font-weight: 400;\">La seva dieta es compon d\u2019invertebrats de tota classe, que ca\u00e7a per terra, per les branques dels arbres i tamb\u00e9 usant una perxa com a talaia, des del qual fa curtes volades per ca\u00e7ar insectes voladors. A la tardor i l\u2019hivern tamb\u00e9 s\u2019alimenta de llavors i fruits.<\/span><\/p>\n<p><span style=\"font-weight: 400;\">Cria en forats d\u2019arbres, tant naturals com fets pels altres ocells, i tamb\u00e9 accepta amb facilitat les caixes-niu. El niu \u00e9s una petita plataforma constru\u00efda per la femella a base de fulles, arrels, herbes, llana i plomes, on pon de 6 a 7 ous que covar\u00e0 durant dues setmanes. Els polls, alimentats per tots dos adults, romanen al niu uns 15 dies.<\/span><\/p>\n<p style=\"text-align: center;\"><span style=\"font-weight: 400;\">\u00a0<\/span><span style=\"font-weight: 400;\">CULTURA POPULAR I LITERATURA<br \/>\n<\/span><i><span style=\"font-weight: 400;\">Mastegatatxes<\/span><\/i><span style=\"font-weight: 400;\">: persona que sempre remuga, que en tot troba qu\u00e8 dir.<\/span><\/p>\n<h6 style=\"text-align: center;\"><span style=\"font-size: 12pt; color: #993300;\"><strong>\u00a0<\/strong><\/span><\/h6>\n<p style=\"text-align: center;\"><span style=\"font-weight: 400;\">POESIA<br \/>\n<\/span><span style=\"font-weight: 400;\">\u201cUit-pic\u201d, el mastegatatxes,<br \/>\n<\/span><span style=\"font-weight: 400;\">per terra o dalt de les branques<br \/>\n<\/span><span style=\"font-weight: 400;\">empaita gustoses mosques<br \/>\n<\/span><span style=\"font-weight: 400;\">movent, fris\u00f3s, cua i ales<br \/>\n<\/span><span style=\"font-weight: 400;\">de plomes negres i blanques,<br \/>\n<\/span><span style=\"font-weight: 400;\">i, tot endrapant insectes,<br \/>\n<\/span><span style=\"font-weight: 400;\">sembla que mastegui tatxes.<br \/>\n<\/span><span style=\"font-weight: 400;\">&#8211;\u00a0 <\/span> <span style=\"font-weight: 400;\">Mastega, mastegatatxes:<br \/>\n<\/span><span style=\"font-weight: 400;\">\u201cuit-pic\u201d, i endavant les atxes!<\/span><\/p>\n<h6 style=\"text-align: center;\"><span style=\"font-size: 12pt; color: #993300;\"><strong>\u00a0<\/strong><\/span><\/h6>\n<p style=\"text-align: right;\"><span style=\"font-weight: 400; font-size: 10pt;\">Celdoni Fonoll.\u00a0 \u201c60 Ocells comuns i rars\u201d.\u00a0 Lynx Edicions<\/span><\/p>\n<p>&nbsp;<\/p>\n<h6 style=\"text-align: center;\"><span style=\"font-size: 18pt; color: #993300;\"><span style=\"font-size: 24pt;\"><strong><span style=\"font-size: 8pt;\"><span style=\"font-size: 18pt;\"><span style=\"font-size: 12pt;\"><span style=\"font-size: 14pt;\"><a href=\"https:\/\/agora.xtec.cat\/ceip-lola-anglada-esplugues\/wp-content\/uploads\/usu1507\/2025\/05\/OA-39-2425.jpg\"><img loading=\"lazy\" decoding=\"async\" class=\"aligncenter size-full wp-image-8435\" src=\"https:\/\/agora.xtec.cat\/ceip-lola-anglada-esplugues\/wp-content\/uploads\/usu1507\/2025\/05\/OA-39-2425.jpg\" alt=\"\" width=\"894\" height=\"651\" srcset=\"https:\/\/agora.xtec.cat\/ceip-lola-anglada-esplugues\/wp-content\/uploads\/usu1507\/2025\/05\/OA-39-2425.jpg 894w, https:\/\/agora.xtec.cat\/ceip-lola-anglada-esplugues\/wp-content\/uploads\/usu1507\/2025\/05\/OA-39-2425-300x218.jpg 300w, https:\/\/agora.xtec.cat\/ceip-lola-anglada-esplugues\/wp-content\/uploads\/usu1507\/2025\/05\/OA-39-2425-768x559.jpg 768w\" sizes=\"auto, (max-width: 894px) 100vw, 894px\" \/><\/a>20\u00aa Entrega\u00a0 \u00a0 \u00a0OCELL AMAGAT n\u00ba 39:\u00a0 MALLERENGA BLAVA<\/span><\/span><\/span><\/span><\/strong><\/span><\/span><\/h6>\n<h6 style=\"text-align: center;\"><span style=\"font-size: 14pt; color: #993300;\"><strong>\u00a0<\/strong><span style=\"font-size: 12pt;\"><strong>Per\u00edode per respondre: de dijous 29 de maig a dimecres 4 de juny <\/strong><\/span><\/span><span style=\"font-size: 12pt; color: #993300;\"><strong>(fins 22 hores)<\/strong><\/span><\/h6>\n<p><span style=\"font-weight: 400;\">La <\/span><b>mallerenga blava <\/b><span style=\"font-weight: 400;\">amida<\/span> <span style=\"font-weight: 400;\">11 cm. Aquest petit ocell forestal \u00e9s sedentari i molt com\u00fa tot l\u2019any en terres catalanes.<\/span><\/p>\n<p><span style=\"font-weight: 400;\">Distribu\u00efda pr\u00e0cticament per tot Catalunya, \u00e9s absent nom\u00e9s al Delta de l\u2019Ebre, la costa sud de Tarragona, l\u2019Empord\u00e0, alguns punts de la Plana de Lleida i les \u00e0rees alpines pirinenques. Durant la cria prefereix els boscos caducifolis a la muntanya mitjana, sobretot fagedes i rouredes. Tamb\u00e9 nia en conreus amb marges arbrats, en plantacions d\u2019arbres fruiters i boscos de ribera. La resta de l\u2019any tamb\u00e9 sovinteja canyissars d\u2019aiguamolls, garrigues, brolles i jardins.<\/span><\/p>\n<p><span style=\"font-weight: 400;\">\u00c9s principalment insect\u00edvora i agafa insectes i aranyes entre el fullatge. A l\u2019hivern tamb\u00e9 menja nous i llavors.<\/span><\/p>\n<p><span style=\"font-weight: 400;\">La poblaci\u00f3 reproductora \u00e9s molt abundant, i s\u2019han calculat al voltant de mig mili\u00f3 de parelles al Principat de Catalunya. \u00c9s la mallerenga que cria m\u00e9s tard, entre finals d\u2019abril i comen\u00e7aments de maig, i pot fer una segona posta al maig. Fa el niu en forats d\u2019arbres i de pals del tel\u00e8fon, entre pedres de marges, en construccions i en caixes niu.<\/span><\/p>\n<p style=\"text-align: center;\"><span style=\"font-weight: 400;\">\u00a0<\/span><span style=\"font-weight: 400;\">CULTURA POPULAR I LITERATURA<br \/>\n<\/span><i><span style=\"font-weight: 400;\">Primavera blava. Ferreret<\/span><\/i><span style=\"font-weight: 400;\">: Nom a Menorca i Pa\u00eds Valenci\u00e0.<br \/>\n<\/span><\/p>\n<p style=\"text-align: center;\"><span style=\"font-weight: 400;\">La mallerenga blava \/ repinta el freixe nu&#8230;<br \/>\n<\/span><span style=\"font-weight: 400; font-size: 10pt;\">Miquel Desclot \u201cCan\u00e7\u00f3 de bressol\u201d (Per la Clara)<\/span><\/p>\n<p><span style=\"font-weight: 400;\">\u00a0<\/span><\/p>\n<p style=\"text-align: center;\"><span style=\"font-weight: 400;\">POESIA<br \/>\n<\/span><span style=\"font-weight: 400;\">Blava primavera<br \/>\n<\/span><span style=\"font-weight: 400;\">d\u2019arbreda i jard\u00ed,<br \/>\n<\/span><span style=\"font-weight: 400;\">viva i juganera<br \/>\n<\/span><span style=\"font-weight: 400;\">fas l\u2019hivern m\u00e9s fi.<br \/>\n<\/span><span style=\"font-weight: 400;\">\u201cLa mallerenga blava<br \/>\n<\/span><span style=\"font-weight: 400;\">repinta el freixe nu\u201d,<br \/>\n<\/span><span style=\"font-weight: 400;\">pare Desclot cantava<br \/>\n<\/span><span style=\"font-weight: 400;\">cofoi, Clara, per\u2019 tu.<\/span><\/p>\n<p style=\"text-align: right;\"><span style=\"font-weight: 400; font-size: 10pt;\">Celdoni Fonoll.\u00a0 \u201cAucells\u201d.\u00a0 Lynx Edicions<\/span><\/p>\n<p>&nbsp;<\/p>\n<h6 style=\"text-align: center;\"><span style=\"font-size: 18pt; color: #993300;\"><span style=\"font-size: 24pt;\"><strong><span style=\"font-size: 8pt;\"><span style=\"font-size: 18pt;\"><span style=\"font-size: 12pt;\"><span style=\"font-size: 14pt;\"><a href=\"https:\/\/agora.xtec.cat\/ceip-lola-anglada-esplugues\/wp-content\/uploads\/usu1507\/2025\/05\/OA-38-2425.jpg\"><img loading=\"lazy\" decoding=\"async\" class=\"aligncenter size-full wp-image-8389\" src=\"https:\/\/agora.xtec.cat\/ceip-lola-anglada-esplugues\/wp-content\/uploads\/usu1507\/2025\/05\/OA-38-2425.jpg\" alt=\"\" width=\"894\" height=\"652\" srcset=\"https:\/\/agora.xtec.cat\/ceip-lola-anglada-esplugues\/wp-content\/uploads\/usu1507\/2025\/05\/OA-38-2425.jpg 894w, https:\/\/agora.xtec.cat\/ceip-lola-anglada-esplugues\/wp-content\/uploads\/usu1507\/2025\/05\/OA-38-2425-300x219.jpg 300w, https:\/\/agora.xtec.cat\/ceip-lola-anglada-esplugues\/wp-content\/uploads\/usu1507\/2025\/05\/OA-38-2425-768x560.jpg 768w\" sizes=\"auto, (max-width: 894px) 100vw, 894px\" \/><\/a>19\u00aa Entrega\u00a0 \u00a0 \u00a0OCELL AMAGAT n\u00ba 38:\u00a0 ESPLUGABOUS<\/span><\/span><\/span><\/span><\/strong><\/span><\/span><\/h6>\n<h6 style=\"text-align: center;\"><span style=\"font-size: 14pt; color: #993300;\"><strong>\u00a0<\/strong><span style=\"font-size: 12pt;\"><strong>Per\u00edode per respondre: de dijous 15 a dimecres 28 de maig <\/strong><\/span><\/span><span style=\"font-size: 12pt; color: #993300;\"><strong>(fins 22 hores)<\/strong><\/span><\/h6>\n<p><span style=\"font-weight: 400;\">L\u2019<\/span><b>esplugabous <\/b><span style=\"font-weight: 400;\">(50 cm) va comen\u00e7ar a observar-se a Catalunya a la d\u00e8cada de 1950, quan les aus residents al sud de la pen\u00ednsula Ib\u00e8rica es van despla\u00e7ar cap al nord. Actualment \u00e9s com\u00fa en alguns llocs i encara es troba en expansi\u00f3. A l\u2019hivern es despla\u00e7a fora de les \u00e0rees on cria per bona part del Principat.<\/span><\/p>\n<p><span style=\"font-weight: 400;\">Viu en zones palustres a prop sobretot d\u2019arrossars i de conreus herbacis de regadiu. A l\u2019estiu es concentra a les principals zones de cria, com s\u00f3n el Delta de l\u2019Ebre, les Illes Medes i els embassaments del Segri\u00e0, on nia en canyissars i arbredes. S\u2019adapta a la pres\u00e8ncia humana i \u00e9s molt t\u00edpic veure\u2019l acompanyant el ramat mentre cerca l\u2019aliment.<\/span><\/p>\n<p><span style=\"font-weight: 400;\">Menja principalment insectes terrestres. Al Delta de l\u2019Ebre els estols segueixen els tractors que feinegen pels arrossars, buscant menjar.<\/span><\/p>\n<p><span style=\"font-weight: 400;\">Les col\u00f2nies de cria es formen entre finals d\u2019abril i el maig. Els nius s\u00f3n plataformes de branquillons en arbres, arbustos o canyissars, on ponen de tres a cinc ous. Tres setmanes despr\u00e9s del naixement, els polls abandonen el niu i exploren les branques properes, per\u00f2 encara s\u00f3n alimentats pels pares.<\/span><\/p>\n<p style=\"text-align: center;\"><span style=\"font-weight: 400;\">CULTURA POPULAR I LITERATURA<br \/>\n<\/span><i><span style=\"font-weight: 400;\">esplugar<\/span><\/i><span style=\"font-weight: 400;\">: netejar de puces o de polls.<\/span><\/p>\n<p style=\"text-align: center;\"><span style=\"font-weight: 400;\">POESIA<br \/>\n<\/span><span style=\"font-weight: 400;\">Espluga\u2019ns dels bous manaires,<br \/>\n<\/span><span style=\"font-weight: 400;\">esplugador esplugabous.<br \/>\n<\/span><span style=\"font-weight: 400;\">Neteja\u2019ns de tants par\u00e0sits<br \/>\n<\/span><span style=\"font-weight: 400;\">que malmenen el pa\u00eds,<br \/>\n<\/span><span style=\"font-weight: 400;\">aquell pa\u00eds que alguns feien<br \/>\n<\/span><span style=\"font-weight: 400;\">i ara molts van desfent<br \/>\n<\/span><span style=\"font-weight: 400;\">mentre el ramat diu am\u00e9n.<\/span><\/p>\n<p style=\"text-align: right;\"><span style=\"font-weight: 400;\">\u00a0\u00a0<span style=\"font-size: 10pt;\">Celdoni Fonoll.\u00a0 \u201cAucells\u201d.\u00a0 Lynx Edicions<\/span><\/span><\/p>\n<p>&nbsp;<\/p>\n<h6 style=\"text-align: center;\"><span style=\"font-size: 18pt; color: #993300;\"><span style=\"font-size: 24pt;\"><strong><span style=\"font-size: 8pt;\"><span style=\"font-size: 18pt;\"><span style=\"font-size: 12pt;\"><span style=\"font-size: 14pt;\"><a href=\"https:\/\/agora.xtec.cat\/ceip-lola-anglada-esplugues\/wp-content\/uploads\/usu1507\/2025\/05\/OA-37-2425.jpg\"><img loading=\"lazy\" decoding=\"async\" class=\"aligncenter size-full wp-image-8388\" src=\"https:\/\/agora.xtec.cat\/ceip-lola-anglada-esplugues\/wp-content\/uploads\/usu1507\/2025\/05\/OA-37-2425.jpg\" alt=\"\" width=\"895\" height=\"573\" srcset=\"https:\/\/agora.xtec.cat\/ceip-lola-anglada-esplugues\/wp-content\/uploads\/usu1507\/2025\/05\/OA-37-2425.jpg 895w, https:\/\/agora.xtec.cat\/ceip-lola-anglada-esplugues\/wp-content\/uploads\/usu1507\/2025\/05\/OA-37-2425-300x192.jpg 300w, https:\/\/agora.xtec.cat\/ceip-lola-anglada-esplugues\/wp-content\/uploads\/usu1507\/2025\/05\/OA-37-2425-768x492.jpg 768w\" sizes=\"auto, (max-width: 895px) 100vw, 895px\" \/><\/a>19\u00aa Entrega\u00a0 \u00a0 \u00a0OCELL AMAGAT n\u00ba 37:\u00a0 COTXA CUA-ROJA<\/span><\/span><\/span><\/span><\/strong><\/span><\/span><\/h6>\n<h6 style=\"text-align: center;\"><span style=\"font-size: 14pt; color: #993300;\"><strong>\u00a0<\/strong><span style=\"font-size: 12pt;\"><strong>Per\u00edode per respondre: de dijous 15 a dimecres 28 de maig <\/strong><\/span><\/span><span style=\"font-size: 12pt; color: #993300;\"><strong>(fins 22 hores)<\/strong><\/span><\/h6>\n<p><span style=\"font-weight: 400;\">La <\/span><b>cotxa cua-roja <\/b><span style=\"font-weight: 400;\">amida<\/span> <span style=\"font-weight: 400;\">13 cm. Com la cotxa fumada, cua, carp\u00f3 i infracobertores caudals vermellosos. Mascle nupcial amb cara i gola negres, front blanc, dors gris cendra i pit taronja viu. Femelles es diferencies dels de la cotxa fumada per ser m\u00e9s clars, sobretot les parts inferiors, les quals a vegades adquireixen un to ataronjat.<\/span><\/p>\n<p><span style=\"font-weight: 400;\">Cria en indrets oberts amb arbres dispersos. Des del nivell del mar fins a boscos alpins esclarissats.<\/span><\/p>\n<p><span style=\"font-weight: 400;\">Cria a la major part d\u2019Europa. Hiverna al sud del S\u00e0hara. Estival d\u2019abril a setembre. Menys de 100 parelles. Important regressi\u00f3.<\/span><\/p>\n<p style=\"text-align: center;\"><span style=\"font-weight: 400;\">CULTURA POPULAR I LITERATURA<br \/>\n<\/span><i><span style=\"font-weight: 400;\">Cua-roja reial<\/span><\/i><span style=\"font-weight: 400;\">: Nom al Pa\u00eds Valenci\u00e0.<br \/>\n<\/span><i><span style=\"font-weight: 400;\">Coa-roja<\/span><\/i><span style=\"font-weight: 400;\">: Nom a les Balears.<\/span><\/p>\n<p style=\"text-align: right;\"><span style=\"font-weight: 400; font-size: 10pt;\">\u201cOcells de Catalunya, Pa\u00eds Valenci\u00e0 i Balears\u201d.\u00a0 Lynx Edicions<\/span><\/p>\n<h6 style=\"text-align: center;\"><span style=\"font-size: 18pt; color: #993300;\"><span style=\"font-size: 24pt;\"><strong><span style=\"font-size: 8pt;\"><span style=\"font-size: 18pt;\"><span style=\"font-size: 12pt;\"><span style=\"font-size: 14pt;\"><a href=\"https:\/\/agora.xtec.cat\/ceip-lola-anglada-esplugues\/wp-content\/uploads\/usu1507\/2025\/05\/OA-36-2425.jpg\"><img loading=\"lazy\" decoding=\"async\" class=\"aligncenter size-full wp-image-8358\" src=\"https:\/\/agora.xtec.cat\/ceip-lola-anglada-esplugues\/wp-content\/uploads\/usu1507\/2025\/05\/OA-36-2425.jpg\" alt=\"\" width=\"877\" height=\"582\" srcset=\"https:\/\/agora.xtec.cat\/ceip-lola-anglada-esplugues\/wp-content\/uploads\/usu1507\/2025\/05\/OA-36-2425.jpg 877w, https:\/\/agora.xtec.cat\/ceip-lola-anglada-esplugues\/wp-content\/uploads\/usu1507\/2025\/05\/OA-36-2425-300x199.jpg 300w, https:\/\/agora.xtec.cat\/ceip-lola-anglada-esplugues\/wp-content\/uploads\/usu1507\/2025\/05\/OA-36-2425-768x510.jpg 768w\" sizes=\"auto, (max-width: 877px) 100vw, 877px\" \/><\/a>18\u00aa Entrega\u00a0 \u00a0 \u00a0OCELL AMAGAT n\u00ba 36:\u00a0 BALLESTER COM\u00da<\/span><\/span><\/span><\/span><\/strong><\/span><\/span><\/h6>\n<h6 style=\"text-align: center;\"><span style=\"font-size: 14pt; color: #993300;\"><strong>\u00a0<\/strong><span style=\"font-size: 12pt;\"><strong>Per\u00edode per respondre: de dijous 8 a dimecres 14 de maig <\/strong><\/span><\/span><span style=\"font-size: 12pt; color: #993300;\"><strong>(fins 22 hores)<\/strong><\/span><\/h6>\n<p><span style=\"font-weight: 400;\">El <\/span><b>ballester <\/b><span style=\"font-weight: 400;\">(21 cm) \u00e9s un ocell estival: els primers exemplars arriben a casa nostra la segona desena de mar\u00e7 i, despr\u00e9s de la cria, els m\u00e9s tardans al novembre, marxen novament a les seves \u00e0rees d\u2019hivernada subsaharianes.<\/span><\/p>\n<p><span style=\"font-weight: 400;\">El ballester, com els altres falciots, obt\u00e9 volant tot el que necessita, per\u00f2 a l\u2019\u00e8poca de cria li cal aturar-se als penya-segats per a bastir el niu i reproduir-se. El trobem arreu excepte a les grans altituds dels Pirineus o a les zones m\u00e9s planes de terra baixa. De tota manera, r\u00e0pidament s\u2019est\u00e0 adaptant a criar en edificis, i aix\u00f2 li permet colonitzar nous indrets i, fins i tot, grans nuclis urbans com Sabadell, Terrassa o Barcelona.<\/span><\/p>\n<p><span style=\"font-weight: 400;\">Menja mentre va volant, obrint la boca i recollint aix\u00ed tots els insectes voladors, aranyes i altres invertebrats arrossegats per l\u2019aire que se li posen a l\u2019abast. Tamb\u00e9 pot menjar de nit.<\/span><\/p>\n<p><span style=\"font-weight: 400;\">Formen col\u00f2nies de cria i fa el niu en esquerdes o forats de penyasegats, tant marins com d\u2019interiors, i en murs d\u2019edificis. Fa un niu poc elaborats a base de plomes i materials diversos agafats en vol i enganxats amb saliva. Cap a la segona quinzena de maig comencen les postes de 2 o 3 ous, que tant mascle com femella coven durant uns 20 dies. Els polls s\u00f3n alimentats per ambd\u00f3s progenitors i volen al cap d\u2019un mes i mig.<\/span><\/p>\n<p style=\"text-align: center;\"><span style=\"font-weight: 400;\">CULTURA POPULAR I LITERATURA<br \/>\n<\/span><i><span style=\"font-weight: 400;\">Ulls ballesters<\/span><\/i><span style=\"font-weight: 400;\">: ulls feridors, fletxadors, centellejants.<\/span><\/p>\n<p style=\"text-align: center;\"><span style=\"font-weight: 400;\">POESIA<br \/>\n<\/span><span style=\"font-weight: 400;\">Falciot de panxa blanca,<br \/>\n<\/span><span style=\"font-weight: 400;\">gros, espl\u00e8ndid, cridaner:<br \/>\n<\/span><span style=\"font-weight: 400;\">quin brunzit quan talla l\u2019aire<br \/>\n<\/span><span style=\"font-weight: 400;\">amb ballesta el ballester!<\/span><\/p>\n<p style=\"text-align: right;\"><span style=\"font-weight: 400;\">\u00a0<span style=\"font-size: 10pt;\">\u00a0Celdoni Fonoll.\u00a0 \u201c60 Ocells comuns i rars\u201d.\u00a0 Lynx Edicions<\/span><\/span><\/p>\n<p>&nbsp;<\/p>\n<h6 style=\"text-align: center;\"><span style=\"font-size: 18pt; color: #993300;\"><span style=\"font-size: 24pt;\"><strong><span style=\"font-size: 8pt;\"><span style=\"font-size: 18pt;\"><span style=\"font-size: 12pt;\"><span style=\"font-size: 14pt;\"><a href=\"https:\/\/agora.xtec.cat\/ceip-lola-anglada-esplugues\/wp-content\/uploads\/usu1507\/2025\/05\/OA-35-2425.jpg\"><img loading=\"lazy\" decoding=\"async\" class=\"aligncenter size-full wp-image-8357\" src=\"https:\/\/agora.xtec.cat\/ceip-lola-anglada-esplugues\/wp-content\/uploads\/usu1507\/2025\/05\/OA-35-2425.jpg\" alt=\"\" width=\"894\" height=\"646\" srcset=\"https:\/\/agora.xtec.cat\/ceip-lola-anglada-esplugues\/wp-content\/uploads\/usu1507\/2025\/05\/OA-35-2425.jpg 894w, https:\/\/agora.xtec.cat\/ceip-lola-anglada-esplugues\/wp-content\/uploads\/usu1507\/2025\/05\/OA-35-2425-300x217.jpg 300w, https:\/\/agora.xtec.cat\/ceip-lola-anglada-esplugues\/wp-content\/uploads\/usu1507\/2025\/05\/OA-35-2425-768x555.jpg 768w\" sizes=\"auto, (max-width: 894px) 100vw, 894px\" \/><\/a>18\u00aa Entrega\u00a0 \u00a0 \u00a0OCELL AMAGAT n\u00ba 35:\u00a0 MALLERENGA PETITA<\/span><\/span><\/span><\/span><\/strong><\/span><\/span><\/h6>\n<h6 style=\"text-align: center;\"><span style=\"font-size: 14pt; color: #993300;\"><strong>\u00a0<\/strong><span style=\"font-size: 12pt;\"><strong>Per\u00edode per respondre: de dijous 8 a dimecres 14 de maig <\/strong><\/span><\/span><span style=\"font-size: 12pt; color: #993300;\"><strong>(fins 22 hores)<\/strong><\/span><\/h6>\n<p><span style=\"font-weight: 400;\">T\u00e9 el cap de color negre blav\u00f3s amb una taca blanca al clatell i una a cada galta. El dors \u00e9s gris verd\u00f3s marron\u00f3s. Per sota \u00e9s blanquin\u00f3s amb tons marronosos cap als costats. El coll tamb\u00e9 \u00e9s negre.<\/span><\/p>\n<p><span style=\"font-weight: 400;\">Les ales tenen dues franges primes blanques. El bec \u00e9s negre i les potes de color gris.<br \/>\n<\/span><span style=\"font-weight: 400;\">Fa uns 11-12 cm de llarg.<br \/>\n<\/span><span style=\"font-weight: 400;\">Menja insectes, aranyes i llavors.<br \/>\n<\/span><span style=\"font-weight: 400;\">Fa el niu amb molsa, plomes i pels en forats d&#8217;arbres o de murs de pedra.<br \/>\n<\/span><span style=\"font-weight: 400;\">La femella pon entre 6 i 10 ous blanquinosos amb taques marronoses i els incuba uns 14 dies.<br \/>\n<\/span><span style=\"font-weight: 400;\">Els pollets comencen a volar cap als 16 dies.<br \/>\n<\/span><span style=\"font-weight: 400;\">Viu als boscos amb con\u00edferes (pins).<br \/>\n<\/span><span style=\"font-weight: 400;\">Li agrada penjar-se de les branques en postures acrob\u00e0tiques picotejant les fulles i les pinyes.<br \/>\n<\/span><span style=\"font-weight: 400;\">\u00c9s un ocell sedentari que viu a la major part de les zones forestals del pa\u00eds, sobretot als boscos de pins.<\/span><\/p>\n<p style=\"text-align: right;\"><span style=\"font-weight: 400; font-size: 10pt;\">Ferran Turmo i Gort. Plantes i animals de l\u2019entorn (p\u00e0gina web)<\/span><\/p>\n<p>&nbsp;<\/p>\n<h6 style=\"text-align: center;\"><span style=\"color: #3366ff;\"><span style=\"color: #333399;\"><span style=\"font-size: 14pt;\"><strong><span style=\"color: #993300;\"><a href=\"https:\/\/agora.xtec.cat\/ceip-lola-anglada-esplugues\/wp-content\/uploads\/usu1507\/2025\/04\/Ocell-amagats-BONIFICACIO-Setmana-Santa-2425.jpg\"><img loading=\"lazy\" decoding=\"async\" class=\"aligncenter size-full wp-image-8319\" src=\"https:\/\/agora.xtec.cat\/ceip-lola-anglada-esplugues\/wp-content\/uploads\/usu1507\/2025\/04\/Ocell-amagats-BONIFICACIO-Setmana-Santa-2425.jpg\" alt=\"\" width=\"920\" height=\"646\" srcset=\"https:\/\/agora.xtec.cat\/ceip-lola-anglada-esplugues\/wp-content\/uploads\/usu1507\/2025\/04\/Ocell-amagats-BONIFICACIO-Setmana-Santa-2425.jpg 920w, https:\/\/agora.xtec.cat\/ceip-lola-anglada-esplugues\/wp-content\/uploads\/usu1507\/2025\/04\/Ocell-amagats-BONIFICACIO-Setmana-Santa-2425-300x211.jpg 300w, https:\/\/agora.xtec.cat\/ceip-lola-anglada-esplugues\/wp-content\/uploads\/usu1507\/2025\/04\/Ocell-amagats-BONIFICACIO-Setmana-Santa-2425-768x539.jpg 768w\" sizes=\"auto, (max-width: 920px) 100vw, 920px\" \/><\/a>17\u00aa Entrega\u00a0 \u00a0 \u00a0OCELLS D&#8217;ESTANY &#8211; 17 PUNTS BONIFICACI\u00d3 &#8220;Setmana Santa 2025&#8221;<\/span><br \/>\n<\/strong><\/span><\/span><\/span><\/h6>\n<h6 style=\"text-align: center;\"><span style=\"font-size: 14pt; color: #993300;\"><span style=\"font-size: 12pt;\"><strong>Per\u00edode per respondre: <\/strong><\/span><\/span><span style=\"font-size: 12pt;\"><span style=\"color: #993300;\"><strong>de dijous 10 d&#8217;abril a dimecres 7 de maig <\/strong><\/span><span style=\"color: #993300;\"><strong>(fins 22 hores)<\/strong><\/span><\/span><\/h6>\n<h6 style=\"text-align: center;\"><span style=\"font-size: 14pt; color: #993300;\"><strong>ATENCI\u00d3! 4 setmanes<a href=\"https:\/\/agora.xtec.cat\/ceip-lola-anglada-esplugues\/wp-content\/uploads\/usu1507\/2025\/05\/Ocell-amagats-BONIFICACIO-Setmana-Santa-2425-respostes.jpg\"><img loading=\"lazy\" decoding=\"async\" class=\"aligncenter size-full wp-image-8359\" src=\"https:\/\/agora.xtec.cat\/ceip-lola-anglada-esplugues\/wp-content\/uploads\/usu1507\/2025\/05\/Ocell-amagats-BONIFICACIO-Setmana-Santa-2425-respostes.jpg\" alt=\"\" width=\"958\" height=\"128\" srcset=\"https:\/\/agora.xtec.cat\/ceip-lola-anglada-esplugues\/wp-content\/uploads\/usu1507\/2025\/05\/Ocell-amagats-BONIFICACIO-Setmana-Santa-2425-respostes.jpg 958w, https:\/\/agora.xtec.cat\/ceip-lola-anglada-esplugues\/wp-content\/uploads\/usu1507\/2025\/05\/Ocell-amagats-BONIFICACIO-Setmana-Santa-2425-respostes-300x40.jpg 300w, https:\/\/agora.xtec.cat\/ceip-lola-anglada-esplugues\/wp-content\/uploads\/usu1507\/2025\/05\/Ocell-amagats-BONIFICACIO-Setmana-Santa-2425-respostes-768x103.jpg 768w\" sizes=\"auto, (max-width: 958px) 100vw, 958px\" \/><\/a><\/strong><\/span><\/h6>\n<p>&nbsp;<\/p>\n<h6 style=\"text-align: center;\"><span style=\"font-size: 18pt; color: #993300;\"><span style=\"font-size: 24pt;\"><strong><span style=\"font-size: 8pt;\"><span style=\"font-size: 18pt;\"><span style=\"font-size: 12pt;\"><span style=\"font-size: 14pt;\"><a href=\"https:\/\/agora.xtec.cat\/ceip-lola-anglada-esplugues\/wp-content\/uploads\/usu1507\/2025\/04\/OA-34-2425.jpg\"><img loading=\"lazy\" decoding=\"async\" class=\"aligncenter size-full wp-image-8318\" src=\"https:\/\/agora.xtec.cat\/ceip-lola-anglada-esplugues\/wp-content\/uploads\/usu1507\/2025\/04\/OA-34-2425.jpg\" alt=\"\" width=\"888\" height=\"571\" srcset=\"https:\/\/agora.xtec.cat\/ceip-lola-anglada-esplugues\/wp-content\/uploads\/usu1507\/2025\/04\/OA-34-2425.jpg 888w, https:\/\/agora.xtec.cat\/ceip-lola-anglada-esplugues\/wp-content\/uploads\/usu1507\/2025\/04\/OA-34-2425-300x193.jpg 300w, https:\/\/agora.xtec.cat\/ceip-lola-anglada-esplugues\/wp-content\/uploads\/usu1507\/2025\/04\/OA-34-2425-768x494.jpg 768w\" sizes=\"auto, (max-width: 888px) 100vw, 888px\" \/><\/a>17\u00aa Entrega\u00a0 \u00a0 \u00a0OCELL AMAGAT n\u00ba 34:\u00a0 MERLA BLAVA<\/span><\/span><\/span><\/span><\/strong><\/span><\/span><\/h6>\n<h6 style=\"text-align: center;\"><span style=\"font-size: 14pt; color: #993300;\"><strong>\u00a0<\/strong><span style=\"font-size: 12pt;\"><strong>Per\u00edode per respondre: de dijous 10 d&#8217;abril a dimecres 7 de maig <\/strong><\/span><\/span><span style=\"font-size: 12pt; color: #993300;\"><strong>(fins 22 hores)<\/strong><\/span><\/h6>\n<p><span style=\"font-weight: 400;\">La <\/span><b>merla blava <\/b><span style=\"font-weight: 400;\">(22 cm) \u00e9s un ocell rup\u00edcola (parets de roca) i resident com\u00fa a casa nostra. A pesar del seu car\u00e0cter sedentari, els joves es dispersen fora de les zones de cria.<\/span><\/p>\n<p><span style=\"font-weight: 400;\">Es distribueix per les zones muntanyenques de la Catalunya seca (Serralada litoral, serres interiors del sud del Principat, Sistema Prelitoral, l\u2019Albera, el Solson\u00e8s i el Prepirineu) i el litoral. \u00c9s absent de l\u2019Alt Pirineu i de la zona oriental humida. Prefereix els h\u00e0bitats secs i rocallosos, com ara cingles, roquissars i penya-segats. Tanmateix, tot i considerar-se una esp\u00e8cie mediterr\u00e0nia de baixes altituds, pot enfilar-se a les muntanyes fins per sobre dels 1000 metres d\u2019altitud en vessants solells i secs. Tria tamb\u00e9 construccions en llocs habitats per criar.<\/span><\/p>\n<p><span style=\"font-weight: 400;\">La seva dieta \u00e9s b\u00e0sicament insect\u00edvora, per\u00f2 tamb\u00e9 ca\u00e7a sargantanes i menja fruits.<\/span><\/p>\n<p><span style=\"font-weight: 400;\">Les parelles solen formar-se al mar\u00e7, i el mascle s\u2019exhibeix fent una mena de rever\u00e8ncia per atraure la femella. A l\u2019abril, la femella fa el niu entre roques o pareds que omple amb vegetaci\u00f3. A primers de maig els polls s\u00f3n alimentats pels adults, i a finals dels mateix mes ja poden volar. Pot haver-hi\u00a0 una segona posta.<\/span><\/p>\n<p style=\"text-align: center;\"><span style=\"font-weight: 400;\">\u00a0<\/span><span style=\"font-weight: 400;\">CULTURA POPULAR I LITERATURA<br \/>\n<\/span><i><span style=\"font-weight: 400;\">P\u00e0ssara o p\u00e0ssara solit\u00e0ria<\/span><\/i><span style=\"font-weight: 400;\">: antigament.<br \/>\n<\/span><i><span style=\"font-weight: 400;\">Si la p\u00e0ssara est\u00e0 alegre a la matinada&#8230; \u00e9s senyal de pluja.<\/span><\/i><\/p>\n<p style=\"text-align: right;\"><span style=\"font-size: 10pt;\"><span style=\"font-weight: 400;\">Miquel Agust\u00ed. \u201cLlibre dels secrets d\u2019agricultura, casa r\u00fastica i pastoril\u201d. Barcelona<\/span> <span style=\"font-weight: 400;\">1617<\/span><\/span><\/p>\n<p style=\"text-align: center;\"><span style=\"font-weight: 400;\">POESIA<br \/>\n<\/span><span style=\"font-weight: 400;\">A la vora de la mar<br \/>\n<\/span><span style=\"font-weight: 400;\">n\u2019hi ha una aucella,<br \/>\n<\/span><span style=\"font-weight: 400;\">que flauteja als roquissars,<br \/>\n<\/span><span style=\"font-weight: 400;\">soliua i bella.<br \/>\n<\/span><span style=\"font-weight: 400;\">A Sinera i a Sagunt,<br \/>\n<\/span><span style=\"font-weight: 400;\">Mallorca i D\u00e8nia,<br \/>\n<\/span><span style=\"font-weight: 400;\">per la costa avall i amunt,<br \/>\n<\/span><span style=\"font-weight: 400;\">mediterr\u00e0nia.<br \/>\n<\/span><span style=\"font-weight: 400;\">Tamb\u00e9 campa terra enll\u00e0<br \/>\n<\/span><span style=\"font-weight: 400;\">aqueixa aucella,<br \/>\n<\/span><span style=\"font-weight: 400;\">Mequinensa i Perpiny\u00e0,<br \/>\n<\/span><span style=\"font-weight: 400;\">Tremp i Morella.<br \/>\n<\/span><span style=\"font-weight: 400;\">Als Pa\u00efsos Catalans<br \/>\n<\/span><span style=\"font-weight: 400;\">-la P\u00e0tria esclava-<br \/>\n<\/span><span style=\"font-weight: 400;\">vola lliure pels penyals<br \/>\n<\/span><span style=\"font-weight: 400;\">la merla blava.<\/span><\/p>\n<p style=\"text-align: right;\"><span style=\"font-weight: 400;\">\u00a0\u00a0<span style=\"font-size: 10pt;\">Celdoni Fonoll.\u00a0 \u201cAucells\u201d.\u00a0 Lynx Edicions<\/span><\/span><\/p>\n<p>&nbsp;<\/p>\n<h6 style=\"text-align: center;\"><span style=\"font-size: 18pt; color: #993300;\"><span style=\"font-size: 24pt;\"><strong><span style=\"font-size: 8pt;\"><span style=\"font-size: 18pt;\"><span style=\"font-size: 12pt;\"><span style=\"font-size: 14pt;\"><a href=\"https:\/\/agora.xtec.cat\/ceip-lola-anglada-esplugues\/wp-content\/uploads\/usu1507\/2025\/04\/OA-33-2425.jpg\"><img loading=\"lazy\" decoding=\"async\" class=\"aligncenter size-full wp-image-8317\" src=\"https:\/\/agora.xtec.cat\/ceip-lola-anglada-esplugues\/wp-content\/uploads\/usu1507\/2025\/04\/OA-33-2425.jpg\" alt=\"\" width=\"895\" height=\"577\" srcset=\"https:\/\/agora.xtec.cat\/ceip-lola-anglada-esplugues\/wp-content\/uploads\/usu1507\/2025\/04\/OA-33-2425.jpg 895w, https:\/\/agora.xtec.cat\/ceip-lola-anglada-esplugues\/wp-content\/uploads\/usu1507\/2025\/04\/OA-33-2425-300x193.jpg 300w, https:\/\/agora.xtec.cat\/ceip-lola-anglada-esplugues\/wp-content\/uploads\/usu1507\/2025\/04\/OA-33-2425-768x495.jpg 768w\" sizes=\"auto, (max-width: 895px) 100vw, 895px\" \/><\/a>17\u00aa Entrega\u00a0 \u00a0 \u00a0OCELL AMAGAT n\u00ba 33:\u00a0 CIGONYA BLANCA<\/span><\/span><\/span><\/span><\/strong><\/span><\/span><\/h6>\n<h6 style=\"text-align: center;\"><span style=\"font-size: 14pt; color: #993300;\"><strong>\u00a0<\/strong><span style=\"font-size: 12pt;\"><strong>Per\u00edode per respondre: de dijous 10 d&#8217;abril a dimecres 7 de maig <\/strong><\/span><\/span><span style=\"font-size: 12pt; color: #993300;\"><strong>(fins 22 hores)<\/strong><\/span><\/h6>\n<p><span style=\"font-weight: 400;\">La <\/span><b>cigonya blanca <\/b><span style=\"font-weight: 400;\">amida<\/span> <span style=\"font-weight: 400;\">102 cm. Les cigonyes s\u00f3n t\u00edpic ocells migratoris que arriben a les nostres comarques molt aviat, al febrer, i hi romanen fins a l\u2019agost. Antigament, se n\u2019anaven sempre a passar l\u2019hivern a l\u2019\u00c0frica, per\u00f2 durant els darrers anys \u00e9s cada vegada m\u00e9s freq\u00fcent que alguns exemplars es quedin a les planes de ponent o als aiguamolls del litoral.<\/span><\/p>\n<p><span style=\"font-weight: 400;\">Nidifica nom\u00e9s a les planes de Ponent i a l\u2019Empord\u00e0. Els darrers anys est\u00e0 en proc\u00e9s d\u2019expansi\u00f3 i cada vegada \u00e9s m\u00e9s nombrosa. A m\u00e9s, es poden veure cigonyes arreu de Catalunya durant els seus viatges migratoris entre \u00c0frica i el centre d\u2019Europa. Viu en planes cultivades de terra baixa, sobretot si tenen algun tipus d\u2019ambient aqu\u00e0tic. \u00c9s un ocell molt conegut pel seu costum de viure prop de l\u2019home, en pobles i fins en grans ciutats, com per exemple, Lleida.<\/span><\/p>\n<p><span style=\"font-weight: 400;\">Sovint menja en vores de rius, basses i aiguamolls, on captura peixos, granotes i serps, per\u00f2 tamb\u00e9 cerca pels conreus cucs, llagostes i fins i tot ratolins.<\/span><\/p>\n<p><span style=\"font-weight: 400;\">Fa un niu molt gros amb branques seques, que ocupa any rere any. Els nius se situen en edificis alts, com ara campanars d\u2019esgl\u00e9sia, sitges, i tamb\u00e9 alguna vegada en grans arbres. Pon de 3 a 5 ous.<\/span><\/p>\n<p style=\"text-align: center;\"><span style=\"font-weight: 400;\">\u00a0<\/span><span style=\"font-weight: 400;\">CULTURA POPULAR I LITERATURA<br \/>\n<\/span><i><span style=\"font-weight: 400;\">\u201cPintar la cigonya\u201d<\/span><\/i><span style=\"font-weight: 400;\">: Fer creure el que no \u00e9s, exhibir-se vanitosament.<\/span><\/p>\n<h6 style=\"text-align: center;\"><span style=\"font-size: 12pt; color: #993300;\"><strong>\u00a0<\/strong><\/span><\/h6>\n<p style=\"text-align: center;\"><span style=\"font-weight: 400;\">POESIA<br \/>\n<\/span><span style=\"font-weight: 400;\">Cigonya de vol solemne<br \/>\n<\/span><span style=\"font-weight: 400;\">cigonya dels aiguamolls,<br \/>\n<\/span><span style=\"font-weight: 400;\">cigonya dels nius enormes<br \/>\n<\/span><span style=\"font-weight: 400;\">als teus pals o als campanars,<br \/>\n<\/span><span style=\"font-weight: 400;\">cigonya que tornes, blanca,<br \/>\n<\/span><span style=\"font-weight: 400;\">cada any a l\u2019abril i el mar\u00e7,<br \/>\n<\/span><span style=\"font-weight: 400;\">cigonya, amiga, desvetlla<br \/>\n<\/span><span style=\"font-weight: 400;\">amb els \u201cclac-clac-clac\u201d del teu bec<br \/>\n<\/span><span style=\"font-weight: 400;\">aquest pa\u00eds que no vetlla<br \/>\n<\/span><span style=\"font-weight: 400;\">el seu aut\u00e8ntic batec.<\/span><\/p>\n<p style=\"text-align: right;\"><span style=\"font-weight: 400; font-size: 10pt;\">Celdoni Fonoll.\u00a0 \u201cVeus d\u2019ocells\u201d.\u00a0 Lynx Edicions<\/span><\/p>\n<p>&nbsp;<\/p>\n<h6 style=\"text-align: center;\"><span style=\"font-size: 18pt; color: #993300;\"><span style=\"font-size: 24pt;\"><strong><span style=\"font-size: 8pt;\"><span style=\"font-size: 18pt;\"><span style=\"font-size: 12pt;\"><span style=\"font-size: 14pt;\"><a href=\"https:\/\/agora.xtec.cat\/ceip-lola-anglada-esplugues\/wp-content\/uploads\/usu1507\/2025\/04\/OA-32-2425.jpg\"><img loading=\"lazy\" decoding=\"async\" class=\"aligncenter size-full wp-image-8299\" src=\"https:\/\/agora.xtec.cat\/ceip-lola-anglada-esplugues\/wp-content\/uploads\/usu1507\/2025\/04\/OA-32-2425.jpg\" alt=\"\" width=\"894\" height=\"576\" srcset=\"https:\/\/agora.xtec.cat\/ceip-lola-anglada-esplugues\/wp-content\/uploads\/usu1507\/2025\/04\/OA-32-2425.jpg 894w, https:\/\/agora.xtec.cat\/ceip-lola-anglada-esplugues\/wp-content\/uploads\/usu1507\/2025\/04\/OA-32-2425-300x193.jpg 300w, https:\/\/agora.xtec.cat\/ceip-lola-anglada-esplugues\/wp-content\/uploads\/usu1507\/2025\/04\/OA-32-2425-768x495.jpg 768w\" sizes=\"auto, (max-width: 894px) 100vw, 894px\" \/><\/a>16\u00aa Entrega\u00a0 \u00a0 \u00a0OCELL AMAGAT n\u00ba 32:\u00a0\u00a0<\/span><\/span><\/span><\/span><\/strong><\/span><\/span><\/h6>\n<h6 style=\"text-align: center;\"><span style=\"font-size: 14pt; color: #993300;\"><strong>\u00a0<\/strong><span style=\"font-size: 12pt;\"><strong>Per\u00edode per respondre: de dijous 3 a dimecres 9 d&#8217;abril <\/strong><\/span><\/span><span style=\"font-size: 12pt; color: #993300;\"><strong>(fins 22 hores)<\/strong><\/span><\/h6>\n<p><span style=\"font-weight: 400;\">La <\/span><b>mallerenga cuallarga <\/b><span style=\"font-weight: 400;\">(14 cm) \u00e9s una esp\u00e8cie nidificant sedent\u00e0ria molt comuna tot l\u2019any a casa nostra. Les poblacions m\u00e9s n\u00f2rdiques fan despla\u00e7aments hivernals cap al sud, generalment en estols.<\/span><\/p>\n<p><span style=\"font-weight: 400;\">Aquest ocell cria pr\u00e0cticament per tot el territori, on habita boscos molt diversos tant litorals com pirinencs. Freq\u00fcenta zones\u00a0 amb sotabosc i arbredes fluvials, per\u00f2 \u00e9s m\u00e9s abundant als boscos d\u2019alzina. Surera i roure. \u00c9s absent a les zones molt seques o desforestades, i en parts de la franja m\u00e9s seca litoral, tamb\u00e9 a bona part\u00a0 de les planes de Ponent i el delta de l\u2019Ebre; i poc nombrosa a la plana de l\u2019Alt Empord\u00e0 i a l\u2019estatge alp\u00ed de les comarques pirinenques.<\/span><\/p>\n<p><span style=\"font-weight: 400;\">Insect\u00edvora, menja especialment ous i larves que agafa de la copa dels arbres i al sotabosc.<\/span><\/p>\n<p><span style=\"font-weight: 400;\">Al mar\u00e7 la parella basteix un niu molt elaborat, com una bossa amb una entrada lateral, i molt gros en relaci\u00f3 amb la mida de l\u2019ocell. Amagat en arbres o esbarzers, el niu \u00e9s molt mim\u00e8tic i cont\u00e9 entre 8 i 12 ous. Al cap de dues setmanes els polls ja poden volar.<\/span><\/p>\n<p style=\"text-align: center;\"><span style=\"font-weight: 400;\">CULTURA POPULAR I LITERATURA<br \/>\n<\/span><i><span style=\"font-weight: 400;\">Senyoreta<\/span><\/i><span style=\"font-weight: 400;\">: nom local.<\/span><\/p>\n<h6 style=\"text-align: center;\"><span style=\"font-size: 12pt; color: #993300;\"><strong>\u00a0<\/strong><\/span><\/h6>\n<p style=\"text-align: center;\"><span style=\"font-weight: 400;\">POESIA<br \/>\n<\/span><span style=\"font-weight: 400;\">Boleta de plomes<br \/>\n<\/span><span style=\"font-weight: 400;\">en Maluquer et diu,<br \/>\n<\/span><span style=\"font-weight: 400;\">de la cua llarga<br \/>\n<\/span><span style=\"font-weight: 400;\">ocellet joliu.<br \/>\n<\/span><span style=\"font-weight: 400;\">Amb l\u00edquens, i molsa,<br \/>\n<\/span><span style=\"font-weight: 400;\">i plomes fas nius<br \/>\n<\/span><span style=\"font-weight: 400;\">que s\u00f3n obra mestra<br \/>\n<\/span><span style=\"font-weight: 400;\">per fora i per dins.<br \/>\n<\/span><span style=\"font-weight: 400;\">Acr\u00f2bata destre<br \/>\n<\/span><span style=\"font-weight: 400;\">de branquillons fins,<br \/>\n<\/span><span style=\"font-weight: 400;\">s\u00f3c feli\u00e7 si et sento<br \/>\n<\/span><span style=\"font-weight: 400;\">i et veig dalt dels pins.<\/span><\/p>\n<p style=\"text-align: right;\"><span style=\"font-weight: 400;\">\u00a0<span style=\"font-size: 10pt;\">\u00a0Celdoni Fonoll.\u00a0 \u201cAucells\u201d.\u00a0 Lynx Edicions<\/span><\/span><\/p>\n<p>&nbsp;<\/p>\n<h6 style=\"text-align: center;\"><span style=\"font-size: 18pt; color: #993300;\"><span style=\"font-size: 24pt;\"><strong><span style=\"font-size: 8pt;\"><span style=\"font-size: 18pt;\"><span style=\"font-size: 12pt;\"><span style=\"font-size: 14pt;\"><a href=\"https:\/\/agora.xtec.cat\/ceip-lola-anglada-esplugues\/wp-content\/uploads\/usu1507\/2025\/04\/OA-31-2425.jpg\"><img loading=\"lazy\" decoding=\"async\" class=\"aligncenter size-full wp-image-8298\" src=\"https:\/\/agora.xtec.cat\/ceip-lola-anglada-esplugues\/wp-content\/uploads\/usu1507\/2025\/04\/OA-31-2425.jpg\" alt=\"\" width=\"889\" height=\"574\" srcset=\"https:\/\/agora.xtec.cat\/ceip-lola-anglada-esplugues\/wp-content\/uploads\/usu1507\/2025\/04\/OA-31-2425.jpg 889w, https:\/\/agora.xtec.cat\/ceip-lola-anglada-esplugues\/wp-content\/uploads\/usu1507\/2025\/04\/OA-31-2425-300x194.jpg 300w, https:\/\/agora.xtec.cat\/ceip-lola-anglada-esplugues\/wp-content\/uploads\/usu1507\/2025\/04\/OA-31-2425-768x496.jpg 768w\" sizes=\"auto, (max-width: 889px) 100vw, 889px\" \/><\/a>16\u00aa Entrega\u00a0 \u00a0 \u00a0OCELL AMAGAT n\u00ba 31:\u00a0\u00a0<\/span><\/span><\/span><\/span><\/strong><\/span><\/span><\/h6>\n<h6 style=\"text-align: center;\"><span style=\"font-size: 14pt; color: #993300;\"><strong>\u00a0<\/strong><span style=\"font-size: 12pt;\"><strong>Per\u00edode per respondre: de dijous 3 a dimecres 9 d&#8217;abril <\/strong><\/span><\/span><span style=\"font-size: 12pt; color: #993300;\"><strong>(fins 22 hores)<\/strong><\/span><\/h6>\n<p><b>Cotorreta pitgrisa <\/b><span style=\"font-weight: 400;\">(30 cm). En les darreres d\u00e8cades s\u2019ha convertit en una esp\u00e8cie introdu\u00efda amb \u00e8xit en diversos pa\u00efsos, gr\u00e0cies a individus escapats o alliberats que han pogut reproduir-se en llibertat. A Catalunya els primers exemplars lliures van apar\u00e8ixer a Barcelona a la d\u00e8cada dels 70. Actualment hi ha una esp\u00e8cies resident nidificant que continua expandint-se per diverses zones dels Pa\u00efsos Catalans.<\/span><\/p>\n<p><span style=\"font-weight: 400;\">Aquesta cotorra d\u2019origen sud-americ\u00e0 ocupa en la seva \u00e0rea de distribuci\u00f3 natural sabanes boscoses, conreus, pastures i zones properes a les poblacions. A Catalunya la major part de la poblaci\u00f3 es localitza al Barcelon\u00e8s on \u00e9s habitual als parcs i jardins. Tamb\u00e9 s\u2019ha est\u00e8s per importants zones agr\u00edcoles i aiguamolls, com la Plana de Lleida i el Baix Llobregat.<\/span><\/p>\n<p><span style=\"font-weight: 400;\">Menja fruits, llavors, flors i borrons d\u2019arbres natius i ornamentals. La seva dieta variada li ha perm\u00e8s adaptar-se als nous ambients de reproducci\u00f3 urbans.<\/span><\/p>\n<p><span style=\"font-weight: 400;\">Se la considera una esp\u00e8cie establerta com a nidificant a Catalunya, on crien unes 650 parelles, la majoria a la ciutat de Barcelona. Els nius s\u00f3n grossos i fets amb branquillons, bastits en suports diversos, com ara palmeres i arbres aut\u00f2ctons (roures, pins, alzines) i estructures d\u2019origen hum\u00e0.<\/span><\/p>\n<p style=\"text-align: center;\"><span style=\"font-weight: 400;\">\u00a0<\/span><span style=\"font-weight: 400;\">CULTURA POPULAR I LITERATURA<br \/>\n<\/span><i><span style=\"font-weight: 400;\">\u201cCotorra\u201d<\/span><\/i><span style=\"font-weight: 400;\">: Persona molt xerradora o que diu moltes coses de mem\u00f2ria i sense pensar-les.<\/span><\/p>\n<h6 style=\"text-align: center;\"><span style=\"font-size: 12pt; color: #993300;\"><strong>\u00a0<\/strong><\/span><\/h6>\n<p style=\"text-align: center;\"><span style=\"font-weight: 400;\">POESIA<br \/>\n<\/span><span style=\"font-weight: 400;\">Verda cotorra<br \/>\n<\/span><span style=\"font-weight: 400;\">-bandada grofolluda &#8211;<br \/>\n<\/span><span style=\"font-weight: 400;\">arma camorra<br \/>\n<\/span><span style=\"font-weight: 400;\">baladrera i barruda.<br \/>\n<\/span><span style=\"font-weight: 400;\">Caldr\u00e0 rec\u00f3rrer<br \/>\n<\/span><span style=\"font-weight: 400;\">a una bona batuda?<\/span><\/p>\n<p style=\"text-align: right;\"><span style=\"font-weight: 400; font-size: 10pt;\">Celdoni Fonoll.\u00a0 \u201cAucells\u201d.\u00a0 Lynx Edicions<\/span><\/p>\n<p>&nbsp;<\/p>\n<h6 style=\"text-align: center;\"><span style=\"font-size: 18pt; color: #993300;\"><span style=\"font-size: 24pt;\"><strong><span style=\"font-size: 8pt;\"><span style=\"font-size: 18pt;\"><span style=\"font-size: 12pt;\"><span style=\"font-size: 14pt;\"><a href=\"https:\/\/agora.xtec.cat\/ceip-lola-anglada-esplugues\/wp-content\/uploads\/usu1507\/2025\/03\/OA-30-2425.jpg\"><img loading=\"lazy\" decoding=\"async\" class=\"aligncenter size-full wp-image-8263\" src=\"https:\/\/agora.xtec.cat\/ceip-lola-anglada-esplugues\/wp-content\/uploads\/usu1507\/2025\/03\/OA-30-2425.jpg\" alt=\"\" width=\"894\" height=\"654\" srcset=\"https:\/\/agora.xtec.cat\/ceip-lola-anglada-esplugues\/wp-content\/uploads\/usu1507\/2025\/03\/OA-30-2425.jpg 894w, https:\/\/agora.xtec.cat\/ceip-lola-anglada-esplugues\/wp-content\/uploads\/usu1507\/2025\/03\/OA-30-2425-300x219.jpg 300w, https:\/\/agora.xtec.cat\/ceip-lola-anglada-esplugues\/wp-content\/uploads\/usu1507\/2025\/03\/OA-30-2425-768x562.jpg 768w\" sizes=\"auto, (max-width: 894px) 100vw, 894px\" \/><\/a>15\u00aa Entrega\u00a0 \u00a0 \u00a0OCELL AMAGAT n\u00ba 30:\u00a0 BRUEL EURASI\u00c0TIC<\/span><\/span><\/span><\/span><\/strong><\/span><\/span><\/h6>\n<h6 style=\"text-align: center;\"><span style=\"font-size: 14pt; color: #993300;\"><strong>\u00a0<\/strong><span style=\"font-size: 12pt;\"><strong>Per\u00edode per respondre: de dijous 27 de mar\u00e7 a dimecres 2 d&#8217;abril <\/strong><\/span><\/span><span style=\"font-size: 12pt; color: #993300;\"><strong>(fins 22 hores)<\/strong><\/span><\/h6>\n<p><span style=\"font-weight: 400;\">El <\/span><b>bruel eurasi\u00e0tic <\/b><span style=\"font-weight: 400;\">(9-10 cm) \u00e9s un ocell molt semblants al reiet\u00f3. T\u00e9 una franja pileal (cap) taronja en el mascle i groga en la femella. Se\u2019n diferencia per l\u2019amplia cella blanca i la llista ocular negra. Quan s\u2019excita encrespa les plomes del pili mostrant el groc de la franja pileal.<\/span><\/p>\n<p><span style=\"font-weight: 400;\">Present tant en boscos de con\u00edferes, des del nivell del mar fins a 2000 metres d\u2019al\u00e7ada. Abundant en alzinars i boscos de muntanya mitjana.<\/span><\/p>\n<p><span style=\"font-weight: 400;\">Cria b\u00e0sicament a Europa Occidental i al Magrib.<\/span><\/p>\n<p><span style=\"font-weight: 400;\">500.000 parelles. Durant el per\u00edode reproductor \u00e0mpliament distribu\u00eft a Catalunya, Andorra i Balears. \u00c9s absent a la depressi\u00f3 de l\u2019Ebre. Migrador parcial (alguns marxen i altres es queden a passar l\u2019hivern).<\/span><\/p>\n<p style=\"text-align: center;\"><span style=\"font-weight: 400;\">CULTURA POPULAR I LITERATURA<br \/>\n<\/span><i><span style=\"font-weight: 400;\">Reiet safraner<\/span><\/i><span style=\"font-weight: 400;\">: nom al Pa\u00eds Valenci\u00e0.<br \/>\n<\/span><i><span style=\"font-weight: 400;\">Reiet\u00f3 cellablanc<\/span><\/i><span style=\"font-weight: 400;\">: nom a les Balears<br \/>\n<\/span><span style=\"font-weight: 400;\"><span style=\"font-size: 10pt;\">\u00a0 \u00a0 \u00a0 \u00a0 \u00a0 \u00a0 \u00a0 \u00a0 \u00a0 \u00a0 \u00a0 \u00a0 \u00a0 \u00a0 \u00a0 \u00a0 \u00a0 \u00a0 \u00a0 \u00a0 \u00a0 \u00a0 \u00a0 \u00a0 \u00a0 \u00a0 \u00a0 \u00a0 \u00a0 \u00a0 \u00a0 \u00a0 \u00a0 \u00a0 \u00a0 \u00a0 \u00a0 \u00a0 \u00a0 \u00a0 \u00a0 \u00a0 \u00a0 \u00a0 \u00a0 \u00a0 \u00a0 \u00a0 \u00a0 \u00a0 \u201cOcells de Catalunya, Pa\u00eds Valenci\u00e0 i Balears\u201d.\u00a0 Lynx Edicions<\/span><\/span><\/p>\n<p>&nbsp;<\/p>\n<h6 style=\"text-align: center;\"><span style=\"font-size: 18pt; color: #993300;\"><span style=\"font-size: 24pt;\"><strong><span style=\"font-size: 8pt;\"><span style=\"font-size: 18pt;\"><span style=\"font-size: 12pt;\"><span style=\"font-size: 14pt;\"><a href=\"https:\/\/agora.xtec.cat\/ceip-lola-anglada-esplugues\/wp-content\/uploads\/usu1507\/2025\/03\/OA-29-2425.jpg\"><img loading=\"lazy\" decoding=\"async\" class=\"aligncenter size-full wp-image-8262\" src=\"https:\/\/agora.xtec.cat\/ceip-lola-anglada-esplugues\/wp-content\/uploads\/usu1507\/2025\/03\/OA-29-2425.jpg\" alt=\"\" width=\"897\" height=\"582\" srcset=\"https:\/\/agora.xtec.cat\/ceip-lola-anglada-esplugues\/wp-content\/uploads\/usu1507\/2025\/03\/OA-29-2425.jpg 897w, https:\/\/agora.xtec.cat\/ceip-lola-anglada-esplugues\/wp-content\/uploads\/usu1507\/2025\/03\/OA-29-2425-300x195.jpg 300w, https:\/\/agora.xtec.cat\/ceip-lola-anglada-esplugues\/wp-content\/uploads\/usu1507\/2025\/03\/OA-29-2425-768x498.jpg 768w\" sizes=\"auto, (max-width: 897px) 100vw, 897px\" \/><\/a>15\u00aa Entrega\u00a0 \u00a0 \u00a0OCELL AMAGAT n\u00ba 29:\u00a0 ORENETA COMUNA<\/span><\/span><\/span><\/span><\/strong><\/span><\/span><\/h6>\n<h6 style=\"text-align: center;\"><span style=\"font-size: 14pt; color: #993300;\"><strong>\u00a0<\/strong><span style=\"font-size: 12pt;\"><strong>Per\u00edode per respondre: de dijous 27 de mar\u00e7 a dimecres 2 d&#8217;abril <\/strong><\/span><\/span><span style=\"font-size: 12pt; color: #993300;\"><strong>(fins 22 hores)<\/strong><\/span><\/h6>\n<p><span style=\"font-weight: 400;\">L\u2019<\/span><b>oreneta comuna <\/b><span style=\"font-weight: 400;\">(19 cm) \u00e9s un ocell estival. Arriba a casa nostra des de l\u2019\u00c0frica, per a criar-hi, i hi \u00e9s present entre els mesos de mar\u00e7 i octubre.<\/span><\/p>\n<p><span style=\"font-weight: 400;\">Es troba pertot arreu, excepte a l\u2019alta muntanya. \u00c9s sobretot abundant durant els mesos de setembre i octubre, quan un gran nombre d\u2019orenetes sobrevolen el nostre pa\u00eds en el seu viatge migratori cap al sud.<\/span><\/p>\n<p><span style=\"font-weight: 400;\">\u00c9s un ocell propi d\u2019ambients oberts i est\u00e0 molt lligat a la pres\u00e8ncia humana, per\u00f2, a difer\u00e8ncia de l\u2019oreneta cuablanca, defuig les grans ciutats. Se la pot veure en masies, granges, nuclis rurals, conreus, prats, basses de rec.<\/span><\/p>\n<p><span style=\"font-weight: 400;\">Menja una gran varietat d\u2019insectes voladors, que captura mentre va volant a no gaire altura.<\/span><\/p>\n<p><span style=\"font-weight: 400;\">Generalment cria prop de l\u2019home, a l\u2019interior d\u2019edificis, en estables, magatzems o golfes de granges i masies; tamb\u00e9 en ponts. El niu \u00e9s una mitja tassa feta de boletes de fang adherida a una biga o un mur, on ponen de 4 a 5 ous.<\/span><\/p>\n<p style=\"text-align: center;\"><span style=\"font-weight: 400;\">CULTURA POPULAR I LITERATURA<br \/>\n<\/span><i><span style=\"font-weight: 400;\">\u201cUna oreneta no fa estiu\u201d<\/span><\/i><span style=\"font-weight: 400;\">: un fet a\u00efllat no es pot prendre com a norma general.<br \/>\n<\/span><i><span style=\"font-weight: 400;\">\u201cCasa d\u2019orenetes, molta sort i amoretes\u201d<\/span><\/i><span style=\"font-weight: 400;\">: es diu que l\u2019oreneta porta sort a la casa on fa el niu.<br \/>\n<\/span><i><span style=\"font-weight: 400;\">\u201cOronell terrer, pedra o aigua ve\u201d<\/span><\/i><span style=\"font-weight: 400;\">: quan les orenetes volen baixes \u00e9s senyal de pluja o calamarsa.<\/span><\/p>\n<p><span style=\"font-weight: 400;\">\u00a0<\/span><\/p>\n<p style=\"text-align: center;\"><span style=\"font-weight: 400;\">POESIA<br \/>\n<\/span><span style=\"font-weight: 400;\">L\u2019oreneta matinera,<br \/>\n<\/span><span style=\"font-weight: 400;\">sigui estiu o primavera,<br \/>\n<\/span><span style=\"font-weight: 400;\">per llevar-se el sol no espera,<br \/>\n<\/span><span style=\"font-weight: 400;\">i refila, refilera,<br \/>\n<\/span><span style=\"font-weight: 400;\">al fil de la llum primera.<br \/>\n<\/span><span style=\"font-weight: 400; font-size: 10pt;\">\u00a0 \u00a0 \u00a0 \u00a0 \u00a0 \u00a0 \u00a0 \u00a0 \u00a0 \u00a0 \u00a0 \u00a0 \u00a0 \u00a0 \u00a0 \u00a0 \u00a0 \u00a0 \u00a0 \u00a0 \u00a0 \u00a0 \u00a0 \u00a0 \u00a0 \u00a0 \u00a0 \u00a0 \u00a0 \u00a0 \u00a0 \u00a0 \u00a0 \u00a0 \u00a0 \u00a0 \u00a0 \u00a0 \u00a0 \u00a0 \u00a0 \u00a0 \u00a0 \u00a0 \u00a0 \u00a0 \u00a0 \u00a0 Celdoni Fonoll.\u00a0 \u201cVeus d\u2019ocells\u201d.\u00a0 Lynx Edicions<\/span><\/p>\n<p>&nbsp;<\/p>\n<h6 style=\"text-align: center;\"><span style=\"font-size: 18pt; color: #993300;\"><span style=\"font-size: 24pt;\"><strong><span style=\"font-size: 8pt;\"><span style=\"font-size: 18pt;\"><span style=\"font-size: 12pt;\"><span style=\"font-size: 14pt;\"><a href=\"https:\/\/agora.xtec.cat\/ceip-lola-anglada-esplugues\/wp-content\/uploads\/usu1507\/2025\/03\/OA-28-2425.jpg\"><img loading=\"lazy\" decoding=\"async\" class=\"aligncenter size-full wp-image-8240\" src=\"https:\/\/agora.xtec.cat\/ceip-lola-anglada-esplugues\/wp-content\/uploads\/usu1507\/2025\/03\/OA-28-2425.jpg\" alt=\"\" width=\"893\" height=\"576\" srcset=\"https:\/\/agora.xtec.cat\/ceip-lola-anglada-esplugues\/wp-content\/uploads\/usu1507\/2025\/03\/OA-28-2425.jpg 893w, https:\/\/agora.xtec.cat\/ceip-lola-anglada-esplugues\/wp-content\/uploads\/usu1507\/2025\/03\/OA-28-2425-300x194.jpg 300w, https:\/\/agora.xtec.cat\/ceip-lola-anglada-esplugues\/wp-content\/uploads\/usu1507\/2025\/03\/OA-28-2425-768x495.jpg 768w\" sizes=\"auto, (max-width: 893px) 100vw, 893px\" \/><\/a>14\u00aa Entrega\u00a0 \u00a0 \u00a0OCELL AMAGAT n\u00ba 28:\u00a0 FALCIOT NEGRE<\/span><\/span><\/span><\/span><\/strong><\/span><\/span><\/h6>\n<h6 style=\"text-align: center;\"><span style=\"font-size: 14pt; color: #993300;\"><strong>\u00a0<\/strong><span style=\"font-size: 12pt;\"><strong>Per\u00edode per respondre: de dijous 20 a dimecres 26 de mar\u00e7 <\/strong><\/span><\/span><span style=\"font-size: 12pt; color: #993300;\"><strong>(fins 22 hores)<\/strong><\/span><\/h6>\n<p><span style=\"font-weight: 400;\">El <\/span><b>falciot negre <\/b><span style=\"font-weight: 400;\">(16,5 cm) \u00e9s un ocell t\u00edpicament migratori que ve a Catalunya nom\u00e9s per a reproduir-se; arriba a l\u2019abril i el maig, i se\u2019n torna al juliol i l\u2019agost. Hiverna a l\u2019\u00c0frica tropical i del sud.<\/span><\/p>\n<p><span style=\"font-weight: 400;\">\u00c9s un habitant caracter\u00edstic de pobles i ciutats que es troba arreu de Catalunya. Manca nom\u00e9s a les zones altes dels Pirineus o en indrets molt despoblats. Per alimentar-se es pot despla\u00e7ar a dist\u00e0ncies considerables.<\/span><\/p>\n<p><span style=\"font-weight: 400;\">Ca\u00e7a insectes al vol. Els grups cridaners de falciots maniobrant amb gran rapidesa pel cel, de vegades a gran altura, s\u00f3n una imatge molt peculiar a l\u2019estiu.<\/span><\/p>\n<p><span style=\"font-weight: 400;\">El falciot \u00e9s un ocell que nia en col\u00f2nies, fa el niu als forats, sota teules i escletxes de tota mena d\u2019edificis, per\u00f2 tamb\u00e9 als murs i ponts. Localment tamb\u00e9 als penya-segats de les muntanyes i rarament en forats d\u2019arbres. Pon de 2 a 4 ous.<\/span><\/p>\n<p style=\"text-align: center;\"><span style=\"font-weight: 400;\">CULTURA POPULAR I LITERATURA<br \/>\n<\/span><i><span style=\"font-weight: 400;\">Falcia, falcilla, falcillot<\/span><\/i><span style=\"font-weight: 400;\">: altres noms locals del falciot.<br \/>\n<\/span><i style=\"font-family: inherit; font-size: 1em;\">Quina bellugadissa d\u2019orenetes i falcies!<br \/>\n<\/i><span style=\"font-weight: 400;\">Joaquim Ruyra, <\/span><i><span style=\"font-weight: 400;\">Pinya de rosa<br \/>\n<\/span><\/i><i><span style=\"font-weight: 400;\">Els falciots dallaven l\u2019aire.<br \/>\n<\/span><\/i><span style=\"font-size: 10pt;\"><span style=\"font-weight: 400;\">\u00a0 \u00a0 \u00a0 \u00a0 \u00a0 \u00a0 \u00a0 \u00a0 \u00a0 \u00a0 \u00a0 \u00a0 \u00a0 \u00a0 \u00a0 \u00a0 \u00a0 \u00a0 \u00a0 \u00a0 \u00a0 \u00a0 \u00a0 \u00a0 \u00a0 \u00a0 \u00a0 \u00a0 \u00a0 \u00a0 \u00a0 \u00a0 \u00a0 \u00a0 \u00a0 \u00a0 Josep Carner, \u201cFull de rosa\u201d, <\/span><i><span style=\"font-weight: 400;\">Ofrena<\/span><\/i><\/span><\/p>\n<p style=\"text-align: center;\"><span style=\"font-weight: 400;\">POESIA<br \/>\n<\/span><span style=\"font-weight: 400;\">Xisclen falciots<br \/>\n<\/span><span style=\"font-weight: 400;\">en la tarda mansa<br \/>\n<\/span><span style=\"font-weight: 400;\">de finals de juny<br \/>\n<\/span><span style=\"font-weight: 400;\">quan l\u2019estiu, content,<br \/>\n<\/span><span style=\"font-weight: 400;\">\u00e9s un jovencell<br \/>\n<\/span><span style=\"font-weight: 400;\">amb la cara encesa.<br \/>\n<\/span><span style=\"font-weight: 400;\">Dins del blau m\u00e9s pur,<br \/>\n<\/span><span style=\"font-weight: 400;\">passant, traspassant<br \/>\n<\/span><span style=\"font-weight: 400;\">amb vol persistent<br \/>\n<\/span><span style=\"font-weight: 400;\">i aerodin\u00e0mic,<br \/>\n<\/span><span style=\"font-weight: 400;\">arran d\u2019horabaixa<br \/>\n<\/span><span style=\"font-weight: 400;\">xisclen falciots.<\/span><\/p>\n<p style=\"text-align: right;\"><span style=\"font-weight: 400; font-size: 10pt;\">Celdoni Fonoll.\u00a0 \u201cVeus d\u2019ocells\u201d.\u00a0 Lynx Edicions<\/span><\/p>\n<p>&nbsp;<\/p>\n<h6 style=\"text-align: center;\"><span style=\"font-size: 18pt; color: #993300;\"><span style=\"font-size: 24pt;\"><strong><span style=\"font-size: 8pt;\"><span style=\"font-size: 18pt;\"><span style=\"font-size: 12pt;\"><span style=\"font-size: 14pt;\"><a href=\"https:\/\/agora.xtec.cat\/ceip-lola-anglada-esplugues\/wp-content\/uploads\/usu1507\/2025\/03\/OA-27-2425.jpg\"><img loading=\"lazy\" decoding=\"async\" class=\"aligncenter size-full wp-image-8239\" src=\"https:\/\/agora.xtec.cat\/ceip-lola-anglada-esplugues\/wp-content\/uploads\/usu1507\/2025\/03\/OA-27-2425.jpg\" alt=\"\" width=\"893\" height=\"577\" srcset=\"https:\/\/agora.xtec.cat\/ceip-lola-anglada-esplugues\/wp-content\/uploads\/usu1507\/2025\/03\/OA-27-2425.jpg 893w, https:\/\/agora.xtec.cat\/ceip-lola-anglada-esplugues\/wp-content\/uploads\/usu1507\/2025\/03\/OA-27-2425-300x194.jpg 300w, https:\/\/agora.xtec.cat\/ceip-lola-anglada-esplugues\/wp-content\/uploads\/usu1507\/2025\/03\/OA-27-2425-768x496.jpg 768w\" sizes=\"auto, (max-width: 893px) 100vw, 893px\" \/><\/a> 14\u00aa Entrega\u00a0 \u00a0 \u00a0OCELL AMAGAT n\u00ba 27:\u00a0 BLAUET COM\u00da<\/span><\/span><\/span><\/span><\/strong><\/span><\/span><\/h6>\n<h6 style=\"text-align: center;\"><span style=\"font-size: 14pt; color: #993300;\"><strong>\u00a0<\/strong><span style=\"font-size: 12pt;\"><strong>Per\u00edode per respondre: de dijous 20 a dimecres 26 de mar\u00e7 <\/strong><\/span><\/span><span style=\"font-size: 12pt; color: #993300;\"><strong>(fins 22 hores)<\/strong><\/span><\/h6>\n<p><span style=\"font-weight: 400;\">El <\/span><b>blauet <\/b><span style=\"font-weight: 400;\">(16,5 cm) es pot veure durant tot l\u2019any, per\u00f2 \u00e9s molt m\u00e9s com\u00fa durant la tardor i l\u2019hivern, at\u00e8s que \u2013 de l\u2019agost al mar\u00e7 \u2013 arriben molts ocells migratoris des del centre i l\u2019est d\u2019Europa.<\/span><\/p>\n<p><span style=\"font-weight: 400;\">Viu per tot el pa\u00eds, als rius, basses, llacunes i altres zones amb aigua, incloent-hi tamb\u00e9 aiguamolls i llacs de parcs o jardins urbans. Tamb\u00e9 se\u2019l pot trobar a la vora de la mar. \u00c9s m\u00e9s com\u00fa a les comarques m\u00e9s humides de l\u2019est del pa\u00eds, com, per exemple, el Ripoll\u00e8s, Osona o l\u2019Empord\u00e0. Fora de l\u2019estaci\u00f3 reproductora abunda especialment en alguns aiguamolls del litoral.<\/span><\/p>\n<p><span style=\"font-weight: 400;\">Menja petits peixos i invertebrats aqu\u00e0tics. Pesca des d\u2019una atalaia o immobilitzat-se a l\u2019aire fent l\u2019aleta, des d\u2019on es deixa caure per capbussar-se i agafar les preses amb el bec, en forma d\u2019arp\u00f3.<\/span><\/p>\n<p><span style=\"font-weight: 400;\">Nia als talussos de terra al costat de l\u2019aigua, on excava galeries per fer-hi el niu. Pon de 4 a 8 ous.<\/span><\/p>\n<p style=\"text-align: center;\"><span style=\"font-weight: 400;\">\u00a0<\/span><span style=\"font-weight: 400;\">CULTURA POPULAR I LITERATURA<br \/>\n<\/span><i><span style=\"font-weight: 400;\">Alci\u00f3, arner, botiguer, dormiss\u00f3<\/span><\/i><span style=\"font-weight: 400;\">: altres noms locals del blauet.<br \/>\n<\/span><i><span style=\"font-weight: 400;\">L\u2019herm\u00f3s blauet que entre nen\u00fafars nia..<br \/>\n<\/span><\/i><span style=\"font-size: 10pt;\"><span style=\"font-weight: 400;\">\u00a0 \u00a0 \u00a0 \u00a0 \u00a0 \u00a0 \u00a0 \u00a0 \u00a0 \u00a0 \u00a0 \u00a0 \u00a0 \u00a0 \u00a0 \u00a0 \u00a0 \u00a0 \u00a0 \u00a0 \u00a0 \u00a0 \u00a0 \u00a0 \u00a0 \u00a0 \u00a0 \u00a0 \u00a0 \u00a0 \u00a0 \u00a0 \u00a0 \u00a0 \u00a0 \u00a0 \u00a0 \u00a0 \u00a0 \u00a0 \u00a0 \u00a0 \u00a0 \u00a0 \u00a0 \u00a0 \u00a0 \u00a0 \u00a0 \u00a0 \u00a0 \u00a0 \u00a0 \u00a0 \u00a0 \u00a0 \u00a0 \u00a0 Jacint Verdaguer, \u201cCant tercer: L\u2019enc\u00eds\u201d, <\/span><i><span style=\"font-weight: 400;\">Canig\u00f3<\/span><\/i><\/span><\/p>\n<p style=\"text-align: center;\"><span style=\"font-weight: 400;\">\u00a0<\/span><span style=\"font-weight: 400;\">POESIA<br \/>\n<\/span><span style=\"font-weight: 400;\">Vist\u00f3s blauet<br \/>\n<\/span><span style=\"font-weight: 400;\">d\u2019agut piulet,<br \/>\n<\/span><span style=\"font-weight: 400;\">capgr\u00f2s alat,<br \/>\n<\/span><span style=\"font-weight: 400;\">bec majest\u00e0tic,<br \/>\n<\/span><span style=\"font-weight: 400;\">cuaescap\u00e7at,<br \/>\n<\/span><span style=\"font-weight: 400;\">sotges, est\u00e0tic,<br \/>\n<\/span><span style=\"font-weight: 400;\">el riu pausat<br \/>\n<\/span><span style=\"font-weight: 400;\">i no perd pista<br \/>\n<\/span><span style=\"font-weight: 400;\">la teva vista,<br \/>\n<\/span><span style=\"font-weight: 400;\">que si es despista<br \/>\n<\/span><span style=\"font-weight: 400;\">l\u2019insecte aqu\u00e0tic<br \/>\n<\/span><span style=\"font-weight: 400;\">o el peix peixet,<br \/>\n<\/span><span style=\"font-weight: 400;\">tu, democr\u00e0tic,<br \/>\n<\/span><span style=\"font-weight: 400;\">tant l\u2019un com l\u2019altre,<br \/>\n<\/span><span style=\"font-weight: 400;\">en igual dret,<br \/>\n<\/span><span style=\"font-weight: 400;\">penses abatre<br \/>\n<\/span><span style=\"font-weight: 400;\">clavant becada i,<br \/>\n<\/span><span style=\"font-weight: 400;\">d\u2019una bocada,<br \/>\n<\/span><span style=\"font-weight: 400;\">al pap de pet.<\/span><\/p>\n<p style=\"text-align: right;\"><span style=\"font-weight: 400; font-size: 10pt;\">Celdoni Fonoll.\u00a0 \u201cVeus d\u2019ocells\u201d.\u00a0 Lynx Edicions<\/span><\/p>\n<p>&nbsp;<\/p>\n<h6 style=\"text-align: center;\"><span style=\"font-size: 18pt; color: #993300;\"><span style=\"font-size: 24pt;\"><strong><span style=\"font-size: 8pt;\"><span style=\"font-size: 18pt;\"><span style=\"font-size: 12pt;\"><span style=\"font-size: 14pt;\"><a href=\"https:\/\/agora.xtec.cat\/ceip-lola-anglada-esplugues\/wp-content\/uploads\/usu1507\/2025\/03\/OA-26-2425.jpg\"><img loading=\"lazy\" decoding=\"async\" class=\"aligncenter size-full wp-image-8199\" src=\"https:\/\/agora.xtec.cat\/ceip-lola-anglada-esplugues\/wp-content\/uploads\/usu1507\/2025\/03\/OA-26-2425.jpg\" alt=\"\" width=\"894\" height=\"653\" srcset=\"https:\/\/agora.xtec.cat\/ceip-lola-anglada-esplugues\/wp-content\/uploads\/usu1507\/2025\/03\/OA-26-2425.jpg 894w, https:\/\/agora.xtec.cat\/ceip-lola-anglada-esplugues\/wp-content\/uploads\/usu1507\/2025\/03\/OA-26-2425-300x219.jpg 300w, https:\/\/agora.xtec.cat\/ceip-lola-anglada-esplugues\/wp-content\/uploads\/usu1507\/2025\/03\/OA-26-2425-768x561.jpg 768w\" sizes=\"auto, (max-width: 894px) 100vw, 894px\" \/><\/a>13\u00aa Entrega\u00a0 \u00a0 \u00a0OCELL AMAGAT n\u00ba 26:\u00a0 ESTORNELL COM\u00da<\/span><\/span><\/span><\/span><\/strong><\/span><\/span><\/h6>\n<h6 style=\"text-align: center;\"><span style=\"font-size: 14pt; color: #993300;\"><strong>\u00a0<\/strong><span style=\"font-size: 12pt;\"><strong>Per\u00edode per respondre: de dijous 6 a dimecres 12 de mar\u00e7 <\/strong><\/span><\/span><span style=\"font-size: 12pt; color: #993300;\"><strong>(fins 22 hores)<\/strong><\/span><\/h6>\n<p><span style=\"font-weight: 400;\">L\u2019<\/span><b>estornell com\u00fa <\/b><span style=\"font-weight: 400;\">(21 cm) abans era nom\u00e9s un ocell hivernant, per\u00f2 des de la d\u00e8cada dels 60 ha colonitzat Catalunya i ara hi ha una nombrosa poblaci\u00f3 resident que es pot veure tot l\u2019any. Durant el per\u00edode d\u2019octubre a abril \u00e9s molt com\u00fa perqu\u00e8 arriben grans estols d\u2019estornells migratoris del centre i nord d\u2019Europa que passen l\u2019hivern al nostre pa\u00eds.<\/span><\/p>\n<p><span style=\"font-weight: 400;\">L\u2019estornell \u00e9s un ocell dels espais agr\u00edcoles i els prats que es pot trobar per tot Catalunya, excepte les zones m\u00e9s altes dels Pirineus. Molt com\u00fa als voltants dels masos i als pobles petits. Abunda especialment a les planes cultivades de ponent. A l\u2019hivern els estornells s\u2019apleguen en espectaculars estols per dormir, tant en zones rurals com en places i jardins urbans.<\/span><\/p>\n<p><span style=\"font-weight: 400;\">T\u00e9 una dieta molt variada. Consumeix una gran varietat de plantes, fruita (ra\u00efm, cireres i olives), per\u00f2 tamb\u00e9 molts insectes i cucs de terra.<\/span><\/p>\n<p><span style=\"font-weight: 400;\">\u00c9s de costums molt gregaris i cria en col\u00f2nies. Fa el niu en forats de les parets o sota les teules, en tota mena d\u2019estructures i edificis. M\u00e9s rarament cria als forats dels arbres. La posta \u00e9s de 3 a 6 ous.<\/span><\/p>\n<h6 style=\"text-align: center;\"><span style=\"font-size: 12pt; color: #993300;\"><strong>\u00a0<\/strong><\/span><\/h6>\n<p style=\"text-align: center;\"><span style=\"font-weight: 400;\">CULTURA POPULAR I LITERATURA<br \/>\n<\/span><i><span style=\"font-weight: 400;\">\u201cQuin estornell!\u201d: <\/span><\/i><span style=\"font-weight: 400;\">es diu d\u2019Una persona viva, astuta.<\/span><\/p>\n<h6 style=\"text-align: center;\"><span style=\"font-size: 12pt; color: #993300;\"><strong>\u00a0<\/strong><\/span><\/h6>\n<p style=\"text-align: center;\"><span style=\"font-weight: 400;\">POESIA<br \/>\n<\/span><span style=\"font-weight: 400;\">L\u2019estornell \u00e9s una plaga<br \/>\n<\/span><span style=\"font-weight: 400;\">a la vinya i l\u2019olivar,<br \/>\n<\/span><span style=\"font-weight: 400;\">on endrapa de baldraga.<br \/>\n<\/span><span style=\"font-weight: 400;\">Mig camperol, mig urb\u00e0,<br \/>\n<\/span><span style=\"font-weight: 400;\">busca-raons, xarlat\u00e0,<br \/>\n<\/span><span style=\"font-weight: 400;\">gallard i actiu, no fa vaga<br \/>\n<\/span><span style=\"font-weight: 400;\">ni al joquer del canyissar.<br \/>\n<\/span><span style=\"font-weight: 400;\">Quan el sol, tranquil s\u2019amaga,<br \/>\n<\/span><span style=\"font-weight: 400;\">en negres bandades va<br \/>\n<\/span><span style=\"font-weight: 400;\">i el seu so inquietant propaga:<br \/>\n<\/span><span style=\"font-weight: 400;\">xiulets de foll albard\u00e0.<br \/>\n<\/span><span style=\"font-weight: 400;\">Bell nom, nombrosa nissaga,<br \/>\n<\/span><span style=\"font-weight: 400;\">\u00e9s una plaga, i una plaga<br \/>\n<\/span><span style=\"font-weight: 400;\">temuda pel terrass\u00e0.<\/span><\/p>\n<p style=\"text-align: right;\"><span style=\"font-family: inherit; font-size: 10pt;\">Celdoni Fonoll.\u00a0 \u201cVeus d\u2019ocells\u201d.\u00a0 Lynx Edicions<\/span><\/p>\n<p>&nbsp;<\/p>\n<h6 style=\"text-align: center;\"><span style=\"font-size: 18pt; color: #993300;\"><span style=\"font-size: 24pt;\"><strong><span style=\"font-size: 8pt;\"><span style=\"font-size: 18pt;\"><span style=\"font-size: 12pt;\"><span style=\"font-size: 14pt;\"><a href=\"https:\/\/agora.xtec.cat\/ceip-lola-anglada-esplugues\/wp-content\/uploads\/usu1507\/2025\/03\/OA-25-2425.jpg\"><img loading=\"lazy\" decoding=\"async\" class=\"aligncenter size-full wp-image-8198\" src=\"https:\/\/agora.xtec.cat\/ceip-lola-anglada-esplugues\/wp-content\/uploads\/usu1507\/2025\/03\/OA-25-2425.jpg\" alt=\"\" width=\"894\" height=\"651\" srcset=\"https:\/\/agora.xtec.cat\/ceip-lola-anglada-esplugues\/wp-content\/uploads\/usu1507\/2025\/03\/OA-25-2425.jpg 894w, https:\/\/agora.xtec.cat\/ceip-lola-anglada-esplugues\/wp-content\/uploads\/usu1507\/2025\/03\/OA-25-2425-300x218.jpg 300w, https:\/\/agora.xtec.cat\/ceip-lola-anglada-esplugues\/wp-content\/uploads\/usu1507\/2025\/03\/OA-25-2425-768x559.jpg 768w\" sizes=\"auto, (max-width: 894px) 100vw, 894px\" \/><\/a>13\u00aa Entrega\u00a0 \u00a0 \u00a0OCELL AMAGAT n\u00ba 25:\u00a0 ALIGOT COM\u00da<\/span><\/span><\/span><\/span><\/strong><\/span><\/span><\/h6>\n<h6 style=\"text-align: center;\"><span style=\"font-size: 14pt; color: #993300;\"><strong>\u00a0<\/strong><span style=\"font-size: 12pt;\"><strong>Per\u00edode per respondre: de dijous 6 a dimecres 12 de mar\u00e7 <\/strong><\/span><\/span><span style=\"font-size: 12pt; color: #993300;\"><strong>(fins 22 hores)<\/strong><\/span><\/h6>\n<p><span style=\"font-weight: 400;\">L\u2019<\/span><b>aligot com\u00fa <\/b><span style=\"font-weight: 400;\">(54 cm) \u00e9s, a casa nostra, un rapinyaire com\u00fa i sedentari, tot i que, a l\u2019hivern, a les zones m\u00e9s favorables \u2013 sobretot \u00e0rees conreades i pastures \u2013 es concentren exemplars provinents d\u2019altituds m\u00e9s elevades o \u00e0rees molt boscoses, i tamb\u00e9 individus originaris del nord d\u2019Europa, on l\u2019esp\u00e8cie \u00e9s migrat\u00f2ria.<\/span><\/p>\n<p><span style=\"font-weight: 400;\">Podem trobar aligots pr\u00e0cticament a tot el pa\u00eds. Li agraden sobretot les \u00e0rees on es barregen conreus i pastures amb boscos, tant a terra baixa com a les muntanyes. Tot i que no nia a grans altituds, s\u00ed que puja a ca\u00e7ar a les landes i els prats alpins.<\/span><\/p>\n<p><span style=\"font-weight: 400;\">\u00c9s un ca\u00e7ador di\u00fcrn amb una dieta for\u00e7a variada, sobretot de mam\u00edfers com talpons, rates, ratolins i conills, per\u00f2 tamb\u00e9 d\u2019altres vertebrats com amfibis, r\u00e8ptils i ocells i invertebrats com llagostes i cucs de terra.<\/span><\/p>\n<p><span style=\"font-weight: 400;\">A principi de primavera la femella pon de 2 a 4 ous en un niu que la parella ha constru\u00eft amb branques i ha folrat amb fulles verdes a la cap\u00e7ada d\u2019un arbre, sovint proper al tronc principal. Tamb\u00e9 pot refer nius d\u2019anys anteriors, els quals, a for\u00e7a de d\u2019afegir-hi branques, poden arribar al metre i mig de di\u00e0metre. La incubaci\u00f3 dura una mica m\u00e9s d\u2019un mes, i els polls alimentats per ambd\u00f3s adults, triguen a volar uns cinquanta dies.<\/span><\/p>\n<p><span style=\"font-weight: 400;\">\u00a0<\/span><\/p>\n<p style=\"text-align: center;\"><span style=\"font-weight: 400;\">CULTURA POPULAR I LITERATURA<br \/>\n<\/span><i><span style=\"font-weight: 400;\">Aligot<\/span><\/i><span style=\"font-weight: 400;\">: dit d\u2019una persona alta i desmarxada.<\/span><\/p>\n<p>&nbsp;<\/p>\n<p style=\"text-align: center;\"><span style=\"font-weight: 400;\">POESIA<br \/>\n<\/span><span style=\"font-weight: 400;\">D\u2019estirp aguilenca,<br \/>\n<\/span><span style=\"font-weight: 400;\">robust aligot,<br \/>\n<\/span><span style=\"font-weight: 400;\">plan\u00faries, muntanyes,<br \/>\n<\/span><span style=\"font-weight: 400;\">boscos i conreus<br \/>\n<\/span><span style=\"font-weight: 400;\">i costes rocoses<br \/>\n<\/span><span style=\"font-weight: 400;\">s\u00f3n els teus grans feus.<br \/>\n<\/span><span style=\"font-weight: 400;\">Coll curt, ales amples,<br \/>\n<\/span><span style=\"font-weight: 400;\">amb la cua oberta,<br \/>\n<\/span><span style=\"font-weight: 400;\">miolant plany\u00edvol<br \/>\n<\/span><span style=\"font-weight: 400;\">planes llargament,<br \/>\n<\/span><span style=\"font-weight: 400;\">sol o en companyia,<br \/>\n<\/span><span style=\"font-weight: 400;\">fent cercles pel cel.<br \/>\n<\/span><span style=\"font-weight: 400;\">Quiet i ben visible,<br \/>\n<\/span><span style=\"font-weight: 400;\">parat dalt d\u2019un pal<br \/>\n<\/span><span style=\"font-weight: 400;\">est\u00e0s a l\u2019aguait<br \/>\n<\/span><span style=\"font-weight: 400;\">del que es mou per terra,<br \/>\n<\/span><span style=\"font-weight: 400;\">i caus per sorpresa<br \/>\n<\/span><span style=\"font-weight: 400;\">damunt de les preses.<br \/>\n<\/span><span style=\"font-weight: 400;\">Perqu\u00e8 els camps neteges<br \/>\n<\/span><span style=\"font-weight: 400;\">de rosegadors<br \/>\n<\/span><span style=\"font-weight: 400;\">ets un rapinyaire<br \/>\n<\/span><span style=\"font-weight: 400;\">benefici\u00f3s.<br \/>\n<\/span><span style=\"font-weight: 400;\">(Cal que no ho oblidin<br \/>\n<\/span><span style=\"font-weight: 400;\">els mal ca\u00e7adors,<br \/>\n<\/span><span style=\"font-weight: 400;\">perillosa ra\u00e7a<br \/>\n<\/span><span style=\"font-weight: 400;\">de depredadors.)<\/span><\/p>\n<p style=\"text-align: right;\"><span style=\"font-weight: 400; font-size: 10pt;\">Celdoni Fonoll.\u00a0 \u201c60 ocells comuns i rars\u201d.\u00a0 Lynx Edicions<\/span><\/p>\n<p>&nbsp;<\/p>\n<h6 style=\"text-align: center;\"><span style=\"font-size: 18pt; color: #993300;\"><span style=\"font-size: 24pt;\"><strong><span style=\"font-size: 8pt;\"><span style=\"font-size: 18pt;\"><span style=\"font-size: 12pt;\"><span style=\"font-size: 14pt;\"><a href=\"https:\/\/agora.xtec.cat\/ceip-lola-anglada-esplugues\/wp-content\/uploads\/usu1507\/2025\/02\/OA-24-2425.jpg\"><img loading=\"lazy\" decoding=\"async\" class=\"aligncenter size-full wp-image-8167\" src=\"https:\/\/agora.xtec.cat\/ceip-lola-anglada-esplugues\/wp-content\/uploads\/usu1507\/2025\/02\/OA-24-2425.jpg\" alt=\"\" width=\"897\" height=\"655\" srcset=\"https:\/\/agora.xtec.cat\/ceip-lola-anglada-esplugues\/wp-content\/uploads\/usu1507\/2025\/02\/OA-24-2425.jpg 897w, https:\/\/agora.xtec.cat\/ceip-lola-anglada-esplugues\/wp-content\/uploads\/usu1507\/2025\/02\/OA-24-2425-300x219.jpg 300w, https:\/\/agora.xtec.cat\/ceip-lola-anglada-esplugues\/wp-content\/uploads\/usu1507\/2025\/02\/OA-24-2425-768x561.jpg 768w\" sizes=\"auto, (max-width: 897px) 100vw, 897px\" \/><\/a>12\u00aa Entrega\u00a0 \u00a0 \u00a0OCELL AMAGAT n\u00ba 24:\u00a0\u00a0<\/span><\/span><\/span><\/span><\/strong><\/span><\/span><\/h6>\n<h6 style=\"text-align: center;\"><span style=\"font-size: 14pt; color: #993300;\"><strong>\u00a0<\/strong><span style=\"font-size: 12pt;\"><strong>Per\u00edode per respondre: de dijous 20 de febrer a dimecres 5 de mar\u00e7 <\/strong><\/span><\/span><span style=\"font-size: 12pt; color: #993300;\"><strong>(fins 22 hores)<\/strong><\/span><\/h6>\n<h6 style=\"text-align: center;\"><span style=\"font-size: 14pt; color: #993300;\"><strong>ATENCI\u00d3! 2 setmanes<\/strong><\/span><\/h6>\n<p><span style=\"font-weight: 400;\">El <\/span><b>xoriguer com\u00fa<\/b><span style=\"font-weight: 400;\"> (33,5 cm) resideix tot l\u2019any a casa nostra. En molts indrets \u00e9s sedentari, per\u00f2 en algunes \u00e0rees de muntanya marxa despr\u00e9s de la cria per hivernar a m\u00e9s baixa altitud. Ens arriben tamb\u00e9 exemplars forans durant l\u2019hivern i el passos migratoris.<\/span><\/p>\n<p><span style=\"font-weight: 400;\">\u00c9s el rapinyaire di\u00fcrn m\u00e9s com\u00fa. El trobem arreu, tant a nivell de mar com a l\u2019alta muntanya pirinenca, sempre que tingui indrets per fer-hi el niu i \u00e0rees obertes per a ca\u00e7ar com prats, estepes o conreus de tota classe.<\/span><\/p>\n<p><span style=\"font-weight: 400;\">Com tots els membres de la seva fam\u00edlia, \u00e9s un ocell ca\u00e7ador. Localitza les preses des de l\u2019aire fent l\u2019aleta (restant amb la cua oberta i movent r\u00edtmicament les ales per\u00f2 sense despla\u00e7ar-se), i despr\u00e9s s\u2019hi llan\u00e7a en picat per capturar-les. La seva dieta \u00e9s molt variable: menja des de talpons i altres petits mam\u00edfers fins a grills o altres insectes, sargantanes, petits ocells, etc.<\/span><\/p>\n<p><span style=\"font-weight: 400;\">Cria en forats i lleixes de penya-segats tant de muntanya com marins, en tallats fluvials, en grans edificis com castells o esgl\u00e9sies, i tamb\u00e9 aprofita nius desocupats de c\u00f2rvids. Generalment, durant el mes de maig fa la posta de 4 a 6 ous, que seran covats sobretot per la femella durant unes 4 setmanes. Un cop neixin, els pollets es quedaran al niu aproximadament 1 mes, fins que siguin capa\u00e7os de poder volar.<\/span><\/p>\n<h6 style=\"text-align: center;\"><span style=\"font-size: 14pt; color: #993300;\"><strong>\u00a0<\/strong><\/span><\/h6>\n<p style=\"text-align: center;\"><span style=\"font-weight: 400;\">CULTURA POPULAR I LITERATURA<br \/>\n<\/span><i><span style=\"font-weight: 400;\">Moixet, xoric, xoriguer gros.<br \/>\n<\/span><\/i><span style=\"font-weight: 400; font-size: 10pt;\">Altres noms locals<\/span><\/p>\n<h6 style=\"text-align: center;\"><span style=\"font-size: 14pt; color: #993300;\"><strong>\u00a0<\/strong><\/span><\/h6>\n<p style=\"text-align: center;\"><span style=\"font-weight: 400;\">POESIA<br \/>\n<\/span><span style=\"font-weight: 400;\">Sense vent o contra vent<br \/>\n<\/span><span style=\"font-weight: 400;\">fa l\u2019aleta el xoriguer<br \/>\n<\/span><span style=\"font-weight: 400;\">falc\u00f3 petit i valent-,<br \/>\n<\/span><span style=\"font-weight: 400;\">cel amunt i a camp obert.<br \/>\n<\/span><span style=\"font-weight: 400;\">Tot d\u2019una es llan\u00e7a en picat<br \/>\n<\/span><span style=\"font-weight: 400;\">contra preses dissortades:<br \/>\n<\/span><span style=\"font-weight: 400;\">ocells i rosegadors,<br \/>\n<\/span><span style=\"font-weight: 400;\">i altra fauna m\u00e9s menuda,<br \/>\n<\/span><span style=\"font-weight: 400;\">que mata a tall de falc\u00f3<br \/>\n<\/span><span style=\"font-weight: 400;\">d\u2019un cop de bec a la nuca.<br \/>\n<\/span><span style=\"font-weight: 400;\">\u201cQui, qui, qui\u201d esgaripa i crida<br \/>\n<\/span><span style=\"font-weight: 400;\">prop del niu el xoriguer,<br \/>\n<\/span><span style=\"font-weight: 400;\">jugat i fent cabrioles<br \/>\n<\/span><span style=\"font-weight: 400;\">-ell, tan fort; altiu, sever-<br \/>\n<\/span><span style=\"font-weight: 400;\">quan el zel el fa fester<br \/>\n<\/span><span style=\"font-weight: 400;\">i per uns moments l\u2019estova.<\/span><\/p>\n<p style=\"text-align: right;\"><span style=\"font-weight: 400; font-size: 10pt;\">Celdoni Fonoll.\u00a0 \u201c60 ocells comuns i rars\u201d.\u00a0 Lynx Edicions<\/span><\/p>\n<p>&nbsp;<\/p>\n<h6 style=\"text-align: center;\"><span style=\"font-size: 18pt; color: #993300;\"><span style=\"font-size: 24pt;\"><strong><span style=\"font-size: 8pt;\"><span style=\"font-size: 18pt;\"><span style=\"font-size: 12pt;\"><span style=\"font-size: 14pt;\"><a href=\"https:\/\/agora.xtec.cat\/ceip-lola-anglada-esplugues\/wp-content\/uploads\/usu1507\/2025\/02\/OA-23-2425.jpg\"><img loading=\"lazy\" decoding=\"async\" class=\"aligncenter size-full wp-image-8166\" src=\"https:\/\/agora.xtec.cat\/ceip-lola-anglada-esplugues\/wp-content\/uploads\/usu1507\/2025\/02\/OA-23-2425.jpg\" alt=\"\" width=\"896\" height=\"650\" srcset=\"https:\/\/agora.xtec.cat\/ceip-lola-anglada-esplugues\/wp-content\/uploads\/usu1507\/2025\/02\/OA-23-2425.jpg 896w, https:\/\/agora.xtec.cat\/ceip-lola-anglada-esplugues\/wp-content\/uploads\/usu1507\/2025\/02\/OA-23-2425-300x218.jpg 300w, https:\/\/agora.xtec.cat\/ceip-lola-anglada-esplugues\/wp-content\/uploads\/usu1507\/2025\/02\/OA-23-2425-768x557.jpg 768w\" sizes=\"auto, (max-width: 896px) 100vw, 896px\" \/><\/a>12\u00aa Entrega\u00a0 \u00a0 \u00a0OCELL AMAGAT n\u00ba 23:\u00a0 TORD COM\u00da<\/span><\/span><\/span><\/span><\/strong><\/span><\/span><\/h6>\n<h6 style=\"text-align: center;\"><span style=\"font-size: 14pt; color: #993300;\"><strong>\u00a0<\/strong><span style=\"font-size: 12pt;\"><strong>Per\u00edode per respondre: de dijous 20 de febrer a dimecres 5 de mar\u00e7 <\/strong><\/span><\/span><span style=\"font-size: 12pt; color: #993300;\"><strong>(fins 22 hores)<\/strong><\/span><\/h6>\n<h6 style=\"text-align: center;\"><span style=\"font-size: 14pt; color: #993300;\"><strong>ATENCI\u00d3! 2 setmanes<\/strong><\/span><\/h6>\n<p><span style=\"font-weight: 400;\">El <\/span><b>tord com\u00fa <\/b><span style=\"font-weight: 400;\">(23 cm) \u00e9s un ocell principalment hivernant. Entre octubre i mar\u00e7\/abril n\u2019arriben a grans quantitats procedents del centre i el nord d\u2019Europa. Tamb\u00e9 hi ha, per\u00f2 una poblaci\u00f3 nidificant molt m\u00e9s redu\u00efda.<\/span><\/p>\n<p><span style=\"font-weight: 400;\">Com a hivernant, \u00e9s com\u00fa arreu i se\u2019l troba en brolles, vores de bosc, conreus amb bardisses, fileres d\u2019arbres i olivets. En canvi, com a nidificant \u00e9s un ocell dels ambients forestals humits, principalment racons obacs de serres i muntanyes. Actualment, per\u00f2 est\u00e0 en expansi\u00f3 i cada cop es troben nius amb m\u00e9s freq\u00fc\u00e8ncia a les comarques meridionals.<\/span><\/p>\n<p><span style=\"font-weight: 400;\">Menja molts invertebrats, com erugues, caragols i cucs de terra. Durant la tardor i l\u2019hivern afegeix a la dieta fruits i baies, especialment olives.<\/span><\/p>\n<p><span style=\"font-weight: 400;\">Fa el niu a les cap\u00e7ades dels arbres o als arbustos, sovint a no gaire al\u00e7ada. La posta \u00e9s de 3 a 5 ous.<\/span><\/p>\n<p style=\"text-align: center;\"><span style=\"font-weight: 400;\">\u00a0<\/span><span style=\"font-weight: 400;\">CULTURA POPULAR I LITERATURA<br \/>\n<\/span><span style=\"font-weight: 400;\">\u201cPer Sant Maci\u00e0, l\u2019oreneta ve i el tord se\u2019n va\u201d:<br \/>\n<\/span><span style=\"font-weight: 400;\">sant Maci\u00e0 \u00e9s el 25 de febrer.<\/span><\/p>\n<p style=\"text-align: center;\"><span style=\"font-weight: 400;\">\u201cHorabaixa cauen els tord\u201d:<br \/>\n<\/span><span style=\"font-weight: 400;\">cal esperar el moment oport\u00fa perqu\u00e8 s\u2019esdevinguin les coses.<\/span><\/p>\n<p><span style=\"font-weight: 400;\">\u201cPardals, tords i estornells s\u00f3n mals ocells\u201d:<br \/>\n<\/span><span style=\"font-weight: 400;\">ho diuen els pagesos perqu\u00e8 s\u00f3n ocells que se\u2019ls mengen les collites.<\/span><\/p>\n<p style=\"text-align: center;\"><span style=\"font-weight: 400;\">POESIA<br \/>\n<\/span><span style=\"font-weight: 400;\">No sabem qu\u00e8 diu el tord<br \/>\n<\/span><span style=\"font-weight: 400;\">ni si \u00e9s un trobador clus,<br \/>\n<\/span><span style=\"font-weight: 400;\">un <\/span><i><span style=\"font-weight: 400;\">tonadillero<\/span><\/i><span style=\"font-weight: 400;\"> obt\u00fas<br \/>\n<\/span><span style=\"font-weight: 400;\">o un maltractat cantautord.<\/span><\/p>\n<p style=\"text-align: right;\"><span style=\"font-weight: 400; font-size: 10pt;\">Celdoni Fonoll.\u00a0 \u201cVeus d\u2019ocells\u201d.\u00a0 Lynx Edicions<\/span><\/p>\n<p>&nbsp;<\/p>\n<h6 style=\"text-align: center;\"><span style=\"font-size: 18pt; color: #993300;\"><span style=\"font-size: 24pt;\"><strong><span style=\"font-size: 8pt;\"><span style=\"font-size: 18pt;\"><span style=\"font-size: 12pt;\"><span style=\"font-size: 14pt;\"><a href=\"https:\/\/agora.xtec.cat\/ceip-lola-anglada-esplugues\/wp-content\/uploads\/usu1507\/2025\/02\/OA-22-2425.jpg\"><img loading=\"lazy\" decoding=\"async\" class=\"aligncenter size-full wp-image-8158\" src=\"https:\/\/agora.xtec.cat\/ceip-lola-anglada-esplugues\/wp-content\/uploads\/usu1507\/2025\/02\/OA-22-2425.jpg\" alt=\"\" width=\"896\" height=\"650\" srcset=\"https:\/\/agora.xtec.cat\/ceip-lola-anglada-esplugues\/wp-content\/uploads\/usu1507\/2025\/02\/OA-22-2425.jpg 896w, https:\/\/agora.xtec.cat\/ceip-lola-anglada-esplugues\/wp-content\/uploads\/usu1507\/2025\/02\/OA-22-2425-300x218.jpg 300w, https:\/\/agora.xtec.cat\/ceip-lola-anglada-esplugues\/wp-content\/uploads\/usu1507\/2025\/02\/OA-22-2425-768x557.jpg 768w\" sizes=\"auto, (max-width: 896px) 100vw, 896px\" \/><\/a>11\u00aa Entrega\u00a0 \u00a0 \u00a0OCELL AMAGAT n\u00ba 22:\u00a0 CUERETA BLANCA<\/span><\/span><\/span><\/span><\/strong><\/span><\/span><\/h6>\n<h6 style=\"text-align: center;\"><span style=\"font-size: 14pt; color: #993300;\"><strong>\u00a0<\/strong><span style=\"font-size: 12pt;\"><strong>Per\u00edode per respondre: de dijous 13 a dimecres 19 de febrer <\/strong><\/span><\/span><span style=\"font-size: 12pt; color: #993300;\"><strong>(fins 22 hores)<\/strong><\/span><\/h6>\n<p><span style=\"font-weight: 400;\">La poblaci\u00f3 de <\/span><b>cuereta blanca<\/b><span style=\"font-weight: 400;\"> (18 cm) \u00e9s majorit\u00e0riament resident. A m\u00e9s de setembre al mar\u00e7 ens arriben, per passar-hi l\u2019hivern, moltes cueretes procedents del centre i nord d\u2019Europa.<\/span><\/p>\n<p><span style=\"font-weight: 400;\">Es pot trobar per tot arreu, b\u00e9 que durant l\u2019\u00e8poca de cria esdev\u00e9 molt escassa i manca a les comarques costaneres m\u00e9s meridionals. A la primavera i a l\u2019estiu viu prop de l\u2019aigua, en rius, basses, per\u00f2 tamb\u00e9 en granges o corrals de bestiar. Durant la resta de l\u2019any es comuna per prats, pastures i, sobretot, pels arrossars i altres conreus de regadiu de la plana.<\/span><\/p>\n<p><span style=\"font-weight: 400;\">Menja molts invertebrats i insectes, per\u00f2 tamb\u00e9 petites llavors.<\/span><\/p>\n<p><span style=\"font-weight: 400;\">Fa el niu en cavitats entre roques, balmes, ponts o murs. Tamb\u00e9 a les teulades o a les parets dels masos i les cases dels pobles. La posta \u00e9s de 4 a 6 ous.<\/span><\/p>\n<p style=\"text-align: center;\"><span style=\"font-weight: 400;\">\u00a0<\/span><span style=\"font-weight: 400;\">CULTURA POPULAR I LITERATURA<br \/>\n<\/span><i><span style=\"font-weight: 400;\">Cuera, cueta, cuscueta, gafarda, pastorella, pastoreta, titina.<br \/>\n<\/span><\/i><span style=\"font-weight: 400;\"><span style=\"font-size: 10pt;\">\u00a0 \u00a0 \u00a0 \u00a0 \u00a0 \u00a0 \u00a0 \u00a0 \u00a0 \u00a0 \u00a0 \u00a0 \u00a0 \u00a0 \u00a0 \u00a0 \u00a0 \u00a0 \u00a0 \u00a0 \u00a0 \u00a0 \u00a0 \u00a0 \u00a0 \u00a0 \u00a0 \u00a0 \u00a0 \u00a0 \u00a0 \u00a0 \u00a0 \u00a0 \u00a0 \u00a0 \u00a0 \u00a0 \u00a0 \u00a0 \u00a0 \u00a0 \u00a0 \u00a0 \u00a0 \u00a0 \u00a0 \u00a0 \u00a0 \u00a0 \u00a0 \u00a0 \u00a0 \u00a0 \u00a0 Altres noms locals<\/span><br \/>\n<\/span><i><span style=\"font-weight: 400;\">Rumbejant i fent m\u00e9s postures que una cuereta.<br \/>\n<\/span><\/i><span style=\"font-weight: 400; font-size: 10pt;\">\u00a0 \u00a0 \u00a0 \u00a0 \u00a0 \u00a0 \u00a0 \u00a0 \u00a0 \u00a0 \u00a0 \u00a0 \u00a0 \u00a0 \u00a0 \u00a0 \u00a0 \u00a0 \u00a0 \u00a0 \u00a0 \u00a0 \u00a0 \u00a0 \u00a0 \u00a0 \u00a0 \u00a0 \u00a0 \u00a0 \u00a0 \u00a0 \u00a0 \u00a0 \u00a0 \u00a0 \u00a0 \u00a0 \u00a0 \u00a0 \u00a0 \u00a0 \u00a0 \u00a0 \u00a0Narc\u00eds Oller (Figura i paisatge)<\/span><\/p>\n<p style=\"text-align: center;\"><i><span style=\"font-weight: 400;\">\u00a0<\/span><\/i><span style=\"font-weight: 400;\">POESIA<br \/>\n<\/span><span style=\"font-weight: 400;\">Pastorella, pastoreta,<br \/>\n<\/span><span style=\"font-weight: 400;\">misteriosa senyoreta<br \/>\n<\/span><span style=\"font-weight: 400;\">esvelta, elegant, coqueta<br \/>\n<\/span><span style=\"font-weight: 400;\">que pastures, d\u2019etiqueta,<br \/>\n<\/span><span style=\"font-weight: 400;\">al jard\u00ed, el camp, la placeta<br \/>\n<\/span><span style=\"font-weight: 400;\">sacsejant cap i cueta.<br \/>\n<\/span><span style=\"font-weight: 400;\">De cop t\u2019alces, poc discreta,<br \/>\n<\/span><span style=\"font-weight: 400;\">entre espantada i mofeta<br \/>\n<\/span><span style=\"font-weight: 400;\">d\u2019algun fals tret d\u2019escopeta.<br \/>\n<\/span><span style=\"font-weight: 400;\">O potser \u00e9s que vius distreta,<br \/>\n<\/span><span style=\"font-weight: 400;\">passant de d\u00e9u i el banyeta,<br \/>\n<\/span><span style=\"font-weight: 400;\">amb volada prou desfeta<br \/>\n<\/span><span style=\"font-weight: 400;\">&#8211; \u00e9s la cua, cuereta,<br \/>\n<\/span><span style=\"font-weight: 400;\">que et fa, volant, la punyeta?-<br \/>\n<\/span><span style=\"font-weight: 400;\">te\u2019n vas, ondulant i dreta,<br \/>\n<\/span><span style=\"font-weight: 400;\">\u201cti-rit, ti-rit\u201d, pastoreta.<br \/>\n<\/span><span style=\"font-weight: 400; font-size: 10pt;\">\u00a0 \u00a0 \u00a0 \u00a0 \u00a0 \u00a0 \u00a0 \u00a0 \u00a0 \u00a0 \u00a0 \u00a0 \u00a0 \u00a0 \u00a0 \u00a0 \u00a0 \u00a0 \u00a0 \u00a0 \u00a0 \u00a0 \u00a0 \u00a0 \u00a0 \u00a0 \u00a0 \u00a0 \u00a0 \u00a0 \u00a0 \u00a0 \u00a0 \u00a0 \u00a0 \u00a0 \u00a0 \u00a0 \u00a0 \u00a0 \u00a0 Celdoni Fonoll.\u00a0 \u201cVeus d\u2019ocells\u201d.\u00a0 Lynx Edicions<\/span><\/p>\n<p>&nbsp;<\/p>\n<h6 style=\"text-align: center;\"><span style=\"font-size: 18pt; color: #993300;\"><span style=\"font-size: 24pt;\"><strong><span style=\"font-size: 8pt;\"><span style=\"font-size: 18pt;\"><span style=\"font-size: 12pt;\"><span style=\"font-size: 14pt;\"><a href=\"https:\/\/agora.xtec.cat\/ceip-lola-anglada-esplugues\/wp-content\/uploads\/usu1507\/2025\/02\/OA-21-2425.jpg\"><img loading=\"lazy\" decoding=\"async\" class=\"aligncenter size-full wp-image-8157\" src=\"https:\/\/agora.xtec.cat\/ceip-lola-anglada-esplugues\/wp-content\/uploads\/usu1507\/2025\/02\/OA-21-2425.jpg\" alt=\"\" width=\"892\" height=\"647\" srcset=\"https:\/\/agora.xtec.cat\/ceip-lola-anglada-esplugues\/wp-content\/uploads\/usu1507\/2025\/02\/OA-21-2425.jpg 892w, https:\/\/agora.xtec.cat\/ceip-lola-anglada-esplugues\/wp-content\/uploads\/usu1507\/2025\/02\/OA-21-2425-300x218.jpg 300w, https:\/\/agora.xtec.cat\/ceip-lola-anglada-esplugues\/wp-content\/uploads\/usu1507\/2025\/02\/OA-21-2425-768x557.jpg 768w\" sizes=\"auto, (max-width: 892px) 100vw, 892px\" \/><\/a>11\u00aa Entrega\u00a0 \u00a0 \u00a0OCELL AMAGAT n\u00ba 21:\u00a0 BERNAT PESCAIRE<\/span><\/span><\/span><\/span><\/strong><\/span><\/span><\/h6>\n<h6 style=\"text-align: center;\"><span style=\"font-size: 14pt; color: #993300;\"><strong>\u00a0<\/strong><span style=\"font-size: 12pt;\"><strong>Per\u00edode per respondre: de dijous 13 a dimecres 19 de febrer <\/strong><\/span><\/span><span style=\"font-size: 12pt; color: #993300;\"><strong>(fins 22 hores)<\/strong><\/span><\/h6>\n<p><span style=\"font-weight: 400;\">El <\/span><b>bernat pescaire <\/b><span style=\"font-weight: 400;\">(94 cm) \u00e9s present tot l\u2019any a Catalunya. La petita poblaci\u00f3 resident, s\u2019incrementa, des del mes de juliol i fins al mes d\u2019abril, amb exemplars d\u2019origen n\u00f2rdic.<\/span><\/p>\n<p><span style=\"font-weight: 400;\">A l\u2019hivern i en migraci\u00f3 se\u2019ls troba pels ambients aqu\u00e0tics arreu del pa\u00eds. A l\u2019estiu, en canvi, \u00e9s esc\u00e0s, tot i que est\u00e0 en expansi\u00f3. Fins fa pocs anys, l\u2019\u00fanica col\u00f2nia de cria era al Parc Zool\u00f2gic de Barcelona (iniciada el 1971 per individus escapats de les g\u00e0bies), per\u00f2, a poc a poc, s\u2019han anat instal\u00b7lant parelles tant a l\u2019interior com al litoral.<\/span><\/p>\n<p><span style=\"font-weight: 400;\">Habita rius, llacunes, embassaments o aiguamolls, i fins i tot \u00e0rees cultivades lluny de l\u2019aigua; a l\u2019\u00e8poca de cria est\u00e0 lligat a les zones humides amb canyars o arbres de ribera, on bastir-hi el niu.<\/span><\/p>\n<p><span style=\"font-weight: 400;\">Ca\u00e7a una gran varietat d\u2019animals: peixos, granotes, serps, insectes i petits ocells i mam\u00edfers. Sovint es queda a l\u2019aguait vora l\u2019aigua llargues estones, imm\u00f2bil i amb el llarg coll encongit, fins que arriba el moment de disparar-lo endavant i encertar amb el poder\u00f3s bec la incauta presa.<\/span><\/p>\n<p><span style=\"font-weight: 400;\">Sovint cria en col\u00f2nies, de vegades amb altres esp\u00e8cies d\u2019ardeids. Construeix el niu dins els canyars, fent una gran plataforma amb les mateixes canyes, o en les cap\u00e7ades d\u2019arbres, fet de branques. Pon entre 3 i 5 ous, que la parella cova durant unes tres setmanes, i despr\u00e9s crien els polls unes vuit setmanes m\u00e9s.<\/span><\/p>\n<p style=\"text-align: center;\"><span style=\"font-weight: 400;\">\u00a0<\/span><span style=\"font-weight: 400;\">CULTURA POPULAR I LITERATURA<br \/>\n<\/span><i><span style=\"font-weight: 400;\">Bernat pescaire, \/\u00a0 tira\u2019t a l\u2019aigua;\u00a0 \/\u00a0 pesca un peix,\u00a0 \/\u00a0 menja\u2019t el greix.<br \/>\n<span style=\"font-size: 10pt;\">\u00a0 \u00a0 \u00a0 \u00a0 \u00a0 \u00a0 \u00a0 \u00a0 \u00a0 \u00a0 \u00a0 \u00a0 \u00a0 \u00a0 \u00a0 \u00a0 \u00a0 \u00a0 \u00a0 \u00a0 \u00a0 \u00a0 \u00a0 \u00a0 \u00a0 \u00a0 \u00a0 \u00a0 \u00a0 \u00a0 \u00a0 \u00a0 \u00a0 \u00a0 \u00a0 \u00a0 \u00a0 \u00a0 \u00a0 \u00a0 \u00a0 \u00a0 \u00a0 \u00a0 \u00a0 \u00a0 \u00a0 \u00a0 \u00a0 \u00a0 \u00a0 \u00a0 \u00a0 \u00a0 \u00a0 \u00a0 \u00a0 \u00a0 \u00a0 \u00a0 \u00a0 \u00a0 \u00a0 \u00a0 \u00a0 \u00a0 \u00a0 \u00a0 \u00a0Popular<\/span><\/span><\/i><\/p>\n<p style=\"text-align: center;\"><span style=\"font-weight: 400;\">POESIA<br \/>\n<\/span><span style=\"font-weight: 400;\">Bernat pescaire,<br \/>\n<\/span><span style=\"font-weight: 400;\">valent bernat,<br \/>\n<\/span><span style=\"font-weight: 400;\">pels aiguamoixos<br \/>\n<\/span><span style=\"font-weight: 400;\">vas, espigat,<br \/>\n<\/span><span style=\"font-weight: 400;\">sotjant els peixos,<br \/>\n<\/span><span style=\"font-weight: 400;\">plomall al cap<br \/>\n<\/span><span style=\"font-weight: 400;\">i bec de daga,<br \/>\n<\/span><span style=\"font-weight: 400;\">per omplir el pap.<br \/>\n<\/span><span style=\"font-weight: 400;\">Quan el vol alces,<br \/>\n<\/span><span style=\"font-weight: 400;\">coll arronsat,<br \/>\n<\/span><span style=\"font-weight: 400;\">potes esteses,<br \/>\n<\/span><span style=\"font-weight: 400;\">alacorbat,<br \/>\n<\/span><span style=\"font-weight: 400;\">enorme, passes<br \/>\n<\/span><span style=\"font-weight: 400;\">amb majestat.<br \/>\n<\/span><span style=\"font-weight: 400;\">Valent pescaire,<br \/>\n<\/span><span style=\"font-weight: 400;\">bernat, bernat,<br \/>\n<\/span><span style=\"font-weight: 400;\">so de trompetes<br \/>\n<\/span><span style=\"font-weight: 400;\">al camp negat.<br \/>\n<\/span><span style=\"font-weight: 400;\">Bernat pescaire,<br \/>\n<\/span><span style=\"font-weight: 400;\">valent bernat,<br \/>\n<\/span><span style=\"font-weight: 400;\">toca trompetes<br \/>\n<\/span><span style=\"font-weight: 400;\">de llibertat,<br \/>\n<\/span><span style=\"font-weight: 400;\">que ens malbaraten<br \/>\n<\/span><span style=\"font-weight: 400;\">veu, terra i blat.<\/span><\/p>\n<p style=\"text-align: right;\"><span style=\"font-weight: 400; font-size: 10pt;\">Celdoni Fonoll.\u00a0 \u201c60 ocells comuns i rars i de noms singulars\u201d.\u00a0 Lynx Edicions<\/span><\/p>\n<p>&nbsp;<\/p>\n<h6 style=\"text-align: center;\"><span style=\"font-size: 18pt; color: #993300;\"><span style=\"font-size: 24pt;\"><strong><span style=\"font-size: 8pt;\"><span style=\"font-size: 18pt;\"><span style=\"font-size: 12pt;\"><span style=\"font-size: 14pt;\"><a href=\"https:\/\/agora.xtec.cat\/ceip-lola-anglada-esplugues\/wp-content\/uploads\/usu1507\/2025\/02\/OA-20-2425.jpg\"><img loading=\"lazy\" decoding=\"async\" class=\"aligncenter size-full wp-image-8133\" src=\"https:\/\/agora.xtec.cat\/ceip-lola-anglada-esplugues\/wp-content\/uploads\/usu1507\/2025\/02\/OA-20-2425.jpg\" alt=\"\" width=\"844\" height=\"580\" srcset=\"https:\/\/agora.xtec.cat\/ceip-lola-anglada-esplugues\/wp-content\/uploads\/usu1507\/2025\/02\/OA-20-2425.jpg 844w, https:\/\/agora.xtec.cat\/ceip-lola-anglada-esplugues\/wp-content\/uploads\/usu1507\/2025\/02\/OA-20-2425-300x206.jpg 300w, https:\/\/agora.xtec.cat\/ceip-lola-anglada-esplugues\/wp-content\/uploads\/usu1507\/2025\/02\/OA-20-2425-768x528.jpg 768w\" sizes=\"auto, (max-width: 844px) 100vw, 844px\" \/><\/a>10\u00aa Entrega\u00a0 \u00a0 \u00a0OCELL AMAGAT n\u00ba 20:\u00a0 GARSA EURASI\u00c0TICA<\/span><\/span><\/span><\/span><\/strong><\/span><\/span><\/h6>\n<h6 style=\"text-align: center;\"><span style=\"font-size: 14pt; color: #993300;\"><strong>\u00a0<\/strong><span style=\"font-size: 12pt;\"><strong>Per\u00edode per respondre: de dijous 6 a dimecres 12 de febrer <\/strong><\/span><\/span><span style=\"font-size: 12pt; color: #993300;\"><strong>(fins 22 hores)<\/strong><\/span><\/h6>\n<p><span style=\"font-weight: 400;\">Com la major part de la poblaci\u00f3 de garses, la <\/span><b>garsa eurasi\u00e0tica <\/b><span style=\"font-weight: 400;\">(46 cm) \u00e9s sedent\u00e0ria, tot i que durant la tardor i l\u2019hivern alguns exemplars poden fer despla\u00e7aments de curt abast.<\/span><\/p>\n<p><span style=\"font-weight: 400;\">\u00c9s comuna per tot arreu; nom\u00e9s manca a les zones m\u00e9s altes dels Pirineus. Viu en tota mena d\u2019ambients oberts amb arbres o arbustos, com ara zones agr\u00edcoles, prats i tamb\u00e9 en parcs i jardins de pobles i ciutats. Antigament no se la trobava a les comarques m\u00e9s seques, per\u00f2 l\u2019expansi\u00f3 dels regadius li ha perm\u00e8s colonitzar tamb\u00e9 aquestes zones del pa\u00eds.<\/span><\/p>\n<p><span style=\"font-weight: 400;\">Menja gaireb\u00e9 de tot: insectes, cargols, fruita, llavors. Aix\u00ed mateix, \u00e9s una gran depredadora de nius, menjant-se els ous i els pollets. Tamb\u00e9 s\u2019alimenta sovint als abocadors.<\/span><\/p>\n<p><span style=\"font-weight: 400;\">Fa nius de branques tancats en forma de globus, que situa en arbres o arbustos. La posta \u00e9s de 4 a 7 ous.<\/span><\/p>\n<p style=\"text-align: center;\"><span style=\"font-weight: 400;\">\u00a0<\/span><span style=\"font-weight: 400;\">CULTURA POPULAR I LITERATURA<br \/>\n<\/span><i><span style=\"font-weight: 400;\">Donar garses per perdius<\/span><\/i><span style=\"font-weight: 400;\">: enganyar, ensarronar.<br \/>\n<\/span><i><span style=\"font-weight: 400;\">\u00c9sser m\u00e9s lladre que una garsa<\/span><\/i><span style=\"font-weight: 400;\">: \u00e9sser un lladregot.<br \/>\n<\/span><i><span style=\"font-weight: 400;\">Xerrar m\u00e9s que una garsa<\/span><\/i><span style=\"font-weight: 400;\">: xerrar molt.<br \/>\n<\/span><i><span style=\"font-weight: 400;\">Fer la garseta (a alg\u00fa)<\/span><\/i><span style=\"font-weight: 400;\">: fer-li la guitza, la punyeta.<\/span><\/p>\n<p><span style=\"font-weight: 400;\">\u00a0<\/span><\/p>\n<p style=\"text-align: center;\"><span style=\"font-weight: 400;\">POESIA<br \/>\n<\/span><span style=\"font-weight: 400;\">La garsa escridassa<br \/>\n<\/span><span style=\"font-weight: 400;\">l\u2019enemic que passa,<br \/>\n<\/span><span style=\"font-weight: 400;\">grollera, arrogant,<br \/>\n<\/span><span style=\"font-weight: 400;\">astuta, insolent,<br \/>\n<\/span><span style=\"font-weight: 400;\">bella, elegant,<br \/>\n<\/span><span style=\"font-weight: 400;\">i desvergonyida.<br \/>\n<\/span><span style=\"font-weight: 400;\">De blanc va vestida<br \/>\n<\/span><span style=\"font-weight: 400;\">i negre brillant.<br \/>\n<\/span><span style=\"font-weight: 400;\">Lladregota pispa,<br \/>\n<\/span><span style=\"font-weight: 400;\">en temps de tardor,<br \/>\n<\/span><span style=\"font-weight: 400;\">les ametlles plenes<br \/>\n<\/span><span style=\"font-weight: 400;\">dels ametllerars<br \/>\n<\/span><span style=\"font-weight: 400;\">i les colga a terra<br \/>\n<\/span><span style=\"font-weight: 400;\">per quan vingui el fred.<br \/>\n<\/span><span style=\"font-weight: 400;\">Pro, distreta garsa,<br \/>\n<\/span><span style=\"font-weight: 400;\">oblida l\u2019indret<br \/>\n<\/span><span style=\"font-weight: 400;\">on el rebost guarda i,<br \/>\n<\/span><span style=\"font-weight: 400;\">pagesa inconscient,<br \/>\n<\/span><span style=\"font-weight: 400;\">ametllers fa n\u00e9ixer<br \/>\n<\/span><span style=\"font-weight: 400;\">en llocs sorprenents.<\/span><\/p>\n<p style=\"text-align: center;\"><span style=\"font-weight: 400; font-size: 10pt;\">\u00a0 \u00a0 \u00a0 \u00a0 \u00a0 \u00a0 \u00a0 \u00a0 \u00a0 \u00a0 \u00a0 \u00a0 \u00a0 \u00a0 \u00a0 \u00a0 \u00a0 \u00a0 \u00a0 \u00a0 \u00a0 \u00a0 \u00a0 \u00a0 \u00a0 \u00a0 \u00a0 \u00a0 \u00a0 \u00a0 \u00a0 \u00a0 \u00a0 \u00a0 \u00a0 \u00a0 \u00a0 \u00a0 \u00a0 \u00a0Celdoni Fonoll.\u00a0 \u201cVeus d\u2019ocells\u201d.\u00a0 Lynx Edicions<\/span><\/p>\n<p>&nbsp;<\/p>\n<h6 style=\"text-align: center;\"><span style=\"font-size: 18pt; color: #993300;\"><span style=\"font-size: 24pt;\"><strong><span style=\"font-size: 8pt;\"><span style=\"font-size: 18pt;\"><span style=\"font-size: 12pt;\"><span style=\"font-size: 14pt;\"><a href=\"https:\/\/agora.xtec.cat\/ceip-lola-anglada-esplugues\/wp-content\/uploads\/usu1507\/2025\/02\/OA-19-2425.jpg\"><img loading=\"lazy\" decoding=\"async\" class=\"aligncenter size-full wp-image-8132\" src=\"https:\/\/agora.xtec.cat\/ceip-lola-anglada-esplugues\/wp-content\/uploads\/usu1507\/2025\/02\/OA-19-2425.jpg\" alt=\"\" width=\"898\" height=\"648\" srcset=\"https:\/\/agora.xtec.cat\/ceip-lola-anglada-esplugues\/wp-content\/uploads\/usu1507\/2025\/02\/OA-19-2425.jpg 898w, https:\/\/agora.xtec.cat\/ceip-lola-anglada-esplugues\/wp-content\/uploads\/usu1507\/2025\/02\/OA-19-2425-300x216.jpg 300w, https:\/\/agora.xtec.cat\/ceip-lola-anglada-esplugues\/wp-content\/uploads\/usu1507\/2025\/02\/OA-19-2425-768x554.jpg 768w\" sizes=\"auto, (max-width: 898px) 100vw, 898px\" \/><\/a>10\u00aa Entrega\u00a0 \u00a0 \u00a0OCELL AMAGAT n\u00ba 19:\u00a0 GAFARR\u00d3 EUROPEU<\/span><\/span><\/span><\/span><\/strong><\/span><\/span><\/h6>\n<h6 style=\"text-align: center;\"><span style=\"font-size: 14pt; color: #993300;\"><strong>\u00a0<\/strong><span style=\"font-size: 12pt;\"><strong>Per\u00edode per respondre: de dijous 6 a dimecres 12 de febrer <\/strong><\/span><\/span><span style=\"font-size: 12pt; color: #993300;\"><strong>(fins 22 hores)<\/strong><\/span><\/h6>\n<p><span style=\"font-weight: 400;\">El <\/span><b>gafarr\u00f3 europeu <\/b><span style=\"font-weight: 400;\">(11,5 cm) es pot veure tot l\u2019any perqu\u00e8 \u00e9s un ocell resident, tot i que els que viuen en les zones m\u00e9s fredes poden despla\u00e7ar-se cap a indrets m\u00e9s temperats durant l\u2019hivern. A m\u00e9s, de novembre a febrer n\u2019arriben molts de migratoris procedents de l\u2019Europa central.<\/span><\/p>\n<p><span style=\"font-weight: 400;\">Se\u2019l troba per tot Catalunya, des de la vora del mar fins als boscos subalpins de pi negre als Pirineus. Viu en ambients molt variats, des dels forestals oberts fins a cultius o parcs i jardins amb arbres en pobles i ciutats. Li agrada molt criar al xiprers, per\u00f2 tamb\u00e9 abunda al fruiterars de regadiu (pomeres, presseguers) i als de sec\u00e0 (oliveres i ametllers)<\/span><\/p>\n<p><span style=\"font-weight: 400;\">Menja llavors de plantes herb\u00e0cies. Li agrada molt alimentar-se entre les herbes de les vores dels camins o les males herbes dels conreus.<\/span><\/p>\n<p><span style=\"font-weight: 400;\">Fa el niu a les cap\u00e7ades dels arbres i la posta \u00e9s de 3 a 5 ous.<\/span><\/p>\n<p style=\"text-align: center;\"><span style=\"font-weight: 400;\">\u00a0<\/span><span style=\"font-weight: 400;\">CULTURA POPULAR I LITERATURA<br \/>\n<\/span><i><span style=\"font-weight: 400;\">&#8230;li va ensenyar un niu<br \/>\n<\/span><\/i><i><span style=\"font-weight: 400;\">de gafarrons d\u2019aquells m\u00e9s rossos&#8230;<\/span><\/i><\/p>\n<p style=\"text-align: center;\"><span style=\"font-size: 10pt;\"><span style=\"font-weight: 400;\">\u00a0 \u00a0 \u00a0 \u00a0 \u00a0 \u00a0 \u00a0 \u00a0 \u00a0 \u00a0 \u00a0 \u00a0 \u00a0 \u00a0 \u00a0 \u00a0 \u00a0 \u00a0 \u00a0 \u00a0 \u00a0 \u00a0 \u00a0 \u00a0 \u00a0 \u00a0 \u00a0 \u00a0 \u00a0 \u00a0 \u00a0 \u00a0 \u00a0 \u00a0 \u00a0 Jacint Verdaguer,<br \/>\n<\/span><span style=\"font-weight: 400;\">\u00a0 \u00a0 \u00a0 \u00a0 \u00a0 \u00a0 \u00a0 \u00a0 \u00a0 \u00a0 \u00a0 \u00a0 \u00a0 \u00a0 \u00a0 \u00a0 \u00a0 \u00a0 \u00a0 \u00a0 \u00a0 \u00a0 \u00a0 \u00a0 \u00a0 \u00a0 \u00a0 \u00a0 \u00a0 \u00a0 \u00a0 \u00a0 \u00a0 \u00a0 \u00a0 \u00a0 \u00a0 \u00a0 \u00a0 \u00a0 \u00a0\u201cLo rabeig\u201d,<\/span><i><span style=\"font-weight: 400;\"> Joven\u00edvoles<\/span><\/i><\/span><\/p>\n<p><span style=\"font-weight: 400;\">\u00a0<\/span><\/p>\n<p style=\"text-align: center;\"><span style=\"font-weight: 400;\">POESIA<br \/>\n<\/span><span style=\"font-weight: 400;\">Dol\u00e7, xerrica el gafarr\u00f3,<br \/>\n<\/span><span style=\"font-weight: 400;\">entre vol i saltir\u00f3,<br \/>\n<\/span><span style=\"font-weight: 400;\">lluint el cosset, buf\u00f3,<br \/>\n<\/span><span style=\"font-weight: 400;\">d\u2019un groc-verd encantador.<br \/>\n<\/span><span style=\"font-weight: 400;\">Pro xerrica amb tant fervor<br \/>\n<\/span><span style=\"font-weight: 400;\">que se\u2019t fa atabalador.<\/span><\/p>\n<p><span style=\"font-weight: 400; font-size: 10pt;\">\u00a0 \u00a0 \u00a0 \u00a0 \u00a0 \u00a0 \u00a0 \u00a0 \u00a0 \u00a0 \u00a0 \u00a0 \u00a0 \u00a0 \u00a0 \u00a0 \u00a0 \u00a0 \u00a0 \u00a0 \u00a0 \u00a0 \u00a0 \u00a0 \u00a0 \u00a0 \u00a0 \u00a0 \u00a0 \u00a0 \u00a0 \u00a0 \u00a0 \u00a0 \u00a0 \u00a0 \u00a0 \u00a0 \u00a0 \u00a0 \u00a0 \u00a0 \u00a0 \u00a0 \u00a0 \u00a0 \u00a0 \u00a0 \u00a0 \u00a0 \u00a0 \u00a0 Celdoni Fonoll.\u00a0 \u201cVeus d\u2019ocells\u201d.\u00a0 Lynx Edicions<\/span><\/p>\n<p>&nbsp;<\/p>\n<h6 style=\"text-align: center;\"><span style=\"font-size: 18pt; color: #993300;\"><span style=\"font-size: 24pt;\"><strong><span style=\"font-size: 8pt;\"><span style=\"font-size: 18pt;\"><span style=\"font-size: 12pt;\"><span style=\"font-size: 14pt;\"><a href=\"https:\/\/agora.xtec.cat\/ceip-lola-anglada-esplugues\/wp-content\/uploads\/usu1507\/2025\/01\/OA-18-2425.jpg\"><img loading=\"lazy\" decoding=\"async\" class=\"aligncenter size-full wp-image-8122\" src=\"https:\/\/agora.xtec.cat\/ceip-lola-anglada-esplugues\/wp-content\/uploads\/usu1507\/2025\/01\/OA-18-2425.jpg\" alt=\"\" width=\"893\" height=\"651\" srcset=\"https:\/\/agora.xtec.cat\/ceip-lola-anglada-esplugues\/wp-content\/uploads\/usu1507\/2025\/01\/OA-18-2425.jpg 893w, https:\/\/agora.xtec.cat\/ceip-lola-anglada-esplugues\/wp-content\/uploads\/usu1507\/2025\/01\/OA-18-2425-300x219.jpg 300w, https:\/\/agora.xtec.cat\/ceip-lola-anglada-esplugues\/wp-content\/uploads\/usu1507\/2025\/01\/OA-18-2425-768x560.jpg 768w\" sizes=\"auto, (max-width: 893px) 100vw, 893px\" \/><\/a>9\u00aa Entrega\u00a0 \u00a0 \u00a0OCELL AMAGAT n\u00ba 18:\u00a0 VERDUM EUROPEU<\/span><\/span><\/span><\/span><\/strong><\/span><\/span><\/h6>\n<h6 style=\"text-align: center;\"><span style=\"font-size: 14pt; color: #993300;\"><strong>\u00a0<\/strong><span style=\"font-size: 12pt;\"><strong>Per\u00edode per respondre: de dijous 30 de gener a dimecres 5 de febrer <\/strong><\/span><\/span><span style=\"font-size: 12pt; color: #993300;\"><strong>(fins 22 hores)<\/strong><\/span><\/h6>\n<p><span style=\"font-weight: 400;\">El <\/span><b>verdum europeu <\/b><span style=\"font-weight: 400;\">(14,5 cm) el podem veure tot l\u2019any. La poblaci\u00f3 nidificant pot fer despla\u00e7aments importants fora de l\u2019estaci\u00f3 reproductora. Aix\u00ed mateix, entre novembre i abril n\u2019arriben for\u00e7a de migratoris procedents del centre i del nord d\u2019Europa.<\/span><\/p>\n<p><span style=\"font-weight: 400;\">Li agraden els ambients forestals oberts, com vores de bosc i clarianes. \u00c9s for\u00e7a com\u00fa als fruiterars, les plantacions d\u2019oliveres i ametllers de les arbredes de ribera. Tamb\u00e9 es troba en urbanitzacions, parcs i jardins urbans i fins i tot en aiguamolls litorals amb arbres isolats o arbustos. \u00c9s com\u00fa a la terra baixa i la muntanya mitjana, i s\u2019endinsa als Pirineus pels fons de les valls.<\/span><\/p>\n<p><span style=\"font-weight: 400;\">Menja tota mena de llavors de plantes silvestres, de marges de camins, males herbes dels cultius&#8230; Durant la primavera tamb\u00e9 consumeix insectes.<\/span><\/p>\n<p><span style=\"font-weight: 400;\">Basteix els nius a les cap\u00e7ades dels arbres o d\u2019arbustos alts. Pon de 3 a 5 ous.<\/span><\/p>\n<p style=\"text-align: center;\"><span style=\"font-weight: 400;\">\u00a0<\/span><span style=\"font-weight: 400;\">CULTURA POPULAR I LITERATURA<br \/>\n<\/span><span style=\"font-weight: 400;\">En algunes contrades s\u2019anomena VERDEROL<br \/>\n<\/span><i><span style=\"font-weight: 400;\">Renegar com un verdum: <\/span><\/i><span style=\"font-weight: 400;\">Renegar molt<br \/>\n<\/span><i><span style=\"font-weight: 400;\">Tenir verderols al cap:<\/span><\/i><span style=\"font-weight: 400;\"> \u00e9sser un capverd, tenir poc seny, somiar despert.<\/span><\/p>\n<p style=\"text-align: center;\"><span style=\"font-weight: 400;\">\u00a0<\/span><span style=\"font-weight: 400;\">POESIA<br \/>\n<\/span><span style=\"font-weight: 400;\">\u201cRum-rum-rum.\u201d<br \/>\n<\/span><span style=\"font-weight: 400;\">Verdeja el verdum<br \/>\n<\/span><span style=\"font-weight: 400;\">robust i elegant,<br \/>\n<\/span><span style=\"font-weight: 400;\">i el bosquet fragant<br \/>\n<\/span><span style=\"font-weight: 400;\">tot \u00e9s un \u201crum-rum\u201d.<\/span><\/p>\n<p style=\"text-align: right;\"><span style=\"font-weight: 400; font-size: 10pt;\">Celdoni Fonoll.\u00a0 \u201cVeus d\u2019ocells\u201d.\u00a0 Lynx Edicions<\/span><\/p>\n<p>&nbsp;<\/p>\n<h6 style=\"text-align: center;\"><span style=\"font-size: 18pt; color: #993300;\"><span style=\"font-size: 24pt;\"><strong><span style=\"font-size: 8pt;\"><span style=\"font-size: 18pt;\"><span style=\"font-size: 12pt;\"><span style=\"font-size: 14pt;\"><a href=\"https:\/\/agora.xtec.cat\/ceip-lola-anglada-esplugues\/wp-content\/uploads\/usu1507\/2025\/01\/OA-17-2425.jpg\"><img loading=\"lazy\" decoding=\"async\" class=\"aligncenter size-full wp-image-8121\" src=\"https:\/\/agora.xtec.cat\/ceip-lola-anglada-esplugues\/wp-content\/uploads\/usu1507\/2025\/01\/OA-17-2425.jpg\" alt=\"\" width=\"890\" height=\"643\" srcset=\"https:\/\/agora.xtec.cat\/ceip-lola-anglada-esplugues\/wp-content\/uploads\/usu1507\/2025\/01\/OA-17-2425.jpg 890w, https:\/\/agora.xtec.cat\/ceip-lola-anglada-esplugues\/wp-content\/uploads\/usu1507\/2025\/01\/OA-17-2425-300x217.jpg 300w, https:\/\/agora.xtec.cat\/ceip-lola-anglada-esplugues\/wp-content\/uploads\/usu1507\/2025\/01\/OA-17-2425-768x555.jpg 768w\" sizes=\"auto, (max-width: 890px) 100vw, 890px\" \/><\/a>9\u00aa Entrega\u00a0 \u00a0 \u00a0OCELL AMAGAT n\u00ba 17:\u00a0 TALLAROL DE CASQUET<\/span><\/span><\/span><\/span><\/strong><\/span><\/span><\/h6>\n<h6 style=\"text-align: center;\"><span style=\"font-size: 14pt; color: #993300;\"><strong>\u00a0<\/strong><span style=\"font-size: 12pt;\"><strong>Per\u00edode per respondre: de dijous 30 de gener a dimecres 5 de febrer <\/strong><\/span><\/span><span style=\"font-size: 12pt; color: #993300;\"><strong>(fins 22 hores)<\/strong><\/span><\/h6>\n<p><span style=\"font-weight: 400;\">El <\/span><b>tallarol de casquet <\/b><span style=\"font-weight: 400;\">(12-15 cm) \u00e9s una esp\u00e8cie resident.<\/span><\/p>\n<p><span style=\"font-weight: 400;\">\u00c9s un ocell de matolls i arbustos, d\u2019ambient mediterrani o de bosc de muntanya mitjana. El tallarol de casquet \u00e9s sobretot abundant a les zones forestals humides.<\/span><\/p>\n<p><span style=\"font-weight: 400;\">La seva dieta varia segon l\u2019\u00e8poca de l\u2019any: a la primavera i l\u2019estiu mengen sobretot invertebrats com escarabats, cucs, papallones, mosques o aranyes, mentre que a la tardor i l\u2019hivern s\u2019alimenten sobretot de fruits i baies silvestres.<\/span><\/p>\n<p><span style=\"font-weight: 400;\">La pres\u00e8ncia de tallarols se sol percebre pels insistents cants dels mascles quan, arribada la cria, marquen el territori. El niu \u00e9s una cassoleta de fulles, brins d\u2019herba i branquillons, ben amagat entre les branques d\u2019arbres o arbustos, sovint amb punxes. La posta \u00e9s de 3 a 5 ous, la incubaci\u00f3 no arriba a les dues setmanes i els polls romanen al niu alimentats per ambd\u00f3s adults entre deu i setze dies.<\/span><\/p>\n<p style=\"text-align: center;\"><span style=\"font-weight: 400;\">CULTURA POPULAR I LITERATURA<br \/>\n<\/span><span style=\"font-weight: 400;\">Busquereta de casquet (Pa\u00eds Valenci\u00e0)<br \/>\n<\/span><span style=\"font-weight: 400;\">Busqueret de capell (Illes Balears)<\/span><\/p>\n<p style=\"text-align: center;\"><span style=\"font-weight: 400;\">\u00a0<\/span><span style=\"font-weight: 400;\">POESIA<br \/>\n<\/span><span style=\"font-weight: 400;\">Heus-ne aqu\u00ed una bona llista:<br \/>\n<\/span><span style=\"font-weight: 400;\">la tallareta vulgar<br \/>\n<\/span><span style=\"font-weight: 400;\">la balear (abans sarda)<br \/>\n<\/span><span style=\"font-weight: 400;\">i tamb\u00e9 la cuallarga,<br \/>\n<\/span><span style=\"font-weight: 400;\">el tallarol de garriga,<br \/>\n<\/span><span style=\"font-weight: 400;\">el de casquet, el capnegre<br \/>\n<\/span><span style=\"font-weight: 400;\">i, ull polit, l\u2019emmascarat.<br \/>\n<\/span><span style=\"font-weight: 400;\">No hi s\u00f3n pas tots al llistat,<br \/>\n<\/span><span style=\"font-weight: 400;\">pro aquest set, els m\u00e9s comuns<br \/>\n<\/span><span style=\"font-weight: 400;\">busquerets i busqueretes<br \/>\n<\/span><span style=\"font-weight: 400;\">del nostre allargat terrer,<br \/>\n<\/span><span style=\"font-weight: 400;\">formen un bonic estol<br \/>\n<\/span><span style=\"font-weight: 400;\">d\u2019ocells petits i eixerits,<br \/>\n<\/span><span style=\"font-weight: 400;\">goig de brolles i bosquets.<\/span><\/p>\n<p style=\"text-align: right;\"><span style=\"font-weight: 400; font-size: 10pt;\">Celdoni Fonoll.\u00a0 \u201c60 ocells comuns i rars i de noms singulars\u201d.\u00a0 Lynx Edicions<\/span><\/p>\n<p>&nbsp;<\/p>\n<h6 style=\"text-align: center;\"><span style=\"color: #3366ff;\"><span style=\"color: #333399;\"><span style=\"font-size: 14pt;\"><strong><span style=\"color: #993300;\"><a href=\"https:\/\/agora.xtec.cat\/ceip-lola-anglada-esplugues\/wp-content\/uploads\/usu1507\/2024\/12\/Ocell-amagats-BONIFICACIO-Nadal-2425.jpg\"><img loading=\"lazy\" decoding=\"async\" class=\"aligncenter size-full wp-image-8081\" src=\"https:\/\/agora.xtec.cat\/ceip-lola-anglada-esplugues\/wp-content\/uploads\/usu1507\/2024\/12\/Ocell-amagats-BONIFICACIO-Nadal-2425.jpg\" alt=\"\" width=\"1024\" height=\"723\" srcset=\"https:\/\/agora.xtec.cat\/ceip-lola-anglada-esplugues\/wp-content\/uploads\/usu1507\/2024\/12\/Ocell-amagats-BONIFICACIO-Nadal-2425.jpg 1024w, https:\/\/agora.xtec.cat\/ceip-lola-anglada-esplugues\/wp-content\/uploads\/usu1507\/2024\/12\/Ocell-amagats-BONIFICACIO-Nadal-2425-300x212.jpg 300w, https:\/\/agora.xtec.cat\/ceip-lola-anglada-esplugues\/wp-content\/uploads\/usu1507\/2024\/12\/Ocell-amagats-BONIFICACIO-Nadal-2425-768x542.jpg 768w\" sizes=\"auto, (max-width: 1024px) 100vw, 1024px\" \/><\/a><\/span><\/strong><span style=\"color: #993300; font-size: 8pt;\"><span style=\"color: #000000;\">Dibuixos de l&#8217;\u00c0lex Mascarell<\/span><\/span><\/span><\/span><\/span><\/h6>\n<h6 style=\"text-align: center;\"><span style=\"color: #3366ff;\"><span style=\"color: #333399;\"><span style=\"font-size: 14pt;\"><strong><span style=\"color: #993300;\">8\u00aa Entrega\u00a0 \u00a0 \u00a0OCELL DIBUIXAT &#8211; 20 PUNTS BONIFICACI\u00d3 &#8220;Nadal 2024&#8221;<\/span><br \/>\n<\/strong><\/span><\/span><\/span><\/h6>\n<h6 style=\"text-align: center;\"><span style=\"font-size: 14pt; color: #993300;\"><span style=\"font-size: 12pt;\"><strong>Per\u00edode per respondre: de dijous 19 de desembre a dimecres 29 de gener <\/strong><\/span><\/span><span style=\"font-size: 12pt; color: #993300;\"><strong>(fins 22 hores)<\/strong><\/span><\/h6>\n<h6 style=\"text-align: center;\"><span style=\"font-size: 14pt; color: #993300;\"><strong>ATENCI\u00d3! 6 setmanes<a href=\"https:\/\/agora.xtec.cat\/ceip-lola-anglada-esplugues\/wp-content\/uploads\/usu1507\/2025\/01\/Ocell-amagats-BONIFICACIO-Nadal-2425-respostes.jpg\"><img loading=\"lazy\" decoding=\"async\" class=\"aligncenter size-full wp-image-8124\" src=\"https:\/\/agora.xtec.cat\/ceip-lola-anglada-esplugues\/wp-content\/uploads\/usu1507\/2025\/01\/Ocell-amagats-BONIFICACIO-Nadal-2425-respostes.jpg\" alt=\"\" width=\"930\" height=\"139\" srcset=\"https:\/\/agora.xtec.cat\/ceip-lola-anglada-esplugues\/wp-content\/uploads\/usu1507\/2025\/01\/Ocell-amagats-BONIFICACIO-Nadal-2425-respostes.jpg 930w, https:\/\/agora.xtec.cat\/ceip-lola-anglada-esplugues\/wp-content\/uploads\/usu1507\/2025\/01\/Ocell-amagats-BONIFICACIO-Nadal-2425-respostes-300x45.jpg 300w, https:\/\/agora.xtec.cat\/ceip-lola-anglada-esplugues\/wp-content\/uploads\/usu1507\/2025\/01\/Ocell-amagats-BONIFICACIO-Nadal-2425-respostes-768x115.jpg 768w\" sizes=\"auto, (max-width: 930px) 100vw, 930px\" \/><\/a><\/strong><\/span><\/h6>\n<h6 style=\"text-align: center;\"><span style=\"color: #3366ff;\"><span style=\"color: #333399;\"><span style=\"font-size: 14pt;\"><strong>\u00a0<\/strong><\/span><\/span><\/span><\/h6>\n<h6 style=\"text-align: center;\"><span style=\"font-size: 18pt; color: #993300;\"><span style=\"font-size: 24pt;\"><strong><span style=\"font-size: 8pt;\"><span style=\"font-size: 18pt;\"><span style=\"font-size: 12pt;\"><span style=\"font-size: 14pt;\"><a href=\"https:\/\/agora.xtec.cat\/ceip-lola-anglada-esplugues\/wp-content\/uploads\/usu1507\/2024\/12\/OA-16-2425.jpg\"><img loading=\"lazy\" decoding=\"async\" class=\"aligncenter size-full wp-image-8080\" src=\"https:\/\/agora.xtec.cat\/ceip-lola-anglada-esplugues\/wp-content\/uploads\/usu1507\/2024\/12\/OA-16-2425.jpg\" alt=\"\" width=\"890\" height=\"657\" srcset=\"https:\/\/agora.xtec.cat\/ceip-lola-anglada-esplugues\/wp-content\/uploads\/usu1507\/2024\/12\/OA-16-2425.jpg 890w, https:\/\/agora.xtec.cat\/ceip-lola-anglada-esplugues\/wp-content\/uploads\/usu1507\/2024\/12\/OA-16-2425-300x221.jpg 300w, https:\/\/agora.xtec.cat\/ceip-lola-anglada-esplugues\/wp-content\/uploads\/usu1507\/2024\/12\/OA-16-2425-768x567.jpg 768w\" sizes=\"auto, (max-width: 890px) 100vw, 890px\" \/><\/a>8\u00aa Entrega\u00a0 \u00a0 \u00a0OCELL AMAGAT n\u00ba 16:\u00a0 PICA-SOQUES EURASI\u00c0TIC<\/span><\/span><\/span><\/span><\/strong><\/span><\/span><\/h6>\n<h6 style=\"text-align: center;\"><span style=\"font-size: 14pt; color: #993300;\"><strong>\u00a0<\/strong><span style=\"font-size: 12pt;\"><strong>Per\u00edode per respondre: de dijous 19 de desembre a dimecres 29 de gener <\/strong><\/span><\/span><span style=\"font-size: 12pt; color: #993300;\"><strong>(fins 22 hores)<\/strong><\/span><\/h6>\n<h6 style=\"text-align: center;\"><span style=\"font-size: 14pt; color: #993300;\"><strong>ATENCI\u00d3! 6 setmanes<\/strong><\/span><\/h6>\n<p><span style=\"font-weight: 400;\">El <\/span><b>pica-soques eurasi\u00e0tic<\/b><span style=\"font-weight: 400;\"> \u00e9s un petit ocell grassonet d\u2019uns 14 cm de llarg.<\/span><\/p>\n<p><span style=\"font-weight: 400;\">El seu plomatge per sobre \u00e9s gris blav\u00f3s; per sota \u00e9s marr\u00f3 clar amb tons rogencs als costats; t\u00e9 una franja negra que va del bec fins a cada costat del coll.<\/span><\/p>\n<p><span style=\"font-weight: 400;\">Les ales s\u00f3n grises. La gola \u00e9s blanquinosa.<\/span><\/p>\n<p><span style=\"font-weight: 400;\">El bec \u00e9s gris fosc i punxegut.<\/span><\/p>\n<p><span style=\"font-weight: 400;\">Les potes s\u00f3n curtes, de color marr\u00f3 groguenc; els dits tenen fortes ungles.<\/span><\/p>\n<p><span style=\"font-weight: 400;\">La cua \u00e9s curta, de color gris blav\u00f3s amb taques negres als costats i petites taques blanques que nom\u00e9s es veuen quan l\u2019obre.<\/span><\/p>\n<p><span style=\"font-weight: 400;\">Menja insectes, larves, aranyes i petits mol\u00b7luscs. Tamb\u00e9 menja fruits secs com avellanes i glans que trenca colpejant-los amb el seu bec.<\/span><\/p>\n<p><span style=\"font-weight: 400;\">Fa el niu en forats de troncs d\u2019arbres i en escletxes de roques o murs de pedra. De vegades aprofita els nius que han deixat els picots.<\/span><\/p>\n<p><span style=\"font-weight: 400;\">T\u00e9 el costum de tapar el forat amb fang deixant nom\u00e9s l\u2019espai suficient per poder passar. A l\u2019interior hi posa trossets d\u2019escor\u00e7a i fulles seques.<\/span><\/p>\n<p><span style=\"font-weight: 400;\">La femella pon 6-9 ous blancs amb punts marronosos i el cova durant 14 dies. Els pollets comencen a volar cap als 24 dies.<\/span><\/p>\n<p><span style=\"font-weight: 400;\">Viu en els boscos de la muntanya mitjana i l\u2019alta muntanya.<\/span><\/p>\n<p><span style=\"font-weight: 400;\">En els llocs on no fa molt fred es queda sempre al mateix territori; en canvi dels llocs m\u00e9s g\u00e8lids emigra cap a zones m\u00e9s c\u00e0lides de la terra baixa.<\/span><\/p>\n<p><span style=\"font-weight: 400;\">Vola d\u2019arbre en arbre de manera r\u00e0pida. Tamb\u00e9 baixa al terra i camina fent salts. Quan arriba al tronc d\u2019un arbre clava les ungles a la fusta i grimpa per l\u2019escor\u00e7a tant cap amunt com cap per avall. De seguida que nota que \u00e9s vist, s\u2019amaga a l\u2019altre costat del tronc.<\/span><\/p>\n<p><span style=\"font-weight: 400;\">Viu uns 3 anys.<\/span><\/p>\n<p><span style=\"font-weight: 400;\">\u00c9s un excel\u00b7lent grimpador i \u00e9s capa\u00e7 de pujar pel tronc amb rapidesa i facilitat.<\/span><\/p>\n<p style=\"text-align: right;\"><span style=\"font-weight: 400; font-size: 10pt;\">Ferran Turmo i Gort, mestre. (blocs.xtec.cat)<\/span><\/p>\n<h6 style=\"text-align: center;\"><span style=\"font-size: 14pt; color: #993300;\"><strong>\u00a0<\/strong><\/span><\/h6>\n<p style=\"text-align: center;\"><span style=\"font-weight: 400;\">CAN\u00c7\u00d3 INFANTIL<\/span><\/p>\n<p style=\"text-align: center;\"><span style=\"font-weight: 400;\">Al pati de l&#8217;escola<br \/>\n<\/span><span style=\"font-weight: 400;\">hi havia un ocellet, o\u00e9, o\u00e9!<br \/>\n<\/span><span style=\"font-weight: 400;\">Que es deia pica-soques<br \/>\n<\/span><span style=\"font-weight: 400;\">i feia el seu niuet, o\u00e9, o\u00e9!<\/span><\/p>\n<p style=\"text-align: center;\"><span style=\"font-weight: 400;\">Pica-soques, pica-soques,<br \/>\n<\/span><span style=\"font-weight: 400;\">Pica-soques pica b\u00e9.<br \/>\n<\/span><span style=\"font-weight: 400;\">Pica-soques, pica-soques,<br \/>\n<\/span><span style=\"font-weight: 400;\">Pica-soques pica b\u00e9.<\/span><\/p>\n<h6 style=\"text-align: center;\"><span style=\"font-size: 18pt; color: #993300;\"><span style=\"font-size: 24pt;\"><strong><span style=\"font-size: 8pt;\"><span style=\"font-size: 18pt;\"><span style=\"font-size: 12pt;\"><span style=\"font-size: 14pt;\"><a href=\"https:\/\/agora.xtec.cat\/ceip-lola-anglada-esplugues\/wp-content\/uploads\/usu1507\/2024\/12\/OA-15-2425.jpg\"><img loading=\"lazy\" decoding=\"async\" class=\"aligncenter size-full wp-image-8079\" src=\"https:\/\/agora.xtec.cat\/ceip-lola-anglada-esplugues\/wp-content\/uploads\/usu1507\/2024\/12\/OA-15-2425.jpg\" alt=\"\" width=\"897\" height=\"657\" srcset=\"https:\/\/agora.xtec.cat\/ceip-lola-anglada-esplugues\/wp-content\/uploads\/usu1507\/2024\/12\/OA-15-2425.jpg 897w, https:\/\/agora.xtec.cat\/ceip-lola-anglada-esplugues\/wp-content\/uploads\/usu1507\/2024\/12\/OA-15-2425-300x220.jpg 300w, https:\/\/agora.xtec.cat\/ceip-lola-anglada-esplugues\/wp-content\/uploads\/usu1507\/2024\/12\/OA-15-2425-768x563.jpg 768w\" sizes=\"auto, (max-width: 897px) 100vw, 897px\" \/><\/a>8\u00aa Entrega\u00a0 \u00a0 \u00a0OCELL AMAGAT n\u00ba 15:\u00a0 MERLA COMUNA<\/span><\/span><\/span><\/span><\/strong><\/span><\/span><\/h6>\n<h6 style=\"text-align: center;\"><span style=\"font-size: 14pt; color: #993300;\"><strong>\u00a0<\/strong><span style=\"font-size: 12pt;\"><strong>Per\u00edode per respondre: de dijous 19 de desembre a dimecres 29 de gener <\/strong><\/span><\/span><span style=\"font-size: 12pt; color: #993300;\"><strong>(fins 22 hores)<\/strong><\/span><\/h6>\n<h6 style=\"text-align: center;\"><span style=\"font-size: 14pt; color: #993300;\"><strong>ATENCI\u00d3! 6 setmanes<\/strong><\/span><\/h6>\n<p><span style=\"font-weight: 400;\">La <\/span><b>merla comuna <\/b><span style=\"font-weight: 400;\">(25 cm) \u00e9s b\u00e0sicament sedent\u00e0ria, per\u00f2 durant l\u2019hivern alguns exemplars poden fer despla\u00e7aments cap a zones de clima m\u00e9s favorable, i tamb\u00e9 poden arribar alguns ocells migrants centreeuropeus.<\/span><\/p>\n<p><span style=\"font-weight: 400;\">\u00c9s un ocell com\u00fa per tot el pa\u00eds, des de la costa fins als Pirineus. Manca nom\u00e9s a les zones m\u00e9s altes del Pirineu i en algunes \u00e0rees on no hi ha ni arbres ni mates altes, com per exemple els arrossars del Delta de l\u2019Ebre. Viu en tota mena d\u2019ambients amb arbres o arbustos alts, preferentment si tenen sotabosc o mates espesses. Tolera for\u00e7a b\u00e9 la pres\u00e8ncia humana, i per aix\u00f2 est\u00e0 molt estesa a les zones urbanes, on viu als parcs i jardins, per\u00f2 tamb\u00e9 en patis i terrasses, nom\u00e9s amb la condici\u00f3 que hi hagi una vegetaci\u00f3 densa.<\/span><\/p>\n<p><span style=\"font-weight: 400;\">Menja tota mena d\u2019invertebrats; li agraden molt els cucs de terra, per\u00f2 tamb\u00e9 els caragols, els llimacs, les erugues, etc.<\/span><\/p>\n<p><span style=\"font-weight: 400;\">Fa els nius als arbustos o als arbres, sovint a poca al\u00e7ada. La posta \u00e9s de 3 o 4 ous.<\/span><\/p>\n<h6 style=\"text-align: center;\"><span style=\"font-size: 14pt; color: #993300;\"><strong>\u00a0<\/strong><\/span><\/h6>\n<p><span style=\"font-weight: 400;\">CULTURA POPULAR I LITERATURA<br \/>\n<\/span><i><span style=\"font-weight: 400;\">Agafar una merla<\/span><\/i><span style=\"font-weight: 400;\">: emborratxar-se. \u201cAquest ha agafat una bona merla.\u201d<\/span><\/p>\n<p><span style=\"font-weight: 400;\">\u00a0<\/span><span style=\"font-weight: 400;\">POESIA<br \/>\n<\/span><span style=\"font-weight: 400;\">Xiuladora merla,<br \/>\n<\/span><span style=\"font-weight: 400;\">volant ras t\u2019esmunys<br \/>\n<\/span><span style=\"font-weight: 400;\">entre les arbredes<br \/>\n<\/span><span style=\"font-weight: 400;\">o fas, mansa, el niu<br \/>\n<\/span><span style=\"font-weight: 400;\">en jard\u00ed ombradiu.<br \/>\n<\/span><\/p>\n<p><span style=\"font-family: inherit; font-size: 1em;\">Juganera i tendra,<br \/>\n<\/span><span style=\"font-weight: 400;\">del bosc negra perla,<br \/>\n<\/span><span style=\"font-weight: 400;\">encisera merla.<\/span><\/p>\n<p style=\"text-align: right;\"><span style=\"font-size: 10pt;\"><span style=\"font-weight: 400;\">\u00a0<\/span><span style=\"font-weight: 400;\">Celdoni Fonoll.\u00a0 \u201cVeus d\u2019ocells\u201d.\u00a0 Lynx Edicions<\/span><\/span><\/p>\n<h6 style=\"text-align: center;\"><span style=\"font-size: 18pt; color: #993300;\"><span style=\"font-size: 24pt;\"><strong><span style=\"font-size: 8pt;\"><span style=\"font-size: 18pt;\"><span style=\"font-size: 12pt;\"><span style=\"font-size: 14pt;\"><a href=\"https:\/\/agora.xtec.cat\/ceip-lola-anglada-esplugues\/wp-content\/uploads\/usu1507\/2024\/12\/OA-14-2425.jpg\"><img loading=\"lazy\" decoding=\"async\" class=\"aligncenter size-full wp-image-8053\" src=\"https:\/\/agora.xtec.cat\/ceip-lola-anglada-esplugues\/wp-content\/uploads\/usu1507\/2024\/12\/OA-14-2425.jpg\" alt=\"\" width=\"860\" height=\"573\" srcset=\"https:\/\/agora.xtec.cat\/ceip-lola-anglada-esplugues\/wp-content\/uploads\/usu1507\/2024\/12\/OA-14-2425.jpg 860w, https:\/\/agora.xtec.cat\/ceip-lola-anglada-esplugues\/wp-content\/uploads\/usu1507\/2024\/12\/OA-14-2425-300x200.jpg 300w, https:\/\/agora.xtec.cat\/ceip-lola-anglada-esplugues\/wp-content\/uploads\/usu1507\/2024\/12\/OA-14-2425-768x512.jpg 768w\" sizes=\"auto, (max-width: 860px) 100vw, 860px\" \/><\/a>7\u00aa Entrega\u00a0 \u00a0 \u00a0OCELL AMAGAT n\u00ba 14:\u00a0 MOSQUITER COM\u00da<\/span><\/span><\/span><\/span><\/strong><\/span><\/span><\/h6>\n<h6 style=\"text-align: center;\"><span style=\"font-size: 14pt; color: #993300;\"><strong>\u00a0<\/strong><strong>Per\u00edode per respondre: de dijous 5 a dimecres 18 de desembre <\/strong><\/span><span style=\"font-size: 14pt; color: #993300;\"><strong>(fins 22 hores)<\/strong><\/span><\/h6>\n<h6 style=\"text-align: center;\"><span style=\"font-size: 14pt; color: #993300;\"><strong>ATENCI\u00d3 2 setmanes<\/strong><\/span><\/h6>\n<p><span style=\"font-weight: 400;\">El <\/span><b>mosquiter com\u00fa <\/b><span style=\"font-weight: 400;\">(10-12 cm) \u00e9s de formes arrodonides. Parts superiors bru oliv\u00e0cies. Parts inferiors un xic m\u00e9s clares, amb flancs i laterals del pit sovint d\u2019un to m\u00e9s crem\u00f3s, per\u00f2 que contrasten poc amb les parts superiors. Cella, anell ocular i gola clars. Potes i bec molt foscos.<\/span><\/p>\n<p><span style=\"font-weight: 400;\">Cria en boscos humits amb sotabosc, des d\u2019alzinars litorals fins a boscos subalpins i, des de fa poc , tamb\u00e9 en boscos de ribera\u00a0 de plana. Abund\u00e0ncia m\u00e0xima en caducifolis de muntanya mitjana. A l\u2019hivern , canyissars i bardisses en aiguamolls, rius i canals, aix\u00ed com tamb\u00e9 en conreus mediterranis i a l\u2019interior de pobles i ciutats , on no \u00e9s rar observar-lo buscant pug\u00f3 a les plantes dels balcons.<\/span><\/p>\n<p><span style=\"font-weight: 400;\">Discret durant el per\u00edode reproductor, es deixa veure amb facilitat a l\u2019hivern. Cria a la major part d\u2019Europa. A l\u2019hivern, nom\u00e9s al sud i l\u2019oest. A casa nostra tenim unes 80000 parelles.<\/span><\/p>\n<p><span style=\"font-weight: 400;\">CULTURA POPULAR I LITERATURA<br \/>\n<\/span><span style=\"font-weight: 400;\">Ull de bou (Illes Balears)<\/span><\/p>\n<p style=\"text-align: right;\"><span style=\"font-weight: 400; font-size: 10pt;\">\u00a0\u201cOcells de Catalunya, Pa\u00eds Valenci\u00e0 i Balears\u201d.\u00a0 Lynx Edicions<\/span><\/p>\n<p>&nbsp;<\/p>\n<h6 style=\"text-align: center;\"><span style=\"font-size: 18pt; color: #993300;\"><span style=\"font-size: 24pt;\"><strong><span style=\"font-size: 8pt;\"><span style=\"font-size: 18pt;\"><span style=\"font-size: 12pt;\"><span style=\"font-size: 14pt;\"><a href=\"https:\/\/agora.xtec.cat\/ceip-lola-anglada-esplugues\/wp-content\/uploads\/usu1507\/2024\/12\/OA-13-2425.jpg\"><img loading=\"lazy\" decoding=\"async\" class=\"aligncenter size-full wp-image-8052\" src=\"https:\/\/agora.xtec.cat\/ceip-lola-anglada-esplugues\/wp-content\/uploads\/usu1507\/2024\/12\/OA-13-2425.jpg\" alt=\"\" width=\"895\" height=\"577\" srcset=\"https:\/\/agora.xtec.cat\/ceip-lola-anglada-esplugues\/wp-content\/uploads\/usu1507\/2024\/12\/OA-13-2425.jpg 895w, https:\/\/agora.xtec.cat\/ceip-lola-anglada-esplugues\/wp-content\/uploads\/usu1507\/2024\/12\/OA-13-2425-300x193.jpg 300w, https:\/\/agora.xtec.cat\/ceip-lola-anglada-esplugues\/wp-content\/uploads\/usu1507\/2024\/12\/OA-13-2425-768x495.jpg 768w\" sizes=\"auto, (max-width: 895px) 100vw, 895px\" \/><\/a>7\u00aa Entrega\u00a0 \u00a0 \u00a0OCELL AMAGAT n\u00ba 13:\u00a0 GAVI\u00c0 DE POTES GROGUES<\/span><\/span><\/span><\/span><\/strong><\/span><\/span><\/h6>\n<h6 style=\"text-align: center;\"><span style=\"font-size: 14pt; color: #993300;\"><strong>\u00a0<\/strong><strong>Per\u00edode per respondre: de dijous 5 a dimecres 18 de desembre <\/strong><\/span><span style=\"font-size: 14pt; color: #993300;\"><strong>(fins 22 hores)<\/strong><\/span><\/h6>\n<h6 style=\"text-align: center;\"><span style=\"font-size: 14pt; color: #993300;\"><strong>ATENCI\u00d3 2 setmanes<\/strong><\/span><\/h6>\n<p><span style=\"font-weight: 400;\">El <\/span><b>gavi\u00e0 de potes grogues <\/b><span style=\"font-weight: 400;\">(52-58 cm) \u00e9s una esp\u00e8cie resident.<\/span><\/p>\n<p><span style=\"font-weight: 400;\">Robust. Blanc amb el dors gris i la punta de l\u2019ala negra. Potes i bec grocs, amb taca vermella a la mand\u00edbula inferior.<\/span><\/p>\n<p><span style=\"font-weight: 400;\">Nidifica en illots i penya-segats marins, sorrals amb vegetaci\u00f3, illes en zones d\u2019aiguamoll i en edificis.<\/span><\/p>\n<p><span style=\"font-weight: 400;\">Molt lligat a l\u2019activitat humana. S\u2019alimenta sobretot als abocadors i en conreus. Tamb\u00e9 depreda altres esp\u00e8cies, entre els quals els coloms de les ciutats, i segueix vaixells de pesca. Defensa ferotgement el seu territori.<\/span><\/p>\n<p><span style=\"font-weight: 400;\">\u00c9s una esp\u00e8cie en expansi\u00f3. Abundant al litoral i cada vegada m\u00e9s tamb\u00e9 en embassaments interiors. 30000 parelles. Principals col\u00f2nies de cria a les Illes Medes i al Delta de l\u2019Ebre amb unes 10000 parelles a cada lloc.<\/span><\/p>\n<p><span style=\"font-weight: 400;\">CULTURA POPULAR I LITERATURA<br \/>\n<\/span><span style=\"font-weight: 400;\">Gavinot argentat mediterrani (Pa\u00eds Valenci\u00e0)<br \/>\n<\/span><span style=\"font-weight: 400;\">Gavina (Illes Balears)<\/span><\/p>\n<p style=\"text-align: right;\"><span style=\"font-weight: 400;\">\u00a0<span style=\"font-size: 10pt;\">\u201cOcells de Catalunya, Pa\u00eds Valenci\u00e0 i Balears\u201d.\u00a0 Lynx Edicions<\/span><\/span><\/p>\n<p>&nbsp;<\/p>\n<h6 style=\"text-align: center;\"><span style=\"font-size: 18pt; color: #993300;\"><span style=\"font-size: 24pt;\"><strong><span style=\"font-size: 8pt;\"><span style=\"font-size: 18pt;\"><span style=\"font-size: 12pt;\"><span style=\"font-size: 14pt;\"><a href=\"https:\/\/agora.xtec.cat\/ceip-lola-anglada-esplugues\/wp-content\/uploads\/usu1507\/2024\/11\/OA-12-2425.jpg\"><img loading=\"lazy\" decoding=\"async\" class=\"aligncenter size-full wp-image-8025\" src=\"https:\/\/agora.xtec.cat\/ceip-lola-anglada-esplugues\/wp-content\/uploads\/usu1507\/2024\/11\/OA-12-2425.jpg\" alt=\"\" width=\"892\" height=\"574\" srcset=\"https:\/\/agora.xtec.cat\/ceip-lola-anglada-esplugues\/wp-content\/uploads\/usu1507\/2024\/11\/OA-12-2425.jpg 892w, https:\/\/agora.xtec.cat\/ceip-lola-anglada-esplugues\/wp-content\/uploads\/usu1507\/2024\/11\/OA-12-2425-300x193.jpg 300w, https:\/\/agora.xtec.cat\/ceip-lola-anglada-esplugues\/wp-content\/uploads\/usu1507\/2024\/11\/OA-12-2425-768x494.jpg 768w\" sizes=\"auto, (max-width: 892px) 100vw, 892px\" \/><\/a>6\u00aa Entrega\u00a0 \u00a0 \u00a0OCELL AMAGAT n\u00ba 12:\u00a0 TALLAROL CAPNEGRE<\/span><\/span><\/span><\/span><\/strong><\/span><\/span><\/h6>\n<h6 style=\"text-align: center;\"><span style=\"font-size: 14pt; color: #993300;\"><strong>\u00a0<\/strong><strong>Per\u00edode per respondre: de dijous 28 de novembre a dimecres 4 de desembre<\/strong><\/span><\/h6>\n<h6 style=\"text-align: center;\"><span style=\"font-size: 14pt; color: #993300;\"><strong>(fins 22 hores)<\/strong><\/span><\/h6>\n<p><span style=\"font-weight: 400;\">El <\/span><b>tallarol capnegre <\/b><span style=\"font-weight: 400;\">(13-14 cm) \u00e9s una esp\u00e8cie resident.<\/span><\/p>\n<p><span style=\"font-weight: 400;\">\u00c9s un ocell de matolls i arbustos, d\u2019ambient mediterrani o de bosc de muntanya mitjana.<\/span><\/p>\n<p><span style=\"font-weight: 400;\">La seva dieta varia segon l\u2019\u00e8poca de l\u2019any: a la primavera i l\u2019estiu mengen sobretot invertebrats com escarabats, cucs, papallones, mosques o aranyes, mentre que a la tardor i l\u2019hivern s\u2019alimenten sobretot de fruits i baies silvestres.<\/span><\/p>\n<p><span style=\"font-weight: 400;\">La pres\u00e8ncia de tallarols se sol percebre pels insistents cants dels mascles quan, arribada la cria, marquen el territori. El niu \u00e9s una cassoleta de fulles, brins d\u2019herba i branquillons, ben amagat entre les branques d\u2019arbres o arbustos, sovint amb punxes. La posta \u00e9s de 3 a 5 ous, la incubaci\u00f3 no arriba a les dues setmanes i els polls romanen al niu alimentats per ambd\u00f3s adults entre deu i setze dies.<\/span><\/p>\n<p><span style=\"font-weight: 400;\">\u00a0<\/span><\/p>\n<p><span style=\"font-weight: 400;\">CULTURA POPULAR I LITERATURA<br \/>\n<\/span><span style=\"font-weight: 400;\">Busquereta capnegra (Pa\u00eds Valenci\u00e0)<br \/>\n<\/span><span style=\"font-weight: 400;\">Busqueret capnegre (Illes Balears)<\/span><\/p>\n<p><i><span style=\"font-weight: 400;\">En general la fauna no dep\u00e8n tant dels condicionaments clim\u00e0tics com la flora i, per tant, es fa m\u00e9s dif\u00edcil parlar d\u2019una fauna pr\u00f2piament mediterr\u00e0nia. Aix\u00f2 no obstant, hi ha alguns elements mediterranis caracter\u00edstics, com els ocells del grup dels tallarols&#8230;<\/span><\/i><\/p>\n<p><span style=\"font-size: 10pt;\"><span style=\"font-weight: 400;\">Ramon Folch, Llu\u00eds Ferr\u00e9s, Miquel Monge<br \/>\n<\/span><span style=\"font-weight: 400;\">\u201cLa fauna mediterr\u00e0nia\u201d, <\/span><i><span style=\"font-weight: 400;\">Mediterr\u00e0nia<\/span><\/i><\/span><\/p>\n<p><span style=\"font-weight: 400;\">\u00a0<\/span><\/p>\n<p><span style=\"font-weight: 400;\">POESIA<br \/>\n<\/span><span style=\"font-weight: 400;\">Moixonets de bec primet,<br \/>\n<\/span><span style=\"font-weight: 400;\">esvelts, fins, bellugadissos,<br \/>\n<\/span><span style=\"font-weight: 400;\">plomatge de tons suaus<br \/>\n<\/span><span style=\"font-weight: 400;\">i xerradissa diversa,<br \/>\n<\/span><span style=\"font-weight: 400;\">tallarols i tallaretes<br \/>\n<\/span><span style=\"font-weight: 400;\">donen vida a esbarzerars,<br \/>\n<\/span><span style=\"font-weight: 400;\">arbredes, jardins i parcs.<\/span><\/p>\n<p style=\"text-align: right;\"><span style=\"font-weight: 400; font-size: 10pt;\">Celdoni Fonoll.\u00a0 \u201c60 ocells comuns i rars i de noms singulars\u201d.\u00a0 Lynx Edicions<\/span><\/p>\n<p>&nbsp;<\/p>\n<h6 style=\"text-align: center;\"><span style=\"font-size: 18pt; color: #993300;\"><span style=\"font-size: 24pt;\"><strong><span style=\"font-size: 8pt;\"><span style=\"font-size: 18pt;\"><span style=\"font-size: 12pt;\"><span style=\"font-size: 14pt;\"><a href=\"https:\/\/agora.xtec.cat\/ceip-lola-anglada-esplugues\/wp-content\/uploads\/usu1507\/2024\/11\/OA-11-2425.jpg\"><img loading=\"lazy\" decoding=\"async\" class=\"aligncenter size-full wp-image-8024\" src=\"https:\/\/agora.xtec.cat\/ceip-lola-anglada-esplugues\/wp-content\/uploads\/usu1507\/2024\/11\/OA-11-2425.jpg\" alt=\"\" width=\"892\" height=\"650\" srcset=\"https:\/\/agora.xtec.cat\/ceip-lola-anglada-esplugues\/wp-content\/uploads\/usu1507\/2024\/11\/OA-11-2425.jpg 892w, https:\/\/agora.xtec.cat\/ceip-lola-anglada-esplugues\/wp-content\/uploads\/usu1507\/2024\/11\/OA-11-2425-300x219.jpg 300w, https:\/\/agora.xtec.cat\/ceip-lola-anglada-esplugues\/wp-content\/uploads\/usu1507\/2024\/11\/OA-11-2425-768x560.jpg 768w\" sizes=\"auto, (max-width: 892px) 100vw, 892px\" \/><\/a>6\u00aa Entrega\u00a0 \u00a0 \u00a0OCELL AMAGAT n\u00ba 11:\u00a0 PIT-ROIG<\/span><\/span><\/span><\/span><\/strong><\/span><\/span><\/h6>\n<h6 style=\"text-align: center;\"><span style=\"font-size: 14pt; color: #993300;\"><strong>\u00a0<\/strong><strong>Per\u00edode per respondre: de dijous 28 de novembre a dimecres 4 de desembre<\/strong><\/span><\/h6>\n<h6 style=\"text-align: center;\"><span style=\"font-size: 14pt; color: #993300;\"><strong>(fins 22 hores)<\/strong><\/span><\/h6>\n<p><i><span style=\"font-weight: 400;\">Al pati de l\u2019escola \u00e9s un habitant for\u00e7a habitual.<\/span><\/i><\/p>\n<p><span style=\"font-weight: 400;\">El <\/span><b>pit-roig <\/b><span style=\"font-weight: 400;\">(14 cm) el podem veure tot l\u2019any. Durant els mesos hivernals n\u2019arriven molts exemplars que provenen del centre i nord d\u2019Europa.<\/span><\/p>\n<p><span style=\"font-weight: 400;\">En l\u2019\u00e8poca de nidificaci\u00f3 \u00e9s un ocell forestal que evita les contrades m\u00e9s \u00e0rides, i manca per tant a les planes de Ponent i a les comarques meridionals tarragonines. Durant l\u2019hivern, en canvi, s\u2019est\u00e9n i esdev\u00e9 un dels ocells m\u00e9s comuns arreu del pa\u00eds. Viu en tota mena d\u2019ambients amb pres\u00e8ncia d\u2019arbres, com boscos, conreus, clarianes i vores de bosc o jardins urbans. \u00c9s un dels ocells m\u00e9s freq\u00fcents en pobles i ciutats.<\/span><\/p>\n<p><span style=\"font-weight: 400;\">La seva dieta \u00e9s variada: durant la primavera i l\u2019estiu s\u2019alimenta de petits invertebrats, i a la tardor i l\u2019hivern menja molts fruits carnosos (baies)<\/span><\/p>\n<p><span style=\"font-weight: 400;\">Cria en zones amb for\u00e7a vegetaci\u00f3. Fa els nius en forma de cassoleta, a terra, ben amagats entre arbustos o bardisses. La posta \u00e9s de 3 a 6 ous.<\/span><\/p>\n<p><span style=\"font-weight: 400;\">\u00a0<\/span><\/p>\n<p><span style=\"font-weight: 400;\">CULTURA POPULAR I LITERATURA<br \/>\n<\/span><span style=\"font-weight: 400;\">En algunes contrades s\u2019anomena RUPIT<br \/>\n<\/span><i><span style=\"font-weight: 400;\">Magre com un rupit: <\/span><\/i><span style=\"font-weight: 400;\">Persona o animal molt magre (grassonet)<br \/>\n<\/span><i><span style=\"font-weight: 400;\">Pobre com un rupit<\/span><\/i><span style=\"font-weight: 400;\"> o <\/span><i><span style=\"font-weight: 400;\">M\u00e9s pobre que un rupit<\/span><\/i><span style=\"font-weight: 400;\">: persona molt pobra.<\/span><\/p>\n<p><span style=\"font-weight: 400;\">\u00a0<\/span><\/p>\n<p><span style=\"font-weight: 400;\">POESIA<br \/>\n<\/span><span style=\"font-weight: 400;\">C\u00e0ndid, el pit-roig<br \/>\n<\/span><span style=\"font-weight: 400;\">arrupit rupit,<br \/>\n<\/span><span style=\"font-weight: 400;\">pobre i emmagrit-<br \/>\n<\/span><span style=\"font-weight: 400;\">repica monedes:<br \/>\n<\/span><span style=\"font-weight: 400;\">\u201ctic-tic, tsip, tsissip\u201d<br \/>\n<\/span><span style=\"font-weight: 400;\">o canta plany\u00edvol,<br \/>\n<\/span><span style=\"font-weight: 400;\">al bosquet, al marge,<br \/>\n<\/span><span style=\"font-weight: 400;\">al jard\u00ed adormit.<\/span><\/p>\n<p style=\"text-align: right;\"><span style=\"font-weight: 400; font-size: 10pt;\">Celdoni Fonoll.\u00a0 \u201cVeus d\u2019ocells\u201d.\u00a0 Lynx Edicions<\/span><\/p>\n<p>&nbsp;<\/p>\n<h6 style=\"text-align: center;\"><span style=\"font-size: 18pt; color: #993300;\"><span style=\"font-size: 24pt;\"><strong><span style=\"font-size: 8pt;\"><span style=\"font-size: 18pt;\"><span style=\"font-size: 12pt;\"><span style=\"font-size: 14pt;\"><a href=\"https:\/\/agora.xtec.cat\/ceip-lola-anglada-esplugues\/wp-content\/uploads\/usu1507\/2024\/11\/OA-10-2425.jpg\"><img loading=\"lazy\" decoding=\"async\" class=\"aligncenter size-full wp-image-8005\" src=\"https:\/\/agora.xtec.cat\/ceip-lola-anglada-esplugues\/wp-content\/uploads\/usu1507\/2024\/11\/OA-10-2425.jpg\" alt=\"\" width=\"895\" height=\"654\" srcset=\"https:\/\/agora.xtec.cat\/ceip-lola-anglada-esplugues\/wp-content\/uploads\/usu1507\/2024\/11\/OA-10-2425.jpg 895w, https:\/\/agora.xtec.cat\/ceip-lola-anglada-esplugues\/wp-content\/uploads\/usu1507\/2024\/11\/OA-10-2425-300x219.jpg 300w, https:\/\/agora.xtec.cat\/ceip-lola-anglada-esplugues\/wp-content\/uploads\/usu1507\/2024\/11\/OA-10-2425-768x561.jpg 768w\" sizes=\"auto, (max-width: 895px) 100vw, 895px\" \/><\/a>5\u00aa Entrega\u00a0 \u00a0 \u00a0OCELL AMAGAT n\u00ba 10:\u00a0 MALLERENGA EMPLOMALLADA<\/span><\/span><\/span><\/span><\/strong><\/span><\/span><\/h6>\n<h6 style=\"text-align: center;\"><span style=\"font-size: 14pt; color: #993300;\"><strong>\u00a0<\/strong><strong>Per\u00edode per respondre: de dijous 21 a dimecres 27 de novembre (fins 22 hores)<\/strong><\/span><\/h6>\n<p><span style=\"font-weight: 400;\">La <\/span><b>mallerenga emplomallada <\/b><span style=\"font-weight: 400;\">(11,5 cm) \u00e9s resident i for\u00e7a sedent\u00e0ria, tot i que a la tardor i l\u2019hivern pot realitzar, juntament amb altres mallerengues, petits moviment d\u2019abast local.<\/span><\/p>\n<p><span style=\"font-weight: 400;\">La podem trobar pr\u00e0cticament a totes les zones forestades, des de nivell del mar a 2000 metres d\u2019altitud; nom\u00e9s manca a les \u00e0rees m\u00e9s obertes de ponent, l\u2019Empord\u00e0 i el Delta de l\u2019Ebre.<\/span><\/p>\n<p><span style=\"font-weight: 400;\">Viu en rouredes, alzinars i fins i tot en jardins, per\u00f2 el seu h\u00e0bitat principal s\u00f3n els boscos de con\u00edferes, des de les pinedes de pi blanc de terra baixa fins als boscos muntans\u00a0 de pi roig i els alpins de pi negre.<\/span><\/p>\n<p><span style=\"font-weight: 400;\">La seva dieta varia segons l\u2019\u00e8poca de l\u2019any; a la tardor i l\u2019hivern menja sobretot petites llavors de con\u00edferes, mentre que a la primavera i l\u2019estiu s\u2019alimenta d\u2019insectes i petits invertebrats que captura a l\u2019escor\u00e7a i entre les fulles dels arbres. Com altres mallerengues, t\u00e9 el costum d\u2019emmagatzemar menjar en forats i escletxes de troncs.<\/span><\/p>\n<p><span style=\"font-weight: 400;\">La cria comen\u00e7a a finals de mar\u00e7 o principis d\u2019abril en les zones c\u00e0lides del pa\u00eds, i fins atres setmanes m\u00e9s tard en les zones de muntanya m\u00e9s fredes. Nia en cavitats naturals dels arbres, en nius vells de picots o, fins i tot, excavant ella mateixa forats en la fusta vella; tamb\u00e9 accepta de bon grat les caixes niu. La posta \u00e9s de 4 a 8 ous que la femella cova durant dues setmanes.<\/span><\/p>\n<p><span style=\"font-weight: 400;\">\u00a0<\/span><span style=\"font-weight: 400;\">CULTURA POPULAR I LITERATURA<br \/>\n<\/span><span style=\"font-weight: 400;\">Capellanet (nom al Pa\u00eds Valenci\u00e0)<\/span><\/p>\n<p><i><span style=\"font-weight: 400;\">El capellanet \u00e9s f\u00e0cilment distingible pel seu caracter\u00edstic plomall al cap, com si s\u2019haguera adormit sobre la molsa d\u2019un tronc, i en el moment d\u2019incorporar-se sobresaltat per les nostres veus, les fines plometes se li hagueren quedat encrestades. A contrallum, en les altures dels pins, aquests curi\u00f3s p\u00e0rid aconsegueix una silueta inconfusible; de branquill\u00f3 en branqueta, amb uns petits salts calculats, sovint amb algun insecte esparracat penjant del bec, el capellanet t\u00e9 un no s\u00e9 qu\u00e8 d\u2019ocell baliga-balaga, impertinent i predicador.<br \/>\n<\/span><\/i><span style=\"font-size: 10pt;\"><span style=\"font-weight: 400;\">Mart\u00ed Dom\u00ednguez<br \/>\n<\/span><span style=\"font-weight: 400;\">\u201cTres ocellets i mig\u201d, <\/span><i><span style=\"font-weight: 400;\">Hist\u00f2ries naturals<br \/>\n<\/span><\/i><span style=\"font-weight: 400;\">(<\/span><i><span style=\"font-weight: 400;\">El temps<\/span><\/i><span style=\"font-weight: 400;\">, 815, 25-31.1.2000)<\/span><\/span><\/p>\n<p><span style=\"font-weight: 400;\">\u00a0<\/span><span style=\"font-weight: 400;\">POESIA<br \/>\n<\/span><span style=\"font-weight: 400;\">Mallerenga emplomallada,<br \/>\n<\/span><span style=\"font-weight: 400;\">valenci\u00e0 capellanet,<br \/>\n<\/span><span style=\"font-weight: 400;\">\u201czic, zic, zic\u201d de branca en branca<br \/>\n<\/span><span style=\"font-weight: 400;\">sermoneges, belluguet;<br \/>\n<\/span><span style=\"font-weight: 400;\">o empaites alguna cuca<br \/>\n<\/span><span style=\"font-weight: 400;\">sense treure\u2019t el barret.<\/span><\/p>\n<p style=\"text-align: right;\"><span style=\"font-weight: 400; font-size: 10pt;\">Celdoni Fonoll.\u00a0 \u201c60 ocells comuns i rars i de noms singulars\u201d.\u00a0 Lynx Edicions<\/span><\/p>\n<p>&nbsp;<\/p>\n<h6 style=\"text-align: center;\"><span style=\"font-size: 18pt; color: #993300;\"><span style=\"font-size: 24pt;\"><strong><span style=\"font-size: 8pt;\"><span style=\"font-size: 18pt;\"><span style=\"font-size: 12pt;\"><span style=\"font-size: 14pt;\"><a href=\"https:\/\/agora.xtec.cat\/ceip-lola-anglada-esplugues\/wp-content\/uploads\/usu1507\/2024\/11\/OA-09-2425.jpg\"><img loading=\"lazy\" decoding=\"async\" class=\"aligncenter size-full wp-image-8004\" src=\"https:\/\/agora.xtec.cat\/ceip-lola-anglada-esplugues\/wp-content\/uploads\/usu1507\/2024\/11\/OA-09-2425.jpg\" alt=\"\" width=\"892\" height=\"650\" srcset=\"https:\/\/agora.xtec.cat\/ceip-lola-anglada-esplugues\/wp-content\/uploads\/usu1507\/2024\/11\/OA-09-2425.jpg 892w, https:\/\/agora.xtec.cat\/ceip-lola-anglada-esplugues\/wp-content\/uploads\/usu1507\/2024\/11\/OA-09-2425-300x219.jpg 300w, https:\/\/agora.xtec.cat\/ceip-lola-anglada-esplugues\/wp-content\/uploads\/usu1507\/2024\/11\/OA-09-2425-768x560.jpg 768w\" sizes=\"auto, (max-width: 892px) 100vw, 892px\" \/><\/a>5\u00aa Entrega\u00a0 \u00a0 \u00a0OCELL AMAGAT n\u00ba 09:\u00a0 PINS\u00c0 COM\u00da<\/span><\/span><\/span><\/span><\/strong><\/span><\/span><\/h6>\n<h6 style=\"text-align: center;\"><span style=\"font-size: 14pt; color: #993300;\"><strong>\u00a0<\/strong><strong>Per\u00edode per respondre: de dijous 21 a dimecres 27 de novembre (fins 22 hores)<\/strong><\/span><\/h6>\n<p><span style=\"font-weight: 400;\">El <\/span><b>pins\u00e0 com\u00fa<\/b><span style=\"font-weight: 400;\"> (15 cm) \u00e9s present tot l\u2019any a Catalunya, per\u00f2 a la tardor s\u2019hi afegeix una poblaci\u00f3 molt nombrosa del centre i nord d\u2019Europa que v\u00e9 a passar-hi l\u2019hivern. Aquests pinsans migratoris arriben a l\u2019octubre i se\u2019n tornen cap al mar\u00e7.<\/span><\/p>\n<p><span style=\"font-weight: 400;\">Durant l\u2019hivern \u00e9s un dels ocells m\u00e9s comuns i se\u2019l pot trobar una mica pertot arreu, especialment en cultius, prats i vores de bosc. A l\u2019\u00e8poca de reproducci\u00f3 viu en ambients forestals de tota mena.<\/span><\/p>\n<p><span style=\"font-weight: 400;\">Durant la primavera i l\u2019estiu menja sobretot invertebrats, mentre que durant la resta de l\u2019any es poden veure grans estols de pinsans cercant llavors per terra.<\/span><\/p>\n<p><span style=\"font-weight: 400;\">Fa el niu a les cap\u00e7ades dels arbres o en arbustos alts. La posta \u00e9s de 4 a 6 ous.<\/span><\/p>\n<p><span style=\"font-weight: 400;\">\u00a0<\/span><span style=\"font-weight: 400;\">CULTURA POPULAR I LITERATURA<br \/>\n<\/span><i><span style=\"font-weight: 400;\">Alegre com un pins\u00e0: <\/span><\/i><span style=\"font-weight: 400;\">persona alegre<br \/>\n<\/span><i><span style=\"font-weight: 400;\">Dur tanta carn com un pins\u00e0: <\/span><\/i><span style=\"font-weight: 400;\">estar magre (prim)<br \/>\n<\/span><i><span style=\"font-weight: 400;\">\u00c9sser poruc com un pins\u00e0: <\/span><\/i><span style=\"font-weight: 400;\">tenir por<\/span><\/p>\n<p><span style=\"font-weight: 400;\">POESIA<br \/>\n<\/span><span style=\"font-weight: 400;\">Piteja el pins\u00e0<br \/>\n<\/span><span style=\"font-weight: 400;\">alegre i feixuc,<br \/>\n<\/span><span style=\"font-weight: 400;\">missatger del fred,<br \/>\n<\/span><span style=\"font-weight: 400;\">rossinyol poruc.<\/span><\/p>\n<p><span style=\"font-weight: 400;\">El pins\u00e0 canta fent \u201cbit-bit-bit\u201d o \u201cpit-pit-pit\u201d, per aix\u00f2 es diu que piteja. Arriba amb el fred, excepte al Pirineu i altres llocs alts, que hi \u00e9s tot l\u2019any. A la primavera i a l\u2019estiu \u201cfa el rossinyol\u201d \u2013 per dir-ho com els ocellaires &#8211; quan refila. T\u00e9 fama de poruc.<\/span><\/p>\n<p style=\"text-align: right;\"><span style=\"font-size: 10pt;\"><span style=\"font-weight: 400;\">\u00a0<\/span><span style=\"font-weight: 400;\">Celdoni Fonoll.\u00a0 \u201cVeus d\u2019ocells\u201d.\u00a0 Lynx Edicions<\/span><\/span><\/p>\n<p>&nbsp;<\/p>\n<h6 style=\"text-align: center;\"><span style=\"font-size: 18pt; color: #993300;\"><span style=\"font-size: 24pt;\"><strong><span style=\"font-size: 8pt;\"><span style=\"font-size: 18pt;\"><span style=\"font-size: 12pt;\"><span style=\"font-size: 14pt;\"><a href=\"https:\/\/agora.xtec.cat\/ceip-lola-anglada-esplugues\/wp-content\/uploads\/usu1507\/2024\/11\/OA-08-2425.jpg\"><img loading=\"lazy\" decoding=\"async\" class=\"aligncenter size-full wp-image-7982\" src=\"https:\/\/agora.xtec.cat\/ceip-lola-anglada-esplugues\/wp-content\/uploads\/usu1507\/2024\/11\/OA-08-2425.jpg\" alt=\"\" width=\"893\" height=\"648\" srcset=\"https:\/\/agora.xtec.cat\/ceip-lola-anglada-esplugues\/wp-content\/uploads\/usu1507\/2024\/11\/OA-08-2425.jpg 893w, https:\/\/agora.xtec.cat\/ceip-lola-anglada-esplugues\/wp-content\/uploads\/usu1507\/2024\/11\/OA-08-2425-300x218.jpg 300w, https:\/\/agora.xtec.cat\/ceip-lola-anglada-esplugues\/wp-content\/uploads\/usu1507\/2024\/11\/OA-08-2425-768x557.jpg 768w\" sizes=\"auto, (max-width: 893px) 100vw, 893px\" \/><\/a>4\u00aa Entrega\u00a0 \u00a0 \u00a0OCELL AMAGAT n\u00ba 08:\u00a0 COTXA FUMADA<\/span><\/span><\/span><\/span><\/strong><\/span><\/span><\/h6>\n<h6 style=\"text-align: center;\"><span style=\"font-size: 14pt; color: #993300;\"><strong>\u00a0<\/strong><strong>Per\u00edode per respondre: de dijous 14 a dimecres 20 de novembre (fins 22 hores)<\/strong><\/span><\/h6>\n<p><span style=\"font-weight: 400;\">La <\/span><b>cotxa fumada<\/b><span style=\"font-weight: 400;\"> (14,5 cm) \u00e9s resident per\u00f2 amb marcades difer\u00e8ncies en l\u2019ocupaci\u00f3 del territori, ja que a les zones d\u2019alta muntanya \u00e9s estival i a l\u2019hivern baixa cap a la plana mediterr\u00e0nia i el litoral, on durant la migraci\u00f3 i l\u2019hivern (d\u2019octubre a maig) tamb\u00e9 ens arriben exemplars de contrades m\u00e9s n\u00f2rdiques.<\/span><\/p>\n<p><span style=\"font-weight: 400;\">En \u00e8poca de cria viu sobretot a les muntanyes, on sovint la veiem a les teulades de pobles i masies; als Pirineus, s\u2019hi ha trobat criant fins als 2700 m d\u2019altitud. Li agraden els terrenys abruptes i els penya-segats; tamb\u00e9 pot ocupar h\u00e0bitats artificials com murs d\u2019edificis i embassaments o pedreres. Menys abundant, per\u00f2, tamb\u00e9 cria a terra baixa, com ara als jardins periurbans de Barcelona. Fora de l\u2019\u00e8poca de cria est\u00e0 molt m\u00e9s repartida, en zones urbanes i rurals, conreus i fins hi tot estepes.<\/span><\/p>\n<p><span style=\"font-weight: 400;\">\u00c9s un ocell insect\u00edvor que menja de tota classe de petits invertebrats que busca en escletxes de parets, entre les pedres i la vegetaci\u00f3 o fent curtes volades des d\u2019una talaia. Tamb\u00e9 s\u2019alimenta de fruits i llavors de diverses plantes.<\/span><\/p>\n<p><span style=\"font-weight: 400;\">La cria comen\u00e7a a finals d\u2019abril o inicis de maig. El niu \u00e9s una cassoleta de mat\u00e8ria vegetal, situada en forats i replans de parets rocoses o murs. La posta consta de 3 a 5 ous que cova la femella en dues setmanes. Els polls sovint abandonen el niu abans de poder volar.<\/span><\/p>\n<p><span style=\"font-weight: 400;\">\u00a0<\/span><span style=\"font-weight: 400;\">CULTURA POPULAR I LITERATURA<br \/>\n<\/span><i><span style=\"font-weight: 400;\">L\u2019aire era esc\u00e0s i la diada llorda,<br \/>\n<\/span><\/i><i><span style=\"font-weight: 400;\">el sol ja comen\u00e7ava a fer caliu;<br \/>\n<\/span><\/i><i><span style=\"font-weight: 400;\">a l\u2019entreforc d\u2019una prunera borda<br \/>\n<\/span><\/i><i><span style=\"font-weight: 400;\">una cotxa fumada feia el niu.<\/span><\/i><\/p>\n<p><span style=\"font-size: 10pt;\"><i><span style=\"font-weight: 400;\">Josep M\u00aa de Sagarra<br \/>\n<\/span><\/i><\/span><span style=\"font-size: 10pt;\"><i><span style=\"font-weight: 400;\">\u201cElvira\u201d, El mal ca\u00e7ador<\/span><\/i><\/span><\/p>\n<p><span style=\"font-weight: 400;\">\u00a0<\/span><\/p>\n<p><span style=\"font-weight: 400;\">POESIA<br \/>\n<\/span><span style=\"font-weight: 400;\">El fum l\u2019ha ensutjada<br \/>\n<\/span><span style=\"font-weight: 400;\">d\u2019un foc ancestral,<br \/>\n<\/span><span style=\"font-weight: 400;\">les ales cendroses,<br \/>\n<\/span><span style=\"font-weight: 400;\">rogenca la cua,<br \/>\n<\/span><span style=\"font-weight: 400;\">que mou, nerviosa,<br \/>\n<\/span><span style=\"font-weight: 400;\">cap baix i cap dalt.<br \/>\n<\/span><span style=\"font-weight: 400; font-size: 10pt;\">(fragment)<\/span><\/p>\n<p style=\"text-align: right;\"><span style=\"font-weight: 400;\">\u00a0<\/span><span style=\"font-weight: 400; font-size: 10pt;\">Celdoni Fonoll.\u00a0 \u201c60 ocells comuns i rars i de noms singulars\u201d.\u00a0 Lynx Edicions<\/span><\/p>\n<p>&nbsp;<\/p>\n<h6 style=\"text-align: center;\"><span style=\"font-size: 18pt; color: #993300;\"><span style=\"font-size: 24pt;\"><strong><span style=\"font-size: 8pt;\"><span style=\"font-size: 18pt;\"><span style=\"font-size: 12pt;\"><span style=\"font-size: 14pt;\"><a href=\"https:\/\/agora.xtec.cat\/ceip-lola-anglada-esplugues\/wp-content\/uploads\/usu1507\/2024\/11\/OA-07-2425.jpg\"><img loading=\"lazy\" decoding=\"async\" class=\"aligncenter size-full wp-image-7981\" src=\"https:\/\/agora.xtec.cat\/ceip-lola-anglada-esplugues\/wp-content\/uploads\/usu1507\/2024\/11\/OA-07-2425.jpg\" alt=\"\" width=\"895\" height=\"578\" srcset=\"https:\/\/agora.xtec.cat\/ceip-lola-anglada-esplugues\/wp-content\/uploads\/usu1507\/2024\/11\/OA-07-2425.jpg 895w, https:\/\/agora.xtec.cat\/ceip-lola-anglada-esplugues\/wp-content\/uploads\/usu1507\/2024\/11\/OA-07-2425-300x194.jpg 300w, https:\/\/agora.xtec.cat\/ceip-lola-anglada-esplugues\/wp-content\/uploads\/usu1507\/2024\/11\/OA-07-2425-768x496.jpg 768w\" sizes=\"auto, (max-width: 895px) 100vw, 895px\" \/><\/a>4\u00aa Entrega\u00a0 \u00a0 \u00a0OCELL AMAGAT n\u00ba 07:\u00a0 GAVINA RIALLERA<\/span><\/span><\/span><\/span><\/strong><\/span><\/span><\/h6>\n<h6 style=\"text-align: center;\"><span style=\"font-size: 14pt; color: #993300;\"><strong>\u00a0<\/strong><strong>Per\u00edode per respondre: de dijous 14 a dimecres 20 de novembre (fins 22 hores)<\/strong><\/span><\/h6>\n<p><span style=\"font-weight: 400;\">La <\/span><b>gavina riallera<\/b><span style=\"font-weight: 400;\"> (35\u201338 cm) \u00e9s molt local i m\u00e9s aviat escassa durant la primavera i l\u2019estiu. Per contra, esdev\u00e9 for\u00e7a abundant entre el setembre i el mar\u00e7, quan grans quantitats de gavines procedents del centre i nord d\u2019Europa, v\u00e9nen per passar-hi els mesos freds.<\/span><\/p>\n<p><span style=\"font-weight: 400;\">Durant la tardor i l\u2019hivern se la pot veure una mica pertot arreu en les planes i valls fluvials, tot i que \u00e9s m\u00e9s comuna al litoral. Se la troba en aiguamolls, llacunes, rius, embassaments, llacs, cultius; tamb\u00e9 per tota la costa, per\u00f2 sense endinsar-se gaire enll\u00e0 de la mar. Com a nidificant nom\u00e9s es troba al delta de l\u2019Ebre i a Ponent.<\/span><\/p>\n<p><span style=\"font-weight: 400;\">\u00c9s un ocell de dieta molt variada, sovint comensal de l\u2019home. Menja peixos seguint les barques de pesca, visita regularment cultius i abocadors; per\u00f2 tamb\u00e9 captura insectes, cucs de terra i tota mena de petits animals.<\/span><\/p>\n<p><span style=\"font-weight: 400;\">CULTURA POPULAR<br \/>\n<\/span><i><span style=\"font-weight: 400;\">\u201cQuan la gavina fa el caragol, mestral remou\u201d (Dita)<\/span><\/i><\/p>\n<p><span style=\"font-weight: 400;\">POESIA<br \/>\n<\/span><span style=\"font-weight: 400;\">Plana elegant la gavina<br \/>\n<\/span><span style=\"font-weight: 400;\">i t\u00e9 la veu riallera<br \/>\n<\/span><span style=\"font-weight: 400;\">perqu\u00e8 els pobles de marina<br \/>\n<\/span><span style=\"font-weight: 400;\">li canten una havanera.<\/span><\/p>\n<p style=\"text-align: right;\"><span style=\"font-weight: 400; font-size: 10pt;\">Celdoni Fonoll.\u00a0 \u201cVeus d\u2019ocells\u201d.\u00a0 Lynx Edicions<\/span><\/p>\n<p>&nbsp;<\/p>\n<h6 style=\"text-align: center;\"><span style=\"font-size: 18pt; color: #993300;\"><span style=\"font-size: 24pt;\"><strong><span style=\"font-size: 8pt;\"><span style=\"font-size: 18pt;\"><span style=\"font-size: 12pt;\"><span style=\"font-size: 14pt;\"><a href=\"https:\/\/agora.xtec.cat\/ceip-lola-anglada-esplugues\/wp-content\/uploads\/usu1507\/2024\/11\/OA-06-2425.jpg\"><img loading=\"lazy\" decoding=\"async\" class=\"aligncenter size-full wp-image-7938\" src=\"https:\/\/agora.xtec.cat\/ceip-lola-anglada-esplugues\/wp-content\/uploads\/usu1507\/2024\/11\/OA-06-2425.jpg\" alt=\"\" width=\"894\" height=\"580\" srcset=\"https:\/\/agora.xtec.cat\/ceip-lola-anglada-esplugues\/wp-content\/uploads\/usu1507\/2024\/11\/OA-06-2425.jpg 894w, https:\/\/agora.xtec.cat\/ceip-lola-anglada-esplugues\/wp-content\/uploads\/usu1507\/2024\/11\/OA-06-2425-300x195.jpg 300w, https:\/\/agora.xtec.cat\/ceip-lola-anglada-esplugues\/wp-content\/uploads\/usu1507\/2024\/11\/OA-06-2425-768x498.jpg 768w\" sizes=\"auto, (max-width: 894px) 100vw, 894px\" \/><\/a>3\u00aa Entrega\u00a0 \u00a0 \u00a0OCELL AMAGAT n\u00ba 06:\u00a0 TUD\u00d3<\/span><\/span><\/span><\/span><\/strong><\/span><\/span><\/h6>\n<h6 style=\"text-align: center;\"><span style=\"font-size: 14pt; color: #993300;\"><strong>\u00a0<\/strong><strong>Per\u00edode per respondre: de dijous 7 a dimecres 13 de novembre (fins 22 hores)<\/strong><\/span><\/h6>\n<p><span style=\"font-weight: 400;\">El <\/span><b>tud\u00f3<\/b><span style=\"font-weight: 400;\"> (41 cm) el trobem durant tot l\u2019any. Durant la tardor i l\u2019hivern, entre setembre i abril, tamb\u00e9 arriben tudons migratoris per passar-hi l\u2019hivern.<\/span><\/p>\n<p><span style=\"font-weight: 400;\">Es distribueix per tota mena d\u2019ambients forestals, tant boscos densos com bosquines. \u00c9s com\u00fa per tot el pa\u00eds, des del litoral fins als boscos subalpins d\u2019avets i pins del Pirineus. Manca nom\u00e9s al Delta de l\u2019Ebre i \u00e9s local i esc\u00e0s a les planes cultivades amb oliveres i garrofers del migjorn. Mostra una certa predilecci\u00f3 per les rouredes i els alzinars, sobretot si tene\u00a0 a prop zones obertes o cultius.<\/span><\/p>\n<p><span style=\"font-weight: 400;\">Menja una gran varietat de brots de les fulles dels arbres, fruits i llavors. Pot cercar l\u2019aliment tant a dalt dels arbres com a terra.<\/span><\/p>\n<p><span style=\"font-weight: 400;\">Fa el niu a les cap\u00e7ades dels arbres, a for\u00e7a al\u00e7ada. La posta \u00e9s de 2 ous.<\/span><\/p>\n<p><span style=\"font-weight: 400;\">CULTURA POPULAR<br \/>\n<\/span><i><span style=\"font-weight: 400;\">Gras com un tud\u00f3<\/span><\/i><span style=\"font-weight: 400;\"> o <\/span><i><span style=\"font-weight: 400;\">m\u00e9s gras que un tud\u00f3<\/span><\/i><span style=\"font-weight: 400;\">: persona o animal gras.<\/span><\/p>\n<p><span style=\"font-weight: 400;\">POESIA<br \/>\n<\/span><span style=\"font-weight: 400;\">Aixec d\u2019ales entre roures,<br \/>\n<\/span><span style=\"font-weight: 400;\">gras i esquerp passa el tud\u00f3<br \/>\n<\/span><span style=\"font-weight: 400;\">o remuga dins les heures<br \/>\n<\/span><span style=\"font-weight: 400;\">la mon\u00f2tona can\u00e7\u00f3:<br \/>\n<\/span><i><span style=\"font-weight: 400;\">\u201cQuan teeenia blat<br \/>\n<\/span><\/i><i><span style=\"font-weight: 400;\">no teeemia sac:<br \/>\n<\/span><\/i><i><span style=\"font-weight: 400;\">araaa que tinc sac,<br \/>\n<\/span><\/i><i><span style=\"font-weight: 400;\">araaa no tinc blat.\u201d<\/span><\/i><\/p>\n<p style=\"text-align: right;\"><span style=\"font-weight: 400; font-size: 10pt;\">Celdoni Fonoll.\u00a0 \u201cVeus d\u2019ocells\u201d.\u00a0 Lynx Edicions<\/span><\/p>\n<p>&nbsp;<\/p>\n<h6 style=\"text-align: center;\"><span style=\"font-size: 18pt; color: #993300;\"><span style=\"font-size: 24pt;\"><strong><span style=\"font-size: 8pt;\"><span style=\"font-size: 18pt;\"><span style=\"font-size: 12pt;\"><span style=\"font-size: 14pt;\"><a href=\"https:\/\/agora.xtec.cat\/ceip-lola-anglada-esplugues\/wp-content\/uploads\/usu1507\/2024\/11\/OA-05-2425.jpg\"><img loading=\"lazy\" decoding=\"async\" class=\"aligncenter size-full wp-image-7937\" src=\"https:\/\/agora.xtec.cat\/ceip-lola-anglada-esplugues\/wp-content\/uploads\/usu1507\/2024\/11\/OA-05-2425.jpg\" alt=\"\" width=\"893\" height=\"653\" srcset=\"https:\/\/agora.xtec.cat\/ceip-lola-anglada-esplugues\/wp-content\/uploads\/usu1507\/2024\/11\/OA-05-2425.jpg 893w, https:\/\/agora.xtec.cat\/ceip-lola-anglada-esplugues\/wp-content\/uploads\/usu1507\/2024\/11\/OA-05-2425-300x219.jpg 300w, https:\/\/agora.xtec.cat\/ceip-lola-anglada-esplugues\/wp-content\/uploads\/usu1507\/2024\/11\/OA-05-2425-768x562.jpg 768w\" sizes=\"auto, (max-width: 893px) 100vw, 893px\" \/><\/a>3\u00aa Entrega\u00a0 \u00a0 \u00a0OCELL AMAGAT n\u00ba 05:\u00a0 CADERNERA EUROPEA<\/span><\/span><\/span><\/span><\/strong><\/span><\/span><\/h6>\n<h6 style=\"text-align: center;\"><span style=\"font-size: 14pt; color: #993300;\"><strong>\u00a0<\/strong><strong>Per\u00edode per respondre: de dijous 7 a dimecres 13 de novembre (fins 22 hores)<\/strong><\/span><\/h6>\n<p><span style=\"font-weight: 400;\">La <\/span><b>cadernera europea<\/b><span style=\"font-weight: 400;\"> (12 cm) la podem veure durant tot l\u2019any, tot i que \u00e9s m\u00e9s abundant durant la tardor i l\u2019hivern, quan n\u2019arriben moltes de migrat\u00f2ries del centre i del nord d\u2019Europa.<\/span><\/p>\n<p><span style=\"font-weight: 400;\">\u00c9s un ocell com\u00fa que es pot trobar arreu. Tot i que prefereix els ambients assolellats de terra baixa, tamb\u00e9 viu a les muntanyes, fins i tot al Pirineus. Viu en una gran varietat d\u2019ambients forestals oberts, com jardins i cultius amb arbres.<\/span><\/p>\n<p><span style=\"font-weight: 400;\">T\u00e9 una dieta gran\u00edvora, i li agraden especialment les llavors dels cards.<\/span><\/p>\n<p><span style=\"font-weight: 400;\">Nidifica als arbres, rarament en arbustos alts. Els nius s\u00f3n cassoletes teixides d\u2019herbes que els ocells lliguen fortament als branquillons. La posta \u00e9s de 3 a 5 ous.<\/span><\/p>\n<p><span style=\"font-weight: 400;\">CULTURA POPULAR<br \/>\n<\/span><i><span style=\"font-weight: 400;\">Cadernera<\/span><\/i><span style=\"font-weight: 400;\">: persona que xerra molt i que \u00e9s pretensiosa.<\/span><\/p>\n<p><span style=\"font-weight: 400;\">POESIA<br \/>\n<\/span><span style=\"font-weight: 400;\">La cardina amb alegria,<br \/>\n<\/span><span style=\"font-weight: 400;\">i sense saber harmonia,<br \/>\n<\/span><span style=\"font-weight: 400;\">combina la melodia<br \/>\n<\/span><span style=\"font-weight: 400;\">amb una total maestria,<br \/>\n<\/span><span style=\"font-weight: 400;\">i escampa la lletania<br \/>\n<\/span><span style=\"font-weight: 400;\">entre el card, la satalia,<br \/>\n<\/span><span style=\"font-weight: 400;\">el panical, la masia,<br \/>\n<\/span><span style=\"font-weight: 400;\">i el jard\u00ed de Rosalia.<\/span><\/p>\n<p style=\"text-align: right;\"><span style=\"font-weight: 400; font-size: 10pt;\">Celdoni Fonoll.\u00a0 \u201cVeus d\u2019ocells\u201d.\u00a0 Lynx Edicions<\/span><\/p>\n<p>&nbsp;<\/p>\n<h6 style=\"text-align: center;\"><span style=\"font-size: 18pt; color: #993300;\"><span style=\"font-size: 24pt;\"><strong><span style=\"font-size: 8pt;\"><span style=\"font-size: 18pt;\"><span style=\"font-size: 12pt;\"><span style=\"font-size: 14pt;\"><a href=\"https:\/\/agora.xtec.cat\/ceip-lola-anglada-esplugues\/wp-content\/uploads\/usu1507\/2024\/11\/OA-04-2425.jpg\"><img loading=\"lazy\" decoding=\"async\" class=\"aligncenter size-full wp-image-7908\" src=\"https:\/\/agora.xtec.cat\/ceip-lola-anglada-esplugues\/wp-content\/uploads\/usu1507\/2024\/11\/OA-04-2425.jpg\" alt=\"\" width=\"894\" height=\"572\" srcset=\"https:\/\/agora.xtec.cat\/ceip-lola-anglada-esplugues\/wp-content\/uploads\/usu1507\/2024\/11\/OA-04-2425.jpg 894w, https:\/\/agora.xtec.cat\/ceip-lola-anglada-esplugues\/wp-content\/uploads\/usu1507\/2024\/11\/OA-04-2425-300x192.jpg 300w, https:\/\/agora.xtec.cat\/ceip-lola-anglada-esplugues\/wp-content\/uploads\/usu1507\/2024\/11\/OA-04-2425-768x491.jpg 768w\" sizes=\"auto, (max-width: 894px) 100vw, 894px\" \/><\/a>2\u00aa Entrega\u00a0 \u00a0 \u00a0OCELL AMAGAT n\u00ba 04:\u00a0 PUPUT COMUNA<\/span><\/span><\/span><\/span><\/strong><\/span><\/span><\/h6>\n<h6 style=\"text-align: center;\"><span style=\"font-size: 14pt; color: #993300;\"><strong>\u00a0<\/strong><strong>Per\u00edode per respondre: de divendres 1 a dimecres 6 de novembre (fins 22 hores)<\/strong><\/span><\/h6>\n<p><span style=\"font-weight: 400;\">La <\/span><b>puput comuna<\/b><span style=\"font-weight: 400;\"> (28 cm) \u00e9s una au migrat\u00f2ria que ve al nostre pa\u00eds per reproduir-se i se\u2019n va cap a l\u2019\u00c0frica durant els mesos hivernals. Com que \u00e9s molt primerenca, la podem veure ja a partir de finals de gener a Catalunya, on hi restar\u00e0 fins a l\u2019agost o setembre. Alguns exemplars poden estar-se durant tot l\u2019hivern en els indrets de clima m\u00e9s suau.<\/span><\/p>\n<p><span style=\"font-weight: 400;\">S\u2019est\u00e9n arreu del pa\u00eds, excepte a les zones altes dels Pirineus. Com que no li agrada el fred, viu a la terra baixa i a la muntanya mitjana, on busca les solanes. Abunda sobretot en ambients rurals, en zones de mosaic entre conreus, clarianes de bosc, i masos o petits pobles. Tamb\u00e9 se la pot trobar, encara que molt m\u00e9s escassa, en parcs i jardins de les ciutats.<\/span><\/p>\n<p><span style=\"font-weight: 400;\">CULTURA POPULAR<br \/>\n<\/span><i><span style=\"font-weight: 400;\">Tenir puput:<\/span><\/i><span style=\"font-weight: 400;\"> tenir peresa<br \/>\n<\/span><i><span style=\"font-weight: 400;\">Semblar un niu de puputs:<\/span><\/i><span style=\"font-weight: 400;\"> lloc desordenat i brut.<\/span><\/p>\n<p><span style=\"font-weight: 400;\">\u00a0<\/span><span style=\"font-weight: 400;\">POESIA<br \/>\n<\/span><span style=\"font-weight: 400;\">Put fort el puput<br \/>\n<\/span><span style=\"font-weight: 400;\">cantant \u201cpu-pu-put\u201d,<br \/>\n<\/span><span style=\"font-weight: 400;\">vist\u00f3s, crestallut<br \/>\n<\/span><span style=\"font-weight: 400;\">i renyant tossut<br \/>\n<\/span><span style=\"font-weight: 400;\">amb bec llargarut.<br \/>\n<\/span><span style=\"font-weight: 400;\">Pro el bon temps ha dut.<\/span><\/p>\n<p style=\"text-align: right;\"><span style=\"font-weight: 400; font-size: 10pt;\">Celdoni Fonoll.\u00a0 \u201cVeus d\u2019ocells\u201d.\u00a0 Lynx Edicions<\/span><\/p>\n<p>&nbsp;<\/p>\n<h6 style=\"text-align: center;\"><span style=\"font-size: 18pt; color: #c75e2a;\"><span style=\"font-size: 24pt;\"><strong><span style=\"font-size: 8pt;\"><span style=\"font-size: 18pt;\"><a href=\"https:\/\/agora.xtec.cat\/ceip-lola-anglada-esplugues\/wp-content\/uploads\/usu1507\/2024\/11\/OA-03-2425.jpg\"><img loading=\"lazy\" decoding=\"async\" class=\"aligncenter size-full wp-image-7907\" src=\"https:\/\/agora.xtec.cat\/ceip-lola-anglada-esplugues\/wp-content\/uploads\/usu1507\/2024\/11\/OA-03-2425.jpg\" alt=\"\" width=\"896\" height=\"654\" srcset=\"https:\/\/agora.xtec.cat\/ceip-lola-anglada-esplugues\/wp-content\/uploads\/usu1507\/2024\/11\/OA-03-2425.jpg 896w, https:\/\/agora.xtec.cat\/ceip-lola-anglada-esplugues\/wp-content\/uploads\/usu1507\/2024\/11\/OA-03-2425-300x219.jpg 300w, https:\/\/agora.xtec.cat\/ceip-lola-anglada-esplugues\/wp-content\/uploads\/usu1507\/2024\/11\/OA-03-2425-768x561.jpg 768w\" sizes=\"auto, (max-width: 896px) 100vw, 896px\" \/><\/a><\/span><\/span><\/strong><\/span><\/span><\/h6>\n<h6 style=\"text-align: center;\"><span style=\"font-size: 18pt; color: #993300;\"><span style=\"font-size: 24pt;\"><strong><span style=\"font-size: 8pt;\"><span style=\"font-size: 18pt;\"><span style=\"font-size: 12pt;\"><span style=\"font-size: 14pt;\">2\u00aa Entrega\u00a0 \u00a0 \u00a0OCELL AMAGAT n\u00ba 03:\u00a0 MALLERENGA CARBONERA<\/span><\/span><\/span><\/span><\/strong><\/span><\/span><\/h6>\n<h6 style=\"text-align: center;\"><span style=\"font-size: 14pt; color: #993300;\"><strong>\u00a0<\/strong><strong>Per\u00edode per respondre: de divendres 1 a dimecres 6 de novembre (fins 22 hores)<\/strong><\/span><\/h6>\n<p><span style=\"font-weight: 400;\">La <\/span><b>mallerenga carbonera<\/b><span style=\"font-weight: 400;\"> (14 cm) \u00e9s un ocell sedentari, i nom\u00e9s els exemplars que viuen a les zones m\u00e9s fredes poden despla\u00e7ar-se cap a indrets de clima m\u00e9s suau durant l\u2019hivern.<\/span><\/p>\n<p><span style=\"font-weight: 400;\">Es tracta d\u2019un dels ocells m\u00e9s estesos de Catalunya, com\u00fa des del nivell del mar fins als boscos dels Pirineus. Com que \u00e9s molt adaptable, es troba en tota mena d\u2019ambients amb arbres o arbusts alts, boscos, bosquines, cultius arbrats, jardins i parcs urbans.<\/span><\/p>\n<p><span style=\"font-weight: 400;\">Insect\u00edvora, per\u00f2 durant la tardor i l\u2019hivern tamb\u00e9 menja llavors, especialment menja pinyons. \u00c9s un dels pocs ocells que es menja regularment les erugues de la procession\u00e0ria del pi.<\/span><\/p>\n<p><span style=\"font-weight: 400;\">CULTURA POPULAR<br \/>\n<\/span><i><span style=\"font-weight: 400;\">Xerrar com una mallerenga: <\/span><\/i><span style=\"font-weight: 400;\">xerrar molt.<\/span><\/p>\n<p><span style=\"font-weight: 400;\">POESIA<br \/>\n<\/span><span style=\"font-weight: 400;\">\u201cTot estiu!\u201d, canta<br \/>\n<\/span><span style=\"font-weight: 400;\">la mallerenga grossa<br \/>\n<\/span><span style=\"font-weight: 400;\">i el cru febrer<br \/>\n<\/span><span style=\"font-weight: 400;\">el bec menut li gla\u00e7a.<\/span><\/p>\n<p style=\"text-align: right;\"><span style=\"font-weight: 400; font-size: 10pt;\">Celdoni Fonoll.\u00a0 \u201cVeus d\u2019ocells\u201d.\u00a0 Lynx Edicions<\/span><\/p>\n<p>&nbsp;<\/p>\n<h6 style=\"text-align: center;\"><span style=\"font-size: 18pt; color: #c75e2a;\"><span style=\"font-size: 24pt;\"><strong><span style=\"font-size: 8pt;\"><span style=\"font-size: 18pt;\"><a href=\"https:\/\/agora.xtec.cat\/ceip-lola-anglada-esplugues\/wp-content\/uploads\/usu1507\/2024\/10\/OA-02-2425.jpg\"><img loading=\"lazy\" decoding=\"async\" class=\"aligncenter size-full wp-image-7841\" src=\"https:\/\/agora.xtec.cat\/ceip-lola-anglada-esplugues\/wp-content\/uploads\/usu1507\/2024\/10\/OA-02-2425.jpg\" alt=\"\" width=\"892\" height=\"651\" srcset=\"https:\/\/agora.xtec.cat\/ceip-lola-anglada-esplugues\/wp-content\/uploads\/usu1507\/2024\/10\/OA-02-2425.jpg 892w, https:\/\/agora.xtec.cat\/ceip-lola-anglada-esplugues\/wp-content\/uploads\/usu1507\/2024\/10\/OA-02-2425-300x219.jpg 300w, https:\/\/agora.xtec.cat\/ceip-lola-anglada-esplugues\/wp-content\/uploads\/usu1507\/2024\/10\/OA-02-2425-768x561.jpg 768w\" sizes=\"auto, (max-width: 892px) 100vw, 892px\" \/><\/a><\/span><\/span><\/strong><\/span><\/span><\/h6>\n<h6 style=\"text-align: center;\"><span style=\"font-size: 18pt; color: #993300;\"><span style=\"font-size: 24pt;\"><strong><span style=\"font-size: 8pt;\"><span style=\"font-size: 18pt;\"><span style=\"font-size: 12pt;\"><span style=\"font-size: 14pt;\">1\u00aa Entrega\u00a0 \u00a0 \u00a0OCELL AMAGAT n\u00ba 02:\u00a0 T\u00d3RTORA TURCA<\/span><\/span><\/span><\/span><\/strong><\/span><\/span><\/h6>\n<h6 style=\"text-align: center;\"><span style=\"font-size: 14pt; color: #993300;\"><strong>\u00a0<\/strong><strong>Per\u00edode per respondre: de dilluns 14 a dimecres 30 d&#8217;octubre (fins 22 hores)<\/strong><\/span><\/h6>\n<p><span style=\"font-weight: 400;\">M\u00e9s gran que la t\u00f3rtora europea, amb la cua m\u00e9s llarga i menys arrodonida; collar negre; meitat exterior de sota la cua de color blanc. (1)<\/span><\/p>\n<p><span style=\"font-weight: 400;\">La <\/span><b>t\u00f3rtora turca<\/b><span style=\"font-weight: 400;\"> (33 cm) va arribar a Catalunya des de Fran\u00e7a entre els anys 1977\u20131980, i va anar ocupant tot el territori de terres baixes fins assolir la distribuci\u00f3 actual. L\u2019esp\u00e8cie \u00e9s present a Catalunya durant tot l\u2019any, essent m\u00e9s abundant a tota la franja litoral (exceptuant el delta de l\u2019Ebre), seguida de les planes interiors (Lleida, Vic, Manresa i el Vall\u00e8s). Per contra esdev\u00e9 molt escassa a totes les zones muntanyoses, sobretot als Pirineus, on queda circunscrita als pobles de les valls. (2)<\/span><\/p>\n<p style=\"text-align: right;\"><span style=\"font-size: 10pt;\"><span style=\"font-weight: 400;\">(1) \u00a0 Roger Tort Peterson i altres.\u00a0 \u201cGuia dels ocells dels Pa\u00efsos Catalans i d\u2019Europa\u201d.\u00a0 Ed Omega.<br \/>\n<\/span><span style=\"font-weight: 400;\">(2) \u00a0 \u201cAtles dels ocells de Catalunya a l\u2019hivern 2006-2009\u201d. Lynx Edicions<\/span><\/span><\/p>\n<p>&nbsp;<\/p>\n<h6 style=\"text-align: center;\"><span style=\"font-size: 18pt; color: #c75e2a;\"><span style=\"font-size: 24pt;\"><strong><span style=\"font-size: 8pt;\"><span style=\"font-size: 18pt;\"><a href=\"https:\/\/agora.xtec.cat\/ceip-lola-anglada-esplugues\/wp-content\/uploads\/usu1507\/2024\/10\/OA-01-2425.jpg\"><img loading=\"lazy\" decoding=\"async\" class=\"aligncenter size-full wp-image-7840\" src=\"https:\/\/agora.xtec.cat\/ceip-lola-anglada-esplugues\/wp-content\/uploads\/usu1507\/2024\/10\/OA-01-2425.jpg\" alt=\"\" width=\"895\" height=\"651\" srcset=\"https:\/\/agora.xtec.cat\/ceip-lola-anglada-esplugues\/wp-content\/uploads\/usu1507\/2024\/10\/OA-01-2425.jpg 895w, https:\/\/agora.xtec.cat\/ceip-lola-anglada-esplugues\/wp-content\/uploads\/usu1507\/2024\/10\/OA-01-2425-300x218.jpg 300w, https:\/\/agora.xtec.cat\/ceip-lola-anglada-esplugues\/wp-content\/uploads\/usu1507\/2024\/10\/OA-01-2425-768x559.jpg 768w\" sizes=\"auto, (max-width: 895px) 100vw, 895px\" \/><\/a><\/span><\/span><\/strong><\/span><\/span><\/h6>\n<h6 style=\"text-align: center;\"><span style=\"font-size: 18pt; color: #993300;\"><span style=\"font-size: 24pt;\"><strong><span style=\"font-size: 8pt;\"><span style=\"font-size: 18pt;\"><span style=\"font-size: 12pt;\"><span style=\"font-size: 14pt;\">1\u00aa Entrega\u00a0 \u00a0 \u00a0OCELL AMAGAT n\u00ba 01:\u00a0 PARDAL COM\u00da<\/span><\/span><\/span><\/span><\/strong><\/span><\/span><\/h6>\n<h6 style=\"text-align: center;\"><span style=\"font-size: 14pt; color: #993300;\"><strong>\u00a0<\/strong><strong>Per\u00edode per respondre: de dilluns 14 a dimecres 30 d&#8217;octubre (fins 22 hores)<\/strong><\/span><\/h6>\n<p><span style=\"font-weight: 400;\">El <\/span><b>pardal com\u00fa<\/b><span style=\"font-weight: 400;\"> (14,5 cm) \u00e9s dels ocells m\u00e9s abundants i estesos de Catalunya. Manca nom\u00e9s a les zones m\u00e9s deshabitades dels Pirineus, dels Ports, i d\u2019altres muntanyes. \u00c9s l\u2019ocell comensal de l\u2019home per excel\u00b7l\u00e8ncia. Viu sempre associat als ambients habitats tant del medi rural com de les ciutats, on \u00e9s un dels ocells m\u00e9s freq\u00fcents.<\/span><\/p>\n<p><span style=\"font-weight: 400;\">La seva dieta \u00e9s variada. Principalment menja llavors, per\u00f2 tamb\u00e9 insectes, fruita i altres vegetals.<\/span><\/p>\n<p><span style=\"font-weight: 400;\">Normalment fa uns nius grossos dintre de tota mena de cavitats dels edificis, tamb\u00e9 en cavitats i esquerdes dels arbres, entre roques, als penya-segats. De vegades tamb\u00e9 a les cap\u00e7ades dels arbres o aprofitant nius d\u2019altres esp\u00e8cies, com, per exemple, a dins de nius de cigonya o de garsa. Pon de 4 a 6 ous.<\/span><\/p>\n<p><span style=\"font-weight: 400;\">\u00a0<\/span><b>CULTURA POPULAR<\/b><\/p>\n<p><i><span style=\"font-weight: 400;\">Tenir pardalets al cap<\/span><\/i><span style=\"font-weight: 400;\"> o <\/span><i><span style=\"font-weight: 400;\">\u00c9sser un cap de pardals<\/span><\/i><span style=\"font-weight: 400;\">: il\u00b7lusionar-se f\u00e0cilment, no tocar de peus a terra, somiar despert.<\/span><\/p>\n<p style=\"text-align: right;\"><span style=\"font-weight: 400; font-size: 10pt;\">Celdoni Fonoll.\u00a0 \u201cVeus d\u2019ocells\u201d.\u00a0 Lynx Edicions<\/span><\/p>\n<p>&nbsp;<\/p>\n<p>&nbsp;<\/p>\n<h6 style=\"text-align: center;\"><span style=\"font-size: 18pt; color: #333399;\"><span style=\"font-size: 24pt;\"><strong>OCELL AMAGAT 2023-2024<span style=\"font-size: 8pt;\">.<\/span><\/strong><\/span><\/span><\/h6>\n<h6 style=\"text-align: center;\"><span style=\"font-size: 18pt; color: #ff6600;\"><span style=\"font-size: 24pt;\"><strong><span style=\"font-size: 8pt;\"><span style=\"font-size: 18pt;\"><span style=\"color: #666699;\">INICI DEL JOC\u00a0 (10 d&#8217;octubre de 2023)<\/span><br \/>\n<span style=\"color: #666699;\">FINAL DEL JOC\u00a0 (20 de juny de 2024)<\/span><\/span><\/span><\/strong><\/span><\/span><\/h6>\n<h6 style=\"text-align: center;\"><span style=\"font-size: 18pt; color: #333399;\"><span style=\"font-size: 24pt;\"><strong><span style=\"font-size: 8pt;\"><span style=\"font-size: 18pt;\"><span style=\"font-size: 12pt;\"><span style=\"font-size: 14pt;\"><a href=\"https:\/\/agora.xtec.cat\/ceip-lola-anglada-esplugues\/wp-content\/uploads\/usu1507\/2024\/06\/OA-50-2324.jpg\"><img loading=\"lazy\" decoding=\"async\" class=\"aligncenter size-full wp-image-7749\" src=\"https:\/\/agora.xtec.cat\/ceip-lola-anglada-esplugues\/wp-content\/uploads\/usu1507\/2024\/06\/OA-50-2324.jpg\" alt=\"\" width=\"1198\" height=\"770\" srcset=\"https:\/\/agora.xtec.cat\/ceip-lola-anglada-esplugues\/wp-content\/uploads\/usu1507\/2024\/06\/OA-50-2324.jpg 1198w, https:\/\/agora.xtec.cat\/ceip-lola-anglada-esplugues\/wp-content\/uploads\/usu1507\/2024\/06\/OA-50-2324-300x193.jpg 300w, https:\/\/agora.xtec.cat\/ceip-lola-anglada-esplugues\/wp-content\/uploads\/usu1507\/2024\/06\/OA-50-2324-1024x658.jpg 1024w, https:\/\/agora.xtec.cat\/ceip-lola-anglada-esplugues\/wp-content\/uploads\/usu1507\/2024\/06\/OA-50-2324-768x494.jpg 768w\" sizes=\"auto, (max-width: 1198px) 100vw, 1198px\" \/><\/a>25\u00aa Entrega\u00a0 \u00a0 \u00a0OCELL AMAGAT n\u00ba 50:\u00a0 GAVINA CORSA<\/span><\/span><\/span><\/span><\/strong><\/span><\/span><\/h6>\n<h6 style=\"text-align: center;\"><span style=\"font-size: 14pt; color: #333399;\"><strong>\u00a0<\/strong><strong>Per\u00edode per respondre: de dijous 13 a dimecres 19 de juny<\/strong><\/span><\/h6>\n<p><span style=\"font-weight: 400;\">La <\/span><b>gavina corsa<\/b> <span style=\"font-weight: 400;\">(<\/span><i><span style=\"font-weight: 400;\">Ichthyaetus<\/span><\/i> <i><span style=\"font-weight: 400;\">audouinii<\/span><\/i><span style=\"font-weight: 400;\">) \u00e9s una esp\u00e8cie d&#8217;ocell de l&#8217;ordre dels caradriformes i una de les esp\u00e8cies de gavina m\u00e9s escasses del m\u00f3n.<\/span><\/p>\n<ul>\n<li style=\"font-weight: 400;\" aria-level=\"1\"><span style=\"font-weight: 400;\">Fa 50 cm de llarg\u00e0ria total i 125-138 cm d&#8217;envergadura alar.<\/span><\/li>\n<li style=\"font-weight: 400;\" aria-level=\"1\"><span style=\"font-weight: 400;\">T\u00e9 el dors i les ales d&#8217;un gris clar. Aquestes darreres presenten una consp\u00edcua taca negra formada per la part terminal de les prim\u00e0ries externes.<\/span><\/li>\n<li style=\"font-weight: 400;\" aria-level=\"1\"><span style=\"font-weight: 400;\">El bec \u00e9s de color vermell carm\u00ed amb una banda negra abans de la punta, que \u00e9s groga (aix\u00f2 la distingeix, a primera vista, de les altres gavines).<\/span><\/li>\n<li style=\"font-weight: 400;\" aria-level=\"1\"><span style=\"font-weight: 400;\">Les potes s\u00f3n d&#8217;un gris verdenc.<\/span><\/li>\n<li style=\"font-weight: 400;\" aria-level=\"1\"><span style=\"font-weight: 400;\">Iris fosc, amb anell orbital carmes\u00ed.<\/span><\/li>\n<li style=\"font-weight: 400;\" aria-level=\"1\"><span style=\"font-weight: 400;\">El cap i el pit s\u00f3n d&#8217;un blanc pur.<\/span><\/li>\n<\/ul>\n<p style=\"text-align: right;\"><span style=\"font-weight: 400;\">Mant\u00e9 poblacions nidificants a les Balears, als Columbrets, al delta de l&#8217;Ebre i al delta del Llobregat, els efectius del qual sumen la meitat de la poblaci\u00f3 mundial. Fora de les \u00e0rees de nidificaci\u00f3, aquesta gavina \u00e9s molt escassa.<\/span><span style=\"font-weight: 400;\"><br \/>\n<\/span><span style=\"font-weight: 400;\">Fan el niu i hi ponen 2 ous, a l&#8217;abril-maig, en \u00e0rees sense gaire vegetaci\u00f3.<\/span><span style=\"font-weight: 400;\"><br \/>\n<\/span><span style=\"font-weight: 400;\">Pesca peixos i rarament menja carronya. S&#8217;alimenta de nit, tant a alta mar com a les platges.<\/span><span style=\"font-weight: 400;\"><br \/>\n<\/span><span style=\"font-weight: 400;\">Viu a la Mediterr\u00e0nia, a alta mar, i cria a les illes, preferentment si s\u00f3n petites i de costes rocalloses. Normalment vol penya-segats i roques a les illes on nia, per\u00f2, en el cas de la col\u00f2nia del Principat de Catalunya, s&#8217;ha adaptat a un terreny menys vertical, com ara el delta de l&#8217;Ebre.<\/span><span style=\"font-weight: 400;\"><br \/>\n<\/span><span style=\"font-weight: 400;\">Arriba a les \u00e0rees de cria durant els mesos de mar\u00e7 i abril. A l&#8217;hivern \u00e9s escassa.<\/span><span style=\"font-weight: 400;\"><br \/>\n<\/span><span style=\"font-weight: 400;\">La majoria deixa els llocs de cria i marxa m\u00e9s al sud, a la costa sahariana d&#8217;\u00c0frica, a hivernar, tot i que la resta es reuneix al delta de l&#8217;Ebre per mudar.<\/span><span style=\"font-weight: 400;\"><br \/>\n<\/span><span style=\"font-weight: 400;\">\u00c9s una esp\u00e8cie en expandiment ja que a la d\u00e8cada de 1960 nom\u00e9s n&#8217;hi havia 1.000 exemplars i, actualment, es calcula que n&#8217;hi ha 10.000.<\/span><span style=\"font-weight: 400;\"><br \/>\n<\/span><span style=\"font-weight: 400;\"><br \/>\n<span style=\"font-size: 10pt;\">Viquip\u00e8dia<\/span><br \/>\n<\/span><span style=\"font-size: 10pt;\"><span style=\"font-weight: 400;\">Fitxa SIOC (Servei d\u2019informaci\u00f3 ornitol\u00f2gica de Catalunya<br \/>\n<\/span><span style=\"font-weight: 400;\">Per veure la fitxa completa, clica aquest enlla\u00e7: <\/span><a href=\"https:\/\/www.sioc.cat\/fitxa\/LARAUD\"><span style=\"font-weight: 400;\">GAVINA CORSA<\/span><\/a><\/span><br \/>\n<span style=\"font-weight: 400; font-size: 10pt;\">Podr\u00e0s sentir el seu cant o reclam<\/span><\/p>\n<p>&nbsp;<\/p>\n<h6 style=\"text-align: center;\"><span style=\"font-size: 18pt; color: #333399;\"><span style=\"font-size: 24pt;\"><strong><span style=\"font-size: 8pt;\"><span style=\"font-size: 18pt;\"><span style=\"font-size: 12pt;\"><span style=\"font-size: 14pt;\"><a href=\"https:\/\/agora.xtec.cat\/ceip-lola-anglada-esplugues\/wp-content\/uploads\/usu1507\/2024\/06\/OA-49-2324.jpg\"><img loading=\"lazy\" decoding=\"async\" class=\"aligncenter size-full wp-image-7748\" src=\"https:\/\/agora.xtec.cat\/ceip-lola-anglada-esplugues\/wp-content\/uploads\/usu1507\/2024\/06\/OA-49-2324.jpg\" alt=\"\" width=\"1197\" height=\"750\" srcset=\"https:\/\/agora.xtec.cat\/ceip-lola-anglada-esplugues\/wp-content\/uploads\/usu1507\/2024\/06\/OA-49-2324.jpg 1197w, https:\/\/agora.xtec.cat\/ceip-lola-anglada-esplugues\/wp-content\/uploads\/usu1507\/2024\/06\/OA-49-2324-300x188.jpg 300w, https:\/\/agora.xtec.cat\/ceip-lola-anglada-esplugues\/wp-content\/uploads\/usu1507\/2024\/06\/OA-49-2324-1024x642.jpg 1024w, https:\/\/agora.xtec.cat\/ceip-lola-anglada-esplugues\/wp-content\/uploads\/usu1507\/2024\/06\/OA-49-2324-768x481.jpg 768w\" sizes=\"auto, (max-width: 1197px) 100vw, 1197px\" \/><\/a>25\u00aa Entrega\u00a0 \u00a0 \u00a0OCELL AMAGAT n\u00ba 49:\u00a0 GAMBA ROJA COMUNA<\/span><\/span><\/span><\/span><\/strong><\/span><\/span><\/h6>\n<h6 style=\"text-align: center;\"><span style=\"font-size: 14pt; color: #333399;\"><strong>\u00a0<\/strong><strong>Per\u00edode per respondre: de dijous 13 a dimecres 19 de juny<\/strong><\/span><\/h6>\n<p><span style=\"font-weight: 400;\">La <\/span><b>gamba roja comuna<\/b><span style=\"font-weight: 400;\"> o <\/span><b>gamba roja vulgar<\/b><span style=\"font-weight: 400;\">, (<\/span><i><span style=\"font-weight: 400;\">Tringa totanus<\/span><\/i><span style=\"font-weight: 400;\">) \u00e9s un dels lim\u00edcoles m\u00e9s freq\u00fcents a les zones humides dels Pa\u00efsos Catalans, sobretot en pas.<\/span><\/p>\n<ul>\n<li style=\"font-weight: 400;\" aria-level=\"1\"><span style=\"font-weight: 400;\">Fa 28 cm de llarg\u00e0ria total.<\/span><\/li>\n<li style=\"font-weight: 400;\" aria-level=\"1\"><span style=\"font-weight: 400;\">El color vermell de les seues llargues potes \u00e9s molt caracter\u00edstic.<\/span><\/li>\n<li style=\"font-weight: 400;\" aria-level=\"1\"><span style=\"font-weight: 400;\">Ambd\u00f3s sexes s\u00f3n iguals, amb el cos clapejat de negre i gris, la cua ratllada de negre i blanc i el carp\u00f3 i unes grans franges alars de color blanc de neu, mentre que les puntes de les ales s\u00f3n fosques.<\/span><\/li>\n<li style=\"font-weight: 400;\" aria-level=\"1\"><span style=\"font-weight: 400;\">El bec \u00e9s vermell\u00f3s, amb la punta negra.<\/span><\/li>\n<\/ul>\n<p><span style=\"font-weight: 400;\">Mengen insectes, cucs i mat\u00e8ria vegetal.<\/span><span style=\"font-weight: 400;\"><br \/>\n<\/span><span style=\"font-weight: 400;\">Es pot observar tant a les zones d&#8217;aigua dol\u00e7a com a les salines i salabroses, on s&#8217;alimenta de petits invertebrats.<\/span><span style=\"font-weight: 400;\"><br \/>\n<\/span><span style=\"font-weight: 400;\">Viu a Europa i en una bona part d&#8217;\u00c0sia. Als Pa\u00efsos Catalans, nidifica al Rossell\u00f3, al Delta de l&#8217;Ebre, al Delta del Llobregat, a l&#8217;Albufera de Val\u00e8ncia, al Baix Vinalop\u00f3 (Santa Pola) i a Mallorca (tant a l&#8217;albufera d&#8217;Alc\u00fadia com al salobrar de Campos).<\/span><span style=\"font-weight: 400;\"><br \/>\n<\/span><span style=\"font-weight: 400;\">\u00c9s molt freq\u00fcent com a ocell de pas, integrat en grans estols, mentre que durant l&#8217;\u00e8poca de cria se&#8217;ls veu per separat. Als Pa\u00efsos Catalans, a l&#8217;hivern i com a nidificant es pot considerar esc\u00e0s.<\/span><\/p>\n<p style=\"text-align: right;\"><span style=\"font-size: 10pt;\"><span style=\"font-weight: 400;\">Viquip\u00e8dia<br \/>\n<\/span><span style=\"font-weight: 400;\">Fitxa SIOC (Servei d\u2019informaci\u00f3 ornitol\u00f2gica de Catalunya<br \/>\n<\/span><span style=\"font-weight: 400;\">Per veure la fitxa completa, clica aquest enlla\u00e7: <\/span><a href=\"https:\/\/www.sioc.cat\/fitxa\/TRITOT\"><span style=\"font-weight: 400;\">GAMBA ROJA<\/span><\/a><\/span><br \/>\n<span style=\"font-weight: 400; font-size: 10pt;\">Podr\u00e0s sentir el seu cant o reclam<\/span><\/p>\n<p>&nbsp;<\/p>\n<h6 style=\"text-align: center;\"><span style=\"font-size: 18pt; color: #333399;\"><span style=\"font-size: 24pt;\"><strong><span style=\"font-size: 8pt;\"><span style=\"font-size: 18pt;\"><span style=\"font-size: 12pt;\"><span style=\"font-size: 14pt;\"><a href=\"https:\/\/agora.xtec.cat\/ceip-lola-anglada-esplugues\/wp-content\/uploads\/usu1507\/2024\/05\/OA-48-2324.jpg\"><img loading=\"lazy\" decoding=\"async\" class=\"aligncenter size-full wp-image-7702\" src=\"https:\/\/agora.xtec.cat\/ceip-lola-anglada-esplugues\/wp-content\/uploads\/usu1507\/2024\/05\/OA-48-2324.jpg\" alt=\"\" width=\"1196\" height=\"786\" srcset=\"https:\/\/agora.xtec.cat\/ceip-lola-anglada-esplugues\/wp-content\/uploads\/usu1507\/2024\/05\/OA-48-2324.jpg 1196w, https:\/\/agora.xtec.cat\/ceip-lola-anglada-esplugues\/wp-content\/uploads\/usu1507\/2024\/05\/OA-48-2324-300x197.jpg 300w, https:\/\/agora.xtec.cat\/ceip-lola-anglada-esplugues\/wp-content\/uploads\/usu1507\/2024\/05\/OA-48-2324-1024x673.jpg 1024w, https:\/\/agora.xtec.cat\/ceip-lola-anglada-esplugues\/wp-content\/uploads\/usu1507\/2024\/05\/OA-48-2324-768x505.jpg 768w\" sizes=\"auto, (max-width: 1196px) 100vw, 1196px\" \/><\/a>24\u00aa Entrega\u00a0 \u00a0 \u00a0OCELL AMAGAT n\u00ba 48:\u00a0\u00a0<\/span><\/span><\/span><\/span><\/strong><\/span><\/span><\/h6>\n<h6 style=\"text-align: center;\"><span style=\"font-size: 14pt; color: #333399;\"><strong>\u00a0<\/strong><strong>Per\u00edode per respondre: de dijous 6 a dimecres 12 de juny<\/strong><\/span><\/h6>\n<p><span style=\"font-weight: 400;\">L&#8217;<\/span><b>\u00e0nec cullerot<\/b><span style=\"font-weight: 400;\">, (<\/span><i><span style=\"font-weight: 400;\">Anas clypeata<\/span><\/i><span style=\"font-weight: 400;\">) \u00e9s un \u00e0nec de superf\u00edcie que es distingeix pel gran bec eixamplat a l&#8217;extrem en forma de cullera. Modernament ha estat incl\u00f2s en el g\u00e8nere <\/span><i><span style=\"font-weight: 400;\">Spatula<\/span><\/i><span style=\"font-weight: 400;\"> com a (<\/span><i><span style=\"font-weight: 400;\">S. clypeata<\/span><\/i><span style=\"font-weight: 400;\">).<\/span><span style=\"font-weight: 400;\"><br \/>\n<\/span><span style=\"font-weight: 400;\">Fa 51 cm de llarg\u00e0ria i pesa entre 460 i 850 g. El mascle t\u00e9 el cap verd brillant, el pit blanc, el bec negre i l&#8217;abdomen castany. La femella es distingeix per tindre dues plomes blavoses a les ales. Bec ample i desmesurat, amb l\u00e0mines molt desenvolupades que fa servir com a sed\u00e0s per a retenir la mat\u00e8ria animal i vegetal. El mirall \u00e9s verd flanquejat de blanc i la part mitjana anterior de les ales ostenta un bonic color blau cel.<\/span><span style=\"font-weight: 400;\"><br \/>\n<\/span><span style=\"font-weight: 400;\">Nia en pocs llocs i de manera irregular (a la primavera i a l&#8217;estiu, pr\u00e0cticament nom\u00e9s es troba als deltes de l&#8217;Ebre i del Llobregat). Cerca llacunes d&#8217;aigua dol\u00e7a o llacunes litorals per fer-hi el niu, cosa que t\u00e9 lloc a l&#8217;abril-maig. Seguidament, hi pondr\u00e0 8-12 ous que la femella haur\u00e0 de covar al llarg de 24 dies. Els petits seran alimentats per la femella i, com passa en totes les esp\u00e8cies d&#8217;\u00e0necs, s\u00f3n molt preco\u00e7os i volen al cap de 40 dies.<\/span><span style=\"font-weight: 400;\"><br \/>\n<\/span><span style=\"font-weight: 400;\">El r\u00e8gim alimentari \u00e9s variat, amb un ample component d&#8217;aliment d&#8217;origen animal. Molts autors el consideren un zooplant\u00f2fag que s&#8217;alimenta de puces d&#8217;aigua, caragolets i d&#8217;altres crustacis, b\u00e9 que a l&#8217;hivern consumeix una bona quantitat d&#8217;arr\u00f2s.<\/span><span style=\"font-weight: 400;\"><br \/>\n<\/span><span style=\"font-weight: 400;\">Nia als pa\u00efsos n\u00f2rdics i hiverna al sud, i arriba a l&#8217;\u00c0frica, a l&#8217;Am\u00e8rica del Sud, a Oceania i a l&#8217;\u00c0sia del Sud. Hom el troba a l&#8217;hivern tamb\u00e9 als Pa\u00efsos Catalans (aiguamolls de l&#8217;Empord\u00e0, delta del Llobregat, Albufera de Val\u00e8ncia, El Fondo, la llacuna d&#8217;Almenara i el delta de l&#8217;Ebre).<\/span><span style=\"font-weight: 400;\"><br \/>\n<\/span><span style=\"font-weight: 400;\">Sol arribar als Pa\u00efsos Catalans el mes d&#8217;agost i l&#8217;increment d&#8217;exemplars continua fins al novembre, i se&#8217;n va a partir de mitjan gener.<\/span><\/p>\n<p style=\"text-align: right;\"><span style=\"font-size: 10pt;\"><span style=\"font-weight: 400;\">Viquip\u00e8dia<br \/>\n<\/span><span style=\"font-weight: 400;\">Fitxa SIOC (Servei d\u2019informaci\u00f3 ornitol\u00f2gica de Catalunya<br \/>\n<\/span><span style=\"font-weight: 400;\">Per veure la fitxa completa, clica aquest enlla\u00e7: <\/span><a href=\"https:\/\/www.sioc.cat\/fitxa\/ANACLY\"><span style=\"font-weight: 400;\">\u00c0NEC CULLEROT<\/span><\/a><\/span><br \/>\n<span style=\"font-weight: 400; font-size: 10pt;\">Podr\u00e0s sentir el seu cant o reclam<\/span><\/p>\n<p>&nbsp;<\/p>\n<h6 style=\"text-align: center;\"><span style=\"font-size: 18pt; color: #333399;\"><span style=\"font-size: 24pt;\"><strong><span style=\"font-size: 8pt;\"><span style=\"font-size: 18pt;\"><span style=\"font-size: 12pt;\"><span style=\"font-size: 14pt;\"><a href=\"https:\/\/agora.xtec.cat\/ceip-lola-anglada-esplugues\/wp-content\/uploads\/usu1507\/2024\/05\/OA-47-2324.jpg\"><img loading=\"lazy\" decoding=\"async\" class=\"aligncenter size-full wp-image-7701\" src=\"https:\/\/agora.xtec.cat\/ceip-lola-anglada-esplugues\/wp-content\/uploads\/usu1507\/2024\/05\/OA-47-2324.jpg\" alt=\"\" width=\"1177\" height=\"753\" srcset=\"https:\/\/agora.xtec.cat\/ceip-lola-anglada-esplugues\/wp-content\/uploads\/usu1507\/2024\/05\/OA-47-2324.jpg 1177w, https:\/\/agora.xtec.cat\/ceip-lola-anglada-esplugues\/wp-content\/uploads\/usu1507\/2024\/05\/OA-47-2324-300x192.jpg 300w, https:\/\/agora.xtec.cat\/ceip-lola-anglada-esplugues\/wp-content\/uploads\/usu1507\/2024\/05\/OA-47-2324-1024x655.jpg 1024w, https:\/\/agora.xtec.cat\/ceip-lola-anglada-esplugues\/wp-content\/uploads\/usu1507\/2024\/05\/OA-47-2324-768x491.jpg 768w\" sizes=\"auto, (max-width: 1177px) 100vw, 1177px\" \/><\/a>24\u00aa Entrega\u00a0 \u00a0 \u00a0OCELL AMAGAT n\u00ba 47:\u00a0 FREDELUGA EUROPEA<\/span><\/span><\/span><\/span><\/strong><\/span><\/span><\/h6>\n<h6 style=\"text-align: center;\"><span style=\"font-size: 14pt; color: #333399;\"><strong>\u00a0<\/strong><strong>Per\u00edode per respondre: de dijous 6 a dimecres 12 de juny<\/strong><\/span><\/h6>\n<p><span style=\"font-weight: 400;\">La <\/span><b>fredeluga<\/b><span style=\"font-weight: 400;\">, (<\/span><i><span style=\"font-weight: 400;\">Vanellus vanellus<\/span><\/i><span style=\"font-weight: 400;\">) \u00e9s un ocell lim\u00edcola d&#8217;h\u00e0bits terrestres que s&#8217;observa a partir de l&#8217;\u00e8poca de pas i roman als Pa\u00efsos Catalans durant el per\u00edode hivernenc. Pertany al g\u00e8nere de les fredelugues (<\/span><i><span style=\"font-weight: 400;\">Vanellus<\/span><\/i><span style=\"font-weight: 400;\">) i a la fam\u00edlia dels car\u00e0drids (<\/span><i><span style=\"font-weight: 400;\">Charadriidae<\/span><\/i><span style=\"font-weight: 400;\">).<\/span><span style=\"font-weight: 400;\"><br \/>\n<\/span><span style=\"font-weight: 400;\">\u00c9s de mida mitjana i fa cap a 30 cm de longitud, per b\u00e9 que la seva envergadura pot arribar a 70 cm.<\/span><span style=\"font-weight: 400;\"><br \/>\n<\/span><span style=\"font-weight: 400;\">L&#8217;ala plegada fa 234 mm, per\u00f2 \u00e9s un ocell lleuger, puix que el seu pes no ultrapassa 250 g.<\/span><span style=\"font-weight: 400;\"><br \/>\n<\/span><span style=\"font-weight: 400;\">El tret que m\u00e9s el singularitza \u00e9s la pres\u00e8ncia d&#8217;un llarg plomall er\u00e8ctil, negre amb reflexos, que li corona el cap i que esdev\u00e9 una continuaci\u00f3 del negre capell. Els mascles mostren aquest plomall m\u00e9s llarg que les femelles.<\/span><span style=\"font-weight: 400;\"><br \/>\n<\/span><span style=\"font-weight: 400;\">El mantell i el dors de les ales exhibeixen tonalitats verdes iridescents que contrasten notablement amb les parts, inferiors, que s\u00f3n blanques n\u00edvies.<\/span><span style=\"font-weight: 400;\"><br \/>\n<\/span><span style=\"font-weight: 400;\">La gola i el pit s\u00f3n negrosos i formen un plastr\u00f3. Els flancs del coll s\u00f3n blancs i la cara \u00e9s negrosa, limitada superiorment per una ratlla o mostatxo i de la mateixa color.<\/span><span style=\"font-weight: 400;\"><br \/>\n<\/span><span style=\"font-weight: 400;\">Les ales s\u00f3n amples i arrodonides, \u00faniques entre els lim\u00edcoles. Les plomes prim\u00e0ries mostren tons negres, per\u00f2 les prim\u00e0ries m\u00e9s externes contrasten de les altres per presentar l&#8217;extrem tacat del <\/span><a href=\"https:\/\/ca.wikipedia.org\/wiki\/Blanc\"><span style=\"font-weight: 400;\">blanc<\/span><\/a><span style=\"font-weight: 400;\"> pur. Al dessota t\u00e9 una coloraci\u00f3 blanca a la part interna i negra als extrems.<\/span><span style=\"font-weight: 400;\"><br \/>\n<\/span><span style=\"font-weight: 400;\">La cua \u00e9s blanca i barrada, a l&#8217;extrem, per una franja negra ampla.<\/span><span style=\"font-weight: 400;\"><br \/>\n<\/span><span style=\"font-weight: 400;\">El batre d&#8217;ales \u00e9s lent, desmanegat i pigre, per\u00f2 \u00e9s alhora molt caracter\u00edstic.<\/span><span style=\"font-weight: 400;\"><br \/>\n<\/span><span style=\"font-weight: 400;\">El bec \u00e9s prim i no gaire llarg (com a molt ateny 28 mm).<\/span><span style=\"font-weight: 400;\"><br \/>\n<\/span><span style=\"font-weight: 400;\">Les cames no s\u00f3n gaire llargues (el tars pot fer vora 50 mm) i tenen tons rogencs.<\/span><span style=\"font-weight: 400;\"><br \/>\n<\/span><span style=\"font-weight: 400;\">El seu crit \u00e9s plany\u00edvol i l&#8217;emet sempre quan, atemorida, aixeca el vol.<\/span><span style=\"font-weight: 400;\"><br \/>\n<\/span><span style=\"font-weight: 400;\">Volen aparentment desordenades i s&#8217;arremolinen abans de deixar-se caure sobre els conreus. Un cop a terra, pel fet de c\u00f3rrer i parar-se de cop amb la mirada fixa a terra, recorda els costums dels corriols.<\/span><span style=\"font-weight: 400;\"><br \/>\n<\/span><span style=\"font-weight: 400;\">Tret de l&#8217;\u00e8poca de cria, \u00e9s greg\u00e0ria i es pot concentrar en estols de milers d&#8217;exemplars. Aquests esbarts poden \u00e9sser empesos per les condicions meteorol\u00f2giques adverses (fred, neu, etc.), i aleshores poden ocupar noves localitats en una veritable invasi\u00f3 (invasi\u00f3 per fugues t\u00e8rmiques).<\/span><\/p>\n<p style=\"text-align: right;\"><span style=\"font-size: 10pt;\"><span style=\"font-weight: 400;\">Viquip\u00e8dia<br \/>\n<\/span><span style=\"font-weight: 400;\">Fitxa SIOC (Servei d\u2019informaci\u00f3 ornitol\u00f2gica de Catalunya<br \/>\n<\/span><span style=\"font-weight: 400;\">Per veure la fitxa completa, clica aquest enlla\u00e7: <\/span><a href=\"https:\/\/www.sioc.cat\/fitxa\/VANVAN\"><span style=\"font-weight: 400;\">FREDELUGA EUROPEA<\/span><\/a><\/span><br \/>\n<span style=\"font-weight: 400; font-size: 10pt;\">Podr\u00e0s sentir el seu cant o reclam<\/span><\/p>\n<p>&nbsp;<\/p>\n<h6 style=\"text-align: center;\"><span style=\"font-size: 18pt; color: #333399;\"><span style=\"font-size: 24pt;\"><strong><span style=\"font-size: 8pt;\"><span style=\"font-size: 18pt;\"><span style=\"font-size: 12pt;\"><span style=\"font-size: 14pt;\"><a href=\"https:\/\/agora.xtec.cat\/ceip-lola-anglada-esplugues\/wp-content\/uploads\/usu1507\/2024\/05\/OA-46-2324.jpg\"><img loading=\"lazy\" decoding=\"async\" class=\"aligncenter size-full wp-image-7700\" src=\"https:\/\/agora.xtec.cat\/ceip-lola-anglada-esplugues\/wp-content\/uploads\/usu1507\/2024\/05\/OA-46-2324.jpg\" alt=\"\" width=\"1193\" height=\"762\" srcset=\"https:\/\/agora.xtec.cat\/ceip-lola-anglada-esplugues\/wp-content\/uploads\/usu1507\/2024\/05\/OA-46-2324.jpg 1193w, https:\/\/agora.xtec.cat\/ceip-lola-anglada-esplugues\/wp-content\/uploads\/usu1507\/2024\/05\/OA-46-2324-300x192.jpg 300w, https:\/\/agora.xtec.cat\/ceip-lola-anglada-esplugues\/wp-content\/uploads\/usu1507\/2024\/05\/OA-46-2324-1024x654.jpg 1024w, https:\/\/agora.xtec.cat\/ceip-lola-anglada-esplugues\/wp-content\/uploads\/usu1507\/2024\/05\/OA-46-2324-768x491.jpg 768w\" sizes=\"auto, (max-width: 1193px) 100vw, 1193px\" \/><\/a>23\u00aa Entrega\u00a0 \u00a0 \u00a0OCELL AMAGAT n\u00ba 46:\u00a0 FOTJA COMUNA<\/span><\/span><\/span><\/span><\/strong><\/span><\/span><\/h6>\n<h6 style=\"text-align: center;\"><span style=\"font-size: 14pt; color: #333399;\"><strong>\u00a0<\/strong><strong>Per\u00edode per respondre: de dijous 23 de maig a dimecres 5 de juny<\/strong><\/span><\/h6>\n<p><span style=\"font-weight: 400;\">La <\/span><b>fotja<\/b><span style=\"font-weight: 400;\">,<\/span> <b>fotja comuna<\/b><span style=\"font-weight: 400;\"> (<\/span><i><span style=\"font-weight: 400;\">Fulica atra<\/span><\/i><span style=\"font-weight: 400;\">), \u00e9s una esp\u00e8cie d&#8217;ocell de la fam\u00edlia dels r\u00e0l\u00b7lids, ordre dels gru\u00efformes, com\u00fa a les zones humides dels Pa\u00efsos Catalans.<\/span><span style=\"font-weight: 400;\"><br \/>\n<\/span><span style=\"font-weight: 400;\">Fa 36 \u2013 42 cm de llarg\u00e0ria.<\/span><\/p>\n<ul>\n<li style=\"font-weight: 400;\" aria-level=\"1\"><span style=\"font-weight: 400;\">Plomatge gris negr\u00f3s, amb un contrastat bec i escut frontal blancs. El marge posterior de l&#8217;ala \u00e9s blanquin\u00f3s, cosa que es distingeix quan aleteja corrent per sobre l&#8217;aigua en envolar-se.<\/span><\/li>\n<li style=\"font-weight: 400;\" aria-level=\"1\"><span style=\"font-weight: 400;\">Potes de color verd\u00f3s amb dits llargs i lobulats.<\/span><\/li>\n<li style=\"font-weight: 400;\" aria-level=\"1\"><span style=\"font-weight: 400;\">Dits llargs i lobulats.<\/span><\/li>\n<li style=\"font-weight: 400;\" aria-level=\"1\"><span style=\"font-weight: 400;\">Iris vermell\u00f3s.<\/span><\/li>\n<\/ul>\n<p><span style=\"font-weight: 400;\">Ocupa zones aqu\u00e0tiques obertes com llacs, llacunes i embassaments amb vegetaci\u00f3 a les vores i de vegades rius lents. La seva distribuci\u00f3 compr\u00e8n Europa, \u00c0sia, Austr\u00e0lia i \u00c0frica Septentrional. Als Pa\u00efsos Catalans n&#8217;hi ha una gran poblaci\u00f3 hivernant, a m\u00e9s de criar a molts indrets, com ara el Fondo d&#8217;Elx-Crevillent, el Delta de l&#8217;Ebre o els Aiguamolls de l&#8217;Empord\u00e0.<\/span><\/p>\n<p><span style=\"font-weight: 400;\">Fa un niu amb herba, sobre l&#8217;aigua, surant, ancorat en la vegetaci\u00f3. Pon 6 &#8211; 9 ous que cova 21 &#8211; 24 dies. Les cries, abandonen el niu poc despr\u00e9s de n\u00e9ixer i romanen amb els seus pares unes 8 setmanes.<\/span><\/p>\n<p><span style=\"font-weight: 400;\">Principalment vegetals com ra\u00efls de plantes aqu\u00e0tiques i tiges joves. Complementen la dieta amb algun insecte, mol\u00b7lusc, larva, cuc de terra o capgr\u00f2s.<\/span><\/p>\n<p style=\"text-align: right;\"><span style=\"font-size: 10pt;\"><span style=\"font-weight: 400;\">Viquip\u00e8dia<br \/>\n<\/span><span style=\"font-weight: 400;\">Fitxa SIOC (Servei d\u2019informaci\u00f3 ornitol\u00f2gica de Catalunya<br \/>\n<\/span><span style=\"font-weight: 400;\">Per veure la fitxa completa, clica aquest enlla\u00e7: <\/span><a href=\"https:\/\/www.sioc.cat\/fitxa\/FULATR\"><span style=\"font-weight: 400;\">FOTJA COMUNA<\/span><\/a><\/span><br \/>\n<span style=\"font-weight: 400; font-size: 10pt;\">Podr\u00e0s sentir el seu cant o reclam<\/span><\/p>\n<p>&nbsp;<\/p>\n<h6 style=\"text-align: center;\"><span style=\"font-size: 18pt; color: #333399;\"><span style=\"font-size: 24pt;\"><strong><span style=\"font-size: 8pt;\"><span style=\"font-size: 18pt;\"><span style=\"font-size: 12pt;\"><span style=\"font-size: 14pt;\"><a href=\"https:\/\/agora.xtec.cat\/ceip-lola-anglada-esplugues\/wp-content\/uploads\/usu1507\/2024\/05\/OA-45-2324.jpg\"><img loading=\"lazy\" decoding=\"async\" class=\"aligncenter size-full wp-image-7699\" src=\"https:\/\/agora.xtec.cat\/ceip-lola-anglada-esplugues\/wp-content\/uploads\/usu1507\/2024\/05\/OA-45-2324.jpg\" alt=\"\" width=\"1200\" height=\"770\" srcset=\"https:\/\/agora.xtec.cat\/ceip-lola-anglada-esplugues\/wp-content\/uploads\/usu1507\/2024\/05\/OA-45-2324.jpg 1200w, https:\/\/agora.xtec.cat\/ceip-lola-anglada-esplugues\/wp-content\/uploads\/usu1507\/2024\/05\/OA-45-2324-300x193.jpg 300w, https:\/\/agora.xtec.cat\/ceip-lola-anglada-esplugues\/wp-content\/uploads\/usu1507\/2024\/05\/OA-45-2324-1024x657.jpg 1024w, https:\/\/agora.xtec.cat\/ceip-lola-anglada-esplugues\/wp-content\/uploads\/usu1507\/2024\/05\/OA-45-2324-768x493.jpg 768w\" sizes=\"auto, (max-width: 1200px) 100vw, 1200px\" \/><\/a>23\u00aa Entrega\u00a0 \u00a0 \u00a0OCELL AMAGAT n\u00ba 45:\u00a0 \u00c0GUILA PESCADORA<\/span><\/span><\/span><\/span><\/strong><\/span><\/span><\/h6>\n<h6 style=\"text-align: center;\"><span style=\"font-size: 14pt; color: #333399;\"><strong>\u00a0<\/strong><strong>Per\u00edode per respondre: de dijous 23 de maig a dimecres 5 de juny<\/strong><\/span><\/h6>\n<p><span style=\"font-weight: 400;\">L&#8217;<\/span><b>\u00e0guila pescadora<\/b><span style=\"font-weight: 400;\">, (<\/span><i><span style=\"font-weight: 400;\">Pandion haliaetus<\/span><\/i><span style=\"font-weight: 400;\">) \u00e9s un rapinyaire que \u00e9s l&#8217;\u00fanica esp\u00e8cie del g\u00e8nere <\/span><i><span style=\"font-weight: 400;\">Pandion<\/span><\/i><span style=\"font-weight: 400;\"> i de la fam\u00edlia dels <\/span><b>pandi\u00f2nids<\/b><span style=\"font-weight: 400;\"> (<\/span><i><span style=\"font-weight: 400;\">Pandionidae<\/span><\/i><span style=\"font-weight: 400;\">), segons moltes classificacions.<\/span><span style=\"font-weight: 400;\"><br \/>\n<\/span><span style=\"font-weight: 400;\">La trobem distribu\u00efda per tots els continents, excepte a l&#8217;Ant\u00e0rtida; no obstant, a l&#8217;Am\u00e8rica del Sud l&#8217;hi trobem com a migradora no nidificant. El seu estat de conservaci\u00f3 es considera de risc m\u00ednim.T\u00e9 la part superior de color marr\u00f3 fosc i la inferior blanca amb taques fosques.<\/span><\/p>\n<ul>\n<li style=\"font-weight: 400;\" aria-level=\"1\"><span style=\"font-weight: 400;\">Fa uns 51-58 cm.<\/span><\/li>\n<li style=\"font-weight: 400;\" aria-level=\"1\"><span style=\"font-weight: 400;\">T\u00e9 una envergadura d&#8217;entre 152 i 167 cm.<\/span><\/li>\n<li style=\"font-weight: 400;\" aria-level=\"1\"><span style=\"font-weight: 400;\">Quan vola mostra les ales llargues i anguloses, que bat lentament.<\/span><\/li>\n<\/ul>\n<p><span style=\"font-weight: 400;\">Els exemplars joves s&#8217;identifiquen per les taques marr\u00f3 clar del plomatge i, en general, per un to m\u00e9s p\u00e0l\u00b7lid. Els mascles adults es distingeixen de les femelles pel cos m\u00e9s prim i les ales m\u00e9s estretes. S\u00f3n f\u00e0cils de distingir en veure una parella, per\u00f2 no tant amb individus solitaris.<\/span><span style=\"font-weight: 400;\"><br \/>\n<\/span><span style=\"font-weight: 400;\">S&#8217;alimenta exclusivament de peixos, que captura \u2014tant a les zones humides com a la mar\u2014 llan\u00e7ant-se en picat. Des del seu lloc de guaita es llen\u00e7a contra l&#8217;aigua quan els peixos, com ara les truites o els llu\u00e7os, es troben prop de la superf\u00edcie, tant al mar com als embassaments o als rius. Durant l&#8217;atac no arriba a cabussar-se del tot i s&#8217;ajuda amb unes escates que t\u00e9 als dits amb ungles llargues i corbes. Aquesta modificaci\u00f3, com la del bec ganxut i la del dit extern, que t\u00e9 una bona mobilitat per fer m\u00e9s pressi\u00f3, li serveixen per subjectar millor les seues lliscadisses preses.<\/span><span style=\"font-weight: 400;\"><br \/>\n<\/span><span style=\"font-weight: 400;\">Als Pa\u00efsos Catalans \u00e9s un ocell que pot observar-se en migraci\u00f3 tant primaveral com tardorenca, a la costa i a l&#8217;interior. Encara que antigament hi criava, avui nom\u00e9s ho fa a Mallorca, Cabrera i en algunes localitats costaneres del continent.<\/span><\/p>\n<p style=\"text-align: right;\"><span style=\"font-size: 10pt;\"><span style=\"font-weight: 400;\">Viquip\u00e8dia<br \/>\n<\/span><span style=\"font-weight: 400;\">Fitxa SIOC (Servei d\u2019informaci\u00f3 ornitol\u00f2gica de Catalunya<br \/>\n<\/span><span style=\"font-weight: 400;\">Per veure la fitxa completa, clica aquest enlla\u00e7: <\/span><a href=\"https:\/\/www.sioc.cat\/fitxa\/PANHAL\"><span style=\"font-weight: 400;\">\u00c0GUILA PESCADORA<\/span><\/a><\/span><br \/>\n<span style=\"font-weight: 400; font-size: 10pt;\">Podr\u00e0s sentir el seu cant o reclam<\/span><\/p>\n<p>&nbsp;<\/p>\n<h6 style=\"text-align: center;\"><span style=\"font-size: 18pt; color: #333399;\"><span style=\"font-size: 24pt;\"><strong><span style=\"font-size: 8pt;\"><span style=\"font-size: 18pt;\"><span style=\"font-size: 12pt;\"><span style=\"font-size: 14pt;\"><a href=\"https:\/\/agora.xtec.cat\/ceip-lola-anglada-esplugues\/wp-content\/uploads\/usu1507\/2024\/05\/OA-44-2324.jpg\"><img loading=\"lazy\" decoding=\"async\" class=\"aligncenter size-full wp-image-7690\" src=\"https:\/\/agora.xtec.cat\/ceip-lola-anglada-esplugues\/wp-content\/uploads\/usu1507\/2024\/05\/OA-44-2324.jpg\" alt=\"\" width=\"1167\" height=\"818\" srcset=\"https:\/\/agora.xtec.cat\/ceip-lola-anglada-esplugues\/wp-content\/uploads\/usu1507\/2024\/05\/OA-44-2324.jpg 1167w, https:\/\/agora.xtec.cat\/ceip-lola-anglada-esplugues\/wp-content\/uploads\/usu1507\/2024\/05\/OA-44-2324-300x210.jpg 300w, https:\/\/agora.xtec.cat\/ceip-lola-anglada-esplugues\/wp-content\/uploads\/usu1507\/2024\/05\/OA-44-2324-1024x718.jpg 1024w, https:\/\/agora.xtec.cat\/ceip-lola-anglada-esplugues\/wp-content\/uploads\/usu1507\/2024\/05\/OA-44-2324-768x538.jpg 768w\" sizes=\"auto, (max-width: 1167px) 100vw, 1167px\" \/><\/a>22\u00aa Entrega\u00a0 \u00a0 \u00a0OCELL AMAGAT n\u00ba 44:\u00a0 POLLA D&#8217;AIGUA<\/span><\/span><\/span><\/span><\/strong><\/span><\/span><\/h6>\n<h6 style=\"text-align: center;\"><span style=\"font-size: 14pt; color: #333399;\"><strong>\u00a0<\/strong><strong>Per\u00edode per respondre: de dijous 16 a dimecres 22 de maig<\/strong><\/span><\/h6>\n<p><span style=\"font-weight: 400;\">La <\/span><b>polla d&#8217;aigua<\/b><span style=\"font-weight: 400;\">, (<\/span><i><span style=\"font-weight: 400;\">Gallinula chloropus<\/span><\/i><span style=\"font-weight: 400;\">) \u00e9s una esp\u00e8cie oportunista que es pot trobar en tota mena d&#8217;ambients aqu\u00e0tics.<\/span> <span style=\"font-weight: 400;\">Resisteix b\u00e9 aig\u00fces notablement contaminades i amb for\u00e7a salinitat. Abans de l&#8217;entrada en funcionament de les depuradores d&#8217;aig\u00fces residuals, era pr\u00e0cticament l&#8217;\u00fanic ocell propi de les zones humides que abundava al Bages.<\/span><span style=\"font-weight: 400;\"><br \/>\n<\/span><span style=\"font-weight: 400;\">La seva coloraci\u00f3 \u00e9s en general de color gris pissarra, amb el cap i coll m\u00e9s foscos i dues amples l\u00ednies de color blanc en els flancs sota la cua. El bec \u00e9s vermell, igual que l&#8217;escut facial, i amb la punta groga. Les extremitats inferiors s\u00f3n olivaciogroguenques, amb una taca vermella en els genolls. Els exemplars m\u00e9s joves s\u00f3n amarronats, i manquen de l&#8217;escut facial.<\/span><span style=\"font-weight: 400;\"><br \/>\n<\/span><span style=\"font-weight: 400;\">Consumeix una \u00e0mplia varietat de vegetals i petites criatures aqu\u00e0tiques. S&#8217;alimenten sobre els miralls d&#8217;aigua, on es reuneixen en grups que van des de la parella fins a enormes esbarts de milers d&#8217;exemplars. Nien habitualment en \u00e8poca de pluges; el niu \u00e9s una cistella, amb un sostre, constru\u00eft en la vegetaci\u00f3 densa. Pon de 4 a 8 ous, que s\u00f3n incubats durant aproximadament tres setmanes. Ambd\u00f3s pares coven i peixen la cria.<\/span><\/p>\n<p style=\"text-align: right;\"><span style=\"font-size: 10pt;\"><span style=\"font-weight: 400;\">Viquip\u00e8dia<br \/>\n<\/span><span style=\"font-weight: 400;\">Fitxa SIOC (Servei d\u2019informaci\u00f3 ornitol\u00f2gica de Catalunya<br \/>\n<\/span><span style=\"font-weight: 400;\">Per veure la fitxa completa, clica aquest enlla\u00e7: <\/span><a href=\"https:\/\/www.sioc.cat\/fitxa\/GALCHL\"><span style=\"font-weight: 400;\">POLLA D\u2019AIGUA<\/span><\/a><\/span><br \/>\n<span style=\"font-weight: 400; font-size: 10pt;\">Podr\u00e0s sentir el seu cant o reclam<\/span><\/p>\n<p>&nbsp;<\/p>\n<h6 style=\"text-align: center;\"><span style=\"font-size: 18pt; color: #333399;\"><span style=\"font-size: 24pt;\"><strong><span style=\"font-size: 8pt;\"><span style=\"font-size: 18pt;\"><span style=\"font-size: 12pt;\"><span style=\"font-size: 14pt;\"><a href=\"https:\/\/agora.xtec.cat\/ceip-lola-anglada-esplugues\/wp-content\/uploads\/usu1507\/2024\/05\/OA-43-2324.jpg\"><img loading=\"lazy\" decoding=\"async\" class=\"aligncenter size-full wp-image-7689\" src=\"https:\/\/agora.xtec.cat\/ceip-lola-anglada-esplugues\/wp-content\/uploads\/usu1507\/2024\/05\/OA-43-2324.jpg\" alt=\"\" width=\"1194\" height=\"794\" srcset=\"https:\/\/agora.xtec.cat\/ceip-lola-anglada-esplugues\/wp-content\/uploads\/usu1507\/2024\/05\/OA-43-2324.jpg 1194w, https:\/\/agora.xtec.cat\/ceip-lola-anglada-esplugues\/wp-content\/uploads\/usu1507\/2024\/05\/OA-43-2324-300x199.jpg 300w, https:\/\/agora.xtec.cat\/ceip-lola-anglada-esplugues\/wp-content\/uploads\/usu1507\/2024\/05\/OA-43-2324-1024x681.jpg 1024w, https:\/\/agora.xtec.cat\/ceip-lola-anglada-esplugues\/wp-content\/uploads\/usu1507\/2024\/05\/OA-43-2324-768x511.jpg 768w\" sizes=\"auto, (max-width: 1194px) 100vw, 1194px\" \/><\/a>22\u00aa Entrega\u00a0 \u00a0 \u00a0OCELL AMAGAT n\u00ba 43:\u00a0 ARPELLA COMUNA<\/span><\/span><\/span><\/span><\/strong><\/span><\/span><\/h6>\n<h6 style=\"text-align: center;\"><span style=\"font-size: 14pt; color: #333399;\"><strong>\u00a0<\/strong><strong>Per\u00edode per respondre: de dijous 16 a dimecres 22 de maig<\/strong><\/span><\/h6>\n<p><span style=\"font-weight: 400;\">L&#8217;<\/span><b>arpella<\/b><span style=\"font-weight: 400;\">, <\/span><b>arpella comuna<\/b> <span style=\"font-weight: 400;\">o <\/span><b>vulgar<\/b><span style=\"font-weight: 400;\">,<\/span> <span style=\"font-weight: 400;\">(<\/span><i><span style=\"font-weight: 400;\">Circus aeruginosus<\/span><\/i><span style=\"font-weight: 400;\">) \u00e9s un ocell de rapinya de la fam\u00edlia dels accip\u00edtrids (Accipitridae). Es troba a la zona temperada i subtropical d&#8217;Europa, \u00c0sia Central i \u00c0frica. El seu estat de conservaci\u00f3 es considera de risc m\u00ednim.<\/span><span style=\"font-weight: 400;\"><br \/>\n<\/span><span style=\"font-weight: 400;\">D&#8217;un mig metre de llargada, d&#8217;ales i cua llargues, \u00e9s de color cru amb taques rogenques al pit i al ventre, i collar i monyo groguencs. <\/span><span style=\"font-weight: 400;\"><br \/>\n<\/span><span style=\"font-weight: 400;\">Viu exclusivament a les zones de maresma. Nia en canyissars i ca\u00e7a pels aiguamolls i zones obertes dels voltants. Als Pa\u00efsos Catalans n&#8217;hi ha unes 60 parelles reproductores, la majoria en zones humides de la plana de Lleida i de vegades en altres punts del litoral i a s&#8217;Albufera de Mallorca. Fins als anys 80 havia criat tamb\u00e9 al delta de l&#8217;Ebre i a l&#8217;albufera de Val\u00e8ncia, dues zones que actualment nom\u00e9s permeten observar-lo a l&#8217;hivern, quan se n&#8217;hi reuneixen molts exemplars hivernants procedents del centre d&#8217;Europa.<\/span><\/p>\n<p style=\"text-align: right;\"><span style=\"font-weight: 400;\">Viquip\u00e8dia<br \/>\n<\/span><span style=\"font-weight: 400;\">Fitxa SIOC (Servei d\u2019informaci\u00f3 ornitol\u00f2gica de Catalunya<br \/>\n<\/span><span style=\"font-weight: 400;\">Per veure la fitxa completa, clica aquest enlla\u00e7: <\/span><a href=\"https:\/\/www.sioc.cat\/fitxa\/CIRAER\"><span style=\"font-weight: 400;\">ARPELLA COMUNA<\/span><\/a><br \/>\n<span style=\"font-weight: 400;\">Podr\u00e0s sentir el seu cant o reclam<\/span><\/p>\n<p>&nbsp;<\/p>\n<h6 style=\"text-align: center;\"><span style=\"font-size: 18pt; color: #333399;\"><span style=\"font-size: 24pt;\"><strong><span style=\"font-size: 8pt;\"><span style=\"font-size: 18pt;\"><span style=\"font-size: 12pt;\"><span style=\"font-size: 14pt;\"><a href=\"https:\/\/agora.xtec.cat\/ceip-lola-anglada-esplugues\/wp-content\/uploads\/usu1507\/2024\/05\/OA-42-2324.jpg\"><img loading=\"lazy\" decoding=\"async\" class=\"aligncenter size-full wp-image-7649\" src=\"https:\/\/agora.xtec.cat\/ceip-lola-anglada-esplugues\/wp-content\/uploads\/usu1507\/2024\/05\/OA-42-2324.jpg\" alt=\"\" width=\"1178\" height=\"756\" srcset=\"https:\/\/agora.xtec.cat\/ceip-lola-anglada-esplugues\/wp-content\/uploads\/usu1507\/2024\/05\/OA-42-2324.jpg 1178w, https:\/\/agora.xtec.cat\/ceip-lola-anglada-esplugues\/wp-content\/uploads\/usu1507\/2024\/05\/OA-42-2324-300x193.jpg 300w, https:\/\/agora.xtec.cat\/ceip-lola-anglada-esplugues\/wp-content\/uploads\/usu1507\/2024\/05\/OA-42-2324-1024x657.jpg 1024w, https:\/\/agora.xtec.cat\/ceip-lola-anglada-esplugues\/wp-content\/uploads\/usu1507\/2024\/05\/OA-42-2324-768x493.jpg 768w\" sizes=\"auto, (max-width: 1178px) 100vw, 1178px\" \/><\/a>21\u00aa Entrega\u00a0 \u00a0 \u00a0OCELL AMAGAT n\u00ba 42:\u00a0 FALCIOT NEGRE<\/span><\/span><\/span><\/span><\/strong><\/span><\/span><\/h6>\n<h6 style=\"text-align: center;\"><span style=\"font-size: 14pt; color: #333399;\"><strong>\u00a0<\/strong><strong>Per\u00edode per respondre: de dijous 9 a dimecres 15 de maig<\/strong><\/span><\/h6>\n<p><span style=\"font-weight: 400;\">El <\/span><b>falciot negre,<\/b><span style=\"font-weight: 400;\">(<\/span><i><span style=\"font-weight: 400;\">Apus apus<\/span><\/i><span style=\"font-weight: 400;\">) \u00e9s el falciot m\u00e9s corrent al nostre pa\u00eds, sobretot en el medi urb\u00e0. S&#8217;alimenta d&#8217;insectes que ca\u00e7a al vol i, com tots els falcillots, que s\u00f3n les aus m\u00e9s adaptades a la vida a\u00e8ria, pr\u00e0cticament passa la vida a l&#8217;aire, on no sols ca\u00e7a, sin\u00f3 que fins i tot hi dorm i s&#8217;aparella. Nom\u00e9s pon en l&#8217;\u00e8poca de reproducci\u00f3, per fer el niu i criar els pollets. \u00c9s migrant transsahari\u00e0.<\/span><span style=\"font-weight: 400;\"><br \/>\n<\/span><span style=\"font-weight: 400;\">T\u00e9 les ales molt llargues, en proporci\u00f3 a la mida del cos, i poc articulades, i t\u00e9 les potes molt curtes, que li serveixen nom\u00e9s per a agafar-se quan aterra vora el niu, que sol construir en cavitats naturals de parets rocoses o en buits dels edificis. Aquesta anatomia, molt bona per a mantenir-se a l&#8217;aire, li dificulta envolar-se per si sol si arriba a caure a terra. Si trobem un falciot a terra, no proveu de llen\u00e7ar-lo a l&#8217;aire per veure si vola, doncs una caiguda li podria provocar danys irreparables. A Catalunya es pot trucar als Agents Rurals per a la seva recollida o portar-lo a un centre de recuperaci\u00f3.<\/span><span style=\"font-weight: 400;\"><br \/>\n<\/span><span style=\"font-weight: 400;\">\u00c9s tot d&#8217;un color marr\u00f3 molt fosc, amb una taca clara a la gola, per\u00f2 observat contra el cel (que \u00e9s on se&#8217;l sol observar sempre) sembla totalment negre. Sovint vola en grups, ca\u00e7ant i deixant anar crits aguts i sorollosos &#8220;xriiii&#8221;.<\/span><\/p>\n<p style=\"text-align: right;\"><span style=\"font-weight: 400; font-size: 10pt;\">Viquip\u00e8dia<br \/>\n<\/span><span style=\"font-weight: 400; font-size: 10pt;\">Fitxa SIOC (Servei d\u2019informaci\u00f3 ornitol\u00f2gica de Catalunya<br \/>\n<\/span><span style=\"font-size: 10pt;\"><span style=\"font-weight: 400;\">Per veure la fitxa completa, clica aquest enlla\u00e7: <\/span><a href=\"https:\/\/www.sioc.cat\/fitxa\/APUAPU\"><span style=\"font-weight: 400;\">FALCIOT NEGRE<\/span><\/a><\/span><br \/>\n<span style=\"font-size: 10pt; color: #333399;\"><strong><a href=\"https:\/\/www.sioc.cat\/fitxa\/APUPAL\"><span style=\"font-weight: 400;\">FALCIOT P\u00c0L.LID<\/span><\/a><span style=\"font-weight: 400;\">\u00a0 <span style=\"color: #000000;\">Podr\u00e0s sentir el seu cant o reclam<\/span><\/span><\/strong><\/span><\/p>\n<p>&nbsp;<\/p>\n<h6 style=\"text-align: center;\"><span style=\"font-size: 18pt; color: #333399;\"><span style=\"font-size: 24pt;\"><strong><span style=\"font-size: 8pt;\"><span style=\"font-size: 18pt;\"><span style=\"font-size: 12pt;\"><span style=\"font-size: 14pt;\"><a href=\"https:\/\/agora.xtec.cat\/ceip-lola-anglada-esplugues\/wp-content\/uploads\/usu1507\/2024\/05\/OA-41-2324.jpg\"><img loading=\"lazy\" decoding=\"async\" class=\"aligncenter size-full wp-image-7648\" src=\"https:\/\/agora.xtec.cat\/ceip-lola-anglada-esplugues\/wp-content\/uploads\/usu1507\/2024\/05\/OA-41-2324.jpg\" alt=\"\" width=\"1190\" height=\"767\" srcset=\"https:\/\/agora.xtec.cat\/ceip-lola-anglada-esplugues\/wp-content\/uploads\/usu1507\/2024\/05\/OA-41-2324.jpg 1190w, https:\/\/agora.xtec.cat\/ceip-lola-anglada-esplugues\/wp-content\/uploads\/usu1507\/2024\/05\/OA-41-2324-300x193.jpg 300w, https:\/\/agora.xtec.cat\/ceip-lola-anglada-esplugues\/wp-content\/uploads\/usu1507\/2024\/05\/OA-41-2324-1024x660.jpg 1024w, https:\/\/agora.xtec.cat\/ceip-lola-anglada-esplugues\/wp-content\/uploads\/usu1507\/2024\/05\/OA-41-2324-768x495.jpg 768w\" sizes=\"auto, (max-width: 1190px) 100vw, 1190px\" \/><\/a>21\u00aa Entrega\u00a0 \u00a0 \u00a0OCELL AMAGAT n\u00ba 41:\u00a0 ESPLUGABOUS<\/span><\/span><\/span><\/span><\/strong><\/span><\/span><\/h6>\n<h6 style=\"text-align: center;\"><span style=\"font-size: 14pt; color: #333399;\"><strong>\u00a0<\/strong><strong>Per\u00edode per respondre: de dijous 9 a dimecres 15 de maig<\/strong><\/span><\/h6>\n<p><span style=\"font-weight: 400;\">L&#8217;<\/span><b>esplugabous<\/b><span style=\"font-weight: 400;\">(<\/span><i><span style=\"font-weight: 400;\">Bubulcus ibis<\/span><\/i><span style=\"font-weight: 400;\">) \u00e9s una esp\u00e8cie d&#8217;ocell de la fam\u00edlia dels <\/span><i><span style=\"font-weight: 400;\">Ard\u00e8ids<\/span><\/i><span style=\"font-weight: 400;\">.<\/span> <span style=\"font-weight: 400;\">El seu plomatge \u00e9s de color blanc i d&#8217;al\u00e7ada pot arribar als 52 cm. La seva aparen\u00e7a \u00e9s de cos compacte, potes grises, bec de color groc i coll bastant curt (pel que fa a la fam\u00edlia a la qual pertany), que sovint du recollit. \u00c9s una esp\u00e8cie que en els \u00faltims anys s&#8217;ha est\u00e8s cap al nord i que hiverna a Catalunya des dels anys setanta. Fins fa ben poc, aquesta esp\u00e8cie era dif\u00edcil de veure fora del seu h\u00e0bitat natural (aiguamolls i albuferes), per\u00f2 en els \u00faltims anys el podem veure en pastures, conreus llaurats\u2026<\/span><\/p>\n<p><span style=\"font-weight: 400;\">Tot i que l&#8217;h\u00e0bitat dels ard\u00e8ids s\u00f3n les zones humides, l&#8217;esplugabous \u00e9s, de la fam\u00edlia, el menys aqu\u00e0tic. Es troba principalment en pastures, arrossars, conreus llaurats i canals, sovint associat a ramats de bous, vaques o altres animals.<\/span><\/p>\n<p><span style=\"font-weight: 400;\">L&#8217;esplugabous va comen\u00e7ar a viure amb els b\u00fafals d&#8217;aigua d&#8217;\u00c0frica, despr\u00e9s va acompanyar animals dom\u00e8stics, especialment les vaques i bous i s&#8217;ha est\u00e8s per tot el m\u00f3n acompanyant els \u00e9ssers humans i els seus animals domesticats. Adaptat origin\u00e0riament a una relaci\u00f3 comensal amb els animals grans herb\u00edvors, va canviar f\u00e0cilment al bestiar i als cavalls domesticats. Moltes poblacions d&#8217;esplugabous s\u00f3n migrat\u00f2ries i aix\u00f2 ha ajudat a l&#8217;esp\u00e8cie a estendre&#8217;s per tot el planeta. L&#8217;esp\u00e8cie fins s&#8217;ha vist en diverses illes sub-Ant\u00e0rtiques, incloent-hi Ge\u00f2rgia del Sud, l&#8217;illa de Marion, les illes de Sandwich del sud i les illes d&#8217;Orkney del Sud. Una petita bandada de vuit ocells tamb\u00e9 va ser vista a les illes Fiji el 2008. A m\u00e9s de l&#8217;extensi\u00f3 natural, l&#8217;esplugabous s&#8217;ha introdu\u00eft en algunes \u00e0rees. L&#8217;esp\u00e8cie va ser introdu\u00efda a Hawaii el 1959, i a l&#8217;arxip\u00e8lag de Chagos el 1955. Tamb\u00e9 a les Seychelles i les illes Rodrigues (oce\u00e0 \u00cdndic), per\u00f2 les temptatives d&#8217;introduir l&#8217;esp\u00e8cie a l&#8217;Illa Maurici van fallar. Uns exemplars tamb\u00e9 van ser alliberats pel zoo de Whipsnadea, Anglaterra, per\u00f2 l&#8217;esp\u00e8cie mai va establir-se, fins al 2008. Als llocs on els van introduir, ho van fer per combatre plagues del bestiar, ja que aquests ocells mengen par\u00e0sits dels animals que segueixen.<\/span><\/p>\n<p><span style=\"font-weight: 400;\">L&#8217;alimentaci\u00f3 dep\u00e8n de l&#8217;h\u00e0bitat. En zones humides, s&#8217;alimenta de granotes i petits peixos mentre que en pastures i conreus els cole\u00f2pters, ort\u00f2pters i altres invertebrats formen part de la seva dieta. Tamb\u00e9 menja par\u00e0sits, com ara paparres o puces de les vaques i\/o animals als quals segueix a la recerca d&#8217;aliments, menjant a la vegada insectes que els animals espanten mentre van caminant i pasturant.<\/span><\/p>\n<p><span style=\"font-weight: 400;\">En \u00e8poca de reproducci\u00f3 i festeig, les plomes de l&#8217;esplugabous (principalment en cap i pit) agafen una coloraci\u00f3 groguenca molt caracter\u00edstica, igual que les potes, que tamb\u00e9 s&#8217;aclareixen. Nia en col\u00f2nies, en arbres i arbusts prop de llacs i rius, barrejat sovint amb altres esp\u00e8cies de martinets i fins i tot amb el bernat pescaire. Comencen a niar a partir de l&#8217;abril.<\/span><\/p>\n<h6 style=\"text-align: center;\"><span style=\"font-size: 14pt; color: #333399;\"><strong>\u00a0<\/strong><\/span><\/h6>\n<p style=\"text-align: right;\"><span style=\"font-size: 10pt;\"><span style=\"font-weight: 400;\">Viquip\u00e8dia<br \/>\n<\/span><span style=\"font-weight: 400;\">Fitxa SIOC (Servei d\u2019informaci\u00f3 ornitol\u00f2gica de Catalunya<br \/>\n<\/span><span style=\"font-weight: 400;\">Per veure la fitxa completa, clica aquest enlla\u00e7: <\/span><a href=\"https:\/\/www.sioc.cat\/fitxa\/BUBIBI\"><span style=\"font-weight: 400;\">ESPLUGABOUS<\/span><\/a><\/span><br \/>\n<span style=\"font-weight: 400; font-size: 10pt;\">Podr\u00e0s sentir el seu cant o reclam<\/span><\/p>\n<p>&nbsp;<\/p>\n<h6 style=\"text-align: center;\"><span style=\"font-size: 18pt; color: #333399;\"><span style=\"font-size: 24pt;\"><strong><span style=\"font-size: 8pt;\"><span style=\"font-size: 18pt;\"><span style=\"font-size: 12pt;\"><span style=\"font-size: 14pt;\"><a href=\"https:\/\/agora.xtec.cat\/ceip-lola-anglada-esplugues\/wp-content\/uploads\/usu1507\/2024\/05\/OA-40-2324.jpg\"><img loading=\"lazy\" decoding=\"async\" class=\"aligncenter size-full wp-image-7633\" src=\"https:\/\/agora.xtec.cat\/ceip-lola-anglada-esplugues\/wp-content\/uploads\/usu1507\/2024\/05\/OA-40-2324.jpg\" alt=\"\" width=\"1197\" height=\"770\" srcset=\"https:\/\/agora.xtec.cat\/ceip-lola-anglada-esplugues\/wp-content\/uploads\/usu1507\/2024\/05\/OA-40-2324.jpg 1197w, https:\/\/agora.xtec.cat\/ceip-lola-anglada-esplugues\/wp-content\/uploads\/usu1507\/2024\/05\/OA-40-2324-300x193.jpg 300w, https:\/\/agora.xtec.cat\/ceip-lola-anglada-esplugues\/wp-content\/uploads\/usu1507\/2024\/05\/OA-40-2324-1024x659.jpg 1024w, https:\/\/agora.xtec.cat\/ceip-lola-anglada-esplugues\/wp-content\/uploads\/usu1507\/2024\/05\/OA-40-2324-768x494.jpg 768w\" sizes=\"auto, (max-width: 1197px) 100vw, 1197px\" \/><\/a>20\u00aa Entrega\u00a0 \u00a0 \u00a0OCELL AMAGAT n\u00ba 40:\u00a0 BALDRIGA MEDITERR\u00c0NIA<\/span><\/span><\/span><\/span><\/strong><\/span><\/span><\/h6>\n<h6 style=\"text-align: center;\"><span style=\"font-size: 14pt; color: #333399;\"><strong>\u00a0<\/strong><strong>Per\u00edode per respondre: de dijous 2 a dimecres 8 de maig<\/strong><\/span><\/h6>\n<p><span style=\"font-weight: 400;\">La <\/span><b>baldriga mediterr\u00e0nia<\/b><span style=\"font-weight: 400;\"> (<\/span><i><span style=\"font-weight: 400;\">Puffinus yelkouan<\/span><\/i><span style=\"font-weight: 400;\">) \u00e9s un ocell del g\u00e8nere <\/span><i><span style=\"font-weight: 400;\">Puffinus<\/span><\/i><span style=\"font-weight: 400;\"> de mida mitjana. Fan de 30 a 38 cm de llargada amb una envergadura alar de 76-89 cm. T\u00e9 un aspecte m\u00e9s contrastat que la baldriga bale\u00e0rica amb la qual comparteix la distribuci\u00f3 hivernal. A m\u00e9s almenys a Menorca hi ha h\u00edbrids de les dues esp\u00e8cies de baldriga. Cria en illes i penya-segats costaners de l&#8217;est i centre del Mediterrani, moltes hi hibernen per\u00f2 altres migren a l&#8217;oce\u00e0 Atl\u00e0ntic a finals d&#8217;estiu.<\/span><\/p>\n<p style=\"text-align: right;\"><span style=\"font-size: 10pt;\"><span style=\"font-weight: 400;\">Viquip\u00e8dia<br \/>\n<\/span><span style=\"font-weight: 400;\">Fitxa SIOC (Servei d\u2019informaci\u00f3 ornitol\u00f2gica de Catalunya<br \/>\n<\/span><span style=\"font-weight: 400;\">Per veure la fitxa completa, clica aquest enlla\u00e7: <\/span><a href=\"https:\/\/www.sioc.cat\/fitxa\/PUFYEL\"><span style=\"font-weight: 400;\">BALDRIGA MEDITERR\u00c0NIA<\/span><\/a><\/span><br \/>\n<span style=\"font-weight: 400; font-size: 10pt;\">Podr\u00e0s sentir el seu cant o reclam<\/span><\/p>\n<p>&nbsp;<\/p>\n<h6 style=\"text-align: center;\"><span style=\"font-size: 18pt; color: #333399;\"><span style=\"font-size: 24pt;\"><strong><span style=\"font-size: 8pt;\"><span style=\"font-size: 18pt;\"><span style=\"font-size: 12pt;\"><span style=\"font-size: 14pt;\"><a href=\"https:\/\/agora.xtec.cat\/ceip-lola-anglada-esplugues\/wp-content\/uploads\/usu1507\/2024\/05\/OA-39-2324.jpg\"><img loading=\"lazy\" decoding=\"async\" class=\"aligncenter size-full wp-image-7632\" src=\"https:\/\/agora.xtec.cat\/ceip-lola-anglada-esplugues\/wp-content\/uploads\/usu1507\/2024\/05\/OA-39-2324.jpg\" alt=\"\" width=\"1173\" height=\"796\" srcset=\"https:\/\/agora.xtec.cat\/ceip-lola-anglada-esplugues\/wp-content\/uploads\/usu1507\/2024\/05\/OA-39-2324.jpg 1173w, https:\/\/agora.xtec.cat\/ceip-lola-anglada-esplugues\/wp-content\/uploads\/usu1507\/2024\/05\/OA-39-2324-300x204.jpg 300w, https:\/\/agora.xtec.cat\/ceip-lola-anglada-esplugues\/wp-content\/uploads\/usu1507\/2024\/05\/OA-39-2324-1024x695.jpg 1024w, https:\/\/agora.xtec.cat\/ceip-lola-anglada-esplugues\/wp-content\/uploads\/usu1507\/2024\/05\/OA-39-2324-768x521.jpg 768w\" sizes=\"auto, (max-width: 1173px) 100vw, 1173px\" \/><\/a>20\u00aa Entrega\u00a0 \u00a0 \u00a0OCELL AMAGAT n\u00ba 39:\u00a0 BOSCARLA DE CANYAR<\/span><\/span><\/span><\/span><\/strong><\/span><\/span><\/h6>\n<h6 style=\"text-align: center;\"><span style=\"font-size: 14pt; color: #333399;\"><strong>\u00a0<\/strong><strong>Per\u00edode per respondre: de dijous 2 a dimecres 8 de maig<\/strong><\/span><\/h6>\n<p><span style=\"font-weight: 400;\">La <\/span><b>boscarla de canyar<\/b><span style=\"font-weight: 400;\"> (<\/span><i><span style=\"font-weight: 400;\">Acrocephalus scirpaceus<\/span><\/i><span style=\"font-weight: 400;\">) \u00e9s una esp\u00e8cie d&#8217;ocell de l&#8217;ordre dels passeriformes molt semblant al boscaler com\u00fa. Viu a gaireb\u00e9 tota l&#8217;Europa temperada. Nia i \u00e9s estiuenca a la pen\u00ednsula Ib\u00e8rica i a les Balears. Abunda al Delta de l&#8217;Ebre i a l&#8217;Empord\u00e0.<\/span><span style=\"font-weight: 400;\"><br \/>\n<\/span><span style=\"font-weight: 400;\">Mesura 13 cm de llarg\u00e0ria. T\u00e9 el dors castany (sense vions dorsals) i el ventre, la gorja i el pit blanquinosos, amb bandes ocr\u00e0cies. T\u00e9 una l\u00ednia superciliar definida i poc contrastada.<\/span><span style=\"font-weight: 400;\"><br \/>\n<\/span><span style=\"font-weight: 400;\">Fonamentalment menja insectes per\u00f2, a la tardor, tamb\u00e9 afegeix baies a la seua dieta. Es troba a les maresmes de l&#8217;interior i del litoral, tamb\u00e9 en basses i a les ribes dels rius. \u00c9s t\u00edpicament estival: arriba el mes d&#8217;abril i repr\u00e8n la migraci\u00f3 des dels primers dies d&#8217;agost fins a la darreria d&#8217;octubre, mes durant el qual migren els joves de l&#8217;any.<\/span><span style=\"font-weight: 400;\"><br \/>\n<\/span><span style=\"font-weight: 400;\">El seu cant consisteix en estrofes grinyolants repetides dues o tres vegades. Nidifica prop dels rius, a la part interior de Catalunya. Fa el niu, en forma de cistell i susp\u00e8s a les tiges de les plantes dels canyissars, durant el mes de maig. \u00c9s una construcci\u00f3 fonda feta amb herbes seques entreteixides formant una copa caracter\u00edstica i ben amagada. Al maig-juliol la <\/span><a href=\"https:\/\/ca.wikipedia.org\/wiki\/Femella\"><span style=\"font-weight: 400;\">femella<\/span><\/a><span style=\"font-weight: 400;\"> pon 4-5 ous, que tots dos progenitors covaran durant 12 dies, el mateix temps que els novells necessitaran per aprendre a volar. \u00c9s una de les esp\u00e8cies m\u00e9s sovint parasitades pel cucut.<\/span><\/p>\n<p style=\"text-align: right;\"><span style=\"font-size: 10pt;\"><span style=\"font-weight: 400;\">Viquip\u00e8dia<br \/>\n<\/span><span style=\"font-weight: 400;\">Fitxa SIOC (Servei d\u2019informaci\u00f3 ornitol\u00f2gica de Catalunya<br \/>\n<\/span><span style=\"font-weight: 400;\">Per veure la fitxa completa, clica aquest enlla\u00e7: <\/span><a href=\"https:\/\/www.sioc.cat\/fitxa\/ACRSCI\"><span style=\"font-weight: 400;\">BOSCARLA DE CANYAR<\/span><\/a><\/span><br \/>\n<span style=\"font-weight: 400; font-size: 10pt;\">Podr\u00e0s sentir el seu cant o reclam<\/span><\/p>\n<p>&nbsp;<\/p>\n<h6 style=\"text-align: center;\"><span style=\"font-size: 18pt; color: #333399;\"><span style=\"font-size: 24pt;\"><strong><span style=\"font-size: 8pt;\"><span style=\"font-size: 18pt;\"><span style=\"font-size: 12pt;\"><span style=\"font-size: 14pt;\"><a href=\"https:\/\/agora.xtec.cat\/ceip-lola-anglada-esplugues\/wp-content\/uploads\/usu1507\/2024\/04\/OA-38-2324.jpg\"><img loading=\"lazy\" decoding=\"async\" class=\"aligncenter size-full wp-image-7609\" src=\"https:\/\/agora.xtec.cat\/ceip-lola-anglada-esplugues\/wp-content\/uploads\/usu1507\/2024\/04\/OA-38-2324.jpg\" alt=\"\" width=\"1191\" height=\"750\" srcset=\"https:\/\/agora.xtec.cat\/ceip-lola-anglada-esplugues\/wp-content\/uploads\/usu1507\/2024\/04\/OA-38-2324.jpg 1191w, https:\/\/agora.xtec.cat\/ceip-lola-anglada-esplugues\/wp-content\/uploads\/usu1507\/2024\/04\/OA-38-2324-300x189.jpg 300w, https:\/\/agora.xtec.cat\/ceip-lola-anglada-esplugues\/wp-content\/uploads\/usu1507\/2024\/04\/OA-38-2324-1024x645.jpg 1024w, https:\/\/agora.xtec.cat\/ceip-lola-anglada-esplugues\/wp-content\/uploads\/usu1507\/2024\/04\/OA-38-2324-768x484.jpg 768w\" sizes=\"auto, (max-width: 1191px) 100vw, 1191px\" \/><\/a>19\u00aa Entrega\u00a0 \u00a0 \u00a0OCELL AMAGAT n\u00ba 38:\u00a0\u00a0<\/span><\/span><\/span><\/span><\/strong><\/span><\/span><\/h6>\n<h6 style=\"text-align: center;\"><span style=\"font-size: 14pt; color: #333399;\"><strong>\u00a0<\/strong><strong>Per\u00edode per respondre: de dijous 18 d&#8217;abril a dimecres 1 de maig<\/strong><\/span><\/h6>\n<p><span style=\"font-weight: 400;\">El <\/span><b>corriol camanegre<\/b><span style=\"font-weight: 400;\">,(<\/span><i><span style=\"font-weight: 400;\">Charadrius alexandrinus<\/span><\/i><span style=\"font-weight: 400;\">) \u00e9s un ocell estival que es pot considerar abundant als Pa\u00efsos Catalans. \u00c9s un lim\u00edcola associat amb els ambients de platges marines, del g\u00e8nere dels corriols (<\/span><i><span style=\"font-weight: 400;\">Charadrius<\/span><\/i><span style=\"font-weight: 400;\">), que forma part de la fam\u00edlia dels car\u00e0drids (<\/span><i><span style=\"font-weight: 400;\">Charadriidae<\/span><\/i><span style=\"font-weight: 400;\">) i l&#8217;ordre dels caradriformes (<\/span><i><span style=\"font-weight: 400;\">Charadriiformes<\/span><\/i><span style=\"font-weight: 400;\">).<\/span><\/p>\n<ul>\n<li style=\"font-weight: 400;\" aria-level=\"1\"><span style=\"font-weight: 400;\">Fa 16 cm de llarg\u00e0ria.<\/span><\/li>\n<li style=\"font-weight: 400;\" aria-level=\"1\"><span style=\"font-weight: 400;\">Presenta el dors i el pili de color terr\u00f3s, amb el front negre, vi\u00f3 ocular, bec i po<\/span><span style=\"font-weight: 400;\">tes<\/span><span style=\"font-weight: 400;\"> tamb\u00e9 negres, mentre que la resta del cos \u00e9s de color blanc de neu; t\u00e9 una banda del mateix color en el coll, interrompuda a la seva part central.<\/span><\/li>\n<li style=\"font-weight: 400;\" aria-level=\"1\"><span style=\"font-weight: 400;\">Taca alar negra.<\/span><\/li>\n<li style=\"font-weight: 400;\" aria-level=\"1\"><span style=\"font-weight: 400;\">T\u00e9 un coll molt gruixut, que fa que quasi no s&#8217;observi una discontinu\u00eftat entre cap i cos.<\/span><\/li>\n<\/ul>\n<p><span style=\"font-weight: 400;\">La posta \u00e9s a l&#8217;abril i el maig, i se&#8217;n detecten segones postes durant el mes de juny. Nidifica, en solitari o b\u00e9 en redu\u00efdes col\u00f2nies, al llarg de la l\u00ednia de la costa, menys en alguns indrets on, a causa de la pressi\u00f3 del turisme, s&#8217;ha vist obligat a traslladar el niu als camps erms de m\u00e9s a l&#8217;interior. Fa el niu en una petita depressi\u00f3 on diposita tres ous pintats que es confonen amb el medi i que s\u00f3n covats pels dos progenitors al llarg de 25 dies, i tamb\u00e9 tots dos s&#8217;encarreguen d&#8217;alimentar els petits, que despr\u00e9s de 25 dies m\u00e9s aprenen a volar. De vegades empra restes diverses dipositades a la platja per les ones a fi de camuflar els ous.<\/span><\/p>\n<p><span style=\"font-weight: 400;\">Cria des del sud d&#8217;Europa fins al Jap\u00f3, tamb\u00e9 al Per\u00fa, a Xile, al sud dels Estats Units i al Carib. Als aiguamolls, albuferes i en general, a les zones humides dels Pa\u00efsos Catalans \u00e9s possible d&#8217;observar-ne petits grups fins i tot a l&#8217;hivern. \u00c9s relativament com\u00fa al delta de l&#8217;Ebre, al delta del Llobregat, als Salats i Muntanyans de Torredembarra, al Delta del Riu Foix de Cubelles, a Les Madrigueres del Vendrell i a s&#8217;Albufera de Mallorca, entre altres llocs.<\/span><\/p>\n<p style=\"text-align: right;\"><span style=\"font-size: 10pt;\"><span style=\"font-weight: 400;\">Viquip\u00e8dia<br \/>\n<\/span><span style=\"font-weight: 400;\">Fitxa SIOC (Servei d\u2019informaci\u00f3 ornitol\u00f2gica de Catalunya<br \/>\n<\/span><span style=\"font-weight: 400;\">Per veure la fitxa completa, clica aquest enlla\u00e7: <\/span><a href=\"https:\/\/www.sioc.cat\/fitxa\/CHAALE\"><span style=\"font-weight: 400;\">CORRIOL CAMANEGRE<\/span><\/a><\/span><br \/>\n<span style=\"font-weight: 400; font-size: 10pt;\">Podr\u00e0s sentir el seu cant o reclam<\/span><\/p>\n<p>&nbsp;<\/p>\n<h6 style=\"text-align: center;\"><span style=\"font-size: 18pt; color: #333399;\"><span style=\"font-size: 24pt;\"><strong><span style=\"font-size: 8pt;\"><span style=\"font-size: 18pt;\"><span style=\"font-size: 12pt;\"><span style=\"font-size: 14pt;\"><a href=\"https:\/\/agora.xtec.cat\/ceip-lola-anglada-esplugues\/wp-content\/uploads\/usu1507\/2024\/04\/OA-37-2324.jpg\"><img loading=\"lazy\" decoding=\"async\" class=\"aligncenter size-full wp-image-7608\" src=\"https:\/\/agora.xtec.cat\/ceip-lola-anglada-esplugues\/wp-content\/uploads\/usu1507\/2024\/04\/OA-37-2324.jpg\" alt=\"\" width=\"1173\" height=\"854\" srcset=\"https:\/\/agora.xtec.cat\/ceip-lola-anglada-esplugues\/wp-content\/uploads\/usu1507\/2024\/04\/OA-37-2324.jpg 1173w, https:\/\/agora.xtec.cat\/ceip-lola-anglada-esplugues\/wp-content\/uploads\/usu1507\/2024\/04\/OA-37-2324-300x218.jpg 300w, https:\/\/agora.xtec.cat\/ceip-lola-anglada-esplugues\/wp-content\/uploads\/usu1507\/2024\/04\/OA-37-2324-1024x746.jpg 1024w, https:\/\/agora.xtec.cat\/ceip-lola-anglada-esplugues\/wp-content\/uploads\/usu1507\/2024\/04\/OA-37-2324-768x559.jpg 768w\" sizes=\"auto, (max-width: 1173px) 100vw, 1173px\" \/><\/a>19\u00aa Entrega\u00a0 \u00a0 \u00a0OCELL AMAGAT n\u00ba 37:\u00a0\u00a0<\/span><\/span><\/span><\/span><\/strong><\/span><\/span><\/h6>\n<h6 style=\"text-align: center;\"><span style=\"font-size: 14pt; color: #333399;\"><strong>\u00a0<\/strong><strong>Per\u00edode per respondre: de dijous 18 d&#8217;abril a dimecres 1 de maig<\/strong><\/span><\/h6>\n<p><span style=\"font-weight: 400;\">L&#8217;<\/span><b>agr\u00f3 roig<\/b><span style=\"font-weight: 400;\"> (<\/span><i><span style=\"font-weight: 400;\">Ardea purpurea<\/span><\/i><span style=\"font-weight: 400;\">) \u00e9s una esp\u00e8cie d&#8217;ocell de la fam\u00edlia dels ardeids.<\/span><\/p>\n<p><span style=\"font-weight: 400;\">L&#8217;agr\u00f3 roig \u00e9s un ocell gros, de 70-90 cm d&#8217;alt (amb el coll estirat) i 110-145 d&#8217;envergadura amb les ales esteses. \u00c9s lleugerament m\u00e9s petit que el bernat pescaire, de qui es pot distingir per la coloraci\u00f3 m\u00e9s fosca, de tonalitats vermellenques o brunes del seu plomatge.<\/span><\/p>\n<p><span style=\"font-weight: 400;\">L&#8217;agr\u00f3 roig es troba amb freq\u00fc\u00e8ncia al centre i sud d&#8217;Europa i a l&#8217;\u00c0sia meridional i oriental. \u00c9s un migrador que hiverna a l&#8217;\u00c0frica tropical.<\/span><span style=\"font-weight: 400;\"><br \/>\n<\/span><span style=\"font-weight: 400;\">L&#8217;agr\u00f3 roig cria en col\u00f2nies en canyissars o en arbres propers a grans llacs, o b\u00e9 en altres aiguamolls extensos.<\/span><span style=\"font-weight: 400;\"><br \/>\n<\/span><span style=\"font-weight: 400;\">S&#8217;alimenta de peixos, granotes, insectes i petits mam\u00edfers que pugui trobar en aig\u00fces poc profundes. Sovint, s&#8217;espera quiet fins que arriba la presa. Tendeix a estar-se entre els canyissars m\u00e9s que el bernat pescaire, sovint de manera discreta, tot i la seva mida.<\/span><span style=\"font-weight: 400;\"><br \/>\n<\/span><span style=\"font-weight: 400;\">T\u00e9 un vol lent, amb el seu coll encongit. Aix\u00f2 \u00e9s una caracter\u00edstica dels ardeids i els distingeix dels ciconids, de les grues i dels becplaners, els quals tenen el coll estirat.<\/span><\/p>\n<p style=\"text-align: right;\"><span style=\"font-size: 10pt;\"><span style=\"font-weight: 400;\">Viquip\u00e8dia<br \/>\n<\/span><span style=\"font-weight: 400;\">Fitxa SIOC (Servei d\u2019informaci\u00f3 ornitol\u00f2gica de Catalunya<br \/>\n<\/span><span style=\"font-weight: 400;\">Per veure la fitxa completa, clica aquest enlla\u00e7:<\/span><a href=\"https:\/\/www.sioc.cat\/fitxa\/ARDPUR\"><span style=\"font-weight: 400;\"> AGR\u00d3 ROIG<\/span><\/a><\/span><br \/>\n<span style=\"font-weight: 400; font-size: 10pt;\">Podr\u00e0s sentir el seu cant o reclam<\/span><\/p>\n<p>&nbsp;<\/p>\n<h6 style=\"text-align: center;\"><span style=\"font-size: 18pt; color: #333399;\"><span style=\"font-size: 24pt;\"><strong><span style=\"font-size: 8pt;\"><span style=\"font-size: 18pt;\"><span style=\"font-size: 12pt;\"><span style=\"font-size: 14pt;\"><a href=\"https:\/\/agora.xtec.cat\/ceip-lola-anglada-esplugues\/wp-content\/uploads\/usu1507\/2024\/04\/OA-36-2324.jpg\"><img loading=\"lazy\" decoding=\"async\" class=\"aligncenter size-full wp-image-7592\" src=\"https:\/\/agora.xtec.cat\/ceip-lola-anglada-esplugues\/wp-content\/uploads\/usu1507\/2024\/04\/OA-36-2324.jpg\" alt=\"\" width=\"1194\" height=\"746\" srcset=\"https:\/\/agora.xtec.cat\/ceip-lola-anglada-esplugues\/wp-content\/uploads\/usu1507\/2024\/04\/OA-36-2324.jpg 1194w, https:\/\/agora.xtec.cat\/ceip-lola-anglada-esplugues\/wp-content\/uploads\/usu1507\/2024\/04\/OA-36-2324-300x187.jpg 300w, https:\/\/agora.xtec.cat\/ceip-lola-anglada-esplugues\/wp-content\/uploads\/usu1507\/2024\/04\/OA-36-2324-1024x640.jpg 1024w, https:\/\/agora.xtec.cat\/ceip-lola-anglada-esplugues\/wp-content\/uploads\/usu1507\/2024\/04\/OA-36-2324-768x480.jpg 768w\" sizes=\"auto, (max-width: 1194px) 100vw, 1194px\" \/><\/a>18\u00aa Entrega\u00a0 \u00a0 \u00a0OCELL AMAGAT n\u00ba 36:\u00a0 CAP\u00d3 REIAL<\/span><\/span><\/span><\/span><\/strong><\/span><\/span><\/h6>\n<h6 style=\"text-align: center;\"><span style=\"font-size: 14pt; color: #333399;\"><strong>\u00a0<\/strong><strong>Per\u00edode per respondre: de dijous 11 a dimecres 17 d&#8217;abril<\/strong><\/span><\/h6>\n<p><span style=\"font-weight: 400;\">El <\/span><b>cap\u00f3 reial<\/b><span style=\"font-weight: 400;\"> (<\/span><i><span style=\"font-weight: 400;\">Plegadis falcinellus<\/span><\/i><span style=\"font-weight: 400;\">), \u00e9s una esp\u00e8cie d&#8217;ibis, dins la fam\u00edlia dels tresquiornitids (<\/span><i><span style=\"font-weight: 400;\">Threskiornithidae<\/span><\/i><span style=\"font-weight: 400;\">).<\/span><span style=\"font-weight: 400;\"><br \/>\n<\/span><span style=\"font-weight: 400;\">Es tracta d&#8217;un ocell de 55-65 cent\u00edmetres de llarg i una envergadura de 88 a 105 cent\u00edmetres, amb el coll i les potes llargues. El seu plomatge \u00e9s fosc, entre marron\u00f3s i porpra, amb reflexos d&#8217;una tonalitat verdosa a les ales. Varia entre l&#8217;hivern, l&#8217;estiu i el per\u00edode nupcial. El bec \u00e9s caracter\u00edsticament llarg i recorbat.<\/span><span style=\"font-weight: 400;\"><br \/>\n<\/span><span style=\"font-weight: 400;\">El seu h\u00e0bitat natural s\u00f3n les zones humides i c\u00e0lides, principalment litorals. Nidifica en els arbres o els canyissars, formant col\u00f2nies o al costat d&#8217;agrons, becplaners i corbs marins. La femella pon tres o quatre ous, de color blau gris, en una posta anual. La incubaci\u00f3 dura de tres a quatre setmanes.<\/span><span style=\"font-weight: 400;\"><br \/>\n<\/span><span style=\"font-weight: 400;\">S&#8217;alimenta principalment de peixos i granotes, tot i que la seva dieta pot incloure insectes i crustacis.<\/span><span style=\"font-weight: 400;\"><br \/>\n<\/span><span style=\"font-weight: 400;\">El cap\u00f3 reial \u00e9s l&#8217;ibis m\u00e9s est\u00e8s sobre la superf\u00edcie terrestre, que es troba de manera esparsa a les regions c\u00e0lides d&#8217;\u00c0frica, Europa, \u00c0sia, Austr\u00e0lia i les costes atl\u00e0ntiques i caribenyes d&#8217;Am\u00e8rica. Hom considera que \u00e9s originari del vell continent i que no fou fins al segle <\/span><span style=\"font-weight: 400;\">xix<\/span><span style=\"font-weight: 400;\"> que migr\u00e0 fins a les costes septentrionals de Sud-am\u00e8rica, i d&#8217;all\u00e0 fins a les costes de Carolina del Nord.<\/span><span style=\"font-weight: 400;\"><br \/>\n<\/span><span style=\"font-weight: 400;\">A Catalunya, es considerava el 2010 com a nidificant recent al delta de l&#8217;Ebre i com a esp\u00e8cie en estat de conservaci\u00f3 vulnerable, amb una poblaci\u00f3 de 23 parelles, per\u00f2 ha augmentat espectacularment en els darrers 15 anys, i el 2015 ha passat de 200 a m\u00e9s de 2.000 exemplars, cosa en part afavorida pel fet que \u00e9s una au que ha incorporat el cargol poma tacat, molt freq\u00fcent al delta, a la seva dieta. Se n&#8217;ha observat freq\u00fcentment als aiguamolls de l&#8217;Empord\u00e0 i al delta del Llobregat, i m\u00e9s puntualment al Baix Ter, a l&#8217;estany de Sils, a la desembocadura de la Tordera, a la Torre d&#8217;en Dol\u00e7a (Vila-seca) i fins i tot a Bellcaire d&#8217;Urgell.<\/span><\/p>\n<p style=\"text-align: right;\"><span style=\"font-size: 10pt;\"><span style=\"font-weight: 400;\">Viquip\u00e8dia<br \/>\n<\/span><span style=\"font-weight: 400;\">Fitxa SIOC (Servei d\u2019informaci\u00f3 ornitol\u00f2gica de Catalunya<br \/>\n<\/span><span style=\"font-weight: 400;\">Per veure la fitxa completa, clica aquest enlla\u00e7: <\/span><a href=\"https:\/\/www.sioc.cat\/fitxa\/PLEFAL\"><span style=\"font-weight: 400;\">CAP\u00d3 REIAL<\/span><\/a><\/span><br \/>\n<span style=\"font-weight: 400; font-size: 10pt;\">Podr\u00e0s sentir el seu cant o reclam<\/span><\/p>\n<p>&nbsp;<\/p>\n<h6 style=\"text-align: center;\"><span style=\"font-size: 18pt; color: #333399;\"><span style=\"font-size: 24pt;\"><strong><span style=\"font-size: 8pt;\"><span style=\"font-size: 18pt;\"><span style=\"font-size: 12pt;\"><span style=\"font-size: 14pt;\"><a href=\"https:\/\/agora.xtec.cat\/ceip-lola-anglada-esplugues\/wp-content\/uploads\/usu1507\/2024\/04\/OA-35-2324.jpg\"><img loading=\"lazy\" decoding=\"async\" class=\"aligncenter size-full wp-image-7591\" src=\"https:\/\/agora.xtec.cat\/ceip-lola-anglada-esplugues\/wp-content\/uploads\/usu1507\/2024\/04\/OA-35-2324.jpg\" alt=\"\" width=\"1196\" height=\"791\" srcset=\"https:\/\/agora.xtec.cat\/ceip-lola-anglada-esplugues\/wp-content\/uploads\/usu1507\/2024\/04\/OA-35-2324.jpg 1196w, https:\/\/agora.xtec.cat\/ceip-lola-anglada-esplugues\/wp-content\/uploads\/usu1507\/2024\/04\/OA-35-2324-300x198.jpg 300w, https:\/\/agora.xtec.cat\/ceip-lola-anglada-esplugues\/wp-content\/uploads\/usu1507\/2024\/04\/OA-35-2324-1024x677.jpg 1024w, https:\/\/agora.xtec.cat\/ceip-lola-anglada-esplugues\/wp-content\/uploads\/usu1507\/2024\/04\/OA-35-2324-768x508.jpg 768w\" sizes=\"auto, (max-width: 1196px) 100vw, 1196px\" \/><\/a>18\u00aa Entrega\u00a0 \u00a0 \u00a0OCELL AMAGAT n\u00ba 35:\u00a0 \u00c0NEC CANYELLA<\/span><\/span><\/span><\/span><\/strong><\/span><\/span><\/h6>\n<h6 style=\"text-align: center;\"><span style=\"font-size: 14pt; color: #333399;\"><strong>\u00a0<\/strong><strong>Per\u00edode per respondre: de dijous 11 a dimecres 17 d&#8217;abril<\/strong><\/span><\/h6>\n<p><span style=\"font-weight: 400;\">L&#8217;<\/span><b>\u00e0nec canyella<\/b><span style=\"font-weight: 400;\"> (<\/span><i><span style=\"font-weight: 400;\">Tadorna ferruginea<\/span><\/i><span style=\"font-weight: 400;\">) \u00e9s un membre de la fam\u00edlia Anatidae.<\/span><span style=\"font-weight: 400;\"><br \/>\n<\/span><span style=\"font-weight: 400;\">Principalment viu des del sud-est d&#8217;Europa a la Xina central \u00e9s migratori i hiverna al sud d&#8217;\u00c0sia. Fa de 58\u201370 cm de llarg.<\/span><span style=\"font-weight: 400;\"><br \/>\n<\/span><span style=\"font-weight: 400;\">Als Pa\u00efsos Catalans es pot presentar com a esp\u00e8cie accidental a final d&#8217;estiu.<\/span><span style=\"font-weight: 400;\"><br \/>\n<\/span><span style=\"font-weight: 400;\">\u00c9s considerat sagrat pel budisme al Tibet i Mong\u00f2lia.<\/span><\/p>\n<p style=\"text-align: right;\"><span style=\"font-size: 10pt;\"><span style=\"font-weight: 400;\">Viquip\u00e8dia<br \/>\n<\/span><span style=\"font-weight: 400;\">Fitxa SIOC (Servei d\u2019informaci\u00f3 ornitol\u00f2gica de Catalunya<br \/>\n<\/span><span style=\"font-weight: 400;\">Per veure la fitxa completa, clica aquest enlla\u00e7: <\/span><a href=\"https:\/\/www.sioc.cat\/fitxa\/TADFER\"><span style=\"font-weight: 400;\">\u00c0NEC CANYELLA<\/span><\/a><\/span><br \/>\n<span style=\"font-weight: 400; font-size: 10pt;\">Podr\u00e0s sentir el seu cant o reclam<\/span><\/p>\n<p>&nbsp;<\/p>\n<h6 style=\"text-align: center;\"><span style=\"font-size: 18pt; color: #333399;\"><span style=\"font-size: 24pt;\"><strong><span style=\"font-size: 8pt;\"><span style=\"font-size: 18pt;\"><span style=\"font-size: 12pt;\"><span style=\"font-size: 14pt;\"><a href=\"https:\/\/agora.xtec.cat\/ceip-lola-anglada-esplugues\/wp-content\/uploads\/usu1507\/2024\/03\/OA-34-2324.jpg\"><img loading=\"lazy\" decoding=\"async\" class=\"aligncenter size-full wp-image-7536\" src=\"https:\/\/agora.xtec.cat\/ceip-lola-anglada-esplugues\/wp-content\/uploads\/usu1507\/2024\/03\/OA-34-2324.jpg\" alt=\"\" width=\"1201\" height=\"770\" srcset=\"https:\/\/agora.xtec.cat\/ceip-lola-anglada-esplugues\/wp-content\/uploads\/usu1507\/2024\/03\/OA-34-2324.jpg 1201w, https:\/\/agora.xtec.cat\/ceip-lola-anglada-esplugues\/wp-content\/uploads\/usu1507\/2024\/03\/OA-34-2324-300x192.jpg 300w, https:\/\/agora.xtec.cat\/ceip-lola-anglada-esplugues\/wp-content\/uploads\/usu1507\/2024\/03\/OA-34-2324-1024x657.jpg 1024w, https:\/\/agora.xtec.cat\/ceip-lola-anglada-esplugues\/wp-content\/uploads\/usu1507\/2024\/03\/OA-34-2324-768x492.jpg 768w\" sizes=\"auto, (max-width: 1201px) 100vw, 1201px\" \/><\/a>17\u00aa Entrega\u00a0 \u00a0 \u00a0OCELL AMAGAT n\u00ba 34:\u00a0\u00a0<\/span><\/span><\/span><\/span><\/strong><\/span><\/span><\/h6>\n<h6 style=\"text-align: center;\"><span style=\"font-size: 14pt; color: #333399;\"><strong>\u00a0<\/strong><strong>Per\u00edode per respondre: de dijous 21 de mar\u00e7 a dimecres 10 d&#8217;abril<\/strong><\/span><\/h6>\n<p><span style=\"font-weight: 400;\">El <\/span><b>ballester com\u00fa<\/b><span style=\"font-weight: 400;\">, (<\/span><i><span style=\"font-weight: 400;\">Tachymarptis melba<\/span><\/i><span style=\"font-weight: 400;\">, anteriorment <\/span><i><span style=\"font-weight: 400;\">Apus melba<\/span><\/i><span style=\"font-weight: 400;\">), \u00e9s un ocell de l&#8217;ordre dels apodiformes i m\u00e9s gros que el falciot negre.<\/span><\/p>\n<ul>\n<li style=\"font-weight: 400;\" aria-level=\"1\"><span style=\"font-weight: 400;\">Fa 21 cm de llarg\u00e0ria total i 55 d&#8217;envergadura alar.<\/span><\/li>\n<li style=\"font-weight: 400;\" aria-level=\"1\"><span style=\"font-weight: 400;\">No \u00e9s d&#8217;un color tan fosc com el falciot negre.<\/span><\/li>\n<li style=\"font-weight: 400;\" aria-level=\"1\"><span style=\"font-weight: 400;\">La part inferior \u00e9s blanca, menys la cua i la banda fosca pectoral.<\/span><\/li>\n<li style=\"font-weight: 400;\" aria-level=\"1\"><span style=\"font-weight: 400;\">No presenta dimorfisme sexual.<\/span><\/li>\n<\/ul>\n<p><span style=\"font-weight: 400;\">Ambd\u00f3s pares construeixen el niu enganxant amb llur saliva plomes, molsa i altres materials. Al maig-juny hi pondran 2 o 3 ous que covaran tots dos progenitors durant 20 dies i on, al llarg de 55-60 dies m\u00e9s, hauran de restar els pollets que en neixin. Cada any retornen al mateix niu.<\/span><span style=\"font-weight: 400;\"><br \/>\n<\/span><span style=\"font-weight: 400;\">Menja insectes i ar\u00e0cnids atrapats al vol.<\/span><span style=\"font-weight: 400;\"><br \/>\n<\/span><span style=\"font-weight: 400;\">Es troba al sud d&#8217;Europa (des de Portugal fins a Bulg\u00e0ria) i a tot \u00c0frica. La seva \u00e0rea de cria principal est\u00e0 compresa entre Gr\u00e8cia i Alemanya.<\/span><\/p>\n<ul>\n<li style=\"font-weight: 400;\" aria-level=\"1\"><span style=\"font-weight: 400;\">Als Pa\u00efsos Catalans \u00e9s un ocell estival: hi torna al mar\u00e7-abril, molt abans de la data de posta, i s&#8217;escampa per les zones m\u00e9s muntanyenques -encara que no arriba al Pirineu- on busca penya-segats per instal\u00b7lar-hi el niu. Tamb\u00e9 aprofita construccions fetes pels humans, com s\u00f3n els ponts i alguns edificis. Pel setembre-octubre emigra a l&#8217;\u00c0frica a passar-hi l&#8217;hivern.<\/span><\/li>\n<li style=\"font-weight: 400;\" aria-level=\"1\"><span style=\"font-weight: 400;\">\u00c9s un ocell mon\u00f2gam, \u00e9s a dir, que nom\u00e9s s&#8217;aparella una vegada a la vida; tamb\u00e9 \u00e9s molt sociable, car construeix el seu niu integrat en col\u00f2nies.<\/span><\/li>\n<li style=\"font-weight: 400;\" aria-level=\"1\"><span style=\"font-weight: 400;\">Bat les ales lentament, de 4 a 8 vegades per segon, per\u00f2 amb molta for\u00e7a: \u00c9s audible per a una persona si es troba a proximitat. \u00c9s un dels ocells m\u00e9s r\u00e0pids que pot arribar als 110 km\/h.<\/span><\/li>\n<\/ul>\n<p><span style=\"font-weight: 400;\">Si b\u00e9 sembla que la poblaci\u00f3 que viu en el medi rural va minvant, en canvi la poblaci\u00f3 que ho fa en el medi urb\u00e0 va augmentant, de tal forma que el conjunt de la poblaci\u00f3 es mant\u00e9 bastant estable.<\/span><\/p>\n<p style=\"text-align: right;\"><span style=\"font-size: 10pt;\"><span style=\"font-weight: 400;\">Viquip\u00e8dia<br \/>\n<\/span><span style=\"font-weight: 400;\">Fitxa SIOC (Servei d\u2019informaci\u00f3 ornitol\u00f2gica de Catalunya<br \/>\n<\/span><span style=\"font-weight: 400;\">Per veure la fitxa completa, clica aquest enlla\u00e7: <\/span><a href=\"https:\/\/www.sioc.cat\/fitxa\/APUMEL\"><span style=\"font-weight: 400;\">BALLESTER<\/span><\/a><\/span><br \/>\n<span style=\"font-weight: 400; font-size: 10pt;\">Podr\u00e0s sentir el seu cant o reclam<\/span><\/p>\n<p>&nbsp;<\/p>\n<h6 style=\"text-align: center;\"><span style=\"font-size: 18pt; color: #333399;\"><span style=\"font-size: 24pt;\"><strong><span style=\"font-size: 8pt;\"><span style=\"font-size: 18pt;\"><span style=\"font-size: 12pt;\"><span style=\"font-size: 14pt;\"><a href=\"https:\/\/agora.xtec.cat\/ceip-lola-anglada-esplugues\/wp-content\/uploads\/usu1507\/2024\/03\/OA-33-2324.jpg\"><img loading=\"lazy\" decoding=\"async\" class=\"aligncenter size-full wp-image-7535\" src=\"https:\/\/agora.xtec.cat\/ceip-lola-anglada-esplugues\/wp-content\/uploads\/usu1507\/2024\/03\/OA-33-2324.jpg\" alt=\"\" width=\"1200\" height=\"763\" srcset=\"https:\/\/agora.xtec.cat\/ceip-lola-anglada-esplugues\/wp-content\/uploads\/usu1507\/2024\/03\/OA-33-2324.jpg 1200w, https:\/\/agora.xtec.cat\/ceip-lola-anglada-esplugues\/wp-content\/uploads\/usu1507\/2024\/03\/OA-33-2324-300x191.jpg 300w, https:\/\/agora.xtec.cat\/ceip-lola-anglada-esplugues\/wp-content\/uploads\/usu1507\/2024\/03\/OA-33-2324-1024x651.jpg 1024w, https:\/\/agora.xtec.cat\/ceip-lola-anglada-esplugues\/wp-content\/uploads\/usu1507\/2024\/03\/OA-33-2324-768x488.jpg 768w\" sizes=\"auto, (max-width: 1200px) 100vw, 1200px\" \/><\/a>17\u00aa Entrega\u00a0 \u00a0 \u00a0OCELL AMAGAT n\u00ba 33:\u00a0 \u00c0NEC XIULAIRE<\/span><\/span><\/span><\/span><\/strong><\/span><\/span><\/h6>\n<h6 style=\"text-align: center;\"><span style=\"font-size: 14pt; color: #333399;\"><strong>\u00a0<\/strong><strong>Per\u00edode per respondre: de dijous 21 de mar\u00e7 a dimecres 10 d&#8217;abril<\/strong><\/span><\/h6>\n<p><span style=\"font-weight: 400;\">L&#8217;<\/span><b>\u00e0nec xiulador eurasi\u00e0tic<\/b><span style=\"font-weight: 400;\">,<\/span> <b>\u00e0nec xiulador<\/b><span style=\"font-weight: 400;\"> (<\/span><i><span style=\"font-weight: 400;\">Mareca<\/span><\/i> <i><span style=\"font-weight: 400;\">penelope)<\/span><\/i><span style=\"font-weight: 400;\"> \u00e9s una esp\u00e8cie d&#8217;ocell de la fam\u00edlia dels an\u00e0tids. \u00c9s un \u00e0nec de superf\u00edcie que no es reprodueix als Pa\u00efsos Catalans. Modernament se l&#8217;ha incl\u00f2s en el g\u00e8nere <\/span><b>Mareca<\/b><span style=\"font-weight: 400;\"> com (<\/span><i><span style=\"font-weight: 400;\">M. penelope<\/span><\/i><span style=\"font-weight: 400;\">).<\/span><span style=\"font-weight: 400;\"><br \/>\n<\/span><span style=\"font-weight: 400;\">El seu estat de conservaci\u00f3 es considera de risc m\u00ednim.<\/span><span style=\"font-weight: 400;\"><br \/>\n<\/span><span style=\"font-weight: 400;\">Fa uns 45 cm i 71-80 d&#8217;envergadura alar.<\/span><\/p>\n<ul>\n<li style=\"font-weight: 400;\" aria-level=\"1\"><span style=\"font-weight: 400;\">El mascle presenta el cap de color castany amb el pili molt clar, d&#8217;un color crema que, segons com hi toca la llum, sembla blanc. El pit \u00e9s de color terr\u00f3s rogenc amb el ventre blanc.<\/span><\/li>\n<li style=\"font-weight: 400;\" aria-level=\"1\"><span style=\"font-weight: 400;\">La femella, com a la majoria de les esp\u00e8cies d&#8217;\u00e0necs, \u00e9s bruna.<\/span><\/li>\n<li style=\"font-weight: 400;\" aria-level=\"1\"><span style=\"font-weight: 400;\">El bec \u00e9s blavenc amb la punta negra.<\/span><\/li>\n<\/ul>\n<p><span style=\"font-weight: 400;\">S&#8217;alimenta de vegetals que pot agafar dins o fora de l&#8217;aigua. Menja en aig\u00fces poc profundes, a les platges i estanys.<\/span><span style=\"font-weight: 400;\"><br \/>\n<\/span><span style=\"font-weight: 400;\">Es troba a les aig\u00fces lliures, tant dolces i salabroses com marines.<\/span><span style=\"font-weight: 400;\"><br \/>\n<\/span><span style=\"font-weight: 400;\">Nia a Escandin\u00e0via i hiverna al sud d&#8217;Europa. \u00c9s un \u00e0nec migrant que es pot observar amb facilitat a les zones humides dels Pa\u00efsos Catalans a l&#8217;hivern (Delta de l&#8217;Ebre i Delta del Llobregat, per\u00f2 a les Balears \u00e9s un \u00e0nec poc abundant).<\/span><span style=\"font-weight: 400;\"><br \/>\n<\/span><span style=\"font-weight: 400;\">Arriba als Pa\u00efsos Catalans pel mes d&#8217;octubre i roman fins al mar\u00e7, malgrat que aquestes dates poden presentar petites variacions.<\/span><span style=\"font-weight: 400;\"><br \/>\n<\/span><span style=\"font-weight: 400;\">Mentre vola, el mascle emet un xiulet agut i es mou sempre en grupets.<\/span><\/p>\n<p style=\"text-align: right;\"><span style=\"font-size: 10pt;\"><span style=\"font-weight: 400;\">Viquip\u00e8dia<br \/>\n<\/span><span style=\"font-weight: 400;\">Fitxa SIOC (Servei d\u2019informaci\u00f3 ornitol\u00f2gica de Catalunya<br \/>\n<\/span><span style=\"font-weight: 400;\">Per veure la fitxa completa, clica aquest enlla\u00e7: <\/span><a href=\"https:\/\/www.sioc.cat\/fitxa\/ANAPEN\"><span style=\"font-weight: 400;\">\u00c0NEC XIULAIRE<\/span><\/a><\/span><br \/>\n<span style=\"font-weight: 400; font-size: 10pt;\">Podr\u00e0s sentir el seu cant o reclam<\/span><\/p>\n<p>&nbsp;<\/p>\n<h6 style=\"text-align: center;\"><span style=\"font-size: 18pt; color: #333399;\"><span style=\"font-size: 24pt;\"><strong><span style=\"font-size: 8pt;\"><span style=\"font-size: 18pt;\"><span style=\"font-size: 12pt;\"><span style=\"font-size: 14pt;\"><a href=\"https:\/\/agora.xtec.cat\/ceip-lola-anglada-esplugues\/wp-content\/uploads\/usu1507\/2024\/03\/OA-32-2324.jpg\"><img loading=\"lazy\" decoding=\"async\" class=\"aligncenter size-full wp-image-7502\" src=\"https:\/\/agora.xtec.cat\/ceip-lola-anglada-esplugues\/wp-content\/uploads\/usu1507\/2024\/03\/OA-32-2324.jpg\" alt=\"\" width=\"1195\" height=\"767\" srcset=\"https:\/\/agora.xtec.cat\/ceip-lola-anglada-esplugues\/wp-content\/uploads\/usu1507\/2024\/03\/OA-32-2324.jpg 1195w, https:\/\/agora.xtec.cat\/ceip-lola-anglada-esplugues\/wp-content\/uploads\/usu1507\/2024\/03\/OA-32-2324-300x193.jpg 300w, https:\/\/agora.xtec.cat\/ceip-lola-anglada-esplugues\/wp-content\/uploads\/usu1507\/2024\/03\/OA-32-2324-1024x657.jpg 1024w, https:\/\/agora.xtec.cat\/ceip-lola-anglada-esplugues\/wp-content\/uploads\/usu1507\/2024\/03\/OA-32-2324-768x493.jpg 768w\" sizes=\"auto, (max-width: 1195px) 100vw, 1195px\" \/><\/a>16\u00aa Entrega\u00a0 \u00a0 \u00a0OCELL AMAGAT n\u00ba 32:\u00a0 BALQUER<\/span><\/span><\/span><\/span><\/strong><\/span><\/span><\/h6>\n<h6 style=\"text-align: center;\"><span style=\"font-size: 14pt; color: #333399;\"><strong>\u00a0<\/strong><strong>Per\u00edode per respondre: de dijous 14 de mar\u00e7 a dimecres 20 de mar\u00e7<\/strong><\/span><\/h6>\n<p><span style=\"font-weight: 400;\">El <\/span><b>balquer<\/b><span style=\"font-weight: 400;\">, (<\/span><i><span style=\"font-weight: 400;\">Acrocephalus arundinaceus<\/span><\/i><span style=\"font-weight: 400;\">) \u00e9s un moix\u00f3 de l&#8217;ordre dels passeriformes semblant a les boscarles i un dels ocells m\u00e9s grossos del canyissar.<\/span><\/p>\n<ul>\n<li style=\"font-weight: 400;\" aria-level=\"1\"><span style=\"font-weight: 400;\">Fa 19 cm de llarg\u00e0ria total.<\/span><\/li>\n<li style=\"font-weight: 400;\" aria-level=\"1\"><span style=\"font-weight: 400;\">T\u00e9 un cap truncat molt caracter\u00edstic, prove\u00eft d&#8217;una l\u00ednia superciliar molt marcada.<\/span><\/li>\n<li style=\"font-weight: 400;\" aria-level=\"1\"><span style=\"font-weight: 400;\">Presenta un principi de cresta.<\/span><\/li>\n<li style=\"font-weight: 400;\" aria-level=\"1\"><span style=\"font-weight: 400;\">Bec m\u00e9s llarg i m\u00e9s robust que d&#8217;altres ocells semblants.<\/span><\/li>\n<li style=\"font-weight: 400;\" aria-level=\"1\"><span style=\"font-weight: 400;\">\u00c9s de colors bruns semblants a la de la boscarla de canyar i, per sota, \u00e9s blanc vermell\u00f3s.<\/span><\/li>\n<li style=\"font-weight: 400;\" aria-level=\"1\"><span style=\"font-weight: 400;\">T\u00e9 la cua m\u00e9s ampla que la boscarla de canyar.<\/span><\/li>\n<li style=\"font-weight: 400;\" aria-level=\"1\"><span style=\"font-weight: 400;\">No presenta dimorfisme sexual.<\/span><\/li>\n<\/ul>\n<p><span style=\"font-weight: 400;\">Comen\u00e7a a nidificar a mitjan maig, despr\u00e9s de construir un niu entre joncs i canyissos, a la vora de l&#8217;aigua i semblant al de la boscarla de canyar: en forma de copa i subjectat a les tiges de les plantes aqu\u00e0tiques. El volum de la posta va de 3 a 6 ous, que la femella covar\u00e0 al llarg de 13-15 dies, despr\u00e9s dels quals encara manquen 12 dies perqu\u00e8 els novells deixen el niu. \u00c9s probable que alguns exemplars efectu\u00efn una doble posta.<\/span><\/p>\n<p><span style=\"font-weight: 400;\">Ocupa qualsevol zona que presenti canyissos o canyes, i, aix\u00ed, nidifica a totes les zones palustres dels Pa\u00efsos Catalans, fins i tot a la part interior del Principat de Catalunya, aprofitant els marges dels rius i els embassaments existents.<\/span><\/p>\n<p style=\"text-align: right;\"><span style=\"font-size: 10pt;\"><span style=\"font-weight: 400;\">Viquip\u00e8dia<br \/>\n<\/span><span style=\"font-weight: 400;\">Fitxa SIOC (Servei d\u2019informaci\u00f3 ornitol\u00f2gica de Catalunya<br \/>\n<\/span><span style=\"font-weight: 400;\">Per veure la fitxa completa, clica aquest enlla\u00e7: <\/span><a href=\"https:\/\/www.sioc.cat\/fitxa\/ACRARU\"><span style=\"font-weight: 400;\">BALQUER COM\u00da<\/span><\/a><\/span><br \/>\n<span style=\"font-weight: 400; font-size: 10pt;\">Podr\u00e0s sentir el seu cant o reclam<\/span><\/p>\n<p>&nbsp;<\/p>\n<h6 style=\"text-align: center;\"><span style=\"font-size: 18pt; color: #333399;\"><span style=\"font-size: 24pt;\"><strong><span style=\"font-size: 8pt;\"><span style=\"font-size: 18pt;\"><span style=\"font-size: 12pt;\"><span style=\"font-size: 14pt;\"><a href=\"https:\/\/agora.xtec.cat\/ceip-lola-anglada-esplugues\/wp-content\/uploads\/usu1507\/2024\/03\/OA-31-2324.jpg\"><img loading=\"lazy\" decoding=\"async\" class=\"aligncenter size-full wp-image-7501\" src=\"https:\/\/agora.xtec.cat\/ceip-lola-anglada-esplugues\/wp-content\/uploads\/usu1507\/2024\/03\/OA-31-2324.jpg\" alt=\"\" width=\"1198\" height=\"751\" srcset=\"https:\/\/agora.xtec.cat\/ceip-lola-anglada-esplugues\/wp-content\/uploads\/usu1507\/2024\/03\/OA-31-2324.jpg 1198w, https:\/\/agora.xtec.cat\/ceip-lola-anglada-esplugues\/wp-content\/uploads\/usu1507\/2024\/03\/OA-31-2324-300x188.jpg 300w, https:\/\/agora.xtec.cat\/ceip-lola-anglada-esplugues\/wp-content\/uploads\/usu1507\/2024\/03\/OA-31-2324-1024x642.jpg 1024w, https:\/\/agora.xtec.cat\/ceip-lola-anglada-esplugues\/wp-content\/uploads\/usu1507\/2024\/03\/OA-31-2324-768x481.jpg 768w\" sizes=\"auto, (max-width: 1198px) 100vw, 1198px\" \/><\/a>16\u00aa Entrega\u00a0 \u00a0 \u00a0OCELL AMAGAT n\u00ba 31:\u00a0 CABUSS\u00d3 COLLNEGRE<\/span><\/span><\/span><\/span><\/strong><\/span><\/span><\/h6>\n<h6 style=\"text-align: center;\"><span style=\"font-size: 14pt; color: #333399;\"><strong>\u00a0<\/strong><strong>Per\u00edode per respondre: de dijous 14 de mar\u00e7 a dimecres 20 de mar\u00e7<\/strong><\/span><\/h6>\n<p><span style=\"font-weight: 400;\">El <\/span><b>cabuss\u00f3 collnegre<\/b> <i><span style=\"font-weight: 400;\">(Podiceps nigricollis<\/span><\/i><span style=\"font-weight: 400;\">), \u00e9s un ocell aqu\u00e0tic que es troba a tots els continents amb l&#8217;excepci\u00f3 d&#8217;Austr\u00e0lia i l&#8217;Ant\u00e0rtida.<\/span><\/p>\n<p><span style=\"font-weight: 400;\">Aquest cabuss\u00f3 fa 28\u201334 cm de llarg. L&#8217;adult \u00e9s inconfusible a l&#8217;estiu amb el cap i el coll negres i amb un plomatge de la part auricular groc.<\/span><\/p>\n<p style=\"text-align: right;\"><span style=\"font-size: 10pt;\"><span style=\"font-weight: 400;\">Viquip\u00e8dia<br \/>\n<\/span><span style=\"font-weight: 400;\">Fitxa SIOC (Servei d\u2019informaci\u00f3 ornitol\u00f2gica de Catalunya<br \/>\n<\/span><span style=\"font-weight: 400;\">Per veure la fitxa completa, clica aquest enlla\u00e7: <\/span><a href=\"https:\/\/www.sioc.cat\/fitxa\/PODNIG\"><span style=\"font-weight: 400;\">CABUSS\u00d3 COLLNEGRE<\/span><\/a><\/span><br \/>\n<span style=\"font-weight: 400; font-size: 10pt;\">Podr\u00e0s sentir el seu cant o reclam<\/span><\/p>\n<p>&nbsp;<\/p>\n<h6 style=\"text-align: center;\"><span style=\"font-size: 18pt; color: #333399;\"><span style=\"font-size: 24pt;\"><strong><span style=\"font-size: 8pt;\"><span style=\"font-size: 18pt;\"><span style=\"font-size: 12pt;\"><span style=\"font-size: 14pt;\"><a href=\"https:\/\/agora.xtec.cat\/ceip-lola-anglada-esplugues\/wp-content\/uploads\/usu1507\/2024\/03\/OA-30-2324.jpg\"><img loading=\"lazy\" decoding=\"async\" class=\"aligncenter size-full wp-image-7471\" src=\"https:\/\/agora.xtec.cat\/ceip-lola-anglada-esplugues\/wp-content\/uploads\/usu1507\/2024\/03\/OA-30-2324.jpg\" alt=\"\" width=\"1197\" height=\"767\" srcset=\"https:\/\/agora.xtec.cat\/ceip-lola-anglada-esplugues\/wp-content\/uploads\/usu1507\/2024\/03\/OA-30-2324.jpg 1197w, https:\/\/agora.xtec.cat\/ceip-lola-anglada-esplugues\/wp-content\/uploads\/usu1507\/2024\/03\/OA-30-2324-300x192.jpg 300w, https:\/\/agora.xtec.cat\/ceip-lola-anglada-esplugues\/wp-content\/uploads\/usu1507\/2024\/03\/OA-30-2324-1024x656.jpg 1024w, https:\/\/agora.xtec.cat\/ceip-lola-anglada-esplugues\/wp-content\/uploads\/usu1507\/2024\/03\/OA-30-2324-768x492.jpg 768w\" sizes=\"auto, (max-width: 1197px) 100vw, 1197px\" \/><\/a>15\u00aa Entrega\u00a0 \u00a0 \u00a0OCELL AMAGAT n\u00ba 30:\u00a0 AGR\u00d3 BLANC<\/span><\/span><\/span><\/span><\/strong><\/span><\/span><\/h6>\n<h6 style=\"text-align: center;\"><span style=\"font-size: 14pt; color: #333399;\"><strong>\u00a0<\/strong><strong>Per\u00edode per respondre: de dijous 7 de mar\u00e7 a dimecres 13 de mar\u00e7<\/strong><\/span><\/h6>\n<p><span style=\"font-weight: 400;\">L&#8217;<\/span><b>agr\u00f3 blanc<\/b><span style=\"font-weight: 400;\">, (<\/span><i><span style=\"font-weight: 400;\">Ardea alba<\/span><\/i><span style=\"font-weight: 400;\">) \u00e9s un ocell de la fam\u00edlia dels ard\u00e8ids.<\/span><\/p>\n<p><span style=\"font-weight: 400;\">Fa fins a 90 cm d&#8217;alt i l&#8217;envergadura de les ales arriba fins a 1,90 metres. La longitud del bec \u00e9s una mica variable. El plomatge \u00e9s sempre blanc. En els mascles, en l&#8217;\u00e8poca d&#8217;aparellament la meitat superior del bec \u00e9s negra i la inferior de color groc i a l&#8217;hivern i en els exemplars joves \u00e9s totalment groc. Amb plomatge nupcial llueixen al dors unes fines plomes ornamentals que sobresurten una mica de la cua. La pell del voltant dels ulls \u00e9s d&#8217;un color verd grog\u00f3s i l&#8217;iris dels ulls \u00e9s de color groc sofre. Les potes s\u00f3n negres i els dits d&#8217;un color verd\u00f3s tirant a negre.<\/span><\/p>\n<p><span style=\"font-weight: 400;\">L&#8217;agr\u00f3 blanc s&#8217;instal\u00b7la en zones aqu\u00e0tiques redejades de canyissars, riques en peixos i amb escassa vegetaci\u00f3 arb\u00f2ria i aig\u00fces tranquil\u00b7les.<\/span><\/p>\n<p><span style=\"font-weight: 400;\">S&#8217;alimenta de peixos, insectes aqu\u00e0tics, ratolins, musaranyes i pollets que busca preferentment en aig\u00fces poc profundes de llacs i llacunes, camps inundats d&#8217;arr\u00f2s i aiguamolls. Durant l&#8217;\u00e8poca de cria poden allunyar-se fins a un radi de 15 km del niu per a buscar l&#8217;aliment i en zones on la fauna terrestre \u00e9s molt abundant, poden romandre fins i tot lluny de l&#8217;aigua. Els peixos els pesca des de la vora de l&#8217;aigua i pot arribar a pescar preses de mida prou gran com per a ser incapa\u00e7 d&#8217;engolir-los.<\/span><\/p>\n<p style=\"text-align: right;\"><span style=\"font-weight: 400;\">Viquip\u00e8dia<br \/>\n<\/span><span style=\"font-weight: 400;\">Fitxa SIOC (Servei d\u2019informaci\u00f3 ornitol\u00f2gica de Catalunya<br \/>\n<\/span><span style=\"font-weight: 400;\">Per veure la fitxa completa, clica aquest enlla\u00e7:<\/span><a href=\"https:\/\/www.sioc.cat\/fitxa\/EGRALB\"><span style=\"font-weight: 400;\"> AGR\u00d3 BLANC<\/span><\/a><br \/>\n<span style=\"font-weight: 400;\">Podr\u00e0s sentir el seu cant o reclam<\/span><\/p>\n<p>&nbsp;<\/p>\n<h6 style=\"text-align: center;\"><span style=\"font-size: 18pt; color: #333399;\"><span style=\"font-size: 24pt;\"><strong><span style=\"font-size: 8pt;\"><span style=\"font-size: 18pt;\"><span style=\"font-size: 12pt;\"><span style=\"font-size: 14pt;\"><a href=\"https:\/\/agora.xtec.cat\/ceip-lola-anglada-esplugues\/wp-content\/uploads\/usu1507\/2024\/03\/OA-29-2324.jpg\"><img loading=\"lazy\" decoding=\"async\" class=\"aligncenter size-full wp-image-7470\" src=\"https:\/\/agora.xtec.cat\/ceip-lola-anglada-esplugues\/wp-content\/uploads\/usu1507\/2024\/03\/OA-29-2324.jpg\" alt=\"\" width=\"1169\" height=\"783\" srcset=\"https:\/\/agora.xtec.cat\/ceip-lola-anglada-esplugues\/wp-content\/uploads\/usu1507\/2024\/03\/OA-29-2324.jpg 1169w, https:\/\/agora.xtec.cat\/ceip-lola-anglada-esplugues\/wp-content\/uploads\/usu1507\/2024\/03\/OA-29-2324-300x201.jpg 300w, https:\/\/agora.xtec.cat\/ceip-lola-anglada-esplugues\/wp-content\/uploads\/usu1507\/2024\/03\/OA-29-2324-1024x686.jpg 1024w, https:\/\/agora.xtec.cat\/ceip-lola-anglada-esplugues\/wp-content\/uploads\/usu1507\/2024\/03\/OA-29-2324-768x514.jpg 768w\" sizes=\"auto, (max-width: 1169px) 100vw, 1169px\" \/><\/a>15\u00aa Entrega\u00a0 \u00a0 \u00a0OCELL AMAGAT n\u00ba 29:\u00a0 CORRIOL ANELLAT GROS<\/span><\/span><\/span><\/span><\/strong><\/span><\/span><\/h6>\n<h6 style=\"text-align: center;\"><span style=\"font-size: 14pt; color: #333399;\"><strong>\u00a0<\/strong><strong>Per\u00edode per respondre: de dijous 7 de mar\u00e7 a dimecres 13 de mar\u00e7<\/strong><\/span><\/h6>\n<p><span style=\"font-weight: 400;\">El <\/span><b>corriol gros<\/b><span style=\"font-weight: 400;\"> o <\/span><b>picaplatges gros<\/b><span style=\"font-weight: 400;\"> i <\/span><b>passarius<\/b><span style=\"font-weight: 400;\"> a les Balears (<\/span><i><span style=\"font-weight: 400;\">Charadrius hiaticula<\/span><\/i><span style=\"font-weight: 400;\">) \u00e9s una esp\u00e8cie d&#8217;ocell de l&#8217;ordre dels caradriformes m\u00e9s gros que el corriol petit, molt actiu i de vol r\u00e0pid.<\/span><\/p>\n<ul>\n<li style=\"font-weight: 400;\" aria-level=\"1\"><span style=\"font-weight: 400;\">Fa 19 cm de llarg\u00e0ria i 35-41 cm d&#8217;envergadura alar.<\/span><\/li>\n<li style=\"font-weight: 400;\" aria-level=\"1\"><span style=\"font-weight: 400;\">Pes 54 -75 grams.<\/span><\/li>\n<li style=\"font-weight: 400;\" aria-level=\"1\"><span style=\"font-weight: 400;\">T\u00e9 de 5 &#8211; 10 anys de vida.<\/span><\/li>\n<li style=\"font-weight: 400;\" aria-level=\"1\"><span style=\"font-weight: 400;\">T\u00e9 el cap blanc i negre, amb una taca negra que comen\u00e7a al bec -que \u00e9s de color groc amb la punta negra- i segueix fins a darrere de l&#8217;ull.<\/span><\/li>\n<li style=\"font-weight: 400;\" aria-level=\"1\"><span style=\"font-weight: 400;\">T\u00e9 les potes de color groc.<\/span><\/li>\n<li style=\"font-weight: 400;\" aria-level=\"1\"><span style=\"font-weight: 400;\">Tamb\u00e9 es diferencia del corriol petit en la franja alar blanca que aquest no mostra en vol.<\/span><\/li>\n<li style=\"font-weight: 400;\" aria-level=\"1\"><span style=\"font-weight: 400;\">Li agrada volar en bandades.<\/span><\/li>\n<\/ul>\n<p><span style=\"font-weight: 400;\">Viu a tota la costa atl\u00e0ntica, i part de la mediterr\u00e0nia, europea i de l&#8217;\u00c0frica del Nord. Cria a Eur\u00e0sia, Grenl\u00e0ndia, nord-est del Canad\u00e0 i la costa atl\u00e0ntica europea fins als Pa\u00efsos Baixos i les Illes Brit\u00e0niques. Hiverna a la pen\u00ednsula Ib\u00e8rica (sobretot a Andalusia i a la costa de la Mar Cant\u00e0brica). Tamb\u00e9 n&#8217;hi ha a les Can\u00e0ries.<\/span><span style=\"font-weight: 400;\"><br \/>\n<\/span><span style=\"font-weight: 400;\">Al Principat de Catalunya i a les Balears nom\u00e9s el veiem a vegades, a la costa, en migraci\u00f3. Se&#8217;n poden trobar alguns que hivernen a les platges, maresmes o llocs semblants del Delta de l&#8217;Ebre i, molt de tant en tant, en marges de rius.<\/span><\/p>\n<p style=\"text-align: right;\"><span style=\"font-size: 10pt;\"><span style=\"font-weight: 400;\">Viquip\u00e8dia<br \/>\n<\/span><span style=\"font-weight: 400;\">Fitxa SIOC (Servei d\u2019informaci\u00f3 ornitol\u00f2gica de Catalunya<br \/>\n<\/span><span style=\"font-weight: 400;\">Per veure la fitxa completa, clica aquest enlla\u00e7: <\/span><a href=\"https:\/\/www.sioc.cat\/fitxa\/CHAHIA\"><span style=\"font-weight: 400;\">CORRIOL ANELLAT GROS<\/span><\/a><\/span><br \/>\n<span style=\"font-weight: 400; font-size: 10pt;\">Podr\u00e0s sentir el seu cant o reclam<\/span><\/p>\n<h6 style=\"text-align: center;\"><span style=\"font-size: 14pt; color: #333399;\"><strong>\u00a0<\/strong><\/span><\/h6>\n<p>&nbsp;<\/p>\n<h6 style=\"text-align: center;\"><span style=\"font-size: 18pt; color: #333399;\"><span style=\"font-size: 24pt;\"><strong><span style=\"font-size: 8pt;\"><span style=\"font-size: 18pt;\"><span style=\"font-size: 12pt;\"><span style=\"font-size: 14pt;\"><a href=\"https:\/\/agora.xtec.cat\/ceip-lola-anglada-esplugues\/wp-content\/uploads\/usu1507\/2024\/02\/OA-28-2324.jpg\"><img loading=\"lazy\" decoding=\"async\" class=\"aligncenter size-full wp-image-7455\" src=\"https:\/\/agora.xtec.cat\/ceip-lola-anglada-esplugues\/wp-content\/uploads\/usu1507\/2024\/02\/OA-28-2324.jpg\" alt=\"\" width=\"1192\" height=\"774\" srcset=\"https:\/\/agora.xtec.cat\/ceip-lola-anglada-esplugues\/wp-content\/uploads\/usu1507\/2024\/02\/OA-28-2324.jpg 1192w, https:\/\/agora.xtec.cat\/ceip-lola-anglada-esplugues\/wp-content\/uploads\/usu1507\/2024\/02\/OA-28-2324-300x195.jpg 300w, https:\/\/agora.xtec.cat\/ceip-lola-anglada-esplugues\/wp-content\/uploads\/usu1507\/2024\/02\/OA-28-2324-1024x665.jpg 1024w, https:\/\/agora.xtec.cat\/ceip-lola-anglada-esplugues\/wp-content\/uploads\/usu1507\/2024\/02\/OA-28-2324-768x499.jpg 768w\" sizes=\"auto, (max-width: 1192px) 100vw, 1192px\" \/><\/a>14\u00aa Entrega\u00a0 \u00a0 \u00a0OCELL AMAGAT n\u00ba 28:\u00a0\u00a0<\/span><\/span><\/span><\/span><\/strong><\/span><\/span><\/h6>\n<h6 style=\"text-align: center;\"><span style=\"font-size: 14pt; color: #333399;\"><strong>\u00a0<\/strong><strong>Per\u00edode per respondre: de dijous 29 de febrer a dimecres 6 de mar\u00e7<\/strong><\/span><\/h6>\n<p><span style=\"font-weight: 400;\">El <\/span><b>corb mar\u00ed emplomallat<\/b><span style=\"font-weight: 400;\">, <\/span><b>corb mar\u00ed<\/b><span style=\"font-weight: 400;\"> o <\/span><b>cagaire<\/b><span style=\"font-weight: 400;\"> a les Balears o <\/span><b>corba marina emplomallada<\/b><span style=\"font-weight: 400;\"> al Pa\u00eds Valenci\u00e0 (<\/span><i><span style=\"font-weight: 400;\">Phalacrocorax aristotelis<\/span><\/i><span style=\"font-weight: 400;\">) \u00e9s un ocell molt semblant al corb mar\u00ed gros per\u00f2 de mida m\u00e9s petita.\u00a0<\/span><\/p>\n<p><span style=\"font-weight: 400;\">Ateny els 68-78 cm de llarg\u00e0ria total i 95-110 cm d&#8217;envergadura alar. Pesa lleugerament per damunt dels 2 kg. \u00c9s negre i, en comparaci\u00f3 amb el corb mar\u00ed gros, m\u00e9s verd\u00f3s i sense les taques blanques a la cara. T\u00e9 el coll llarg i fi, el cap petit, la cua llarga i en forma de falca, les ales curtes i arrodonides.El bec t\u00e9 una tonalitat groga que en plomatge nupcial \u00e9s m\u00e9s visible i intens.\u00a0 Els exemplars joves triguen tres anys a completar el plomatge d&#8217;adult. En \u00e8poca de zel t\u00e9 un plomall verd damunt el cap. No presenta dimorfisme sexual.<\/span><\/p>\n<p style=\"text-align: right;\"><span style=\"font-size: 10pt;\"><span style=\"font-weight: 400;\">Viquip\u00e8dia<br \/>\n<\/span><span style=\"font-weight: 400;\">Fitxa SIOC (Servei d\u2019informaci\u00f3 ornitol\u00f2gica de Catalunya<br \/>\n<\/span><span style=\"font-weight: 400;\">Per veure la fitxa completa, clica aquest enlla\u00e7: <\/span><a href=\"https:\/\/www.sioc.cat\/fitxa\/PHAARI\"><span style=\"font-weight: 400;\">CORB MAR\u00cd EMPLOMALLAT<\/span><\/a><\/span><br \/>\n<span style=\"font-weight: 400; font-size: 10pt;\">Podr\u00e0s sentir el seu cant o reclam<\/span><\/p>\n<p>&nbsp;<\/p>\n<h6 style=\"text-align: center;\"><span style=\"font-size: 18pt; color: #333399;\"><span style=\"font-size: 24pt;\"><strong><span style=\"font-size: 8pt;\"><span style=\"font-size: 18pt;\"><span style=\"font-size: 12pt;\"><span style=\"font-size: 14pt;\"><a href=\"https:\/\/agora.xtec.cat\/ceip-lola-anglada-esplugues\/wp-content\/uploads\/usu1507\/2024\/02\/OA-27-2324.jpg\"><img loading=\"lazy\" decoding=\"async\" class=\"aligncenter size-full wp-image-7454\" src=\"https:\/\/agora.xtec.cat\/ceip-lola-anglada-esplugues\/wp-content\/uploads\/usu1507\/2024\/02\/OA-27-2324.jpg\" alt=\"\" width=\"1170\" height=\"830\" srcset=\"https:\/\/agora.xtec.cat\/ceip-lola-anglada-esplugues\/wp-content\/uploads\/usu1507\/2024\/02\/OA-27-2324.jpg 1170w, https:\/\/agora.xtec.cat\/ceip-lola-anglada-esplugues\/wp-content\/uploads\/usu1507\/2024\/02\/OA-27-2324-300x213.jpg 300w, https:\/\/agora.xtec.cat\/ceip-lola-anglada-esplugues\/wp-content\/uploads\/usu1507\/2024\/02\/OA-27-2324-1024x726.jpg 1024w, https:\/\/agora.xtec.cat\/ceip-lola-anglada-esplugues\/wp-content\/uploads\/usu1507\/2024\/02\/OA-27-2324-768x545.jpg 768w\" sizes=\"auto, (max-width: 1170px) 100vw, 1170px\" \/><\/a>14\u00aa Entrega\u00a0 \u00a0 \u00a0OCELL AMAGAT n\u00ba 27:\u00a0 CORB MAR\u00cd GROS<\/span><\/span><\/span><\/span><\/strong><\/span><\/span><\/h6>\n<h6 style=\"text-align: center;\"><span style=\"font-size: 14pt; color: #333399;\"><strong>\u00a0<\/strong><strong>Per\u00edode per respondre: de dijous 29 de febrer a dimecres 6 de mar\u00e7<\/strong><\/span><\/h6>\n<p><span style=\"font-weight: 400;\">El <\/span><b>corb mar\u00ed gros<\/b><span style=\"font-weight: 400;\"> (<\/span><i><span style=\"font-weight: 400;\">Phalacrocorax carbo<\/span><\/i><span style=\"font-weight: 400;\">) \u00e9s una au de la fam\u00edlia dels corbs marins que s&#8217;observa amb relativa freq\u00fc\u00e8ncia a les zones humides i a la costa dels Pa\u00efsos Catalans, sovint mentre s&#8217;eixuga les ales en una postura caracter\u00edstica.<\/span><\/p>\n<ul>\n<li style=\"font-weight: 400;\" aria-level=\"1\"><span style=\"font-weight: 400;\">Mida gran (91 cm).<\/span><\/li>\n<li style=\"font-weight: 400;\" aria-level=\"1\"><span style=\"font-weight: 400;\">Plomatge negre tret dels laterals de la cara i sota el bec, on apareix un gran floc groc.<\/span><\/li>\n<li style=\"font-weight: 400;\" aria-level=\"1\"><span style=\"font-weight: 400;\">Els joves s\u00f3n m\u00e9s terrosos, amb parts inferiors clares.<\/span><\/li>\n<li style=\"font-weight: 400;\" aria-level=\"1\"><span style=\"font-weight: 400;\">Bec, sempre gris.<\/span><\/li>\n<\/ul>\n<p><span style=\"font-weight: 400;\">S&#8217;alimenta de peixos plans i espinosos que ingereix en abund\u00e0ncia.<\/span><\/p>\n<p><span style=\"font-weight: 400;\">A Catalunya es pot observar de setembre a abril a la pr\u00e0ctica totalitat de les zones humides, tant insulars com continentals. Malgrat haver estat constatada la seua reproducci\u00f3 a les Illes Medes, \u00e9s un hivernant regular al territori catal\u00e0.<\/span><\/p>\n<p style=\"text-align: right;\"><span style=\"font-size: 10pt;\"><span style=\"font-weight: 400;\">Viquip\u00e8dia<br \/>\n<\/span><span style=\"font-weight: 400;\">Fitxa SIOC (Servei d\u2019informaci\u00f3 ornitol\u00f2gica de Catalunya<br \/>\n<\/span><span style=\"font-weight: 400;\">Per veure la fitxa completa, clica aquest enlla\u00e7: <\/span><a href=\"https:\/\/www.sioc.cat\/fitxa\/PHACAR\"><span style=\"font-weight: 400;\">CORB MAR\u00cd GROS<\/span><\/a><\/span><br \/>\n<span style=\"font-weight: 400; font-size: 10pt;\">Podr\u00e0s sentir el seu cant o reclam<\/span><\/p>\n<p>&nbsp;<\/p>\n<h6 style=\"text-align: center;\"><span style=\"font-size: 18pt; color: #333399;\"><span style=\"font-size: 24pt;\"><strong><span style=\"font-size: 8pt;\"><span style=\"font-size: 18pt;\"><span style=\"font-size: 12pt;\"><span style=\"font-size: 14pt;\"><a href=\"https:\/\/agora.xtec.cat\/ceip-lola-anglada-esplugues\/wp-content\/uploads\/usu1507\/2024\/02\/OA-26-2324.jpg\"><img loading=\"lazy\" decoding=\"async\" class=\"aligncenter size-full wp-image-7436\" src=\"https:\/\/agora.xtec.cat\/ceip-lola-anglada-esplugues\/wp-content\/uploads\/usu1507\/2024\/02\/OA-26-2324.jpg\" alt=\"\" width=\"1197\" height=\"759\" srcset=\"https:\/\/agora.xtec.cat\/ceip-lola-anglada-esplugues\/wp-content\/uploads\/usu1507\/2024\/02\/OA-26-2324.jpg 1197w, https:\/\/agora.xtec.cat\/ceip-lola-anglada-esplugues\/wp-content\/uploads\/usu1507\/2024\/02\/OA-26-2324-300x190.jpg 300w, https:\/\/agora.xtec.cat\/ceip-lola-anglada-esplugues\/wp-content\/uploads\/usu1507\/2024\/02\/OA-26-2324-1024x649.jpg 1024w, https:\/\/agora.xtec.cat\/ceip-lola-anglada-esplugues\/wp-content\/uploads\/usu1507\/2024\/02\/OA-26-2324-768x487.jpg 768w\" sizes=\"auto, (max-width: 1197px) 100vw, 1197px\" \/><\/a>13\u00aa Entrega\u00a0 \u00a0 \u00a0OCELL AMAGAT n\u00ba 26:\u00a0\u00a0<\/span><\/span><\/span><\/span><\/strong><\/span><\/span><\/h6>\n<h6 style=\"text-align: center;\"><span style=\"font-size: 14pt; color: #333399;\"><strong>\u00a0<\/strong><strong>Per\u00edode per respondre: de dijous 22 de febrer a dimecres 28 de febrer<\/strong><\/span><\/h6>\n<p><span style=\"font-weight: 400;\">L&#8217;<\/span><b>\u00e0nec griset<\/b><span style=\"font-weight: 400;\"> (<\/span><i><span style=\"font-weight: 400;\">Mareca strepera<\/span><\/i><span style=\"font-weight: 400;\">), conegut de vegades com a <\/span><b><i>ascle<\/i><\/b><span style=\"font-weight: 400;\"> al Pa\u00eds Valenci\u00e0, \u00e9s un \u00e0nec de superf\u00edcie que als estanys catalans nom\u00e9s hiverna.<\/span><span style=\"font-weight: 400;\"><br \/>\n<\/span><span style=\"font-weight: 400;\">Fa 45 cm de llarg\u00e0ria i 78-90 d&#8217;envergadura alar.<\/span><span style=\"font-weight: 400;\"><br \/>\n<\/span><span style=\"font-weight: 400;\">Taca blanca a la part posterior de l&#8217;ala i que correspon al mirall (aquest s&#8217;observa b\u00e9 en vol i est\u00e0 format per l&#8217;esmentada taca flanquejada de negre i amb una franja terrosa rogenca a la part superior).<\/span><span style=\"font-weight: 400;\"><br \/>\n<\/span><span style=\"font-weight: 400;\">El mascle \u00e9s de color gris, amb el pit jaspiat de blanc i la part inferior de la cua de color negre.<\/span><span style=\"font-weight: 400;\"><br \/>\n<\/span><span style=\"font-weight: 400;\">La femella t\u00e9 el caracter\u00edstic plomatge cr\u00edptic i l&#8217;habitual taca alar blanca.<\/span><span style=\"font-weight: 400;\"><br \/>\n<\/span><span style=\"font-weight: 400;\">Les potes d&#8217;ambd\u00f3s sexes s\u00f3n de color groc ataronjat.<\/span><\/p>\n<p><span style=\"font-weight: 400;\">Nia a l&#8217;est europeu i a les Illes Brit\u00e0niques. Folren els nius amb fulles seques, plomes, joncs mar\u00edtims (<\/span><i><span style=\"font-weight: 400;\">Juncus maritimus<\/span><\/i><span style=\"font-weight: 400;\">), salic\u00f2rnia i altres materials. Pel maig ponen els 8 o 17 ous corresponents, que s\u00f3n covats \u00fanicament per la mare, i tamb\u00e9 nom\u00e9s la mare s&#8217;encarregar\u00e0 d&#8217;alimentar els pollets, que volaran al cap de set setmanes.<\/span><span style=\"font-weight: 400;\"><br \/>\n<\/span><span style=\"font-weight: 400;\">\u00c9s un \u00e0nec poc en\u00e8rgic, que es confon entre els estols d&#8217;altres esp\u00e8cies (sovint, entre els \u00e0necs collverds). Necessita quantitats d&#8217;aigua que continguin prats submergits per a poder alimentar-s&#8217;hi (nom\u00e9s li serveixen les aig\u00fces que tenen un m\u00e0xim de 20-40 cm de fond\u00e0ria, perqu\u00e8, sent un \u00e0nec de superf\u00edcie, tota la vegetaci\u00f3 que es trobi a m\u00e9s profunditat, quedar\u00e0 fora del seu abast)<\/span><span style=\"font-weight: 400;\"><br \/>\n<\/span><span style=\"font-weight: 400;\">Arriba pel setembre i torna a migrar al febrer, si b\u00e9 en algunes zones resten individus que aconseguiran reproduir-se (aix\u00f2 ha passat al delta del Llobregat i a la llacuna del Fondo, mentre que el delta de l&#8217;Ebre, amb unes 200 parelles, ocupa el primer lloc amb difer\u00e8ncia).<\/span><\/p>\n<p style=\"text-align: right;\"><span style=\"font-size: 10pt;\"><span style=\"font-weight: 400;\">Viquip\u00e8dia<br \/>\n<\/span><span style=\"font-weight: 400;\">Fitxa SIOC (Servei d\u2019informaci\u00f3 ornitol\u00f2gica de Catalunya<br \/>\n<\/span><span style=\"font-weight: 400;\">Per veure la fitxa completa, clica aquest enlla\u00e7: <\/span><a href=\"https:\/\/www.sioc.cat\/fitxa\/ANASTR\"><span style=\"font-weight: 400;\">\u00c0NEC GRISET<\/span><\/a><span style=\"font-weight: 400;\"><br \/>\n<\/span><span style=\"font-weight: 400;\">Podr\u00e0s sentir el seu cant o reclam<\/span><\/span><\/p>\n<p>&nbsp;<\/p>\n<h6 style=\"text-align: center;\"><span style=\"font-size: 18pt; color: #333399;\"><span style=\"font-size: 24pt;\"><strong><span style=\"font-size: 8pt;\"><span style=\"font-size: 18pt;\"><span style=\"font-size: 12pt;\"><span style=\"font-size: 14pt;\"><a href=\"https:\/\/agora.xtec.cat\/ceip-lola-anglada-esplugues\/wp-content\/uploads\/usu1507\/2024\/02\/OA-25-2324.jpg\"><img loading=\"lazy\" decoding=\"async\" class=\"aligncenter size-full wp-image-7435\" src=\"https:\/\/agora.xtec.cat\/ceip-lola-anglada-esplugues\/wp-content\/uploads\/usu1507\/2024\/02\/OA-25-2324.jpg\" alt=\"\" width=\"1193\" height=\"749\" srcset=\"https:\/\/agora.xtec.cat\/ceip-lola-anglada-esplugues\/wp-content\/uploads\/usu1507\/2024\/02\/OA-25-2324.jpg 1193w, https:\/\/agora.xtec.cat\/ceip-lola-anglada-esplugues\/wp-content\/uploads\/usu1507\/2024\/02\/OA-25-2324-300x188.jpg 300w, https:\/\/agora.xtec.cat\/ceip-lola-anglada-esplugues\/wp-content\/uploads\/usu1507\/2024\/02\/OA-25-2324-1024x643.jpg 1024w, https:\/\/agora.xtec.cat\/ceip-lola-anglada-esplugues\/wp-content\/uploads\/usu1507\/2024\/02\/OA-25-2324-768x482.jpg 768w\" sizes=\"auto, (max-width: 1193px) 100vw, 1193px\" \/><\/a>13\u00aa Entrega\u00a0 \u00a0 \u00a0OCELL AMAGAT n\u00ba 25:\u00a0\u00a0<\/span><\/span><\/span><\/span><\/strong><\/span><\/span><\/h6>\n<h6 style=\"text-align: center;\"><span style=\"font-size: 14pt; color: #333399;\"><strong>\u00a0<\/strong><strong>Per\u00edode per respondre: de dijous 22 de febrer a dimecres 28 de febrer<\/strong><\/span><\/h6>\n<p><span style=\"font-weight: 400;\">El corriol anellat petit, corriolet, corriol petit, picaplatges petit o tiroril\u00b7lo menut i passarius a les Balears \u00e9s un ocell migrant i estival als Pa\u00efsos Catalans, on \u00e9s t\u00edpic de les riberes nues i platges de c\u00f2dols i bancs de sorra propers als rius.<\/span><\/p>\n<p><span style=\"font-weight: 400;\">Presenta un clar disseny sense marques patents a les ales. A la cua t\u00e9 una banda central fosca i marges blancs, tret ben visible en vol. Coloraci\u00f3 bruna terrosa pel damunt i blanc pur pel dessota, mostra molt clarament la banda pectoral fosca i el collaret blanc. El cap t\u00e9 una careta negra que contrasta b\u00e9 els anells oculars grocs (nom\u00e9s visibles de prop o a la m\u00e0) i una barra negra al front que uneix la part davantera dels ulls, deixant una taca caracter\u00edstica blanca just per sobre dels narius. Cames rosa p\u00e0l\u00b7lid o de color carn que el diferencien d&#8217;altres corriols, que les tenen grogues o negres. No presenta dimorfisme sexual.<\/span><span style=\"font-weight: 400;\"><br \/>\n<\/span><span style=\"font-weight: 400;\">S&#8217;alimenta d&#8217;invertebrats aqu\u00e0tics i del llot (ar\u00e0cnids, mol\u00b7luscs, insectes i llurs larves).<\/span><span style=\"font-weight: 400;\"><br \/>\n<\/span><span style=\"font-weight: 400;\">Es comen\u00e7a a observar pel mar\u00e7, i per l&#8217;abril ja es veuen instal\u00b7lats en petites col\u00f2nies, sempre properes al curs d&#8217;algun riu o bassa, formades per no gaires parelles.<\/span><span style=\"font-weight: 400;\"><br \/>\n<\/span><span style=\"font-weight: 400;\">\u00c9s molt conegut per les estratagemes que empra per a no donar a con\u00e8ixer l&#8217;empla\u00e7ament del niu o dels pollets, com la de fingir-se ferit i caminar bo i arrossegant l&#8217;ala davant l&#8217;observador, al qual enganya f\u00e0cilment si no est\u00e0 advertit.<\/span><\/p>\n<p style=\"text-align: right;\"><span style=\"font-size: 10pt;\"><span style=\"font-weight: 400;\">Viquip\u00e8dia<br \/>\n<\/span><span style=\"font-weight: 400;\">Fitxa SIOC (Servei d\u2019informaci\u00f3 ornitol\u00f2gica de Catalunya<br \/>\n<\/span><span style=\"font-weight: 400;\">Per veure la fitxa completa, clica aquest enlla\u00e7: <\/span><a href=\"http:\/\/www.sioc.cat\/fitxa.php?sci=0&amp;sp=CHADUB\"><span style=\"font-weight: 400;\">CORRIOL ANELLAT PETIT<\/span><\/a><span style=\"font-weight: 400;\"><br \/>\n<\/span><span style=\"font-weight: 400;\">Podr\u00e0s sentir el seu cant o reclam<\/span><\/span><\/p>\n<p>&nbsp;<\/p>\n<h6 style=\"text-align: center;\"><span style=\"font-size: 18pt; color: #333399;\"><span style=\"font-size: 24pt;\"><strong><span style=\"font-size: 8pt;\"><span style=\"font-size: 18pt;\"><span style=\"font-size: 12pt;\"><span style=\"font-size: 14pt;\"><a href=\"https:\/\/agora.xtec.cat\/ceip-lola-anglada-esplugues\/wp-content\/uploads\/usu1507\/2024\/02\/OA-24-2324.jpg\"><img loading=\"lazy\" decoding=\"async\" class=\"aligncenter size-full wp-image-7411\" src=\"https:\/\/agora.xtec.cat\/ceip-lola-anglada-esplugues\/wp-content\/uploads\/usu1507\/2024\/02\/OA-24-2324.jpg\" alt=\"\" width=\"1180\" height=\"842\" srcset=\"https:\/\/agora.xtec.cat\/ceip-lola-anglada-esplugues\/wp-content\/uploads\/usu1507\/2024\/02\/OA-24-2324.jpg 1180w, https:\/\/agora.xtec.cat\/ceip-lola-anglada-esplugues\/wp-content\/uploads\/usu1507\/2024\/02\/OA-24-2324-300x214.jpg 300w, https:\/\/agora.xtec.cat\/ceip-lola-anglada-esplugues\/wp-content\/uploads\/usu1507\/2024\/02\/OA-24-2324-1024x731.jpg 1024w, https:\/\/agora.xtec.cat\/ceip-lola-anglada-esplugues\/wp-content\/uploads\/usu1507\/2024\/02\/OA-24-2324-768x548.jpg 768w\" sizes=\"auto, (max-width: 1180px) 100vw, 1180px\" \/><\/a>12\u00aa Entrega\u00a0 \u00a0 \u00a0OCELL AMAGAT n\u00ba 24:\u00a0 BECPLANER<\/span><\/span><\/span><\/span><\/strong><\/span><\/span><\/h6>\n<h6 style=\"text-align: center;\"><span style=\"font-size: 14pt; color: #333399;\"><strong>\u00a0<\/strong><strong>Per\u00edode per respondre: de dijous 15 de febrer a dimecres 21 de febrer<\/strong><\/span><\/h6>\n<p><span style=\"font-weight: 400;\">El becplaner \u00e9s una esp\u00e8cie d&#8217;ocell de la fam\u00edlia Threskiornithidae, \u00e0mpliament distribu\u00efda per Eur\u00e0sia. \u00c9s un ocell gran, ja que fa entre 80 i 93 cent\u00edmetres de llarg i t\u00e9 una envergadura alar d&#8217;entre 120 i 135 cent\u00edmetres.<\/span><\/p>\n<p><span style=\"font-weight: 400;\">El plomatge \u00e9s blanc del tot, encara que els individus joves tenen plomes negres a la punta de les ales. Sobre el cap tenen una cresta que de vegades passa inadvertida. El bec \u00e9s llarg, pla i de punta ampla, de color rosaci en els joves i negre en els adults, amb una taca groga a la punta. Les potes s\u00f3n negres i es veuen en vol esteses cap enrere.<\/span><\/p>\n<p><span style=\"font-weight: 400;\">Habita en zones de pantans, llacs d&#8217;aig\u00fces poc profundes i salines. T\u00e9 una \u00e0mplia distribuci\u00f3: des de la Pen\u00ednsula Ib\u00e8rica fins al Jap\u00f3, passant per l&#8217;\u00c0frica. \u00c9s una au migradora, que passa els hiverns a l&#8217;\u00c0frica. A Europa, es troba sobretot a la zona dels Balcans, It\u00e0lia i l&#8217;est de la Mediterr\u00e0nia en general. Un gran nombre d&#8217;aquestes aus passen l&#8217;hivern en els estuaris dels rius Souss i Massa, al Marroc.<\/span><span style=\"font-weight: 400;\"><br \/>\n<\/span><span style=\"font-weight: 400;\">A l&#8217;estat espanyol, \u00e9s estrany veure-la i nom\u00e9s hi ha una poblaci\u00f3 resident tot l&#8217;any a Do\u00f1ana. Hiverna a riu Guadalhorce, el delta de l&#8217;Ebre i la ria d&#8217;Arousa.<\/span><\/p>\n<p style=\"text-align: right;\"><span style=\"font-size: 10pt;\"><span style=\"font-weight: 400;\">Viquip\u00e8dia<br \/>\n<\/span><span style=\"font-weight: 400;\">Fitxa SIOC (Servei d\u2019informaci\u00f3 ornitol\u00f2gica de Catalunya<br \/>\n<\/span><span style=\"font-weight: 400;\">Per veure la fitxa completa, clica aquest enlla\u00e7: <\/span><a href=\"http:\/\/www.sioc.cat\/fitxa.php?sci=0&amp;sp=PLALEU\"><span style=\"font-weight: 400;\">BECPLANER<\/span><\/a><span style=\"font-weight: 400;\"><br \/>\n<\/span><span style=\"font-weight: 400;\">Podr\u00e0s sentir el seu cant o reclam<\/span><\/span><\/p>\n<p>&nbsp;<\/p>\n<h6 style=\"text-align: center;\"><span style=\"font-size: 18pt; color: #333399;\"><span style=\"font-size: 24pt;\"><strong><span style=\"font-size: 8pt;\"><span style=\"font-size: 18pt;\"><span style=\"font-size: 12pt;\"><span style=\"font-size: 14pt;\"><a href=\"https:\/\/agora.xtec.cat\/ceip-lola-anglada-esplugues\/wp-content\/uploads\/usu1507\/2024\/02\/OA-23-2324.jpg\"><img loading=\"lazy\" decoding=\"async\" class=\"aligncenter size-full wp-image-7410\" src=\"https:\/\/agora.xtec.cat\/ceip-lola-anglada-esplugues\/wp-content\/uploads\/usu1507\/2024\/02\/OA-23-2324.jpg\" alt=\"\" width=\"1197\" height=\"764\" srcset=\"https:\/\/agora.xtec.cat\/ceip-lola-anglada-esplugues\/wp-content\/uploads\/usu1507\/2024\/02\/OA-23-2324.jpg 1197w, https:\/\/agora.xtec.cat\/ceip-lola-anglada-esplugues\/wp-content\/uploads\/usu1507\/2024\/02\/OA-23-2324-300x191.jpg 300w, https:\/\/agora.xtec.cat\/ceip-lola-anglada-esplugues\/wp-content\/uploads\/usu1507\/2024\/02\/OA-23-2324-1024x654.jpg 1024w, https:\/\/agora.xtec.cat\/ceip-lola-anglada-esplugues\/wp-content\/uploads\/usu1507\/2024\/02\/OA-23-2324-768x490.jpg 768w\" sizes=\"auto, (max-width: 1197px) 100vw, 1197px\" \/><\/a>12\u00aa Entrega\u00a0 \u00a0 \u00a0OCELL AMAGAT n\u00ba 23:\u00a0 \u00c0NEC CULLEROT<\/span><\/span><\/span><\/span><\/strong><\/span><\/span><\/h6>\n<h6 style=\"text-align: center;\"><span style=\"font-size: 14pt; color: #333399;\"><strong>\u00a0<\/strong><strong>Per\u00edode per respondre: de dijous 15 de febrer a dimecres 21 de febrer<\/strong><\/span><\/h6>\n<p><span style=\"font-weight: 400;\">L&#8217;\u00e0nec paleter, \u00e0nec cullerot, cullerot, cullerer, cullerassa, cuer o coer i bec d&#8217;esp\u00e0tula (<\/span><i><span style=\"font-weight: 400;\">Anas clypeata<\/span><\/i><span style=\"font-weight: 400;\">) \u00e9s un \u00e0nec de superf\u00edcie que es distingeix pel gran bec eixamplat a l&#8217;extrem en forma de cullera.<\/span><\/p>\n<p><span style=\"font-weight: 400;\">Fa 51 cm de llarg\u00e0ria i pesa entre 460 i 850 g. El mascle t\u00e9 el cap verd brillant, el pit blanc, el bec negre i l&#8217;abdomen castany. La femella es distingeix per tindre dues plomes blavoses a les ales. Bec ample i desmesurat, amb laminetes molt desenvolupades que fa servir com a sed\u00e0s per a retenir la mat\u00e8ria animal i vegetal. El mirall \u00e9s verd flanquejat de blanc i la part mitjana anterior de les ales ostenta un bonic color blau cel.<\/span><span style=\"font-weight: 400;\"><br \/>\n<\/span><span style=\"font-weight: 400;\">Nia als pa\u00efsos n\u00f2rdics i hiverna al sud, i arriba a l&#8217;\u00c0frica. Hom el troba a l&#8217;hivern tamb\u00e9 als Pa\u00efsos Catalans (aiguamolls de l&#8217;Empord\u00e0, delta del Llobregat, Albufera de Val\u00e8ncia, El Fondo, la llacuna d&#8217;Almenara i el delta de l&#8217;Ebre).<\/span><span style=\"font-weight: 400;\"><br \/>\n<\/span><span style=\"font-weight: 400;\">Sol arribar als Pa\u00efsos Catalans el mes d&#8217;agost i l&#8217;increment d&#8217;exemplars continua fins al novembre, i se&#8217;n va a partir de mitjan gener.<\/span><\/p>\n<p style=\"text-align: right;\"><span style=\"font-size: 10pt;\"><span style=\"font-weight: 400;\">Viquip\u00e8dia<br \/>\n<\/span><span style=\"font-weight: 400;\">Fitxa SIOC (Servei d\u2019informaci\u00f3 ornitol\u00f2gica de Catalunya<br \/>\n<\/span><span style=\"font-weight: 400;\">Per veure la fitxa completa, clica aquest enlla\u00e7: <\/span><a href=\"http:\/\/www.sioc.cat\/fitxa.php?sci=0&amp;sp=ANACLY\"><span style=\"font-weight: 400;\">\u00c0NEC CULLEROT<\/span><\/a><span style=\"font-weight: 400;\"><br \/>\n<\/span><span style=\"font-weight: 400;\">Podr\u00e0s sentir el seu cant o reclam<\/span><\/span><\/p>\n<p>&nbsp;<\/p>\n<h6 style=\"text-align: center;\"><span style=\"font-size: 18pt; color: #333399;\"><span style=\"font-size: 24pt;\"><strong><span style=\"font-size: 8pt;\"><span style=\"font-size: 18pt;\"><span style=\"font-size: 12pt;\"><span style=\"font-size: 14pt;\"><a href=\"https:\/\/agora.xtec.cat\/ceip-lola-anglada-esplugues\/wp-content\/uploads\/usu1507\/2024\/01\/OA-22-2324.jpg\"><img loading=\"lazy\" decoding=\"async\" class=\"aligncenter size-full wp-image-7387\" src=\"https:\/\/agora.xtec.cat\/ceip-lola-anglada-esplugues\/wp-content\/uploads\/usu1507\/2024\/01\/OA-22-2324.jpg\" alt=\"\" width=\"1193\" height=\"751\" srcset=\"https:\/\/agora.xtec.cat\/ceip-lola-anglada-esplugues\/wp-content\/uploads\/usu1507\/2024\/01\/OA-22-2324.jpg 1193w, https:\/\/agora.xtec.cat\/ceip-lola-anglada-esplugues\/wp-content\/uploads\/usu1507\/2024\/01\/OA-22-2324-300x189.jpg 300w, https:\/\/agora.xtec.cat\/ceip-lola-anglada-esplugues\/wp-content\/uploads\/usu1507\/2024\/01\/OA-22-2324-1024x645.jpg 1024w, https:\/\/agora.xtec.cat\/ceip-lola-anglada-esplugues\/wp-content\/uploads\/usu1507\/2024\/01\/OA-22-2324-768x483.jpg 768w\" sizes=\"auto, (max-width: 1193px) 100vw, 1193px\" \/><\/a>11\u00aa Entrega\u00a0 \u00a0 \u00a0OCELL AMAGAT n\u00ba 22:\u00a0\u00a0<\/span><\/span><\/span><\/span><\/strong><\/span><\/span><\/h6>\n<h6 style=\"text-align: center;\"><span style=\"font-size: 14pt; color: #333399;\"><strong>\u00a0<\/strong><strong>Per\u00edode per respondre: de dijous 1 de febrer a dimecres 14 de febrer<\/strong><\/span><\/h6>\n<p><span style=\"font-weight: 400;\">El cabuss\u00f3 emplomallat o cabrellot o soter\u00ed gros o cabussell \u00e9s una esp\u00e8cie d&#8217;ocell de l&#8217;ordre dels podicipediformes corrent als Pa\u00efsos Catalans. Nom vernacle al Delta del Llobregat: cabussaire gran. Conegut al Baix Ebre com a cabrella.<\/span><span style=\"font-weight: 400;\"><br \/>\n<\/span><span style=\"font-weight: 400;\">Fa 46-51 cm de llarg\u00e0ria i 59-73 d&#8217;envergadura alar.<\/span><span style=\"font-weight: 400;\"><br \/>\n<\/span><span style=\"font-weight: 400;\">T\u00e9 el coll llarg i blanc i, a l&#8217;estiu, t\u00e9 al costat del cap blanc i vermell, dues tofes de plomes groguenques o fosques en forma de banyes, les quals desapareixen a l&#8217;hivern.<\/span><span style=\"font-weight: 400;\"><br \/>\n<\/span><span style=\"font-weight: 400;\">El dors \u00e9s de color bru, i el ventre, blanc.<\/span><span style=\"font-weight: 400;\"><br \/>\n<\/span><span style=\"font-weight: 400;\">No tenen dimorfisme sexual.<\/span><span style=\"font-weight: 400;\"><br \/>\n<\/span><span style=\"font-weight: 400;\">Els exemplars immadurs tenen el cap ratllat de negre i blanc (recorda el disseny de la zebra) que els fa fortament cr\u00edptics.<\/span><\/p>\n<p><span style=\"font-weight: 400;\">Nia en gaireb\u00e9 tot Europa. Construeix una plataforma flotant en aig\u00fces de fins a 40 cm de fond\u00e0ria, envoltades de cany\u00eds, on pon de 3 a 6 ous de color blanc o terr\u00f3s, a l&#8217;abril-juliol, que coven, mascle i femella, durant 28-30 dies. Quan els progenitors abandonen el niu cobreixen els ous amb algues i d&#8217;altres vegetals (aquesta activitat acompleix una doble funci\u00f3: per un costat, impedeix el refredament dels ous i, per l&#8217;altre, els camufla i els fa passar desapercebuts davant els possibles depredadors). Els pollets comencen a capbussar-se a les 6 setmanes i \u00e9s molt freq\u00fcent que algun dels dos adults transporti durant un per\u00edode m\u00e9s o menys llarg les cries sobre el dors.<\/span><\/p>\n<p style=\"text-align: right;\"><span style=\"font-size: 10pt;\"><span style=\"font-weight: 400;\">Viquip\u00e8dia<br \/>\n<\/span><span style=\"font-weight: 400;\">Fitxa SIOC (Servei d\u2019informaci\u00f3 ornitol\u00f2gica de Catalunya<br \/>\n<\/span><span style=\"font-weight: 400;\">Per veure la fitxa completa, clica aquest enlla\u00e7: <\/span><a href=\"http:\/\/www.sioc.cat\/fitxa.php?sci=0&amp;sp=PODCRI\"><span style=\"font-weight: 400;\">CABUSS\u00d3 EMPLOMALLAT<\/span><\/a><span style=\"font-weight: 400;\"><br \/>\n<\/span><span style=\"font-weight: 400;\">Podr\u00e0s sentir el seu cant o reclam<\/span><\/span><\/p>\n<p>&nbsp;<\/p>\n<h6 style=\"text-align: center;\"><span style=\"font-size: 18pt; color: #333399;\"><span style=\"font-size: 24pt;\"><strong><span style=\"font-size: 8pt;\"><span style=\"font-size: 18pt;\"><span style=\"font-size: 12pt;\"><span style=\"font-size: 14pt;\"><a href=\"https:\/\/agora.xtec.cat\/ceip-lola-anglada-esplugues\/wp-content\/uploads\/usu1507\/2024\/01\/OA-21-2324.jpg\"><img loading=\"lazy\" decoding=\"async\" class=\"aligncenter size-full wp-image-7386\" src=\"https:\/\/agora.xtec.cat\/ceip-lola-anglada-esplugues\/wp-content\/uploads\/usu1507\/2024\/01\/OA-21-2324.jpg\" alt=\"\" width=\"1199\" height=\"771\" srcset=\"https:\/\/agora.xtec.cat\/ceip-lola-anglada-esplugues\/wp-content\/uploads\/usu1507\/2024\/01\/OA-21-2324.jpg 1199w, https:\/\/agora.xtec.cat\/ceip-lola-anglada-esplugues\/wp-content\/uploads\/usu1507\/2024\/01\/OA-21-2324-300x193.jpg 300w, https:\/\/agora.xtec.cat\/ceip-lola-anglada-esplugues\/wp-content\/uploads\/usu1507\/2024\/01\/OA-21-2324-1024x658.jpg 1024w, https:\/\/agora.xtec.cat\/ceip-lola-anglada-esplugues\/wp-content\/uploads\/usu1507\/2024\/01\/OA-21-2324-768x494.jpg 768w\" sizes=\"auto, (max-width: 1199px) 100vw, 1199px\" \/><\/a>11\u00aa Entrega\u00a0 \u00a0 \u00a0OCELL AMAGAT n\u00ba 21:\u00a0\u00a0<\/span><\/span><\/span><\/span><\/strong><\/span><\/span><\/h6>\n<h6 style=\"text-align: center;\"><span style=\"font-size: 14pt; color: #333399;\"><strong>\u00a0<\/strong><strong>Per\u00edode per respondre: de dijous 1 de febrer a dimecres 14 de febrer<\/strong><\/span><\/h6>\n<p><span style=\"font-weight: 400;\">El becadell com\u00fa \u00e9s una esp\u00e8cie d&#8217;ocell de l&#8217;ordre dels caradriformes que, als Pa\u00efsos Catalans, \u00e9s abundant en migraci\u00f3 i durant l&#8217;hivern.<\/span><span style=\"font-weight: 400;\"><br \/>\n<\/span><span style=\"font-weight: 400;\">Fa 25 cm de llarg\u00e0ria total i 39-45 cm d&#8217;envergadura alar.<\/span><span style=\"font-weight: 400;\"><br \/>\n<\/span><span style=\"font-weight: 400;\">Cos rodanx\u00f3 i postura acotada.<\/span><span style=\"font-weight: 400;\"><br \/>\n<\/span><span style=\"font-weight: 400;\">La femella pesa al voltant de 115 g i el mascle 130.<\/span><span style=\"font-weight: 400;\"><br \/>\n<\/span><span style=\"font-weight: 400;\">T\u00e9 el dors d&#8217;un color vermell negr\u00f3s densament llistat amb bandes ocr\u00e0cies i que el fa dissimular entremig de les herbes seques i del fang dels aiguamolls.<\/span><span style=\"font-weight: 400;\"><br \/>\n<\/span><span style=\"font-weight: 400;\">Al cap s\u00f3n molt visibles una s\u00e8rie de ratlles negres.<\/span><span style=\"font-weight: 400;\"><br \/>\n<\/span><span style=\"font-weight: 400;\">Ventre blanc.<\/span><span style=\"font-weight: 400;\"><br \/>\n<\/span><span style=\"font-weight: 400;\">Bec molt llarg (el dels mascles fa 60-70 mm i el de les femelles 64-73), prim i recte.<\/span><span style=\"font-weight: 400;\"><br \/>\n<\/span><span style=\"font-weight: 400;\">Ales punxegudes.<\/span><span style=\"font-weight: 400;\"><br \/>\n<\/span><span style=\"font-weight: 400;\">Potes curtes.<\/span><\/p>\n<p style=\"text-align: right;\"><span style=\"font-size: 10pt;\"><span style=\"font-weight: 400;\">Viquip\u00e8dia<br \/>\n<\/span><span style=\"font-weight: 400;\">Fitxa SIOC (Servei d\u2019informaci\u00f3 ornitol\u00f2gica de Catalunya<br \/>\n<\/span><span style=\"font-weight: 400;\">Per veure la fitxa completa, clica aquest enlla\u00e7: <\/span><a href=\"http:\/\/www.sioc.cat\/fitxa.php?sci=0&amp;sp=GALGAL\"><span style=\"font-weight: 400;\">BECADELL COM\u00da <\/span><\/a><\/span><br \/>\n<span style=\"font-weight: 400; font-size: 10pt;\">Podr\u00e0s sentir el seu cant o reclam<\/span><\/p>\n<p>&nbsp;<\/p>\n<h6 style=\"text-align: center;\"><span style=\"font-size: 18pt; color: #333399;\"><span style=\"font-size: 24pt;\"><strong><span style=\"font-size: 8pt;\"><span style=\"font-size: 18pt;\"><span style=\"font-size: 12pt;\"><span style=\"font-size: 14pt;\"><a href=\"https:\/\/agora.xtec.cat\/ceip-lola-anglada-esplugues\/wp-content\/uploads\/usu1507\/2024\/01\/OA-20-2324.jpg\"><img loading=\"lazy\" decoding=\"async\" class=\"aligncenter size-full wp-image-7354\" src=\"https:\/\/agora.xtec.cat\/ceip-lola-anglada-esplugues\/wp-content\/uploads\/usu1507\/2024\/01\/OA-20-2324.jpg\" alt=\"\" width=\"1202\" height=\"748\" srcset=\"https:\/\/agora.xtec.cat\/ceip-lola-anglada-esplugues\/wp-content\/uploads\/usu1507\/2024\/01\/OA-20-2324.jpg 1202w, https:\/\/agora.xtec.cat\/ceip-lola-anglada-esplugues\/wp-content\/uploads\/usu1507\/2024\/01\/OA-20-2324-300x187.jpg 300w, https:\/\/agora.xtec.cat\/ceip-lola-anglada-esplugues\/wp-content\/uploads\/usu1507\/2024\/01\/OA-20-2324-1024x637.jpg 1024w, https:\/\/agora.xtec.cat\/ceip-lola-anglada-esplugues\/wp-content\/uploads\/usu1507\/2024\/01\/OA-20-2324-768x478.jpg 768w\" sizes=\"auto, (max-width: 1202px) 100vw, 1202px\" \/><\/a>10\u00aa Entrega\u00a0 \u00a0 \u00a0OCELL AMAGAT n\u00ba 20:\u00a0 CABUSSET COM\u00da<\/span><\/span><\/span><\/span><\/strong><\/span><\/span><\/h6>\n<h6 style=\"text-align: center;\"><span style=\"font-size: 14pt; color: #333399;\"><strong>\u00a0<\/strong><strong>Per\u00edode per respondre: de dijous 25 de gener a dimecres 31 de gener<\/strong><\/span><\/h6>\n<p><span style=\"font-weight: 400;\">El cabusset, anomenat cabussonet o soter\u00ed petit a les illes i setmes\u00f3 al Pa\u00eds Valenci\u00e0, malgrat els seus h\u00e0bits aqu\u00e0tics i la converg\u00e8ncia adaptativa que aix\u00f2 comporta en els ocells d&#8217;aquest medi, cal distingir-lo dels \u00e0necs, amb els quals no l&#8217;uneix cap vincle sistem\u00e0tic.<\/span><span style=\"font-weight: 400;\"><br \/>\n<\/span><span style=\"font-weight: 400;\">\u00c9s f\u00e0cil de diferenciar de la resta de cabussaires pel fet de no presentar, en cap \u00e8poca de l&#8217;any, marques o dissenys crom\u00e0tics cef\u00e0lics. Semblantment a com succeeix a la resta d&#8217;<\/span><a href=\"https:\/\/ca.wikipedia.org\/wiki\/Europa\"><span style=\"font-weight: 400;\">Europa<\/span><\/a><span style=\"font-weight: 400;\">, \u00e9s el m\u00e9s abundant dels cabussaires als Pa\u00efsos Catalans.<\/span><span style=\"font-weight: 400;\"><br \/>\n<\/span><span style=\"font-weight: 400;\">En plomatge nupcial, els adults llueixen el coll i la cara castanys rogencs i el cap i el mantell bru negr\u00f3s. Destaca el bec, gruixut i punxegut, negre i amb la punta m\u00e9s clara, que s&#8217;implanta en unes comissures groguenques molt consp\u00edcues.<\/span><span style=\"font-weight: 400;\"><br \/>\n<\/span><span style=\"font-weight: 400;\">Veient l&#8217;estructura dels peus, hom s&#8217;adona de la difer\u00e8ncia amb els \u00e0necs, puix els cabussets presenten uns l\u00f2buls de pell al costat dels dits i no una membrana interdigital com els anseriformes.<\/span><span style=\"font-weight: 400;\"><br \/>\n<\/span><span style=\"font-weight: 400;\">L&#8217;estructura de la part final del cos, m\u00e9s aplanada i sense cua aparent, li dona un aspecte rodanx\u00f3, la qual cosa acaba de perfilar els trets discriminadors de l&#8217;ocell.<\/span><span style=\"font-weight: 400;\"><br \/>\n<\/span><span style=\"font-weight: 400;\">La veu \u00e9s una mena de trinat que sona com un renill sentit de lluny.<\/span><span style=\"font-weight: 400;\"><br \/>\n<\/span><span style=\"font-weight: 400;\">\u00c9s sedentari i sotm\u00e8s a moviments hivernals, essent aleshores quan \u00e9s m\u00e9s f\u00e0cilment observable, car estem parlant d&#8217;un ocell molt discret, reservat i amagad\u00eds en \u00e8poca de cria, durant la qual passa extraordin\u00e0riament desapercebut.<\/span><span style=\"font-weight: 400;\"><br \/>\n<\/span><span style=\"font-weight: 400;\">\u00c9s repatani a volar i, quan ho fa, \u00e9s sempre en curtes volades.<\/span><span style=\"font-weight: 400;\"><br \/>\n<\/span><span style=\"font-weight: 400;\">Pot instal\u00b7lar-se i niuar en aig\u00fces estancades molt variades, des d&#8217;un petit bassiol, una bassa de reg o la tolla de riera, fins a basses grans artificials, sempre amb vegetaci\u00f3 aqu\u00e0tica o de ribera.<\/span><\/p>\n<p style=\"text-align: right;\"><span style=\"font-size: 10pt;\"><span style=\"font-weight: 400;\">Viquip\u00e8dia<br \/>\n<\/span><span style=\"font-weight: 400;\">Fitxa SIOC (Servei d\u2019informaci\u00f3 ornitol\u00f2gica de Catalunya<br \/>\n<\/span><span style=\"font-weight: 400;\">Per veure la fitxa completa, clica aquest enlla\u00e7: <\/span><a href=\"http:\/\/www.sioc.cat\/fitxa.php?sci=0&amp;sp=TACRUF\"><span style=\"font-weight: 400;\">CABUSSET COM\u00da<\/span><\/a><span style=\"font-weight: 400;\"><br \/>\n<\/span><span style=\"font-weight: 400;\">Podr\u00e0s sentir el seu cant o reclam<\/span><\/span><\/p>\n<p>&nbsp;<\/p>\n<h6 style=\"text-align: center;\"><span style=\"font-size: 18pt; color: #333399;\"><span style=\"font-size: 24pt;\"><strong><span style=\"font-size: 8pt;\"><span style=\"font-size: 18pt;\"><span style=\"font-size: 12pt;\"><span style=\"font-size: 14pt;\"><a href=\"https:\/\/agora.xtec.cat\/ceip-lola-anglada-esplugues\/wp-content\/uploads\/usu1507\/2024\/01\/OA-19-2324.jpg\"><img loading=\"lazy\" decoding=\"async\" class=\"aligncenter size-full wp-image-7353\" src=\"https:\/\/agora.xtec.cat\/ceip-lola-anglada-esplugues\/wp-content\/uploads\/usu1507\/2024\/01\/OA-19-2324.jpg\" alt=\"\" width=\"1199\" height=\"764\" srcset=\"https:\/\/agora.xtec.cat\/ceip-lola-anglada-esplugues\/wp-content\/uploads\/usu1507\/2024\/01\/OA-19-2324.jpg 1199w, https:\/\/agora.xtec.cat\/ceip-lola-anglada-esplugues\/wp-content\/uploads\/usu1507\/2024\/01\/OA-19-2324-300x191.jpg 300w, https:\/\/agora.xtec.cat\/ceip-lola-anglada-esplugues\/wp-content\/uploads\/usu1507\/2024\/01\/OA-19-2324-1024x652.jpg 1024w, https:\/\/agora.xtec.cat\/ceip-lola-anglada-esplugues\/wp-content\/uploads\/usu1507\/2024\/01\/OA-19-2324-768x489.jpg 768w\" sizes=\"auto, (max-width: 1199px) 100vw, 1199px\" \/><\/a>10\u00aa Entrega\u00a0 \u00a0 \u00a0OCELL AMAGAT n\u00ba 19:\u00a0 \u00c0NEC BLANC<\/span><\/span><\/span><\/span><\/strong><\/span><\/span><\/h6>\n<h6 style=\"text-align: center;\"><span style=\"font-size: 14pt; color: #333399;\"><strong>\u00a0<\/strong><strong>Per\u00edode per respondre: de dijous 25 de gener a dimecres 31 de gener<\/strong><\/span><\/h6>\n<p><span style=\"font-weight: 400;\">L&#8217;\u00e0nec blanc o \u00e0nnera blanca \u00e9s un \u00e0nec de superf\u00edcie de l&#8217;ordre dels anseriformes i considerat, a nivell evolutiu, a mig cam\u00ed entre les oques i els \u00e0necs pr\u00f2piament dits.<\/span><span style=\"font-weight: 400;\"><br \/>\n<\/span><span style=\"font-weight: 400;\">Fa uns 60 cm. Plomatge blanc amb el mirall verd. El cap i el coll tamb\u00e9 s\u00f3n verds.<\/span><span style=\"font-weight: 400;\"><br \/>\n<\/span><span style=\"font-weight: 400;\">El mascle t\u00e9 el bec vermell amb una excresc\u00e8ncia, tamb\u00e9 vermella, al damunt.<\/span><span style=\"font-weight: 400;\"><br \/>\n<\/span><span style=\"font-weight: 400;\">Llueix un davantal marr\u00f3.<\/span><span style=\"font-weight: 400;\"><br \/>\n<\/span><span style=\"font-weight: 400;\">La femella \u00e9s quelcom m\u00e9s petita que el mascle.<br \/>\n<\/span><span style=\"font-weight: 400;\">Nia en diversos punts d&#8217;Europa (des d&#8217;Escandin\u00e0via a la Mar Negra).\u00a0<\/span><\/p>\n<p style=\"text-align: right;\"><span style=\"font-size: 10pt;\"><span style=\"font-weight: 400;\">Viquip\u00e8dia<br \/>\n<\/span><span style=\"font-weight: 400;\">Fitxa SIOC (Servei d\u2019informaci\u00f3 ornitol\u00f2gica de Catalunya<br \/>\n<\/span><span style=\"font-weight: 400;\">Per veure la fitxa completa, clica aquest enlla\u00e7: <\/span><a href=\"http:\/\/www.sioc.cat\/fitxa.php?sci=0&amp;sp=TADTAD\"><span style=\"font-weight: 400;\">\u00c0NEC BLANC<\/span><\/a><span style=\"font-weight: 400;\"><br \/>\n<\/span><span style=\"font-weight: 400;\">Podr\u00e0s sentir el seu cant o reclam<\/span><\/span><\/p>\n<p>&nbsp;<\/p>\n<h6 style=\"text-align: center;\"><span style=\"font-size: 18pt; color: #333399;\"><span style=\"font-size: 24pt;\"><strong><span style=\"font-size: 8pt;\"><span style=\"font-size: 18pt;\"><span style=\"font-size: 12pt;\"><span style=\"font-size: 14pt;\"><a href=\"https:\/\/agora.xtec.cat\/ceip-lola-anglada-esplugues\/wp-content\/uploads\/usu1507\/2024\/01\/OA-18-2324.jpg\"><img loading=\"lazy\" decoding=\"async\" class=\"aligncenter size-full wp-image-7331\" src=\"https:\/\/agora.xtec.cat\/ceip-lola-anglada-esplugues\/wp-content\/uploads\/usu1507\/2024\/01\/OA-18-2324.jpg\" alt=\"\" width=\"1190\" height=\"748\" srcset=\"https:\/\/agora.xtec.cat\/ceip-lola-anglada-esplugues\/wp-content\/uploads\/usu1507\/2024\/01\/OA-18-2324.jpg 1190w, https:\/\/agora.xtec.cat\/ceip-lola-anglada-esplugues\/wp-content\/uploads\/usu1507\/2024\/01\/OA-18-2324-300x189.jpg 300w, https:\/\/agora.xtec.cat\/ceip-lola-anglada-esplugues\/wp-content\/uploads\/usu1507\/2024\/01\/OA-18-2324-1024x644.jpg 1024w, https:\/\/agora.xtec.cat\/ceip-lola-anglada-esplugues\/wp-content\/uploads\/usu1507\/2024\/01\/OA-18-2324-768x483.jpg 768w\" sizes=\"auto, (max-width: 1190px) 100vw, 1190px\" \/><\/a>9\u00aa Entrega\u00a0 \u00a0 \u00a0OCELL AMAGAT n\u00ba 18:\u00a0 CAMALLARGA COM\u00da<\/span><\/span><\/span><\/span><\/strong><\/span><\/span><\/h6>\n<h6 style=\"text-align: center;\"><span style=\"font-size: 14pt; color: #333399;\"><strong>\u00a0<\/strong><strong>Per\u00edode per respondre: de dijous 18 de gener a dimecres 24 de gener<\/strong><\/span><\/h6>\n<p><span style=\"font-weight: 400;\">El camallarga, camallonga, cames llargues, avisador, xerraire, cames de jonc<\/span><i><span style=\"font-weight: 400;\">,<\/span><\/i><span style=\"font-weight: 400;\"> (cegall de) mosson Guillem o cagatero<\/span><span style=\"font-weight: 400;\"> (cadell al giron\u00e8s) (<\/span><i><span style=\"font-weight: 400;\">Himantopus h<\/span><\/i><span style=\"font-weight: 400;\"><i>imantopus<\/i>), \u00e9s un ocell que sembla una cigonya en miniatura. Esvelt i d&#8217;aspecte fr\u00e0gil, \u00e9s nombr\u00f3s per totes les zones humides dels Pa\u00efsos Catalans.<\/span><span style=\"font-weight: 400;\"><br \/>\n<\/span><span style=\"font-weight: 400;\">Fa 37 cm de llarg\u00e0ria.<\/span><span style=\"font-weight: 400;\"><br \/>\n<\/span><span style=\"font-weight: 400;\">T\u00e9 ales negres, bec negre i potes vermelles o de color rosat, exageradament llargues.<\/span><span style=\"font-weight: 400;\"><br \/>\n<\/span><span style=\"font-weight: 400;\">El coll \u00e9s llarg.<\/span><span style=\"font-weight: 400;\"><br \/>\n<\/span><span style=\"font-weight: 400;\">El coll i el cap s\u00f3n blancs amb m\u00e9s o menys dibuix negre, i tot i que els mascles tendeixen la tenir-los m\u00e9s negres i la femella m\u00e9s blancs, aquest tret \u00e9s massa variable per permetre identificar els sexes amb seguretat.<\/span><span style=\"font-weight: 400;\"><br \/>\n<\/span><span style=\"font-weight: 400;\">En vol se&#8217;l distingeix per les ales punxegudes, negres tant per sobre com per sota, el coll estirat i les potes que sobresurten molt pel darrere.<\/span><\/p>\n<p style=\"text-align: right;\"><span style=\"font-weight: 400; font-size: 10pt;\">Viquip\u00e8dia<br \/>\n<\/span><span style=\"font-weight: 400; font-size: 10pt;\">Fitxa SIOC (Servei d\u2019informaci\u00f3 ornitol\u00f2gica de Catalunya<br \/>\n<\/span><span style=\"font-size: 10pt;\"><span style=\"font-weight: 400;\">Per veure la fitxa completa, clica aquest enlla\u00e7: <\/span><a href=\"http:\/\/www.sioc.cat\/fitxa.php?sci=0&amp;sp=HIMHIM\"><span style=\"font-weight: 400;\">CAMALLARGA COM\u00da<\/span><\/a><span style=\"font-weight: 400;\"><br \/>\n<\/span><\/span><span style=\"font-weight: 400; font-size: 10pt;\">Podr\u00e0s sentir el seu cant o reclam<\/span><\/p>\n<p>&nbsp;<\/p>\n<h6 style=\"text-align: center;\"><span style=\"font-size: 18pt; color: #333399;\"><span style=\"font-size: 24pt;\"><strong><span style=\"font-size: 8pt;\"><span style=\"font-size: 18pt;\"><span style=\"font-size: 12pt;\"><span style=\"font-size: 14pt;\"><a href=\"https:\/\/agora.xtec.cat\/ceip-lola-anglada-esplugues\/wp-content\/uploads\/usu1507\/2024\/01\/OA-17-2324.jpg\"><img loading=\"lazy\" decoding=\"async\" class=\"aligncenter size-full wp-image-7330\" src=\"https:\/\/agora.xtec.cat\/ceip-lola-anglada-esplugues\/wp-content\/uploads\/usu1507\/2024\/01\/OA-17-2324.jpg\" alt=\"\" width=\"1175\" height=\"859\" srcset=\"https:\/\/agora.xtec.cat\/ceip-lola-anglada-esplugues\/wp-content\/uploads\/usu1507\/2024\/01\/OA-17-2324.jpg 1175w, https:\/\/agora.xtec.cat\/ceip-lola-anglada-esplugues\/wp-content\/uploads\/usu1507\/2024\/01\/OA-17-2324-300x219.jpg 300w, https:\/\/agora.xtec.cat\/ceip-lola-anglada-esplugues\/wp-content\/uploads\/usu1507\/2024\/01\/OA-17-2324-1024x749.jpg 1024w, https:\/\/agora.xtec.cat\/ceip-lola-anglada-esplugues\/wp-content\/uploads\/usu1507\/2024\/01\/OA-17-2324-768x561.jpg 768w\" sizes=\"auto, (max-width: 1175px) 100vw, 1175px\" \/><\/a>9\u00aa Entrega\u00a0 \u00a0 \u00a0OCELL AMAGAT n\u00ba 17:\u00a0 BERNAT PESCAIRE<\/span><\/span><\/span><\/span><\/strong><\/span><\/span><\/h6>\n<h6 style=\"text-align: center;\"><span style=\"font-size: 14pt; color: #333399;\"><strong>\u00a0<\/strong><strong>Per\u00edode per respondre: de dijous 18 de gener a dimecres 24 de gener<\/strong><\/span><\/h6>\n<p><span style=\"font-weight: 400;\">El bernat pescaire, agr\u00f3 gris, agr\u00f3 d&#8217;hivern, <\/span><span style=\"font-weight: 400;\">bernat de s&#8217;alga a les Balears, bernat pescador a les Terres de l&#8217;Ebre, a\u00efro a l&#8217;Alguer i garsa reial o agr\u00f3 blau al Pa\u00eds Valenci\u00e0 i aur\u00f3 blau, aur\u00f3 gris i agr\u00f3 reial a les Balears, cap\u00f3 d&#8217;aigua (a Girona) (<\/span><i><span style=\"font-weight: 400;\">Ardea cinerea<\/span><\/i><span style=\"font-weight: 400;\">), \u00e9s un ocell de grans dimensions de l&#8217;ordre dels ciconiformes i de la fam\u00edlia dels ardeids. Pot arribar al metre d&#8217;al\u00e7ada i presenta un plomatge gris\u00f3s que esdev\u00e9 m\u00e9s lluent durant l&#8217;\u00e8poca reproductiva.<\/span><span style=\"font-weight: 400;\"><br \/>\n<\/span><span style=\"font-weight: 400;\">En l&#8217;actualitat, \u00e9s una esp\u00e8cie amb molta pres\u00e8ncia i que es troba en expansi\u00f3, ja superada una important davallada en molts indrets.\u00a0<\/span><\/p>\n<p><span style=\"font-weight: 400;\">La seva alimentaci\u00f3 \u00e9s principalment de peixos, granotes i insectes, per\u00f2 tamb\u00e9 poden capturar petits mam\u00edfers i ocells.<\/span><\/p>\n<p style=\"text-align: right;\"><span style=\"font-weight: 400; font-size: 10pt;\">Viquip\u00e8dia<br \/>\n<\/span><span style=\"font-weight: 400; font-size: 10pt;\">Fitxa SIOC (Servei d\u2019informaci\u00f3 ornitol\u00f2gica de Catalunya<br \/>\n<\/span><span style=\"font-size: 10pt;\"><span style=\"font-weight: 400;\">Per veure la fitxa completa, clica aquest enlla\u00e7: <\/span><a href=\"http:\/\/www.sioc.cat\/fitxa.php?sci=0&amp;sp=ARDCIN\"><span style=\"font-weight: 400;\">BERNAT PESCAIRE<\/span><\/a><span style=\"font-weight: 400;\"><br \/>\n<\/span><\/span><span style=\"font-weight: 400; font-size: 10pt;\">Podr\u00e0s sentir el seu cant o reclam<\/span><\/p>\n<p>&nbsp;<\/p>\n<h6 style=\"text-align: center;\"><span style=\"font-size: 18pt; color: #ff6600;\"><span style=\"font-size: 24pt;\"><strong><span style=\"font-size: 8pt;\"><span style=\"font-size: 18pt;\"><span style=\"color: #666699;\"><a href=\"https:\/\/agora.xtec.cat\/ceip-lola-anglada-esplugues\/wp-content\/uploads\/usu1507\/2024\/01\/OA-16-2324.jpg\"><img loading=\"lazy\" decoding=\"async\" class=\"aligncenter size-full wp-image-7319\" src=\"https:\/\/agora.xtec.cat\/ceip-lola-anglada-esplugues\/wp-content\/uploads\/usu1507\/2024\/01\/OA-16-2324.jpg\" alt=\"\" width=\"1191\" height=\"748\" srcset=\"https:\/\/agora.xtec.cat\/ceip-lola-anglada-esplugues\/wp-content\/uploads\/usu1507\/2024\/01\/OA-16-2324.jpg 1191w, https:\/\/agora.xtec.cat\/ceip-lola-anglada-esplugues\/wp-content\/uploads\/usu1507\/2024\/01\/OA-16-2324-300x188.jpg 300w, https:\/\/agora.xtec.cat\/ceip-lola-anglada-esplugues\/wp-content\/uploads\/usu1507\/2024\/01\/OA-16-2324-1024x643.jpg 1024w, https:\/\/agora.xtec.cat\/ceip-lola-anglada-esplugues\/wp-content\/uploads\/usu1507\/2024\/01\/OA-16-2324-768x482.jpg 768w\" sizes=\"auto, (max-width: 1191px) 100vw, 1191px\" \/><\/a><\/span><\/span><\/span><\/strong><\/span><\/span><\/h6>\n<h6 style=\"text-align: center;\"><span style=\"font-size: 18pt; color: #333399;\"><span style=\"font-size: 24pt;\"><strong><span style=\"font-size: 8pt;\"><span style=\"font-size: 18pt;\"><span style=\"font-size: 12pt;\"><span style=\"font-size: 14pt;\">8\u00aa Entrega\u00a0 \u00a0 \u00a0OCELL AMAGAT n\u00ba 16:\u00a0 BEC D&#8217;ALENA<\/span><\/span><\/span><\/span><\/strong><\/span><\/span><\/h6>\n<h6 style=\"text-align: center;\"><span style=\"font-size: 14pt; color: #333399;\"><strong>\u00a0<\/strong><strong>Per\u00edode per respondre: de dijous 11 de gener a dimecres 17 de gener<\/strong><\/span><\/h6>\n<p><span style=\"font-weight: 400;\">El bec d&#8217;alena com\u00fa, anomenat primavera o llesna al Pa\u00eds Valenci\u00e0, \u00e9s una gr\u00e0cil au blanca i negra de l&#8217;ordre dels caradriformes, molt present tot l&#8217;any a les zones humides del Llevant de la Pen\u00ednsula Ib\u00e8rica.<\/span><span style=\"font-weight: 400;\"><br \/>\n<\/span><span style=\"font-weight: 400;\">Fa 40-43 cm de llarg\u00e0ria total. Palm\u00edpede. Plomatge gaireb\u00e9 completament blanc, amb bandes negres de contrast. El bec llarg i caracter\u00edsticament corbat cap amunt. Les potes s\u00f3n llargues, d&#8217;un color blau gris\u00f3s i amb els dits units per una membrana interdigital.<\/span><\/p>\n<p><span style=\"font-weight: 400;\">Als Pa\u00efsos Catalans, cria al delta de l&#8217;Ebre, a les salines de Santa Pola (Baix Vinalop\u00f3) i a Mallorca, on n&#8217;hi ha unes poques parelles al salobrar de Campos. Instal\u00b7la el niu, que \u00e9s una petita depressi\u00f3 en el terreny, prop d&#8217;alguna planta, entre matolls de les riberes dels aiguamolls o al descobert, sobretot en llocs salabrosos o en salines.<\/span><\/p>\n<p style=\"text-align: right;\"><span style=\"font-size: 10pt;\"><span style=\"font-weight: 400;\">Viquip\u00e8dia<br \/>\n<\/span><span style=\"font-weight: 400;\">Fitxa SIOC (Servei d\u2019informaci\u00f3 ornitol\u00f2gica de Catalunya<br \/>\n<\/span><span style=\"font-weight: 400;\">Per veure la fitxa completa, clica aquest enlla\u00e7: <\/span><a href=\"http:\/\/www.sioc.cat\/fitxa.php?sci=0&amp;sp=RECAVO\"><span style=\"font-weight: 400;\">BEC D\u2019ALENA<\/span><\/a><span style=\"font-weight: 400;\"><br \/>\n<\/span><span style=\"font-weight: 400;\">Podr\u00e0s sentir el seu cant o reclam<\/span><\/span><\/p>\n<p>&nbsp;<\/p>\n<h6 style=\"text-align: center;\"><span style=\"font-size: 18pt; color: #ff6600;\"><span style=\"font-size: 24pt;\"><strong><span style=\"font-size: 8pt;\"><span style=\"font-size: 18pt;\"><span style=\"color: #666699;\"><a href=\"https:\/\/agora.xtec.cat\/ceip-lola-anglada-esplugues\/wp-content\/uploads\/usu1507\/2024\/01\/OA-15-2324.jpg\"><img loading=\"lazy\" decoding=\"async\" class=\"aligncenter size-full wp-image-7318\" src=\"https:\/\/agora.xtec.cat\/ceip-lola-anglada-esplugues\/wp-content\/uploads\/usu1507\/2024\/01\/OA-15-2324.jpg\" alt=\"\" width=\"1187\" height=\"769\" srcset=\"https:\/\/agora.xtec.cat\/ceip-lola-anglada-esplugues\/wp-content\/uploads\/usu1507\/2024\/01\/OA-15-2324.jpg 1187w, https:\/\/agora.xtec.cat\/ceip-lola-anglada-esplugues\/wp-content\/uploads\/usu1507\/2024\/01\/OA-15-2324-300x194.jpg 300w, https:\/\/agora.xtec.cat\/ceip-lola-anglada-esplugues\/wp-content\/uploads\/usu1507\/2024\/01\/OA-15-2324-1024x663.jpg 1024w, https:\/\/agora.xtec.cat\/ceip-lola-anglada-esplugues\/wp-content\/uploads\/usu1507\/2024\/01\/OA-15-2324-768x498.jpg 768w\" sizes=\"auto, (max-width: 1187px) 100vw, 1187px\" \/><\/a><\/span><\/span><\/span><\/strong><\/span><\/span><\/h6>\n<h6 style=\"text-align: center;\"><span style=\"font-size: 18pt; color: #333399;\"><span style=\"font-size: 24pt;\"><strong><span style=\"font-size: 8pt;\"><span style=\"font-size: 18pt;\"><span style=\"font-size: 12pt;\"><span style=\"font-size: 14pt;\">8\u00aa Entrega\u00a0 \u00a0 \u00a0OCELL AMAGAT n\u00ba 15:\u00a0 CUERETA TORRENTERA<\/span><\/span><\/span><\/span><\/strong><\/span><\/span><\/h6>\n<h6 style=\"text-align: center;\"><span style=\"font-size: 14pt; color: #333399;\"><strong>\u00a0<\/strong><strong>Per\u00edode per respondre: de dijous 11 de gener a dimecres 17 de gener<\/strong><\/span><\/h6>\n<p><span style=\"font-weight: 400;\">Mesura 18-21 cm de llarg\u00e0ria i 29 cm d&#8217;envergadura alar. \u00c9s de color blau-grisenc per sobre i groc per sota. \u00c9s la cuereta que t\u00e9 la cua m\u00e9s llarga (fa 9 cm de llargada), i \u00e9s de color negre amb les rectrius externes blanques. A l&#8217;estiu, el mascle ensenya la gola negra i a l&#8217;hivern la t\u00e9 blanca.<\/span><\/p>\n<p><span style=\"font-weight: 400;\">Cria a l&#8217;Europa temperada, \u00c0sia i \u00c0frica del Nord. \u00c9s sedent\u00e0ria a les zones de clima m\u00e9s suau de l&#8217;Europa Occidental. A Catalunya \u00e9s un ocell sedentari. Tamb\u00e9 venen a hivernar de Fran\u00e7a i Su\u00efssa, que se sumen als individus catalans que deixen les muntanyes per ocupar les llacunes de la terra baixa. A la muntanya es nodreixen amb insectes i quan baixen a la costa ho fan amb petits mol\u00b7luscs principalment.<\/span><\/p>\n<p style=\"text-align: right;\"><span style=\"font-size: 10pt;\"><span style=\"font-weight: 400;\">Viquip\u00e8dia<br \/>\n<\/span><span style=\"font-weight: 400;\">Fitxa SIOC (Servei d\u2019informaci\u00f3 ornitol\u00f2gica de Catalunya<br \/>\n<\/span><span style=\"font-weight: 400;\">Per veure la fitxa completa, clica aquest enlla\u00e7: <\/span><a href=\"http:\/\/www.sioc.cat\/fitxa.php?sci=0&amp;sp=MOTCIN\"><span style=\"font-weight: 400;\">CUERETA TORRENTERA<\/span><\/a><span style=\"font-weight: 400;\"><br \/>\n<\/span><span style=\"font-weight: 400;\">Podr\u00e0s sentir el seu cant o reclam<\/span><\/span><\/p>\n<p>&nbsp;<\/p>\n<h6 style=\"text-align: center;\"><span style=\"color: #3366ff;\"><span style=\"color: #333399;\"><span style=\"font-size: 14pt;\"><strong><a href=\"https:\/\/agora.xtec.cat\/ceip-lola-anglada-esplugues\/wp-content\/uploads\/usu1507\/2023\/12\/PB-OCELL-DIBUIXAT-NADAL-2023.jpg\"><img loading=\"lazy\" decoding=\"async\" class=\"aligncenter size-full wp-image-7265\" src=\"https:\/\/agora.xtec.cat\/ceip-lola-anglada-esplugues\/wp-content\/uploads\/usu1507\/2023\/12\/PB-OCELL-DIBUIXAT-NADAL-2023.jpg\" alt=\"\" width=\"1165\" height=\"597\" srcset=\"https:\/\/agora.xtec.cat\/ceip-lola-anglada-esplugues\/wp-content\/uploads\/usu1507\/2023\/12\/PB-OCELL-DIBUIXAT-NADAL-2023.jpg 1165w, https:\/\/agora.xtec.cat\/ceip-lola-anglada-esplugues\/wp-content\/uploads\/usu1507\/2023\/12\/PB-OCELL-DIBUIXAT-NADAL-2023-300x154.jpg 300w, https:\/\/agora.xtec.cat\/ceip-lola-anglada-esplugues\/wp-content\/uploads\/usu1507\/2023\/12\/PB-OCELL-DIBUIXAT-NADAL-2023-1024x525.jpg 1024w, https:\/\/agora.xtec.cat\/ceip-lola-anglada-esplugues\/wp-content\/uploads\/usu1507\/2023\/12\/PB-OCELL-DIBUIXAT-NADAL-2023-768x394.jpg 768w\" sizes=\"auto, (max-width: 1165px) 100vw, 1165px\" \/><\/a>7\u00aa Entrega\u00a0 \u00a0 \u00a0OCELL DIBUIXAT &#8211; PUNTS BONIFICACI\u00d3 &#8220;Nadal 2023&#8221;:<br \/>\nPer\u00edode per respondre: <\/strong><\/span><span style=\"font-size: 18pt;\"><span style=\"font-size: 24pt;\"><strong><span style=\"font-size: 12pt;\"><span style=\"font-size: 14pt;\">de dilluns 19 de desembre a diumenge 15 de gener<br \/>\n<\/span><\/span><\/strong><\/span><\/span><\/span><\/span><span style=\"font-size: 18pt; color: #800000;\"><span style=\"font-size: 24pt;\"><strong><span style=\"font-size: 12pt;\"><br \/>\n<span style=\"color: #000080;\"><span style=\"font-weight: 400;\">Ocell dibuixat n\u00ba 1: <\/span><b>bit\u00f3<\/b><span style=\"font-weight: 400;\"> com\u00fa, n\u00ba 2: <\/span><b>cap\u00f3 reial<\/b><span style=\"font-weight: 400;\">, n\u00ba 3: <\/span><b>polla blava<\/b><span style=\"font-weight: 400;\"> comuna, n\u00ba 4: <\/span><b>flamenc<\/b><span style=\"font-weight: 400;\"> rosat,<br \/>\n<\/span><\/span><\/span><\/strong><\/span><\/span><span style=\"font-size: 18pt; color: #800000;\"><span style=\"font-size: 24pt;\"><strong><span style=\"font-size: 12pt;\"><span style=\"color: #000080;\"><span style=\"font-weight: 400;\">n\u00ba 5: <\/span><b>xibec<\/b><span style=\"font-weight: 400;\"> cap-roig, n\u00ba 6: <\/span><b>\u00e0nec blanc<\/b><span style=\"font-weight: 400;\">, n\u00ba 7:<\/span><b> xatrac becllarg<\/b><span style=\"font-weight: 400;\">, n\u00ba 8: <\/span><b>martinet ros<\/b><span style=\"font-weight: 400;\"> com\u00fa,<br \/>\nn\u00ba 9: <\/span><b>garsa de mar<\/b><span style=\"font-weight: 400;\"> eurasi\u00e0tica i n\u00ba 10: <\/span><b>arpella<\/b><span style=\"font-weight: 400;\"> comuna.<\/span><\/span><\/span><\/strong><\/span><\/span><\/h6>\n<p>&nbsp;<\/p>\n<h6 style=\"text-align: center;\"><span style=\"font-size: 18pt; color: #333399;\"><span style=\"font-size: 24pt;\"><strong><span style=\"font-size: 8pt;\"><span style=\"font-size: 18pt;\"><span style=\"font-size: 12pt;\"><span style=\"font-size: 14pt;\"><a href=\"https:\/\/agora.xtec.cat\/ceip-lola-anglada-esplugues\/wp-content\/uploads\/usu1507\/2023\/12\/OA-14-2324.jpg\"><img loading=\"lazy\" decoding=\"async\" class=\"aligncenter size-full wp-image-7264\" src=\"https:\/\/agora.xtec.cat\/ceip-lola-anglada-esplugues\/wp-content\/uploads\/usu1507\/2023\/12\/OA-14-2324.jpg\" alt=\"\" width=\"1176\" height=\"856\" srcset=\"https:\/\/agora.xtec.cat\/ceip-lola-anglada-esplugues\/wp-content\/uploads\/usu1507\/2023\/12\/OA-14-2324.jpg 1176w, https:\/\/agora.xtec.cat\/ceip-lola-anglada-esplugues\/wp-content\/uploads\/usu1507\/2023\/12\/OA-14-2324-300x218.jpg 300w, https:\/\/agora.xtec.cat\/ceip-lola-anglada-esplugues\/wp-content\/uploads\/usu1507\/2023\/12\/OA-14-2324-1024x745.jpg 1024w, https:\/\/agora.xtec.cat\/ceip-lola-anglada-esplugues\/wp-content\/uploads\/usu1507\/2023\/12\/OA-14-2324-768x559.jpg 768w\" sizes=\"auto, (max-width: 1176px) 100vw, 1176px\" \/><\/a>7\u00aa Entrega\u00a0 \u00a0 \u00a0OCELL AMAGAT n\u00ba 14:\u00a0 \u00c0NEC COLLVERD<\/span><\/span><\/span><\/span><\/strong><\/span><\/span><\/h6>\n<h6 style=\"text-align: center;\"><span style=\"font-size: 14pt; color: #333399;\"><strong>\u00a0<\/strong><strong>Per\u00edode per respondre: de dijous 14 de desembre a dimecres 10 de gener<\/strong><\/span><\/h6>\n<p style=\"text-align: left;\"><span style=\"font-weight: 400;\">L&#8217;\u00e0nec collverd \u00e9s una esp\u00e8cie d&#8217;\u00e0nec que viu a prop dels rius i els estuaris. Es troba a tot l&#8217;hemisferi nord i \u00e9s l&#8217;arrel de moltes races dom\u00e8stiques.<\/span><span style=\"font-weight: 400;\"><br \/>\n<\/span><span style=\"font-weight: 400;\">La femella i l&#8217;immadur s\u00f3n de color bru, i el mascle adult t\u00e9 el cap i el coll de color verd (d&#8217;aqu\u00ed el nom).<\/span><span style=\"font-weight: 400;\"><br \/>\n<\/span><span style=\"font-weight: 400;\">Els adults tenen la taca alar o espill de color blau, m\u00e9s gran i conspicu en el mascle.<\/span><span style=\"font-weight: 400;\"><br \/>\n<\/span><span style=\"font-weight: 400;\">El plomatge d&#8217;eclipsi del mascle (o sigui, el plomatge estival, fora de l&#8217;\u00e8poca d&#8217;aparellament) \u00e9s semblant al de la femella, i es reconeix el mascle nom\u00e9s pel color groc m\u00e9s viu del bec.<\/span><span style=\"font-weight: 400;\"><br \/>\n<\/span><span style=\"font-weight: 400;\">\u00c9s el m\u00e9s gran i com\u00fa dels \u00e0necs europeus.<\/span><\/p>\n<p style=\"text-align: right;\"><span style=\"font-weight: 400;\"><br \/>\n<\/span><span style=\"font-size: 10pt;\"><span style=\"font-weight: 400;\">Viquip\u00e8dia<br \/>\n<\/span><span style=\"font-weight: 400;\">Fitxa SIOC (Servei d\u2019informaci\u00f3 ornitol\u00f2gica de Catalunya<br \/>\n<\/span><span style=\"font-weight: 400;\">Per veure la fitxa completa, clica aquest enlla\u00e7: <\/span><a href=\"http:\/\/www.sioc.cat\/fitxa.php?sci=0&amp;sp=ANAPLA\"><span style=\"font-weight: 400;\">\u00c0NEC COLLVERD<\/span><\/a><\/span><br \/>\n<span style=\"font-weight: 400; font-size: 10pt;\">Podr\u00e0s sentir el seu cant o reclam<\/span><\/p>\n<p>&nbsp;<\/p>\n<h6 style=\"text-align: center;\"><span style=\"font-size: 18pt; color: #333399;\"><span style=\"font-size: 24pt;\"><strong><span style=\"font-size: 8pt;\"><span style=\"font-size: 18pt;\"><span style=\"font-size: 12pt;\"><span style=\"font-size: 14pt;\"><a href=\"https:\/\/agora.xtec.cat\/ceip-lola-anglada-esplugues\/wp-content\/uploads\/usu1507\/2023\/12\/OA-13-2324.jpg\"><img loading=\"lazy\" decoding=\"async\" class=\"aligncenter size-full wp-image-7263\" src=\"https:\/\/agora.xtec.cat\/ceip-lola-anglada-esplugues\/wp-content\/uploads\/usu1507\/2023\/12\/OA-13-2324.jpg\" alt=\"\" width=\"1191\" height=\"773\" srcset=\"https:\/\/agora.xtec.cat\/ceip-lola-anglada-esplugues\/wp-content\/uploads\/usu1507\/2023\/12\/OA-13-2324.jpg 1191w, https:\/\/agora.xtec.cat\/ceip-lola-anglada-esplugues\/wp-content\/uploads\/usu1507\/2023\/12\/OA-13-2324-300x195.jpg 300w, https:\/\/agora.xtec.cat\/ceip-lola-anglada-esplugues\/wp-content\/uploads\/usu1507\/2023\/12\/OA-13-2324-1024x665.jpg 1024w, https:\/\/agora.xtec.cat\/ceip-lola-anglada-esplugues\/wp-content\/uploads\/usu1507\/2023\/12\/OA-13-2324-768x498.jpg 768w\" sizes=\"auto, (max-width: 1191px) 100vw, 1191px\" \/><\/a>7\u00aa Entrega\u00a0 \u00a0 \u00a0OCELL AMAGAT n\u00ba 13:\u00a0 GAVI\u00c0 DE POTES GROGUES<\/span><\/span><\/span><\/span><\/strong><\/span><\/span><\/h6>\n<h6 style=\"text-align: center;\"><span style=\"font-size: 14pt; color: #333399;\"><strong>\u00a0<\/strong><strong>Per\u00edode per respondre: de dijous 14 de desembre a dimecres 10 de gener<\/strong><\/span><\/h6>\n<p><span style=\"font-weight: 400;\">El gavi\u00e0 de potes grogues o gavi\u00e0 argentat de potes grogues \u00e9s una gavina de grans dimensions que s&#8217;est\u00e9n per Europa, l&#8217;Orient Mitj\u00e0 i el nord d&#8217;\u00c0frica.<br \/>\n<\/span><span style=\"font-size: 12pt; color: #000000;\"><strong><span style=\"font-weight: 400;\">Els adults s\u00f3n semblants al gavi\u00e0 argentat europeu (<\/span><i><span style=\"font-weight: 400;\">Larus argentatus<\/span><\/i><span style=\"font-weight: 400;\">) per\u00f2 tenen les potes grogues. El llom el tenen gris m\u00e9s fosc que <\/span><i><span style=\"font-weight: 400;\">L. argentatus<\/span><\/i><span style=\"font-weight: 400;\">. Tamb\u00e9 tenen els adults una banda vermella en el bec. A la tardor el cap \u00e9s molt m\u00e9s blanc que l&#8217;altra gavina esmentada i el negre de les puntes de les ales m\u00e9s extens. Al voltant de cada ull tenen un anell vermell.<\/span> <\/strong><\/span><\/p>\n<p style=\"text-align: right;\"><span style=\"font-size: 10pt;\"><span style=\"font-weight: 400;\">Viquip\u00e8dia<br \/>\n<\/span><span style=\"font-weight: 400;\">Fitxa SIOC (Servei d\u2019informaci\u00f3 ornitol\u00f2gica de Catalunya<br \/>\n<\/span><span style=\"font-weight: 400;\">Per veure la fitxa completa, clica aquest enlla\u00e7: <\/span><a href=\"http:\/\/www.sioc.cat\/fitxa.php?sci=0&amp;sp=LARMIC\"><span style=\"font-weight: 400;\">GAVI\u00c0 DE POTES GROGUES<\/span><\/a><\/span><br \/>\n<span style=\"font-weight: 400; font-size: 10pt;\">Podr\u00e0s sentir el seu cant o reclam<\/span><\/p>\n<p>&nbsp;<\/p>\n<h6 style=\"text-align: center;\"><span style=\"font-size: 18pt; color: #333399;\"><span style=\"font-size: 24pt;\"><strong><span style=\"font-size: 8pt;\"><span style=\"font-size: 18pt;\"><span style=\"font-size: 12pt;\"><span style=\"font-size: 14pt;\"><a href=\"https:\/\/agora.xtec.cat\/ceip-lola-anglada-esplugues\/wp-content\/uploads\/usu1507\/2023\/11\/OA-12-2324.jpg\"><img loading=\"lazy\" decoding=\"async\" class=\"aligncenter size-full wp-image-7225\" src=\"https:\/\/agora.xtec.cat\/ceip-lola-anglada-esplugues\/wp-content\/uploads\/usu1507\/2023\/11\/OA-12-2324.jpg\" alt=\"\" width=\"1192\" height=\"763\" srcset=\"https:\/\/agora.xtec.cat\/ceip-lola-anglada-esplugues\/wp-content\/uploads\/usu1507\/2023\/11\/OA-12-2324.jpg 1192w, https:\/\/agora.xtec.cat\/ceip-lola-anglada-esplugues\/wp-content\/uploads\/usu1507\/2023\/11\/OA-12-2324-300x192.jpg 300w, https:\/\/agora.xtec.cat\/ceip-lola-anglada-esplugues\/wp-content\/uploads\/usu1507\/2023\/11\/OA-12-2324-1024x655.jpg 1024w, https:\/\/agora.xtec.cat\/ceip-lola-anglada-esplugues\/wp-content\/uploads\/usu1507\/2023\/11\/OA-12-2324-768x492.jpg 768w\" sizes=\"auto, (max-width: 1192px) 100vw, 1192px\" \/><\/a>6\u00aa Entrega\u00a0 \u00a0 \u00a0OCELL AMAGAT n\u00ba 12:\u00a0 ESTORNELL COM\u00da<\/span><\/span><\/span><\/span><\/strong><\/span><\/span><\/h6>\n<h6 style=\"text-align: center;\"><span style=\"font-size: 14pt; color: #333399;\"><strong>\u00a0<\/strong><strong>Per\u00edode per respondre: de dijous 30 de novembre a dimecres 13 de desembre<\/strong><\/span><\/h6>\n<p><span style=\"font-weight: 400;\">L&#8217;estornell com\u00fa o estornell vulgar \u00e9s un ocell passeriforme de la fam\u00edlia dels est\u00farnids. El seu estat de conservaci\u00f3 es considera de risc m\u00ednim. Es una esp\u00e8cie que ha experimentat una gran expansi\u00f3 a Europa durant els darrers decennis.<\/span><\/p>\n<p><span style=\"font-weight: 400;\">\u00c9s caracter\u00edstic de l&#8217;animal anar en grup de centenars o milers d&#8217;exemplars, els quals s&#8217;alimenten als camps i fruiters durant el dia i a la nit cerquen l&#8217;escalfor de la gran ciutat per dormir. S\u00f3n bastant problem\u00e0tics per les destrosses causades als cultius.<\/span><\/p>\n<p><span style=\"font-weight: 400;\">Fa uns 20 cm i pesa 60-95 grams. T\u00e9 el plomatge generalment fosc amb reflexos iridescents i tacat de blanc. El bec \u00e9s fort. \u00c9s probablement un dels ocells m\u00e9s familiars de les regions temperades, amb el seu cos ple, les ales curtes, triangulars i punxegudes, amb cua curta i quadrada. L&#8217;adult \u00e9s negre i brillant amb reflexos verds a l&#8217;estiu; a l&#8217;hivern, el seu plomatge \u00e9s similar per\u00f2 amb petites taques blanques a l&#8217;esquena i el ventre. Bec c\u00f2nic, llarg, fi i punxegut, groc viu, potes llargues i fines de color marr\u00f3 rosat, ulls marrons foscos. Presenta un discret dimorfisme sexual: la femella \u00e9s menys brillant, per\u00f2 presenta m\u00e9s taques al ventre.\u00a0<\/span><\/p>\n<p><span style=\"font-weight: 400;\">De lluny tamb\u00e9 es pot confondre amb la merla, que \u00e9s negra i d&#8217;una mida semblant (lleugerament m\u00e9s grossa). Es distingeixen f\u00e0cilment per la cua i les ales m\u00e9s llargues de la merla, que tamb\u00e9 fan que voli de forma diferent.<\/span><\/p>\n<p style=\"text-align: right;\"><span style=\"font-size: 10pt;\"><span style=\"font-weight: 400;\">Viquip\u00e8dia<br \/>\n<\/span><span style=\"font-weight: 400;\">Fitxa SIOC (Servei d\u2019informaci\u00f3 ornitol\u00f2gica de Catalunya<br \/>\n<\/span><span style=\"font-weight: 400;\">Per veure la fitxa completa, clica aquest enlla\u00e7: <\/span><a href=\"http:\/\/www.sioc.cat\/fitxa.php?sci=0&amp;sp=STUVUL\"><span style=\"font-weight: 400;\">ESTORNELL COM\u00da<\/span><\/a><\/span><br \/>\n<span style=\"font-weight: 400; font-size: 10pt;\">Podr\u00e0s sentir el seu cant o reclam<\/span><\/p>\n<p>&nbsp;<\/p>\n<h6 style=\"text-align: center;\"><span style=\"font-size: 18pt; color: #333399;\"><span style=\"font-size: 24pt;\"><strong><span style=\"font-size: 8pt;\"><span style=\"font-size: 18pt;\"><span style=\"font-size: 12pt;\"><span style=\"font-size: 14pt;\"><a href=\"https:\/\/agora.xtec.cat\/ceip-lola-anglada-esplugues\/wp-content\/uploads\/usu1507\/2023\/11\/OA-11-2324.jpg\"><img loading=\"lazy\" decoding=\"async\" class=\"aligncenter size-full wp-image-7224\" src=\"https:\/\/agora.xtec.cat\/ceip-lola-anglada-esplugues\/wp-content\/uploads\/usu1507\/2023\/11\/OA-11-2324.jpg\" alt=\"\" width=\"1188\" height=\"756\" srcset=\"https:\/\/agora.xtec.cat\/ceip-lola-anglada-esplugues\/wp-content\/uploads\/usu1507\/2023\/11\/OA-11-2324.jpg 1188w, https:\/\/agora.xtec.cat\/ceip-lola-anglada-esplugues\/wp-content\/uploads\/usu1507\/2023\/11\/OA-11-2324-300x191.jpg 300w, https:\/\/agora.xtec.cat\/ceip-lola-anglada-esplugues\/wp-content\/uploads\/usu1507\/2023\/11\/OA-11-2324-1024x652.jpg 1024w, https:\/\/agora.xtec.cat\/ceip-lola-anglada-esplugues\/wp-content\/uploads\/usu1507\/2023\/11\/OA-11-2324-768x489.jpg 768w\" sizes=\"auto, (max-width: 1188px) 100vw, 1188px\" \/><\/a>6\u00aa Entrega\u00a0 \u00a0 \u00a0OCELL AMAGAT n\u00ba 11:\u00a0 CIGONYA BLANCA<\/span><\/span><\/span><\/span><\/strong><\/span><\/span><\/h6>\n<h6 style=\"text-align: center;\"><span style=\"font-size: 14pt; color: #333399;\"><strong>\u00a0<\/strong><strong>Per\u00edode per respondre: de dijous 30 de novembre a dimecres 13 de desembre<\/strong><\/span><\/h6>\n<p><span style=\"font-weight: 400;\">La cigonya blanca o simplement cigonya \u00e9s una esp\u00e8cie d&#8217;ocell ciconiforme de grans dimensions, pertanyent a la fam\u00edlia Ciconiidae. Viu en prats inundats i en planes herboses a prop de l&#8217;aigua. Passa l&#8217;hivern a l&#8217;\u00c0frica i al mes de febrer comencen a arribar a Europa.<\/span><span style=\"font-weight: 400;\"><br \/>\n<\/span><span style=\"font-weight: 400;\">\u00c9s un ocell molt gran, una cigonya adulta pot arribar a una al\u00e7ada de 100-125 cent\u00edmetres, amb una envergadura alar que pot arribar als 2 metres, i un pes de 2,3-4,5 kg. Posseeix un plomatge blanc, excepte en les puntes de les ales, on \u00e9s de color negre. Les seves cames s\u00f3n allargades i de color rosat.<\/span><span style=\"font-weight: 400;\"><br \/>\n<\/span><span style=\"font-weight: 400;\">T\u00e9 un bec allargat i de color vermell que empra per rebuscar en fangars, capturar peixos, insectes i fins i tot petits r\u00e8ptils. En els joves el bec \u00e9s negre.<\/span><\/p>\n<p style=\"text-align: right;\"><span style=\"font-size: 10pt;\"><span style=\"font-weight: 400;\">Viquip\u00e8dia<br \/>\n<\/span><span style=\"font-weight: 400;\">Fitxa SIOC (Servei d\u2019informaci\u00f3 ornitol\u00f2gica de Catalunya<br \/>\n<\/span><span style=\"font-weight: 400;\">Per veure la fitxa completa, clica aquest enlla\u00e7: <\/span><a href=\"http:\/\/www.sioc.cat\/fitxa.php?sci=0&amp;sp=CICCIC\"><span style=\"font-weight: 400;\">CIGONYA BLANCA<\/span><\/a><\/span><br \/>\n<span style=\"font-weight: 400; font-size: 10pt;\">Podr\u00e0s sentir el seu cant o reclam<\/span><\/p>\n<p>&nbsp;<\/p>\n<h6 style=\"text-align: center;\"><span style=\"font-size: 18pt; color: #333399;\"><span style=\"font-size: 24pt;\"><strong><span style=\"font-size: 8pt;\"><span style=\"font-size: 18pt;\"><span style=\"font-size: 12pt;\"><span style=\"font-size: 14pt;\"><a href=\"https:\/\/agora.xtec.cat\/ceip-lola-anglada-esplugues\/wp-content\/uploads\/usu1507\/2023\/11\/OA-10-2324.jpg\"><img loading=\"lazy\" decoding=\"async\" class=\"aligncenter size-full wp-image-7196\" src=\"https:\/\/agora.xtec.cat\/ceip-lola-anglada-esplugues\/wp-content\/uploads\/usu1507\/2023\/11\/OA-10-2324.jpg\" alt=\"\" width=\"1169\" height=\"844\" srcset=\"https:\/\/agora.xtec.cat\/ceip-lola-anglada-esplugues\/wp-content\/uploads\/usu1507\/2023\/11\/OA-10-2324.jpg 1169w, https:\/\/agora.xtec.cat\/ceip-lola-anglada-esplugues\/wp-content\/uploads\/usu1507\/2023\/11\/OA-10-2324-300x217.jpg 300w, https:\/\/agora.xtec.cat\/ceip-lola-anglada-esplugues\/wp-content\/uploads\/usu1507\/2023\/11\/OA-10-2324-1024x739.jpg 1024w, https:\/\/agora.xtec.cat\/ceip-lola-anglada-esplugues\/wp-content\/uploads\/usu1507\/2023\/11\/OA-10-2324-768x554.jpg 768w\" sizes=\"auto, (max-width: 1169px) 100vw, 1169px\" \/><\/a>5\u00aa Entrega\u00a0 \u00a0 \u00a0OCELL AMAGAT n\u00ba 10:\u00a0 COTXA FUMADA<\/span><\/span><\/span><\/span><\/strong><\/span><\/span><\/h6>\n<h6 style=\"text-align: center;\"><span style=\"font-size: 14pt; color: #333399;\"><strong>\u00a0<\/strong><strong>Per\u00edode per respondre: de dijous 23 a dimecres 29 de novembre<\/strong><\/span><\/h6>\n<p><span style=\"font-weight: 400;\">La cotxa fumada, cua-roja fumada, calderer o a les Balears coeta de barraques o coa-roja de barraca<\/span> <span style=\"font-weight: 400;\">(<\/span><i><span style=\"font-weight: 400;\">Phoenicurus ochruros<\/span><\/i><span style=\"font-weight: 400;\">) \u00e9s una esp\u00e8cie d&#8217;ocell de la fam\u00edlia dels muscic\u00e0pids (Muscicapidae) que cria a l&#8217;Europa Central i meridional.<\/span> <span style=\"font-weight: 400;\">El seu estat de conservaci\u00f3 es considera de risc m\u00ednim.<\/span><span style=\"font-weight: 400;\"><br \/>\n<\/span><span style=\"font-weight: 400;\">Mesura 15 cm. T\u00e9 bec curt i unes taques alars blanques. En el mascle s&#8217;aprecia un contrast entre el carp\u00f3 i la cua vermella i la resta del cos fosca, que a l&#8217;hivern s&#8217;aclareix una mica. La femella \u00e9s m\u00e9s clara.<\/span><span style=\"font-weight: 400;\"><br \/>\n<\/span><span style=\"font-weight: 400;\">Menja principalment insectes, ar\u00e0cnids i baies.<\/span><span style=\"font-weight: 400;\"><br \/>\n<\/span><span style=\"font-weight: 400;\">Les poblacions septentrionals d&#8217;aquest ocell hivernen a l&#8217;\u00c0frica del Nord i al sud d&#8217;Europa.<\/span><span style=\"font-weight: 400;\"><br \/>\n<\/span><span style=\"font-weight: 400;\">Als Pa\u00efsos Catalans a l&#8217;estiu viu sobretot a les roques dels cims del Pirineu, per\u00f2 tamb\u00e9 s&#8217;ha anat adaptant a les construccions enrunades o abandonades situades en llocs diversos.<\/span><\/p>\n<p><span style=\"font-weight: 400;\">En migraci\u00f3 o a l&#8217;hivern es troba en qualsevol indret rocall\u00f3s. Als Pa\u00efsos Catalans, a les poblacions sedent\u00e0ries s&#8217;hi afegeixen els migrants transpirinencs i es pot trobar a tot el territori, incloent les Balears, i a Catalunya la m\u00e0xima abund\u00e0ncia es despla\u00e7a del Pirineu a les comarques costaneres.<\/span><\/p>\n<p style=\"text-align: right;\"><span style=\"font-size: 10pt;\"><span style=\"font-weight: 400;\">Viquip\u00e8dia<br \/>\n<\/span><span style=\"font-weight: 400;\">Fitxa SIOC (Servei d\u2019informaci\u00f3 ornitol\u00f2gica de Catalunya<br \/>\n<\/span><span style=\"font-weight: 400;\">Per veure la fitxa completa, clica aquest enlla\u00e7: <\/span><a href=\"http:\/\/www.sioc.cat\/fitxa.php?sci=0&amp;sp=PHOOCH\"><span style=\"font-weight: 400;\">COTXA FUMADA<\/span><\/a><\/span><br \/>\n<span style=\"font-weight: 400; font-size: 10pt;\">Podr\u00e0s sentir el seu cant o reclam<\/span><\/p>\n<p>&nbsp;<\/p>\n<h6 style=\"text-align: center;\"><span style=\"font-size: 18pt; color: #333399;\"><span style=\"font-size: 24pt;\"><strong><span style=\"font-size: 8pt;\"><span style=\"font-size: 18pt;\"><span style=\"font-size: 12pt;\"><span style=\"font-size: 14pt;\"><a href=\"https:\/\/agora.xtec.cat\/ceip-lola-anglada-esplugues\/wp-content\/uploads\/usu1507\/2023\/11\/OA-09-2324.jpg\"><img loading=\"lazy\" decoding=\"async\" class=\"aligncenter size-full wp-image-7195\" src=\"https:\/\/agora.xtec.cat\/ceip-lola-anglada-esplugues\/wp-content\/uploads\/usu1507\/2023\/11\/OA-09-2324.jpg\" alt=\"\" width=\"1195\" height=\"768\" srcset=\"https:\/\/agora.xtec.cat\/ceip-lola-anglada-esplugues\/wp-content\/uploads\/usu1507\/2023\/11\/OA-09-2324.jpg 1195w, https:\/\/agora.xtec.cat\/ceip-lola-anglada-esplugues\/wp-content\/uploads\/usu1507\/2023\/11\/OA-09-2324-300x193.jpg 300w, https:\/\/agora.xtec.cat\/ceip-lola-anglada-esplugues\/wp-content\/uploads\/usu1507\/2023\/11\/OA-09-2324-1024x658.jpg 1024w, https:\/\/agora.xtec.cat\/ceip-lola-anglada-esplugues\/wp-content\/uploads\/usu1507\/2023\/11\/OA-09-2324-768x494.jpg 768w\" sizes=\"auto, (max-width: 1195px) 100vw, 1195px\" \/><\/a>5\u00aa Entrega\u00a0 \u00a0 \u00a0OCELL AMAGAT n\u00ba 09:\u00a0 COTORRA DE KRAMER<\/span><\/span><\/span><\/span><\/strong><\/span><\/span><\/h6>\n<h6 style=\"text-align: center;\"><span style=\"font-size: 14pt; color: #333399;\"><strong>\u00a0<\/strong><strong>Per\u00edode per respondre: de dijous 23 a dimecres 29 de novembre<\/strong><\/span><\/h6>\n<p><span style=\"font-weight: 400;\">La cotorra de Kramer \u00e9s un ocell originari de zones tropicals d&#8217;\u00c0frica i \u00c0sia que va apar\u00e8ixer a Catalunya a la d\u00e8cada dels 1970. Actualment se la pot trobar a les \u00e0rees costaneres de la prov\u00edncia de Barcelona.<\/span><\/p>\n<p><span style=\"font-weight: 400;\">El seu nom fa honor al naturalista austr\u00edac Wilhelm Heinrich Kramer.<\/span><\/p>\n<p><span style=\"font-weight: 400;\">Presenta dimorfisme sexual: els mascles adult tenen un collaret fi vermell que destaca sobre el plomatge verd; les femelles i els individus immadurs dels dos sexes o b\u00e9 no tenen el collaret o b\u00e9 el presenten d&#8217;un color gris p\u00e0l\u00b7lid.<\/span><\/p>\n<p style=\"text-align: right;\"><span style=\"font-size: 10pt;\"><span style=\"font-weight: 400;\">Viquip\u00e8dia<br \/>\n<\/span><span style=\"font-weight: 400;\">Fitxa SIOC (Servei d\u2019informaci\u00f3 ornitol\u00f2gica de Catalunya<br \/>\n<\/span><span style=\"font-weight: 400;\">Per veure la fitxa completa, clica aquest enlla\u00e7: <\/span><a href=\"http:\/\/www.sioc.cat\/fitxa.php?sci=0&amp;sp=PSIKRA\"><span style=\"font-weight: 400;\">COTORRA DE KRAMER<\/span><\/a><\/span><br \/>\n<span style=\"font-weight: 400; font-size: 10pt;\">Podr\u00e0s sentir el seu cant o reclam<\/span><\/p>\n<p>&nbsp;<\/p>\n<h6 style=\"text-align: center;\"><span style=\"font-size: 18pt; color: #ff6600;\"><span style=\"font-size: 24pt;\"><strong><span style=\"font-size: 8pt;\"><span style=\"font-size: 18pt;\"><span style=\"color: #666699;\"><a href=\"https:\/\/agora.xtec.cat\/ceip-lola-anglada-esplugues\/wp-content\/uploads\/usu1507\/2023\/11\/OA-08-2324.jpg\"><img loading=\"lazy\" decoding=\"async\" class=\"aligncenter size-full wp-image-7162\" src=\"https:\/\/agora.xtec.cat\/ceip-lola-anglada-esplugues\/wp-content\/uploads\/usu1507\/2023\/11\/OA-08-2324.jpg\" alt=\"\" width=\"1194\" height=\"768\" srcset=\"https:\/\/agora.xtec.cat\/ceip-lola-anglada-esplugues\/wp-content\/uploads\/usu1507\/2023\/11\/OA-08-2324.jpg 1194w, https:\/\/agora.xtec.cat\/ceip-lola-anglada-esplugues\/wp-content\/uploads\/usu1507\/2023\/11\/OA-08-2324-300x193.jpg 300w, https:\/\/agora.xtec.cat\/ceip-lola-anglada-esplugues\/wp-content\/uploads\/usu1507\/2023\/11\/OA-08-2324-1024x659.jpg 1024w, https:\/\/agora.xtec.cat\/ceip-lola-anglada-esplugues\/wp-content\/uploads\/usu1507\/2023\/11\/OA-08-2324-768x494.jpg 768w\" sizes=\"auto, (max-width: 1194px) 100vw, 1194px\" \/><\/a><\/span><\/span><\/span><\/strong><\/span><\/span><\/h6>\n<h6 style=\"text-align: center;\"><span style=\"font-size: 18pt; color: #333399;\"><span style=\"font-size: 24pt;\"><strong><span style=\"font-size: 8pt;\"><span style=\"font-size: 18pt;\"><span style=\"font-size: 12pt;\"><span style=\"font-size: 14pt;\">4\u00aa Entrega\u00a0 \u00a0 \u00a0OCELL AMAGAT n\u00ba 08:\u00a0 BLAUET COM\u00da<\/span><\/span><\/span><\/span><\/strong><\/span><\/span><\/h6>\n<h6 style=\"text-align: center;\"><span style=\"font-size: 14pt; color: #333399;\"><strong>\u00a0<\/strong><strong>Per\u00edode per respondre: de dijous 16 a dimecres 22 de novembre<\/strong><\/span><\/h6>\n<p><span style=\"font-weight: 400;\">El blauet com\u00fa (<\/span><i><span style=\"font-weight: 400;\">Alcedo atthis<\/span><\/i><span style=\"font-weight: 400;\">) \u00e9s un moix\u00f3 no passeriforme que \u00e9s el m\u00e9s acolorit d&#8217;entre els ocells aqu\u00e0tics, presenta una dieta principalment icti\u00f2faga (peixos), nidifica en forats excavats en talussos terrosos vora l&#8217;aigua i \u00e9s for\u00e7a sensible a l&#8217;estat dels corrents fluvials i masses d&#8217;aigua. \u00c9s un moix\u00f3 de l&#8217;ordre dels coraciformes i de la fam\u00edlia dels alced\u00ednids.<\/span><\/p>\n<p><span style=\"font-weight: 400;\">La coloraci\u00f3 \u00e9s de les m\u00e9s vistoses i cridaneres de l&#8217;avifauna catalana i consisteix fonamentalment en un contrast entre el dors turquesa i el dessota rogenc amb la gola blanca. El bec dels mascles \u00e9s completament negre i les femelles presenten una coloraci\u00f3 vermellosa en la zona proximal inferior i les potes que no presenten escates dures s\u00f3n vermelles.<\/span><\/p>\n<p><span style=\"font-weight: 400;\">El seu aspecte \u00e9s rodanx\u00f3 rematat per un bec extraordin\u00e0riament llarg i punxegut, amb ales arrodonides i cua molt curta. La seva morfologia fusiforme i aerodin\u00e0mica est\u00e0 especialment capacitada per a penetrar rabent a l&#8217;aigua des d&#8217;una certa altura per tal de caure de forma precisa sobre peixos i diversos animalons aqu\u00e0tics. El bec robust i poder\u00f3s, i en forma de punyal, constitueix una eina fonamental en el proc\u00e9s, perfectament adient per a penetrar l&#8217;aigua sense resist\u00e8ncia i alhora immobilitzar fermament les esmunyedisses preses.<\/span><\/p>\n<p>&nbsp;<\/p>\n<p style=\"text-align: right;\"><span style=\"font-size: 10pt;\"><span style=\"font-weight: 400;\">Viquip\u00e8dia<br \/>\n<\/span><span style=\"font-weight: 400;\">Fitxa SIOC (Servei d\u2019informaci\u00f3 ornitol\u00f2gica de Catalunya<br \/>\n<\/span><span style=\"font-weight: 400;\">Per veure la fitxa completa, clica aquest enlla\u00e7: <\/span><a href=\"http:\/\/www.sioc.cat\/fitxa.php?sci=0&amp;sp=ALCATT\"><span style=\"font-weight: 400;\">BLAUET COM\u00da<\/span><\/a><\/span><br \/>\n<span style=\"font-weight: 400; font-size: 10pt;\">Podr\u00e0s sentir el seu cant o reclam<\/span><\/p>\n<p>&nbsp;<\/p>\n<h6 style=\"text-align: center;\"><span style=\"font-size: 18pt; color: #ff6600;\"><span style=\"font-size: 24pt;\"><strong><span style=\"font-size: 8pt;\"><span style=\"font-size: 18pt;\"><span style=\"color: #666699;\"><a href=\"https:\/\/agora.xtec.cat\/ceip-lola-anglada-esplugues\/wp-content\/uploads\/usu1507\/2023\/11\/OA-07-2324.jpg\"><img loading=\"lazy\" decoding=\"async\" class=\"aligncenter size-full wp-image-7161\" src=\"https:\/\/agora.xtec.cat\/ceip-lola-anglada-esplugues\/wp-content\/uploads\/usu1507\/2023\/11\/OA-07-2324.jpg\" alt=\"\" width=\"1175\" height=\"787\" srcset=\"https:\/\/agora.xtec.cat\/ceip-lola-anglada-esplugues\/wp-content\/uploads\/usu1507\/2023\/11\/OA-07-2324.jpg 1175w, https:\/\/agora.xtec.cat\/ceip-lola-anglada-esplugues\/wp-content\/uploads\/usu1507\/2023\/11\/OA-07-2324-300x201.jpg 300w, https:\/\/agora.xtec.cat\/ceip-lola-anglada-esplugues\/wp-content\/uploads\/usu1507\/2023\/11\/OA-07-2324-1024x686.jpg 1024w, https:\/\/agora.xtec.cat\/ceip-lola-anglada-esplugues\/wp-content\/uploads\/usu1507\/2023\/11\/OA-07-2324-768x514.jpg 768w\" sizes=\"auto, (max-width: 1175px) 100vw, 1175px\" \/><\/a><\/span><\/span><\/span><\/strong><\/span><\/span><\/h6>\n<h6 style=\"text-align: center;\"><span style=\"font-size: 18pt; color: #333399;\"><span style=\"font-size: 24pt;\"><strong><span style=\"font-size: 8pt;\"><span style=\"font-size: 18pt;\"><span style=\"font-size: 12pt;\"><span style=\"font-size: 14pt;\">4\u00aa Entrega\u00a0 \u00a0 \u00a0OCELL AMAGAT n\u00ba 07:\u00a0 GAFARR\u00d3 EUROPEU<\/span><\/span><\/span><\/span><\/strong><\/span><\/span><\/h6>\n<h6 style=\"text-align: center;\"><span style=\"font-size: 14pt; color: #333399;\"><strong>\u00a0<\/strong><strong>Per\u00edode per respondre: de dijous 16 a dimecres 22 de novembre<\/strong><\/span><\/h6>\n<p><span style=\"font-weight: 400;\">El gafarr\u00f3 europeu (<\/span><i><span style=\"font-weight: 400;\">Serinus serinus<\/span><\/i><span style=\"font-weight: 400;\">),\u00e9s un ocell de l&#8217;ordre dels passeriformes que \u00e9s un resident com\u00fa arreu del litoral mediterrani, des del nivell del mar fins a l&#8217;alta muntanya. Es distribueix naturalment a gran part d&#8217;Europa, des de la Mediterr\u00e0nia, on \u00e9s sedentari (i a les nostres contrades molt com\u00fa<\/span><a href=\"https:\/\/ca.wikipedia.org\/wiki\/Gafarr%C3%B3#cite_note-scoc-4\"><span style=\"font-weight: 400;\">]<\/span><\/a><span style=\"font-weight: 400;\">) fins a Europa Central, on nom\u00e9s es troba a l&#8217;estiu.<\/span><\/p>\n<p><span style=\"font-weight: 400;\">\u00c9s un ocell d&#8217;uns 12 cm, parent del canari. T\u00e9 el bec fort, curt i c\u00f2nic, i \u00e9s d&#8217;un color bru groguenc llistat de negre amb el carp\u00f3, el front, la llista ocular, el pit i la gola de color groc. Les femelles i els joves s\u00f3n d&#8217;un color bru vermell\u00f3s, amb un disseny que recorda el dels mascles per\u00f2 sense groc.<\/span><\/p>\n<p><span style=\"font-weight: 400;\">Del seu cant es diu que &#8220;fregeix&#8221; pel xerroteig delicat.<\/span><\/p>\n<h6 style=\"text-align: center;\"><span style=\"font-size: 14pt; color: #333399;\"><strong>\u00a0<\/strong><\/span><\/h6>\n<p style=\"text-align: right;\"><span style=\"font-size: 10pt;\"><span style=\"font-weight: 400;\">Viquip\u00e8dia<br \/>\n<\/span><span style=\"font-weight: 400;\">Fitxa SIOC (Servei d\u2019informaci\u00f3 ornitol\u00f2gica de Catalunya<br \/>\n<\/span><span style=\"font-weight: 400;\">Per veure la fitxa completa, clica aquest enlla\u00e7: <\/span><a href=\"http:\/\/www.sioc.cat\/fitxa.php?sci=0&amp;sp=SERSER\"><span style=\"font-weight: 400;\">GAFARR\u00d3 EUROPEU<\/span><\/a><\/span><br \/>\n<span style=\"font-weight: 400; font-size: 10pt;\">Podr\u00e0s sentir el seu cant o reclam<\/span><\/p>\n<p>&nbsp;<\/p>\n<h6 style=\"text-align: center;\"><span style=\"font-size: 18pt; color: #ff6600;\"><span style=\"font-size: 24pt;\"><strong><span style=\"font-size: 8pt;\"><span style=\"font-size: 18pt;\"><span style=\"color: #666699;\"><a href=\"https:\/\/agora.xtec.cat\/ceip-lola-anglada-esplugues\/wp-content\/uploads\/usu1507\/2023\/11\/OA-06-2324.jpg\"><img loading=\"lazy\" decoding=\"async\" class=\"aligncenter size-full wp-image-7131\" src=\"https:\/\/agora.xtec.cat\/ceip-lola-anglada-esplugues\/wp-content\/uploads\/usu1507\/2023\/11\/OA-06-2324.jpg\" alt=\"\" width=\"1168\" height=\"785\" srcset=\"https:\/\/agora.xtec.cat\/ceip-lola-anglada-esplugues\/wp-content\/uploads\/usu1507\/2023\/11\/OA-06-2324.jpg 1168w, https:\/\/agora.xtec.cat\/ceip-lola-anglada-esplugues\/wp-content\/uploads\/usu1507\/2023\/11\/OA-06-2324-300x202.jpg 300w, https:\/\/agora.xtec.cat\/ceip-lola-anglada-esplugues\/wp-content\/uploads\/usu1507\/2023\/11\/OA-06-2324-1024x688.jpg 1024w, https:\/\/agora.xtec.cat\/ceip-lola-anglada-esplugues\/wp-content\/uploads\/usu1507\/2023\/11\/OA-06-2324-768x516.jpg 768w\" sizes=\"auto, (max-width: 1168px) 100vw, 1168px\" \/><\/a><\/span><\/span><\/span><\/strong><\/span><\/span><\/h6>\n<h6 style=\"text-align: center;\"><span style=\"font-size: 18pt; color: #333399;\"><span style=\"font-size: 24pt;\"><strong><span style=\"font-size: 8pt;\"><span style=\"font-size: 18pt;\"><span style=\"font-size: 12pt;\"><span style=\"font-size: 14pt;\">3\u00aa Entrega\u00a0 \u00a0 \u00a0OCELL AMAGAT n\u00ba 06:\u00a0 CADERNERA EUROPEA<\/span><\/span><\/span><\/span><\/strong><\/span><\/span><\/h6>\n<h6 style=\"text-align: center;\"><span style=\"font-size: 14pt; color: #333399;\"><strong>\u00a0<\/strong><strong>Per\u00edode per respondre: de dijous 9 a dimecres 15 de novembre<\/strong><\/span><\/h6>\n<p><span style=\"font-weight: 400;\">La cadernera europea o senzillament cadernera (<\/span><i><span style=\"font-weight: 400;\">Carduelis carduelis<\/span><\/i><span style=\"font-weight: 400;\">) \u00e9s un ocell de la fam\u00edlia dels fring\u00edl\u00b7lids. El nom cient\u00edfic fa refer\u00e8ncia a la seva afici\u00f3 per les llavors dels cards, sobre els quals es posa per a anar-les extraient una a una. El bec esmolat li permet de fer-ho sense fer-se mal amb les espines que les protegeixen.<\/span><\/p>\n<p><span style=\"font-weight: 400;\">Fa uns 12,5 cm de llarg\u00e0ria. T\u00e9 el bec esvelt i la cua escotada. Els adults tenen el cap blanc, negre i escarlata; les ales negres clapejades amb un color groc, el carp\u00f3 blanquin\u00f3s i la cua negra. Els immadurs presenten el cap, el dors i el pit d&#8217;un color grisenc, amb ratlles apagades.<\/span><\/p>\n<h6 style=\"text-align: center;\"><span style=\"font-size: 14pt; color: #333399;\"><strong>\u00a0<\/strong><\/span><\/h6>\n<p style=\"text-align: right;\"><span style=\"font-size: 10pt;\"><span style=\"font-weight: 400;\">Viquip\u00e8dia<br \/>\n<\/span><span style=\"font-weight: 400;\">Fitxa SIOC (Servei d\u2019informaci\u00f3 ornitol\u00f2gica de Catalunya<br \/>\n<\/span><span style=\"font-weight: 400;\">Per veure la fitxa completa, clica aquest enlla\u00e7: <\/span><a href=\"http:\/\/www.sioc.cat\/fitxa.php?sci=0&amp;sp=CARCAR\"><span style=\"font-weight: 400;\">CADERNERA EUROPEA<\/span><\/a><\/span><br \/>\n<span style=\"font-weight: 400; font-size: 10pt;\">Podr\u00e0s sentir el seu cant o reclam<\/span><\/p>\n<p>&nbsp;<\/p>\n<h6 style=\"text-align: center;\"><span style=\"font-size: 18pt; color: #ff6600;\"><span style=\"font-size: 24pt;\"><strong><span style=\"font-size: 8pt;\"><span style=\"font-size: 18pt;\"><span style=\"color: #666699;\"><a href=\"https:\/\/agora.xtec.cat\/ceip-lola-anglada-esplugues\/wp-content\/uploads\/usu1507\/2023\/11\/OA-05-2324.jpg\"><img loading=\"lazy\" decoding=\"async\" class=\"aligncenter size-full wp-image-7130\" src=\"https:\/\/agora.xtec.cat\/ceip-lola-anglada-esplugues\/wp-content\/uploads\/usu1507\/2023\/11\/OA-05-2324.jpg\" alt=\"\" width=\"1195\" height=\"768\" srcset=\"https:\/\/agora.xtec.cat\/ceip-lola-anglada-esplugues\/wp-content\/uploads\/usu1507\/2023\/11\/OA-05-2324.jpg 1195w, https:\/\/agora.xtec.cat\/ceip-lola-anglada-esplugues\/wp-content\/uploads\/usu1507\/2023\/11\/OA-05-2324-300x193.jpg 300w, https:\/\/agora.xtec.cat\/ceip-lola-anglada-esplugues\/wp-content\/uploads\/usu1507\/2023\/11\/OA-05-2324-1024x658.jpg 1024w, https:\/\/agora.xtec.cat\/ceip-lola-anglada-esplugues\/wp-content\/uploads\/usu1507\/2023\/11\/OA-05-2324-768x494.jpg 768w\" sizes=\"auto, (max-width: 1195px) 100vw, 1195px\" \/><\/a><\/span><\/span><\/span><\/strong><\/span><\/span><\/h6>\n<h6 style=\"text-align: center;\"><span style=\"font-size: 18pt; color: #333399;\"><span style=\"font-size: 24pt;\"><strong><span style=\"font-size: 8pt;\"><span style=\"font-size: 18pt;\"><span style=\"font-size: 12pt;\"><span style=\"font-size: 14pt;\">3\u00aa Entrega\u00a0 \u00a0 \u00a0OCELL AMAGAT n\u00ba 05:\u00a0 COTORRETA PITGRISA<\/span><\/span><\/span><\/span><\/strong><\/span><\/span><\/h6>\n<h6 style=\"text-align: center;\"><span style=\"font-size: 14pt; color: #333399;\"><strong>\u00a0<\/strong><strong>Per\u00edode per respondre: de dijous 9 a dimecres 15 de novembre<\/strong><\/span><\/h6>\n<p><span style=\"font-weight: 400;\">La <\/span><b>cotorreta pitgrisa<\/b><span style=\"font-weight: 400;\"> (<\/span><i><span style=\"font-weight: 400;\">Myiopsitta monachus<\/span><\/i><span style=\"font-weight: 400;\">), \u00e9s un ocell que pertany a l&#8217;ordre dels psitaciformes, com els lloros, les cacatues o els periquitos. \u00c9s originari de l&#8217;Am\u00e8rica del Sud, per\u00f2 ha colonitzat recentment diferents llocs d&#8217;Europa i Nord-am\u00e8rica, a partir d&#8217;individus escapats de la captivitat, ja que \u00e9s comuna com a mascota.<\/span><\/p>\n<p><span style=\"font-weight: 400;\">Aquestes cotorres, s&#8217;importaven d&#8217;Am\u00e8rica del Sud (Argentina) per a vendre-les en botigues d&#8217;animals dom\u00e8stics com a mascotes. Es transportaven en unes grans g\u00e0bies en vaixells de mercaderies. En una d&#8217;aquestes travesses pel Mar Mediterrani les cotorretes van aconseguir escapar-se i, d&#8217;aqu\u00ed, la seva expansi\u00f3. Es van adaptar, f\u00e0cilment, a la nova situaci\u00f3 geogr\u00e0fica, que van trobar id\u00f2nia per a reproduir-se.<\/span><\/p>\n<p><span style=\"font-weight: 400;\">La cotorra de pit gris es caracteritza, com b\u00e9 diu el seu nom, perqu\u00e8 t\u00e9 la part alta del pit i el front de color gris. La panxa pot ser una mica m\u00e9s grogosa que el pit i la resta del cos \u00e9s verda. Les ales s\u00f3n punxegudes, com la cua, i poden presentar tons blavosos o verd fosc. S\u00f3n greg\u00e0ries i molt sorolloses, amb un vol r\u00e0pid, bategant molt les ales, i normalment no gaire alt.<\/span><\/p>\n<h6 style=\"text-align: center;\"><span style=\"font-size: 14pt; color: #333399;\"><strong>\u00a0<\/strong><\/span><\/h6>\n<p style=\"text-align: right;\"><span style=\"font-weight: 400; font-size: 10pt;\">Viquip\u00e8dia<br \/>\n<\/span><span style=\"font-weight: 400; font-size: 10pt;\">Fitxa SIOC (Servei d\u2019informaci\u00f3 ornitol\u00f2gica de Catalunya<br \/>\n<\/span><span style=\"font-size: 10pt;\"><span style=\"font-weight: 400;\">Per veure la fitxa completa, clica aquest enlla\u00e7: <\/span><a href=\"http:\/\/www.sioc.cat\/fitxa.php?sci=0&amp;sp=MYIMON\"><span style=\"font-weight: 400;\">COTORRETA PITGRISA<\/span><\/a><br \/>\n<\/span><span style=\"font-weight: 400; font-size: 10pt;\">Podr\u00e0s sentir el seu cant o reclam<\/span><\/p>\n<h6 style=\"text-align: center;\"><span style=\"font-size: 18pt; color: #ff6600;\"><span style=\"font-size: 24pt;\"><strong><span style=\"font-size: 8pt;\"><span style=\"font-size: 18pt;\"><span style=\"color: #666699;\"><a href=\"https:\/\/agora.xtec.cat\/ceip-lola-anglada-esplugues\/wp-content\/uploads\/usu1507\/2023\/11\/OA-04-2324.jpg\"><img loading=\"lazy\" decoding=\"async\" class=\"aligncenter size-full wp-image-7050\" src=\"https:\/\/agora.xtec.cat\/ceip-lola-anglada-esplugues\/wp-content\/uploads\/usu1507\/2023\/11\/OA-04-2324.jpg\" alt=\"\" width=\"1187\" height=\"751\" srcset=\"https:\/\/agora.xtec.cat\/ceip-lola-anglada-esplugues\/wp-content\/uploads\/usu1507\/2023\/11\/OA-04-2324.jpg 1187w, https:\/\/agora.xtec.cat\/ceip-lola-anglada-esplugues\/wp-content\/uploads\/usu1507\/2023\/11\/OA-04-2324-300x190.jpg 300w, https:\/\/agora.xtec.cat\/ceip-lola-anglada-esplugues\/wp-content\/uploads\/usu1507\/2023\/11\/OA-04-2324-1024x648.jpg 1024w, https:\/\/agora.xtec.cat\/ceip-lola-anglada-esplugues\/wp-content\/uploads\/usu1507\/2023\/11\/OA-04-2324-768x486.jpg 768w\" sizes=\"auto, (max-width: 1187px) 100vw, 1187px\" \/><\/a><\/span><\/span><\/span><\/strong><\/span><\/span><\/h6>\n<h6 style=\"text-align: center;\"><span style=\"font-size: 18pt; color: #333399;\"><span style=\"font-size: 24pt;\"><strong><span style=\"font-size: 8pt;\"><span style=\"font-size: 18pt;\"><span style=\"font-size: 12pt;\"><span style=\"font-size: 14pt;\">2\u00aa Entrega\u00a0 \u00a0 \u00a0OCELL AMAGAT n\u00ba 04:\u00a0 CUERETA BLANCA<\/span><\/span><\/span><\/span><\/strong><\/span><\/span><\/h6>\n<h6 style=\"text-align: center;\"><span style=\"font-size: 14pt; color: #333399;\"><strong>\u00a0<\/strong><strong>Per\u00edode per respondre: de dijous 2 a dimecres 8 de novembre<\/strong><\/span><\/h6>\n<p><span style=\"font-weight: 400;\">La cuereta blanca (<\/span><i><span style=\"font-weight: 400;\">Motacilla alba<\/span><\/i><span style=\"font-weight: 400;\">) \u00e9s una esp\u00e8cie d&#8217;ocell de l&#8217;ordre dels passeriformes, molt abund\u00f3s arreu del territori dels Pa\u00efsos Catalans i durant tot l&#8217;any.<\/span><\/p>\n<p><span style=\"font-weight: 400;\">Fa 17-19 cm de llarg\u00e0ria total i 31 cm d&#8217;envergadura alar. Pesa 23 g. El mantell \u00e9s de color gris, negre i blanc i, per sota, \u00e9s tot blanc. T\u00e9 una cua molt llarga, negra i estreta que remena amunt i avall constantment. A l&#8217;estiu el mascle t\u00e9 la coroneta i nuca negres ben delimitades del gris del dors, el front, la part anterior de la coroneta i els costats de la cara blancs i un pitet negre intens, bandes alars i vores de les terci\u00e0ries blanques. La femella \u00e9s molt semblant al mascle per\u00f2 amb molt m\u00e9s gris a la coroneta i el pitet molt menys extens. A l&#8217;hivern el ment\u00f3 i la gorga s\u00f3n blanc brut, franja pectoral negra i front blanc amb lleugers matisos groguencs. Els joves tenen les galtes, la coroneta i les bandes pectorals grises.<\/span><\/p>\n<h6 style=\"text-align: center;\"><span style=\"font-size: 14pt; color: #333399;\"><strong>\u00a0<\/strong><\/span><\/h6>\n<p style=\"text-align: right;\"><span style=\"font-size: 10pt;\"><span style=\"font-weight: 400;\">Viquip\u00e8dia<br \/>\n<\/span><span style=\"font-weight: 400;\">Fitxa SIOC (Servei d\u2019informaci\u00f3 ornitol\u00f2gica de Catalunya<br \/>\n<\/span><span style=\"font-weight: 400;\">Per veure la fitxa completa, clica aquest enlla\u00e7: <\/span><a href=\"http:\/\/www.sioc.cat\/fitxa.php?sci=0&amp;sp=MOTALB\"><span style=\"font-weight: 400;\">CUERETA BLANCA<\/span><\/a><\/span><br \/>\n<span style=\"font-weight: 400; font-size: 10pt;\">Podr\u00e0s sentir el seu cant o reclam<\/span><\/p>\n<p>&nbsp;<\/p>\n<h6 style=\"text-align: center;\"><span style=\"font-size: 18pt; color: #ff6600;\"><span style=\"font-size: 24pt;\"><strong><span style=\"font-size: 8pt;\"><span style=\"font-size: 18pt;\"><span style=\"color: #666699;\"><a href=\"https:\/\/agora.xtec.cat\/ceip-lola-anglada-esplugues\/wp-content\/uploads\/usu1507\/2023\/11\/OA-03-2324.jpg\"><img loading=\"lazy\" decoding=\"async\" class=\"aligncenter size-full wp-image-7049\" src=\"https:\/\/agora.xtec.cat\/ceip-lola-anglada-esplugues\/wp-content\/uploads\/usu1507\/2023\/11\/OA-03-2324.jpg\" alt=\"\" width=\"1193\" height=\"771\" srcset=\"https:\/\/agora.xtec.cat\/ceip-lola-anglada-esplugues\/wp-content\/uploads\/usu1507\/2023\/11\/OA-03-2324.jpg 1193w, https:\/\/agora.xtec.cat\/ceip-lola-anglada-esplugues\/wp-content\/uploads\/usu1507\/2023\/11\/OA-03-2324-300x194.jpg 300w, https:\/\/agora.xtec.cat\/ceip-lola-anglada-esplugues\/wp-content\/uploads\/usu1507\/2023\/11\/OA-03-2324-1024x662.jpg 1024w, https:\/\/agora.xtec.cat\/ceip-lola-anglada-esplugues\/wp-content\/uploads\/usu1507\/2023\/11\/OA-03-2324-768x496.jpg 768w\" sizes=\"auto, (max-width: 1193px) 100vw, 1193px\" \/><\/a><\/span><\/span><\/span><\/strong><\/span><\/span><\/h6>\n<h6 style=\"text-align: center;\"><span style=\"font-size: 18pt; color: #333399;\"><span style=\"font-size: 24pt;\"><strong><span style=\"font-size: 8pt;\"><span style=\"font-size: 18pt;\"><span style=\"font-size: 12pt;\"><span style=\"font-size: 14pt;\">2\u00aa Entrega\u00a0 \u00a0 \u00a0OCELL AMAGAT n\u00ba 03:\u00a0 COLOM ROQUER<\/span><\/span><\/span><\/span><\/strong><\/span><\/span><\/h6>\n<h6 style=\"text-align: center;\"><span style=\"font-size: 14pt; color: #333399;\"><strong>\u00a0<\/strong><strong>Per\u00edode per respondre: de dijous 2 a dimecres 8 de novembre<\/strong><\/span><\/h6>\n<p><span style=\"font-weight: 400;\">Els adults mesuren entre 29 i 37 cm de llarg i tenen una envergadura alar de 62 a 72 cm. El pes dels coloms roquers salvatges o assilvestrats oscil\u00b7la entre els 238 i 380 g. El seu plomatge \u00e9s en general de color gris blav\u00f3s, m\u00e9s fosc al cap, coll i pit, on a m\u00e9s presenten iridesc\u00e8ncies verds i viol\u00e0cies. Es caracteritza per presentar dues bandes negres i tenir el carp\u00f3 blanc. Les cobertores inferiors de les seves ales s\u00f3n blanquinoses i la punta de les r\u00e8miges \u00e9s negrosa. La seva cua t\u00e9 una banda negra a l&#8217;extrem rematada amb un fi vora blanca. L&#8217;iris dels seus ulls \u00e9s taronja, vermell o daurat, i tenen un fi anell ocular nu gris blav\u00f3s. El seu bec \u00e9s negr\u00f3s i presenta en la seva part superior una cera blanquinosa, i les seves potes s\u00f3n de color vermell purpuri.<\/span><\/p>\n<h6 style=\"text-align: center;\"><span style=\"font-size: 14pt; color: #333399;\"><strong>\u00a0<\/strong><\/span><\/h6>\n<p style=\"text-align: right;\"><span style=\"font-size: 10pt;\"><span style=\"font-weight: 400;\">Viquip\u00e8dia<br \/>\n<\/span><span style=\"font-weight: 400;\">Fitxa SIOC (Servei d\u2019informaci\u00f3 ornitol\u00f2gica de Catalunya<br \/>\n<\/span><span style=\"font-weight: 400;\">Per veure la fitxa completa, clica aquest enlla\u00e7: <\/span><a href=\"http:\/\/www.sioc.cat\/fitxa.php?sci=0&amp;sp=COLLIV\"><span style=\"font-weight: 400;\">COLOM ROQUER<\/span><\/a><\/span><br \/>\n<span style=\"font-weight: 400; font-size: 10pt;\">Podr\u00e0s sentir el seu cant o reclam<\/span><\/p>\n<p>&nbsp;<\/p>\n<h6 style=\"text-align: center;\"><span style=\"font-size: 18pt; color: #ff6600;\"><span style=\"font-size: 24pt;\"><strong><span style=\"font-size: 8pt;\"><span style=\"font-size: 18pt;\"><a href=\"https:\/\/agora.xtec.cat\/ceip-lola-anglada-esplugues\/wp-content\/uploads\/usu1507\/2023\/10\/OA-02-2324.jpg\"><img loading=\"lazy\" decoding=\"async\" class=\"aligncenter size-full wp-image-7018\" src=\"https:\/\/agora.xtec.cat\/ceip-lola-anglada-esplugues\/wp-content\/uploads\/usu1507\/2023\/10\/OA-02-2324.jpg\" alt=\"\" width=\"1177\" height=\"771\" srcset=\"https:\/\/agora.xtec.cat\/ceip-lola-anglada-esplugues\/wp-content\/uploads\/usu1507\/2023\/10\/OA-02-2324.jpg 1177w, https:\/\/agora.xtec.cat\/ceip-lola-anglada-esplugues\/wp-content\/uploads\/usu1507\/2023\/10\/OA-02-2324-300x197.jpg 300w, https:\/\/agora.xtec.cat\/ceip-lola-anglada-esplugues\/wp-content\/uploads\/usu1507\/2023\/10\/OA-02-2324-1024x671.jpg 1024w, https:\/\/agora.xtec.cat\/ceip-lola-anglada-esplugues\/wp-content\/uploads\/usu1507\/2023\/10\/OA-02-2324-768x503.jpg 768w\" sizes=\"auto, (max-width: 1177px) 100vw, 1177px\" \/><\/a><\/span><\/span><\/strong><\/span><\/span><\/h6>\n<h6 style=\"text-align: center;\"><span style=\"font-size: 18pt; color: #333399;\"><span style=\"font-size: 24pt;\"><strong><span style=\"font-size: 8pt;\"><span style=\"font-size: 18pt;\"><span style=\"font-size: 18pt;\"><span style=\"font-size: 12pt;\"><span style=\"font-size: 14pt;\">1\u00aa Entrega\u00a0 \u00a0 \u00a0OCELL AMAGAT n\u00ba 02:\u00a0 GARSA EURASI\u00c0TICA<\/span><\/span><\/span><\/span><\/span><\/strong><\/span><\/span><\/h6>\n<h6 style=\"text-align: center;\"><span style=\"font-size: 14pt; color: #333399;\"><strong>\u00a0<\/strong><strong>Per\u00edode per respondre:\u00a0de dijous 12 d&#8217;octubre\u00a0 a dimecres 1 de novembre<\/strong><\/span><\/h6>\n<p><span style=\"font-weight: 400;\">\u00c9s f\u00e0cil d&#8217;identificar pel color, blanc al ventre i a les ales, i negre a la resta del cos, amb irisacions de to blau, verd o morat a les vores de les ales i a la cua. Fa uns 46 cent\u00edmetres de llargada.<br \/>\n<\/span><span style=\"font-weight: 400;\">Resident com\u00fa per tot el territori, a excepci\u00f3 de les cotes m\u00e9s altes pirinenques i prepirinenques, i al sud del territori de forma local.<\/span><\/p>\n<p style=\"text-align: right;\"><span style=\"font-size: 10pt;\"><span style=\"font-weight: 400;\">Viquip\u00e8dia<br \/>\n<\/span><span style=\"font-weight: 400;\">Fitxa SIOC (Servei d\u2019informaci\u00f3 ornitol\u00f2gica de Catalunya<br \/>\n<\/span><span style=\"font-weight: 400;\">Per veure la fitxa completa, clica aquest enlla\u00e7: <\/span><a href=\"http:\/\/www.sioc.cat\/fitxa.php?sci=0&amp;sp=PICPIC\"><span style=\"font-weight: 400;\">GARSA EURASI\u00c0TICA<\/span><\/a><\/span><br \/>\n<span style=\"font-weight: 400; font-size: 10pt;\">Podr\u00e0s sentir el seu cant o reclam<\/span><\/p>\n<p>&nbsp;<\/p>\n<p><a href=\"https:\/\/agora.xtec.cat\/ceip-lola-anglada-esplugues\/wp-content\/uploads\/usu1507\/2023\/10\/OA-01-2324-1.jpg\"><img loading=\"lazy\" decoding=\"async\" class=\"aligncenter size-full wp-image-7017\" src=\"https:\/\/agora.xtec.cat\/ceip-lola-anglada-esplugues\/wp-content\/uploads\/usu1507\/2023\/10\/OA-01-2324-1.jpg\" alt=\"\" width=\"1186\" height=\"733\" srcset=\"https:\/\/agora.xtec.cat\/ceip-lola-anglada-esplugues\/wp-content\/uploads\/usu1507\/2023\/10\/OA-01-2324-1.jpg 1186w, https:\/\/agora.xtec.cat\/ceip-lola-anglada-esplugues\/wp-content\/uploads\/usu1507\/2023\/10\/OA-01-2324-1-300x185.jpg 300w, https:\/\/agora.xtec.cat\/ceip-lola-anglada-esplugues\/wp-content\/uploads\/usu1507\/2023\/10\/OA-01-2324-1-1024x633.jpg 1024w, https:\/\/agora.xtec.cat\/ceip-lola-anglada-esplugues\/wp-content\/uploads\/usu1507\/2023\/10\/OA-01-2324-1-768x475.jpg 768w\" sizes=\"auto, (max-width: 1186px) 100vw, 1186px\" \/><\/a><\/p>\n<h6 style=\"text-align: center;\"><span style=\"font-size: 18pt; color: #333399;\"><span style=\"font-size: 24pt;\"><strong><span style=\"font-size: 8pt;\"><span style=\"font-size: 18pt;\"><span style=\"font-size: 18pt;\"><span style=\"font-size: 12pt;\"><span style=\"font-size: 14pt;\">1\u00aa Entrega\u00a0 \u00a0 \u00a0OCELL AMAGAT n\u00ba 01:\u00a0 PARDAL XARREC<\/span><\/span><\/span><\/span><\/span><\/strong><\/span><\/span><\/h6>\n<h6 style=\"text-align: center;\"><span style=\"font-size: 14pt; color: #333399;\"><strong>\u00a0<\/strong><strong>Per\u00edode per respondre:\u00a0de dijous 12 d&#8217;octubre\u00a0 a dimecres 1 de novembre<\/strong><\/span><\/h6>\n<p><span style=\"font-weight: 400;\">El <\/span>pardal xarrec<span style=\"font-weight: 400;\">, <\/span>pardal barraquer<span style=\"font-weight: 400;\"> o <\/span>teulad\u00ed morisc<span style=\"font-weight: 400;\"> (<\/span><i><span style=\"font-weight: 400;\">Passer montanus<\/span><\/i><span style=\"font-weight: 400;\">) \u00e9s una <\/span><span style=\"font-weight: 400;\">esp\u00e8cie<\/span><span style=\"font-weight: 400;\"> d&#8217;<\/span><span style=\"font-weight: 400;\">ocell<\/span><span style=\"font-weight: 400;\"> de l&#8217;<\/span><span style=\"font-weight: 400;\">ordre<\/span><span style=\"font-weight: 400;\"> dels <\/span><span style=\"font-weight: 400;\">passeriformes<\/span><span style=\"font-weight: 400;\"> i molt com\u00fa a la Catalunya continental.<br \/>\n<\/span><span style=\"font-weight: 400;\">Amida 14 cm de llarg\u00e0ria total. \u00c9s de colors m\u00e9s vius que el pardal com\u00fa, amb el <\/span><span style=\"font-weight: 400;\">pili<\/span><span style=\"font-weight: 400;\"> bru xocolata, una taca negra a la galta i una altra del mateix color a la gorja. A l&#8217;<\/span><span style=\"font-weight: 400;\">e<\/span><span style=\"font-weight: 400;\">st<\/span><span style=\"font-weight: 400;\">iu<\/span><span style=\"font-weight: 400;\">, el <\/span><span style=\"font-weight: 400;\">bec<\/span><span style=\"font-weight: 400;\"> \u00e9s blavenc mentre que a l&#8217;hivern \u00e9s gaireb\u00e9 negre. No presenta dimorfisme sexual.<\/span><\/p>\n<p style=\"text-align: right;\"><span style=\"font-size: 10pt;\"><span style=\"font-weight: 400;\">Viquip\u00e8dia<br \/>\n<\/span><span style=\"font-weight: 400;\">Fitxa SIOC (Servei d\u2019informaci\u00f3 ornitol\u00f2gica de Catalunya<br \/>\n<\/span><span style=\"font-weight: 400;\">Per veure la fitxa completa, clica aquest enlla\u00e7: <\/span><a href=\"http:\/\/www.sioc.cat\/fitxa.php?sci=0&amp;sp=PASMON\"><span style=\"font-weight: 400;\">PARDAL XARREC<\/span><\/a><\/span><br \/>\n<span style=\"font-weight: 400; font-size: 10pt;\">Podr\u00e0s sentir el seu cant o reclam<\/span><\/p>\n<p>&nbsp;<\/p>\n<p>&nbsp;<\/p>\n<p>&nbsp;<\/p>\n<h6 style=\"text-align: center;\"><span style=\"font-size: 18pt; color: #993300;\"><span style=\"font-size: 24pt;\"><strong>OCELL AMAGAT 2022-2023<span style=\"font-size: 8pt;\">.<\/span><\/strong><\/span><\/span><\/h6>\n<h6 style=\"text-align: center;\"><span style=\"font-size: 18pt; color: #339966;\"><span style=\"font-size: 24pt;\"><strong><span style=\"font-size: 8pt;\"><span style=\"font-size: 18pt;\">INICI DEL JOC\u00a0 (10 d&#8217;octubre de 2022)<br \/>\nFINAL DEL JOC\u00a0 (18 de juny de 2023)<\/span><\/span><\/strong><\/span><\/span><\/h6>\n<h6 style=\"text-align: center;\"><span style=\"font-size: 18pt; color: #339966;\"><span style=\"font-size: 24pt;\"><strong><span style=\"font-size: 8pt;\"><span style=\"font-size: 18pt;\"><span style=\"font-size: 18pt; color: #666699;\"><span style=\"color: #666699;\"><span style=\"font-size: 12pt;\"><span style=\"color: #800000;\"><a href=\"https:\/\/agora.xtec.cat\/ceip-lola-anglada-esplugues\/wp-content\/uploads\/usu1507\/2023\/06\/OA-50-2223.jpg\"><img loading=\"lazy\" decoding=\"async\" class=\"aligncenter size-full wp-image-6925\" src=\"https:\/\/agora.xtec.cat\/ceip-lola-anglada-esplugues\/wp-content\/uploads\/usu1507\/2023\/06\/OA-50-2223.jpg\" alt=\"\" width=\"897\" height=\"577\" srcset=\"https:\/\/agora.xtec.cat\/ceip-lola-anglada-esplugues\/wp-content\/uploads\/usu1507\/2023\/06\/OA-50-2223.jpg 897w, https:\/\/agora.xtec.cat\/ceip-lola-anglada-esplugues\/wp-content\/uploads\/usu1507\/2023\/06\/OA-50-2223-300x193.jpg 300w, https:\/\/agora.xtec.cat\/ceip-lola-anglada-esplugues\/wp-content\/uploads\/usu1507\/2023\/06\/OA-50-2223-768x494.jpg 768w\" sizes=\"auto, (max-width: 897px) 100vw, 897px\" \/><\/a>25\u00aa Entrega\u00a0 \u00a0 \u00a0OCELL AMAGAT n\u00ba 50:\u00a0 VERDUM EUROPEU<\/span><br \/>\n<span style=\"color: #800000;\">Per\u00edode per respondre:\u00a0<\/span><\/span><\/span><\/span><span style=\"font-size: 18pt; color: #800000;\"><span style=\"font-size: 12pt;\">de dilluns 12\u00a0 a diumenge 18 de juny<\/span><\/span><\/span><\/span><\/strong><\/span><\/span><\/h6>\n<p><span style=\"font-weight: 400;\">\u00c9s un ocell abundant i pot arribar a ser for\u00e7a abundant en h\u00e0bitats arbrats i boscosos com a parcs, jardins i terres de cultiu amb tanques i arbres dispersos. Forma estols a la tardor i l\u2019hivern, estenent-se tamb\u00e9 per camps m\u00e9s obert fins i tot en zones costaneres. Sovint visita menjadores de jard\u00ed. El mascle \u00e9s verd\u00f3s en general amb bec de color rosa p\u00e0l\u00b7lid fort i t\u00e9 marques grogues a l&#8217;ala i costats de la cua. La femella \u00e9s molt m\u00e9s bruna per\u00f2 comparteix el patr\u00f3 mascul\u00ed. Crida especialment l&#8217;atenci\u00f3 el seu bec gran rosat apagat i ala amb \u00e0rea groga.<\/span><\/p>\n<p style=\"text-align: right;\"><span style=\"font-weight: 400; font-size: 10pt;\">eBird. Merlin. Universitat de Cornell (Nova York. EEUU)<\/span><\/p>\n<p>&nbsp;<\/p>\n<h6 style=\"text-align: center;\"><span style=\"font-size: 18pt; color: #339966;\"><span style=\"font-size: 24pt;\"><strong><span style=\"font-size: 8pt;\"><span style=\"font-size: 18pt;\"><span style=\"font-size: 18pt; color: #666699;\"><span style=\"color: #666699;\"><span style=\"font-size: 12pt;\"><span style=\"color: #800000;\"><a href=\"https:\/\/agora.xtec.cat\/ceip-lola-anglada-esplugues\/wp-content\/uploads\/usu1507\/2023\/06\/OA-49-2223.jpg\"><img loading=\"lazy\" decoding=\"async\" class=\"aligncenter size-full wp-image-6924\" src=\"https:\/\/agora.xtec.cat\/ceip-lola-anglada-esplugues\/wp-content\/uploads\/usu1507\/2023\/06\/OA-49-2223.jpg\" alt=\"\" width=\"896\" height=\"633\" srcset=\"https:\/\/agora.xtec.cat\/ceip-lola-anglada-esplugues\/wp-content\/uploads\/usu1507\/2023\/06\/OA-49-2223.jpg 896w, https:\/\/agora.xtec.cat\/ceip-lola-anglada-esplugues\/wp-content\/uploads\/usu1507\/2023\/06\/OA-49-2223-300x212.jpg 300w, https:\/\/agora.xtec.cat\/ceip-lola-anglada-esplugues\/wp-content\/uploads\/usu1507\/2023\/06\/OA-49-2223-768x543.jpg 768w\" sizes=\"auto, (max-width: 896px) 100vw, 896px\" \/><\/a>25\u00aa Entrega\u00a0 \u00a0 \u00a0OCELL AMAGAT n\u00ba 49:\u00a0 MASTEGATATXES<\/span><br \/>\n<span style=\"color: #800000;\">Per\u00edode per respondre:\u00a0<\/span><\/span><\/span><\/span><span style=\"font-size: 18pt; color: #800000;\"><span style=\"font-size: 12pt;\">de dilluns 12\u00a0 a diumenge 18 de juny<\/span><\/span><\/span><\/span><\/strong><\/span><\/span><\/h6>\n<p><span style=\"font-weight: 400;\">\u00c9s un migrant estival present a la major part d&#8217;Europa amb hivernada a l&#8217;\u00c0frica que pot ser com\u00fa o escassejar en algunes zones. Es troba en boscos ombrejats, mixtos i caducifolis, especialment amb roures. S&#8217;alimenta d&#8217;insectes a tot tipus de vegetaci\u00f3 i ocasionalment a les zones m\u00e9s denses. De vegades es posa a tanques obertes. El mascle reproductor t\u00e9 plomatge nupcial negre o marr\u00f3 molt fosc a les parts superiors, amb una cridanera taca blanca al front i un extens panell blanc a les ales. Les femelles i immadurs s\u00f3n marrons a la part superior, amb un panell alar blanc molt pal\u00e8s.\u00a0<\/span><\/p>\n<p style=\"text-align: right;\"><span style=\"font-weight: 400; font-size: 10pt;\">eBird. Merlin. Universitat de Cornell (Nova York. EEUU)<\/span><\/p>\n<p>&nbsp;<\/p>\n<h6 style=\"text-align: center;\"><span style=\"font-size: 18pt; color: #339966;\"><span style=\"font-size: 24pt;\"><strong><span style=\"font-size: 8pt;\"><span style=\"font-size: 18pt;\"><span style=\"font-size: 18pt; color: #666699;\"><span style=\"color: #666699;\"><span style=\"font-size: 12pt;\"><span style=\"color: #800000;\"><a href=\"https:\/\/agora.xtec.cat\/ceip-lola-anglada-esplugues\/wp-content\/uploads\/usu1507\/2023\/06\/OA-48-2223.jpg\"><img loading=\"lazy\" decoding=\"async\" class=\"aligncenter size-full wp-image-6894\" src=\"https:\/\/agora.xtec.cat\/ceip-lola-anglada-esplugues\/wp-content\/uploads\/usu1507\/2023\/06\/OA-48-2223.jpg\" alt=\"\" width=\"896\" height=\"579\" srcset=\"https:\/\/agora.xtec.cat\/ceip-lola-anglada-esplugues\/wp-content\/uploads\/usu1507\/2023\/06\/OA-48-2223.jpg 896w, https:\/\/agora.xtec.cat\/ceip-lola-anglada-esplugues\/wp-content\/uploads\/usu1507\/2023\/06\/OA-48-2223-300x194.jpg 300w, https:\/\/agora.xtec.cat\/ceip-lola-anglada-esplugues\/wp-content\/uploads\/usu1507\/2023\/06\/OA-48-2223-768x496.jpg 768w\" sizes=\"auto, (max-width: 896px) 100vw, 896px\" \/><\/a>24\u00aa Entrega\u00a0 \u00a0 \u00a0OCELL AMAGAT n\u00ba 48:\u00a0 AUFRANY COM\u00da<\/span><br \/>\n<span style=\"color: #800000;\">Per\u00edode per respondre:\u00a0<\/span><\/span><\/span><\/span><span style=\"font-size: 18pt; color: #800000;\"><span style=\"font-size: 12pt;\">de dilluns 5\u00a0 a diumenge 11 de juny<\/span><\/span><\/span><\/span><\/strong><\/span><\/span><\/h6>\n<p><span style=\"font-weight: 400;\">Voltor de mida mitjana, p\u00e0l\u00b7lid, d&#8217;aspecte estrany amb la cara groga nua i de mirada seriosa. El seu bec \u00e9s estret amb la punta negra. En vol, destaquen les seves llargues, negres i digitades plomes de vol amb les cobertores blanques. La cua \u00e9s en forma de falca. Els joves s\u00f3n terrossos amb la cara nua i grisenca. Viu a zones obertes o semiobertes i cria en tallats i ocasionalment en arbres. A m\u00e9s d&#8217;alimentar-se de carronya, freq\u00fcenta abocadors i malauradament est\u00e0 en declivi a la major part de la seva \u00e0rea de distribuci\u00f3.<\/span><\/p>\n<p style=\"text-align: right;\"><span style=\"font-weight: 400; font-size: 10pt;\">eBird. Merlin. Universitat de Cornell (Nova York. EEUU)<\/span><\/p>\n<p>&nbsp;<\/p>\n<h6 style=\"text-align: center;\"><span style=\"font-size: 18pt; color: #339966;\"><span style=\"font-size: 24pt;\"><strong><span style=\"font-size: 8pt;\"><span style=\"font-size: 18pt;\"><span style=\"font-size: 18pt; color: #666699;\"><span style=\"color: #666699;\"><span style=\"font-size: 12pt;\"><span style=\"color: #800000;\"><a href=\"https:\/\/agora.xtec.cat\/ceip-lola-anglada-esplugues\/wp-content\/uploads\/usu1507\/2023\/06\/OA-47-2223.jpg\"><img loading=\"lazy\" decoding=\"async\" class=\"aligncenter size-full wp-image-6893\" src=\"https:\/\/agora.xtec.cat\/ceip-lola-anglada-esplugues\/wp-content\/uploads\/usu1507\/2023\/06\/OA-47-2223.jpg\" alt=\"\" width=\"897\" height=\"630\" srcset=\"https:\/\/agora.xtec.cat\/ceip-lola-anglada-esplugues\/wp-content\/uploads\/usu1507\/2023\/06\/OA-47-2223.jpg 897w, https:\/\/agora.xtec.cat\/ceip-lola-anglada-esplugues\/wp-content\/uploads\/usu1507\/2023\/06\/OA-47-2223-300x211.jpg 300w, https:\/\/agora.xtec.cat\/ceip-lola-anglada-esplugues\/wp-content\/uploads\/usu1507\/2023\/06\/OA-47-2223-768x539.jpg 768w\" sizes=\"auto, (max-width: 897px) 100vw, 897px\" \/><\/a>24\u00aa Entrega\u00a0 \u00a0 \u00a0OCELL AMAGAT n\u00ba 47:\u00a0 MALLERENGA PETITA<\/span><br \/>\n<span style=\"color: #800000;\">Per\u00edode per respondre:\u00a0<\/span><\/span><\/span><\/span><span style=\"font-size: 18pt; color: #800000;\"><span style=\"font-size: 12pt;\">de dilluns 5\u00a0 a diumenge 11 de juny<\/span><\/span><\/span><\/span><\/strong><\/span><\/span><\/h6>\n<p><span style=\"font-weight: 400;\">For\u00e7a com\u00fa en boscos de con\u00edferes i boscos mixtos, parcs, jardins i \u00e9s freq\u00fcent a les menjadores d&#8217;ocells. Sovint s&#8217;uneix a b\u00e0ndols mixtos amb altres mallerengues a la tardor i l&#8217;hivern, movent-se r\u00e0pidament a trav\u00e9s de la vegetaci\u00f3. \u00c9s caracter\u00edstic la combinaci\u00f3 d&#8217;un gran pitet negre amb franges alars blanques i una \u00e0mplia marca blanca al clatell.<\/span><\/p>\n<p style=\"text-align: right;\"><span style=\"font-weight: 400; font-size: 10pt;\">eBird. Merlin. Universitat de Cornell (Nova York. EEUU)<\/span><\/p>\n<p>&nbsp;<\/p>\n<h6 style=\"text-align: center;\"><span style=\"font-size: 18pt; color: #339966;\"><span style=\"font-size: 24pt;\"><strong><span style=\"font-size: 8pt;\"><span style=\"font-size: 18pt;\"><span style=\"font-size: 18pt; color: #666699;\"><span style=\"color: #666699;\"><span style=\"font-size: 12pt;\"><span style=\"color: #800000;\"><a href=\"https:\/\/agora.xtec.cat\/ceip-lola-anglada-esplugues\/wp-content\/uploads\/usu1507\/2023\/05\/OA-46-2223.jpg\"><img loading=\"lazy\" decoding=\"async\" class=\"aligncenter size-full wp-image-6850\" src=\"https:\/\/agora.xtec.cat\/ceip-lola-anglada-esplugues\/wp-content\/uploads\/usu1507\/2023\/05\/OA-46-2223.jpg\" alt=\"\" width=\"899\" height=\"579\" srcset=\"https:\/\/agora.xtec.cat\/ceip-lola-anglada-esplugues\/wp-content\/uploads\/usu1507\/2023\/05\/OA-46-2223.jpg 899w, https:\/\/agora.xtec.cat\/ceip-lola-anglada-esplugues\/wp-content\/uploads\/usu1507\/2023\/05\/OA-46-2223-300x193.jpg 300w, https:\/\/agora.xtec.cat\/ceip-lola-anglada-esplugues\/wp-content\/uploads\/usu1507\/2023\/05\/OA-46-2223-768x495.jpg 768w\" sizes=\"auto, (max-width: 899px) 100vw, 899px\" \/><\/a>23\u00aa Entrega\u00a0 \u00a0 \u00a0OCELL AMAGAT n\u00ba 46:\u00a0 TALLAROL DE CASQUET (femella)<\/span><br \/>\n<span style=\"color: #800000;\">Per\u00edode per respondre:\u00a0<\/span><\/span><\/span><\/span><span style=\"font-size: 18pt; color: #800000;\"><span style=\"font-size: 12pt;\">de dilluns 22 de maig a diumenge 4 de juny<\/span><\/span><\/span><\/span><\/strong><\/span><\/span><\/h6>\n<p><span style=\"font-weight: 400;\">\u00c9s com\u00fa o molt com\u00fa en h\u00e0bitats arbrats i matolls, inclosos jardins, on de vegades visita menjadores a l&#8217;hivern. Hiverna en petit nombre a Europa occidental per\u00f2 la majoria migra al sud de la regi\u00f3 mediterr\u00e0nia. Es tracta d&#8217;un tallarol for\u00e7a caracter\u00edstic i corpulent. El mascle \u00e9s grisenc uniforme en general amb capirot negre que li d\u00f3na nom mentre que la femella i el juvenil t\u00e9 tons uniformes, lleugerament m\u00e9s marrons en general i amb capirot castany rovellat. El seu cant \u00e9s un refilet for\u00e7a fort i variat, sovint estrident.<\/span><\/p>\n<p style=\"text-align: right;\"><span style=\"font-weight: 400; font-size: 10pt;\">eBird. Merlin. Universitat de Cornell (Nova York. EEUU)<\/span><\/p>\n<p>&nbsp;<\/p>\n<h6 style=\"text-align: center;\"><span style=\"font-size: 18pt; color: #339966;\"><span style=\"font-size: 24pt;\"><strong><span style=\"font-size: 8pt;\"><span style=\"font-size: 18pt;\"><span style=\"font-size: 18pt; color: #666699;\"><span style=\"color: #666699;\"><span style=\"font-size: 12pt;\"><span style=\"color: #800000;\"><a href=\"https:\/\/agora.xtec.cat\/ceip-lola-anglada-esplugues\/wp-content\/uploads\/usu1507\/2023\/05\/OA-45-2223.jpg\"><img loading=\"lazy\" decoding=\"async\" class=\"aligncenter size-full wp-image-6849\" src=\"https:\/\/agora.xtec.cat\/ceip-lola-anglada-esplugues\/wp-content\/uploads\/usu1507\/2023\/05\/OA-45-2223.jpg\" alt=\"\" width=\"901\" height=\"579\" srcset=\"https:\/\/agora.xtec.cat\/ceip-lola-anglada-esplugues\/wp-content\/uploads\/usu1507\/2023\/05\/OA-45-2223.jpg 901w, https:\/\/agora.xtec.cat\/ceip-lola-anglada-esplugues\/wp-content\/uploads\/usu1507\/2023\/05\/OA-45-2223-300x193.jpg 300w, https:\/\/agora.xtec.cat\/ceip-lola-anglada-esplugues\/wp-content\/uploads\/usu1507\/2023\/05\/OA-45-2223-768x494.jpg 768w\" sizes=\"auto, (max-width: 901px) 100vw, 901px\" \/><\/a>23\u00aa Entrega\u00a0 \u00a0 \u00a0OCELL AMAGAT n\u00ba 45:\u00a0 \u00c0GUILA CUABARRADA<\/span><br \/>\n<span style=\"color: #800000;\">Per\u00edode per respondre:\u00a0<\/span><\/span><\/span><\/span><span style=\"font-size: 18pt; color: #800000;\"><span style=\"font-size: 12pt;\">de dilluns 22 de maig a diumenge 4 de juny<\/span><\/span><\/span><\/span><\/strong><\/span><\/span><\/h6>\n<p><span style=\"font-weight: 400;\">\u00c0liga de mitjana grand\u00e0ria i forta, amb un cos blanquin\u00f3s que contrasta amb les ales i cua fosques. Els joves tenen el cos vermell\u00f3s i no tenen l&#8217;ampla i la fosca banda de l&#8217;extrem de la cua. Es troba a boscos o muntanyes, de vegades durant l&#8217;hivern en h\u00e0bitats m\u00e9s oberts per\u00f2 normalment en zones poc humanitzades. Construeix els nius en tallats, en arbres i escassament en torres el\u00e8ctriques. L&#8217;ala s&#8217;estreny a prop del cos. S&#8217;observa normalment planejant sobre la vora de penya-segats, mostrant-ne les curtes digitacions alars en comparaci\u00f3 amb les digitacions m\u00e9s llargues d&#8217;altres \u00e0guiles.<\/span><\/p>\n<p style=\"text-align: right;\"><span style=\"font-weight: 400; font-size: 10pt;\">eBird. Merlin. Universitat de Cornell (Nova York. EEUU)<\/span><\/p>\n<p>&nbsp;<\/p>\n<h6 style=\"text-align: center;\"><span style=\"font-size: 18pt; color: #666699;\"><span style=\"font-size: 24pt;\"><strong><span style=\"color: #666699;\"><span style=\"font-size: 12pt;\"><span style=\"color: #800000;\"><a href=\"https:\/\/agora.xtec.cat\/ceip-lola-anglada-esplugues\/wp-content\/uploads\/usu1507\/2023\/05\/OA-44-2223.jpg\"><img loading=\"lazy\" decoding=\"async\" class=\"aligncenter size-full wp-image-6837\" src=\"https:\/\/agora.xtec.cat\/ceip-lola-anglada-esplugues\/wp-content\/uploads\/usu1507\/2023\/05\/OA-44-2223.jpg\" alt=\"\" width=\"898\" height=\"583\" srcset=\"https:\/\/agora.xtec.cat\/ceip-lola-anglada-esplugues\/wp-content\/uploads\/usu1507\/2023\/05\/OA-44-2223.jpg 898w, https:\/\/agora.xtec.cat\/ceip-lola-anglada-esplugues\/wp-content\/uploads\/usu1507\/2023\/05\/OA-44-2223-300x195.jpg 300w, https:\/\/agora.xtec.cat\/ceip-lola-anglada-esplugues\/wp-content\/uploads\/usu1507\/2023\/05\/OA-44-2223-768x499.jpg 768w\" sizes=\"auto, (max-width: 898px) 100vw, 898px\" \/><\/a>22\u00aa Entrega\u00a0 \u00a0 \u00a0OCELL AMAGAT n\u00ba 44:\u00a0 LLUER EURASI\u00c0TIC<\/span><br \/>\n<span style=\"color: #800000;\">Per\u00edode per respondre: <\/span><\/span><\/span><\/strong><\/span><\/span><span style=\"font-size: 18pt; color: #800000;\"><span style=\"font-size: 24pt;\"><strong><span style=\"font-size: 12pt;\">de dilluns 15 a diumenge 21 de maig<\/span><\/strong><\/span><\/span><\/h6>\n<p><span style=\"font-weight: 400;\">\u00c9s for\u00e7a com\u00fa en boscos mixtos i de con\u00edferes, especialment amb avets. Tamb\u00e9 es troba a parcs i jardins i visita menjadores artificials. Es reuneix sovint en b\u00e0ndols, principalment a la tardor-hivern. S&#8217;alimenta especialment de llavors de vern i bedoll. El mascle \u00e9s atractiu i cridaner, amb la cara i el pit grocs compensats per un p\u00edli negre i un petit pegat al ment\u00f3. La femella \u00e9s ratllada en general, sovint amb tons groguencs. Destaca especialment el groc de les ales i les marques a la cua en ambd\u00f3s sexes.<\/span><\/p>\n<p style=\"text-align: right;\"><span style=\"font-weight: 400; font-size: 10pt;\">eBird. Merlin. Universitat de Cornell (Nova York. EEUU)<\/span><\/p>\n<p>&nbsp;<\/p>\n<h6 style=\"text-align: center;\"><span style=\"font-size: 18pt; color: #666699;\"><span style=\"font-size: 24pt;\"><strong><span style=\"color: #666699;\"><span style=\"font-size: 12pt;\"><span style=\"color: #800000;\"><a href=\"https:\/\/agora.xtec.cat\/ceip-lola-anglada-esplugues\/wp-content\/uploads\/usu1507\/2023\/05\/OA-43-2223.jpg\"><img loading=\"lazy\" decoding=\"async\" class=\"aligncenter size-full wp-image-6836\" src=\"https:\/\/agora.xtec.cat\/ceip-lola-anglada-esplugues\/wp-content\/uploads\/usu1507\/2023\/05\/OA-43-2223.jpg\" alt=\"\" width=\"899\" height=\"582\" srcset=\"https:\/\/agora.xtec.cat\/ceip-lola-anglada-esplugues\/wp-content\/uploads\/usu1507\/2023\/05\/OA-43-2223.jpg 899w, https:\/\/agora.xtec.cat\/ceip-lola-anglada-esplugues\/wp-content\/uploads\/usu1507\/2023\/05\/OA-43-2223-300x194.jpg 300w, https:\/\/agora.xtec.cat\/ceip-lola-anglada-esplugues\/wp-content\/uploads\/usu1507\/2023\/05\/OA-43-2223-768x497.jpg 768w\" sizes=\"auto, (max-width: 899px) 100vw, 899px\" \/><\/a>22\u00aa Entrega\u00a0 \u00a0 \u00a0OCELL AMAGAT n\u00ba 43:\u00a0 GAMAR\u00daS EURASI\u00c0TIC<\/span><br \/>\n<span style=\"color: #800000;\">Per\u00edode per respondre: <\/span><\/span><\/span><\/strong><\/span><\/span><span style=\"font-size: 18pt; color: #800000;\"><span style=\"font-size: 24pt;\"><strong><span style=\"font-size: 12pt;\">de dilluns 15 a diumenge 21 de maig<\/span><\/strong><\/span><\/span><\/h6>\n<p><span style=\"font-weight: 400;\">Mussol de mida mitjana amb ulls negres profunds; estrictament nocturn i es veu amb poca freq\u00fc\u00e8ncia. Globalment de color marr\u00f3 a gris amb un gran cap arrodonit. Viu a boscos, zones verdes, zones urbanes i jardins amb grans arbres; acostuma a reposar ben amagat al fullatge durant el dia. Surt de nit a ca\u00e7ar en clarianes i zones m\u00e9s obertes. Sovint es detecta pels seus tremolors i crits, fets per durant la nit.<\/span><\/p>\n<p style=\"text-align: right;\"><span style=\"font-weight: 400; font-size: 10pt;\">eBird. Merlin. Universitat de Cornell (Nova York. EEUU)<\/span><\/p>\n<p>&nbsp;<\/p>\n<h6 style=\"text-align: center;\"><span style=\"font-size: 18pt; color: #666699;\"><span style=\"font-size: 24pt;\"><strong><span style=\"color: #666699;\"><span style=\"font-size: 12pt;\"><span style=\"color: #800000;\"><a href=\"https:\/\/agora.xtec.cat\/ceip-lola-anglada-esplugues\/wp-content\/uploads\/usu1507\/2023\/05\/OA-42-2223.jpg\"><img loading=\"lazy\" decoding=\"async\" class=\"aligncenter size-full wp-image-6810\" src=\"https:\/\/agora.xtec.cat\/ceip-lola-anglada-esplugues\/wp-content\/uploads\/usu1507\/2023\/05\/OA-42-2223.jpg\" alt=\"\" width=\"898\" height=\"579\" srcset=\"https:\/\/agora.xtec.cat\/ceip-lola-anglada-esplugues\/wp-content\/uploads\/usu1507\/2023\/05\/OA-42-2223.jpg 898w, https:\/\/agora.xtec.cat\/ceip-lola-anglada-esplugues\/wp-content\/uploads\/usu1507\/2023\/05\/OA-42-2223-300x193.jpg 300w, https:\/\/agora.xtec.cat\/ceip-lola-anglada-esplugues\/wp-content\/uploads\/usu1507\/2023\/05\/OA-42-2223-768x495.jpg 768w\" sizes=\"auto, (max-width: 898px) 100vw, 898px\" \/><\/a>21\u00aa Entrega\u00a0 \u00a0 \u00a0OCELL AMAGAT n\u00ba 42:\u00a0\u00a0<\/span><br \/>\n<span style=\"color: #800000;\">Per\u00edode per respondre: <\/span><\/span><\/span><\/strong><\/span><\/span><span style=\"font-size: 18pt; color: #800000;\"><span style=\"font-size: 24pt;\"><strong><span style=\"font-size: 12pt;\">de dilluns 8 a diumenge 14 de maig<\/span><\/strong><\/span><\/span><\/h6>\n<p><span style=\"font-weight: 400;\">Cap gran amb bec fort i gruixut i una cella p\u00e0l\u00b7lida \u00f2bvia. Els pegats negres i gruixuts als costats del coll poden variar amb la postura i entre exemplars. En vol s\u00f3n distintives les ales, fosques per sota per\u00f2 amb la vora posterior blanca que es prolonga a la part superior de les mateixes. Els aletejos en vol de cant s\u00f3n com a &#8220;c\u00e0mera lenta&#8221; el que fa que sembli m\u00e9s gran. Caracter\u00edstica de terres de cultiu obertes i h\u00e0bitats esteparis naturals. Poden formar grans b\u00e0ndols a l&#8217;hivern. Cant ca\u00f2tic consistent en refilets i sovint imita altres esp\u00e8cies.<\/span><\/p>\n<p style=\"text-align: right;\"><span style=\"font-weight: 400;\">eBird. Merlin. Universitat de Cornell (Nova York. EEUU)<\/span><\/p>\n<p>&nbsp;<\/p>\n<h6 style=\"text-align: center;\"><span style=\"font-size: 18pt; color: #666699;\"><span style=\"font-size: 24pt;\"><strong><span style=\"color: #666699;\"><span style=\"font-size: 12pt;\"><span style=\"color: #800000;\"><a href=\"https:\/\/agora.xtec.cat\/ceip-lola-anglada-esplugues\/wp-content\/uploads\/usu1507\/2023\/05\/OA-41-2223.jpg\"><img loading=\"lazy\" decoding=\"async\" class=\"aligncenter size-full wp-image-6809\" src=\"https:\/\/agora.xtec.cat\/ceip-lola-anglada-esplugues\/wp-content\/uploads\/usu1507\/2023\/05\/OA-41-2223.jpg\" alt=\"\" width=\"893\" height=\"580\" srcset=\"https:\/\/agora.xtec.cat\/ceip-lola-anglada-esplugues\/wp-content\/uploads\/usu1507\/2023\/05\/OA-41-2223.jpg 893w, https:\/\/agora.xtec.cat\/ceip-lola-anglada-esplugues\/wp-content\/uploads\/usu1507\/2023\/05\/OA-41-2223-300x195.jpg 300w, https:\/\/agora.xtec.cat\/ceip-lola-anglada-esplugues\/wp-content\/uploads\/usu1507\/2023\/05\/OA-41-2223-768x499.jpg 768w\" sizes=\"auto, (max-width: 893px) 100vw, 893px\" \/><\/a>21\u00aa Entrega\u00a0 \u00a0 \u00a0OCELL AMAGAT n\u00ba 41:\u00a0 FALCIOT NEGRE<\/span><br \/>\n<span style=\"color: #800000;\">Per\u00edode per respondre: <\/span><\/span><\/span><\/strong><\/span><\/span><span style=\"font-size: 18pt; color: #800000;\"><span style=\"font-size: 24pt;\"><strong><span style=\"font-size: 12pt;\">de dilluns 8 a diumenge 14 de maig<\/span><\/strong><\/span><\/span><\/h6>\n<p><span style=\"font-weight: 400;\">Au estival, poc com\u00fa en unes zones i for\u00e7a com\u00fa en unes altres. Hiverna a \u00c0frica. Nom\u00e9s \u00e9s vist en vol pel normal. Nidifica en cavitats en penya-segats i edificis. Es distribueix \u00e0mpliament sobre qualsevol h\u00e0bitat a la recerca d&#8217;insectes aeris, sovint sobre llacs i embassaments on es congreguen les orenetes tamb\u00e9. En general, vola m\u00e9s alt que les orenetes, excepte quan baixa per beure lliscant sobre la superf\u00edcie de l&#8217;aigua. \u00c9s m\u00e9s gran i d&#8217;ales m\u00e9s llargues que les orenetes i amb plomatge fosc, aleteig fort, vol m\u00e9s r\u00e0pid i directe.<\/span><\/p>\n<p style=\"text-align: right;\"><span style=\"font-weight: 400; font-size: 10pt;\">eBird. Merlin. Universitat de Cornell (Nova York. EEUU)<\/span><\/p>\n<p>&nbsp;<\/p>\n<h6 style=\"text-align: center;\"><span style=\"font-size: 18pt; color: #666699;\"><span style=\"font-size: 24pt;\"><strong><span style=\"color: #666699;\"><span style=\"font-size: 12pt;\"><span style=\"color: #800000;\"><a href=\"https:\/\/agora.xtec.cat\/ceip-lola-anglada-esplugues\/wp-content\/uploads\/usu1507\/2023\/04\/OA-40-2223.jpg\"><img loading=\"lazy\" decoding=\"async\" class=\"aligncenter size-full wp-image-6740\" src=\"https:\/\/agora.xtec.cat\/ceip-lola-anglada-esplugues\/wp-content\/uploads\/usu1507\/2023\/04\/OA-40-2223.jpg\" alt=\"\" width=\"896\" height=\"598\" srcset=\"https:\/\/agora.xtec.cat\/ceip-lola-anglada-esplugues\/wp-content\/uploads\/usu1507\/2023\/04\/OA-40-2223.jpg 896w, https:\/\/agora.xtec.cat\/ceip-lola-anglada-esplugues\/wp-content\/uploads\/usu1507\/2023\/04\/OA-40-2223-300x200.jpg 300w, https:\/\/agora.xtec.cat\/ceip-lola-anglada-esplugues\/wp-content\/uploads\/usu1507\/2023\/04\/OA-40-2223-768x513.jpg 768w\" sizes=\"auto, (max-width: 896px) 100vw, 896px\" \/><\/a>20\u00aa Entrega\u00a0 \u00a0 \u00a0OCELL AMAGAT n\u00ba 40:\u00a0 ABELLEROL COM\u00da<\/span><br \/>\n<span style=\"color: #800000;\">Per\u00edode per respondre: <\/span><\/span><\/span><\/strong><\/span><\/span><span style=\"font-size: 18pt; color: #800000;\"><span style=\"font-size: 24pt;\"><strong><span style=\"font-size: 12pt;\">de dilluns 24 d&#8217;abril\u00a0 a diumenge 7 de maig<\/span><\/strong><\/span><\/span><\/h6>\n<p><span style=\"font-weight: 400;\">Inconfusible au estival que \u00e9s for\u00e7a com\u00fa a les regions temperades i que t\u00e9 les seves casernes d&#8217;hivernada a l&#8217;\u00c0frica. Es troba en camps oberts o semioberts, principalment en zones seques: nia colonialment en forats excavats en talussos, sovint sobre la llera d&#8217;un riu. S&#8217;observa habitualment posat en cables o volant en cercles, sovint en petits grups. S&#8217;alimenta capturant insectes a l&#8217;aire, especialment abelles. Espectacularment acolorit, amb gola groga i cos blav\u00f3s.<\/span><\/p>\n<p style=\"text-align: right;\"><span style=\"font-weight: 400; font-size: 10pt;\">eBird. Merlin. Universitat de Cornell (Nova York. EEUU)<\/span><\/p>\n<p>&nbsp;<\/p>\n<h6 style=\"text-align: center;\"><span style=\"font-size: 18pt; color: #666699;\"><span style=\"font-size: 24pt;\"><strong><span style=\"color: #666699;\"><span style=\"font-size: 12pt;\"><span style=\"color: #800000;\"><a href=\"https:\/\/agora.xtec.cat\/ceip-lola-anglada-esplugues\/wp-content\/uploads\/usu1507\/2023\/04\/OA-39-2223.jpg\"><img loading=\"lazy\" decoding=\"async\" class=\"aligncenter size-full wp-image-6739\" src=\"https:\/\/agora.xtec.cat\/ceip-lola-anglada-esplugues\/wp-content\/uploads\/usu1507\/2023\/04\/OA-39-2223.jpg\" alt=\"\" width=\"900\" height=\"580\" srcset=\"https:\/\/agora.xtec.cat\/ceip-lola-anglada-esplugues\/wp-content\/uploads\/usu1507\/2023\/04\/OA-39-2223.jpg 900w, https:\/\/agora.xtec.cat\/ceip-lola-anglada-esplugues\/wp-content\/uploads\/usu1507\/2023\/04\/OA-39-2223-300x193.jpg 300w, https:\/\/agora.xtec.cat\/ceip-lola-anglada-esplugues\/wp-content\/uploads\/usu1507\/2023\/04\/OA-39-2223-768x495.jpg 768w\" sizes=\"auto, (max-width: 900px) 100vw, 900px\" \/><\/a>20\u00aa Entrega\u00a0 \u00a0 \u00a0OCELL AMAGAT n\u00ba 39:\u00a0 ESCORXADOR COM\u00da<\/span><br \/>\n<span style=\"color: #800000;\">Per\u00edode per respondre: <\/span><\/span><\/span><\/strong><\/span><\/span><span style=\"font-size: 18pt; color: #800000;\"><span style=\"font-size: 24pt;\"><strong><span style=\"font-size: 12pt;\">de dilluns 24 d&#8217;abril\u00a0 a diumenge 7 de maig<\/span><\/strong><\/span><\/span><\/h6>\n<p><span style=\"font-weight: 400;\">\u00c9s poc com\u00fa en unes zones i for\u00e7a com\u00fa en unes altres i \u00e9s au reproductora a Europa que passa l&#8217;hivern a l&#8217;\u00c0frica. Es troba en bruguerars, camps oberts amb bardisses i arbustos dispersos, especialment plantes espinoses on enfila a manera de rebost les seves preses: petites aus, grans insectes i rosegadors. Ca\u00e7a des de perxes en arbustos o des de cables, per\u00f2 en altres ocasions roman ocult i passa f\u00e0cilment desapercebut. El mascle t\u00e9 un plomatge molt caracter\u00edstic, amb cap blau grisenc, antifa\u00e7 negre i dors marr\u00f3 vermell\u00f3s. La femella t\u00e9 el dors marr\u00f3 fosc amb un fi barrat al pit i flancs.<\/span><\/p>\n<p><span style=\"font-weight: 400; font-size: 10pt;\">eBird. Merlin. Universitat de Cornell (Nova York. EEUU)<\/span><\/p>\n<p>&nbsp;<\/p>\n<h6 style=\"text-align: center;\"><span style=\"font-size: 18pt; color: #666699;\"><span style=\"font-size: 24pt;\"><strong><span style=\"color: #666699;\"><span style=\"font-size: 12pt;\"><span style=\"color: #800000;\"><a href=\"https:\/\/agora.xtec.cat\/ceip-lola-anglada-esplugues\/wp-content\/uploads\/usu1507\/2023\/04\/OA-38-2223.jpg\"><img loading=\"lazy\" decoding=\"async\" class=\"aligncenter size-full wp-image-6731\" src=\"https:\/\/agora.xtec.cat\/ceip-lola-anglada-esplugues\/wp-content\/uploads\/usu1507\/2023\/04\/OA-38-2223.jpg\" alt=\"\" width=\"899\" height=\"580\" srcset=\"https:\/\/agora.xtec.cat\/ceip-lola-anglada-esplugues\/wp-content\/uploads\/usu1507\/2023\/04\/OA-38-2223.jpg 899w, https:\/\/agora.xtec.cat\/ceip-lola-anglada-esplugues\/wp-content\/uploads\/usu1507\/2023\/04\/OA-38-2223-300x194.jpg 300w, https:\/\/agora.xtec.cat\/ceip-lola-anglada-esplugues\/wp-content\/uploads\/usu1507\/2023\/04\/OA-38-2223-768x495.jpg 768w\" sizes=\"auto, (max-width: 899px) 100vw, 899px\" \/><\/a>19\u00aa Entrega\u00a0 \u00a0 \u00a0OCELL AMAGAT n\u00ba 38:\u00a0 CARGOLET COM\u00da<\/span><br \/>\n<span style=\"color: #800000;\">Per\u00edode per respondre: <\/span><\/span><\/span><\/strong><\/span><\/span><span style=\"font-size: 18pt; color: #800000;\"><span style=\"font-size: 24pt;\"><strong><span style=\"font-size: 12pt;\">de dilluns 17\u00a0 a diumenge 23 d&#8217;abril<\/span><\/strong><\/span><\/span><\/h6>\n<p><span style=\"font-weight: 400;\">Com\u00fa per\u00f2 discret en h\u00e0bitats arbrats amb sotabosc dens, jardins, bardisses a terres de cultiu, bruguerars i penya-segats costaners. Sol cantar des d&#8217;una perxa for\u00e7a exposat, per\u00f2 en altres ocasions es comporta com un ratol\u00ed, movent-se entre els esbarzers i el sotabosc. S&#8217;identifica amb for\u00e7a facilitat per la mida petita, el plomatge marr\u00f3, i l&#8217;h\u00e0bit de mantenir la cua elevada. S&#8217;escolta m\u00e9s sovint del que es veu. El cant \u00e9s potent i animat amb una s\u00e8rie diversa de refilets i que es repeteixen.<\/span><\/p>\n<p style=\"text-align: right;\"><span style=\"font-weight: 400; font-size: 10pt;\">eBird. Merlin. Universitat de Cornell (Nova York. EEUU)<\/span><\/p>\n<p>&nbsp;<\/p>\n<h6 style=\"text-align: center;\"><span style=\"font-size: 18pt; color: #666699;\"><span style=\"font-size: 24pt;\"><strong><span style=\"color: #666699;\"><span style=\"font-size: 12pt;\"><span style=\"color: #800000;\"><a href=\"https:\/\/agora.xtec.cat\/ceip-lola-anglada-esplugues\/wp-content\/uploads\/usu1507\/2023\/04\/OA-37-2223.jpg\"><img loading=\"lazy\" decoding=\"async\" class=\"aligncenter size-full wp-image-6730\" src=\"https:\/\/agora.xtec.cat\/ceip-lola-anglada-esplugues\/wp-content\/uploads\/usu1507\/2023\/04\/OA-37-2223.jpg\" alt=\"\" width=\"897\" height=\"579\" srcset=\"https:\/\/agora.xtec.cat\/ceip-lola-anglada-esplugues\/wp-content\/uploads\/usu1507\/2023\/04\/OA-37-2223.jpg 897w, https:\/\/agora.xtec.cat\/ceip-lola-anglada-esplugues\/wp-content\/uploads\/usu1507\/2023\/04\/OA-37-2223-300x194.jpg 300w, https:\/\/agora.xtec.cat\/ceip-lola-anglada-esplugues\/wp-content\/uploads\/usu1507\/2023\/04\/OA-37-2223-768x496.jpg 768w\" sizes=\"auto, (max-width: 897px) 100vw, 897px\" \/><\/a>19\u00aa Entrega\u00a0 \u00a0 \u00a0OCELL AMAGAT n\u00ba 37:\u00a0 ALIGOT COM\u00da<\/span><br \/>\n<span style=\"color: #800000;\">Per\u00edode per respondre: <\/span><\/span><\/span><\/strong><\/span><\/span><span style=\"font-size: 18pt; color: #800000;\"><span style=\"font-size: 24pt;\"><strong><span style=\"font-size: 12pt;\">de dilluns 17\u00a0 a diumenge 23 d&#8217;abril<\/span><\/strong><\/span><\/span><\/h6>\n<p><span style=\"font-weight: 400;\">El rapinyaire de mida mitjana m\u00e9s freq\u00fcent en moltes \u00e0rees. Prefereix terreny arbrat i vores de bosc i camp agr\u00edcola amb bardisses per\u00f2 localment es pot trobar a ciutats amb arbres de bon port i parcs arbrats. Tamb\u00e9 ca\u00e7a en camp obert, especialment herbassars. Normalment es troba a\u00efllat o en parelles, remuntant en cercles amb les ales lleugerament aixecades. M\u00e9s aviat robusta, amb ales amples i relativament curtes, cua amb vores quadrades (arrodonides si est\u00e0 desplegada). Plomatge variable per\u00f2 t\u00edpicament mostra una banda pectoral m\u00e9s clara i un fi escombrat fosc a la cua (la cua t\u00e9 una ampla vora posterior fosca en els adults).<\/span><\/p>\n<p style=\"text-align: right;\"><span style=\"font-weight: 400; font-size: 10pt;\">eBird. Merlin. Universitat de Cornell (Nova York. EEUU)<\/span><\/p>\n<h6 style=\"text-align: center;\"><span style=\"font-size: 18pt; color: #666699;\"><span style=\"font-size: 24pt;\"><strong><span style=\"color: #666699;\"><span style=\"font-size: 12pt;\"><span style=\"color: #800000;\"><a href=\"https:\/\/agora.xtec.cat\/ceip-lola-anglada-esplugues\/wp-content\/uploads\/usu1507\/2023\/04\/OA-BP-Setmana-Santa-2223-respostes.jpg\"><img loading=\"lazy\" decoding=\"async\" class=\"aligncenter size-full wp-image-6729\" src=\"https:\/\/agora.xtec.cat\/ceip-lola-anglada-esplugues\/wp-content\/uploads\/usu1507\/2023\/04\/OA-BP-Setmana-Santa-2223-respostes.jpg\" alt=\"\" width=\"888\" height=\"906\" srcset=\"https:\/\/agora.xtec.cat\/ceip-lola-anglada-esplugues\/wp-content\/uploads\/usu1507\/2023\/04\/OA-BP-Setmana-Santa-2223-respostes.jpg 888w, https:\/\/agora.xtec.cat\/ceip-lola-anglada-esplugues\/wp-content\/uploads\/usu1507\/2023\/04\/OA-BP-Setmana-Santa-2223-respostes-294x300.jpg 294w, https:\/\/agora.xtec.cat\/ceip-lola-anglada-esplugues\/wp-content\/uploads\/usu1507\/2023\/04\/OA-BP-Setmana-Santa-2223-respostes-768x784.jpg 768w\" sizes=\"auto, (max-width: 888px) 100vw, 888px\" \/><\/a>18\u00aa Entrega\u00a0 \u00a0 \u00a0OCELLS AL\u00d2CTONS &#8211; PUNTS BONIFICACI\u00d3 &#8220;Setmana Santa&#8221;:\u00a0\u00a0<\/span><br \/>\n<span style=\"color: #800000;\">Per\u00edode per respondre: <\/span><\/span><\/span><\/strong><\/span><\/span><span style=\"font-size: 18pt; color: #800000;\"><span style=\"font-size: 24pt;\"><strong><span style=\"font-size: 12pt;\">de dilluns 27 de mar\u00e7 a diumenge 16 d&#8217;abril<\/span><\/strong><\/span><\/span><\/h6>\n<h6 style=\"text-align: center;\"><span style=\"font-size: 18pt; color: #800000;\"><span style=\"font-size: 24pt;\"><strong><span style=\"font-size: 12pt;\"><span style=\"font-size: 10pt;\">Un punt per cada ocell ben identificat<\/span><\/span><\/strong><\/span><\/span><\/h6>\n<p>&nbsp;<\/p>\n<h6 style=\"text-align: center;\"><span style=\"font-size: 18pt; color: #666699;\"><span style=\"font-size: 24pt;\"><strong><span style=\"color: #666699;\"><span style=\"font-size: 12pt;\"><span style=\"color: #800000;\"><a href=\"https:\/\/agora.xtec.cat\/ceip-lola-anglada-esplugues\/wp-content\/uploads\/usu1507\/2023\/03\/OA-36-2223.jpg\"><img loading=\"lazy\" decoding=\"async\" class=\"aligncenter size-full wp-image-6700\" src=\"https:\/\/agora.xtec.cat\/ceip-lola-anglada-esplugues\/wp-content\/uploads\/usu1507\/2023\/03\/OA-36-2223.jpg\" alt=\"\" width=\"899\" height=\"576\" srcset=\"https:\/\/agora.xtec.cat\/ceip-lola-anglada-esplugues\/wp-content\/uploads\/usu1507\/2023\/03\/OA-36-2223.jpg 899w, https:\/\/agora.xtec.cat\/ceip-lola-anglada-esplugues\/wp-content\/uploads\/usu1507\/2023\/03\/OA-36-2223-300x192.jpg 300w, https:\/\/agora.xtec.cat\/ceip-lola-anglada-esplugues\/wp-content\/uploads\/usu1507\/2023\/03\/OA-36-2223-768x492.jpg 768w\" sizes=\"auto, (max-width: 899px) 100vw, 899px\" \/><\/a>18\u00aa Entrega\u00a0 \u00a0 \u00a0OCELL AMAGAT n\u00ba 36:\u00a0 GRALLA BECGROGA<\/span><br \/>\n<span style=\"color: #800000;\">Per\u00edode per respondre: <\/span><\/span><\/span><\/strong><\/span><\/span><span style=\"font-size: 18pt; color: #800000;\"><span style=\"font-size: 24pt;\"><strong><span style=\"font-size: 12pt;\">de dilluns 27 de mar\u00e7 a diumenge 16 d&#8217;abril<\/span><\/strong><\/span><\/span><\/h6>\n<p><span style=\"font-weight: 400;\">Gralla greg\u00e0ria i sorollosa habitant de zones d&#8217;alta muntanya. S&#8217;alimenta principalment d&#8217;insectes a l&#8217;estiu i de baies, llavors i deixalles a l&#8217;hivern, quan els cerca a les proximitats de les estacions de ski, on arriben a ser molt confiades. Bec groc brillant. Si s\u2019observa posada, es pot veure que la les ales arriben gaireb\u00e9 al final de la cua.<\/span><\/p>\n<p style=\"text-align: right;\"><span style=\"font-weight: 400; font-size: 10pt;\">eBird. Merlin. Universitat de Cornell (Nova York. EEUU)<\/span><\/p>\n<p>&nbsp;<\/p>\n<h6 style=\"text-align: center;\"><span style=\"font-size: 18pt; color: #666699;\"><span style=\"font-size: 24pt;\"><strong><span style=\"color: #666699;\"><span style=\"font-size: 12pt;\"><span style=\"color: #800000;\"><a href=\"https:\/\/agora.xtec.cat\/ceip-lola-anglada-esplugues\/wp-content\/uploads\/usu1507\/2023\/03\/OA-35-2223.jpg\"><img loading=\"lazy\" decoding=\"async\" class=\"aligncenter size-full wp-image-6699\" src=\"https:\/\/agora.xtec.cat\/ceip-lola-anglada-esplugues\/wp-content\/uploads\/usu1507\/2023\/03\/OA-35-2223.jpg\" alt=\"\" width=\"901\" height=\"580\" srcset=\"https:\/\/agora.xtec.cat\/ceip-lola-anglada-esplugues\/wp-content\/uploads\/usu1507\/2023\/03\/OA-35-2223.jpg 901w, https:\/\/agora.xtec.cat\/ceip-lola-anglada-esplugues\/wp-content\/uploads\/usu1507\/2023\/03\/OA-35-2223-300x193.jpg 300w, https:\/\/agora.xtec.cat\/ceip-lola-anglada-esplugues\/wp-content\/uploads\/usu1507\/2023\/03\/OA-35-2223-768x494.jpg 768w\" sizes=\"auto, (max-width: 901px) 100vw, 901px\" \/><\/a>18\u00aa Entrega\u00a0 \u00a0 \u00a0OCELL AMAGAT n\u00ba 35:\u00a0 CAPSIGRANY COM\u00da<\/span><br \/>\n<span style=\"color: #800000;\">Per\u00edode per respondre: <\/span><\/span><\/span><\/strong><\/span><\/span><span style=\"font-size: 18pt; color: #800000;\"><span style=\"font-size: 24pt;\"><strong><span style=\"font-size: 12pt;\">de dilluns 27 de mar\u00e7 a diumenge 16 d&#8217;abril<\/span><\/strong><\/span><\/span><\/h6>\n<p><span style=\"font-weight: 400;\">Ocell robust amb el cap gran en qu\u00e8 destaquen el pili vermell i coll i antifa\u00e7 negre. La majoria tenen prominents taques blanques a les ales. Els juvenils s\u00f3n gris p\u00e0l\u00b7lid i amb un patr\u00f3 que els d\u00f3na un aspecte escat\u00f3s. Es troba en \u00e0rees obertes amb arbres i arbustos dispersos, especialment antigues plantacions on es posen en penjadors prominents. Hiverna a \u00c0frica tropical.<\/span><\/p>\n<p style=\"text-align: right;\"><span style=\"font-weight: 400; font-size: 10pt;\">eBird. Merlin. Universitat de Cornell (Nova York. EEUU)<\/span><\/p>\n<h6 style=\"text-align: center;\"><span style=\"font-size: 18pt; color: #666699;\"><span style=\"font-size: 24pt;\"><strong><span style=\"color: #666699;\"><span style=\"font-size: 12pt;\"><span style=\"color: #800000;\"><a href=\"https:\/\/agora.xtec.cat\/ceip-lola-anglada-esplugues\/wp-content\/uploads\/usu1507\/2023\/03\/OA-34-2223.jpg\"><img loading=\"lazy\" decoding=\"async\" class=\"aligncenter size-full wp-image-6693\" src=\"https:\/\/agora.xtec.cat\/ceip-lola-anglada-esplugues\/wp-content\/uploads\/usu1507\/2023\/03\/OA-34-2223.jpg\" alt=\"\" width=\"900\" height=\"580\" srcset=\"https:\/\/agora.xtec.cat\/ceip-lola-anglada-esplugues\/wp-content\/uploads\/usu1507\/2023\/03\/OA-34-2223.jpg 900w, https:\/\/agora.xtec.cat\/ceip-lola-anglada-esplugues\/wp-content\/uploads\/usu1507\/2023\/03\/OA-34-2223-300x193.jpg 300w, https:\/\/agora.xtec.cat\/ceip-lola-anglada-esplugues\/wp-content\/uploads\/usu1507\/2023\/03\/OA-34-2223-768x495.jpg 768w\" sizes=\"auto, (max-width: 900px) 100vw, 900px\" \/><\/a>17\u00aa Entrega\u00a0 \u00a0 \u00a0OCELL AMAGAT n\u00ba 34:\u00a0 MOSQUITER COM\u00da<\/span><br \/>\n<span style=\"color: #800000;\">Per\u00edode per respondre: <\/span><\/span><\/span><\/strong><\/span><\/span><span style=\"font-size: 18pt; color: #800000;\"><span style=\"font-size: 24pt;\"><strong><span style=\"font-size: 12pt;\">de dilluns 20 a diumenge 26 de mar\u00e7<\/span><\/strong><\/span><\/span><\/h6>\n<p><span style=\"font-weight: 400;\">M\u00e9s o menys freq\u00fcent en h\u00e0bitats arbrats i arbustius, sovint a prop d&#8217;aigua. Es detecten petites poblacions a l&#8217;oest d&#8217;Europa, per\u00f2 la majoria migra cap a \u00c0frica. La millor identificaci\u00f3 \u00e9s per veu: el cant \u00e9s una mica err\u00e0tic amb una doble nota: xiff-chaff, chiff-chaff\u2026 molt diferent del cant del Mosquiter musical. De color verd oliva, amb feble cella p\u00e0l\u00b7lida, potes fosques i tendeix a baixar habitualment la seva cua.<\/span><\/p>\n<p style=\"text-align: right;\"><span style=\"font-weight: 400; font-size: 10pt;\">eBird. Merlin. Universitat de Cornell (Nova York. EEUU)<\/span><\/p>\n<p>&nbsp;<\/p>\n<h6 style=\"text-align: center;\"><span style=\"font-size: 18pt; color: #666699;\"><span style=\"font-size: 24pt;\"><strong><span style=\"color: #666699;\"><span style=\"font-size: 12pt;\"><span style=\"color: #800000;\"><a href=\"https:\/\/agora.xtec.cat\/ceip-lola-anglada-esplugues\/wp-content\/uploads\/usu1507\/2023\/03\/OA-33-2223.jpg\"><img loading=\"lazy\" decoding=\"async\" class=\"aligncenter size-full wp-image-6692\" src=\"https:\/\/agora.xtec.cat\/ceip-lola-anglada-esplugues\/wp-content\/uploads\/usu1507\/2023\/03\/OA-33-2223.jpg\" alt=\"\" width=\"899\" height=\"576\" srcset=\"https:\/\/agora.xtec.cat\/ceip-lola-anglada-esplugues\/wp-content\/uploads\/usu1507\/2023\/03\/OA-33-2223.jpg 899w, https:\/\/agora.xtec.cat\/ceip-lola-anglada-esplugues\/wp-content\/uploads\/usu1507\/2023\/03\/OA-33-2223-300x192.jpg 300w, https:\/\/agora.xtec.cat\/ceip-lola-anglada-esplugues\/wp-content\/uploads\/usu1507\/2023\/03\/OA-33-2223-768x492.jpg 768w\" sizes=\"auto, (max-width: 899px) 100vw, 899px\" \/><\/a>17\u00aa Entrega\u00a0 \u00a0 \u00a0OCELL AMAGAT n\u00ba 33:\u00a0 ASTOR COM\u00da<\/span><br \/>\n<span style=\"color: #800000;\">Per\u00edode per respondre: <\/span><\/span><\/span><\/strong><\/span><\/span><span style=\"font-size: 18pt; color: #800000;\"><span style=\"font-size: 24pt;\"><strong><span style=\"font-size: 12pt;\">de dilluns 20 a diumenge 26 de mar\u00e7<\/span><\/strong><\/span><\/span><\/h6>\n<p><span style=\"font-weight: 400;\">Rapinyaire que habita al bosc, poc com\u00fa i gran. L&#8217;adult: majorit\u00e0riament gris, m\u00e9s p\u00e0l\u00b7lid per sota, corona i galta negres, cella blanca i ulls vermells.Esparver que requereix boscos madurs extensos. \u00c9s molt agressiu a prop del niu. S&#8217;alimenta de preses grans com llebres, tudons i \u00e0necs.<\/span><\/p>\n<p style=\"text-align: right;\"><span style=\"font-weight: 400; font-size: 10pt;\">eBird. Merlin. Universitat de Cornell (Nova York. EEUU)<\/span><\/p>\n<p>&nbsp;<\/p>\n<h6 style=\"text-align: center;\"><span style=\"font-size: 18pt; color: #666699;\"><span style=\"font-size: 24pt;\"><strong><span style=\"color: #666699;\"><span style=\"font-size: 12pt;\"><span style=\"color: #800000;\"><a href=\"https:\/\/agora.xtec.cat\/ceip-lola-anglada-esplugues\/wp-content\/uploads\/usu1507\/2023\/03\/OA-32-2223.jpg\"><img loading=\"lazy\" decoding=\"async\" class=\"aligncenter size-full wp-image-6678\" src=\"https:\/\/agora.xtec.cat\/ceip-lola-anglada-esplugues\/wp-content\/uploads\/usu1507\/2023\/03\/OA-32-2223.jpg\" alt=\"\" width=\"897\" height=\"576\" srcset=\"https:\/\/agora.xtec.cat\/ceip-lola-anglada-esplugues\/wp-content\/uploads\/usu1507\/2023\/03\/OA-32-2223.jpg 897w, https:\/\/agora.xtec.cat\/ceip-lola-anglada-esplugues\/wp-content\/uploads\/usu1507\/2023\/03\/OA-32-2223-300x193.jpg 300w, https:\/\/agora.xtec.cat\/ceip-lola-anglada-esplugues\/wp-content\/uploads\/usu1507\/2023\/03\/OA-32-2223-768x493.jpg 768w\" sizes=\"auto, (max-width: 897px) 100vw, 897px\" \/><\/a>16\u00aa Entrega\u00a0 \u00a0 \u00a0OCELL AMAGAT n\u00ba 32:\u00a0 ORENETA CUABLANCA<\/span><br \/>\n<span style=\"color: #800000;\">Per\u00edode per respondre: <\/span><\/span><\/span><\/strong><\/span><\/span><span style=\"font-size: 18pt; color: #800000;\"><span style=\"font-size: 24pt;\"><strong><span style=\"font-size: 12pt;\">de dilluns 13 a diumenge 19 de mar\u00e7<\/span><\/strong><\/span><\/span><\/h6>\n<p><span style=\"font-weight: 400;\">Au estival, for\u00e7a com\u00fa o una mica m\u00e9s esc\u00e0s en algunes zones, que passa l&#8217;hivern a l&#8217;\u00c0frica. Es reprodueix en col\u00f2nies sota els r\u00e0fecs dels edificis, on construeixen nius de fang; s&#8217;alimenta en diversos h\u00e0bitats oberts i semioberts, especialment sobre l\u00e0mines d&#8217;aigua i camps adjacents. Plomatge caracter\u00edstic, amb dors blau-negre, gran pegat blanc al carp\u00f3 i parts inferiors blanques. El plomatge juvenil a finals de l&#8217;estiu-tardor \u00e9s m\u00e9s apagat per sobre i m\u00e9s fosc per sota que l&#8217;adult.<\/span><\/p>\n<p style=\"text-align: right;\"><span style=\"font-weight: 400; font-size: 10pt;\">eBird. Merlin. Universitat de Cornell (Nova York. EEUU)<\/span><\/p>\n<p>&nbsp;<\/p>\n<h6 style=\"text-align: center;\"><span style=\"font-size: 18pt; color: #666699;\"><span style=\"font-size: 24pt;\"><strong><span style=\"color: #666699;\"><span style=\"font-size: 12pt;\"><span style=\"color: #800000;\"><a href=\"https:\/\/agora.xtec.cat\/ceip-lola-anglada-esplugues\/wp-content\/uploads\/usu1507\/2023\/03\/OA-31-2223.jpg\"><img loading=\"lazy\" decoding=\"async\" class=\"aligncenter size-full wp-image-6677\" src=\"https:\/\/agora.xtec.cat\/ceip-lola-anglada-esplugues\/wp-content\/uploads\/usu1507\/2023\/03\/OA-31-2223.jpg\" alt=\"\" width=\"898\" height=\"576\" srcset=\"https:\/\/agora.xtec.cat\/ceip-lola-anglada-esplugues\/wp-content\/uploads\/usu1507\/2023\/03\/OA-31-2223.jpg 898w, https:\/\/agora.xtec.cat\/ceip-lola-anglada-esplugues\/wp-content\/uploads\/usu1507\/2023\/03\/OA-31-2223-300x192.jpg 300w, https:\/\/agora.xtec.cat\/ceip-lola-anglada-esplugues\/wp-content\/uploads\/usu1507\/2023\/03\/OA-31-2223-768x493.jpg 768w\" sizes=\"auto, (max-width: 898px) 100vw, 898px\" \/><\/a>16\u00aa Entrega\u00a0 \u00a0 \u00a0OCELL AMAGAT n\u00ba 31:\u00a0 COGULLADA COMUNA<\/span><br \/>\n<span style=\"color: #800000;\">Per\u00edode per respondre: <\/span><\/span><\/span><\/strong><\/span><\/span><span style=\"font-size: 18pt; color: #800000;\"><span style=\"font-size: 24pt;\"><strong><span style=\"font-size: 12pt;\">de dilluns 13 a diumenge 19 de mar\u00e7<\/span><\/strong><\/span><\/span><\/h6>\n<p><span style=\"font-weight: 400;\">Ocell de mida mitjana amb una cresta prominent. Molta variaci\u00f3 en el color del plomatge, que coincideix amb els tipus de s\u00f2ls locals. Cua curta i sota les ales amb tenyits d&#8217;\u00f2xid evidents en vol. Es troba en zones seques amb poca vegetaci\u00f3, especialment en terrenys agr\u00edcoles i a les vores de camins. El cant \u00e9s, sovint, una s\u00e8rie magn\u00edficament llarga.<\/span><\/p>\n<p style=\"text-align: right;\"><span style=\"font-weight: 400; font-size: 10pt;\">eBird. Merlin. Universitat de Cornell (Nova York. EEUU)<\/span><\/p>\n<p>&nbsp;<\/p>\n<h6 style=\"text-align: center;\"><span style=\"font-size: 18pt; color: #666699;\"><span style=\"font-size: 24pt;\"><strong><span style=\"color: #666699;\"><span style=\"font-size: 12pt;\"><span style=\"color: #800000;\"><a href=\"https:\/\/agora.xtec.cat\/ceip-lola-anglada-esplugues\/wp-content\/uploads\/usu1507\/2023\/03\/OA-30-2223.jpg\"><img loading=\"lazy\" decoding=\"async\" class=\"aligncenter size-full wp-image-6669\" src=\"https:\/\/agora.xtec.cat\/ceip-lola-anglada-esplugues\/wp-content\/uploads\/usu1507\/2023\/03\/OA-30-2223.jpg\" alt=\"\" width=\"899\" height=\"583\" srcset=\"https:\/\/agora.xtec.cat\/ceip-lola-anglada-esplugues\/wp-content\/uploads\/usu1507\/2023\/03\/OA-30-2223.jpg 899w, https:\/\/agora.xtec.cat\/ceip-lola-anglada-esplugues\/wp-content\/uploads\/usu1507\/2023\/03\/OA-30-2223-300x195.jpg 300w, https:\/\/agora.xtec.cat\/ceip-lola-anglada-esplugues\/wp-content\/uploads\/usu1507\/2023\/03\/OA-30-2223-768x498.jpg 768w\" sizes=\"auto, (max-width: 899px) 100vw, 899px\" \/><\/a>15\u00aa Entrega\u00a0 \u00a0 \u00a0OCELL AMAGAT n\u00ba 30:\u00a0 BALLESTER COM\u00da<\/span><br \/>\n<span style=\"color: #800000;\">Per\u00edode per respondre: <\/span><\/span><\/span><\/strong><\/span><\/span><span style=\"font-size: 18pt; color: #800000;\"><span style=\"font-size: 24pt;\"><strong><span style=\"font-size: 12pt;\">de dilluns 6 a diumenge 12 de mar\u00e7<\/span><\/strong><\/span><\/span><\/h6>\n<p><span style=\"font-weight: 400;\">Au estival, poc com\u00fa en unes zones i for\u00e7a com\u00fa en unes altres. Ocupa les regions m\u00e9s c\u00e0lides i passa l&#8217;hivern a l&#8217;\u00c0frica. Es reprodueixen en col\u00f2nies a penya-segats i grans edificis. \u00c9s un falciot de gran grand\u00e0ria, distintiu i espectacular, notablement m\u00e9s gran que falciot com\u00fa i amb aleteig m\u00e9s lent i amb planejos m\u00e9s llargs i l\u00e0nguids. De color marr\u00f3 fosc amb el ventre blanc; a curta dist\u00e0ncia \u00e9s visible el pegat blanc de la gola.<\/span><\/p>\n<p style=\"text-align: right;\"><span style=\"font-weight: 400; font-size: 10pt;\">eBird. Merlin. Universitat de Cornell (Nova York. EEUU)<\/span><\/p>\n<p>&nbsp;<\/p>\n<h6 style=\"text-align: center;\"><span style=\"font-size: 18pt; color: #666699;\"><span style=\"font-size: 24pt;\"><strong><span style=\"color: #666699;\"><span style=\"font-size: 12pt;\"><span style=\"color: #800000;\"><a href=\"https:\/\/agora.xtec.cat\/ceip-lola-anglada-esplugues\/wp-content\/uploads\/usu1507\/2023\/03\/OA-29-2223.jpg\"><img loading=\"lazy\" decoding=\"async\" class=\"aligncenter size-full wp-image-6668\" src=\"https:\/\/agora.xtec.cat\/ceip-lola-anglada-esplugues\/wp-content\/uploads\/usu1507\/2023\/03\/OA-29-2223.jpg\" alt=\"\" width=\"898\" height=\"576\" srcset=\"https:\/\/agora.xtec.cat\/ceip-lola-anglada-esplugues\/wp-content\/uploads\/usu1507\/2023\/03\/OA-29-2223.jpg 898w, https:\/\/agora.xtec.cat\/ceip-lola-anglada-esplugues\/wp-content\/uploads\/usu1507\/2023\/03\/OA-29-2223-300x192.jpg 300w, https:\/\/agora.xtec.cat\/ceip-lola-anglada-esplugues\/wp-content\/uploads\/usu1507\/2023\/03\/OA-29-2223-768x493.jpg 768w\" sizes=\"auto, (max-width: 898px) 100vw, 898px\" \/><\/a>15\u00aa Entrega\u00a0 \u00a0 \u00a0OCELL AMAGAT n\u00ba 29:\u00a0 ORENETA COMUNA<\/span><br \/>\n<span style=\"color: #800000;\">Per\u00edode per respondre: <\/span><\/span><\/span><\/strong><\/span><\/span><span style=\"font-size: 18pt; color: #800000;\"><span style=\"font-size: 24pt;\"><strong><span style=\"font-size: 12pt;\">de dilluns 6 a diumenge 12 de mar\u00e7<\/span><\/strong><\/span><\/span><\/h6>\n<p><span style=\"font-weight: 400;\">Reconeixible fins i tot a dist\u00e0ncia per la cua extremadament llarga i bifurcada. Passa molt de temps en vol, volant r\u00e0pidament sobre pastures i estanys a la recerca d&#8217;insectes. Sembla fosc per dalt (blau mar\u00ed amb bona llum) i de color beix a ataronjat per sota. T\u00edpicament nia a prop de la gent, en graners, sota molls i altres infraestructures.<\/span><\/p>\n<p style=\"text-align: right;\"><span style=\"font-weight: 400; font-size: 10pt;\">eBird. Merlin. Universitat de Cornell (Nova York. EEUU)<\/span><\/p>\n<p>&nbsp;<\/p>\n<h6 style=\"text-align: center;\"><span style=\"font-size: 18pt; color: #666699;\"><span style=\"font-size: 24pt;\"><strong><span style=\"color: #666699;\"><span style=\"font-size: 12pt;\"><span style=\"color: #800000;\"><a href=\"https:\/\/agora.xtec.cat\/ceip-lola-anglada-esplugues\/wp-content\/uploads\/usu1507\/2023\/02\/OA-28-2223.jpg\"><img loading=\"lazy\" decoding=\"async\" class=\"aligncenter size-full wp-image-6643\" src=\"https:\/\/agora.xtec.cat\/ceip-lola-anglada-esplugues\/wp-content\/uploads\/usu1507\/2023\/02\/OA-28-2223.jpg\" alt=\"\" width=\"899\" height=\"579\" srcset=\"https:\/\/agora.xtec.cat\/ceip-lola-anglada-esplugues\/wp-content\/uploads\/usu1507\/2023\/02\/OA-28-2223.jpg 899w, https:\/\/agora.xtec.cat\/ceip-lola-anglada-esplugues\/wp-content\/uploads\/usu1507\/2023\/02\/OA-28-2223-300x193.jpg 300w, https:\/\/agora.xtec.cat\/ceip-lola-anglada-esplugues\/wp-content\/uploads\/usu1507\/2023\/02\/OA-28-2223-768x495.jpg 768w\" sizes=\"auto, (max-width: 899px) 100vw, 899px\" \/><\/a>14\u00aa Entrega\u00a0 \u00a0 \u00a0OCELL AMAGAT n\u00ba 28:\u00a0 PAPAMOSQUES GRIS<\/span><br \/>\n<span style=\"color: #800000;\">Per\u00edode per respondre: <\/span><\/span><\/span><\/strong><\/span><\/span><span style=\"font-size: 18pt; color: #800000;\"><span style=\"font-size: 24pt;\"><strong><span style=\"font-size: 12pt;\">de dilluns 27 de febrer a diumenge 5 de mar\u00e7<\/span><\/strong><\/span><\/span><\/h6>\n<p><span style=\"font-weight: 400;\">\u00c9s un migrant estival a gaireb\u00e9 tot Europa amb hivernada a \u00c0frica. \u00c9s com\u00fa i en alguns llocs una mica m\u00e9s abundant. Prefereix els boscos oberts mixtos i caducifolis amb clarianes, zones verdes, jardins m\u00e9s grans i cementiris. Tendeix a posar-se for\u00e7a dret sobre posaders exposats, des d&#8217;on captura insectes en vol, on sovint torna al mateix penjador. S&#8217;identifica m\u00e9s f\u00e0cilment pel comportament que pel plomatge, que \u00e9s mon\u00f2ton de color marr\u00f3 grisenc per sobre, blanquin\u00f3s apagat per sota i amb vetes fosques a la coroneta i al pit.<\/span><\/p>\n<p style=\"text-align: right;\"><span style=\"font-weight: 400; font-size: 10pt;\">eBird. Merlin. Universitat de Cornell (Nova York. EEUU)<\/span><\/p>\n<p>&nbsp;<\/p>\n<h6 style=\"text-align: center;\"><span style=\"font-size: 18pt; color: #666699;\"><span style=\"font-size: 24pt;\"><strong><span style=\"color: #666699;\"><span style=\"font-size: 12pt;\"><span style=\"color: #800000;\"><a href=\"https:\/\/agora.xtec.cat\/ceip-lola-anglada-esplugues\/wp-content\/uploads\/usu1507\/2023\/02\/OA-27-2223.jpg\"><img loading=\"lazy\" decoding=\"async\" class=\"aligncenter size-full wp-image-6642\" src=\"https:\/\/agora.xtec.cat\/ceip-lola-anglada-esplugues\/wp-content\/uploads\/usu1507\/2023\/02\/OA-27-2223.jpg\" alt=\"\" width=\"899\" height=\"583\" srcset=\"https:\/\/agora.xtec.cat\/ceip-lola-anglada-esplugues\/wp-content\/uploads\/usu1507\/2023\/02\/OA-27-2223.jpg 899w, https:\/\/agora.xtec.cat\/ceip-lola-anglada-esplugues\/wp-content\/uploads\/usu1507\/2023\/02\/OA-27-2223-300x195.jpg 300w, https:\/\/agora.xtec.cat\/ceip-lola-anglada-esplugues\/wp-content\/uploads\/usu1507\/2023\/02\/OA-27-2223-768x498.jpg 768w\" sizes=\"auto, (max-width: 899px) 100vw, 899px\" \/><\/a>14\u00aa Entrega\u00a0 \u00a0 \u00a0OCELL AMAGAT n\u00ba 27:\u00a0 CORB COM\u00da<\/span><br \/>\n<span style=\"color: #800000;\">Per\u00edode per respondre: <\/span><\/span><\/span><\/strong><\/span><\/span><span style=\"font-size: 18pt; color: #800000;\"><span style=\"font-size: 24pt;\"><strong><span style=\"font-size: 12pt;\">de dilluns 27 de febrer a diumenge 5 de mar\u00e7<\/span><\/strong><\/span><\/span><\/h6>\n<p><span style=\"font-weight: 400;\">Tot negre, amb un bec m\u00e9s gruixut i llarg. El bec \u00e9s m\u00e9s llarg que el cap. Cua en forma de falca. Tendeix a ser solitari. Vola al llarg de carreteres a la recerca de carronya. Habita principalment a \u00e0rees rurals en \u00e0rees obertes o boscos. Utilitza una varietat d&#8217;h\u00e0bitats incloent deserts, costes, tundra i pastures. Vola amb cops d\u2019ala fluids i continus.<\/span><\/p>\n<p style=\"text-align: right;\"><span style=\"font-weight: 400; font-size: 10pt;\">eBird. Merlin. Universitat de Cornell (Nova York. EEUU)<\/span><\/p>\n<p>&nbsp;<\/p>\n<h6 style=\"text-align: center;\"><span style=\"font-size: 18pt; color: #666699;\"><span style=\"font-size: 24pt;\"><strong><span style=\"color: #666699;\"><span style=\"font-size: 12pt;\"><span style=\"color: #800000;\"><a href=\"https:\/\/agora.xtec.cat\/ceip-lola-anglada-esplugues\/wp-content\/uploads\/usu1507\/2023\/02\/OA-26-2223.jpg\"><img loading=\"lazy\" decoding=\"async\" class=\"aligncenter size-full wp-image-6592\" src=\"https:\/\/agora.xtec.cat\/ceip-lola-anglada-esplugues\/wp-content\/uploads\/usu1507\/2023\/02\/OA-26-2223.jpg\" alt=\"\" width=\"899\" height=\"581\" srcset=\"https:\/\/agora.xtec.cat\/ceip-lola-anglada-esplugues\/wp-content\/uploads\/usu1507\/2023\/02\/OA-26-2223.jpg 899w, https:\/\/agora.xtec.cat\/ceip-lola-anglada-esplugues\/wp-content\/uploads\/usu1507\/2023\/02\/OA-26-2223-300x194.jpg 300w, https:\/\/agora.xtec.cat\/ceip-lola-anglada-esplugues\/wp-content\/uploads\/usu1507\/2023\/02\/OA-26-2223-768x496.jpg 768w\" sizes=\"auto, (max-width: 899px) 100vw, 899px\" \/><\/a>13\u00aa Entrega\u00a0 \u00a0 \u00a0OCELL AMAGAT n\u00ba 26:\u00a0 PASSERELL COM\u00da<\/span><br \/>\n<span style=\"color: #800000;\">Per\u00edode per respondre: <\/span><\/span><\/span><\/strong><\/span><\/span><span style=\"font-size: 18pt; color: #800000;\"><span style=\"font-size: 24pt;\"><strong><span style=\"font-size: 12pt;\">de dilluns 13 a diumenge 26 de febrer<\/span><\/strong><\/span><\/span><\/h6>\n<p><span style=\"font-weight: 400;\">\u00c9s abundant i pot ser molt abundant en \u00e0rees obertes, des de prats de pastures a zones urbanes. Igual que altres fring\u00edl\u00b7lids, sovint forma b\u00e0ndols a la tardor i hivern; no sol visitar les menjadores de jard\u00ed. En general t\u00e9 aspecte de petit ocell i \u00e9s for\u00e7a poc visible, llevat que es vegi b\u00e9 el mascle, que t\u00e9 pit vermell, el cap gris i l&#8217;esquena marr\u00f3 vermellosa que fa que tingui una combinaci\u00f3 distintiva. La femella s&#8217;identifica millor pel patr\u00f3 facial: \u00e0mplies mitges llunes p\u00e0l\u00b7lides per sobre i per sota dels ulls i taca p\u00e0l\u00b7lida a les galtes. Hi destaquen tamb\u00e9 el bec petit gris, les ales blanquinoses i les rectrius externes blanques com el mascle.<\/span><\/p>\n<p style=\"text-align: right;\"><span style=\"font-weight: 400; font-size: 10pt;\">eBird. Merlin. Universitat de Cornell (Nova York. EEUU)<\/span><\/p>\n<h6 style=\"text-align: center;\"><span style=\"font-size: 18pt; color: #666699;\"><span style=\"font-size: 24pt;\"><strong><span style=\"color: #666699;\"><span style=\"font-size: 12pt;\"><span style=\"color: #800000;\"><a href=\"https:\/\/agora.xtec.cat\/ceip-lola-anglada-esplugues\/wp-content\/uploads\/usu1507\/2023\/02\/OA-25-2223.jpg\"><img loading=\"lazy\" decoding=\"async\" class=\"aligncenter size-full wp-image-6591\" src=\"https:\/\/agora.xtec.cat\/ceip-lola-anglada-esplugues\/wp-content\/uploads\/usu1507\/2023\/02\/OA-25-2223.jpg\" alt=\"\" width=\"898\" height=\"583\" srcset=\"https:\/\/agora.xtec.cat\/ceip-lola-anglada-esplugues\/wp-content\/uploads\/usu1507\/2023\/02\/OA-25-2223.jpg 898w, https:\/\/agora.xtec.cat\/ceip-lola-anglada-esplugues\/wp-content\/uploads\/usu1507\/2023\/02\/OA-25-2223-300x195.jpg 300w, https:\/\/agora.xtec.cat\/ceip-lola-anglada-esplugues\/wp-content\/uploads\/usu1507\/2023\/02\/OA-25-2223-768x499.jpg 768w\" sizes=\"auto, (max-width: 898px) 100vw, 898px\" \/><\/a>13\u00aa Entrega\u00a0 \u00a0 \u00a0OCELL AMAGAT n\u00ba 25:\u00a0 MALLERENGA CARBONERA<\/span><br \/>\n<span style=\"color: #800000;\">Per\u00edode per respondre: <\/span><\/span><\/span><\/strong><\/span><\/span><span style=\"font-size: 18pt; color: #800000;\"><span style=\"font-size: 24pt;\"><strong><span style=\"font-size: 12pt;\">de dilluns 13 a diumenge 26 de febrer<\/span><\/strong><\/span><\/span><\/h6>\n<p><span style=\"font-weight: 400;\">Comuna a muntanyes, boscos, parcs, jardins i bardisses. Sovint visita menjadores d&#8217;ocells i utilitza caixes niu. T\u00e9 un plomatge caracter\u00edstic, amb galtes blanques envoltades per un p\u00edli i pitet negres i parts inferiors grogues. \u00c9s notablement m\u00e9s gran i amb plomatge m\u00e9s marcat que la mallerenga blava, que sovint apareix juntament amb la mallerenga carbonera. El mascle t\u00e9 una banda negra m\u00e9s ampla al ventre que la femella, i el juvenil (a l&#8217;estiu-principis de la tardor) t\u00e9 un color groguenc i un plomatge m\u00e9s apagat en general.<\/span><\/p>\n<p style=\"text-align: right;\"><span style=\"font-weight: 400; font-size: 10pt;\">eBird. Merlin. Universitat de Cornell (Nova York. EEUU)<\/span><\/p>\n<h6 style=\"text-align: center;\"><span style=\"font-size: 18pt; color: #666699;\"><span style=\"font-size: 24pt;\"><strong><span style=\"color: #666699;\"><span style=\"font-size: 12pt;\"><span style=\"color: #800000;\"><a href=\"https:\/\/agora.xtec.cat\/ceip-lola-anglada-esplugues\/wp-content\/uploads\/usu1507\/2023\/02\/OA-24-2223.jpg\"><img loading=\"lazy\" decoding=\"async\" class=\"aligncenter size-full wp-image-6550\" src=\"https:\/\/agora.xtec.cat\/ceip-lola-anglada-esplugues\/wp-content\/uploads\/usu1507\/2023\/02\/OA-24-2223.jpg\" alt=\"\" width=\"902\" height=\"632\" srcset=\"https:\/\/agora.xtec.cat\/ceip-lola-anglada-esplugues\/wp-content\/uploads\/usu1507\/2023\/02\/OA-24-2223.jpg 902w, https:\/\/agora.xtec.cat\/ceip-lola-anglada-esplugues\/wp-content\/uploads\/usu1507\/2023\/02\/OA-24-2223-300x210.jpg 300w, https:\/\/agora.xtec.cat\/ceip-lola-anglada-esplugues\/wp-content\/uploads\/usu1507\/2023\/02\/OA-24-2223-768x538.jpg 768w\" sizes=\"auto, (max-width: 902px) 100vw, 902px\" \/><\/a>12\u00aa Entrega\u00a0 \u00a0 \u00a0OCELL AMAGAT n\u00ba 24:\u00a0 GAVINA RIALLERA<\/span><br \/>\n<span style=\"color: #800000;\">Per\u00edode per respondre: <\/span><\/span><\/span><\/strong><\/span><\/span><span style=\"font-size: 18pt; color: #800000;\"><span style=\"font-size: 24pt;\"><strong><span style=\"font-size: 12pt;\">de dilluns 6 a diumenge 12 de febrer<\/span><\/strong><\/span><\/span><\/h6>\n<p><span style=\"font-weight: 400;\">\u00c9s la gavina petita m\u00e9s comuna a la majoria del territori que ocupa, des d&#8217;estanys i explotacions agr\u00edcoles fins a aiguamolls naturals i del litoral costaner; apareix puntualment en estols de centenars i de vegades milers d&#8217;individus. En qualsevol plomatge t\u00e9 una franja blanca a la vora anterior de l&#8217;ala. L&#8217;adult en plomatge nupcial llueix una caputxa marr\u00f3 fosca (no negra) amb el bec i les potes de color vermell. Fora de l&#8217;\u00e8poca de cria i els immadurs tenen el cap blanc amb un punt fosc a la galta, el bec amb la punta fosca.\u00a0<\/span><\/p>\n<p style=\"text-align: right;\"><span style=\"font-weight: 400; font-size: 10pt;\">eBird. Merlin. Universitat de Cornell (Nova York. EEUU)<\/span><\/p>\n<h6 style=\"text-align: center;\"><span style=\"font-size: 18pt; color: #666699;\"><span style=\"font-size: 24pt;\"><strong><span style=\"color: #666699;\"><span style=\"font-size: 12pt;\"><span style=\"color: #800000;\"><a href=\"https:\/\/agora.xtec.cat\/ceip-lola-anglada-esplugues\/wp-content\/uploads\/usu1507\/2023\/02\/OA-23-2223.jpg\"><img loading=\"lazy\" decoding=\"async\" class=\"aligncenter size-full wp-image-6549\" src=\"https:\/\/agora.xtec.cat\/ceip-lola-anglada-esplugues\/wp-content\/uploads\/usu1507\/2023\/02\/OA-23-2223.jpg\" alt=\"\" width=\"899\" height=\"580\" srcset=\"https:\/\/agora.xtec.cat\/ceip-lola-anglada-esplugues\/wp-content\/uploads\/usu1507\/2023\/02\/OA-23-2223.jpg 899w, https:\/\/agora.xtec.cat\/ceip-lola-anglada-esplugues\/wp-content\/uploads\/usu1507\/2023\/02\/OA-23-2223-300x194.jpg 300w, https:\/\/agora.xtec.cat\/ceip-lola-anglada-esplugues\/wp-content\/uploads\/usu1507\/2023\/02\/OA-23-2223-768x495.jpg 768w\" sizes=\"auto, (max-width: 899px) 100vw, 899px\" \/><\/a>12\u00aa Entrega\u00a0 \u00a0 \u00a0OCELL AMAGAT n\u00ba 23:\u00a0 GRALLA OCCIDENTAL<\/span><br \/>\n<span style=\"color: #800000;\">Per\u00edode per respondre: <\/span><\/span><\/span><\/strong><\/span><\/span><span style=\"font-size: 18pt; color: #800000;\"><span style=\"font-size: 24pt;\"><strong><span style=\"font-size: 12pt;\">de dilluns 6 a diumenge 12 de febrer<\/span><\/strong><\/span><\/span><\/h6>\n<p><span style=\"font-weight: 400;\">Com\u00fa en h\u00e0bitats oberts i semioberts, des de ciutats i parcs arbrats a zones agr\u00edcoles i penya-segats costaners. Freq\u00fcenta els edificis de pedra i les xemeneies. Fa el niu en cavitats. Caracter\u00edstic i petit corb, social, amb contrastat dors gris platejat i curiosos ulls blaus. Als juvenils el dors i els ulls s\u00f3n m\u00e9s apagats. Camina de manera confiada i pot ser f\u00e0cil de veure on no \u00e9s perseguida. Els estols poden sumar centenars d\u2019individus en \u00e8poca no reproductora.<\/span><\/p>\n<p style=\"text-align: right;\"><span style=\"font-weight: 400; font-size: 10pt;\">eBird. Merlin. Universitat de Cornell (Nova York. EEUU)<\/span><\/p>\n<p>&nbsp;<\/p>\n<h6 style=\"text-align: center;\"><span style=\"font-size: 18pt; color: #666699;\"><span style=\"font-size: 24pt;\"><strong><span style=\"color: #666699;\"><span style=\"font-size: 12pt;\"><span style=\"color: #800000;\"><a href=\"https:\/\/agora.xtec.cat\/ceip-lola-anglada-esplugues\/wp-content\/uploads\/usu1507\/2023\/01\/OA-22-2223.jpg\"><img loading=\"lazy\" decoding=\"async\" class=\"aligncenter size-full wp-image-6524\" src=\"https:\/\/agora.xtec.cat\/ceip-lola-anglada-esplugues\/wp-content\/uploads\/usu1507\/2023\/01\/OA-22-2223.jpg\" alt=\"\" width=\"899\" height=\"580\" srcset=\"https:\/\/agora.xtec.cat\/ceip-lola-anglada-esplugues\/wp-content\/uploads\/usu1507\/2023\/01\/OA-22-2223.jpg 899w, https:\/\/agora.xtec.cat\/ceip-lola-anglada-esplugues\/wp-content\/uploads\/usu1507\/2023\/01\/OA-22-2223-300x194.jpg 300w, https:\/\/agora.xtec.cat\/ceip-lola-anglada-esplugues\/wp-content\/uploads\/usu1507\/2023\/01\/OA-22-2223-768x495.jpg 768w\" sizes=\"auto, (max-width: 899px) 100vw, 899px\" \/><\/a>11\u00aa Entrega\u00a0 \u00a0 \u00a0OCELL AMAGAT n\u00ba 22:\u00a0 TALLAROL CAPNEGRE<\/span><br \/>\n<span style=\"color: #800000;\">Per\u00edode per respondre: <\/span><\/span><\/span><\/strong><\/span><\/span><span style=\"font-size: 18pt; color: #800000;\"><span style=\"font-size: 24pt;\"><strong><span style=\"font-size: 12pt;\">de dilluns 30 de gener a diumenge 5 de febrer<\/span><\/strong><\/span><\/span><\/h6>\n<p><span style=\"font-weight: 400;\">Es tracta d&#8217;un tallarol compacte, robust i de cap gran. Els mascles s\u00f3n cridaners amb un capirot negre que contrasta amb la gola blanquinosa, dors gris i anell ocular vermell. Les femelles s\u00f3n m\u00e9s apagades amb capirot gris, gola blanca i cos bru. \u00c9s com\u00fa en molts h\u00e0bitats t\u00edpics del Mediterrani, inclosos arbustos alts, boscos oberts, jardins, arbustos costaners i plantacions. Generalment es detecta pel seu cant, una successi\u00f3 d&#8217;estrofes curtes, traquetejants i r\u00e0pides \u201cctret-tret-tret-tret-tret-tret\u201d o \u201ctetwtweer-tik-tik-tik\u201d. El reclam \u00e9s un tseck sec.<\/span><\/p>\n<p style=\"text-align: right;\"><span style=\"font-weight: 400; font-size: 10pt;\">eBird. Merlin. Universitat de Cornell (Nova York. EEUU)<\/span><\/p>\n<p>&nbsp;<\/p>\n<h6 style=\"text-align: center;\"><span style=\"font-size: 18pt; color: #666699;\"><span style=\"font-size: 24pt;\"><strong><span style=\"color: #666699;\"><span style=\"font-size: 12pt;\"><span style=\"color: #800000;\"><a href=\"https:\/\/agora.xtec.cat\/ceip-lola-anglada-esplugues\/wp-content\/uploads\/usu1507\/2023\/01\/OA-21-2223.jpg\"><img loading=\"lazy\" decoding=\"async\" class=\"aligncenter size-full wp-image-6523\" src=\"https:\/\/agora.xtec.cat\/ceip-lola-anglada-esplugues\/wp-content\/uploads\/usu1507\/2023\/01\/OA-21-2223.jpg\" alt=\"\" width=\"898\" height=\"582\" srcset=\"https:\/\/agora.xtec.cat\/ceip-lola-anglada-esplugues\/wp-content\/uploads\/usu1507\/2023\/01\/OA-21-2223.jpg 898w, https:\/\/agora.xtec.cat\/ceip-lola-anglada-esplugues\/wp-content\/uploads\/usu1507\/2023\/01\/OA-21-2223-300x194.jpg 300w, https:\/\/agora.xtec.cat\/ceip-lola-anglada-esplugues\/wp-content\/uploads\/usu1507\/2023\/01\/OA-21-2223-768x498.jpg 768w\" sizes=\"auto, (max-width: 898px) 100vw, 898px\" \/><\/a>11\u00aa Entrega\u00a0 \u00a0 \u00a0OCELL AMAGAT n\u00ba 21:\u00a0 MALLERENGA EMPLOMALLADA<\/span><br \/>\n<span style=\"color: #800000;\">Per\u00edode per respondre: <\/span><\/span><\/span><\/strong><\/span><\/span><span style=\"font-size: 18pt; color: #800000;\"><span style=\"font-size: 24pt;\"><strong><span style=\"font-size: 12pt;\">de dilluns 30 de gener a diumenge 5 de febrer<\/span><\/strong><\/span><\/span><\/h6>\n<p><span style=\"font-weight: 400;\">Comuna en boscos de con\u00edferes i boscos mixtos, aix\u00ed com en plantacions de pins. Sovint s&#8217;uneix a b\u00e0ndols mixtos d\u2019altres mallerengues a la tardor i hivern, alimentant-se principalment a mitja al\u00e7ada, i de vegades a terra. L&#8217;\u00fanic petit passeriforme a Europa amb una cresta ben palesa; tamb\u00e9 destaca el patr\u00f3 distintiu del cap, una cara principalment p\u00e0l\u00b7lida amb un contorn negr\u00f3s a les galtes.<\/span><\/p>\n<p style=\"text-align: right;\"><span style=\"font-weight: 400; font-size: 10pt;\">eBird. Merlin. Universitat de Cornell (Nova York. EEUU)<\/span><\/p>\n<p>&nbsp;<\/p>\n<h6 style=\"text-align: center;\"><span style=\"font-size: 18pt; color: #666699;\"><span style=\"font-size: 24pt;\"><strong><span style=\"color: #666699;\"><span style=\"font-size: 12pt;\"><span style=\"color: #800000;\"><a href=\"https:\/\/agora.xtec.cat\/ceip-lola-anglada-esplugues\/wp-content\/uploads\/usu1507\/2023\/01\/OA-20-2223.jpg\"><img loading=\"lazy\" decoding=\"async\" class=\"aligncenter size-full wp-image-6515\" src=\"https:\/\/agora.xtec.cat\/ceip-lola-anglada-esplugues\/wp-content\/uploads\/usu1507\/2023\/01\/OA-20-2223.jpg\" alt=\"\" width=\"898\" height=\"578\" srcset=\"https:\/\/agora.xtec.cat\/ceip-lola-anglada-esplugues\/wp-content\/uploads\/usu1507\/2023\/01\/OA-20-2223.jpg 898w, https:\/\/agora.xtec.cat\/ceip-lola-anglada-esplugues\/wp-content\/uploads\/usu1507\/2023\/01\/OA-20-2223-300x193.jpg 300w, https:\/\/agora.xtec.cat\/ceip-lola-anglada-esplugues\/wp-content\/uploads\/usu1507\/2023\/01\/OA-20-2223-768x494.jpg 768w\" sizes=\"auto, (max-width: 898px) 100vw, 898px\" \/><\/a><\/span><\/span><\/span><\/strong><\/span><\/span><\/h6>\n<h6 style=\"text-align: center;\"><span style=\"font-size: 18pt; color: #666699;\"><span style=\"font-size: 24pt;\"><strong><span style=\"color: #666699;\"><span style=\"font-size: 12pt;\"><span style=\"color: #800000;\">10\u00aa Entrega\u00a0 \u00a0 \u00a0OCELL AMAGAT n\u00ba 20:\u00a0 RASPINELL COM\u00da<\/span><br \/>\n<span style=\"color: #800000;\">Per\u00edode per respondre: <\/span><\/span><\/span><\/strong><\/span><\/span><span style=\"font-size: 18pt; color: #800000;\"><span style=\"font-size: 24pt;\"><strong><span style=\"font-size: 12pt;\">de dilluns 23 a diumenge 29 de gener<\/span><\/strong><\/span><\/span><\/h6>\n<p><span style=\"font-weight: 400;\">For\u00e7a com\u00fa per\u00f2 discret (el plomatge es mimetitza b\u00e9 amb l&#8217;escor\u00e7a dels arbres) a muntanyes, boscos i jardins amb arbres m\u00e9s grans. En general es veuen individus o parelles escalant els troncs i les branques usant la seva cua com a suport. Explora les esquerdes dels arbres buscant insectes i aranyes, sovint ascendint en forma d&#8217;espiral per un arbre, per despr\u00e9s deixar-se caure a la base de l&#8217;arbre m\u00e9s proper per tornar a pujar. Tendeix a trobar-se en boscos m\u00e9s caducifolis a altituds m\u00e9s baixes i a terres de cultiu i parcs.<\/span><\/p>\n<p style=\"text-align: right;\"><span style=\"font-weight: 400; font-size: 10pt;\">eBird. Merlin. Universitat de Cornell (Nova York. EEUU)<\/span><\/p>\n<p>&nbsp;<\/p>\n<h6 style=\"text-align: center;\"><span style=\"font-size: 18pt; color: #666699;\"><span style=\"font-size: 24pt;\"><strong><span style=\"color: #666699;\"><span style=\"font-size: 12pt;\"><span style=\"color: #800000;\"><a href=\"https:\/\/agora.xtec.cat\/ceip-lola-anglada-esplugues\/wp-content\/uploads\/usu1507\/2023\/01\/OA-19-2223.jpg\"><img loading=\"lazy\" decoding=\"async\" class=\"aligncenter size-full wp-image-6516\" src=\"https:\/\/agora.xtec.cat\/ceip-lola-anglada-esplugues\/wp-content\/uploads\/usu1507\/2023\/01\/OA-19-2223.jpg\" alt=\"\" width=\"897\" height=\"578\" srcset=\"https:\/\/agora.xtec.cat\/ceip-lola-anglada-esplugues\/wp-content\/uploads\/usu1507\/2023\/01\/OA-19-2223.jpg 897w, https:\/\/agora.xtec.cat\/ceip-lola-anglada-esplugues\/wp-content\/uploads\/usu1507\/2023\/01\/OA-19-2223-300x193.jpg 300w, https:\/\/agora.xtec.cat\/ceip-lola-anglada-esplugues\/wp-content\/uploads\/usu1507\/2023\/01\/OA-19-2223-768x495.jpg 768w\" sizes=\"auto, (max-width: 897px) 100vw, 897px\" \/><\/a>10\u00aa Entrega\u00a0 \u00a0 \u00a0OCELL AMAGAT n\u00ba 19:\u00a0 BLAUET COM\u00da<\/span><br \/>\n<span style=\"color: #800000;\">Per\u00edode per respondre: <\/span><\/span><\/span><\/strong><\/span><\/span><span style=\"font-size: 18pt; color: #800000;\"><span style=\"font-size: 24pt;\"><strong><span style=\"font-size: 12pt;\">de dilluns 23 a diumenge 29 de gener<\/span><\/strong><\/span><\/span><\/h6>\n<p><span style=\"font-weight: 400;\">For\u00e7a com\u00fa per\u00f2 petit, sovint for\u00e7a t\u00edmid i discret. Es troba al llarg de rius, rierols, llacs i estanys, a gaireb\u00e9 qualsevol h\u00e0bitat amb aigua dol\u00e7a o salobre amb peixos petits. Sovint es posa silenciosament als arbres sobre l&#8217;aigua; es veu m\u00e9s sovint quan vola baix i r\u00e0pid, com un centelleig turquesa sobre l&#8217;aigua, generalment allunyant-se. El seu bell plomatge blau i taronja, en combinaci\u00f3 amb l&#8217;h\u00e0bitat el fan inconfusible. Sovint es detecta una vegada que se n&#8217;apr\u00e8n el reclam agut i cridaner.<\/span><\/p>\n<p style=\"text-align: right;\"><span style=\"font-weight: 400; font-size: 10pt;\">eBird. Merlin. Universitat de Cornell (Nova York. EEUU)<\/span><\/p>\n<p>&nbsp;<\/p>\n<h6 style=\"text-align: center;\"><span style=\"font-size: 18pt; color: #666699;\"><span style=\"font-size: 24pt;\"><strong><span style=\"color: #666699;\"><span style=\"font-size: 12pt;\"><span style=\"color: #800000;\"><a href=\"https:\/\/agora.xtec.cat\/ceip-lola-anglada-esplugues\/wp-content\/uploads\/usu1507\/2023\/01\/OA-18-2223.jpg\"><img loading=\"lazy\" decoding=\"async\" class=\"aligncenter size-full wp-image-6484\" src=\"https:\/\/agora.xtec.cat\/ceip-lola-anglada-esplugues\/wp-content\/uploads\/usu1507\/2023\/01\/OA-18-2223.jpg\" alt=\"\" width=\"898\" height=\"580\" srcset=\"https:\/\/agora.xtec.cat\/ceip-lola-anglada-esplugues\/wp-content\/uploads\/usu1507\/2023\/01\/OA-18-2223.jpg 898w, https:\/\/agora.xtec.cat\/ceip-lola-anglada-esplugues\/wp-content\/uploads\/usu1507\/2023\/01\/OA-18-2223-300x194.jpg 300w, https:\/\/agora.xtec.cat\/ceip-lola-anglada-esplugues\/wp-content\/uploads\/usu1507\/2023\/01\/OA-18-2223-768x496.jpg 768w\" sizes=\"auto, (max-width: 898px) 100vw, 898px\" \/><\/a>9\u00aa Entrega\u00a0 \u00a0 \u00a0OCELL AMAGAT n\u00ba 18:\u00a0 COTXA CUA-ROJA<\/span><br \/>\n<span style=\"color: #800000;\">Per\u00edode per respondre: <\/span><\/span><\/span><\/strong><\/span><\/span><span style=\"font-size: 18pt; color: #800000;\"><span style=\"font-size: 24pt;\"><strong><span style=\"font-size: 12pt;\">de dilluns 16 a diumenge 22 de gener<\/span><\/strong><\/span><\/span><\/h6>\n<p><span style=\"font-weight: 400;\">\u00c9s un migrant estival present a la major part d&#8217;Europa amb hivernada a l&#8217;\u00c0frica. Es troba en boscos mixtos i caducifolis, bruguerars amb arbres i tanques; sovint utilitza h\u00e0bitats costaners de muntanya baixa durant la migraci\u00f3. \u00c9s escassa i tendeix a posar-se for\u00e7a dret amb l&#8217;h\u00e0bit distintiu de fer vibrar la cua ataronjada brillant. El mascle elegant i inconfusible, amb la cara i la gola negres contrastades pel front blanc, el pit ataronjat brillant i l&#8217;esquena blava grisenca. La femella en general \u00e9s uniforme gris-marr\u00f3 a excepci\u00f3 de la cua taronja brillant.<\/span><\/p>\n<p style=\"text-align: right;\"><span style=\"font-weight: 400; font-size: 10pt;\">eBird. Merlin. Universitat de Cornell (Nova York. EEUU)<\/span><\/p>\n<h6 style=\"text-align: center;\"><span style=\"font-size: 18pt; color: #666699;\"><span style=\"font-size: 24pt;\"><strong><span style=\"color: #666699;\"><span style=\"font-size: 12pt;\"><span style=\"color: #800000;\"><a href=\"https:\/\/agora.xtec.cat\/ceip-lola-anglada-esplugues\/wp-content\/uploads\/usu1507\/2023\/01\/OA-17-2223.jpg\"><img loading=\"lazy\" decoding=\"async\" class=\"aligncenter size-full wp-image-6483\" src=\"https:\/\/agora.xtec.cat\/ceip-lola-anglada-esplugues\/wp-content\/uploads\/usu1507\/2023\/01\/OA-17-2223.jpg\" alt=\"\" width=\"899\" height=\"585\" srcset=\"https:\/\/agora.xtec.cat\/ceip-lola-anglada-esplugues\/wp-content\/uploads\/usu1507\/2023\/01\/OA-17-2223.jpg 899w, https:\/\/agora.xtec.cat\/ceip-lola-anglada-esplugues\/wp-content\/uploads\/usu1507\/2023\/01\/OA-17-2223-300x195.jpg 300w, https:\/\/agora.xtec.cat\/ceip-lola-anglada-esplugues\/wp-content\/uploads\/usu1507\/2023\/01\/OA-17-2223-768x500.jpg 768w\" sizes=\"auto, (max-width: 899px) 100vw, 899px\" \/><\/a>9\u00aa Entrega\u00a0 \u00a0 \u00a0OCELL AMAGAT n\u00ba 17:\u00a0 GAFARR\u00d3 EUROPEU<\/span><br \/>\n<span style=\"color: #800000;\">Per\u00edode per respondre: <\/span><\/span><\/span><\/strong><\/span><\/span><span style=\"font-size: 18pt; color: #800000;\"><span style=\"font-size: 24pt;\"><strong><span style=\"font-size: 12pt;\">de dilluns 16 a diumenge 22 de gener<\/span><\/strong><\/span><\/span><\/h6>\n<p><span style=\"font-weight: 400;\">\u00c9s de mida petita i t\u00e9 el bec molt petit i c\u00f2nic. Tots dos sexes presenten un prof\u00fas estriat al dors amb carp\u00f3 groc. Els mascles tenen cara i pit de color groc brillant; mentre que \u00e9s marr\u00f3 grisenc a les femelles. \u00c9s com\u00fa en parcs, jardins, ciutats, \u00e0rees agr\u00edcoles i l\u00edmits de boscos. Sovint canta des de cables d&#8217;electricitat, pals, antenes de TV o des de la copa dels arbres. Sovint canta de forma intensa tamb\u00e9 en vol amb aleteigs en \u201cc\u00e0mera lenta\u201d. S&#8217;alimenta de llavors i de vegades invertebrats.<\/span><\/p>\n<p style=\"text-align: right;\"><span style=\"font-weight: 400; font-size: 10pt;\">eBird. Merlin. Universitat de Cornell (Nova York. EEUU)<\/span><\/p>\n<p>&nbsp;<\/p>\n<h6 style=\"text-align: center;\"><span style=\"font-size: 18pt; color: #666699;\"><span style=\"font-size: 24pt;\"><strong><span style=\"color: #666699;\"><span style=\"font-size: 12pt;\"><span style=\"color: #800000;\"><a href=\"https:\/\/agora.xtec.cat\/ceip-lola-anglada-esplugues\/wp-content\/uploads\/usu1507\/2023\/01\/OA-BP-Nadal-2223-respostes.jpg\"><img loading=\"lazy\" decoding=\"async\" class=\"aligncenter size-full wp-image-6482\" src=\"https:\/\/agora.xtec.cat\/ceip-lola-anglada-esplugues\/wp-content\/uploads\/usu1507\/2023\/01\/OA-BP-Nadal-2223-respostes.jpg\" alt=\"\" width=\"932\" height=\"600\" srcset=\"https:\/\/agora.xtec.cat\/ceip-lola-anglada-esplugues\/wp-content\/uploads\/usu1507\/2023\/01\/OA-BP-Nadal-2223-respostes.jpg 932w, https:\/\/agora.xtec.cat\/ceip-lola-anglada-esplugues\/wp-content\/uploads\/usu1507\/2023\/01\/OA-BP-Nadal-2223-respostes-300x193.jpg 300w, https:\/\/agora.xtec.cat\/ceip-lola-anglada-esplugues\/wp-content\/uploads\/usu1507\/2023\/01\/OA-BP-Nadal-2223-respostes-768x494.jpg 768w\" sizes=\"auto, (max-width: 932px) 100vw, 932px\" \/><\/a>8\u00aa Entrega\u00a0 \u00a0 \u00a0OCELL RETALLAT &#8211; PUNTS BONIFICACI\u00d3 &#8220;Nadal&#8221;:\u00a0\u00a0<\/span><br \/>\n<span style=\"color: #800000;\">Per\u00edode per respondre: <\/span><\/span><\/span><\/strong><\/span><\/span><span style=\"font-size: 18pt; color: #800000;\"><span style=\"font-size: 24pt;\"><strong><span style=\"font-size: 12pt;\">de dilluns 19 de desembre a diumenge 15 de gener<br \/>\n<span style=\"font-size: 10pt;\">Un punt per cada ocell ben identificat<\/span><\/span><\/strong><\/span><\/span><\/h6>\n<p>&nbsp;<\/p>\n<h6 style=\"text-align: center;\"><span style=\"font-size: 18pt; color: #666699;\"><span style=\"font-size: 24pt;\"><strong><span style=\"color: #666699;\"><span style=\"font-size: 12pt;\"><span style=\"color: #800000;\"><a href=\"https:\/\/agora.xtec.cat\/ceip-lola-anglada-esplugues\/wp-content\/uploads\/usu1507\/2022\/12\/OA-16-2223.jpg\"><img loading=\"lazy\" decoding=\"async\" class=\"aligncenter size-full wp-image-6425\" src=\"https:\/\/agora.xtec.cat\/ceip-lola-anglada-esplugues\/wp-content\/uploads\/usu1507\/2022\/12\/OA-16-2223.jpg\" alt=\"\" width=\"899\" height=\"583\" srcset=\"https:\/\/agora.xtec.cat\/ceip-lola-anglada-esplugues\/wp-content\/uploads\/usu1507\/2022\/12\/OA-16-2223.jpg 899w, https:\/\/agora.xtec.cat\/ceip-lola-anglada-esplugues\/wp-content\/uploads\/usu1507\/2022\/12\/OA-16-2223-300x195.jpg 300w, https:\/\/agora.xtec.cat\/ceip-lola-anglada-esplugues\/wp-content\/uploads\/usu1507\/2022\/12\/OA-16-2223-768x498.jpg 768w\" sizes=\"auto, (max-width: 899px) 100vw, 899px\" \/><\/a>8\u00aa Entrega\u00a0 \u00a0 \u00a0OCELL AMAGAT n\u00ba 16:\u00a0 BITXAC COM\u00da<\/span><br \/>\n<span style=\"color: #800000;\">Per\u00edode per respondre: <\/span><\/span><\/span><\/strong><\/span><\/span><span style=\"font-size: 18pt; color: #800000;\"><span style=\"font-size: 24pt;\"><strong><span style=\"font-size: 12pt;\">de dilluns 19 de desembre a diumenge 15 de gener<\/span><\/strong><\/span><\/span><\/h6>\n<p><span style=\"font-weight: 400;\">\u00c9s un ocell for\u00e7a com\u00fa, de mida petita i pr\u00f2pia de camps oberts i pastures amb arbustos dispersos baixos. Es posa sobre arbustos i tanques, llan\u00e7ant-se a terra per alimentar-se, abans de volar de tornada a una perxa. El mascle inconfusible pel seu cap negros ressaltat per un pegat blanc gran als costats del coll i pit taronja. La femella (foto) i de color terr\u00f3s en general amb cella m\u00e9s p\u00e0l\u00b7lida. El pit ataronjat apagat i mostra un dors m\u00e9s p\u00e0l\u00b7lid en vol, contrastant amb una cua s\u00f2lidament negrosa.<\/span><\/p>\n<p style=\"text-align: right;\"><span style=\"font-weight: 400; font-size: 10pt;\">eBird. Merlin. Universitat de Cornell (Nova York. EEUU)<\/span><\/p>\n<p>&nbsp;<\/p>\n<h6 style=\"text-align: center;\"><span style=\"font-size: 18pt; color: #666699;\"><span style=\"font-size: 24pt;\"><strong><span style=\"color: #666699;\"><span style=\"font-size: 12pt;\"><span style=\"color: #800000;\"><a href=\"https:\/\/agora.xtec.cat\/ceip-lola-anglada-esplugues\/wp-content\/uploads\/usu1507\/2022\/12\/OA-15-2223.jpg\"><img loading=\"lazy\" decoding=\"async\" class=\"aligncenter size-full wp-image-6426\" src=\"https:\/\/agora.xtec.cat\/ceip-lola-anglada-esplugues\/wp-content\/uploads\/usu1507\/2022\/12\/OA-15-2223.jpg\" alt=\"\" width=\"896\" height=\"628\" srcset=\"https:\/\/agora.xtec.cat\/ceip-lola-anglada-esplugues\/wp-content\/uploads\/usu1507\/2022\/12\/OA-15-2223.jpg 896w, https:\/\/agora.xtec.cat\/ceip-lola-anglada-esplugues\/wp-content\/uploads\/usu1507\/2022\/12\/OA-15-2223-300x210.jpg 300w, https:\/\/agora.xtec.cat\/ceip-lola-anglada-esplugues\/wp-content\/uploads\/usu1507\/2022\/12\/OA-15-2223-768x538.jpg 768w\" sizes=\"auto, (max-width: 896px) 100vw, 896px\" \/><\/a>8\u00aa Entrega\u00a0 \u00a0 \u00a0OCELL AMAGAT n\u00ba 15:\u00a0 PIT-ROIG<\/span><br \/>\n<span style=\"color: #800000;\">Per\u00edode per respondre: <\/span><\/span><\/span><\/strong><\/span><\/span><span style=\"font-size: 18pt; color: #800000;\"><span style=\"font-size: 24pt;\"><strong><span style=\"font-size: 12pt;\">de dilluns 19 de desembre a diumenge 15 de gener<\/span><\/strong><\/span><\/span><\/h6>\n<p><span style=\"font-weight: 400;\">\u00c9s un ocell com\u00fa i localment for\u00e7a habitual en h\u00e0bitats arbrats, jardins, bardisses, en terres de cultiu i bruguerars, generalment sempre a prop de cobertura vegetal. Salta r\u00e0pidament per terra, fent pauses per mirar al seu voltant. Sovint mou les ales i sacseja la cua. Tamb\u00e9 s&#8217;alimenta saltant a terra des de penjadors baixos, atrapant la presa i tornant a pujar fins a un posador a l\u2019ombra. El seu plomatge \u00e9s distintiu, amb cara i pit ataronjats brillants, f\u00e0cilment ocults vist des del darrere. El juvenil a l&#8217;estiu \u00e9s molt diferent, amb destacat clapejat p\u00e0l\u00b7lid a l&#8217;esquena i el pit.<\/span><\/p>\n<p style=\"text-align: right;\"><span style=\"font-weight: 400; font-size: 10pt;\">eBird. Merlin. Universitat de Cornell (Nova York. EEUU)<\/span><\/p>\n<p>&nbsp;<\/p>\n<h6 style=\"text-align: center;\"><span style=\"font-size: 18pt; color: #666699;\"><span style=\"font-size: 24pt;\"><strong><span style=\"color: #666699;\"><span style=\"font-size: 12pt;\"><span style=\"color: #800000;\"><a href=\"https:\/\/agora.xtec.cat\/ceip-lola-anglada-esplugues\/wp-content\/uploads\/usu1507\/2022\/12\/OA-14-2223.jpg\"><img loading=\"lazy\" decoding=\"async\" class=\"aligncenter size-full wp-image-6414\" src=\"https:\/\/agora.xtec.cat\/ceip-lola-anglada-esplugues\/wp-content\/uploads\/usu1507\/2022\/12\/OA-14-2223.jpg\" alt=\"\" width=\"900\" height=\"582\" srcset=\"https:\/\/agora.xtec.cat\/ceip-lola-anglada-esplugues\/wp-content\/uploads\/usu1507\/2022\/12\/OA-14-2223.jpg 900w, https:\/\/agora.xtec.cat\/ceip-lola-anglada-esplugues\/wp-content\/uploads\/usu1507\/2022\/12\/OA-14-2223-300x194.jpg 300w, https:\/\/agora.xtec.cat\/ceip-lola-anglada-esplugues\/wp-content\/uploads\/usu1507\/2022\/12\/OA-14-2223-768x497.jpg 768w\" sizes=\"auto, (max-width: 900px) 100vw, 900px\" \/><\/a>7\u00aa Entrega\u00a0 \u00a0 \u00a0OCELL AMAGAT n\u00ba 14:\u00a0 GAVI\u00c0 DE POTES GROGUES<\/span><br \/>\n<span style=\"color: #800000;\">Per\u00edode per respondre: <\/span><\/span><\/span><\/strong><\/span><\/span><span style=\"font-size: 18pt; color: #800000;\"><span style=\"font-size: 24pt;\"><strong><span style=\"font-size: 12pt;\">de dilluns 12 a diumenge 18 de desembre<\/span><\/strong><\/span><\/span><\/h6>\n<p><span style=\"font-weight: 400;\">\u00c9s la gavina de grans dimensions m\u00e9s comuna a la Mediterr\u00e0nia. Pot ser escassa o abundant depenent de les zones al nord d&#8217;Europa, sobretot a finals d&#8217;estiu i tardor. L&#8217;adult t\u00e9 el dors gris i les potes groguenques. Els immadurs s\u00f3n bruns i no arriben a adults fins al quart estiu (tercer any de vida).<\/span><\/p>\n<p style=\"text-align: right;\"><span style=\"font-weight: 400; font-size: 10pt;\">eBird. Merlin. Universitat de Cornell (Nova York. EEUU)<\/span><\/p>\n<p>&nbsp;<\/p>\n<h6 style=\"text-align: center;\"><span style=\"font-size: 18pt; color: #666699;\"><span style=\"font-size: 24pt;\"><strong><span style=\"color: #666699;\"><span style=\"font-size: 12pt;\"><span style=\"color: #800000;\"><a href=\"https:\/\/agora.xtec.cat\/ceip-lola-anglada-esplugues\/wp-content\/uploads\/usu1507\/2022\/12\/OA-13-2223.jpg\"><img loading=\"lazy\" decoding=\"async\" class=\"aligncenter size-full wp-image-6413\" src=\"https:\/\/agora.xtec.cat\/ceip-lola-anglada-esplugues\/wp-content\/uploads\/usu1507\/2022\/12\/OA-13-2223.jpg\" alt=\"\" width=\"899\" height=\"574\" srcset=\"https:\/\/agora.xtec.cat\/ceip-lola-anglada-esplugues\/wp-content\/uploads\/usu1507\/2022\/12\/OA-13-2223.jpg 899w, https:\/\/agora.xtec.cat\/ceip-lola-anglada-esplugues\/wp-content\/uploads\/usu1507\/2022\/12\/OA-13-2223-300x192.jpg 300w, https:\/\/agora.xtec.cat\/ceip-lola-anglada-esplugues\/wp-content\/uploads\/usu1507\/2022\/12\/OA-13-2223-768x490.jpg 768w\" sizes=\"auto, (max-width: 899px) 100vw, 899px\" \/><\/a>7\u00aa Entrega\u00a0 \u00a0 \u00a0OCELL AMAGAT n\u00ba 13:\u00a0 MALLERENGA BLAVA EURASI\u00c0TICA<\/span><br \/>\n<span style=\"color: #800000;\">Per\u00edode per respondre: <\/span><\/span><\/span><\/strong><\/span><\/span><span style=\"font-size: 18pt; color: #800000;\"><span style=\"font-size: 24pt;\"><strong><span style=\"font-size: 12pt;\">de dilluns 12 a diumenge 18 de desembre<\/span><\/strong><\/span><\/span><\/h6>\n<p><span style=\"font-weight: 400;\">Com\u00fa en h\u00e0bitats arbrats i boscosos, parcs, jardins i bardisses. Sovint visita menjadores d&#8217;ocells i utilitza caixes niu. Plomatge distintiu, amb capirot blau, cara blanca amb brida fosca, part ventral groga. El juvenil (vist a l&#8217;estiu-principis de tardor) t\u00e9 un color groguenc p\u00e0l\u00b7lid a la cara i un plomatge m\u00e9s apagat en general.<\/span><\/p>\n<p style=\"text-align: right;\"><span style=\"font-weight: 400; font-size: 10pt;\">eBird. Merlin. Universitat de Cornell (Nova York. EEUU)<\/span><\/p>\n<p>&nbsp;<\/p>\n<h6 style=\"text-align: center;\"><span style=\"font-size: 18pt; color: #666699;\"><span style=\"font-size: 24pt;\"><strong><span style=\"color: #666699;\"><span style=\"font-size: 12pt;\"><span style=\"color: #800000;\"><a href=\"https:\/\/agora.xtec.cat\/ceip-lola-anglada-esplugues\/wp-content\/uploads\/usu1507\/2022\/11\/OA-12-2223.jpg\"><img loading=\"lazy\" decoding=\"async\" class=\"aligncenter size-full wp-image-6393\" src=\"https:\/\/agora.xtec.cat\/ceip-lola-anglada-esplugues\/wp-content\/uploads\/usu1507\/2022\/11\/OA-12-2223.jpg\" alt=\"\" width=\"900\" height=\"584\" srcset=\"https:\/\/agora.xtec.cat\/ceip-lola-anglada-esplugues\/wp-content\/uploads\/usu1507\/2022\/11\/OA-12-2223.jpg 900w, https:\/\/agora.xtec.cat\/ceip-lola-anglada-esplugues\/wp-content\/uploads\/usu1507\/2022\/11\/OA-12-2223-300x195.jpg 300w, https:\/\/agora.xtec.cat\/ceip-lola-anglada-esplugues\/wp-content\/uploads\/usu1507\/2022\/11\/OA-12-2223-768x498.jpg 768w\" sizes=\"auto, (max-width: 900px) 100vw, 900px\" \/><\/a>6\u00aa Entrega\u00a0 \u00a0 \u00a0OCELL AMAGAT n\u00ba 12:\u00a0 ESTORNELL COM\u00da \/ NEGRE<\/span><br \/>\n<span style=\"color: #800000;\">Per\u00edode per respondre: <\/span><\/span><\/span><\/strong><\/span><\/span><span style=\"font-size: 18pt; color: #800000;\"><span style=\"font-size: 24pt;\"><strong><span style=\"font-size: 12pt;\">de dilluns 22 de novembre a diumenge 11 de desembre<\/span><\/strong><\/span><\/span><\/h6>\n<p><span style=\"font-weight: 400;\">Rodanx\u00f3 i majorment fosc. Cua curta, ales triangulars, bec llarg i punxegut. Una mirada propera revela el seu bell plomatge. En \u00e8poca de reproducci\u00f3, mostra porpra i verd iridescent al cos, i t\u00e9 el bec groc. A l&#8217;hivern, taques blanques de fort contrast cobreixen tot el cos en el cas de l\u2019estornell com\u00fa, el negre mant\u00e9 el seu color negre amb fortes iridisc\u00e8ncies. Nadiu d&#8217;Europa; introdu\u00eft a Am\u00e8rica del Nord i altres regions a tot el m\u00f3n, on ara \u00e9s abundant. Sovint en grans esbarts. Emet una varietat de vocalitzacions grinyolants i imita altres esp\u00e8cies.<\/span><\/p>\n<p style=\"text-align: right;\"><span style=\"font-weight: 400; font-size: 10pt;\">eBird. Merlin. Universitat de Cornell (Nova York. EEUU)<\/span><\/p>\n<p>&nbsp;<\/p>\n<h6 style=\"text-align: center;\"><span style=\"font-size: 18pt; color: #666699;\"><span style=\"font-size: 24pt;\"><strong><span style=\"color: #666699;\"><span style=\"font-size: 12pt;\"><span style=\"color: #800000;\"><a href=\"https:\/\/agora.xtec.cat\/ceip-lola-anglada-esplugues\/wp-content\/uploads\/usu1507\/2022\/11\/OA-11-2223.jpg\"><img loading=\"lazy\" decoding=\"async\" class=\"aligncenter size-full wp-image-6392\" src=\"https:\/\/agora.xtec.cat\/ceip-lola-anglada-esplugues\/wp-content\/uploads\/usu1507\/2022\/11\/OA-11-2223.jpg\" alt=\"\" width=\"897\" height=\"577\" srcset=\"https:\/\/agora.xtec.cat\/ceip-lola-anglada-esplugues\/wp-content\/uploads\/usu1507\/2022\/11\/OA-11-2223.jpg 897w, https:\/\/agora.xtec.cat\/ceip-lola-anglada-esplugues\/wp-content\/uploads\/usu1507\/2022\/11\/OA-11-2223-300x193.jpg 300w, https:\/\/agora.xtec.cat\/ceip-lola-anglada-esplugues\/wp-content\/uploads\/usu1507\/2022\/11\/OA-11-2223-768x494.jpg 768w\" sizes=\"auto, (max-width: 897px) 100vw, 897px\" \/><\/a>6\u00aa Entrega\u00a0 \u00a0 \u00a0OCELL AMAGAT n\u00ba 11:\u00a0\u00a0<\/span><br \/>\n<span style=\"color: #800000;\">Per\u00edode per respondre: <\/span><\/span><\/span><\/strong><\/span><\/span><span style=\"font-size: 18pt; color: #800000;\"><span style=\"font-size: 24pt;\"><strong><span style=\"font-size: 12pt;\">de dilluns 22 de novembre a diumenge 11 de desembre<\/span><\/strong><\/span><\/span><\/h6>\n<p><span style=\"font-weight: 400;\">For\u00e7a com\u00fa en aiguamolls, maresmes i planes intermareales fins a petits estanys, s\u00e8quies i camps humits. Fa niu en col\u00f2nies en arbres alts i de vegades en canyissars. Principalment \u00e9s observada en solitari o en petits grups, posada tranquil\u00b7lament a l&#8217;aigua o a la vora de la mateixa, menys freq\u00fcentment ca\u00e7ant en camps. Plomatge majorit\u00e0riament gris, amb coll m\u00e9s p\u00e0l\u00b7lid; l&#8217;adult t\u00e9 el pili (part superior del cap) blanc i celles negres. Igual que altres agrons i martinets, vola amb el coll replegat.<\/span><\/p>\n<p style=\"text-align: right;\"><span style=\"font-weight: 400; font-size: 10pt;\">eBird. Merlin. Universitat de Cornell (Nova York. EEUU)<\/span><\/p>\n<p>&nbsp;<\/p>\n<h6 style=\"text-align: center;\"><span style=\"font-size: 18pt; color: #666699;\"><span style=\"font-size: 24pt;\"><strong><span style=\"color: #666699;\"><span style=\"font-size: 12pt;\"><span style=\"color: #800000;\"><a href=\"https:\/\/agora.xtec.cat\/ceip-lola-anglada-esplugues\/wp-content\/uploads\/usu1507\/2022\/11\/OA-10-2223.jpg\"><img loading=\"lazy\" decoding=\"async\" class=\"aligncenter size-full wp-image-6374\" src=\"https:\/\/agora.xtec.cat\/ceip-lola-anglada-esplugues\/wp-content\/uploads\/usu1507\/2022\/11\/OA-10-2223.jpg\" alt=\"\" width=\"898\" height=\"585\" srcset=\"https:\/\/agora.xtec.cat\/ceip-lola-anglada-esplugues\/wp-content\/uploads\/usu1507\/2022\/11\/OA-10-2223.jpg 898w, https:\/\/agora.xtec.cat\/ceip-lola-anglada-esplugues\/wp-content\/uploads\/usu1507\/2022\/11\/OA-10-2223-300x195.jpg 300w, https:\/\/agora.xtec.cat\/ceip-lola-anglada-esplugues\/wp-content\/uploads\/usu1507\/2022\/11\/OA-10-2223-768x500.jpg 768w\" sizes=\"auto, (max-width: 898px) 100vw, 898px\" \/><\/a>5\u00aa Entrega\u00a0 \u00a0 \u00a0OCELL AMAGAT n\u00ba 10:\u00a0 PARDAL XARREC<\/span><br \/>\n<span style=\"color: #800000;\">Per\u00edode per respondre: <\/span><\/span><\/span><\/strong><\/span><\/span><span style=\"font-size: 18pt; color: #800000;\"><span style=\"font-size: 24pt;\"><strong><span style=\"font-size: 12pt;\">de dilluns 21 a diumenge 27 de novembre<\/span><\/strong><\/span><\/span><\/h6>\n<p><span style=\"font-weight: 400;\">Aquesta esp\u00e8cie eurasi\u00e0tica comuna \u00e9s una esp\u00e8cie propera al pardal com\u00fa. Lleugerament m\u00e9s petita que el pardal com\u00fa, amb gorra totalment vermellosa, galta blanc amb una taca negra, i amb negre limitat a la gola. Tots dos sexes s\u00f3n similars. Es troba t\u00edpicament en petites esbarts, sovint en ambients m\u00e9s naturals que el pardal. S&#8217;alimenta de llavors.<\/span><\/p>\n<p style=\"text-align: right;\"><span style=\"font-weight: 400; font-size: 10pt;\">eBird. Merlin. Universitat de Cornell (Nova York. EEUU)<\/span><\/p>\n<p>&nbsp;<\/p>\n<h6 style=\"text-align: center;\"><span style=\"font-size: 18pt; color: #666699;\"><span style=\"font-size: 24pt;\"><strong><span style=\"color: #666699;\"><span style=\"font-size: 12pt;\"><span style=\"color: #800000;\"><a href=\"https:\/\/agora.xtec.cat\/ceip-lola-anglada-esplugues\/wp-content\/uploads\/usu1507\/2022\/11\/OA-09-2223.jpg\"><img loading=\"lazy\" decoding=\"async\" class=\"aligncenter size-full wp-image-6373\" src=\"https:\/\/agora.xtec.cat\/ceip-lola-anglada-esplugues\/wp-content\/uploads\/usu1507\/2022\/11\/OA-09-2223.jpg\" alt=\"\" width=\"900\" height=\"583\" srcset=\"https:\/\/agora.xtec.cat\/ceip-lola-anglada-esplugues\/wp-content\/uploads\/usu1507\/2022\/11\/OA-09-2223.jpg 900w, https:\/\/agora.xtec.cat\/ceip-lola-anglada-esplugues\/wp-content\/uploads\/usu1507\/2022\/11\/OA-09-2223-300x194.jpg 300w, https:\/\/agora.xtec.cat\/ceip-lola-anglada-esplugues\/wp-content\/uploads\/usu1507\/2022\/11\/OA-09-2223-768x497.jpg 768w\" sizes=\"auto, (max-width: 900px) 100vw, 900px\" \/><\/a>5\u00aa Entrega\u00a0 \u00a0 \u00a0OCELL AMAGAT n\u00ba 09:\u00a0 COTXA FUMADA (femella)<\/span><br \/>\n<span style=\"color: #800000;\">Per\u00edode per respondre: <\/span><\/span><\/span><\/strong><\/span><\/span><span style=\"font-size: 18pt; color: #800000;\"><span style=\"font-size: 24pt;\"><strong><span style=\"font-size: 12pt;\">de dilluns 21 a diumenge 27 de novembre<\/span><\/strong><\/span><\/span><\/h6>\n<p><span style=\"font-weight: 400;\">\u00c9s com\u00fa propi de zones d\u2019h\u00e0bitats oberts amb zones rocoses, des de cingleres i camps de roques fins a edificis i pedreres. Els migrants sovint es troben al llarg de les costes rocoses. S&#8217;alimenta principalment a terra o prop d&#8217;ell, posant-se for\u00e7a dret; canta des de llocs alts i amb bona visibilitat, com els cantons dels edificis. Tots dos sexes tenen cua taronja brillant, que es veu millor quan s&#8217;obre o empr\u00e8n el vol. El mascle \u00e9s pissarr\u00f3s negr\u00f3s en general amb uns panells alars blanquinosos i la femella de color grisenc fumat en general.<\/span><\/p>\n<p style=\"text-align: right;\"><span style=\"font-weight: 400; font-size: 10pt;\">eBird. Merlin. Universitat de Cornell (Nova York. EEUU)<\/span><\/p>\n<p>&nbsp;<\/p>\n<h6 style=\"text-align: center;\"><span style=\"font-size: 18pt; color: #666699;\"><span style=\"font-size: 24pt;\"><strong><span style=\"color: #666699;\"><span style=\"font-size: 12pt;\"><span style=\"color: #800000;\"><a href=\"https:\/\/agora.xtec.cat\/ceip-lola-anglada-esplugues\/wp-content\/uploads\/usu1507\/2022\/11\/OA-08-2223.jpg\"><img loading=\"lazy\" decoding=\"async\" class=\"aligncenter size-full wp-image-6338\" src=\"https:\/\/agora.xtec.cat\/ceip-lola-anglada-esplugues\/wp-content\/uploads\/usu1507\/2022\/11\/OA-08-2223.jpg\" alt=\"\" width=\"898\" height=\"580\" srcset=\"https:\/\/agora.xtec.cat\/ceip-lola-anglada-esplugues\/wp-content\/uploads\/usu1507\/2022\/11\/OA-08-2223.jpg 898w, https:\/\/agora.xtec.cat\/ceip-lola-anglada-esplugues\/wp-content\/uploads\/usu1507\/2022\/11\/OA-08-2223-300x194.jpg 300w, https:\/\/agora.xtec.cat\/ceip-lola-anglada-esplugues\/wp-content\/uploads\/usu1507\/2022\/11\/OA-08-2223-768x496.jpg 768w\" sizes=\"auto, (max-width: 898px) 100vw, 898px\" \/><\/a>4\u00aa Entrega\u00a0 \u00a0 \u00a0OCELL AMAGAT n\u00ba 08:\u00a0 BEC DE CORALL SENEGAL\u00c8S<\/span><br \/>\n<span style=\"color: #800000;\">Per\u00edode per respondre: <\/span><\/span><\/span><\/strong><\/span><\/span><span style=\"font-size: 18pt; color: #800000;\"><span style=\"font-size: 24pt;\"><strong><span style=\"font-size: 12pt;\">de dilluns 14 a diumenge 20 de novembre<\/span><\/strong><\/span><\/span><\/h6>\n<p><span style=\"font-weight: 400;\">\u00c9s una au petitona, amb ales curtes, bec vermell i llarga cua. El cos \u00e9s en gran part gris amb un subtil barrat fosc, i presenta una m\u00e0scara vermella prominent. El bec \u00e9s fosc als juvenils i roig als adults. Normalment es troba formant estols sorollosos en herbassars i arbustos. Fora del seu rang natural sovint es troba a zones urbanes.<\/span><\/p>\n<p style=\"text-align: right;\"><span style=\"font-weight: 400; font-size: 10pt;\">eBird. Merlin. Universitat de Cornell (Nova York. EEUU)<\/span><\/p>\n<p>&nbsp;<\/p>\n<h6 style=\"text-align: center;\"><span style=\"font-size: 18pt; color: #666699;\"><span style=\"font-size: 24pt;\"><strong><span style=\"color: #666699;\"><span style=\"font-size: 12pt;\"><span style=\"color: #800000;\"><a href=\"https:\/\/agora.xtec.cat\/ceip-lola-anglada-esplugues\/wp-content\/uploads\/usu1507\/2022\/11\/OA-07-2223.jpg\"><img loading=\"lazy\" decoding=\"async\" class=\"aligncenter size-full wp-image-6337\" src=\"https:\/\/agora.xtec.cat\/ceip-lola-anglada-esplugues\/wp-content\/uploads\/usu1507\/2022\/11\/OA-07-2223.jpg\" alt=\"\" width=\"901\" height=\"584\" srcset=\"https:\/\/agora.xtec.cat\/ceip-lola-anglada-esplugues\/wp-content\/uploads\/usu1507\/2022\/11\/OA-07-2223.jpg 901w, https:\/\/agora.xtec.cat\/ceip-lola-anglada-esplugues\/wp-content\/uploads\/usu1507\/2022\/11\/OA-07-2223-300x194.jpg 300w, https:\/\/agora.xtec.cat\/ceip-lola-anglada-esplugues\/wp-content\/uploads\/usu1507\/2022\/11\/OA-07-2223-768x498.jpg 768w\" sizes=\"auto, (max-width: 901px) 100vw, 901px\" \/><\/a>4\u00aa Entrega\u00a0 \u00a0 \u00a0OCELL AMAGAT n\u00ba 07:\u00a0 COTORRETA PITGRISA<\/span><br \/>\n<span style=\"color: #800000;\">Per\u00edode per respondre: <\/span><\/span><\/span><\/strong><\/span><\/span><span style=\"font-size: 18pt; color: #800000;\"><span style=\"font-size: 24pt;\"><strong><span style=\"font-size: 12pt;\">de dilluns 14 a diumenge 20 de novembre<\/span><\/strong><\/span><\/span><\/h6>\n<p><span style=\"font-weight: 400;\">Nadiua de Sud-am\u00e8rica, on es troba a diversos h\u00e0bitats oberts, especialment zones agr\u00edcoles rurals i ciutats. Col\u00f2nies introdu\u00efdes que es poden trobar a diverses ciutats grans. \u00c9s verda llima brillant a dalt, amb la cara i el pit gris, bec rosat i puntes de les ales blaves. Construeix enormes nius de branques, sovint en grans estructures com torres d\u2019energia, palmeres i arbres. S\u2019escola abans que es veu per la seva veu aspra i grinyolant.<\/span><\/p>\n<p style=\"text-align: right;\"><span style=\"font-weight: 400; font-size: 10pt;\">eBird. Merlin. Universitat de Cornell (Nova York. EEUU)<\/span><\/p>\n<p>&nbsp;<\/p>\n<h6 style=\"text-align: center;\"><span style=\"font-size: 18pt; color: #666699;\"><span style=\"font-size: 24pt;\"><strong><span style=\"color: #666699;\"><span style=\"font-size: 12pt;\"><span style=\"color: #800000;\"><a href=\"https:\/\/agora.xtec.cat\/ceip-lola-anglada-esplugues\/wp-content\/uploads\/usu1507\/2022\/11\/OA-06-2223.jpg\"><img loading=\"lazy\" decoding=\"async\" class=\"aligncenter size-full wp-image-6261\" src=\"https:\/\/agora.xtec.cat\/ceip-lola-anglada-esplugues\/wp-content\/uploads\/usu1507\/2022\/11\/OA-06-2223.jpg\" alt=\"\" width=\"900\" height=\"582\" srcset=\"https:\/\/agora.xtec.cat\/ceip-lola-anglada-esplugues\/wp-content\/uploads\/usu1507\/2022\/11\/OA-06-2223.jpg 900w, https:\/\/agora.xtec.cat\/ceip-lola-anglada-esplugues\/wp-content\/uploads\/usu1507\/2022\/11\/OA-06-2223-300x194.jpg 300w, https:\/\/agora.xtec.cat\/ceip-lola-anglada-esplugues\/wp-content\/uploads\/usu1507\/2022\/11\/OA-06-2223-768x497.jpg 768w\" sizes=\"auto, (max-width: 900px) 100vw, 900px\" \/><\/a>3\u00aa Entrega\u00a0 \u00a0 \u00a0OCELL AMAGAT n\u00ba 06:\u00a0 MERLA COMUNA<\/span><br \/>\n<span style=\"color: #800000;\">Per\u00edode per respondre: <\/span><\/span><\/span><\/strong><\/span><\/span><span style=\"font-size: 18pt; color: #800000;\"><span style=\"font-size: 24pt;\"><strong><span style=\"font-size: 12pt;\">de dilluns 7 a diumenge 13 de novembre<\/span><\/strong><\/span><\/span><\/h6>\n<p><span style=\"font-weight: 400;\">Com\u00fa i generalitzat en h\u00e0bitats boscosos, parcs, jardins i terres de cultiu amb bardisses que sovint li ofereixen alimentaci\u00f3. T\u00e9 cant aflautat i mel\u00f2dic que sovint se sent als barris urbans i suburbans amb arbres i arbustos. El mascle adult \u00e9s inconfusible pel negre llustr\u00f3s del cos amb el bec i anell ocular de color groc brillant. La femella \u00e9s de color marr\u00f3 fosc \u00edntegrament amb la gola i el pit lleugerament m\u00e9s p\u00e0l\u00b7lids i sovint tenen taques i ratlles m\u00e9s fosques. El juvenil a l&#8217;estiu \u00e9s de color marr\u00f3 amb taques p\u00e0l\u00b7lides a l&#8217;esquena i pit clapejat. El mascle de primer any \u00e9s m\u00e9s apagat que l&#8217;adult, tamb\u00e9 amb bec groguenc m\u00e9s apagat.<\/span><\/p>\n<p style=\"text-align: right;\"><span style=\"font-weight: 400; font-size: 10pt;\">eBird. Merlin. Universitat de Cornell (Nova York. EEUU)<\/span><\/p>\n<h6 style=\"text-align: center;\"><\/h6>\n<h6 style=\"text-align: center;\"><span style=\"font-size: 18pt; color: #339966;\"><span style=\"font-size: 24pt;\"><strong><span style=\"font-size: 8pt;\"><span style=\"font-size: 18pt;\"><a href=\"https:\/\/agora.xtec.cat\/ceip-lola-anglada-esplugues\/wp-content\/uploads\/usu1507\/2022\/11\/OA-05-2223.jpg\"><img loading=\"lazy\" decoding=\"async\" class=\"aligncenter size-full wp-image-6260\" src=\"https:\/\/agora.xtec.cat\/ceip-lola-anglada-esplugues\/wp-content\/uploads\/usu1507\/2022\/11\/OA-05-2223.jpg\" alt=\"\" width=\"899\" height=\"580\" srcset=\"https:\/\/agora.xtec.cat\/ceip-lola-anglada-esplugues\/wp-content\/uploads\/usu1507\/2022\/11\/OA-05-2223.jpg 899w, https:\/\/agora.xtec.cat\/ceip-lola-anglada-esplugues\/wp-content\/uploads\/usu1507\/2022\/11\/OA-05-2223-300x194.jpg 300w, https:\/\/agora.xtec.cat\/ceip-lola-anglada-esplugues\/wp-content\/uploads\/usu1507\/2022\/11\/OA-05-2223-768x495.jpg 768w\" sizes=\"auto, (max-width: 899px) 100vw, 899px\" \/><\/a><\/span><\/span><\/strong><\/span><\/span><\/h6>\n<h6 style=\"text-align: center;\"><span style=\"font-size: 18pt; color: #666699;\"><span style=\"font-size: 24pt;\"><strong><span style=\"color: #666699;\"><span style=\"font-size: 12pt;\"><span style=\"color: #800000;\">3\u00aa Entrega\u00a0 \u00a0 \u00a0OCELL AMAGAT n\u00ba 05:\u00a0 CADERNERA EUROPEA<\/span><br \/>\n<span style=\"color: #800000;\">Per\u00edode per respondre: <\/span><\/span><\/span><\/strong><\/span><\/span><span style=\"font-size: 18pt; color: #800000;\"><span style=\"font-size: 24pt;\"><strong><span style=\"font-size: 12pt;\">de dilluns 7 a diumenge 13 de novembre<\/span><\/strong><\/span><\/span><\/h6>\n<p><span style=\"font-weight: 400;\">\u00c9s abundant i pot ser molt abundant en espais oberts, parcs, jardins, terres de cultiu i camps obert. Sovint s&#8217;alimenta de llavors de cards. Forma estols a la tardor i hivern, visitant de vegades menjadores amb llavors. Pot passar desapercebut per\u00f2 sovint es detecta pel seu agradable reclam i cant. L&#8217;adult t\u00e9 un patr\u00f3 de cap caracter\u00edstic, amb la cara vermella i el bec c\u00f2nic rosaci; destaca tamb\u00e9 el patr\u00f3 alar negre i groc. El juvenil (a finals de l&#8217;estiu i la tardor) t\u00e9 un cap molt m\u00e9s discret, per\u00f2 es distingeix f\u00e0cilment pel vist\u00f3s patr\u00f3 alar.<\/span><\/p>\n<p style=\"text-align: right;\"><span style=\"font-weight: 400; font-size: 10pt;\">eBird. Merlin. Universitat de Cornell (Nova York. EEUU)<\/span><\/p>\n<p>&nbsp;<\/p>\n<h6 style=\"text-align: center;\"><span style=\"font-size: 18pt; color: #666699;\"><span style=\"font-size: 24pt;\"><strong><span style=\"color: #666699;\"><span style=\"font-size: 12pt;\"><span style=\"color: #800000;\"><a href=\"https:\/\/agora.xtec.cat\/ceip-lola-anglada-esplugues\/wp-content\/uploads\/usu1507\/2022\/10\/OA-04-2223.jpg\"><img loading=\"lazy\" decoding=\"async\" class=\"aligncenter size-full wp-image-6233\" src=\"https:\/\/agora.xtec.cat\/ceip-lola-anglada-esplugues\/wp-content\/uploads\/usu1507\/2022\/10\/OA-04-2223.jpg\" alt=\"\" width=\"900\" height=\"581\" srcset=\"https:\/\/agora.xtec.cat\/ceip-lola-anglada-esplugues\/wp-content\/uploads\/usu1507\/2022\/10\/OA-04-2223.jpg 900w, https:\/\/agora.xtec.cat\/ceip-lola-anglada-esplugues\/wp-content\/uploads\/usu1507\/2022\/10\/OA-04-2223-300x194.jpg 300w, https:\/\/agora.xtec.cat\/ceip-lola-anglada-esplugues\/wp-content\/uploads\/usu1507\/2022\/10\/OA-04-2223-768x496.jpg 768w\" sizes=\"auto, (max-width: 900px) 100vw, 900px\" \/><\/a>2\u00aa Entrega\u00a0 \u00a0 \u00a0OCELL AMAGAT n\u00ba 04:\u00a0 CUERETA BLANCA<\/span><br \/>\n<span style=\"color: #800000;\">Per\u00edode per respondre: <\/span><\/span><\/span><\/strong><\/span><\/span><span style=\"font-size: 18pt; color: #800000;\"><span style=\"font-size: 24pt;\"><strong><span style=\"font-size: 12pt;\">de dilluns 24 d&#8217;octubre a diumenge 6 de novembre<\/span><\/strong><\/span><\/span><\/h6>\n<p><span style=\"font-weight: 400;\">\u00c9s for\u00e7a com\u00fa en diversos h\u00e0bitats oberts, des de prats i aiguamolls fins a aparcaments pavimentats i gespa. Generalment es veuen en solitari, en parella o en petits estols caminant i corrents, batent la llarga cua blanca cap amunt i avall. \u00c9s caracter\u00edstica en tots els plomatges per la combinaci\u00f3 de negre, blanc i gris. El plomatge nupcial t\u00e9 un capirot i pitet negre. El color del mantell varia regionalment de negre a gris fosc al Regne Unit (&#8220;Pied Wagtail&#8221;) a blau grisenc o gris en altres llocs d&#8217;Europa.<\/span><\/p>\n<p style=\"text-align: right;\"><span style=\"font-weight: 400; font-size: 10pt;\">eBird. Merlin. Universitat de Cornell (Nova York. EEUU)<\/span><\/p>\n<p>&nbsp;<\/p>\n<h6 style=\"text-align: center;\"><span style=\"font-size: 18pt; color: #666699;\"><span style=\"font-size: 24pt;\"><strong><span style=\"color: #666699;\"><span style=\"font-size: 12pt;\"><span style=\"color: #800000;\"><a href=\"https:\/\/agora.xtec.cat\/ceip-lola-anglada-esplugues\/wp-content\/uploads\/usu1507\/2022\/10\/OA-03-2223.jpg\"><img loading=\"lazy\" decoding=\"async\" class=\"aligncenter size-full wp-image-6232\" src=\"https:\/\/agora.xtec.cat\/ceip-lola-anglada-esplugues\/wp-content\/uploads\/usu1507\/2022\/10\/OA-03-2223.jpg\" alt=\"\" width=\"897\" height=\"628\" srcset=\"https:\/\/agora.xtec.cat\/ceip-lola-anglada-esplugues\/wp-content\/uploads\/usu1507\/2022\/10\/OA-03-2223.jpg 897w, https:\/\/agora.xtec.cat\/ceip-lola-anglada-esplugues\/wp-content\/uploads\/usu1507\/2022\/10\/OA-03-2223-300x210.jpg 300w, https:\/\/agora.xtec.cat\/ceip-lola-anglada-esplugues\/wp-content\/uploads\/usu1507\/2022\/10\/OA-03-2223-768x538.jpg 768w\" sizes=\"auto, (max-width: 897px) 100vw, 897px\" \/><\/a>2\u00aa Entrega\u00a0 \u00a0 \u00a0OCELL AMAGAT n\u00ba 03:\u00a0 PARDAL COM\u00da<\/span><br \/>\n<span style=\"color: #800000;\">Per\u00edode per respondre: <\/span><\/span><\/span><\/strong><\/span><\/span><span style=\"font-size: 18pt; color: #800000;\"><span style=\"font-size: 24pt;\"><strong><span style=\"font-size: 12pt;\">d<\/span><\/strong><\/span><\/span><span style=\"font-size: 18pt; color: #800000;\"><span style=\"font-size: 24pt;\"><strong><span style=\"font-size: 12pt;\">e dilluns 24 d&#8217;octubre a diumenge 6 de novembre<\/span><\/strong><\/span><\/span><\/h6>\n<p><span style=\"font-weight: 400;\">\u00c0mpliament distribu\u00eft i abundant a ciutats, ve\u00efnats i granges. Evita boscos densos. Els esbarts s&#8217;agrupen en densos arbustos, movent-se i vocalitzant entre ells. Els mascles tenen pitets negres elegants, clatell marronenc, i ales amb brillants tons marrons i caqui. Les parts inferiors s\u00f3n gris p\u00e0l\u00b7lid. Les femelles s\u00f3n marr\u00f3 uniforme i cella m\u00e9s clara. Nadiu d&#8217;Eur\u00e0sia.<\/span><\/p>\n<p style=\"text-align: right;\"><span style=\"font-weight: 400; font-size: 10pt;\">eBird. Merlin. Universitat de Cornell (Nova York. EEUU)<\/span><\/p>\n<p>&nbsp;<\/p>\n<h6 style=\"text-align: center;\"><span style=\"font-size: 18pt; color: #666699;\"><span style=\"font-size: 24pt;\"><strong><span style=\"color: #666699;\"><span style=\"font-size: 12pt;\"><a href=\"https:\/\/agora.xtec.cat\/ceip-lola-anglada-esplugues\/wp-content\/uploads\/usu1507\/2022\/10\/OA-02-2223.jpg\"><img loading=\"lazy\" decoding=\"async\" class=\"aligncenter size-full wp-image-6107\" src=\"https:\/\/agora.xtec.cat\/ceip-lola-anglada-esplugues\/wp-content\/uploads\/usu1507\/2022\/10\/OA-02-2223.jpg\" alt=\"\" width=\"899\" height=\"582\" srcset=\"https:\/\/agora.xtec.cat\/ceip-lola-anglada-esplugues\/wp-content\/uploads\/usu1507\/2022\/10\/OA-02-2223.jpg 899w, https:\/\/agora.xtec.cat\/ceip-lola-anglada-esplugues\/wp-content\/uploads\/usu1507\/2022\/10\/OA-02-2223-300x194.jpg 300w, https:\/\/agora.xtec.cat\/ceip-lola-anglada-esplugues\/wp-content\/uploads\/usu1507\/2022\/10\/OA-02-2223-768x497.jpg 768w\" sizes=\"auto, (max-width: 899px) 100vw, 899px\" \/><\/a><\/span><\/span><\/strong><\/span><\/span><\/h6>\n<h6 style=\"text-align: center;\"><span style=\"font-size: 18pt; color: #666699;\"><span style=\"font-size: 24pt;\"><strong><span style=\"color: #666699;\"><span style=\"font-size: 12pt;\"><span style=\"color: #800000;\">1\u00aa Entrega\u00a0 \u00a0 \u00a0OCELL AMAGAT n\u00ba 02:\u00a0 COLOM ROQUER<\/span><br \/>\n<span style=\"color: #800000;\">Per\u00edode per respondre: <\/span><\/span><\/span><\/strong><\/span><\/span><span style=\"font-size: 18pt; color: #800000;\"><span style=\"font-size: 24pt;\"><strong><span style=\"font-size: 12pt;\">de dilluns 10 a diumenge 23 d&#8217;octubre<\/span><\/strong><\/span><\/span><\/h6>\n<p><span style=\"font-weight: 400;\">Colom gran, com\u00fa a ciutats, zones agr\u00edcoles i en sitges de gra arreu del m\u00f3n. Introdu\u00efda d&#8217;Eur\u00e0sia on nien en penya-segats. La varietat silvestre s&#8217;ha adaptat f\u00e0cilment per niar en estructures altes incloent gratacels i ponts. \u00c0mplia diversitat de varietats de color silvestre i dom\u00e8stic; la majoria s\u00f3n de color gris, per\u00f2 poden ser completament negres, blancs o caf\u00e8-ataronjats.<\/span><\/p>\n<p style=\"text-align: right;\"><span style=\"font-weight: 400; font-size: 10pt;\">eBird. Merlin. Universitat de Cornell (Nova York. EEUU)<\/span><\/p>\n<h6 style=\"text-align: center;\"><span style=\"font-size: 18pt; color: #666699;\"><span style=\"font-size: 24pt;\"><strong><span style=\"color: #666699;\"><span style=\"font-size: 12pt;\">\u00a0<\/span><\/span><\/strong><\/span><\/span><\/h6>\n<h6 style=\"text-align: center;\"><span style=\"font-size: 18pt; color: #666699;\"><span style=\"font-size: 24pt;\"><strong><span style=\"color: #666699;\"><span style=\"font-size: 12pt;\"><a href=\"https:\/\/agora.xtec.cat\/ceip-lola-anglada-esplugues\/wp-content\/uploads\/usu1507\/2022\/10\/OA-01-2223.jpg\"><img loading=\"lazy\" decoding=\"async\" class=\"aligncenter size-full wp-image-6106\" src=\"https:\/\/agora.xtec.cat\/ceip-lola-anglada-esplugues\/wp-content\/uploads\/usu1507\/2022\/10\/OA-01-2223.jpg\" alt=\"\" width=\"900\" height=\"584\" srcset=\"https:\/\/agora.xtec.cat\/ceip-lola-anglada-esplugues\/wp-content\/uploads\/usu1507\/2022\/10\/OA-01-2223.jpg 900w, https:\/\/agora.xtec.cat\/ceip-lola-anglada-esplugues\/wp-content\/uploads\/usu1507\/2022\/10\/OA-01-2223-300x195.jpg 300w, https:\/\/agora.xtec.cat\/ceip-lola-anglada-esplugues\/wp-content\/uploads\/usu1507\/2022\/10\/OA-01-2223-768x498.jpg 768w\" sizes=\"auto, (max-width: 900px) 100vw, 900px\" \/><\/a><\/span><\/span><\/strong><\/span><\/span><\/h6>\n<h6 style=\"text-align: center;\"><span style=\"font-size: 18pt; color: #666699;\"><span style=\"font-size: 24pt;\"><strong><span style=\"color: #666699;\"><span style=\"font-size: 12pt;\"><span style=\"color: #800000;\">1\u00aa Entrega\u00a0 \u00a0 \u00a0O<\/span><\/span><\/span><\/strong><\/span><\/span><span style=\"font-size: 18pt; color: #666699;\"><span style=\"font-size: 24pt;\"><strong><span style=\"color: #666699;\"><span style=\"font-size: 12pt;\"><span style=\"color: #800000;\">CELL AMAGAT n\u00ba 01:\u00a0 GARSA EURASI\u00c0TICA<\/span><br \/>\n<span style=\"color: #800000;\">Per\u00edode per respondre: <\/span><\/span><\/span><\/strong><\/span><\/span><span style=\"font-size: 18pt; color: #800000;\"><span style=\"font-size: 24pt;\"><strong><span style=\"font-size: 12pt;\">de dilluns 10 a diumenge 23 d&#8217;octubre<\/span><\/strong><\/span><\/span><\/h6>\n<p><span style=\"font-weight: 400;\">Ocell com\u00fa. Aquest parent del corb, cridanera i de cua llarga \u00e9s inconfusible, i els seus forts crits de reclam s\u00f3n un so familiar en moltes zones. Es troba en zones obertes i semiobertes des de terres de conreu i bosc obert fins a pobles i jardins. Sovint en parelles o grups. El niu fet de branques \u00e9s volumin\u00f3s i sovint destaca en els arbres o arbustos. El plomatge atrevit \u00e9s caracter\u00edstic, amb el ventre blanc, l&#8217;espatlla blanca i taques blanques alars. Les ales i la cua mostren una brillantor blau-verd amb bona llum.<\/span><\/p>\n<p style=\"text-align: right;\"><span style=\"font-weight: 400; font-size: 10pt;\">eBird. Merlin. Universitat de Cornell (Nova York. EEUU)<\/span><\/p>\n<h6 style=\"text-align: center;\"><\/h6>\n<h6 style=\"text-align: center;\"><\/h6>\n<p>&nbsp;<\/p>\n<h6 style=\"text-align: center;\"><span style=\"font-size: 18pt; color: #666699;\"><span style=\"font-size: 24pt;\"><strong>OCELL AMAGAT 2021-2022<span style=\"font-size: 8pt;\">.<br \/>\n<\/span><\/strong><\/span><\/span><\/h6>\n<h6 style=\"text-align: center;\"><span style=\"font-size: 18pt; color: #ff0000;\"><span style=\"font-size: 24pt;\"><strong><span style=\"font-size: 8pt;\"><span style=\"font-size: 18pt;\">INICI DEL JOC\u00a0 (11 d&#8217;octubre de 2021)<br \/>\nFINAL DEL JOC\u00a0 (12 de juny de 2022)<\/span><\/span><\/strong><\/span><\/span><\/h6>\n<h6 style=\"text-align: center;\"><span style=\"font-size: 18pt; color: #666699;\"><span style=\"font-size: 24pt;\"><strong><span style=\"color: #666699;\"><span style=\"font-size: 12pt;\"><a href=\"https:\/\/agora.xtec.cat\/ceip-lola-anglada-esplugues\/wp-content\/uploads\/usu1507\/2022\/06\/OA-50-2122.jpg\"><img loading=\"lazy\" decoding=\"async\" class=\"aligncenter size-full wp-image-5976\" src=\"https:\/\/agora.xtec.cat\/ceip-lola-anglada-esplugues\/wp-content\/uploads\/usu1507\/2022\/06\/OA-50-2122.jpg\" alt=\"\" width=\"900\" height=\"600\" srcset=\"https:\/\/agora.xtec.cat\/ceip-lola-anglada-esplugues\/wp-content\/uploads\/usu1507\/2022\/06\/OA-50-2122.jpg 900w, https:\/\/agora.xtec.cat\/ceip-lola-anglada-esplugues\/wp-content\/uploads\/usu1507\/2022\/06\/OA-50-2122-300x200.jpg 300w, https:\/\/agora.xtec.cat\/ceip-lola-anglada-esplugues\/wp-content\/uploads\/usu1507\/2022\/06\/OA-50-2122-768x512.jpg 768w\" sizes=\"auto, (max-width: 900px) 100vw, 900px\" \/><\/a>OCELL AMAGAT n\u00ba 50:\u00a0 MARTINET DE NIT<br \/>\nPer\u00edode per respondre: <\/span><\/span><\/strong><\/span><\/span><span style=\"font-size: 18pt; color: #666699;\"><span style=\"font-size: 24pt;\"><strong><span style=\"color: #666699;\"><span style=\"font-size: 12pt;\">de dilluns 6 a diumenge 12 de juny<\/span><\/span><\/strong><\/span><\/span><\/h6>\n<h6 style=\"text-align: left;\"><span style=\"font-size: 18pt; color: #000000;\"><span style=\"font-size: 24pt;\"><strong><span style=\"font-size: 12pt;\"><span style=\"font-weight: 400;\">El martinet de nit t\u00e9 caracter\u00edstiques iguals que tots els ardeids per\u00f2 t\u00e9 el coll curt i encara que quan vola tamb\u00e9 ho fa amb el coll arronsat, no es fa tan evident i sembla que no en tingui i fa la sensaci\u00f3 de capgr\u00f3s sense coll!<\/span><span style=\"font-weight: 400;\"><br \/>\n<\/span><span style=\"font-weight: 400;\">Anem a veure les seves caracter\u00edstiques. \u00c9s un ocell de costums nocturns, de formes menys esveltes on domina el color fosc, des del negre a tonalitats de grisos fins al blanc. Amida uns 60 cent\u00edmetres. Els adults tenen una aparen\u00e7a grisa i for\u00e7a compacta, adoptant una postura plantada i una mica geperuda. El pili, la nuca i el dors s\u00f3n de color negre blav\u00f3s. Ales, carp\u00f3 i cua de color gris, i la resta del cos de color blanc. El bec, m\u00e9s curt que els altres ardeids que hem vist, de color negre. Ulls grossos, perqu\u00e8 recordeu que \u00e9s un ocell d&#8217;h\u00e0bits nocturns, amb l&#8217;iris de color vermell sang. Per acabar-lo d&#8217;acolorir, t\u00e9 les potes de color groc.<\/span><span style=\"font-weight: 400;\"><br \/>\n<\/span><span style=\"font-weight: 400;\">Els joves s\u00f3n bruns pigallats amb les parts inferiors m\u00e9s clares. Els ulls, les potes i el bec de color groc. Aquests triguen dos anys a adquirir el plomatge d&#8217;adult i per tant en aquest temps es poden veure individus amb plomatges intermedis.<\/span><span style=\"font-weight: 400;\"><br \/>\n<\/span><span style=\"font-weight: 400;\">Es tracta d&#8217;una esp\u00e8cie en expansi\u00f3 i amb un miler de parelles reproductores. \u00c9s sedentari i a l&#8217;estiu arriben ocells d&#8217;\u00c0frica que arriben per reproduir-se o que estan de pas per anar m\u00e9s cap al nord o que a la tardor tornen a passar per tornar a \u00c0frica. Associats a zones humides catalanes i, com gaireb\u00e9 sempre, el lloc on n&#8217;hi ha m\u00e9s \u00e9s al delta de l&#8217;Ebre.<\/span><span style=\"font-weight: 400;\"><br \/>\n<\/span><span style=\"font-weight: 400;\">Ocells m\u00e9s actius a primeres i darreres hores del dia, malgrat que se&#8217;l pot veure en hores di\u00fcrnes. Aix\u00f2 s\u00ed, durant el dia es passa moltes hores quiet i amagat entre els arbres o els canyars. Menja petits vertebrats aqu\u00e0tics i molts invertebrats. Niua en col\u00f2nies, barrejat amb altres ardeids i preferiblement en arbres.<br \/>\n<\/span><\/span><\/strong><\/span><\/span><\/h6>\n<p style=\"text-align: right;\"><span style=\"font-size: 10pt;\"><i><span style=\"font-weight: 400;\">Guia de camp dels ocells a Catalunya. Ed Omega.Carlos \u00c1lvarez-Cros i Fran Trabalon.<\/span><\/i><\/span><\/p>\n<p>&nbsp;<\/p>\n<h6 style=\"text-align: center;\"><span style=\"font-size: 18pt; color: #666699;\"><span style=\"font-size: 24pt;\"><strong><span style=\"color: #666699;\"><span style=\"font-size: 12pt;\"><a href=\"https:\/\/agora.xtec.cat\/ceip-lola-anglada-esplugues\/wp-content\/uploads\/usu1507\/2022\/06\/OA-49-2122.jpg\"><img loading=\"lazy\" decoding=\"async\" class=\"aligncenter size-full wp-image-5975\" src=\"https:\/\/agora.xtec.cat\/ceip-lola-anglada-esplugues\/wp-content\/uploads\/usu1507\/2022\/06\/OA-49-2122.jpg\" alt=\"\" width=\"900\" height=\"599\" srcset=\"https:\/\/agora.xtec.cat\/ceip-lola-anglada-esplugues\/wp-content\/uploads\/usu1507\/2022\/06\/OA-49-2122.jpg 900w, https:\/\/agora.xtec.cat\/ceip-lola-anglada-esplugues\/wp-content\/uploads\/usu1507\/2022\/06\/OA-49-2122-300x200.jpg 300w, https:\/\/agora.xtec.cat\/ceip-lola-anglada-esplugues\/wp-content\/uploads\/usu1507\/2022\/06\/OA-49-2122-768x511.jpg 768w\" sizes=\"auto, (max-width: 900px) 100vw, 900px\" \/><\/a>OCELL AMAGAT n\u00ba 49:\u00a0 GAMBA ROJA<br \/>\nPer\u00edode per respondre: <\/span><\/span><\/strong><\/span><\/span><span style=\"font-size: 18pt; color: #666699;\"><span style=\"font-size: 24pt;\"><strong><span style=\"color: #666699;\"><span style=\"font-size: 12pt;\">de dilluns 6 a diumenge 12 de juny<\/span><\/span><\/strong><\/span><\/span><\/h6>\n<p><span style=\"font-weight: 400;\">Una mica m\u00e9s gran que una merla i una mica m\u00e9s petit que un colom roquer.\u00a0 Amida uns 25-27 cent\u00edmetres. No tenen dimorfisme sexual. Aquest ocell el podem veure en migraci\u00f3, estival-reproductor i hivernant, aix\u00f2 fa que el plomatge al llarg de l\u2019any pugui anar canviant\u2026 per\u00f2 les seves potes de color vermell el delaten! Jo us far\u00e9 la descripci\u00f3 de l\u2019adult en plomatge nupcial, a l\u2019hivern \u00e9s for\u00e7a semblant per\u00f2 amb el plomatge m\u00e9s apagat i el pigallat negre es difumina o desapareix.<\/span><\/p>\n<p><span style=\"font-weight: 400;\">T\u00e9 el cap marron\u00f3s per\u00f2 aquest color s\u2019est\u00e9n cap a l\u2019esquena. A partir de la gola t\u00e9 un pigallat negre que es va engrandint i espaiant a mesura que s\u2019acosta cap a la panxa i el ventre fins a tornar-se gaireb\u00e9 blanc. L\u2019ull t\u00e9 un anell ocular blanc i a la cara mostra una l\u00ednia que va del bec a l\u2019ull de color negre o molt fosc. Per sobre de l&#8217;ull t\u00e9 una cella que mor just a sobre de l\u2019ull. El bec \u00e9s recte, for\u00e7a gruixut amb la part de dalt ngra i la base de color vermell ataronjat. \u00c9s un ocell amb una \u00e0mplia distribuci\u00f3 que va des de l\u2019Europa occidental fins a \u00c0sia. Migrador com\u00fa a totes les zones humides amb predilecci\u00f3 per les litorals. Nidificant esc\u00e0s i molt localitzat al delta de l\u2019Ebre amb un centenar de parelles. A l\u2019hivern tamb\u00e9 es concentra al delta de l\u2019Ebre i pot arribar al miler d\u2019individus.<\/span><\/p>\n<p style=\"text-align: right;\"><span style=\"font-size: 10pt;\"><i><span style=\"font-weight: 400;\">Guia de camp dels ocells a Catalunya. Ed Omega.Carlos \u00c1lvarez-Cros i Fran Trabalon.<\/span><\/i><\/span><\/p>\n<p>&nbsp;<\/p>\n<h6 style=\"text-align: center;\"><span style=\"font-size: 18pt; color: #666699;\"><span style=\"font-size: 24pt;\"><strong><span style=\"color: #666699;\"><span style=\"font-size: 12pt;\"><a href=\"https:\/\/agora.xtec.cat\/ceip-lola-anglada-esplugues\/wp-content\/uploads\/usu1507\/2022\/05\/OA-48-2122.jpg\"><img loading=\"lazy\" decoding=\"async\" class=\"aligncenter size-full wp-image-5950\" src=\"https:\/\/agora.xtec.cat\/ceip-lola-anglada-esplugues\/wp-content\/uploads\/usu1507\/2022\/05\/OA-48-2122.jpg\" alt=\"\" width=\"899\" height=\"576\" srcset=\"https:\/\/agora.xtec.cat\/ceip-lola-anglada-esplugues\/wp-content\/uploads\/usu1507\/2022\/05\/OA-48-2122.jpg 899w, https:\/\/agora.xtec.cat\/ceip-lola-anglada-esplugues\/wp-content\/uploads\/usu1507\/2022\/05\/OA-48-2122-300x192.jpg 300w, https:\/\/agora.xtec.cat\/ceip-lola-anglada-esplugues\/wp-content\/uploads\/usu1507\/2022\/05\/OA-48-2122-768x492.jpg 768w\" sizes=\"auto, (max-width: 899px) 100vw, 899px\" \/><\/a>OCELL AMAGAT n\u00ba 48:\u00a0 \u00a0ORENETA DE RIBERA<br \/>\nPer\u00edode per respondre: <\/span><\/span><\/strong><\/span><\/span><span style=\"font-size: 18pt; color: #666699;\"><span style=\"font-size: 24pt;\"><strong><span style=\"color: #666699;\"><span style=\"font-size: 12pt;\">de dilluns 23 de maig a diumenge 5 de juny<\/span><\/span><\/strong><\/span><\/span><\/h6>\n<p><span style=\"font-weight: 400;\">Com una cadernera. La seva longitud \u00e9s d\u2019uns 12 cm i pesa d\u201911 a 19,5 grams.<\/span><\/p>\n<p><span style=\"font-weight: 400;\">Petita oreneta de coloraci\u00f3 uniforme marr\u00f3 brunenca per sobre i, amb parts ventrals blanques on contrasta un ample collar tamb\u00e9 marr\u00f3. La cua \u00e9s curta i lleugerament forcada.<\/span><\/p>\n<p><span style=\"font-weight: 400;\">Molt lligada a ambient fluvials, se la pot veure al Delta de l\u2019Ebre en migraci\u00f3. La franja bruna al pit \u00e9s un tret diagn\u00f2stic clar per a la seva identificaci\u00f3.<\/span><\/p>\n<p style=\"text-align: right;\"><span style=\"font-size: 10pt;\"><i><span style=\"font-weight: 400;\">Guia de camp dels ocells a Catalunya. Ed Omega.Carlos \u00c1lvarez-Cros i Fran Trabalon.<br \/>\n<\/span><\/i><i><span style=\"font-weight: 400;\">Flora i fauna del Parc Natural Delta de l\u2019Ebre. Brau edicions. Toni Llobet<\/span><\/i><\/span><\/p>\n<p>&nbsp;<\/p>\n<h6 style=\"text-align: center;\"><span style=\"font-size: 18pt; color: #666699;\"><span style=\"font-size: 24pt;\"><strong><span style=\"color: #666699;\"><span style=\"font-size: 12pt;\"><a href=\"https:\/\/agora.xtec.cat\/ceip-lola-anglada-esplugues\/wp-content\/uploads\/usu1507\/2022\/05\/OA-47-2122.jpg\"><img loading=\"lazy\" decoding=\"async\" class=\"aligncenter size-full wp-image-5949\" src=\"https:\/\/agora.xtec.cat\/ceip-lola-anglada-esplugues\/wp-content\/uploads\/usu1507\/2022\/05\/OA-47-2122.jpg\" alt=\"\" width=\"895\" height=\"581\" srcset=\"https:\/\/agora.xtec.cat\/ceip-lola-anglada-esplugues\/wp-content\/uploads\/usu1507\/2022\/05\/OA-47-2122.jpg 895w, https:\/\/agora.xtec.cat\/ceip-lola-anglada-esplugues\/wp-content\/uploads\/usu1507\/2022\/05\/OA-47-2122-300x195.jpg 300w, https:\/\/agora.xtec.cat\/ceip-lola-anglada-esplugues\/wp-content\/uploads\/usu1507\/2022\/05\/OA-47-2122-768x499.jpg 768w\" sizes=\"auto, (max-width: 895px) 100vw, 895px\" \/><\/a>OCELL AMAGAT n\u00ba 47:\u00a0 \u00a0CORRIOL CAMANEGRE<br \/>\nPer\u00edode per respondre: <\/span><\/span><\/strong><\/span><\/span><span style=\"font-size: 18pt; color: #666699;\"><span style=\"font-size: 24pt;\"><strong><span style=\"color: #666699;\"><span style=\"font-size: 12pt;\">de dilluns 23 de maig a diumenge 5 de juny<\/span><\/span><\/strong><\/span><\/span><\/h6>\n<p><span style=\"font-weight: 400;\">Una mica m\u00e9s petit que una merla. La seva longitud \u00e9s d\u2019un 17, 5 cm i pesa entre 32 i 56 grams.<\/span><\/p>\n<p><span style=\"font-weight: 400;\">El mascle adult nupcial t\u00e9 el dors de color sorrenc p\u00e0l\u00b7lid, amb una l\u00ednia blanca a l\u2019al\u00e7ada del clatell i la part superior del cap tricolor: rogenc a la nuca, bru al pili (com el dors) i negr\u00f3s al front.<\/span><\/p>\n<p><span style=\"font-weight: 400;\">La resta del plomatge \u00e9s blanc pur a excepci\u00f3 d\u2019una l\u00ednia negra a cada costat del coll i una altra que va de la base del bec a les auriculars, ajudant a emmarcar una cella blanca. El bec \u00e9s m\u00e9s aviat prim i, com les potes, de color negre.<\/span><\/p>\n<p><span style=\"font-weight: 400;\">La femella adulta podr\u00edem dir que t\u00e9 un plomatge bicolor, on el rogenc i el negre \u00e9s substitu\u00eft pel to sorrenc del dors. Els juvenils (fotografia) s\u00f3n semblants als adults hivernants, una mica m\u00e9s clars i amb les potes de color gris\u00f3s.<\/span><\/p>\n<p><span style=\"font-weight: 400;\">T\u00edpic de les platges del Delta de l\u2019Ebre, on crien m\u00e9s d\u2019un miler de parelles. El niu \u00e9s un petit clot a la sorra. Si apareix un possible predador, un dels membres de la parella mira d\u2019allunyar-lo de la posta i el distreu simulant estar ferit. A l\u2019hivern visita arrossars.<\/span><\/p>\n<p style=\"text-align: right;\"><span style=\"font-size: 10pt;\"><i><span style=\"font-weight: 400;\">Guia de camp dels ocells a Catalunya. Ed Omega.Carlos \u00c1lvarez-Cros i Fran Trabalon.<br \/>\n<\/span><\/i><i><span style=\"font-weight: 400;\">Ocells del Delta de l\u2019Ebre. Xarxa espais natura. M\u00f3nNatura Delta de l\u2019Ebre.<\/span><\/i><\/span><\/p>\n<p>&nbsp;<\/p>\n<h6 style=\"text-align: center;\"><span style=\"font-size: 18pt; color: #666699;\"><span style=\"font-size: 24pt;\"><strong><span style=\"color: #666699;\"><span style=\"font-size: 12pt;\"><a href=\"https:\/\/agora.xtec.cat\/ceip-lola-anglada-esplugues\/wp-content\/uploads\/usu1507\/2022\/05\/OA-46-2122.jpg\"><img loading=\"lazy\" decoding=\"async\" class=\"aligncenter size-full wp-image-5923\" src=\"https:\/\/agora.xtec.cat\/ceip-lola-anglada-esplugues\/wp-content\/uploads\/usu1507\/2022\/05\/OA-46-2122.jpg\" alt=\"\" width=\"897\" height=\"582\" srcset=\"https:\/\/agora.xtec.cat\/ceip-lola-anglada-esplugues\/wp-content\/uploads\/usu1507\/2022\/05\/OA-46-2122.jpg 897w, https:\/\/agora.xtec.cat\/ceip-lola-anglada-esplugues\/wp-content\/uploads\/usu1507\/2022\/05\/OA-46-2122-300x195.jpg 300w, https:\/\/agora.xtec.cat\/ceip-lola-anglada-esplugues\/wp-content\/uploads\/usu1507\/2022\/05\/OA-46-2122-768x498.jpg 768w\" sizes=\"auto, (max-width: 897px) 100vw, 897px\" \/><\/a>OCELL AMAGAT n\u00ba 46:\u00a0 PINS\u00c0 COM\u00da<br \/>\nPer\u00edode per respondre: <\/span><\/span><\/strong><\/span><\/span><span style=\"font-size: 18pt; color: #666699;\"><span style=\"font-size: 24pt;\"><strong><span style=\"color: #666699;\"><span style=\"font-size: 12pt;\">de dilluns 16 a diumenge 22 de maig<\/span><\/span><\/strong><\/span><\/span><\/h6>\n<p><span style=\"font-weight: 400;\">Com un pardal esvelt, t\u00e9 una longitud de 14 a 18 cm i pesa de 17 a 29 grams.<\/span><\/p>\n<p><span style=\"font-weight: 400;\">El mascle nupcial (fotografia) llueix una coloraci\u00f3 bigarrada. T\u00e9 el front negre i el pili, el clatell i els laterals posteriors del coll de color gris. L\u2019esquena \u00e9s de color castany amb sengles pinzellades grises. Les ales s\u00f3n negres per\u00f2 hi contrasten fortament dues franges de color blanc groguenc. Els marges de les plomes de vol s\u00f3n clars. La cua \u00e9s negra, amb les vores blanques. La cara, la part anterior del coll i el pit s\u00f3n de color castany clar, que es difumina tot aclarint-se cap a un rosat p\u00e0l\u00b7lid a les parts ventrals. El bec \u00e9s c\u00f2nic i gruixut. Les potes s\u00f3n de color carn i els ulls, foscos. En vol descobreix el carp\u00f3, que \u00e9s verd, i es fan molt visibles les dues franges alars blanques.<\/span><\/p>\n<p><span style=\"font-weight: 400;\">La femella \u00e9s discreta i domina un color bru verd\u00f3s. Abundant i gregari a l\u2019hivern.<\/span><\/p>\n<p style=\"text-align: right;\"><span style=\"font-size: 10pt;\"><i><span style=\"font-weight: 400;\">Guia de camp dels ocells a Catalunya. Ed Omega.Carlos \u00c1lvarez-Cros i Fran Trabalon.<br \/>\n<\/span><\/i><i><span style=\"font-weight: 400;\">125 Ocells de Catalunya que cal con\u00e8ixer. Ed Cosset\u00e0nia. Oryx. Toni Llobet<\/span><\/i><\/span><\/p>\n<p>&nbsp;<\/p>\n<h6 style=\"text-align: center;\"><span style=\"font-size: 18pt; color: #666699;\"><span style=\"font-size: 24pt;\"><strong><span style=\"color: #666699;\"><span style=\"font-size: 12pt;\"><a href=\"https:\/\/agora.xtec.cat\/ceip-lola-anglada-esplugues\/wp-content\/uploads\/usu1507\/2022\/05\/OA-45-2122.jpg\"><img loading=\"lazy\" decoding=\"async\" class=\"aligncenter size-full wp-image-5922\" src=\"https:\/\/agora.xtec.cat\/ceip-lola-anglada-esplugues\/wp-content\/uploads\/usu1507\/2022\/05\/OA-45-2122.jpg\" alt=\"\" width=\"896\" height=\"584\" srcset=\"https:\/\/agora.xtec.cat\/ceip-lola-anglada-esplugues\/wp-content\/uploads\/usu1507\/2022\/05\/OA-45-2122.jpg 896w, https:\/\/agora.xtec.cat\/ceip-lola-anglada-esplugues\/wp-content\/uploads\/usu1507\/2022\/05\/OA-45-2122-300x196.jpg 300w, https:\/\/agora.xtec.cat\/ceip-lola-anglada-esplugues\/wp-content\/uploads\/usu1507\/2022\/05\/OA-45-2122-768x501.jpg 768w\" sizes=\"auto, (max-width: 896px) 100vw, 896px\" \/><\/a>OCELL AMAGAT n\u00ba 45:\u00a0 BECADELL COM\u00da<br \/>\nPer\u00edode per respondre: <\/span><\/span><\/strong><\/span><\/span><span style=\"font-size: 18pt; color: #666699;\"><span style=\"font-size: 24pt;\"><strong><span style=\"color: #666699;\"><span style=\"font-size: 12pt;\">de dilluns 16 a diumenge 22 de maig<\/span><\/span><\/strong><\/span><\/span><\/h6>\n<p><span style=\"font-weight: 400;\">Com una merla robusta, amb un bec molt llarg. Longitud d\u2019uns 25 cm i un pes que va dels 72 als 181 grams.<\/span><\/p>\n<p><span style=\"font-weight: 400;\">Ocell de plomatge cr\u00edptic de tons bruns i marrons i bec llarg i recte. T\u00e9 el pili marr\u00f3 fosc amb una fina ratlla de color crema al bell mig. La resta de la cara \u00e9s de color beix amb una brida marr\u00f3 que es perllonga per darrere l\u2019ull en una fina l\u00ednia que mor al clatell. Les galtes estan dividides per una fina l\u00ednia marr\u00f3. Tot plegat donen un aspecte d\u2019un cap barrat. El plomatge de les parts dorsals \u00e9s marr\u00f3 fosc amb dues l\u00ednies clares i dues m\u00e9s, una a cada flanc. Just a sota destaquen unes l\u00ednies diagonals que s\u00f3n fonamentals pel seu camuflatge al trencar-se el paral.lelisme d\u2019aquestes l\u00ednies fosques.. El, cap, el coll i els flancs s\u00f3n bruns clars pigallats de marr\u00f3. Les parts ventrals s\u00f3n blanquinoses i la part de sota la cua barrada de negre. El llarg bec t\u00e9 la punta negrosa i les potes s\u00f3n de color verd gris.<\/span><\/p>\n<p><span style=\"font-weight: 400;\">Molt com\u00fa a l\u2019hivern. Menut i inquiet. El bec molt llarg (que enfonsa al fang amb insist\u00e8ncia buscant-hi cucs). La cella blanca i el vol en ziga-zaga s\u00f3n diagn\u00f2stics.<\/span><\/p>\n<p style=\"text-align: right;\"><span style=\"font-size: 10pt;\"><i><span style=\"font-weight: 400;\">Guia de camp dels ocells a Catalunya. Ed Omega.Carlos \u00c1lvarez-Cros i Fran Trabalon.<br \/>\n<\/span><\/i><i><span style=\"font-weight: 400;\">Ocells del Delta de l\u2019Ebre. Xarxa espais natura. M\u00f3nNatura Delta de l\u2019Ebre.<\/span><\/i><\/span><\/p>\n<p>&nbsp;<\/p>\n<h6 style=\"text-align: center;\"><span style=\"font-size: 18pt; color: #666699;\"><span style=\"font-size: 24pt;\"><strong><span style=\"color: #666699;\"><span style=\"font-size: 12pt;\"><a href=\"https:\/\/agora.xtec.cat\/ceip-lola-anglada-esplugues\/wp-content\/uploads\/usu1507\/2022\/05\/OA-44-2122.jpg\"><img loading=\"lazy\" decoding=\"async\" class=\"aligncenter size-full wp-image-5914\" src=\"https:\/\/agora.xtec.cat\/ceip-lola-anglada-esplugues\/wp-content\/uploads\/usu1507\/2022\/05\/OA-44-2122.jpg\" alt=\"\" width=\"896\" height=\"582\" srcset=\"https:\/\/agora.xtec.cat\/ceip-lola-anglada-esplugues\/wp-content\/uploads\/usu1507\/2022\/05\/OA-44-2122.jpg 896w, https:\/\/agora.xtec.cat\/ceip-lola-anglada-esplugues\/wp-content\/uploads\/usu1507\/2022\/05\/OA-44-2122-300x195.jpg 300w, https:\/\/agora.xtec.cat\/ceip-lola-anglada-esplugues\/wp-content\/uploads\/usu1507\/2022\/05\/OA-44-2122-768x499.jpg 768w\" sizes=\"auto, (max-width: 896px) 100vw, 896px\" \/><\/a>OCELL AMAGAT n\u00ba 44:\u00a0 TALLAROL CAPNEGRE<br \/>\nPer\u00edode per respondre: <\/span><\/span><\/strong><\/span><\/span><span style=\"font-size: 18pt; color: #666699;\"><span style=\"font-size: 24pt;\"><strong><span style=\"color: #666699;\"><span style=\"font-size: 12pt;\">de dilluns 9 a diumenge 15 de maig<\/span><\/span><\/strong><\/span><\/span><\/h6>\n<p><span style=\"font-weight: 400;\">M\u00e9s petit que un pardal i uan mica m\u00e9s petit que una cadernera, t\u00e9 una longitud d\u2019uns 13,5 cm i pesa de 12 a 25 grams.<\/span><\/p>\n<p><span style=\"font-weight: 400;\">Ocell d\u2019aparen\u00e7a grisa i allargassada. El mascle adult (fotografia) t\u00e9 el cap negre, que contrasta fortament amb la gola blanca. Les parts dorsals s\u00f3n de color gris, amb les plomes de les ales m\u00e9s aviat brunenques. La cua \u00e9s negra amb les puntes de les rectrius, excepte les centrals, i les vores blanques. Les parts ventrals s\u00f3n de color gris clar. El bec \u00e9s prim i gris, m\u00e9s clar a la mand\u00edbula inferior. L\u2019ull t\u00e9 l\u2019iris marr\u00f3 clar i est\u00e0 envoltat per un espectacular anell ocular vermell. Les potes s\u00f3n groguenques.<\/span><\/p>\n<p><span style=\"font-weight: 400;\">T\u00edpic de bardisses mediterr\u00e0nies i molt freq\u00fcent a parcs i jardins..<\/span><\/p>\n<p style=\"text-align: right;\"><span style=\"font-size: 10pt;\"><i><span style=\"font-weight: 400;\">Guia de camp dels ocells a Catalunya. Ed Omega.Carlos \u00c1lvarez-Cros i Fran Trabalon.<br \/>\n<\/span><\/i><i><span style=\"font-weight: 400;\">125 Ocells de Catalunya que cal con\u00e8ixer. Ed Cosset\u00e0nia. Oryx. Toni Llobet<\/span><\/i><\/span><\/p>\n<p>&nbsp;<\/p>\n<h6 style=\"text-align: center;\"><span style=\"font-size: 18pt; color: #666699;\"><span style=\"font-size: 24pt;\"><strong><span style=\"color: #666699;\"><span style=\"font-size: 12pt;\"><a href=\"https:\/\/agora.xtec.cat\/ceip-lola-anglada-esplugues\/wp-content\/uploads\/usu1507\/2022\/05\/OA-43-2122.jpg\"><img loading=\"lazy\" decoding=\"async\" class=\"aligncenter size-full wp-image-5913\" src=\"https:\/\/agora.xtec.cat\/ceip-lola-anglada-esplugues\/wp-content\/uploads\/usu1507\/2022\/05\/OA-43-2122.jpg\" alt=\"\" width=\"899\" height=\"571\" srcset=\"https:\/\/agora.xtec.cat\/ceip-lola-anglada-esplugues\/wp-content\/uploads\/usu1507\/2022\/05\/OA-43-2122.jpg 899w, https:\/\/agora.xtec.cat\/ceip-lola-anglada-esplugues\/wp-content\/uploads\/usu1507\/2022\/05\/OA-43-2122-300x191.jpg 300w, https:\/\/agora.xtec.cat\/ceip-lola-anglada-esplugues\/wp-content\/uploads\/usu1507\/2022\/05\/OA-43-2122-768x488.jpg 768w\" sizes=\"auto, (max-width: 899px) 100vw, 899px\" \/><\/a>OCELL AMAGAT n\u00ba 43:\u00a0 \u00c0NEC GRISET<br \/>\nPer\u00edode per respondre: <\/span><\/span><\/strong><\/span><\/span><span style=\"font-size: 18pt; color: #666699;\"><span style=\"font-size: 24pt;\"><strong><span style=\"color: #666699;\"><span style=\"font-size: 12pt;\">de dilluns 9 a diumenge 15 de maig<\/span><\/span><\/strong><\/span><\/span><\/h6>\n<p><span style=\"font-weight: 400;\">Una mica m\u00e9s petit i estilitzat que un \u00e0nec collverd. Amida de 46 a 58 cm i pesa entre 850 i 900 grams.<\/span><\/p>\n<p><span style=\"font-weight: 400;\">Com\u00a0 b\u00e9 descriu el seu nom en catal\u00e0, \u00e9s un ocell d\u2019aparen\u00e7a gris i molt discret. En realitat t\u00e9 el seu plomatge finament estriat amb ones de color negre<\/span><span style=\"font-weight: 400;\">,<\/span><span style=\"font-weight: 400;\"> amb el cap i el coll brunencs, l\u2019esquena marronosa, el ventre blanc i la popa negra. El mascle t\u00e9 el bec gris fosc i la femella t\u00e9 al bec una franja lateral ataronjada. Les potes s\u00f3n de color groguenc.<\/span><\/p>\n<p><span style=\"font-weight: 400;\">La coloraci\u00f3 grisa dels mascles, poc vistosa, \u00e9s el seu tret m\u00e9s singular., i el mirallet blanc a les ales, el tret m\u00e9s distintiu en ambd\u00f3s sexes. Nia al Delta, per\u00f2 \u00e9s m\u00e9s freq\u00fcent a l\u2019hivern.<\/span><\/p>\n<p style=\"text-align: right;\"><span style=\"font-size: 10pt;\"><i><span style=\"font-weight: 400;\">Guia de camp dels ocells a Catalunya. Ed Omega.Carlos \u00c1lvarez-Cros i Fran Trabalon.<br \/>\n<\/span><\/i><i><span style=\"font-weight: 400;\">Ocells del Delta de l\u2019Ebre. Xarxa espais natura. M\u00f3nNatura Delta de l\u2019Ebre.<\/span><\/i><\/span><\/p>\n<p>&nbsp;<\/p>\n<h6 style=\"text-align: center;\"><span style=\"font-size: 18pt; color: #666699;\"><span style=\"font-size: 24pt;\"><strong><span style=\"color: #666699;\"><span style=\"font-size: 12pt;\"><a href=\"https:\/\/agora.xtec.cat\/ceip-lola-anglada-esplugues\/wp-content\/uploads\/usu1507\/2022\/05\/OA-42-2122.jpg\"><img loading=\"lazy\" decoding=\"async\" class=\"aligncenter size-full wp-image-5901\" src=\"https:\/\/agora.xtec.cat\/ceip-lola-anglada-esplugues\/wp-content\/uploads\/usu1507\/2022\/05\/OA-42-2122.jpg\" alt=\"\" width=\"899\" height=\"579\" srcset=\"https:\/\/agora.xtec.cat\/ceip-lola-anglada-esplugues\/wp-content\/uploads\/usu1507\/2022\/05\/OA-42-2122.jpg 899w, https:\/\/agora.xtec.cat\/ceip-lola-anglada-esplugues\/wp-content\/uploads\/usu1507\/2022\/05\/OA-42-2122-300x193.jpg 300w, https:\/\/agora.xtec.cat\/ceip-lola-anglada-esplugues\/wp-content\/uploads\/usu1507\/2022\/05\/OA-42-2122-768x495.jpg 768w\" sizes=\"auto, (max-width: 899px) 100vw, 899px\" \/><\/a>OCELL AMAGAT n\u00ba 42:\u00a0 FALCIOT NEGRE<br \/>\nPer\u00edode per respondre: <\/span><\/span><\/strong><\/span><\/span><span style=\"font-size: 18pt; color: #666699;\"><span style=\"font-size: 24pt;\"><strong><span style=\"color: #666699;\"><span style=\"font-size: 12pt;\">de dilluns 2 a diumenge 8 de maig<\/span><\/span><\/strong><\/span><\/span><\/h6>\n<p><span style=\"font-weight: 400;\">Una mica m\u00e9s gros que un pardal, encara que les seves llargues ales el facin semblar m\u00e9s gros. La seva longitud varia entre 16 i 17 cm i pesa entre 40 i 50 grams.<\/span><\/p>\n<p><span style=\"font-weight: 400;\">Ocell d\u2019aparen\u00e7a general uniformement negra que, la majoria de vegades, nom\u00e9s podem observar en vol. En realitat per\u00f2, les plomes dels dors i les cobertores tenen reflexos irisats verds, cosa que nom\u00e9s es pot apreciar a molt curta dist\u00e0ncia. Tamb\u00e9 s\u00f3n dif\u00edcils d\u2019apreciar altres detalls com la zona blanquinosa del ment\u00f3 o els grans ulls negres, molt enfonsats a les \u00f2rbites, que combinat amb el cap pla, li donen una aparen\u00e7a d\u2019ocell enfadat! El bec \u00e9s curt i negre. En vol destaquen les llargu\u00edssimes i punxegudes ales en forma de fal\u00e7. La cua \u00e9s curta i forcada. Les potes s\u00f3n molt curtes i els dits tenen unes fortes ungles corbades que els permet agafar-se a qualsevol superf\u00edcie vertical.\u00a0<\/span><\/p>\n<p><span style=\"font-weight: 400;\">Volador incansable, sovint a gran al\u00e7ada i que a primera hora del mat\u00ed i capvespre els podem veure a l\u2019al\u00e7ada dels edificis. Nia a forats d\u2019espadats i edificis. La veu \u00e9s un agut i estrident \u201cpriiiii\u201d repetit una i altra vegada. La cri`doria dels esbarts d\u2019aquests ocells s\u00f3n una melodia impossible de separar dels nostres estius.<\/span><\/p>\n<p style=\"text-align: right;\"><span style=\"font-size: 10pt;\"><i><span style=\"font-weight: 400;\">Guia de camp dels ocells a Catalunya. Ed Omega.Carlos \u00c1lvarez-Cros i Fran Trabalon.<br \/>\n<\/span><\/i><i><span style=\"font-weight: 400;\">125 Ocells de Catalunya que cal con\u00e8ixer. Ed Cosset\u00e0nia. Oryx. Toni Llobet<\/span><\/i><\/span><\/p>\n<p>&nbsp;<\/p>\n<h6 style=\"text-align: center;\"><span style=\"font-size: 18pt; color: #666699;\"><span style=\"font-size: 24pt;\"><strong><span style=\"color: #666699;\"><span style=\"font-size: 12pt;\"><a href=\"https:\/\/agora.xtec.cat\/ceip-lola-anglada-esplugues\/wp-content\/uploads\/usu1507\/2022\/05\/OA-41-2122.jpg\"><img loading=\"lazy\" decoding=\"async\" class=\"aligncenter size-full wp-image-5900\" src=\"https:\/\/agora.xtec.cat\/ceip-lola-anglada-esplugues\/wp-content\/uploads\/usu1507\/2022\/05\/OA-41-2122.jpg\" alt=\"\" width=\"900\" height=\"583\" srcset=\"https:\/\/agora.xtec.cat\/ceip-lola-anglada-esplugues\/wp-content\/uploads\/usu1507\/2022\/05\/OA-41-2122.jpg 900w, https:\/\/agora.xtec.cat\/ceip-lola-anglada-esplugues\/wp-content\/uploads\/usu1507\/2022\/05\/OA-41-2122-300x194.jpg 300w, https:\/\/agora.xtec.cat\/ceip-lola-anglada-esplugues\/wp-content\/uploads\/usu1507\/2022\/05\/OA-41-2122-768x497.jpg 768w\" sizes=\"auto, (max-width: 900px) 100vw, 900px\" \/><\/a>OCELL AMAGAT n\u00ba 41:\u00a0 GAVINA CORSA<br \/>\nPer\u00edode per respondre: <\/span><\/span><\/strong><\/span><\/span><span style=\"font-size: 18pt; color: #666699;\"><span style=\"font-size: 24pt;\"><strong><span style=\"color: #666699;\"><span style=\"font-size: 12pt;\">de dilluns 2 a diumenge 8 de maig<\/span><\/span><\/strong><\/span><\/span><\/h6>\n<p><span style=\"font-weight: 400;\">Una mica m\u00e9s petita que un gavi\u00e0 argentat. Longitud d\u2019un 50 cm i pesa de 580 a 770 grams.<\/span><\/p>\n<p><span style=\"font-weight: 400;\">Gavina molt esvelta. El plomatge \u00e9s blanc pur amb el dors i el sobre de les ales de color gris clar. T\u00e9 el bec vermell amb la punta groga i una franja negra que separa ambd\u00f3s colors. L\u2019ull \u00e9s fosc i les potes de color gris\u00f3s. La punta de l\u2019ala \u00e9s negra amb les puntes blanques.<\/span><\/p>\n<p><span style=\"font-weight: 400;\">Joia del Delta de l\u2019Ebre, on hi ha la col\u00f2nia m\u00e9s gran al m\u00f3n d\u2019aquesta gavina amena\u00e7ada, amb m\u00e9s de 10.000 parelles. Nia a la punta de la Banya i s\u2019alimenta als arrossars, on menja nombrosos crancs de riu.<\/span><\/p>\n<p style=\"text-align: right;\"><span style=\"font-size: 10pt;\"><i><span style=\"font-weight: 400;\">Guia de camp dels ocells a Catalunya. Ed Omega.Carlos \u00c1lvarez-Cros i Fran Trabalon.<br \/>\n<\/span><\/i><i><span style=\"font-weight: 400;\">Ocells del Delta de l\u2019Ebre. Xarxa espais natura. M\u00f3nNatura Delta de l\u2019Ebre<\/span><\/i><\/span><\/p>\n<p>&nbsp;<\/p>\n<h6 style=\"text-align: center;\"><span style=\"font-size: 18pt; color: #666699;\"><span style=\"font-size: 24pt;\"><strong><span style=\"color: #666699;\"><span style=\"font-size: 12pt;\"><a href=\"https:\/\/agora.xtec.cat\/ceip-lola-anglada-esplugues\/wp-content\/uploads\/usu1507\/2022\/04\/OA-40-2122.jpg\"><img loading=\"lazy\" decoding=\"async\" class=\"aligncenter size-full wp-image-5772\" src=\"https:\/\/agora.xtec.cat\/ceip-lola-anglada-esplugues\/wp-content\/uploads\/usu1507\/2022\/04\/OA-40-2122.jpg\" alt=\"\" width=\"897\" height=\"574\" srcset=\"https:\/\/agora.xtec.cat\/ceip-lola-anglada-esplugues\/wp-content\/uploads\/usu1507\/2022\/04\/OA-40-2122.jpg 897w, https:\/\/agora.xtec.cat\/ceip-lola-anglada-esplugues\/wp-content\/uploads\/usu1507\/2022\/04\/OA-40-2122-300x192.jpg 300w, https:\/\/agora.xtec.cat\/ceip-lola-anglada-esplugues\/wp-content\/uploads\/usu1507\/2022\/04\/OA-40-2122-768x491.jpg 768w\" sizes=\"auto, (max-width: 897px) 100vw, 897px\" \/><\/a>OCELL AMAGAT n\u00ba 40:\u00a0 GAMBA VERDA<br \/>\nPer\u00edode per respondre: <\/span><\/span><\/strong><\/span><\/span><span style=\"font-size: 18pt; color: #666699;\"><span style=\"font-size: 24pt;\"><strong><span style=\"color: #666699;\"><span style=\"font-size: 12pt;\">de dilluns 25 d&#8217;abril a diumenge 1 de maig<\/span><\/span><\/strong><\/span><\/span><\/h6>\n<p><span style=\"font-weight: 400;\">Com un colom roquer estilitzat. Fa de 30 a 35 cm i pesa entre 125 i 290 grams. Ocell lim\u00edcola robust, d\u2019aparen\u00e7a gris clara. En plomatge hivernal (fotografia) el cap, el coll i el pit que \u00e9s barrat s\u2019aclareixen i la cara apareix p\u00e0l\u00b7lida i les potes adquireixen un color gris\u00f3s. El dors \u00e9s \u00e9s de color gris brunenc. El pit i les parts ventrals s\u00f3n de color blanc pur. L&#8217;ull t\u00e9 un anell ocular blanc. Potes llargues i de color verd\u00f3s- gris.<\/span><\/p>\n<p><span style=\"font-weight: 400;\">El bec molt lleugerament inclinat cap amunt \u00e9s caracter\u00edstic. T\u00e9 el costum de perseguir animalons aqu\u00e0tics, corrent dins l\u2019aigua.<\/span><\/p>\n<p style=\"text-align: right;\"><span style=\"font-size: 10pt;\"><i><span style=\"font-weight: 400;\">Guia de camp dels ocells a Catalunya. Ed Omega.Carlos \u00c1lvarez-Cros i Fran Trabalon.<br \/>\n<\/span><\/i><i><span style=\"font-weight: 400;\">Ocells del Delta de l\u2019Ebre. Xarxa espais natura. M\u00f3nNatura Delta de l\u2019Ebre.<\/span><\/i><\/span><\/p>\n<p>&nbsp;<\/p>\n<h6 style=\"text-align: center;\"><span style=\"font-size: 18pt; color: #666699;\"><span style=\"font-size: 24pt;\"><strong><span style=\"color: #666699;\"><span style=\"font-size: 12pt;\"><a href=\"https:\/\/agora.xtec.cat\/ceip-lola-anglada-esplugues\/wp-content\/uploads\/usu1507\/2022\/04\/OA-39-2122.jpg\"><img loading=\"lazy\" decoding=\"async\" class=\"aligncenter size-full wp-image-5771\" src=\"https:\/\/agora.xtec.cat\/ceip-lola-anglada-esplugues\/wp-content\/uploads\/usu1507\/2022\/04\/OA-39-2122.jpg\" alt=\"\" width=\"898\" height=\"580\" srcset=\"https:\/\/agora.xtec.cat\/ceip-lola-anglada-esplugues\/wp-content\/uploads\/usu1507\/2022\/04\/OA-39-2122.jpg 898w, https:\/\/agora.xtec.cat\/ceip-lola-anglada-esplugues\/wp-content\/uploads\/usu1507\/2022\/04\/OA-39-2122-300x194.jpg 300w, https:\/\/agora.xtec.cat\/ceip-lola-anglada-esplugues\/wp-content\/uploads\/usu1507\/2022\/04\/OA-39-2122-768x496.jpg 768w\" sizes=\"auto, (max-width: 898px) 100vw, 898px\" \/><\/a>OCELL AMAGAT n\u00ba 39:\u00a0 FOTJA COMUNA<br \/>\nPer\u00edode per respondre: <\/span><\/span><\/strong><\/span><\/span><span style=\"font-size: 18pt; color: #666699;\"><span style=\"font-size: 24pt;\"><strong><span style=\"color: #666699;\"><span style=\"font-size: 12pt;\">de dilluns 25 d&#8217;abril a diumenge 1 de maig<\/span><\/span><\/strong><\/span><\/span><\/h6>\n<p><span style=\"font-weight: 400;\">Una mica m\u00e9s grossa que una perdiu. T\u00e9 una longitud de 36 a 39 cm i pesa de 600 a 1200 grams.<\/span><\/p>\n<p><span style=\"font-weight: 400;\">A certa dist\u00e0ncia, la impressi\u00f3 \u00e9s la d\u2019un ocell robust, de plomatge totalment negre i el bec blanc. L\u2019adult \u00e9s gris molt fosc amb el cap i el coll quasi negres. Aquesta coloraci\u00f3 contrasta fortament amb el bec, que \u00e9s blanc i es continua amb un escudet frontal del mateix color. T\u00e9 els iris vermells. Les potes s\u00f3n groguenques amb unes lligacames ataronjades molt poc visibles amb uns grans dits gruixuts i lobulats de color gris verd\u00f3s.<\/span><\/p>\n<p><span style=\"font-weight: 400;\">Gran nedadora i cabussadora -menja vegetaci\u00f3 submergida- , sembla un \u00e0nec, per\u00f2 pertany a la fam\u00edlia dels r\u00e0l\u00b7lids. Xipolleja volant sobre l\u2019aigua abans d\u2019enlairar-se. M\u00e9s abundant a l\u2019hivern, quan n\u2019arriben milers del nord d\u2019Europa.<\/span><\/p>\n<p style=\"text-align: right;\"><span style=\"font-size: 10pt;\"><i><span style=\"font-weight: 400;\">Guia de camp dels ocells a Catalunya. Ed Omega.Carlos \u00c1lvarez-Cros i Fran Trabalon.<br \/>\n<\/span><\/i><i><span style=\"font-weight: 400;\">Ocells del Delta de l\u2019Ebre. Xarxa espais natura. M\u00f3nNatura Delta de l\u2019Ebre.<\/span><\/i><\/span><\/p>\n<p>&nbsp;<\/p>\n<h6 style=\"text-align: center;\"><span style=\"font-size: 18pt; color: #666699;\"><span style=\"font-size: 24pt;\"><strong><span style=\"color: #666699;\"><span style=\"font-size: 12pt;\"><a href=\"https:\/\/agora.xtec.cat\/ceip-lola-anglada-esplugues\/wp-content\/uploads\/usu1507\/2022\/04\/PUNTS-BONIFICATS-02-RESPOSTES.jpg\"><img loading=\"lazy\" decoding=\"async\" class=\"aligncenter size-full wp-image-5773\" src=\"https:\/\/agora.xtec.cat\/ceip-lola-anglada-esplugues\/wp-content\/uploads\/usu1507\/2022\/04\/PUNTS-BONIFICATS-02-RESPOSTES.jpg\" alt=\"\" width=\"1214\" height=\"717\" srcset=\"https:\/\/agora.xtec.cat\/ceip-lola-anglada-esplugues\/wp-content\/uploads\/usu1507\/2022\/04\/PUNTS-BONIFICATS-02-RESPOSTES.jpg 1214w, https:\/\/agora.xtec.cat\/ceip-lola-anglada-esplugues\/wp-content\/uploads\/usu1507\/2022\/04\/PUNTS-BONIFICATS-02-RESPOSTES-300x177.jpg 300w, https:\/\/agora.xtec.cat\/ceip-lola-anglada-esplugues\/wp-content\/uploads\/usu1507\/2022\/04\/PUNTS-BONIFICATS-02-RESPOSTES-1024x605.jpg 1024w, https:\/\/agora.xtec.cat\/ceip-lola-anglada-esplugues\/wp-content\/uploads\/usu1507\/2022\/04\/PUNTS-BONIFICATS-02-RESPOSTES-768x454.jpg 768w\" sizes=\"auto, (max-width: 1214px) 100vw, 1214px\" \/><\/a>PUNTS DE BONIFICACI\u00d3: B <span style=\"font-size: 8pt;\">(1 punt x ocell)<\/span><br \/>\nPer\u00edode per respondre: <\/span><\/span><\/strong><\/span><\/span><span style=\"font-size: 18pt; color: #666699;\"><span style=\"font-size: 24pt;\"><strong><span style=\"color: #666699;\"><span style=\"font-size: 12pt;\">de dilluns 4 a diumenge 24 d&#8217;abril<\/span><\/span><\/strong><\/span><\/span><\/h6>\n<p>&nbsp;<\/p>\n<h6 style=\"text-align: center;\"><span style=\"font-size: 18pt; color: #666699;\"><span style=\"font-size: 24pt;\"><strong><span style=\"color: #666699;\"><span style=\"font-size: 12pt;\"><a href=\"https:\/\/agora.xtec.cat\/ceip-lola-anglada-esplugues\/wp-content\/uploads\/usu1507\/2022\/04\/OA-38-2122.jpg\"><img loading=\"lazy\" decoding=\"async\" class=\"aligncenter size-full wp-image-5756\" src=\"https:\/\/agora.xtec.cat\/ceip-lola-anglada-esplugues\/wp-content\/uploads\/usu1507\/2022\/04\/OA-38-2122.jpg\" alt=\"\" width=\"899\" height=\"583\" srcset=\"https:\/\/agora.xtec.cat\/ceip-lola-anglada-esplugues\/wp-content\/uploads\/usu1507\/2022\/04\/OA-38-2122.jpg 899w, https:\/\/agora.xtec.cat\/ceip-lola-anglada-esplugues\/wp-content\/uploads\/usu1507\/2022\/04\/OA-38-2122-300x195.jpg 300w, https:\/\/agora.xtec.cat\/ceip-lola-anglada-esplugues\/wp-content\/uploads\/usu1507\/2022\/04\/OA-38-2122-768x498.jpg 768w\" sizes=\"auto, (max-width: 899px) 100vw, 899px\" \/><\/a>OCELL AMAGAT n\u00ba 38:\u00a0 PUPUT COMUNA<br \/>\nPer\u00edode per respondre: <\/span><\/span><\/strong><\/span><\/span><span style=\"font-size: 18pt; color: #666699;\"><span style=\"font-size: 24pt;\"><strong><span style=\"color: #666699;\"><span style=\"font-size: 12pt;\">de dilluns 4 a diumenge 24 d&#8217;abril<\/span><\/span><\/strong><\/span><\/span><\/h6>\n<p><span style=\"font-weight: 400;\">M\u00e9s gran que una merla i m\u00e9s petita que un colom roquer. T\u00e9 una longitud entre 26 i 32 cm i pesa entre 50 i 90 grams.<\/span><\/p>\n<p><span style=\"font-weight: 400;\">Ocell singular i inconfusible. T\u00e9 una silueta esvelta, amb el bec llarg i corbat i un gran plomall er\u00e8ctil. El cap \u00e9s de color marr\u00f3 clar rosat, color que s\u2019est\u00e9n, per dors, fins a mitja esquena, i pel davant arriva fins al pit, on es comen\u00e7a a difuminar fins al to blanquin\u00f3s de les parts ventrals. Al pili llueix un gran plomall amb les puntes de les plomes negres, que duu pentinat enrere quan est\u00e0 en rep\u00f2s. Les ales i la cua s\u00f3n ratllades, de blanc sobre negre. El bes \u00e9s llarg, prim, corbat i de color fosc que s\u2019aclareix a la base, que \u00e9s de color carn. La cua \u00e9s negra travessada per una franja blanca. Les potes s\u00f3n brunes. T\u00e9 un vol molt particular, semblant al d\u2019una papallona.<\/span><\/p>\n<p><span style=\"font-weight: 400;\">Nia a forats d\u2019arbres, edificis i caixes niu. Quan canta, fa un \u201cpu-pu-pu\u201d d\u2019una sola nota.<\/span><\/p>\n<p style=\"text-align: right;\"><span style=\"font-size: 10pt;\"><i><span style=\"font-weight: 400;\">Guia de camp dels ocells a Catalunya. Ed Omega.Carlos \u00c1lvarez-Cros i Fran Trabalon.<br \/>\n<\/span><\/i><i><span style=\"font-weight: 400;\">125 Ocells de Catalunya que cal con\u00e8ixer. Ed Cosset\u00e0nia. Oryx. Toni Llobet<\/span><\/i><\/span><\/p>\n<p>&nbsp;<\/p>\n<h6 style=\"text-align: center;\"><span style=\"font-size: 18pt; color: #666699;\"><span style=\"font-size: 24pt;\"><strong><span style=\"color: #666699;\"><span style=\"font-size: 12pt;\"><a href=\"https:\/\/agora.xtec.cat\/ceip-lola-anglada-esplugues\/wp-content\/uploads\/usu1507\/2022\/04\/OA-37-2122.jpg\"><img loading=\"lazy\" decoding=\"async\" class=\"aligncenter size-full wp-image-5755\" src=\"https:\/\/agora.xtec.cat\/ceip-lola-anglada-esplugues\/wp-content\/uploads\/usu1507\/2022\/04\/OA-37-2122.jpg\" alt=\"\" width=\"898\" height=\"582\" srcset=\"https:\/\/agora.xtec.cat\/ceip-lola-anglada-esplugues\/wp-content\/uploads\/usu1507\/2022\/04\/OA-37-2122.jpg 898w, https:\/\/agora.xtec.cat\/ceip-lola-anglada-esplugues\/wp-content\/uploads\/usu1507\/2022\/04\/OA-37-2122-300x194.jpg 300w, https:\/\/agora.xtec.cat\/ceip-lola-anglada-esplugues\/wp-content\/uploads\/usu1507\/2022\/04\/OA-37-2122-768x498.jpg 768w\" sizes=\"auto, (max-width: 898px) 100vw, 898px\" \/><\/a>OCELL AMAGAT n\u00ba 37:\u00a0 CUERETA GROGA<br \/>\nPer\u00edode per respondre: <\/span><\/span><\/strong><\/span><\/span><span style=\"font-size: 18pt; color: #666699;\"><span style=\"font-size: 24pt;\"><strong><span style=\"color: #666699;\"><span style=\"font-size: 12pt;\">de dilluns 4 a diumenge 24 d&#8217;abril<\/span><\/span><\/strong><\/span><\/span><\/h6>\n<p><span style=\"font-weight: 400;\">Com un pardal com\u00fa amb la cua llarga. La seva longitud \u00e9s d\u2019un 16,5 cm i esa 11 a 26 grams.<\/span><\/p>\n<p><span style=\"font-weight: 400;\">Cuereta d\u2019aspecte robust. \u00c9s un ocell que t\u00e9 moltes subesp\u00e8cies i aix\u00f2 en pot dificultar la seva identificaci\u00f3. Els mascles adults tenen la part superior del cap gris blavosa amb les galtes m\u00e9s fosques amb una marcada cella blanca o b\u00e9 sense cella\u00a0 segons la subesp\u00e8cie. L\u2019esp\u00e8cie fotografiada \u00e9s la subesp\u00e8cie anomenada \u201ccuereta groga flava\u201d que \u00e9s la que trobem a la major part de l\u2019europa continental. Tamb\u00e9 t\u00e9 una bigotera blanca i una taqueta blanca sota l\u2019ull. La gola d\u2019aquesta esp\u00e8cie segons la subesp\u00e8cie pot ser blanca o groga. El dessota del mascle \u00e9s groc intens. Les potes negres i la cua \u00e9s fosca amb els extrems laterals blancs.<\/span><\/p>\n<p style=\"text-align: right;\"><span style=\"font-size: 10pt;\"><i><span style=\"font-weight: 400;\">Guia de camp dels ocells a Catalunya. Ed Omega.Carlos \u00c1lvarez-Cros i Fran Trabalon.<br \/>\n<\/span><\/i><i><span style=\"font-weight: 400;\">Guia d\u2019ocells. Europa i regi\u00f3 mediterr\u00e0nia. Ed Omega Lars Svensson<\/span><\/i><\/span><\/p>\n<p>&nbsp;<\/p>\n<h6 style=\"text-align: center;\"><span style=\"font-size: 18pt; color: #666699;\"><span style=\"font-size: 24pt;\"><strong><span style=\"color: #666699;\"><span style=\"font-size: 12pt;\"><a href=\"https:\/\/agora.xtec.cat\/ceip-lola-anglada-esplugues\/wp-content\/uploads\/usu1507\/2022\/03\/OA-36-2122.jpg\"><img loading=\"lazy\" decoding=\"async\" class=\"aligncenter size-full wp-image-5738\" src=\"https:\/\/agora.xtec.cat\/ceip-lola-anglada-esplugues\/wp-content\/uploads\/usu1507\/2022\/03\/OA-36-2122.jpg\" alt=\"\" width=\"896\" height=\"582\" srcset=\"https:\/\/agora.xtec.cat\/ceip-lola-anglada-esplugues\/wp-content\/uploads\/usu1507\/2022\/03\/OA-36-2122.jpg 896w, https:\/\/agora.xtec.cat\/ceip-lola-anglada-esplugues\/wp-content\/uploads\/usu1507\/2022\/03\/OA-36-2122-300x195.jpg 300w, https:\/\/agora.xtec.cat\/ceip-lola-anglada-esplugues\/wp-content\/uploads\/usu1507\/2022\/03\/OA-36-2122-768x499.jpg 768w\" sizes=\"auto, (max-width: 896px) 100vw, 896px\" \/><\/a>OCELL AMAGAT n\u00ba 36: AGR\u00d3 ROIG<br \/>\nPer\u00edode per respondre: <\/span><\/span><\/strong><\/span><\/span><span style=\"font-size: 18pt; color: #666699;\"><span style=\"font-size: 24pt;\"><strong><span style=\"color: #666699;\"><span style=\"font-size: 12pt;\">de dilluns 21 de mar\u00e7 a diumenge 1 d&#8217;abril<\/span><\/span><\/strong><\/span><\/span><\/h6>\n<p><span style=\"font-weight: 400;\">M\u00e9s petit i esvelt que una cigonya blanca. Una mica m\u00e9s petit que el bernat pescaire, amb una longitud de 78 a 90 cm i pesa entre 525 i 1345 g.<\/span><\/p>\n<p><span style=\"font-weight: 400;\">La impressi\u00f3 general \u00e9s d\u2019un ocell fosc, marr\u00f3 i una mica geperut. T\u00e9 un bec llarg, recte, com una espasa. El cap \u00e9s proporcionalment petit i sembla una prolongaci\u00f3 del bec. L\u2019adult t\u00e9 la cara i els costats del coll castanys. El pili, la part posterior del coll, una l\u00ednia que li parteix de la galta i unes l\u00ednies que recorren els costats del coll s\u00f3n negres. El ment\u00f3 \u00e9s blanc. Les parts dorsals i els flancs s\u00f3n grisos amb tocs rovellats. Les parts inferiors s\u00f3n castanyes. L\u2019iris \u00e9s groc. El bec i les potes s\u00f3n groguencs. Quan vola ho fa amb el coll arronsat i les potes estirades.A l\u2019\u00e8poca de reproducci\u00f3 llueix dues plomes negres filiformes que li surten de la nuca.<\/span><\/p>\n<p><span style=\"font-weight: 400;\">Gros i esvelt, amb plomatge acolorit, nia als canyissars i visita aig\u00fces obertes per pescar. Acabat l\u2019estiu se\u2019n va cap a l\u2019\u00c0frica, a passar-hi els mesos freds.<\/span><\/p>\n<p style=\"text-align: right;\"><span style=\"font-size: 10pt;\"><i><span style=\"font-weight: 400;\">Guia de camp dels ocells a Catalunya. Ed Omega.Carlos \u00c1lvarez-Cros i Fran Trabalon.<br \/>\n<\/span><\/i><\/span><span style=\"font-size: 10pt;\"><i><span style=\"font-weight: 400;\">Ocells del Delta de l\u2019Ebre. Xarxa espais natura. M\u00f3nNatura Delta de l\u2019Ebre.<\/span><\/i><\/span><\/p>\n<p>&nbsp;<\/p>\n<h6 style=\"text-align: center;\"><span style=\"font-size: 18pt; color: #666699;\"><span style=\"font-size: 24pt;\"><strong><span style=\"color: #666699;\"><span style=\"font-size: 12pt;\"><a href=\"https:\/\/agora.xtec.cat\/ceip-lola-anglada-esplugues\/wp-content\/uploads\/usu1507\/2022\/03\/OA-35-2122.jpg\"><img loading=\"lazy\" decoding=\"async\" class=\"aligncenter size-full wp-image-5737\" src=\"https:\/\/agora.xtec.cat\/ceip-lola-anglada-esplugues\/wp-content\/uploads\/usu1507\/2022\/03\/OA-35-2122.jpg\" alt=\"\" width=\"898\" height=\"580\" srcset=\"https:\/\/agora.xtec.cat\/ceip-lola-anglada-esplugues\/wp-content\/uploads\/usu1507\/2022\/03\/OA-35-2122.jpg 898w, https:\/\/agora.xtec.cat\/ceip-lola-anglada-esplugues\/wp-content\/uploads\/usu1507\/2022\/03\/OA-35-2122-300x194.jpg 300w, https:\/\/agora.xtec.cat\/ceip-lola-anglada-esplugues\/wp-content\/uploads\/usu1507\/2022\/03\/OA-35-2122-768x496.jpg 768w\" sizes=\"auto, (max-width: 898px) 100vw, 898px\" \/><\/a>OCELL AMAGAT n\u00ba 35:\u00a0 BERNAT PESCAIRE<br \/>\nPer\u00edode per respondre: <\/span><\/span><\/strong><\/span><\/span><span style=\"font-size: 18pt; color: #666699;\"><span style=\"font-size: 24pt;\"><strong><span style=\"color: #666699;\"><span style=\"font-size: 12pt;\">de dilluns 21 de mar\u00e7 a diumenge 1 d&#8217;abril<\/span><\/span><\/strong><\/span><\/span><\/h6>\n<p><span style=\"font-weight: 400;\">Com una cigonya blanca m\u00e9s estilitzada. T\u00e9 una longitud de 90 a 98 cm i pesa entre 1020 i 2073 g.<\/span><\/p>\n<p><span style=\"font-weight: 400;\">Ocell camallarg, gros i esvelt, de tons grisos. El front i la part superior del cap s\u00f3n blancs i les temples negres. La cara i la part anterior del coll i del pit s\u00f3n blancs i al costat del coll i el pit presenta una muni\u00f3 de ratlletes negres. El bec \u00e9s com la fulla d\u2019un punyal, groc, amb la part superior fosca. Les potes s\u00f3n llargues i grises. Durant l\u2019\u00e8poca nupcial, llueix un parell de plomes llargues i fines a la nuca i les potes agafen un color groguenc. Vola amb les potes estirades i, a difer\u00e8ncia de cigonyes i grues, amb el coll arronsat. Tot i ser un gran volador, ho fa pesadament, amb cops d\u2019ala lents i profunds.<\/span><\/p>\n<p><span style=\"font-weight: 400;\">Resident tot l\u2019any al Delta, on es pot veure en tot tipus d\u2019ambients humits on hi hagi peixos, que espera imm\u00f2bil a les ribes poc fondes. Com els agrons, quan reposa amb el coll arronsat, o en vol, sembla geperut. Pot niar al Delta, per\u00f2 \u00e9s m\u00e9s com\u00fa a l\u2019hivern.<\/span><\/p>\n<p style=\"text-align: right;\"><span style=\"font-size: 10pt;\"><i><span style=\"font-weight: 400;\">Guia de camp dels ocells a Catalunya. Ed Omega.Carlos \u00c1lvarez-Cros i Fran Trabalon.<br \/>\n<\/span><\/i><\/span><span style=\"font-size: 10pt;\"><i><span style=\"font-weight: 400;\">Ocells del Delta de l\u2019Ebre. Xarxa espais natura. M\u00f3nNatura Delta de l\u2019Ebre.<\/span><\/i><\/span><\/p>\n<p>&nbsp;<\/p>\n<h6 style=\"text-align: center;\"><span style=\"font-size: 18pt; color: #666699;\"><span style=\"font-size: 24pt;\"><strong><span style=\"color: #666699;\"><span style=\"font-size: 12pt;\"><a href=\"https:\/\/agora.xtec.cat\/ceip-lola-anglada-esplugues\/wp-content\/uploads\/usu1507\/2022\/03\/OA-34-2122.jpg\"><img loading=\"lazy\" decoding=\"async\" class=\"aligncenter size-full wp-image-5727\" src=\"https:\/\/agora.xtec.cat\/ceip-lola-anglada-esplugues\/wp-content\/uploads\/usu1507\/2022\/03\/OA-34-2122.jpg\" alt=\"\" width=\"896\" height=\"582\" srcset=\"https:\/\/agora.xtec.cat\/ceip-lola-anglada-esplugues\/wp-content\/uploads\/usu1507\/2022\/03\/OA-34-2122.jpg 896w, https:\/\/agora.xtec.cat\/ceip-lola-anglada-esplugues\/wp-content\/uploads\/usu1507\/2022\/03\/OA-34-2122-300x195.jpg 300w, https:\/\/agora.xtec.cat\/ceip-lola-anglada-esplugues\/wp-content\/uploads\/usu1507\/2022\/03\/OA-34-2122-768x499.jpg 768w\" sizes=\"auto, (max-width: 896px) 100vw, 896px\" \/><\/a>OCELL AMAGAT n\u00ba 34: CAMALLARGA COMUNA<br \/>\nPer\u00edode per respondre: <\/span><\/span><\/strong><\/span><\/span><span style=\"font-size: 18pt; color: #666699;\"><span style=\"font-size: 24pt;\"><strong><span style=\"color: #666699;\"><span style=\"font-size: 12pt;\">de dilluns 14 a diumenge 20 de mar\u00e7<\/span><\/span><\/strong><\/span><\/span><\/h6>\n<p><span style=\"font-weight: 400;\">Ocell esvelt amb bec, coll i, sobretot, potes molt llargs. La seva longitud \u00e9s de 35 a 40 cm i pesa de 166 a 205 g.<\/span><\/p>\n<p><span style=\"font-weight: 400;\">Molt estilitzat, blanc i negre. El mascle adult t\u00e9 el dors negre lluent i, en plomatge nupcial, t\u00e9 el clatell i el cap negres de manera for\u00e7a variable; la resta del plomatge \u00e9s blanc pur. La femella nupcial \u00e9s semblant al mascle per\u00f2 t\u00e9 el negre dorsal m\u00e9s mat i brunenc i, de mitjana, menys negre al coll i al cap.<\/span><\/p>\n<p><span style=\"font-weight: 400;\">El bec \u00e9s llarg, prim i de color negre. L\u2019iris \u00e9s vermell. Les potes s\u00f3n exageradament llargues i primes, de color vermell viu. Fora de l\u2019\u00e8poca reproductora perden el color fosc del coll i el cap, el mascle de manera parcial i la femella totalment. En vol, les potes sobresurten llargament pel darrere i es pot observar que el blanc de la cua i el carp\u00f3 es perllonga cap a l\u2019esquena formant un tasc\u00f3. La part inferior de l\u2019ala tamb\u00e9 \u00e9s negre.<\/span><\/p>\n<p><span style=\"font-weight: 400;\">Inconfusible, sembla una cigonya de mida redu\u00efda i molt camallarga. \u00c9s t\u00edpic veure\u2019l sobrevolant\u00a0 els arrossars, tot fent uns xiscles aguts i neguitosos.<\/span><\/p>\n<p style=\"text-align: right;\"><span style=\"font-size: 10pt;\"><i><span style=\"font-weight: 400;\">Guia de camp dels ocells a Catalunya. Ed Omega.Carlos \u00c1lvarez-Cros i Fran Trabalon.<br \/>\n<\/span><\/i><i><span style=\"font-weight: 400;\">Ocells del Delta de l\u2019Ebre. Xarxa espais natura. M\u00f3nNatura Delta de l\u2019Ebre.<\/span><\/i><\/span><\/p>\n<p>&nbsp;<\/p>\n<h6 style=\"text-align: center;\"><span style=\"font-size: 18pt; color: #666699;\"><span style=\"font-size: 24pt;\"><strong><span style=\"color: #666699;\"><span style=\"font-size: 12pt;\"><a href=\"https:\/\/agora.xtec.cat\/ceip-lola-anglada-esplugues\/wp-content\/uploads\/usu1507\/2022\/03\/OA-33-2122.jpg\"><img loading=\"lazy\" decoding=\"async\" class=\"aligncenter size-full wp-image-5726\" src=\"https:\/\/agora.xtec.cat\/ceip-lola-anglada-esplugues\/wp-content\/uploads\/usu1507\/2022\/03\/OA-33-2122.jpg\" alt=\"\" width=\"895\" height=\"573\" srcset=\"https:\/\/agora.xtec.cat\/ceip-lola-anglada-esplugues\/wp-content\/uploads\/usu1507\/2022\/03\/OA-33-2122.jpg 895w, https:\/\/agora.xtec.cat\/ceip-lola-anglada-esplugues\/wp-content\/uploads\/usu1507\/2022\/03\/OA-33-2122-300x192.jpg 300w, https:\/\/agora.xtec.cat\/ceip-lola-anglada-esplugues\/wp-content\/uploads\/usu1507\/2022\/03\/OA-33-2122-768x492.jpg 768w\" sizes=\"auto, (max-width: 895px) 100vw, 895px\" \/><\/a>OCELL AMAGAT n\u00ba 33:\u00a0 CABUSSET COM\u00da<br \/>\nPer\u00edode per respondre: <\/span><\/span><\/strong><\/span><\/span><span style=\"font-size: 18pt; color: #666699;\"><span style=\"font-size: 24pt;\"><strong><span style=\"color: #666699;\"><span style=\"font-size: 12pt;\">de dilluns 14 a diumenge 20 de mar\u00e7<\/span><\/span><\/strong><\/span><\/span><\/h6>\n<p><span style=\"font-weight: 400;\">T\u00e9 una longitud de 25 a 29 cm i pesa entre 130 a 236 g.<\/span><\/p>\n<p><span style=\"font-weight: 400;\">El m\u00e9s petit de la fam\u00edlia, pr\u00e0cticament sense cua, per\u00f2 amb la popa alta i tofuda. A l\u2019estiu t\u00e9 el cap, la part posterior del coll, el pit i el dors marr\u00f3 fosc, amb galtes, gola i part anterior i costat del coll castanys. Les parts inferiors s\u00f3n de color bru clar i la popa \u00e9s blanquinosa. T\u00e9 una taca groga a la base del bec. A l\u2019hivern l\u2019aparen\u00e7a \u00e9s molt m\u00e9s clara tot i tenir el cap, la part posterior del coll i el dors bru fosc.El bec que \u00e9s fosc, a l\u2019hivern s\u2019aclareix i grogueja.<\/span><\/p>\n<p><span style=\"font-weight: 400;\">Menut i inquiet, neda per llacunes i canals i se submergeix tot sovint per pescar, i quan ressorgeix uns metres m\u00e9s enll\u00e0, flota com un suro. Fa el niu sobre l\u2019aigua, ancorat a les plantes de la riba. A l\u2019hivern \u00e9s m\u00e9s gregari.\u00a0<\/span><\/p>\n<p style=\"text-align: right;\"><span style=\"font-size: 10pt;\"><i><span style=\"font-weight: 400;\">Guia de camp dels ocells a Catalunya. Ed Omega.Carlos \u00c1lvarez-Cros i Fran Trabalon.<br \/>\n<\/span><\/i><i><span style=\"font-weight: 400;\">Ocells del Delta de l\u2019Ebre. Xarxa espais natura. M\u00f3nNatura Delta de l\u2019Ebre.<\/span><\/i><\/span><\/p>\n<p>&nbsp;<\/p>\n<h6 style=\"text-align: center;\"><span style=\"font-size: 18pt; color: #666699;\"><span style=\"font-size: 24pt;\"><strong><span style=\"color: #666699;\"><span style=\"font-size: 12pt;\"><a href=\"https:\/\/agora.xtec.cat\/ceip-lola-anglada-esplugues\/wp-content\/uploads\/usu1507\/2022\/03\/OA-32-2122.jpg\"><img loading=\"lazy\" decoding=\"async\" class=\"aligncenter size-full wp-image-5711\" src=\"https:\/\/agora.xtec.cat\/ceip-lola-anglada-esplugues\/wp-content\/uploads\/usu1507\/2022\/03\/OA-32-2122.jpg\" alt=\"\" width=\"900\" height=\"585\" srcset=\"https:\/\/agora.xtec.cat\/ceip-lola-anglada-esplugues\/wp-content\/uploads\/usu1507\/2022\/03\/OA-32-2122.jpg 900w, https:\/\/agora.xtec.cat\/ceip-lola-anglada-esplugues\/wp-content\/uploads\/usu1507\/2022\/03\/OA-32-2122-300x195.jpg 300w, https:\/\/agora.xtec.cat\/ceip-lola-anglada-esplugues\/wp-content\/uploads\/usu1507\/2022\/03\/OA-32-2122-768x499.jpg 768w\" sizes=\"auto, (max-width: 900px) 100vw, 900px\" \/><\/a>OCELL AMAGAT n\u00ba 32:\u00a0 AGR\u00d3 BLANC<br \/>\nPer\u00edode per respondre: <\/span><\/span><\/strong><\/span><\/span><span style=\"font-size: 18pt; color: #666699;\"><span style=\"font-size: 24pt;\"><strong><span style=\"color: #666699;\"><span style=\"font-size: 12pt;\">de dilluns 7 a diumenge 13 de mar\u00e7<\/span><\/span><\/strong><\/span><\/span><\/h6>\n<p><span style=\"font-weight: 400;\">Com una cigonya blanca molt estilitzada. T\u00e9 una longitud de 80 a 104 cm i pesa entre 700 i 1500 g.<\/span><\/p>\n<p><span style=\"font-weight: 400;\">Ocell gran, totalment blanc, de coll molt llarg i prim. El bec \u00e9s recte, llarg i groc; a la base, davant l\u2019ull, tamb\u00e9 groc, mostra un tros de pell nua de color blav\u00f3s (dif\u00edcil de veure al camp). Les potes s\u00f3n llargues i fosques, totalment negres. En plomatge nupcial, mostra unes plomes molt llargues i esfilagarsades al dors. Al pit llueix unes plomes llargues. En aquesta \u00e8poca el bec s\u2019enfosqueix arribant a ser quasi negre i a les potes, les t\u00edbies prenen un to verd\u00f3s, ataronjat. En vol, arronsa el coll i destaquen les potes que s\u00f3n molt llargues i sobresurten molt per darrera la cua.<\/span><\/p>\n<p style=\"text-align: right;\"><span style=\"font-size: 10pt;\"><i><span style=\"font-weight: 400;\">Guia de camp dels ocells a Catalunya. Ed Omega.Carlos \u00c1lvarez-Cros i Fran Trabalon.<\/span><\/i><\/span><\/p>\n<p>&nbsp;<\/p>\n<h6 style=\"text-align: center;\"><span style=\"font-size: 18pt; color: #666699;\"><span style=\"font-size: 24pt;\"><strong><span style=\"color: #666699;\"><span style=\"font-size: 12pt;\"><a href=\"https:\/\/agora.xtec.cat\/ceip-lola-anglada-esplugues\/wp-content\/uploads\/usu1507\/2022\/03\/OA-31-2122.jpg\"><img loading=\"lazy\" decoding=\"async\" class=\"aligncenter size-full wp-image-5710\" src=\"https:\/\/agora.xtec.cat\/ceip-lola-anglada-esplugues\/wp-content\/uploads\/usu1507\/2022\/03\/OA-31-2122.jpg\" alt=\"\" width=\"897\" height=\"581\" srcset=\"https:\/\/agora.xtec.cat\/ceip-lola-anglada-esplugues\/wp-content\/uploads\/usu1507\/2022\/03\/OA-31-2122.jpg 897w, https:\/\/agora.xtec.cat\/ceip-lola-anglada-esplugues\/wp-content\/uploads\/usu1507\/2022\/03\/OA-31-2122-300x194.jpg 300w, https:\/\/agora.xtec.cat\/ceip-lola-anglada-esplugues\/wp-content\/uploads\/usu1507\/2022\/03\/OA-31-2122-768x497.jpg 768w\" sizes=\"auto, (max-width: 897px) 100vw, 897px\" \/><\/a>OCELL AMAGAT n\u00ba 31:\u00a0 CORRIOL ANELLAT PETIT<br \/>\nPer\u00edode per respondre: <\/span><\/span><\/strong><\/span><\/span><span style=\"font-size: 18pt; color: #666699;\"><span style=\"font-size: 24pt;\"><strong><span style=\"color: #666699;\"><span style=\"font-size: 12pt;\">de dilluns 7 a diumenge 13 de mar\u00e7<\/span><\/span><\/strong><\/span><\/span><\/h6>\n<p><span style=\"font-weight: 400;\">Una mica m\u00e9s petit que un tord com\u00fa. T\u00e9 una longitud de 14 a 17 cm i pesa entre 26 i 53 g.<\/span><\/p>\n<p><span style=\"font-weight: 400;\">El mascle adult nupcial t\u00e9 el pili i les parts dorsals de color sorrenc, contrastant amb les parts inferiors, de color blanc pur. Llueix un collaret negre i t\u00e9 la cara bicolor: sobre un fons blanc, contrasta una banda frontal negra que a l\u2019ull, s\u2019uneix a una altra banda negra que li ve del bec i ambdues juntes moren als auriculars. L\u2019ull \u00e9s fosc i est\u00e0 envoltat per un bonic i caracter\u00edstic anell groc. El bec \u00e9s curt, prim, negre. Les potes s\u00f3n relativament llargues, de color carn\u00f3s i a vegades groguenques. En vol no presenta franja alar. La femella adulta t\u00e9 el negre m\u00e9s esva\u00eft, m\u00e9s marron\u00f3s.<\/span><\/p>\n<p><span style=\"font-weight: 400;\">En migraci\u00f3 se\u2019l veu en ambients aqu\u00e0tics diversos, i fa el niu a terra a la riba de rius, aiguamolls, sorreres, etc.<\/span><\/p>\n<p style=\"text-align: right;\"><span style=\"font-size: 10pt;\"><i><span style=\"font-weight: 400;\">Guia de camp dels ocells a Catalunya. Ed Omega.Carlos \u00c1lvarez-Cros i Fran Trabalon.<br \/>\n<\/span><\/i><i><span style=\"font-weight: 400;\">125 Ocells de Catalunya que cal con\u00e8ixer. Ed Cosset\u00e0nia. Oryx. Toni Llobet<\/span><\/i><\/span><\/p>\n<p>&nbsp;<\/p>\n<h6 style=\"text-align: center;\"><span style=\"font-size: 18pt; color: #666699;\"><span style=\"font-size: 24pt;\"><strong><span style=\"color: #666699;\"><span style=\"font-size: 12pt;\"><a href=\"https:\/\/agora.xtec.cat\/ceip-lola-anglada-esplugues\/wp-content\/uploads\/usu1507\/2022\/02\/OA-30-2122.jpg\"><img loading=\"lazy\" decoding=\"async\" class=\"aligncenter size-full wp-image-5693\" src=\"https:\/\/agora.xtec.cat\/ceip-lola-anglada-esplugues\/wp-content\/uploads\/usu1507\/2022\/02\/OA-30-2122.jpg\" alt=\"\" width=\"896\" height=\"579\" srcset=\"https:\/\/agora.xtec.cat\/ceip-lola-anglada-esplugues\/wp-content\/uploads\/usu1507\/2022\/02\/OA-30-2122.jpg 896w, https:\/\/agora.xtec.cat\/ceip-lola-anglada-esplugues\/wp-content\/uploads\/usu1507\/2022\/02\/OA-30-2122-300x194.jpg 300w, https:\/\/agora.xtec.cat\/ceip-lola-anglada-esplugues\/wp-content\/uploads\/usu1507\/2022\/02\/OA-30-2122-768x496.jpg 768w\" sizes=\"auto, (max-width: 896px) 100vw, 896px\" \/><\/a>OCELL AMAGAT n\u00ba 30:\u00a0 \u00c0NEC CULLEROT<br \/>\nPer\u00edode per respondre: <\/span><\/span><\/strong><\/span><\/span><span style=\"font-size: 18pt; color: #666699;\"><span style=\"font-size: 24pt;\"><strong><span style=\"color: #666699;\"><span style=\"font-size: 12pt;\">de dilluns 28 de febrer a diumenge 6 de mar\u00e7<\/span><\/span><\/strong><\/span><\/span><\/h6>\n<p><span style=\"font-weight: 400;\">M\u00e9s petit que un \u00e0nec collverd. La seva longitud \u00e9s de 43 a 56 cm i pesa entre 410 i 1100 g.<\/span><\/p>\n<p><span style=\"font-weight: 400;\">Bec caracter\u00edstic en forma de cullera, i pit blanc molt vist\u00f3s en els mascles.\u00a0<\/span><\/p>\n<p><span style=\"font-weight: 400;\">El mascle adult t\u00e9 el cap i el coll verd fosc, on hi destaca l\u2019ull groc. El dors, el carp\u00f3 i la popa s\u00f3n negres i la cua bruna amb amples marges blancs. El ventre i els costat formen una mena d\u2019escut castany que contrasta amb la resta de parts blanques i el dors fosc. El bec \u00e9s gris fosc i les potes s\u00f3n de color vermell ataronjat.<\/span><\/p>\n<p><span style=\"font-weight: 400;\">Nia al Delta de l\u2019Ebre, per\u00f2 \u00e9s molt m\u00e9s abundant a l\u2019hivern.<\/span><\/p>\n<p style=\"text-align: right;\"><span style=\"font-size: 10pt;\"><i><span style=\"font-weight: 400;\">Guia de camp dels ocells a Catalunya. Ed Omega.Carlos \u00c1lvarez-Cros i Fran Trabalon.<br \/>\n<\/span><\/i><i><span style=\"font-weight: 400;\">Ocells del Delta de l\u2019Ebre. Xarxa espais natura. M\u00f3nNatura Delta de l\u2019Ebre.<\/span><\/i><\/span><\/p>\n<p>&nbsp;<\/p>\n<h6 style=\"text-align: center;\"><span style=\"font-size: 18pt; color: #666699;\"><span style=\"font-size: 24pt;\"><strong><span style=\"color: #666699;\"><span style=\"font-size: 12pt;\"><a href=\"https:\/\/agora.xtec.cat\/ceip-lola-anglada-esplugues\/wp-content\/uploads\/usu1507\/2022\/02\/OA-29-2122.jpg\"><img loading=\"lazy\" decoding=\"async\" class=\"aligncenter size-full wp-image-5692\" src=\"https:\/\/agora.xtec.cat\/ceip-lola-anglada-esplugues\/wp-content\/uploads\/usu1507\/2022\/02\/OA-29-2122.jpg\" alt=\"\" width=\"896\" height=\"582\" srcset=\"https:\/\/agora.xtec.cat\/ceip-lola-anglada-esplugues\/wp-content\/uploads\/usu1507\/2022\/02\/OA-29-2122.jpg 896w, https:\/\/agora.xtec.cat\/ceip-lola-anglada-esplugues\/wp-content\/uploads\/usu1507\/2022\/02\/OA-29-2122-300x195.jpg 300w, https:\/\/agora.xtec.cat\/ceip-lola-anglada-esplugues\/wp-content\/uploads\/usu1507\/2022\/02\/OA-29-2122-768x499.jpg 768w\" sizes=\"auto, (max-width: 896px) 100vw, 896px\" \/><\/a>OCELL AMAGAT n\u00ba 29:\u00a0 BALLESTER<br \/>\nPer\u00edode per respondre: <\/span><\/span><\/strong><\/span><\/span><span style=\"font-size: 18pt; color: #666699;\"><span style=\"font-size: 24pt;\"><strong><span style=\"color: #666699;\"><span style=\"font-size: 12pt;\">de dilluns 28 de febrer a diumenge 6 de mar\u00e7<\/span><\/span><\/strong><\/span><\/span><\/h6>\n<p><span style=\"font-weight: 400;\">Com una merla molt estilitzada. T\u00e9 una longitud entre 20 i 22 cm. Ales molt llargues amb una envergadura alar de 51 a 58 cm i pesa al voltant de 104 g.<\/span><\/p>\n<p><span style=\"font-weight: 400;\">Falciot f\u00e0cilment identificable per la seva mida gran i perqu\u00e8 t\u00e9 el ventre (separat per una banda fosca) el ment\u00f3 i la gola de color blanc pur; la resta del plomatge \u00e9s de color bru fosc. Les ales molt llargues en forma de fulla de daga. La cua \u00e9s forcada per\u00f2 quan l\u2019obren no ho sembla pas. Els ulls s\u00f3n grossos i foscos, com el petit bec. Les potes s\u00f3n molt curtes i els dits estan prove\u00efts d\u2019ungles corbes i dures per tal de permetre\u2019ls fixar-se a les superf\u00edcies m\u00e9s verticals.<\/span><\/p>\n<p><span style=\"font-weight: 400;\">Nia a penyasegats i edificis alts. Fa un \u201cki-ki-ki-ki\u2026\u201d en vol, distintiu.<\/span><\/p>\n<p style=\"text-align: right;\"><span style=\"font-size: 10pt;\"><i><span style=\"font-weight: 400;\">Guia de camp dels ocells a Catalunya. Ed Omega.Carlos \u00c1lvarez-Cros i Fran Trabalon.<br \/>\n<\/span><\/i><i><span style=\"font-weight: 400;\">125 Ocells de Catalunya que cal con\u00e8ixer. Ed Cosset\u00e0nia. Oryx. Toni Llobet<\/span><\/i><\/span><\/p>\n<p>&nbsp;<\/p>\n<h6 style=\"text-align: center;\"><span style=\"font-size: 18pt; color: #666699;\"><span style=\"font-size: 24pt;\"><strong><span style=\"color: #666699;\"><span style=\"font-size: 12pt;\"><a href=\"https:\/\/agora.xtec.cat\/ceip-lola-anglada-esplugues\/wp-content\/uploads\/usu1507\/2022\/02\/OA-28-2122.jpg\"><img loading=\"lazy\" decoding=\"async\" class=\"aligncenter size-full wp-image-5679\" src=\"https:\/\/agora.xtec.cat\/ceip-lola-anglada-esplugues\/wp-content\/uploads\/usu1507\/2022\/02\/OA-28-2122.jpg\" alt=\"\" width=\"897\" height=\"575\" srcset=\"https:\/\/agora.xtec.cat\/ceip-lola-anglada-esplugues\/wp-content\/uploads\/usu1507\/2022\/02\/OA-28-2122.jpg 897w, https:\/\/agora.xtec.cat\/ceip-lola-anglada-esplugues\/wp-content\/uploads\/usu1507\/2022\/02\/OA-28-2122-300x192.jpg 300w, https:\/\/agora.xtec.cat\/ceip-lola-anglada-esplugues\/wp-content\/uploads\/usu1507\/2022\/02\/OA-28-2122-768x492.jpg 768w\" sizes=\"auto, (max-width: 897px) 100vw, 897px\" \/><\/a>OCELL AMAGAT n\u00ba 28:\u00a0 CABUSS\u00d3 EMPLOMALLAT<br \/>\nPer\u00edode per respondre: <\/span><\/span><\/strong><\/span><\/span><span style=\"font-size: 18pt; color: #666699;\"><span style=\"font-size: 24pt;\"><strong><span style=\"color: #666699;\"><span style=\"font-size: 12pt;\">de dilluns 21 a diumenge 27 de febrer<\/span><\/span><\/strong><\/span><\/span><\/h6>\n<p><span style=\"font-weight: 400;\">M\u00e9s petit i m\u00e9s esvelt que un \u00e0nec collverd. T\u00e9 una longitud de 46 a 61 cm i pesa entre 596 i 1490 g.<\/span><\/p>\n<p><span style=\"font-weight: 400;\">A l\u2019estiu, en plomatge nupcial, llueix dos airosos plomalls foscos a cada costat del pili, tamb\u00e9 fosc. A cada costat del coll, s&#8217;adorna amb dues grans patilles de color rovellat que es van enfosquint cap a les vores. La blancor de la cara nom\u00e9s \u00e9s trencada per una fina l\u00ednia que uneix la base del bec amb l\u2019ull d\u2019iris vermell. Tamb\u00e9 s\u00f3n blancs la part anterior del coll i les parts inferiors. A l\u2019hivern perd els plomalls i les \u201cgoles\u201d rovellades del plomatge nupcial.<\/span><\/p>\n<p><span style=\"font-weight: 400;\">El bec, recte, focs, a l\u2019hivern es torna m\u00e9s clar.<\/span><\/p>\n<p><span style=\"font-weight: 400;\">De coll i bec esvelts i gran pescador subaqu\u00e0tic. Cria a les llacunes litorals amb abundant vegetaci\u00f3 riberenca on pot fer niu. A l&#8217;inici de l\u2019estiu es pot veure nedant amb els polls a sobre l\u2019esquena. A l\u2019hivern pesca en aig\u00fces marines.<\/span><\/p>\n<p style=\"text-align: right;\"><span style=\"font-size: 10pt;\"><i><span style=\"font-weight: 400;\">Guia de camp dels ocells a Catalunya. Ed Omega.Carlos \u00c1lvarez-Cros i Fran Trabalon.<br \/>\n<\/span><\/i><i><span style=\"font-weight: 400;\">Ocells del Delta de l\u2019Ebre. Xarxa espais natura. M\u00f3nNatura Delta de l\u2019Ebre.<\/span><\/i><\/span><\/p>\n<p>&nbsp;<\/p>\n<h6 style=\"text-align: center;\"><span style=\"font-size: 18pt; color: #666699;\"><span style=\"font-size: 24pt;\"><strong><span style=\"color: #666699;\"><span style=\"font-size: 12pt;\"><a href=\"https:\/\/agora.xtec.cat\/ceip-lola-anglada-esplugues\/wp-content\/uploads\/usu1507\/2022\/02\/OA-27-2122.jpg\"><img loading=\"lazy\" decoding=\"async\" class=\"aligncenter size-full wp-image-5678\" src=\"https:\/\/agora.xtec.cat\/ceip-lola-anglada-esplugues\/wp-content\/uploads\/usu1507\/2022\/02\/OA-27-2122.jpg\" alt=\"\" width=\"894\" height=\"577\" srcset=\"https:\/\/agora.xtec.cat\/ceip-lola-anglada-esplugues\/wp-content\/uploads\/usu1507\/2022\/02\/OA-27-2122.jpg 894w, https:\/\/agora.xtec.cat\/ceip-lola-anglada-esplugues\/wp-content\/uploads\/usu1507\/2022\/02\/OA-27-2122-300x194.jpg 300w, https:\/\/agora.xtec.cat\/ceip-lola-anglada-esplugues\/wp-content\/uploads\/usu1507\/2022\/02\/OA-27-2122-768x496.jpg 768w\" sizes=\"auto, (max-width: 894px) 100vw, 894px\" \/><\/a>OCELL AMAGAT n\u00ba 27:\u00a0 \u00a0\u00c0NEC BLANC<br \/>\nPer\u00edode per respondre: <\/span><\/span><\/strong><\/span><\/span><span style=\"font-size: 18pt; color: #666699;\"><span style=\"font-size: 24pt;\"><strong><span style=\"color: #666699;\"><span style=\"font-size: 12pt;\">de dilluns 21 a diumenge 27 de febrer<\/span><\/span><\/strong><\/span><\/span><\/h6>\n<p><span style=\"font-weight: 400;\">M\u00e9s gros que un \u00e0nec collverd i m\u00e9s petit que una oca. T\u00e9 una longitud de 61 a 63 cm i pesa de 801 a 1450 g.\u00a0<\/span><\/p>\n<p><span style=\"font-weight: 400;\">A primera vista, l\u2019aparen\u00e7a general \u00e9s clara, perqu\u00e8 el blanc \u00e9s el color dominant d\u2019aquests ocells. Els adults tenen el cap i el coll de color verd fosc amb el bec vermell viu. Els mascles a m\u00e9s presenten un tubercle a la base de la mand\u00edbula superior. Mascle i femella tenen una banda ampla de color castany que encercla el cos per sota del pit. Tenen les espatlles negroses i una franja negra que els recorre longitudinalment les parts inferiors. Les potes s\u00f3n vermelles.<\/span><\/p>\n<p><span style=\"font-weight: 400;\">Gros, amb plomatge contrastat distintiu. Nia en caus o entre matolls en ambients salabrosos i sorrencs, en poc nombre, i visita tamb\u00e9 zones humides d\u2019aigua dol\u00e7a, sobretot a l\u2019hivern.<\/span><\/p>\n<p style=\"text-align: right;\"><span style=\"font-size: 10pt;\"><i><span style=\"font-weight: 400;\">Guia de camp dels ocells a Catalunya. Ed Omega.Carlos \u00c1lvarez-Cros i Fran Trabalon.<br \/>\n<\/span><\/i><\/span><span style=\"font-size: 10pt;\"><i><span style=\"font-weight: 400;\">Ocells del Delta de l\u2019Ebre. Xarxa espais natura. M\u00f3nNatura Delta de l\u2019Ebre.<\/span><\/i><\/span><\/p>\n<p>&nbsp;<\/p>\n<p>&nbsp;<\/p>\n<h6 style=\"text-align: center;\"><span style=\"font-size: 18pt; color: #666699;\"><span style=\"font-size: 24pt;\"><strong><span style=\"color: #666699;\"><span style=\"font-size: 12pt;\"><a href=\"https:\/\/agora.xtec.cat\/ceip-lola-anglada-esplugues\/wp-content\/uploads\/usu1507\/2022\/02\/OA-26-2122.jpg\"><img loading=\"lazy\" decoding=\"async\" class=\"aligncenter size-full wp-image-5650\" src=\"https:\/\/agora.xtec.cat\/ceip-lola-anglada-esplugues\/wp-content\/uploads\/usu1507\/2022\/02\/OA-26-2122.jpg\" alt=\"\" width=\"896\" height=\"580\" srcset=\"https:\/\/agora.xtec.cat\/ceip-lola-anglada-esplugues\/wp-content\/uploads\/usu1507\/2022\/02\/OA-26-2122.jpg 896w, https:\/\/agora.xtec.cat\/ceip-lola-anglada-esplugues\/wp-content\/uploads\/usu1507\/2022\/02\/OA-26-2122-300x194.jpg 300w, https:\/\/agora.xtec.cat\/ceip-lola-anglada-esplugues\/wp-content\/uploads\/usu1507\/2022\/02\/OA-26-2122-768x497.jpg 768w\" sizes=\"auto, (max-width: 896px) 100vw, 896px\" \/><\/a>OCELL AMAGAT n\u00ba 26:\u00a0 ORENETA COMUNA<br \/>\nPer\u00edode per respondre: <\/span><\/span><\/strong><\/span><\/span><span style=\"font-size: 18pt; color: #666699;\"><span style=\"font-size: 24pt;\"><strong><span style=\"color: #666699;\"><span style=\"font-size: 12pt;\">de dilluns 14 a diumenge 20 de febrer<\/span><\/span><\/strong><\/span><\/span><\/h6>\n<p><span style=\"font-weight: 400;\">Com una cadernera, amb les ales i la cua llargues. Longitud d\u2019uns 18 cm i un pes de 16 a 24 cm.<\/span><\/p>\n<p><span style=\"font-weight: 400;\">L\u2019ocell adult t\u00e9 les parts dorsals de color negre-blau met\u00e0l\u00b7lic; el front i la gola de color castany i un ample collar negre. Les parts ventrals s\u00f3n clares, de color variable, entre blanc i crema. Les potes s\u00f3n curtes, fosques. En vol les ales es veuen llargues i punxegudes i la cua, profundament forcada, amb llargues i primes rectrius externes, molt m\u00e9s llargues en els mascles que en les femelles. Per sota de la cua es veuen unes taques blanques allargassades.<\/span><\/p>\n<p><span style=\"font-weight: 400;\">Pr\u00f2pia d\u2019ambients agr\u00edcoles. Fa el niu en forma de copa, a coberts i estances.<\/span><\/p>\n<p style=\"text-align: right;\"><span style=\"font-size: 10pt;\"><i><span style=\"font-weight: 400;\">Guia de camp dels ocells a Catalunya. Ed Omega.Carlos \u00c1lvarez-Cros i Fran Trabalon.<br \/>\n<\/span><\/i><\/span><span style=\"font-size: 10pt;\"><i><span style=\"font-weight: 400;\">125 Ocells de Catalunya que cal con\u00e8ixer. Ed Cosset\u00e0nia. Oryx. Toni Llobet<\/span><\/i><\/span><\/p>\n<p>&nbsp;<\/p>\n<h6 style=\"text-align: center;\"><span style=\"font-size: 18pt; color: #666699;\"><span style=\"font-size: 24pt;\"><strong><span style=\"color: #666699;\"><span style=\"font-size: 12pt;\"><a href=\"https:\/\/agora.xtec.cat\/ceip-lola-anglada-esplugues\/wp-content\/uploads\/usu1507\/2022\/02\/OA-25-2122.jpg\"><img loading=\"lazy\" decoding=\"async\" class=\"aligncenter size-full wp-image-5649\" src=\"https:\/\/agora.xtec.cat\/ceip-lola-anglada-esplugues\/wp-content\/uploads\/usu1507\/2022\/02\/OA-25-2122.jpg\" alt=\"\" width=\"901\" height=\"584\" srcset=\"https:\/\/agora.xtec.cat\/ceip-lola-anglada-esplugues\/wp-content\/uploads\/usu1507\/2022\/02\/OA-25-2122.jpg 901w, https:\/\/agora.xtec.cat\/ceip-lola-anglada-esplugues\/wp-content\/uploads\/usu1507\/2022\/02\/OA-25-2122-300x194.jpg 300w, https:\/\/agora.xtec.cat\/ceip-lola-anglada-esplugues\/wp-content\/uploads\/usu1507\/2022\/02\/OA-25-2122-768x498.jpg 768w\" sizes=\"auto, (max-width: 901px) 100vw, 901px\" \/><\/a>OCELL AMAGAT n\u00ba 25:\u00a0 ORENETA CUABLANCA<br \/>\nPer\u00edode per respondre: <\/span><\/span><\/strong><\/span><\/span><span style=\"font-size: 18pt; color: #666699;\"><span style=\"font-size: 24pt;\"><strong><span style=\"color: #666699;\"><span style=\"font-size: 12pt;\">de dilluns 14 a diumenge 20 de febrer<\/span><\/span><\/strong><\/span><\/span><\/h6>\n<p><span style=\"font-weight: 400;\">T\u00e9 una longitud entre 13 i 14 cm i pesa de 16 a 23 g.<\/span><\/p>\n<p><span style=\"font-weight: 400;\">Oreneta de coloraci\u00f3 contrastada. L\u2019adult\u00a0 t\u00e9 les parts ventrals, de la gola a la cua, i el carp\u00f3 de color blanc pur. La resta \u00e9s negre, amb un to blav\u00f3s mentalitzat. La cua \u00e9s relativament curta per\u00f2 forcada. T\u00e9 els tarsos plomats de curtes plomes blanques.<\/span><\/p>\n<p><span style=\"font-weight: 400;\">Fa un niu de fang, en col\u00f2nies a sota les teulades<\/span><span style=\"font-weight: 400;\"> de pobles i ciutats i a rocams de muntanya.<\/span><\/p>\n<p style=\"text-align: right;\"><span style=\"font-size: 10pt;\"><i><span style=\"font-weight: 400;\">Guia de camp dels ocells a Catalunya. Ed Omega.Carlos \u00c1lvarez-Cros i Fran Trabalon.<br \/>\n<\/span><\/i><\/span><span style=\"font-size: 10pt;\"><i><span style=\"font-weight: 400;\">125 Ocells de Catalunya que cal con\u00e8ixer. Ed Cosset\u00e0nia. Oryx. Toni Llobet<\/span><\/i><\/span><\/p>\n<p>&nbsp;<\/p>\n<h6 style=\"text-align: center;\"><span style=\"font-size: 18pt; color: #666699;\"><span style=\"font-size: 24pt;\"><strong><span style=\"color: #666699;\"><span style=\"font-size: 12pt;\"><a href=\"https:\/\/agora.xtec.cat\/ceip-lola-anglada-esplugues\/wp-content\/uploads\/usu1507\/2022\/02\/OA-24-2122.jpg\"><img loading=\"lazy\" decoding=\"async\" class=\"aligncenter size-full wp-image-5628\" src=\"https:\/\/agora.xtec.cat\/ceip-lola-anglada-esplugues\/wp-content\/uploads\/usu1507\/2022\/02\/OA-24-2122.jpg\" alt=\"\" width=\"899\" height=\"579\" srcset=\"https:\/\/agora.xtec.cat\/ceip-lola-anglada-esplugues\/wp-content\/uploads\/usu1507\/2022\/02\/OA-24-2122.jpg 899w, https:\/\/agora.xtec.cat\/ceip-lola-anglada-esplugues\/wp-content\/uploads\/usu1507\/2022\/02\/OA-24-2122-300x193.jpg 300w, https:\/\/agora.xtec.cat\/ceip-lola-anglada-esplugues\/wp-content\/uploads\/usu1507\/2022\/02\/OA-24-2122-768x495.jpg 768w\" sizes=\"auto, (max-width: 899px) 100vw, 899px\" \/><\/a>OCELL AMAGAT n\u00ba 24:\u00a0 RASPINELL COM\u00da<br \/>\nPer\u00edode per respondre: <\/span><\/span><\/strong><\/span><\/span><span style=\"font-size: 18pt; color: #666699;\"><span style=\"font-size: 24pt;\"><strong><span style=\"color: #666699;\"><span style=\"font-size: 12pt;\">de dilluns 7 a diumenge 13 de febrer<\/span><\/span><\/strong><\/span><\/span><\/h6>\n<p><span style=\"font-weight: 400;\">Una mica m\u00e9s petit que una cadernera. La seva longitud \u00e9s de 12,5 cm i pesa de 7,5 a 11 g.<\/span><\/p>\n<p><span style=\"font-weight: 400;\">Petit ocell de coloraci\u00f3 discreta i cr\u00edptica (es camufla), marr\u00f3 acr\u00e0cia. T\u00e9 la cara i el clatell de color marr\u00f3 ocraci amb llistes blanquinoses\u00a0 que, a l&#8217;esquena, es converteixen en un pigallat allargassat. Llueix una consp\u00edcua cella clara. La cua \u00e9s de color beix, i les rectrius centrals tenen els raquis forts i r\u00edgids, la qual cosa permet que l\u2019ocell s\u2019hi recolzi en grimpar per troncs i branques. Les parts inferiors s\u00f3n blanquinoses per\u00f2 els flancs i el dessota de la cua s\u00f3n de color beix clar. El bec \u00e9s fi, llarg i corbat cap avall, T\u00e9 les potes curtes i de color carn\u00f3s.<\/span><\/p>\n<p><span style=\"font-weight: 400;\">Explora les escorces dels arbres enfilant-se tronc amunt, en una traject\u00f2ria espiral caracter\u00edstica. Cant molt agut.<\/span><\/p>\n<p style=\"text-align: right;\"><span style=\"font-size: 10pt;\"><i><span style=\"font-weight: 400;\">Guia de camp dels ocells a Catalunya. Ed Omega.Carlos \u00c1lvarez-Cros i Fran Trabalon.<br \/>\n<\/span><\/i><\/span><span style=\"font-size: 10pt;\"><i><span style=\"font-weight: 400;\">125 Ocells de Catalunya que cal con\u00e8ixer. Ed Cosset\u00e0nia. Oryx. Toni Llobet<\/span><\/i><\/span><\/p>\n<p>&nbsp;<\/p>\n<h6 style=\"text-align: center;\"><span style=\"font-size: 18pt; color: #666699;\"><span style=\"font-size: 24pt;\"><strong><span style=\"color: #666699;\"><span style=\"font-size: 12pt;\"><a href=\"https:\/\/agora.xtec.cat\/ceip-lola-anglada-esplugues\/wp-content\/uploads\/usu1507\/2022\/02\/OA-23-2122.jpg\"><img loading=\"lazy\" decoding=\"async\" class=\"aligncenter size-full wp-image-5626\" src=\"https:\/\/agora.xtec.cat\/ceip-lola-anglada-esplugues\/wp-content\/uploads\/usu1507\/2022\/02\/OA-23-2122.jpg\" alt=\"\" width=\"898\" height=\"582\" srcset=\"https:\/\/agora.xtec.cat\/ceip-lola-anglada-esplugues\/wp-content\/uploads\/usu1507\/2022\/02\/OA-23-2122.jpg 898w, https:\/\/agora.xtec.cat\/ceip-lola-anglada-esplugues\/wp-content\/uploads\/usu1507\/2022\/02\/OA-23-2122-300x194.jpg 300w, https:\/\/agora.xtec.cat\/ceip-lola-anglada-esplugues\/wp-content\/uploads\/usu1507\/2022\/02\/OA-23-2122-768x498.jpg 768w\" sizes=\"auto, (max-width: 898px) 100vw, 898px\" \/><\/a>OCELL AMAGAT n\u00ba 23:\u00a0 FLAMENC ROSAT<br \/>\nPer\u00edode per respondre: <\/span><\/span><\/strong><\/span><\/span><span style=\"font-size: 18pt; color: #666699;\"><span style=\"font-size: 24pt;\"><strong><span style=\"color: #666699;\"><span style=\"font-size: 12pt;\">de dilluns 7 a diumenge 13 de febrer<\/span><\/span><\/strong><\/span><\/span><\/h6>\n<p><span style=\"font-weight: 400;\">Com una cigonya blanca per\u00f2 amb coll i potes llargu\u00edssimes. Longitud de 120 a 145 cm i pes entre 2100 i 4100 g.<\/span><\/p>\n<p><span style=\"font-weight: 400;\">S\u00f3n blancs tintats de rosa. Tenen negres les plomes de vol de les ales i les cobertores alars d\u2019un intens color rosa pujat. El bec t\u00e9 una forma molt peculiar, com si hagu\u00e9s estat trencat d\u2019un cop frontal; \u00e9s de color rosa, amb la punta negra. Les potes tamb\u00e9 s\u00f3n rosades<\/span><\/p>\n<p><span style=\"font-weight: 400;\">Totalment inconfusible. \u00c9s un dels tresors del Delta.Visita arrossars i llacunes d\u2019aig\u00fces somes per alimentar-se, tot filtrant l\u2019aigua amb el bec per extreure\u2019n el pl\u00e0ncton: petits invertebrats, crustacis i an\u00e8l\u00b7lids. Hi ha una gran col\u00f2nia de cria a la Punta de la Banya.<\/span><\/p>\n<p style=\"text-align: right;\"><span style=\"font-size: 10pt;\"><i><span style=\"font-weight: 400;\">Guia de camp dels ocells a Catalunya. Ed Omega.Carlos \u00c1lvarez-Cros i Fran Trabalon.<br \/>\n<\/span><\/i><\/span><span style=\"font-size: 10pt;\"><i><span style=\"font-weight: 400;\">Ocells del Delta de l\u2019Ebre. Xarxa espais natura. M\u00f3nNatura Delta de l\u2019Ebre<\/span><\/i><\/span><\/p>\n<p>&nbsp;<\/p>\n<h6 style=\"text-align: center;\"><span style=\"font-size: 18pt; color: #ff0000;\"><span style=\"font-size: 24pt;\"><strong><span style=\"font-size: 8pt;\"><span style=\"font-size: 18pt;\"><a href=\"https:\/\/agora.xtec.cat\/ceip-lola-anglada-esplugues\/wp-content\/uploads\/usu1507\/2022\/01\/OA-22-2122.jpg\"><img loading=\"lazy\" decoding=\"async\" class=\"aligncenter size-full wp-image-5612\" src=\"https:\/\/agora.xtec.cat\/ceip-lola-anglada-esplugues\/wp-content\/uploads\/usu1507\/2022\/01\/OA-22-2122.jpg\" alt=\"\" width=\"898\" height=\"579\" srcset=\"https:\/\/agora.xtec.cat\/ceip-lola-anglada-esplugues\/wp-content\/uploads\/usu1507\/2022\/01\/OA-22-2122.jpg 898w, https:\/\/agora.xtec.cat\/ceip-lola-anglada-esplugues\/wp-content\/uploads\/usu1507\/2022\/01\/OA-22-2122-300x193.jpg 300w, https:\/\/agora.xtec.cat\/ceip-lola-anglada-esplugues\/wp-content\/uploads\/usu1507\/2022\/01\/OA-22-2122-768x495.jpg 768w\" sizes=\"auto, (max-width: 898px) 100vw, 898px\" \/><\/a><\/span><\/span><\/strong><\/span><\/span><\/h6>\n<h6 style=\"text-align: center;\"><span style=\"font-size: 18pt; color: #666699;\"><span style=\"font-size: 24pt;\"><strong><span style=\"color: #666699;\"><span style=\"font-size: 12pt;\">OCELL AMAGAT n\u00ba 22:\u00a0 \u00a0GAVI\u00c0 DE POTES GROGUES<br \/>\nPer\u00edode per respondre: <\/span><\/span><\/strong><\/span><\/span><span style=\"font-size: 18pt; color: #666699;\"><span style=\"font-size: 24pt;\"><strong><span style=\"color: #666699;\"><span style=\"font-size: 12pt;\">de dilluns 31 de gener a diumenge 6 de febrer<\/span><\/span><\/strong><\/span><\/span><\/h6>\n<p><span style=\"font-weight: 400;\">T\u00e9 una longitud de 52 a 58 cm i pesa de 800 a 1500 g.<\/span><\/p>\n<p><span style=\"font-weight: 400;\">Adults: Plomatge blanc a excepci\u00f3 del dors i la part superior de les ales, que \u00e9s gris, i dels extrems de les plomes prim\u00e0ries m\u00e9s externes que s\u00f3n negres amb puntes blanques. L&#8217;ull \u00e9s groc clar, envoltat d\u2019un fi anell ocular vermell. Les potes i el bec s\u00f3n grocs, amb una taca vermella a la punta. \u00c9s el gavi\u00e0 m\u00e9s gros i est\u00e8s arreu de Catalunya, i tamb\u00e9 molt com\u00fa al Delta. Potes i bec groc, amb una taca groga, permeten distingir-lo. Els exemplars joves s\u00f3n bruns.<\/span><\/p>\n<p style=\"text-align: right;\"><span style=\"font-size: 10pt;\"><i><span style=\"font-weight: 400;\">Guia de camp dels ocells a Catalunya. Ed Omega.Carlos \u00c1lvarez-Cros i Fran Trabalon.<br \/>\n<\/span><\/i><\/span><span style=\"font-size: 10pt;\"><i><span style=\"font-weight: 400;\">Ocells del Delta de l\u2019Ebre. Xarxa espais natura. M\u00f3nNatura Delta de l\u2019Ebre.<\/span><\/i><\/span><\/p>\n<p>&nbsp;<\/p>\n<h6 style=\"text-align: center;\"><span style=\"font-size: 18pt; color: #ff0000;\"><span style=\"font-size: 24pt;\"><strong><span style=\"font-size: 8pt;\"><span style=\"font-size: 18pt;\"><a href=\"https:\/\/agora.xtec.cat\/ceip-lola-anglada-esplugues\/wp-content\/uploads\/usu1507\/2022\/01\/OA-21-2122.jpg\"><img loading=\"lazy\" decoding=\"async\" class=\"aligncenter size-full wp-image-5611\" src=\"https:\/\/agora.xtec.cat\/ceip-lola-anglada-esplugues\/wp-content\/uploads\/usu1507\/2022\/01\/OA-21-2122.jpg\" alt=\"\" width=\"898\" height=\"584\" srcset=\"https:\/\/agora.xtec.cat\/ceip-lola-anglada-esplugues\/wp-content\/uploads\/usu1507\/2022\/01\/OA-21-2122.jpg 898w, https:\/\/agora.xtec.cat\/ceip-lola-anglada-esplugues\/wp-content\/uploads\/usu1507\/2022\/01\/OA-21-2122-300x195.jpg 300w, https:\/\/agora.xtec.cat\/ceip-lola-anglada-esplugues\/wp-content\/uploads\/usu1507\/2022\/01\/OA-21-2122-768x499.jpg 768w\" sizes=\"auto, (max-width: 898px) 100vw, 898px\" \/><\/a><\/span><\/span><\/strong><\/span><\/span><span style=\"font-size: 18pt; color: #666699;\"><span style=\"font-size: 24pt;\"><strong><span style=\"color: #666699;\"><span style=\"font-size: 12pt;\">OCELL AMAGAT n\u00ba 21:\u00a0 CAP\u00d3 REIAL<br \/>\nPer\u00edode per respondre: <\/span><\/span><\/strong><\/span><\/span><span style=\"font-size: 18pt; color: #666699;\"><span style=\"font-size: 24pt;\"><strong><span style=\"color: #666699;\"><span style=\"font-size: 12pt;\">de dilluns 31 de gener a diumenge 6 de febrer<\/span><\/span><\/strong><\/span><\/span><\/h6>\n<p><span style=\"font-weight: 400;\">Com un gavi\u00e0 de potes grogues per\u00f2 molt m\u00e9s esvelt, amb bec, coll i potes llargs. La seva longitud \u00e9s de 49 a 66 cm i pesa entre 485 i 580 g.\u00a0<\/span><\/p>\n<p><span style=\"font-weight: 400;\">Esp\u00e8cie d\u2019aparen\u00e7a molt fosca que, de lluny, sembla negra. En plomatge nupcial s\u00f3n de color marr\u00f3 rovellat amb el dors i les parts superiors de les ales quasi negres, amb reflexos irisats verds i violats. De sobre i sota l\u2019ull els neixen sengles fines l\u00ednies blanquinoses que van a resseguir la part superior i la part inferior de la base del bec. Aquest \u00e9s llarg, prim, corbat cap avall, de color bru. Les potes s\u00f3n relativament llargues i brunes. Volen amb el coll i les potes estirats.<\/span><\/p>\n<p><span style=\"font-weight: 400;\">Visita aig\u00fces poc profundes per alimentar-se, sovint en grups. Cria en canyissars del Delta i tamb\u00e9 hi \u00e9s present durant les migracions i a l\u2019hivern.<\/span><\/p>\n<p style=\"text-align: right;\"><span style=\"font-size: 10pt;\"><i><span style=\"font-weight: 400;\">Guia de camp dels ocells a Catalunya. Ed Omega.Carlos \u00c1lvarez-Cros i Fran Trabalon.<br \/>\n<\/span><\/i><\/span><span style=\"font-size: 10pt;\"><i><span style=\"font-weight: 400;\">Ocells del Delta de l\u2019Ebre. Xarxa espais natura. M\u00f3nNatura Delta de l\u2019Ebre.<\/span><\/i><\/span><\/p>\n<h6 style=\"text-align: center;\"><\/h6>\n<h6 style=\"text-align: center;\"><span style=\"font-size: 18pt; color: #666699;\"><span style=\"font-size: 24pt;\"><strong><span style=\"color: #666699;\"><span style=\"font-size: 12pt;\"><a href=\"https:\/\/agora.xtec.cat\/ceip-lola-anglada-esplugues\/wp-content\/uploads\/usu1507\/2022\/01\/OA-20-2122.jpg\"><img loading=\"lazy\" decoding=\"async\" class=\"aligncenter size-full wp-image-5584\" src=\"https:\/\/agora.xtec.cat\/ceip-lola-anglada-esplugues\/wp-content\/uploads\/usu1507\/2022\/01\/OA-20-2122.jpg\" alt=\"\" width=\"896\" height=\"583\" srcset=\"https:\/\/agora.xtec.cat\/ceip-lola-anglada-esplugues\/wp-content\/uploads\/usu1507\/2022\/01\/OA-20-2122.jpg 896w, https:\/\/agora.xtec.cat\/ceip-lola-anglada-esplugues\/wp-content\/uploads\/usu1507\/2022\/01\/OA-20-2122-300x195.jpg 300w, https:\/\/agora.xtec.cat\/ceip-lola-anglada-esplugues\/wp-content\/uploads\/usu1507\/2022\/01\/OA-20-2122-768x500.jpg 768w\" sizes=\"auto, (max-width: 896px) 100vw, 896px\" \/><\/a>OCELL AMAGAT n\u00ba 20:\u00a0 \u00a0GAFARR\u00d3 EUROPEU<br \/>\nPer\u00edode per respondre: <\/span><\/span><\/strong><\/span><\/span><span style=\"font-size: 18pt; color: #666699;\"><span style=\"font-size: 24pt;\"><strong><span style=\"color: #666699;\"><span style=\"font-size: 12pt;\">de dilluns 24 a diumenge 30 de gener<\/span><\/span><\/strong><\/span><\/span><\/h6>\n<p><span style=\"font-weight: 400;\">Una mica m\u00e9s petit que una cadernera, amb una longitud d\u2019uns 11 o 12 cm i pesa de 8,5 a 14 g.<\/span><\/p>\n<p><span style=\"font-weight: 400;\">Ocellet d\u2019aspecte rodanx\u00f3 i de tons grocs, verdosos i grisos. El mascle adult t\u00e9 el front, la cella, la gorja i el pit de color groc. El pili, el clatell, les galtes i les parts dorsals s\u00f3n verd-gris\u00f3s i molt llistats de negre. Les ales i la cua s\u00f3n negroses amb plomes finament rivetejades de verd. Els flancs i el ventre s\u00f3n blanquinosos i llistats de negre. El bec, que \u00e9s c\u00f2nic, curt, robust i gris, li fa el cap rod\u00f3. Els ulls s\u00f3n foscos i les potes de color carn. La femella adulta, que nom\u00e9s t\u00e9 groc al carp\u00f3, \u00e9s molt m\u00e9s llistada, i en general de coloraci\u00f3 m\u00e9s verda, grisa i discreta.<\/span><\/p>\n<p><span style=\"font-weight: 400;\">Destaca el carp\u00f3 verd quan vola i un cant estrident. Sovint el veiem en posadors elevats.<\/span><\/p>\n<p style=\"text-align: right;\"><span style=\"font-size: 10pt;\"><i><span style=\"font-weight: 400;\">Guia de camp dels ocells a Catalunya. Ed Omega.Carlos \u00c1lvarez-Cros i Fran Trabalon.<br \/>\n<\/span><\/i><i><span style=\"font-weight: 400;\">125 Ocells de Catalunya que cal con\u00e8ixer. Ed Cosset\u00e0nia. Oryx. Toni Llobet<\/span><\/i><\/span><\/p>\n<p>&nbsp;<\/p>\n<h6 style=\"text-align: center;\"><span style=\"font-size: 18pt; color: #666699;\"><span style=\"font-size: 24pt;\"><strong><span style=\"color: #666699;\"><span style=\"font-size: 12pt;\"><a href=\"https:\/\/agora.xtec.cat\/ceip-lola-anglada-esplugues\/wp-content\/uploads\/usu1507\/2022\/01\/OA-19-2122.jpg\"><img loading=\"lazy\" decoding=\"async\" class=\"aligncenter size-full wp-image-5583\" src=\"https:\/\/agora.xtec.cat\/ceip-lola-anglada-esplugues\/wp-content\/uploads\/usu1507\/2022\/01\/OA-19-2122.jpg\" alt=\"\" width=\"899\" height=\"579\" srcset=\"https:\/\/agora.xtec.cat\/ceip-lola-anglada-esplugues\/wp-content\/uploads\/usu1507\/2022\/01\/OA-19-2122.jpg 899w, https:\/\/agora.xtec.cat\/ceip-lola-anglada-esplugues\/wp-content\/uploads\/usu1507\/2022\/01\/OA-19-2122-300x193.jpg 300w, https:\/\/agora.xtec.cat\/ceip-lola-anglada-esplugues\/wp-content\/uploads\/usu1507\/2022\/01\/OA-19-2122-768x495.jpg 768w\" sizes=\"auto, (max-width: 899px) 100vw, 899px\" \/><\/a>OCELL AMAGAT n\u00ba 19:\u00a0 \u00a0PARDAL XARREC<br \/>\nPer\u00edode per respondre: <\/span><\/span><\/strong><\/span><\/span><span style=\"font-size: 18pt; color: #666699;\"><span style=\"font-size: 24pt;\"><strong><span style=\"color: #666699;\"><span style=\"font-size: 12pt;\">de dilluns 24 a diumenge 30 de gener<\/span><\/span><\/strong><\/span><\/span><\/h6>\n<p><span style=\"font-weight: 400;\">Una mica m\u00e9s petit que un pardal com\u00fa . La seva longituds \u00e9s de 14 a 15 cm i pesa de 17 a 30 grams.<\/span><\/p>\n<p><span style=\"font-weight: 400;\">T\u00e9 el pili i el clatell de color marr\u00f3, de xocolata amb llet. La part anterior de la cara fins a sota l\u2019ull, el ment\u00f3 i la gola s\u00f3n negres i contrasten amb les galtes i el costat del coll blancs, color que es perllonga enrere amb un collar prim. Al mig de la galta destaca una taca negra en forma de mitja lluna. Les parts dorsals s\u00f3n marronoses, amb estries negres a l\u2019esquena. Les plomes de la cua s\u00f3n brunes. Les parts inferiors s\u00f3n de color bru clar, m\u00e9s p\u00e0l\u00b7lid al ventre. Els ulls i el bec s\u00f3n molt foscos i aquest \u00e9s c\u00f2nic. Les potes s\u00f3n de color carn.<\/span><\/p>\n<p><span style=\"font-weight: 400;\">Propi d&#8217;ambients agr\u00edcoles; mascles i femelles s\u00f3n d\u2019id\u00e8ntic plomatge.<\/span><\/p>\n<p style=\"text-align: right;\"><span style=\"font-size: 10pt;\"><i><span style=\"font-weight: 400;\">Guia de camp dels ocells a Catalunya. Ed Omega.Carlos \u00c1lvarez-Cros i Fran Trabalon.<br \/>\n<\/span><\/i><\/span><span style=\"font-size: 10pt;\"><i><span style=\"font-weight: 400;\">125 Ocells de Catalunya que cal con\u00e8ixer. Ed Cosset\u00e0nia. Oryx. Toni Llobet<\/span><\/i><\/span><\/p>\n<p>&nbsp;<\/p>\n<p><a href=\"https:\/\/agora.xtec.cat\/ceip-lola-anglada-esplugues\/wp-content\/uploads\/usu1507\/2022\/01\/OA-18-2122.jpg\"><img loading=\"lazy\" decoding=\"async\" class=\"aligncenter size-full wp-image-5570\" src=\"https:\/\/agora.xtec.cat\/ceip-lola-anglada-esplugues\/wp-content\/uploads\/usu1507\/2022\/01\/OA-18-2122.jpg\" alt=\"\" width=\"897\" height=\"578\" srcset=\"https:\/\/agora.xtec.cat\/ceip-lola-anglada-esplugues\/wp-content\/uploads\/usu1507\/2022\/01\/OA-18-2122.jpg 897w, https:\/\/agora.xtec.cat\/ceip-lola-anglada-esplugues\/wp-content\/uploads\/usu1507\/2022\/01\/OA-18-2122-300x193.jpg 300w, https:\/\/agora.xtec.cat\/ceip-lola-anglada-esplugues\/wp-content\/uploads\/usu1507\/2022\/01\/OA-18-2122-768x495.jpg 768w\" sizes=\"auto, (max-width: 897px) 100vw, 897px\" \/><\/a><\/p>\n<h6 style=\"text-align: center;\"><span style=\"font-size: 18pt; color: #666699;\"><span style=\"font-size: 24pt;\"><strong><span style=\"color: #666699;\"><span style=\"font-size: 12pt;\">OCELL AMAGAT n\u00ba 18:\u00a0 MOSQUITER COM\u00da<br \/>\nPer\u00edode per respondre: <\/span><\/span><\/strong><\/span><\/span><span style=\"font-size: 18pt; color: #666699;\"><span style=\"font-size: 24pt;\"><strong><span style=\"color: #666699;\"><span style=\"font-size: 12pt;\">de dilluns 17 a diumenge 23 de gener<\/span><\/span><\/strong><\/span><\/span><\/h6>\n<p><span style=\"font-weight: 400;\">La seva longitud \u00e9s d\u201911 a 12 cm i pesa de 6 a 11 grams.<\/span><\/p>\n<p><span style=\"font-weight: 400;\">Ocellet d\u2019aspecte delicat i de tons gris verdosos. La coloraci\u00f3 d\u2019aquesta esp\u00e8cie \u00e9s for\u00e7a variable. En general les parts superiors s\u00f3n de color bru olivaci. Les plomes de les ales i la cua s\u00f3n brunes amb estrets marges bru verdosos. La projecci\u00f3 de les plomes prim\u00e0ries \u00e9s curta. A la cara s\u2019aprecia una cella clara, prima i poc definida. Les parts inferiors s\u00f3n clares, ocr\u00e0cies o groguenques. L\u2019ull \u00e9s fosc i est\u00e0 encerclat d\u2019un prim anell ocular clar. El bec \u00e9s prim, delicat, bru, amb la base m\u00e9s clara. T\u00e9 les potes primes i fosques.<\/span><\/p>\n<p><span style=\"font-weight: 400;\">Petit i inquiet, abundant a l\u2019hivern a boscos, bardisses i zones humides.<\/span><\/p>\n<p style=\"text-align: right;\"><span style=\"font-size: 10pt;\"><i><span style=\"font-weight: 400;\">Guia de camp dels ocells a Catalunya. Ed Omega.Carlos \u00c1lvarez-Cros i Fran Trabalon.<br \/>\n<\/span><\/i><\/span><span style=\"font-size: 10pt;\"><i><span style=\"font-weight: 400;\">125 Ocells de Catalunya que cal con\u00e8ixer. Ed Cosset\u00e0nia. Oryx. Toni Llobet<\/span><\/i><\/span><\/p>\n<h6><\/h6>\n<h6><a href=\"https:\/\/agora.xtec.cat\/ceip-lola-anglada-esplugues\/wp-content\/uploads\/usu1507\/2022\/01\/OA-17-2122.jpg\"><img loading=\"lazy\" decoding=\"async\" class=\"aligncenter size-full wp-image-5569\" src=\"https:\/\/agora.xtec.cat\/ceip-lola-anglada-esplugues\/wp-content\/uploads\/usu1507\/2022\/01\/OA-17-2122.jpg\" alt=\"\" width=\"896\" height=\"578\" srcset=\"https:\/\/agora.xtec.cat\/ceip-lola-anglada-esplugues\/wp-content\/uploads\/usu1507\/2022\/01\/OA-17-2122.jpg 896w, https:\/\/agora.xtec.cat\/ceip-lola-anglada-esplugues\/wp-content\/uploads\/usu1507\/2022\/01\/OA-17-2122-300x194.jpg 300w, https:\/\/agora.xtec.cat\/ceip-lola-anglada-esplugues\/wp-content\/uploads\/usu1507\/2022\/01\/OA-17-2122-768x495.jpg 768w\" sizes=\"auto, (max-width: 896px) 100vw, 896px\" \/><\/a><\/h6>\n<h6 style=\"text-align: center;\"><span style=\"font-size: 18pt; color: #666699;\"><span style=\"font-size: 24pt;\"><strong><span style=\"color: #666699;\"><span style=\"font-size: 12pt;\">OCELL AMAGAT n\u00ba 17:\u00a0 ARPELLA COMUNA<br \/>\nPer\u00edode per respondre: <\/span><\/span><\/strong><\/span><\/span><span style=\"font-size: 18pt; color: #666699;\"><span style=\"font-size: 24pt;\"><strong><span style=\"color: #666699;\"><span style=\"font-size: 12pt;\">de dilluns 17 a diumenge 23 de gener<\/span><\/span><\/strong><\/span><\/span><\/h6>\n<p><span style=\"font-weight: 400;\">Com un gavi\u00e0 argentat, t\u00e9 una longitud de 48 a 56 cm. Com totes les rapinyaires, les femelles s\u00f3n m\u00e9s grans que els mascles i els mascles pesen de\u00a0 405 a 667 g i les femelles de 540 a 800 g.<\/span><\/p>\n<p><span style=\"font-weight: 400;\">El mascle t\u00e9 el cap gris\u00f3s clar. Dors de color marr\u00f3 brunenc uniforme. Les parts ventrals s\u00f3n rogenques, pigallades de negre. La femella \u00e9s de color marr\u00f3 fosc, amb el cap i les espatlles de color crema.<\/span><\/p>\n<p><span style=\"font-weight: 400;\">Femella i mascle tenen l\u2019ull clar i el bec, curt i fosc. Les potes llargues i groguenques. \u00c9s el rapinyaire propi de zones humides i el m\u00e9s com\u00fa al Delta, on malgrat tot no cria. Es pot veure sobrevolant llacunes i canyissars en vol baix, buscant una presa.<\/span><\/p>\n<p style=\"text-align: right;\"><span style=\"font-size: 10pt;\"><i><span style=\"font-weight: 400;\">Guia de camp dels ocells a Catalunya. Ed Omega.Carlos \u00c1lvarez-Cros i Fran Trabalon.<br \/>\n<\/span><\/i><\/span><span style=\"font-size: 10pt;\"><i><span style=\"font-weight: 400;\">Ocells del Delta de l\u2019Ebre. Xarxa espais natura. M\u00f3nNatura Delta de l\u2019Ebre.<\/span><\/i><\/span><\/p>\n<p>&nbsp;<\/p>\n<h6 style=\"text-align: center;\"><span style=\"font-size: 18pt; color: #ff0000;\"><span style=\"font-size: 24pt;\"><strong><span style=\"font-size: 8pt;\"><span style=\"font-size: 18pt;\"><a href=\"https:\/\/agora.xtec.cat\/ceip-lola-anglada-esplugues\/wp-content\/uploads\/usu1507\/2022\/01\/OA-16-2122.jpg\"><img loading=\"lazy\" decoding=\"async\" class=\"aligncenter size-full wp-image-5547\" src=\"https:\/\/agora.xtec.cat\/ceip-lola-anglada-esplugues\/wp-content\/uploads\/usu1507\/2022\/01\/OA-16-2122.jpg\" alt=\"\" width=\"900\" height=\"582\" srcset=\"https:\/\/agora.xtec.cat\/ceip-lola-anglada-esplugues\/wp-content\/uploads\/usu1507\/2022\/01\/OA-16-2122.jpg 900w, https:\/\/agora.xtec.cat\/ceip-lola-anglada-esplugues\/wp-content\/uploads\/usu1507\/2022\/01\/OA-16-2122-300x194.jpg 300w, https:\/\/agora.xtec.cat\/ceip-lola-anglada-esplugues\/wp-content\/uploads\/usu1507\/2022\/01\/OA-16-2122-768x497.jpg 768w\" sizes=\"auto, (max-width: 900px) 100vw, 900px\" \/><\/a><\/span><\/span><\/strong><\/span><\/span><\/h6>\n<h6 style=\"text-align: center;\"><span style=\"font-size: 18pt; color: #666699;\"><span style=\"font-size: 24pt;\"><strong><span style=\"color: #666699;\"><span style=\"font-size: 12pt;\">OCELL AMAGAT n\u00ba 16:\u00a0 ESPLUGABOUS<br \/>\nPer\u00edode per respondre: <\/span><\/span><\/strong><\/span><\/span><span style=\"font-size: 18pt; color: #666699;\"><span style=\"font-size: 24pt;\"><strong><span style=\"color: #666699;\"><span style=\"font-size: 12pt;\">de dilluns 10 a diumenge 16 de gener<\/span><\/span><\/strong><\/span><\/span><\/h6>\n<p><span style=\"font-weight: 400;\">Com un gavi\u00e0 argentat, amb coll m\u00e9s llarg. T\u00e9 una longitud de 46 a 56 cm i pesa entre 340 i 390 g.<\/span><\/p>\n<p><span style=\"font-weight: 400;\">La primera impressi\u00f3 \u00e9s la d\u2019un ocell blanc, amb un posat geperut. En plomatge nupcial tenen el pili, de plomes er\u00e8ctils, el pit i el dors tenyits de color marr\u00f3 clar, ataronjat. La resta del plomatge \u00e9s blanc. T\u00e9 el bec ataronjat i relativament curt i els ulls grocs. Les potes s\u00f3n d\u2019un color vermell\u00f3s en \u00e8poca de cria, a l\u2019hivern les potes s\u00f3n bru verdoses i el plomatge totalment blanc.<\/span><\/p>\n<p><span style=\"font-weight: 400;\">Com\u00fa en ambients agr\u00edcoles oberts, sobretot en arrossars per\u00f2 tamb\u00e9 prop del bestiar o seguint tractors que llauren, sovint en grups.\u00a0<\/span><\/p>\n<p style=\"text-align: right;\"><span style=\"font-size: 10pt;\"><i><span style=\"font-weight: 400;\">Guia de camp dels ocells a Catalunya. Ed Omega.Carlos \u00c1lvarez-Cros i Fran Trabalon.<br \/>\n<\/span><\/i><\/span><span style=\"font-size: 10pt;\"><i><span style=\"font-weight: 400;\">Ocells del Delta de l\u2019Ebre. Xarxa espais natura. M\u00f3nNatura Delta de l\u2019Ebre.<\/span><\/i><\/span><\/p>\n<p>&nbsp;<\/p>\n<h6 style=\"text-align: center;\"><span style=\"font-size: 18pt; color: #ff0000;\"><span style=\"font-size: 24pt;\"><strong><span style=\"font-size: 8pt;\"><span style=\"font-size: 18pt;\"><a href=\"https:\/\/agora.xtec.cat\/ceip-lola-anglada-esplugues\/wp-content\/uploads\/usu1507\/2022\/01\/OA-15-2122.jpg\"><img loading=\"lazy\" decoding=\"async\" class=\"aligncenter size-full wp-image-5546\" src=\"https:\/\/agora.xtec.cat\/ceip-lola-anglada-esplugues\/wp-content\/uploads\/usu1507\/2022\/01\/OA-15-2122.jpg\" alt=\"\" width=\"899\" height=\"577\" srcset=\"https:\/\/agora.xtec.cat\/ceip-lola-anglada-esplugues\/wp-content\/uploads\/usu1507\/2022\/01\/OA-15-2122.jpg 899w, https:\/\/agora.xtec.cat\/ceip-lola-anglada-esplugues\/wp-content\/uploads\/usu1507\/2022\/01\/OA-15-2122-300x193.jpg 300w, https:\/\/agora.xtec.cat\/ceip-lola-anglada-esplugues\/wp-content\/uploads\/usu1507\/2022\/01\/OA-15-2122-768x493.jpg 768w\" sizes=\"auto, (max-width: 899px) 100vw, 899px\" \/><\/a><\/span><\/span><\/strong><\/span><\/span><\/h6>\n<h6 style=\"text-align: center;\"><span style=\"font-size: 18pt; color: #666699;\"><span style=\"font-size: 24pt;\"><strong><span style=\"color: #666699;\"><span style=\"font-size: 12pt;\">OCELL AMAGAT n\u00ba 15:\u00a0 PIT-ROIG<br \/>\nPer\u00edode per respondre: <\/span><\/span><\/strong><\/span><\/span><span style=\"font-size: 18pt; color: #666699;\"><span style=\"font-size: 24pt;\"><strong><span style=\"color: #666699;\"><span style=\"font-size: 12pt;\">de dilluns 10 a diumenge 16 de gener<\/span><\/span><\/strong><\/span><\/span><\/h6>\n<p><span style=\"font-weight: 400;\">Una mica m\u00e9s gros que una cadernera i m\u00e9s petit que un pardal com\u00fa. Longitud 14 cm i pesa de 14 a 25 g.<\/span><\/p>\n<p><span style=\"font-weight: 400;\">Els adults tenen la cara i el pit de color taronja viu, contrastant amb el color blanquin\u00f3s de les parts ventrals, mentre que el front, els costats i la part posterior del coll i la part superior dels flancs: pili, dors, ales i cua s\u00f3n de color bru olivaci. El bec \u00e9s prim i fosc i les potes de color bru carn\u00f3s. Posat al terra t\u00e9 una postura engallida, amb constants i espasm\u00f2dics moviments d\u2019ales i cua.<\/span><\/p>\n<p><span style=\"font-weight: 400;\">Tafaner, \u00e9s abundant &#8211; tot i que sempre solitari &#8211; a qualsevol ambient emboscat.<\/span><\/p>\n<p style=\"text-align: right;\"><span style=\"font-size: 10pt;\"><i><span style=\"font-weight: 400;\">Guia de camp dels ocells a Catalunya. Ed Omega.Carlos \u00c1lvarez-Cros i Fran Trabalon.<br \/>\n<\/span><\/i><\/span><span style=\"font-size: 10pt;\"><i><span style=\"font-weight: 400;\">125 Ocells de Catalunya que cal con\u00e8ixer. Ed Cosset\u00e0nia. Oryx. Toni Llobet<\/span><\/i><\/span><\/p>\n<p>&nbsp;<\/p>\n<h6 style=\"text-align: center;\"><span style=\"font-size: 18pt; color: #666699;\"><span style=\"font-size: 24pt;\"><strong><span style=\"color: #666699;\"><span style=\"font-size: 12pt;\"><a href=\"https:\/\/agora.xtec.cat\/ceip-lola-anglada-esplugues\/wp-content\/uploads\/usu1507\/2022\/01\/Bonificacio-de-punts-A-SOLUCIO.jpg\"><img loading=\"lazy\" decoding=\"async\" class=\"aligncenter size-full wp-image-5551\" src=\"https:\/\/agora.xtec.cat\/ceip-lola-anglada-esplugues\/wp-content\/uploads\/usu1507\/2022\/01\/Bonificacio-de-punts-A-SOLUCIO.jpg\" alt=\"\" width=\"903\" height=\"548\" srcset=\"https:\/\/agora.xtec.cat\/ceip-lola-anglada-esplugues\/wp-content\/uploads\/usu1507\/2022\/01\/Bonificacio-de-punts-A-SOLUCIO.jpg 903w, https:\/\/agora.xtec.cat\/ceip-lola-anglada-esplugues\/wp-content\/uploads\/usu1507\/2022\/01\/Bonificacio-de-punts-A-SOLUCIO-300x182.jpg 300w, https:\/\/agora.xtec.cat\/ceip-lola-anglada-esplugues\/wp-content\/uploads\/usu1507\/2022\/01\/Bonificacio-de-punts-A-SOLUCIO-768x466.jpg 768w\" sizes=\"auto, (max-width: 903px) 100vw, 903px\" \/><\/a><\/span><\/span><\/strong><\/span><\/span><\/h6>\n<h6 style=\"text-align: center;\"><span style=\"font-size: 18pt; color: #666699;\"><span style=\"font-size: 24pt;\"><strong><span style=\"color: #666699;\"><span style=\"font-size: 12pt;\">PUNTS DE BONIFICACI\u00d3: A<br \/>\nPer\u00edode per respondre: <\/span><\/span><\/strong><\/span><\/span><span style=\"font-size: 18pt; color: #666699;\"><span style=\"font-size: 24pt;\"><strong><span style=\"color: #666699;\"><span style=\"font-size: 12pt;\">de dilluns 20 de desembre a diumenge 9 de gener<\/span><\/span><\/strong><\/span><\/span><\/h6>\n<p>&nbsp;<\/p>\n<h6 style=\"text-align: center;\"><span style=\"font-size: 18pt; color: #666699;\"><span style=\"font-size: 24pt;\"><strong><span style=\"color: #666699;\"><span style=\"font-size: 12pt;\"><a href=\"https:\/\/agora.xtec.cat\/ceip-lola-anglada-esplugues\/wp-content\/uploads\/usu1507\/2021\/12\/OA-14-2122.jpg\"><img loading=\"lazy\" decoding=\"async\" class=\"aligncenter size-full wp-image-5527\" src=\"https:\/\/agora.xtec.cat\/ceip-lola-anglada-esplugues\/wp-content\/uploads\/usu1507\/2021\/12\/OA-14-2122.jpg\" alt=\"\" width=\"897\" height=\"585\" srcset=\"https:\/\/agora.xtec.cat\/ceip-lola-anglada-esplugues\/wp-content\/uploads\/usu1507\/2021\/12\/OA-14-2122.jpg 897w, https:\/\/agora.xtec.cat\/ceip-lola-anglada-esplugues\/wp-content\/uploads\/usu1507\/2021\/12\/OA-14-2122-300x196.jpg 300w, https:\/\/agora.xtec.cat\/ceip-lola-anglada-esplugues\/wp-content\/uploads\/usu1507\/2021\/12\/OA-14-2122-768x501.jpg 768w\" sizes=\"auto, (max-width: 897px) 100vw, 897px\" \/><\/a>OCELL AMAGAT n\u00ba 14: MERLA COMUNA<br \/>\nPer\u00edode per respondre: <\/span><\/span><\/strong><\/span><\/span><span style=\"font-size: 18pt; color: #666699;\"><span style=\"font-size: 24pt;\"><strong><span style=\"color: #666699;\"><span style=\"font-size: 12pt;\">de dilluns 20 de desembre a diumenge 9 de gener<\/span><\/span><\/strong><\/span><\/span><\/h6>\n<p><span style=\"font-weight: 400;\">T\u00e9 una longitud d\u2019uns 24 a 27 cm i pesa de 85 a 105 g.<\/span><\/p>\n<p><span style=\"font-weight: 400;\">El mascle \u00e9s totalment negre, amb l\u2019anell ocular groc i el bec groc ataronjat. La femella adulta \u00e9s grisosa, amb les parts inferior una mica m\u00e9s clares i pigallades. T\u00e9 l\u2019anell ocular groguenc i el bec bru. La seva fesomia, amb esguard amable i cua llarga, t\u00e9 un posat mes aviat horitzontal. Aix\u00f2 i la manera de despla\u00e7ar-se pel terra les diferencia clarament dels estornells.<\/span><\/p>\n<p><span style=\"font-weight: 400;\">El seu cant melodi\u00f3s \u00e9s el so de fons d\u2019albes i capvespres de primavera.<\/span><\/p>\n<p style=\"text-align: right;\"><span style=\"font-size: 10pt;\"><i><span style=\"font-weight: 400;\">Guia de camp dels ocells a Catalunya. Ed Omega.Carlos \u00c1lvarez-Cros i Fran Trabalon.<br \/>\n<\/span><\/i><\/span><span style=\"font-size: 10pt;\"><i><span style=\"font-weight: 400;\">125 Ocells de Catalunya que cal con\u00e8ixer. Ed Cosset\u00e0nia. Oryx. Toni Llobet<\/span><\/i><\/span><\/p>\n<p>&nbsp;<\/p>\n<h6 style=\"text-align: center;\"><a href=\"https:\/\/agora.xtec.cat\/ceip-lola-anglada-esplugues\/wp-content\/uploads\/usu1507\/2021\/12\/OA-13-2122.jpg\"><img loading=\"lazy\" decoding=\"async\" class=\"aligncenter size-full wp-image-5526\" src=\"https:\/\/agora.xtec.cat\/ceip-lola-anglada-esplugues\/wp-content\/uploads\/usu1507\/2021\/12\/OA-13-2122.jpg\" alt=\"\" width=\"896\" height=\"584\" srcset=\"https:\/\/agora.xtec.cat\/ceip-lola-anglada-esplugues\/wp-content\/uploads\/usu1507\/2021\/12\/OA-13-2122.jpg 896w, https:\/\/agora.xtec.cat\/ceip-lola-anglada-esplugues\/wp-content\/uploads\/usu1507\/2021\/12\/OA-13-2122-300x196.jpg 300w, https:\/\/agora.xtec.cat\/ceip-lola-anglada-esplugues\/wp-content\/uploads\/usu1507\/2021\/12\/OA-13-2122-768x501.jpg 768w\" sizes=\"auto, (max-width: 896px) 100vw, 896px\" \/><\/a><\/h6>\n<h6 style=\"text-align: center;\"><span style=\"font-size: 18pt; color: #666699;\"><span style=\"font-size: 24pt;\"><strong><span style=\"color: #666699;\"><span style=\"font-size: 12pt;\">OCELL AMAGAT n\u00ba 13: ESTORNELL COM\u00da<br \/>\nPer\u00edode per respondre: <\/span><\/span><\/strong><\/span><\/span><span style=\"font-size: 18pt; color: #666699;\"><span style=\"font-size: 24pt;\"><strong><span style=\"color: #666699;\"><span style=\"font-size: 12pt;\">de dilluns 20 de desembre a diumenge 9 de gener<\/span><\/span><\/strong><\/span><\/span><\/h6>\n<p><span style=\"font-weight: 400;\">La seva longitud \u00e9s de 21 cm i pesa de 55 a 100 g.<\/span><\/p>\n<p><span style=\"font-weight: 400;\">Ocell de posat dret, perfil pla i aparen\u00e7a fosca. Els adults a l\u2019estiu tenen una coloraci\u00f3 de base negra amb irisacions verdes i porpres. Llueixen un puntejat clar. A l\u2019hivern aquest pigallat es fa m\u00e9s gran, dens i evident. El bec \u00e9s punxegut. Les potes s\u00f3n vermellenques.\u00a0<\/span><\/p>\n<p><span style=\"font-weight: 400;\">Nia a forats. A l\u2019hivern fa grans estols de formes canviants.<\/span><\/p>\n<p style=\"text-align: right;\"><span style=\"font-size: 10pt;\"><i><span style=\"font-weight: 400;\">Guia de camp dels ocells a Catalunya. Ed Omega.Carlos \u00c1lvarez-Cros i Fran Trabalon.<br \/>\n<\/span><\/i><\/span><span style=\"font-size: 10pt;\"><i><span style=\"font-weight: 400;\">125 Ocells de Catalunya que cal con\u00e8ixer. Ed Cosset\u00e0nia. Oryx. Toni Llobet<\/span><\/i><\/span><\/p>\n<p>&nbsp;<\/p>\n<h6 style=\"text-align: center;\"><span style=\"font-size: 18pt; color: #666699;\"><span style=\"font-size: 24pt;\"><strong><span style=\"color: #666699;\"><span style=\"font-size: 12pt;\"><a href=\"https:\/\/agora.xtec.cat\/ceip-lola-anglada-esplugues\/wp-content\/uploads\/usu1507\/2021\/12\/OA-12-2122.jpg\"><img loading=\"lazy\" decoding=\"async\" class=\"aligncenter size-full wp-image-5508\" src=\"https:\/\/agora.xtec.cat\/ceip-lola-anglada-esplugues\/wp-content\/uploads\/usu1507\/2021\/12\/OA-12-2122.jpg\" alt=\"\" width=\"898\" height=\"582\" srcset=\"https:\/\/agora.xtec.cat\/ceip-lola-anglada-esplugues\/wp-content\/uploads\/usu1507\/2021\/12\/OA-12-2122.jpg 898w, https:\/\/agora.xtec.cat\/ceip-lola-anglada-esplugues\/wp-content\/uploads\/usu1507\/2021\/12\/OA-12-2122-300x194.jpg 300w, https:\/\/agora.xtec.cat\/ceip-lola-anglada-esplugues\/wp-content\/uploads\/usu1507\/2021\/12\/OA-12-2122-768x498.jpg 768w\" sizes=\"auto, (max-width: 898px) 100vw, 898px\" \/><\/a>OCELL AMAGAT n\u00ba 12:\u00a0 \u00a0MARTINET BLANC<br \/>\n<\/span><\/span><\/strong><\/span><\/span><\/h6>\n<h6 style=\"text-align: center;\"><span style=\"font-size: 18pt; color: #666699;\"><span style=\"font-size: 24pt;\"><strong><span style=\"color: #666699;\"><span style=\"font-size: 12pt;\">Per\u00edode per respondre: <\/span><\/span><\/strong><\/span><\/span><span style=\"font-size: 18pt; color: #666699;\"><span style=\"font-size: 24pt;\"><strong><span style=\"color: #666699;\"><span style=\"font-size: 12pt;\">de dilluns 13 a diumenge 19 de desembre<\/span><\/span><\/strong><\/span><\/span><\/h6>\n<p><span style=\"font-weight: 400;\">Com un gavi\u00e0 argentat, per\u00f2 molt m\u00e9s estilitzat, amb bec coll i potes llargs. T\u00e9 una longitud de 55 a 65 cm i un pes entre 280 i 638 g.<\/span><\/p>\n<p><span style=\"font-weight: 400;\">Ocell blanc, estilitzat, amb el bec prim, recte i negre. Malgrat aquesta r\u00e0pida exposici\u00f3, aturat al terra, amb el coll encongit i el cap entre les espatlles pot donar la sensaci\u00f3 d\u2019un ocell compacte i rodanx\u00f3. Els ulls s\u00f3n grocs i la plell que va dels ulls al bec \u00e9s blavosa, excepte en \u00e8poca nupcial que es torna vermellosa. Potes llargues i negres contrastant amb els peus grocs (com si port\u00e9s uns mitjons). En plomatge nupcial llueix dues llargues i estilitzades plomes a la nuca. Vola amb el coll arronsat com tots els ardeids.<\/span><\/p>\n<p><span style=\"font-weight: 400;\">Esvelt, amb bec llarg i negre i peus grocs, molt visibles en vol. Espera les preses imm\u00f2bil en aig\u00fces somes i \u00e9s for\u00e7a solitari.<\/span><\/p>\n<p style=\"text-align: right;\"><i><span style=\"font-weight: 400;\">Guia de camp dels ocells a Catalunya. Ed Omega.Carlos \u00c1lvarez-Cros i Fran Trabalon<br \/>\n<\/span><\/i><i><span style=\"font-weight: 400;\">Ocells del Delta de l\u2019Ebre. Xarxa espais natura. M\u00f3n-natura\u00a0Delta de l\u2019Ebre.<\/span><\/i><\/p>\n<p>&nbsp;<\/p>\n<h6 style=\"text-align: center;\"><\/h6>\n<h6 style=\"text-align: center;\"><span style=\"font-size: 18pt; color: #666699;\"><span style=\"font-size: 24pt;\"><strong><span style=\"color: #666699;\"><span style=\"font-size: 12pt;\"><a href=\"https:\/\/agora.xtec.cat\/ceip-lola-anglada-esplugues\/wp-content\/uploads\/usu1507\/2021\/12\/OA-11-2122.jpg\"><img loading=\"lazy\" decoding=\"async\" class=\"aligncenter size-full wp-image-5507\" src=\"https:\/\/agora.xtec.cat\/ceip-lola-anglada-esplugues\/wp-content\/uploads\/usu1507\/2021\/12\/OA-11-2122.jpg\" alt=\"\" width=\"895\" height=\"575\" srcset=\"https:\/\/agora.xtec.cat\/ceip-lola-anglada-esplugues\/wp-content\/uploads\/usu1507\/2021\/12\/OA-11-2122.jpg 895w, https:\/\/agora.xtec.cat\/ceip-lola-anglada-esplugues\/wp-content\/uploads\/usu1507\/2021\/12\/OA-11-2122-300x193.jpg 300w, https:\/\/agora.xtec.cat\/ceip-lola-anglada-esplugues\/wp-content\/uploads\/usu1507\/2021\/12\/OA-11-2122-768x493.jpg 768w\" sizes=\"auto, (max-width: 895px) 100vw, 895px\" \/><\/a>OCELL AMAGAT n\u00ba 11:\u00a0 \u00a0T\u00d3RTORA TURCA<br \/>\nPer\u00edode per respondre: <\/span><\/span><\/strong><\/span><\/span><span style=\"font-size: 18pt; color: #666699;\"><span style=\"font-size: 24pt;\"><strong><span style=\"color: #666699;\"><span style=\"font-size: 12pt;\">de dilluns 13 a diumenge 19 de desembre<\/span><\/span><\/strong><\/span><\/span><\/h6>\n<p><span style=\"font-weight: 400;\">M\u00e9s petita que un colom roquer i m\u00e9s gran que una merla. T\u00e9 una longitud de 30 a 32 cm i pesa de 125 a 196 g.<\/span><\/p>\n<p style=\"text-align: left;\"><span style=\"font-weight: 400;\">T\u00f3rtora de color marr\u00f3 p\u00e0l\u00b7lid, terr\u00f3s. Presenta una fina l\u00ednia negra transversal, com un mig collar a la part posterior del coll amb una mica de blanc emmarcant-la per sobre i per sota. Les prim\u00e0ries s\u00f3n fosques amb fines vores clares que contrastem amb el marr\u00f3 clar uniforme. El bec \u00e9s gris, els ulls tenen l\u2019iris vermell i les potes s\u00f3n d\u2019un color vermell apagat.<br \/>\n<\/span><span style=\"font-weight: 400; font-size: 10pt;\"><span style=\"font-size: 12pt;\">Comuna a llocs urbanitzats amb arbres, on fa el seu niu de branquillons. Cant de tres s\u00edl\u00b7labes greus.<\/span><br \/>\n<\/span><\/p>\n<p style=\"text-align: right;\"><span style=\"font-size: 10pt;\"><i><span style=\"font-weight: 400;\">Guia de camp dels ocells a Catalunya. Ed Omega.Carlos \u00c1lvarez-Cros i Fran Trabalon.<br \/>\n<\/span><\/i><i><span style=\"font-weight: 400;\">125 Ocells de Catalunya que cal con\u00e8ixer. Ed Cosset\u00e0nia. Oryx. Toni Llobet<\/span><\/i><\/span><\/p>\n<p>&nbsp;<\/p>\n<h6 style=\"text-align: center;\"><span style=\"font-size: 18pt; color: #666699;\"><span style=\"font-size: 24pt;\"><strong><span style=\"color: #666699;\"><span style=\"font-size: 12pt;\"><a href=\"https:\/\/agora.xtec.cat\/ceip-lola-anglada-esplugues\/wp-content\/uploads\/usu1507\/2021\/11\/OA-10-2122.jpg\"><img loading=\"lazy\" decoding=\"async\" class=\"aligncenter size-full wp-image-5481\" src=\"https:\/\/agora.xtec.cat\/ceip-lola-anglada-esplugues\/wp-content\/uploads\/usu1507\/2021\/11\/OA-10-2122.jpg\" alt=\"\" width=\"896\" height=\"584\" srcset=\"https:\/\/agora.xtec.cat\/ceip-lola-anglada-esplugues\/wp-content\/uploads\/usu1507\/2021\/11\/OA-10-2122.jpg 896w, https:\/\/agora.xtec.cat\/ceip-lola-anglada-esplugues\/wp-content\/uploads\/usu1507\/2021\/11\/OA-10-2122-300x196.jpg 300w, https:\/\/agora.xtec.cat\/ceip-lola-anglada-esplugues\/wp-content\/uploads\/usu1507\/2021\/11\/OA-10-2122-768x501.jpg 768w\" sizes=\"auto, (max-width: 896px) 100vw, 896px\" \/><\/a>OCELL AMAGAT n\u00ba 10:\u00a0 \u00a0COTXA FUMADA<br \/>\nPer\u00edode per respondre: <\/span><\/span><\/strong><\/span><\/span><span style=\"font-size: 18pt; color: #666699;\"><span style=\"font-size: 24pt;\"><strong><span style=\"color: #666699;\"><span style=\"font-size: 12pt;\">de dilluns 29 de novembre a diumenge 12 de desembre<\/span><\/span><\/strong><\/span><\/span><\/h6>\n<p><span style=\"font-weight: 400;\">M\u00e9s gros que una cadernera i m\u00e9s petit que un pardal com\u00fa. T\u00e9 una longitud de 14 a 15 cm i pesa de 12 a 20 g.<\/span><\/p>\n<p><span style=\"font-weight: 400;\">Ocell de posat dret que fa vibrar la cua constantment. El mascle adult \u00e9s molt fosc, amb la cara, la part anterior del coll i el pit, pr\u00e0cticament negres. La base de les secund\u00e0ries i les vores de les terci\u00e0ries, blanques, contrasten amb el gris fosc de l\u2019ala plegada. El carp\u00f3 i la cua s\u00f3n rogencs, m\u00e9s visibles quan l\u2019ocell est\u00e0 volant. Ulls, bec i potes s\u00f3n negrosos. La femella \u00e9s m\u00e9s pissarrosa i no t\u00e9 blanc a l\u2019ala.<\/span><\/p>\n<p><span style=\"font-weight: 400;\">Nia a cases i rocams; a l\u2019hivern es troba arreu. Femella d\u2019un gris clar.<\/span><\/p>\n<p style=\"text-align: right;\"><span style=\"font-size: 10pt;\"><i><span style=\"font-weight: 400;\">Guia de camp dels ocells a Catalunya. Ed Omega.Carlos \u00c1lvarez-Cros i Fran Trabalon.<br \/>\n<\/span><\/i><i><span style=\"font-weight: 400;\">125 Ocells de Catalunya que cal con\u00e8ixer. Ed Cosset\u00e0nia. Oryx. Toni Llobet<\/span><\/i><\/span><\/p>\n<p>&nbsp;<\/p>\n<h6 style=\"text-align: center;\"><span style=\"font-size: 18pt; color: #666699;\"><span style=\"font-size: 24pt;\"><strong><span style=\"color: #666699;\"><span style=\"font-size: 12pt;\"><a href=\"https:\/\/agora.xtec.cat\/ceip-lola-anglada-esplugues\/wp-content\/uploads\/usu1507\/2021\/11\/OA-09-2122.jpg\"><img loading=\"lazy\" decoding=\"async\" class=\"aligncenter size-full wp-image-5480\" src=\"https:\/\/agora.xtec.cat\/ceip-lola-anglada-esplugues\/wp-content\/uploads\/usu1507\/2021\/11\/OA-09-2122.jpg\" alt=\"\" width=\"899\" height=\"578\" srcset=\"https:\/\/agora.xtec.cat\/ceip-lola-anglada-esplugues\/wp-content\/uploads\/usu1507\/2021\/11\/OA-09-2122.jpg 899w, https:\/\/agora.xtec.cat\/ceip-lola-anglada-esplugues\/wp-content\/uploads\/usu1507\/2021\/11\/OA-09-2122-300x193.jpg 300w, https:\/\/agora.xtec.cat\/ceip-lola-anglada-esplugues\/wp-content\/uploads\/usu1507\/2021\/11\/OA-09-2122-768x494.jpg 768w\" sizes=\"auto, (max-width: 899px) 100vw, 899px\" \/><\/a>OCELL AMAGAT n\u00ba 09:\u00a0 PARDAL COM\u00da<br \/>\nPer\u00edode per respondre: <\/span><\/span><\/strong><\/span><\/span><span style=\"font-size: 18pt; color: #666699;\"><span style=\"font-size: 24pt;\"><strong><span style=\"color: #666699;\"><span style=\"font-size: 12pt;\">de dilluns 29 de novembre a diumenge 12 de desembre<\/span><\/span><\/strong><\/span><\/span><\/h6>\n<p><span style=\"font-weight: 400;\">T\u00e9 una longitud de 16 a 18 cm i pesa de 20 a 39 g.<\/span><\/p>\n<p><span style=\"font-weight: 400;\">El mascle t\u00e9 el pili i la nuca de color gris. Les temples, els costats posteriors del coll i el clatell s\u00f3n de color castany. Les galtes i els costats del coll s\u00f3n blanquinosos i contrasten amb el negre del voltant del bec, el sota de l\u2019ull, el ment\u00f3, la gola i el pit que t\u00e9 les vores poc definides. Les parts inferiors s\u00f3n de color blanc brut i les superiors de color castany amb llistes negres a l\u2019esquena. Uns discreta franja alar blanca destaca\u00a0 sobre la resta de l\u2019ala. El bec \u00e9s c\u00f2nic, robust i negre a l\u2019estiu i amb la base groguenca a l\u2019hivern. Els ulls foscos i les potes de color carn. No falta all\u00e0 on hi ha pres\u00e8ncia humana. Mascle de tons m\u00e9s apagats a l\u2019hivern.<\/span><\/p>\n<p style=\"text-align: right;\"><span style=\"font-size: 10pt;\"><i><span style=\"font-weight: 400;\">Guia de camp dels ocells a Catalunya. Ed Omega.Carlos \u00c1lvarez-Cros i Fran Trabalon.<br \/>\n<\/span><\/i><i><span style=\"font-weight: 400;\">125 Ocells de Catalunya que cal con\u00e8ixer. Ed Cosset\u00e0nia. Oryx. Toni Llobet<\/span><\/i><\/span><\/p>\n<p>&nbsp;<\/p>\n<p>&nbsp;<\/p>\n<h6 style=\"text-align: center;\"><a href=\"https:\/\/agora.xtec.cat\/ceip-lola-anglada-esplugues\/wp-content\/uploads\/usu1507\/2021\/11\/OA-08-2122.jpg\"><img loading=\"lazy\" decoding=\"async\" class=\"aligncenter size-full wp-image-5454\" src=\"https:\/\/agora.xtec.cat\/ceip-lola-anglada-esplugues\/wp-content\/uploads\/usu1507\/2021\/11\/OA-08-2122.jpg\" alt=\"\" width=\"899\" height=\"587\" srcset=\"https:\/\/agora.xtec.cat\/ceip-lola-anglada-esplugues\/wp-content\/uploads\/usu1507\/2021\/11\/OA-08-2122.jpg 899w, https:\/\/agora.xtec.cat\/ceip-lola-anglada-esplugues\/wp-content\/uploads\/usu1507\/2021\/11\/OA-08-2122-300x196.jpg 300w, https:\/\/agora.xtec.cat\/ceip-lola-anglada-esplugues\/wp-content\/uploads\/usu1507\/2021\/11\/OA-08-2122-768x501.jpg 768w\" sizes=\"auto, (max-width: 899px) 100vw, 899px\" \/><\/a><\/h6>\n<h6 style=\"text-align: center;\"><span style=\"font-size: 18pt; color: #666699;\"><span style=\"font-size: 24pt;\"><strong><span style=\"color: #666699;\"><span style=\"font-size: 12pt;\">OCELL AMAGAT n\u00ba 08:\u00a0 \u00a0MALLERENGA BLAVA<br \/>\nPer\u00edode per respondre: <\/span><\/span><\/strong><\/span><\/span><span style=\"font-size: 18pt; color: #666699;\"><span style=\"font-size: 24pt;\"><strong><span style=\"color: #666699;\"><span style=\"font-size: 12pt;\">de dilluns 22 a diumenge 28 de novembre<\/span><\/span><\/strong><\/span><\/span><\/h6>\n<p><span style=\"font-weight: 400;\">Una mica m\u00e9s petita que una cadernera. T\u00e9 una longitud d\u201911 a 12 cm i pesa de 7,5 a 14,7 g.<\/span><\/p>\n<p><span style=\"font-weight: 400;\">Mallerenga on destaca el blau i el groc. Pili de color blau cel. La cara \u00e9s blanca migpartida per una l\u00ednia ocular blau fosc que s\u2019uneix al blau mar\u00ed del clatell i el coll, que a la part de gola s\u2019uneix amb un color negre de la mateixa gola i el ment\u00f3. Les ales i la cua s\u00f3n blaves amb una petita franja blanca a les ales. L\u2019esquena \u00e9s de color verd bru. La panxa \u00e9s groga, nom\u00e9s trencada per una fina l\u00ednia negra que va del pit al ventre. Els ulls foscos. El bec, c\u00f2nic, t\u00e9 un color negr\u00f3s i les potes s\u00f3n brunes amb un mat\u00eds de color blau.<\/span><\/p>\n<p><span style=\"font-weight: 400;\">Es mou per les cap\u00e7ades, sovint suspesa de cap per avall. Comuna a les menjadores i caixes niu.<\/span><\/p>\n<p style=\"text-align: right;\"><span style=\"font-size: 10pt;\"><i><span style=\"font-weight: 400;\">Guia de camp dels ocells a Catalunya. Ed Omega.Carlos \u00c1lvarez-Cros i Fran Trabalon.<br \/>\n<\/span><\/i><i><span style=\"font-weight: 400;\">125 Ocells de Catalunya que cal con\u00e8ixer. Ed Cosset\u00e0nia. Oryx. Toni Llobet<\/span><\/i><\/span><\/p>\n<p>&nbsp;<\/p>\n<h6 style=\"text-align: center;\"><span style=\"font-size: 18pt; color: #ff0000;\"><span style=\"font-size: 24pt;\"><strong><span style=\"font-size: 8pt;\"><span style=\"font-size: 18pt;\"><a href=\"https:\/\/agora.xtec.cat\/ceip-lola-anglada-esplugues\/wp-content\/uploads\/usu1507\/2021\/11\/OA-07-2122.jpg\"><img loading=\"lazy\" decoding=\"async\" class=\"aligncenter size-full wp-image-5453\" src=\"https:\/\/agora.xtec.cat\/ceip-lola-anglada-esplugues\/wp-content\/uploads\/usu1507\/2021\/11\/OA-07-2122.jpg\" alt=\"\" width=\"896\" height=\"581\" srcset=\"https:\/\/agora.xtec.cat\/ceip-lola-anglada-esplugues\/wp-content\/uploads\/usu1507\/2021\/11\/OA-07-2122.jpg 896w, https:\/\/agora.xtec.cat\/ceip-lola-anglada-esplugues\/wp-content\/uploads\/usu1507\/2021\/11\/OA-07-2122-300x195.jpg 300w, https:\/\/agora.xtec.cat\/ceip-lola-anglada-esplugues\/wp-content\/uploads\/usu1507\/2021\/11\/OA-07-2122-768x498.jpg 768w\" sizes=\"auto, (max-width: 896px) 100vw, 896px\" \/><\/a><\/span><\/span><\/strong><\/span><\/span><\/h6>\n<h6 style=\"text-align: center;\"><span style=\"font-size: 18pt; color: #666699;\"><span style=\"font-size: 24pt;\"><strong><span style=\"color: #666699;\"><span style=\"font-size: 12pt;\">OCELL AMAGAT n\u00ba 07:\u00a0 \u00a0 GAVINA RIALLERA<br \/>\nPer\u00edode per respondre: <\/span><\/span><\/strong><\/span><\/span><span style=\"font-size: 18pt; color: #666699;\"><span style=\"font-size: 24pt;\"><strong><span style=\"color: #666699;\"><span style=\"font-size: 12pt;\">de dilluns 22 a diumenge 28 de novembre<br \/>\n<\/span><\/span><\/strong><\/span><\/span><\/h6>\n<p><span style=\"font-weight: 400;\">Lleugerament m\u00e9s petita que un tud\u00f3. T\u00e9 una longitud de 37 a 43 cm i pesa de 195 a 325 g.<\/span><\/p>\n<p><span style=\"font-weight: 400;\">Els adults en plomatge nupcial presenten una caputxa de color de xocolata amb llet, on destaca l\u2019ull envoltat d\u2019un anell ocular blanc. El coll, les parts inferiors i la cua s\u00f3n blanc pur. El dors i les ales s\u00f3n de color gris i les prim\u00e0ries s\u00f3n negres de puntes blanques. El bec, prim \u00e9s de color vermell amb la punta negra. Les potes tamb\u00e9 s\u00f3n vermelles.<\/span><\/p>\n<p><span style=\"font-weight: 400;\">M\u00e0scara bruna en \u00e8poca de reproducci\u00f3 i taca fosca rere l\u2019ull a l\u2019hivern. Fa un xiscle caracter\u00edstic, sovint en vol, que li dona nom. Visita tot tipus d\u2019ambients aqu\u00e0tics per alimentar-se.\u00a0<\/span><\/p>\n<p style=\"text-align: right;\"><span style=\"font-size: 10pt;\"><i><span style=\"font-weight: 400;\">Guia de camp dels ocells a Catalunya. Ed Omega.Carlos \u00c1lvarez-Cros i Fran Trabalon.<br \/>\n<\/span><\/i><i><span style=\"font-weight: 400;\">Ocells del Delta de l\u2019Ebre. Xarxa espais natura. M\u00f3nNatura Delta de l\u2019Ebre.<\/span><\/i><\/span><\/p>\n<p>&nbsp;<\/p>\n<h6 style=\"text-align: center;\"><span style=\"font-size: 18pt; color: #666699;\"><span style=\"font-size: 24pt;\"><strong><span style=\"color: #666699;\"><span style=\"font-size: 12pt;\"><a href=\"https:\/\/agora.xtec.cat\/ceip-lola-anglada-esplugues\/wp-content\/uploads\/usu1507\/2021\/11\/OA-06-2122.jpg\"><img loading=\"lazy\" decoding=\"async\" class=\"aligncenter size-full wp-image-5266\" src=\"https:\/\/agora.xtec.cat\/ceip-lola-anglada-esplugues\/wp-content\/uploads\/usu1507\/2021\/11\/OA-06-2122.jpg\" alt=\"\" width=\"897\" height=\"573\" srcset=\"https:\/\/agora.xtec.cat\/ceip-lola-anglada-esplugues\/wp-content\/uploads\/usu1507\/2021\/11\/OA-06-2122.jpg 897w, https:\/\/agora.xtec.cat\/ceip-lola-anglada-esplugues\/wp-content\/uploads\/usu1507\/2021\/11\/OA-06-2122-300x192.jpg 300w, https:\/\/agora.xtec.cat\/ceip-lola-anglada-esplugues\/wp-content\/uploads\/usu1507\/2021\/11\/OA-06-2122-768x491.jpg 768w\" sizes=\"auto, (max-width: 897px) 100vw, 897px\" \/><\/a>OCELL AMAGAT n\u00ba 06:\u00a0 COTORRA DE KRAMER<br \/>\nPer\u00edode per respondre: <\/span><\/span><\/strong><\/span><\/span><span style=\"font-size: 18pt; color: #666699;\"><span style=\"font-size: 24pt;\"><strong><span style=\"color: #666699;\"><span style=\"font-size: 12pt;\">de dilluns 8 a diumenge 21 de novembre<\/span><\/span><\/strong><\/span><\/span><\/h6>\n<p><span style=\"font-weight: 400;\">Una mica m\u00e9s petit que un colom roquer. T\u00e9 una longitud de 37 a 43 cm i pesa de 95 a 143 g.<br \/>\n<\/span><span style=\"font-weight: 400;\">Ocell verd, esvelt, de cua llarga i blavosa. El pili i la nuca s\u00f3n de color verd. En el mascle t\u00e9 el ment\u00f3 negre, del que parteix una una l\u00ednia tamb\u00e9 negra que fa la volta al clatell, emmarcant les galtes com si port\u00e9s un collaret. Al clatell la banda s\u2019aprima i \u00e9s completada per una banda difusa de color rosat. La femella no t\u00e9 aquest collaret. La cua \u00e9s molt llarga. Els ulls s\u00f3n de color groc p\u00e0l\u00b7lid, les potes grises i el bec vermell brillant.<\/span><\/p>\n<p style=\"text-align: right;\"><span style=\"font-size: 10pt;\"><i><span style=\"font-weight: 400;\">Guia de camp dels ocells a Catalunya. Ed Omega.Carlos \u00c1lvarez-Cros i Fran Trabalon.<\/span><\/i><\/span><\/p>\n<p>&nbsp;<\/p>\n<h6 style=\"text-align: center;\"><span style=\"font-size: 18pt; color: #666699;\"><span style=\"font-size: 24pt;\"><strong><span style=\"color: #666699;\"><span style=\"font-size: 12pt;\"><a href=\"https:\/\/agora.xtec.cat\/ceip-lola-anglada-esplugues\/wp-content\/uploads\/usu1507\/2021\/11\/OA-05-2122.jpg\"><img loading=\"lazy\" decoding=\"async\" class=\"aligncenter size-full wp-image-5265\" src=\"https:\/\/agora.xtec.cat\/ceip-lola-anglada-esplugues\/wp-content\/uploads\/usu1507\/2021\/11\/OA-05-2122.jpg\" alt=\"\" width=\"898\" height=\"573\" srcset=\"https:\/\/agora.xtec.cat\/ceip-lola-anglada-esplugues\/wp-content\/uploads\/usu1507\/2021\/11\/OA-05-2122.jpg 898w, https:\/\/agora.xtec.cat\/ceip-lola-anglada-esplugues\/wp-content\/uploads\/usu1507\/2021\/11\/OA-05-2122-300x191.jpg 300w, https:\/\/agora.xtec.cat\/ceip-lola-anglada-esplugues\/wp-content\/uploads\/usu1507\/2021\/11\/OA-05-2122-768x490.jpg 768w\" sizes=\"auto, (max-width: 898px) 100vw, 898px\" \/><\/a>OCELL AMAGAT n\u00ba 05:\u00a0 COTORRETA PITGRISA<br \/>\nPer\u00edode per respondre: <\/span><\/span><\/strong><\/span><\/span><span style=\"font-size: 18pt; color: #666699;\"><span style=\"font-size: 24pt;\"><strong><span style=\"color: #666699;\"><span style=\"font-size: 12pt;\">de dilluns 8 a diumenge 21 de novembre<\/span><\/span><\/strong><\/span><\/span><\/h6>\n<p><span style=\"font-weight: 400;\">Una mica m\u00e9s gran que una merla, amb la cua llarga. T\u00e9 una longitud de 28 cm i pesa de 90 a 140 g.<br \/>\n<\/span><span style=\"font-weight: 400;\">Ocell d\u2019aparen\u00e7a general verd brillant. T\u00e9 la cara, el coll i el pit de color gris clar. Les parts dorsals s\u00f3n de color verd fulla, les ventrals s\u00f3n de color verd oliva. Les plomes de vol de les ales, de color blau fosc. El bec \u00e9s del color dels pinyols de cirera, l\u2019ull \u00e9s fosc i les potes de color gris clar. Forana, ha colonitzat ciutat com Esplugues i ambients agr\u00edcoles.<\/span><\/p>\n<p style=\"text-align: right;\"><span style=\"font-size: 10pt;\"><i><span style=\"font-weight: 400;\">Guia de camp dels ocells a Catalunya. Ed Omega.Carlos \u00c1lvarez-Cros i Fran Trabalon.<br \/>\n<\/span><\/i><i><span style=\"font-weight: 400;\">125 Ocells de Catalunya que cal con\u00e8ixer. Ed Cosset\u00e0nia. Oryx. Toni Llobet<\/span><\/i><\/span><\/p>\n<p>&nbsp;<\/p>\n<h6 style=\"text-align: center;\"><span style=\"font-size: 18pt; color: #666699;\"><span style=\"font-size: 24pt;\"><strong><span style=\"color: #666699;\"><span style=\"font-size: 12pt;\"><a href=\"https:\/\/agora.xtec.cat\/ceip-lola-anglada-esplugues\/wp-content\/uploads\/usu1507\/2021\/11\/OA-04-2122.jpg\"><img loading=\"lazy\" decoding=\"async\" class=\"aligncenter size-full wp-image-5217\" src=\"https:\/\/agora.xtec.cat\/ceip-lola-anglada-esplugues\/wp-content\/uploads\/usu1507\/2021\/11\/OA-04-2122.jpg\" alt=\"\" width=\"898\" height=\"577\" srcset=\"https:\/\/agora.xtec.cat\/ceip-lola-anglada-esplugues\/wp-content\/uploads\/usu1507\/2021\/11\/OA-04-2122.jpg 898w, https:\/\/agora.xtec.cat\/ceip-lola-anglada-esplugues\/wp-content\/uploads\/usu1507\/2021\/11\/OA-04-2122-300x193.jpg 300w, https:\/\/agora.xtec.cat\/ceip-lola-anglada-esplugues\/wp-content\/uploads\/usu1507\/2021\/11\/OA-04-2122-768x493.jpg 768w\" sizes=\"auto, (max-width: 898px) 100vw, 898px\" \/><\/a>OCELL AMAGAT n\u00ba 04: CADERNERA europea<br \/>\nPer\u00edode per respondre: <\/span><\/span><\/strong><\/span><\/span><span style=\"font-size: 18pt; color: #666699;\"><span style=\"font-size: 24pt;\"><strong><span style=\"color: #666699;\"><span style=\"font-size: 12pt;\">de dilluns 1 a diumenge 7 de novembre<\/span><\/span><\/strong><\/span><\/span><\/h6>\n<p><span style=\"font-weight: 400;\">T\u00e9 una longitud d\u2019uns 10,5 a 13,5 cm i pesa de 9,5 a 24 g.<br \/>\n<\/span><span style=\"font-weight: 400;\">T\u00e9 el pili, el clatell i els laterals del coll negres. La cara \u00e9s de color vermell viu, contrastant amb les galtes, les temples i el coll blancs. L\u2019esquena \u00e9s marr\u00f3 clar fins els flancs, contrastant amb la resta blanca de les parts inferiors. Les plomes de les ales i la cua s\u00f3n negres amb taques blanques a la punta. A les ales destaca unes plomes grans de color groc viu.<br \/>\n<\/span><span style=\"font-weight: 400;\">Nia en arbres, i s\u2019alimenta de cards en espais oberts. D\u2019aqu\u00ed li ve el seu nom cient\u00edfic (Carduelis carduelis).<\/span><\/p>\n<p style=\"text-align: right;\"><span style=\"font-size: 8pt;\"><i><span style=\"font-weight: 400;\">Guia de camp dels ocells a Catalunya. Ed Omega.Carlos \u00c1lvarez-Cros i Fran Trabalon.<br \/>\n<\/span><\/i><i><span style=\"font-weight: 400;\">125 Ocells de Catalunya que cal con\u00e8ixer. Ed Cosset\u00e0nia. Oryx. Toni Llobet<\/span><\/i><\/span><\/p>\n<p>&nbsp;<\/p>\n<h6 style=\"text-align: center;\"><span style=\"font-size: 18pt; color: #666699;\"><span style=\"font-size: 24pt;\"><strong><span style=\"color: #666699;\"><span style=\"font-size: 12pt;\"><a href=\"https:\/\/agora.xtec.cat\/ceip-lola-anglada-esplugues\/wp-content\/uploads\/usu1507\/2021\/11\/OA-03-2122.jpg\"><img loading=\"lazy\" decoding=\"async\" class=\"aligncenter size-full wp-image-5216\" src=\"https:\/\/agora.xtec.cat\/ceip-lola-anglada-esplugues\/wp-content\/uploads\/usu1507\/2021\/11\/OA-03-2122.jpg\" alt=\"\" width=\"897\" height=\"583\" srcset=\"https:\/\/agora.xtec.cat\/ceip-lola-anglada-esplugues\/wp-content\/uploads\/usu1507\/2021\/11\/OA-03-2122.jpg 897w, https:\/\/agora.xtec.cat\/ceip-lola-anglada-esplugues\/wp-content\/uploads\/usu1507\/2021\/11\/OA-03-2122-300x195.jpg 300w, https:\/\/agora.xtec.cat\/ceip-lola-anglada-esplugues\/wp-content\/uploads\/usu1507\/2021\/11\/OA-03-2122-768x499.jpg 768w\" sizes=\"auto, (max-width: 897px) 100vw, 897px\" \/><\/a>OCELL AMAGAT n\u00ba 03:\u00a0 \u00a0TUD\u00d3<br \/>\nPer\u00edode per respondre: de dilluns 1 a diumenge 7 de novembre<\/span><\/span><\/strong><\/span><\/span><\/h6>\n<p style=\"text-align: left;\"><span style=\"font-weight: 400;\">T\u00e9 una longitud de 41 a 45 cm, i pesa de 284 a 690 g. \u00c9s el colom m\u00e9s gran d\u2019Europa. La coloraci\u00f3 general \u00e9s gris plom amb el pit de tonalitat vinosa, que es va difuminant cap al gris clar a les parts ventrals. Com\u00fa a espais arbrats de tota mena. Franges blanques al coll i les ales, ben visibles en vol.<br \/>\n<\/span><i><\/i><\/p>\n<p style=\"text-align: right;\"><span style=\"font-size: 8pt;\"><i><span style=\"font-weight: 400;\">Guia de camp dels ocells a Catalunya. Ed Omega.Carlos \u00c1lvarez-Cros i Fran Trabalon.<br \/>\n<\/span><\/i><i><span style=\"font-weight: 400;\">125 Ocells de Catalunya que cal con\u00e8ixer. Ed Cosset\u00e0nia. Oryx. Toni Llobet<\/span><\/i><\/span><\/p>\n<p>&nbsp;<\/p>\n<h6 style=\"text-align: center;\"><span style=\"font-size: 18pt; color: #666699;\"><span style=\"font-size: 24pt;\"><strong><span style=\"color: #666699;\"><span style=\"font-size: 12pt;\"><a href=\"https:\/\/agora.xtec.cat\/ceip-lola-anglada-esplugues\/wp-content\/uploads\/usu1507\/2021\/10\/OA-02-2122.jpg\"><img loading=\"lazy\" decoding=\"async\" class=\"aligncenter size-full wp-image-5174\" src=\"https:\/\/agora.xtec.cat\/ceip-lola-anglada-esplugues\/wp-content\/uploads\/usu1507\/2021\/10\/OA-02-2122.jpg\" alt=\"\" width=\"896\" height=\"576\" srcset=\"https:\/\/agora.xtec.cat\/ceip-lola-anglada-esplugues\/wp-content\/uploads\/usu1507\/2021\/10\/OA-02-2122.jpg 896w, https:\/\/agora.xtec.cat\/ceip-lola-anglada-esplugues\/wp-content\/uploads\/usu1507\/2021\/10\/OA-02-2122-300x193.jpg 300w, https:\/\/agora.xtec.cat\/ceip-lola-anglada-esplugues\/wp-content\/uploads\/usu1507\/2021\/10\/OA-02-2122-768x494.jpg 768w\" sizes=\"auto, (max-width: 896px) 100vw, 896px\" \/><\/a>OCELL AMAGAT n\u00ba 02:\u00a0 MALLERENGA CARBONERA<br \/>\nPer\u00edode per respondre: de dilluns 11 a diumenge 31 d&#8217;octubre<\/span><\/span><\/strong><\/span><\/span><\/h6>\n<p><span style=\"font-weight: 400;\">Una mica m\u00e9s petit que un pardal. La seva longitud \u00e9s de 12,5 a 14 cm i pesa de 12 a 22 g.<\/span><\/p>\n<p><span style=\"font-weight: 400;\">\u00c9s la m\u00e9s grossa de les nostres mallerengues. Les galtes blanques contrasten fortament amb el conjunt intensament negre del cap, el coll, el ment\u00f3 i la gola. Aquest color negre s\u2019est\u00e9n pit avall en una franja estreta, com una corbata, que mor a la part abdominal, molt m\u00e9s ampla i evident als mascles que a les femelles.<\/span><\/p>\n<p><span style=\"font-weight: 400;\">Molt comuna a llocs arbrats. Visita sovint menjadores i s\u2019instal\u00b7la en caixes niu. En cantar sembla repetir \u201ctot estiu, tot estiu\u201d.<\/span><\/p>\n<p style=\"text-align: right;\"><span style=\"font-size: 8pt;\"><i><span style=\"font-weight: 400;\">Guia de camp dels ocells a Catalunya. Ed Omega.Carlos \u00c1lvarez-Cros i Fran Trabalon.<br \/>\n<\/span><\/i><\/span><span style=\"font-size: 8pt;\"><i><span style=\"font-weight: 400;\">125 Ocells de Catalunya que cal con\u00e8ixer. Ed Cosset\u00e0nia. Oryx. Toni Llobet<\/span><\/i><\/span><\/p>\n<p>&nbsp;<\/p>\n<h6 style=\"text-align: center;\"><span style=\"font-size: 18pt; color: #666699;\"><span style=\"font-size: 24pt;\"><strong><span style=\"font-size: 8pt;\"><span style=\"color: #808000;\"><span style=\"font-size: 12pt;\"><a href=\"https:\/\/agora.xtec.cat\/ceip-lola-anglada-esplugues\/wp-content\/uploads\/usu1507\/2021\/10\/OA-01-2122.jpg\"><img loading=\"lazy\" decoding=\"async\" class=\"aligncenter size-full wp-image-5173\" src=\"https:\/\/agora.xtec.cat\/ceip-lola-anglada-esplugues\/wp-content\/uploads\/usu1507\/2021\/10\/OA-01-2122.jpg\" alt=\"\" width=\"899\" height=\"578\" srcset=\"https:\/\/agora.xtec.cat\/ceip-lola-anglada-esplugues\/wp-content\/uploads\/usu1507\/2021\/10\/OA-01-2122.jpg 899w, https:\/\/agora.xtec.cat\/ceip-lola-anglada-esplugues\/wp-content\/uploads\/usu1507\/2021\/10\/OA-01-2122-300x193.jpg 300w, https:\/\/agora.xtec.cat\/ceip-lola-anglada-esplugues\/wp-content\/uploads\/usu1507\/2021\/10\/OA-01-2122-768x494.jpg 768w\" sizes=\"auto, (max-width: 899px) 100vw, 899px\" \/><\/a><\/span><\/span><\/span><\/strong><\/span><\/span><span style=\"font-size: 18pt; color: #666699;\"><span style=\"font-size: 24pt;\"><strong><span style=\"color: #666699;\"><span style=\"font-size: 12pt;\">OCELL AMAGAT n\u00ba 01:\u00a0 CUERETA BLANCA<br \/>\nPer\u00edode per respondre: de dilluns 11 a diumenge 31 d&#8217;octubre<\/span><\/span><\/strong><\/span><\/span><\/h6>\n<p><span style=\"font-weight: 400;\">Com un pardal com\u00fa amb la cua llarga. La seva longitud varia entre 16,5 i 18 cm, i pesa uns 20 g.<\/span><\/p>\n<p><span style=\"font-weight: 400;\">T\u00e9 la part posterior del pili, el clatell, el ment\u00f3, la part anterior del coll i la part superior del pit, negre. El front, la cara, els laterals del coll i les parts ventrals s\u00f3n blanques. El dors \u00e9s gris clar i les ales tenen les plomes negroses amb vores blanques. La cua \u00e9s llarga i negra, amb les dues plomes m\u00e9s externes de cada costat, blanques. El bec \u00e9s prim i, com les potes, de color gris fosc.<\/span><\/p>\n<p style=\"text-align: left;\"><span style=\"font-weight: 400;\">Es passeja xino-xano, bellugant la cua, prop de l\u2019aigua, conreus, vorals de carreteres\u2026 Nia en edificis.<\/span><\/p>\n<p style=\"text-align: right;\"><span style=\"font-size: 8pt;\"><i><span style=\"font-weight: 400;\">Guia de camp dels ocells a Catalunya. Ed Omega.Carlos \u00c1lvarez-Cros i Fran Trabalon.<br \/>\n<\/span><\/i><\/span><span style=\"font-size: 8pt;\"><i><span style=\"font-weight: 400;\">125 Ocells de Catalunya que cal con\u00e8ixer. Ed Cosset\u00e0nia. Oryx. Toni Llobet<\/span><\/i><\/span><\/p>\n<p>&nbsp;<\/p>\n<p>&nbsp;<\/p>\n<p style=\"text-align: center;\"><span style=\"font-size: 18pt; color: #808000;\"><span style=\"font-size: 24pt;\"><strong>OCELL AMAGAT 2020-2021<br \/>\n<\/strong><\/span><\/span><span style=\"color: #ff6600;\"><strong><span style=\"font-size: 18pt;\">JOC FINALITZAT (21 de juny de 2021)<\/span><\/strong><\/span><\/p>\n<p style=\"text-align: center;\"><span style=\"color: #808000;\"><strong><span style=\"font-size: 12pt;\"><a href=\"https:\/\/agora.xtec.cat\/ceip-lola-anglada-esplugues\/wp-content\/uploads\/usu1507\/2021\/06\/GAVINES-respostes.jpg\"><img loading=\"lazy\" decoding=\"async\" class=\"aligncenter size-full wp-image-5107\" src=\"https:\/\/agora.xtec.cat\/ceip-lola-anglada-esplugues\/wp-content\/uploads\/usu1507\/2021\/06\/GAVINES-respostes.jpg\" alt=\"\" width=\"1024\" height=\"768\" srcset=\"https:\/\/agora.xtec.cat\/ceip-lola-anglada-esplugues\/wp-content\/uploads\/usu1507\/2021\/06\/GAVINES-respostes.jpg 1024w, https:\/\/agora.xtec.cat\/ceip-lola-anglada-esplugues\/wp-content\/uploads\/usu1507\/2021\/06\/GAVINES-respostes-300x225.jpg 300w, https:\/\/agora.xtec.cat\/ceip-lola-anglada-esplugues\/wp-content\/uploads\/usu1507\/2021\/06\/GAVINES-respostes-768x576.jpg 768w, https:\/\/agora.xtec.cat\/ceip-lola-anglada-esplugues\/wp-content\/uploads\/usu1507\/2021\/06\/GAVINES-respostes-200x150.jpg 200w\" sizes=\"auto, (max-width: 1024px) 100vw, 1024px\" \/><\/a>&#8220;BONUS POINTS&#8221; n\u00ba 4:<br \/>\nPer\u00edode per respondre: de dilluns 7\u00a0 a diumenge 20 de juny<br \/>\nCada ocell\u00a0 correctament identificat, 1 punt afegit!<\/span><\/strong><\/span><\/p>\n<p style=\"text-align: center;\"><span style=\"color: #808000;\"><strong><span style=\"font-size: 12pt;\"><a href=\"https:\/\/agora.xtec.cat\/ceip-lola-anglada-esplugues\/wp-content\/uploads\/usu1507\/2021\/06\/OA-50-2021.jpg\"><img loading=\"lazy\" decoding=\"async\" class=\"aligncenter size-full wp-image-5075\" src=\"https:\/\/agora.xtec.cat\/ceip-lola-anglada-esplugues\/wp-content\/uploads\/usu1507\/2021\/06\/OA-50-2021.jpg\" alt=\"\" width=\"896\" height=\"583\" srcset=\"https:\/\/agora.xtec.cat\/ceip-lola-anglada-esplugues\/wp-content\/uploads\/usu1507\/2021\/06\/OA-50-2021.jpg 896w, https:\/\/agora.xtec.cat\/ceip-lola-anglada-esplugues\/wp-content\/uploads\/usu1507\/2021\/06\/OA-50-2021-300x195.jpg 300w, https:\/\/agora.xtec.cat\/ceip-lola-anglada-esplugues\/wp-content\/uploads\/usu1507\/2021\/06\/OA-50-2021-768x500.jpg 768w\" sizes=\"auto, (max-width: 896px) 100vw, 896px\" \/><\/a>OCELL AMAGAT n\u00ba 50:\u00a0 \u00a0PUPUT COMUNA<br \/>\nPer\u00edode per respondre: de dilluns 7 a diumenge 20 de juny<\/span><\/strong><\/span><\/p>\n<p><span style=\"font-weight: 400;\">La <\/span><b>puput<\/b><span style=\"font-weight: 400;\"> \u00e9s un dels ocells m\u00e9s coneguts i familiars, ja que no defuig la proximitat humana. De bona mida \u2013 30 cm -, no passa desapercebut pel seu bec llarg, prim i corbat, aix\u00ed com el plomall er\u00e8ctil i amb les puntes de les plomes negres. El plomatge \u00e9s castany rosat, les ales negres creuades per amples bandes blanques, com tamb\u00e9 la cua. El vol lent, ondulat i el batre de les ales rodones molt ostensible.<\/span><\/p>\n<p><span style=\"font-weight: 400;\">La <\/span><b>puput<\/b><span style=\"font-weight: 400;\"> \u00e9s un insect\u00edvor estival, migrador transsahari\u00e0, llevat d&#8217;un petit nombre que hiverna ac\u00ed. Distribu\u00eft per Eur\u00e0sia i \u00c0frica, nia a tot Catalunya, exceptuant l&#8217;Alt Pirineu, i \u00e9s molt com\u00fa a les terres baixes occidentals. El seu h\u00e0bitat s\u00f3n els conreus de sec\u00e0 i zones on els camps alternen amb arbredes. La poblaci\u00f3 estimada \u00e9s de 60.000 a 95.000 parelles reproductores, per\u00f2 amb tend\u00e8ncia regressiva per la p\u00e8rdua d&#8217;h\u00e0bitat.<\/span><\/p>\n<p style=\"text-align: right;\"><span style=\"font-weight: 400; font-size: 10pt;\">Joaquim Maluquer i Sostres.\u00a0 \u201cCon\u00e8ixer i estimar els ocells\u201d<\/span><\/p>\n<p>&nbsp;<\/p>\n<p style=\"text-align: center;\"><span style=\"color: #808000;\"><strong><span style=\"font-size: 12pt;\"><a href=\"https:\/\/agora.xtec.cat\/ceip-lola-anglada-esplugues\/wp-content\/uploads\/usu1507\/2021\/06\/OA-49-2021.jpg\"><img loading=\"lazy\" decoding=\"async\" class=\"aligncenter size-full wp-image-5074\" src=\"https:\/\/agora.xtec.cat\/ceip-lola-anglada-esplugues\/wp-content\/uploads\/usu1507\/2021\/06\/OA-49-2021.jpg\" alt=\"\" width=\"899\" height=\"580\" srcset=\"https:\/\/agora.xtec.cat\/ceip-lola-anglada-esplugues\/wp-content\/uploads\/usu1507\/2021\/06\/OA-49-2021.jpg 899w, https:\/\/agora.xtec.cat\/ceip-lola-anglada-esplugues\/wp-content\/uploads\/usu1507\/2021\/06\/OA-49-2021-300x194.jpg 300w, https:\/\/agora.xtec.cat\/ceip-lola-anglada-esplugues\/wp-content\/uploads\/usu1507\/2021\/06\/OA-49-2021-768x495.jpg 768w\" sizes=\"auto, (max-width: 899px) 100vw, 899px\" \/><\/a>OCELL AMAGAT n\u00ba 49:\u00a0 GAIG EURASI\u00c0TIC<br \/>\nPer\u00edode per respondre: de dilluns 7 a diumenge 20 de juny<\/span><\/strong><\/span><\/p>\n<p><span style=\"font-weight: 400;\">El <\/span><b>gaig<\/b><span style=\"font-weight: 400;\"> \u00e9s el c\u00f2rvid dels boscos, on troba l\u2019aliment d\u2019aglans i fruits silvestres. Sedentari, la seva distribuci\u00f3 apareix com a complement\u00e0ria de la de la garsa: on aquesta \u00e9s absent o escassa _ mitja muntanya, comarques forestals &#8211; el gaig hi \u00e9s abundant, i manca a la Plana de Lleida i al Delta de l\u2019Ebre.\u00a0<\/span><\/p>\n<p><span style=\"font-weight: 400;\">El <\/span><b>gaig<\/b><span style=\"font-weight: 400;\"> mesura 34 cm. El color general \u00e9s bru, m\u00e9s clar al dessota; el carp\u00f3 blanc i la cua negra; al cap, un plomall er\u00e8ctil i un gruixut tra\u00e7 negre que va del bec a l\u2019extrem inferior de les galtes, i una taca blanca a les ales, on tamb\u00e9 hi ha el tret m\u00e9s caracter\u00edstic de l\u2019esp\u00e8cie: les menudes plomes blaves i negres que cobreixen la zona on forma l\u2019angle del colze, i que sovint adornen els barrets dels ca\u00e7adors. En vol, s\u2019afigura\u00a0 com un gros ocell de color terr\u00f3s en el qual destaca un gran carp\u00f3 blanc.<\/span><\/p>\n<p><span style=\"font-weight: 400;\">D&#8217;acord amb les estimacions efectuades, la poblaci\u00f3 de gaigs del nostre territori oscil\u00b7laria entre les 110.000 i les 150.000 parelles.<\/span><\/p>\n<p style=\"text-align: right;\"><span style=\"font-weight: 400; font-size: 10pt;\">Joaquim Maluquer i Sostres.\u00a0 \u201cCon\u00e8ixer i estimar els ocells\u201d<\/span><\/p>\n<p>&nbsp;<\/p>\n<p style=\"text-align: center;\"><span style=\"color: #808000;\"><strong><span style=\"font-size: 12pt;\"><a href=\"https:\/\/agora.xtec.cat\/ceip-lola-anglada-esplugues\/wp-content\/uploads\/usu1507\/2021\/05\/OA-48-2021.jpg\"><img loading=\"lazy\" decoding=\"async\" class=\"aligncenter size-full wp-image-5057\" src=\"https:\/\/agora.xtec.cat\/ceip-lola-anglada-esplugues\/wp-content\/uploads\/usu1507\/2021\/05\/OA-48-2021.jpg\" alt=\"\" width=\"898\" height=\"576\" srcset=\"https:\/\/agora.xtec.cat\/ceip-lola-anglada-esplugues\/wp-content\/uploads\/usu1507\/2021\/05\/OA-48-2021.jpg 898w, https:\/\/agora.xtec.cat\/ceip-lola-anglada-esplugues\/wp-content\/uploads\/usu1507\/2021\/05\/OA-48-2021-300x192.jpg 300w, https:\/\/agora.xtec.cat\/ceip-lola-anglada-esplugues\/wp-content\/uploads\/usu1507\/2021\/05\/OA-48-2021-768x493.jpg 768w\" sizes=\"auto, (max-width: 898px) 100vw, 898px\" \/><\/a>OCELL AMAGAT n\u00ba 48:\u00a0 \u00a0 RASPINELL COM\u00da<br \/>\nPer\u00edode per respondre: de dilluns 31 de maig a diumenge 6 de juny<\/span><\/strong><\/span><\/p>\n<p><span style=\"font-weight: 400;\">El <\/span><b>raspinell<\/b><span style=\"font-weight: 400;\">, de 13 cm i prove\u00eft d\u2019un discret plomatge castany ratllat, \u00e9s, com va escriure J. M. de Sagarra a Els ocells amics, \u201cun dels millors amics dels arbres, amb un bec llarg, esmolat i corbat com una agulla saquera\u201d. Neteja d\u2019insectes les soques, per\u00f2 no pot foradar-les, i s\u2019enfila amunt fent-hi voltes en espiral.<\/span><\/p>\n<p><span style=\"font-weight: 400;\">El <\/span><b>raspinell<\/b><span style=\"font-weight: 400;\"> es troba a l\u2019Europa temperada fins al l\u00edmit amb \u00c0sia. A Catalunya t\u00e9 una distribuci\u00f3 molt \u00e0mplia, i al Pirineu arriba als 2200 metres d\u2019al\u00e7ada, i la seva poblaci\u00f3 \u00e9s de 114.000 a 200.000 parelles.<\/span><\/p>\n<p style=\"text-align: right;\"><span style=\"font-weight: 400; font-size: 10pt;\">Joaquim Maluquer i Sostres.\u00a0 \u201cCon\u00e8ixer i estimar els ocells\u201d<\/span><\/p>\n<p style=\"text-align: center;\"><span style=\"color: #808000;\"><strong><span style=\"font-size: 12pt;\"><a href=\"https:\/\/agora.xtec.cat\/ceip-lola-anglada-esplugues\/wp-content\/uploads\/usu1507\/2021\/05\/OA-47-2021.jpg\"><img loading=\"lazy\" decoding=\"async\" class=\"aligncenter size-full wp-image-5056\" src=\"https:\/\/agora.xtec.cat\/ceip-lola-anglada-esplugues\/wp-content\/uploads\/usu1507\/2021\/05\/OA-47-2021.jpg\" alt=\"\" width=\"890\" height=\"584\" srcset=\"https:\/\/agora.xtec.cat\/ceip-lola-anglada-esplugues\/wp-content\/uploads\/usu1507\/2021\/05\/OA-47-2021.jpg 890w, https:\/\/agora.xtec.cat\/ceip-lola-anglada-esplugues\/wp-content\/uploads\/usu1507\/2021\/05\/OA-47-2021-300x197.jpg 300w, https:\/\/agora.xtec.cat\/ceip-lola-anglada-esplugues\/wp-content\/uploads\/usu1507\/2021\/05\/OA-47-2021-768x504.jpg 768w\" sizes=\"auto, (max-width: 890px) 100vw, 890px\" \/><\/a>OCELL AMAGAT n\u00ba 47:\u00a0 \u00a0 MALLERENGA BLAVA<br \/>\nPer\u00edode per respondre: de dilluns 31 de maig a diumenge 6 de juny<\/span><\/strong><\/span><\/p>\n<p><span style=\"font-weight: 400;\">La <\/span><b>mallerenga blava<\/b><span style=\"font-weight: 400;\">, coneguda tamb\u00e9 amb els nom de \u201cprimavera blava\u201d i \u201cferreret\u201d, es pot descriure dient que \u00e9s una mallerenga carbonera m\u00e9s menuda (11,5 cm) i acolorida de blau damunt del cap i a les ales; li manca, per\u00f2, la ratlla fosca que travessa l\u2019abdomen del seu cong\u00e8nere, detall molt \u00fatil per a distingir ambdues esp\u00e8cies a la natura. Habita jardins, arbredes i vores de bosc. Nidifica i viu sedent\u00e0ria entre nosaltres.<\/span><\/p>\n<p style=\"text-align: right;\"><span style=\"font-weight: 400; font-size: 10pt;\">Joaquim Maluquer i Sostres.\u00a0 \u201cEls ocells de les terres catalanes\u201d<\/span><\/p>\n<p style=\"text-align: center;\"><span style=\"color: #808000;\"><strong><span style=\"font-size: 12pt;\"><a href=\"https:\/\/agora.xtec.cat\/ceip-lola-anglada-esplugues\/wp-content\/uploads\/usu1507\/2021\/05\/OA-46-2021.jpg\"><img loading=\"lazy\" decoding=\"async\" class=\"aligncenter size-full wp-image-5036\" src=\"https:\/\/agora.xtec.cat\/ceip-lola-anglada-esplugues\/wp-content\/uploads\/usu1507\/2021\/05\/OA-46-2021.jpg\" alt=\"\" width=\"895\" height=\"576\" srcset=\"https:\/\/agora.xtec.cat\/ceip-lola-anglada-esplugues\/wp-content\/uploads\/usu1507\/2021\/05\/OA-46-2021.jpg 895w, https:\/\/agora.xtec.cat\/ceip-lola-anglada-esplugues\/wp-content\/uploads\/usu1507\/2021\/05\/OA-46-2021-300x193.jpg 300w, https:\/\/agora.xtec.cat\/ceip-lola-anglada-esplugues\/wp-content\/uploads\/usu1507\/2021\/05\/OA-46-2021-768x494.jpg 768w\" sizes=\"auto, (max-width: 895px) 100vw, 895px\" \/><\/a>OCELL AMAGAT n\u00ba 46:\u00a0 \u00a0MALLERENGA EMPLOMALLADA<br \/>\nPer\u00edode per respondre: de dilluns 17 al diumenge 30 de maig<\/span><\/strong><\/span><\/p>\n<p><span style=\"font-weight: 400;\">La <\/span><b>mallerenga emplomallada<\/b><span style=\"font-weight: 400;\"> o de \u201ccresta\u201d ateny 11, 5 cm, i \u00e9s f\u00e0cil de recon\u00e8ixer per tal com \u00e9s l\u2019\u00fanica mallerenga que duu plomall. T\u00e9 el mantell grisenc, i, el dessota blanquin\u00f3s; la cara, emmarcada per tra\u00e7os negres, i l\u2019esmentat plomall, format per fines plomes blanques i negres. Es troba molt estesa i sedent\u00e0ria al continent europeu. Al Principat \u00e9s molt comuna a les pinedes, d\u2019on mai no s\u2019allunya, i igualment al Pa\u00eds Valenci\u00e0; en canvi, manca a les Illes.<\/span><\/p>\n<p style=\"text-align: right;\"><span style=\"font-weight: 400; font-size: 10pt;\">Joaquim Maluquer i Sostres.\u00a0 \u201cEls ocells de les terres catalanes\u201d<\/span><\/p>\n<p style=\"text-align: center;\"><span style=\"color: #808000;\"><strong><span style=\"font-size: 12pt;\"><a href=\"https:\/\/agora.xtec.cat\/ceip-lola-anglada-esplugues\/wp-content\/uploads\/usu1507\/2021\/05\/OA-45-2021.jpg\"><img loading=\"lazy\" decoding=\"async\" class=\"aligncenter size-full wp-image-5035\" src=\"https:\/\/agora.xtec.cat\/ceip-lola-anglada-esplugues\/wp-content\/uploads\/usu1507\/2021\/05\/OA-45-2021.jpg\" alt=\"\" width=\"894\" height=\"576\" srcset=\"https:\/\/agora.xtec.cat\/ceip-lola-anglada-esplugues\/wp-content\/uploads\/usu1507\/2021\/05\/OA-45-2021.jpg 894w, https:\/\/agora.xtec.cat\/ceip-lola-anglada-esplugues\/wp-content\/uploads\/usu1507\/2021\/05\/OA-45-2021-300x193.jpg 300w, https:\/\/agora.xtec.cat\/ceip-lola-anglada-esplugues\/wp-content\/uploads\/usu1507\/2021\/05\/OA-45-2021-768x495.jpg 768w\" sizes=\"auto, (max-width: 894px) 100vw, 894px\" \/><\/a>OCELL AMAGAT n\u00ba 45:\u00a0 \u00a0CABUSS\u00d3 COLLNEGRE<br \/>\nPer\u00edode per respondre: de dilluns 17 al diumenge 30 de maig<\/span><\/strong><\/span><\/p>\n<p><span style=\"font-weight: 400;\">El <\/span><b>cabuss\u00f3 collnegre<\/b><span style=\"font-weight: 400;\"> ateny els 30 cm. Amb plomatge de noces t\u00e9 el coll negre i els costats del cap ornats de belles plomes d\u2019un color groc daurat. Amb roba d\u2019hivern t\u00e9 un capell negre for\u00e7a est\u00e9s per\u00f2 poc definit. A casa el podem veure hivernant o de pas i nia al sud de la pen\u00ednsula ib\u00e8rica.<\/span><\/p>\n<p style=\"text-align: right;\"><span style=\"font-weight: 400; font-size: 10pt;\">Joaquim Maluquer i Sostres.\u00a0 \u201cEls ocells de les terres catalanes\u201d<\/span><\/p>\n<p style=\"text-align: center;\"><span style=\"color: #808000;\"><strong><span style=\"font-size: 12pt;\"><a href=\"https:\/\/agora.xtec.cat\/ceip-lola-anglada-esplugues\/wp-content\/uploads\/usu1507\/2021\/05\/OA-44-2021.jpg\"><img loading=\"lazy\" decoding=\"async\" class=\"aligncenter size-full wp-image-5014\" src=\"https:\/\/agora.xtec.cat\/ceip-lola-anglada-esplugues\/wp-content\/uploads\/usu1507\/2021\/05\/OA-44-2021.jpg\" alt=\"\" width=\"897\" height=\"567\" srcset=\"https:\/\/agora.xtec.cat\/ceip-lola-anglada-esplugues\/wp-content\/uploads\/usu1507\/2021\/05\/OA-44-2021.jpg 897w, https:\/\/agora.xtec.cat\/ceip-lola-anglada-esplugues\/wp-content\/uploads\/usu1507\/2021\/05\/OA-44-2021-300x190.jpg 300w, https:\/\/agora.xtec.cat\/ceip-lola-anglada-esplugues\/wp-content\/uploads\/usu1507\/2021\/05\/OA-44-2021-768x485.jpg 768w\" sizes=\"auto, (max-width: 897px) 100vw, 897px\" \/><\/a>OCELL AMAGAT n\u00ba 44:\u00a0 \u00a0CORRIOL ANELLAT GROS<br \/>\nPer\u00edode per respondre: de dilluns 10 al diumenge 16 de maig<\/span><\/strong><\/span><\/p>\n<p><span style=\"font-weight: 400;\">El <\/span><b>corriol gros<\/b><span style=\"font-weight: 400;\">, anomenat \u201cpassarius\u201d a Mallorca \u2013 denominaci\u00f3 que reben indistintament el corriol camanegre i el corriol petit \u2013 i, corricabut a Val\u00e8ncia, ateny 19 cm. Les parts superiors i el darrere del cap s\u00f3n d&#8217;un color castany gris\u00f3s, i el pi, la gola i el front s\u00f3n blancs. Tamb\u00e9 ho \u00e9s el collar que separa el castany del cap que acoloreix el dors. Duu una clapa negra al cap que va del bec fins darrera l&#8217;ull. Li travessa el blanc pit una ampla banda negra, que neix a l&#8217;angle de les ales. El seu curt bec \u00e9s de color taronja, amb la punta negra; les potes s\u00f3n del mateix color. Nia al Nord, a les Illes Brit\u00e0niques i a la costa atl\u00e0ntica fins a Fran\u00e7a. Ac\u00ed \u00e9s sobretot migratori i hivernal, per\u00f2 tamb\u00e9 cria al nord-est del Principat i a C\u00f2rsega. Freq\u00fcenta les platges.<\/span><\/p>\n<p style=\"text-align: right;\"><span style=\"font-weight: 400; font-size: 10pt;\">Joaquim Maluquer i Sostres.\u00a0 \u201cEls ocells de les terres catalanes\u201d<\/span><\/p>\n<p style=\"text-align: center;\"><span style=\"color: #808000;\"><strong><span style=\"font-size: 12pt;\"><a href=\"https:\/\/agora.xtec.cat\/ceip-lola-anglada-esplugues\/wp-content\/uploads\/usu1507\/2021\/05\/OA-43-2021.jpg\"><img loading=\"lazy\" decoding=\"async\" class=\"aligncenter size-full wp-image-5013\" src=\"https:\/\/agora.xtec.cat\/ceip-lola-anglada-esplugues\/wp-content\/uploads\/usu1507\/2021\/05\/OA-43-2021.jpg\" alt=\"\" width=\"892\" height=\"578\" srcset=\"https:\/\/agora.xtec.cat\/ceip-lola-anglada-esplugues\/wp-content\/uploads\/usu1507\/2021\/05\/OA-43-2021.jpg 892w, https:\/\/agora.xtec.cat\/ceip-lola-anglada-esplugues\/wp-content\/uploads\/usu1507\/2021\/05\/OA-43-2021-300x194.jpg 300w, https:\/\/agora.xtec.cat\/ceip-lola-anglada-esplugues\/wp-content\/uploads\/usu1507\/2021\/05\/OA-43-2021-768x498.jpg 768w\" sizes=\"auto, (max-width: 892px) 100vw, 892px\" \/><\/a>OCELL AMAGAT n\u00ba 43:\u00a0 \u00a0\u00c0NEC CUALLARG<br \/>\nPer\u00edode per respondre: de dilluns 10 al diumenge 16 de maig<\/span><\/strong><\/span><\/p>\n<p style=\"text-align: left;\"><span style=\"font-weight: 400;\">L\u2019\u00e0nec cuallarg, \u201ccua de jonc\u201d a Val\u00e8ncia i \u201ccoer\u201d a les Illes, ateny uns 56 cm i \u00e9s inconfusible per la seva cua, la m\u00e9s llarga i m\u00e9s prima que podem trobar entre els \u00e0necs. El cap i una part de l\u2019esvelt coll s\u00f3n de color castany fosc. Per darrere el coll mostra una ratlla blanca que li puja del pit, tamb\u00e9 blanc. La femella no t\u00e9 la t\u00edpica cua del mascle, i tan sols la duu una mica m\u00e9s llarga que la dels altres \u00e0necs; el seu color \u00e9s bru, igual que el de les femelles de les altres esp\u00e8cies d\u2019\u00e0necs nedadors. El mirall \u00e9s fosc, sense reflexos, i vorejat de blanc i negre. A casa nostra \u00e9s un ocell hivernal.<\/span><\/p>\n<p><span style=\"font-weight: 400; font-size: 10pt;\">\u00a0 \u00a0 \u00a0 \u00a0 \u00a0 \u00a0 \u00a0 \u00a0 \u00a0 \u00a0 \u00a0 \u00a0 \u00a0 \u00a0 \u00a0 \u00a0 \u00a0 \u00a0 \u00a0 \u00a0 \u00a0 \u00a0 \u00a0 \u00a0 \u00a0 \u00a0 \u00a0 \u00a0 \u00a0 \u00a0 \u00a0 \u00a0 \u00a0 \u00a0 \u00a0 \u00a0 \u00a0 \u00a0 \u00a0 \u00a0 \u00a0 \u00a0 \u00a0 \u00a0 \u00a0 \u00a0 \u00a0 \u00a0 Joaquim Maluquer i Sostres.\u00a0 \u201cEls ocells de les terres catalanes\u201d<\/span><\/p>\n<p style=\"text-align: center;\"><span style=\"color: #808000;\"><strong><span style=\"font-size: 12pt;\"><a href=\"https:\/\/agora.xtec.cat\/ceip-lola-anglada-esplugues\/wp-content\/uploads\/usu1507\/2021\/05\/OA-42-2021.jpg\"><img loading=\"lazy\" decoding=\"async\" class=\"aligncenter size-full wp-image-4991\" src=\"https:\/\/agora.xtec.cat\/ceip-lola-anglada-esplugues\/wp-content\/uploads\/usu1507\/2021\/05\/OA-42-2021.jpg\" alt=\"\" width=\"893\" height=\"579\" srcset=\"https:\/\/agora.xtec.cat\/ceip-lola-anglada-esplugues\/wp-content\/uploads\/usu1507\/2021\/05\/OA-42-2021.jpg 893w, https:\/\/agora.xtec.cat\/ceip-lola-anglada-esplugues\/wp-content\/uploads\/usu1507\/2021\/05\/OA-42-2021-300x195.jpg 300w, https:\/\/agora.xtec.cat\/ceip-lola-anglada-esplugues\/wp-content\/uploads\/usu1507\/2021\/05\/OA-42-2021-768x498.jpg 768w\" sizes=\"auto, (max-width: 893px) 100vw, 893px\" \/><\/a>OCELL AMAGAT n\u00ba 42:\u00a0 \u00a0FALCIOT P\u00c0L\u00b7LID<br \/>\nPer\u00edode per respondre: de dilluns 3 al diumenge 9 de maig<\/span><\/strong><\/span><\/p>\n<p><span style=\"font-weight: 400;\">El <\/span><b>falciot<\/b><span style=\"font-weight: 400;\"> \u00e9s un dels ocells m\u00e9s visibles a les grans ciutats, que a la primavera i a l\u2019estiu animen amb els seus xiscles i passades. La poblaci\u00f3 s\u2019estima a l\u2019entorn de 250.000 parelles.<\/span><\/p>\n<p><span style=\"font-weight: 400;\">El <\/span><b>falciot<\/b><span style=\"font-weight: 400;\"> \u00e9s fet per volar, i \u00e9s l\u2019ocell m\u00e9s aeri de la nostra avifauna. Tant \u00e9s aix\u00ed que el seu medi natural \u00e9s l\u2019espai obert &#8211; on s\u2019alimenta, copula i potser reposa -, i si toca terra li costa molt o li resulta impossible reprendre el vol. Fa 16 cm, t\u00e9 les ales corbades i el cos curt en proporci\u00f3, i les potes molt petites, aptes per arrapar-se als murs, per\u00f2 no per caminar. El plomatge fosc, amb una taqueta blanca a la gola. Nia a les escletxes i als forats dels edificis. La gran rapidesa del seu vol li permet ca\u00e7ar els insectes a considerables dist\u00e0ncies del niu. No cal dir que \u00e9s estival i que migra a la tardor.<\/span><\/p>\n<p style=\"text-align: right;\"><span style=\"font-weight: 400; font-size: 10pt;\">Joaquim Maluquer i Sostres.\u00a0 \u201cCon\u00e8ixer i estimar els ocells\u201d<\/span><\/p>\n<p style=\"text-align: center;\"><span style=\"color: #808000;\"><strong><span style=\"font-size: 12pt;\"><a href=\"https:\/\/agora.xtec.cat\/ceip-lola-anglada-esplugues\/wp-content\/uploads\/usu1507\/2021\/05\/OA-41-2021.jpg\"><img loading=\"lazy\" decoding=\"async\" class=\"aligncenter size-full wp-image-4992\" src=\"https:\/\/agora.xtec.cat\/ceip-lola-anglada-esplugues\/wp-content\/uploads\/usu1507\/2021\/05\/OA-41-2021.jpg\" alt=\"\" width=\"894\" height=\"577\" srcset=\"https:\/\/agora.xtec.cat\/ceip-lola-anglada-esplugues\/wp-content\/uploads\/usu1507\/2021\/05\/OA-41-2021.jpg 894w, https:\/\/agora.xtec.cat\/ceip-lola-anglada-esplugues\/wp-content\/uploads\/usu1507\/2021\/05\/OA-41-2021-300x194.jpg 300w, https:\/\/agora.xtec.cat\/ceip-lola-anglada-esplugues\/wp-content\/uploads\/usu1507\/2021\/05\/OA-41-2021-768x496.jpg 768w\" sizes=\"auto, (max-width: 894px) 100vw, 894px\" \/><\/a>OCELL AMAGAT n\u00ba 41:\u00a0 \u00a0FLAMENC ROSAT<br \/>\nPer\u00edode per respondre: de dilluns 3 al diumenge 9 de maig<\/span><\/strong><\/span><\/p>\n<p><span style=\"font-weight: 400;\">El nom grec del <\/span><b>flamenc<\/b><span style=\"font-weight: 400;\"> significa \u201cales de foc\u201d. Un gran encert dels antics. Quan encara no ho sabia, amb un excessiu entusiasme entre ornitol\u00f2gic i literari, vaig escriure a <\/span><i><span style=\"font-weight: 400;\">Els ocells de les terres catalanes: <\/span><\/i><span style=\"font-weight: 400;\">\u201cUn estol de flamencs al\u00e7ant el vol ofereix l\u2019espectacle magn\u00edfic que podrien suggerir les flamarades\u00a0 d\u2019un incendi sobtat que esclat\u00e9s als tranquils i grisencs aiguamolls\u201d.<\/span><\/p>\n<p><span style=\"font-weight: 400;\">L\u2019\u00e9sser hum\u00e0 sempre ha estat fascinat pels flamencs, barreja d\u2019extravag\u00e0ncia i de bellesa. A l\u2019antic Egipte, simbolitzava el d\u00e9u solar Ra, relacionat segons sembla, amb el m\u00edtic ocell F\u00e8nix. I en la seva escriptura jerogl\u00edfica, el flamenc esquematitzat significa el color vermell.<\/span><\/p>\n<p><span style=\"font-weight: 400;\">El flamenc \u00e9s, doncs, un esvelt\u00edssim camallarg rosat, d\u2019entre 120 a 145 cm i d\u2019un pes de 2 a 4 kg, molt lleuger atesa la seva mida, amb unes potes i un coll d\u2019una longitud desmesurada i les ales que combinen el negre i el roig. El seu bec \u00e9s \u00fanic, tant per la forma com per les funcions: gruixut, curt, bruscament corbat cap avall, rosat amb l\u2019extrem negre, adaptat per filtrar l\u2019aliment gr\u00e0cies a una lamel\u00b7les internes que nom\u00e9s deixen passar els menuts invertebrats i les algues, que s\u00f3n el seu nodriment.<\/span><\/p>\n<p style=\"text-align: right;\"><span style=\"font-weight: 400; font-size: 10pt;\">Joaquim Maluquer i Sostres.\u00a0 \u201cCon\u00e8ixer i estimar els ocells\u201d<\/span><\/p>\n<p style=\"text-align: center;\"><span style=\"color: #808000;\"><strong><span style=\"font-size: 12pt;\"><a href=\"https:\/\/agora.xtec.cat\/ceip-lola-anglada-esplugues\/wp-content\/uploads\/usu1507\/2021\/04\/OA-40-2021.jpg\"><img loading=\"lazy\" decoding=\"async\" class=\"aligncenter size-full wp-image-4978\" src=\"https:\/\/agora.xtec.cat\/ceip-lola-anglada-esplugues\/wp-content\/uploads\/usu1507\/2021\/04\/OA-40-2021.jpg\" alt=\"\" width=\"843\" height=\"690\" srcset=\"https:\/\/agora.xtec.cat\/ceip-lola-anglada-esplugues\/wp-content\/uploads\/usu1507\/2021\/04\/OA-40-2021.jpg 843w, https:\/\/agora.xtec.cat\/ceip-lola-anglada-esplugues\/wp-content\/uploads\/usu1507\/2021\/04\/OA-40-2021-300x246.jpg 300w, https:\/\/agora.xtec.cat\/ceip-lola-anglada-esplugues\/wp-content\/uploads\/usu1507\/2021\/04\/OA-40-2021-768x629.jpg 768w\" sizes=\"auto, (max-width: 843px) 100vw, 843px\" \/><\/a>OCELL AMAGAT n\u00ba 40:\u00a0 \u00a0\u00c0NEC CULLEROT<br \/>\nPer\u00edode per respondre: de dilluns 19 d&#8217;abril al diumenge 2 de maig<\/span><\/strong><\/span><\/p>\n<p><span style=\"font-weight: 400;\">L\u2019<\/span><b>\u00e0nec cullerot<\/b><span style=\"font-weight: 400;\">, que es troba en els medis aqu\u00e0tics de l\u2019hemisferi nord, es caracteritza pel seu gran bec, al qual al\u00b7ludeix el nom popular. El mascle, de plomatge blanc i negre, amb el cap i el coll verd lluent, l\u2019ull groc contrastat, i els costats castany fosc, \u00e9s un bell ocell; la femella, en canvi, \u00e9s de color castany clapejat.<\/span><\/p>\n<p><span style=\"font-weight: 400;\">Nidificat esc\u00e0s, amb 10 o 15 parelles parelles niant per tot el pa\u00eds. En canvi, a l\u2019hivern n\u2019arriben als nostres estanys de 10.000 a 18.000 exemplars.<\/span><\/p>\n<p style=\"text-align: right;\"><span style=\"font-weight: 400; font-size: 10pt;\">Joaquim Maluquer i Sostres.\u00a0 \u201cCon\u00e8ixer i estimar els ocells\u201d<\/span><\/p>\n<p>&nbsp;<\/p>\n<p style=\"text-align: center;\"><span style=\"color: #808000;\"><strong><span style=\"font-size: 12pt;\"><a href=\"https:\/\/agora.xtec.cat\/ceip-lola-anglada-esplugues\/wp-content\/uploads\/usu1507\/2021\/04\/OA-39-2021.jpg\"><img loading=\"lazy\" decoding=\"async\" class=\"aligncenter size-full wp-image-4977\" src=\"https:\/\/agora.xtec.cat\/ceip-lola-anglada-esplugues\/wp-content\/uploads\/usu1507\/2021\/04\/OA-39-2021.jpg\" alt=\"\" width=\"891\" height=\"567\" srcset=\"https:\/\/agora.xtec.cat\/ceip-lola-anglada-esplugues\/wp-content\/uploads\/usu1507\/2021\/04\/OA-39-2021.jpg 891w, https:\/\/agora.xtec.cat\/ceip-lola-anglada-esplugues\/wp-content\/uploads\/usu1507\/2021\/04\/OA-39-2021-300x191.jpg 300w, https:\/\/agora.xtec.cat\/ceip-lola-anglada-esplugues\/wp-content\/uploads\/usu1507\/2021\/04\/OA-39-2021-768x489.jpg 768w\" sizes=\"auto, (max-width: 891px) 100vw, 891px\" \/><\/a>OCELL AMAGAT n\u00ba 39:\u00a0 \u00a0BEC D&#8217;ALENA<br \/>\nPer\u00edode per respondre: de dilluns 19 d&#8217;abril al diumenge 2 de maig<\/span><\/strong><\/span><\/p>\n<p><span style=\"font-weight: 400;\">El <\/span><b>bec d\u2019alena<\/b><span style=\"font-weight: 400;\">, anomenat \u201cprimavera\u201d a Val\u00e8ncia, \u00e9s un bonic ocell de 43 cm, molt ben caracteritzat pel llarg bec tot corbat cap amunt, per les potes llargues i pel plomatge blanc, el capell i el clatell negres, i el dors blanc i negre. El <\/span><b>bec d\u2019alena<\/b><span style=\"font-weight: 400;\"> sovinteja als estanys salats, i cal dir que \u00e9s una de les esp\u00e8cies m\u00e9s atraients de les nostres aus d\u2019aiguamoll.<\/span><\/p>\n<p style=\"text-align: right;\"><span style=\"font-weight: 400; font-size: 10pt;\">Joaquim Maluquer i Sostres.\u00a0 \u201cEls ocells de les terres catalanes\u201d<\/span><\/p>\n<p>&nbsp;<\/p>\n<p style=\"text-align: center;\"><span style=\"color: #808000;\"><strong><span style=\"font-size: 12pt;\"><a href=\"https:\/\/agora.xtec.cat\/ceip-lola-anglada-esplugues\/wp-content\/uploads\/usu1507\/2021\/04\/OA-38-2021.jpg\"><img loading=\"lazy\" decoding=\"async\" class=\"aligncenter size-full wp-image-4962\" src=\"https:\/\/agora.xtec.cat\/ceip-lola-anglada-esplugues\/wp-content\/uploads\/usu1507\/2021\/04\/OA-38-2021.jpg\" alt=\"\" width=\"884\" height=\"572\" srcset=\"https:\/\/agora.xtec.cat\/ceip-lola-anglada-esplugues\/wp-content\/uploads\/usu1507\/2021\/04\/OA-38-2021.jpg 884w, https:\/\/agora.xtec.cat\/ceip-lola-anglada-esplugues\/wp-content\/uploads\/usu1507\/2021\/04\/OA-38-2021-300x194.jpg 300w, https:\/\/agora.xtec.cat\/ceip-lola-anglada-esplugues\/wp-content\/uploads\/usu1507\/2021\/04\/OA-38-2021-768x497.jpg 768w\" sizes=\"auto, (max-width: 884px) 100vw, 884px\" \/><\/a>OCELL AMAGAT n\u00ba 38:\u00a0 \u00a0AGR\u00d3 ROIG<br \/>\nPer\u00edode per respondre: de dilluns 12 al diumenge 18 d&#8217;abril<\/span><\/strong><\/span><\/p>\n<p><span style=\"font-weight: 400;\">L\u2019<\/span><b>agr\u00f3 roig<\/b><span style=\"font-weight: 400;\">, <\/span><i><span style=\"font-weight: 400;\">adrag\u00f3 o drag\u00f3 <\/span><\/i><span style=\"font-weight: 400;\">al Delta, \u00e9s un bell i esvelt camallarg que fa 79 cm. Similar per\u00f2 un poc menor que el bernat pescaire, substitueix els blancs i grisos d\u2019aquest per un plomatge on el castany rogenc caracteritza l\u2019ocell, incl\u00f2s el llarg coll resseguit per ratlles negres. Per contrast, les ales s\u00f3n grises. D\u2019\u00e0mplia distribuci\u00f3 euroasi\u00e0tica i africana, arriba al mar\u00e7 i marxa a hivernar a l\u2019\u00c0frica subsahariana a l\u2019agost-setembre.<\/span><\/p>\n<p><span style=\"font-weight: 400;\">Per fortuna l\u2019<\/span><b>agr\u00f3 roig<\/b><span style=\"font-weight: 400;\"> s\u2019ha recuperat for\u00e7a de la quasi extinci\u00f3, per\u00f2 sense arribar encara a l\u2019esplendor d\u2019antany. (Actualment hi ha a Catalunya entre 697 i 724 parelles).<\/span><\/p>\n<p style=\"text-align: right;\"><span style=\"font-weight: 400; font-size: 10pt;\">Joaquim Maluquer i Sostres.\u00a0 \u201cCon\u00e8ixer i estimar els ocells\u201d<\/span><\/p>\n<p>&nbsp;<\/p>\n<p style=\"text-align: center;\"><span style=\"color: #808000;\"><strong><span style=\"font-size: 12pt;\"><a href=\"https:\/\/agora.xtec.cat\/ceip-lola-anglada-esplugues\/wp-content\/uploads\/usu1507\/2021\/04\/OA-37-2021.jpg\"><img loading=\"lazy\" decoding=\"async\" class=\"aligncenter size-full wp-image-4961\" src=\"https:\/\/agora.xtec.cat\/ceip-lola-anglada-esplugues\/wp-content\/uploads\/usu1507\/2021\/04\/OA-37-2021.jpg\" alt=\"\" width=\"893\" height=\"581\" srcset=\"https:\/\/agora.xtec.cat\/ceip-lola-anglada-esplugues\/wp-content\/uploads\/usu1507\/2021\/04\/OA-37-2021.jpg 893w, https:\/\/agora.xtec.cat\/ceip-lola-anglada-esplugues\/wp-content\/uploads\/usu1507\/2021\/04\/OA-37-2021-300x195.jpg 300w, https:\/\/agora.xtec.cat\/ceip-lola-anglada-esplugues\/wp-content\/uploads\/usu1507\/2021\/04\/OA-37-2021-768x500.jpg 768w\" sizes=\"auto, (max-width: 893px) 100vw, 893px\" \/><\/a>OCELL AMAGAT n\u00ba 37:\u00a0 CORRIOL ANELLAT PETIT<br \/>\nPer\u00edode per respondre: de dilluns 12 al diumenge 18 d&#8217;abril<\/span><\/strong><\/span><\/p>\n<p><span style=\"font-weight: 400;\">El corriol petit, de nom\u00e9s 15 cm, t\u00e9 el bec i les potes curtes, el dors castany i el dessota blanc, amb una franja negra al pit i una altra al front. Aquest menut lim\u00edcola est\u00e0 for\u00e7a est\u00e8s pel territori, i \u00e9s freq\u00fcent als regadius de la plana occidental (Plana de Lleida) a finals d\u2019estiu.<\/span><\/p>\n<p style=\"text-align: right;\"><span style=\"font-weight: 400; font-size: 10pt;\">Joaquim Maluquer i Sostres.\u00a0 \u201cCon\u00e8ixer i estimar els ocells\u201d<\/span><\/p>\n<p>&nbsp;<\/p>\n<p style=\"text-align: center;\"><span style=\"color: #808000;\"><strong><span style=\"font-size: 12pt;\"><a href=\"https:\/\/agora.xtec.cat\/ceip-lola-anglada-esplugues\/wp-content\/uploads\/usu1507\/2021\/04\/Bonus-points-03-pasqua-R.jpg\"><img loading=\"lazy\" decoding=\"async\" class=\"aligncenter size-full wp-image-4960\" src=\"https:\/\/agora.xtec.cat\/ceip-lola-anglada-esplugues\/wp-content\/uploads\/usu1507\/2021\/04\/Bonus-points-03-pasqua-R.jpg\" alt=\"\" width=\"935\" height=\"560\" srcset=\"https:\/\/agora.xtec.cat\/ceip-lola-anglada-esplugues\/wp-content\/uploads\/usu1507\/2021\/04\/Bonus-points-03-pasqua-R.jpg 935w, https:\/\/agora.xtec.cat\/ceip-lola-anglada-esplugues\/wp-content\/uploads\/usu1507\/2021\/04\/Bonus-points-03-pasqua-R-300x180.jpg 300w, https:\/\/agora.xtec.cat\/ceip-lola-anglada-esplugues\/wp-content\/uploads\/usu1507\/2021\/04\/Bonus-points-03-pasqua-R-768x460.jpg 768w\" sizes=\"auto, (max-width: 935px) 100vw, 935px\" \/><\/a>&#8220;BONUS POINTS&#8221; n\u00ba 3:<br \/>\nPer\u00edode per respondre: de dilluns 22 de mar\u00e7 a diumenge 11 d&#8217;abril<br \/>\nCada dos ocells identificats, 1 punt afegit!<br \/>\n<\/span><\/strong><\/span><\/p>\n<p>&nbsp;<\/p>\n<p style=\"text-align: center;\"><span style=\"color: #808000;\"><strong><span style=\"font-size: 12pt;\"><a href=\"https:\/\/agora.xtec.cat\/ceip-lola-anglada-esplugues\/wp-content\/uploads\/usu1507\/2021\/03\/OA-36-2021.jpg\"><img loading=\"lazy\" decoding=\"async\" class=\"aligncenter size-full wp-image-4950\" src=\"https:\/\/agora.xtec.cat\/ceip-lola-anglada-esplugues\/wp-content\/uploads\/usu1507\/2021\/03\/OA-36-2021.jpg\" alt=\"\" width=\"896\" height=\"575\" srcset=\"https:\/\/agora.xtec.cat\/ceip-lola-anglada-esplugues\/wp-content\/uploads\/usu1507\/2021\/03\/OA-36-2021.jpg 896w, https:\/\/agora.xtec.cat\/ceip-lola-anglada-esplugues\/wp-content\/uploads\/usu1507\/2021\/03\/OA-36-2021-300x193.jpg 300w, https:\/\/agora.xtec.cat\/ceip-lola-anglada-esplugues\/wp-content\/uploads\/usu1507\/2021\/03\/OA-36-2021-768x493.jpg 768w\" sizes=\"auto, (max-width: 896px) 100vw, 896px\" \/><\/a>OCELL AMAGAT n\u00ba 36:\u00a0 \u00a0CABUSSET COM\u00da<br \/>\nPer\u00edode per respondre: de dilluns 22 de mar\u00e7 a diumenge 11 d&#8217;abril<br \/>\n<\/span><\/strong><\/span><\/p>\n<p><span style=\"font-weight: 400;\">El <\/span><b>cabusset<\/b><span style=\"font-weight: 400;\"> rep, entre altres noms populars, el de <\/span><i><span style=\"font-weight: 400;\">suter\u00ed<\/span><\/i><span style=\"font-weight: 400;\"> a Mallorca i <\/span><i><span style=\"font-weight: 400;\">periquet<\/span><\/i><span style=\"font-weight: 400;\"> al Delta de l\u2019Ebre.<\/span><\/p>\n<p><span style=\"font-weight: 400;\">Amida 26 cm. I \u00e9s el m\u00e9s menut, i tamb\u00e9 el m\u00e9s corrent, de tots els cabussons. En el plomatge nupcial t\u00e9 la gola i les galtes brunes, amb el dors fosc i el dessota blanquin\u00f3s. A l\u2019hivern, la gola esdev\u00e9 blanca i els altres colors s\u2019esvaeixen. Nia i es sedentari a les terres peninsulars, i ales nostres Illes i a tot Europa, llevat del nord. \u00c9s el cabuus\u00f3 que m\u00e9s sovint hom veu als estanys i als tolls dels rius, on es capbussa tan bon punt s\u2019adona que l\u2019observem.<\/span><\/p>\n<p style=\"text-align: right;\"><span style=\"font-weight: 400; font-size: 10pt;\">Joaquim Maluquer i Sostres.\u00a0 \u201cEls ocells de les terres catalanes\u201d<\/span><\/p>\n<p>&nbsp;<\/p>\n<p style=\"text-align: center;\"><span style=\"color: #808000;\"><strong><span style=\"font-size: 12pt;\"><a href=\"https:\/\/agora.xtec.cat\/ceip-lola-anglada-esplugues\/wp-content\/uploads\/usu1507\/2021\/03\/OA-35-2021.jpg\"><img loading=\"lazy\" decoding=\"async\" class=\"aligncenter size-full wp-image-4949\" src=\"https:\/\/agora.xtec.cat\/ceip-lola-anglada-esplugues\/wp-content\/uploads\/usu1507\/2021\/03\/OA-35-2021.jpg\" alt=\"\" width=\"891\" height=\"577\" srcset=\"https:\/\/agora.xtec.cat\/ceip-lola-anglada-esplugues\/wp-content\/uploads\/usu1507\/2021\/03\/OA-35-2021.jpg 891w, https:\/\/agora.xtec.cat\/ceip-lola-anglada-esplugues\/wp-content\/uploads\/usu1507\/2021\/03\/OA-35-2021-300x194.jpg 300w, https:\/\/agora.xtec.cat\/ceip-lola-anglada-esplugues\/wp-content\/uploads\/usu1507\/2021\/03\/OA-35-2021-768x497.jpg 768w\" sizes=\"auto, (max-width: 891px) 100vw, 891px\" \/><\/a>OCELL AMAGAT n\u00ba 35:\u00a0 \u00a0ESCORXADOR COM\u00da<br \/>\nPer\u00edode per respondre: de dilluns 22 de mar\u00e7 a diumenge 11 d&#8217;abril<br \/>\n<\/span><\/strong><\/span><\/p>\n<p style=\"text-align: left;\"><span style=\"font-weight: 400;\">L\u2019<\/span><b>escorxador<\/b><span style=\"font-weight: 400;\">, el podriem definir com \u201cmoixons de rapinya\u201d (capturen petits ocells i petits mam\u00edfers i els claven a les punxes dels esbarzers per menjar-los posteriorment). Es tracta d\u2019una esp\u00e8cie eurosiberiana, que hiverna a l\u2019\u00c0frica subsahariana i nia al ter\u00e7 nord de Catalunya, sobretot a les comarques pirinenques i prepirinenques. El seu h\u00e0bitat natural s\u00f3n les pastures de muntanya i terrenys oberts. La poblaci\u00f3 \u00e9s de 18000 a 43000 parelles. Fa uns 17 cm, amb el dors castany rogenc, el cap gris i una ratlla negra del bec a darrera l\u2019ull, t\u00edpica del seu g\u00e8nere.<\/span><\/p>\n<p style=\"text-align: right;\"><span style=\"font-weight: 400; font-size: 10pt;\">Joaquim Maluquer i Sostres.\u00a0 \u201cCon\u00e8ixer i estimar els ocells\u201d<\/span><\/p>\n<p>&nbsp;<\/p>\n<p style=\"text-align: center;\"><span style=\"color: #808000;\"><strong><span style=\"font-size: 12pt;\"><a href=\"https:\/\/agora.xtec.cat\/ceip-lola-anglada-esplugues\/wp-content\/uploads\/usu1507\/2021\/03\/OA-34-2021.jpg\"><img loading=\"lazy\" decoding=\"async\" class=\"aligncenter size-full wp-image-4939\" src=\"https:\/\/agora.xtec.cat\/ceip-lola-anglada-esplugues\/wp-content\/uploads\/usu1507\/2021\/03\/OA-34-2021.jpg\" alt=\"\" width=\"891\" height=\"576\" srcset=\"https:\/\/agora.xtec.cat\/ceip-lola-anglada-esplugues\/wp-content\/uploads\/usu1507\/2021\/03\/OA-34-2021.jpg 891w, https:\/\/agora.xtec.cat\/ceip-lola-anglada-esplugues\/wp-content\/uploads\/usu1507\/2021\/03\/OA-34-2021-300x194.jpg 300w, https:\/\/agora.xtec.cat\/ceip-lola-anglada-esplugues\/wp-content\/uploads\/usu1507\/2021\/03\/OA-34-2021-768x496.jpg 768w\" sizes=\"auto, (max-width: 891px) 100vw, 891px\" \/><\/a>OCELL AMAGAT n\u00ba 34:\u00a0 \u00a0\u00c0NEC GRISET<br \/>\nPer\u00edode per respondre: de dilluns 15 a diumenge 21 de mar\u00e7<br \/>\n<\/span><\/strong><\/span><\/p>\n<p><span style=\"font-weight: 400;\">L&#8217;<\/span><b>\u00e0nec griset<\/b><span style=\"font-weight: 400;\">, anomenat \u201croncador\u201d al Delta de l&#8217;Ebre i \u201cascle\u201d a Val\u00e8ncia, \u00e9s m\u00e9s petit que el coll-verd, puix que no ultrapassa els 51 cm, i amb el plomatge menys acolorit. En aquest domina la tonalitat grisa; l&#8217;abdomen \u00e9s blanc, i la regi\u00f3 de la cua negra; les plomes de les ales s\u00f3n de color castany; el bec \u00e9s gris; les potes de color taronja. La femella \u00e9s bruna; ambd\u00f3s sexes tenen el mirall blanc* (* El mirall en els \u00e0necs \u00e9s una petita distinci\u00f3 de color que tenen a l&#8217;ala). Nia en una \u00e0mplia zona de l&#8217;est del Continent i a les Illes Brit\u00e0niques. Als nostres estanys \u00e9s sobretot immigrant a l&#8217;hivern<\/span><span style=\"font-weight: 400;\">.<\/span><\/p>\n<p style=\"text-align: right;\"><span style=\"font-weight: 400; font-size: 10pt;\">Joaquim Maluquer i Sostres.\u00a0 \u201cEls ocells de les terres catalanes\u201d<\/span><\/p>\n<p><i><span style=\"font-weight: 400;\">(Al llibre \u201cCon\u00e8ixer i estimar els ocells. Joaquim Maluquer\u201d, amplia la informaci\u00f3 dient: Segons l&#8217;Atles 1999-2002, al Delta, hi nien unes 350 parelles, de deu a vint ho fan als Aiguamolls de l&#8217;Empord\u00e0 i al Delta del Llobregat)<\/span><\/i><\/p>\n<p>&nbsp;<\/p>\n<p style=\"text-align: center;\"><span style=\"color: #808000;\"><strong><span style=\"font-size: 12pt;\"><a href=\"https:\/\/agora.xtec.cat\/ceip-lola-anglada-esplugues\/wp-content\/uploads\/usu1507\/2021\/03\/OA-33-2021.jpg\"><img loading=\"lazy\" decoding=\"async\" class=\"aligncenter size-full wp-image-4938\" src=\"https:\/\/agora.xtec.cat\/ceip-lola-anglada-esplugues\/wp-content\/uploads\/usu1507\/2021\/03\/OA-33-2021.jpg\" alt=\"\" width=\"895\" height=\"579\" srcset=\"https:\/\/agora.xtec.cat\/ceip-lola-anglada-esplugues\/wp-content\/uploads\/usu1507\/2021\/03\/OA-33-2021.jpg 895w, https:\/\/agora.xtec.cat\/ceip-lola-anglada-esplugues\/wp-content\/uploads\/usu1507\/2021\/03\/OA-33-2021-300x194.jpg 300w, https:\/\/agora.xtec.cat\/ceip-lola-anglada-esplugues\/wp-content\/uploads\/usu1507\/2021\/03\/OA-33-2021-768x497.jpg 768w\" sizes=\"auto, (max-width: 895px) 100vw, 895px\" \/><\/a>OCELL AMAGAT n\u00ba 33:\u00a0 \u00a0CAMALLARGA COMUNA<br \/>\nPer\u00edode per respondre: de dilluns 15 a diumenge 21 de mar\u00e7<\/span><\/strong><\/span><\/p>\n<p><span style=\"font-weight: 400;\">El <\/span><b>camallarga<\/b><span style=\"font-weight: 400;\">, tamb\u00e9 conegut a Menorca com a cames de jonc, fa 38 cm i \u00e9s l\u2019ocell m\u00e9s esvelt del nostre elenc ornitol\u00f2gic. De plomatge blanqu\u00edssim, que contrasta amb les ales negres, i de bec llarg i fi, quan vola, amb el coll i les potes estirades, la seva imatge em sugger\u00ed fa molts anys un dardell (dard) solcant l\u2019espai.<\/span><\/p>\n<p style=\"text-align: right;\"><span style=\"font-weight: 400; font-size: 10pt;\">Joaquim Maluquer i Sostres.\u00a0 \u201cCon\u00e8ixer i estimar els ocells\u201d<\/span><\/p>\n<p>&nbsp;<\/p>\n<p style=\"text-align: center;\"><span style=\"color: #808000;\"><strong><span style=\"font-size: 12pt;\"><a href=\"https:\/\/agora.xtec.cat\/ceip-lola-anglada-esplugues\/wp-content\/uploads\/usu1507\/2021\/03\/OA-32-2021.jpg\"><img loading=\"lazy\" decoding=\"async\" class=\"aligncenter size-full wp-image-4900\" src=\"https:\/\/agora.xtec.cat\/ceip-lola-anglada-esplugues\/wp-content\/uploads\/usu1507\/2021\/03\/OA-32-2021.jpg\" alt=\"\" width=\"898\" height=\"575\" srcset=\"https:\/\/agora.xtec.cat\/ceip-lola-anglada-esplugues\/wp-content\/uploads\/usu1507\/2021\/03\/OA-32-2021.jpg 898w, https:\/\/agora.xtec.cat\/ceip-lola-anglada-esplugues\/wp-content\/uploads\/usu1507\/2021\/03\/OA-32-2021-300x192.jpg 300w, https:\/\/agora.xtec.cat\/ceip-lola-anglada-esplugues\/wp-content\/uploads\/usu1507\/2021\/03\/OA-32-2021-768x492.jpg 768w\" sizes=\"auto, (max-width: 898px) 100vw, 898px\" \/><\/a>OCELL AMAGAT n\u00ba 32:\u00a0 CORRIOL CAMANEGRE<br \/>\nPer\u00edode per respondre: de dilluns 8 a diumenge 14 de mar\u00e7<\/span><\/strong><\/span><\/p>\n<p><span style=\"font-weight: 400;\">El <\/span><b>corriol camanegre<\/b><span style=\"font-weight: 400;\"> amida 16 cm. T\u00e9 el dors, les ales i la part superior del cap castanys; l\u2019abdomen, el pit, la gola i el front blancs. Al cap tamb\u00e9 duu la clapa negra des del bec fins darrera l\u2019ull. Damunt el pit, a l\u2019indret de l\u2019angle de les ales, mostra dues taques negres caracter\u00edstiques, que s\u00f3n l\u2019inici de la banda negra pr\u00f2pia dels altres corriols. Tamb\u00e9 el distingeixen el bec i les potes fosques. Fa el niu al litoral. Nia i hiverna a tot el nostre litoral, les illes compreses.<\/span><\/p>\n<p style=\"text-align: right;\"><span style=\"font-weight: 400; font-size: 10pt;\">Joaquim Maluquer i Sostres\u00a0 \u201cCon\u00e8ixer i estimar els ocells\u201d<\/span><\/p>\n<p>&nbsp;<\/p>\n<p style=\"text-align: center;\"><span style=\"color: #808000;\"><strong><span style=\"font-size: 12pt;\"><a href=\"https:\/\/agora.xtec.cat\/ceip-lola-anglada-esplugues\/wp-content\/uploads\/usu1507\/2021\/03\/OA-31-2021.jpg\"><img loading=\"lazy\" decoding=\"async\" class=\"aligncenter size-full wp-image-4899\" src=\"https:\/\/agora.xtec.cat\/ceip-lola-anglada-esplugues\/wp-content\/uploads\/usu1507\/2021\/03\/OA-31-2021.jpg\" alt=\"\" width=\"894\" height=\"569\" srcset=\"https:\/\/agora.xtec.cat\/ceip-lola-anglada-esplugues\/wp-content\/uploads\/usu1507\/2021\/03\/OA-31-2021.jpg 894w, https:\/\/agora.xtec.cat\/ceip-lola-anglada-esplugues\/wp-content\/uploads\/usu1507\/2021\/03\/OA-31-2021-300x191.jpg 300w, https:\/\/agora.xtec.cat\/ceip-lola-anglada-esplugues\/wp-content\/uploads\/usu1507\/2021\/03\/OA-31-2021-768x489.jpg 768w\" sizes=\"auto, (max-width: 894px) 100vw, 894px\" \/><\/a>OCELL AMAGAT n\u00ba 31:\u00a0 \u00c0NEC COLLVERD<br \/>\nPer\u00edode per respondre: de dilluns 8 a diumenge 14 de mar\u00e7<\/span><\/strong><\/span><\/p>\n<p><span style=\"font-weight: 400;\">L\u2019\u00e0nec m\u00e9s abundant a Catalunya. Un t\u00edpic \u00e0nec de superf\u00edcie o nedador.<\/span><\/p>\n<p><span style=\"font-weight: 400;\">Aquest \u00e0nec experimenta un creixement molt important. Es distribueix per tot Europa. De bona mida, 58 cm, s\u2019identifica pel cap i el coll verd amb reflexos met\u00e0l\u00b7lics , un collar blanc i el pit castany. La femella \u00e9s bruna, per\u00f2, com el mascle, llueix un \u201cmirall\u201d (marca distintiva a les ales pr\u00f2pies dels \u00e0necs) morat emmarcat per franges blanques.<\/span><\/p>\n<p><span style=\"font-weight: 400;\">D\u2019acord amb l\u2019Atles dels ocells nidificants a Catalunya, la poblaci\u00f3 del Delta de l\u2019Ebre era de 8000 a 11000 parelles i a tot el pa\u00eds entre 16000 i 20000 parelles.<\/span><\/p>\n<p style=\"text-align: right;\"><span style=\"font-weight: 400;\"><span style=\"font-size: 10pt;\">Joaquim Maluquer i Sostres\u00a0 \u201cCon\u00e8ixer i estimar els ocells\u201d<\/span><br \/>\n<\/span><\/p>\n<p style=\"text-align: center;\"><span style=\"color: #808000;\"><strong><span style=\"font-size: 12pt;\"><a href=\"https:\/\/agora.xtec.cat\/ceip-lola-anglada-esplugues\/wp-content\/uploads\/usu1507\/2021\/03\/OA-30-2021.jpg\"><img loading=\"lazy\" decoding=\"async\" class=\"aligncenter size-full wp-image-4882\" src=\"https:\/\/agora.xtec.cat\/ceip-lola-anglada-esplugues\/wp-content\/uploads\/usu1507\/2021\/03\/OA-30-2021.jpg\" alt=\"\" width=\"896\" height=\"575\" srcset=\"https:\/\/agora.xtec.cat\/ceip-lola-anglada-esplugues\/wp-content\/uploads\/usu1507\/2021\/03\/OA-30-2021.jpg 896w, https:\/\/agora.xtec.cat\/ceip-lola-anglada-esplugues\/wp-content\/uploads\/usu1507\/2021\/03\/OA-30-2021-300x193.jpg 300w, https:\/\/agora.xtec.cat\/ceip-lola-anglada-esplugues\/wp-content\/uploads\/usu1507\/2021\/03\/OA-30-2021-768x493.jpg 768w\" sizes=\"auto, (max-width: 896px) 100vw, 896px\" \/><\/a>OCELL AMAGAT n\u00ba 30:\u00a0 ORENETA COMUNA<br \/>\nPer\u00edode per respondre: de dilluns 1 a diumenge 7 de mar\u00e7<\/span><\/strong><\/span><\/p>\n<p><span style=\"font-weight: 400;\">L&#8217;<\/span><b>oreneta comuna<\/b><span style=\"font-weight: 400;\">, pel fet de bastir els seus nius de boletes de fang a les construccions humanes, \u00e9s un dels ocells m\u00e9s familiars i coneguts, alhora que el m\u00e9s protegit per creences i tradicions. Quant a l&#8217;ocupaci\u00f3 del territori, el trobem en el 96,4%, \u00e9s capdavantera, per\u00f2 els seus efectius s\u00f3n notablement inferiors als de les esp\u00e8cies fins ara incloses entre les m\u00e9s comunes: segons l&#8217;Atles 1999-2002, podr\u00edem xifrar-los entre 200.000 i 250.000 parelles.<\/span><\/p>\n<p><span style=\"font-weight: 400;\">L&#8217;<\/span><b>oreneta comuna<\/b><span style=\"font-weight: 400;\"> ateny 19 cm, comptant les llargues i primes plomes de la cua. El dors \u00e9s negre blav\u00f3s; el front i la gola, castany rogenc i el dessota, blanquin\u00f3s. Les orenetes arriben pels volts de Sant Josep i se&#8217;n tornen a hivernar a l&#8217;\u00c0frica, com a insect\u00edvores que s\u00f3n.<\/span><\/p>\n<p style=\"text-align: right;\"><span style=\"font-weight: 400; font-size: 10pt;\">Joaquim Maluquer i Sostres.\u00a0 \u201cCon\u00e8ixer i estimar els ocells\u201d<\/span><\/p>\n<p>&nbsp;<\/p>\n<p style=\"text-align: center;\"><span style=\"color: #808000;\"><strong><span style=\"font-size: 12pt;\"><a href=\"https:\/\/agora.xtec.cat\/ceip-lola-anglada-esplugues\/wp-content\/uploads\/usu1507\/2021\/03\/OA-29-2021.jpg\"><img loading=\"lazy\" decoding=\"async\" class=\"aligncenter size-full wp-image-4881\" src=\"https:\/\/agora.xtec.cat\/ceip-lola-anglada-esplugues\/wp-content\/uploads\/usu1507\/2021\/03\/OA-29-2021.jpg\" alt=\"\" width=\"895\" height=\"578\" srcset=\"https:\/\/agora.xtec.cat\/ceip-lola-anglada-esplugues\/wp-content\/uploads\/usu1507\/2021\/03\/OA-29-2021.jpg 895w, https:\/\/agora.xtec.cat\/ceip-lola-anglada-esplugues\/wp-content\/uploads\/usu1507\/2021\/03\/OA-29-2021-300x194.jpg 300w, https:\/\/agora.xtec.cat\/ceip-lola-anglada-esplugues\/wp-content\/uploads\/usu1507\/2021\/03\/OA-29-2021-768x496.jpg 768w\" sizes=\"auto, (max-width: 895px) 100vw, 895px\" \/><\/a>OCELL AMAGAT n\u00ba 29:\u00a0 BLAUET<br \/>\nPer\u00edode per respondre: de dilluns 1 a diumenge 7 de mar\u00e7<\/span><\/strong><\/span><\/p>\n<p><span style=\"font-weight: 400;\">El <\/span><b>blauet <\/b><span style=\"font-weight: 400;\">mesura 16 cm, per\u00f2 sembla m\u00e9s gros per les mides del cap i del bec, fort i dret de pescador. D&#8217;acord amb el seu nom catal\u00e0, t\u00e9 el plomatge del dors i les ales d&#8217;un blau verd\u00f3s irisat, i el dessota castany. Se&#8217;l pot veure posat en una branca d&#8217;amunt de l&#8217;aigua, atent al pas d&#8217;un peixet o d&#8217;un insecte aqu\u00e0tic, sobre el qual s&#8217;afona. El niu \u00e9s al final d&#8217;una galeria que l&#8217;ocell excava en els marges de les ribes. Com destaca l&#8217;Atles dels ocells nidificants de Catalunya 1999-2002, la pres\u00e8ncia de blauets \u00e9s un magn\u00edfic indicador de la qualitat de l&#8217;aigua. La poblaci\u00f3 se situa entre 1000 i 1400 parelles, refor\u00e7ada pels hivernants n\u00f2rdics, amb tend\u00e8ncia decreixent, per\u00f2, a causa de la degradaci\u00f3 ambiental.<\/span><\/p>\n<p><span style=\"font-weight: 400;\">L&#8217;esp\u00e8cie t\u00e9 una \u00e0mplia distribuci\u00f3 mundial: europea, asi\u00e0tica compresa la Xina, Indon\u00e8sia i nord-africana. A Catalunya trobem el blauet a les conques del Llobregat, el Bes\u00f2s, la Tordera, el Ter i la Muga, d&#8217;una banda, i de l&#8217;altra, a les del Segre i l&#8217;Ebre, a part de m\u00faltiples localitzacions en rierols i punts d&#8217;aigua.<\/span><\/p>\n<p style=\"text-align: right;\"><span style=\"font-weight: 400; font-size: 10pt;\">Joaquim Maluquer i Sostres.\u00a0 \u201cCon\u00e8ixer i estimar els ocells\u201d<\/span><\/p>\n<p>&nbsp;<\/p>\n<p style=\"text-align: center;\"><span style=\"color: #808000;\"><strong><span style=\"font-size: 12pt;\"><a href=\"https:\/\/agora.xtec.cat\/ceip-lola-anglada-esplugues\/wp-content\/uploads\/usu1507\/2021\/03\/Bonus-points-02-carnaval-respostes.jpg\"><img loading=\"lazy\" decoding=\"async\" class=\"aligncenter size-full wp-image-4880\" src=\"https:\/\/agora.xtec.cat\/ceip-lola-anglada-esplugues\/wp-content\/uploads\/usu1507\/2021\/03\/Bonus-points-02-carnaval-respostes.jpg\" alt=\"\" width=\"941\" height=\"527\" srcset=\"https:\/\/agora.xtec.cat\/ceip-lola-anglada-esplugues\/wp-content\/uploads\/usu1507\/2021\/03\/Bonus-points-02-carnaval-respostes.jpg 941w, https:\/\/agora.xtec.cat\/ceip-lola-anglada-esplugues\/wp-content\/uploads\/usu1507\/2021\/03\/Bonus-points-02-carnaval-respostes-300x168.jpg 300w, https:\/\/agora.xtec.cat\/ceip-lola-anglada-esplugues\/wp-content\/uploads\/usu1507\/2021\/03\/Bonus-points-02-carnaval-respostes-768x430.jpg 768w\" sizes=\"auto, (max-width: 941px) 100vw, 941px\" \/><\/a>&#8220;BONUS POINTS&#8221; n\u00ba 2:<br \/>\nPer\u00edode per respondre: de dilluns 22 a diumenge 28 de febrer<br \/>\nCada dos ocells identificats, 1 punt afegit!<\/span><\/strong><\/span><\/p>\n<p>&nbsp;<\/p>\n<p style=\"text-align: center;\"><span style=\"color: #808000;\"><strong><span style=\"font-size: 12pt;\"><a href=\"https:\/\/agora.xtec.cat\/ceip-lola-anglada-esplugues\/wp-content\/uploads\/usu1507\/2021\/02\/OA-28-2021.jpg\"><img loading=\"lazy\" decoding=\"async\" class=\"aligncenter size-full wp-image-4851\" src=\"https:\/\/agora.xtec.cat\/ceip-lola-anglada-esplugues\/wp-content\/uploads\/usu1507\/2021\/02\/OA-28-2021.jpg\" alt=\"\" width=\"895\" height=\"575\" srcset=\"https:\/\/agora.xtec.cat\/ceip-lola-anglada-esplugues\/wp-content\/uploads\/usu1507\/2021\/02\/OA-28-2021.jpg 895w, https:\/\/agora.xtec.cat\/ceip-lola-anglada-esplugues\/wp-content\/uploads\/usu1507\/2021\/02\/OA-28-2021-300x193.jpg 300w, https:\/\/agora.xtec.cat\/ceip-lola-anglada-esplugues\/wp-content\/uploads\/usu1507\/2021\/02\/OA-28-2021-768x493.jpg 768w\" sizes=\"auto, (max-width: 895px) 100vw, 895px\" \/><\/a>OCELL AMAGAT n\u00ba 28:\u00a0 MALLERENGA PETITA<br \/>\nPer\u00edode per respondre: de dilluns 22 a diumenge 28 de febrer<\/span><\/strong><\/span><\/p>\n<p><span style=\"font-weight: 400;\">La<\/span><b> mallerenga petita <\/b><span style=\"font-weight: 400;\">nom\u00e9s amida 11,5 cm, i entre els ocells de la seva tribu (les mallerengues) \u00e9s el que t\u00e9 els colors m\u00e9s apagats &#8211; damunt grisenca i dessota clara -, amb el capell negre i una taca blanca a la nuca, que serveixen per identificar-la. Molt estesa per Europa, aquesta esp\u00e8cie \u00e9s sobretot sedent\u00e0ria a les nostres terres, per\u00f2 manca a les Illes. De les nostres mallerengues, aquesta \u00e9s la que considerem m\u00e9s pr\u00f2pia dels grans boscos de muntanya.<\/span><\/p>\n<p style=\"text-align: right;\"><span style=\"font-weight: 400; font-size: 10pt;\">Joaquim Maluquer i Sostres.\u00a0 \u201cEls ocells de les terres catalanes\u201d<\/span><\/p>\n<p>&nbsp;<\/p>\n<p style=\"text-align: center;\"><span style=\"color: #808000;\"><strong><span style=\"font-size: 12pt;\"><a href=\"https:\/\/agora.xtec.cat\/ceip-lola-anglada-esplugues\/wp-content\/uploads\/usu1507\/2021\/02\/OA-27-2021.jpg\"><img loading=\"lazy\" decoding=\"async\" class=\"aligncenter size-full wp-image-4850\" src=\"https:\/\/agora.xtec.cat\/ceip-lola-anglada-esplugues\/wp-content\/uploads\/usu1507\/2021\/02\/OA-27-2021.jpg\" alt=\"\" width=\"899\" height=\"581\" srcset=\"https:\/\/agora.xtec.cat\/ceip-lola-anglada-esplugues\/wp-content\/uploads\/usu1507\/2021\/02\/OA-27-2021.jpg 899w, https:\/\/agora.xtec.cat\/ceip-lola-anglada-esplugues\/wp-content\/uploads\/usu1507\/2021\/02\/OA-27-2021-300x194.jpg 300w, https:\/\/agora.xtec.cat\/ceip-lola-anglada-esplugues\/wp-content\/uploads\/usu1507\/2021\/02\/OA-27-2021-768x496.jpg 768w\" sizes=\"auto, (max-width: 899px) 100vw, 899px\" \/><\/a>OCELL AMAGAT n\u00ba 27:\u00a0 COTXA FUMADA<br \/>\nPer\u00edode per respondre: de dilluns 22 a diumenge 28 de febrer<\/span><\/strong><\/span><\/p>\n<p><span style=\"font-weight: 400;\">La <\/span><b>cotxa fumada<\/b><span style=\"font-weight: 400;\"> \u00e9s un petit t\u00fardid, parenta molt pr\u00f2xima de la cotxa cua-roja. Amida 14 cm i presenta la cua i el carp\u00f3 d\u2019un color vermell taronja, per\u00f2, com assenyala la denominaci\u00f3 de \u201cfumada\u201d, tota ella \u00e9s d\u2019un color m\u00e9s fosc. Els mascles palesen molt millor que les femelles aquesta diferenciaci\u00f3, puix que mostren el dors i el pit obscurs, amb l\u2019extrem de les remeres secund\u00e0ries blanques en els exemplars adults. La femella i els joves tenen el plomatge bru. \u00c9s sedent\u00e0ria a les nostres terres peninsulars, on tamb\u00e9 en passen en migraci\u00f3, aix\u00ed com a les Balears.<\/span><\/p>\n<p style=\"text-align: right;\"><span style=\"font-weight: 400; font-size: 10pt;\">Joaquim Maluquer i Sostres.\u00a0 \u201cCon\u00e8ixer i estimar els ocells\u201d<\/span><\/p>\n<p>&nbsp;<\/p>\n<p style=\"text-align: center;\"><span style=\"color: #808000;\"><strong><span style=\"font-size: 12pt;\"><a href=\"https:\/\/agora.xtec.cat\/ceip-lola-anglada-esplugues\/wp-content\/uploads\/usu1507\/2021\/02\/OA-26-2021.jpg\"><img loading=\"lazy\" decoding=\"async\" class=\"aligncenter size-full wp-image-4818\" src=\"https:\/\/agora.xtec.cat\/ceip-lola-anglada-esplugues\/wp-content\/uploads\/usu1507\/2021\/02\/OA-26-2021.jpg\" alt=\"\" width=\"899\" height=\"584\" srcset=\"https:\/\/agora.xtec.cat\/ceip-lola-anglada-esplugues\/wp-content\/uploads\/usu1507\/2021\/02\/OA-26-2021.jpg 899w, https:\/\/agora.xtec.cat\/ceip-lola-anglada-esplugues\/wp-content\/uploads\/usu1507\/2021\/02\/OA-26-2021-300x195.jpg 300w, https:\/\/agora.xtec.cat\/ceip-lola-anglada-esplugues\/wp-content\/uploads\/usu1507\/2021\/02\/OA-26-2021-768x499.jpg 768w\" sizes=\"auto, (max-width: 899px) 100vw, 899px\" \/><\/a>OCELL AMAGAT n\u00ba 26:\u00a0 \u00a0GAVINA RIALLERA (o vulgar) &#8220;PLOMATGE D&#8217;HIVERN&#8221;<br \/>\nPer\u00edode per respondre: de dilluns 8 a diumenge 21 de febrer<\/span><\/strong><\/span><\/p>\n<p><span style=\"font-weight: 400;\">La <\/span><b>gavina riallera<\/b><span style=\"font-weight: 400;\"> \u00e9s for\u00e7a m\u00e9s petita que el gavi\u00e0 de potes grogues.<\/span><\/p>\n<p style=\"text-align: right;\"><span style=\"font-weight: 400; font-size: 10pt;\">Joaquim Maluquer i Sostres.\u00a0 \u201cCon\u00e8ixer i estimar els ocells\u201d<\/span><\/p>\n<p>&nbsp;<\/p>\n<p style=\"text-align: center;\"><span style=\"color: #808000;\"><strong><span style=\"font-size: 12pt;\"><a href=\"https:\/\/agora.xtec.cat\/ceip-lola-anglada-esplugues\/wp-content\/uploads\/usu1507\/2021\/02\/OA-25-2021.jpg\"><img loading=\"lazy\" decoding=\"async\" class=\"aligncenter size-full wp-image-4817\" src=\"https:\/\/agora.xtec.cat\/ceip-lola-anglada-esplugues\/wp-content\/uploads\/usu1507\/2021\/02\/OA-25-2021.jpg\" alt=\"\" width=\"899\" height=\"582\" srcset=\"https:\/\/agora.xtec.cat\/ceip-lola-anglada-esplugues\/wp-content\/uploads\/usu1507\/2021\/02\/OA-25-2021.jpg 899w, https:\/\/agora.xtec.cat\/ceip-lola-anglada-esplugues\/wp-content\/uploads\/usu1507\/2021\/02\/OA-25-2021-300x194.jpg 300w, https:\/\/agora.xtec.cat\/ceip-lola-anglada-esplugues\/wp-content\/uploads\/usu1507\/2021\/02\/OA-25-2021-768x497.jpg 768w\" sizes=\"auto, (max-width: 899px) 100vw, 899px\" \/><\/a>OCELL AMAGAT n\u00ba 25:\u00a0 GAVINA RIALLERA (o vulgar) &#8220;PLOMATGE NUPCIAL&#8221;<br \/>\nPer\u00edode per respondre: de dilluns 8 a diumenge 21 de febrer<\/span><\/strong><\/span><\/p>\n<p><span style=\"font-weight: 400;\">La <\/span><b>gavina riallera<\/b><span style=\"font-weight: 400;\"> amida 38 cm., duu el mantell de color gris clar, i amb el plomatge d\u2019hivern mostra unes taques negres prop de l\u2019ull; amb el d\u2019estiu presenta un tret for\u00e7a singular ja que el cap se li acoloreix d\u2019un castany intens. Nia a Isl\u00e0ndia, a les Illes Brit\u00e0niques i al centre d\u2019Europa. \u00c9s caracter\u00edstica de terra endins. A les pen\u00ednsules i illes mediterr\u00e0nies\u00a0 nom\u00e9s \u00e9s hivernant. En el curs dels anys 60 comen\u00e7\u00e0 a niar al Delta de l\u2019Ebre i a l\u2019Albufera de Val\u00e8ncia, cosa que demostra la fase expansiva d\u2019aquesta esp\u00e8cie tan vinculada a l\u2019home. A les terres catalanes \u00e9s l\u2019esp\u00e8cie m\u00e9s comuna del seu g\u00e8nere, i l\u2019hem observada molt a l\u2019interior seguint el curs dels rius. Al port de Barcelona \u00e9s molt abundant a l\u2019hivern, i, en nombre, t\u00e9 un predomini total sobre els seus cong\u00e8neres.<\/span><\/p>\n<p style=\"text-align: right;\"><span style=\"font-weight: 400; font-size: 10pt;\">Joaquim Maluquer i Sostres.\u00a0 \u201cEls ocells de les terres catalanes\u201d<\/span><\/p>\n<p>&nbsp;<\/p>\n<p style=\"text-align: center;\"><span style=\"color: #808000;\"><strong><span style=\"font-size: 12pt;\"><a href=\"https:\/\/agora.xtec.cat\/ceip-lola-anglada-esplugues\/wp-content\/uploads\/usu1507\/2021\/02\/OA-24-2021.jpg\"><img loading=\"lazy\" decoding=\"async\" class=\"aligncenter size-full wp-image-4790\" src=\"https:\/\/agora.xtec.cat\/ceip-lola-anglada-esplugues\/wp-content\/uploads\/usu1507\/2021\/02\/OA-24-2021.jpg\" alt=\"\" width=\"901\" height=\"581\" srcset=\"https:\/\/agora.xtec.cat\/ceip-lola-anglada-esplugues\/wp-content\/uploads\/usu1507\/2021\/02\/OA-24-2021.jpg 901w, https:\/\/agora.xtec.cat\/ceip-lola-anglada-esplugues\/wp-content\/uploads\/usu1507\/2021\/02\/OA-24-2021-300x193.jpg 300w, https:\/\/agora.xtec.cat\/ceip-lola-anglada-esplugues\/wp-content\/uploads\/usu1507\/2021\/02\/OA-24-2021-768x495.jpg 768w\" sizes=\"auto, (max-width: 901px) 100vw, 901px\" \/><\/a>OCELL AMAGAT n\u00ba 24:\u00a0 ALIGOT COM\u00da<br \/>\nPer\u00edode per respondre: de dilluns 1 a diumenge 7 de febrer<\/span><\/strong><\/span><\/p>\n<p><span style=\"font-weight: 400;\">L\u2019<\/span><b>aligot<\/b><span style=\"font-weight: 400;\"> \u00e9s una petita \u00e0guila de silueta arrodonida, de 50 a 57 cm, d\u2019uns 113 a 118 cm d\u2019envergadura i un pes m\u00e0xim de les femelles d\u20191,3 kg. Viu sedent\u00e0ria en mosaics de paisatges on alternen boscos, conreus i pastures, capturant petits mam\u00edfers, com ara conills i rosegadors. All\u00f2 que fa interessant aquest rapinyaire mitj\u00e0 \u00e9s la seva abund\u00e0ncia relativa, amb una poblaci\u00f3 estimada de 1300 a 1470 parelles. Una xifra incomparablement superior a la d\u2019altres esp\u00e8cies de rapinyaires.\u00a0<\/span><\/p>\n<p><span style=\"font-weight: 400;\">El seu plomatge bru \u00e9s variable, i no presenta cap tret prou destacat que el singularitzi. Ara b\u00e9, si veiem una rapinyaire de mida mitjana, d\u2019ales i cua amples, que vola a vela, hi haur\u00e0 grans probabilitats que es tracti d\u2019un <\/span><b>aligot<\/b><span style=\"font-weight: 400;\">.\u00a0<\/span><\/p>\n<p style=\"text-align: left;\"><span style=\"font-weight: 400;\">L\u2019<\/span><b>aligot<\/b><span style=\"font-weight: 400;\"> \u00e9s sedentari a Catalunya i la seva distribuci\u00f3, for\u00e7a \u00e0mplia, amb els m\u00e0xims a les comarques centrals i les gironines.<\/span><\/p>\n<p style=\"text-align: right;\"><span style=\"font-weight: 400; font-size: 10pt;\"> Joaquim Maluquer i Sostres.\u00a0 \u201cCon\u00e8ixer i estimar els ocells\u201d<\/span><\/p>\n<p>&nbsp;<\/p>\n<p style=\"text-align: center;\"><span style=\"color: #808000;\"><strong><span style=\"font-size: 12pt;\"><a href=\"https:\/\/agora.xtec.cat\/ceip-lola-anglada-esplugues\/wp-content\/uploads\/usu1507\/2021\/02\/OA-23-2021.jpg\"><img loading=\"lazy\" decoding=\"async\" class=\"aligncenter size-full wp-image-4789\" src=\"https:\/\/agora.xtec.cat\/ceip-lola-anglada-esplugues\/wp-content\/uploads\/usu1507\/2021\/02\/OA-23-2021.jpg\" alt=\"\" width=\"900\" height=\"583\" srcset=\"https:\/\/agora.xtec.cat\/ceip-lola-anglada-esplugues\/wp-content\/uploads\/usu1507\/2021\/02\/OA-23-2021.jpg 900w, https:\/\/agora.xtec.cat\/ceip-lola-anglada-esplugues\/wp-content\/uploads\/usu1507\/2021\/02\/OA-23-2021-300x194.jpg 300w, https:\/\/agora.xtec.cat\/ceip-lola-anglada-esplugues\/wp-content\/uploads\/usu1507\/2021\/02\/OA-23-2021-768x497.jpg 768w\" sizes=\"auto, (max-width: 900px) 100vw, 900px\" \/><\/a>OCELL AMAGAT n\u00ba 23:\u00a0 MARTINET BLANC<br \/>\nPer\u00edode per respondre: de dilluns 1 a diumenge 7 de febrer<\/span><\/strong><\/span><\/p>\n<p><span style=\"font-weight: 400;\">En Jordi ens descobr\u00ed l\u2019estany de Vila\u00fct, que, com vaig anotar a la llibreta de camp, \u201c\u00e9s un indret silenci\u00f3s, d\u2019una gran bellesa, el m\u00e9s bonic de l\u2019Empord\u00e0, adornat amb lliris d\u2019aigua\u201d. All\u00ed hi havia mitja dotzena d\u2019immaculats <\/span><b>martinets blancs<\/b><span style=\"font-weight: 400;\">, plomatge que contrasta amb el bec negre aix\u00ed com les potes, per\u00f2 amb els dits grocs.<\/span><\/p>\n<p><span style=\"font-weight: 400;\">Aquest agr\u00f3 tan elegant ateny 56 cm, nia a l\u2019Empord\u00e0 i sobretot al Delta de l\u2019Ebre, amb un total aproximat de 1700 parelles censades a principis del segle XXI.<\/span><\/p>\n<p style=\"text-align: right;\"><span style=\"font-weight: 400; font-size: 10pt;\">Joaquim Maluquer i Sostres.\u00a0 \u201cCon\u00e8ixer i estimar els ocells\u201d<\/span><\/p>\n<p>&nbsp;<\/p>\n<p style=\"text-align: center;\"><span style=\"color: #808000;\"><strong><span style=\"font-size: 12pt;\"><a href=\"https:\/\/agora.xtec.cat\/ceip-lola-anglada-esplugues\/wp-content\/uploads\/usu1507\/2021\/01\/OA-22-2021.jpg\"><img loading=\"lazy\" decoding=\"async\" class=\"aligncenter size-full wp-image-4776\" src=\"https:\/\/agora.xtec.cat\/ceip-lola-anglada-esplugues\/wp-content\/uploads\/usu1507\/2021\/01\/OA-22-2021.jpg\" alt=\"\" width=\"899\" height=\"586\" srcset=\"https:\/\/agora.xtec.cat\/ceip-lola-anglada-esplugues\/wp-content\/uploads\/usu1507\/2021\/01\/OA-22-2021.jpg 899w, https:\/\/agora.xtec.cat\/ceip-lola-anglada-esplugues\/wp-content\/uploads\/usu1507\/2021\/01\/OA-22-2021-300x196.jpg 300w, https:\/\/agora.xtec.cat\/ceip-lola-anglada-esplugues\/wp-content\/uploads\/usu1507\/2021\/01\/OA-22-2021-768x501.jpg 768w\" sizes=\"auto, (max-width: 899px) 100vw, 899px\" \/><\/a>OCELL AMAGAT n\u00ba 22: BEC DE CORALL SENEGAL\u00c8S<br \/>\nPer\u00edode per respondre: de dilluns 25 a diumenge 31 de gener<\/span><\/strong><\/span><\/p>\n<p><span style=\"font-weight: 400;\">El <\/span><b>bec de corall senegal\u00e8s<\/b><span style=\"font-weight: 400;\">, de 10 cm, amb una ratlla vermella que li travessa l\u2019ull, i la cua negra. T\u00e9 nuclis reproductors al litoral, del Maresme al Montsi\u00e0, i una poblaci\u00f3 de 100 a 300 parelles.<\/span><\/p>\n<p style=\"text-align: right;\"><span style=\"font-weight: 400; font-size: 10pt;\">Joaquim Maluquer i Sostres.\u00a0 \u201cCon\u00e8ixer i estimar els ocells\u201d<\/span><\/p>\n<p>&nbsp;<\/p>\n<p style=\"text-align: center;\"><span style=\"color: #808000;\"><strong><span style=\"font-size: 12pt;\"><a href=\"https:\/\/agora.xtec.cat\/ceip-lola-anglada-esplugues\/wp-content\/uploads\/usu1507\/2021\/01\/OA-21-2021.jpg\"><img loading=\"lazy\" decoding=\"async\" class=\"aligncenter size-full wp-image-4775\" src=\"https:\/\/agora.xtec.cat\/ceip-lola-anglada-esplugues\/wp-content\/uploads\/usu1507\/2021\/01\/OA-21-2021.jpg\" alt=\"\" width=\"900\" height=\"579\" srcset=\"https:\/\/agora.xtec.cat\/ceip-lola-anglada-esplugues\/wp-content\/uploads\/usu1507\/2021\/01\/OA-21-2021.jpg 900w, https:\/\/agora.xtec.cat\/ceip-lola-anglada-esplugues\/wp-content\/uploads\/usu1507\/2021\/01\/OA-21-2021-300x193.jpg 300w, https:\/\/agora.xtec.cat\/ceip-lola-anglada-esplugues\/wp-content\/uploads\/usu1507\/2021\/01\/OA-21-2021-768x494.jpg 768w\" sizes=\"auto, (max-width: 900px) 100vw, 900px\" \/><\/a>OCELL AMAGAT n\u00ba 21: GAVI\u00c0 DE POTES GROGUES<br \/>\nPer\u00edode per respondre: de dilluns 25 a diumenge 31 de gener<\/span><\/strong><\/span><\/p>\n<p><span style=\"font-weight: 400;\">El gavi\u00e0 de potes grogues amida 56 cm, i \u00e9s gaireb\u00e9 id\u00e8ntic de llarg\u00e0ria al gavi\u00e0 fosc,per\u00f2 se\u2019n diferencia pel mantell gris p\u00e0l\u00b7lid. Hom distingeix diverses subesp\u00e8cies d\u2019aquest gavi\u00e0, les quals s\u2019apleguen en dos grups fonamentals: les de potes rosades i les de potes grogues. (Nota: ara, la taxonomia moderna les ha separat en esp\u00e8cies diferents) L\u2019esp\u00e8cie mediterr\u00e0nia \u201cmichahellis\u201d les t\u00e9 grogues, igual que el gavi\u00e0 fosc. T\u00e9 l\u2019extrem de les ales blanc i negre, i el bec groc amb una taca vermella a la punta. Altrament, \u00e9s molt com\u00fa al nostre litoral i tamb\u00e9 apareix molt sovint a l\u2019interior.<\/span><\/p>\n<p style=\"text-align: left;\"><span style=\"font-weight: 400;\">El gavi\u00e0 de potes grogues \u00e9s una esp\u00e8cie expansiva, ja que pel seu tipus d\u2019alimentaci\u00f3 molt variada \u2013 des de deixalles fins a fruits -, s\u2019ha vist afavorida per l\u2019acci\u00f3 de l\u2019home; i tant \u00e9s aix\u00ed que el seu continuat augment l\u2019ha transformada en una au nociva, sobretot per les depredacions que exerceix a les col\u00f2nies d\u2019altres ocells marins.<br \/>\n<span style=\"font-size: 10pt;\">\u00a0 \u00a0 \u00a0 \u00a0 \u00a0 \u00a0 \u00a0 \u00a0 \u00a0 \u00a0 \u00a0 \u00a0 \u00a0 \u00a0 \u00a0 \u00a0 \u00a0 \u00a0 \u00a0 \u00a0 \u00a0 \u00a0 \u00a0 \u00a0 \u00a0 \u00a0 \u00a0 \u00a0 \u00a0 \u00a0 \u00a0 \u00a0 \u00a0 \u00a0 \u00a0 \u00a0 \u00a0 \u00a0 \u00a0 \u00a0 \u00a0 \u00a0 \u00a0 \u00a0 \u00a0 \u00a0 \u00a0 \u00a0 \u00a0 \u00a0 \u00a0 Joaquim Maluquer i Sostres.\u00a0 \u201cCon\u00e8ixer i estimar els ocells\u201d<br \/>\n<\/span><br \/>\n<\/span><\/p>\n<p style=\"text-align: center;\"><span style=\"color: #808000;\"><strong><span style=\"font-size: 12pt;\"><a href=\"https:\/\/agora.xtec.cat\/ceip-lola-anglada-esplugues\/wp-content\/uploads\/usu1507\/2021\/01\/OA-20-2021.jpg\"><img loading=\"lazy\" decoding=\"async\" class=\"aligncenter size-full wp-image-4763\" src=\"https:\/\/agora.xtec.cat\/ceip-lola-anglada-esplugues\/wp-content\/uploads\/usu1507\/2021\/01\/OA-20-2021.jpg\" alt=\"\" width=\"899\" height=\"584\" srcset=\"https:\/\/agora.xtec.cat\/ceip-lola-anglada-esplugues\/wp-content\/uploads\/usu1507\/2021\/01\/OA-20-2021.jpg 899w, https:\/\/agora.xtec.cat\/ceip-lola-anglada-esplugues\/wp-content\/uploads\/usu1507\/2021\/01\/OA-20-2021-300x195.jpg 300w, https:\/\/agora.xtec.cat\/ceip-lola-anglada-esplugues\/wp-content\/uploads\/usu1507\/2021\/01\/OA-20-2021-768x499.jpg 768w\" sizes=\"auto, (max-width: 899px) 100vw, 899px\" \/><\/a>OCELL AMAGAT n\u00ba 20: \u00c0GUILA CUABARRADA<br \/>\nPer\u00edode per respondre: de dilluns 18 a diumenge 24 de gener<\/span><\/strong><\/span><\/p>\n<p><span style=\"font-weight: 400;\">L\u2019<\/span><b>\u00e0guila cuabarrada<\/b><span style=\"font-weight: 400;\"> ateny de 65 a 72 cm, una envergadura de 150 a 180 cm i pot arribar a pesar 2,4 kg. En el seu plomatge destaca el dors fosc i el dessota blanc ratllat. De vol \u00e0gil, si passa damunt de la nostra vertical, la identificarem pel contrast entre el cos gaireb\u00e9 blanc, les ales molt fosques i una ampla franja obscura a l\u2019extrem de la cua.<br \/>\n<\/span><span style=\"font-weight: 400;\">A Catalunya, la cuabarrada m\u00e9s sedent\u00e0ria, \u00e9s de distribuci\u00f3 mediterr\u00e0nia, ja que la major part de parelles crien a les serres litorals i prelitorals de la meitat sud del territori, com tamb\u00e9 a les muntanyes de la vall de l\u2019Ebre. Aix\u00ed mateix la trobem a l\u2019Empord\u00e0 i a les comarques prepirinenques occidentals. Fa el niu als penya-segats i les seves preses predilectes s\u00f3n els conills i les perdius.<\/span><\/p>\n<p style=\"text-align: right;\"><span style=\"font-weight: 400; font-size: 10pt;\">Joaquim Maluquer i Sostres.\u00a0 \u201cCon\u00e8ixer i estimar els ocells\u201d<\/span><\/p>\n<p style=\"text-align: center;\"><span style=\"color: #808000;\"><strong><span style=\"font-size: 12pt;\"><a href=\"https:\/\/agora.xtec.cat\/ceip-lola-anglada-esplugues\/wp-content\/uploads\/usu1507\/2021\/01\/OA-19-2021.jpg\"><img loading=\"lazy\" decoding=\"async\" class=\"aligncenter size-full wp-image-4764\" src=\"https:\/\/agora.xtec.cat\/ceip-lola-anglada-esplugues\/wp-content\/uploads\/usu1507\/2021\/01\/OA-19-2021.jpg\" alt=\"\" width=\"898\" height=\"583\" srcset=\"https:\/\/agora.xtec.cat\/ceip-lola-anglada-esplugues\/wp-content\/uploads\/usu1507\/2021\/01\/OA-19-2021.jpg 898w, https:\/\/agora.xtec.cat\/ceip-lola-anglada-esplugues\/wp-content\/uploads\/usu1507\/2021\/01\/OA-19-2021-300x195.jpg 300w, https:\/\/agora.xtec.cat\/ceip-lola-anglada-esplugues\/wp-content\/uploads\/usu1507\/2021\/01\/OA-19-2021-768x499.jpg 768w\" sizes=\"auto, (max-width: 898px) 100vw, 898px\" \/><\/a>OCELL AMAGAT n\u00ba 19:\u00a0 BERNAT PESCAIRE<br \/>\nPer\u00edode per respondre: de dilluns 18 a diumenge 24 de gener<\/span><\/strong><\/span><\/p>\n<p><span style=\"font-weight: 400;\">El <\/span><b>bernat pescaire<\/b><span style=\"font-weight: 400;\"> ateny fins a 91 cm. Combina en el seu plomatge el gris, el blanc i el negre. En vol com fan tots els agrons, repleguen el coll i aix\u00ed mai no els confondrem amb les cigonyes o les grues, que el duen estirat. D&#8217;\u00e0mplia distribuci\u00f3 mundial, a Catalunya el bernat pescaire va passar d&#8217;hivernant a reproductor vers el 1975, i a fer-ho en una col\u00f2nia \u2013 subratllem silvestre \u2013 que tothom encara pot contemplar en una arbreda, precisament enmig del parc zool\u00f2gic de Barcelona. La tend\u00e8ncia expansiva de l&#8217;esp\u00e8cie fa que el cens de 2002 doni la xifra de 375 a 407 parelles a Catalunya, on les principals col\u00f2nies se situen al Segri\u00e0 i al Delta de l&#8217;Ebre, a part de l&#8217;esmentada de Barcelona.<\/span><\/p>\n<p style=\"text-align: right;\"><span style=\"font-weight: 400; font-size: 10pt;\">Joaquim Maluquer i Sostres.\u00a0 \u201cCon\u00e8ixer i estimar els ocells\u201d<\/span><\/p>\n<p style=\"text-align: center;\"><span style=\"color: #808000;\"><strong><span style=\"font-size: 12pt;\"><a href=\"https:\/\/agora.xtec.cat\/ceip-lola-anglada-esplugues\/wp-content\/uploads\/usu1507\/2020\/12\/Bonus-points-01.jpg\"><img loading=\"lazy\" decoding=\"async\" class=\"aligncenter size-full wp-image-4745\" src=\"https:\/\/agora.xtec.cat\/ceip-lola-anglada-esplugues\/wp-content\/uploads\/usu1507\/2020\/12\/Bonus-points-01.jpg\" alt=\"\" width=\"900\" height=\"516\" srcset=\"https:\/\/agora.xtec.cat\/ceip-lola-anglada-esplugues\/wp-content\/uploads\/usu1507\/2020\/12\/Bonus-points-01.jpg 900w, https:\/\/agora.xtec.cat\/ceip-lola-anglada-esplugues\/wp-content\/uploads\/usu1507\/2020\/12\/Bonus-points-01-300x172.jpg 300w, https:\/\/agora.xtec.cat\/ceip-lola-anglada-esplugues\/wp-content\/uploads\/usu1507\/2020\/12\/Bonus-points-01-768x440.jpg 768w\" sizes=\"auto, (max-width: 900px) 100vw, 900px\" \/><\/a>&#8220;BONUS POINTS&#8221; n\u00ba 1:<br \/>\nPer\u00edode per respondre: de dilluns 21 de desembre, a diumenge 17 de gener<br \/>\nCada 3 ocells encertats = 1 punt<br \/>\n\u00c0guila marcenca\u00a0 \/\u00a0 Picot verd ib\u00e8ric\u00a0 \/\u00a0 Cadernera europea<br \/>\nT\u00f3rtora eurasi\u00e0tica\u00a0 \/\u00a0 P\u00eet-roig\u00a0 \/\u00a0 Xoriguer com\u00fa<\/span><\/strong><\/span><\/p>\n<p style=\"text-align: center;\"><span style=\"color: #808000;\"><strong><span style=\"font-size: 12pt;\"><a href=\"https:\/\/agora.xtec.cat\/ceip-lola-anglada-esplugues\/wp-content\/uploads\/usu1507\/2020\/12\/OA-18-2021.jpg\"><img loading=\"lazy\" decoding=\"async\" class=\"aligncenter size-full wp-image-4744\" src=\"https:\/\/agora.xtec.cat\/ceip-lola-anglada-esplugues\/wp-content\/uploads\/usu1507\/2020\/12\/OA-18-2021.jpg\" alt=\"\" width=\"901\" height=\"578\" srcset=\"https:\/\/agora.xtec.cat\/ceip-lola-anglada-esplugues\/wp-content\/uploads\/usu1507\/2020\/12\/OA-18-2021.jpg 901w, https:\/\/agora.xtec.cat\/ceip-lola-anglada-esplugues\/wp-content\/uploads\/usu1507\/2020\/12\/OA-18-2021-300x192.jpg 300w, https:\/\/agora.xtec.cat\/ceip-lola-anglada-esplugues\/wp-content\/uploads\/usu1507\/2020\/12\/OA-18-2021-768x493.jpg 768w\" sizes=\"auto, (max-width: 901px) 100vw, 901px\" \/><\/a>OCELL AMAGAT n\u00ba 18:\u00a0 GRALLA OCCIDENTAL<br \/>\nPer\u00edode per respondre: de dilluns 21 de desembre, a diumenge 17 de gener<\/span><\/strong><\/span><\/p>\n<p><span style=\"font-weight: 400;\">La <\/span><b>gralla<\/b><span style=\"font-weight: 400;\">, \u00e9s sedent\u00e0ria gaireb\u00e9 a tot Europa; molt abundant, sobretot a les planes de Catalunya occidental, on forma estols de centenars d\u2019individus que s\u2019abaten damunt els camps. Manca a les illes. Amida 33 cm. T\u00e9 el plomatge negre, menys a la zona de darrera del cap, que \u00e9s grisa. Nia en col\u00f2nies als forats dels penyals i a les runes, i hem observat que durant l\u2019estiu les gralles es mantenen prop dels llocs de nidificaci\u00f3; a l\u2019hivern s\u2019estenen pel pa\u00eds, en esbarts. De lluny es reconeix per llur crit breu, nasal i sonor. Al capvespre s\u2019ajoquen plegades, sempre al mateix lloc, generalment en alguna arbreda, que no solen abandonar f\u00e0cilment.<\/span><\/p>\n<p style=\"text-align: right;\"><span style=\"font-weight: 400; font-size: 10pt;\">Joaquim Maluquer i Sostres.\u00a0 \u201cEls ocells de les terres catalanes\u201d<\/span><\/p>\n<p style=\"text-align: center;\"><span style=\"color: #808000;\"><strong><span style=\"font-size: 12pt;\"><a href=\"https:\/\/agora.xtec.cat\/ceip-lola-anglada-esplugues\/wp-content\/uploads\/usu1507\/2020\/12\/OA-17-2021.jpg\"><img loading=\"lazy\" decoding=\"async\" class=\"aligncenter size-full wp-image-4743\" src=\"https:\/\/agora.xtec.cat\/ceip-lola-anglada-esplugues\/wp-content\/uploads\/usu1507\/2020\/12\/OA-17-2021.jpg\" alt=\"\" width=\"901\" height=\"585\" srcset=\"https:\/\/agora.xtec.cat\/ceip-lola-anglada-esplugues\/wp-content\/uploads\/usu1507\/2020\/12\/OA-17-2021.jpg 901w, https:\/\/agora.xtec.cat\/ceip-lola-anglada-esplugues\/wp-content\/uploads\/usu1507\/2020\/12\/OA-17-2021-300x195.jpg 300w, https:\/\/agora.xtec.cat\/ceip-lola-anglada-esplugues\/wp-content\/uploads\/usu1507\/2020\/12\/OA-17-2021-768x499.jpg 768w\" sizes=\"auto, (max-width: 901px) 100vw, 901px\" \/><\/a>OCELL AMAGAT n\u00ba 17:\u00a0 CUERETA BLANCA<br \/>\nPer\u00edode per respondre: de dilluns 21 de desembre, a diumenge 17 de gener<\/span><\/strong><\/span><\/p>\n<p><span style=\"font-weight: 400;\">\u00c9s un bonic moix\u00f3 de 18 cm prove\u00eft d\u2019un mantell gris i amb les parts inferiors blanques. Constitueix el seu tret m\u00e9s caracter\u00edstic la llargu\u00edssima i graciosa cua vorejada de blanc, que dona, en el vol, una silueta inconfusible, talment com si desequilibr\u00e9s l\u2019ocell en l\u2019aire. Nia i \u00e9s sedent\u00e0ria al Pa\u00eds Valenci\u00e0 i al Principat; a les illes nom\u00e9s hiverna.<\/span><\/p>\n<p style=\"text-align: right;\"><span style=\"font-weight: 400; font-size: 10pt;\">Joaquim Maluquer i Sostres.\u00a0 \u201cEls ocells de les terres catalanes\u201d<\/span><\/p>\n<p style=\"text-align: right;\"><span style=\"color: #808000;\"><strong><span style=\"font-size: 12pt;\"><a href=\"https:\/\/agora.xtec.cat\/ceip-lola-anglada-esplugues\/wp-content\/uploads\/usu1507\/2020\/12\/OA-16-2021.jpg\"><img loading=\"lazy\" decoding=\"async\" class=\"aligncenter size-full wp-image-4715\" src=\"https:\/\/agora.xtec.cat\/ceip-lola-anglada-esplugues\/wp-content\/uploads\/usu1507\/2020\/12\/OA-16-2021.jpg\" alt=\"\" width=\"898\" height=\"579\" srcset=\"https:\/\/agora.xtec.cat\/ceip-lola-anglada-esplugues\/wp-content\/uploads\/usu1507\/2020\/12\/OA-16-2021.jpg 898w, https:\/\/agora.xtec.cat\/ceip-lola-anglada-esplugues\/wp-content\/uploads\/usu1507\/2020\/12\/OA-16-2021-300x193.jpg 300w, https:\/\/agora.xtec.cat\/ceip-lola-anglada-esplugues\/wp-content\/uploads\/usu1507\/2020\/12\/OA-16-2021-768x495.jpg 768w\" sizes=\"auto, (max-width: 898px) 100vw, 898px\" \/><\/a>OCELL AMAGAT n\u00ba 16: ORENETA CUABLANCA<br \/>\nPer\u00edode per respondre: de dilluns 14 a diumenge 20 de desembre<\/span><\/strong><\/span><\/p>\n<p><span style=\"font-weight: 400;\">Molt corrent i visible \u00e9s l\u2019<\/span><b>oreneta cuablanca<\/b><span style=\"font-weight: 400;\">, de 13 cm, i caracteritzada pel carp\u00f3 blanc. La poblaci\u00f3 s\u2019estima en un m\u00e0xim de 200.000 parelles. Nia en nuclis urbans, propers a l\u2019aigua i a les zones on perca\u00e7a insectes. Situa el niu en indrets protegits i els situa a l\u2019exterior o a les fa\u00e7anes dels edificis. Fa una tassa de fang sempre protegida a sota d\u2019un balc\u00f3 o sortint de teulada i est\u00e0 tancada per la seva part superior a excepci\u00f3 d\u2019un foradet per on entren i surten.<\/span><\/p>\n<p style=\"text-align: right;\"><span style=\"font-weight: 400;\">\u00a0<span style=\"font-size: 10pt;\">Joaquim Maluquer i Sostres.\u00a0 \u201cCon\u00e8ixer i estimar els ocells\u201d<\/span><\/span><\/p>\n<p style=\"text-align: center;\"><span style=\"color: #808000;\"><strong><span style=\"font-size: 12pt;\"><a href=\"https:\/\/agora.xtec.cat\/ceip-lola-anglada-esplugues\/wp-content\/uploads\/usu1507\/2020\/12\/OA-15-2021.jpg\"><img loading=\"lazy\" decoding=\"async\" class=\"aligncenter size-full wp-image-4714\" src=\"https:\/\/agora.xtec.cat\/ceip-lola-anglada-esplugues\/wp-content\/uploads\/usu1507\/2020\/12\/OA-15-2021.jpg\" alt=\"\" width=\"900\" height=\"583\" srcset=\"https:\/\/agora.xtec.cat\/ceip-lola-anglada-esplugues\/wp-content\/uploads\/usu1507\/2020\/12\/OA-15-2021.jpg 900w, https:\/\/agora.xtec.cat\/ceip-lola-anglada-esplugues\/wp-content\/uploads\/usu1507\/2020\/12\/OA-15-2021-300x194.jpg 300w, https:\/\/agora.xtec.cat\/ceip-lola-anglada-esplugues\/wp-content\/uploads\/usu1507\/2020\/12\/OA-15-2021-768x497.jpg 768w\" sizes=\"auto, (max-width: 900px) 100vw, 900px\" \/><\/a>OCELL AMAGAT n\u00ba 15: COTORRA DE KRAMER<br \/>\nPer\u00edode per respondre: de dilluns 14 a diumenge 20 de desembre<\/span><\/strong><\/span><\/p>\n<p><span style=\"font-weight: 400;\">Un altre membre de la fam\u00edlia de les cotorres que tamb\u00e9 s\u2019ha establert al nostre territori, tot i que en molta menor escala que la cotorreta pitgrisa. La <\/span><b>cotorra de Kramer<\/b><span style=\"font-weight: 400;\">, t\u00e9 una mida de 37 a 43 cm, plomatge verd, llarga cua i un mig collar rosat que la identifica. Presenta la distribuci\u00f3 geogr\u00e0fica seg\u00fcent: una poblaci\u00f3 asi\u00e0tica a l\u2019\u00cdndia, Pakistan i Myanmar; i una altra d\u2019africana, en una \u00e0mnplia franja subsahariana de Maurit\u00e0nia a Eti\u00f2pia. En les seves zones d\u2019origen ocupa des dels semideserts a les viles, essent present, per exemple, als parcs de Bombai.<\/span><\/p>\n<p><span style=\"font-weight: 400;\">A Barcelona, la cotorra de Kramer fou citada per primera vegada el 1970. Des de llavors s\u2019ha est\u00e8s pel litoral, i al comen\u00e7ament del segle XXI s\u2019estimava un nombre de 80 a 100 exemplars, en contrast amb la considerable penetraci\u00f3 aconseguida a Anglaterra.<\/span><\/p>\n<p style=\"text-align: right;\"><span style=\"font-weight: 400; font-size: 10pt;\">Joaquim Maluquer i Sostres.\u00a0 \u201cCon\u00e8ixer i estimar els ocells\u201d<\/span><\/p>\n<p>&nbsp;<\/p>\n<p style=\"text-align: center;\"><span style=\"color: #808000;\"><strong><span style=\"font-size: 12pt;\"><a href=\"https:\/\/agora.xtec.cat\/ceip-lola-anglada-esplugues\/wp-content\/uploads\/usu1507\/2020\/12\/OA-14-2021.jpg\"><img loading=\"lazy\" decoding=\"async\" class=\"aligncenter size-full wp-image-4706\" src=\"https:\/\/agora.xtec.cat\/ceip-lola-anglada-esplugues\/wp-content\/uploads\/usu1507\/2020\/12\/OA-14-2021.jpg\" alt=\"\" width=\"902\" height=\"577\" srcset=\"https:\/\/agora.xtec.cat\/ceip-lola-anglada-esplugues\/wp-content\/uploads\/usu1507\/2020\/12\/OA-14-2021.jpg 902w, https:\/\/agora.xtec.cat\/ceip-lola-anglada-esplugues\/wp-content\/uploads\/usu1507\/2020\/12\/OA-14-2021-300x192.jpg 300w, https:\/\/agora.xtec.cat\/ceip-lola-anglada-esplugues\/wp-content\/uploads\/usu1507\/2020\/12\/OA-14-2021-768x491.jpg 768w\" sizes=\"auto, (max-width: 902px) 100vw, 902px\" \/><\/a>OCELL AMAGAT n\u00ba 14: MALLERENGA CARBONERA<br \/>\nPer\u00edode per respondre: de dilluns 7 a diumenge 13 de desembre<\/span><\/strong><\/span><\/p>\n<p><span style=\"font-weight: 400;\">La <\/span><b>mallerenga carbonera<\/b><span style=\"font-weight: 400;\">, ateny just el mili\u00f3 de parelles. Sedent\u00e0ria. Nom\u00e9s falta a l\u2019alt Pirineu i al Delta de l\u2019Ebre, i escasseja a la deforestada Plana de Lleida.<\/span><\/p>\n<p><span style=\"font-weight: 400;\">Aquesta mallerenga \u00e9s prou representativa de la seva fam\u00edlia, una de les m\u00e9s atractives i millor caracteritzades dels moixons: menudes i arrodonides, de plomatge suau i, en algunes esp\u00e8cies, ben pintades, \u00e0gils i arbor\u00edcoles. La carbonera fa 14 cm, i t\u00e9 el bec curt, el cap negre i la galta blanca. El pit \u00e9s tamb\u00e9 negre, color que s\u2019allarga en una ratlla gruixuda a trav\u00e9s de l\u2019abdomen groc, i el mantell \u00e9s gris. \u00c9s una esp\u00e8cie molt ostensible i la veurem als arbres del centre de les ciutats.<\/span><\/p>\n<p style=\"text-align: right;\"><span style=\"font-weight: 400; font-size: 10pt;\">Joaquim Maluquer i Sostres.\u00a0 \u201cCon\u00e8ixer i estimar els ocells\u201d<\/span><\/p>\n<p style=\"text-align: center;\"><span style=\"color: #808000;\"><strong><span style=\"font-size: 12pt;\"><a href=\"https:\/\/agora.xtec.cat\/ceip-lola-anglada-esplugues\/wp-content\/uploads\/usu1507\/2020\/12\/OA-13-2021.jpg\"><img loading=\"lazy\" decoding=\"async\" class=\"aligncenter size-full wp-image-4705\" src=\"https:\/\/agora.xtec.cat\/ceip-lola-anglada-esplugues\/wp-content\/uploads\/usu1507\/2020\/12\/OA-13-2021.jpg\" alt=\"\" width=\"897\" height=\"587\" srcset=\"https:\/\/agora.xtec.cat\/ceip-lola-anglada-esplugues\/wp-content\/uploads\/usu1507\/2020\/12\/OA-13-2021.jpg 897w, https:\/\/agora.xtec.cat\/ceip-lola-anglada-esplugues\/wp-content\/uploads\/usu1507\/2020\/12\/OA-13-2021-300x196.jpg 300w, https:\/\/agora.xtec.cat\/ceip-lola-anglada-esplugues\/wp-content\/uploads\/usu1507\/2020\/12\/OA-13-2021-768x503.jpg 768w\" sizes=\"auto, (max-width: 897px) 100vw, 897px\" \/><\/a>OCELL AMAGAT n\u00ba 13: CADERNERA europea<br \/>\nPer\u00edode per respondre: de dilluns 7 a diumenge 13 de desembre<\/span><\/strong><\/span><\/p>\n<p><span style=\"font-weight: 400;\">La <\/span><b>cadernera<\/b><span style=\"font-weight: 400;\">, tan preuada com a ocell de g\u00e0bia \u00e9s una de les esp\u00e8cies m\u00e9s comunes. S&#8217;estima l&#8217;exist\u00e8ncia de 400.000 a 500.000 parelles.<\/span><span style=\"font-weight: 400;\"><br \/>\n<\/span><span style=\"font-weight: 400;\">De 12 cm. \u00c9s el moix\u00f3 m\u00e9s ben pintat del nostre pa\u00eds i el m\u00e9s freq\u00fcent d&#8217;entre els hostes for\u00e7ats que alegren els habitatges dels humans, amb la seva bellesa i refilades. T\u00e9 el dors castany clar i el carp\u00f3 blanc, el cap es combina el vermell del front i de l&#8217;entorn del bec, amb el capell i clatell negres i blanc l&#8217;entremig, i les ales negres i grogues i la cua negra. Els esbarts de caderneres ressegueixen conreus i garrics tot cercant grans i llavors, sobretot les dels cards a qu\u00e8 fa refer\u00e8ncia el nom cient\u00edfic. Estesos per tot el continent, menys l&#8217;extrem nord, al nostre territori s\u00f3n m\u00e9s abundants a la meitat sud i al litoral. El nombre de parelles reproductores pot \u00e9sser de mig mili\u00f3.<\/span><\/p>\n<p style=\"text-align: right;\"><span style=\"font-weight: 400; font-size: 10pt;\">Joaquim Maluquer i Sostres.\u00a0 \u201cCon\u00e8ixer i estimar els ocells\u201d<\/span><\/p>\n<p>&nbsp;<\/p>\n<p style=\"text-align: center;\"><span style=\"color: #808000;\"><strong><span style=\"font-size: 12pt;\"><a href=\"https:\/\/agora.xtec.cat\/ceip-lola-anglada-esplugues\/wp-content\/uploads\/usu1507\/2020\/11\/OA-12-2021.jpg\"><img loading=\"lazy\" decoding=\"async\" class=\"aligncenter size-full wp-image-4693\" src=\"https:\/\/agora.xtec.cat\/ceip-lola-anglada-esplugues\/wp-content\/uploads\/usu1507\/2020\/11\/OA-12-2021.jpg\" alt=\"\" width=\"898\" height=\"581\" srcset=\"https:\/\/agora.xtec.cat\/ceip-lola-anglada-esplugues\/wp-content\/uploads\/usu1507\/2020\/11\/OA-12-2021.jpg 898w, https:\/\/agora.xtec.cat\/ceip-lola-anglada-esplugues\/wp-content\/uploads\/usu1507\/2020\/11\/OA-12-2021-300x194.jpg 300w, https:\/\/agora.xtec.cat\/ceip-lola-anglada-esplugues\/wp-content\/uploads\/usu1507\/2020\/11\/OA-12-2021-768x497.jpg 768w\" sizes=\"auto, (max-width: 898px) 100vw, 898px\" \/><\/a>OCELL AMAGAT n\u00ba 12: PARDAL XARREC<br \/>\nPer\u00edode per respondre: de dilluns 30 de novembre a diumenge 6 de desembre<\/span><\/strong><\/span><\/p>\n<p><span style=\"font-weight: 400;\">El <\/span><b>pardal xarrec<\/b><span style=\"font-weight: 400;\">, gaireb\u00e9 id\u00e8ntic al pardal dom\u00e8stic, tamb\u00e9 podr\u00edem anomenar-lo pardal silvestre ja que el trobem pels camps i no pas per pobles i viles. El seu tret definidor \u00e9s que t\u00e9 el pili, o part alta del cap, castany intens, mentre que el pardal com\u00fa el t\u00e9 gris. \u00c9s abundant a la Plana de Lleida, al Delta de l&#8217;Ebre, a les planes interiors i a l&#8217;Empord\u00e0, per\u00f2 defuig la zona pirinenca. D&#8217;acord amb les estimacions actuals, la seva poblaci\u00f3 podria \u00e9sser de l&#8217;ordre de les 300.000 parelles.<br \/>\n<\/span><span style=\"font-weight: 400;\"><br \/>\n<\/span><span style=\"font-weight: 400; font-size: 10pt;\">\u00a0 \u00a0 \u00a0 \u00a0 \u00a0 \u00a0 \u00a0 \u00a0 \u00a0 \u00a0 \u00a0 \u00a0 \u00a0 \u00a0 \u00a0 \u00a0 \u00a0 \u00a0 \u00a0 \u00a0 \u00a0 \u00a0 \u00a0 \u00a0 \u00a0 \u00a0 \u00a0 \u00a0 \u00a0 \u00a0 \u00a0 \u00a0 \u00a0 \u00a0 \u00a0 \u00a0 \u00a0 \u00a0 \u00a0 \u00a0 \u00a0 \u00a0 \u00a0 \u00a0 \u00a0 \u00a0 \u00a0 \u00a0 \u00a0 \u00a0 \u00a0 \u00a0 <\/span><span style=\"font-weight: 400; font-size: 10pt;\">Joaquim Maluquer i Sostres.\u00a0 \u201cCon\u00e8ixer i estimar els ocells\u201d<\/span><\/p>\n<p>&nbsp;<\/p>\n<p style=\"text-align: center;\"><span style=\"color: #808000;\"><strong><span style=\"font-size: 12pt;\"><a href=\"https:\/\/agora.xtec.cat\/ceip-lola-anglada-esplugues\/wp-content\/uploads\/usu1507\/2020\/11\/OA-11-2021.jpg\"><img loading=\"lazy\" decoding=\"async\" class=\"aligncenter size-full wp-image-4692\" src=\"https:\/\/agora.xtec.cat\/ceip-lola-anglada-esplugues\/wp-content\/uploads\/usu1507\/2020\/11\/OA-11-2021.jpg\" alt=\"\" width=\"900\" height=\"583\" srcset=\"https:\/\/agora.xtec.cat\/ceip-lola-anglada-esplugues\/wp-content\/uploads\/usu1507\/2020\/11\/OA-11-2021.jpg 900w, https:\/\/agora.xtec.cat\/ceip-lola-anglada-esplugues\/wp-content\/uploads\/usu1507\/2020\/11\/OA-11-2021-300x194.jpg 300w, https:\/\/agora.xtec.cat\/ceip-lola-anglada-esplugues\/wp-content\/uploads\/usu1507\/2020\/11\/OA-11-2021-768x497.jpg 768w\" sizes=\"auto, (max-width: 900px) 100vw, 900px\" \/><\/a>OCELL AMAGAT n\u00ba 11: MERLA COMUNA<br \/>\nPer\u00edode per respondre: de dilluns 30 de novembre a diumenge 6 de desembre<\/span><\/strong><\/span><\/p>\n<p><span style=\"font-weight: 400;\">La <\/span><b>merla<\/b><span style=\"font-weight: 400;\"> mesura 25 cm. \u00c9s sedent\u00e0ria, abundant i ben repartida per tot el territori. El nombre m\u00e0xim de parelles que s\u2019ha estimat pot \u00e9sser de l\u2019ordre de les 900.000. Pertany a la important fam\u00edlia ornitol\u00f2gica dels tords i les grives. El mascle no el confondrem pas gr\u00e0cies al plomatge negre intens i el bec groc, mentre que la femella \u00e9s bruna.<\/span><\/p>\n<p style=\"text-align: left;\"><span style=\"font-weight: 400;\">Al bosc, la merla \u00e9s malfiada i fugissera, per\u00f2 s\u2019avesa a la pres\u00e8ncia humana, i, a Barcelona, la veiem saltironar davant dels vianants. El seu cant flueix com un doll sonor que omple els crepuscles primaverals.<br \/>\n<span style=\"font-size: 10pt;\"><br \/>\nJoaquim Maluquer i Sostres.\u00a0 \u201cCon\u00e8ixer i estimar els ocells\u201d<\/span><\/span><span style=\"font-weight: 400;\"><br \/>\n<\/span><span style=\"font-weight: 400;\">\u00a0 \u00a0 \u00a0 \u00a0 \u00a0 \u00a0 \u00a0 \u00a0\u00a0<\/span><\/p>\n<p style=\"text-align: center;\"><a href=\"https:\/\/agora.xtec.cat\/ceip-lola-anglada-esplugues\/wp-content\/uploads\/usu1507\/2020\/11\/OA-10-2021.jpg\"><img loading=\"lazy\" decoding=\"async\" class=\"aligncenter size-full wp-image-4646\" src=\"https:\/\/agora.xtec.cat\/ceip-lola-anglada-esplugues\/wp-content\/uploads\/usu1507\/2020\/11\/OA-10-2021.jpg\" alt=\"\" width=\"903\" height=\"583\" srcset=\"https:\/\/agora.xtec.cat\/ceip-lola-anglada-esplugues\/wp-content\/uploads\/usu1507\/2020\/11\/OA-10-2021.jpg 903w, https:\/\/agora.xtec.cat\/ceip-lola-anglada-esplugues\/wp-content\/uploads\/usu1507\/2020\/11\/OA-10-2021-300x194.jpg 300w, https:\/\/agora.xtec.cat\/ceip-lola-anglada-esplugues\/wp-content\/uploads\/usu1507\/2020\/11\/OA-10-2021-768x496.jpg 768w\" sizes=\"auto, (max-width: 903px) 100vw, 903px\" \/><\/a><span style=\"color: #808000;\"><strong><span style=\"font-size: 12pt;\">OCELL AMAGAT n\u00ba 10: COTORRETA PITGRISA<br \/>\nPer\u00edode per respondre: de dilluns 23 a diumenge 29 de novembre<\/span><\/strong><\/span><\/p>\n<p><span style=\"font-weight: 400;\">Aquest nouvingut ha arribat pel descontrol dels humans. De ben segur no hem pogut ignorar uns ocells verds, de bona mida, molt sorollosos i de vol r\u00e0pid, que irrompen enmig del tr\u00e0nsit i que basteixen els seus grans nius comunitaris a les enforcadures dels arbres.<\/span><\/p>\n<p><span style=\"font-weight: 400;\">La <\/span><b>cotorreta pitgrisa<\/b><span style=\"font-weight: 400;\"> \u00e9s pr\u00f2pia de l\u2019Am\u00e8rica del Sud i for\u00e7a comuna en una extensa \u00e0rea que cobreix el nord de l\u2019Argentina, Uruguai, Paraguai, Bol\u00edvia i penetra al Brasil. En algunes zones esdev\u00e9 una plaga agr\u00edcola, i no \u00e9s estrany que es vengui com a ocell de g\u00e0bia.<\/span><\/p>\n<p><span style=\"font-weight: 400;\">Les primeres observacions a Catalunya d\u2019aquesta cotorreta en llibertat daten del 1975. El 1991 ja s\u2019havia detectat en deu comarques, i a comen\u00e7ament del segle XXI ho ha estat en vint-i-tres. La major part de la poblaci\u00f3 es concentra a l\u2019\u00e0rea metropolitana de Barcelona i el Baix Llobregat.<\/span><\/p>\n<p><span style=\"font-weight: 400;\">La cotorreta de pit gris fa de 28 a 29 cm i presenta la cara gris p\u00e0l\u00b7lid, el pit grisenc, com proclama el seu nom, i la resta del plomatge verd. La poblaci\u00f3 assentada a Catalunya \u00e9s d\u2019unes 610-650 parelles, de les quals 400 s\u2019estan a Barcelona.<\/span><\/p>\n<p><span style=\"font-weight: 400; font-size: 10pt;\">\u00a0 \u00a0 \u00a0 \u00a0 \u00a0 \u00a0 \u00a0 \u00a0 \u00a0 \u00a0 \u00a0 \u00a0 \u00a0 \u00a0 \u00a0 \u00a0 \u00a0 \u00a0 \u00a0 \u00a0 \u00a0 \u00a0 \u00a0 \u00a0 \u00a0 \u00a0 \u00a0 \u00a0 \u00a0 \u00a0 \u00a0 \u00a0 \u00a0 \u00a0 \u00a0 \u00a0 \u00a0 \u00a0 \u00a0 \u00a0 \u00a0 \u00a0 \u00a0 \u00a0 \u00a0 \u00a0 \u00a0 \u00a0 \u00a0 \u00a0 \u00a0Joaquim Maluquer i Sostres.\u00a0 \u201cCon\u00e8ixer i estimar els ocells\u201d<\/span><span style=\"font-weight: 400;\"><br \/>\n<\/span><\/p>\n<p>&nbsp;<\/p>\n<p style=\"text-align: center;\"><span style=\"color: #808000;\"><strong><span style=\"font-size: 12pt;\"><a href=\"https:\/\/agora.xtec.cat\/ceip-lola-anglada-esplugues\/wp-content\/uploads\/usu1507\/2020\/11\/OA-09-2021.jpg\"><img loading=\"lazy\" decoding=\"async\" class=\"aligncenter size-full wp-image-4645\" src=\"https:\/\/agora.xtec.cat\/ceip-lola-anglada-esplugues\/wp-content\/uploads\/usu1507\/2020\/11\/OA-09-2021.jpg\" alt=\"\" width=\"900\" height=\"582\" srcset=\"https:\/\/agora.xtec.cat\/ceip-lola-anglada-esplugues\/wp-content\/uploads\/usu1507\/2020\/11\/OA-09-2021.jpg 900w, https:\/\/agora.xtec.cat\/ceip-lola-anglada-esplugues\/wp-content\/uploads\/usu1507\/2020\/11\/OA-09-2021-300x194.jpg 300w, https:\/\/agora.xtec.cat\/ceip-lola-anglada-esplugues\/wp-content\/uploads\/usu1507\/2020\/11\/OA-09-2021-768x497.jpg 768w\" sizes=\"auto, (max-width: 900px) 100vw, 900px\" \/><\/a>OCELL AMAGAT n\u00ba 9: PARDAL COM\u00da (mascle)<br \/>\nPer\u00edode per respondre: de dilluns 23 a diumenge 29 de novembre<\/span><\/strong><\/span><\/p>\n<p><span style=\"font-weight: 400;\">El <\/span><b>pardal<\/b><span style=\"font-weight: 400;\"> encap\u00e7ala amb gran avantatge la llista d\u2019ocells m\u00e9s comuns. No ens ha de sorprendre, ja que essent l\u2019ocell m\u00e9s abundant i estretament associat a l\u2019\u00e9sser hum\u00e0, tothom el coneix. L\u2019estimaci\u00f3 de parelles que ens d\u00f3na l\u2019Atles 1999.2002, en xifres rodones, \u00e9s de 2.600.000 a 3.800.000, nombre que multiplica els contingents de les esp\u00e8cies que el segueixen. (\u00c9s pr\u00e0cticament a tot el territori).<\/span><\/p>\n<p style=\"text-align: left;\"><span style=\"font-weight: 400;\">De 14,5 cm de mida, el pardal t\u00e9 el plomatge discret: grisenc les femelles i els joves; i els mascles, amb el dors castany amb ratlles fosques, casquet gris, gola negra i dessota blanc tenyit de gris. T\u00e9 el bec c\u00f2nic com tots els gran\u00edvors. \u00c9s sedentari, ja que a l\u2019hivern tamb\u00e9 troba aliment. Originari d\u2019Eur\u00e0sia, ha estat introdu\u00eft als Estats Units, Austr\u00e0lia, Nova Zelanda i Sud-\u00e0frica.<\/span><\/p>\n<p><span style=\"font-weight: 400; font-size: 10pt;\">\u00a0 \u00a0 \u00a0 \u00a0 \u00a0 \u00a0 \u00a0 \u00a0 \u00a0 \u00a0 \u00a0 \u00a0 \u00a0 \u00a0 \u00a0 \u00a0 \u00a0 \u00a0 \u00a0 \u00a0 \u00a0 \u00a0 \u00a0 \u00a0 \u00a0 \u00a0 \u00a0 \u00a0 \u00a0 \u00a0 \u00a0 \u00a0 \u00a0 \u00a0 \u00a0 \u00a0 \u00a0 \u00a0 \u00a0 \u00a0 \u00a0 \u00a0 \u00a0 \u00a0 \u00a0 \u00a0 \u00a0 \u00a0 \u00a0 \u00a0 \u00a0Joaquim Maluquer i Sostres.\u00a0 \u201cCon\u00e8ixer i estimar els ocells\u201d<\/span><\/p>\n<p>&nbsp;<\/p>\n<p style=\"text-align: center;\"><span style=\"color: #808000;\"><strong><span style=\"font-size: 12pt;\"><a href=\"https:\/\/agora.xtec.cat\/ceip-lola-anglada-esplugues\/wp-content\/uploads\/usu1507\/2020\/11\/OA-08-2021.jpg\"><img loading=\"lazy\" decoding=\"async\" class=\"aligncenter size-full wp-image-4624\" src=\"https:\/\/agora.xtec.cat\/ceip-lola-anglada-esplugues\/wp-content\/uploads\/usu1507\/2020\/11\/OA-08-2021.jpg\" alt=\"\" width=\"900\" height=\"583\" srcset=\"https:\/\/agora.xtec.cat\/ceip-lola-anglada-esplugues\/wp-content\/uploads\/usu1507\/2020\/11\/OA-08-2021.jpg 900w, https:\/\/agora.xtec.cat\/ceip-lola-anglada-esplugues\/wp-content\/uploads\/usu1507\/2020\/11\/OA-08-2021-300x194.jpg 300w, https:\/\/agora.xtec.cat\/ceip-lola-anglada-esplugues\/wp-content\/uploads\/usu1507\/2020\/11\/OA-08-2021-768x497.jpg 768w\" sizes=\"auto, (max-width: 900px) 100vw, 900px\" \/><\/a>OCELL AMAGAT n\u00ba 8: TUD\u00d3<br \/>\nPer\u00edode per respondre: de dilluns 16 a diumenge 22 de novembre<\/span><\/strong><\/span><\/p>\n<p><span style=\"font-weight: 400;\">El <\/span><b>tud\u00f3<\/b><span style=\"font-weight: 400;\">, el m\u00e9s gros i potent d\u2019aquesta fam\u00edlia ornitol\u00f2gica (coloms i t\u00f3rtores) a Europa. Ateny de 41 a 45 cent\u00edmetres i pot arribar a pesar 650 grams. \u00c9s, doncs, una pe\u00e7a de ca\u00e7a molt cobejada, per\u00f2 no pas f\u00e0cil d\u2019obtenir, ja que \u00e9s malfiat i resistent. En terreny descobert, es lleven a 100 passes de qui s\u2019hi acosta, i en zona arbrada aixequen el vol amb un fort i soroll\u00f3s batec d\u2019ales, precisament pel cant\u00f3 oposat a aquell pel qual venim. En canvi, on no \u00e9s perseguit, esdev\u00e9 refiat, fins a peonar enmig dels vianants als parcs anglesos i francesos. La seva veu \u00e9s un fort parrupeig que ressona entre els arbres.<\/span><\/p>\n<p><span style=\"font-weight: 400;\">El plomatge del tud\u00f3 \u00e9s un gris blav\u00f3s, m\u00e9s clar al dessota amb reflexos verds rogencs al coll, i presenta una banda ampla \u2013 molt visible en vol \u2013 al llarg de cada ala.<\/span><\/p>\n<p><span style=\"font-weight: 400;\">Esp\u00e8cie pr\u00f2pia d\u2019Eur\u00e0sia i el nord d\u2019\u00c0frica. S\u2019estima una poblaci\u00f3 de 198.000 a 275.000 parelles reproductores.<\/span><\/p>\n<p><span style=\"font-weight: 400; font-size: 10pt;\">\u00a0 \u00a0 \u00a0 \u00a0 \u00a0 \u00a0 \u00a0 \u00a0 \u00a0 \u00a0 \u00a0 \u00a0 \u00a0 \u00a0 \u00a0 \u00a0 \u00a0 \u00a0 \u00a0 \u00a0 \u00a0 \u00a0 \u00a0 \u00a0 \u00a0 \u00a0 \u00a0 \u00a0 \u00a0 \u00a0 \u00a0 \u00a0 \u00a0 \u00a0 \u00a0 \u00a0 \u00a0 \u00a0 \u00a0 \u00a0 \u00a0 \u00a0 \u00a0 \u00a0 \u00a0 \u00a0 \u00a0 \u00a0 \u00a0 \u00a0 \u00a0 \u00a0Joaquim Maluquer i Sostres.\u00a0 \u201cCon\u00e8ixer i estimar els ocells\u201d<\/span><\/p>\n<p>&nbsp;<\/p>\n<p style=\"text-align: center;\"><span style=\"color: #808000;\"><strong><span style=\"font-size: 12pt;\"><a href=\"https:\/\/agora.xtec.cat\/ceip-lola-anglada-esplugues\/wp-content\/uploads\/usu1507\/2020\/11\/OA-07-2021.jpg\"><img loading=\"lazy\" decoding=\"async\" class=\"aligncenter size-full wp-image-4623\" src=\"https:\/\/agora.xtec.cat\/ceip-lola-anglada-esplugues\/wp-content\/uploads\/usu1507\/2020\/11\/OA-07-2021.jpg\" alt=\"\" width=\"901\" height=\"576\" srcset=\"https:\/\/agora.xtec.cat\/ceip-lola-anglada-esplugues\/wp-content\/uploads\/usu1507\/2020\/11\/OA-07-2021.jpg 901w, https:\/\/agora.xtec.cat\/ceip-lola-anglada-esplugues\/wp-content\/uploads\/usu1507\/2020\/11\/OA-07-2021-300x192.jpg 300w, https:\/\/agora.xtec.cat\/ceip-lola-anglada-esplugues\/wp-content\/uploads\/usu1507\/2020\/11\/OA-07-2021-768x491.jpg 768w\" sizes=\"auto, (max-width: 901px) 100vw, 901px\" \/><\/a>OCELL AMAGAT n\u00ba 7: ESTORNELL negre \/ com\u00fa<br \/>\nPer\u00edode per respondre: de dilluns 16 a diumenge 22 de novembre<\/span><\/strong><\/span><\/p>\n<p><span style=\"font-weight: 400;\">L\u2019<\/span><b>estornell<\/b><span style=\"font-weight: 400;\"> \u00e9s una esp\u00e8cie molt adaptable, que ha esdevingut cosmopolita. Origin\u00e0ria de l\u2019Europa central i del nord, aix\u00ed com de gran part d\u2019\u00c0sia, en el curs de la segona meitat del segle XIX va estendre\u2019s per l\u2019Europa mediterr\u00e0nia, i l\u2019home l\u2019ha introdu\u00eft a les zones temperades d\u2019Am\u00e8rica, Sud-\u00c0frica, Austr\u00e0lia i Nova Zelanda.<\/span><\/p>\n<p><span style=\"font-weight: 400;\">L\u2019estornell mesura 21,5 cm i t\u00e9 el plomatge molt fosc, puntejat de blanc, amb reflexos met\u00e0l\u00b7lics verds i morats. Hist\u00f2ricament nom\u00e9s hivernava a Catalunya, fins que cap al final del segle XIX comen\u00e7\u00e0 a niar-hi, i s\u2019hi establ\u00ed una poblaci\u00f3 sedent\u00e0ria que no ha cessat de cr\u00e9ixer. Ara l\u2019estornell es reprodueix a tot el territori, excepte al Pirineu i l\u2019extrem sud del pa\u00eds, i \u00e9s molt abundant a les terres de Ponent.<\/span><\/p>\n<p style=\"text-align: left;\"><span style=\"font-weight: 400;\">La poblaci\u00f3, a comen\u00e7aments del segle XXI, s\u2019estima entre 345.000 i 597.000 parelles reproductores. El conjunt europeu podria at\u00e8nyer la xifra de 120 milions de parelles.<br \/>\n<\/span><span style=\"font-weight: 400;\"><br \/>\n<\/span><span style=\"font-weight: 400; font-size: 10pt;\">\u00a0 \u00a0 \u00a0 \u00a0 \u00a0 \u00a0 \u00a0 \u00a0 \u00a0 \u00a0 \u00a0 \u00a0 \u00a0 \u00a0 \u00a0 \u00a0 \u00a0 \u00a0 \u00a0 \u00a0 \u00a0 \u00a0 \u00a0 \u00a0 \u00a0 \u00a0 \u00a0 \u00a0 \u00a0 \u00a0 \u00a0 \u00a0 \u00a0 \u00a0 \u00a0 \u00a0 \u00a0 \u00a0 \u00a0 \u00a0 \u00a0 \u00a0 \u00a0 \u00a0 \u00a0 \u00a0 \u00a0 \u00a0 \u00a0 \u00a0 \u00a0 \u00a0Joaquim Maluquer i Sostres\u00a0 \u201cCon\u00e8ixer i estimar els ocells\u201d<\/span><\/p>\n<p>&nbsp;<\/p>\n<p style=\"text-align: center;\"><span style=\"color: #808000;\"><strong><span style=\"font-size: 12pt;\"><a href=\"https:\/\/agora.xtec.cat\/ceip-lola-anglada-esplugues\/wp-content\/uploads\/usu1507\/2020\/11\/OA-06-2021.jpg\"><img loading=\"lazy\" decoding=\"async\" class=\"aligncenter size-full wp-image-4609\" src=\"https:\/\/agora.xtec.cat\/ceip-lola-anglada-esplugues\/wp-content\/uploads\/usu1507\/2020\/11\/OA-06-2021.jpg\" alt=\"\" width=\"899\" height=\"583\" srcset=\"https:\/\/agora.xtec.cat\/ceip-lola-anglada-esplugues\/wp-content\/uploads\/usu1507\/2020\/11\/OA-06-2021.jpg 899w, https:\/\/agora.xtec.cat\/ceip-lola-anglada-esplugues\/wp-content\/uploads\/usu1507\/2020\/11\/OA-06-2021-300x195.jpg 300w, https:\/\/agora.xtec.cat\/ceip-lola-anglada-esplugues\/wp-content\/uploads\/usu1507\/2020\/11\/OA-06-2021-768x498.jpg 768w\" sizes=\"auto, (max-width: 899px) 100vw, 899px\" \/><\/a>OCELL AMAGAT n\u00ba 6: GAFARR\u00d3 EUROPEU<br \/>\nPer\u00edode per respondre: de dilluns 3 a diumenge 15 de novembre<\/span><\/strong><\/span><\/p>\n<p><span style=\"font-weight: 400;\">El <\/span><b>gafarr\u00f3<\/b><span style=\"font-weight: 400;\"> \u00e9s el quart de la llista dels ocells m\u00e9s abundants i estesos pel pa\u00eds, i, tamb\u00e9, un del m\u00e9s menuts amb nom\u00e9s 11 cm. \u00c9s sedentari (hi \u00e9s tot l\u2019any) i la seva poblaci\u00f3 pot at\u00e8nyer el mili\u00f3 de parelles, a les quals s\u2019afegeixen a l\u2019hivern el migradors del nord, poblaci\u00f3 que encara no ha estat avaluada.<\/span><\/p>\n<p style=\"text-align: left;\"><span style=\"font-weight: 400;\">\u00c9s gran\u00edvor, de la fam\u00edlia dels fring\u00edl\u00b7lids, com la cadernera i el pins\u00e0, de plomatge verd groguenc ratllat. Deixa sentir el seu cant amagat entre el fullatge, sovint dels arbres dels jardins.<br \/>\n<\/span><span style=\"font-weight: 400;\"><br \/>\n<span style=\"font-size: 10pt;\">\u00a0 \u00a0 \u00a0 \u00a0 \u00a0 \u00a0 \u00a0 \u00a0 \u00a0 \u00a0 \u00a0 \u00a0 \u00a0 \u00a0 \u00a0 \u00a0 \u00a0 \u00a0 \u00a0 \u00a0 \u00a0 \u00a0 \u00a0 \u00a0 \u00a0 \u00a0 \u00a0 \u00a0 \u00a0 \u00a0 \u00a0 \u00a0 \u00a0 \u00a0 \u00a0 \u00a0 \u00a0 \u00a0 \u00a0 \u00a0 \u00a0 \u00a0 \u00a0 \u00a0 \u00a0 \u00a0 \u00a0 \u00a0 \u00a0 \u00a0 \u00a0 \u00a0 Joaquim Maluquer i Sostres.\u00a0 \u201cCon\u00e8ixer i estimar els ocells\u201d<\/span><\/span><\/p>\n<p>&nbsp;<\/p>\n<p style=\"text-align: center;\"><span style=\"color: #808000;\"><strong><span style=\"font-size: 12pt;\"><a href=\"https:\/\/agora.xtec.cat\/ceip-lola-anglada-esplugues\/wp-content\/uploads\/usu1507\/2020\/11\/OA-05-2021.jpg\"><img loading=\"lazy\" decoding=\"async\" class=\"aligncenter size-full wp-image-4608\" src=\"https:\/\/agora.xtec.cat\/ceip-lola-anglada-esplugues\/wp-content\/uploads\/usu1507\/2020\/11\/OA-05-2021.jpg\" alt=\"\" width=\"900\" height=\"576\" srcset=\"https:\/\/agora.xtec.cat\/ceip-lola-anglada-esplugues\/wp-content\/uploads\/usu1507\/2020\/11\/OA-05-2021.jpg 900w, https:\/\/agora.xtec.cat\/ceip-lola-anglada-esplugues\/wp-content\/uploads\/usu1507\/2020\/11\/OA-05-2021-300x192.jpg 300w, https:\/\/agora.xtec.cat\/ceip-lola-anglada-esplugues\/wp-content\/uploads\/usu1507\/2020\/11\/OA-05-2021-768x492.jpg 768w\" sizes=\"auto, (max-width: 900px) 100vw, 900px\" \/><\/a>OCELL AMAGAT n\u00ba 5: T\u00d3RTORA TURCA<br \/>\nPer\u00edode per respondre: de dilluns 3 a diumenge 15 de novembre<\/span><\/strong><\/span><\/p>\n<p><span style=\"font-weight: 400;\">La <\/span><b>t\u00f3rtora turca<\/b><span style=\"font-weight: 400;\"> \u00e9s un cas realment ins\u00f2lit d\u2019expansi\u00f3 mundial d\u2019una esp\u00e8cie. T\u00e9 la particularitat de ser molt visible, f\u00e0cilment perceptible fins i tot pels que estan lluny de la natura. Aix\u00f2 es deu al fet de conviure amb l\u2019\u00e8sser hum\u00e0 per aprofitar-ne les deixalles, talment com els coloms urbans. Aix\u00ed la trobarem als parcs i jardins de les ciutats, als afores i ales explotacions agr\u00edcoles.<\/span><\/p>\n<p><span style=\"font-weight: 400;\">La t\u00f3rtora turca fa 32 cm, t\u00e9 el dors uniforme d\u2019un ocre molt esva\u00eft i un prim mig collar.<\/span><\/p>\n<p style=\"text-align: left;\"><span style=\"font-weight: 400;\">Origin\u00e0ria de l\u2019\u00c0sia del sud \u2013 \u00cdndia, Sri Lanka i Myanmar- on ocupa zones semides\u00e8rtiques, per\u00f2 tendeix\u00a0 a establir-se a les viles. Al final del segle XIX, el seu l\u00edmit cap a l\u2019oest era Turquia. L\u2019any 1928, per\u00f2, ja havia colonitzat Hongria i a comen\u00e7ament del segle XXI, la tenim present en gaireb\u00e9 tot Europa. La primera observaci\u00f3 a Catalunya es produeix a Esterri de Card\u00f3s (Pallars Sobir\u00e0), l\u2019any 1969.<\/span><\/p>\n<p style=\"text-align: right;\"><span style=\"font-weight: 400; font-size: 10pt;\">Joaquim Maluquer i Sostres.\u00a0 \u201cCon\u00e8ixer i estimar els ocells\u201d<\/span><\/p>\n<p>&nbsp;<\/p>\n<p style=\"text-align: center;\"><a href=\"https:\/\/agora.xtec.cat\/ceip-lola-anglada-esplugues\/wp-content\/uploads\/usu1507\/2020\/11\/OA-04-2021.jpg\"><img loading=\"lazy\" decoding=\"async\" class=\"aligncenter size-full wp-image-4598\" src=\"https:\/\/agora.xtec.cat\/ceip-lola-anglada-esplugues\/wp-content\/uploads\/usu1507\/2020\/11\/OA-04-2021.jpg\" alt=\"\" width=\"900\" height=\"569\" srcset=\"https:\/\/agora.xtec.cat\/ceip-lola-anglada-esplugues\/wp-content\/uploads\/usu1507\/2020\/11\/OA-04-2021.jpg 900w, https:\/\/agora.xtec.cat\/ceip-lola-anglada-esplugues\/wp-content\/uploads\/usu1507\/2020\/11\/OA-04-2021-300x190.jpg 300w, https:\/\/agora.xtec.cat\/ceip-lola-anglada-esplugues\/wp-content\/uploads\/usu1507\/2020\/11\/OA-04-2021-768x486.jpg 768w\" sizes=\"auto, (max-width: 900px) 100vw, 900px\" \/><\/a><span style=\"color: #808000;\"><strong><span style=\"font-size: 12pt;\">OCELL AMAGAT n\u00ba 4:\u00a0 PIT-ROIG<br \/>\nPer\u00edode per respondre: de dilluns 2 a diumenge 8 de novembre<\/span><\/strong><\/span><\/p>\n<p><span style=\"font-weight: 400;\">El <\/span><b>pit-roig <\/b><span style=\"font-weight: 400;\">\u00e9s un ocell molt nombr\u00f3s, ja que pot arribar al mili\u00f3 de parelles. Ara b\u00e9, a causa dels seus requeriments forestals, no el trobarem a la plana de Lleida ni a la zona litoral de la meitat sud de Catalunya.<br \/>\nEl sedentari pit-roig, de 14 cm, \u00e9s de plomatge grisenc, animat, per\u00f2, amb un bonic vermell taronja al front, la gola i el pit que el fan inconfusible. De natural refiat, es fa estimar per la confian\u00e7a amb qu\u00e8 se\u2019ns acosta gaireb\u00e9 fins els peus.<\/span><\/p>\n<p style=\"text-align: right;\"><span style=\"font-weight: 400; font-size: 10pt;\">Joaquim Maluquer i Sostres.\u00a0 \u201cCon\u00e8ixer i estimar els ocells\u201d<\/span><\/p>\n<p>&nbsp;<\/p>\n<p style=\"text-align: center;\"><a href=\"https:\/\/agora.xtec.cat\/ceip-lola-anglada-esplugues\/wp-content\/uploads\/usu1507\/2020\/11\/OA-03-2021.jpg\"><img loading=\"lazy\" decoding=\"async\" class=\"aligncenter size-full wp-image-4597\" src=\"https:\/\/agora.xtec.cat\/ceip-lola-anglada-esplugues\/wp-content\/uploads\/usu1507\/2020\/11\/OA-03-2021.jpg\" alt=\"\" width=\"899\" height=\"574\" srcset=\"https:\/\/agora.xtec.cat\/ceip-lola-anglada-esplugues\/wp-content\/uploads\/usu1507\/2020\/11\/OA-03-2021.jpg 899w, https:\/\/agora.xtec.cat\/ceip-lola-anglada-esplugues\/wp-content\/uploads\/usu1507\/2020\/11\/OA-03-2021-300x192.jpg 300w, https:\/\/agora.xtec.cat\/ceip-lola-anglada-esplugues\/wp-content\/uploads\/usu1507\/2020\/11\/OA-03-2021-768x490.jpg 768w\" sizes=\"auto, (max-width: 899px) 100vw, 899px\" \/><\/a><span style=\"color: #808000;\"><strong><span style=\"font-size: 12pt;\">OCELL AMAGAT n\u00ba 3:\u00a0 POLLA D&#8217;AIGUA comuna<br \/>\nPer\u00edode per respondre: de dilluns 2 a diumenge 8 de novembre<\/span><\/strong><\/span><\/p>\n<p style=\"text-align: left;\"><span style=\"font-weight: 400;\">La <\/span><b>polla d\u2019aigua<\/b><span style=\"font-weight: 400;\">, ateny 33 cm, t\u00e9 plomatge fosc i el bec i la placa frontal vermells. T\u00e9 for\u00e7a capacitat d\u2019adaptar-se al medi, com ho demostra la seva \u00e0mplia distribuci\u00f3 mundial. A l\u2019escala del nostre territori la trobem arreu \u2013 per poc refugi palustre que hi hagi -, llevat del Pirineu i del Prepirineu, i, encara amb algunes excepcions de l\u2019alt Segre. No \u00e9s f\u00e0cil fer-ne el cens, ja que la polla d\u2019aigua \u00e9s molt espantadissa i acostuma a viure amagada entre la vegetaci\u00f3 aqu\u00e0tica, essent m\u00e9s f\u00e0cil sentir-ne el crit que no pas veure-la. Segons estimaci\u00f3 m\u00e9s recent, la seva poblaci\u00f3 oscil\u00b7laria entre 12000 i 30000 parelles.<\/span><span style=\"font-weight: 400;\"><br \/>\n<\/span><span style=\"font-weight: 400; font-size: 10pt;\">\u00a0 \u00a0 \u00a0 \u00a0 \u00a0 \u00a0 \u00a0 \u00a0 \u00a0 \u00a0 \u00a0 \u00a0 \u00a0 \u00a0 \u00a0 \u00a0 \u00a0 \u00a0 \u00a0 \u00a0 \u00a0 \u00a0 \u00a0 \u00a0 \u00a0 \u00a0 \u00a0 \u00a0 \u00a0 \u00a0 \u00a0 \u00a0 \u00a0 \u00a0 \u00a0 \u00a0 \u00a0 \u00a0 \u00a0 \u00a0 \u00a0 \u00a0 \u00a0 \u00a0 \u00a0 \u00a0 \u00a0 \u00a0 \u00a0 \u00a0 \u00a0 Joaquim Maluquer i Sostres.\u00a0 \u201cCon\u00e8ixer i estimar els ocells\u201d<\/span><\/p>\n<p>&nbsp;<\/p>\n<p style=\"text-align: center;\"><a href=\"https:\/\/agora.xtec.cat\/ceip-lola-anglada-esplugues\/wp-content\/uploads\/usu1507\/2020\/10\/OA-02-2021.jpg\"><img loading=\"lazy\" decoding=\"async\" class=\"aligncenter size-full wp-image-4533\" src=\"https:\/\/agora.xtec.cat\/ceip-lola-anglada-esplugues\/wp-content\/uploads\/usu1507\/2020\/10\/OA-02-2021.jpg\" alt=\"\" width=\"901\" height=\"576\" srcset=\"https:\/\/agora.xtec.cat\/ceip-lola-anglada-esplugues\/wp-content\/uploads\/usu1507\/2020\/10\/OA-02-2021.jpg 901w, https:\/\/agora.xtec.cat\/ceip-lola-anglada-esplugues\/wp-content\/uploads\/usu1507\/2020\/10\/OA-02-2021-300x192.jpg 300w, https:\/\/agora.xtec.cat\/ceip-lola-anglada-esplugues\/wp-content\/uploads\/usu1507\/2020\/10\/OA-02-2021-768x491.jpg 768w\" sizes=\"auto, (max-width: 901px) 100vw, 901px\" \/><\/a><span style=\"color: #808000;\"><strong><span style=\"font-size: 12pt;\">OCELL AMAGAT n\u00ba 2\u00a0 COLOM ROQUER<br \/>\nPer\u00edode per respondre: de dilluns 19 d&#8217;octubre a diumenge 1 de novembre<br \/>\n<\/span><\/strong><em><span style=\"font-size: 12pt;\"><span style=\"font-size: 10pt;\">(Per ser inici del joc el termini \u00e9s de dues setmanes)<\/span><\/span><\/em><\/span><\/p>\n<p><span style=\"font-weight: 400;\">El <\/span><b>colom roquer<\/b><span style=\"font-weight: 400;\"> \u00e9s el tan familiar colom dom\u00e8stic o assilvestrat, que trobem en nombre molt excessiu als pobles i ciutats.<\/span><\/p>\n<p><span style=\"font-weight: 400;\">\u00c9s dif\u00edcil distingir a Catalunya les poblacions naturals de les d\u2019origen dom\u00e8stic que s\u2019ha assilvestrat i mostren els trets caracter\u00edstics de l\u2019esp\u00e8cie: 31 a 34 cm, color gris blav\u00f3s, carp\u00f3 blanc i dues barres fosques molt visibles a trav\u00e9s de les ales plegades.<\/span><\/p>\n<p><span style=\"font-weight: 400;\">Avui dia, el colom roquer ha esdevingut cosmopolita <\/span><i><span style=\"font-weight: 400;\">(habita a molts pa\u00efsos),<\/span><\/i><span style=\"font-weight: 400;\"> per\u00f2 el seu origen \u00e9s euroasi\u00e0tic i afric\u00e0. A Catalunya s\u2019estima que podrien superar les 200.000 parelles, i ocupen tot el territori, llevat de zones de muntanya despoblades.<\/span><span style=\"font-weight: 400;\"><br \/>\n<\/span><\/p>\n<p style=\"text-align: right;\"><span style=\"font-weight: 400; font-size: 10pt;\">Joaquim Maluquer i Sostres\u00a0 \u201cCon\u00e8ixer i estimar els ocells\u201d<\/span><\/p>\n<p>&nbsp;<\/p>\n<p style=\"text-align: center;\"><a href=\"https:\/\/agora.xtec.cat\/ceip-lola-anglada-esplugues\/wp-content\/uploads\/usu1507\/2020\/10\/OA-01-2021.jpg\"><img loading=\"lazy\" decoding=\"async\" class=\"aligncenter size-full wp-image-4532\" src=\"https:\/\/agora.xtec.cat\/ceip-lola-anglada-esplugues\/wp-content\/uploads\/usu1507\/2020\/10\/OA-01-2021.jpg\" alt=\"\" width=\"899\" height=\"575\" srcset=\"https:\/\/agora.xtec.cat\/ceip-lola-anglada-esplugues\/wp-content\/uploads\/usu1507\/2020\/10\/OA-01-2021.jpg 899w, https:\/\/agora.xtec.cat\/ceip-lola-anglada-esplugues\/wp-content\/uploads\/usu1507\/2020\/10\/OA-01-2021-300x192.jpg 300w, https:\/\/agora.xtec.cat\/ceip-lola-anglada-esplugues\/wp-content\/uploads\/usu1507\/2020\/10\/OA-01-2021-768x491.jpg 768w\" sizes=\"auto, (max-width: 899px) 100vw, 899px\" \/><\/a><span style=\"color: #808000;\"><strong><span style=\"font-size: 12pt;\">OCELL AMAGAT n\u00ba 1\u00a0 GARSA EURASI\u00c0TICA<br \/>\nPer\u00edode per respondre: de dilluns 19 d&#8217;octubre a diumenge 1 de novembre<br \/>\n<\/span><\/strong><em><span style=\"font-size: 12pt;\"><span style=\"font-size: 10pt;\">(Per ser inici del joc el termini \u00e9s de dues setmanes)<\/span><\/span><\/em><\/span><\/p>\n<p><span style=\"font-weight: 400;\">La <\/span><b>garsa eurasi\u00e0tica<\/b><span style=\"font-weight: 400;\"> \u00e9s un ocell molt notable per diversos conceptes: \u00e9s bonic, vistent <\/span><i><span style=\"font-weight: 400;\">(visible, f\u00e0cil de veure)<\/span><\/i><span style=\"font-weight: 400;\">, \u201cintel\u00b7ligent\u201d i nociu. Ateny 46 cm, amb el cos negre, menys el dessota, que \u00e9s blanc pur, les ales, blanques i negres, i la llargu\u00edssima cua negra amb reflexos virolats. \u00c9s present a Eur\u00e0sia i a l\u2019Am\u00e8rica del Nord. A Catalunya la veurem, sobretot en zones baixes i molt humanitzades, ja que \u00e9s el c\u00f2rvid m\u00e9s vinculat a les nostres activitats, fins al punt de ser present a parcs i jardins.<\/span><\/p>\n<p><span style=\"font-weight: 400;\">La poblaci\u00f3 de garses oscil\u00b7laria entre 100.000 i 140.000 parelles reproductores. La seva m\u00e0xima densitat es concentra a les comarques litorals i a la Plana de Lleida. No hi \u00e9s als boscos i zones de muntanya.<\/span><span style=\"font-weight: 400;\"><br \/>\n<\/span><\/p>\n<p style=\"text-align: right;\"><span style=\"font-weight: 400; font-size: 10pt;\">Joaquim Maluquer i Sostres\u00a0 \u201cCon\u00e8ixer i estimar els ocells\u201d<\/span><\/p>\n","protected":false},"excerpt":{"rendered":"<p>JA DE NEN GAUDIA OBSERVANT ELS COSTUMS DELS OCELLS&#8230; EN LA MEVA INGENU\u00cfTAT EM SORPRENIA QUE NO TOTHOM FOS ORNIT\u00d2LEG Charles Darwin L\u2019objectiu del joc de l\u2019ocell amagat \u00e9s trobar el nom de l\u2019ocell que apareix a la fotografia. \u00c9s una activitat que forma part del Projecte Ocells que duen a terme l&#8217;alumnat del cicle [&hellip;]<\/p>\n","protected":false},"author":17,"featured_media":0,"parent":1519,"menu_order":1,"comment_status":"closed","ping_status":"closed","template":"","meta":{"_bbp_topic_count":0,"_bbp_reply_count":0,"_bbp_total_topic_count":0,"_bbp_total_reply_count":0,"_bbp_voice_count":0,"_bbp_anonymous_reply_count":0,"_bbp_topic_count_hidden":0,"_bbp_reply_count_hidden":0,"_bbp_forum_subforum_count":0,"site-sidebar-layout":"default","site-content-layout":"","ast-site-content-layout":"default","site-content-style":"default","site-sidebar-style":"default","ast-global-header-display":"","ast-banner-title-visibility":"","ast-main-header-display":"","ast-hfb-above-header-display":"","ast-hfb-below-header-display":"","ast-hfb-mobile-header-display":"","site-post-title":"","ast-breadcrumbs-content":"","ast-featured-img":"","footer-sml-layout":"","theme-transparent-header-meta":"default","adv-header-id-meta":"","stick-header-meta":"","header-above-stick-meta":"","header-main-stick-meta":"","header-below-stick-meta":"","astra-migrate-meta-layouts":"set","ast-page-background-enabled":"default","ast-page-background-meta":{"desktop":{"background-color":"var(--ast-global-color-4)","background-image":"","background-repeat":"repeat","background-position":"center center","background-size":"auto","background-attachment":"scroll","background-type":"","background-media":"","overlay-type":"","overlay-color":"","overlay-opacity":"","overlay-gradient":""},"tablet":{"background-color":"","background-image":"","background-repeat":"repeat","background-position":"center center","background-size":"auto","background-attachment":"scroll","background-type":"","background-media":"","overlay-type":"","overlay-color":"","overlay-opacity":"","overlay-gradient":""},"mobile":{"background-color":"","background-image":"","background-repeat":"repeat","background-position":"center center","background-size":"auto","background-attachment":"scroll","background-type":"","background-media":"","overlay-type":"","overlay-color":"","overlay-opacity":"","overlay-gradient":""}},"ast-content-background-meta":{"desktop":{"background-color":"var(--ast-global-color-5)","background-image":"","background-repeat":"repeat","background-position":"center center","background-size":"auto","background-attachment":"scroll","background-type":"","background-media":"","overlay-type":"","overlay-color":"","overlay-opacity":"","overlay-gradient":""},"tablet":{"background-color":"var(--ast-global-color-5)","background-image":"","background-repeat":"repeat","background-position":"center center","background-size":"auto","background-attachment":"scroll","background-type":"","background-media":"","overlay-type":"","overlay-color":"","overlay-opacity":"","overlay-gradient":""},"mobile":{"background-color":"var(--ast-global-color-5)","background-image":"","background-repeat":"repeat","background-position":"center center","background-size":"auto","background-attachment":"scroll","background-type":"","background-media":"","overlay-type":"","overlay-color":"","overlay-opacity":"","overlay-gradient":""}},"footnotes":""},"class_list":["post-1483","page","type-page","status-publish","hentry"],"post_mailing_queue_ids":[],"_links":{"self":[{"href":"https:\/\/agora.xtec.cat\/ceip-lola-anglada-esplugues\/wp-json\/wp\/v2\/pages\/1483","targetHints":{"allow":["GET"]}}],"collection":[{"href":"https:\/\/agora.xtec.cat\/ceip-lola-anglada-esplugues\/wp-json\/wp\/v2\/pages"}],"about":[{"href":"https:\/\/agora.xtec.cat\/ceip-lola-anglada-esplugues\/wp-json\/wp\/v2\/types\/page"}],"author":[{"embeddable":true,"href":"https:\/\/agora.xtec.cat\/ceip-lola-anglada-esplugues\/wp-json\/wp\/v2\/users\/17"}],"replies":[{"embeddable":true,"href":"https:\/\/agora.xtec.cat\/ceip-lola-anglada-esplugues\/wp-json\/wp\/v2\/comments?post=1483"}],"version-history":[{"count":7,"href":"https:\/\/agora.xtec.cat\/ceip-lola-anglada-esplugues\/wp-json\/wp\/v2\/pages\/1483\/revisions"}],"predecessor-version":[{"id":9078,"href":"https:\/\/agora.xtec.cat\/ceip-lola-anglada-esplugues\/wp-json\/wp\/v2\/pages\/1483\/revisions\/9078"}],"up":[{"embeddable":true,"href":"https:\/\/agora.xtec.cat\/ceip-lola-anglada-esplugues\/wp-json\/wp\/v2\/pages\/1519"}],"wp:attachment":[{"href":"https:\/\/agora.xtec.cat\/ceip-lola-anglada-esplugues\/wp-json\/wp\/v2\/media?parent=1483"}],"curies":[{"name":"wp","href":"https:\/\/api.w.org\/{rel}","templated":true}]}}