{"id":32,"date":"2014-09-18T12:31:33","date_gmt":"2014-09-18T11:31:33","guid":{"rendered":"http:\/\/agora.xtec.cat\/ceip-llebeig\/?page_id=32"},"modified":"2025-09-09T18:18:12","modified_gmt":"2025-09-09T16:18:12","slug":"calendari-del-curs","status":"publish","type":"page","link":"https:\/\/agora.xtec.cat\/ceip-llebeig\/lescola\/calendari-del-curs\/","title":{"rendered":"Calendari del curs 25-26"},"content":{"rendered":"\n<div class=\"wp-block-columns is-layout-flex wp-container-core-columns-is-layout-1 wp-block-columns-is-layout-flex\" style=\"padding-top:var(--wp--preset--spacing--40);padding-bottom:var(--wp--preset--spacing--40)\">\n<div class=\"wp-block-column is-layout-flow wp-block-column-is-layout-flow\" style=\"flex-basis:60%\">\n<h4 class=\"wp-block-heading\"><strong>Inici de curs<\/strong><\/h4>\n\n\n\n<p><strong>8 de setembre de 2025<\/strong><\/p>\n\n\n\n<p style=\"padding-top:var(--wp--preset--spacing--40);padding-bottom:var(--wp--preset--spacing--40)\"><strong>1r trimestre<\/strong>: del 8 de setembre al 19 de desembre de 2025.<br><strong>2n trimestre<\/strong>: del 8 de gener al 27 de mar\u00e7 de 2026.<br><strong>3r trimestre<\/strong>: del 7 d\u2019abril al 19 de juny de 2026<\/p>\n\n\n\n<h5 class=\"wp-block-heading\" style=\"padding-top:var(--wp--preset--spacing--20);padding-bottom:var(--wp--preset--spacing--20)\"><strong>Jornada intensiva (9 a 13 h):<\/strong><\/h5>\n\n\n\n<ul class=\"wp-block-list\">\n<li>19 de desembre de 2025<\/li>\n\n\n\n<li style=\"padding-top:var(--wp--preset--spacing--20);padding-bottom:var(--wp--preset--spacing--20)\">Del 9 al19 de juny de 2026 (ambd\u00f3s inclosos)<\/li>\n<\/ul>\n<\/div>\n\n\n\n<div class=\"wp-block-column is-layout-flow wp-block-column-is-layout-flow\" style=\"flex-basis:40%\"><div class=\"simcal-calendar simcal-default-calendar simcal-default-calendar-grid simcal-default-calendar-light\" data-calendar-id=\"2281\" data-timezone=\"Europe\/Madrid\" data-offset=\"7200\" data-week-start=\"1\" data-calendar-start=\"1777500000\" data-calendar-end=\"1781906341\" data-events-first=\"1774652459\" data-events-last=\"1781906341\">\n\t\t\t\n            <table class=\"simcal-calendar-grid\"\n                   data-event-bubble-trigger=\"hover\">\n                <thead class=\"simcal-calendar-head\">\n                <tr>\n\t\t\t\t\t                        <th class=\"simcal-nav simcal-prev-wrapper\" colspan=\"1\">\n                            <button class=\"simcal-nav-button simcal-month-nav simcal-prev\" title=\"Mes anterior\"><i class=\"simcal-icon-left\"><\/i><\/button>\n                        <\/th>\n\t\t\t\t\t                    <th colspan=\"5\"\n                        class=\"simcal-nav simcal-current\"\n                        data-calendar-current=\"1777500000\">\n\t\t\t\t\t\t<h3> <span class=\"simcal-current-month\">abril<\/span>  <span class=\"simcal-current-year\">2026<\/span> <\/h3>                    <\/th>\n\t\t\t\t\t                        <th class=\"simcal-nav simcal-next-wrapper\" colspan=\"1\">\n                            <button class=\"simcal-nav-button simcal-month-nav simcal-next\" title=\"Mes seg\u00fcent\"><i class=\"simcal-icon-right\"><\/i><\/button>\n                        <\/th>\n\t\t\t\t\t                <\/tr>\n                <tr>\n\t\t\t\t\t\t<!--\n\t\/\/ XTEC ************ MODIFICAT - Change short week-day (to avoid show all \"d\" in Catalan)\n\t\/\/ 2016.06.27 @sarjona\n\t-->\n\t<th class=\"simcal-week-day simcal-week-day-1\"\n             data-screen-small=\"Dl\"\n             data-screen-medium=\"Dl\"\n             data-screen-large=\"Dilluns\">Dl<\/th>\n\t<!--\/\/************ ORIGINAL -->\n\t<!--\n                        <th class=\"simcal-week-day simcal-week-day-1\"\n                            data-screen-small=\"D\"\n                            data-screen-medium=\"Dl\"\n                            data-screen-large=\"Dilluns\">Dl<\/th>\n\n\t-->\n\t<!--\n\t\/\/************ FI\n\t-->\n\n\t\t\t\t\t\t\t<!--\n\t\/\/ XTEC ************ MODIFICAT - Change short week-day (to avoid show all \"d\" in Catalan)\n\t\/\/ 2016.06.27 @sarjona\n\t-->\n\t<th class=\"simcal-week-day simcal-week-day-2\"\n             data-screen-small=\"Dt\"\n             data-screen-medium=\"Dt\"\n             data-screen-large=\"Dimarts\">Dt<\/th>\n\t<!--\/\/************ ORIGINAL -->\n\t<!--\n                        <th class=\"simcal-week-day simcal-week-day-2\"\n                            data-screen-small=\"D\"\n                            data-screen-medium=\"Dt\"\n                            data-screen-large=\"Dimarts\">Dt<\/th>\n\n\t-->\n\t<!--\n\t\/\/************ FI\n\t-->\n\n\t\t\t\t\t\t\t<!--\n\t\/\/ XTEC ************ MODIFICAT - Change short week-day (to avoid show all \"d\" in Catalan)\n\t\/\/ 2016.06.27 @sarjona\n\t-->\n\t<th class=\"simcal-week-day simcal-week-day-3\"\n             data-screen-small=\"Dc\"\n             data-screen-medium=\"Dc\"\n             data-screen-large=\"Dimecres\">Dc<\/th>\n\t<!--\/\/************ ORIGINAL -->\n\t<!--\n                        <th class=\"simcal-week-day simcal-week-day-3\"\n                            data-screen-small=\"D\"\n                            data-screen-medium=\"Dc\"\n                            data-screen-large=\"Dimecres\">Dc<\/th>\n\n\t-->\n\t<!--\n\t\/\/************ FI\n\t-->\n\n\t\t\t\t\t\t\t<!--\n\t\/\/ XTEC ************ MODIFICAT - Change short week-day (to avoid show all \"d\" in Catalan)\n\t\/\/ 2016.06.27 @sarjona\n\t-->\n\t<th class=\"simcal-week-day simcal-week-day-4\"\n             data-screen-small=\"Dj\"\n             data-screen-medium=\"Dj\"\n             data-screen-large=\"Dijous\">Dj<\/th>\n\t<!--\/\/************ ORIGINAL -->\n\t<!--\n                        <th class=\"simcal-week-day simcal-week-day-4\"\n                            data-screen-small=\"D\"\n                            data-screen-medium=\"Dj\"\n                            data-screen-large=\"Dijous\">Dj<\/th>\n\n\t-->\n\t<!--\n\t\/\/************ FI\n\t-->\n\n\t\t\t\t\t\t\t<!--\n\t\/\/ XTEC ************ MODIFICAT - Change short week-day (to avoid show all \"d\" in Catalan)\n\t\/\/ 2016.06.27 @sarjona\n\t-->\n\t<th class=\"simcal-week-day simcal-week-day-5\"\n             data-screen-small=\"Dv\"\n             data-screen-medium=\"Dv\"\n             data-screen-large=\"Divendres\">Dv<\/th>\n\t<!--\/\/************ ORIGINAL -->\n\t<!--\n                        <th class=\"simcal-week-day simcal-week-day-5\"\n                            data-screen-small=\"D\"\n                            data-screen-medium=\"Dv\"\n                            data-screen-large=\"Divendres\">Dv<\/th>\n\n\t-->\n\t<!--\n\t\/\/************ FI\n\t-->\n\n\t\t\t\t\t\t\t<!--\n\t\/\/ XTEC ************ MODIFICAT - Change short week-day (to avoid show all \"d\" in Catalan)\n\t\/\/ 2016.06.27 @sarjona\n\t-->\n\t<th class=\"simcal-week-day simcal-week-day-6\"\n             data-screen-small=\"Ds\"\n             data-screen-medium=\"Ds\"\n             data-screen-large=\"Dissabte\">Ds<\/th>\n\t<!--\/\/************ ORIGINAL -->\n\t<!--\n                        <th class=\"simcal-week-day simcal-week-day-6\"\n                            data-screen-small=\"D\"\n                            data-screen-medium=\"Ds\"\n                            data-screen-large=\"Dissabte\">Ds<\/th>\n\n\t-->\n\t<!--\n\t\/\/************ FI\n\t-->\n\n\t\t\t\t\t\t\n\t\t<!--\n\t\t\/\/ XTEC ************ MODIFICAT - Change short week-day (to avoid show all \"d\" in Catalan)\n\t\t\/\/ 2016.06.27 @sarjona\n\t\t-->\n\t\t<th class=\"simcal-week-day simcal-week-day-0\"\n                data-screen-small=\"Dg\"\n                data-screen-medium=\"Dg\"\n                data-screen-large=\"Diumenge\">Dg<\/th>\n\t\t<!--\/\/ ************ ORIGINAL -->\n\t\t<!--\n                            <th class=\"simcal-week-day simcal-week-day-0\"\n                                data-screen-small=\"D\"\n                                data-screen-medium=\"Dg\"\n                                data-screen-large=\"Diumenge\">Dg<\/th>\n\n\t\t-->\n\t\t<!--\n\t\t\/\/ ************ FI\n\t\t-->\n\n\t\t\t\t\t\t\t                <\/tr>\n                <\/thead>\n\n\t\t\t\t<tbody class=\"simcal-month simcal-month-4\">\n\t<tr class=\"simcal-week simcal-week-14\"><td class=\"simcal-day simcal-day-void \"><\/td>\n<td class=\"simcal-day simcal-day-void simcal-day-void-last\"><\/td>\n<td class=\"simcal-day-1 simcal-weekday-3 simcal-past simcal-day simcal-day-has-events simcal-day-has-1-events simcal-events-calendar-2281\" data-events-count=\"1\">\n\t<div>\n\t\t<span class=\"simcal-day-label simcal-day-number\" style=\"background-color: #000000; color: #ffffff\">1<\/span>\n\t\t<ul class=\"simcal-events\">\t<li class=\"simcal-event simcal-events-calendar-2281 simcal-tooltip\" itemscope itemtype=\"http:\/\/schema.org\/Event\">\n\t\t<span class=\"simcal-event-title\">VACANCES SETMANA SANTA<\/span>\n\t\t<div class=\"simcal-event-details simcal-tooltip-content\" style=\"display: none;\"><p><strong><span class=\"simcal-event-title\" itemprop=\"name\">VACANCES SETMANA SANTA<\/span><\/strong><\/p>\n<p><span class=\"simcal-event-start simcal-event-start-date\" data-event-start=\"1774652459\" data-event-format=\"j \\d\\e F \\d\\e Y\" itemprop=\"startDate\" content=\"2026-03-28T00:00:59+01:00\">28 de mar\u00e7 de 2026<\/span> - <span class=\"simcal-event-start simcal-event-end-date\" data-event-start=\"1775512741\" data-event-format=\"j \\d\\e F \\d\\e Y\" itemprop=\"endDate\" content=\"2026-04-06T23:59:01+02:00\">6 d'abril de 2026<\/span>&nbsp;&nbsp;<br \/>\n <span class=\"simcal-event-address simcal-event-start-location\" itemprop=\"location\" itemscope itemtype=\"http:\/\/schema.org\/Place\"><meta itemprop=\"name\" content=\"VACANCES SETMANA SANTA\" \/><meta itemprop=\"address\" content=\"VACANCES SETMANA SANTA\" \/><\/span><\/p>\n<div><\/div>\n<p> <a href=\"https:\/\/www.google.com\/calendar\/event?eid=NWhvazljMjhyYm52bHY4NmlpNzE3Z2c1Z2sgY191cDgxZTNqczlna2x1bXY2Z2RsdmFjMzB1NEBn&#038;ctz=Europe\/Madrid\" target=\"_blank\" >M\u00e9s detalls<\/a><\/p><\/div>\n\t<\/li>\n<\/ul>\n\n\t\t<span class=\"simcal-events-dots\" style=\"display: none;\"><b style=\"color: #000;\"> &bull; <\/b><\/span>\n\t<\/div>\n<\/td>\n<td class=\"simcal-day-2 simcal-weekday-4 simcal-past simcal-day simcal-day-has-events simcal-day-has-1-events simcal-events-calendar-2281\" data-events-count=\"1\">\n\t<div>\n\t\t<span class=\"simcal-day-label simcal-day-number\" style=\"background-color: #000000; color: #ffffff\">2<\/span>\n\t\t<ul class=\"simcal-events\">\t<li class=\"simcal-event simcal-events-calendar-2281 simcal-tooltip\" itemscope itemtype=\"http:\/\/schema.org\/Event\">\n\t\t<span class=\"simcal-event-title\">VACANCES SETMANA SANTA<\/span>\n\t\t<div class=\"simcal-event-details simcal-tooltip-content\" style=\"display: none;\"><p><strong><span class=\"simcal-event-title\" itemprop=\"name\">VACANCES SETMANA SANTA<\/span><\/strong><\/p>\n<p><span class=\"simcal-event-start simcal-event-start-date\" data-event-start=\"1774652459\" data-event-format=\"j \\d\\e F \\d\\e Y\" itemprop=\"startDate\" content=\"2026-03-28T00:00:59+01:00\">28 de mar\u00e7 de 2026<\/span> - <span class=\"simcal-event-start simcal-event-end-date\" data-event-start=\"1775512741\" data-event-format=\"j \\d\\e F \\d\\e Y\" itemprop=\"endDate\" content=\"2026-04-06T23:59:01+02:00\">6 d'abril de 2026<\/span>&nbsp;&nbsp;<br \/>\n <span class=\"simcal-event-address simcal-event-start-location\" itemprop=\"location\" itemscope itemtype=\"http:\/\/schema.org\/Place\"><meta itemprop=\"name\" content=\"VACANCES SETMANA SANTA\" \/><meta itemprop=\"address\" content=\"VACANCES SETMANA SANTA\" \/><\/span><\/p>\n<div><\/div>\n<p> <a href=\"https:\/\/www.google.com\/calendar\/event?eid=NWhvazljMjhyYm52bHY4NmlpNzE3Z2c1Z2sgY191cDgxZTNqczlna2x1bXY2Z2RsdmFjMzB1NEBn&#038;ctz=Europe\/Madrid\" target=\"_blank\" >M\u00e9s detalls<\/a><\/p><\/div>\n\t<\/li>\n<\/ul>\n\n\t\t<span class=\"simcal-events-dots\" style=\"display: none;\"><b style=\"color: #000;\"> &bull; <\/b><\/span>\n\t<\/div>\n<\/td>\n<td class=\"simcal-day-3 simcal-weekday-5 simcal-past simcal-day simcal-day-has-events simcal-day-has-1-events simcal-events-calendar-2281\" data-events-count=\"1\">\n\t<div>\n\t\t<span class=\"simcal-day-label simcal-day-number\" style=\"background-color: #000000; color: #ffffff\">3<\/span>\n\t\t<ul class=\"simcal-events\">\t<li class=\"simcal-event simcal-events-calendar-2281 simcal-tooltip\" itemscope itemtype=\"http:\/\/schema.org\/Event\">\n\t\t<span class=\"simcal-event-title\">VACANCES SETMANA SANTA<\/span>\n\t\t<div class=\"simcal-event-details simcal-tooltip-content\" style=\"display: none;\"><p><strong><span class=\"simcal-event-title\" itemprop=\"name\">VACANCES SETMANA SANTA<\/span><\/strong><\/p>\n<p><span class=\"simcal-event-start simcal-event-start-date\" data-event-start=\"1774652459\" data-event-format=\"j \\d\\e F \\d\\e Y\" itemprop=\"startDate\" content=\"2026-03-28T00:00:59+01:00\">28 de mar\u00e7 de 2026<\/span> - <span class=\"simcal-event-start simcal-event-end-date\" data-event-start=\"1775512741\" data-event-format=\"j \\d\\e F \\d\\e Y\" itemprop=\"endDate\" content=\"2026-04-06T23:59:01+02:00\">6 d'abril de 2026<\/span>&nbsp;&nbsp;<br \/>\n <span class=\"simcal-event-address simcal-event-start-location\" itemprop=\"location\" itemscope itemtype=\"http:\/\/schema.org\/Place\"><meta itemprop=\"name\" content=\"VACANCES SETMANA SANTA\" \/><meta itemprop=\"address\" content=\"VACANCES SETMANA SANTA\" \/><\/span><\/p>\n<div><\/div>\n<p> <a href=\"https:\/\/www.google.com\/calendar\/event?eid=NWhvazljMjhyYm52bHY4NmlpNzE3Z2c1Z2sgY191cDgxZTNqczlna2x1bXY2Z2RsdmFjMzB1NEBn&#038;ctz=Europe\/Madrid\" target=\"_blank\" >M\u00e9s detalls<\/a><\/p><\/div>\n\t<\/li>\n<\/ul>\n\n\t\t<span class=\"simcal-events-dots\" style=\"display: none;\"><b style=\"color: #000;\"> &bull; <\/b><\/span>\n\t<\/div>\n<\/td>\n<td class=\"simcal-day-4 simcal-weekday-6 simcal-past simcal-day simcal-day-has-events simcal-day-has-1-events simcal-events-calendar-2281\" data-events-count=\"1\">\n\t<div>\n\t\t<span class=\"simcal-day-label simcal-day-number\" style=\"background-color: #000000; color: #ffffff\">4<\/span>\n\t\t<ul class=\"simcal-events\">\t<li class=\"simcal-event simcal-events-calendar-2281 simcal-tooltip\" itemscope itemtype=\"http:\/\/schema.org\/Event\">\n\t\t<span class=\"simcal-event-title\">VACANCES SETMANA SANTA<\/span>\n\t\t<div class=\"simcal-event-details simcal-tooltip-content\" style=\"display: none;\"><p><strong><span class=\"simcal-event-title\" itemprop=\"name\">VACANCES SETMANA SANTA<\/span><\/strong><\/p>\n<p><span class=\"simcal-event-start simcal-event-start-date\" data-event-start=\"1774652459\" data-event-format=\"j \\d\\e F \\d\\e Y\" itemprop=\"startDate\" content=\"2026-03-28T00:00:59+01:00\">28 de mar\u00e7 de 2026<\/span> - <span class=\"simcal-event-start simcal-event-end-date\" data-event-start=\"1775512741\" data-event-format=\"j \\d\\e F \\d\\e Y\" itemprop=\"endDate\" content=\"2026-04-06T23:59:01+02:00\">6 d'abril de 2026<\/span>&nbsp;&nbsp;<br \/>\n <span class=\"simcal-event-address simcal-event-start-location\" itemprop=\"location\" itemscope itemtype=\"http:\/\/schema.org\/Place\"><meta itemprop=\"name\" content=\"VACANCES SETMANA SANTA\" \/><meta itemprop=\"address\" content=\"VACANCES SETMANA SANTA\" \/><\/span><\/p>\n<div><\/div>\n<p> <a href=\"https:\/\/www.google.com\/calendar\/event?eid=NWhvazljMjhyYm52bHY4NmlpNzE3Z2c1Z2sgY191cDgxZTNqczlna2x1bXY2Z2RsdmFjMzB1NEBn&#038;ctz=Europe\/Madrid\" target=\"_blank\" >M\u00e9s detalls<\/a><\/p><\/div>\n\t<\/li>\n<\/ul>\n\n\t\t<span class=\"simcal-events-dots\" style=\"display: none;\"><b style=\"color: #000;\"> &bull; <\/b><\/span>\n\t<\/div>\n<\/td>\n<td class=\"simcal-day-5 simcal-weekday-0 simcal-past simcal-day simcal-day-has-events simcal-day-has-1-events simcal-events-calendar-2281\" data-events-count=\"1\">\n\t<div>\n\t\t<span class=\"simcal-day-label simcal-day-number\" style=\"background-color: #000000; color: #ffffff\">5<\/span>\n\t\t<ul class=\"simcal-events\">\t<li class=\"simcal-event simcal-events-calendar-2281 simcal-tooltip\" itemscope itemtype=\"http:\/\/schema.org\/Event\">\n\t\t<span class=\"simcal-event-title\">VACANCES SETMANA SANTA<\/span>\n\t\t<div class=\"simcal-event-details simcal-tooltip-content\" style=\"display: none;\"><p><strong><span class=\"simcal-event-title\" itemprop=\"name\">VACANCES SETMANA SANTA<\/span><\/strong><\/p>\n<p><span class=\"simcal-event-start simcal-event-start-date\" data-event-start=\"1774652459\" data-event-format=\"j \\d\\e F \\d\\e Y\" itemprop=\"startDate\" content=\"2026-03-28T00:00:59+01:00\">28 de mar\u00e7 de 2026<\/span> - <span class=\"simcal-event-start simcal-event-end-date\" data-event-start=\"1775512741\" data-event-format=\"j \\d\\e F \\d\\e Y\" itemprop=\"endDate\" content=\"2026-04-06T23:59:01+02:00\">6 d'abril de 2026<\/span>&nbsp;&nbsp;<br \/>\n <span class=\"simcal-event-address simcal-event-start-location\" itemprop=\"location\" itemscope itemtype=\"http:\/\/schema.org\/Place\"><meta itemprop=\"name\" content=\"VACANCES SETMANA SANTA\" \/><meta itemprop=\"address\" content=\"VACANCES SETMANA SANTA\" \/><\/span><\/p>\n<div><\/div>\n<p> <a href=\"https:\/\/www.google.com\/calendar\/event?eid=NWhvazljMjhyYm52bHY4NmlpNzE3Z2c1Z2sgY191cDgxZTNqczlna2x1bXY2Z2RsdmFjMzB1NEBn&#038;ctz=Europe\/Madrid\" target=\"_blank\" >M\u00e9s detalls<\/a><\/p><\/div>\n\t<\/li>\n<\/ul>\n\n\t\t<span class=\"simcal-events-dots\" style=\"display: none;\"><b style=\"color: #000;\"> &bull; <\/b><\/span>\n\t<\/div>\n<\/td>\n<\/tr><tr class=\"simcal-week simcal-week-14\">\n<td class=\"simcal-day-6 simcal-weekday-1 simcal-past simcal-day simcal-day-has-events simcal-day-has-1-events simcal-events-calendar-2281\" data-events-count=\"1\">\n\t<div>\n\t\t<span class=\"simcal-day-label simcal-day-number\" style=\"background-color: #000000; color: #ffffff\">6<\/span>\n\t\t<ul class=\"simcal-events\">\t<li class=\"simcal-event simcal-events-calendar-2281 simcal-tooltip\" itemscope itemtype=\"http:\/\/schema.org\/Event\">\n\t\t<span class=\"simcal-event-title\">VACANCES SETMANA SANTA<\/span>\n\t\t<div class=\"simcal-event-details simcal-tooltip-content\" style=\"display: none;\"><p><strong><span class=\"simcal-event-title\" itemprop=\"name\">VACANCES SETMANA SANTA<\/span><\/strong><\/p>\n<p><span class=\"simcal-event-start simcal-event-start-date\" data-event-start=\"1774652459\" data-event-format=\"j \\d\\e F \\d\\e Y\" itemprop=\"startDate\" content=\"2026-03-28T00:00:59+01:00\">28 de mar\u00e7 de 2026<\/span> - <span class=\"simcal-event-start simcal-event-end-date\" data-event-start=\"1775512741\" data-event-format=\"j \\d\\e F \\d\\e Y\" itemprop=\"endDate\" content=\"2026-04-06T23:59:01+02:00\">6 d'abril de 2026<\/span>&nbsp;&nbsp;<br \/>\n <span class=\"simcal-event-address simcal-event-start-location\" itemprop=\"location\" itemscope itemtype=\"http:\/\/schema.org\/Place\"><meta itemprop=\"name\" content=\"VACANCES SETMANA SANTA\" \/><meta itemprop=\"address\" content=\"VACANCES SETMANA SANTA\" \/><\/span><\/p>\n<div><\/div>\n<p> <a href=\"https:\/\/www.google.com\/calendar\/event?eid=NWhvazljMjhyYm52bHY4NmlpNzE3Z2c1Z2sgY191cDgxZTNqczlna2x1bXY2Z2RsdmFjMzB1NEBn&#038;ctz=Europe\/Madrid\" target=\"_blank\" >M\u00e9s detalls<\/a><\/p><\/div>\n\t<\/li>\n<\/ul>\n\n\t\t<span class=\"simcal-events-dots\" style=\"display: none;\"><b style=\"color: #000;\"> &bull; <\/b><\/span>\n\t<\/div>\n<\/td>\n<td class=\"simcal-day-7 simcal-weekday-2 simcal-past simcal-day\" data-events-count=\"0\">\n\t<div>\n\t\t<span class=\"simcal-day-label simcal-day-number\">7<\/span>\n\t\t<span class=\"simcal-no-events\"><\/span>\n\t\t<span class=\"simcal-events-dots\" style=\"display: none;\"><\/span>\n\t<\/div>\n<\/td>\n<td class=\"simcal-day-8 simcal-weekday-3 simcal-past simcal-day\" data-events-count=\"0\">\n\t<div>\n\t\t<span class=\"simcal-day-label simcal-day-number\">8<\/span>\n\t\t<span class=\"simcal-no-events\"><\/span>\n\t\t<span class=\"simcal-events-dots\" style=\"display: none;\"><\/span>\n\t<\/div>\n<\/td>\n<td class=\"simcal-day-9 simcal-weekday-4 simcal-past simcal-day simcal-day-has-events simcal-day-has-2-events simcal-events-calendar-2281\" data-events-count=\"2\">\n\t<div>\n\t\t<span class=\"simcal-day-label simcal-day-number\" style=\"background-color: #000000; color: #ffffff\">9<\/span>\n\t\t<ul class=\"simcal-events\">\t<li class=\"simcal-event simcal-events-calendar-2281 simcal-tooltip\" itemscope itemtype=\"http:\/\/schema.org\/Event\">\n\t\t<span class=\"simcal-event-title\">PETITS I MITJANS: Bibliob\u00fas teatre a l&#039;escola<\/span>\n\t\t<div class=\"simcal-event-details simcal-tooltip-content\" style=\"display: none;\"><p><strong><span class=\"simcal-event-title\" itemprop=\"name\">PETITS I MITJANS: Bibliob\u00fas teatre a l&#039;escola<\/span><\/strong><\/p>\n<p><span class=\"simcal-event-start simcal-event-start-date\" data-event-start=\"1775739600\" data-event-format=\"j \\d\\e F \\d\\e Y\" itemprop=\"startDate\" content=\"2026-04-09T15:00:00+02:00\">9 d'abril de 2026<\/span>&nbsp;&nbsp;<span class=\"simcal-event-start simcal-event-start-time\" data-event-start=\"1775739600\" data-event-format=\"G:i\" itemprop=\"startDate\" content=\"2026-04-09T15:00:00+02:00\">15:00<\/span> - <span class=\"simcal-event-end simcal-event-end-time\" data-event-end=\"1775743200\" data-event-format=\"G:i\" itemprop=\"endDate\" content=\"2026-04-09T16:00:00+02:00\">16:00<\/span><br \/>\n <span class=\"simcal-event-address simcal-event-start-location\" itemprop=\"location\" itemscope itemtype=\"http:\/\/schema.org\/Place\"><meta itemprop=\"name\" content=\"PETITS I MITJANS: Bibliob\u00fas teatre a l&#039;escola\" \/><meta itemprop=\"address\" content=\"PETITS I MITJANS: Bibliob\u00fas teatre a l&#039;escola\" \/><\/span><\/p>\n<div><\/div>\n<p> <a href=\"https:\/\/www.google.com\/calendar\/event?eid=MmF2MXA0YmE1bTlha3FtdDdoNms1OHBvZ2ogY191cDgxZTNqczlna2x1bXY2Z2RsdmFjMzB1NEBn&#038;ctz=Europe\/Madrid\" target=\"_blank\" >M\u00e9s detalls<\/a><\/p><\/div>\n\t<\/li>\n\t<li class=\"simcal-event simcal-events-calendar-2281 simcal-tooltip\" itemscope itemtype=\"http:\/\/schema.org\/Event\">\n\t\t<span class=\"simcal-event-title\">GRANS 4t: Visita Bibliob\u00fas<\/span>\n\t\t<div class=\"simcal-event-details simcal-tooltip-content\" style=\"display: none;\"><p><strong><span class=\"simcal-event-title\" itemprop=\"name\">GRANS 4t: Visita Bibliob\u00fas<\/span><\/strong><\/p>\n<p><span class=\"simcal-event-start simcal-event-start-date\" data-event-start=\"1775742300\" data-event-format=\"j \\d\\e F \\d\\e Y\" itemprop=\"startDate\" content=\"2026-04-09T15:45:00+02:00\">9 d'abril de 2026<\/span>&nbsp;&nbsp;<span class=\"simcal-event-start simcal-event-start-time\" data-event-start=\"1775742300\" data-event-format=\"G:i\" itemprop=\"startDate\" content=\"2026-04-09T15:45:00+02:00\">15:45<\/span> - <span class=\"simcal-event-end simcal-event-end-time\" data-event-end=\"1775745000\" data-event-format=\"G:i\" itemprop=\"endDate\" content=\"2026-04-09T16:30:00+02:00\">16:30<\/span><br \/>\n <span class=\"simcal-event-address simcal-event-start-location\" itemprop=\"location\" itemscope itemtype=\"http:\/\/schema.org\/Place\"><meta itemprop=\"name\" content=\"GRANS 4t: Visita Bibliob\u00fas\" \/><meta itemprop=\"address\" content=\"GRANS 4t: Visita Bibliob\u00fas\" \/><\/span><\/p>\n<div><\/div>\n<p> <a href=\"https:\/\/www.google.com\/calendar\/event?eid=NWZzcTBndGZ2a2Y1cGFrMWFyMzI0djE0YnQgY191cDgxZTNqczlna2x1bXY2Z2RsdmFjMzB1NEBn&#038;ctz=Europe\/Madrid\" target=\"_blank\" >M\u00e9s detalls<\/a><\/p><\/div>\n\t<\/li>\n<\/ul>\n\n\t\t<span class=\"simcal-events-dots\" style=\"display: none;\"><b style=\"color: #000;\"> &bull; <\/b><b style=\"color: #000;\"> &bull; <\/b><\/span>\n\t<\/div>\n<\/td>\n<td class=\"simcal-day-10 simcal-weekday-5 simcal-past simcal-day\" data-events-count=\"0\">\n\t<div>\n\t\t<span class=\"simcal-day-label simcal-day-number\">10<\/span>\n\t\t<span class=\"simcal-no-events\"><\/span>\n\t\t<span class=\"simcal-events-dots\" style=\"display: none;\"><\/span>\n\t<\/div>\n<\/td>\n<td class=\"simcal-day-11 simcal-weekday-6 simcal-past simcal-day\" data-events-count=\"0\">\n\t<div>\n\t\t<span class=\"simcal-day-label simcal-day-number\">11<\/span>\n\t\t<span class=\"simcal-no-events\"><\/span>\n\t\t<span class=\"simcal-events-dots\" style=\"display: none;\"><\/span>\n\t<\/div>\n<\/td>\n<td class=\"simcal-day-12 simcal-weekday-0 simcal-past simcal-day\" data-events-count=\"0\">\n\t<div>\n\t\t<span class=\"simcal-day-label simcal-day-number\">12<\/span>\n\t\t<span class=\"simcal-no-events\"><\/span>\n\t\t<span class=\"simcal-events-dots\" style=\"display: none;\"><\/span>\n\t<\/div>\n<\/td>\n<\/tr><tr class=\"simcal-week simcal-week-15\">\n<td class=\"simcal-day-13 simcal-weekday-1 simcal-past simcal-day\" data-events-count=\"0\">\n\t<div>\n\t\t<span class=\"simcal-day-label simcal-day-number\">13<\/span>\n\t\t<span class=\"simcal-no-events\"><\/span>\n\t\t<span class=\"simcal-events-dots\" style=\"display: none;\"><\/span>\n\t<\/div>\n<\/td>\n<td class=\"simcal-day-14 simcal-weekday-2 simcal-past simcal-day simcal-day-has-events simcal-day-has-1-events simcal-events-calendar-2281\" data-events-count=\"1\">\n\t<div>\n\t\t<span class=\"simcal-day-label simcal-day-number\" style=\"background-color: #000000; color: #ffffff\">14<\/span>\n\t\t<ul class=\"simcal-events\">\t<li class=\"simcal-event simcal-events-calendar-2281 simcal-tooltip\" itemscope itemtype=\"http:\/\/schema.org\/Event\">\n\t\t<span class=\"simcal-event-title\">MITJANS I GRANS: portes obertes ambients<\/span>\n\t\t<div class=\"simcal-event-details simcal-tooltip-content\" style=\"display: none;\"><p><strong><span class=\"simcal-event-title\" itemprop=\"name\">MITJANS I GRANS: portes obertes ambients<\/span><\/strong><\/p>\n<p><span class=\"simcal-event-start simcal-event-start-date\" data-event-start=\"1776172500\" data-event-format=\"j \\d\\e F \\d\\e Y\" itemprop=\"startDate\" content=\"2026-04-14T15:15:00+02:00\">14 d'abril de 2026<\/span>&nbsp;&nbsp;<span class=\"simcal-event-start simcal-event-start-time\" data-event-start=\"1776172500\" data-event-format=\"G:i\" itemprop=\"startDate\" content=\"2026-04-14T15:15:00+02:00\">15:15<\/span> - <span class=\"simcal-event-end simcal-event-end-time\" data-event-end=\"1776176100\" data-event-format=\"G:i\" itemprop=\"endDate\" content=\"2026-04-14T16:15:00+02:00\">16:15<\/span><br \/>\n <span class=\"simcal-event-address simcal-event-start-location\" itemprop=\"location\" itemscope itemtype=\"http:\/\/schema.org\/Place\"><meta itemprop=\"name\" content=\"MITJANS I GRANS: portes obertes ambients\" \/><meta itemprop=\"address\" content=\"MITJANS I GRANS: portes obertes ambients\" \/><\/span><\/p>\n<div><\/div>\n<p> <a href=\"https:\/\/www.google.com\/calendar\/event?eid=MjhkOWpoMWEzbjBtMmpidGlwdmJjMmtsMmMgY191cDgxZTNqczlna2x1bXY2Z2RsdmFjMzB1NEBn&#038;ctz=Europe\/Madrid\" target=\"_blank\" >M\u00e9s detalls<\/a><\/p><\/div>\n\t<\/li>\n<\/ul>\n\n\t\t<span class=\"simcal-events-dots\" style=\"display: none;\"><b style=\"color: #000;\"> &bull; <\/b><\/span>\n\t<\/div>\n<\/td>\n<td class=\"simcal-day-15 simcal-weekday-3 simcal-past simcal-day\" data-events-count=\"0\">\n\t<div>\n\t\t<span class=\"simcal-day-label simcal-day-number\">15<\/span>\n\t\t<span class=\"simcal-no-events\"><\/span>\n\t\t<span class=\"simcal-events-dots\" style=\"display: none;\"><\/span>\n\t<\/div>\n<\/td>\n<td class=\"simcal-day-16 simcal-weekday-4 simcal-past simcal-day simcal-day-has-events simcal-day-has-1-events simcal-events-calendar-2281\" data-events-count=\"1\">\n\t<div>\n\t\t<span class=\"simcal-day-label simcal-day-number\" style=\"background-color: #000000; color: #ffffff\">16<\/span>\n\t\t<ul class=\"simcal-events\">\t<li class=\"simcal-event simcal-events-calendar-2281 simcal-tooltip\" itemscope itemtype=\"http:\/\/schema.org\/Event\">\n\t\t<span class=\"simcal-event-title\">MITJANS: 2n Clika<\/span>\n\t\t<div class=\"simcal-event-details simcal-tooltip-content\" style=\"display: none;\"><p><strong><span class=\"simcal-event-title\" itemprop=\"name\">MITJANS: 2n Clika<\/span><\/strong><\/p>\n<p><span class=\"simcal-event-start simcal-event-start-date\" data-event-start=\"1776355200\" data-event-format=\"j \\d\\e F \\d\\e Y\" itemprop=\"startDate\" content=\"2026-04-16T18:00:00+02:00\">16 d'abril de 2026<\/span>&nbsp;&nbsp;<span class=\"simcal-event-start simcal-event-start-time\" data-event-start=\"1776355200\" data-event-format=\"G:i\" itemprop=\"startDate\" content=\"2026-04-16T18:00:00+02:00\">18:00<\/span> - <span class=\"simcal-event-end simcal-event-end-time\" data-event-end=\"1776358800\" data-event-format=\"G:i\" itemprop=\"endDate\" content=\"2026-04-16T19:00:00+02:00\">19:00<\/span><br \/>\n <span class=\"simcal-event-address simcal-event-start-location\" itemprop=\"location\" itemscope itemtype=\"http:\/\/schema.org\/Place\"><meta itemprop=\"name\" content=\"MITJANS: 2n Clika\" \/><meta itemprop=\"address\" content=\"MITJANS: 2n Clika\" \/><\/span><\/p>\n<div><\/div>\n<p> <a href=\"https:\/\/www.google.com\/calendar\/event?eid=NThrcmo4Z2o1Zm9sbzY3ZHZzcm5sMDNsYzAgY191cDgxZTNqczlna2x1bXY2Z2RsdmFjMzB1NEBn&#038;ctz=Europe\/Madrid\" target=\"_blank\" >M\u00e9s detalls<\/a><\/p><\/div>\n\t<\/li>\n<\/ul>\n\n\t\t<span class=\"simcal-events-dots\" style=\"display: none;\"><b style=\"color: #000;\"> &bull; <\/b><\/span>\n\t<\/div>\n<\/td>\n<td class=\"simcal-day-17 simcal-weekday-5 simcal-past simcal-day simcal-day-has-events simcal-day-has-1-events simcal-events-calendar-2281\" data-events-count=\"1\">\n\t<div>\n\t\t<span class=\"simcal-day-label simcal-day-number\" style=\"background-color: #000000; color: #ffffff\">17<\/span>\n\t\t<ul class=\"simcal-events\">\t<li class=\"simcal-event simcal-events-calendar-2281 simcal-tooltip\" itemscope itemtype=\"http:\/\/schema.org\/Event\">\n\t\t<span class=\"simcal-event-title\">GRANS: CosmoCaixa<\/span>\n\t\t<div class=\"simcal-event-details simcal-tooltip-content\" style=\"display: none;\"><p><strong><span class=\"simcal-event-title\" itemprop=\"name\">GRANS: CosmoCaixa<\/span><\/strong><\/p>\n<p><span class=\"simcal-event-start simcal-event-start-date\" data-event-start=\"1776409200\" data-event-format=\"j \\d\\e F \\d\\e Y\" itemprop=\"startDate\" content=\"2026-04-17T09:00:00+02:00\">17 d'abril de 2026<\/span>&nbsp;&nbsp;<span class=\"simcal-event-start simcal-event-start-time\" data-event-start=\"1776409200\" data-event-format=\"G:i\" itemprop=\"startDate\" content=\"2026-04-17T09:00:00+02:00\">9:00<\/span> - <span class=\"simcal-event-end simcal-event-end-time\" data-event-end=\"1776436200\" data-event-format=\"G:i\" itemprop=\"endDate\" content=\"2026-04-17T16:30:00+02:00\">16:30<\/span><br \/>\n <span class=\"simcal-event-address simcal-event-start-location\" itemprop=\"location\" itemscope itemtype=\"http:\/\/schema.org\/Place\"><meta itemprop=\"name\" content=\"GRANS: CosmoCaixa\" \/><meta itemprop=\"address\" content=\"GRANS: CosmoCaixa\" \/><\/span><\/p>\n<div><\/div>\n<p> <a href=\"https:\/\/www.google.com\/calendar\/event?eid=NmZ2bDEwNHZvMXY3dnNlMG9oMHY3OHVtNWogY191cDgxZTNqczlna2x1bXY2Z2RsdmFjMzB1NEBn&#038;ctz=Europe\/Madrid\" target=\"_blank\" >M\u00e9s detalls<\/a><\/p><\/div>\n\t<\/li>\n<\/ul>\n\n\t\t<span class=\"simcal-events-dots\" style=\"display: none;\"><b style=\"color: #000;\"> &bull; <\/b><\/span>\n\t<\/div>\n<\/td>\n<td class=\"simcal-day-18 simcal-weekday-6 simcal-past simcal-day\" data-events-count=\"0\">\n\t<div>\n\t\t<span class=\"simcal-day-label simcal-day-number\">18<\/span>\n\t\t<span class=\"simcal-no-events\"><\/span>\n\t\t<span class=\"simcal-events-dots\" style=\"display: none;\"><\/span>\n\t<\/div>\n<\/td>\n<td class=\"simcal-day-19 simcal-weekday-0 simcal-past simcal-day\" data-events-count=\"0\">\n\t<div>\n\t\t<span class=\"simcal-day-label simcal-day-number\">19<\/span>\n\t\t<span class=\"simcal-no-events\"><\/span>\n\t\t<span class=\"simcal-events-dots\" style=\"display: none;\"><\/span>\n\t<\/div>\n<\/td>\n<\/tr><tr class=\"simcal-week simcal-week-16\">\n<td class=\"simcal-day-20 simcal-weekday-1 simcal-past simcal-day\" data-events-count=\"0\">\n\t<div>\n\t\t<span class=\"simcal-day-label simcal-day-number\">20<\/span>\n\t\t<span class=\"simcal-no-events\"><\/span>\n\t\t<span class=\"simcal-events-dots\" style=\"display: none;\"><\/span>\n\t<\/div>\n<\/td>\n<td class=\"simcal-day-21 simcal-weekday-2 simcal-past simcal-day simcal-day-has-events simcal-day-has-1-events simcal-events-calendar-2281\" data-events-count=\"1\">\n\t<div>\n\t\t<span class=\"simcal-day-label simcal-day-number\" style=\"background-color: #000000; color: #ffffff\">21<\/span>\n\t\t<ul class=\"simcal-events\">\t<li class=\"simcal-event simcal-events-calendar-2281 simcal-tooltip\" itemscope itemtype=\"http:\/\/schema.org\/Event\">\n\t\t<span class=\"simcal-event-title\">GRANS: Taller EMAP<\/span>\n\t\t<div class=\"simcal-event-details simcal-tooltip-content\" style=\"display: none;\"><p><strong><span class=\"simcal-event-title\" itemprop=\"name\">GRANS: Taller EMAP<\/span><\/strong><\/p>\n<p><span class=\"simcal-event-start simcal-event-start-date\" data-event-start=\"1776755700\" data-event-format=\"j \\d\\e F \\d\\e Y\" itemprop=\"startDate\" content=\"2026-04-21T09:15:00+02:00\">21 d'abril de 2026<\/span>&nbsp;&nbsp;<span class=\"simcal-event-start simcal-event-start-time\" data-event-start=\"1776755700\" data-event-format=\"G:i\" itemprop=\"startDate\" content=\"2026-04-21T09:15:00+02:00\">9:15<\/span> - <span class=\"simcal-event-end simcal-event-end-time\" data-event-end=\"1776761100\" data-event-format=\"G:i\" itemprop=\"endDate\" content=\"2026-04-21T10:45:00+02:00\">10:45<\/span><br \/>\n <span class=\"simcal-event-address simcal-event-start-location\" itemprop=\"location\" itemscope itemtype=\"http:\/\/schema.org\/Place\"><meta itemprop=\"name\" content=\"GRANS: Taller EMAP\" \/><meta itemprop=\"address\" content=\"GRANS: Taller EMAP\" \/><\/span><\/p>\n<div><\/div>\n<p> <a href=\"https:\/\/www.google.com\/calendar\/event?eid=MDhndGFyczVyaDFxMGNkbzdoaGpuMGk4azUgY191cDgxZTNqczlna2x1bXY2Z2RsdmFjMzB1NEBn&#038;ctz=Europe\/Madrid\" target=\"_blank\" >M\u00e9s detalls<\/a><\/p><\/div>\n\t<\/li>\n<\/ul>\n\n\t\t<span class=\"simcal-events-dots\" style=\"display: none;\"><b style=\"color: #000;\"> &bull; <\/b><\/span>\n\t<\/div>\n<\/td>\n<td class=\"simcal-day-22 simcal-weekday-3 simcal-past simcal-day simcal-day-has-events simcal-day-has-1-events simcal-events-calendar-2281\" data-events-count=\"1\">\n\t<div>\n\t\t<span class=\"simcal-day-label simcal-day-number\" style=\"background-color: #000000; color: #ffffff\">22<\/span>\n\t\t<ul class=\"simcal-events\">\t<li class=\"simcal-event simcal-events-calendar-2281 simcal-tooltip\" itemscope itemtype=\"http:\/\/schema.org\/Event\">\n\t\t<span class=\"simcal-event-title\">PETITS: Liceu (sala Foyer) La Barcarola<\/span>\n\t\t<div class=\"simcal-event-details simcal-tooltip-content\" style=\"display: none;\"><p><strong><span class=\"simcal-event-title\" itemprop=\"name\">PETITS: Liceu (sala Foyer) La Barcarola<\/span><\/strong><\/p>\n<p><span class=\"simcal-event-start simcal-event-start-date\" data-event-start=\"1776848400\" data-event-format=\"j \\d\\e F \\d\\e Y\" itemprop=\"startDate\" content=\"2026-04-22T11:00:00+02:00\">22 d'abril de 2026<\/span>&nbsp;&nbsp;<span class=\"simcal-event-start simcal-event-start-time\" data-event-start=\"1776848400\" data-event-format=\"G:i\" itemprop=\"startDate\" content=\"2026-04-22T11:00:00+02:00\">11:00<\/span> - <span class=\"simcal-event-end simcal-event-end-time\" data-event-end=\"1776852000\" data-event-format=\"G:i\" itemprop=\"endDate\" content=\"2026-04-22T12:00:00+02:00\">12:00<\/span><br \/>\n <span class=\"simcal-event-address simcal-event-start-location\" itemprop=\"location\" itemscope itemtype=\"http:\/\/schema.org\/Place\"><meta itemprop=\"name\" content=\"PETITS: Liceu (sala Foyer) La Barcarola\" \/><meta itemprop=\"address\" content=\"PETITS: Liceu (sala Foyer) La Barcarola\" \/><\/span><\/p>\n<div><\/div>\n<p> <a href=\"https:\/\/www.google.com\/calendar\/event?eid=N2dkb2FvbDJtaHR0ZjY1bTkzY2ZhcG5tMGwgY191cDgxZTNqczlna2x1bXY2Z2RsdmFjMzB1NEBn&#038;ctz=Europe\/Madrid\" target=\"_blank\" >M\u00e9s detalls<\/a><\/p><\/div>\n\t<\/li>\n<\/ul>\n\n\t\t<span class=\"simcal-events-dots\" style=\"display: none;\"><b style=\"color: #000;\"> &bull; <\/b><\/span>\n\t<\/div>\n<\/td>\n<td class=\"simcal-day-23 simcal-weekday-4 simcal-past simcal-day\" data-events-count=\"0\">\n\t<div>\n\t\t<span class=\"simcal-day-label simcal-day-number\">23<\/span>\n\t\t<span class=\"simcal-no-events\"><\/span>\n\t\t<span class=\"simcal-events-dots\" style=\"display: none;\"><\/span>\n\t<\/div>\n<\/td>\n<td class=\"simcal-day-24 simcal-weekday-5 simcal-past simcal-day\" data-events-count=\"0\">\n\t<div>\n\t\t<span class=\"simcal-day-label simcal-day-number\">24<\/span>\n\t\t<span class=\"simcal-no-events\"><\/span>\n\t\t<span class=\"simcal-events-dots\" style=\"display: none;\"><\/span>\n\t<\/div>\n<\/td>\n<td class=\"simcal-day-25 simcal-weekday-6 simcal-past simcal-day\" data-events-count=\"0\">\n\t<div>\n\t\t<span class=\"simcal-day-label simcal-day-number\">25<\/span>\n\t\t<span class=\"simcal-no-events\"><\/span>\n\t\t<span class=\"simcal-events-dots\" style=\"display: none;\"><\/span>\n\t<\/div>\n<\/td>\n<td class=\"simcal-day-26 simcal-weekday-0 simcal-past simcal-day\" data-events-count=\"0\">\n\t<div>\n\t\t<span class=\"simcal-day-label simcal-day-number\">26<\/span>\n\t\t<span class=\"simcal-no-events\"><\/span>\n\t\t<span class=\"simcal-events-dots\" style=\"display: none;\"><\/span>\n\t<\/div>\n<\/td>\n<\/tr><tr class=\"simcal-week simcal-week-17\">\n<td class=\"simcal-day-27 simcal-weekday-1 simcal-past simcal-day simcal-day-has-events simcal-day-has-1-events simcal-events-calendar-2281\" data-events-count=\"1\">\n\t<div>\n\t\t<span class=\"simcal-day-label simcal-day-number\" style=\"background-color: #000000; color: #ffffff\">27<\/span>\n\t\t<ul class=\"simcal-events\">\t<li class=\"simcal-event simcal-events-calendar-2281 simcal-tooltip\" itemscope itemtype=\"http:\/\/schema.org\/Event\">\n\t\t<span class=\"simcal-event-title\">PETITS: Col\u00f2nies Cal diable<\/span>\n\t\t<div class=\"simcal-event-details simcal-tooltip-content\" style=\"display: none;\"><p><strong><span class=\"simcal-event-title\" itemprop=\"name\">PETITS: Col\u00f2nies Cal diable<\/span><\/strong><\/p>\n<p><span class=\"simcal-event-start simcal-event-start-date\" data-event-start=\"1777240859\" data-event-format=\"j \\d\\e F \\d\\e Y\" itemprop=\"startDate\" content=\"2026-04-27T00:00:59+02:00\">27 d'abril de 2026<\/span> - <span class=\"simcal-event-start simcal-event-end-date\" data-event-start=\"1777413541\" data-event-format=\"j \\d\\e F \\d\\e Y\" itemprop=\"endDate\" content=\"2026-04-28T23:59:01+02:00\">28 d'abril de 2026<\/span>&nbsp;&nbsp;<br \/>\n <span class=\"simcal-event-address simcal-event-start-location\" itemprop=\"location\" itemscope itemtype=\"http:\/\/schema.org\/Place\"><meta itemprop=\"name\" content=\"PETITS: Col\u00f2nies Cal diable\" \/><meta itemprop=\"address\" content=\"PETITS: Col\u00f2nies Cal diable\" \/><\/span><\/p>\n<div><\/div>\n<p> <a href=\"https:\/\/www.google.com\/calendar\/event?eid=NnJyYzNxcHV1Y3RqdjlodmM5cW9ydHBoOHIgY191cDgxZTNqczlna2x1bXY2Z2RsdmFjMzB1NEBn&#038;ctz=Europe\/Madrid\" target=\"_blank\" >M\u00e9s detalls<\/a><\/p><\/div>\n\t<\/li>\n<\/ul>\n\n\t\t<span class=\"simcal-events-dots\" style=\"display: none;\"><b style=\"color: #000;\"> &bull; <\/b><\/span>\n\t<\/div>\n<\/td>\n<td class=\"simcal-day-28 simcal-weekday-2 simcal-past simcal-day simcal-day-has-events simcal-day-has-2-events simcal-events-calendar-2281\" data-events-count=\"2\">\n\t<div>\n\t\t<span class=\"simcal-day-label simcal-day-number\" style=\"background-color: #000000; color: #ffffff\">28<\/span>\n\t\t<ul class=\"simcal-events\">\t<li class=\"simcal-event simcal-events-calendar-2281 simcal-tooltip\" itemscope itemtype=\"http:\/\/schema.org\/Event\">\n\t\t<span class=\"simcal-event-title\">PETITS: Col\u00f2nies Cal diable<\/span>\n\t\t<div class=\"simcal-event-details simcal-tooltip-content\" style=\"display: none;\"><p><strong><span class=\"simcal-event-title\" itemprop=\"name\">PETITS: Col\u00f2nies Cal diable<\/span><\/strong><\/p>\n<p><span class=\"simcal-event-start simcal-event-start-date\" data-event-start=\"1777240859\" data-event-format=\"j \\d\\e F \\d\\e Y\" itemprop=\"startDate\" content=\"2026-04-27T00:00:59+02:00\">27 d'abril de 2026<\/span> - <span class=\"simcal-event-start simcal-event-end-date\" data-event-start=\"1777413541\" data-event-format=\"j \\d\\e F \\d\\e Y\" itemprop=\"endDate\" content=\"2026-04-28T23:59:01+02:00\">28 d'abril de 2026<\/span>&nbsp;&nbsp;<br \/>\n <span class=\"simcal-event-address simcal-event-start-location\" itemprop=\"location\" itemscope itemtype=\"http:\/\/schema.org\/Place\"><meta itemprop=\"name\" content=\"PETITS: Col\u00f2nies Cal diable\" \/><meta itemprop=\"address\" content=\"PETITS: Col\u00f2nies Cal diable\" \/><\/span><\/p>\n<div><\/div>\n<p> <a href=\"https:\/\/www.google.com\/calendar\/event?eid=NnJyYzNxcHV1Y3RqdjlodmM5cW9ydHBoOHIgY191cDgxZTNqczlna2x1bXY2Z2RsdmFjMzB1NEBn&#038;ctz=Europe\/Madrid\" target=\"_blank\" >M\u00e9s detalls<\/a><\/p><\/div>\n\t<\/li>\n\t<li class=\"simcal-event simcal-events-calendar-2281 simcal-tooltip\" itemscope itemtype=\"http:\/\/schema.org\/Event\">\n\t\t<span class=\"simcal-event-title\">GRANS: tarda entorn art\u00edstica<\/span>\n\t\t<div class=\"simcal-event-details simcal-tooltip-content\" style=\"display: none;\"><p><strong><span class=\"simcal-event-title\" itemprop=\"name\">GRANS: tarda entorn art\u00edstica<\/span><\/strong><\/p>\n<p><span class=\"simcal-event-start simcal-event-start-date\" data-event-start=\"1777381200\" data-event-format=\"j \\d\\e F \\d\\e Y\" itemprop=\"startDate\" content=\"2026-04-28T15:00:00+02:00\">28 d'abril de 2026<\/span>&nbsp;&nbsp;<span class=\"simcal-event-start simcal-event-start-time\" data-event-start=\"1777381200\" data-event-format=\"G:i\" itemprop=\"startDate\" content=\"2026-04-28T15:00:00+02:00\">15:00<\/span> - <span class=\"simcal-event-end simcal-event-end-time\" data-event-end=\"1777386600\" data-event-format=\"G:i\" itemprop=\"endDate\" content=\"2026-04-28T16:30:00+02:00\">16:30<\/span><br \/>\n <span class=\"simcal-event-address simcal-event-start-location\" itemprop=\"location\" itemscope itemtype=\"http:\/\/schema.org\/Place\"><meta itemprop=\"name\" content=\"GRANS: tarda entorn art\u00edstica\" \/><meta itemprop=\"address\" content=\"GRANS: tarda entorn art\u00edstica\" \/><\/span><\/p>\n<div><\/div>\n<p> <a href=\"https:\/\/www.google.com\/calendar\/event?eid=NGluaW81N2VncWV2azNzanVjNzhtMmRib3MgY191cDgxZTNqczlna2x1bXY2Z2RsdmFjMzB1NEBn&#038;ctz=Europe\/Madrid\" target=\"_blank\" >M\u00e9s detalls<\/a><\/p><\/div>\n\t<\/li>\n<\/ul>\n\n\t\t<span class=\"simcal-events-dots\" style=\"display: none;\"><b style=\"color: #000;\"> &bull; <\/b><b style=\"color: #000;\"> &bull; <\/b><\/span>\n\t<\/div>\n<\/td>\n<td class=\"simcal-day-29 simcal-weekday-3 simcal-past simcal-day\" data-events-count=\"0\">\n\t<div>\n\t\t<span class=\"simcal-day-label simcal-day-number\">29<\/span>\n\t\t<span class=\"simcal-no-events\"><\/span>\n\t\t<span class=\"simcal-events-dots\" style=\"display: none;\"><\/span>\n\t<\/div>\n<\/td>\n<td class=\"simcal-day-30 simcal-weekday-4 simcal-today simcal-present simcal-day simcal-today-has-events simcal-day-has-events simcal-day-has-1-events simcal-events-calendar-2281\" data-events-count=\"1\">\n\t<div style=\"border: 1px solid #1e73be;\">\n\t\t<span class=\"simcal-day-label simcal-day-number\" style=\"background-color: #1e73be; color: #ffffff\">30<\/span>\n\t\t<ul class=\"simcal-events\">\t<li class=\"simcal-event simcal-events-calendar-2281 simcal-tooltip\" itemscope itemtype=\"http:\/\/schema.org\/Event\">\n\t\t<span class=\"simcal-event-title\">LLIURE DISPOSICI\u00d3<\/span>\n\t\t<div class=\"simcal-event-details simcal-tooltip-content\" style=\"display: none;\"><p><strong><span class=\"simcal-event-title\" itemprop=\"name\">LLIURE DISPOSICI\u00d3<\/span><\/strong><\/p>\n<p><span class=\"simcal-event-start simcal-event-start-date\" data-event-start=\"1777500059\" data-event-format=\"j \\d\\e F \\d\\e Y\" itemprop=\"startDate\" content=\"2026-04-30T00:00:59+02:00\">30 d'abril de 2026<\/span><br \/>\n <span class=\"simcal-event-address simcal-event-start-location\" itemprop=\"location\" itemscope itemtype=\"http:\/\/schema.org\/Place\"><meta itemprop=\"name\" content=\"LLIURE DISPOSICI\u00d3\" \/><meta itemprop=\"address\" content=\"LLIURE DISPOSICI\u00d3\" \/><\/span><\/p>\n<div><\/div>\n<p> <a href=\"https:\/\/www.google.com\/calendar\/event?eid=NnFpbTNxcWtrcGd2MnB1aGE1ZmlvbGRhMmUgY191cDgxZTNqczlna2x1bXY2Z2RsdmFjMzB1NEBn&#038;ctz=Europe\/Madrid\" target=\"_blank\" >M\u00e9s detalls<\/a><\/p><\/div>\n\t<\/li>\n<\/ul>\n\n\t\t<span class=\"simcal-events-dots\" style=\"display: none;\"><b style=\"color: #000;\"> &bull; <\/b><\/span>\n\t<\/div>\n<\/td>\n<td class=\"simcal-day simcal-day-void \"><\/td>\n<td class=\"simcal-day simcal-day-void \"><\/td>\n<td class=\"simcal-day simcal-day-void simcal-day-void-last\"><\/td>\n\t<\/tr>\n<\/tbody>\n<script type=\"text\/javascript\">\n\t\tjQuery(\n\t\t\/\/ Handle only events originated on '.simcal-event-dots' (cells with dots)\n\t\tjQuery('.simcal-calendar').on('mouseenter', '.simcal-events-dots', function(){\n\n\t\t\t\/\/ Save the cell that originated the mouse event (assigned to 'this' by jQuery)\n\t\t\t\/\/ for future reference\n\t\t\tvar that = this;\n\n\t\t\t\/\/ Set a timeout handler that will trigger a 'click' on the cell\n\t\t\tvar timeoutId = setTimeout(function(){\n\t\t\tjQuery(that).removeData('simcalTimeoutId');\n\t\t\tjQuery(that).trigger('click');\n\t\t\t}, 500);\n\n\t\t\t\/\/ Save 'timeoutId' for future reference\n\t\t\tjQuery(this).data('simcalTimeoutId', timeoutId);\n\n\t\t}).on('mouseleave', '.simcal-events-dots', function(){\n\t\t\t\/\/ Clear timeout and remove reference\n\t\t\tvar timeoutId = jQuery(this).data('simcalTimeoutId');\n\t\t\tif(timeoutId) {\n\t\t\tclearTimeout(timeoutId);\n\t\t\tjQuery(this).removeData('simcalTimeoutId');\n\t\t\t}\n\t\t})\n\t\t);<\/script>\t \t\t\t\n            <\/table>\n\n\t\t\t<\/div>\n<\/div>\n<\/div>\n\n\n\n<h4 class=\"wp-block-heading\" style=\"padding-top:var(--wp--preset--spacing--20);padding-bottom:var(--wp--preset--spacing--20)\"><strong>Dies festius i de lliure disposici\u00f3:<\/strong><\/h4>\n\n\n\n<div class=\"wp-block-columns is-layout-flex wp-container-core-columns-is-layout-2 wp-block-columns-is-layout-flex\" style=\"padding-top:var(--wp--preset--spacing--20);padding-right:var(--wp--preset--spacing--20);padding-bottom:var(--wp--preset--spacing--20);padding-left:var(--wp--preset--spacing--20)\">\n<div class=\"wp-block-column is-layout-flow wp-block-column-is-layout-flow\">\n<p class=\"has-text-align-left\"><strong>1r trimestre<\/strong><\/p>\n\n\n\n<ul class=\"wp-block-list\">\n<li>11 de setembre<\/li>\n\n\n\n<li>3 de novembre<\/li>\n\n\n\n<li>5 i 8 de desembre<\/li>\n<\/ul>\n<\/div>\n\n\n\n<div class=\"wp-block-column is-layout-flow wp-block-column-is-layout-flow\">\n<p class=\"has-text-align-left\"><strong>2n trimestre<\/strong><\/p>\n\n\n\n<ul class=\"wp-block-list\">\n<li>16 de febrer<\/li>\n\n\n\n<li>6 de mar\u00e7<\/li>\n<\/ul>\n<\/div>\n\n\n\n<div class=\"wp-block-column is-layout-flow wp-block-column-is-layout-flow\">\n<p class=\"has-text-align-left\"><strong>3r trimestre<\/strong><\/p>\n\n\n\n<ul class=\"wp-block-list\">\n<li>30 d\u2019abril<\/li>\n\n\n\n<li>1 de maig<\/li>\n\n\n\n<li>25 de maig<\/li>\n<\/ul>\n<\/div>\n<\/div>\n\n\n\n<h4 class=\"wp-block-heading\" style=\"padding-top:var(--wp--preset--spacing--40);padding-bottom:var(--wp--preset--spacing--40)\"><strong>Horari:<\/strong><\/h4>\n\n\n\n<figure class=\"wp-block-image alignleft\"><img decoding=\"async\" src=\"https:\/\/agora.xtec.cat\/esc-la-cabana\/wp-content\/uploads\/usu849\/2021\/11\/rellotge.png\" alt=\"\"\/><\/figure>\n\n\n\n<p>L\u2019<b>horari lectiu<\/b> del centre \u00e9s de 9 a 12.30 h i de 15.00 a 16.30 h per a tots els alumnes del centre.<\/p>\n\n\n\n<p>La <strong>jornada intensiva<\/strong> \u00e9s de 9 a 13 h (els alumnes que utilitzen el servei de menjador surten a les 15:00 h).<\/p>\n\n\n\n<p>Per als alumnes que inicien l\u2019escolaritzaci\u00f3 a I3 s\u2019organitza un breu per\u00edode d\u2019adaptaci\u00f3 que suposa una certa modificaci\u00f3 dels horaris dels dos primers dies de classe, i que es fa saber a les fam\u00edlies en les reunions pr\u00e8vies corresponents.<\/p>\n","protected":false},"excerpt":{"rendered":"<p>Inici de curs 8 de setembre de 2025 1r trimestre: del 8 de setembre al 19 de desembre de 2025.2n [&hellip;]<\/p>\n","protected":false},"author":1,"featured_media":0,"parent":22,"menu_order":50,"comment_status":"closed","ping_status":"closed","template":"","meta":{"_bbp_topic_count":0,"_bbp_reply_count":0,"_bbp_total_topic_count":0,"_bbp_total_reply_count":0,"_bbp_voice_count":0,"_bbp_anonymous_reply_count":0,"_bbp_topic_count_hidden":0,"_bbp_reply_count_hidden":0,"_bbp_forum_subforum_count":0,"site-sidebar-layout":"default","site-content-layout":"","ast-site-content-layout":"default","site-content-style":"default","site-sidebar-style":"default","ast-global-header-display":"","ast-banner-title-visibility":"","ast-main-header-display":"","ast-hfb-above-header-display":"","ast-hfb-below-header-display":"","ast-hfb-mobile-header-display":"","site-post-title":"","ast-breadcrumbs-content":"","ast-featured-img":"","footer-sml-layout":"","theme-transparent-header-meta":"","adv-header-id-meta":"","stick-header-meta":"","header-above-stick-meta":"","header-main-stick-meta":"","header-below-stick-meta":"","astra-migrate-meta-layouts":"set","ast-page-background-enabled":"default","ast-page-background-meta":{"desktop":{"background-color":"var(--ast-global-color-4)","background-image":"","background-repeat":"repeat","background-position":"center center","background-size":"auto","background-attachment":"scroll","background-type":"","background-media":"","overlay-type":"","overlay-color":"","overlay-opacity":"","overlay-gradient":""},"tablet":{"background-color":"","background-image":"","background-repeat":"repeat","background-position":"center center","background-size":"auto","background-attachment":"scroll","background-type":"","background-media":"","overlay-type":"","overlay-color":"","overlay-opacity":"","overlay-gradient":""},"mobile":{"background-color":"","background-image":"","background-repeat":"repeat","background-position":"center center","background-size":"auto","background-attachment":"scroll","background-type":"","background-media":"","overlay-type":"","overlay-color":"","overlay-opacity":"","overlay-gradient":""}},"ast-content-background-meta":{"desktop":{"background-color":"var(--ast-global-color-5)","background-image":"","background-repeat":"repeat","background-position":"center center","background-size":"auto","background-attachment":"scroll","background-type":"","background-media":"","overlay-type":"","overlay-color":"","overlay-opacity":"","overlay-gradient":""},"tablet":{"background-color":"var(--ast-global-color-5)","background-image":"","background-repeat":"repeat","background-position":"center center","background-size":"auto","background-attachment":"scroll","background-type":"","background-media":"","overlay-type":"","overlay-color":"","overlay-opacity":"","overlay-gradient":""},"mobile":{"background-color":"var(--ast-global-color-5)","background-image":"","background-repeat":"repeat","background-position":"center center","background-size":"auto","background-attachment":"scroll","background-type":"","background-media":"","overlay-type":"","overlay-color":"","overlay-opacity":"","overlay-gradient":""}},"footnotes":""},"class_list":["post-32","page","type-page","status-publish","hentry"],"post_mailing_queue_ids":[],"_links":{"self":[{"href":"https:\/\/agora.xtec.cat\/ceip-llebeig\/wp-json\/wp\/v2\/pages\/32","targetHints":{"allow":["GET"]}}],"collection":[{"href":"https:\/\/agora.xtec.cat\/ceip-llebeig\/wp-json\/wp\/v2\/pages"}],"about":[{"href":"https:\/\/agora.xtec.cat\/ceip-llebeig\/wp-json\/wp\/v2\/types\/page"}],"author":[{"embeddable":true,"href":"https:\/\/agora.xtec.cat\/ceip-llebeig\/wp-json\/wp\/v2\/users\/1"}],"replies":[{"embeddable":true,"href":"https:\/\/agora.xtec.cat\/ceip-llebeig\/wp-json\/wp\/v2\/comments?post=32"}],"version-history":[{"count":5,"href":"https:\/\/agora.xtec.cat\/ceip-llebeig\/wp-json\/wp\/v2\/pages\/32\/revisions"}],"predecessor-version":[{"id":4582,"href":"https:\/\/agora.xtec.cat\/ceip-llebeig\/wp-json\/wp\/v2\/pages\/32\/revisions\/4582"}],"up":[{"embeddable":true,"href":"https:\/\/agora.xtec.cat\/ceip-llebeig\/wp-json\/wp\/v2\/pages\/22"}],"wp:attachment":[{"href":"https:\/\/agora.xtec.cat\/ceip-llebeig\/wp-json\/wp\/v2\/media?parent=32"}],"curies":[{"name":"wp","href":"https:\/\/api.w.org\/{rel}","templated":true}]}}