{"id":331,"date":"2022-06-20T13:02:30","date_gmt":"2022-06-20T11:02:30","guid":{"rendered":"http:\/\/blocs.xtec.cat\/lesferreriespalafolls\/?page_id=331"},"modified":"2025-09-18T09:30:08","modified_gmt":"2025-09-18T07:30:08","slug":"extrescolars","status":"publish","type":"page","link":"https:\/\/agora.xtec.cat\/ceip-lesferreries-palafolls\/serveis-3\/extrescolars\/","title":{"rendered":"Extraescolars"},"content":{"rendered":"<header class=\"entry-header\">\n<header class=\"entry-header \">\n<div class=\"entry-meta\"><span style=\"font-size: 2em; font-weight: bold;\">Benvolgudes fam\u00edlies,<\/span><\/div>\n<\/header>\n<div class=\"entry-content clear\">\n<header class=\"entry-header\">Dins del projecte d\u2019Extraescolars Comunit\u00e0ries us fem arribar l\u2019<b>OFERTA CONJUNTA de l\u2019AFA de Les Ferreries i l\u2019AFA de Mas Prats per al curs 2025 \u2013 2026,\u00a0<\/b>ampliant les activitats oferides el curs anterior.\u00a0<a href=\"https:\/\/drive.google.com\/file\/d\/1wOpPYR2BaaYgmMFZE_4MhhOT6pzOGfib\/view?usp=sharing\" target=\"_blank\" rel=\"noopener\">Podeu consultar aqu\u00ed la planificaci\u00f3 setmanal.<\/a>\u00a0<i>(informaci\u00f3 actualitzada setembre 2025)<\/i><\/p>\n<p>&nbsp;<\/p>\n<p><b>1r Periode d\u2019inscripci\u00f3 del 25 de juny al 15 de juliol de 2025<\/b><\/p>\n<p><b>2n Periode d\u2019inscripci\u00f3 del 5 al 16 de setembre de 2025<\/b><\/p>\n<p><b>L\u2019inici de les extraescolars ser\u00e0 el dia 1 d\u2019octubre de 2025 i finalitzaran el 31 de maig de 2026.<\/b><\/p>\n<p>&nbsp;<\/p>\n<p>L\u2019entitat o l\u2019empresa que les porti a terme ser\u00e0 la responsable de la gesti\u00f3 de les quotes, les inscripcions i l\u2019organitzaci\u00f3 dels grups segons les r\u00e0tios indicades per a cada activitat donat que\u00a0<b>els m\u00ednims i m\u00e0xims de cada grup el fixar\u00e0 cada empresa<\/b>\u00a0(consulteu la informaci\u00f3 de cada activitat).<\/p>\n<p>Si el nombre de sol\u00b7licituds excedeix el nombre de participants permesos s\u2019accedir\u00e0 per rigor\u00f3s ordre de preinscripci\u00f3 i es podr\u00e0 valorar, segons disponibilitat de l\u2019empresa i\/o dels espais, l\u2019obertura d\u2019un segon grup.\u00a0<b>Les inscripcions es mantindran obertes al llarg del curs i les noves incorporacions podran iniciar l\u2019activitat la setmana seg\u00fcent d\u2019haver formalitzat la inscripci\u00f3<\/b>\u00a0<i>(en cas que l\u2019alta s\u2019hagi tramitat abans del dijous de cada setmana).<\/i><\/p>\n<p>Al igual que es va fer als cursos 2021-2022, 2022-2023, 2023-2024 i 2024-2025, cada activitat es realitzar\u00e0 a un dels centres escolars o als dos.\u00a0<b>El trasllat dels alumnes restar\u00e0 cobert per l\u2019organitzaci\u00f3 i\/o per les empreses i entitats,\u00a0<\/b>d\u2019acord amb les autoritzacions que us facilitaran les empreses i que haureu de retornar degudament complimentades.\u00a0<b>La recollida dels alumnes per part de les fam\u00edlies ser\u00e0 al centre on s\u2019imparteixi l\u2019activitat, no a l\u2019escola d\u2019origen de l\u2019alumne.<\/b><\/p>\n<p><b>Continuant amb la idea d\u2019impulsar\u00a0<\/b>el teixit associatiu i comercial del municipi i rodalies, comptem amb les seg\u00fcent\u00a0<b>activitats que realitzaran diferents empreses i entitats palafollenques i de les poblacions properes.<\/b>\u00a0Desitgem que trobeu en aquesta oferta aquelles activitats que puguin agradar als vostres fills i filles.<\/p>\n<p>Podeu accedir a tota la informaci\u00f3 clicant els seg\u00fcents enlla\u00e7os, en cas de dubte consulteu amb les empreses.<\/p>\n<\/header>\n<p>&nbsp;<\/p>\n<p>&nbsp;<\/p>\n<p><strong>CLUB B\u00c0SQUET PALAFOLLS\u00a0<\/strong><\/p>\n<p><a href=\"https:\/\/drive.google.com\/file\/d\/1-qJ3w0I-6-f86iz29lXG04A5mas29m69\/view?usp=sharing\" target=\"_blank\" rel=\"noopener\">Informaci\u00f3 i inscripci\u00f3<\/a><\/p>\n<p><a href=\"https:\/\/drive.google.com\/file\/d\/19uhhETrZdahIf3iIAEi8W1dM_Nbk0Jto\/view?usp=sharing\" target=\"_blank\" rel=\"noopener\">Autoritzacions<\/a><\/p>\n<p>&nbsp;<\/p>\n<hr \/>\n<p><strong>CLUB DEPORTIVO PALAFOLLS\u00a0<\/strong><\/p>\n<div class=\"entry-content\">\n<p><a href=\"https:\/\/drive.google.com\/file\/d\/1FBKEwKWn4WfdR8NW9TOrmmxBF1q7RllR\/view?usp=drive_link\" target=\"_blank\" rel=\"noopener\">Informaci\u00f3<\/a><\/p>\n<p><a href=\"https:\/\/drive.google.com\/file\/d\/1mQROnK86eiZ2tMUD9uCmyqOh2qiIa8S2\/view?usp=drive_link\" target=\"_blank\" rel=\"noopener\">Inscripcions<\/a><\/p>\n<p><a href=\"https:\/\/drive.google.com\/file\/d\/19uhhETrZdahIf3iIAEi8W1dM_Nbk0Jto\/view?usp=sharing\" target=\"_blank\" rel=\"noopener\">Autoritzacions<\/a><\/p>\n<p>&nbsp;<\/p>\n<hr \/>\n<p><strong>CLUB PAT\u00cd PALAFOLLS<\/strong><\/p>\n<p><a href=\"https:\/\/drive.google.com\/file\/d\/1jxcvkE2I71F4RVQ1YL5rbNEfTLcNAsxJ\/view?usp=drive_link\" target=\"_blank\" rel=\"noopener\">Informaci\u00f3 i inscripcions<\/a><\/p>\n<p><a href=\"https:\/\/drive.google.com\/file\/d\/19uhhETrZdahIf3iIAEi8W1dM_Nbk0Jto\/view?usp=sharing\" target=\"_blank\" rel=\"noopener\">Autoritzacions<\/a><\/p>\n<p>&nbsp;<\/p>\n<\/div>\n<hr \/>\n<div class=\"entry-content\">\n<p><strong>ESCOLA D\u2019ESCACS COSTA BRAVA<\/strong><\/p>\n<p><a href=\"https:\/\/drive.google.com\/file\/d\/1d8ho0qGqUsKYhzxtHPGISNBdaQm005hX\/view?usp=drive_link\" target=\"_blank\" rel=\"noopener\">Informaci\u00f3<\/a><\/p>\n<p><a href=\"https:\/\/drive.google.com\/file\/d\/1DX_QLq2dPZyFfHwAYol_xp_egqlWLTPq\/view?usp=drive_link\" target=\"_blank\" rel=\"noopener\">Inscripcions<\/a><\/p>\n<p><a href=\"https:\/\/drive.google.com\/file\/d\/19uhhETrZdahIf3iIAEi8W1dM_Nbk0Jto\/view?usp=sharing\" target=\"_blank\" rel=\"noopener\">Autoritzacions<\/a><\/p>\n<p>&nbsp;<\/p>\n<\/div>\n<hr \/>\n<div class=\"entry-content\">\n<p><strong>JOAN COLLS<\/strong><\/p>\n<p><a href=\"https:\/\/drive.google.com\/file\/d\/1GZFvEmTFFeOsOpUa2RTOl33opiSKcwtg\/view?usp=drive_link\" target=\"_blank\" rel=\"noopener\">Informaci\u00f3 i inscripcions<\/a><\/p>\n<p><a href=\"https:\/\/drive.google.com\/file\/d\/19uhhETrZdahIf3iIAEi8W1dM_Nbk0Jto\/view?usp=sharing\" target=\"_blank\" rel=\"noopener\">Autoritzacions<\/a><\/p>\n<p>&nbsp;<\/p>\n<hr \/>\n<p><strong>NOVA ERUDITIO<\/strong><\/p>\n<p><a href=\"https:\/\/drive.google.com\/file\/d\/18WCLZl8BBLrWXMs_2QKqLMCLCr63eU9u\/view?usp=drive_link\" target=\"_blank\" rel=\"noopener\">Informaci\u00f3 i inscripcions Rob\u00f2tica<\/a><\/p>\n<p><a href=\"https:\/\/drive.google.com\/file\/d\/1MXulL2t00JvZunItBDH-_T6lb1RvbKvF\/view?usp=drive_link\" target=\"_blank\" rel=\"noopener\">Informaci\u00f3 i inscripcions Fast Typing<\/a><\/p>\n<p><a href=\"https:\/\/drive.google.com\/file\/d\/19uhhETrZdahIf3iIAEi8W1dM_Nbk0Jto\/view?usp=sharing\" target=\"_blank\" rel=\"noopener\">Autoritzacions<\/a><\/p>\n<p>&nbsp;<\/p>\n<\/div>\n<hr \/>\n<p><strong>SKATIA<\/strong><\/p>\n<p><a href=\"https:\/\/drive.google.com\/file\/d\/1L7G7YKrEL2KRvSBndwBR04d32bZsbxiL\/view?usp=drive_link\" target=\"_blank\" rel=\"noopener\">Informaci\u00f3 i Inscripci\u00f3<\/a><\/p>\n<p><a href=\"https:\/\/drive.google.com\/file\/d\/19uhhETrZdahIf3iIAEi8W1dM_Nbk0Jto\/view?usp=sharing\" target=\"_blank\" rel=\"noopener\">Autoritzacions<\/a><\/p>\n<p>&nbsp;<\/p>\n<hr \/>\n<div class=\"entry-content\">\n<p><strong>TAEKWONDO<\/strong><\/p>\n<p><a href=\"https:\/\/drive.google.com\/file\/d\/1trd6_Zm36ElPXlcGujNKdGkY6dMsfmgt\/view?usp=drive_link\" target=\"_blank\" rel=\"noopener\">Informaci\u00f3 i Inscripcions<\/a><\/p>\n<p><a href=\"https:\/\/drive.google.com\/file\/d\/19uhhETrZdahIf3iIAEi8W1dM_Nbk0Jto\/view?usp=sharing\" target=\"_blank\" rel=\"noopener\">Autoritzacions<\/a><\/p>\n<p>&nbsp;<\/p>\n<hr \/>\n<p><strong>TEATRE<\/strong><\/p>\n<p><a href=\"https:\/\/drive.google.com\/file\/d\/1NaXnlTMPRWLJ0NP8gELAKVk1XY8rg44E\/view?usp=drive_link\" target=\"_blank\" rel=\"noopener\">Informaci\u00f3<\/a><\/p>\n<p><a href=\"https:\/\/drive.google.com\/file\/d\/1zqwE1bObkHPOdMP0k13WUNOXPaBL3QLw\/view?usp=drive_link\" target=\"_blank\" rel=\"noopener\">Inscripcions<\/a><\/p>\n<p><a href=\"https:\/\/drive.google.com\/file\/d\/19uhhETrZdahIf3iIAEi8W1dM_Nbk0Jto\/view?usp=sharing\" target=\"_blank\" rel=\"noopener\">Autoritzacions<\/a><\/p>\n<p>&nbsp;<\/p>\n<hr \/>\n<p><strong>TERESA RAMOS (Pintura)<\/strong><\/p>\n<p><a href=\"https:\/\/drive.google.com\/file\/d\/1jGyU8zizxj5trxeT_52maIM-b_LcLQin\/view?usp=drive_link\" target=\"_blank\" rel=\"noopener\">Informaci\u00f3<\/a><\/p>\n<p><a href=\"https:\/\/drive.google.com\/file\/d\/1hvJj4er4Xypm8ncvVgwAVaTksXA90Z3A\/view?usp=drive_link\" target=\"_blank\" rel=\"noopener\">Inscripcions<\/a><\/p>\n<p><a href=\"https:\/\/drive.google.com\/file\/d\/19uhhETrZdahIf3iIAEi8W1dM_Nbk0Jto\/view?usp=sharing\" target=\"_blank\" rel=\"noopener\">Autoritzacions<\/a><\/p>\n<p>&nbsp;<\/p>\n<hr \/>\n<p><strong>TWIRLING PALAFOLLS<\/strong><\/p>\n<p><a href=\"https:\/\/drive.google.com\/file\/d\/1sjWlxmYKUbutOJuSvo1In82gjErtQtmv\/view?usp=drive_link\" target=\"_blank\" rel=\"noopener\">Informaci\u00f3<\/a><\/p>\n<p><a href=\"https:\/\/forms.gle\/Tr1ecd9rgJ9igWZj8\" target=\"_blank\" rel=\"noopener\">Inscripcions<\/a><\/p>\n<p><a href=\"https:\/\/drive.google.com\/file\/d\/19uhhETrZdahIf3iIAEi8W1dM_Nbk0Jto\/view?usp=sharing\" target=\"_blank\" rel=\"noopener\">Autoritzacions<\/a><\/p>\n<p>&nbsp;<\/p>\n<hr \/>\n<p><strong>WHAT FUN &amp; APREN<\/strong><\/p>\n<p><a href=\"https:\/\/drive.google.com\/file\/d\/1g8fJ8f44fTcSFhlLxuSUJwzjb9iT_3zk\/view?usp=drive_link\" target=\"_blank\" rel=\"noopener\">Informaci\u00f3 i Inscripcions<\/a><\/p>\n<p><a href=\"https:\/\/drive.google.com\/file\/d\/19uhhETrZdahIf3iIAEi8W1dM_Nbk0Jto\/view?usp=sharing\" target=\"_blank\" rel=\"noopener\">Autoritzacions<\/a><\/p>\n<\/div>\n<\/div>\n<\/header>\n<div class=\"entry-content\"><\/div>\n","protected":false},"excerpt":{"rendered":"<p>Benvolgudes fam\u00edlies, Dins del projecte d\u2019Extraescolars Comunit\u00e0ries us fem arribar l\u2019OFERTA CONJUNTA de l\u2019AFA de Les Ferreries i l\u2019AFA de Mas Prats per al curs 2025 \u2013 2026,\u00a0ampliant les activitats oferides el curs anterior.\u00a0Podeu consultar aqu\u00ed la planificaci\u00f3 setmanal.\u00a0(informaci\u00f3 actualitzada setembre 2025) &nbsp; 1r Periode d\u2019inscripci\u00f3 del 25 de juny al 15 de juliol de [&hellip;]<\/p>\n","protected":false},"author":1,"featured_media":0,"parent":1697,"menu_order":40,"comment_status":"open","ping_status":"closed","template":"","meta":{"_bbp_topic_count":0,"_bbp_reply_count":0,"_bbp_total_topic_count":0,"_bbp_total_reply_count":0,"_bbp_voice_count":0,"_bbp_anonymous_reply_count":0,"_bbp_topic_count_hidden":0,"_bbp_reply_count_hidden":0,"_bbp_forum_subforum_count":0,"site-sidebar-layout":"default","site-content-layout":"","ast-site-content-layout":"default","site-content-style":"default","site-sidebar-style":"default","ast-global-header-display":"","ast-banner-title-visibility":"","ast-main-header-display":"","ast-hfb-above-header-display":"","ast-hfb-below-header-display":"","ast-hfb-mobile-header-display":"","site-post-title":"","ast-breadcrumbs-content":"","ast-featured-img":"","footer-sml-layout":"","theme-transparent-header-meta":"default","adv-header-id-meta":"","stick-header-meta":"","header-above-stick-meta":"","header-main-stick-meta":"","header-below-stick-meta":"","astra-migrate-meta-layouts":"set","ast-page-background-enabled":"default","ast-page-background-meta":{"desktop":{"background-color":"var(--ast-global-color-4)","background-image":"","background-repeat":"repeat","background-position":"center center","background-size":"auto","background-attachment":"scroll","background-type":"","background-media":"","overlay-type":"","overlay-color":"","overlay-opacity":"","overlay-gradient":""},"tablet":{"background-color":"","background-image":"","background-repeat":"repeat","background-position":"center center","background-size":"auto","background-attachment":"scroll","background-type":"","background-media":"","overlay-type":"","overlay-color":"","overlay-opacity":"","overlay-gradient":""},"mobile":{"background-color":"","background-image":"","background-repeat":"repeat","background-position":"center center","background-size":"auto","background-attachment":"scroll","background-type":"","background-media":"","overlay-type":"","overlay-color":"","overlay-opacity":"","overlay-gradient":""}},"ast-content-background-meta":{"desktop":{"background-color":"var(--ast-global-color-5)","background-image":"","background-repeat":"repeat","background-position":"center center","background-size":"auto","background-attachment":"scroll","background-type":"","background-media":"","overlay-type":"","overlay-color":"","overlay-opacity":"","overlay-gradient":""},"tablet":{"background-color":"var(--ast-global-color-5)","background-image":"","background-repeat":"repeat","background-position":"center center","background-size":"auto","background-attachment":"scroll","background-type":"","background-media":"","overlay-type":"","overlay-color":"","overlay-opacity":"","overlay-gradient":""},"mobile":{"background-color":"var(--ast-global-color-5)","background-image":"","background-repeat":"repeat","background-position":"center center","background-size":"auto","background-attachment":"scroll","background-type":"","background-media":"","overlay-type":"","overlay-color":"","overlay-opacity":"","overlay-gradient":""}},"footnotes":""},"class_list":["post-331","page","type-page","status-publish","hentry"],"post_mailing_queue_ids":[],"_links":{"self":[{"href":"https:\/\/agora.xtec.cat\/ceip-lesferreries-palafolls\/wp-json\/wp\/v2\/pages\/331","targetHints":{"allow":["GET"]}}],"collection":[{"href":"https:\/\/agora.xtec.cat\/ceip-lesferreries-palafolls\/wp-json\/wp\/v2\/pages"}],"about":[{"href":"https:\/\/agora.xtec.cat\/ceip-lesferreries-palafolls\/wp-json\/wp\/v2\/types\/page"}],"author":[{"embeddable":true,"href":"https:\/\/agora.xtec.cat\/ceip-lesferreries-palafolls\/wp-json\/wp\/v2\/users\/1"}],"replies":[{"embeddable":true,"href":"https:\/\/agora.xtec.cat\/ceip-lesferreries-palafolls\/wp-json\/wp\/v2\/comments?post=331"}],"version-history":[{"count":6,"href":"https:\/\/agora.xtec.cat\/ceip-lesferreries-palafolls\/wp-json\/wp\/v2\/pages\/331\/revisions"}],"predecessor-version":[{"id":24293,"href":"https:\/\/agora.xtec.cat\/ceip-lesferreries-palafolls\/wp-json\/wp\/v2\/pages\/331\/revisions\/24293"}],"up":[{"embeddable":true,"href":"https:\/\/agora.xtec.cat\/ceip-lesferreries-palafolls\/wp-json\/wp\/v2\/pages\/1697"}],"wp:attachment":[{"href":"https:\/\/agora.xtec.cat\/ceip-lesferreries-palafolls\/wp-json\/wp\/v2\/media?parent=331"}],"curies":[{"name":"wp","href":"https:\/\/api.w.org\/{rel}","templated":true}]}}