{"id":1567,"date":"2016-02-03T17:55:00","date_gmt":"2016-02-03T16:55:00","guid":{"rendered":"http:\/\/agora.xtec.cat\/ceip-lesferreries-palafolls\/?page_id=1567"},"modified":"2025-07-09T10:02:22","modified_gmt":"2025-07-09T08:02:22","slug":"instal-lacions","status":"publish","type":"page","link":"https:\/\/agora.xtec.cat\/ceip-lesferreries-palafolls\/benvinguts-2\/instal-lacions\/","title":{"rendered":"Instal.lacions"},"content":{"rendered":"<p>La nostra escola compta amb les seg\u00fcents aules i instal\u00b7lacions:<\/p>\n<ul>\n<li>1 aula de joc simb\u00f2lic<\/li>\n<li>1 aula de psicomotricitat<\/li>\n<li>1 aula de ci\u00e8ncies<\/li>\n<li>1 aula de llums i ombres<\/li>\n<li>1 aula de m\u00fasica<\/li>\n<li>2 aules d&#8217;angl\u00e8s<\/li>\n<li>1 gimn\u00e0s<\/li>\n<li>1 aula polivalent<\/li>\n<li>1 aula de pensament computacional<\/li>\n<li>4 espais de tutoria<\/li>\n<li>1 aula de refor\u00e7 d&#8217;educaci\u00f3 infantil<\/li>\n<li>2 aules de suport<\/li>\n<li>1 sala de mestres<\/li>\n<li>Menjador i cuina pr\u00f2pia<\/li>\n<li>Pati amb diferents zones d&#8217;esbarjo: 2 patis per EI, estructures, paret sensorial, jocs pintats, 2 cuinetes, pista poliesportiva, 2 sorrals, \u00e0gora, taules de p\u00edcnic, roc\u00f2drom, hort&#8230;<\/li>\n<\/ul>\n<p><a href=\"http:\/\/agora.xtec.cat\/ceip-lesferreries-palafolls\/wp-content\/uploads\/usu670\/2013\/04\/Entrada-escola5.jpg\"><img loading=\"lazy\" decoding=\"async\" class=\"alignnone size-large wp-image-246\" src=\"http:\/\/agora.xtec.cat\/ceip-lesferreries-palafolls\/wp-content\/uploads\/usu670\/2013\/04\/Entrada-escola5-1024x609.jpg\" alt=\"Entrada escola5\" width=\"1024\" height=\"609\" srcset=\"https:\/\/agora.xtec.cat\/ceip-lesferreries-palafolls\/wp-content\/uploads\/usu670\/2013\/04\/Entrada-escola5.jpg 1024w, https:\/\/agora.xtec.cat\/ceip-lesferreries-palafolls\/wp-content\/uploads\/usu670\/2013\/04\/Entrada-escola5-300x178.jpg 300w\" sizes=\"auto, (max-width: 1024px) 100vw, 1024px\" \/><\/a><\/p>\n<p>&nbsp;<\/p>\n","protected":false},"excerpt":{"rendered":"<p>La nostra escola compta amb les seg\u00fcents aules i instal\u00b7lacions: 1 aula de joc simb\u00f2lic 1 aula de psicomotricitat 1 aula de ci\u00e8ncies 1 aula de llums i ombres 1 aula de m\u00fasica 2 aules d&#8217;angl\u00e8s 1 gimn\u00e0s 1 aula polivalent 1 aula de pensament computacional 4 espais de tutoria 1 aula de refor\u00e7 d&#8217;educaci\u00f3 [&hellip;]<\/p>\n","protected":false},"author":1,"featured_media":0,"parent":1563,"menu_order":30,"comment_status":"closed","ping_status":"closed","template":"","meta":{"_bbp_topic_count":0,"_bbp_reply_count":0,"_bbp_total_topic_count":0,"_bbp_total_reply_count":0,"_bbp_voice_count":0,"_bbp_anonymous_reply_count":0,"_bbp_topic_count_hidden":0,"_bbp_reply_count_hidden":0,"_bbp_forum_subforum_count":0,"site-sidebar-layout":"default","site-content-layout":"","ast-site-content-layout":"default","site-content-style":"default","site-sidebar-style":"default","ast-global-header-display":"","ast-banner-title-visibility":"","ast-main-header-display":"","ast-hfb-above-header-display":"","ast-hfb-below-header-display":"","ast-hfb-mobile-header-display":"","site-post-title":"","ast-breadcrumbs-content":"","ast-featured-img":"","footer-sml-layout":"","theme-transparent-header-meta":"default","adv-header-id-meta":"","stick-header-meta":"","header-above-stick-meta":"","header-main-stick-meta":"","header-below-stick-meta":"","astra-migrate-meta-layouts":"set","ast-page-background-enabled":"default","ast-page-background-meta":{"desktop":{"background-color":"var(--ast-global-color-4)","background-image":"","background-repeat":"repeat","background-position":"center center","background-size":"auto","background-attachment":"scroll","background-type":"","background-media":"","overlay-type":"","overlay-color":"","overlay-opacity":"","overlay-gradient":""},"tablet":{"background-color":"","background-image":"","background-repeat":"repeat","background-position":"center center","background-size":"auto","background-attachment":"scroll","background-type":"","background-media":"","overlay-type":"","overlay-color":"","overlay-opacity":"","overlay-gradient":""},"mobile":{"background-color":"","background-image":"","background-repeat":"repeat","background-position":"center center","background-size":"auto","background-attachment":"scroll","background-type":"","background-media":"","overlay-type":"","overlay-color":"","overlay-opacity":"","overlay-gradient":""}},"ast-content-background-meta":{"desktop":{"background-color":"var(--ast-global-color-5)","background-image":"","background-repeat":"repeat","background-position":"center center","background-size":"auto","background-attachment":"scroll","background-type":"","background-media":"","overlay-type":"","overlay-color":"","overlay-opacity":"","overlay-gradient":""},"tablet":{"background-color":"var(--ast-global-color-5)","background-image":"","background-repeat":"repeat","background-position":"center center","background-size":"auto","background-attachment":"scroll","background-type":"","background-media":"","overlay-type":"","overlay-color":"","overlay-opacity":"","overlay-gradient":""},"mobile":{"background-color":"var(--ast-global-color-5)","background-image":"","background-repeat":"repeat","background-position":"center center","background-size":"auto","background-attachment":"scroll","background-type":"","background-media":"","overlay-type":"","overlay-color":"","overlay-opacity":"","overlay-gradient":""}},"footnotes":""},"class_list":["post-1567","page","type-page","status-publish","hentry"],"post_mailing_queue_ids":[],"_links":{"self":[{"href":"https:\/\/agora.xtec.cat\/ceip-lesferreries-palafolls\/wp-json\/wp\/v2\/pages\/1567","targetHints":{"allow":["GET"]}}],"collection":[{"href":"https:\/\/agora.xtec.cat\/ceip-lesferreries-palafolls\/wp-json\/wp\/v2\/pages"}],"about":[{"href":"https:\/\/agora.xtec.cat\/ceip-lesferreries-palafolls\/wp-json\/wp\/v2\/types\/page"}],"author":[{"embeddable":true,"href":"https:\/\/agora.xtec.cat\/ceip-lesferreries-palafolls\/wp-json\/wp\/v2\/users\/1"}],"replies":[{"embeddable":true,"href":"https:\/\/agora.xtec.cat\/ceip-lesferreries-palafolls\/wp-json\/wp\/v2\/comments?post=1567"}],"version-history":[{"count":6,"href":"https:\/\/agora.xtec.cat\/ceip-lesferreries-palafolls\/wp-json\/wp\/v2\/pages\/1567\/revisions"}],"predecessor-version":[{"id":24263,"href":"https:\/\/agora.xtec.cat\/ceip-lesferreries-palafolls\/wp-json\/wp\/v2\/pages\/1567\/revisions\/24263"}],"up":[{"embeddable":true,"href":"https:\/\/agora.xtec.cat\/ceip-lesferreries-palafolls\/wp-json\/wp\/v2\/pages\/1563"}],"wp:attachment":[{"href":"https:\/\/agora.xtec.cat\/ceip-lesferreries-palafolls\/wp-json\/wp\/v2\/media?parent=1567"}],"curies":[{"name":"wp","href":"https:\/\/api.w.org\/{rel}","templated":true}]}}