{"id":741,"date":"2020-02-11T18:10:25","date_gmt":"2020-02-11T17:10:25","guid":{"rendered":"https:\/\/agora.xtec.cat\/ceip-lesfalgueres\/?page_id=741"},"modified":"2025-09-03T17:33:23","modified_gmt":"2025-09-03T15:33:23","slug":"equip","status":"publish","type":"page","link":"https:\/\/agora.xtec.cat\/ceip-lesfalgueres\/lescola\/equip\/","title":{"rendered":"Equip"},"content":{"rendered":"<table class=\" alignleft\" style=\"height: 945px; width: 37.7255%;\" cellspacing=\"0\" cellpadding=\"0\" align=\"center\">\n<tbody>\n<tr style=\"height: 66px;\" bgcolor=\"#CC6600\">\n<td style=\"width: 111.091%; height: 66px; border-style: hidden; border-color: #ffffff; background-color: #ffffff;\" colspan=\"2\" height=\"67\">\n<h3>EQUIP DOCENT<\/h3>\n<\/td>\n<\/tr>\n<tr style=\"height: 29px;\">\n<td style=\"width: 55.8442%; height: 29px; border-style: hidden; border-color: #ffffff; background-color: #ffffff;\" bgcolor=\"#CC9966\">Cristina Vergara Vergara<\/td>\n<td style=\"width: 55.2469%; height: 29px; border-style: hidden; border-color: #ffffff; background-color: #ffffff;\" bgcolor=\"#FFCC99\">Tutora I3A<\/td>\n<\/tr>\n<tr style=\"height: 29px;\">\n<td style=\"width: 55.8442%; height: 29px; text-align: left; border-style: hidden; border-color: #ffffff; background-color: #ffffff;\" bgcolor=\"#CC9966\">M. Estela Carcereny Torrallardona<\/td>\n<td style=\"width: 55.2469%; height: 29px; border-style: hidden; border-color: #ffffff; background-color: #ffffff;\" bgcolor=\"#FFCC99\">Tutora I3B<\/td>\n<\/tr>\n<tr style=\"height: 31px;\">\n<td style=\"width: 55.8442%; text-align: left; border-style: hidden; border-color: #ffffff; background-color: #ffffff; height: 31px;\">Dolors Mart\u00ed Arnau<\/td>\n<td style=\"width: 55.2469%; border-style: hidden; border-color: #ffffff; background-color: #ffffff; height: 31px;\">Tutora I4A<\/td>\n<\/tr>\n<tr style=\"height: 31px;\">\n<td style=\"width: 55.8442%; text-align: left; border-style: hidden; border-color: #ffffff; background-color: #ffffff; height: 31px;\">Meritxell Ag\u00fceros Dunj\u00f3<\/td>\n<td style=\"width: 55.2469%; border-style: hidden; border-color: #ffffff; background-color: #ffffff; height: 31px;\">Tutora I5A<\/td>\n<\/tr>\n<tr style=\"height: 47px;\">\n<td style=\"width: 55.8442%; text-align: left; border-style: hidden; border-color: #ffffff; background-color: #ffffff; height: 47px;\">Ester Casas Turr\u00f3<\/td>\n<td style=\"width: 55.2469%; border-style: hidden; border-color: #ffffff; background-color: #ffffff; height: 47px;\">Tutora I5B<\/td>\n<\/tr>\n<tr style=\"height: 29px;\">\n<td style=\"width: 55.8442%; height: 29px; border-style: hidden; border-color: #ffffff; background-color: #ffffff;\" bgcolor=\"#CC9966\">Maria Anguita Ortega<\/td>\n<td style=\"width: 55.2469%; height: 29px; border-style: hidden; border-color: #ffffff; background-color: #ffffff;\" bgcolor=\"#FFCC99\">Tutora 1rA<\/td>\n<\/tr>\n<tr style=\"height: 29px;\">\n<td style=\"width: 55.8442%; height: 29px; border-style: hidden; border-color: #ffffff; background-color: #ffffff;\" bgcolor=\"#CC9966\">Cristina Campos Massaguer<\/td>\n<td style=\"width: 55.2469%; height: 29px; border-style: hidden; border-color: #ffffff; background-color: #ffffff;\" bgcolor=\"#FFCC99\">Tutora 1rB<\/td>\n<\/tr>\n<tr style=\"height: 29px;\">\n<td style=\"width: 55.8442%; height: 29px; border-style: hidden; border-color: #ffffff; background-color: #ffffff;\" bgcolor=\"#CC9966\">Cristina Barneda Gratac\u00f3s<\/td>\n<td style=\"width: 55.2469%; height: 29px; border-style: hidden; border-color: #ffffff; background-color: #ffffff;\" bgcolor=\"#FFCC99\">Tutora 2nA<\/td>\n<\/tr>\n<tr style=\"height: 33px;\">\n<td style=\"width: 55.8442%; height: 33px; border-style: hidden; border-color: #ffffff; background-color: #ffffff;\" bgcolor=\"#CC9966\" height=\"33\">S\u00f2nia Maqueda Gallardo<\/td>\n<td style=\"width: 55.2469%; height: 33px; border-style: hidden; border-color: #ffffff; background-color: #ffffff;\" bgcolor=\"#FFCC99\" height=\"33\">Tutora 3rA<\/td>\n<\/tr>\n<tr style=\"height: 29px;\">\n<td style=\"width: 55.8442%; height: 29px; border-style: hidden; border-color: #ffffff; background-color: #ffffff;\" bgcolor=\"#CC9966\">Marta Paretas Ferrer<\/td>\n<td style=\"width: 55.2469%; height: 29px; border-style: hidden; border-color: #ffffff; background-color: #ffffff;\" bgcolor=\"#FFCC99\">Tutora 3rB<\/td>\n<\/tr>\n<tr style=\"height: 29px;\">\n<td style=\"width: 55.8442%; height: 29px; border-style: hidden; border-color: #ffffff; background-color: #ffffff;\" bgcolor=\"#CC9966\">Mariona Carol\u00e0 Vil\u00e0<\/td>\n<td style=\"width: 55.2469%; height: 29px; border-style: hidden; border-color: #ffffff; background-color: #ffffff;\" bgcolor=\"#FFCC99\">Tutora 4tA<\/td>\n<\/tr>\n<tr style=\"height: 29px;\">\n<td style=\"width: 55.8442%; height: 29px; border-style: hidden; border-color: #ffffff; background-color: #ffffff;\" bgcolor=\"#CC9966\">Rosa Collell Espu\u00f1a<\/td>\n<td style=\"width: 55.2469%; height: 29px; border-style: hidden; border-color: #ffffff; background-color: #ffffff;\" bgcolor=\"#FFCC99\">Tutora 4tB<\/td>\n<\/tr>\n<tr style=\"height: 29px;\">\n<td style=\"width: 55.8442%; height: 29px; border-style: hidden; border-color: #ffffff; background-color: #ffffff;\" bgcolor=\"#CC9966\">Gemma Tenas Revert\u00e9<\/td>\n<td style=\"width: 55.2469%; height: 29px; border-style: hidden; border-color: #ffffff; background-color: #ffffff;\" bgcolor=\"#FFCC99\">Tutora 5\u00e8A<\/td>\n<\/tr>\n<tr style=\"height: 31px;\">\n<td style=\"width: 55.8442%; border-style: hidden; border-color: #ffffff; background-color: #ffffff; height: 31px;\">S\u00f2nia Blanch Ruda<\/td>\n<td style=\"width: 55.2469%; border-style: hidden; border-color: #ffffff; background-color: #ffffff; height: 31px;\">Tutora 5\u00e8B<\/td>\n<\/tr>\n<tr style=\"height: 31px;\">\n<td style=\"width: 55.8442%; border-style: hidden; border-color: #ffffff; background-color: #ffffff; height: 31px;\">Anna Poch Bancells<\/td>\n<td style=\"width: 55.2469%; border-style: hidden; border-color: #ffffff; background-color: #ffffff; height: 31px;\">Tutora 6\u00e8A<\/td>\n<\/tr>\n<tr style=\"height: 29px;\">\n<td style=\"width: 55.8442%; height: 29px; border-style: hidden; border-color: #ffffff; background-color: #ffffff;\" bgcolor=\"#CC9966\">Maria Genover Salama\u00f1a<\/td>\n<td style=\"width: 55.2469%; height: 29px; border-style: hidden; border-color: #ffffff; background-color: #ffffff;\" bgcolor=\"#FFCC99\">Tutora 6\u00e8B<\/td>\n<\/tr>\n<tr style=\"height: 29px;\">\n<td style=\"width: 55.8442%; height: 29px; border-style: hidden; border-color: #ffffff; background-color: #ffffff;\" bgcolor=\"#CC9966\">Laura Teixidor Busquets<\/td>\n<td style=\"width: 55.2469%; height: 29px; border-style: hidden; border-color: #ffffff; background-color: #ffffff;\" bgcolor=\"#FFCC99\">Ed. f\u00edsica<\/td>\n<\/tr>\n<tr style=\"height: 29px;\">\n<td style=\"width: 55.8442%; height: 29px; border-style: hidden; border-color: #ffffff; background-color: #ffffff;\" bgcolor=\"#CC9966\">Cristina Mitj\u00e0 Fern\u00e1ndez<\/td>\n<td style=\"width: 55.2469%; height: 29px; border-style: hidden; border-color: #ffffff; background-color: #ffffff;\" bgcolor=\"#FFCC99\">Atenci\u00f3 a la diversitat<\/td>\n<\/tr>\n<tr style=\"height: 31px;\">\n<td style=\"width: 55.8442%; border-style: hidden; border-color: #ffffff; background-color: #ffffff; height: 31px;\">Gemma Soler Palomeras<\/td>\n<td style=\"width: 55.2469%; border-style: hidden; border-color: #ffffff; background-color: #ffffff; height: 31px;\">M\u00fasica i suport a infantil<\/td>\n<\/tr>\n<tr style=\"height: 29px;\">\n<td style=\"width: 55.8442%; height: 29px; border-style: hidden; border-color: #ffffff; background-color: #ffffff;\" bgcolor=\"#CC9966\" height=\"29\">L\u00eddia Font Cass\u00fa<\/td>\n<td style=\"width: 55.2469%; height: 29px; border-style: hidden; border-color: #ffffff; background-color: #ffffff;\" bgcolor=\"#FFCC99\" height=\"29\">M\u00fasica i suport a CI i CM<\/td>\n<\/tr>\n<tr style=\"height: 29px;\">\n<td style=\"width: 55.8442%; height: 29px; border-style: hidden; border-color: #ffffff; background-color: #ffffff;\" bgcolor=\"#CC9966\" height=\"29\">N\u00faria Donat Ortiz<\/td>\n<td style=\"width: 55.2469%; height: 29px; border-style: hidden; border-color: #ffffff; background-color: #ffffff;\" bgcolor=\"#FFCC99\" height=\"29\">M\u00fasica a CM i CS<\/td>\n<\/tr>\n<tr style=\"height: 29px;\">\n<td style=\"width: 55.8442%; height: 29px; border-style: hidden; border-color: #ffffff; background-color: #ffffff;\" bgcolor=\"#CC9966\">Sylvia Albert Anglada<\/td>\n<td style=\"width: 55.2469%; height: 29px; border-style: hidden; border-color: #ffffff; background-color: #ffffff;\" bgcolor=\"#FFCC99\">Mestra d&#8217;angl\u00e8s EI i CI<\/td>\n<\/tr>\n<tr style=\"height: 29px;\">\n<td style=\"width: 55.8442%; height: 29px; border-style: hidden; border-color: #ffffff; background-color: #ffffff;\" bgcolor=\"#CC9966\">Cristina Marimont Costa<\/td>\n<td style=\"width: 55.2469%; height: 29px; border-style: hidden; border-color: #ffffff; background-color: #ffffff;\" bgcolor=\"#FFCC99\">Mestra d&#8217;angl\u00e8s CM i CS<\/td>\n<\/tr>\n<tr style=\"height: 31px;\">\n<td style=\"width: 55.8442%; border-style: hidden; border-color: #ffffff; background-color: #ffffff; height: 31px;\">Alicia Garcia Bermejo<\/td>\n<td style=\"width: 55.2469%; border-style: hidden; border-color: #ffffff; background-color: #ffffff; height: 31px;\">Mestra de religi\u00f3<\/td>\n<\/tr>\n<tr style=\"height: 31px;\">\n<td style=\"width: 55.8442%; border-style: hidden; border-color: #ffffff; background-color: #ffffff; height: 31px;\">Anna Mora V\u00e1zquez<\/td>\n<td style=\"width: 55.2469%; border-style: hidden; border-color: #ffffff; background-color: #ffffff; height: 31px;\">Suport a EI i CI<\/td>\n<\/tr>\n<tr style=\"height: 29px;\">\n<td style=\"width: 55.8442%; height: 29px; border-style: hidden; border-color: #ffffff; background-color: #ffffff;\" bgcolor=\"#CC9966\">Susanna Canadell Abul\u00ed<\/td>\n<td style=\"width: 55.2469%; height: 29px; border-style: hidden; border-color: #ffffff; background-color: #ffffff;\" bgcolor=\"#FFCC99\">Suport a CM<\/td>\n<\/tr>\n<tr style=\"height: 29px;\">\n<td style=\"width: 55.8442%; height: 29px; border-style: hidden; border-color: #ffffff; background-color: #ffffff;\" bgcolor=\"#CC9966\">Rut Puigvert Xargay<\/td>\n<td style=\"width: 55.2469%; height: 29px; border-style: hidden; border-color: #ffffff; background-color: #ffffff;\" bgcolor=\"#FFCC99\">Suport a CS<\/td>\n<\/tr>\n<tr style=\"height: 29px;\">\n<td style=\"width: 55.8442%; height: 29px; border-style: hidden; border-color: #ffffff; background-color: #ffffff;\" bgcolor=\"#CC9966\"><\/td>\n<td style=\"width: 55.2469%; height: 29px; border-style: hidden; border-color: #ffffff; background-color: #ffffff;\" bgcolor=\"#FFCC99\"><\/td>\n<\/tr>\n<tr style=\"height: 31px;\">\n<td style=\"width: 55.8442%; border-style: hidden; border-color: #ffffff; background-color: #ffffff; height: 31px;\"><\/td>\n<td style=\"width: 55.2469%; border-style: hidden; border-color: #ffffff; background-color: #ffffff; height: 31px;\"><\/td>\n<\/tr>\n<\/tbody>\n<\/table>\n<table style=\"width: 39%; height: 158px;\">\n<tbody>\n<tr style=\"height: 65px;\">\n<td style=\"width: 232px; border-style: hidden; height: 65px;\">\n<h3>EQUIP DIRECTIU<\/h3>\n<\/td>\n<td style=\"width: 173px; border-style: hidden; height: 65px;\"><\/td>\n<\/tr>\n<tr style=\"height: 31px;\">\n<td style=\"width: 232px; border-style: hidden; height: 31px;\">Susanna Canadell i Abul\u00ed<\/td>\n<td style=\"width: 173px; border-style: hidden; height: 31px;\">Directora<\/td>\n<\/tr>\n<tr style=\"height: 31px;\">\n<td style=\"width: 232px; border-style: hidden; height: 31px;\">Rut Puigvert i Xargay<\/td>\n<td style=\"width: 173px; border-style: hidden; height: 31px;\">Cap d&#8217;estudis<\/td>\n<\/tr>\n<tr style=\"height: 31px;\">\n<td style=\"width: 232px; border-style: hidden; height: 31px;\">Anna Mora i V\u00e1zquez<\/td>\n<td style=\"width: 173px; border-style: hidden; height: 31px;\">Secret\u00e0ria<\/td>\n<\/tr>\n<\/tbody>\n<\/table>\n<p>&nbsp;<\/p>\n<table class=\" alignleft\" style=\"width: 577px; height: 244px;\" cellspacing=\"0\" cellpadding=\"0\" align=\"center\">\n<tbody>\n<tr style=\"height: 31px;\">\n<td style=\"width: 226px; border-color: #fcfcfc; background-color: #fcfcfc; height: 31px;\" valign=\"top\" bgcolor=\"#CC9966\">\n<h3 align=\"center\">COORDINACIONS<\/h3>\n<\/td>\n<td style=\"width: 349px; border-color: #fcfcfc; background-color: #fcfcfc; height: 31px;\" valign=\"top\" bgcolor=\"#FFCC99\"><\/td>\n<\/tr>\n<tr style=\"height: 27px;\">\n<td style=\"width: 226px; border-color: #fcfcfc; background-color: #fcfcfc; height: 27px;\">Cristina Vergara i Vergara<\/td>\n<td style=\"width: 349px; border-color: #fcfcfc; background-color: #fcfcfc; height: 27px;\">Coordinadora d&#8217;Educaci\u00f3 Infantil<\/td>\n<\/tr>\n<tr style=\"height: 31px;\">\n<td style=\"width: 226px; border-color: #fcfcfc; background-color: #fcfcfc; height: 31px;\" valign=\"top\" bgcolor=\"#CC9966\">Cristina Campos i Massaguer<\/td>\n<td style=\"width: 349px; border-color: #fcfcfc; background-color: #fcfcfc; height: 31px;\" valign=\"top\" bgcolor=\"#FFCC99\">Coordinadora d&#8217;Educaci\u00f3 Prim\u00e0ria &#8211; Cicle Inicial<\/td>\n<\/tr>\n<tr style=\"height: 31px;\">\n<td style=\"width: 226px; border-color: #fcfcfc; background-color: #fcfcfc; height: 31px;\" valign=\"top\" bgcolor=\"#CC9966\">Rosa Collell i Espu\u00f1a<\/td>\n<td style=\"width: 349px; border-color: #fcfcfc; background-color: #fcfcfc; height: 31px;\" valign=\"top\" bgcolor=\"#FFCC99\">Coordinadora d&#8217;Eduaci\u00f3 Prim\u00e0ria &#8211; Cicle Mitj\u00e0<\/td>\n<\/tr>\n<tr style=\"height: 31px;\">\n<td style=\"width: 226px; border-color: #fcfcfc; background-color: #fcfcfc; height: 31px;\" valign=\"top\" bgcolor=\"#CC9966\">Laura Teixidor i Busquets<\/td>\n<td style=\"width: 349px; border-color: #fcfcfc; background-color: #fcfcfc; height: 31px;\" valign=\"top\" bgcolor=\"#FFCC99\">Coordinadora d&#8217;Educaci\u00f3 Prim\u00e0ria &#8211; Cicle Superior<\/td>\n<\/tr>\n<tr style=\"height: 31px;\">\n<td style=\"width: 226px; border-color: #fcfcfc; background-color: #fcfcfc; height: 31px;\" valign=\"top\" bgcolor=\"#CC9966\">Cristina Marimont i Costa<\/td>\n<td style=\"width: 349px; border-color: #fcfcfc; background-color: #fcfcfc; height: 31px;\" valign=\"top\" bgcolor=\"#FFCC99\">Coordinadora de Riscos Laborals<\/td>\n<\/tr>\n<tr style=\"height: 31px;\">\n<td style=\"width: 226px; border-color: #fcfcfc; background-color: #fcfcfc; height: 31px;\" valign=\"top\" bgcolor=\"#CC9966\">Gemma Soler i Palomeras<\/td>\n<td style=\"width: 349px; border-color: #fcfcfc; background-color: #fcfcfc; height: 31px;\" valign=\"top\" bgcolor=\"#FFCC99\">Coordinadora\u00a0 LIC<\/td>\n<\/tr>\n<tr style=\"height: 31px;\">\n<td style=\"width: 226px; border-color: #fcfcfc; background-color: #fcfcfc; height: 31px;\" valign=\"top\" bgcolor=\"#CC9966\">Susanna Canadell i Abul\u00ed<\/td>\n<td style=\"width: 349px; border-color: #fcfcfc; background-color: #fcfcfc; height: 31px;\" valign=\"top\" bgcolor=\"#FFCC99\">Coordinadora d&#8217;Inform\u00e0tica i Audiovisuals<\/td>\n<\/tr>\n<\/tbody>\n<\/table>\n<p><strong>\u00a0<\/strong><\/p>\n<p>&nbsp;<\/p>\n<p>&nbsp;<\/p>\n<p>&nbsp;<\/p>\n<p>&nbsp;<\/p>\n<p>&nbsp;<\/p>\n<p>&nbsp;<\/p>\n<table class=\" alignleft\" style=\"width: 29.9637%; height: 194px;\" cellspacing=\"0\" cellpadding=\"0\" align=\"center\">\n<tbody>\n<tr>\n<td style=\"border-color: #fafafa; background-color: #ffffff; width: 99.5157%;\" colspan=\"2\">\n<h3>PERSONAL NO DOCENT<\/h3>\n<\/td>\n<\/tr>\n<tr>\n<td style=\"border-color: #fafafa; background-color: #ffffff; width: 46.0183%;\" valign=\"top\" bgcolor=\"#CC9966\">M. Jos\u00e9 Peris Fern\u00e1ndez<\/td>\n<td style=\"border-color: #fafafa; background-color: #ffffff; width: 53.4974%;\" valign=\"top\" bgcolor=\"#FFCC99\">Administrativa<\/td>\n<\/tr>\n<tr>\n<td style=\"border-color: #fafafa; background-color: #ffffff; width: 46.0183%;\" valign=\"top\" bgcolor=\"#CC9966\" height=\"32\">Laura D\u00edaz i Quintana<\/td>\n<td style=\"border-color: #fafafa; background-color: #ffffff; width: 53.4974%;\" valign=\"top\" bgcolor=\"#FFCC99\">Conserge<\/td>\n<\/tr>\n<tr>\n<td style=\"border-color: #fafafa; background-color: #ffffff; width: 46.0183%;\" valign=\"top\" bgcolor=\"#CC9966\">Joaquim Serra i Pardo<\/td>\n<td style=\"border-color: #fafafa; background-color: #ffffff; width: 53.4974%;\" valign=\"top\" bgcolor=\"#FFCC99\">TEEI<\/td>\n<\/tr>\n<tr>\n<td style=\"border-color: #fafafa; background-color: #ffffff; width: 46.0183%;\">Albert Bardaj\u00ed i Albert i M\u00f2nica L\u00f3pez i Arias<\/td>\n<td style=\"border-color: #fafafa; background-color: #ffffff; width: 53.4974%;\">Vetllador\/a<\/td>\n<\/tr>\n<tr>\n<td style=\"border-color: #fafafa; background-color: #ffffff; width: 46.0183%;\" valign=\"top\" bgcolor=\"#CC9966\">Anna Brujats<\/td>\n<td style=\"border-color: #fafafa; background-color: #ffffff; width: 53.4974%;\" valign=\"top\" bgcolor=\"#FFCC99\">EAP<\/td>\n<\/tr>\n<tr>\n<td style=\"border-color: #fafafa; background-color: #ffffff; width: 46.0183%;\" valign=\"top\" bgcolor=\"#CC9966\" height=\"30\"><\/td>\n<td style=\"border-color: #fafafa; background-color: #ffffff; width: 53.4974%;\" valign=\"top\" bgcolor=\"#FFCC99\" height=\"30\"><\/td>\n<\/tr>\n<\/tbody>\n<\/table>\n","protected":false},"excerpt":{"rendered":"<p>EQUIP DOCENT<\/p>\n<p>Cristina Vergara Vergara<br \/>\nTutora I3A<\/p>\n<p>M. Estela Carcereny Torrallardona<br \/>\nTutora I3B<\/p>\n<p>Dolors Mart\u00ed Arnau<br \/>\nTutora I4A<\/p>\n<p>Meritxell Ag\u00fceros Dunj\u00f3<br \/>\nTutora I5A<\/p>\n<p>Ester Casas Turr\u00f3<br \/>\nTutora I5B<\/p>\n<p>Maria Anguita Ortega<br \/>\nTutora 1rA<\/p>\n<p>Cristina Campos Massaguer<br \/>\nTutora 1rB<\/p>\n<p>Cristina Barneda Gratac\u00f3s<br \/>\nTutora 2nA<\/p>\n<p>S\u00f2nia Maqueda Gallardo<br \/>\nTutora 3rA<\/p>\n<p>Marta Paretas Ferrer<br \/>\nTutora 3rB<\/p>\n<p>Mariona Carol\u00e0 Vil\u00e0<br \/>\nTutora 4tA<\/p>\n<p>Rosa Collell Espu\u00f1a<br \/>\nTutora 4tB<\/p>\n<p>Gemma Tenas Revert\u00e9<br \/>\nTutora 5\u00e8A<\/p>\n<p>S\u00f2nia Blanch Ruda<br \/>\nTutora 5\u00e8B<\/p>\n<p>Anna&hellip;  <a href=\"https:\/\/agora.xtec.cat\/ceip-lesfalgueres\/lescola\/equip\/\" title=\"Read Equip\">Llegeix m\u00e9s\u00bb<\/a><\/p>\n","protected":false},"author":1,"featured_media":0,"parent":22,"menu_order":30,"comment_status":"closed","ping_status":"closed","template":"page-templates\/side-menu.php","meta":{"_bbp_topic_count":0,"_bbp_reply_count":0,"_bbp_total_topic_count":0,"_bbp_total_reply_count":0,"_bbp_voice_count":0,"_bbp_anonymous_reply_count":0,"_bbp_topic_count_hidden":0,"_bbp_reply_count_hidden":0,"_bbp_forum_subforum_count":0,"footnotes":""},"class_list":["post-741","page","type-page","status-publish","hentry"],"post_mailing_queue_ids":[],"_links":{"self":[{"href":"https:\/\/agora.xtec.cat\/ceip-lesfalgueres\/wp-json\/wp\/v2\/pages\/741","targetHints":{"allow":["GET"]}}],"collection":[{"href":"https:\/\/agora.xtec.cat\/ceip-lesfalgueres\/wp-json\/wp\/v2\/pages"}],"about":[{"href":"https:\/\/agora.xtec.cat\/ceip-lesfalgueres\/wp-json\/wp\/v2\/types\/page"}],"author":[{"embeddable":true,"href":"https:\/\/agora.xtec.cat\/ceip-lesfalgueres\/wp-json\/wp\/v2\/users\/1"}],"replies":[{"embeddable":true,"href":"https:\/\/agora.xtec.cat\/ceip-lesfalgueres\/wp-json\/wp\/v2\/comments?post=741"}],"version-history":[{"count":7,"href":"https:\/\/agora.xtec.cat\/ceip-lesfalgueres\/wp-json\/wp\/v2\/pages\/741\/revisions"}],"predecessor-version":[{"id":2709,"href":"https:\/\/agora.xtec.cat\/ceip-lesfalgueres\/wp-json\/wp\/v2\/pages\/741\/revisions\/2709"}],"up":[{"embeddable":true,"href":"https:\/\/agora.xtec.cat\/ceip-lesfalgueres\/wp-json\/wp\/v2\/pages\/22"}],"wp:attachment":[{"href":"https:\/\/agora.xtec.cat\/ceip-lesfalgueres\/wp-json\/wp\/v2\/media?parent=741"}],"curies":[{"name":"wp","href":"https:\/\/api.w.org\/{rel}","templated":true}]}}