{"id":524,"date":"2020-02-10T10:27:05","date_gmt":"2020-02-10T09:27:05","guid":{"rendered":"https:\/\/agora.xtec.cat\/ceip-lesfalgueres\/?page_id=524"},"modified":"2021-11-17T12:16:01","modified_gmt":"2021-11-17T11:16:01","slug":"llegim-plegats","status":"publish","type":"page","link":"https:\/\/agora.xtec.cat\/ceip-lesfalgueres\/bones-practiques\/llegim-plegats\/","title":{"rendered":"Llegim plegats"},"content":{"rendered":"<p>Cada dia fem el pla lector a l\u2019aula, per\u00f2 un cop per trimestre ens trobem tots i totes per llegir plegats.<\/p>\n<p>Per a nosaltres creiem que llegir una estoneta cada dia, fa que l&#8217;alumnat sigui m\u00e9s competent per desenvolupar la dimensi\u00f3 de comprensi\u00f3 lectora, liter\u00e0ria i expressi\u00f3 escrita, de les tres lleng\u00fces. El fet de que la lectura sigui lliure, fa que l&#8217;alumnat s&#8217;hi senti molt m\u00e9s motivat.<\/p>\n<table style=\"border-collapse: collapse; width: 55.5141%; height: 903px;\">\n<tbody>\n<tr style=\"height: 320px;\">\n<td style=\"width: 33.3333%; height: 320px;\"><a href=\"https:\/\/agora.xtec.cat\/ceip-lesfalgueres\/wp-content\/uploads\/usu2081\/2021\/11\/19.jpg\"><img loading=\"lazy\" decoding=\"async\" class=\"wp-image-2146 aligncenter\" src=\"https:\/\/agora.xtec.cat\/ceip-lesfalgueres\/wp-content\/uploads\/usu2081\/2021\/11\/19.jpg\" alt=\"\" width=\"470\" height=\"352\" srcset=\"https:\/\/agora.xtec.cat\/ceip-lesfalgueres\/wp-content\/uploads\/usu2081\/2021\/11\/19.jpg 640w, https:\/\/agora.xtec.cat\/ceip-lesfalgueres\/wp-content\/uploads\/usu2081\/2021\/11\/19-300x225.jpg 300w, https:\/\/agora.xtec.cat\/ceip-lesfalgueres\/wp-content\/uploads\/usu2081\/2021\/11\/19-200x150.jpg 200w\" sizes=\"auto, (max-width: 470px) 100vw, 470px\" \/><\/a><\/td>\n<td style=\"width: 33.3333%; height: 320px;\"><a href=\"https:\/\/agora.xtec.cat\/ceip-lesfalgueres\/wp-content\/uploads\/usu2081\/2021\/11\/04-2.jpg\"><img loading=\"lazy\" decoding=\"async\" class=\"size-full wp-image-2131 aligncenter\" src=\"https:\/\/agora.xtec.cat\/ceip-lesfalgueres\/wp-content\/uploads\/usu2081\/2021\/11\/04-2.jpg\" alt=\"\" width=\"640\" height=\"427\" srcset=\"https:\/\/agora.xtec.cat\/ceip-lesfalgueres\/wp-content\/uploads\/usu2081\/2021\/11\/04-2.jpg 640w, https:\/\/agora.xtec.cat\/ceip-lesfalgueres\/wp-content\/uploads\/usu2081\/2021\/11\/04-2-300x200.jpg 300w\" sizes=\"auto, (max-width: 640px) 100vw, 640px\" \/><\/a><\/td>\n<\/tr>\n<tr style=\"height: 240px;\">\n<td style=\"width: 33.3333%; height: 240px;\"><a href=\"https:\/\/agora.xtec.cat\/ceip-lesfalgueres\/wp-content\/uploads\/usu2081\/2021\/11\/07-2.jpg\"><img loading=\"lazy\" decoding=\"async\" class=\"size-full wp-image-2134 aligncenter\" src=\"https:\/\/agora.xtec.cat\/ceip-lesfalgueres\/wp-content\/uploads\/usu2081\/2021\/11\/07-2.jpg\" alt=\"\" width=\"640\" height=\"427\" srcset=\"https:\/\/agora.xtec.cat\/ceip-lesfalgueres\/wp-content\/uploads\/usu2081\/2021\/11\/07-2.jpg 640w, https:\/\/agora.xtec.cat\/ceip-lesfalgueres\/wp-content\/uploads\/usu2081\/2021\/11\/07-2-300x200.jpg 300w\" sizes=\"auto, (max-width: 640px) 100vw, 640px\" \/><\/a><\/td>\n<td style=\"width: 33.3333%; height: 240px;\"><a href=\"https:\/\/agora.xtec.cat\/ceip-lesfalgueres\/wp-content\/uploads\/usu2081\/2021\/11\/15-2.jpg\"><img loading=\"lazy\" decoding=\"async\" class=\"wp-image-2142 aligncenter\" src=\"https:\/\/agora.xtec.cat\/ceip-lesfalgueres\/wp-content\/uploads\/usu2081\/2021\/11\/15-2.jpg\" alt=\"\" width=\"471\" height=\"353\" srcset=\"https:\/\/agora.xtec.cat\/ceip-lesfalgueres\/wp-content\/uploads\/usu2081\/2021\/11\/15-2.jpg 640w, https:\/\/agora.xtec.cat\/ceip-lesfalgueres\/wp-content\/uploads\/usu2081\/2021\/11\/15-2-300x225.jpg 300w, https:\/\/agora.xtec.cat\/ceip-lesfalgueres\/wp-content\/uploads\/usu2081\/2021\/11\/15-2-200x150.jpg 200w\" sizes=\"auto, (max-width: 471px) 100vw, 471px\" \/><\/a><\/td>\n<\/tr>\n<tr>\n<td style=\"width: 33.3333%;\"><img loading=\"lazy\" decoding=\"async\" class=\" wp-image-635 aligncenter\" src=\"https:\/\/agora.xtec.cat\/ceip-lesfalgueres\/wp-content\/uploads\/usu2081\/2020\/02\/10.jpg\" alt=\"\" width=\"466\" height=\"312\" srcset=\"https:\/\/agora.xtec.cat\/ceip-lesfalgueres\/wp-content\/uploads\/usu2081\/2020\/02\/10.jpg 360w, https:\/\/agora.xtec.cat\/ceip-lesfalgueres\/wp-content\/uploads\/usu2081\/2020\/02\/10-300x200.jpg 300w\" sizes=\"auto, (max-width: 466px) 100vw, 466px\" \/><\/td>\n<td style=\"width: 33.3333%;\"><a href=\"https:\/\/agora.xtec.cat\/ceip-lesfalgueres\/wp-content\/uploads\/usu2081\/2020\/02\/14.jpg\"><img loading=\"lazy\" decoding=\"async\" class=\"wp-image-629 alignnone\" src=\"https:\/\/agora.xtec.cat\/ceip-lesfalgueres\/wp-content\/uploads\/usu2081\/2020\/02\/14.jpg\" alt=\"\" width=\"602\" height=\"402\" srcset=\"https:\/\/agora.xtec.cat\/ceip-lesfalgueres\/wp-content\/uploads\/usu2081\/2020\/02\/14.jpg 360w, https:\/\/agora.xtec.cat\/ceip-lesfalgueres\/wp-content\/uploads\/usu2081\/2020\/02\/14-300x200.jpg 300w\" sizes=\"auto, (max-width: 602px) 100vw, 602px\" \/><\/a><\/td>\n<\/tr>\n<\/tbody>\n<\/table>\n<p>&nbsp;<\/p>\n","protected":false},"excerpt":{"rendered":"<p>Cada dia fem el pla lector a l\u2019aula, per\u00f2 un cop per trimestre ens trobem tots i totes per llegir plegats.<br \/>\nPer a nosaltres creiem que llegir una estoneta cada dia, fa que l&#8217;alumnat sigui m\u00e9s competent per desenvolupar la dimensi\u00f3 de comprensi\u00f3 lectora, liter\u00e0ria i&hellip;  <a href=\"https:\/\/agora.xtec.cat\/ceip-lesfalgueres\/bones-practiques\/llegim-plegats\/\" title=\"Read Llegim plegats\">Llegeix m\u00e9s\u00bb<\/a><\/p>\n","protected":false},"author":1,"featured_media":0,"parent":521,"menu_order":30,"comment_status":"closed","ping_status":"closed","template":"page-templates\/side-menu.php","meta":{"_bbp_topic_count":0,"_bbp_reply_count":0,"_bbp_total_topic_count":0,"_bbp_total_reply_count":0,"_bbp_voice_count":0,"_bbp_anonymous_reply_count":0,"_bbp_topic_count_hidden":0,"_bbp_reply_count_hidden":0,"_bbp_forum_subforum_count":0,"footnotes":""},"class_list":["post-524","page","type-page","status-publish","hentry"],"post_mailing_queue_ids":[],"_links":{"self":[{"href":"https:\/\/agora.xtec.cat\/ceip-lesfalgueres\/wp-json\/wp\/v2\/pages\/524","targetHints":{"allow":["GET"]}}],"collection":[{"href":"https:\/\/agora.xtec.cat\/ceip-lesfalgueres\/wp-json\/wp\/v2\/pages"}],"about":[{"href":"https:\/\/agora.xtec.cat\/ceip-lesfalgueres\/wp-json\/wp\/v2\/types\/page"}],"author":[{"embeddable":true,"href":"https:\/\/agora.xtec.cat\/ceip-lesfalgueres\/wp-json\/wp\/v2\/users\/1"}],"replies":[{"embeddable":true,"href":"https:\/\/agora.xtec.cat\/ceip-lesfalgueres\/wp-json\/wp\/v2\/comments?post=524"}],"version-history":[{"count":4,"href":"https:\/\/agora.xtec.cat\/ceip-lesfalgueres\/wp-json\/wp\/v2\/pages\/524\/revisions"}],"predecessor-version":[{"id":2166,"href":"https:\/\/agora.xtec.cat\/ceip-lesfalgueres\/wp-json\/wp\/v2\/pages\/524\/revisions\/2166"}],"up":[{"embeddable":true,"href":"https:\/\/agora.xtec.cat\/ceip-lesfalgueres\/wp-json\/wp\/v2\/pages\/521"}],"wp:attachment":[{"href":"https:\/\/agora.xtec.cat\/ceip-lesfalgueres\/wp-json\/wp\/v2\/media?parent=524"}],"curies":[{"name":"wp","href":"https:\/\/api.w.org\/{rel}","templated":true}]}}