{"id":518,"date":"2020-02-10T10:27:04","date_gmt":"2020-02-10T09:27:04","guid":{"rendered":"https:\/\/agora.xtec.cat\/ceip-lesfalgueres\/?page_id=518"},"modified":"2023-05-29T13:07:30","modified_gmt":"2023-05-29T11:07:30","slug":"transformacio-de-lentorn-de-treball","status":"publish","type":"page","link":"https:\/\/agora.xtec.cat\/ceip-lesfalgueres\/projectes\/transformacio-de-lentorn-de-treball\/","title":{"rendered":"Estrat\u00e8gia digital del centre"},"content":{"rendered":"<p>L\u2019Estrat\u00e8gia Digital de Centre ha de tenir com a referent el<a href=\"https:\/\/educacio.gencat.cat\/web\/.content\/home\/departament\/publicacions\/colleccions\/pla-educacio-digital\/pla-educacio-digital-catalunya\/pla-educacio-digital.pdf\">\u00a0Pla d\u2019Educaci\u00f3 Digital de Catalunya (PEDC)<\/a>, on s\u2019indica la necessitat d\u2019assolir la fita d\u2019una societat digitalment competent, fent \u00e8mfasi\u00a0 en l\u2019equitat i tenint en compte l\u2019evoluci\u00f3 del context social i tecnol\u00f2gic.<\/p>\n<p>L\u2019<a href=\"https:\/\/educacio.gencat.cat\/web\/.content\/home\/departament\/publicacions\/colleccions\/pla-educacio-digital\/estrategia-digital-centre\/estrategia-digital-centre.pdf\">estrat\u00e8gia digital de centre (EDC)<\/a>\u00a0defineix i concreta les l\u00ednies d\u2019actuaci\u00f3 d\u2019un centre que fan possible que docents, alumnat i centre assoleixin la compet\u00e8ncia digital. Per aconseguir aquesta compet\u00e8ncia digital, l\u2019EDC compr\u00e8n tots els \u00e0mbits del centre: organitzatius, metodol\u00f2gics, curriculars i comunicatius, els quals s\u2019han de veure necess\u00e0riament implicats i, si escau, transformats, des d\u2019una perspectiva d\u2019innovaci\u00f3 i de millora cont\u00ednua.<\/p>\n<p>Els objectius de l\u2019EDC es poden agrupar en cinc \u00e0mbits, que tenen com a fita el m\u00e0xim assoliment de la compet\u00e8ncia digital de l\u2019alumnat, del professorat i del centre:<\/p>\n<ul>\n<li>Assoliment de la compet\u00e8ncia digital<\/li>\n<li>Planificaci\u00f3 estrat\u00e8gica i organitzaci\u00f3<\/li>\n<li>Metodologies did\u00e0ctiques i innovaci\u00f3<\/li>\n<li>Inclusi\u00f3 digital i de g\u00e8nere<\/li>\n<li>Seguretat i protecci\u00f3 de dades<\/li>\n<\/ul>\n<p>L\u2019EDC t\u00e9, b\u00e0sicament dues parts. Una primera part que \u00e9s m\u00e9s\u00a0<strong>estrat\u00e8gica<\/strong>\u00a0(objectius, activitats, planificaci\u00f3, etc.), on es defineix on vol arribar el centre digitalment parlant. La segona part mostra la\u00a0<strong>cultura digital,<\/strong>\u00a0ja que \u00e9s on es va recollint el que el centre ja t\u00e9 establert en aquest sentit ( plans, procediments, protocols, normatives, serveis i acords que el centre ja utilitza).<\/p>\n<p><img decoding=\"async\" src=\"https:\/\/agora.xtec.cat\/escola-sol-ixent\/wp-content\/uploads\/usu191\/2022\/06\/1_Que-es-lEDC_v3-300x212.png\" \/><\/p>\n<h5>DIAGNOSI<\/h5>\n<p><a href=\"https:\/\/agora.xtec.cat\/ceip-lesfalgueres\/wp-content\/uploads\/usu2081\/2023\/05\/diagnosi-falgueres.jpg\"><img loading=\"lazy\" decoding=\"async\" class=\"alignnone size-full wp-image-2476\" src=\"https:\/\/agora.xtec.cat\/ceip-lesfalgueres\/wp-content\/uploads\/usu2081\/2023\/05\/diagnosi-falgueres.jpg\" alt=\"\" width=\"618\" height=\"271\" srcset=\"https:\/\/agora.xtec.cat\/ceip-lesfalgueres\/wp-content\/uploads\/usu2081\/2023\/05\/diagnosi-falgueres.jpg 618w, https:\/\/agora.xtec.cat\/ceip-lesfalgueres\/wp-content\/uploads\/usu2081\/2023\/05\/diagnosi-falgueres-300x132.jpg 300w\" sizes=\"auto, (max-width: 618px) 100vw, 618px\" \/><\/a><\/p>\n<h5>AVALUACI\u00d3<\/h5>\n<p><a href=\"https:\/\/agora.xtec.cat\/ceip-lesfalgueres\/wp-content\/uploads\/usu2081\/2023\/05\/objectius-falgueres.jpg\"><img loading=\"lazy\" decoding=\"async\" class=\"alignnone size-large wp-image-2477\" src=\"https:\/\/agora.xtec.cat\/ceip-lesfalgueres\/wp-content\/uploads\/usu2081\/2023\/05\/objectius-falgueres-1024x350.jpg\" alt=\"\" width=\"1024\" height=\"350\" srcset=\"https:\/\/agora.xtec.cat\/ceip-lesfalgueres\/wp-content\/uploads\/usu2081\/2023\/05\/objectius-falgueres-1024x350.jpg 1024w, https:\/\/agora.xtec.cat\/ceip-lesfalgueres\/wp-content\/uploads\/usu2081\/2023\/05\/objectius-falgueres-300x103.jpg 300w, https:\/\/agora.xtec.cat\/ceip-lesfalgueres\/wp-content\/uploads\/usu2081\/2023\/05\/objectius-falgueres-768x263.jpg 768w, https:\/\/agora.xtec.cat\/ceip-lesfalgueres\/wp-content\/uploads\/usu2081\/2023\/05\/objectius-falgueres.jpg 1493w\" sizes=\"auto, (max-width: 1024px) 100vw, 1024px\" \/><\/a><\/p>\n<h5>ACTIVITATS I AVALUACI\u00d3<\/h5>\n<header class=\"entry-header\">\n<h3 class=\"entry-title\">CULTURA DIGITAL DE CENTRE<\/h3>\n<\/header>\n<div class=\"entry-content\">\n<p>El conjunt de documents i protocols que conformen l\u2019EDC esdevenen la refer\u00e8ncia del centre en l\u2019\u00e0mbit de tecnologies digitals. Per tant, \u00e9s important que aquest conjunt de documents tamb\u00e9 recullin la gesti\u00f3 di\u00e0ria de l\u2019organitzaci\u00f3 digital del centre.<\/p>\n<p>En aquesta part de cultura digital de l\u2019EDC s\u2019hi inclouen refer\u00e8ncies a les NOFC, el PEC, el Projecte de Direcci\u00f3, els acords de claustre o de Consell Escolar, plans espec\u00edfics dissenyats per millorar aspectes concrets, protocols a seguir per la gesti\u00f3 dels serveis, autoritzacions que les fam\u00edlies han de signar, descripcions dels serveis que s\u2019utilitzen al centre, etc.<\/p>\n<p>En el nostre cas, hem organitzat la publicaci\u00f3 de l\u2019\u00e0mbit de Cultura Digital de la seg\u00fcent manera:<\/p>\n<ul>\n<li>Desplegament curricular de la compet\u00e8ncia digital de l\u2019alumnat<\/li>\n<li>Descripci\u00f3 dels serveis digitals que s\u2019ofereixen a alumnes, professorat i fam\u00edlies, i procediments de gesti\u00f3<\/li>\n<li>Acolliment digital dels alumnes, docents i fam\u00edlies de nova incorporaci\u00f3:<\/li>\n<li>Comunicacions amb la comunitat educativa, on s\u2019inclouen els portals digitals i les xarxes socials.<\/li>\n<li>Documents, acords o protocols de centre referents a l\u2019EDC.<\/li>\n<\/ul>\n<p><a href=\"https:\/\/agora.xtec.cat\/escola-sol-ixent\/wp-content\/uploads\/usu191\/2022\/06\/2_Que-es-la-Cultura-digital-dun-centre_v3.png\"><img loading=\"lazy\" decoding=\"async\" class=\"wp-image-4915 alignleft\" src=\"https:\/\/agora.xtec.cat\/escola-sol-ixent\/wp-content\/uploads\/usu191\/2022\/06\/2_Que-es-la-Cultura-digital-dun-centre_v3-300x212.png\" sizes=\"auto, (max-width: 453px) 100vw, 453px\" srcset=\"https:\/\/agora.xtec.cat\/escola-sol-ixent\/wp-content\/uploads\/usu191\/2022\/06\/2_Que-es-la-Cultura-digital-dun-centre_v3-300x212.png 300w, https:\/\/agora.xtec.cat\/escola-sol-ixent\/wp-content\/uploads\/usu191\/2022\/06\/2_Que-es-la-Cultura-digital-dun-centre_v3-1024x723.png 1024w, https:\/\/agora.xtec.cat\/escola-sol-ixent\/wp-content\/uploads\/usu191\/2022\/06\/2_Que-es-la-Cultura-digital-dun-centre_v3-768x542.png 768w, https:\/\/agora.xtec.cat\/escola-sol-ixent\/wp-content\/uploads\/usu191\/2022\/06\/2_Que-es-la-Cultura-digital-dun-centre_v3.png 1293w\" alt=\"\" width=\"297\" height=\"210\" \/><\/a><\/p>\n<\/div>\n<p>&nbsp;<\/p>\n<p>&nbsp;<\/p>\n<p>&nbsp;<\/p>\n<p>&nbsp;<\/p>\n<p>&nbsp;<\/p>\n<p>&nbsp;<\/p>\n<header class=\"entry-header\">\n<h3 class=\"entry-title\">Documents de centre<\/h3>\n<\/header>\n<div class=\"entry-content\">\n<p>En els diversos documents de centre queden recollits aspectes de l&#8217;estrat\u00e8gia digital de centre: PEC, NOFC, PGA, PdD.<\/p>\n<p>ACOLLIDA DIGITAL<\/p>\n<p>SERVEIS DIGITALS<\/p>\n<p>COMPET\u00c8NCIA DIGITAL DE L&#8217;ALUMNAT<\/p>\n<p>PLA DE COMUNICACI\u00d3<\/p>\n<p>&nbsp;<\/p>\n<\/div>\n","protected":false},"excerpt":{"rendered":"<p>L\u2019Estrat\u00e8gia Digital de Centre ha de tenir com a referent el<a href=\"https:\/\/educacio.gencat.cat\/web\/.content\/home\/departament\/publicacions\/colleccions\/pla-educacio-digital\/pla-educacio-digital-catalunya\/pla-educacio-digital.pdf\">\u00a0Pla d\u2019Educaci\u00f3 Digital de Catalunya (PEDC)<\/a>, on s\u2019indica la necessitat d\u2019assolir la fita d\u2019una societat digitalment competent, fent \u00e8mfasi\u00a0 en l\u2019equitat i tenint en compte l\u2019evoluci\u00f3 del context social i tecnol\u00f2gic.<br \/>\nL\u2019<a href=\"https:\/\/educacio.gencat.cat\/web\/.content\/home\/departament\/publicacions\/colleccions\/pla-educacio-digital\/estrategia-digital-centre\/estrategia-digital-centre.pdf\">estrat\u00e8gia digital de&hellip;  <a href=\"https:\/\/agora.xtec.cat\/ceip-lesfalgueres\/projectes\/transformacio-de-lentorn-de-treball\/\" title=\"Read Estrat\u00e8gia digital del centre\">Llegeix m\u00e9s\u00bb<\/a><\/p>\n","protected":false},"author":1,"featured_media":0,"parent":770,"menu_order":50,"comment_status":"closed","ping_status":"closed","template":"page-templates\/side-menu.php","meta":{"_bbp_topic_count":0,"_bbp_reply_count":0,"_bbp_total_topic_count":0,"_bbp_total_reply_count":0,"_bbp_voice_count":0,"_bbp_anonymous_reply_count":0,"_bbp_topic_count_hidden":0,"_bbp_reply_count_hidden":0,"_bbp_forum_subforum_count":0,"footnotes":""},"class_list":["post-518","page","type-page","status-publish","hentry"],"post_mailing_queue_ids":[],"_links":{"self":[{"href":"https:\/\/agora.xtec.cat\/ceip-lesfalgueres\/wp-json\/wp\/v2\/pages\/518","targetHints":{"allow":["GET"]}}],"collection":[{"href":"https:\/\/agora.xtec.cat\/ceip-lesfalgueres\/wp-json\/wp\/v2\/pages"}],"about":[{"href":"https:\/\/agora.xtec.cat\/ceip-lesfalgueres\/wp-json\/wp\/v2\/types\/page"}],"author":[{"embeddable":true,"href":"https:\/\/agora.xtec.cat\/ceip-lesfalgueres\/wp-json\/wp\/v2\/users\/1"}],"replies":[{"embeddable":true,"href":"https:\/\/agora.xtec.cat\/ceip-lesfalgueres\/wp-json\/wp\/v2\/comments?post=518"}],"version-history":[{"count":4,"href":"https:\/\/agora.xtec.cat\/ceip-lesfalgueres\/wp-json\/wp\/v2\/pages\/518\/revisions"}],"predecessor-version":[{"id":2480,"href":"https:\/\/agora.xtec.cat\/ceip-lesfalgueres\/wp-json\/wp\/v2\/pages\/518\/revisions\/2480"}],"up":[{"embeddable":true,"href":"https:\/\/agora.xtec.cat\/ceip-lesfalgueres\/wp-json\/wp\/v2\/pages\/770"}],"wp:attachment":[{"href":"https:\/\/agora.xtec.cat\/ceip-lesfalgueres\/wp-json\/wp\/v2\/media?parent=518"}],"curies":[{"name":"wp","href":"https:\/\/api.w.org\/{rel}","templated":true}]}}