{"id":22,"date":"2014-09-18T12:19:57","date_gmt":"2014-09-18T11:19:57","guid":{"rendered":"http:\/\/agora.xtec.cat\/ceip-lesfalgueres\/?page_id=22"},"modified":"2021-04-19T13:24:24","modified_gmt":"2021-04-19T11:24:24","slug":"lescola","status":"publish","type":"page","link":"https:\/\/agora.xtec.cat\/ceip-lesfalgueres\/lescola\/","title":{"rendered":"L&#8217;escola"},"content":{"rendered":"<table style=\"height: 466px;\" border=\"0\" width=\"970\" cellspacing=\"0\">\n<tbody>\n<tr style=\"height: 232px;\">\n<td style=\"width: 642px; height: 232px; border-style: hidden;\" colspan=\"2\" height=\"292\">\n<h6 class=\"Estilo10\" align=\"left\">L&#8217;escola va ser anomenada, despr\u00e9s d&#8217;una votaci\u00f3 popular, &#8220;Les Falgueres&#8221;, ja que est\u00e0 constru\u00efda sobre uns terrenys que estaven plens de falgueres.<\/h6>\n<h6 class=\"Estilo10\" align=\"left\">Ens trobem en una de les zones properes a Girona que est\u00e0 registrant majors creixements de poblaci\u00f3 jove i, per tant, de fam\u00edlies que han d&#8217;escolaritzar els seus fills i filles.<br \/>\nDurant el curs 15-16 ja vam celebrar el nostre 10\u00e8 aniversari.<\/h6>\n<p class=\"Estilo10\" align=\"left\">\n<\/td>\n<td style=\"width: 326px; height: 232px; border-style: hidden;\"><a href=\"https:\/\/agora.xtec.cat\/ceip-lesfalgueres\/wp-content\/uploads\/usu2081\/2021\/04\/11-1.jpg\"><img loading=\"lazy\" decoding=\"async\" class=\"alignnone  wp-image-1882\" src=\"https:\/\/agora.xtec.cat\/ceip-lesfalgueres\/wp-content\/uploads\/usu2081\/2021\/04\/11-1.jpg\" alt=\"\" width=\"324\" height=\"216\" srcset=\"https:\/\/agora.xtec.cat\/ceip-lesfalgueres\/wp-content\/uploads\/usu2081\/2021\/04\/11-1.jpg 360w, https:\/\/agora.xtec.cat\/ceip-lesfalgueres\/wp-content\/uploads\/usu2081\/2021\/04\/11-1-300x200.jpg 300w\" sizes=\"auto, (max-width: 324px) 100vw, 324px\" \/><\/a><\/td>\n<\/tr>\n<tr style=\"height: 234px;\">\n<td style=\"width: 312px; height: 234px; border-style: hidden;\" height=\"292\">\n<p class=\"Estilo10\" align=\"left\"><a href=\"https:\/\/agora.xtec.cat\/ceip-lesfalgueres\/wp-content\/uploads\/usu2081\/2021\/04\/07.jpg\"><img loading=\"lazy\" decoding=\"async\" class=\"alignnone  wp-image-1860\" src=\"https:\/\/agora.xtec.cat\/ceip-lesfalgueres\/wp-content\/uploads\/usu2081\/2021\/04\/07.jpg\" alt=\"\" width=\"301\" height=\"200\" srcset=\"https:\/\/agora.xtec.cat\/ceip-lesfalgueres\/wp-content\/uploads\/usu2081\/2021\/04\/07.jpg 360w, https:\/\/agora.xtec.cat\/ceip-lesfalgueres\/wp-content\/uploads\/usu2081\/2021\/04\/07-300x200.jpg 300w\" sizes=\"auto, (max-width: 301px) 100vw, 301px\" \/><\/a><\/p>\n<\/td>\n<td style=\"width: 330px; height: 234px; border-style: hidden;\" height=\"292\"><a href=\"https:\/\/agora.xtec.cat\/ceip-lesfalgueres\/wp-content\/uploads\/usu2081\/2021\/04\/08.jpg\"><img loading=\"lazy\" decoding=\"async\" class=\"alignnone  wp-image-1865\" src=\"https:\/\/agora.xtec.cat\/ceip-lesfalgueres\/wp-content\/uploads\/usu2081\/2021\/04\/08.jpg\" alt=\"\" width=\"305\" height=\"204\" srcset=\"https:\/\/agora.xtec.cat\/ceip-lesfalgueres\/wp-content\/uploads\/usu2081\/2021\/04\/08.jpg 360w, https:\/\/agora.xtec.cat\/ceip-lesfalgueres\/wp-content\/uploads\/usu2081\/2021\/04\/08-300x200.jpg 300w\" sizes=\"auto, (max-width: 305px) 100vw, 305px\" \/><\/a><\/td>\n<td style=\"width: 326px; height: 234px; border-style: hidden;\"><a href=\"https:\/\/agora.xtec.cat\/ceip-lesfalgueres\/wp-content\/uploads\/usu2081\/2021\/04\/10.jpg\"><img loading=\"lazy\" decoding=\"async\" class=\"alignnone  wp-image-1868\" src=\"https:\/\/agora.xtec.cat\/ceip-lesfalgueres\/wp-content\/uploads\/usu2081\/2021\/04\/10.jpg\" alt=\"\" width=\"325\" height=\"217\" srcset=\"https:\/\/agora.xtec.cat\/ceip-lesfalgueres\/wp-content\/uploads\/usu2081\/2021\/04\/10.jpg 360w, https:\/\/agora.xtec.cat\/ceip-lesfalgueres\/wp-content\/uploads\/usu2081\/2021\/04\/10-300x200.jpg 300w\" sizes=\"auto, (max-width: 325px) 100vw, 325px\" \/><\/a><\/td>\n<\/tr>\n<\/tbody>\n<\/table>\n<p>&nbsp;<\/p>\n<table class=\" alignleft\" style=\"width: 1022px; height: 1364px;\" width=\"773\" cellspacing=\"0\" align=\"center\">\n<tbody>\n<tr style=\"height: 59px;\">\n<th style=\"text-align: left; width: 1020px; height: 59px;\" scope=\"col\" valign=\"middle\" height=\"123\">\n<h3><span class=\"Estilo4\">TRETS D&#8217;IDENTITAT DE L&#8217;ESCOLA<\/span><\/h3>\n<\/th>\n<\/tr>\n<tr style=\"height: 79px;\">\n<td style=\"width: 1020px; border-style: hidden; background-color: #fcfafa; height: 79px;\" scope=\"col\" height=\"79\">\n<div align=\"left\"><span class=\"Estilo1\"><a href=\"https:\/\/agora.xtec.cat\/ceip-lesfalgueres\/wp-content\/uploads\/usu2081\/2021\/04\/fullalila.jpg\"><img loading=\"lazy\" decoding=\"async\" class=\"alignnone  wp-image-1888\" src=\"https:\/\/agora.xtec.cat\/ceip-lesfalgueres\/wp-content\/uploads\/usu2081\/2021\/04\/fullalila.jpg\" alt=\"\" width=\"27\" height=\"32\" \/><\/a>ESCOLA CATALANA<\/span><\/div>\n<\/td>\n<\/tr>\n<tr style=\"height: 119px;\">\n<td style=\"border-style: hidden; background-color: #fcfafa; height: 119px; width: 1020px;\" bgcolor=\"#CC99FF\">\n<p align=\"justify\">Som una escola catalana compromesa amb el redre\u00e7ament nacional de Catalunya i amb el foment de la consci\u00e8ncia nacional catalana.<br \/>\nEl catal\u00e0 ser\u00e0 la llengua vehicular de l&#8217;escola i de l&#8217;aprenentatge en general.<br \/>\nTota la informaci\u00f3 que es doni des de l\u2019escola es far\u00e0 en catal\u00e0 i en cas que hi hagi persones que no entenguin la informaci\u00f3 se li donar\u00e0 facilitats per entendre\u2019l i se li explicar\u00e0 a nivell personal.<\/p>\n<\/td>\n<\/tr>\n<tr style=\"height: 72px;\">\n<td style=\"width: 1020px; border-style: hidden; background-color: #fcfafa; height: 72px;\" height=\"73\">\n<p class=\"Estilo6\" align=\"justify\"><strong><span class=\"Estilo1\"><a href=\"https:\/\/agora.xtec.cat\/ceip-lesfalgueres\/wp-content\/uploads\/usu2081\/2021\/04\/fullalila.jpg\"><img loading=\"lazy\" decoding=\"async\" class=\"alignnone  wp-image-1888\" src=\"https:\/\/agora.xtec.cat\/ceip-lesfalgueres\/wp-content\/uploads\/usu2081\/2021\/04\/fullalila.jpg\" alt=\"\" width=\"27\" height=\"32\" \/><\/a><\/span>EDUCACI\u00d3 INTEGRAL<\/strong><\/p>\n<\/td>\n<\/tr>\n<tr style=\"height: 163px;\">\n<td style=\"width: 1020px; border-style: hidden; background-color: #fcfafa; height: 163px;\" bgcolor=\"#CC99FF\">\n<p class=\"Estilo6\" align=\"justify\">Volem desenvolupar en els\/les alumnes aquells coneixements i habilitats necess\u00e0ries per integrar-se o fer front d&#8217;una manera positiva a la societat que ens envolta.<br \/>\nDonem molta import\u00e0ncia al treball d\u2019educaci\u00f3 emocional com a estrat\u00e8gia per a l\u2019autoconeixement, acceptaci\u00f3 i regulaci\u00f3 de les pr\u00f2pies emocions i les dels altres.<br \/>\nL\u2019escola potencia l\u2019autoconeixement i el reconeixement de les pr\u00f2pies emocions per a aprendre a gestionar-les i assolir unes compet\u00e8ncies emocionals que propici\u00efn el benestar i la felicitat dels\/de les alumnes.<\/p>\n<\/td>\n<\/tr>\n<tr style=\"height: 73px;\">\n<td style=\"width: 1020px; border-style: hidden; background-color: #fcfafa; height: 73px;\" height=\"73\">\n<div align=\"justify\"><span class=\"Estilo6\"><strong><span class=\"Estilo1\"><a href=\"https:\/\/agora.xtec.cat\/ceip-lesfalgueres\/wp-content\/uploads\/usu2081\/2021\/04\/fullalila.jpg\"><img loading=\"lazy\" decoding=\"async\" class=\"alignnone  wp-image-1888\" src=\"https:\/\/agora.xtec.cat\/ceip-lesfalgueres\/wp-content\/uploads\/usu2081\/2021\/04\/fullalila.jpg\" alt=\"\" width=\"27\" height=\"32\" \/><\/a><\/span>ESCOLA DEMOCR\u00c0TICA<\/strong><\/span><\/div>\n<\/td>\n<\/tr>\n<tr style=\"height: 119px;\">\n<td style=\"width: 1020px; border-style: hidden; background-color: #fcfafa; height: 119px;\">\n<p class=\"Estilo6\" align=\"justify\">\u00c9s una escola democr\u00e0tica i participativa on es promouran els valors de solidaritat, respecte les altres persones, participar en la vida de la comunitat i actitud de di\u00e0leg.<br \/>\nEs buscaran els canals necessaris per poder portar a terme el di\u00e0leg i la bona comunicaci\u00f3 entre fam\u00edlia, mestres i institucions.<br \/>\nDins l\u2019escola potenciarem les assemblees de classe i cicle per tenir en compte aquests principis democr\u00e0tics.<\/p>\n<\/td>\n<\/tr>\n<tr style=\"height: 73px;\">\n<td style=\"width: 1020px; border-style: hidden; background-color: #fcfafa; height: 73px;\" height=\"73\">\n<div align=\"justify\"><span class=\"Estilo6\"><strong><span class=\"Estilo1\"><a href=\"https:\/\/agora.xtec.cat\/ceip-lesfalgueres\/wp-content\/uploads\/usu2081\/2021\/04\/fullalila.jpg\"><img loading=\"lazy\" decoding=\"async\" class=\"alignnone  wp-image-1888\" src=\"https:\/\/agora.xtec.cat\/ceip-lesfalgueres\/wp-content\/uploads\/usu2081\/2021\/04\/fullalila.jpg\" alt=\"\" width=\"27\" height=\"32\" \/><\/a><\/span>ESCOLA PLURAL i COEDUCATIVA<\/strong><\/span><\/div>\n<\/td>\n<\/tr>\n<tr style=\"height: 97px;\">\n<td style=\"width: 1020px; border-style: hidden; background-color: #fcfafa; height: 97px;\">\n<p class=\"Estilo6\" align=\"justify\">La nostra escola estar\u00e0 oberta a tothom, sense cap mena de discriminaci\u00f3 per ra\u00f3 de llengua, ideologia, religi\u00f3, sexe o condici\u00f3 social.<br \/>\nLa coeducaci\u00f3 \u00e9s un dret fonamental, per aix\u00f2, \u00e9s donar\u00e0 el mateix ensenyament tant per nens com per nenes.<br \/>\nIntentarem crear vincles de respecte mutu, sense tenir en compte les diferents lleng\u00fces, ideologies, religions, condicions socials i de sexe.<\/p>\n<\/td>\n<\/tr>\n<tr style=\"height: 73px;\">\n<td style=\"width: 1020px; border-style: hidden; background-color: #fcfafa; height: 73px;\" height=\"73\">\n<div align=\"justify\"><span class=\"Estilo6\"><strong><span class=\"Estilo1\"><a href=\"https:\/\/agora.xtec.cat\/ceip-lesfalgueres\/wp-content\/uploads\/usu2081\/2021\/04\/fullalila.jpg\"><img loading=\"lazy\" decoding=\"async\" class=\"alignnone  wp-image-1888\" src=\"https:\/\/agora.xtec.cat\/ceip-lesfalgueres\/wp-content\/uploads\/usu2081\/2021\/04\/fullalila.jpg\" alt=\"\" width=\"27\" height=\"32\" \/><\/a><\/span>ESCOLA INTEGRADORA<\/strong><\/span><\/div>\n<\/td>\n<\/tr>\n<tr style=\"height: 97px;\">\n<td style=\"width: 1020px; border-style: hidden; background-color: #fcfafa; height: 97px;\">\n<p class=\"Estilo6\" align=\"justify\">Farem part\u00edcips de la nostra escola tots els agents educatius, i principalment els pares i mares de l\u2019alumnat.<br \/>\nPer aix\u00f2 portem a terme el nostre projecte Fam\u00edlia-Escola on l\u2019objectiu principal \u00e9s que totes les fam\u00edlies participin de l\u2019educaci\u00f3 dels seus fills\/es i es sentin integrades dins l\u2019escola.<\/p>\n<\/td>\n<\/tr>\n<tr style=\"height: 73px;\">\n<td style=\"width: 1020px; border-style: hidden; background-color: #fcfafa; height: 73px;\" height=\"73\">\n<div align=\"justify\"><span class=\"Estilo6\"><strong><span class=\"Estilo1\"><a href=\"https:\/\/agora.xtec.cat\/ceip-lesfalgueres\/wp-content\/uploads\/usu2081\/2021\/04\/fullalila.jpg\"><img loading=\"lazy\" decoding=\"async\" class=\"alignnone  wp-image-1888\" src=\"https:\/\/agora.xtec.cat\/ceip-lesfalgueres\/wp-content\/uploads\/usu2081\/2021\/04\/fullalila.jpg\" alt=\"\" width=\"27\" height=\"32\" \/><\/a><\/span>RESPECTAREM LA DIVERSITAT<\/strong><\/span><\/div>\n<\/td>\n<\/tr>\n<tr style=\"height: 119px;\">\n<td style=\"width: 1020px; border-style: hidden; background-color: #fcfafa; height: 119px;\">\n<p class=\"Estilo6\" align=\"justify\">Basarem la nostra ensenyan\u00e7a en el respecte d&#8217;un mateix i dels\/ de les altres, l\u2019acceptaci\u00f3 de les limitacions i les possibilitats que tingui cadascun.<br \/>\nRespectem els diferents ritmes de treball de cada un del nostre alumnat i les seves habilitats.<br \/>\nEntenem la diversitat com un fet enriquidor i positiu pel seu desenvolupament.<br \/>\nEls orientarem en la confian\u00e7a, responsabilitat, amabilitat, respecte i disciplina de treball.<\/p>\n<\/td>\n<\/tr>\n<tr style=\"height: 73px;\">\n<td style=\"width: 1020px; border-style: hidden; background-color: #fcfafa; height: 73px;\" height=\"73\">\n<div align=\"justify\"><span class=\"Estilo6\"><strong><span class=\"Estilo1\"><a href=\"https:\/\/agora.xtec.cat\/ceip-lesfalgueres\/wp-content\/uploads\/usu2081\/2021\/04\/fullalila.jpg\"><img loading=\"lazy\" decoding=\"async\" class=\"alignnone  wp-image-1888\" src=\"https:\/\/agora.xtec.cat\/ceip-lesfalgueres\/wp-content\/uploads\/usu2081\/2021\/04\/fullalila.jpg\" alt=\"\" width=\"27\" height=\"32\" \/><\/a><\/span>ESCOLA ACONFESSIONAL<\/strong><\/span><\/div>\n<\/td>\n<\/tr>\n<tr style=\"height: 75px;\">\n<td style=\"width: 1020px; border-style: hidden; background-color: #fcfafa; height: 75px;\">\n<p class=\"Estilo6\" align=\"justify\">L&#8217;escola es declara aconfessional respecte a totes les religions tant de mestres, d&#8217;alumnes i de pares\/mares.<br \/>\nL&#8217;escola com a tal no prendr\u00e0 posici\u00f3 religiosa i respectar\u00e0 les creences de cada persona.<\/p>\n<\/td>\n<\/tr>\n<\/tbody>\n<\/table>\n","protected":false},"excerpt":{"rendered":"<p>L&#8217;escola va ser anomenada, despr\u00e9s d&#8217;una votaci\u00f3 popular, &#8220;Les Falgueres&#8221;, ja que est\u00e0 constru\u00efda sobre uns terrenys que estaven plens de falgueres.<br \/>\nEns trobem en una de les zones properes a Girona que est\u00e0 registrant majors creixements de poblaci\u00f3 jove i, per tant, de fam\u00edlies que&hellip;  <a href=\"https:\/\/agora.xtec.cat\/ceip-lesfalgueres\/lescola\/\" title=\"Read L&#8217;escola\">Llegeix m\u00e9s\u00bb<\/a><\/p>\n","protected":false},"author":1,"featured_media":0,"parent":0,"menu_order":0,"comment_status":"closed","ping_status":"closed","template":"page-templates\/side-menu.php","meta":{"_bbp_topic_count":0,"_bbp_reply_count":0,"_bbp_total_topic_count":0,"_bbp_total_reply_count":0,"_bbp_voice_count":0,"_bbp_anonymous_reply_count":0,"_bbp_topic_count_hidden":0,"_bbp_reply_count_hidden":0,"_bbp_forum_subforum_count":0,"footnotes":""},"class_list":["post-22","page","type-page","status-publish","hentry"],"post_mailing_queue_ids":[],"_links":{"self":[{"href":"https:\/\/agora.xtec.cat\/ceip-lesfalgueres\/wp-json\/wp\/v2\/pages\/22","targetHints":{"allow":["GET"]}}],"collection":[{"href":"https:\/\/agora.xtec.cat\/ceip-lesfalgueres\/wp-json\/wp\/v2\/pages"}],"about":[{"href":"https:\/\/agora.xtec.cat\/ceip-lesfalgueres\/wp-json\/wp\/v2\/types\/page"}],"author":[{"embeddable":true,"href":"https:\/\/agora.xtec.cat\/ceip-lesfalgueres\/wp-json\/wp\/v2\/users\/1"}],"replies":[{"embeddable":true,"href":"https:\/\/agora.xtec.cat\/ceip-lesfalgueres\/wp-json\/wp\/v2\/comments?post=22"}],"version-history":[{"count":3,"href":"https:\/\/agora.xtec.cat\/ceip-lesfalgueres\/wp-json\/wp\/v2\/pages\/22\/revisions"}],"predecessor-version":[{"id":1890,"href":"https:\/\/agora.xtec.cat\/ceip-lesfalgueres\/wp-json\/wp\/v2\/pages\/22\/revisions\/1890"}],"wp:attachment":[{"href":"https:\/\/agora.xtec.cat\/ceip-lesfalgueres\/wp-json\/wp\/v2\/media?parent=22"}],"curies":[{"name":"wp","href":"https:\/\/api.w.org\/{rel}","templated":true}]}}