{"id":8693,"date":"2021-02-19T20:21:29","date_gmt":"2021-02-19T19:21:29","guid":{"rendered":"http:\/\/agora.xtec.cat\/ceip-lasardana\/?page_id=8693"},"modified":"2022-03-02T09:37:57","modified_gmt":"2022-03-02T08:37:57","slug":"afa-associacio-de-families-dalumnes-de-lescola-la-sardana","status":"publish","type":"page","link":"https:\/\/agora.xtec.cat\/ceip-lasardana\/afa-associacio-de-families-dalumnes-de-lescola-la-sardana\/","title":{"rendered":"AFA | Associaci\u00f3 de fam\u00edlies d&#8217;alumnes de l&#8217;escola La Sardana"},"content":{"rendered":"<p style=\"text-align: justify;\">L&#8217;AFA La Sardana est\u00e0 format per fam\u00edlies d&#8217;infants de l&#8217;escola La Sardana de Badia del Vall\u00e8s.<\/p>\n<p style=\"text-align: justify;\">Participem amb l&#8217;equip del centre educatiu en el bon funcionament de la nostra escola de forma proactiva<\/p>\n<p style=\"text-align: justify;\">Col\u00b7laborem amb l&#8217;escola en:<\/p>\n<ul style=\"list-style-type: circle;\">\n<li>El Consell Escolar<\/li>\n<li>Grups impulsors<\/li>\n<li>Pla de consum de fruita<\/li>\n<li>Pla de participaci\u00f3 de fam\u00edlies<\/li>\n<li>Hortimecres i Estima&#8217;t l&#8217;hort<\/li>\n<li>El Pla Educatiu d&#8217;entorn<\/li>\n<\/ul>\n<p style=\"text-align: justify;\">A m\u00e9s de disposar de les nostres pr\u00f2pies comissions. Aquestes poden anar variant en funci\u00f3 dels aspectes i projectes en el que ens volguem\u00a0centrar.<\/p>\n<p style=\"text-align: justify;\">Actualment tenim una comissi\u00f3 mixta de Servei de Menjador i una altra comissi\u00f3 mixta de Pla de Pati.<\/p>\n<p><a href=\"https:\/\/agora.xtec.cat\/ceip-lasardana\/wp-content\/uploads\/usu659\/2021\/06\/Nous-socis-21-22.gif\"><img loading=\"lazy\" decoding=\"async\" class=\" wp-image-9572 alignleft\" src=\"https:\/\/agora.xtec.cat\/ceip-lasardana\/wp-content\/uploads\/usu659\/2021\/06\/Nous-socis-21-22-724x1024.gif\" alt=\"\" width=\"540\" height=\"764\" srcset=\"https:\/\/agora.xtec.cat\/ceip-lasardana\/wp-content\/uploads\/usu659\/2021\/06\/Nous-socis-21-22-724x1024.gif 724w, https:\/\/agora.xtec.cat\/ceip-lasardana\/wp-content\/uploads\/usu659\/2021\/06\/Nous-socis-21-22-212x300.gif 212w, https:\/\/agora.xtec.cat\/ceip-lasardana\/wp-content\/uploads\/usu659\/2021\/06\/Nous-socis-21-22-768x1086.gif 768w\" sizes=\"auto, (max-width: 540px) 100vw, 540px\" \/><\/a><\/p>\n<h3>I qui som?<\/h3>\n<p style=\"text-align: justify;\">Totes les fam\u00edlies associades formem l&#8217;AFA, per\u00f2 hi ha un grup m\u00e9s redu\u00eft que ajuda a dur a terme els nostres objectius, la Junta Directiva. Pel curs 21-22, aquesta est\u00e0 formada per:<\/p>\n<table style=\"height: 206px; border: none; font-size: 1em;\">\n<tbody>\n<tr style=\"height: 206px; border: none; font-size: 1em;\">\n<td style=\"width: 80%; height: 206px; border: none; font-size: 1em;\">\n<div style=\"text-align: justify;\">\n<ul style=\"list-style-type: circle;\">\n<li>Presid\u00e8ncia: Raquel Egea<\/li>\n<li>Vicepresid\u00e8ncia: Dunia Cuello<\/li>\n<li>Secretaria: Encarna Salguero<\/li>\n<li>Tresoreria: Elisabet Cabrera<\/li>\n<li>Vocalies: Carmen Arqueros, Ainhoa de Juan, Ana Hidalgo, Juanjo L\u00f3pez, Almudena Luque i Juan Reyes.<\/li>\n<\/ul>\n<\/div>\n<\/td>\n<td style=\"width: 20%; height: 206px; border: none;\"><a href=\"https:\/\/agora.xtec.cat\/ceip-lasardana\/wp-content\/uploads\/usu659\/2021\/02\/equipo.jpg\"><img loading=\"lazy\" decoding=\"async\" class=\"aligncenter size-medium wp-image-8779\" src=\"https:\/\/agora.xtec.cat\/ceip-lasardana\/wp-content\/uploads\/usu659\/2021\/02\/equipo-285x300.jpg\" alt=\"\" width=\"285\" height=\"300\" srcset=\"https:\/\/agora.xtec.cat\/ceip-lasardana\/wp-content\/uploads\/usu659\/2021\/02\/equipo-285x300.jpg 285w, https:\/\/agora.xtec.cat\/ceip-lasardana\/wp-content\/uploads\/usu659\/2021\/02\/equipo.jpg 570w\" sizes=\"auto, (max-width: 285px) 100vw, 285px\" \/><\/a><\/td>\n<\/tr>\n<\/tbody>\n<\/table>\n<p style=\"text-align: justify;\">Aquest equip es reuneix mensualment amb l&#8217;equip de Direcci\u00f3 de l&#8217;escola i treballa conjuntament per poder dur a terme el Projecte Educatiu de Centre.<\/p>\n<h3>I com podeu ajudar a l&#8217;AFA i a l&#8217;escola?<\/h3>\n<p style=\"text-align: justify;\">En primer lloc formant part de l&#8217;associaci\u00f3, com m\u00e9s siguem, m\u00e9s coses podrem fer.<\/p>\n<p style=\"text-align: justify;\">Les activitats que podem oferir i realitzar depenen de la col\u00b7laboraci\u00f3 de les fam\u00edlies, totes som AFA!<\/p>\n<p style=\"text-align: justify;\">Des de l\u2019AFA dinamitzem la pres\u00e8ncia de Delegats i delegades de classe i fem reunions. Organitzem activitats dins dels Tallers del Joan (tallers extraescolars de manualitats i jocs), participem activament en l\u2019organitzaci\u00f3 i celebraci\u00f3 de Festes tradicionals (Castanyada, Nadal, Dia de la Pau i No Viol\u00e8ncia Escolar, Carnestoltes, Sant Jordi) i de Festes pr\u00f2pies del centre (Jornada d\u2019Escola Verda, Mostra de danses, Festa de fi de curs). Organitzem activitats extraescolars obertes a tota la poblaci\u00f3 (extraescolar de rob\u00f2tica i extraescolar de batucada). Donem la benvinguda als infants nouvinguts de P3 i les seves fam\u00edlies i ens acomiadem dels que finalitzen 6\u00e8, incloent un detall en ambd\u00f3s casos. Contractem i supervisem el servei d\u2019acollida matinal i el servei de menjador. A l\u2019escola tenim el gegant Joan i l\u2019AFA dinamitza la seva colla gegantera, qui participa en festes del municipi o de fora junt amb altres grups escolars agermanats de tot el pa\u00eds.<\/p>\n<p style=\"text-align: justify;\"><img loading=\"lazy\" decoding=\"async\" class=\" wp-image-6703\" src=\"https:\/\/agora.xtec.cat\/ceip-lasardana\/wp-content\/uploads\/usu659\/2020\/03\/CarnavalSabado-1-300x156.jpeg\" alt=\"\" width=\"387\" height=\"201\" srcset=\"https:\/\/agora.xtec.cat\/ceip-lasardana\/wp-content\/uploads\/usu659\/2020\/03\/CarnavalSabado-1-300x156.jpeg 300w, https:\/\/agora.xtec.cat\/ceip-lasardana\/wp-content\/uploads\/usu659\/2020\/03\/CarnavalSabado-1-768x400.jpeg 768w, https:\/\/agora.xtec.cat\/ceip-lasardana\/wp-content\/uploads\/usu659\/2020\/03\/CarnavalSabado-1-1024x533.jpeg 1024w, https:\/\/agora.xtec.cat\/ceip-lasardana\/wp-content\/uploads\/usu659\/2020\/03\/CarnavalSabado-1.jpeg 1063w\" sizes=\"auto, (max-width: 387px) 100vw, 387px\" \/> <img loading=\"lazy\" decoding=\"async\" class=\"wp-image-4585\" src=\"https:\/\/agora.xtec.cat\/ceip-lasardana\/wp-content\/uploads\/usu659\/2018\/04\/FestaJoan17-576x1024.jpg\" alt=\"\" width=\"113\" height=\"201\" srcset=\"https:\/\/agora.xtec.cat\/ceip-lasardana\/wp-content\/uploads\/usu659\/2018\/04\/FestaJoan17-576x1024.jpg 576w, https:\/\/agora.xtec.cat\/ceip-lasardana\/wp-content\/uploads\/usu659\/2018\/04\/FestaJoan17-169x300.jpg 169w, https:\/\/agora.xtec.cat\/ceip-lasardana\/wp-content\/uploads\/usu659\/2018\/04\/FestaJoan17-768x1365.jpg 768w, https:\/\/agora.xtec.cat\/ceip-lasardana\/wp-content\/uploads\/usu659\/2018\/04\/FestaJoan17.jpg 900w\" sizes=\"auto, (max-width: 113px) 100vw, 113px\" \/> <img loading=\"lazy\" decoding=\"async\" class=\"wp-image-2735\" src=\"https:\/\/agora.xtec.cat\/ceip-lasardana\/wp-content\/uploads\/usu659\/2017\/03\/TallersJoan_1617a.jpg\" alt=\"\" width=\"252\" height=\"201\" srcset=\"https:\/\/agora.xtec.cat\/ceip-lasardana\/wp-content\/uploads\/usu659\/2017\/03\/TallersJoan_1617a.jpg 800w, https:\/\/agora.xtec.cat\/ceip-lasardana\/wp-content\/uploads\/usu659\/2017\/03\/TallersJoan_1617a-300x239.jpg 300w, https:\/\/agora.xtec.cat\/ceip-lasardana\/wp-content\/uploads\/usu659\/2017\/03\/TallersJoan_1617a-768x612.jpg 768w\" sizes=\"auto, (max-width: 252px) 100vw, 252px\" \/><\/p>\n<p style=\"text-align: justify;\">I podem fer moltes m\u00e9s coses, per\u00f2 per aconseguir-ho, us necessitem!<\/p>\n<p style=\"text-align: justify;\">Us animem a tots i totes a formar part de l&#8217;associaci\u00f3, participar de les reunions i activitats ofertes i compartir amb nosaltres aquesta tasca de millora de l&#8217;entorn educatiu dels infants.<\/p>\n<p style=\"text-align: justify;\">Si teniu qualsevol dubte\/proposta\/idea podeu contactar amb nosaltres a l&#8217;adre\u00e7a <a href=\"mailto:ampalsardana@gmail.com\" target=\"_blank\" rel=\"noopener noreferrer\">ampalasardana@gmail.com<\/a>.<\/p>\n","protected":false},"excerpt":{"rendered":"<p>L&#8217;AFA La Sardana est\u00e0 format per fam\u00edlies d&#8217;infants de l&#8217;escola La Sardana de Badia del Vall\u00e8s.<br \/>\nParticipem amb l&#8217;equip del centre educatiu en el bon funcionament de la nostra escola de forma proactiva<br \/>\nCol\u00b7laborem amb l&#8217;escola en:<\/p>\n<ul style=\"list-style-type: circle;\">\n<li>El Consell Escolar<\/li>\n<li>Grups impulsors<\/li>\n<li>Pla de consum de fruita<\/li>\n<li>Pla de&hellip;  <a href=\"https:\/\/agora.xtec.cat\/ceip-lasardana\/afa-associacio-de-families-dalumnes-de-lescola-la-sardana\/\" title=\"Read AFA | Associaci\u00f3 de fam\u00edlies d&#8217;alumnes de l&#8217;escola La Sardana\">Llegeix m\u00e9s\u00bb<\/a><br \/>\n","protected":false},"author":39,"featured_media":0,"parent":0,"menu_order":0,"comment_status":"closed","ping_status":"closed","template":"page-templates\/side-menu.php","meta":{"_bbp_topic_count":0,"_bbp_reply_count":0,"_bbp_total_topic_count":0,"_bbp_total_reply_count":0,"_bbp_voice_count":0,"_bbp_anonymous_reply_count":0,"_bbp_topic_count_hidden":0,"_bbp_reply_count_hidden":0,"_bbp_forum_subforum_count":0,"footnotes":""},"class_list":["post-8693","page","type-page","status-publish","hentry"],"post_mailing_queue_ids":[],"_links":{"self":[{"href":"https:\/\/agora.xtec.cat\/ceip-lasardana\/wp-json\/wp\/v2\/pages\/8693","targetHints":{"allow":["GET"]}}],"collection":[{"href":"https:\/\/agora.xtec.cat\/ceip-lasardana\/wp-json\/wp\/v2\/pages"}],"about":[{"href":"https:\/\/agora.xtec.cat\/ceip-lasardana\/wp-json\/wp\/v2\/types\/page"}],"author":[{"embeddable":true,"href":"https:\/\/agora.xtec.cat\/ceip-lasardana\/wp-json\/wp\/v2\/users\/39"}],"replies":[{"embeddable":true,"href":"https:\/\/agora.xtec.cat\/ceip-lasardana\/wp-json\/wp\/v2\/comments?post=8693"}],"version-history":[{"count":4,"href":"https:\/\/agora.xtec.cat\/ceip-lasardana\/wp-json\/wp\/v2\/pages\/8693\/revisions"}],"predecessor-version":[{"id":8716,"href":"https:\/\/agora.xtec.cat\/ceip-lasardana\/wp-json\/wp\/v2\/pages\/8693\/revisions\/8716"}],"wp:attachment":[{"href":"https:\/\/agora.xtec.cat\/ceip-lasardana\/wp-json\/wp\/v2\/media?parent=8693"}],"curies":[{"name":"wp","href":"https:\/\/api.w.org\/{rel}","templated":true}]}}