{"id":874,"date":"2019-11-23T22:24:23","date_gmt":"2019-11-23T21:24:23","guid":{"rendered":"https:\/\/agora.xtec.cat\/ceip-jruyra-l-h\/?page_id=874"},"modified":"2023-10-03T13:48:25","modified_gmt":"2023-10-03T11:48:25","slug":"formacio-dialogica-del-professorat","status":"publish","type":"page","link":"https:\/\/agora.xtec.cat\/ceip-jruyra-l-h\/cda\/formacio-dialogica-del-professorat\/","title":{"rendered":"Formaci\u00f3 Dial\u00f2gica del Professorat"},"content":{"rendered":"<div class=\"separator\" style=\"clear: both; text-align: justify;\"><a style=\"margin-left: 1em; margin-right: 1em;\" href=\"https:\/\/2.bp.blogspot.com\/-hSpiSgxTDIk\/Wp7RhAAmbqI\/AAAAAAAAdN4\/ldhO3ROB0NsQ7qD_Kb5R5tHrZMFE8YjAwCLcBGAs\/s1600\/IMG_20180306_132613.jpg\"><img loading=\"lazy\" decoding=\"async\" class=\"alignleft\" src=\"https:\/\/2.bp.blogspot.com\/-hSpiSgxTDIk\/Wp7RhAAmbqI\/AAAAAAAAdN4\/ldhO3ROB0NsQ7qD_Kb5R5tHrZMFE8YjAwCLcBGAs\/s320\/IMG_20180306_132613.jpg\" width=\"455\" height=\"342\" border=\"0\" data-original-height=\"1200\" data-original-width=\"1600\" \/><\/a><\/div>\n<p>&nbsp;<\/p>\n<p>&nbsp;<\/p>\n<p>&nbsp;<\/p>\n<p>&nbsp;<\/p>\n<p>&nbsp;<\/p>\n<p>&nbsp;<\/p>\n<p>&nbsp;<\/p>\n<p>&nbsp;<\/p>\n<p style=\"text-align: justify;\"><span style=\"font-family: inherit; font-size: 1em; text-align: justify;\">Per poder desenvolupar les actuacions educatives d&#8217;\u00e8xit en els centres educatius, un aspecte imprescindible \u00e9s la formaci\u00f3 del professorat en les bases cient\u00edfiques i te\u00f2riques i en les evid\u00e8ncies avalades per la comunitat cient\u00edfica internacional. \u00c9s per aquest motiu que a l&#8217;Escola Joaquim Ruyra apostem per les Tert\u00falies Pedag\u00f2giques com a eina per facilitar la formaci\u00f3 continua del professorat i consolidar les actuacions d&#8217;\u00e8xit.<\/span><\/p>\n<p>Llegim i compartim les obres originals dels referents internacionals que configuren les bases de l&#8217;aprenentatge dial\u00f2gic\u00a0 i de les actuacions educatives d&#8217;\u00e8xit.<\/p>\n<p>Alguns dels llibres que hem llegit en aquesta formaci\u00f3 s\u00f3n els seg\u00fcents:<\/p>\n<p><img loading=\"lazy\" decoding=\"async\" class=\"\" src=\"http:\/\/www.edaverneda.org\/imatges\/llibres\/08.jpg\" width=\"224\" height=\"315\" \/><img loading=\"lazy\" decoding=\"async\" class=\"\" src=\"https:\/\/images-na.ssl-images-amazon.com\/images\/I\/71cdiqpQtXL.jpg\" alt=\"APRENDIENDO CONTIGO : RACIONERO,SANDRA: Libros\" width=\"227\" height=\"316\" \/><img loading=\"lazy\" decoding=\"async\" class=\"alignnone wp-image-14707 \" src=\"https:\/\/agora.xtec.cat\/ceip-jruyra-l-h\/wp-content\/uploads\/usu2049\/2023\/10\/portada-libro-215x300.png\" alt=\"\" width=\"225\" height=\"314\" srcset=\"https:\/\/agora.xtec.cat\/ceip-jruyra-l-h\/wp-content\/uploads\/usu2049\/2023\/10\/portada-libro-215x300.png 215w, https:\/\/agora.xtec.cat\/ceip-jruyra-l-h\/wp-content\/uploads\/usu2049\/2023\/10\/portada-libro.png 488w\" sizes=\"auto, (max-width: 225px) 100vw, 225px\" \/><\/p>\n<p>&nbsp;<\/p>\n","protected":false},"excerpt":{"rendered":"<p><a style=\"margin-left: 1em; margin-right: 1em;\" href=\"https:\/\/2.bp.blogspot.com\/-hSpiSgxTDIk\/Wp7RhAAmbqI\/AAAAAAAAdN4\/ldhO3ROB0NsQ7qD_Kb5R5tHrZMFE8YjAwCLcBGAs\/s1600\/IMG_20180306_132613.jpg\"><\/a><br \/>\n&nbsp;<br \/>\n&nbsp;<br \/>\n&nbsp;<br \/>\n&nbsp;<br \/>\n&nbsp;<br \/>\n&nbsp;<br \/>\n&nbsp;<br \/>\n&nbsp;<br \/>\nPer poder desenvolupar les actuacions educatives d&#8217;\u00e8xit en els centres educatius, un aspecte imprescindible \u00e9s la formaci\u00f3 del professorat en les bases cient\u00edfiques i te\u00f2riques i en les evid\u00e8ncies avalades per la comunitat cient\u00edfica internacional. \u00c9s per aquest motiu que&hellip;  <a href=\"https:\/\/agora.xtec.cat\/ceip-jruyra-l-h\/cda\/formacio-dialogica-del-professorat\/\" title=\"Read Formaci\u00f3 Dial\u00f2gica del Professorat\">Llegeix m\u00e9s\u00bb<\/a><\/p>\n","protected":false},"author":1,"featured_media":0,"parent":2,"menu_order":6,"comment_status":"closed","ping_status":"closed","template":"page-templates\/side-menu.php","meta":{"_bbp_topic_count":0,"_bbp_reply_count":0,"_bbp_total_topic_count":0,"_bbp_total_reply_count":0,"_bbp_voice_count":0,"_bbp_anonymous_reply_count":0,"_bbp_topic_count_hidden":0,"_bbp_reply_count_hidden":0,"_bbp_forum_subforum_count":0,"footnotes":""},"class_list":["post-874","page","type-page","status-publish","hentry"],"post_mailing_queue_ids":[],"_links":{"self":[{"href":"https:\/\/agora.xtec.cat\/ceip-jruyra-l-h\/wp-json\/wp\/v2\/pages\/874","targetHints":{"allow":["GET"]}}],"collection":[{"href":"https:\/\/agora.xtec.cat\/ceip-jruyra-l-h\/wp-json\/wp\/v2\/pages"}],"about":[{"href":"https:\/\/agora.xtec.cat\/ceip-jruyra-l-h\/wp-json\/wp\/v2\/types\/page"}],"author":[{"embeddable":true,"href":"https:\/\/agora.xtec.cat\/ceip-jruyra-l-h\/wp-json\/wp\/v2\/users\/1"}],"replies":[{"embeddable":true,"href":"https:\/\/agora.xtec.cat\/ceip-jruyra-l-h\/wp-json\/wp\/v2\/comments?post=874"}],"version-history":[{"count":5,"href":"https:\/\/agora.xtec.cat\/ceip-jruyra-l-h\/wp-json\/wp\/v2\/pages\/874\/revisions"}],"predecessor-version":[{"id":14709,"href":"https:\/\/agora.xtec.cat\/ceip-jruyra-l-h\/wp-json\/wp\/v2\/pages\/874\/revisions\/14709"}],"up":[{"embeddable":true,"href":"https:\/\/agora.xtec.cat\/ceip-jruyra-l-h\/wp-json\/wp\/v2\/pages\/2"}],"wp:attachment":[{"href":"https:\/\/agora.xtec.cat\/ceip-jruyra-l-h\/wp-json\/wp\/v2\/media?parent=874"}],"curies":[{"name":"wp","href":"https:\/\/api.w.org\/{rel}","templated":true}]}}