{"id":84,"date":"2014-09-18T14:11:31","date_gmt":"2014-09-18T13:11:31","guid":{"rendered":"http:\/\/agora.xtec.cat\/ceip-jruyra-l-h\/?page_id=84"},"modified":"2023-06-27T11:46:05","modified_gmt":"2023-06-27T09:46:05","slug":"activitats-extraescolars","status":"publish","type":"page","link":"https:\/\/agora.xtec.cat\/ceip-jruyra-l-h\/serveis\/activitats-extraescolars\/","title":{"rendered":"Activitats extraescolars"},"content":{"rendered":"<p style=\"color: #444444; text-align: justify;\">Aquests s\u00f3n exemples d&#8217;Activitats Extraescolars que portem a terme a l&#8217;Escola Joaquim Ruyra.<\/p>\n<p style=\"font-weight: 400; text-align: justify;\">Les activitats extraescolars proposades des de l&#8217;AFA per a la nostra comunitat d&#8217;aprenentatge volen aportar un ampli ventall d\u2019opcions que donin resposta a les diferents inquietuds i interessos dels infants i joves de l\u2019escola. La realitzaci\u00f3 d\u2019aquesta proposta compr\u00e8n la franja de tarda, un cop finalitzat l\u2019horari lectiu.<\/p>\n<p style=\"font-weight: 400; text-align: justify;\">Totes les activitats extraescolars que s\u2019ofereixen cal entendre-les com a complements per a una formaci\u00f3 integral de l\u2019alumnat. Aix\u00ed doncs, l\u2019activitat no \u00e9s una finalitat en si, sin\u00f3 un mitj\u00e0 m\u00e9s a l\u2019abast de tots ells per completar la seva formaci\u00f3.<\/p>\n<p><a href=\"https:\/\/agora.xtec.cat\/ceip-jruyra-l-h\/wp-content\/uploads\/usu2049\/2019\/12\/cats.jpg\"><img loading=\"lazy\" decoding=\"async\" class=\"size-full wp-image-1002 aligncenter\" src=\"https:\/\/agora.xtec.cat\/ceip-jruyra-l-h\/wp-content\/uploads\/usu2049\/2019\/12\/cats.jpg\" alt=\"\" width=\"469\" height=\"757\" srcset=\"https:\/\/agora.xtec.cat\/ceip-jruyra-l-h\/wp-content\/uploads\/usu2049\/2019\/12\/cats.jpg 469w, https:\/\/agora.xtec.cat\/ceip-jruyra-l-h\/wp-content\/uploads\/usu2049\/2019\/12\/cats-186x300.jpg 186w\" sizes=\"auto, (max-width: 469px) 100vw, 469px\" \/><\/a><\/p>\n","protected":false},"excerpt":{"rendered":"<p>Aquests s\u00f3n exemples d&#8217;Activitats Extraescolars que portem a terme a l&#8217;Escola Joaquim Ruyra.<br \/>\nLes activitats extraescolars proposades des de l&#8217;AFA per a la nostra comunitat d&#8217;aprenentatge volen aportar un ampli ventall d\u2019opcions que donin resposta a les diferents inquietuds i interessos dels infants i joves de&hellip;  <a href=\"https:\/\/agora.xtec.cat\/ceip-jruyra-l-h\/serveis\/activitats-extraescolars\/\" title=\"Read Activitats extraescolars\">Llegeix m\u00e9s\u00bb<\/a><\/p>\n","protected":false},"author":1,"featured_media":0,"parent":66,"menu_order":60,"comment_status":"closed","ping_status":"closed","template":"page-templates\/side-menu.php","meta":{"_bbp_topic_count":0,"_bbp_reply_count":0,"_bbp_total_topic_count":0,"_bbp_total_reply_count":0,"_bbp_voice_count":0,"_bbp_anonymous_reply_count":0,"_bbp_topic_count_hidden":0,"_bbp_reply_count_hidden":0,"_bbp_forum_subforum_count":0,"footnotes":""},"class_list":["post-84","page","type-page","status-publish","hentry"],"post_mailing_queue_ids":[],"_links":{"self":[{"href":"https:\/\/agora.xtec.cat\/ceip-jruyra-l-h\/wp-json\/wp\/v2\/pages\/84","targetHints":{"allow":["GET"]}}],"collection":[{"href":"https:\/\/agora.xtec.cat\/ceip-jruyra-l-h\/wp-json\/wp\/v2\/pages"}],"about":[{"href":"https:\/\/agora.xtec.cat\/ceip-jruyra-l-h\/wp-json\/wp\/v2\/types\/page"}],"author":[{"embeddable":true,"href":"https:\/\/agora.xtec.cat\/ceip-jruyra-l-h\/wp-json\/wp\/v2\/users\/1"}],"replies":[{"embeddable":true,"href":"https:\/\/agora.xtec.cat\/ceip-jruyra-l-h\/wp-json\/wp\/v2\/comments?post=84"}],"version-history":[{"count":4,"href":"https:\/\/agora.xtec.cat\/ceip-jruyra-l-h\/wp-json\/wp\/v2\/pages\/84\/revisions"}],"predecessor-version":[{"id":14658,"href":"https:\/\/agora.xtec.cat\/ceip-jruyra-l-h\/wp-json\/wp\/v2\/pages\/84\/revisions\/14658"}],"up":[{"embeddable":true,"href":"https:\/\/agora.xtec.cat\/ceip-jruyra-l-h\/wp-json\/wp\/v2\/pages\/66"}],"wp:attachment":[{"href":"https:\/\/agora.xtec.cat\/ceip-jruyra-l-h\/wp-json\/wp\/v2\/media?parent=84"}],"curies":[{"name":"wp","href":"https:\/\/api.w.org\/{rel}","templated":true}]}}