{"id":30,"date":"2014-09-18T12:30:23","date_gmt":"2014-09-18T11:30:23","guid":{"rendered":"http:\/\/agora.xtec.cat\/ceip-jruyra-l-h\/?page_id=30"},"modified":"2022-05-30T13:53:54","modified_gmt":"2022-05-30T11:53:54","slug":"instal%c2%b7lacions","status":"publish","type":"page","link":"https:\/\/agora.xtec.cat\/ceip-jruyra-l-h\/lescola\/instal%c2%b7lacions\/","title":{"rendered":"Instal\u00b7lacions"},"content":{"rendered":"<h3>EQUIPAMENTS<\/h3>\n<p>Tenim ordinadors en xarxa a totes les aules. L\u2019escola va formar part del projecte 1&#215;1 i, actualment, disposem d\u2019una dotaci\u00f3 de Tablets Android, Chromebooks, Netbooks i Ipads de Apple.<\/p>\n<p>Connexi\u00f3 a internet per cable i sense fils (Wi-fi). Displays Interactius, Pissarres digitals i c\u00e0nons de projecci\u00f3 a totes les aules. Tamb\u00e9 disposem de cinc pissarres digitals interactives port\u00e0tils.<\/p>\n<p><img loading=\"lazy\" decoding=\"async\" class=\"alignnone size-large wp-image-6355\" src=\"https:\/\/agora.xtec.cat\/ceip-jruyra-l-h\/wp-content\/uploads\/usu2049\/2021\/02\/instalacions-1005x1024.jpg\" alt=\"\" width=\"1005\" height=\"1024\" srcset=\"https:\/\/agora.xtec.cat\/ceip-jruyra-l-h\/wp-content\/uploads\/usu2049\/2021\/02\/instalacions.jpg 1005w, https:\/\/agora.xtec.cat\/ceip-jruyra-l-h\/wp-content\/uploads\/usu2049\/2021\/02\/instalacions-294x300.jpg 294w, https:\/\/agora.xtec.cat\/ceip-jruyra-l-h\/wp-content\/uploads\/usu2049\/2021\/02\/instalacions-768x783.jpg 768w\" sizes=\"auto, (max-width: 1005px) 100vw, 1005px\" \/><\/p>\n<p><strong>Espais espec\u00edfics:<\/strong><\/p>\n<ul>\n<li>Aula d\u2019idiomes<\/li>\n<li>Aula de m\u00fasica<\/li>\n<li>Biblioteca<\/li>\n<li>R\u00e0dio escolar<\/li>\n<li>Gimn\u00e0s<\/li>\n<li>2 patis<\/li>\n<\/ul>\n","protected":false},"excerpt":{"rendered":"<p>EQUIPAMENTS<br \/>\nTenim ordinadors en xarxa a totes les aules. L\u2019escola va formar part del projecte 1&#215;1 i, actualment, disposem d\u2019una dotaci\u00f3 de Tablets Android, Chromebooks, Netbooks i Ipads de Apple.<br \/>\nConnexi\u00f3 a internet per cable i sense fils (Wi-fi). Displays Interactius, Pissarres digitals i c\u00e0nons de projecci\u00f3&hellip;  <a href=\"https:\/\/agora.xtec.cat\/ceip-jruyra-l-h\/lescola\/instal%c2%b7lacions\/\" title=\"Read Instal\u00b7lacions\">Llegeix m\u00e9s\u00bb<\/a><\/p>\n","protected":false},"author":1,"featured_media":0,"parent":22,"menu_order":3,"comment_status":"closed","ping_status":"closed","template":"page-templates\/side-menu.php","meta":{"_bbp_topic_count":0,"_bbp_reply_count":0,"_bbp_total_topic_count":0,"_bbp_total_reply_count":0,"_bbp_voice_count":0,"_bbp_anonymous_reply_count":0,"_bbp_topic_count_hidden":0,"_bbp_reply_count_hidden":0,"_bbp_forum_subforum_count":0,"footnotes":""},"class_list":["post-30","page","type-page","status-publish","hentry"],"post_mailing_queue_ids":[],"_links":{"self":[{"href":"https:\/\/agora.xtec.cat\/ceip-jruyra-l-h\/wp-json\/wp\/v2\/pages\/30","targetHints":{"allow":["GET"]}}],"collection":[{"href":"https:\/\/agora.xtec.cat\/ceip-jruyra-l-h\/wp-json\/wp\/v2\/pages"}],"about":[{"href":"https:\/\/agora.xtec.cat\/ceip-jruyra-l-h\/wp-json\/wp\/v2\/types\/page"}],"author":[{"embeddable":true,"href":"https:\/\/agora.xtec.cat\/ceip-jruyra-l-h\/wp-json\/wp\/v2\/users\/1"}],"replies":[{"embeddable":true,"href":"https:\/\/agora.xtec.cat\/ceip-jruyra-l-h\/wp-json\/wp\/v2\/comments?post=30"}],"version-history":[{"count":4,"href":"https:\/\/agora.xtec.cat\/ceip-jruyra-l-h\/wp-json\/wp\/v2\/pages\/30\/revisions"}],"predecessor-version":[{"id":9561,"href":"https:\/\/agora.xtec.cat\/ceip-jruyra-l-h\/wp-json\/wp\/v2\/pages\/30\/revisions\/9561"}],"up":[{"embeddable":true,"href":"https:\/\/agora.xtec.cat\/ceip-jruyra-l-h\/wp-json\/wp\/v2\/pages\/22"}],"wp:attachment":[{"href":"https:\/\/agora.xtec.cat\/ceip-jruyra-l-h\/wp-json\/wp\/v2\/media?parent=30"}],"curies":[{"name":"wp","href":"https:\/\/api.w.org\/{rel}","templated":true}]}}