{"id":12517,"date":"2022-05-30T15:17:39","date_gmt":"2022-05-30T13:17:39","guid":{"rendered":"https:\/\/agora.xtec.cat\/ceip-jruyra-l-h\/?page_id=12517"},"modified":"2023-03-08T13:35:45","modified_gmt":"2023-03-08T12:35:45","slug":"diagnosi","status":"publish","type":"page","link":"https:\/\/agora.xtec.cat\/ceip-jruyra-l-h\/diagnosi\/","title":{"rendered":"Diagnosi"},"content":{"rendered":"<p><img loading=\"lazy\" decoding=\"async\" class=\"alignnone size-large wp-image-12507\" src=\"https:\/\/agora.xtec.cat\/ceip-jruyra-l-h\/wp-content\/uploads\/usu2049\/2022\/05\/cats-2-1024x134.jpg\" alt=\"\" width=\"1024\" height=\"134\" srcset=\"https:\/\/agora.xtec.cat\/ceip-jruyra-l-h\/wp-content\/uploads\/usu2049\/2022\/05\/cats-2-1024x134.jpg 1024w, https:\/\/agora.xtec.cat\/ceip-jruyra-l-h\/wp-content\/uploads\/usu2049\/2022\/05\/cats-2-300x39.jpg 300w, https:\/\/agora.xtec.cat\/ceip-jruyra-l-h\/wp-content\/uploads\/usu2049\/2022\/05\/cats-2-768x100.jpg 768w, https:\/\/agora.xtec.cat\/ceip-jruyra-l-h\/wp-content\/uploads\/usu2049\/2022\/05\/cats-2-1536x200.jpg 1536w, https:\/\/agora.xtec.cat\/ceip-jruyra-l-h\/wp-content\/uploads\/usu2049\/2022\/05\/cats-2.jpg 1900w\" sizes=\"auto, (max-width: 1024px) 100vw, 1024px\" \/><\/p>\n<ul class=\"side-nav\">\n<li>\n<h4><strong>\u00cdNDEX<\/strong><\/h4>\n<\/li>\n<li class=\"page_item page-item-12513\"><a title=\"Comissi\u00f3 Estrat\u00e8gia Digital de Centre\" href=\"https:\/\/agora.xtec.cat\/ceip-jruyra-l-h\/lescola\/estrategia-digital-de-centre\/comissio-estrategia-digital-de-centre\/\">&#8211; Comissi\u00f3 Estrat\u00e8gia Digital de Centre<\/a><\/li>\n<li class=\"page_item page-item-12517\"><a title=\"Diagnosi\" href=\"https:\/\/agora.xtec.cat\/ceip-jruyra-l-h\/lescola\/estrategia-digital-de-centre\/diagnosi\/\">&#8211; Diagnosi<\/a><\/li>\n<li class=\"page_item page-item-12528\"><a title=\"Objectius\" href=\"https:\/\/docs.google.com\/spreadsheets\/u\/2\/d\/e\/2PACX-1vQbCPDY-MZ9clnAG8qrR2wO4g_SRMCnAS36AJgVZBJFPC-y1yoI6fFWh6nUWjwwcrU0c2OMnJEWaOBd\/pubhtml\" target=\"_blank\" rel=\"noopener\">&#8211; Objectius<\/a><\/li>\n<li><a href=\"https:\/\/docs.google.com\/spreadsheets\/d\/e\/2PACX-1vQbSdtxamj-FhAcbB-4ziQhF1aKAzRQ-UjvLkh4W0Lb3gwYSY0Wa1wiOhOvHwpCmw0mt74wGkrMvQsj\/pubhtml\" target=\"_blank\" rel=\"noopener\">&#8211; Indicadors<\/a><\/li>\n<li><a href=\"https:\/\/docs.google.com\/spreadsheets\/d\/e\/2PACX-1vRPov2YsypqgsRjw-SGrq7jDsDtguMC57lAiFS2pE9dO-nizftHwFtBeHSzIxzaDeOCetQ6id2FBF6c\/pubhtml\" target=\"_blank\" rel=\"noopener\">&#8211; Planificaci\u00f3 d&#8217;activitats<\/a><\/li>\n<li><a title=\"Objectius\" href=\"https:\/\/agora.xtec.cat\/ceip-jruyra-l-h\/lescola\/estrategia-digital-de-centre\/documents\/\">&#8211; Cultura Digital<\/a><\/li>\n<\/ul>\n<h4 style=\"text-align: center;\">Selfie<\/h4>\n<p dir=\"ltr\"><img loading=\"lazy\" decoding=\"async\" class=\"alignnone size-large wp-image-12532\" src=\"https:\/\/agora.xtec.cat\/ceip-jruyra-l-h\/wp-content\/uploads\/usu2049\/2022\/05\/cats-3-1024x744.jpg\" alt=\"\" width=\"1024\" height=\"744\" srcset=\"https:\/\/agora.xtec.cat\/ceip-jruyra-l-h\/wp-content\/uploads\/usu2049\/2022\/05\/cats-3-1024x744.jpg 1024w, https:\/\/agora.xtec.cat\/ceip-jruyra-l-h\/wp-content\/uploads\/usu2049\/2022\/05\/cats-3-300x218.jpg 300w, https:\/\/agora.xtec.cat\/ceip-jruyra-l-h\/wp-content\/uploads\/usu2049\/2022\/05\/cats-3-768x558.jpg 768w, https:\/\/agora.xtec.cat\/ceip-jruyra-l-h\/wp-content\/uploads\/usu2049\/2022\/05\/cats-3.jpg 1227w\" sizes=\"auto, (max-width: 1024px) 100vw, 1024px\" \/><\/p>\n<p class=\"CDt4Ke zfr3Q\" dir=\"ltr\">L&#8217;escola ha fet servir l&#8217;eina <span class=\" aw5Odc\"><a class=\"XqQF9c\" href=\"https:\/\/www.google.com\/url?q=https%3A%2F%2Feducation.ec.europa.eu%2Fes%2Fnode%2F1736&amp;sa=D&amp;sntz=1&amp;usg=AOvVaw3z_zoQR6U9FhNZRG4QmRb2\" target=\"_blank\" rel=\"noopener\"><strong>SELFIE<\/strong><\/a><\/span> amb l&#8217;objectiu de fomentar la reflexi\u00f3 personal en relaci\u00f3 amb l&#8217;\u00fas de les tecnologies digitals per al doc\u00e8ncia i l&#8217;aprenentatge. SELFIE ha sigut desenvolupat per la Comissi\u00f3 Europea amb un equip internacional d&#8217;experts.<\/p>\n<p class=\"CDt4Ke zfr3Q\" dir=\"ltr\">Les dades obtingudes permeten <span class=\" aw5Odc\">extreure conclusions<\/span> per a fer un diagn\u00f2stic de l&#8217;estat actual i tamb\u00e9 per a plantejar-nos objectius a assolir en l&#8217;\u00e0mbit digital.<\/p>\n<p class=\"CDt4Ke zfr3Q\" dir=\"ltr\">L&#8217;eina SELFIE es va passar a l&#8217;abril de l&#8217;any 2022.<\/p>\n<p class=\"CDt4Ke zfr3Q\" dir=\"ltr\">Aqu\u00ed teniu un resum dels resultats obtinguts:<\/p>\n<p dir=\"ltr\"><img loading=\"lazy\" decoding=\"async\" class=\"alignnone size-large wp-image-12554\" src=\"https:\/\/agora.xtec.cat\/ceip-jruyra-l-h\/wp-content\/uploads\/usu2049\/2022\/05\/cats1-1024x740.jpg\" alt=\"\" width=\"1024\" height=\"740\" srcset=\"https:\/\/agora.xtec.cat\/ceip-jruyra-l-h\/wp-content\/uploads\/usu2049\/2022\/05\/cats1-1024x740.jpg 1024w, https:\/\/agora.xtec.cat\/ceip-jruyra-l-h\/wp-content\/uploads\/usu2049\/2022\/05\/cats1-300x217.jpg 300w, https:\/\/agora.xtec.cat\/ceip-jruyra-l-h\/wp-content\/uploads\/usu2049\/2022\/05\/cats1-768x555.jpg 768w, https:\/\/agora.xtec.cat\/ceip-jruyra-l-h\/wp-content\/uploads\/usu2049\/2022\/05\/cats1.jpg 1129w\" sizes=\"auto, (max-width: 1024px) 100vw, 1024px\" \/> <img loading=\"lazy\" decoding=\"async\" class=\"alignnone size-large wp-image-12555\" src=\"https:\/\/agora.xtec.cat\/ceip-jruyra-l-h\/wp-content\/uploads\/usu2049\/2022\/05\/cats2-1024x409.jpg\" alt=\"\" width=\"1024\" height=\"409\" srcset=\"https:\/\/agora.xtec.cat\/ceip-jruyra-l-h\/wp-content\/uploads\/usu2049\/2022\/05\/cats2-1024x409.jpg 1024w, https:\/\/agora.xtec.cat\/ceip-jruyra-l-h\/wp-content\/uploads\/usu2049\/2022\/05\/cats2-300x120.jpg 300w, https:\/\/agora.xtec.cat\/ceip-jruyra-l-h\/wp-content\/uploads\/usu2049\/2022\/05\/cats2-768x307.jpg 768w, https:\/\/agora.xtec.cat\/ceip-jruyra-l-h\/wp-content\/uploads\/usu2049\/2022\/05\/cats2.jpg 1131w\" sizes=\"auto, (max-width: 1024px) 100vw, 1024px\" \/><\/p>\n<p dir=\"ltr\">\n","protected":false},"excerpt":{"rendered":"<ul class=\"side-nav\">\n<li>\n\u00cdNDEX\n<\/li>\n<li class=\"page_item page-item-12513\"><a title=\"Comissi\u00f3 Estrat\u00e8gia Digital de Centre\" href=\"https:\/\/agora.xtec.cat\/ceip-jruyra-l-h\/lescola\/estrategia-digital-de-centre\/comissio-estrategia-digital-de-centre\/\">&#8211; Comissi\u00f3 Estrat\u00e8gia Digital de Centre<\/a><\/li>\n<li class=\"page_item page-item-12517\"><a title=\"Diagnosi\" href=\"https:\/\/agora.xtec.cat\/ceip-jruyra-l-h\/lescola\/estrategia-digital-de-centre\/diagnosi\/\">&#8211; Diagnosi<\/a><\/li>\n<li class=\"page_item page-item-12528\"><a title=\"Objectius\" href=\"https:\/\/docs.google.com\/spreadsheets\/u\/2\/d\/e\/2PACX-1vQbCPDY-MZ9clnAG8qrR2wO4g_SRMCnAS36AJgVZBJFPC-y1yoI6fFWh6nUWjwwcrU0c2OMnJEWaOBd\/pubhtml\" target=\"_blank\" rel=\"noopener\">&#8211; Objectius<\/a><\/li>\n<li><a href=\"https:\/\/docs.google.com\/spreadsheets\/d\/e\/2PACX-1vQbSdtxamj-FhAcbB-4ziQhF1aKAzRQ-UjvLkh4W0Lb3gwYSY0Wa1wiOhOvHwpCmw0mt74wGkrMvQsj\/pubhtml\" target=\"_blank\" rel=\"noopener\">&#8211; Indicadors<\/a><\/li>\n<li><a href=\"https:\/\/docs.google.com\/spreadsheets\/d\/e\/2PACX-1vRPov2YsypqgsRjw-SGrq7jDsDtguMC57lAiFS2pE9dO-nizftHwFtBeHSzIxzaDeOCetQ6id2FBF6c\/pubhtml\" target=\"_blank\" rel=\"noopener\">&#8211; Planificaci\u00f3 d&#8217;activitats<\/a><\/li>\n<li><a title=\"Objectius\" href=\"https:\/\/agora.xtec.cat\/ceip-jruyra-l-h\/lescola\/estrategia-digital-de-centre\/documents\/\">&#8211; Cultura Digital<\/a><\/li>\n<\/ul>\n<p>Selfie<\/p>\n<p>L&#8217;escola ha fet servir l&#8217;eina <a&hellip;  <a href=\"https:\/\/agora.xtec.cat\/ceip-jruyra-l-h\/diagnosi\/\" title=\"Read Diagnosi\">Llegeix m\u00e9s\u00bb<\/a><\/p>\n","protected":false},"author":3,"featured_media":0,"parent":0,"menu_order":0,"comment_status":"closed","ping_status":"closed","template":"page-templates\/side-menu.php","meta":{"_bbp_topic_count":0,"_bbp_reply_count":0,"_bbp_total_topic_count":0,"_bbp_total_reply_count":0,"_bbp_voice_count":0,"_bbp_anonymous_reply_count":0,"_bbp_topic_count_hidden":0,"_bbp_reply_count_hidden":0,"_bbp_forum_subforum_count":0,"footnotes":""},"class_list":["post-12517","page","type-page","status-publish","hentry"],"post_mailing_queue_ids":[],"_links":{"self":[{"href":"https:\/\/agora.xtec.cat\/ceip-jruyra-l-h\/wp-json\/wp\/v2\/pages\/12517","targetHints":{"allow":["GET"]}}],"collection":[{"href":"https:\/\/agora.xtec.cat\/ceip-jruyra-l-h\/wp-json\/wp\/v2\/pages"}],"about":[{"href":"https:\/\/agora.xtec.cat\/ceip-jruyra-l-h\/wp-json\/wp\/v2\/types\/page"}],"author":[{"embeddable":true,"href":"https:\/\/agora.xtec.cat\/ceip-jruyra-l-h\/wp-json\/wp\/v2\/users\/3"}],"replies":[{"embeddable":true,"href":"https:\/\/agora.xtec.cat\/ceip-jruyra-l-h\/wp-json\/wp\/v2\/comments?post=12517"}],"version-history":[{"count":3,"href":"https:\/\/agora.xtec.cat\/ceip-jruyra-l-h\/wp-json\/wp\/v2\/pages\/12517\/revisions"}],"predecessor-version":[{"id":14045,"href":"https:\/\/agora.xtec.cat\/ceip-jruyra-l-h\/wp-json\/wp\/v2\/pages\/12517\/revisions\/14045"}],"wp:attachment":[{"href":"https:\/\/agora.xtec.cat\/ceip-jruyra-l-h\/wp-json\/wp\/v2\/media?parent=12517"}],"curies":[{"name":"wp","href":"https:\/\/api.w.org\/{rel}","templated":true}]}}