{"id":313,"date":"2015-10-21T22:17:08","date_gmt":"2015-10-21T21:17:08","guid":{"rendered":"http:\/\/agora.xtec.cat\/ceip-jrj\/?page_id=313"},"modified":"2024-09-04T06:16:39","modified_gmt":"2024-09-04T04:16:39","slug":"recursos-humans","status":"publish","type":"page","link":"https:\/\/agora.xtec.cat\/ceip-jrj\/organitzacio\/recursos-humans\/","title":{"rendered":"Recursos humans"},"content":{"rendered":"<table style=\"width: 60.2324%;\">\n<thead>\n<tr>\n<th style=\"width: 58.4411%;\">\n<p style=\"text-align: center;\"><strong>Tutoria, Especialitat o C\u00e0rrec<\/strong><\/p>\n<\/th>\n<th style=\"width: 90.1908%;\">\n<p style=\"text-align: center;\"><strong>Nom i cognoms<\/strong><\/p>\n<\/th>\n<\/tr>\n<\/thead>\n<tbody>\n<tr>\n<td style=\"width: 58.4411%;\"><span style=\"font-weight: 400;\">Director<\/span><\/td>\n<td style=\"width: 90.1908%;\"><span style=\"font-weight: 400;\">Iban Porta Fern\u00e1ndez<\/span><\/td>\n<\/tr>\n<tr>\n<td style=\"width: 58.4411%;\"><span style=\"font-weight: 400;\">Cap d\u2019estudis\/M\u00fasica<\/span><\/td>\n<td style=\"width: 90.1908%;\"><span style=\"font-weight: 400;\">Tuhanet Gonz\u00e1lez Fern\u00e1ndez<\/span><\/td>\n<\/tr>\n<tr>\n<td style=\"width: 58.4411%;\"><span style=\"font-weight: 400;\">Secret\u00e0ria\u00a0<\/span><\/td>\n<td style=\"width: 90.1908%;\"><span style=\"font-weight: 400;\">Joana Rom\u00e1n Vera<\/span><\/td>\n<\/tr>\n<tr>\n<td style=\"width: 58.4411%;\"><span style=\"font-weight: 400;\">I3<\/span><\/td>\n<td style=\"width: 90.1908%;\"><span style=\"font-weight: 400;\">Merc\u00e8 Robirosa Grabulosa<\/span><\/td>\n<\/tr>\n<tr>\n<td style=\"width: 58.4411%;\"><span style=\"font-weight: 400;\">I4A<\/span><\/td>\n<td style=\"width: 90.1908%;\"><span style=\"font-weight: 400;\">Ana Mart\u00ednez Carvajal<\/span><\/td>\n<\/tr>\n<tr>\n<td style=\"width: 58.4411%;\"><span style=\"font-weight: 400;\">Refor\u00e7\u00a0<\/span><\/td>\n<td style=\"width: 90.1908%;\"><span style=\"font-weight: 400;\">Luc\u00eda Moral S\u00e1nchez<\/span><\/td>\n<\/tr>\n<tr>\n<td style=\"width: 58.4411%;\"><span style=\"font-weight: 400;\">I4B \/ <\/span><span style=\"font-weight: 400;\">Coordinadora Ed. Infantil<\/span><\/td>\n<td style=\"width: 90.1908%;\"><span style=\"font-weight: 400;\">Sof\u00eda Mu\u00f1oz D\u00e1vila\u00a0<\/span><\/td>\n<\/tr>\n<tr>\n<td style=\"width: 58.4411%;\"><span style=\"font-weight: 400;\">I5A<\/span><\/td>\n<td style=\"width: 90.1908%;\"><span style=\"font-weight: 400;\">Sara Gallardo Tauste<\/span><\/td>\n<\/tr>\n<tr>\n<td style=\"width: 58.4411%;\"><span style=\"font-weight: 400;\">I5B<\/span><\/td>\n<td style=\"width: 90.1908%;\"><span style=\"font-weight: 400;\">Sonia Garc\u00eda Blanco<\/span><\/td>\n<\/tr>\n<tr>\n<td style=\"width: 58.4411%;\"><span style=\"font-weight: 400;\">1r<\/span><\/td>\n<td style=\"width: 90.1908%;\"><span style=\"font-weight: 400;\">Meritxell Jaumot Casas\u00a0<\/span><\/td>\n<\/tr>\n<tr>\n<td style=\"width: 58.4411%;\"><span style=\"font-weight: 400;\">2nA \/ <\/span><span style=\"font-weight: 400;\">Coordinadora Cicle Inicial<\/span><\/td>\n<td style=\"width: 90.1908%;\"><span style=\"font-weight: 400;\">Laia Cubilla Catal\u00e0<\/span><\/td>\n<\/tr>\n<tr>\n<td style=\"width: 58.4411%;\"><span style=\"font-weight: 400;\">2nB<\/span><\/td>\n<td style=\"width: 90.1908%;\"><span style=\"font-weight: 400;\">Laura Alcaide Gallardo<\/span><\/td>\n<\/tr>\n<tr>\n<td style=\"width: 58.4411%;\"><span style=\"font-weight: 400;\">3rA \/ <\/span><span style=\"font-weight: 400;\">Coordinador Cicle Mitj\u00e0<\/span><\/td>\n<td style=\"width: 90.1908%;\"><span style=\"font-weight: 400;\">Rafa Bell\u00e9s Barreda<\/span><\/td>\n<\/tr>\n<tr>\n<td style=\"width: 58.4411%;\"><span style=\"font-weight: 400;\">3rB \/ <\/span><span style=\"font-weight: 400;\">Coordinadora Riscos Laborals<\/span><\/td>\n<td style=\"width: 90.1908%;\"><span style=\"font-weight: 400;\">Mireia Blasco Lahoz<\/span><\/td>\n<\/tr>\n<tr>\n<td style=\"width: 58.4411%;\"><span style=\"font-weight: 400;\">Cotutor\/a 3rB<\/span><\/td>\n<td style=\"width: 90.1908%;\"><span style=\"font-weight: 400;\">Javier Montiu Ag\u00fcero<\/span><\/td>\n<\/tr>\n<tr>\n<td style=\"width: 58.4411%;\"><span style=\"font-weight: 400;\">4tA<\/span><\/td>\n<td style=\"width: 90.1908%;\"><span style=\"font-weight: 400;\">Montse Manrique Briones<\/span><\/td>\n<\/tr>\n<tr>\n<td style=\"width: 58.4411%;\"><span style=\"font-weight: 400;\">4tB \/ <\/span><span style=\"font-weight: 400;\">Coordinadora LIC<\/span><\/td>\n<td style=\"width: 90.1908%;\"><span style=\"font-weight: 400;\">Susana Buenavista Abril<\/span><\/td>\n<\/tr>\n<tr>\n<td style=\"width: 58.4411%;\"><span style=\"font-weight: 400;\">5\u00e8A<\/span><\/td>\n<td style=\"width: 90.1908%;\"><span style=\"font-weight: 400;\">Oscar Jim\u00e9nez Andrade<\/span><\/td>\n<\/tr>\n<tr>\n<td style=\"width: 58.4411%;\"><span style=\"font-weight: 400;\">5\u00e8B \/ <\/span><span style=\"font-weight: 400;\">Coordinador TIC<\/span><\/td>\n<td style=\"width: 90.1908%;\"><span style=\"font-weight: 400;\">\u00c0lex Casanova Pe\u00f1a<\/span><\/td>\n<\/tr>\n<tr>\n<td style=\"width: 58.4411%;\"><span style=\"font-weight: 400;\">5\u00e8C<\/span><\/td>\n<td style=\"width: 90.1908%;\"><span style=\"font-weight: 400;\">N\u00faria Mir\u00f3 Dalmau<\/span><\/td>\n<\/tr>\n<tr>\n<td style=\"width: 58.4411%;\"><span style=\"font-weight: 400;\">6\u00e8A \/ <\/span><span style=\"font-weight: 400;\">Coordinadora Cicle Superior<\/span><\/td>\n<td style=\"width: 90.1908%;\"><span style=\"font-weight: 400;\">Laura Bordes Mateu<\/span><\/td>\n<\/tr>\n<tr>\n<td style=\"width: 58.4411%;\"><span style=\"font-weight: 400;\">6\u00e8B<\/span><\/td>\n<td style=\"width: 90.1908%;\"><span style=\"font-weight: 400;\">Maria Alba Guamis Torrent<\/span><\/td>\n<\/tr>\n<tr>\n<td style=\"width: 58.4411%;\"><span style=\"font-weight: 400;\">Mestra d\u2019Educaci\u00f3 al Suport Inclusiu \/ <\/span><span style=\"font-weight: 400;\">Coordinadora COCOBE<\/span><\/td>\n<td style=\"width: 90.1908%;\"><span style=\"font-weight: 400;\">Eva Mar\u00eda Ru\u00edz Motilla<\/span><\/td>\n<\/tr>\n<tr>\n<td style=\"width: 58.4411%;\"><span style=\"font-weight: 400;\">Mestra d\u2019Educaci\u00f3 al Suport Inclusiu<\/span><\/td>\n<td style=\"width: 90.1908%;\"><span style=\"font-weight: 400;\">Mar\u00eda Carmen Oliveros Soria<\/span><\/td>\n<\/tr>\n<tr>\n<td style=\"width: 58.4411%;\"><span style=\"font-weight: 400;\">Aula d\u2019acollida<\/span><\/td>\n<td style=\"width: 90.1908%;\"><span style=\"font-weight: 400;\">Laura Navarro Palah\u00ed<\/span><\/td>\n<\/tr>\n<tr>\n<td style=\"width: 58.4411%;\"><span style=\"font-weight: 400;\">Angl\u00e8s<\/span><\/td>\n<td style=\"width: 90.1908%;\"><span style=\"font-weight: 400;\">Anna Enajas Cort\u00e9s<\/span><\/td>\n<\/tr>\n<tr>\n<td style=\"width: 58.4411%;\"><span style=\"font-weight: 400;\">Angl\u00e8s<\/span><\/td>\n<td style=\"width: 90.1908%;\"><span style=\"font-weight: 400;\">Cristina Cabrera Rodr\u00edguez<\/span><\/td>\n<\/tr>\n<tr>\n<td style=\"width: 58.4411%;\"><span style=\"font-weight: 400;\">M\u00fasica<\/span><\/td>\n<td style=\"width: 90.1908%;\"><span style=\"font-weight: 400;\">Marcos Garrido Albaladejo<\/span><\/td>\n<\/tr>\n<tr>\n<td style=\"width: 58.4411%;\"><span style=\"font-weight: 400;\">Educaci\u00f3 F\u00edsica<\/span><\/td>\n<td style=\"width: 90.1908%;\"><span style=\"font-weight: 400;\">\u00c0ngels Saborit Corb\u00ed<\/span><\/td>\n<\/tr>\n<tr>\n<td style=\"width: 58.4411%;\"><span style=\"font-weight: 400;\">Refor\u00e7<\/span><\/td>\n<td style=\"width: 90.1908%;\"><span style=\"font-weight: 400;\">Andreu Marma\u00f1a Alcaide<\/span><\/td>\n<\/tr>\n<tr>\n<td style=\"width: 58.4411%;\"><span style=\"font-weight: 400;\">Educaci\u00f3 F\u00edsica<\/span><\/td>\n<td style=\"width: 90.1908%;\"><span style=\"font-weight: 400;\">David Gimeno Casado<\/span><\/td>\n<\/tr>\n<tr>\n<td style=\"width: 58.4411%;\"><span style=\"font-weight: 400;\">Religi\u00f3<\/span><\/td>\n<td style=\"width: 90.1908%;\"><span style=\"font-weight: 400;\">N\u00faria Beltr\u00e1n Ras<\/span><\/td>\n<\/tr>\n<tr>\n<td style=\"width: 58.4411%;\"><span style=\"font-weight: 400;\">TEEI<\/span><\/td>\n<td style=\"width: 90.1908%;\">\n<p style=\"text-align: left;\">Eva Rubio Gil<\/p>\n<\/td>\n<\/tr>\n<\/tbody>\n<\/table>\n","protected":false},"excerpt":{"rendered":"<p>Tutoria, Especialitat o C\u00e0rrec<\/p>\n<p>Nom i cognoms<\/p>\n<p>Director<br \/>\nIban Porta Fern\u00e1ndez<\/p>\n<p>Cap d\u2019estudis\/M\u00fasica<br \/>\nTuhanet Gonz\u00e1lez Fern\u00e1ndez<\/p>\n<p>Secret\u00e0ria\u00a0<br \/>\nJoana Rom\u00e1n Vera<\/p>\n<p>I3<br \/>\nMerc\u00e8 Robirosa Grabulosa<\/p>\n<p>I4A<br \/>\nAna Mart\u00ednez Carvajal<\/p>\n<p>Refor\u00e7\u00a0<br \/>\nLuc\u00eda Moral S\u00e1nchez<\/p>\n<p>I4B \/ Coordinadora Ed. Infantil<br \/>\nSof\u00eda Mu\u00f1oz D\u00e1vila\u00a0<\/p>\n<p>I5A<br \/>\nSara Gallardo Tauste<\/p>\n<p>I5B<br \/>\nSonia Garc\u00eda Blanco<\/p>\n<p>1r<br \/>\nMeritxell Jaumot Casas\u00a0<\/p>\n<p>2nA \/ Coordinadora Cicle Inicial<br \/>\nLaia Cubilla Catal\u00e0<\/p>\n<p>2nB<br \/>\nLaura Alcaide Gallardo<\/p>\n<p>3rA \/ Coordinador Cicle Mitj\u00e0<br \/>\nRafa Bell\u00e9s Barreda<\/p>\n<p>3rB&hellip;  <a href=\"https:\/\/agora.xtec.cat\/ceip-jrj\/organitzacio\/recursos-humans\/\" title=\"Read Recursos humans\">Llegeix m\u00e9s\u00bb<\/a><\/p>\n","protected":false},"author":1,"featured_media":0,"parent":248,"menu_order":0,"comment_status":"closed","ping_status":"closed","template":"page-templates\/side-menu.php","meta":{"_bbp_topic_count":0,"_bbp_reply_count":0,"_bbp_total_topic_count":0,"_bbp_total_reply_count":0,"_bbp_voice_count":0,"_bbp_anonymous_reply_count":0,"_bbp_topic_count_hidden":0,"_bbp_reply_count_hidden":0,"_bbp_forum_subforum_count":0,"footnotes":""},"class_list":["post-313","page","type-page","status-publish","hentry"],"post_mailing_queue_ids":[],"_links":{"self":[{"href":"https:\/\/agora.xtec.cat\/ceip-jrj\/wp-json\/wp\/v2\/pages\/313","targetHints":{"allow":["GET"]}}],"collection":[{"href":"https:\/\/agora.xtec.cat\/ceip-jrj\/wp-json\/wp\/v2\/pages"}],"about":[{"href":"https:\/\/agora.xtec.cat\/ceip-jrj\/wp-json\/wp\/v2\/types\/page"}],"author":[{"embeddable":true,"href":"https:\/\/agora.xtec.cat\/ceip-jrj\/wp-json\/wp\/v2\/users\/1"}],"replies":[{"embeddable":true,"href":"https:\/\/agora.xtec.cat\/ceip-jrj\/wp-json\/wp\/v2\/comments?post=313"}],"version-history":[{"count":2,"href":"https:\/\/agora.xtec.cat\/ceip-jrj\/wp-json\/wp\/v2\/pages\/313\/revisions"}],"predecessor-version":[{"id":6919,"href":"https:\/\/agora.xtec.cat\/ceip-jrj\/wp-json\/wp\/v2\/pages\/313\/revisions\/6919"}],"up":[{"embeddable":true,"href":"https:\/\/agora.xtec.cat\/ceip-jrj\/wp-json\/wp\/v2\/pages\/248"}],"wp:attachment":[{"href":"https:\/\/agora.xtec.cat\/ceip-jrj\/wp-json\/wp\/v2\/media?parent=313"}],"curies":[{"name":"wp","href":"https:\/\/api.w.org\/{rel}","templated":true}]}}