{"id":28,"date":"2014-09-18T12:29:35","date_gmt":"2014-09-18T11:29:35","guid":{"rendered":"http:\/\/agora.xtec.cat\/ceip-joanmiro-barcelona\/?page_id=28"},"modified":"2024-12-13T09:48:36","modified_gmt":"2024-12-13T08:48:36","slug":"consell-escolar","status":"publish","type":"page","link":"https:\/\/agora.xtec.cat\/ceip-joanmiro-barcelona\/lescola\/consell-escolar\/","title":{"rendered":"Consell escolar"},"content":{"rendered":"<p style=\"text-align: left;\"><strong><a href=\"http:\/\/agora.xtec.cat\/ceip-joanmiro-barcelona\/wp-content\/uploads\/usu741\/2015\/01\/foto-classe.png\"><img loading=\"lazy\" decoding=\"async\" class=\"alignnone wp-image-156 alignright\" src=\"http:\/\/agora.xtec.cat\/ceip-joanmiro-barcelona\/wp-content\/uploads\/usu741\/2015\/01\/foto-classe.png\" alt=\"foto-classe\" width=\"353\" height=\"259\" srcset=\"https:\/\/agora.xtec.cat\/ceip-joanmiro-barcelona\/wp-content\/uploads\/usu741\/2015\/01\/foto-classe.png 640w, https:\/\/agora.xtec.cat\/ceip-joanmiro-barcelona\/wp-content\/uploads\/usu741\/2015\/01\/foto-classe-300x219.png 300w\" sizes=\"auto, (max-width: 353px) 100vw, 353px\" \/><\/a><\/strong><\/p>\n<blockquote>\n<p style=\"text-align: left;\"><strong>El Consell Escolar \u00e9s l\u2019\u00f2rgan m\u00e0xim de decisi\u00f3 i participaci\u00f3 del centre, on estan representats els diferents sectors de la comunitat educativa de l\u2019escola.\u00a0<\/strong><\/p>\n<\/blockquote>\n<p style=\"text-align: left;\">Est\u00e0 format per:<\/p>\n<ul style=\"text-align: left;\">\n<li><strong>Representants de fam\u00edlies:<\/strong>\u00a0 Mois\u00e8s Castillo, Marta Miguel, Carlos Reyes, Cristina D\u00edaz i Candela Lanusse.<\/li>\n<li><strong>Representants de mestres:<\/strong> Anna P\u00e0mias, Cristina Palos, Elisenda Isart, \u00c0ngels Alonso, Marta Plana i Andrea Ballesteros.<\/li>\n<li><strong>Representant de l\u2019AFA:<\/strong> Laia Obis.<\/li>\n<li><strong>Representant del\u00a0 PAE:<\/strong> Carme Rodero Torres.<\/li>\n<li><strong>Representant del\u00a0 PAS:<\/strong> Eva Alberich Bertran<\/li>\n<li><strong>Representant de l\u2019Ajuntament:<\/strong> Montserrat Chaos.<\/li>\n<li><strong>L\u2019equip directiu de l\u2019escola<\/strong>: Director i President, Llu\u00eds Pastor Pons, Cap d\u2019estudis, J\u00e8ssica Balcells Bros i i Secret\u00e0ria, Judith Huertas Bern\u00e9s.<\/li>\n<\/ul>\n<p style=\"text-align: left;\"><strong>Com es trien?<\/strong><\/p>\n<ul style=\"text-align: left;\">\n<li>Els 5 pares\/mares: s\u00f3n voluntaris que es presenten a les eleccions al Consell Escolar.<\/li>\n<li>Els 6 mestres: s\u00f3n votats pel col\u00b7lectiu de mestres.<\/li>\n<li>El membre designat per l&#8217;AFA acostuma a ser el seu president\/a.<\/li>\n<li>Dos membres del PAS\/PAE. \u00c9s designat entre els que hi ha a l\u2019escola.<\/li>\n<li>L\u2019equip directiu: el seu c\u00e0rrec\u00a0comporta formar part del Consell Escolar.<\/li>\n<\/ul>\n<p style=\"text-align: left;\"><strong>Cada quan es trien? <\/strong>Cada dos anys es renoven tots els membres electes del Consell Escolar i el seu mandat dura 4 anys.<\/p>\n","protected":false},"excerpt":{"rendered":"<p><a href=\"http:\/\/agora.xtec.cat\/ceip-joanmiro-barcelona\/wp-content\/uploads\/usu741\/2015\/01\/foto-classe.png\"><\/a><\/p>\n<p>El Consell Escolar \u00e9s l\u2019\u00f2rgan m\u00e0xim de decisi\u00f3 i participaci\u00f3 del centre, on estan representats els diferents sectors de la comunitat educativa de l\u2019escola.\u00a0<\/p>\n<p>Est\u00e0 format per:<\/p>\n<ul style=\"text-align: left;\">\n<li>Representants de fam\u00edlies:\u00a0 Mois\u00e8s Castillo, Marta Miguel, Carlos Reyes, Cristina D\u00edaz i Candela Lanusse.<\/li>\n<li>Representants de mestres: Anna&hellip;  <a href=\"https:\/\/agora.xtec.cat\/ceip-joanmiro-barcelona\/lescola\/consell-escolar\/\" title=\"Read Consell escolar\">Llegeix m\u00e9s\u00bb<\/a><br \/>\n","protected":false},"author":1,"featured_media":0,"parent":22,"menu_order":50,"comment_status":"closed","ping_status":"closed","template":"page-templates\/side-menu.php","meta":{"_bbp_topic_count":0,"_bbp_reply_count":0,"_bbp_total_topic_count":0,"_bbp_total_reply_count":0,"_bbp_voice_count":0,"_bbp_anonymous_reply_count":0,"_bbp_topic_count_hidden":0,"_bbp_reply_count_hidden":0,"_bbp_forum_subforum_count":0,"footnotes":""},"class_list":["post-28","page","type-page","status-publish","hentry"],"post_mailing_queue_ids":[],"_links":{"self":[{"href":"https:\/\/agora.xtec.cat\/ceip-joanmiro-barcelona\/wp-json\/wp\/v2\/pages\/28","targetHints":{"allow":["GET"]}}],"collection":[{"href":"https:\/\/agora.xtec.cat\/ceip-joanmiro-barcelona\/wp-json\/wp\/v2\/pages"}],"about":[{"href":"https:\/\/agora.xtec.cat\/ceip-joanmiro-barcelona\/wp-json\/wp\/v2\/types\/page"}],"author":[{"embeddable":true,"href":"https:\/\/agora.xtec.cat\/ceip-joanmiro-barcelona\/wp-json\/wp\/v2\/users\/1"}],"replies":[{"embeddable":true,"href":"https:\/\/agora.xtec.cat\/ceip-joanmiro-barcelona\/wp-json\/wp\/v2\/comments?post=28"}],"version-history":[{"count":8,"href":"https:\/\/agora.xtec.cat\/ceip-joanmiro-barcelona\/wp-json\/wp\/v2\/pages\/28\/revisions"}],"predecessor-version":[{"id":12378,"href":"https:\/\/agora.xtec.cat\/ceip-joanmiro-barcelona\/wp-json\/wp\/v2\/pages\/28\/revisions\/12378"}],"up":[{"embeddable":true,"href":"https:\/\/agora.xtec.cat\/ceip-joanmiro-barcelona\/wp-json\/wp\/v2\/pages\/22"}],"wp:attachment":[{"href":"https:\/\/agora.xtec.cat\/ceip-joanmiro-barcelona\/wp-json\/wp\/v2\/media?parent=28"}],"curies":[{"name":"wp","href":"https:\/\/api.w.org\/{rel}","templated":true}]}}