{"id":13307,"date":"2025-10-16T17:38:16","date_gmt":"2025-10-16T15:38:16","guid":{"rendered":"https:\/\/agora.xtec.cat\/ceip-joanmiro-barcelona\/?page_id=13307"},"modified":"2025-10-16T18:06:55","modified_gmt":"2025-10-16T16:06:55","slug":"compartim","status":"publish","type":"page","link":"https:\/\/agora.xtec.cat\/ceip-joanmiro-barcelona\/compartim\/","title":{"rendered":"Compartim"},"content":{"rendered":"<p><img loading=\"lazy\" decoding=\"async\" class=\"wp-image-13308 alignleft\" src=\"https:\/\/agora.xtec.cat\/ceip-joanmiro-barcelona\/wp-content\/uploads\/usu741\/2025\/10\/Compartim-1024x516.jpg\" alt=\"\" width=\"846\" height=\"426\" srcset=\"https:\/\/agora.xtec.cat\/ceip-joanmiro-barcelona\/wp-content\/uploads\/usu741\/2025\/10\/Compartim-1024x516.jpg 1024w, https:\/\/agora.xtec.cat\/ceip-joanmiro-barcelona\/wp-content\/uploads\/usu741\/2025\/10\/Compartim-300x151.jpg 300w, https:\/\/agora.xtec.cat\/ceip-joanmiro-barcelona\/wp-content\/uploads\/usu741\/2025\/10\/Compartim-768x387.jpg 768w, https:\/\/agora.xtec.cat\/ceip-joanmiro-barcelona\/wp-content\/uploads\/usu741\/2025\/10\/Compartim-1536x775.jpg 1536w, https:\/\/agora.xtec.cat\/ceip-joanmiro-barcelona\/wp-content\/uploads\/usu741\/2025\/10\/Compartim-2048x1033.jpg 2048w\" sizes=\"auto, (max-width: 846px) 100vw, 846px\" \/><\/p>\n<p>&nbsp;<\/p>\n<p>&nbsp;<\/p>\n<p>&nbsp;<\/p>\n<p><span style=\"font-weight: 400;\">El <\/span><b>Projecte Compartim<\/b><span style=\"font-weight: 400;\"> \u00e9s una iniciativa pr\u00f2pia de l\u2019Escola Joan Mir\u00f3 que t\u00e9 com a finalitat <\/span><b>fomentar la participaci\u00f3 activa de tota la comunitat educativa<\/b><span style=\"font-weight: 400;\"> \u2014mestres, fam\u00edlies i alumnat\u2014 en la vida del centre.<\/span><span style=\"font-weight: 400;\"><br \/>\n<\/span><\/p>\n<p>&nbsp;<\/p>\n<p><span style=\"font-weight: 400;\">Aquest projecte sorgeix com a resposta a la necessitat d\u2019enfortir <\/span><b>la relaci\u00f3 i la col\u00b7laboraci\u00f3 entre tots els agents implicats en l\u2019educaci\u00f3 dels infants<\/b><span style=\"font-weight: 400;\">, partint de la idea que l&#8217;escola \u00e9s una comunitat d\u2019aprenentatge on tots som corresponsables.<\/span><\/p>\n<p>&nbsp;<\/p>\n<p><span style=\"font-weight: 400;\">Els <\/span><b>objectius principals<\/b><span style=\"font-weight: 400;\"> del Projecte Compartim s\u00f3n:<\/span><\/p>\n<ul>\n<li style=\"font-weight: 400;\" aria-level=\"1\"><b>Impulsar la participaci\u00f3 activa de les fam\u00edlies<\/b><span style=\"font-weight: 400;\"> en el dia a dia de l\u2019escola, m\u00e9s enll\u00e0 de les activitats tradicionals.<\/span><\/li>\n<li style=\"font-weight: 400;\" aria-level=\"1\"><b>Afavorir espais de trobada, di\u00e0leg i cooperaci\u00f3<\/b><span style=\"font-weight: 400;\"> entre mestres, fam\u00edlies i alumnat.<\/span><\/li>\n<li style=\"font-weight: 400;\" aria-level=\"1\"><b>Generar vincles<\/b><span style=\"font-weight: 400;\"> que permetin crear un entorn educatiu de confian\u00e7a, respecte i col\u00b7laboraci\u00f3.<\/span><\/li>\n<li style=\"font-weight: 400;\" aria-level=\"1\"><b>Apropar l&#8217;escola al barri i a l&#8217;entorn social<\/b><span style=\"font-weight: 400;\">, obrint l\u2019escola a les entitats, col\u00b7lectius i recursos comunitaris.<\/span><\/li>\n<\/ul>\n<p><span style=\"font-weight: 400;\">Per donar resposta a aquests objectius, el Projecte Compartim es concreta en <\/span><b>accions diverses<\/b><span style=\"font-weight: 400;\">, algunes de les quals s\u00f3n:<\/span><\/p>\n<ul>\n<li style=\"font-weight: 400;\" aria-level=\"1\"><b>Tallers compartits<\/b><span style=\"font-weight: 400;\"> on fam\u00edlies i mestres organitzen conjuntament activitats pedag\u00f2giques per a l\u2019alumnat (art, ci\u00e8ncia, manualitats, cuina, jocs&#8230;).<\/span><\/li>\n<li style=\"font-weight: 400;\" aria-level=\"1\"><b>Espais de di\u00e0leg i formaci\u00f3 conjunta<\/b><span style=\"font-weight: 400;\">, com xerrades, grups de suport familiar, on es tracten temes d\u2019inter\u00e8s com\u00fa (educaci\u00f3 emocional, conviv\u00e8ncia, coeducaci\u00f3, l\u00edmits i normes, \u00fas de pantalles&#8230;).<\/span><\/li>\n<li style=\"font-weight: 400;\" aria-level=\"1\"><b>Projectes comunitaris<\/b><span style=\"font-weight: 400;\"> que impliquen la col\u00b7laboraci\u00f3 de fam\u00edlies, mestres i alumnat en accions solid\u00e0ries, ambientals o socials (ex.: hort escolar, campanyes de recollida, activitats intergeneracionals&#8230;).<\/span><\/li>\n<li style=\"font-weight: 400;\" aria-level=\"1\"><b>Participaci\u00f3 en espais d\u2019aprenentatge<\/b><span style=\"font-weight: 400;\">, com la llengua materna o les fam\u00edlies a l\u2019Escola on les fam\u00edlies col\u00b7laboren activament.<\/span><\/li>\n<li style=\"font-weight: 400;\" aria-level=\"1\"><b>Foment de la relaci\u00f3 amb entitats del barri<\/b><span style=\"font-weight: 400;\">, per obrir l\u2019escola a l\u2019entorn social (Biblioteca, Casal, associacions culturals, esportives, de lleure&#8230;).<\/span><\/li>\n<li style=\"font-weight: 400;\" aria-level=\"1\"><b style=\"font-family: inherit; font-size: 1em;\">Moments de celebraci\u00f3 col\u00b7lectiva<\/b><span style=\"font-weight: 400;\"> (festes, jornades de portes obertes,), on fam\u00edlies, alumnat i mestres comparteixen espais l\u00fadics i educatius.<\/span><\/li>\n<\/ul>\n","protected":false},"excerpt":{"rendered":"<p>&nbsp;<br \/>\n&nbsp;<br \/>\n&nbsp;<br \/>\nEl Projecte Compartim \u00e9s una iniciativa pr\u00f2pia de l\u2019Escola Joan Mir\u00f3 que t\u00e9 com a finalitat fomentar la participaci\u00f3 activa de tota la comunitat educativa \u2014mestres, fam\u00edlies i alumnat\u2014 en la vida del centre.<\/p>\n<p>&nbsp;<br \/>\nAquest projecte sorgeix com a resposta a la necessitat d\u2019enfortir la relaci\u00f3&hellip;  <a href=\"https:\/\/agora.xtec.cat\/ceip-joanmiro-barcelona\/compartim\/\" title=\"Read Compartim\">Llegeix m\u00e9s\u00bb<\/a><\/p>\n","protected":false},"author":50,"featured_media":0,"parent":0,"menu_order":0,"comment_status":"closed","ping_status":"closed","template":"","meta":{"_bbp_topic_count":0,"_bbp_reply_count":0,"_bbp_total_topic_count":0,"_bbp_total_reply_count":0,"_bbp_voice_count":0,"_bbp_anonymous_reply_count":0,"_bbp_topic_count_hidden":0,"_bbp_reply_count_hidden":0,"_bbp_forum_subforum_count":0,"footnotes":""},"class_list":["post-13307","page","type-page","status-publish","hentry"],"post_mailing_queue_ids":[],"_links":{"self":[{"href":"https:\/\/agora.xtec.cat\/ceip-joanmiro-barcelona\/wp-json\/wp\/v2\/pages\/13307","targetHints":{"allow":["GET"]}}],"collection":[{"href":"https:\/\/agora.xtec.cat\/ceip-joanmiro-barcelona\/wp-json\/wp\/v2\/pages"}],"about":[{"href":"https:\/\/agora.xtec.cat\/ceip-joanmiro-barcelona\/wp-json\/wp\/v2\/types\/page"}],"author":[{"embeddable":true,"href":"https:\/\/agora.xtec.cat\/ceip-joanmiro-barcelona\/wp-json\/wp\/v2\/users\/50"}],"replies":[{"embeddable":true,"href":"https:\/\/agora.xtec.cat\/ceip-joanmiro-barcelona\/wp-json\/wp\/v2\/comments?post=13307"}],"version-history":[{"count":6,"href":"https:\/\/agora.xtec.cat\/ceip-joanmiro-barcelona\/wp-json\/wp\/v2\/pages\/13307\/revisions"}],"predecessor-version":[{"id":13317,"href":"https:\/\/agora.xtec.cat\/ceip-joanmiro-barcelona\/wp-json\/wp\/v2\/pages\/13307\/revisions\/13317"}],"wp:attachment":[{"href":"https:\/\/agora.xtec.cat\/ceip-joanmiro-barcelona\/wp-json\/wp\/v2\/media?parent=13307"}],"curies":[{"name":"wp","href":"https:\/\/api.w.org\/{rel}","templated":true}]}}