{"id":1146,"date":"2016-11-22T17:21:16","date_gmt":"2016-11-22T16:21:16","guid":{"rendered":"http:\/\/agora.xtec.cat\/ceip-joanmiro-barcelona\/?page_id=1146"},"modified":"2025-01-25T13:11:28","modified_gmt":"2025-01-25T12:11:28","slug":"congres-de-ciencia","status":"publish","type":"page","link":"https:\/\/agora.xtec.cat\/ceip-joanmiro-barcelona\/lescola\/projectes-descola\/congres-de-ciencia\/","title":{"rendered":"Congr\u00e9s de ci\u00e8ncia"},"content":{"rendered":"<h4>Els infants, protagonistes de la Ci\u00e8ncia<img loading=\"lazy\" decoding=\"async\" class=\" wp-image-1147 alignright\" src=\"http:\/\/agora.xtec.cat\/ceip-joanmiro-barcelona\/wp-content\/uploads\/usu741\/2016\/11\/congr\u00e9s-de-ciencia.jpg\" alt=\"congres-de-ciencia\" width=\"119\" height=\"146\" \/><\/h4>\n<div><\/div>\n<p>Des de fa m\u00e9s de 10 anys, participem al Congr\u00e9s de Ci\u00e8ncia amb altres escoles de L&#8217;Eixample, Nou Barris, Sant Andreu i Sant Mart\u00ed. L&#8217;objectiu \u00e9s potenciar i difondre iniciatives on es posa de relleu la recerca i la investigaci\u00f3. La classe Pol Nord va presentar el projecte<em> &#8216;Com fem la rateta amb el mirall?&#8217;<\/em>, \u00a0Pica d&#8217;Estats ho va fer sota el t\u00edtol <em>&#8216;Perqu\u00e8 es fan malb\u00e9 els aliments?&#8217;,\u00a0\u00a0<\/em>els Guepards van investigar <em>&#8216;Per qu\u00e8 l&#8217;aigua t\u00e9 gust, olor i color?&#8217;,\u00a0<\/em>mentre que els Lleons i les Lleones van presentar\u00a0<em>&#8216;Per qu\u00e8 des del Tibidabo a vegades no veiem el mar? &#8216;.<\/em><\/p>\n<h3 id=\"sites-page-title-header\" align=\"left\"><span id=\"sites-page-title\" dir=\"ltr\" tabindex=\"-1\">\u00a0<\/span><\/h3>\n<h5><\/h5>\n<h5><\/h5>\n<h5><\/h5>\n<h5><\/h5>\n<h5>\r\n\t<div class=\"slideshow_container slideshow_container_style-light\" style=\" \" data-slideshow-id=\"1181\" data-style-name=\"style-light\" data-style-version=\"2.3.1\" >\r\n\r\n\t\t\t\t\t<div class=\"slideshow_loading_icon\"><\/div>\r\n\t\t\r\n\t\t<div class=\"slideshow_content\" style=\"display: none;\">\r\n\r\n\t\t\t<div class=\"slideshow_view\">\r\n\t<div class=\"slideshow_slide slideshow_slide_video\">\r\n\t\t<div class=\"slideshow_slide_video_id\" style=\"display: none;\" data-show-related-videos=\"0\">https:\/\/youtu.be\/_GLLGaJov5k?t=12m<\/div>\r\n\t<\/div>\r\n<div style=\"clear: both;\"><\/div><\/div><div class=\"slideshow_view\">\r\n\t<div class=\"slideshow_slide slideshow_slide_video\">\r\n\t\t<div class=\"slideshow_slide_video_id\" style=\"display: none;\" data-show-related-videos=\"0\">OpX6vBJGVtY<\/div>\r\n\t<\/div>\r\n<div style=\"clear: both;\"><\/div><\/div><div class=\"slideshow_view\">\r\n\t<div class=\"slideshow_slide slideshow_slide_video\">\r\n\t\t<div class=\"slideshow_slide_video_id\" style=\"display: none;\" data-show-related-videos=\"0\">1uXGPViZWAE<\/div>\r\n\t<\/div>\r\n<div style=\"clear: both;\"><\/div><\/div><div class=\"slideshow_view\">\r\n\t<div class=\"slideshow_slide slideshow_slide_video\">\r\n\t\t<div class=\"slideshow_slide_video_id\" style=\"display: none;\" data-show-related-videos=\"0\">7g2NRfeh5XA<\/div>\r\n\t<\/div>\r\n<div style=\"clear: both;\"><\/div><\/div>\r\n\t\t<\/div>\r\n\r\n\t\t<div class=\"slideshow_controlPanel slideshow_transparent\" style=\"display: none;\"><ul><li class=\"slideshow_togglePlay\" data-play-text=\"Visualitza\" data-pause-text=\"Pausa\"><\/li><\/ul><\/div>\r\n\r\n\t\t<div class=\"slideshow_button slideshow_previous slideshow_transparent\" role=\"button\" data-previous-text=\"Anterior\" style=\"display: none;\"><\/div>\r\n\t\t<div class=\"slideshow_button slideshow_next slideshow_transparent\" role=\"button\" data-next-text=\"Seg\u00fcent\" style=\"display: none;\"><\/div>\r\n\r\n\t\t<div class=\"slideshow_pagination\" style=\"display: none;\" data-go-to-text=\"V\u00e9s a la diapositiva\"><div class=\"slideshow_pagination_center\"><\/div><\/div>\r\n\r\n\t\t<!-- WordPress Slideshow Version 2.3.1 -->\r\n\r\n\t\t\t<\/div>\r\n\r\n<\/h5>\n<p>&nbsp;<\/p>\n","protected":false},"excerpt":{"rendered":"<p>Els infants, protagonistes de la Ci\u00e8ncia<\/p>\n<p>Des de fa m\u00e9s de 10 anys, participem al Congr\u00e9s de Ci\u00e8ncia amb altres escoles de L&#8217;Eixample, Nou Barris, Sant Andreu i Sant Mart\u00ed. L&#8217;objectiu \u00e9s potenciar i difondre iniciatives on es posa de relleu la recerca i la investigaci\u00f3.&hellip;  <a href=\"https:\/\/agora.xtec.cat\/ceip-joanmiro-barcelona\/lescola\/projectes-descola\/congres-de-ciencia\/\" title=\"Read Congr\u00e9s de ci\u00e8ncia\">Llegeix m\u00e9s\u00bb<\/a><\/p>\n","protected":false},"author":6,"featured_media":0,"parent":288,"menu_order":55,"comment_status":"closed","ping_status":"closed","template":"page-templates\/side-menu.php","meta":{"_bbp_topic_count":0,"_bbp_reply_count":0,"_bbp_total_topic_count":0,"_bbp_total_reply_count":0,"_bbp_voice_count":0,"_bbp_anonymous_reply_count":0,"_bbp_topic_count_hidden":0,"_bbp_reply_count_hidden":0,"_bbp_forum_subforum_count":0,"footnotes":""},"class_list":["post-1146","page","type-page","status-publish","hentry"],"post_mailing_queue_ids":[],"_links":{"self":[{"href":"https:\/\/agora.xtec.cat\/ceip-joanmiro-barcelona\/wp-json\/wp\/v2\/pages\/1146","targetHints":{"allow":["GET"]}}],"collection":[{"href":"https:\/\/agora.xtec.cat\/ceip-joanmiro-barcelona\/wp-json\/wp\/v2\/pages"}],"about":[{"href":"https:\/\/agora.xtec.cat\/ceip-joanmiro-barcelona\/wp-json\/wp\/v2\/types\/page"}],"author":[{"embeddable":true,"href":"https:\/\/agora.xtec.cat\/ceip-joanmiro-barcelona\/wp-json\/wp\/v2\/users\/6"}],"replies":[{"embeddable":true,"href":"https:\/\/agora.xtec.cat\/ceip-joanmiro-barcelona\/wp-json\/wp\/v2\/comments?post=1146"}],"version-history":[{"count":4,"href":"https:\/\/agora.xtec.cat\/ceip-joanmiro-barcelona\/wp-json\/wp\/v2\/pages\/1146\/revisions"}],"predecessor-version":[{"id":12402,"href":"https:\/\/agora.xtec.cat\/ceip-joanmiro-barcelona\/wp-json\/wp\/v2\/pages\/1146\/revisions\/12402"}],"up":[{"embeddable":true,"href":"https:\/\/agora.xtec.cat\/ceip-joanmiro-barcelona\/wp-json\/wp\/v2\/pages\/288"}],"wp:attachment":[{"href":"https:\/\/agora.xtec.cat\/ceip-joanmiro-barcelona\/wp-json\/wp\/v2\/media?parent=1146"}],"curies":[{"name":"wp","href":"https:\/\/api.w.org\/{rel}","templated":true}]}}