{"id":38,"date":"2014-09-18T12:34:08","date_gmt":"2014-09-18T11:34:08","guid":{"rendered":"http:\/\/agora.xtec.cat\/ceip-joan-coret\/?page_id=38"},"modified":"2017-09-28T16:39:07","modified_gmt":"2017-09-28T14:39:07","slug":"salut","status":"publish","type":"page","link":"https:\/\/agora.xtec.cat\/ceip-joan-coret\/lescola\/salut\/","title":{"rendered":"Salut"},"content":{"rendered":"<p><strong><u>ATENCI\u00d3 ALS POLLS<\/u><\/strong><\/p>\n<p>El poll del cap \u00e9s un insecte, no volador, par\u00e0sit de l\u2019\u00e9sser hum\u00e0. El poll s\u2019alimenta de la sang que xucla. \u00c9s de color blanc gris\u00f3s i d\u2019una mida aproximada als tres mil\u00b7l\u00edmetres. Els seus ous s\u00f3n les ll\u00e9menes que es fixen als cabells, arran del cuir cabellut.<\/p>\n<p>Tothom pot tenir polls, per\u00f2 \u00e9s m\u00e9s f\u00e0cil que en tinguin els infants, perqu\u00e8 passen d\u2019un cap a l\u2019altre quan juguen. Un nen\/nena pot ser molt net o neta i tenir polls.<\/p>\n<p>Quan un nen\/nena t\u00e9 polls \u00e9s necessari vigilar a tots els membres de la fam\u00edlia i a tots els que tenen contacte amb ell\/ella, especialment els companys i companyes de l\u2019escola, per a trobar altres possibles afectats.<\/p>\n<p>Si els nens i nenes es pentinen o es raspallen sovint els cabells, \u00e9s f\u00e0cil que si tenen polls es destrueixin. La pinta i el raspall han d\u2019estar sempre ben nets. En canvi, no \u00e9s necessari tallar el cabell per a evitar els polls, ja que viuen arran del cuir cabellut. Vigileu el cabell dels vostres fills\/es, especialment al clatell i al costat de les orelles.<\/p>\n<p><strong>Si el vostre fill\/fila t\u00e9 polls, feu el seg\u00fcent tractament<\/strong>:<\/p>\n<ul>\n<li>Abans d\u2019anar a dormir, poseu-li abundant loci\u00f3 antiparasit\u00e0ria, sense rentar-li el cap.<\/li>\n<li>L\u2019endem\u00e0 renteu-li el cap amb xamp\u00fa i pentineu b\u00e9 el cabell amb una pinta espessa. Si hi ha ll\u00e9menes molt adherides i no se\u2019n van f\u00e0cilment, poseu vinagre a l\u2019aigua d\u2019esbandir el cabell que ajudar\u00e0 a que desprenguin quan el pentines.<\/li>\n<li>No s\u2019han de fer servir insecticides en infants sense polls \u201cprevenir\u201d perqu\u00e8 afavoreixen l\u2019aparici\u00f3 de polls resistents als insecticides.<\/li>\n<\/ul>\n<p>Recordar que per la Llei antitabac 28\/2005 de 26 de desembre,\u00a0<strong>no es pot fumar<\/strong>\u00a0en el recinte escolar.<\/p>\n<p>Tampoc\u00a0<strong>no es pot accedir<\/strong>\u00a0al recinte escolar\u00a0<strong>amb animals de companyia<\/strong>, encara que aquests els porteu agafats.<\/p>\n","protected":false},"excerpt":{"rendered":"<p>ATENCI\u00d3 ALS POLLS<br \/>\nEl poll del cap \u00e9s un insecte, no volador, par\u00e0sit de l\u2019\u00e9sser hum\u00e0. El poll s\u2019alimenta de la sang que xucla. \u00c9s de color blanc gris\u00f3s i d\u2019una mida aproximada als tres mil\u00b7l\u00edmetres. Els seus ous s\u00f3n les ll\u00e9menes que es fixen als&hellip;  <a href=\"https:\/\/agora.xtec.cat\/ceip-joan-coret\/lescola\/salut\/\" title=\"Read Salut\">Llegeix m\u00e9s\u00bb<\/a><\/p>\n","protected":false},"author":1,"featured_media":0,"parent":22,"menu_order":80,"comment_status":"closed","ping_status":"closed","template":"page-templates\/side-menu.php","meta":{"_bbp_topic_count":0,"_bbp_reply_count":0,"_bbp_total_topic_count":0,"_bbp_total_reply_count":0,"_bbp_voice_count":0,"_bbp_anonymous_reply_count":0,"_bbp_topic_count_hidden":0,"_bbp_reply_count_hidden":0,"_bbp_forum_subforum_count":0,"footnotes":""},"class_list":["post-38","page","type-page","status-publish","hentry"],"post_mailing_queue_ids":[],"_links":{"self":[{"href":"https:\/\/agora.xtec.cat\/ceip-joan-coret\/wp-json\/wp\/v2\/pages\/38","targetHints":{"allow":["GET"]}}],"collection":[{"href":"https:\/\/agora.xtec.cat\/ceip-joan-coret\/wp-json\/wp\/v2\/pages"}],"about":[{"href":"https:\/\/agora.xtec.cat\/ceip-joan-coret\/wp-json\/wp\/v2\/types\/page"}],"author":[{"embeddable":true,"href":"https:\/\/agora.xtec.cat\/ceip-joan-coret\/wp-json\/wp\/v2\/users\/1"}],"replies":[{"embeddable":true,"href":"https:\/\/agora.xtec.cat\/ceip-joan-coret\/wp-json\/wp\/v2\/comments?post=38"}],"version-history":[{"count":3,"href":"https:\/\/agora.xtec.cat\/ceip-joan-coret\/wp-json\/wp\/v2\/pages\/38\/revisions"}],"predecessor-version":[{"id":506,"href":"https:\/\/agora.xtec.cat\/ceip-joan-coret\/wp-json\/wp\/v2\/pages\/38\/revisions\/506"}],"up":[{"embeddable":true,"href":"https:\/\/agora.xtec.cat\/ceip-joan-coret\/wp-json\/wp\/v2\/pages\/22"}],"wp:attachment":[{"href":"https:\/\/agora.xtec.cat\/ceip-joan-coret\/wp-json\/wp\/v2\/media?parent=38"}],"curies":[{"name":"wp","href":"https:\/\/api.w.org\/{rel}","templated":true}]}}