{"id":3716,"date":"2020-05-08T12:37:07","date_gmt":"2020-05-08T10:37:07","guid":{"rendered":"http:\/\/agora.xtec.cat\/ceip-joan-coret\/?page_id=3716"},"modified":"2021-02-07T11:49:58","modified_gmt":"2021-02-07T10:49:58","slug":"pre-inscripcio-curs-2021-22","status":"publish","type":"page","link":"https:\/\/agora.xtec.cat\/ceip-joan-coret\/pre-inscripcio-curs-2021-22\/","title":{"rendered":"CALENDARI PREINSCRIPCI\u00d3 i MATR\u00cdCULA CURS 21-22"},"content":{"rendered":"<ul>\n<li>Presentaci\u00f3 de sol.licituds de la preinscripci\u00f3: del 15 al 24 de mar\u00e7 de 2021<\/li>\n<li>Publicaci\u00f3 de les llistes amb el barem provisional:<\/li>\n<li>Presentaci\u00f3 de sol.licituds <strong>fora de termini<\/strong>:<\/li>\n<li>Presentaci\u00f3 de reclamacions al barem provisional:<\/li>\n<li>Publicaci\u00f3 de llistes amb el barem un cop resoltes les reclamacions:<\/li>\n<li>Sorteig:<\/li>\n<li>Publicaci\u00f3 de llistes ordenades definitives:<\/li>\n<li>Ampliaci\u00f3 de peticions (per aquells que necessiten assignaci\u00f3 d&#8217;ofici i no s&#8217;han assignat per petici\u00f3 original): del<\/li>\n<li>Publicaci\u00f3 de les llistes d&#8217;assignaci\u00f3 i llista d&#8217;espera:<\/li>\n<li>Matr\u00edcula:<\/li>\n<\/ul>\n","protected":false},"excerpt":{"rendered":"<ul>\n<li>Presentaci\u00f3 de sol.licituds de la preinscripci\u00f3: del 15 al 24 de mar\u00e7 de 2021<\/li>\n<li>Publicaci\u00f3 de les llistes amb el barem provisional:<\/li>\n<li>Presentaci\u00f3 de sol.licituds fora de termini:<\/li>\n<li>Presentaci\u00f3 de reclamacions al barem provisional:<\/li>\n<li>Publicaci\u00f3 de llistes amb el barem un cop resoltes les reclamacions:<\/li>\n<li>Sorteig:<\/li>\n<li>Publicaci\u00f3 de llistes ordenades definitives:<\/li>\n<li>Ampliaci\u00f3&hellip;  <a href=\"https:\/\/agora.xtec.cat\/ceip-joan-coret\/pre-inscripcio-curs-2021-22\/\" title=\"Read CALENDARI PREINSCRIPCI\u00d3 i MATR\u00cdCULA CURS 21-22\">Llegeix m\u00e9s\u00bb<\/a><br \/>\n","protected":false},"author":3,"featured_media":0,"parent":0,"menu_order":0,"comment_status":"closed","ping_status":"closed","template":"","meta":{"_bbp_topic_count":0,"_bbp_reply_count":0,"_bbp_total_topic_count":0,"_bbp_total_reply_count":0,"_bbp_voice_count":0,"_bbp_anonymous_reply_count":0,"_bbp_topic_count_hidden":0,"_bbp_reply_count_hidden":0,"_bbp_forum_subforum_count":0,"footnotes":""},"class_list":["post-3716","page","type-page","status-publish","hentry"],"post_mailing_queue_ids":[],"_links":{"self":[{"href":"https:\/\/agora.xtec.cat\/ceip-joan-coret\/wp-json\/wp\/v2\/pages\/3716","targetHints":{"allow":["GET"]}}],"collection":[{"href":"https:\/\/agora.xtec.cat\/ceip-joan-coret\/wp-json\/wp\/v2\/pages"}],"about":[{"href":"https:\/\/agora.xtec.cat\/ceip-joan-coret\/wp-json\/wp\/v2\/types\/page"}],"author":[{"embeddable":true,"href":"https:\/\/agora.xtec.cat\/ceip-joan-coret\/wp-json\/wp\/v2\/users\/3"}],"replies":[{"embeddable":true,"href":"https:\/\/agora.xtec.cat\/ceip-joan-coret\/wp-json\/wp\/v2\/comments?post=3716"}],"version-history":[{"count":2,"href":"https:\/\/agora.xtec.cat\/ceip-joan-coret\/wp-json\/wp\/v2\/pages\/3716\/revisions"}],"predecessor-version":[{"id":4591,"href":"https:\/\/agora.xtec.cat\/ceip-joan-coret\/wp-json\/wp\/v2\/pages\/3716\/revisions\/4591"}],"wp:attachment":[{"href":"https:\/\/agora.xtec.cat\/ceip-joan-coret\/wp-json\/wp\/v2\/media?parent=3716"}],"curies":[{"name":"wp","href":"https:\/\/api.w.org\/{rel}","templated":true}]}}