{"id":2185,"date":"2019-09-04T14:38:54","date_gmt":"2019-09-04T12:38:54","guid":{"rendered":"http:\/\/agora.xtec.cat\/ceip-joan-coret\/?page_id=2185"},"modified":"2019-09-04T14:42:08","modified_gmt":"2019-09-04T12:42:08","slug":"nou-decret-avaluacio","status":"publish","type":"page","link":"https:\/\/agora.xtec.cat\/ceip-joan-coret\/projecte-educatiu\/nou-decret-avaluacio\/","title":{"rendered":"Nou Decret Avaluaci\u00f3"},"content":{"rendered":"<p class=\"western\" lang=\"ca-ES\"><span style=\"font-family: Comic Sans MS, serif;\"><span style=\"font-size: medium;\">Benvolgudes fam\u00edlies,<\/span><\/span><\/p>\n<p class=\"western\" lang=\"ca-ES\"><span style=\"font-family: Comic Sans MS, serif;\"><span style=\"font-size: medium;\">El curs 2016-2017 <\/span><\/span><span style=\"font-family: Comic Sans MS, serif;\"><span style=\"font-size: medium;\"><b>el Departament d\u2019Ensenyament va establir un nou referent normatiu al procediment i als documents de l\u2019avaluaci\u00f3<\/b><\/span><\/span><span style=\"font-family: Comic Sans MS, serif;\"><span style=\"font-size: medium;\"> (ordre ENS\/164\/2016, de 14 de juny, per la qual es determinen el procediment i els documents i requisits formals del proc\u00e9s d\u2019avaluaci\u00f3 en l\u2019educaci\u00f3 prim\u00e0ria, DOGC n\u00fam. 7128-23.6.2016) que comporta alguns canvis en l\u2019informe d\u2019avaluaci\u00f3 que rebreu a partir d\u2019ara. Creiem oport\u00fa comentar-vos les novetats m\u00e9s importants que us trobareu per tal de facilitar-vos la comprensi\u00f3 dels informes que rebreu a partir d\u2019aquest curs.<\/span><\/span><\/p>\n<p class=\"western\" lang=\"ca-ES\"><span style=\"font-family: Comic Sans MS, serif;\"><span style=\"font-size: medium;\">Aquests <\/span><\/span><span style=\"font-family: Comic Sans MS, serif;\"><span style=\"font-size: medium;\"><b>canvis en el sistema d\u2019avaluaci\u00f3<\/b><\/span><\/span><span style=\"font-family: Comic Sans MS, serif;\"><span style=\"font-size: medium;\"> corresponen a l\u2019adequaci\u00f3 de la nova organitzaci\u00f3 del curr\u00edculum (Decret 119\/2015, 23 de juny) orientat a una intensificaci\u00f3 de <\/span><\/span><span style=\"font-family: Comic Sans MS, serif;\"><span style=\"font-size: medium;\"><b>l\u2019enfocament competencial<\/b><\/span><\/span><span style=\"font-family: Comic Sans MS, serif;\"><span style=\"font-size: medium;\"> dels aprenentatges que des de fa un temps ja s\u2019est\u00e0 aplicant.<\/span><\/span><\/p>\n<p class=\"western\" lang=\"ca-ES\"><span style=\"font-family: Comic Sans MS, serif;\"><span style=\"font-size: medium;\"><b>Les diferents \u00e0rees passen a agrupar-se en \u00e0mbits: l\u2019\u00e0mbit ling\u00fc\u00edstic, el matem\u00e0tic, el de coneixement del medi, l\u2019art\u00edstic, el d\u2019educaci\u00f3 f\u00edsica i el d\u2019educaci\u00f3 en valors.<\/b><\/span><\/span><span style=\"font-family: Comic Sans MS, serif;\"><span style=\"font-size: medium;\"> Cadascun <\/span><\/span><span style=\"font-family: Comic Sans MS, serif;\"><span style=\"font-size: medium;\"><b>d\u2019aquests sis \u00e0mbits t\u00e9 associades unes compet\u00e8ncies b\u00e0siques pr\u00f2pies, agrupades en dimensions.<\/b><\/span><\/span><\/p>\n<table width=\"576\" cellspacing=\"0\" cellpadding=\"7\">\n<colgroup>\n<col width=\"273\" \/>\n<col width=\"273\" \/> <\/colgroup>\n<tbody>\n<tr valign=\"top\">\n<td width=\"273\">\n<p class=\"western\" lang=\"ca-ES\"><span style=\"font-family: Comic Sans MS, serif;\"><span style=\"font-size: small;\">\u00c0MBITS<\/span><\/span><\/p>\n<\/td>\n<td width=\"273\">\n<p class=\"western\" lang=\"ca-ES\"><span style=\"font-family: Comic Sans MS, serif;\"><span style=\"font-size: small;\">DIMENSIONS<\/span><\/span><\/p>\n<\/td>\n<\/tr>\n<tr valign=\"top\">\n<td width=\"273\">\n<p class=\"western\" lang=\"ca-ES\"><span style=\"font-family: Comic Sans MS, serif;\"><span style=\"font-size: small;\">\u00c0mbit Matem\u00e0tic<\/span><\/span><\/p>\n<\/td>\n<td width=\"273\">\n<ol>\n<li>\n<p lang=\"ca-ES\"><span style=\"font-family: Comic Sans MS, serif;\"><span style=\"font-size: small;\">Resoluci\u00f3 de problemes<\/span><\/span><\/p>\n<\/li>\n<li>\n<p lang=\"ca-ES\"><span style=\"font-family: Comic Sans MS, serif;\"><span style=\"font-size: small;\">Raonament i prova<\/span><\/span><\/p>\n<\/li>\n<li>\n<p lang=\"ca-ES\"><span style=\"font-family: Comic Sans MS, serif;\"><span style=\"font-size: small;\">Connexions<\/span><\/span><\/p>\n<\/li>\n<li>\n<p lang=\"ca-ES\"><span style=\"font-family: Comic Sans MS, serif;\"><span style=\"font-size: small;\">Comunicaci\u00f3 i representacions<\/span><\/span><\/p>\n<\/li>\n<\/ol>\n<\/td>\n<\/tr>\n<tr valign=\"top\">\n<td width=\"273\">\n<p class=\"western\" lang=\"ca-ES\"><span style=\"font-family: Comic Sans MS, serif;\"><span style=\"font-size: small;\">\u00c0mbit Ling\u00fc\u00edstic <\/span><\/span><\/p>\n<\/td>\n<td width=\"273\">\n<ol>\n<li>\n<p lang=\"ca-ES\"><span style=\"font-family: Comic Sans MS, serif;\"><span style=\"font-size: small;\">Comunicaci\u00f3 oral<\/span><\/span><\/p>\n<\/li>\n<li>\n<p lang=\"ca-ES\"><span style=\"font-family: Comic Sans MS, serif;\"><span style=\"font-size: small;\">Comprensi\u00f3 lectora<\/span><\/span><\/p>\n<\/li>\n<li>\n<p lang=\"ca-ES\"><span style=\"font-family: Comic Sans MS, serif;\"><span style=\"font-size: small;\">Comprensi\u00f3 escrita<\/span><\/span><\/p>\n<\/li>\n<li>\n<p lang=\"ca-ES\"><span style=\"font-family: Comic Sans MS, serif;\"><span style=\"font-size: small;\">Liter\u00e0ria<\/span><\/span><\/p>\n<\/li>\n<li>\n<p lang=\"ca-ES\"><span style=\"font-family: Comic Sans MS, serif;\"><span style=\"font-size: small;\">Pluriling\u00fce <\/span><\/span><\/p>\n<\/li>\n<\/ol>\n<\/td>\n<\/tr>\n<tr valign=\"top\">\n<td width=\"273\">\n<p class=\"western\" lang=\"ca-ES\"><span style=\"font-family: Comic Sans MS, serif;\"><span style=\"font-size: small;\">\u00c0mbit Art\u00edstic <\/span><\/span><\/p>\n<\/td>\n<td width=\"273\">\n<ol>\n<li>\n<p lang=\"ca-ES\"><span style=\"font-family: Comic Sans MS, serif;\"><span style=\"font-size: small;\">Percepci\u00f3, comprensi\u00f3 i valoraci\u00f3<\/span><\/span><\/p>\n<\/li>\n<li>\n<p lang=\"ca-ES\"><span style=\"font-family: Comic Sans MS, serif;\"><span style=\"font-size: small;\">Interpretaci\u00f3 i producci\u00f3<\/span><\/span><\/p>\n<\/li>\n<li>\n<p lang=\"ca-ES\"><span style=\"font-family: Comic Sans MS, serif;\"><span style=\"font-size: small;\">Imaginaci\u00f3 i creativitat<\/span><\/span><\/p>\n<\/li>\n<\/ol>\n<\/td>\n<\/tr>\n<tr valign=\"top\">\n<td width=\"273\">\n<p class=\"western\" lang=\"ca-ES\"><span style=\"font-family: Comic Sans MS, serif;\"><span style=\"font-size: small;\">\u00c0mbit de l\u2019Educaci\u00f3 en Valors<\/span><\/span><\/p>\n<\/td>\n<td width=\"273\">\n<ol>\n<li>\n<p lang=\"ca-ES\"><span style=\"font-family: Comic Sans MS, serif;\"><span style=\"font-size: small;\">Personal<\/span><\/span><\/p>\n<\/li>\n<li>\n<p lang=\"ca-ES\"><span style=\"font-family: Comic Sans MS, serif;\"><span style=\"font-size: small;\">Interpersonal<\/span><\/span><\/p>\n<\/li>\n<li>\n<p lang=\"ca-ES\"><span style=\"font-family: Comic Sans MS, serif;\"><span style=\"font-size: small;\">Social<\/span><\/span><\/p>\n<\/li>\n<\/ol>\n<\/td>\n<\/tr>\n<tr valign=\"top\">\n<td width=\"273\">\n<p class=\"western\" lang=\"ca-ES\"><span style=\"font-family: Comic Sans MS, serif;\"><span style=\"font-size: small;\">\u00c0mbit dels Coneixement del Medi<\/span><\/span><\/p>\n<\/td>\n<td width=\"273\">\n<ol>\n<li>\n<p lang=\"ca-ES\"><span style=\"font-family: Comic Sans MS, serif;\"><span style=\"font-size: small;\">M\u00f3n actual<\/span><\/span><\/p>\n<\/li>\n<li>\n<p lang=\"ca-ES\"><span style=\"font-family: Comic Sans MS, serif;\"><span style=\"font-size: small;\">Salut equilibri personal<\/span><\/span><\/p>\n<\/li>\n<li>\n<p lang=\"ca-ES\"><span style=\"font-family: Comic Sans MS, serif;\"><span style=\"font-size: small;\">Tecnologia i vida quotidiana<\/span><\/span><\/p>\n<\/li>\n<li>\n<p lang=\"ca-ES\"><span style=\"font-family: Comic Sans MS, serif;\"><span style=\"font-size: small;\">Ciutadania<\/span><\/span><\/p>\n<\/li>\n<\/ol>\n<\/td>\n<\/tr>\n<tr valign=\"top\">\n<td width=\"273\">\n<p class=\"western\" lang=\"ca-ES\"><span style=\"font-family: Comic Sans MS, serif;\"><span style=\"font-size: small;\">\u00c0mbit de l\u2019Educaci\u00f3 F\u00edsica<\/span><\/span><\/p>\n<\/td>\n<td width=\"273\">\n<ol>\n<li>\n<p lang=\"ca-ES\"><span style=\"font-family: Comic Sans MS, serif;\"><span style=\"font-size: small;\">Activitats F\u00edsica<\/span><\/span><\/p>\n<\/li>\n<li>\n<p lang=\"ca-ES\"><span style=\"font-family: Comic Sans MS, serif;\"><span style=\"font-size: small;\">H\u00e0bits saludables<\/span><\/span><\/p>\n<\/li>\n<li>\n<p lang=\"ca-ES\"><span style=\"font-family: Comic Sans MS, serif;\"><span style=\"font-size: small;\">Expressi\u00f3 comunicaci\u00f3 personal<\/span><\/span><\/p>\n<\/li>\n<li>\n<p lang=\"ca-ES\"><span style=\"font-family: Comic Sans MS, serif;\"><span style=\"font-size: small;\">Joc motor i temps lliure<\/span><\/span><\/p>\n<\/li>\n<\/ol>\n<\/td>\n<\/tr>\n<\/tbody>\n<\/table>\n<p class=\"western\" lang=\"ca-ES\">L\u2019informe tamb\u00e9 inclou l\u2019avaluaci\u00f3 de tres compet\u00e8ncies de l\u2019alumne\/a als finals de cicle inicial, mitja i superior :<\/p>\n<ul>\n<li>\n<p lang=\"ca-ES\">Compet\u00e8ncia digital<\/p>\n<\/li>\n<li>\n<p lang=\"ca-ES\">Compet\u00e8ncia d\u2019aprendre a aprendre<\/p>\n<\/li>\n<li>\n<p lang=\"ca-ES\">Compet\u00e8ncia d\u2019autonomia, iniciativa personal i emprenedor\/a.<\/p>\n<\/li>\n<\/ul>\n<p lang=\"ca-ES\">Tots els \u00e0mbits i dimensions estan valorats amb la seg\u00fcent nomenclatura:<\/p>\n<ul>\n<li>\n<p lang=\"ca-ES\"><b>AE<\/b>: Assoleix de forma Excel\u00b7lent<\/p>\n<\/li>\n<li>\n<p lang=\"ca-ES\"><b>AN<\/b>: Assoleix de forma Notable<\/p>\n<\/li>\n<li>\n<p lang=\"ca-ES\"><b>AS<\/b>: assoleix de forma Satisfact\u00f2ria<\/p>\n<\/li>\n<li>\n<p lang=\"ca-ES\"><b>NA<\/b>: No assoleix<\/p>\n<\/li>\n<\/ul>\n<p class=\"western\" lang=\"ca-ES\">Ben cordialment<\/p>\n<p class=\"western\" lang=\"ca-ES\">L\u2019equip de mestres<\/p>\n","protected":false},"excerpt":{"rendered":"<p>Benvolgudes fam\u00edlies,<br \/>\nEl curs 2016-2017 el Departament d\u2019Ensenyament va establir un nou referent normatiu al procediment i als documents de l\u2019avaluaci\u00f3 (ordre ENS\/164\/2016, de 14 de juny, per la qual es determinen el procediment i els documents i requisits formals del proc\u00e9s d\u2019avaluaci\u00f3 en l\u2019educaci\u00f3 prim\u00e0ria,&hellip;  <a href=\"https:\/\/agora.xtec.cat\/ceip-joan-coret\/projecte-educatiu\/nou-decret-avaluacio\/\" title=\"Read Nou Decret Avaluaci\u00f3\">Llegeix m\u00e9s\u00bb<\/a><\/p>\n","protected":false},"author":3,"featured_media":0,"parent":64,"menu_order":0,"comment_status":"closed","ping_status":"closed","template":"page-templates\/side-menu.php","meta":{"_bbp_topic_count":0,"_bbp_reply_count":0,"_bbp_total_topic_count":0,"_bbp_total_reply_count":0,"_bbp_voice_count":0,"_bbp_anonymous_reply_count":0,"_bbp_topic_count_hidden":0,"_bbp_reply_count_hidden":0,"_bbp_forum_subforum_count":0,"footnotes":""},"class_list":["post-2185","page","type-page","status-publish","hentry"],"post_mailing_queue_ids":[],"_links":{"self":[{"href":"https:\/\/agora.xtec.cat\/ceip-joan-coret\/wp-json\/wp\/v2\/pages\/2185","targetHints":{"allow":["GET"]}}],"collection":[{"href":"https:\/\/agora.xtec.cat\/ceip-joan-coret\/wp-json\/wp\/v2\/pages"}],"about":[{"href":"https:\/\/agora.xtec.cat\/ceip-joan-coret\/wp-json\/wp\/v2\/types\/page"}],"author":[{"embeddable":true,"href":"https:\/\/agora.xtec.cat\/ceip-joan-coret\/wp-json\/wp\/v2\/users\/3"}],"replies":[{"embeddable":true,"href":"https:\/\/agora.xtec.cat\/ceip-joan-coret\/wp-json\/wp\/v2\/comments?post=2185"}],"version-history":[{"count":2,"href":"https:\/\/agora.xtec.cat\/ceip-joan-coret\/wp-json\/wp\/v2\/pages\/2185\/revisions"}],"predecessor-version":[{"id":2187,"href":"https:\/\/agora.xtec.cat\/ceip-joan-coret\/wp-json\/wp\/v2\/pages\/2185\/revisions\/2187"}],"up":[{"embeddable":true,"href":"https:\/\/agora.xtec.cat\/ceip-joan-coret\/wp-json\/wp\/v2\/pages\/64"}],"wp:attachment":[{"href":"https:\/\/agora.xtec.cat\/ceip-joan-coret\/wp-json\/wp\/v2\/media?parent=2185"}],"curies":[{"name":"wp","href":"https:\/\/api.w.org\/{rel}","templated":true}]}}