{"id":607,"date":"2017-10-01T17:54:11","date_gmt":"2017-10-01T15:54:11","guid":{"rendered":"http:\/\/agora.xtec.cat\/ceip-ignasiiglesias-cornella\/?page_id=607"},"modified":"2020-03-19T14:04:00","modified_gmt":"2020-03-19T13:04:00","slug":"apadrinament-lector","status":"publish","type":"page","link":"https:\/\/agora.xtec.cat\/ceip-ignasiiglesias-cornella\/projecte-educatiu\/apadrinament-lector\/","title":{"rendered":"Apadrinament lector"},"content":{"rendered":"<p>L&#8217;apadrinament lector consisteix en una activitat compartida entre alumnes de cicle inicial i de cicle superior, on el gust per la lectura \u00e9s el nexe d&#8217;uni\u00f3.\u00a0 Els grans tutoritzen els petits, per\u00f2 sense l&#8217;objectiu d&#8217;ensenyar-los a llegir.\u00a0 L&#8217;objectiu \u00e9s gaudir de les imatges, dels relats, de la varietat de la tem\u00e0tica,&#8230; mentre es van establint lla\u00e7os afectius entre fillols i padrins.<\/p>\n<p>En un primer contacte, els padrins s&#8217;assabenten de les prefer\u00e8ncies dels fillols per triar contes adients. \u00a0 Despr\u00e8s, prepararan la manera de presentar el conte, c\u00f3m observar les imatges i quin llenguatge utilitzar.\u00a0 Un cop cada quinze dies fillol i padr\u00ed es trobaran i dedicaran un temps exclusiu a compartir el conte.\u00a0 Aquesta activitat es repeteix durant tot el curs.<\/p>\n<p>El vincle fillol\/padr\u00ed va m\u00e9s enll\u00e0 en activitats compartides com la castanyada, l&#8217;intercanvi de postals de Nadal, les activitats de Sant Jordi&#8230;<\/p>\n","protected":false},"excerpt":{"rendered":"<p>L&#8217;apadrinament lector consisteix en una activitat compartida entre alumnes de cicle inicial i de cicle superior, on el gust per la lectura \u00e9s el nexe d&#8217;uni\u00f3.\u00a0 Els grans tutoritzen els petits, per\u00f2 sense l&#8217;objectiu d&#8217;ensenyar-los a llegir.\u00a0 L&#8217;objectiu \u00e9s gaudir de les imatges, dels relats,&hellip;  <a href=\"https:\/\/agora.xtec.cat\/ceip-ignasiiglesias-cornella\/projecte-educatiu\/apadrinament-lector\/\" title=\"Read Apadrinament lector\">Llegeix m\u00e9s\u00bb<\/a><\/p>\n","protected":false},"author":1,"featured_media":0,"parent":64,"menu_order":0,"comment_status":"closed","ping_status":"closed","template":"page-templates\/side-menu.php","meta":{"_bbp_topic_count":0,"_bbp_reply_count":0,"_bbp_total_topic_count":0,"_bbp_total_reply_count":0,"_bbp_voice_count":0,"_bbp_anonymous_reply_count":0,"_bbp_topic_count_hidden":0,"_bbp_reply_count_hidden":0,"_bbp_forum_subforum_count":0,"footnotes":""},"class_list":["post-607","page","type-page","status-publish","hentry"],"post_mailing_queue_ids":[],"_links":{"self":[{"href":"https:\/\/agora.xtec.cat\/ceip-ignasiiglesias-cornella\/wp-json\/wp\/v2\/pages\/607","targetHints":{"allow":["GET"]}}],"collection":[{"href":"https:\/\/agora.xtec.cat\/ceip-ignasiiglesias-cornella\/wp-json\/wp\/v2\/pages"}],"about":[{"href":"https:\/\/agora.xtec.cat\/ceip-ignasiiglesias-cornella\/wp-json\/wp\/v2\/types\/page"}],"author":[{"embeddable":true,"href":"https:\/\/agora.xtec.cat\/ceip-ignasiiglesias-cornella\/wp-json\/wp\/v2\/users\/1"}],"replies":[{"embeddable":true,"href":"https:\/\/agora.xtec.cat\/ceip-ignasiiglesias-cornella\/wp-json\/wp\/v2\/comments?post=607"}],"version-history":[{"count":4,"href":"https:\/\/agora.xtec.cat\/ceip-ignasiiglesias-cornella\/wp-json\/wp\/v2\/pages\/607\/revisions"}],"predecessor-version":[{"id":4232,"href":"https:\/\/agora.xtec.cat\/ceip-ignasiiglesias-cornella\/wp-json\/wp\/v2\/pages\/607\/revisions\/4232"}],"up":[{"embeddable":true,"href":"https:\/\/agora.xtec.cat\/ceip-ignasiiglesias-cornella\/wp-json\/wp\/v2\/pages\/64"}],"wp:attachment":[{"href":"https:\/\/agora.xtec.cat\/ceip-ignasiiglesias-cornella\/wp-json\/wp\/v2\/media?parent=607"}],"curies":[{"name":"wp","href":"https:\/\/api.w.org\/{rel}","templated":true}]}}