{"id":4253,"date":"2020-03-20T16:10:03","date_gmt":"2020-03-20T15:10:03","guid":{"rendered":"http:\/\/agora.xtec.cat\/ceip-ignasiiglesias-cornella\/?page_id=4253"},"modified":"2024-01-28T22:51:56","modified_gmt":"2024-01-28T21:51:56","slug":"interactius","status":"publish","type":"page","link":"https:\/\/agora.xtec.cat\/ceip-ignasiiglesias-cornella\/projecte-educatiu\/interactius\/","title":{"rendered":"Tallers de matem\u00e0tiques"},"content":{"rendered":"<p><strong><span style=\"text-decoration: underline;\">Qu\u00e8 s\u00f3n els grups interactius?<\/span><img loading=\"lazy\" decoding=\"async\" class=\"wp-image-4293 alignright\" src=\"https:\/\/agora.xtec.cat\/ceip-ignasiiglesias-cornella\/wp-content\/uploads\/usu1592\/2020\/03\/FotoJet-1-1024x1024.jpg\" alt=\"\" width=\"491\" height=\"491\" srcset=\"https:\/\/agora.xtec.cat\/ceip-ignasiiglesias-cornella\/wp-content\/uploads\/usu1592\/2020\/03\/FotoJet-1-1024x1024.jpg 1024w, https:\/\/agora.xtec.cat\/ceip-ignasiiglesias-cornella\/wp-content\/uploads\/usu1592\/2020\/03\/FotoJet-1-150x150.jpg 150w, https:\/\/agora.xtec.cat\/ceip-ignasiiglesias-cornella\/wp-content\/uploads\/usu1592\/2020\/03\/FotoJet-1-300x300.jpg 300w, https:\/\/agora.xtec.cat\/ceip-ignasiiglesias-cornella\/wp-content\/uploads\/usu1592\/2020\/03\/FotoJet-1-768x768.jpg 768w, https:\/\/agora.xtec.cat\/ceip-ignasiiglesias-cornella\/wp-content\/uploads\/usu1592\/2020\/03\/FotoJet-1.jpg 1200w\" sizes=\"auto, (max-width: 491px) 100vw, 491px\" \/><\/strong><\/p>\n<ul>\n<li>\u00c9s una metodologia que parteix d\u2019una organitzaci\u00f3 flexible d\u2019aula, que es divideix en petits grups tutoritzats per l\u2019adult.<\/li>\n<li>Suposa una intervenci\u00f3 m\u00e9s rica i concreta per atendre les necessitats de cada infant i s\u2019estableix dins un clima de cooperaci\u00f3 i comunicaci\u00f3 on tothom apr\u00e8n<\/li>\n<\/ul>\n<p><span style=\"text-decoration: underline;\"><strong style=\"font-family: inherit; font-size: 1em;\">Sabers:<\/strong><\/span><\/p>\n<ul>\n<li>El sentit num\u00e8ric:\u00a0 el comptatge, la quantitat,<\/li>\n<li>El sentit de les operacions (els euros, les estrat\u00e8gies de c\u00e0lcul, els percentatges,&#8230;)<\/li>\n<li>El sentit de la mesura:\u00a0 les magnituds,\u00a0 la mesura i l\u2019estimaci\u00f3 (les balances, els recipients de capacitats, cintes m\u00e8triques,&#8230;)<\/li>\n<li>El sentit espacial:\u00a0 les formes geom\u00e8triques i orientaci\u00f3 espacial (els tangrams, els pent\u00f2minos, els geoplans, cubs encaixables,&#8230;)<\/li>\n<li>El sentit estoc\u00e0stic: identificaci\u00f3 i organitzaci\u00f3 de dades, l\u2019atzar i la probabilitat (resoluci\u00f3 de problemes competencials, amb gr\u00e0fic,&#8230;)<\/li>\n<\/ul>\n<p><span style=\"text-decoration: underline;\"><strong>Organitzaci\u00f3:<\/strong><\/span><\/p>\n<p>L\u2019alumnat de cicle mitj\u00e0 i cicle superior, a m\u00e9s de les sessions de matem\u00e0tiques, dediquen una sessi\u00f3 d\u2019una hora i mitja als grups interactius.<\/p>\n<p>Es tracta d\u2019una organitzaci\u00f3 i d\u2019una manera de treballar les matem\u00e0tiques en la que es plantegen diferents propostes per fer a cada sessi\u00f3 amb el suport de l\u2019equip docent i de la fam\u00edlia col\u00b7laboradora.<\/p>\n<p>&nbsp;<\/p>\n","protected":false},"excerpt":{"rendered":"<p>Qu\u00e8 s\u00f3n els grups interactius?<\/p>\n<ul>\n<li>\u00c9s una metodologia que parteix d\u2019una organitzaci\u00f3 flexible d\u2019aula, que es divideix en petits grups tutoritzats per l\u2019adult.<\/li>\n<li>Suposa una intervenci\u00f3 m\u00e9s rica i concreta per atendre les necessitats de cada infant i s\u2019estableix dins un clima de cooperaci\u00f3 i comunicaci\u00f3 on&hellip;  <a href=\"https:\/\/agora.xtec.cat\/ceip-ignasiiglesias-cornella\/projecte-educatiu\/interactius\/\" title=\"Read Tallers de matem\u00e0tiques\">Llegeix m\u00e9s\u00bb<\/a><br \/>\n","protected":false},"author":4,"featured_media":0,"parent":64,"menu_order":0,"comment_status":"closed","ping_status":"closed","template":"page-templates\/side-menu.php","meta":{"_bbp_topic_count":0,"_bbp_reply_count":0,"_bbp_total_topic_count":0,"_bbp_total_reply_count":0,"_bbp_voice_count":0,"_bbp_anonymous_reply_count":0,"_bbp_topic_count_hidden":0,"_bbp_reply_count_hidden":0,"_bbp_forum_subforum_count":0,"footnotes":""},"class_list":["post-4253","page","type-page","status-publish","hentry"],"post_mailing_queue_ids":[],"_links":{"self":[{"href":"https:\/\/agora.xtec.cat\/ceip-ignasiiglesias-cornella\/wp-json\/wp\/v2\/pages\/4253","targetHints":{"allow":["GET"]}}],"collection":[{"href":"https:\/\/agora.xtec.cat\/ceip-ignasiiglesias-cornella\/wp-json\/wp\/v2\/pages"}],"about":[{"href":"https:\/\/agora.xtec.cat\/ceip-ignasiiglesias-cornella\/wp-json\/wp\/v2\/types\/page"}],"author":[{"embeddable":true,"href":"https:\/\/agora.xtec.cat\/ceip-ignasiiglesias-cornella\/wp-json\/wp\/v2\/users\/4"}],"replies":[{"embeddable":true,"href":"https:\/\/agora.xtec.cat\/ceip-ignasiiglesias-cornella\/wp-json\/wp\/v2\/comments?post=4253"}],"version-history":[{"count":6,"href":"https:\/\/agora.xtec.cat\/ceip-ignasiiglesias-cornella\/wp-json\/wp\/v2\/pages\/4253\/revisions"}],"predecessor-version":[{"id":7348,"href":"https:\/\/agora.xtec.cat\/ceip-ignasiiglesias-cornella\/wp-json\/wp\/v2\/pages\/4253\/revisions\/7348"}],"up":[{"embeddable":true,"href":"https:\/\/agora.xtec.cat\/ceip-ignasiiglesias-cornella\/wp-json\/wp\/v2\/pages\/64"}],"wp:attachment":[{"href":"https:\/\/agora.xtec.cat\/ceip-ignasiiglesias-cornella\/wp-json\/wp\/v2\/media?parent=4253"}],"curies":[{"name":"wp","href":"https:\/\/api.w.org\/{rel}","templated":true}]}}