{"id":4242,"date":"2020-03-20T16:01:10","date_gmt":"2020-03-20T15:01:10","guid":{"rendered":"http:\/\/agora.xtec.cat\/ceip-ignasiiglesias-cornella\/?page_id=4242"},"modified":"2020-04-29T12:54:45","modified_gmt":"2020-04-29T10:54:45","slug":"esmorzar-collaboratiu","status":"publish","type":"page","link":"https:\/\/agora.xtec.cat\/ceip-ignasiiglesias-cornella\/projecte-educatiu\/esmorzar-collaboratiu\/","title":{"rendered":"Jocs de pati"},"content":{"rendered":"<h2><strong>Qu\u00e8 s\u00f3n? <\/strong><\/h2>\n<p><strong>Jocs de pati<\/strong> \u00e9s una proposta d\u2019activitats l\u00fadiques per fer a l\u2019hora del pati \u00a0a partir dels quals es treballen aspectes d\u2019educaci\u00f3 per a la conviv\u00e8ncia amb l\u2019objectiu de millorar la din\u00e0mica i la cohesi\u00f3 de grup mitjan\u00e7ant la pr\u00e0ctica de jocs cooperatius.<\/p>\n<p>Aquesta proposta neix per part del professorat d\u2019Educaci\u00f3 F\u00edsica i s\u2019organitza amb la col\u00b7laboraci\u00f3 de l\u2019alumnat de 6\u00e8.<\/p>\n<p><strong>L\u2019objectiu general<\/strong> \u00e9s aprendre, dissenyar i desenvolupar reptes cooperatius a partir de diferents jocs al pati, fomentant la participaci\u00f3 de la resta de nens i nenes de l\u2019escola, adaptant les diferents activitats a les seves necessitats i possibilitats.<\/p>\n<h2><strong>Objectius d\u2019aprenentatge:<\/strong><\/h2>\n<ul>\n<li>Con\u00e8ixer i comprendre les pr\u00f2pies emocions i respectar les dels altres.<\/li>\n<li>Aprendre a regular les pr\u00f2pies emocions tot aplicant correctament les normes donades i d\u2019aquesta manera respectar a la resta de companys i companyes i a un\/a mateix\/a.<\/li>\n<li>Potenciar l\u2019autoestima i la motivaci\u00f3 personal.<\/li>\n<li>Desenvolupar una major compet\u00e8ncia emocional en les relacions socials. L\u2019alumnat ha de ser capa\u00e7 de saber transmetre idees, consignes i fer-les motivadores, a m\u00e9s de saber discutir de forma enraonada sobre les diferents situacions sorgides durant la planificaci\u00f3 del repte i la posada en pr\u00e0ctica.<\/li>\n<\/ul>\n<h2><strong>Com s\u2019organitzen?<\/strong><\/h2>\n<p>L\u2019alumnat \u00a0de 6\u00e8 \u00e9s l\u2019encarregat de la realitzaci\u00f3 dels reptes cooperatius. Els dimarts s\u2019encarreguen 5 grups cooperatius de 6\u00e8 A i els dijous, 5 grups cooperatius de 6\u00e8 B. Pr\u00e8viament, aquests reptes s\u2019han dissenyat i desenvolupat a les \u00e0rees d\u2019Educaci\u00f3 en Valors, d\u2019Inform\u00e0tica i d\u2019 Educaci\u00f3 F\u00edsica donant-li un car\u00e0cter \u00a0interdisciplinari a tota l\u2019activitat.<\/p>\n<p><a href=\"http:\/\/agora.xtec.cat\/ceip-ignasiiglesias-cornella\/projecte-educatiu\/esmorzar-collaboratiu\/attachment\/pati\/\" rel=\"attachment wp-att-4541\"><img loading=\"lazy\" decoding=\"async\" class=\" wp-image-4541 alignleft\" src=\"https:\/\/agora.xtec.cat\/ceip-ignasiiglesias-cornella\/wp-content\/uploads\/usu1592\/2020\/04\/PATI.jpg\" alt=\"\" width=\"233\" height=\"182\" srcset=\"https:\/\/agora.xtec.cat\/ceip-ignasiiglesias-cornella\/wp-content\/uploads\/usu1592\/2020\/04\/PATI.jpg 344w, https:\/\/agora.xtec.cat\/ceip-ignasiiglesias-cornella\/wp-content\/uploads\/usu1592\/2020\/04\/PATI-300x235.jpg 300w\" sizes=\"auto, (max-width: 233px) 100vw, 233px\" \/><\/a> <a href=\"http:\/\/agora.xtec.cat\/ceip-ignasiiglesias-cornella\/projecte-educatiu\/esmorzar-collaboratiu\/attachment\/pati1\/\" rel=\"attachment wp-att-4542\"><img loading=\"lazy\" decoding=\"async\" class=\"wp-image-4542 alignright\" src=\"https:\/\/agora.xtec.cat\/ceip-ignasiiglesias-cornella\/wp-content\/uploads\/usu1592\/2020\/04\/PATI1.jpg\" alt=\"\" width=\"209\" height=\"165\" srcset=\"https:\/\/agora.xtec.cat\/ceip-ignasiiglesias-cornella\/wp-content\/uploads\/usu1592\/2020\/04\/PATI1.jpg 381w, https:\/\/agora.xtec.cat\/ceip-ignasiiglesias-cornella\/wp-content\/uploads\/usu1592\/2020\/04\/PATI1-300x236.jpg 300w\" sizes=\"auto, (max-width: 209px) 100vw, 209px\" \/><\/a><a href=\"http:\/\/agora.xtec.cat\/ceip-ignasiiglesias-cornella\/projecte-educatiu\/esmorzar-collaboratiu\/attachment\/pati2\/\" rel=\"attachment wp-att-4543\"><img loading=\"lazy\" decoding=\"async\" class=\"wp-image-4543 aligncenter\" src=\"https:\/\/agora.xtec.cat\/ceip-ignasiiglesias-cornella\/wp-content\/uploads\/usu1592\/2020\/04\/PATI2.jpg\" alt=\"\" width=\"248\" height=\"155\" srcset=\"https:\/\/agora.xtec.cat\/ceip-ignasiiglesias-cornella\/wp-content\/uploads\/usu1592\/2020\/04\/PATI2.jpg 302w, https:\/\/agora.xtec.cat\/ceip-ignasiiglesias-cornella\/wp-content\/uploads\/usu1592\/2020\/04\/PATI2-300x188.jpg 300w\" sizes=\"auto, (max-width: 248px) 100vw, 248px\" \/><\/a><\/p>\n","protected":false},"excerpt":{"rendered":"<p>Qu\u00e8 s\u00f3n?<br \/>\nJocs de pati \u00e9s una proposta d\u2019activitats l\u00fadiques per fer a l\u2019hora del pati \u00a0a partir dels quals es treballen aspectes d\u2019educaci\u00f3 per a la conviv\u00e8ncia amb l\u2019objectiu de millorar la din\u00e0mica i la cohesi\u00f3 de grup mitjan\u00e7ant la pr\u00e0ctica de jocs cooperatius.<br \/>\nAquesta&hellip;  <a href=\"https:\/\/agora.xtec.cat\/ceip-ignasiiglesias-cornella\/projecte-educatiu\/esmorzar-collaboratiu\/\" title=\"Read Jocs de pati\">Llegeix m\u00e9s\u00bb<\/a><\/p>\n","protected":false},"author":4,"featured_media":0,"parent":64,"menu_order":0,"comment_status":"closed","ping_status":"closed","template":"page-templates\/side-menu.php","meta":{"_bbp_topic_count":0,"_bbp_reply_count":0,"_bbp_total_topic_count":0,"_bbp_total_reply_count":0,"_bbp_voice_count":0,"_bbp_anonymous_reply_count":0,"_bbp_topic_count_hidden":0,"_bbp_reply_count_hidden":0,"_bbp_forum_subforum_count":0,"footnotes":""},"class_list":["post-4242","page","type-page","status-publish","hentry"],"post_mailing_queue_ids":[],"_links":{"self":[{"href":"https:\/\/agora.xtec.cat\/ceip-ignasiiglesias-cornella\/wp-json\/wp\/v2\/pages\/4242","targetHints":{"allow":["GET"]}}],"collection":[{"href":"https:\/\/agora.xtec.cat\/ceip-ignasiiglesias-cornella\/wp-json\/wp\/v2\/pages"}],"about":[{"href":"https:\/\/agora.xtec.cat\/ceip-ignasiiglesias-cornella\/wp-json\/wp\/v2\/types\/page"}],"author":[{"embeddable":true,"href":"https:\/\/agora.xtec.cat\/ceip-ignasiiglesias-cornella\/wp-json\/wp\/v2\/users\/4"}],"replies":[{"embeddable":true,"href":"https:\/\/agora.xtec.cat\/ceip-ignasiiglesias-cornella\/wp-json\/wp\/v2\/comments?post=4242"}],"version-history":[{"count":3,"href":"https:\/\/agora.xtec.cat\/ceip-ignasiiglesias-cornella\/wp-json\/wp\/v2\/pages\/4242\/revisions"}],"predecessor-version":[{"id":4545,"href":"https:\/\/agora.xtec.cat\/ceip-ignasiiglesias-cornella\/wp-json\/wp\/v2\/pages\/4242\/revisions\/4545"}],"up":[{"embeddable":true,"href":"https:\/\/agora.xtec.cat\/ceip-ignasiiglesias-cornella\/wp-json\/wp\/v2\/pages\/64"}],"wp:attachment":[{"href":"https:\/\/agora.xtec.cat\/ceip-ignasiiglesias-cornella\/wp-json\/wp\/v2\/media?parent=4242"}],"curies":[{"name":"wp","href":"https:\/\/api.w.org\/{rel}","templated":true}]}}