{"id":410,"date":"2016-02-18T20:05:03","date_gmt":"2016-02-18T19:05:03","guid":{"rendered":"http:\/\/agora.xtec.cat\/ceip-fray-luis-leon\/?page_id=410"},"modified":"2026-01-12T10:05:51","modified_gmt":"2026-01-12T09:05:51","slug":"documents","status":"publish","type":"page","link":"https:\/\/agora.xtec.cat\/ceip-fray-luis-leon\/lescola\/documents\/","title":{"rendered":"Documents"},"content":{"rendered":"<p style=\"text-align: justify;\">Aqu\u00ed us deixem els enlla\u00e7os a diferents documents que poden ser del vostre inter\u00e8s.<\/p>\n<p><span style=\"text-decoration: underline;\"><strong>DESCRIPCI\u00d3 DE L&#8217;ACTUACI\u00d3 DE LA T\u00c8CNICA EN INTEGRACI\u00d3 SOCIAL<\/strong><\/span><\/p>\n<ul style=\"list-style-type: circle;\">\n<li data-wp-editing=\"1\"><a href=\"https:\/\/drive.google.com\/file\/d\/12a5_RkiVto-BnpkF6vRe_9krPojNqwkm\/view?usp=sharing\">Programa de t\u00e8cnics d&#8217;integraci\u00f3 social 25-27<\/a><\/li>\n<li data-wp-editing=\"1\"><a href=\"https:\/\/drive.google.com\/file\/d\/17quGK_SrEjnN8tsnMqu2hIwU_yd3GUhO\/view?usp=sharing\">Objectius i resultats: Programa amb ajuda financera de la UE.<\/a><\/li>\n<\/ul>\n<p><a href=\"https:\/\/agora.xtec.cat\/ceip-fray-luis-leon\/wp-content\/uploads\/usu900\/2024\/11\/TIS.png\"><img loading=\"lazy\" decoding=\"async\" class=\"alignnone size-medium wp-image-7114\" src=\"https:\/\/agora.xtec.cat\/ceip-fray-luis-leon\/wp-content\/uploads\/usu900\/2024\/11\/TIS-300x35.png\" alt=\"\" width=\"300\" height=\"35\" srcset=\"https:\/\/agora.xtec.cat\/ceip-fray-luis-leon\/wp-content\/uploads\/usu900\/2024\/11\/TIS-300x35.png 300w, https:\/\/agora.xtec.cat\/ceip-fray-luis-leon\/wp-content\/uploads\/usu900\/2024\/11\/TIS-768x89.png 768w, https:\/\/agora.xtec.cat\/ceip-fray-luis-leon\/wp-content\/uploads\/usu900\/2024\/11\/TIS.png 988w\" sizes=\"auto, (max-width: 300px) 100vw, 300px\" \/><\/a><\/p>\n<p><span style=\"text-decoration: underline;\"><strong>NOUS DOCUMENTS PER AL CURS 25-26<\/strong><\/span><\/p>\n<ul style=\"list-style-type: circle;\">\n<li><a href=\"https:\/\/drive.google.com\/file\/d\/1VJD8drhHWkKmUbUbfGx6VYfsjPUu9ADn\/view?usp=sharing\">Informativa inici de curs 2025-26<\/a><\/li>\n<li><a href=\"https:\/\/drive.google.com\/file\/d\/1G0a7MAud1Y2GkDbDWs7IXBnMOKSl07u7\/view?usp=sharing\">Calendari escolar i aportacions de material i sortides escolars 2025-26<\/a>\n<ul>\n<li><a href=\"https:\/\/drive.google.com\/file\/d\/1j9V4Bsykwds_rlijgKo5D0HvqrptyYmT\/view?usp=sharing\">Infografia quota material i sortides 2025-26<\/a><\/li>\n<\/ul>\n<\/li>\n<\/ul>\n<p><span style=\"text-decoration: underline;\"><strong>NOUS DOCUMENTS PER AL CURS 24-25<\/strong><\/span><\/p>\n<ul style=\"list-style-type: circle;\">\n<li style=\"text-align: justify;\"><a href=\"https:\/\/drive.google.com\/file\/d\/1OEqJZzj3-0jp6vtHhgfu4_KzxPHVbpow\/view?usp=sharing\">Informacions inici de curs 2024-25<\/a><\/li>\n<li><a href=\"https:\/\/drive.google.com\/file\/d\/1DuEv-Fa_rwuiwQEB1SRyl2VLlI3ep0Sx\/view?usp=sharing\">Aportacions per material i sortides escolars 2024-25<\/a>\n<ul>\n<li><a href=\"https:\/\/drive.google.com\/file\/d\/1p2W2hPrZ7GcKsPlQXWsylQfI0sKbwoOj\/view?usp=sharing\">Infografia quota material i sortides 2024-25<\/a><\/li>\n<\/ul>\n<\/li>\n<\/ul>\n<p><span style=\"text-decoration: underline;\"><strong>DOCUMENTS DE CENTRE<\/strong><\/span><\/p>\n<p><span style=\"color: #800000;\"><span style=\"font-size: 20px;\">PEC &#8211; Projecte Educatiu de Centre<\/span><\/span><\/p>\n<ul>\n<li style=\"list-style-type: none;\">\n<ul>\n<li><a href=\"https:\/\/drive.google.com\/file\/d\/1K4b5PaQWz2ru6W-2hUFXLFuLtEJXROYC\/view?usp=shhttps:\/\/drive.google.com\/file\/d\/1K4b5PaQWz2ru6W-2hUFXLFuLtEJXROYC\/view?usp=sharingaring\" target=\"_blank\" rel=\"noopener noreferrer\">PEC &#8211; Projecte Educatiu de Centre<\/a><\/li>\n<\/ul>\n<\/li>\n<\/ul>\n<p style=\"padding-left: 40px; text-align: justify;\">El <strong>PEC<\/strong> \u00e9s el document que recull els trets d&#8217;identitat del centre, els principis pedag\u00f2gics i els principis organitzatius. Tamb\u00e9 s&#8217;hi especifiquen els valors, els objectius i les prioritats d&#8217;actuaci\u00f3.<\/p>\n<ul>\n<li style=\"list-style-type: none;\">\n<ul style=\"list-style-type: circle;\">\n<li style=\"text-align: justify;\"><a href=\"https:\/\/drive.google.com\/file\/d\/1TEeghPbKCa_oswiOzsrrEl0JpabddWvS\/view?usp=sharing\">NOFC &#8211; Normes d&#8217;organitzaci\u00f3 i funcionament de centre<\/a><\/li>\n<\/ul>\n<\/li>\n<\/ul>\n<p style=\"padding-left: 40px; text-align: justify;\">\u00c9s un document que recull l\u2019estructura organitzativa pr\u00f2pia d\u2019acord amb els objectius i criteris del projecte educatiu de centre. Tamb\u00e9 concreta les regles i normes, els drets i deures dels diferents membres de la comunitat i <span style=\"font-family: inherit; font-size: 1em; text-align: justify;\">l\u2019organitzaci\u00f3 del funcionament dels recursos humans, materials i funcionals. <\/span><\/p>\n<p style=\"padding-left: 40px; text-align: justify;\"><span style=\"font-family: inherit; font-size: 1em; text-align: justify;\">* ANNEX 1\u00a0<a href=\"https:\/\/drive.google.com\/file\/d\/14vOby_xwq_-YOYv_uyb6T09ckXK-jhfB\/view?usp=sharing\">Normes d\u2019Organitzaci\u00f3 i Funcionament de Centre (NOFC) referents a l\u2019Estrat\u00e8gia Digital (EDC)\u00a0<\/a>(Aprovat en Consell Escolar el dia 26 de juny de 2023)<\/span><\/p>\n<p style=\"padding-left: 40px; text-align: justify;\"><span style=\"font-family: inherit; font-size: 1em; text-align: justify;\">* ANNEX 2 <a href=\"https:\/\/drive.google.com\/file\/d\/1cyt3ifMZxs6aAlp7AUauV5mBVn5-zGDZ\/view?usp=sharing\"><span style=\"font-weight: 400;\">Modificacions de les NOFC pel que fa a les mesures correctives de centre<\/span><\/a>\u00a0(Aprovat en Consell Escolar el dia 26 de juny de 2023).<\/span><\/p>\n<ul>\n<li style=\"list-style-type: none;\">\n<ul>\n<li><a href=\"https:\/\/drive.google.com\/file\/d\/1tOXIrbLWH-LlcZI2nYC3Os3pLoqaGf0K\/view?usp=sharing\" target=\"_blank\" rel=\"noopener noreferrer\">PLC &#8211; Projecte Ling\u00fc\u00edstic<\/a><\/li>\n<\/ul>\n<\/li>\n<\/ul>\n<p style=\"padding-left: 40px; text-align: justify;\">El <strong>PLC<\/strong> \u00e9s el document en qu\u00e8 s&#8217;expliciten tots els aspectes del centre educatiu relacionats amb el tractament, l&#8217;ensenyament i l&#8217;\u00fas de les lleng\u00fces.<\/p>\n<ul>\n<li style=\"list-style-type: none;\">\n<ul>\n<li><a href=\"https:\/\/drive.google.com\/file\/d\/19PnGJY1LpkzL8wrI-PNTAFnvwUWo5H4r\/view?usp=sharing\" target=\"_blank\" rel=\"noopener noreferrer\">Pla TAC &#8211; Tecnologies de l&#8217;Aprenentatge i el Coneixement<\/a><\/li>\n<\/ul>\n<\/li>\n<\/ul>\n<p style=\"padding-left: 40px; text-align: justify;\">El<strong> Pla TAC\u00a0<\/strong>\u00e9s el document que estableix les directrius clares per assegurar la compet\u00e8ncia digital de l&#8217;alumnat, la integraci\u00f3 curricular, la inclusi\u00f3 digital i la innovaci\u00f3 metodol\u00f2gica.<\/p>\n<ul>\n<li style=\"list-style-type: none;\">\n<ul>\n<li><a href=\"https:\/\/sites.google.com\/xtec.cat\/edc-fray-luis-de-leon\/edc\">Estrat\u00e8gia Digital de Centre (EDC)<\/a><\/li>\n<\/ul>\n<\/li>\n<\/ul>\n<p style=\"padding-left: 40px; text-align: justify;\"><span style=\"font-weight: 400;\">L\u2019<\/span><span style=\"font-weight: 400;\"><strong>EDC<\/strong> recull totes les accions que es realitzen en un centre, i les que es realitzaran a mitj\u00e0 termini, per aconseguir la m\u00e0xima compet\u00e8ncia digital de l\u2019alumnat, del professorat i del centre educatiu.\u00a0<\/span><\/p>\n<p>&nbsp;<\/p>\n<p><span style=\"color: #800000;\"><span style=\"font-size: 20px;\"><a style=\"color: #800000;\" href=\"https:\/\/drive.google.com\/file\/d\/1PtnrswMyIiGLHSVfCbDTgL0l9knLd6l7\/view?usp=sharing\" target=\"_blank\" rel=\"noopener noreferrer\"><span style=\"color: #800000;\">Pla d&#8217;Acollida<\/span><\/a><\/span><\/span><\/p>\n<p>El <strong>Pla d&#8217;acollida\u00a0<\/strong>\u00e9s el document que recull el conjunt d&#8217;actuacions que el centre educatiu posa en marxa per tal de facilitar l&#8217;adaptaci\u00f3 de l&#8217;alumnat, les fam\u00edlies i els mestres que\u00a0 s&#8217;incorporen de nou a la comunitat educativa.<\/p>\n<p><span style=\"color: #800000;\"><a style=\"color: #800000;\" href=\"https:\/\/drive.google.com\/file\/d\/1Rui5ScmV8xObCJ2XlpNiE0vubX9huK4l\/view?usp=sharing\" target=\"_blank\" rel=\"noopener noreferrer\"><span style=\"font-size: 20px;\"><span style=\"color: #800000;\">Projecte de Conviv\u00e8ncia<\/span><\/span><\/a><\/span><\/p>\n<p>El <strong>Projecte de conviv\u00e8ncia<\/strong> \u00e9s el document que reflecteix les accions que el centre educatiu desenvolupa per capacitar tota la comunitat educativa per a la conviv\u00e8ncia i la gesti\u00f3 positiva dels conflictes.<\/p>\n<p><a href=\"https:\/\/drive.google.com\/file\/d\/1iueSLKK-37NAQSmW4B1Bv092-X1YVB0i\/view?usp=sharing\"><span style=\"font-size: 20px; color: #800000;\"><span style=\"color: #800000;\">Carta de Comprom\u00eds<\/span><\/span><\/a><\/p>\n<p>La <strong>carta de comprom\u00eds\u00a0<\/strong>\u00e9s el document que situa, facilita i afavoreix la cooperaci\u00f3 entre les accions educatives de les fam\u00edlies i la del centre educatiu.<\/p>\n<p><a href=\"https:\/\/drive.google.com\/file\/d\/1i64R6VCFXbXn83CCN03tXplexSbtqYzd\/view?usp=sharing\"><span style=\"font-size: 20px; color: #800000;\"><span style=\"color: #800000;\">Projecte<\/span><span style=\"color: #800000;\"> de Direcci\u00f3 21-25<\/span><\/span><\/a><\/p>\n<p>El PdD \u00e9s un document b\u00e0sic de gesti\u00f3 del centre docent i un instrument de la seva autonomia: en desplega el projecte educatiu, en quantifica i temporitza les millores i en vincula l&#8217;acci\u00f3 dels \u00f2rgans unipersonals i col\u00b7legiats.<\/p>\n<p><a href=\"https:\/\/drive.google.com\/file\/d\/1x_QytotXin70YYvdnpP-nv8vhsqCvgjs\/view?usp=sharing\"><span style=\"color: #800000;\"><span style=\"font-size: 20px;\">Delegades i delegats d&#8217;aula<\/span><\/span><\/a><\/p>\n<p>Les fam\u00edlies delegades es reuneixen trimestralment amb el President de l\u2019AFA i l\u2019equip directiu. Es tracta de tenir un espai per compartir i amb la finalitat de tenir una visi\u00f3 de conjunt de tot all\u00f2 que s\u2019esdev\u00e9 a l\u2019escola, amb les aportacions dels diferents membres.<\/p>\n<p><a href=\"https:\/\/drive.google.com\/file\/d\/1qsWkVcX99fh8F1gidsuB3Nl_cik7eeeC\/view?usp=sharing\"><span style=\"font-family: inherit; font-size: 20px;\"><span style=\"color: #800000;\">Pla de Comunicaci\u00f3<\/span><\/span><\/a><\/p>\n<p style=\"text-align: justify;\">L\u2019objectiu del Pla de Comunicaci\u00f3 (PDC) \u00e9s definir una estrat\u00e8gia enfocada a la millora de la gesti\u00f3 de la informaci\u00f3, el coneixement i la comunicaci\u00f3 entre els membres de la nostra comunitat escolar, establint els canals i les accions que s\u2019han de portar a terme per tenir una comunicaci\u00f3 eficient, bidireccional amb l\u2019entorn, i fomentar un \u00fas correcte dels mitjans dels quals disposem com a centre.<\/p>\n","protected":false},"excerpt":{"rendered":"<p>Aqu\u00ed us deixem els enlla\u00e7os a diferents documents que poden ser del vostre inter\u00e8s. DESCRIPCI\u00d3 DE L&#8217;ACTUACI\u00d3 DE LA T\u00c8CNICA EN INTEGRACI\u00d3 SOCIAL Programa de t\u00e8cnics d&#8217;integraci\u00f3 social 25-27 Objectius i resultats: Programa amb ajuda financera de la UE. NOUS DOCUMENTS PER AL CURS 25-26 Informativa inici de curs 2025-26 Calendari escolar i aportacions de [&hellip;]<\/p>\n","protected":false},"author":1,"featured_media":0,"parent":22,"menu_order":60,"comment_status":"closed","ping_status":"closed","template":"","meta":{"_bbp_topic_count":0,"_bbp_reply_count":0,"_bbp_total_topic_count":0,"_bbp_total_reply_count":0,"_bbp_voice_count":0,"_bbp_anonymous_reply_count":0,"_bbp_topic_count_hidden":0,"_bbp_reply_count_hidden":0,"_bbp_forum_subforum_count":0,"site-sidebar-layout":"default","site-content-layout":"","ast-site-content-layout":"default","site-content-style":"default","site-sidebar-style":"default","ast-global-header-display":"","ast-banner-title-visibility":"","ast-main-header-display":"","ast-hfb-above-header-display":"","ast-hfb-below-header-display":"","ast-hfb-mobile-header-display":"","site-post-title":"","ast-breadcrumbs-content":"","ast-featured-img":"","footer-sml-layout":"","theme-transparent-header-meta":"default","adv-header-id-meta":"","stick-header-meta":"","header-above-stick-meta":"","header-main-stick-meta":"","header-below-stick-meta":"","astra-migrate-meta-layouts":"set","ast-page-background-enabled":"default","ast-page-background-meta":{"desktop":{"background-color":"var(--ast-global-color-4)","background-image":"","background-repeat":"repeat","background-position":"center center","background-size":"auto","background-attachment":"scroll","background-type":"","background-media":"","overlay-type":"","overlay-color":"","overlay-opacity":"","overlay-gradient":""},"tablet":{"background-color":"","background-image":"","background-repeat":"repeat","background-position":"center center","background-size":"auto","background-attachment":"scroll","background-type":"","background-media":"","overlay-type":"","overlay-color":"","overlay-opacity":"","overlay-gradient":""},"mobile":{"background-color":"","background-image":"","background-repeat":"repeat","background-position":"center center","background-size":"auto","background-attachment":"scroll","background-type":"","background-media":"","overlay-type":"","overlay-color":"","overlay-opacity":"","overlay-gradient":""}},"ast-content-background-meta":{"desktop":{"background-color":"var(--ast-global-color-5)","background-image":"","background-repeat":"repeat","background-position":"center center","background-size":"auto","background-attachment":"scroll","background-type":"","background-media":"","overlay-type":"","overlay-color":"","overlay-opacity":"","overlay-gradient":""},"tablet":{"background-color":"var(--ast-global-color-5)","background-image":"","background-repeat":"repeat","background-position":"center center","background-size":"auto","background-attachment":"scroll","background-type":"","background-media":"","overlay-type":"","overlay-color":"","overlay-opacity":"","overlay-gradient":""},"mobile":{"background-color":"var(--ast-global-color-5)","background-image":"","background-repeat":"repeat","background-position":"center center","background-size":"auto","background-attachment":"scroll","background-type":"","background-media":"","overlay-type":"","overlay-color":"","overlay-opacity":"","overlay-gradient":""}},"footnotes":""},"class_list":["post-410","page","type-page","status-publish","hentry"],"post_mailing_queue_ids":[],"_links":{"self":[{"href":"https:\/\/agora.xtec.cat\/ceip-fray-luis-leon\/wp-json\/wp\/v2\/pages\/410","targetHints":{"allow":["GET"]}}],"collection":[{"href":"https:\/\/agora.xtec.cat\/ceip-fray-luis-leon\/wp-json\/wp\/v2\/pages"}],"about":[{"href":"https:\/\/agora.xtec.cat\/ceip-fray-luis-leon\/wp-json\/wp\/v2\/types\/page"}],"author":[{"embeddable":true,"href":"https:\/\/agora.xtec.cat\/ceip-fray-luis-leon\/wp-json\/wp\/v2\/users\/1"}],"replies":[{"embeddable":true,"href":"https:\/\/agora.xtec.cat\/ceip-fray-luis-leon\/wp-json\/wp\/v2\/comments?post=410"}],"version-history":[{"count":10,"href":"https:\/\/agora.xtec.cat\/ceip-fray-luis-leon\/wp-json\/wp\/v2\/pages\/410\/revisions"}],"predecessor-version":[{"id":8040,"href":"https:\/\/agora.xtec.cat\/ceip-fray-luis-leon\/wp-json\/wp\/v2\/pages\/410\/revisions\/8040"}],"up":[{"embeddable":true,"href":"https:\/\/agora.xtec.cat\/ceip-fray-luis-leon\/wp-json\/wp\/v2\/pages\/22"}],"wp:attachment":[{"href":"https:\/\/agora.xtec.cat\/ceip-fray-luis-leon\/wp-json\/wp\/v2\/media?parent=410"}],"curies":[{"name":"wp","href":"https:\/\/api.w.org\/{rel}","templated":true}]}}