{"id":22,"date":"2014-09-18T12:19:57","date_gmt":"2014-09-18T11:19:57","guid":{"rendered":"http:\/\/agora.xtec.cat\/ceip-fray-luis-leon\/?page_id=22"},"modified":"2018-02-19T15:34:21","modified_gmt":"2018-02-19T14:34:21","slug":"lescola","status":"publish","type":"page","link":"https:\/\/agora.xtec.cat\/ceip-fray-luis-leon\/lescola\/","title":{"rendered":"L&#8217;escola"},"content":{"rendered":"<p style=\"text-align: justify;\"><span style=\"color: #008000;\"><strong><a href=\"http:\/\/agora.xtec.cat\/ceip-fray-luis-leon\/wp-content\/uploads\/usu900\/2014\/09\/ciencies-CI-1.jpg\"><img loading=\"lazy\" decoding=\"async\" class=\"wp-image-1964 alignleft\" src=\"http:\/\/agora.xtec.cat\/ceip-fray-luis-leon\/wp-content\/uploads\/usu900\/2014\/09\/ciencies-CI-1.jpg\" alt=\"\" width=\"311\" height=\"234\" srcset=\"https:\/\/agora.xtec.cat\/ceip-fray-luis-leon\/wp-content\/uploads\/usu900\/2014\/09\/ciencies-CI-1.jpg 640w, https:\/\/agora.xtec.cat\/ceip-fray-luis-leon\/wp-content\/uploads\/usu900\/2014\/09\/ciencies-CI-1-300x225.jpg 300w, https:\/\/agora.xtec.cat\/ceip-fray-luis-leon\/wp-content\/uploads\/usu900\/2014\/09\/ciencies-CI-1-200x150.jpg 200w\" sizes=\"auto, (max-width: 311px) 100vw, 311px\" \/><\/a>La nostra mirada<\/strong><\/span><\/p>\n<p style=\"text-align: justify;\">Entenem l\u2019escola com un espai on conviuen en harmonia totes les persones que formen part de la comunitat educativa i en el que el di\u00e0leg sigui una \u00e8ina imprescindible per construir un projecte com\u00fa.Totes les actuacions han d\u2019anar encaminades a garantir als nostres alumnes un ambient de conviv\u00e8ncia respectu\u00f3s i un treball cooperatiu i de confian\u00e7a que els permeti cr\u00e9ixer com a persones aut\u00f2nomes i conscients de les seves pr\u00f2pies capacitats.<br \/>\nPartim de la mirada dels nens i les nenes on l\u2019adult acompanya el proc\u00e9s individual de cadascun d\u2019ells. L\u2019alumne \u00e9s el protagonista de la pr\u00f2pia evoluci\u00f3, i l\u2019aprendre a aprendre \u00e9s cabdal en tots els seus processos. A partir de la manipulaci\u00f3, experimentaci\u00f3 i la pr\u00f2pia iniciativa anir\u00e0 avan\u00e7ant en els aprenentatges.<br \/>\nSabem que s\u2019apr\u00e8n fent i reflexionant sobre el que fem tot canviant la nostra manera de pensar. Cal crear propostes en qu\u00e8 l\u2019infant tingui una participaci\u00f3 activa i construeixi coneixement a partir del propi.<br \/>\nLi hem d\u2019oferir experimentar per respondre preguntes i poder compartir amb els seus iguals.<\/p>\n<p style=\"text-align: justify;\"><span style=\"color: #008000;\"><strong>L\u2019escola que volem es fonamenta amb tots aquests principis:<\/strong><\/span><\/p>\n<ul>\n<li style=\"text-align: justify;\">Els nens i les nenes com a finalitat \u00faltima de totes les actuacions que es duen a terme a l\u2019escola.<\/li>\n<li style=\"text-align: justify;\">Treballem perqu\u00e8 els nens i nenes esdevinguin aut\u00f2noms, curiosos, cr\u00edtics, amb iniciativa i capacitat d\u2019argumentaci\u00f3 i decisi\u00f3.<\/li>\n<li style=\"text-align: justify;\">El treball en equip i la reflexi\u00f3 conjunta indispensables per una bona tasca docent.<\/li>\n<li style=\"text-align: justify;\">La millora de la qualitat educativa tenint com a finalitat la millora dels resultats acad\u00e8mics.<\/li>\n<li style=\"text-align: justify;\">Una escola inclusiva que doni resposta a les necessitats de cadasc\u00fa i on la diversitat sigui enriquiment per a tots i totes.<\/li>\n<li style=\"text-align: justify;\">La lectura com a eix vertebrador de tots els aprenentatges.<\/li>\n<\/ul>\n<p><span style=\"color: #008000;\"><strong><a href=\"http:\/\/agora.xtec.cat\/ceip-fray-luis-leon\/wp-content\/uploads\/usu900\/2014\/09\/Talolers-CI-llengua.jpg\"><img loading=\"lazy\" decoding=\"async\" class=\"wp-image-1966 aligncenter\" src=\"http:\/\/agora.xtec.cat\/ceip-fray-luis-leon\/wp-content\/uploads\/usu900\/2014\/09\/Talolers-CI-llengua.jpg\" alt=\"\" width=\"408\" height=\"229\" srcset=\"https:\/\/agora.xtec.cat\/ceip-fray-luis-leon\/wp-content\/uploads\/usu900\/2014\/09\/Talolers-CI-llengua.jpg 531w, https:\/\/agora.xtec.cat\/ceip-fray-luis-leon\/wp-content\/uploads\/usu900\/2014\/09\/Talolers-CI-llengua-300x168.jpg 300w\" sizes=\"auto, (max-width: 408px) 100vw, 408px\" \/><\/a><\/strong><\/span><\/p>\n<ul style=\"list-style-type: disc;\">\n<li>L\u2019educaci\u00f3 en valors, l\u2019educaci\u00f3 emocional i la resoluci\u00f3 de conflictes com a bases pel desenvolupament \u00edntegre de les persones.<\/li>\n<li style=\"text-align: justify;\">El tractament de la tecnologia com a eina per desenvolupar-se amb \u00e8xit en la nostra societat.<\/li>\n<li style=\"text-align: justify;\">La formaci\u00f3 integral de l\u2019alumnat a partir de l\u2019adquisici\u00f3 de les compet\u00e8ncies b\u00e0siques.<\/li>\n<li style=\"text-align: justify;\">El sentit de pertinen\u00e7a, la pr\u00f2pia identitat, l\u2019autoestima i l\u2019aprendre a aprendre com a indispensable pel creixement dels nens i les nenes.<\/li>\n<li style=\"text-align: justify;\">La bona conviv\u00e8ncia entre tots els integrants dels diferents estaments de l\u2019escola. El treball coordinat i de col\u00b7laboraci\u00f3 m\u00fatua indispensable per la bona tasca.<\/li>\n<li style=\"text-align: justify;\">L\u2019escola com un entorn agradable, funcional, efica\u00e7 i competent.<\/li>\n<\/ul>\n<p>&nbsp;<\/p>\n","protected":false},"excerpt":{"rendered":"<p>La nostra mirada Entenem l\u2019escola com un espai on conviuen en harmonia totes les persones que formen part de la comunitat educativa i en el que el di\u00e0leg sigui una \u00e8ina imprescindible per construir un projecte com\u00fa.Totes les actuacions han d\u2019anar encaminades a garantir als nostres alumnes un ambient de conviv\u00e8ncia respectu\u00f3s i un treball [&hellip;]<\/p>\n","protected":false},"author":1,"featured_media":0,"parent":0,"menu_order":0,"comment_status":"closed","ping_status":"closed","template":"page-templates\/side-menu.php","meta":{"_bbp_topic_count":0,"_bbp_reply_count":0,"_bbp_total_topic_count":0,"_bbp_total_reply_count":0,"_bbp_voice_count":0,"_bbp_anonymous_reply_count":0,"_bbp_topic_count_hidden":0,"_bbp_reply_count_hidden":0,"_bbp_forum_subforum_count":0,"site-sidebar-layout":"default","site-content-layout":"","ast-site-content-layout":"","site-content-style":"default","site-sidebar-style":"default","ast-global-header-display":"","ast-banner-title-visibility":"","ast-main-header-display":"","ast-hfb-above-header-display":"","ast-hfb-below-header-display":"","ast-hfb-mobile-header-display":"","site-post-title":"","ast-breadcrumbs-content":"","ast-featured-img":"","footer-sml-layout":"","theme-transparent-header-meta":"","adv-header-id-meta":"","stick-header-meta":"","header-above-stick-meta":"","header-main-stick-meta":"","header-below-stick-meta":"","astra-migrate-meta-layouts":"default","ast-page-background-enabled":"default","ast-page-background-meta":{"desktop":{"background-color":"var(--ast-global-color-4)","background-image":"","background-repeat":"repeat","background-position":"center center","background-size":"auto","background-attachment":"scroll","background-type":"","background-media":"","overlay-type":"","overlay-color":"","overlay-opacity":"","overlay-gradient":""},"tablet":{"background-color":"","background-image":"","background-repeat":"repeat","background-position":"center center","background-size":"auto","background-attachment":"scroll","background-type":"","background-media":"","overlay-type":"","overlay-color":"","overlay-opacity":"","overlay-gradient":""},"mobile":{"background-color":"","background-image":"","background-repeat":"repeat","background-position":"center center","background-size":"auto","background-attachment":"scroll","background-type":"","background-media":"","overlay-type":"","overlay-color":"","overlay-opacity":"","overlay-gradient":""}},"ast-content-background-meta":{"desktop":{"background-color":"var(--ast-global-color-5)","background-image":"","background-repeat":"repeat","background-position":"center center","background-size":"auto","background-attachment":"scroll","background-type":"","background-media":"","overlay-type":"","overlay-color":"","overlay-opacity":"","overlay-gradient":""},"tablet":{"background-color":"var(--ast-global-color-5)","background-image":"","background-repeat":"repeat","background-position":"center center","background-size":"auto","background-attachment":"scroll","background-type":"","background-media":"","overlay-type":"","overlay-color":"","overlay-opacity":"","overlay-gradient":""},"mobile":{"background-color":"var(--ast-global-color-5)","background-image":"","background-repeat":"repeat","background-position":"center center","background-size":"auto","background-attachment":"scroll","background-type":"","background-media":"","overlay-type":"","overlay-color":"","overlay-opacity":"","overlay-gradient":""}},"footnotes":""},"class_list":["post-22","page","type-page","status-publish","hentry"],"post_mailing_queue_ids":[],"_links":{"self":[{"href":"https:\/\/agora.xtec.cat\/ceip-fray-luis-leon\/wp-json\/wp\/v2\/pages\/22","targetHints":{"allow":["GET"]}}],"collection":[{"href":"https:\/\/agora.xtec.cat\/ceip-fray-luis-leon\/wp-json\/wp\/v2\/pages"}],"about":[{"href":"https:\/\/agora.xtec.cat\/ceip-fray-luis-leon\/wp-json\/wp\/v2\/types\/page"}],"author":[{"embeddable":true,"href":"https:\/\/agora.xtec.cat\/ceip-fray-luis-leon\/wp-json\/wp\/v2\/users\/1"}],"replies":[{"embeddable":true,"href":"https:\/\/agora.xtec.cat\/ceip-fray-luis-leon\/wp-json\/wp\/v2\/comments?post=22"}],"version-history":[{"count":3,"href":"https:\/\/agora.xtec.cat\/ceip-fray-luis-leon\/wp-json\/wp\/v2\/pages\/22\/revisions"}],"predecessor-version":[{"id":1967,"href":"https:\/\/agora.xtec.cat\/ceip-fray-luis-leon\/wp-json\/wp\/v2\/pages\/22\/revisions\/1967"}],"wp:attachment":[{"href":"https:\/\/agora.xtec.cat\/ceip-fray-luis-leon\/wp-json\/wp\/v2\/media?parent=22"}],"curies":[{"name":"wp","href":"https:\/\/api.w.org\/{rel}","templated":true}]}}