{"id":3596,"date":"2022-05-24T09:37:20","date_gmt":"2022-05-24T07:37:20","guid":{"rendered":"https:\/\/agora.xtec.cat\/ceip-fontroure\/?page_id=3596"},"modified":"2025-09-08T10:57:32","modified_gmt":"2025-09-08T08:57:32","slug":"ajuts-per-a-alumnes-amb-necessitat-especifica-de-suport-educatiu","status":"publish","type":"page","link":"https:\/\/agora.xtec.cat\/ceip-fontroure\/beques\/ajuts-per-a-alumnes-amb-necessitat-especifica-de-suport-educatiu\/","title":{"rendered":"Ajuts per a alumnes amb necessitats espec\u00edfiques de suport educatiu 2025-2026"},"content":{"rendered":"<div>\n<div>\n<div><span style=\"font-family: arial, sans-serif;\">Benvolgudes fam\u00edlies,<\/span><\/div>\n<div><span style=\"font-family: arial, sans-serif;\">\u00a0<\/span><\/div>\n<div>Us recordem que aquest\u00a0<b>dijous, 11 de setembre<\/b>\u00a0finalitza el termini per presentar la sol\u00b7licitud d&#8217;ajut per a alumnat amb necessitat espec\u00edfica de suport educatiu\u00a02025-2026.<\/div>\n<div><span style=\"font-family: arial, sans-serif;\"><br \/>\n<\/span><u>Destinataris:<\/u><\/div>\n<div><span style=\"font-family: arial, sans-serif;\">&#8211;\u00a0<\/span>Alumnes que presenten necessitats educatives espec\u00edfiques derivades de discapacitat o trastorn greu de conducta o trastorn de la comunicaci\u00f3 i el llenguatge o trastorn de l&#8217;espectre autista<\/div>\n<div><span style=\"font-family: arial, sans-serif;\">&#8211;\u00a0<\/span>Alumnes amb necessitat espec\u00edfica de suport educatiu associat a altes capacitats intel\u00b7lectual<span style=\"font-family: arial, sans-serif;\">.<\/span><\/div>\n<div><span style=\"font-family: arial, sans-serif;\">\u00a0<\/span><\/div>\n<div><span style=\"font-family: arial, sans-serif;\"><b><u>Termini de presentaci\u00f3<\/u>: Del 30 d&#8217;abril a l&#8217;11 de setembre de 2025<\/b>.<\/span><\/div>\n<div><span style=\"font-family: arial, sans-serif;\"><br \/>\n<u>Com ho puc demanar?<\/u>: A trav\u00e9s de la p\u00e0gina web\u00a0<\/span><a href=\"https:\/\/web.gencat.cat\/ca\/tramits\/tramits-temes\/Ajuts-per-a-alumnes-amb-necessitat-especifica-de-suport-educatiu?category=7449fd1c-a82c-11e3-a972-000c29052e2c\" target=\"_blank\" rel=\"noopener\" data-saferedirecturl=\"https:\/\/www.google.com\/url?q=https:\/\/web.gencat.cat\/ca\/tramits\/tramits-temes\/Ajuts-per-a-alumnes-amb-necessitat-especifica-de-suport-educatiu?category%3D7449fd1c-a82c-11e3-a972-000c29052e2c&amp;source=gmail&amp;ust=1757407888397000&amp;usg=AOvVaw2Qef3QSzqJWtTjqldC4UGU\">Ajuts per a alumnes amb necessitat espec\u00edfica de suport educatiu<\/a>\u00a0on trobareu tota la informaci\u00f3.<\/div>\n<div><span style=\"font-family: arial, sans-serif;\">\u00a0<\/span><\/div>\n<div>\n<p><span style=\"font-family: arial, sans-serif;\">Tot el proc\u00e9s de sol\u00b7licitud de la beca es fa a trav\u00e9s de la seu electr\u00f2nica del Ministeri d&#8217;Educaci\u00f3 i Formaci\u00f3 Professional.<\/span><\/p>\n<p><span style=\"font-family: arial, sans-serif;\">Quedem a la vostra disposici\u00f3 per aclarir qualsevol dubte o consulta.<\/span><\/p>\n<p><span style=\"font-family: arial, sans-serif;\">Salutacions,<\/span><\/p>\n<\/div>\n<\/div>\n<div><\/div>\n<\/div>\n<div><\/div>\n<div>Benvolgudes fam\u00edlies,<\/div>\n<div><\/div>\n<div>Us fem arribar el seg\u00fcent comunicat del Consell Comarcal de l&#8217;Anoia referent a la sol\u00b7licitud de beques menjador 2025-2026.<\/div>\n<div><\/div>\n<div><\/div>\n<div><i>Benvolgut\/benvolguda,<\/i><\/div>\n<div><\/div>\n<div><i>Per poder tramitar la sol\u00b7licitud d&#8217;Ajut Individual de Menjador curs 2025-26,\u00a0<u>l&#8217;alumne\/a o els\/les alumnes<\/u>\u00a0(en el cas que es demani l&#8217;ajut per varis germans)\u00a0<u>han d&#8217;estar obligat\u00f2riament identificats<\/u>\u00a0<u>j<\/u>a que s\u00f3n les persones benefici\u00e0ries de l&#8217;Ajut i les que hem de declarar des del Consell Comarcal a l&#8217;Ag\u00e8ncia Tribut\u00e0ria.<\/i><\/div>\n<div><i>\u00a0<\/i><\/div>\n<div><i>Aquesta identificaci\u00f3 de cada alumne\/a es pot fer amb un DNI, NIE o PASSAPORT.\u00a0<\/i><\/div>\n<div><i>\u00a0<\/i><\/div>\n<div><i>En cas de no disposar-ne caldr\u00e0 un NIF (N\u00famero d&#8217;Identificaci\u00f3 Fiscal) per cada alumne. Per disposar d&#8217;aquest NIF el podeu tramitar telem\u00e0ticament mitjan\u00e7ant la web :\u00a0<a id=\"m_-5563622885465358049m_-762185734249506691m_1400822273026889156OWAc54fc498-5bc2-f63d-a6a7-8327093baa67\" title=\"https:\/\/sede.agenciatributaria.gob.es\/Sede\/censos-nif-domicilio-fiscal\/solicitar-nif.html\" href=\"https:\/\/sede.agenciatributaria.gob.es\/Sede\/censos-nif-domicilio-fiscal\/solicitar-nif.html\" target=\"_blank\" rel=\"noopener noreferrer\" data-saferedirecturl=\"https:\/\/www.google.com\/url?q=https:\/\/sede.agenciatributaria.gob.es\/Sede\/censos-nif-domicilio-fiscal\/solicitar-nif.html&amp;source=gmail&amp;ust=1746288416702000&amp;usg=AOvVaw28NELxadoBqwx-xsGVMldO\">https:\/\/sede.<wbr \/>agenciatributaria.gob.es\/Sede\/<wbr \/>censos-nif-domicilio-fiscal\/<wbr \/>solicitar-nif.html<\/a><\/i><\/div>\n<div><i>\u00a0<\/i><\/div>\n<div><i>o anar a una oficina de l&#8217;Ag\u00e8ncia Tribut\u00e0ria (Passeig Moss\u00e8n Jacint Verdaguer, 86 d&#8217;Igualada &#8211; 938046561) per\u00a0<u>demanar un n\u00famero d\u2019Identificaci\u00f3 fiscal provisional\u00a0de l&#8217;alumne.<\/u><\/i><\/div>\n<div><u><i>\u00a0<\/i><\/u><\/div>\n<div><i>\u00a0<\/i><\/div>\n<div><i>Des de l&#8217;Ag\u00e8ncia Tribut\u00e0ria us han de facilitar el NIF, tal com ho indica l&#8217;Article 19 de la RGAT:<\/i><\/div>\n<div><u><i>\u00a0<\/i><\/u><\/div>\n<div><b><i>Real Decreto 1065\/2007, de 27 de julio, por el que se aprueba el Reglamento General de las actuaciones y los procedimientos de gesti\u00f3n e inspecci\u00f3n tributaria y de desarrollo de las normas comunes de los procedimientos de aplicaci\u00f3n de los tributos.<\/i><\/b><\/div>\n<div><b><i>Art\u00edculo 19. El n\u00famero de identificaci\u00f3n fiscal de las personas f\u00edsicas de nacionalidad espa\u00f1ola.<\/i><\/b><\/div>\n<div><i>1. Para las personas f\u00edsicas de nacionalidad espa\u00f1ola, el n\u00famero de identificaci\u00f3n fiscal ser\u00e1 el n\u00famero de su documento nacional de identidad seguido del correspondiente c\u00f3digo o car\u00e1cter de verificaci\u00f3n, constituido por una letra may\u00fascula que habr\u00e1 de constar en el propio documento nacional de identidad, de acuerdo con sus disposiciones reguladoras.<\/i><\/div>\n<div><i>2. Los espa\u00f1oles que realicen o participen en operaciones de naturaleza o con trascendencia tributaria y no est\u00e9n obligados a obtener el documento nacional de identidad por residir en el extranjero o por ser menores de 14 a\u00f1os, deber\u00e1n obtener un n\u00famero de identificaci\u00f3n fiscal propio. Para ello, podr\u00e1n solicitar el documento nacional de identidad con car\u00e1cter voluntario o solicitar de la Administraci\u00f3n tributaria la asignaci\u00f3n de un n\u00famero de identificaci\u00f3n fiscal. Este \u00faltimo estar\u00e1 integrado por nueve caracteres con la siguiente composici\u00f3n: una letra inicial destinada a indicar la naturaleza de este n\u00famero, que ser\u00e1 la L para los espa\u00f1oles residentes en el extranjero y la K para los espa\u00f1oles que, residiendo en Espa\u00f1a, sean menores de 14 a\u00f1os; siete caracteres alfanum\u00e9ricos y un car\u00e1cter de verificaci\u00f3n alfab\u00e9tico.<\/i><\/div>\n<div><i>En el caso de que no lo soliciten, la Administraci\u00f3n tributaria podr\u00e1 proceder de oficio a darles de alta en el Censo de Obligados Tributarios y a asignarles el n\u00famero de identificaci\u00f3n fiscal que corresponda.<\/i><\/div>\n<div><i>3. Para la identificaci\u00f3n de los menores de 14 a\u00f1os en sus relaciones de naturaleza o con trascendencia tributaria habr\u00e1n de figurar tanto los datos de la persona menor de 14 a\u00f1os, incluido su n\u00famero de identificaci\u00f3n fiscal, como los de su representante legal.<\/i><\/div>\n<div><i>\u00a0<\/i><\/div>\n<div><i>Atentament,<\/i><\/div>\n<p><img loading=\"lazy\" decoding=\"async\" class=\"alignnone size-large\" src=\"https:\/\/pbs.twimg.com\/media\/GqRVQg9WIAAosyd?format=jpg&amp;name=large\" width=\"1920\" height=\"1080\" \/><\/p>\n<p>Benvolgudes fam\u00edlies,<\/p>\n<p>El passat 25 d&#8217;abril es va publicar la resoluci\u00f3 per la qual es convoquen els ajuts per a alumnat amb necessitat espec\u00edfica de suport educatiu per al curs acad\u00e8mic 2025-26.<\/p>\n<p>Destinataris:<br \/>\n&#8211; Alumnes que presenten necessitats educatives espec\u00edfiques derivades de discapacitat o trastorn greu de conducta o trastorn de la comunicaci\u00f3 i el llenguatge o trastorn de l&#8217;espectre autista<br \/>\n&#8211; Alumnes amb necessitat espec\u00edfica de suport educatiu associat a altes capacitats intel\u00b7lectual.<\/p>\n<p>Termini de presentaci\u00f3: Del 30 d&#8217;abril a l&#8217;11 de setembre de 2025.<\/p>\n<p>Com ho puc demanar?: A trav\u00e9s de la p\u00e0gina web <a href=\"https:\/\/web.gencat.cat\/ca\/tramits\/tramits-temes\/Ajuts-per-a-alumnes-amb-necessitat-especifica-de-suport-educatiu?category=7449fd1c-a82c-11e3-a972-000c29052e2c\">Ajuts per a alumnes amb necessitat espec\u00edfica de suport educatiu<\/a> on trobareu tota la informaci\u00f3.<\/p>\n<p>Tot el proc\u00e9s de sol\u00b7licitud de la beca es fa a trav\u00e9s de la seu electr\u00f2nica del Ministeri d&#8217;Educaci\u00f3 i Formaci\u00f3 Professional.<\/p>\n<p>Si no es disposa de certificat electr\u00f2nic o claus electr\u00f2niques d&#8217;administracions p\u00fabliques, un cop emplenat el formulari de sol\u00b7licitud s&#8217;haur\u00e0 d&#8217;imprimir (en format PDF) i presentar-lo al centre educatiu.<\/p>\n<p>Quedem a la vostra disposici\u00f3 per aclarir qualsevol dubte o consulta.<\/p>\n<p>Salutacions,<\/p>\n","protected":false},"excerpt":{"rendered":"<p>Benvolgudes fam\u00edlies,<br \/>\n\u00a0<br \/>\nUs recordem que aquest\u00a0dijous, 11 de setembre\u00a0finalitza el termini per presentar la sol\u00b7licitud d&#8217;ajut per a alumnat amb necessitat espec\u00edfica de suport educatiu\u00a02025-2026.<\/p>\n<p>Destinataris:<br \/>\n&#8211;\u00a0Alumnes que presenten necessitats educatives espec\u00edfiques derivades de discapacitat o trastorn greu de conducta o trastorn de la comunicaci\u00f3 i el llenguatge&hellip;  <a href=\"https:\/\/agora.xtec.cat\/ceip-fontroure\/beques\/ajuts-per-a-alumnes-amb-necessitat-especifica-de-suport-educatiu\/\" title=\"Read Ajuts per a alumnes amb necessitats espec\u00edfiques de suport educatiu 2025-2026\">Llegeix m\u00e9s\u00bb<\/a><\/p>\n","protected":false},"author":7,"featured_media":0,"parent":3112,"menu_order":0,"comment_status":"closed","ping_status":"closed","template":"","meta":{"_bbp_topic_count":0,"_bbp_reply_count":0,"_bbp_total_topic_count":0,"_bbp_total_reply_count":0,"_bbp_voice_count":0,"_bbp_anonymous_reply_count":0,"_bbp_topic_count_hidden":0,"_bbp_reply_count_hidden":0,"_bbp_forum_subforum_count":0,"footnotes":""},"class_list":["post-3596","page","type-page","status-publish","hentry"],"post_mailing_queue_ids":[],"_links":{"self":[{"href":"https:\/\/agora.xtec.cat\/ceip-fontroure\/wp-json\/wp\/v2\/pages\/3596","targetHints":{"allow":["GET"]}}],"collection":[{"href":"https:\/\/agora.xtec.cat\/ceip-fontroure\/wp-json\/wp\/v2\/pages"}],"about":[{"href":"https:\/\/agora.xtec.cat\/ceip-fontroure\/wp-json\/wp\/v2\/types\/page"}],"author":[{"embeddable":true,"href":"https:\/\/agora.xtec.cat\/ceip-fontroure\/wp-json\/wp\/v2\/users\/7"}],"replies":[{"embeddable":true,"href":"https:\/\/agora.xtec.cat\/ceip-fontroure\/wp-json\/wp\/v2\/comments?post=3596"}],"version-history":[{"count":6,"href":"https:\/\/agora.xtec.cat\/ceip-fontroure\/wp-json\/wp\/v2\/pages\/3596\/revisions"}],"predecessor-version":[{"id":4384,"href":"https:\/\/agora.xtec.cat\/ceip-fontroure\/wp-json\/wp\/v2\/pages\/3596\/revisions\/4384"}],"up":[{"embeddable":true,"href":"https:\/\/agora.xtec.cat\/ceip-fontroure\/wp-json\/wp\/v2\/pages\/3112"}],"wp:attachment":[{"href":"https:\/\/agora.xtec.cat\/ceip-fontroure\/wp-json\/wp\/v2\/media?parent=3596"}],"curies":[{"name":"wp","href":"https:\/\/api.w.org\/{rel}","templated":true}]}}